{"id":13728,"date":"2020-11-04T18:22:33","date_gmt":"2020-11-04T18:22:33","guid":{"rendered":"https:\/\/www.humanium.org\/de\/?page_id=13728"},"modified":"2025-12-06T06:41:00","modified_gmt":"2025-12-06T06:41:00","slug":"klimafluechtlingskinder","status":"publish","type":"page","link":"https:\/\/www.humanium.org\/de\/themenschwerpunkte\/umwelt\/klimafluechtlingskinder\/","title":{"rendered":"Klimafl\u00fcchtlingskinder"},"content":{"rendered":"\n<p>In den letzten Jahren hat der Begriff \u201eKlimafl\u00fcchtlinge\u201c neue Bedeutung erlangt, seitdem die globale Klimakatastrophe die Lebensgrundlagen von Millionen von Menschen bedroht und viele von ihnen ihre <a href=\"https:\/\/www.humanium.org\/de\/vertriebene-kinder\/\">Heimat verlassen<\/a> mussten. Klimafl\u00fcchtlinge sind heute eine der gr\u00f6\u00dften humanit\u00e4ren Herausforderungen (UNHCR, 2015). Kinder, die mit ihren <a href=\"https:\/\/www.humanium.org\/de\/familie-und-rechte-von-kindern\/\">Eltern<\/a> oder allein, aufgrund der Auswirkungen des <a href=\"https:\/\/www.humanium.org\/de\/klimaveraenderung\/\">Klimawandels<\/a> gezwungen sind ihr Zuhause zu verlassen, befinden sich in einer prek\u00e4ren Situation und m\u00fcssen von den Staaten den erforderlichen Schutz erhalten. Da es keine international vereinbarte Definition dessen gibt, was unter \u201eKlimafl\u00fcchtlingen\u201c zu verstehen ist, fehlt leider der dringend ben\u00f6tigte <a href=\"https:\/\/www.humanium.org\/de\/das-recht-auf-schutz\/\">Schutz<\/a> f\u00fcr Kinder in prek\u00e4ren Situationen.<\/p>\n\n\n\n<figure class=\"wp-block-image size-large\"><img decoding=\"async\" src=\"https:\/\/www.humanium.org\/fr\/wp-content\/uploads\/2020\/10\/childclimaterefugees_1200-1024x679.jpg\" alt=\"\" class=\"wp-image-48885\"\/><\/figure>\n\n\n\n<h2 class=\"wp-block-heading\"><strong>Unklarheit bei der Definition des Begriffs \u201eKlimafl\u00fcchtlinge\u201c<\/strong><\/h2>\n\n\n\n<p>Der Begriff \u201eKlimafl\u00fcchtling\u201c wird in den Medien h\u00e4ufig verwendet, doch kann dieser Ausdruck zu Verwirrung f\u00fchren, da er in den Umweltrechten (UNHCR, 2015) nicht existiert.&nbsp; Ein \u201eFl\u00fcchtling\u201c wird als eine Person definiert, die eine internationale Grenze \u00fcberquert hat und \u201edie wegen ihrer Rasse, Religion, Nationalit\u00e4t, Zugeh\u00f6rigkeit zu einer bestimmten sozialen Gruppe oder wegen ihrer politischen \u00dcberzeugung eine wohlbegr\u00fcndete Furcht vor Verfolgung hat\u201c (UNHCR, 2011).<\/p>\n\n\n\n<p>Aufgrund einer fehlenden genauen Definition des Begriffs \u201eKlimafl\u00fcchtlingskinder\u201c ist es Verbrechern leichter m\u00f6glich <a href=\"https:\/\/www.humanium.org\/de\/misshandlung\/\">vertriebene<\/a> Kinder <a href=\"https:\/\/www.humanium.org\/de\/themenschwerpunkte\/ausbeutung\/\">auszubeuten<\/a> und zu <a href=\"https:\/\/www.humanium.org\/de\/vertriebene-kinder\/\">missbrauchen<\/a>. Ein Teil der Herausforderung besteht darin, eine vereinbarte Definition f\u00fcr diese Kategorie von <a href=\"https:\/\/www.humanium.org\/de\/vertriebene-kinder\/\">Fl\u00fcchtlingen<\/a> zu formulieren. Der Begriff \u201eUmweltfl\u00fcchtlinge\u201c wurde erstmals 1976 von Lester Brown gepr\u00e4gt, seither wird dieser Begriff immer weitl\u00e4ufiger verwendet (Brown, Lester R, McGarth, &amp; Stoke, 1976). 1986 beschreibt der Experte des Umweltprogramms der Vereinten Nationen (UNEP), Essam El-Hinnawi, \u201ejene Menschen, die aufgrund einer ausgepr\u00e4gten (nat\u00fcrlichen und\/oder von Menschen ausgel\u00f6sten) Umweltzerst\u00f6rung, die ihre Existenz bedroht und\/oder die Lebensqualit\u00e4t ernsthaft beeintr\u00e4chtigt,<a href=\"https:\/\/www.humanium.org\/de\/vertriebene-kinder\/\"> gezwungen sind<\/a>, ihren traditionellen Lebensraum vor\u00fcbergehend oder dauerhaft zu verlassen\u201c (UNEP, 1985).<\/p>\n\n\n\n<p>Diese Definition wird auch f\u00fcr den Begriff &#8222;Klimafl\u00fcchtlinge&#8220; verwendet, aber es ist noch unklar, ob es einen praktischen Unterschied zwischen den beiden Begriffen gibt. Dar\u00fcber hinaus beraubt das Fehlen einer vereinbarten Definition, Kindern unweigerlich ihrer Grundrechte, die im <a href=\"https:\/\/www.humanium.org\/de\/die-internationale-konvention-der-kinderrechte-text-angepasst-fur-kinder-ab-10-jahren\/\">\u00dcbereinkommen der Vereinten Nationen \u00fcber die Rechte des Kindes<\/a> (UNKRK) verankert sind.<\/p>\n\n\n\n<h2 class=\"wp-block-heading\"><strong>Inwiefern ist das f\u00fcr Kinder relevant?&nbsp;<\/strong><\/h2>\n\n\n\n<p>Das Fehlen einer eindeutigen Definition zur effektiven Kategorisierung dieser Art von Fl\u00fcchtlingen f\u00fchrt zu einer steigenden Zahl von gewaltsam <a href=\"https:\/\/www.humanium.org\/de\/vertriebene-kinder\/\">vertriebenen<\/a> Kindern ohne jeglichen angemessenen rechtlichen <a href=\"https:\/\/www.humanium.org\/de\/das-recht-auf-schutz\/\">Schutz<\/a> und <a href=\"https:\/\/www.humanium.org\/de\/was-ist-gerechtigkeit\/\">Beistand<\/a>. Klimafl\u00fcchtlingskinder verbleiben in einer prek\u00e4ren Lage. Nach dem V\u00f6lkerrecht, insbesondere der Konvention der Vereinten Nationen \u00fcber die Rechtsstellung der Fl\u00fcchtlinge, muss ein Antragsteller zur Beantragung des Fl\u00fcchtlingsstatus den Nachweis einer Verfolgung aus einem der folgenden <a href=\"https:\/\/www.humanium.org\/de\/themenschwerpunkte\/focusdiskriminierung\/\">Gr\u00fcnde<\/a> erbringen; Rasse, Religion, Nationalit\u00e4t, Zugeh\u00f6rigkeit zu einer bestimmten sozialen Gruppe oder politische \u00dcberzeugung. Daher wird eine <a href=\"https:\/\/www.humanium.org\/de\/vertriebene-kinder\/\">Vertreibung<\/a> aufgrund des Klimawandels oder aus Umweltgr\u00fcnden nicht als g\u00fcltiger Grund f\u00fcr die Beantragung des Fl\u00fcchtlingsstatus anerkannt.&nbsp;<\/p>\n\n\n\n<p>Die Auswirkungen des <a href=\"https:\/\/www.humanium.org\/de\/klimaveraenderung\/\">Klimawandels<\/a> treten ungleichm\u00e4\u00dfig auf, und <a href=\"https:\/\/www.humanium.org\/de\/rechte-kindes\/\">Kinder<\/a> in gef\u00e4hrdeten Umgebungen sp\u00fcren diese Auswirkungen st\u00e4rker als Erwachsene. Zum Beispiel sind Kinder in <a href=\"https:\/\/www.humanium.org\/de\/tuvalu\/\">Tuvalu<\/a> mit der Bedrohung durch den Anstieg des Meeresspiegels aufgrund des Klimawandels konfrontiert. Infolge des steigenden Meeresspiegels wird der Zugang zu <a href=\"https:\/\/www.humanium.org\/de\/recht-wasser\/\">Trinkwasser<\/a>, <a href=\"https:\/\/www.humanium.org\/de\/recht-nahrung\/#:~:text=Das%20Recht%20auf%20Mahlzeiten%20und%20Nahrungsmittel%20ist%20das%20Recht%20jedes,zu%20gesundem%20Essen%20zu%20haben.\">Nahrung<\/a> und Land eingeschr\u00e4nkt. Da <a href=\"https:\/\/www.humanium.org\/de\/tuvalu\/\">Tuvalu<\/a> eine tief gelegene Insel ist, laufen die Tuvaluaner Gefahr, ihr Land zu verlieren, und Experten sch\u00e4tzen, dass <a href=\"https:\/\/www.humanium.org\/de\/tuvalu\/\">Tuvalu<\/a> bis 2050 nicht mehr existieren wird (Humanium, 2020). Es ist offensichtlich, dass hinsichtlich der <a href=\"https:\/\/www.humanium.org\/de\/tuvalu\/\">Kinder<\/a> von Tuvalu ein Versto\u00df gegen mehrere Artikel der <a href=\"https:\/\/www.humanium.org\/de\/die-internationale-konvention-der-kinderrechte-text-angepasst-fur-kinder-ab-10-jahren\/\">UNKRK<\/a> vorliegt, sowie gegen Umweltrechtsprinzipien der Agenda f\u00fcr nachhaltige Entwicklung 2030 (Ziele f\u00fcr nachhaltige Entwicklung [SDGs]) und das Pariser Abkommen zum Klimawandel 2015 (Pariser Abkommen, 2015). In einer Welt, welche zunehmend von <a href=\"https:\/\/www.humanium.org\/de\/klimaveraenderung\/\">Klimawandel<\/a>, <a href=\"https:\/\/www.humanium.org\/de\/themenschwerpunkte\/armut\/\">Armut<\/a> und <a href=\"https:\/\/www.humanium.org\/de\/kinder-in-kriegen\/#:~:text=Kinder%20als%20Opfer%20von%20bewaffneten,Gegebenheiten%20zumeist%20schutzlos%20ausgeliefert%20sind.\">Konflikten<\/a>, gepr\u00e4gt ist, k\u00f6nnen die SDGs ohne die Ber\u00fccksichtigung der Rechte und Bed\u00fcrfnisse von Fl\u00fcchtlingen, <a href=\"https:\/\/www.humanium.org\/de\/vertriebene-kinder\/\">Binnenvertriebenen<\/a> und <a href=\"https:\/\/www.humanium.org\/de\/staatenlos-und-unsichtbar\/#:~:text=Kinder%20ohne%20Identit%C3%A4t,Augen%20der%20Gesellschaft%20unsichtbar%20sein.\">staatenlosen Personen<\/a>, nicht erreicht werden (UNHCR, 2020).<\/p>\n\n\n\n<blockquote class=\"wp-block-quote is-layout-flow wp-block-quote-is-layout-flow\"><p>\u00ab&nbsp;Die Vertragsstaaten erkennen an, dass jedes Kind ein angeborenes Recht auf Leben hat. Die Vertragsstaaten gew\u00e4hrleisten in gr\u00f6\u00dftm\u00f6glichem Umfang das \u00dcberleben und die Entwicklung des Kindes \u00bb.<\/p><cite>UNKRK Artikel 6 &#8211; Recht auf Leben, \u00dcberleben und Entwicklung<\/cite><\/blockquote>\n\n\n\n<p>Die fehlende formelle Anerkennung von Klimafl\u00fcchtlingskindern kann dazu f\u00fchren, dass Kindern grundlegende Leistungen vorenthalten werden, wie z.B. das <a href=\"https:\/\/www.humanium.org\/de\/recht-bildung-weltweit\/\">Recht auf Bildung<\/a> und Zugang zu angemessener <a href=\"https:\/\/www.humanium.org\/de\/das-recht-auf-gesundheit\/\">Gesundheitsversorgung<\/a>, was wiederum dazu f\u00fchren kann, dass <a href=\"https:\/\/www.humanium.org\/de\/rechte-kindes\/\">Kinder<\/a> ihr volles Potenzial nicht erreichen k\u00f6nnen. Sollten Regierungen weiterhin daran scheitern, eine Definition f\u00fcr den Begriff Klima<a href=\"https:\/\/www.humanium.org\/de\/vertriebene-kinder\/\">fl\u00fcchtlings<\/a>kinder festzulegen, w\u00fcrde dies eine Verst\u00e4rkung der sozialen und wirtschaftlichen Barrieren zwischen Kindern zur Folge haben, was effektiv zu mehr Ungleichheit f\u00fchren w\u00fcrde.<\/p>\n\n\n\n<blockquote class=\"wp-block-quote is-layout-flow wp-block-quote-is-layout-flow\"><p>\u00ab&nbsp;Die Vertragsstaaten treffen geeignete Ma\u00dfnahmen, um sicherzustellen, dass ein Kind, welches die Rechtsstellung eines Fl\u00fcchtlings begehrt oder nach Ma\u00dfgabe der anzuwendenden Regeln und Verfahren des V\u00f6lkerrechts oder des innerstaatlichen Rechts als Fl\u00fcchtling angesehen wird; angemessenen Schutz und humanit\u00e4re Hilfe bei der Wahrnehmung seiner Rechte erh\u00e4lt, die in diesem \u00dcbereinkommen oder in anderen internationalen \u00dcbereink\u00fcnften \u00fcber Menschenrechte oder \u00fcber humanit\u00e4re Fragen, denen die genannten Staaten als Vertragsparteien angeh\u00f6ren, festgelegt sind, und zwar unabh\u00e4ngig davon, ob es sich in Begleitung seiner Eltern oder einer anderen Person befindet oder nicht.\u00bb.<\/p><cite>UNKRK Artikel 22 &#8211; Fl\u00fcchtlingskinder<\/cite><\/blockquote>\n\n\n\n<p>Der Wortlaut des <a href=\"https:\/\/www.humanium.org\/de\/die-internationale-konvention-der-kinderrechte-text-angepasst-fur-kinder-ab-10-jahren\/\">\u00dcbereinkommens<\/a> von 1951 wurde zu einer Zeit verfasst, als Umweltfragen noch nicht als ein Ausl\u00f6ser f\u00fcr Migration betrachtet wurden. Leider wurde der gleiche Wortlaut in regionale Abkommen wie in der Fl\u00fcchtlingserkl\u00e4rung von Cartagena 1984 und in der Organisation f\u00fcr Afrikanische Einheit (OAU) Konvention zur Regelung der spezifischen Aspekte von Fl\u00fcchtlingsproblemen in Afrika 1969 \u00fcbernommen. Der Mangel an rechtlichen Schutzma\u00dfnahmen kann sich in der <a href=\"https:\/\/www.humanium.org\/de\/staatenlos-und-unsichtbar\/#:~:text=Kinder%20ohne%20Identit%C3%A4t,Augen%20der%20Gesellschaft%20unsichtbar%20sein.\">Staatenlosigkeit<\/a> von Kindern manifestieren, was allzu oft dazu f\u00fchrt, dass Kinder Opfer von <a href=\"https:\/\/www.humanium.org\/de\/kinderhandel\/#:~:text=Sch%C3%A4tzungen%20zufolge%20fallen%20jeden%20Tag,Milliarden%20US%20Dollar%20pro%20Jahr.\">Menschenhandel<\/a>, <a href=\"https:\/\/www.humanium.org\/de\/themenschwerpunkte\/ausbeutung\/\">Ausbeutung<\/a> im Zusammenhang mit den schlimmsten Formen der <a href=\"https:\/\/www.humanium.org\/de\/kinderarbeit-2\/#:~:text=Die%20Kinderarbeit%20auf%20der%20Welt,dieser%20Kinder%20Opfer%20von%20Menschenhandel.\">Arbeit<\/a>, <a href=\"https:\/\/www.humanium.org\/de\/kinderheirat\/#:~:text=Unabh%C3%A4ngig%20davon%2C%20ob%20eine%20Ehe,Lebensjahres%20verheiratet%20worden%20sind.\">Zwangsheiraten<\/a> und in einigen F\u00e4llen von Drogen<a href=\"https:\/\/www.humanium.org\/de\/misshandlung\/\">missbrauch<\/a> werden.&nbsp;<\/p>\n\n\n\n<blockquote class=\"wp-block-quote is-layout-flow wp-block-quote-is-layout-flow\"><p>\u00ab Mechanismen zum Ausbau effektiver Planungs- und Managementkapazit\u00e4ten im Bereich des Klimawandels in den am wenigsten entwickelten L\u00e4ndern und kleinen Insel-Entwicklungsl\u00e4ndern f\u00f6rdern, unter anderem mit gezielter Ausrichtung auf Frauen, junge Menschen, sowie lokale und marginalisierte Gemeinwesen \u00bb. <\/p><cite>SDG 13.B &#8211; Bek\u00e4mpfung des Klimawandels<\/cite><\/blockquote>\n\n\n\n<p>Arme und Entwicklungsl\u00e4nder, insbesondere die am wenigsten entwickelten L\u00e4nder, werden mit zu den am st\u00e4rksten betroffenen L\u00e4ndern geh\u00f6ren und am wenigsten in der Lage sein, die erwarteten Schockwirkungen des Klimawandels auf ihre sozialen, wirtschaftlichen und nat\u00fcrlichen Systeme zu bew\u00e4ltigen. (UNSD, 2020) Es ist zwingend erforderlich, den <a href=\"https:\/\/www.humanium.org\/de\/das-recht-auf-schutz\/\">Schutz<\/a> gef\u00e4hrdeter Gesellschaftsgruppen, wie Klimafl\u00fcchtlingskinder zu gew\u00e4hrleisten. Ohne angemessene Planung und Vorsichtsma\u00dfnahmen k\u00f6nnen die SDGs jedoch nicht vollst\u00e4ndig erreicht werden.<\/p>\n\n\n\n<blockquote class=\"wp-block-quote is-layout-flow wp-block-quote-is-layout-flow\"><p>\u00ab&nbsp;Missbrauch und Ausbeutung von Kindern, den Kinderhandel, Folter und alle Formen von Gewalt gegen Kinder beenden \u00bb. <\/p><cite>SDG 16.2 &#8211; Frieden, Justiz und starke Institutionen<\/cite><\/blockquote>\n\n\n\n<p>Dieses SDG ist ein erneuter Ansto\u00df zur Verwirklichung des Rechts eines jeden Kindes, frei von Angst, <a href=\"https:\/\/www.humanium.org\/de\/das-recht-auf-schutz\/\">Vernachl\u00e4ssigung<\/a>, <a href=\"https:\/\/www.humanium.org\/de\/misshandlung\/\">Missbrauch<\/a> und <a href=\"https:\/\/www.humanium.org\/de\/themenschwerpunkte\/ausbeutung\/\">Ausbeutung<\/a> zu leben (UNSD, 2020). Insbesondere dieses Ziel sollte in einem weiteren Sinne angewandt werden, um auch Klimafl\u00fcchtlingskinder mit einzubeziehen, da Verbrecher sie h\u00e4ufig als leichte Beute betrachten.&nbsp;<\/p>\n\n\n\n<blockquote class=\"wp-block-quote is-layout-flow wp-block-quote-is-layout-flow\"><p>\u00ab&nbsp;Ersucht ferner den Exekutivausschuss des Internationalen Warschauer Mechanismus, gem\u00e4\u00df seinen Verfahren und seinem Mandat eine Projektgruppe [\u2026] einzurichten, welche die Empfehlungen f\u00fcr integrierte Ans\u00e4tze zur Abwendung, Minimierung und Bek\u00e4mpfung von Vertreibung im Zusammenhang mit den negativen Auswirkungen des Klimawandels ausarbeitet.&nbsp;\u00bb. <\/p><cite>Konferenz der Vertragsparteien des Rahmen\u00fcbereinkommens der Vereinten Nationen \u00fcber Klima\u00e4nderungen, 2015<\/cite><\/blockquote>\n\n\n\n<p>In der Praxis ist jedoch unklar, ob solche Ans\u00e4tze sich nur auf pl\u00f6tzliche extreme Wetterereignisse wie Wirbelst\u00fcrme konzentrieren oder auch langsam fortschreitende Ereignisse wie den Anstieg des Meeresspiegels einbeziehen. Die mangelnden Richtlinien in Bezug auf diese Ans\u00e4tze k\u00f6nnen dazu f\u00fchren, dass <a href=\"https:\/\/www.humanium.org\/de\/kinder-weltweit\/\">Staaten<\/a> widerspr\u00fcchliche Ma\u00dfnahmen ergreifen, was wiederum zu noch mehr <a href=\"https:\/\/www.humanium.org\/de\/vertriebene-kinder\/\">vertriebenen<\/a> Klimafl\u00fcchtlingen und Binnenvertriebenen f\u00fchren k\u00f6nnte. Dar\u00fcber hinaus ist die betreffende \u201eProjektgruppe\u201c in beratender Funktion t\u00e4tig und w\u00fcrde die <a href=\"https:\/\/www.humanium.org\/de\/kinder-weltweit\/\">Staaten<\/a> nicht dazu verpflichten, ihren Empfehlungen zu folgen (Wilkinson, Schipper, Simonet, &amp; Kubik, 2016).<\/p>\n\n\n\n<h2 class=\"wp-block-heading\">Verheerende Auswirkungen des Klimawandels und Kinder<\/h2>\n\n\n\n<figure class=\"wp-block-image size-large\"><img decoding=\"async\" src=\"https:\/\/www.humanium.org\/fr\/wp-content\/uploads\/2020\/10\/shutterstock_367744034_1200-1024x683.jpg\" alt=\"\" class=\"wp-image-48886\"\/><\/figure>\n\n\n\n<p>Jedes Jahr verlassen Millionen von Menschen ihre Heimat aufgrund von Naturkatastrophen oder anderen Folgen der Klimakatastrophe. Diese Zahl wird voraussichtlich steigen, wobei die Prognosen bis 2050 zwischen 25 Millionen und 1 Milliarde Klimamigranten liegen (Black, 2019).<\/p>\n\n\n\n<h3 class=\"wp-block-heading\">Naturkatastrophen vertreiben 3 bis 10 Mal mehr Menschen als Konflikte oder Kriege<\/h3>\n\n\n\n<ul class=\"wp-block-list\"><li>Wie in allen Krisen sind Kinder k\u00f6rperlich und emotional am st\u00e4rksten gef\u00e4hrdet. Wenn <a href=\"https:\/\/www.humanium.org\/de\/familie-und-rechte-von-kindern\/\">Familien<\/a> aus ihren H\u00e4usern vertrieben werden, besteht eine h\u00f6here Gefahr, dass <a href=\"https:\/\/www.humanium.org\/de\/rechte-kindes\/\">Kinder<\/a> von ihren Eltern <a href=\"https:\/\/www.humanium.org\/de\/familie-und-rechte-von-kindern\/\">getrennt<\/a> werden, was sie anf\u00e4lliger f\u00fcr <a href=\"https:\/\/www.humanium.org\/de\/themenschwerpunkte\/gewalt\/\">Gewalt<\/a>, <a href=\"https:\/\/www.humanium.org\/de\/themenschwerpunkte\/ausbeutung\/\">Ausbeutung<\/a> und <a href=\"https:\/\/www.humanium.org\/de\/misshandlung\/\">Missbrauch<\/a> macht (Black, 2019).<\/li><li>Nach Angaben des B\u00fcros der Vereinten Nationen f\u00fcr die Verringerung des Katastrophenrisikos (UNDRR) werden j\u00e4hrlich 14 Millionen Menschen durch pl\u00f6tzlich eintretende Katastrophen <a href=\"https:\/\/www.humanium.org\/de\/strasenkinder\/#:~:text=Stra%C3%9Fenkinder%20sind%20Minderj%C3%A4hrige%2C%20die%20auf,Kinder%20nicht%20nach%20Hause%20zur%C3%BCckkehren.\">heimatlos<\/a>. Die Entwicklungsl\u00e4nder auf der s\u00fcdlichen Erdhalbkugel tragen am wenigsten zum Klimawandel bei, leiden aber am meisten unter seinen Folgen. Die Menschen in Entwicklungsl\u00e4ndern sind am st\u00e4rksten gef\u00e4hrdet, weil sie oft in katastrophengef\u00e4hrdeten Gebieten leben und es ihnen besonders schwerf\u00e4llt, sich von Katastrophen zu erholen und sich an durch Klimaschock verursachte Sch\u00e4den anzupassen (Black, 2019).<\/li><\/ul>\n\n\n\n<h3 class=\"wp-block-heading\">Langsam einsetzender Klimawandel kann weit mehr Schaden anrichten als ein einzelner Sturm<\/h3>\n\n\n\n<p>Naturkatastrophen sind ein dramatischer Beweis f\u00fcr die steigenden Gefahren des Klima-Notstands, gleichzeitig sind aber auch andere verheerende Kr\u00e4fte am Werk. Ein langsam einsetzender Klimawandel, wie zum Beispiel die Ausbreitung von W\u00fcsten und der Anstieg des Meeresspiegels, kann weit mehr Schaden anrichten als ein einziger Sturm (Black, 2019).<br>Langsam einsetzender Klimawandel f\u00fchrt zu <a href=\"https:\/\/www.humanium.org\/de\/themenschwerpunkte\/gewalt\/\">Konflikten<\/a> und entsprechenden <a href=\"https:\/\/www.humanium.org\/de\/vertriebene-kinder\/\">Vertreibungen<\/a>, die oft auf schwindende Ressourcen zur\u00fcckzuf\u00fchren sind. Die seit Ende der 1990er Jahre immer wieder auftretenden extremen D\u00fcrreperioden in <a href=\"https:\/\/www.humanium.org\/de\/syrien\/\">Syrien<\/a>, waren der anf\u00e4ngliche Ausl\u00f6ser, doch politische Spannungen und mangelnde Chancen f\u00fchrten schlie\u00dflich zur heutigen <a href=\"https:\/\/www.humanium.org\/de\/syrien\/\">syrischen<\/a> Fl\u00fcchtlingskrise. Auch in der Sahelzone <a href=\"https:\/\/www.humanium.org\/de\/afrika\/\">Afrikas<\/a>, versch\u00e4rfen sich die Konflikte mit der Verknappung der nat\u00fcrlichen Ressourcen (Black, 2019).<\/p>\n\n\n\n<h3 class=\"wp-block-heading\">Migration ist die schwerwiegendste Folge des Klimawandels<\/h3>\n\n\n\n<ul class=\"wp-block-list\"><li>Der Zwischenstaatliche Ausschuss f\u00fcr Klima\u00e4nderungen (IPCC) der UN erkl\u00e4rte bereits 1990 die Migration als die schwerwiegendste Folge des Klimawandels. Die vorhergesagten Folgen sind bekannt: extreme D\u00fcrre, steigende Meeresspiegel, Waldbr\u00e4nde und Nahrungsmittelknappheit. Schlussendlich f\u00fchrten alle diese Folgen zu <a href=\"https:\/\/www.humanium.org\/de\/vertriebene-kinder\/\">erzwungener Migration<\/a> und das wird auch weiterhin der Fall sein (Black, 2019).<\/li><li>D\u00fcrren t\u00f6ten mehr Menschen als jede andere einzelne wetterbedingte Katastrophe, und Konflikte zwischen Bev\u00f6lkerungsgruppen aufgrund von Wasserknappheit nehmen zu. \u00dcber 1 Milliarde Menschen haben heute keinen Zugang zu sauberem <a href=\"https:\/\/www.humanium.org\/de\/recht-wasser\/\">Wasser<\/a>, und die Nachfrage wird bis 2030 um 30 Prozent steigen. Desertifikation kann ebenso t\u00f6dlich und bedrohlich sein &#8211; es liegen Sch\u00e4tzungen vor, dass bis 2045 etwa 135 Millionen Menschen aufgrund von Desertifikation <a href=\"https:\/\/www.humanium.org\/de\/vertriebene-kinder\/\">vertrieben<\/a> werden k\u00f6nnten (Black, 2019).<\/li><\/ul>\n\n\n\n<h3 class=\"wp-block-heading\">Binnenvertreibung verursacht Migration \u00fcber Grenzen hinweg<\/h3>\n\n\n\n<ul class=\"wp-block-list\"><li>In <a href=\"https:\/\/www.humanium.org\/de\/kinder-in-bangladesch\/\">Bangladesch<\/a> werden routinem\u00e4\u00dfig Hunderttausende durch K\u00fcsten\u00fcberflutungen und Flusserosion entwurzelt. Desertifikation in West<a href=\"https:\/\/www.humanium.org\/de\/afrika\/\">afrika<\/a> hat Terroristen erm\u00e4chtigt und mehr als 4 Millionen Menschen vertrieben. Der Anstieg des Meeresspiegels auf den Inseln im <a href=\"https:\/\/www.humanium.org\/de\/asien-pazifik\/\">Pazifik<\/a> und in Ozeanien, wo jeder Zehnte in den letzten zehn Jahren ausgewandert ist, f\u00fchrt dazu, dass die Bewohner dort festsitzen oder ihre Staatlichkeit gef\u00e4hrdet ist. In <a href=\"https:\/\/www.humanium.org\/de\/amerika\/\">Amerika<\/a> haben Tausende, die durch den Wirbelsturm Maria vertrieben wurden, immer noch keine Wohnung (Black, 2019).<\/li><li>Weltweit ist etwa 1 von 45 <a href=\"https:\/\/www.humanium.org\/de\/rechte-kindes\/\">Kindern<\/a> auf der <a href=\"https:\/\/www.humanium.org\/de\/vertriebene-kinder\/\">Flucht<\/a>. Fast 50 Millionen Kinder sind \u00fcber die Grenzen <a href=\"https:\/\/www.humanium.org\/de\/vertriebene-kinder\/\">migriert<\/a> oder innerhalb ihrer eigenen L\u00e4nder gewaltsam <a href=\"https:\/\/www.humanium.org\/de\/vertriebene-kinder\/\">vertrieben<\/a> worden. Klimabedingte Ereignisse und Auswirkungen tragen bereits jetzt zu diesen erschreckenden Zahlen bei, und es wird eine Zunahme erwartet (Black, 2019).<\/li><\/ul>\n\n\n\n<h2 class=\"wp-block-heading\"><strong>Ma\u00dfnahmen zum Schutz von Klimafl\u00fcchtlingskindern<\/strong><\/h2>\n\n\n\n<ul class=\"wp-block-list\"><li>Erzwungene Migration erfordert internationale Ma\u00dfnahmen und institutionelle Vereinbarungen zur Unterst\u00fctzung derjenigen, die gezwungen sind, umzusiedeln. Es ist erforderlich den <a href=\"https:\/\/www.humanium.org\/de\/das-recht-auf-schutz\/\">Schutz<\/a> und die Wahrung der <a href=\"https:\/\/www.humanium.org\/de\/rechte-kindes\/\">Rechte der Kinder<\/a> und gef\u00e4hrdeter <a href=\"https:\/\/www.humanium.org\/de\/familie-und-rechte-von-kindern\/\">Familien<\/a> zu gew\u00e4hrleisten.<\/li><li>Die <a href=\"https:\/\/www.humanium.org\/de\/kinder-weltweit\/\">Staaten<\/a> m\u00fcssen dringend Ma\u00dfnahmen gegen den Klimawandel ergreifen, um die Umwelt zu sch\u00fctzen, damit heutige und zuk\u00fcnftige Generationen sie weiter genie\u00dfen k\u00f6nnen.&nbsp;<\/li><li>Die Entwicklung und Ausstellung eines speziellen humanit\u00e4ren Visums w\u00fcrde es den Staaten erm\u00f6glichen, weiterreichende humanit\u00e4re Gr\u00fcnde einschlie\u00dflich der klimabedingten Migration zu ber\u00fccksichtigen, was eine sichere legale Route f\u00fcr Klima<a href=\"https:\/\/www.humanium.org\/de\/vertriebene-kinder\/\">fl\u00fcchtlinge<\/a> schaffen w\u00fcrde (Climate News Network, 2017).<\/li><li>Das Hohe Fl\u00fcchtlingskommissariat der Vereinten Nationen (UNHCR) kann vielen Menschen, die unter anderem durch Katastrophen und die Auswirkungen des Klimawandels gewaltsam vertrieben wurden, Schutz und Hilfe bieten und sie dabei unterst\u00fctzen, ihre Anpassungsf\u00e4higkeit zu steigern (UNHCR , 2015).<\/li><li>UNICEF und seine Partner k\u00f6nnen Richtlinien zur Verbesserung der Betreuung und des <a href=\"https:\/\/www.humanium.org\/de\/das-recht-auf-schutz\/\">Schutzes<\/a> von <a href=\"https:\/\/www.humanium.org\/de\/vertriebene-kinder\/\">Fl\u00fcchtlings- und Migrantenkindern<\/a> bereitstellen, unabh\u00e4ngig davon, ob sie allein oder mit ihren <a href=\"https:\/\/www.humanium.org\/de\/familie-und-rechte-von-kindern\/\">Eltern<\/a> oder Betreuern unterwegs sind (UNICEF, 2020).<\/li><li>Die Garantie, dass ein qualifizierter Vormund die unmittelbare Verantwortung f\u00fcr das Kind \u00fcbernimmt, die Einschaltung von Kulturvermittlern und die Einbeziehung von Mitgliedern der Gastgemeinschaften sind entscheidende Ma\u00dfnahmen, die dazu beitragen k\u00f6nnen, eine vertrauensvolle Beziehung aufzubauen und Kinder vor Schmugglern, <a href=\"https:\/\/www.humanium.org\/de\/kinderhandel\/#:~:text=Sch%C3%A4tzungen%20zufolge%20fallen%20jeden%20Tag,Milliarden%20US%20Dollar%20pro%20Jahr.\">Menschenh\u00e4ndlern<\/a> oder den Auswirkungen gravierender <a href=\"https:\/\/www.humanium.org\/de\/familie-und-rechte-von-kindern\/\">famili\u00e4rer<\/a> Belastungen zu sch\u00fctzen (UNICEF, 2020).<\/li><li>Auf nationaler Ebene sollten Partnerschaften zwischen <a href=\"https:\/\/www.humanium.org\/de\/kinder-weltweit\/\">Staaten<\/a>, internationalen Organisationen und gemeinn\u00fctzigen Organisationen die unmittelbaren Bed\u00fcrfnisse von Kindern erf\u00fcllen, einschlie\u00dflich Sicherheit, <a href=\"https:\/\/www.humanium.org\/de\/das-recht-auf-schutz\/\">Schutz<\/a>, Gesundheitsf\u00fcrsorge, angemessene Ern\u00e4hrung und <a href=\"https:\/\/www.humanium.org\/de\/recht-bildung-weltweit\/\">Bildung<\/a> (UNICEF, 2020).<\/li><li>Psychosoziale Leistungen und <a href=\"https:\/\/www.humanium.org\/de\/recht-bildung-weltweit\/\">Bildung<\/a> f\u00fcr Fl\u00fcchtlings- und Migrantenkinder sollten geboten werden, w\u00e4hrend gleichzeitig nationale Kinderschutzma\u00dfnahmen zugunsten aller gef\u00e4hrdeten Kinder gest\u00e4rkt werden sollten (UNICEF, 2020).<\/li><\/ul>\n\n\n\n<h2 class=\"wp-block-heading\"><strong><strong>Schlussbemerkungen<\/strong><\/strong><\/h2>\n\n\n\n<p>Die Auswirkungen des Klimawandels werden immer deutlicher, und es ist offensichtlich, dass Klimafl\u00fcchtlinge eine der gr\u00f6\u00dften humanit\u00e4ren Herausforderungen darstellen werden. Alle Staaten werden mit diesem Ph\u00e4nomen konfrontiert sein, wenn wir nicht sofort handeln und gemeinsam mit dem Schutz unseres Planeten beginnen.&nbsp;<\/p>\n\n\n\n<p><strong><strong>Verfasst von<\/strong> Igi Nderi<\/strong><br><strong><strong>\u00dcbersetzt von Birgit Puttock<\/strong><\/strong><br><strong><strong>Korrekturgelesen von Viktoria Volk<\/strong><\/strong><br><strong><strong>Zuletzt aktualisiert am 24. Juni 2020<\/strong><\/strong><\/p>\n\n\n\n<p><strong>Bibliografie&nbsp;:<\/strong><\/p>\n\n\n\n<ul class=\"wp-block-list\"><li>Black, M. (2019, September 4). <em>Fleeing Climate Change<\/em>. Retrieved from UNICEF USA: <a href=\"https:\/\/www.unicefusa.org\/histoires\/ceux\">https:\/\/www.unicefusa.org\/histoires\/ceux<\/a> qui fuient-changement-climat \/35277<\/li><li>Brown, Lester R, McGarth, P. L., &amp; Stoke, B. (1976). <em>Twenty-Two Dimensions of the Population Problem.<\/em> Washington D.C: Worldwatch Paper 5.<\/li><li>Climate News Network. (2017, November 7). <em>Climate refugees move up the agenda<\/em>. Retrieved from Eco Business: https:\/\/www.eco-business.com\/actualit\u00e9s\/climat-refugi\u00e9s-en t\u00eate- du programme\/<\/li><li>Conference of the Parties to the United Nations Framework Convention on Climate Change. (2015). <em>Report of the Conference of the Parties on its 21st session, held in Paris from 30 November to 13 December 2015 : addendum.<\/em> Geneva: United Nations.<\/li><li>Humanium. (2020, May 8). <em>Children of Tuvalu <\/em>. Retrieved from Humanium : <a href=\"https:\/\/www.humanium.org\/fr\/tuvalu\/\">https:\/\/www.humanium.org\/fr\/tuvalu\/<\/a><\/li><li>OHCHR. (1989, November 20). <em>Convention on the Rights of the Child<\/em>. Retrieved from OHCHR: <a href=\"https:\/\/www.ohchr.org\/Documents\/Int\u00e9r\u00eatprofessionnel\/crc.pdf\" target=\"_blank\" rel=\"noreferrer noopener\">https:\/\/www.ohchr.org\/Documents\/Int\u00e9r\u00eatprofessionnel\/crc.pdf<\/a><\/li><li>UNEP, E. E.-H. (1985). <em>Environmental Refugees.<\/em> Nairobi: United Nations Environment Programme.<\/li><li>UNFCCC. (2015, December 12). <em>The Paris Agreement<\/em>. Retrieved from United Nations Framework Convention on Climate Change: <a href=\"https:\/\/unfccc.int\/ressource\/docs\/2015\/cop21\/fr\/l09r01.pdf\" target=\"_blank\" rel=\"noreferrer noopener\">https:\/\/unfccc.int\/ressource\/docs\/2015\/cop21\/fr\/l09r01.pdf<\/a><\/li><li>UNHCR . (2015, January 1). <em>Climate Change and Disaster Displacement<\/em>. Retrieved from UNHCR: http:\/\/www.hcr.org\/climat-changement-et-d\u00e9sastres.html.<\/li><li>UNHCR. (2011, September 1). <em>The 1951 Convention Relating to the Status of Refugees and Its 1967 Protocol <\/em>. Retrieved from UNHCR: <a href=\"https:\/\/www.unhcr.org\/fr\/about-us\/background\/4b14f4a62\/convention-protocole-relatifs-statut-refugies.html\" target=\"_blank\" rel=\"noreferrer noopener\">https:\/\/www.hcr.org\/ausujet-fr\/contexte\/4ec262df9\/1951-convention-sur-statuts-refugi\u00e9s-son-1967-protocole.html<\/a><\/li><li>UNHCR. (2020, April 20). <em>2030 Agenda for Sustainable Development<\/em>. Retrieved from UNHCR: https:\/\/www.hcr.org\/2030-ordre du-pour- d\u00e9veloppement-durable.html<\/li><li>UNICEF. (2020, April 27). <em>Refugee and migrant children in Europe<\/em>. Retrieved from UNICEF Europe and Central Asia: <a href=\"https:\/\/www.unicef.org\/cea\/urgences\/refugi\u00e9s-et-enfant-migrant-europe\" target=\"_blank\" rel=\"noreferrer noopener\">https:\/\/www.unicef.org\/cea\/urgences\/refugi\u00e9s-et-enfant-migrant-europe<\/a><\/li><li>UNSD. (2020, April 24). <em>Climate Change<\/em>. Retrieved from United Nations Sustainable Development Goals: https:\/\/d\u00e9veloppmentdurable.fr.org\/sujets\/changementclimatique<\/li><li>UNSD. (2020, April 24). <em>Sustainable D\u00e9veloppement Goal 13<\/em>. Retrieved from United Nations Sustainable Development Goals: https:\/\/d\u00e9veloppementdurable.nu.org\/sdg13<\/li><li>UNSD. (2020, April 24). <em>&nbsp;Development Goal 16<\/em>. Retrieved from United Nations Sustainable Development Goals: https:\/\/d\u00e9veloppement-durable.fr.org\/sdg16<\/li><li>UNSD. (2020, April 24). <em>Violence Against Children <\/em>. Retrieved from United Nations Sustainable Development Goals: https:\/\/d\u00e9veloppmentdurable.fr.org\/sujets\/violenceenverslesenfants<\/li><li>Wilkinson, E., Schipper, L., Simonet, C., &amp; Kubik, Z. (2016, December 1). <em>Climate change, migration and the 2030 Agenda for Sustainable Development.<\/em> Retrieved from Environmental Migration Portal: <a href=\"https:\/\/www.odi.org\/sites\/odi.org.fr\/dossiers\/ressource-documents\/11144.pdf\" target=\"_blank\" rel=\"noreferrer noopener\">https:\/\/www.odi.org\/sites\/odi.org.fr\/dossiers\/ressource-documents\/11144.pdf&nbsp;<\/a><\/li><\/ul>\n","protected":false},"excerpt":{"rendered":"<p>In den letzten Jahren hat der Begriff \u201eKlimafl\u00fcchtlinge\u201c neue Bedeutung erlangt, seitdem die globale Klimakatastrophe die Lebensgrundlagen von Millionen von Menschen bedroht und viele von ihnen ihre Heimat verlassen mussten. Klimafl\u00fcchtlinge sind heute eine der gr\u00f6\u00dften humanit\u00e4ren Herausforderungen (UNHCR, 2015). Kinder, die mit ihren Eltern oder allein, aufgrund der Auswirkungen des Klimawandels gezwungen sind ihr [&hellip;]<\/p>\n","protected":false},"author":17,"featured_media":13729,"parent":13667,"menu_order":0,"comment_status":"closed","ping_status":"closed","template":"","meta":{"footnotes":""},"class_list":["post-13728","page","type-page","status-publish","has-post-thumbnail","hentry"],"yoast_head":"<!-- This site is optimized with the Yoast SEO plugin v26.5 - https:\/\/yoast.com\/wordpress\/plugins\/seo\/ -->\n<title>Klimafl\u00fcchtlingskinder - Humanium<\/title>\n<meta name=\"robots\" content=\"index, follow, max-snippet:-1, max-image-preview:large, max-video-preview:-1\" \/>\n<link rel=\"canonical\" href=\"https:\/\/www.humanium.org\/de\/themenschwerpunkte\/umwelt\/klimafluechtlingskinder\/\" \/>\n<meta property=\"og:locale\" content=\"de_DE\" \/>\n<meta property=\"og:type\" content=\"article\" \/>\n<meta property=\"og:title\" content=\"Klimafl\u00fcchtlingskinder - Humanium\" \/>\n<meta property=\"og:description\" content=\"In den letzten Jahren hat der Begriff \u201eKlimafl\u00fcchtlinge\u201c neue Bedeutung erlangt, seitdem die globale Klimakatastrophe die Lebensgrundlagen von Millionen von Menschen bedroht und viele von ihnen ihre Heimat verlassen mussten. Klimafl\u00fcchtlinge sind heute eine der gr\u00f6\u00dften humanit\u00e4ren Herausforderungen (UNHCR, 2015). Kinder, die mit ihren Eltern oder allein, aufgrund der Auswirkungen des Klimawandels gezwungen sind ihr [&hellip;]\" \/>\n<meta property=\"og:url\" content=\"https:\/\/www.humanium.org\/de\/themenschwerpunkte\/umwelt\/klimafluechtlingskinder\/\" \/>\n<meta property=\"og:site_name\" content=\"Humanium\" \/>\n<meta property=\"article:modified_time\" content=\"2025-12-06T06:41:00+00:00\" \/>\n<meta property=\"og:image\" content=\"https:\/\/www.humanium.org\/de\/wp-content\/uploads\/2020\/11\/childclimaterefugees_1200.jpg\" \/>\n\t<meta property=\"og:image:width\" content=\"1200\" \/>\n\t<meta property=\"og:image:height\" content=\"796\" \/>\n\t<meta property=\"og:image:type\" content=\"image\/jpeg\" \/>\n<meta name=\"twitter:card\" content=\"summary_large_image\" \/>\n<meta name=\"twitter:label1\" content=\"Gesch\u00e4tzte Lesezeit\" \/>\n\t<meta name=\"twitter:data1\" content=\"11\u00a0Minuten\" \/>\n<script type=\"application\/ld+json\" class=\"yoast-schema-graph\">{\"@context\":\"https:\/\/schema.org\",\"@graph\":[{\"@type\":\"WebPage\",\"@id\":\"https:\/\/www.humanium.org\/de\/themenschwerpunkte\/umwelt\/klimafluechtlingskinder\/\",\"url\":\"https:\/\/www.humanium.org\/de\/themenschwerpunkte\/umwelt\/klimafluechtlingskinder\/\",\"name\":\"Klimafl\u00fcchtlingskinder - Humanium\",\"isPartOf\":{\"@id\":\"https:\/\/www.humanium.org\/de\/#website\"},\"primaryImageOfPage\":{\"@id\":\"https:\/\/www.humanium.org\/de\/themenschwerpunkte\/umwelt\/klimafluechtlingskinder\/#primaryimage\"},\"image\":{\"@id\":\"https:\/\/www.humanium.org\/de\/themenschwerpunkte\/umwelt\/klimafluechtlingskinder\/#primaryimage\"},\"thumbnailUrl\":\"https:\/\/www.humanium.org\/de\/wp-content\/uploads\/2020\/11\/childclimaterefugees_1200.jpg\",\"datePublished\":\"2020-11-04T18:22:33+00:00\",\"dateModified\":\"2025-12-06T06:41:00+00:00\",\"breadcrumb\":{\"@id\":\"https:\/\/www.humanium.org\/de\/themenschwerpunkte\/umwelt\/klimafluechtlingskinder\/#breadcrumb\"},\"inLanguage\":\"de\",\"potentialAction\":[{\"@type\":\"ReadAction\",\"target\":[\"https:\/\/www.humanium.org\/de\/themenschwerpunkte\/umwelt\/klimafluechtlingskinder\/\"]}]},{\"@type\":\"ImageObject\",\"inLanguage\":\"de\",\"@id\":\"https:\/\/www.humanium.org\/de\/themenschwerpunkte\/umwelt\/klimafluechtlingskinder\/#primaryimage\",\"url\":\"https:\/\/www.humanium.org\/de\/wp-content\/uploads\/2020\/11\/childclimaterefugees_1200.jpg\",\"contentUrl\":\"https:\/\/www.humanium.org\/de\/wp-content\/uploads\/2020\/11\/childclimaterefugees_1200.jpg\",\"width\":1200,\"height\":796},{\"@type\":\"BreadcrumbList\",\"@id\":\"https:\/\/www.humanium.org\/de\/themenschwerpunkte\/umwelt\/klimafluechtlingskinder\/#breadcrumb\",\"itemListElement\":[{\"@type\":\"ListItem\",\"position\":1,\"name\":\"Home\",\"item\":\"https:\/\/www.humanium.org\/de\/\"},{\"@type\":\"ListItem\",\"position\":2,\"name\":\"Themenschwerpunkte\",\"item\":\"https:\/\/www.humanium.org\/de\/themenschwerpunkte\/\"},{\"@type\":\"ListItem\",\"position\":3,\"name\":\"Umwelt\",\"item\":\"https:\/\/www.humanium.org\/de\/themenschwerpunkte\/umwelt\/\"},{\"@type\":\"ListItem\",\"position\":4,\"name\":\"Klimafl\u00fcchtlingskinder\"}]},{\"@type\":\"WebSite\",\"@id\":\"https:\/\/www.humanium.org\/de\/#website\",\"url\":\"https:\/\/www.humanium.org\/de\/\",\"name\":\"Humanium\",\"description\":\"Kinder zuerst!\",\"potentialAction\":[{\"@type\":\"SearchAction\",\"target\":{\"@type\":\"EntryPoint\",\"urlTemplate\":\"https:\/\/www.humanium.org\/de\/?s={search_term_string}\"},\"query-input\":{\"@type\":\"PropertyValueSpecification\",\"valueRequired\":true,\"valueName\":\"search_term_string\"}}],\"inLanguage\":\"de\"}]}<\/script>\n<!-- \/ Yoast SEO plugin. -->","yoast_head_json":{"title":"Klimafl\u00fcchtlingskinder - Humanium","robots":{"index":"index","follow":"follow","max-snippet":"max-snippet:-1","max-image-preview":"max-image-preview:large","max-video-preview":"max-video-preview:-1"},"canonical":"https:\/\/www.humanium.org\/de\/themenschwerpunkte\/umwelt\/klimafluechtlingskinder\/","og_locale":"de_DE","og_type":"article","og_title":"Klimafl\u00fcchtlingskinder - Humanium","og_description":"In den letzten Jahren hat der Begriff \u201eKlimafl\u00fcchtlinge\u201c neue Bedeutung erlangt, seitdem die globale Klimakatastrophe die Lebensgrundlagen von Millionen von Menschen bedroht und viele von ihnen ihre Heimat verlassen mussten. Klimafl\u00fcchtlinge sind heute eine der gr\u00f6\u00dften humanit\u00e4ren Herausforderungen (UNHCR, 2015). Kinder, die mit ihren Eltern oder allein, aufgrund der Auswirkungen des Klimawandels gezwungen sind ihr [&hellip;]","og_url":"https:\/\/www.humanium.org\/de\/themenschwerpunkte\/umwelt\/klimafluechtlingskinder\/","og_site_name":"Humanium","article_modified_time":"2025-12-06T06:41:00+00:00","og_image":[{"width":1200,"height":796,"url":"https:\/\/www.humanium.org\/de\/wp-content\/uploads\/2020\/11\/childclimaterefugees_1200.jpg","type":"image\/jpeg"}],"twitter_card":"summary_large_image","twitter_misc":{"Gesch\u00e4tzte Lesezeit":"11\u00a0Minuten"},"schema":{"@context":"https:\/\/schema.org","@graph":[{"@type":"WebPage","@id":"https:\/\/www.humanium.org\/de\/themenschwerpunkte\/umwelt\/klimafluechtlingskinder\/","url":"https:\/\/www.humanium.org\/de\/themenschwerpunkte\/umwelt\/klimafluechtlingskinder\/","name":"Klimafl\u00fcchtlingskinder - Humanium","isPartOf":{"@id":"https:\/\/www.humanium.org\/de\/#website"},"primaryImageOfPage":{"@id":"https:\/\/www.humanium.org\/de\/themenschwerpunkte\/umwelt\/klimafluechtlingskinder\/#primaryimage"},"image":{"@id":"https:\/\/www.humanium.org\/de\/themenschwerpunkte\/umwelt\/klimafluechtlingskinder\/#primaryimage"},"thumbnailUrl":"https:\/\/www.humanium.org\/de\/wp-content\/uploads\/2020\/11\/childclimaterefugees_1200.jpg","datePublished":"2020-11-04T18:22:33+00:00","dateModified":"2025-12-06T06:41:00+00:00","breadcrumb":{"@id":"https:\/\/www.humanium.org\/de\/themenschwerpunkte\/umwelt\/klimafluechtlingskinder\/#breadcrumb"},"inLanguage":"de","potentialAction":[{"@type":"ReadAction","target":["https:\/\/www.humanium.org\/de\/themenschwerpunkte\/umwelt\/klimafluechtlingskinder\/"]}]},{"@type":"ImageObject","inLanguage":"de","@id":"https:\/\/www.humanium.org\/de\/themenschwerpunkte\/umwelt\/klimafluechtlingskinder\/#primaryimage","url":"https:\/\/www.humanium.org\/de\/wp-content\/uploads\/2020\/11\/childclimaterefugees_1200.jpg","contentUrl":"https:\/\/www.humanium.org\/de\/wp-content\/uploads\/2020\/11\/childclimaterefugees_1200.jpg","width":1200,"height":796},{"@type":"BreadcrumbList","@id":"https:\/\/www.humanium.org\/de\/themenschwerpunkte\/umwelt\/klimafluechtlingskinder\/#breadcrumb","itemListElement":[{"@type":"ListItem","position":1,"name":"Home","item":"https:\/\/www.humanium.org\/de\/"},{"@type":"ListItem","position":2,"name":"Themenschwerpunkte","item":"https:\/\/www.humanium.org\/de\/themenschwerpunkte\/"},{"@type":"ListItem","position":3,"name":"Umwelt","item":"https:\/\/www.humanium.org\/de\/themenschwerpunkte\/umwelt\/"},{"@type":"ListItem","position":4,"name":"Klimafl\u00fcchtlingskinder"}]},{"@type":"WebSite","@id":"https:\/\/www.humanium.org\/de\/#website","url":"https:\/\/www.humanium.org\/de\/","name":"Humanium","description":"Kinder zuerst!","potentialAction":[{"@type":"SearchAction","target":{"@type":"EntryPoint","urlTemplate":"https:\/\/www.humanium.org\/de\/?s={search_term_string}"},"query-input":{"@type":"PropertyValueSpecification","valueRequired":true,"valueName":"search_term_string"}}],"inLanguage":"de"}]}},"_links":{"self":[{"href":"https:\/\/www.humanium.org\/de\/wp-json\/wp\/v2\/pages\/13728","targetHints":{"allow":["GET"]}}],"collection":[{"href":"https:\/\/www.humanium.org\/de\/wp-json\/wp\/v2\/pages"}],"about":[{"href":"https:\/\/www.humanium.org\/de\/wp-json\/wp\/v2\/types\/page"}],"author":[{"embeddable":true,"href":"https:\/\/www.humanium.org\/de\/wp-json\/wp\/v2\/users\/17"}],"replies":[{"embeddable":true,"href":"https:\/\/www.humanium.org\/de\/wp-json\/wp\/v2\/comments?post=13728"}],"version-history":[{"count":11,"href":"https:\/\/www.humanium.org\/de\/wp-json\/wp\/v2\/pages\/13728\/revisions"}],"predecessor-version":[{"id":21397,"href":"https:\/\/www.humanium.org\/de\/wp-json\/wp\/v2\/pages\/13728\/revisions\/21397"}],"up":[{"embeddable":true,"href":"https:\/\/www.humanium.org\/de\/wp-json\/wp\/v2\/pages\/13667"}],"wp:featuredmedia":[{"embeddable":true,"href":"https:\/\/www.humanium.org\/de\/wp-json\/wp\/v2\/media\/13729"}],"wp:attachment":[{"href":"https:\/\/www.humanium.org\/de\/wp-json\/wp\/v2\/media?parent=13728"}],"curies":[{"name":"wp","href":"https:\/\/api.w.org\/{rel}","templated":true}]}}