{"id":17715,"date":"2024-07-13T19:42:17","date_gmt":"2024-07-13T19:42:17","guid":{"rendered":"https:\/\/www.humanium.org\/de\/?page_id=17715"},"modified":"2025-12-05T11:24:09","modified_gmt":"2025-12-05T11:24:09","slug":"kinder-indigener-bevoelkerungsgruppen","status":"publish","type":"page","link":"https:\/\/www.humanium.org\/de\/kinder-indigener-bevoelkerungsgruppen\/","title":{"rendered":"Kinder indigener Bev\u00f6lkerungsgruppen"},"content":{"rendered":"\n<p><strong>Kinder indigener Bev\u00f6lkerungsgruppen haben bei der Durchsetzung ihrer Grundrechte mit zahlreichen Herausforderungen zu k\u00e4mpfen, u.a. Armut, Diskriminierung oder die Gef\u00e4hrdung ihrer Kultur. Da sie mit einer Vielzahl von Nachteilen konfrontiert sind, die den Schutz und die Durchsetzung ihrer Rechte gef\u00e4hrden und die mit der Vergangenheit der Kolonialisierung zusammenh\u00e4ngen,&nbsp;<\/strong> <strong>m\u00fcssen die Staaten f\u00fcr einen besonderen Schutz sorgen, der ihre allt\u00e4glichen Herausforderungen ber\u00fccksichtigt.&nbsp;<\/strong><\/p>\n\n\n\n<figure class=\"wp-block-image size-large\"><img loading=\"lazy\" decoding=\"async\" width=\"1024\" height=\"683\" src=\"https:\/\/www.humanium.org\/de\/wp-content\/uploads\/2024\/06\/shutterstock_1072871408-1024x683.jpg\" alt=\"\" class=\"wp-image-17716\" srcset=\"https:\/\/www.humanium.org\/de\/wp-content\/uploads\/2024\/06\/shutterstock_1072871408-1024x683.jpg 1024w, https:\/\/www.humanium.org\/de\/wp-content\/uploads\/2024\/06\/shutterstock_1072871408-300x200.jpg 300w, https:\/\/www.humanium.org\/de\/wp-content\/uploads\/2024\/06\/shutterstock_1072871408-768x512.jpg 768w, https:\/\/www.humanium.org\/de\/wp-content\/uploads\/2024\/06\/shutterstock_1072871408-1536x1024.jpg 1536w, https:\/\/www.humanium.org\/de\/wp-content\/uploads\/2024\/06\/shutterstock_1072871408-2048x1365.jpg 2048w, https:\/\/www.humanium.org\/de\/wp-content\/uploads\/2024\/06\/shutterstock_1072871408-830x553.jpg 830w, https:\/\/www.humanium.org\/de\/wp-content\/uploads\/2024\/06\/shutterstock_1072871408-230x153.jpg 230w, https:\/\/www.humanium.org\/de\/wp-content\/uploads\/2024\/06\/shutterstock_1072871408-350x233.jpg 350w, https:\/\/www.humanium.org\/de\/wp-content\/uploads\/2024\/06\/shutterstock_1072871408-480x320.jpg 480w, https:\/\/www.humanium.org\/de\/wp-content\/uploads\/2024\/06\/shutterstock_1072871408-272x182.jpg 272w\" sizes=\"auto, (max-width: 1024px) 100vw, 1024px\" \/><\/figure>\n\n\n\n<h2 class=\"wp-block-heading\"><strong>Wer sind indigene Kinder?<\/strong><\/h2>\n\n\n\n<p>Um zu wissen, was ein indigenes Kind ist und welche Rechte es hat, ist es wichtig, zun\u00e4chst zu definieren, was indigen bedeutet und wer die daraus resultierenden V\u00f6lker sind. Es gibt keine offizielle Definition &#8211; in der Erkl\u00e4rung der Vereinten Nationen \u00fcber die Rechte indigener V\u00f6lker wird keine Definition erw\u00e4hnt. (Peuples autochtones, s.d.).<\/p>\n\n\n\n<p>Dennoch ist es durch die Zusammenfassung mehrerer Informationsquellen m\u00f6glich, zu verstehen, was eine indigene Gemeinschaft ist. Gem\u00e4\u00df den Dokumenten der Vereinten Nationen ist eine indigene Gemeinschaft eine soziale und kulturelle Gruppe, die durch kollektive Beziehungen der Vorfahren zu dem Land und den Ressourcen, von denen sie urspr\u00fcnglich abstammt, vereint ist (Peuples autochtones, 2021). Durch ihre Br\u00e4uche und ihre organische Struktur unterscheidet sich die indigene Gemeinschaft nicht von der vorherrschenden Kultur des Staates, wobei das wichtigste Kriterium die Selbstidentifikation bleibt (Comit\u00e9 des droits de l\u2019Enfant, 2009, \u00a7 19).<\/p>\n\n\n\n<p>Indigene Gemeinschaften besetzten Gebiete, lange bevor diese von den heute vorherrschenden Kulturen \u00fcberfallen oder kolonisiert wurden (UNHCR, 2023). Sie wurden dezimiert, und ihre Rechte wurden von den Kolonialm\u00e4chten missbraucht (Henderson &amp; Bell, 2009; Hadden, 2019; Wolfe, 2006).&nbsp;<\/p>\n\n\n\n<p>Diese Vergangenheit spiegelt sich auch heute noch in starken Ungleichheiten, <a href=\"https:\/\/www.humanium.org\/de\/themenschwerpunkte\/focusdiskriminierung\/\">Diskriminierungen<\/a> sowie dem Verlust vieler Praktiken und Br\u00e4uche wider (UNHCR, 2023; Culture, s.d.). Beispielsweise sind indigene Bev\u00f6lkerungsgruppen eher arm und mit einer dreimal h\u00f6heren Wahrscheinlichkeit gef\u00e4hrdet, (United Nations Development Programme, 2021) in extremer <a href=\"https:\/\/www.humanium.org\/de\/themenschwerpunkte\/armut\/\">Armut<\/a> zu leben, unterern\u00e4hrt zu sein und keinen sozialen Schutz zu genie\u00dfen. (United Nations Development Programme, 2021).&nbsp;<\/p>\n\n\n\n<h2 class=\"wp-block-heading\"><strong>Indigene Kinder und internationales Recht&nbsp;<\/strong><\/h2>\n\n\n\n<p>Die Generalversammlung der Vereinten Nationen hat am 13. September 2007 die Erkl\u00e4rung der Vereinten Nationen \u00fcber die Rechte indigener V\u00f6lker erlassen.<\/p>\n\n\n\n<p>Zusammenfassend l\u00e4sst sich sagen, dass dieses Dokument darauf abzielt, die indigenen Gemeinschaften und ihre Besonderheit zu sch\u00fctzen, indem es das Modell der Allgemeinen Erkl\u00e4rung der Menschenrechte (Assembl\u00e9e g\u00e9n\u00e9rale des Nations Unies, 1948) aufgreift.<\/p>\n\n\n\n<p>So betont beispielsweise Artikel 14 das Recht auf Bildung und die Weitergabe von \u00fcberliefertem Wissen, insbesondere an Kinder, zur Wahrung der verschiedenen indigenen Kulturen (Assembl\u00e9e g\u00e9n\u00e9rale des Nations Unies, 2007). In diesem Sinne will auch Artikel 17 indigene Kinder vor wirtschaftlicher Ausbeutung sch\u00fctzen.<\/p>\n\n\n\n<p>Da jedes Kind eine Staatsangeh\u00f6rigkeit gem\u00e4\u00df Artikel 7 und 8 der <a href=\"https:\/\/www.humanium.org\/de\/konvention\/\">Internationalen Konvention \u00fcber die Rechte des Kindes<\/a><sup>1<\/sup> (Assembl\u00e9e g\u00e9n\u00e9rale des Nations Unies, 1989) und eine <a href=\"https:\/\/www.humanium.org\/de\/recht-auf-identitat\/\">Identit\u00e4t<\/a> haben soll, fallen indigene Kinder unter den Schutz internationaler Vertr\u00e4ge, die von ihrem Aufenthaltsland ratifiziert wurden, und damit auch <a href=\"https:\/\/www.humanium.org\/fr\/etats-signataires-et-parties\/\">unter<\/a> den Schutz der <a href=\"https:\/\/www.humanium.org\/de\/vertragsstaaten-beteiligte-der-konvention\/\">Kinderrechtskonvention<\/a>.<\/p>\n\n\n\n<p>So sollten indigene Kinder die gleichen Rechte und den gleichen Schutz genie\u00dfen, die jedem Kind zustehen, wobei ihre mit ihrer Abstammung verbundene Besonderheit zu respektieren ist. Die UN-KRK war nicht nur das <a href=\"https:\/\/www.humanium.org\/de\/geschichte-kinderrechte\/\">erste<\/a> rechtsverbindliche <a href=\"https:\/\/www.humanium.org\/de\/geschichte-kinderrechte\/\">internationale Instrument<\/a>, das die besonderen Bed\u00fcrfnisse und Rechte von Kindern einbezog, sondern auch das erste Dokument, das spezifische Verweise auf indigene Kinder enthielt (Freemantle, s.d.).&nbsp;<\/p>\n\n\n\n<p>Diese Verweise zielen auf die F\u00f6rderung der indigenen Kultur ab, sei es, um indigenen Kindern das Verst\u00e4ndnis von Themen zu erleichtern (UN, 1989, Art. 17), oder um die Herkunft des Kindes zu ber\u00fccksichtigen, wenn es um den Schutz des Kindes vor seinem famili\u00e4ren Umfeld geht (UN, 1989, Art. 20).&nbsp;<\/p>\n\n\n\n<p>Artikel 30 stellt klar, dass \u201eeinem Kind, das zu einer indigenen Gruppe oder einer dieser Minderheiten geh\u00f6rt, nicht das Recht vorenthalten werden darf, sein eigenes kulturelles Leben zu f\u00fchren, sich zu seiner eigenen Religion zu bekennen und diese auszu\u00fcben oder seine eigene Sprache gemeinsam mit den anderen Mitgliedern seiner Gruppe zu verwenden&#8220;.&nbsp;<\/p>\n\n\n\n<p>Da das \u00dcbereinkommen ein allgemeines Dokument ist, ver\u00f6ffentlicht der <a href=\"https:\/\/www.humanium.org\/de\/ausschuss-rolle\/\">Ausschuss f\u00fcr die Rechte des Kindes<\/a><a href=\"https:\/\/www.humanium.org\/de\/rolle-und-zustandigkeiten-allgemeine-bemerkungen-und-diskussionstage_der-ausschuss-fur-die-rechte-des-kindes\/\"><sup>2<\/sup> allgemeine Beobachtungen<\/a>, um den Geltungsbereich der Artikel zu erweitern, den Inhalt auszulegen und den Staaten zu helfen, die Anforderungen zu erf\u00fcllen, die bei der Anwendung der Bestimmungen des \u00dcbereinkommens verlangt werden. Dies war bei indigenen Kindern mit der 2009 ver\u00f6ffentlichten Allgemeinen Beobachtung Nr. 11, mit dem Titel Indigene Kinder und ihre Rechte, nach dem \u00dcbereinkommen der Fall.<\/p>\n\n\n\n<p>In dieser Erkl\u00e4rung erinnert der Ausschuss an die Existenz anderer internationaler Instrumente, die bei der Definition der Rechte indigener Kinder zu ber\u00fccksichtigen sind, n\u00e4mlich das Internationale \u00dcbereinkommen zur Beseitigung jeder Form von Rassendiskriminierung (1965), der Internationale Pakt \u00fcber b\u00fcrgerliche und politische Rechte (1966), der Internationale Pakt \u00fcber wirtschaftliche, soziale und kulturelle Rechte (1966) oder auch die Erkl\u00e4rung der Vereinten Nationen \u00fcber die Rechte indigener V\u00f6lker von 2007 (Comit\u00e9 des droits de l\u2019enfant, 2009, $ 6-8, 82).<\/p>\n\n\n\n<p>Neben diesen Dokumenten sollten je nach Vertragsstaat auch die Amerikanische Erkl\u00e4rung \u00fcber die Rechte indigener V\u00f6lker von 2016, das ILO-\u00dcbereinkommen Nr. 169 (d.h. das \u00dcbereinkommen \u00fcber eingeborene und in St\u00e4mmen lebende V\u00f6lker), die St\u00e4ndige Instanz der Vereinten Nationen f\u00fcr indigene Angelegenheiten, der Expertenmechanismus f\u00fcr die Rechte indigener V\u00f6lker und die Existenz des Sonderberichterstatters f\u00fcr die Rechte indigener V\u00f6lker ber\u00fccksichtigt werden (Peuples autochtones, 2021).<\/p>\n\n\n\n<h2 class=\"wp-block-heading\"><strong>Herausforderungen, denen sich indigene Kinder stellen m\u00fcssen&nbsp;<\/strong><\/h2>\n\n\n\n<p>Obwohl das Bewusstsein f\u00fcr die Rechte indigener V\u00f6lker in internationalen Gremien gestiegen ist, geh\u00f6ren indigene Kinder in allen L\u00e4ndern zu den am st\u00e4rksten marginalisierten Gruppen (Freemantle, s.d.), so dass der Ausschuss die Notwendigkeit sah, die Bestimmungen der UN-KRK durch eine Allgemeine Beobachtung zu verdeutlichen.<\/p>\n\n\n\n<h3 class=\"wp-block-heading\"><strong>Fehlendes Recht auf Bildung<\/strong><\/h3>\n\n\n\n<p>Das Recht auf <a href=\"https:\/\/www.humanium.org\/de\/recht-bildung-weltweit\/\">Bildung<\/a> ist ein Menschenrecht, das in verschiedenen Instrumenten des V\u00f6lkerrechts anerkannt wird &#8211; insbesondere im Internationalen Pakt \u00fcber wirtschaftliche, soziale und kulturelle Rechte, im \u00dcbereinkommen zur Beseitigung jeder Form von Diskriminierung der Frau und in der UN-KRK (Droit \u00e0 l\u2019\u00e9ducation, s.d.). F\u00fcr den Ausschuss f\u00fcr wirtschaftliche, soziale und kulturelle Rechte ist \u201eBildung sowohl ein Grundrecht an sich, als auch einer der Schl\u00fcssel zur Aus\u00fcbung der anderen dem Menschen innewohnenden Rechte.&#8220; (Comit\u00e9s des droits \u00e9conomiques, sociaux et culturels, 1999, \u00a7 1).<\/p>\n\n\n\n<p>Allerdings werden indigene Kinder seltener in die Schule eingeschult und laufen eher Gefahr, die Schule abzubrechen, was sich in einer \u00fcberdurchschnittlich hohen Analphabeten-Rate niederschl\u00e4gt (Comit\u00e9 des droits de l&#8217;Enfant, 2009, \u00a7 59).&nbsp;<\/p>\n\n\n\n<p>Es gibt mehrere Faktoren, die die Umsetzung dieses Rechts behindern (Education, s.d.&nbsp;; Comit\u00e9 des droits de l&#8217;Enfant, 2009, \u00a7 59):<\/p>\n\n\n\n<ul class=\"wp-block-list\">\n<li>Mangel an Respekt und Ressourcen f\u00fcr die indigenen Gemeinschaften.<\/li>\n\n\n\n<li>Die Sprachbarriere und der Mangel an kulturell angepassten und zweisprachigen Inhalten.&nbsp;<\/li>\n\n\n\n<li>Die prek\u00e4re Situation indigener Kinder, die sich auf das Wohlbefinden und die Lernf\u00e4higkeit auswirkt (z. B. <a href=\"https:\/\/www.humanium.org\/de\/recht-nahrung\/\">Unterern\u00e4hrung<\/a>).<\/li>\n\n\n\n<li>Ethnische und kulturelle Diskriminierung, Diskriminierung aufgrund des Geschlechts, Rassismus, <a href=\"https:\/\/www.humanium.org\/de\/misshandlung\/\">Gewalt<\/a> und sexueller Missbrauch, denen diese Bev\u00f6lkerungsgruppen ausgesetzt sein k\u00f6nnen, wodurch ein feindliches Umfeld geschaffen wird.<\/li>\n\n\n\n<li>Die Tatsache, dass sie sich an das ganz andere, ihnen unbekannte, System anpassen m\u00fcssen &#8211; das auf Individualismus und Wettbewerb beruht und auf Kosten der gemeinschaftlichen Lebensweise geht, die auf Kooperation und kollektivem Wohlergehen beruht und allgemein von den indigenen Gemeinschaften propagiert wird.&nbsp;<\/li>\n\n\n\n<li>Mangel an geeigneten Bildungsinhalten f\u00fcr die Lebensweise der indigenen Gruppe: Was die Kinder der indigenen Gruppe lernen, l\u00e4sst sich kaum anwenden, wenn sie in ihre Gemeinschaften zur\u00fcckkehren.<\/li>\n\n\n\n<li>Die Notwendigkeit, sich an das ihnen fremde System anpassen zu m\u00fcssen, und die Schwierigkeit f\u00fcr Kinder, mit zwei gesellschaftlichen Strukturen zusammenarbeiten zu m\u00fcssen (Education, s.d.).<\/li>\n<\/ul>\n\n\n\n<p>Das Recht auf <a href=\"https:\/\/www.humanium.org\/de\/recht-bildung-weltweit\/\">Bildung<\/a> kollidiert somit stark mit dem Prinzip des Rechts auf Kultur, das indigene Kinder innehaben. Beispielsweise behindert die Tatsache, dass es nur wenige oder gar keine zweisprachigen Programme gibt, die f\u00fcr indigene Kinder geeignet sind (was gegen Artikel 30 der UN-KRK verst\u00f6\u00dft), nicht nur die Bildung, sondern auch die Bewahrung der indigenen Kultur des Kindes (Education, s.d.).<\/p>\n\n\n\n<h3 class=\"wp-block-heading\"><strong>Fehlendes Recht auf Kultur&nbsp;<\/strong><\/h3>\n\n\n\n<p>Artikel 30 der UN-KRK, das Recht auf Kultur, wird in der Beobachtung Nr. 11 des Ausschusses besonders hervorgehoben (Comit\u00e9 des droits de l&#8217;Enfant, 2009). Beide proklamieren das individuelle und kollektive Recht, ein eigenes kulturelles und religi\u00f6ses Leben zu f\u00fchren und sich der eigenen Sprache zu bedienen (Comit\u00e9 des droits de l&#8217;Enfant, 2009, \u00a7 16). Es sei darauf hingewiesen, dass der Ausschuss betont, dass das \u201eRecht indigener V\u00f6lker auf Aus\u00fcbung ihrer kulturellen Rechte eng mit der Nutzung des traditionellen Territoriums und der Nutzung seiner Ressourcen verbunden sein kann&#8220; (Comit\u00e9 des droits de l&#8217;Enfant, 2009, \u00a7 16).&nbsp;<\/p>\n\n\n\n<p>Dar\u00fcber hinaus fordern der Ausschuss sowie der Ausschuss f\u00fcr die Beseitigung der Rassendiskriminierung die Vertragsstaaten auf, \u201eanzuerkennen, dass die Kultur, Geschichte, Sprache und Lebensweise der indigenen V\u00f6lker die kulturelle Identit\u00e4t eines Staates bereichert, sie als solche zu achten und ihre Bewahrung zu f\u00f6rdern&#8220; (Comit\u00e9 des droits de l&#8217;Enfant, 2009, \u00a7 18). Ebenso m\u00fcssen nach Ansicht des Ausschusses indigene Kinder ihre Kultur, Sprache und Religion zum Ausdruck bringen k\u00f6nnen, damit ein Staat seinen Menschenrechtsverpflichtungen nachkommen kann. Daher ist es notwendig, dass der Staat mit den verschiedenen indigenen Gemeinschaften zusammenarbeitet, um die Rechte der indigenen Kinder endlich umzusetzen (Comit\u00e9 des droits de l&#8217;Enfant, 2009, \u00a7 82).<\/p>\n\n\n\n<h3 class=\"wp-block-heading\"><strong>Fehlendes Recht auf Gesundheitsversorgung<\/strong><\/h3>\n\n\n\n<p>Ein gro\u00dfes Problem, das sich herauskristallisiert, ist die <a href=\"https:\/\/www.humanium.org\/de\/themenschwerpunkte\/focusdiskriminierung\/\">Diskriminierung<\/a> in verschiedenen Bereichen wie Gesundheitsvorsorge und <a href=\"https:\/\/www.humanium.org\/de\/recht-bildung-weltweit\/\">Bildung<\/a>, was gegen Artikel 2 der UN-KRK verst\u00f6\u00dft (Comit\u00e9 des droits de l&#8217;Enfant, 2009, \u00a7 5 und 6).<\/p>\n\n\n\n<p>Im Bereich der Gesundheit wirken sich der schwierige Zugang zum Gesundheitssystem und die Herausforderungen des systemischen Rassismus auf das Wohlbefinden der indigenen Kinder aus. Diese Bev\u00f6lkerungsgruppen haben im Allgemeinen einen schlechteren Gesundheitszustand als systemkonforme Kinder. Diese Tendenz findet sich sowohl in den sogenannten entwickelten L\u00e4ndern als auch in den Entwicklungsl\u00e4ndern (Comit\u00e9 des droits de l&#8217;Enfant, 2009, \u00a7 49).&nbsp;<\/p>\n\n\n\n<p>Dies gilt umso mehr f\u00fcr indigene Kinder, die in l\u00e4ndlichen und\/oder abgelegenen Gemeinden oder in Konflikt- oder Umsiedlungssituationen leben (Comit\u00e9 des droits de l&#8217;Enfant, 2009, \u00a7 51). Die Kinder- und Jugendsterblichkeitsrate, <a href=\"https:\/\/www.humanium.org\/de\/recht-nahrung\/\">Unterern\u00e4hrung<\/a> und <a href=\"https:\/\/www.humanium.org\/de\/themenschwerpunkte\/gesundheit\/\">Kinderkrankheiten<\/a> sind in indigenen Gemeinschaften h\u00f6her (Comit\u00e9 des droits de l&#8217;Enfant, 2009, \u00a7 34).<\/p>\n\n\n\n<h3 class=\"wp-block-heading\"><strong>Fehlendes Recht auf Schutz<\/strong><\/h3>\n\n\n<div class=\"wp-block-image\">\n<figure class=\"alignleft size-large is-resized\"><img loading=\"lazy\" decoding=\"async\" width=\"1024\" height=\"683\" src=\"https:\/\/www.humanium.org\/de\/wp-content\/uploads\/2024\/06\/shutterstock_88498321-1024x683.jpg\" alt=\"\" class=\"wp-image-17718\" style=\"width:299px;height:auto\" srcset=\"https:\/\/www.humanium.org\/de\/wp-content\/uploads\/2024\/06\/shutterstock_88498321-1024x683.jpg 1024w, https:\/\/www.humanium.org\/de\/wp-content\/uploads\/2024\/06\/shutterstock_88498321-300x200.jpg 300w, https:\/\/www.humanium.org\/de\/wp-content\/uploads\/2024\/06\/shutterstock_88498321-768x512.jpg 768w, https:\/\/www.humanium.org\/de\/wp-content\/uploads\/2024\/06\/shutterstock_88498321-1536x1024.jpg 1536w, https:\/\/www.humanium.org\/de\/wp-content\/uploads\/2024\/06\/shutterstock_88498321-2048x1365.jpg 2048w, https:\/\/www.humanium.org\/de\/wp-content\/uploads\/2024\/06\/shutterstock_88498321-830x553.jpg 830w, https:\/\/www.humanium.org\/de\/wp-content\/uploads\/2024\/06\/shutterstock_88498321-230x153.jpg 230w, https:\/\/www.humanium.org\/de\/wp-content\/uploads\/2024\/06\/shutterstock_88498321-350x233.jpg 350w, https:\/\/www.humanium.org\/de\/wp-content\/uploads\/2024\/06\/shutterstock_88498321-480x320.jpg 480w, https:\/\/www.humanium.org\/de\/wp-content\/uploads\/2024\/06\/shutterstock_88498321-272x182.jpg 272w\" sizes=\"auto, (max-width: 1024px) 100vw, 1024px\" \/><\/figure>\n<\/div>\n\n\n<p>Indigene Kinder werden diskriminiert und sind Teil von Gemeinschaften, die sozial, wirtschaftlich, politisch und kulturell an den Rand gedr\u00e4ngt sind. Dies wird durch das starke historische Erbe der Kolonialisierung noch verst\u00e4rkt. Aufgrund von Konflikten, ethnischer und\/oder religi\u00f6ser Verfolgung, Gewalt und den Auswirkungen des <a href=\"https:\/\/www.humanium.org\/de\/themenschwerpunkte\/umwelt\/klimakrise\/\">Klimawandels<\/a> ben\u00f6tigen indigene Gemeinschaften unter Umst\u00e4nden besonderen Schutz, wie der Hohe Fl\u00fcchtlingskommissar der Vereinten Nationen (UN-HCR) anerkennt (UNHCR, 2023).&nbsp;<\/p>\n\n\n\n<p>Kinder sind per Definition eine gef\u00e4hrdete Bev\u00f6lkerungsgruppe. Der schwierige Zugang zu Bildung und die Sprachbarriere, die vor allem auf die geringe Anzahl einheimischer Dolmetscher zur\u00fcckzuf\u00fchren ist, verst\u00e4rken ihr <a href=\"https:\/\/www.humanium.org\/de\/das-recht-auf-schutz\/\">Schutzbed\u00fcrfnis<\/a>. Da die Grenzen ihrer Gebiete oft nicht mit den Staatsgrenzen \u00fcbereinstimmen, kann dies zu schwierigen oder sogar gef\u00e4hrlichen Situationen f\u00fchren (UNHCR, 2023). Diese Situationen verst\u00e4rken die Verletzlichkeit der Angeh\u00f6rigen indigener Gemeinschaften.<\/p>\n\n\n\n<p>Dar\u00fcber hinaus ben\u00f6tigen Kinder in den Schutzsystemen der indigenen Gemeinschaften <a href=\"https:\/\/www.humanium.org\/fr\/comprendre-droits-enfant\/droit-aux-libertes\/\">besondere Aufmerksamkeit<\/a>. Der Ausschuss hat im \u00dcbrigen bereits davor gewarnt, dass die kritische Situation der indigenen Kinder bereits f\u00fcr umfassendere und kollektive Erw\u00e4gungen wie Landrechte oder politische Vertretung unter den Teppich gekehrt werden konnte. Dennoch, so erinnert der Ausschuss, \u201edarf das Wohl des Kindes nicht zugunsten des Wohls der Gruppe vernachl\u00e4ssigt oder missachtet werden&#8220; (Comit\u00e9 des droits de l&#8217;Enfant , 2009, \u00a7 30).<\/p>\n\n\n\n<h3 class=\"wp-block-heading\"><strong>Ausbeutung<\/strong><\/h3>\n\n\n\n<p>Da indigene Kinder besonders verletzlich sind, sind sie auch besonders verletzlich gegen\u00fcber verschiedenen Formen der wirtschaftlichen und sexuellen Ausbeutung und in <a href=\"https:\/\/www.humanium.org\/de\/kinder-in-kriegen\/\">bewaffneten Konflikten<\/a>, insbesondere in Bezug auf Sklaverei und <a href=\"https:\/\/www.humanium.org\/de\/die-sexuelle-ausbeutung-von-kindern\/\">Kinderhandel, sexuelle Ausbeutung<\/a>, gef\u00e4hrliche <a href=\"https:\/\/www.humanium.org\/de\/kinderarbeit-2\/\">Arbeit<\/a> und Schuldknechtschaft (Comit\u00e9 des droits de l&#8217;Enfant , 2009, \u00a7 70, UNHCR, 2023). <a href=\"https:\/\/www.humanium.org\/de\/die-rechte-von-madchen\/\">M\u00e4dchen<\/a> sind anf\u00e4llig f\u00fcr sexuelle Ausbeutung (Comit\u00e9 des droits de l&#8217;Enfant , 2009, \u00a7 72) und damit f\u00fcr <a href=\"https:\/\/www.humanium.org\/de\/kinderprostitution\/\">Kinderprostitution<\/a>, w\u00e4hrend Jungen eher Opfer von Rekrutierungen werden, wenn in dem Gebiet ein bewaffneter Konflikt stattfindet (Comit\u00e9 des droits de l&#8217;Enfant , 2009, \u00a7 16). Die Anf\u00e4lligkeit gegen\u00fcber diesen Geiseln wird wiederum durch Situationen der <a href=\"https:\/\/www.humanium.org\/de\/staatenlos-und-unsichtbar\/\">Staatenlosigkeit<\/a> verst\u00e4rkt (Comit\u00e9 des droits de l&#8217;Enfant , 2009, \u00a7 72).&nbsp;<\/p>\n\n\n\n<h3 class=\"wp-block-heading\"><strong>Armut<\/strong><\/h3>\n\n\n<div class=\"wp-block-image\">\n<figure class=\"alignright size-large is-resized\"><img loading=\"lazy\" decoding=\"async\" width=\"1024\" height=\"683\" src=\"https:\/\/www.humanium.org\/de\/wp-content\/uploads\/2024\/06\/shutterstock_1112283485-1024x683.jpg\" alt=\"\" class=\"wp-image-17717\" style=\"width:300px;height:auto\" srcset=\"https:\/\/www.humanium.org\/de\/wp-content\/uploads\/2024\/06\/shutterstock_1112283485-1024x683.jpg 1024w, https:\/\/www.humanium.org\/de\/wp-content\/uploads\/2024\/06\/shutterstock_1112283485-300x200.jpg 300w, https:\/\/www.humanium.org\/de\/wp-content\/uploads\/2024\/06\/shutterstock_1112283485-768x512.jpg 768w, https:\/\/www.humanium.org\/de\/wp-content\/uploads\/2024\/06\/shutterstock_1112283485-1536x1024.jpg 1536w, https:\/\/www.humanium.org\/de\/wp-content\/uploads\/2024\/06\/shutterstock_1112283485-2048x1365.jpg 2048w, https:\/\/www.humanium.org\/de\/wp-content\/uploads\/2024\/06\/shutterstock_1112283485-830x553.jpg 830w, https:\/\/www.humanium.org\/de\/wp-content\/uploads\/2024\/06\/shutterstock_1112283485-230x153.jpg 230w, https:\/\/www.humanium.org\/de\/wp-content\/uploads\/2024\/06\/shutterstock_1112283485-350x233.jpg 350w, https:\/\/www.humanium.org\/de\/wp-content\/uploads\/2024\/06\/shutterstock_1112283485-480x320.jpg 480w, https:\/\/www.humanium.org\/de\/wp-content\/uploads\/2024\/06\/shutterstock_1112283485-272x182.jpg 272w\" sizes=\"auto, (max-width: 1024px) 100vw, 1024px\" \/><\/figure>\n<\/div>\n\n\n<p>Indigene V\u00f6lker machen 15% der Weltbev\u00f6lkerung aus, die in extremer Armut leben (Peuples autochtones, 2021), w\u00e4hrend die internationale Gemeinschaft davon ausgeht, dass 6,2% der Weltbev\u00f6lkerung indigen sind, was weltweit mehr als 476 Millionen indigene Menschen in \u00fcber 90 L\u00e4ndern entspricht (United Nations Development Programme, 2021). Dies wirkt sich auf ihre Lebenserwartung aus, die im Vergleich zum Rest der Weltbev\u00f6lkerung um bis zu 20 Jahre verk\u00fcrzt sein kann (Peuples autochtones, 2021).<\/p>\n\n\n\n<p>Indigene Kinder sind daher besonders anf\u00e4llig f\u00fcr <a href=\"https:\/\/www.humanium.org\/de\/themenschwerpunkte\/armut\/\">Armut<\/a> (Comit\u00e9 des droits de l&#8217;Enfant, 2009, \u00a7 34 und 70, UNHCR, 2023). Dies hat nicht nur negative Auswirkungen auf ihr \u00dcberleben und ihre Entwicklung (Comit\u00e9 des droits de l&#8217;Enfant, 2009, \u00a7 34), sondern erh\u00f6ht auch das Risiko der wirtschaftlichen <a href=\"https:\/\/www.humanium.org\/de\/kinderprostitution\/\">Ausbeutung<\/a> und der schlimmsten Formen der <a href=\"https:\/\/www.humanium.org\/de\/kinderprostitution\/\">Ausbeutung<\/a>, was sich durch die Landflucht noch verst\u00e4rkt (Comit\u00e9 des droits de l&#8217;Enfant, 2009, \u00a7 72).&nbsp;<\/p>\n\n\n\n<p>Diese prek\u00e4ren und <a href=\"https:\/\/www.humanium.org\/de\/themenschwerpunkte\/focusdiskriminierung\/\">diskriminierenden<\/a> Situationen wirken sich eindeutig auf die Rechte indigener V\u00f6lker und damit auch auf die Kinder dieser Gemeinschaften aus und f\u00fchren zu mehreren Herausforderungen bei der Durchsetzung und Einhaltung dieser Rechte.<\/p>\n\n\n\n<h3 class=\"wp-block-heading\"><strong>Staatenlosigkeit<\/strong><\/h3>\n\n\n\n<p>Um Rechte beanspruchen zu k\u00f6nnen, ist es wichtig, dass eine Person, unabh\u00e4ngig von ihrem Alter, eine Staatsangeh\u00f6rigkeit besitzt. <a href=\"https:\/\/www.humanium.org\/de\/staatenlos-und-unsichtbar\/\">Staatenlosigkeit<\/a> bedeutet, dass die Person keine Staatsangeh\u00f6rigkeit besitzt und von keinem Staat Schutz erhalten kann, schon gar nicht von dem Staat, in dem sie lebt. So sind staatenlose Personen mit zahlreichen Hindernissen bei der Gew\u00e4hrleistung ihrer Grundrechte wie <a href=\"https:\/\/www.humanium.org\/de\/recht-bildung-weltweit\/\">Bildung<\/a> und <a href=\"https:\/\/www.humanium.org\/de\/das-recht-auf-gesundheit\/\">Gesundheit<\/a> konfrontiert (\u00c0 propos de l&#8217;apatridie, s.d.&nbsp;; Education, s.d.).&nbsp;&nbsp;<\/p>\n\n\n\n<p>Indigene Gemeinschaften sind besonders anf\u00e4llig f\u00fcr Staatenlosigkeit (UNHCR, 2023). Staatenlosigkeit tritt insbesondere dann auf, wenn das neugeborene Kind nicht registriert wird. Der Prozentsatz der <a href=\"https:\/\/www.humanium.org\/de\/themenschwerpunkte\/kinderrechte\/\">nicht registrierten Geburten<\/a> ist bei indigenen Kindern h\u00f6her als bei nichtindigenen Kindern (Comit\u00e9 des droits de l&#8217;Enfant, 2009, \u00a7 41), was ein gro\u00dfes Problem darstellt.&nbsp;<\/p>\n\n\n\n<p>Wenn indigene Kinder bei der Geburt nicht registriert werden, haben sie keinen Zugang zu staatlichem Schutz und der Achtung ihrer Rechte, wodurch die Verletzung ihrer Rechte nicht bemerkt wird. Als Erwachsene k\u00f6nnen sie nicht aktiv an der Gesellschaft teilnehmen (Education, s.d.).<\/p>\n\n\n\n<p><em><strong>Geschrieben von Juliette Bail<\/strong><\/em><\/p>\n\n\n\n<p><em><strong>Revidiert von Aditi Partha<\/strong><\/em><\/p>\n\n\n\n<p><em><strong>\u00dcbersetzt von Margit Bertling<\/strong><\/em><\/p>\n\n\n\n<p><em><strong>Korrektur gelesen von Franziska Theis<\/strong><\/em><\/p>\n\n\n\n<p><em><strong>Aktualisiert am 18. Juni 2023<\/strong><\/em><\/p>\n\n\n\n<h4 class=\"wp-block-heading\"><strong>Bibliografie :<\/strong><\/h4>\n\n\n\n<p class=\"has-small-font-size\"><em>\u00c0 propos de l&#8217;apatridie<\/em>. (s.d.). Consult\u00e9 le juin 17, 2023, sur Haut Commissariat des Nations unies pour les r\u00e9fugi\u00e9s: <a href=\"https:\/\/www.unhcr.org\/ibelong\/fr\/quest-ce-que-lapatridie\/\" target=\"_blank\" rel=\"noreferrer noopener\">https:\/\/www.unhcr.org\/ibelong\/fr\/quest-ce-que-lapatridie\/<\/a><\/p>\n\n\n\n<p class=\"has-small-font-size\">Assembl\u00e9e g\u00e9n\u00e9rale des Nations Unies. (1948, d\u00e9cembre 10). <em>La D\u00e9claration universelle des droits de l&#8217;homme [Texte imprim\u00e9].<\/em> Consult\u00e9 le juin 3, 2023, sur Nations Unies: <a href=\"https:\/\/www.un.org\/fr\/universal-declaration-human-rights\/\" target=\"_blank\" rel=\"noreferrer noopener\">https:\/\/www.un.org\/fr\/universal-declaration-human-rights\/<\/a><\/p>\n\n\n\n<p class=\"has-small-font-size\">Assembl\u00e9e g\u00e9n\u00e9rale des Nations Unies. (1989, novembre 20). <em>Convention relative aux droits de l&#8217;enfant.<\/em> Consult\u00e9 le juin 4, 2023, sur OHCHR: <a href=\"https:\/\/www.ohchr.org\/fr\/instruments-mechanisms\/instruments\/convention-rights-child\" target=\"_blank\" rel=\"noreferrer noopener\">https:\/\/www.ohchr.org\/fr\/instruments-mechanisms\/instruments\/convention-rights-child<\/a><\/p>\n\n\n\n<p class=\"has-small-font-size\">Assembl\u00e9e g\u00e9n\u00e9rale des Nations Unies. (2007, septembre 13). <em>D\u00e9claration des Nations Unies sur les droits des peuples autochtones.<\/em> Consult\u00e9 le juin 4, 2023, sur Nations Unies: <a href=\"https:\/\/www.un.org\/development\/desa\/indigenouspeoples\/wp-content\/uploads\/sites\/19\/2018\/11\/UNDRIP_F_web.pdf\" target=\"_blank\" rel=\"noreferrer noopener\">https:\/\/www.un.org\/development\/desa\/indigenouspeoples\/wp-content\/uploads\/sites\/19\/2018\/11\/UNDRIP_F_web.pdf<\/a><\/p>\n\n\n\n<p class=\"has-small-font-size\">Bergeron, O. (2019, mars 5). <em>L&#8217;intimidation v\u00e9cue par les populations autochtones<\/em>. Consult\u00e9 le juin 17, 2023, sur Centre d&#8217;expertise et de r\u00e9f\u00e9rence en sant\u00e9 publique &#8211; INSPQ: <a href=\"https:\/\/www.inspq.qc.ca\/intimidation\/autochtones\" target=\"_blank\" rel=\"noreferrer noopener\">https:\/\/www.inspq.qc.ca\/intimidation\/autochtones<\/a><\/p>\n\n\n\n<p class=\"has-small-font-size\">Comit\u00e9 des droits de l&#8217;Enfant. (2009, f\u00e9vrier 12). <em>Observation n\u00b011 : les enfants autochtones et leurs droits en vertu de la Convention.<\/em> Consult\u00e9 le juin 3, 2023, sur OHCHR: <a href=\"http:\/\/docstore.ohchr.org\/SelfServices\/FilesHandler.ashx?enc=6QkG1d%2FPPRiCAqhKb7yhsqIkirKQZLK2M58RF%2F5F0vHfIzasSO0EEdqdWmq9j7BR9v9%2F3qjm26iQuysaPAzxEHtB%2Fk1TP65u97EvgtcuOHzfNBOKa2O%2Bmgqkr9YvAB8S\" target=\"_blank\" rel=\"noreferrer noopener\">http:\/\/docstore.ohchr.org\/SelfServices\/FilesHandler.ashx?enc=6QkG1d%2FPPRiCAqhKb7yhsqIkirKQZLK2M58RF%2F5F0vHfIzasSO0EEdqdWmq9j7BR9v9%2F3qjm26iQuysaPAzxEHtB%2Fk1TP65u97EvgtcuOHzfNBOKa2O%2Bmgqkr9YvAB8S<\/a><\/p>\n\n\n\n<p class=\"has-small-font-size\">Comit\u00e9s des droits \u00e9conomiques, sociaux et culturels. (1999, d\u00e9cembre 8). <em>Observation g\u00e9n\u00e9rale n\u00b013 : Le droit \u00e0 l&#8217;\u00e9ducation<\/em>. Consult\u00e9 le juin 17, 2023, sur OHCHR: <a href=\"https:\/\/docstore.ohchr.org\/SelfServices\/FilesHandler.ashx?enc=4slQ6QSmlBEDzFEovLCuW%2BKyH%2BnXprasyMzd2e8mx4cYlD1VMUKXaG3Jw9bomilLrIh8ia0WISYZGeWr0fc2541K0m2M7MEBasyxRekKmJDCRnq49NidcIUWdJqsGbuH\">https:\/\/docstore.ohchr.org\/SelfServices\/FilesHandler.ashx?enc=4slQ6QSmlBEDzFEovLCuW%2BKyH%2BnXprasyMzd2e8mx4cYlD1VMUKXaG3Jw9bomilLrIh8ia0WISYZGeWr0fc2541K0m2M7MEBasyxRekKmJDCRnq49NidcIUWdJqsGbuH<\/a><\/p>\n\n\n\n<p class=\"has-small-font-size\"><em>Culture<\/em>. (s.d.). Consult\u00e9 le juin 17, 2023, sur Department of Economic and Social Affairs : Indigenous Peoples &#8211; United Nations: <a href=\"https:\/\/www.un.org\/development\/desa\/indigenouspeoples\/mandated-areas1\/culture.html#:~:text=Indigenous%20cultures%20threatened%20with%20extinction.&amp;text=However%2C%20Indigenous%20Peoples%20have%20continued,many%20parts%20of%20the%20world\">https:\/\/www.un.org\/development\/desa\/indigenouspeoples\/mandated-areas1\/culture.html#:~:text=Indigenous%20cultures%20threatened%20with%20extinction.&amp;text=However%2C%20Indigenous%20Peoples%20have%20continued,many%20parts%20of%20the%20world<\/a>.<\/p>\n\n\n\n<p class=\"has-small-font-size\"><em>Droit \u00e0 l\u2019\u00e9ducation<\/em>. (s.d.). Consult\u00e9 le juin 13, 2023, sur Ligue des droits et libert\u00e9s: <a href=\"https:\/\/liguedesdroits.ca\/cat\/themes\/droits-economiques-sociaux-et-culturels\/droit-a-leducation\/\" target=\"_blank\" rel=\"noreferrer noopener\">https:\/\/liguedesdroits.ca\/cat\/themes\/droits-economiques-sociaux-et-culturels\/droit-a-leducation\/<\/a><\/p>\n\n\n\n<p class=\"has-small-font-size\">Economic and Social Council. (2010, avril 29). <em>Indigenous Peoples Excluded from Political Power, Ejected from Lands, Faced Corporations Bent on Destroying Life-Giving Forests, Permanent Forum Told<\/em>. Consult\u00e9 le juin 17, 2023, sur Meetings Coverage and Press Releases &#8211; United Nations: <a href=\"https:\/\/press.un.org\/en\/2010\/hr5021.doc.htm\" target=\"_blank\" rel=\"noreferrer noopener\">https:\/\/press.un.org\/en\/2010\/hr5021.doc.htm<\/a><\/p>\n\n\n\n<p class=\"has-small-font-size\"><em>Education<\/em>. (s.d.). Consult\u00e9 le juin 17, 2023, sur Department of Economic and Social Affairs Indigenous Peoples &#8211; Nations Unies: https:\/\/www.un.org\/development\/desa\/indigenouspeoples\/mandated-areas1\/education.html<\/p>\n\n\n\n<p class=\"has-small-font-size\">Freemantle, J. (s.d.). <em>Les enfants autochtones &#8211; Leurs droits fondamentaux, leur taux de mortalit\u00e9 et les Objectifs du Mill\u00e9naire pour le d\u00e9veloppement<\/em>. Consult\u00e9 le juin 4, 2023, sur Nations Unies: <a href=\"https:\/\/www.un.org\/fr\/chronicle\/article\/les-enfants-autochtones-leurs-droits-fondamentaux-leur-taux-de-mortalite-et-les-objectifs-du\" target=\"_blank\" rel=\"noreferrer noopener\">https:\/\/www.un.org\/fr\/chronicle\/article\/les-enfants-autochtones-leurs-droits-fondamentaux-leur-taux-de-mortalite-et-les-objectifs-du<\/a><\/p>\n\n\n\n<p class=\"has-small-font-size\">Hadden, J. (2019, F\u00e9vrier 19). <em>\u2018Little Ice Age\u2019 caused by death of 55-million Indigenous people after colonization: study<\/em>. Consult\u00e9 le juin 17, 2023, sur Global News: <a href=\"https:\/\/globalnews.ca\/news\/4924534\/little-ice-age-death-55-million-indigenous-people-colonization-study\/#:~:text=The%20elimination%20of%20nearly%2055,century%2C%20a%20recent%20study%20finds\" target=\"_blank\" rel=\"noreferrer noopener\">https:\/\/globalnews.ca\/news\/4924534\/little-ice-age-death-55-million-indigenous-people-colonization-study\/#:~:text=The%20elimination%20of%20nearly%2055,century%2C%20a%20recent%20study%20finds<\/a><\/p>\n\n\n\n<p class=\"has-small-font-size\">Henderson, W. B., &amp; Bell, C. (2009, D\u00e9cembre 11). <em>Droits des Autochtones au Canada<\/em>. Consult\u00e9 le juin 17, 2023, sur L&#8217;encylop\u00e9die canadienne: <a href=\"https:\/\/www.thecanadianencyclopedia.ca\/fr\/article\/droits-ancestraux\" target=\"_blank\" rel=\"noreferrer noopener\">https:\/\/www.thecanadianencyclopedia.ca\/fr\/article\/droits-ancestraux<\/a><\/p>\n\n\n\n<p class=\"has-small-font-size\"><em>Human Rights<\/em>. (s.d.). Consult\u00e9 le juin 17, 2023, sur Department of Economic and Social Affairs : Indigenous Peoples &#8211; United Nations: <a href=\"https:\/\/www.un.org\/development\/desa\/indigenouspeoples\/mandated-areas1\/human-rights.html\" target=\"_blank\" rel=\"noreferrer noopener\">https:\/\/www.un.org\/development\/desa\/indigenouspeoples\/mandated-areas1\/human-rights.html<\/a><\/p>\n\n\n\n<p class=\"has-small-font-size\"><em>Indigenous people<\/em>. (s.d.). Consult\u00e9 le juin 17, 2023, sur Amnesty international: <a href=\"https:\/\/www.amnesty.org\/en\/what-we-do\/indigenous-peoples\/\" target=\"_blank\" rel=\"noreferrer noopener\">https:\/\/www.amnesty.org\/en\/what-we-do\/indigenous-peoples\/<\/a><\/p>\n\n\n\n<p class=\"has-small-font-size\"><em>Intersectionnalit\u00e9<\/em>. (s.d.). Consult\u00e9 le juin 17, 2023, sur Ligue des droits et libert\u00e9s: https:\/\/liguedesdroits.ca\/lexique\/intersectionnalite\/<\/p>\n\n\n\n<p class=\"has-small-font-size\"><em>Les \u00c9tats doivent \u00e9duquer les enfants des peuples autochtones dans leur langue maternelle (expert)<\/em>. (s.d.). Consult\u00e9 le juin 17, 2023, sur ONU Info &#8211; Nations Unies: <a href=\"https:\/\/news.un.org\/fr\/story\/2020\/03\/1063731\" target=\"_blank\" rel=\"noreferrer noopener\">https:\/\/news.un.org\/fr\/story\/2020\/03\/1063731<\/a><\/p>\n\n\n\n<p class=\"has-small-font-size\"><em>Peuples autochtones<\/em>. (s.d.). Consult\u00e9 le Juin 13, 2023, sur Nations Unies: <a href=\"https:\/\/www.un.org\/fr\/fight-racism\/vulnerable-groups\/indigenous-peoples\" target=\"_blank\" rel=\"noreferrer noopener\">https:\/\/www.un.org\/fr\/fight-racism\/vulnerable-groups\/indigenous-peoples<\/a><\/p>\n\n\n\n<p class=\"has-small-font-size\"><em>Peuples autochtones<\/em>. (2021, mars 19). Consult\u00e9 le juin 3, 2023, sur La Banque mondiale: <a href=\"https:\/\/www.banquemondiale.org\/fr\/topic\/indigenouspeoples\" target=\"_blank\" rel=\"noreferrer noopener\">https:\/\/www.banquemondiale.org\/fr\/topic\/indigenouspeoples<\/a><\/p>\n\n\n\n<p class=\"has-small-font-size\"><em>Peuples autochtones<\/em>. (2021, mars 19). Consult\u00e9 le juin 17, 2023, sur Banque mondiale: <a href=\"https:\/\/www.banquemondiale.org\/fr\/topic\/indigenouspeoples#2\" target=\"_blank\" rel=\"noreferrer noopener\">https:\/\/www.banquemondiale.org\/fr\/topic\/indigenouspeoples#2<\/a><\/p>\n\n\n\n<p class=\"has-small-font-size\">UNHCR. (2023, mars 7). <em>Minorit\u00e9s nationales, ethniques, religieuses et linguistiques et peuples autochtones<\/em>. Consult\u00e9 le juin 2, 2023, sur Le Haut Commissariat des Nations unies pour les r\u00e9fugi\u00e9s: <a href=\"https:\/\/emergency.unhcr.org\/fr\/protection\/minorit\u00e9s-nationales-ethniques-religieuses-et-linguistiques-et-peuples-autochtones\" target=\"_blank\" rel=\"noreferrer noopener\">https:\/\/emergency.unhcr.org\/fr\/protection\/minorit\u00e9s-nationales-ethniques-religieuses-et-linguistiques-et-peuples-autochtones<\/a><\/p>\n\n\n\n<p class=\"has-small-font-size\">United Nations Development Programme. (2021, ao\u00fbt 1er). <em>10 choses \u00e0 savoir sur les peuples autochtones<\/em>. Consult\u00e9 le juin 3, 2023, sur UNDP: <a href=\"https:\/\/stories.undp.org\/6f447fb250957c4b464307f1dff45302\" target=\"_blank\" rel=\"noreferrer noopener\">https:\/\/stories.undp.org\/6f447fb250957c4b464307f1dff45302<\/a><\/p>\n\n\n\n<p class=\"has-small-font-size\">Wolfe, P. (2006, D\u00e9cembre 21). <em>Settler colonialism and the elimination of the native.<\/em> Consult\u00e9 le juin 17, 2023, sur Journal of Genocide Research: <a href=\"https:\/\/www.tandfonline.com\/doi\/full\/10.1080\/14623520601056240\" target=\"_blank\" rel=\"noreferrer noopener\">https:\/\/www.tandfonline.com\/doi\/full\/10.1080\/14623520601056240<\/a><\/p>\n\n\n\n<hr class=\"wp-block-separator has-alpha-channel-opacity\"\/>\n\n\n\n<p class=\"has-small-font-size\"><sup>1 <\/sup>UN-KRK im Folgenden<\/p>\n\n\n\n<p class=\"has-small-font-size\"><sup>2 <\/sup>Der Ausschuss im Folgenden<\/p>\n","protected":false},"excerpt":{"rendered":"<p>Kinder indigener Bev\u00f6lkerungsgruppen haben bei der Durchsetzung ihrer Grundrechte mit zahlreichen Herausforderungen zu k\u00e4mpfen, u.a. Armut, Diskriminierung oder die Gef\u00e4hrdung ihrer Kultur. Da sie mit einer Vielzahl von Nachteilen konfrontiert sind, die den Schutz und die Durchsetzung ihrer Rechte gef\u00e4hrden und die mit der Vergangenheit der Kolonialisierung zusammenh\u00e4ngen,&nbsp; m\u00fcssen die Staaten f\u00fcr einen besonderen Schutz [&hellip;]<\/p>\n","protected":false},"author":1,"featured_media":17716,"parent":0,"menu_order":0,"comment_status":"closed","ping_status":"closed","template":"","meta":{"footnotes":""},"class_list":["post-17715","page","type-page","status-publish","has-post-thumbnail","hentry"],"yoast_head":"<!-- This site is optimized with the Yoast SEO plugin v26.5 - https:\/\/yoast.com\/wordpress\/plugins\/seo\/ -->\n<title>Kinder indigener Bev\u00f6lkerungsgruppen - Humanium<\/title>\n<meta name=\"description\" content=\"Indigene Kinder stehen bei der Durchsetzung ihrer Grundrechte vor vielen Herausforderungen.\" \/>\n<meta name=\"robots\" content=\"index, follow, max-snippet:-1, max-image-preview:large, max-video-preview:-1\" \/>\n<link rel=\"canonical\" href=\"https:\/\/www.humanium.org\/de\/kinder-indigener-bevoelkerungsgruppen\/\" \/>\n<meta property=\"og:locale\" content=\"de_DE\" \/>\n<meta property=\"og:type\" content=\"article\" \/>\n<meta property=\"og:title\" content=\"Kinder indigener Bev\u00f6lkerungsgruppen - Humanium\" \/>\n<meta property=\"og:description\" content=\"Indigene Kinder stehen bei der Durchsetzung ihrer Grundrechte vor vielen Herausforderungen.\" \/>\n<meta property=\"og:url\" content=\"https:\/\/www.humanium.org\/de\/kinder-indigener-bevoelkerungsgruppen\/\" \/>\n<meta property=\"og:site_name\" content=\"Humanium\" \/>\n<meta property=\"article:modified_time\" content=\"2025-12-05T11:24:09+00:00\" \/>\n<meta property=\"og:image\" content=\"https:\/\/www.humanium.org\/de\/wp-content\/uploads\/2024\/06\/shutterstock_1072871408-scaled.jpg\" \/>\n\t<meta property=\"og:image:width\" content=\"2560\" \/>\n\t<meta property=\"og:image:height\" content=\"1707\" \/>\n\t<meta property=\"og:image:type\" content=\"image\/jpeg\" \/>\n<meta name=\"twitter:card\" content=\"summary_large_image\" \/>\n<meta name=\"twitter:label1\" content=\"Gesch\u00e4tzte Lesezeit\" \/>\n\t<meta name=\"twitter:data1\" content=\"17\u00a0Minuten\" \/>\n<script type=\"application\/ld+json\" class=\"yoast-schema-graph\">{\"@context\":\"https:\/\/schema.org\",\"@graph\":[{\"@type\":\"WebPage\",\"@id\":\"https:\/\/www.humanium.org\/de\/kinder-indigener-bevoelkerungsgruppen\/\",\"url\":\"https:\/\/www.humanium.org\/de\/kinder-indigener-bevoelkerungsgruppen\/\",\"name\":\"Kinder indigener Bev\u00f6lkerungsgruppen - Humanium\",\"isPartOf\":{\"@id\":\"https:\/\/www.humanium.org\/de\/#website\"},\"primaryImageOfPage\":{\"@id\":\"https:\/\/www.humanium.org\/de\/kinder-indigener-bevoelkerungsgruppen\/#primaryimage\"},\"image\":{\"@id\":\"https:\/\/www.humanium.org\/de\/kinder-indigener-bevoelkerungsgruppen\/#primaryimage\"},\"thumbnailUrl\":\"https:\/\/www.humanium.org\/de\/wp-content\/uploads\/2024\/06\/shutterstock_1072871408-scaled.jpg\",\"datePublished\":\"2024-07-13T19:42:17+00:00\",\"dateModified\":\"2025-12-05T11:24:09+00:00\",\"description\":\"Indigene Kinder stehen bei der Durchsetzung ihrer Grundrechte vor vielen Herausforderungen.\",\"breadcrumb\":{\"@id\":\"https:\/\/www.humanium.org\/de\/kinder-indigener-bevoelkerungsgruppen\/#breadcrumb\"},\"inLanguage\":\"de\",\"potentialAction\":[{\"@type\":\"ReadAction\",\"target\":[\"https:\/\/www.humanium.org\/de\/kinder-indigener-bevoelkerungsgruppen\/\"]}]},{\"@type\":\"ImageObject\",\"inLanguage\":\"de\",\"@id\":\"https:\/\/www.humanium.org\/de\/kinder-indigener-bevoelkerungsgruppen\/#primaryimage\",\"url\":\"https:\/\/www.humanium.org\/de\/wp-content\/uploads\/2024\/06\/shutterstock_1072871408-scaled.jpg\",\"contentUrl\":\"https:\/\/www.humanium.org\/de\/wp-content\/uploads\/2024\/06\/shutterstock_1072871408-scaled.jpg\",\"width\":2560,\"height\":1707},{\"@type\":\"BreadcrumbList\",\"@id\":\"https:\/\/www.humanium.org\/de\/kinder-indigener-bevoelkerungsgruppen\/#breadcrumb\",\"itemListElement\":[{\"@type\":\"ListItem\",\"position\":1,\"name\":\"Home\",\"item\":\"https:\/\/www.humanium.org\/de\/\"},{\"@type\":\"ListItem\",\"position\":2,\"name\":\"Kinder indigener Bev\u00f6lkerungsgruppen\"}]},{\"@type\":\"WebSite\",\"@id\":\"https:\/\/www.humanium.org\/de\/#website\",\"url\":\"https:\/\/www.humanium.org\/de\/\",\"name\":\"Humanium\",\"description\":\"Kinder zuerst!\",\"potentialAction\":[{\"@type\":\"SearchAction\",\"target\":{\"@type\":\"EntryPoint\",\"urlTemplate\":\"https:\/\/www.humanium.org\/de\/?s={search_term_string}\"},\"query-input\":{\"@type\":\"PropertyValueSpecification\",\"valueRequired\":true,\"valueName\":\"search_term_string\"}}],\"inLanguage\":\"de\"}]}<\/script>\n<!-- \/ Yoast SEO plugin. -->","yoast_head_json":{"title":"Kinder indigener Bev\u00f6lkerungsgruppen - Humanium","description":"Indigene Kinder stehen bei der Durchsetzung ihrer Grundrechte vor vielen Herausforderungen.","robots":{"index":"index","follow":"follow","max-snippet":"max-snippet:-1","max-image-preview":"max-image-preview:large","max-video-preview":"max-video-preview:-1"},"canonical":"https:\/\/www.humanium.org\/de\/kinder-indigener-bevoelkerungsgruppen\/","og_locale":"de_DE","og_type":"article","og_title":"Kinder indigener Bev\u00f6lkerungsgruppen - Humanium","og_description":"Indigene Kinder stehen bei der Durchsetzung ihrer Grundrechte vor vielen Herausforderungen.","og_url":"https:\/\/www.humanium.org\/de\/kinder-indigener-bevoelkerungsgruppen\/","og_site_name":"Humanium","article_modified_time":"2025-12-05T11:24:09+00:00","og_image":[{"width":2560,"height":1707,"url":"https:\/\/www.humanium.org\/de\/wp-content\/uploads\/2024\/06\/shutterstock_1072871408-scaled.jpg","type":"image\/jpeg"}],"twitter_card":"summary_large_image","twitter_misc":{"Gesch\u00e4tzte Lesezeit":"17\u00a0Minuten"},"schema":{"@context":"https:\/\/schema.org","@graph":[{"@type":"WebPage","@id":"https:\/\/www.humanium.org\/de\/kinder-indigener-bevoelkerungsgruppen\/","url":"https:\/\/www.humanium.org\/de\/kinder-indigener-bevoelkerungsgruppen\/","name":"Kinder indigener Bev\u00f6lkerungsgruppen - Humanium","isPartOf":{"@id":"https:\/\/www.humanium.org\/de\/#website"},"primaryImageOfPage":{"@id":"https:\/\/www.humanium.org\/de\/kinder-indigener-bevoelkerungsgruppen\/#primaryimage"},"image":{"@id":"https:\/\/www.humanium.org\/de\/kinder-indigener-bevoelkerungsgruppen\/#primaryimage"},"thumbnailUrl":"https:\/\/www.humanium.org\/de\/wp-content\/uploads\/2024\/06\/shutterstock_1072871408-scaled.jpg","datePublished":"2024-07-13T19:42:17+00:00","dateModified":"2025-12-05T11:24:09+00:00","description":"Indigene Kinder stehen bei der Durchsetzung ihrer Grundrechte vor vielen Herausforderungen.","breadcrumb":{"@id":"https:\/\/www.humanium.org\/de\/kinder-indigener-bevoelkerungsgruppen\/#breadcrumb"},"inLanguage":"de","potentialAction":[{"@type":"ReadAction","target":["https:\/\/www.humanium.org\/de\/kinder-indigener-bevoelkerungsgruppen\/"]}]},{"@type":"ImageObject","inLanguage":"de","@id":"https:\/\/www.humanium.org\/de\/kinder-indigener-bevoelkerungsgruppen\/#primaryimage","url":"https:\/\/www.humanium.org\/de\/wp-content\/uploads\/2024\/06\/shutterstock_1072871408-scaled.jpg","contentUrl":"https:\/\/www.humanium.org\/de\/wp-content\/uploads\/2024\/06\/shutterstock_1072871408-scaled.jpg","width":2560,"height":1707},{"@type":"BreadcrumbList","@id":"https:\/\/www.humanium.org\/de\/kinder-indigener-bevoelkerungsgruppen\/#breadcrumb","itemListElement":[{"@type":"ListItem","position":1,"name":"Home","item":"https:\/\/www.humanium.org\/de\/"},{"@type":"ListItem","position":2,"name":"Kinder indigener Bev\u00f6lkerungsgruppen"}]},{"@type":"WebSite","@id":"https:\/\/www.humanium.org\/de\/#website","url":"https:\/\/www.humanium.org\/de\/","name":"Humanium","description":"Kinder zuerst!","potentialAction":[{"@type":"SearchAction","target":{"@type":"EntryPoint","urlTemplate":"https:\/\/www.humanium.org\/de\/?s={search_term_string}"},"query-input":{"@type":"PropertyValueSpecification","valueRequired":true,"valueName":"search_term_string"}}],"inLanguage":"de"}]}},"_links":{"self":[{"href":"https:\/\/www.humanium.org\/de\/wp-json\/wp\/v2\/pages\/17715","targetHints":{"allow":["GET"]}}],"collection":[{"href":"https:\/\/www.humanium.org\/de\/wp-json\/wp\/v2\/pages"}],"about":[{"href":"https:\/\/www.humanium.org\/de\/wp-json\/wp\/v2\/types\/page"}],"author":[{"embeddable":true,"href":"https:\/\/www.humanium.org\/de\/wp-json\/wp\/v2\/users\/1"}],"replies":[{"embeddable":true,"href":"https:\/\/www.humanium.org\/de\/wp-json\/wp\/v2\/comments?post=17715"}],"version-history":[{"count":3,"href":"https:\/\/www.humanium.org\/de\/wp-json\/wp\/v2\/pages\/17715\/revisions"}],"predecessor-version":[{"id":19764,"href":"https:\/\/www.humanium.org\/de\/wp-json\/wp\/v2\/pages\/17715\/revisions\/19764"}],"wp:featuredmedia":[{"embeddable":true,"href":"https:\/\/www.humanium.org\/de\/wp-json\/wp\/v2\/media\/17716"}],"wp:attachment":[{"href":"https:\/\/www.humanium.org\/de\/wp-json\/wp\/v2\/media?parent=17715"}],"curies":[{"name":"wp","href":"https:\/\/api.w.org\/{rel}","templated":true}]}}