{"id":2188,"date":"2013-08-29T13:39:54","date_gmt":"2013-08-29T13:39:54","guid":{"rendered":"http:\/\/www.humanium.org\/de\/?page_id=2188"},"modified":"2017-10-04T09:12:52","modified_gmt":"2017-10-04T09:12:52","slug":"recht-freiheit-weltweit","status":"publish","type":"page","link":"https:\/\/www.humanium.org\/de\/recht-freiheit-weltweit\/","title":{"rendered":"Das Recht auf Freiheit weltweit"},"content":{"rendered":"<h1>Weltweites Recht auf Freiheit<\/h1>\n<h2>Situation des Rechts auf Freiheit f\u00fcr Kinder weltweit<\/h2>\n<p><strong>Internationale Normen erkennen an, dass Kinder das Recht auf Meinungsfreiheit, Meinungs\u00e4u\u00dferung und die Vereinigungsfreiheit haben. Wenn diese Rechte f\u00fcr alle Kinder weltweit ohne Ausnahme anerkannt sind, haben die meisten von ihnen nicht die M\u00f6glichkeit davon zu profitieren und viele erkennen sicherlich noch nicht einmal, dass sie von diesen Freiheiten profitieren k\u00f6nnen.<\/strong><\/p>\n<h3>Mangelnde Bereitschaft Erwachsener, Kinder zu beteiligen<\/h3>\n<p>Die internationale Vereinbarung zu den Rechten des Kindes entwarf ein neues Konzept zur Bedeutung des Kindseins. Kinder sind nicht mehr nur Empf\u00e4nger von Rechten, sondern ebenso Inhaber von Rechten und sie sind in der Lage diese zu f\u00f6rdern und durch ihr eigenes Handeln zu verteidigen.<\/p>\n<h4>Der Nachwuchs ist st\u00e4rker engagiert<\/h4>\n<p><img loading=\"lazy\" decoding=\"async\" class=\" wp-image-4695 alignleft\" title=\"Kinder zeigen vermehrt Interesse an aktuellen Themen, die sie betreffen \u00a9 UNESCO \/ P.Calinescu\" alt=\"\" src=\"https:\/\/www.humanium.org\/fr\/wp-content\/uploads\/UNESCO-P-Calinescu.jpg\" width=\"230\" height=\"155\" \/>Neben ihren einfachen pers\u00f6nlichen Anliegen sorgen sich Kinder von heute auch \u00fcber Schwierigkeiten, die andere Kindern haben k\u00f6nnen.<\/p>\n<p>Die Diskriminierung von Armen oder behinderten Kindern, mit Drogen verbundene Risiken, ungesch\u00fctzter Geschlechtsverkehr, der Missbrauch sowie die Verschlechterung ihrer Umwelt sind einige der aktuellen Themen, f\u00fcr die sie sich mehr und mehr interessieren.<\/p>\n<p>Heute wollen diese Kinder am Entscheidungsprozess und den Debatten zu den Fragen, die sie direkt betreffen, teilnehmen.<\/p>\n<h4>Die Meinung von Kindern ist nicht immer willkommen<\/h4>\n<p>In vielen L\u00e4ndern ist die Freiheit der Meinungs\u00e4u\u00dferung ein Recht, welches nur Erwachsenen vorbehalten ist. Die Meinung der Kinder wird als nutzlos beurteilt, da sie nicht gen\u00fcgend Verst\u00e4ndnis und Reife mitbringen, um sich eine angemessene Meinung zu bilden und sie demnach kein Recht haben, diese auch zu \u00e4u\u00dfern.<\/p>\n<p>Wenn Kinder ihre Meinung mitteilen oder versuchen sich an einem Erwachsenengespr\u00e4ch zu beteiligen, wird dies in vielen L\u00e4ndern als negativ bewertet. In diesen Situationen haben Kinder nicht die M\u00f6glichkeit ihre Meinung frei zu \u00e4u\u00dfern ohne Angst haben zu m\u00fcssen eine Strafe zu erhalten f\u00fcr das, was Erwachsene als &#8222;respektlose&#8220; Einmischung erachten.<\/p>\n<h3>Kinder sind in Entscheidungen, die sie betreffen, vermehrt pr\u00e4sent<\/h3>\n<h4>Die Bem\u00fchungen sind noch unzureichend<\/h4>\n<p>Wenn auch heute die Meinung der Kinder zu Entscheidungen, die sie betreffen, endlich an Bedeutung gewonnen hat, ist ihre Mitwirkung als Vertreter ihrer ganzen Generation noch nicht vollst\u00e4ndig etabliert. Kinder sind zwar auf Konferenzen vertreten, sind aber im Moment noch abwesend wenn die Entscheidungen getroffen werden.<\/p>\n<p>Weltweit nur wenige L\u00e4nder k\u00f6nnen sich heute damit r\u00fchmen, Kinder in ihre Gemeiner\u00e4te integriert zu haben. Die Stadt Barra Mansa in Brasilien ist beispielsweise die erste Stadt, die im Jahr 1998 bereits 36 junge Menschen in ihren Gemeinderat integrierte.<\/p>\n<h4>Die Vereinten Nationen zeigen ein Beispiel<\/h4>\n<p><img loading=\"lazy\" decoding=\"async\" class=\"size-full wp-image-4691  alignright\" title=\"Die Vereinten Nationen haben Kinder aus der ganzen Welt eingeladen an den Konferenzen \u00fcber Themen, die sie betreffen, teilzunehmen \u00a9 UN \/ J.Hoffman\" alt=\"\" src=\"https:\/\/www.humanium.org\/fr\/wp-content\/uploads\/UNICEF-Azurduy-Arrieta.jpg\" width=\"227\" height=\"151\" \/><\/p>\n<p style=\"padding-left: 30px;\">\u2022 Im Jahr 2002 wurde eine <em>au\u00dfergew\u00f6hnliche Sitzung der Generalversammlung<\/em> organisiert, die den Kindern gewidmet war. Diese Sitzung hatte den Grund, einerseits die Teilnahme von Kindern zu f\u00f6rdern und ihr Wohlbefinden zu steigern und andererseits die L\u00e4nder dazu zu bewegen der Stimme von Kindern mehr Beachtung zu schenken.<\/p>\n<p style=\"padding-left: 30px;\">\u2022 In 2006 wurde auf Initiative des Generalsekret\u00e4rs der Vereinten Nationen <em>eine Studie zur Gewalt gegen Kinder<\/em> mit der weltweiten Teilnahme von jungen Leuten organisiert. Sie diente dazu, deren Ansichten und ihre Vorschl\u00e4ge zu verstehen.<\/p>\n<p style=\"padding-left: 30px;\">\u2022 Im Jahr 2008 wurden Kinder eingeladen am <em>dritten Weltkongress gegen die sexuelle Ausbeutung von Kindern und Jugendlichen<\/em> teilzunehmen. Auf diesem Kongress konnten die Kinder Staatsoberh\u00e4upter und Experten zusammen mit Vertretern von Nichtregierungsorganisationen treffen, um \u00fcber Ma\u00dfnahmen zur Bek\u00e4mpfung der sexuellen Ausbeutung von Kindern weltweit zu beraten.<\/p>\n<p><img loading=\"lazy\" decoding=\"async\" class=\" wp-image-4317  alignleft\" title=\"Die Vereinten Nationen haben Kinder aus der ganzen Welt eingeladen an den Konferenzen \u00fcber Themen, die sie betreffen, teilzunehmen \u00a9 UN \/ J.Hoffman\" alt=\"\" src=\"https:\/\/www.humanium.org\/fr\/wp-content\/uploads\/51-UNPhoto-Jess-hoffman.jpg\" width=\"212\" height=\"143\" \/>Diese Ver\u00e4nderungen haben uns erm\u00f6glicht, die Effektivit\u00e4t und den Erfolg der Entscheidungen, die aufgrund der Teilnahme der Kinder getroffen wurden, zu sehen. Die beteiligten L\u00e4nder k\u00f6nnen nun erkennen, dass Kinder am besten wissen welche Ma\u00dfnahmen zur F\u00f6rderung ihres Wohlbefindens geeignet sind.<\/p>\n<div id=\"toggle\"><a onclick=\"show_voir_aussi('voir_aussi_box')\" href=\"javascript:show_voir_aussi(id)\"><\/a><\/div>\n<div id=\"voir_aussi_box\" style=\"display: none;\">\n<ul>\n<li>Das Recht auf freie Meinungs\u00e4u\u00dferung verstehen<\/li>\n<li>Fragen der Freiheit: Das Recht auf Kinderbeteiligung<\/li>\n<li><a href=\"https:\/\/www.humanium.org\/de\/beschrankungen-freiheit\/\">Fragen der Freiheit: Beschr\u00e4nkungen von individuelle Freiheiten<\/a><\/li>\n<li>Lesen Sie mehr \u00fcber den Zustand der Kinder weltweit<\/li>\n<\/ul>\n<\/div>\n<p>&nbsp;<\/p>\n<div id=\"toggle\"><\/div>\n<div id=\"plus_loin_box\" style=\"display: none;\">\n<ul>\n<li><a href=\"http:\/\/www.hrea.org\/?doc_id=408\" target=\"_blank\">HREA, Freiheit der Meinungs\u00e4u\u00dferung<\/a><\/li>\n<li><a href=\"https:\/\/www.unicef.org\/specialsession\/\" target=\"_blank\">UN-Sondersitzung zu Kindern<\/a><\/li>\n<li><a href=\"https:\/\/www.unicef.org\/rightsite\/sowc\/pdfs\/SOWC_Spec%20Ed_CRC_Main%20Report_EN_090409.pdf\" target=\"_blank\">Unicef, Bericht zur Lage der Kinder weltweit 2010<\/a><\/li>\n<li><a href=\"https:\/\/www.unicef.org\/sowc03\/contents\/pdf\/SOWC03-eng.pdf\" target=\"_blank\">Unicef, Bericht zur Lage der Kinder weltweit 2003, Kinderbeteiligung<\/a><\/li>\n<li><a href=\"https:\/\/www.humanium.org\/en\/wp-content\/uploads\/portail-fr\/unicef-promoting-child-particpation-2001.pdf\" target=\"_blank\">UNICEF, F\u00f6rderung der Beteiligung von Kindern in der demokratischen Entscheidungsfindung (engl.), 2001<\/a><\/li>\n<li><a href=\"http:\/\/hdr.undp.org\/en\/data\" target=\"_blank\">UNDP, Internationale Indikatoren der menschlichen Entwicklung<\/a><\/li>\n<\/ul>\n<\/div>\n<p>&nbsp;<\/p>\n<table>\n<tbody style=\"background: #f9f9f9;\">\n<tr>\n<td>\n<div style=\"float: left; width: 90%;\">\u00dcbersetzt von : Agnieszka Zapotocka-Zapalska<br \/>\nBewertet von : Katrin Glatzer<\/div>\n<\/td>\n<\/tr>\n<\/tbody>\n<\/table>\n<table>\n<tbody style=\"background: #f9f9f9;\">\n<tr>\n<td>\n<div style=\"float: left; width: 90%;\">Verfasst am 22. August 2013<\/div>\n<\/td>\n<\/tr>\n<\/tbody>\n<\/table>\n","protected":false},"excerpt":{"rendered":"<p>Weltweites Recht auf Freiheit Situation des Rechts auf Freiheit f\u00fcr Kinder weltweit Internationale Normen erkennen an, dass Kinder das Recht auf Meinungsfreiheit, Meinungs\u00e4u\u00dferung und die Vereinigungsfreiheit haben. Wenn diese Rechte f\u00fcr alle Kinder weltweit ohne Ausnahme anerkannt sind, haben die meisten von ihnen nicht die M\u00f6glichkeit davon zu profitieren und viele erkennen sicherlich noch nicht [&hellip;]<\/p>\n","protected":false},"author":1,"featured_media":0,"parent":0,"menu_order":0,"comment_status":"closed","ping_status":"closed","template":"","meta":{"footnotes":""},"class_list":["post-2188","page","type-page","status-publish","hentry"],"yoast_head":"<!-- This site is optimized with the Yoast SEO plugin v26.5 - https:\/\/yoast.com\/wordpress\/plugins\/seo\/ -->\n<title>Das Recht auf Freiheit weltweit - Humanium<\/title>\n<meta name=\"robots\" content=\"index, follow, max-snippet:-1, max-image-preview:large, max-video-preview:-1\" \/>\n<link rel=\"canonical\" href=\"https:\/\/www.humanium.org\/de\/recht-freiheit-weltweit\/\" \/>\n<meta property=\"og:locale\" content=\"de_DE\" \/>\n<meta property=\"og:type\" content=\"article\" \/>\n<meta property=\"og:title\" content=\"Das Recht auf Freiheit weltweit - Humanium\" \/>\n<meta property=\"og:description\" content=\"Weltweites Recht auf Freiheit Situation des Rechts auf Freiheit f\u00fcr Kinder weltweit Internationale Normen erkennen an, dass Kinder das Recht auf Meinungsfreiheit, Meinungs\u00e4u\u00dferung und die Vereinigungsfreiheit haben. Wenn diese Rechte f\u00fcr alle Kinder weltweit ohne Ausnahme anerkannt sind, haben die meisten von ihnen nicht die M\u00f6glichkeit davon zu profitieren und viele erkennen sicherlich noch nicht [&hellip;]\" \/>\n<meta property=\"og:url\" content=\"https:\/\/www.humanium.org\/de\/recht-freiheit-weltweit\/\" \/>\n<meta property=\"og:site_name\" content=\"Humanium\" \/>\n<meta property=\"article:modified_time\" content=\"2017-10-04T09:12:52+00:00\" \/>\n<meta property=\"og:image\" content=\"https:\/\/www.humanium.org\/fr\/wp-content\/uploads\/UNESCO-P-Calinescu.jpg\" \/>\n<meta name=\"twitter:card\" content=\"summary_large_image\" \/>\n<meta name=\"twitter:label1\" content=\"Gesch\u00e4tzte Lesezeit\" \/>\n\t<meta name=\"twitter:data1\" content=\"3\u00a0Minuten\" \/>\n<script type=\"application\/ld+json\" class=\"yoast-schema-graph\">{\"@context\":\"https:\/\/schema.org\",\"@graph\":[{\"@type\":\"WebPage\",\"@id\":\"https:\/\/www.humanium.org\/de\/recht-freiheit-weltweit\/\",\"url\":\"https:\/\/www.humanium.org\/de\/recht-freiheit-weltweit\/\",\"name\":\"Das Recht auf Freiheit weltweit - Humanium\",\"isPartOf\":{\"@id\":\"https:\/\/www.humanium.org\/de\/#website\"},\"primaryImageOfPage\":{\"@id\":\"https:\/\/www.humanium.org\/de\/recht-freiheit-weltweit\/#primaryimage\"},\"image\":{\"@id\":\"https:\/\/www.humanium.org\/de\/recht-freiheit-weltweit\/#primaryimage\"},\"thumbnailUrl\":\"https:\/\/www.humanium.org\/fr\/wp-content\/uploads\/UNESCO-P-Calinescu.jpg\",\"datePublished\":\"2013-08-29T13:39:54+00:00\",\"dateModified\":\"2017-10-04T09:12:52+00:00\",\"breadcrumb\":{\"@id\":\"https:\/\/www.humanium.org\/de\/recht-freiheit-weltweit\/#breadcrumb\"},\"inLanguage\":\"de\",\"potentialAction\":[{\"@type\":\"ReadAction\",\"target\":[\"https:\/\/www.humanium.org\/de\/recht-freiheit-weltweit\/\"]}]},{\"@type\":\"ImageObject\",\"inLanguage\":\"de\",\"@id\":\"https:\/\/www.humanium.org\/de\/recht-freiheit-weltweit\/#primaryimage\",\"url\":\"https:\/\/www.humanium.org\/fr\/wp-content\/uploads\/UNESCO-P-Calinescu.jpg\",\"contentUrl\":\"https:\/\/www.humanium.org\/fr\/wp-content\/uploads\/UNESCO-P-Calinescu.jpg\"},{\"@type\":\"BreadcrumbList\",\"@id\":\"https:\/\/www.humanium.org\/de\/recht-freiheit-weltweit\/#breadcrumb\",\"itemListElement\":[{\"@type\":\"ListItem\",\"position\":1,\"name\":\"Home\",\"item\":\"https:\/\/www.humanium.org\/de\/\"},{\"@type\":\"ListItem\",\"position\":2,\"name\":\"Das Recht auf Freiheit weltweit\"}]},{\"@type\":\"WebSite\",\"@id\":\"https:\/\/www.humanium.org\/de\/#website\",\"url\":\"https:\/\/www.humanium.org\/de\/\",\"name\":\"Humanium\",\"description\":\"Kinder zuerst!\",\"potentialAction\":[{\"@type\":\"SearchAction\",\"target\":{\"@type\":\"EntryPoint\",\"urlTemplate\":\"https:\/\/www.humanium.org\/de\/?s={search_term_string}\"},\"query-input\":{\"@type\":\"PropertyValueSpecification\",\"valueRequired\":true,\"valueName\":\"search_term_string\"}}],\"inLanguage\":\"de\"}]}<\/script>\n<!-- \/ Yoast SEO plugin. -->","yoast_head_json":{"title":"Das Recht auf Freiheit weltweit - Humanium","robots":{"index":"index","follow":"follow","max-snippet":"max-snippet:-1","max-image-preview":"max-image-preview:large","max-video-preview":"max-video-preview:-1"},"canonical":"https:\/\/www.humanium.org\/de\/recht-freiheit-weltweit\/","og_locale":"de_DE","og_type":"article","og_title":"Das Recht auf Freiheit weltweit - Humanium","og_description":"Weltweites Recht auf Freiheit Situation des Rechts auf Freiheit f\u00fcr Kinder weltweit Internationale Normen erkennen an, dass Kinder das Recht auf Meinungsfreiheit, Meinungs\u00e4u\u00dferung und die Vereinigungsfreiheit haben. Wenn diese Rechte f\u00fcr alle Kinder weltweit ohne Ausnahme anerkannt sind, haben die meisten von ihnen nicht die M\u00f6glichkeit davon zu profitieren und viele erkennen sicherlich noch nicht [&hellip;]","og_url":"https:\/\/www.humanium.org\/de\/recht-freiheit-weltweit\/","og_site_name":"Humanium","article_modified_time":"2017-10-04T09:12:52+00:00","og_image":[{"url":"https:\/\/www.humanium.org\/fr\/wp-content\/uploads\/UNESCO-P-Calinescu.jpg","type":"","width":"","height":""}],"twitter_card":"summary_large_image","twitter_misc":{"Gesch\u00e4tzte Lesezeit":"3\u00a0Minuten"},"schema":{"@context":"https:\/\/schema.org","@graph":[{"@type":"WebPage","@id":"https:\/\/www.humanium.org\/de\/recht-freiheit-weltweit\/","url":"https:\/\/www.humanium.org\/de\/recht-freiheit-weltweit\/","name":"Das Recht auf Freiheit weltweit - Humanium","isPartOf":{"@id":"https:\/\/www.humanium.org\/de\/#website"},"primaryImageOfPage":{"@id":"https:\/\/www.humanium.org\/de\/recht-freiheit-weltweit\/#primaryimage"},"image":{"@id":"https:\/\/www.humanium.org\/de\/recht-freiheit-weltweit\/#primaryimage"},"thumbnailUrl":"https:\/\/www.humanium.org\/fr\/wp-content\/uploads\/UNESCO-P-Calinescu.jpg","datePublished":"2013-08-29T13:39:54+00:00","dateModified":"2017-10-04T09:12:52+00:00","breadcrumb":{"@id":"https:\/\/www.humanium.org\/de\/recht-freiheit-weltweit\/#breadcrumb"},"inLanguage":"de","potentialAction":[{"@type":"ReadAction","target":["https:\/\/www.humanium.org\/de\/recht-freiheit-weltweit\/"]}]},{"@type":"ImageObject","inLanguage":"de","@id":"https:\/\/www.humanium.org\/de\/recht-freiheit-weltweit\/#primaryimage","url":"https:\/\/www.humanium.org\/fr\/wp-content\/uploads\/UNESCO-P-Calinescu.jpg","contentUrl":"https:\/\/www.humanium.org\/fr\/wp-content\/uploads\/UNESCO-P-Calinescu.jpg"},{"@type":"BreadcrumbList","@id":"https:\/\/www.humanium.org\/de\/recht-freiheit-weltweit\/#breadcrumb","itemListElement":[{"@type":"ListItem","position":1,"name":"Home","item":"https:\/\/www.humanium.org\/de\/"},{"@type":"ListItem","position":2,"name":"Das Recht auf Freiheit weltweit"}]},{"@type":"WebSite","@id":"https:\/\/www.humanium.org\/de\/#website","url":"https:\/\/www.humanium.org\/de\/","name":"Humanium","description":"Kinder zuerst!","potentialAction":[{"@type":"SearchAction","target":{"@type":"EntryPoint","urlTemplate":"https:\/\/www.humanium.org\/de\/?s={search_term_string}"},"query-input":{"@type":"PropertyValueSpecification","valueRequired":true,"valueName":"search_term_string"}}],"inLanguage":"de"}]}},"_links":{"self":[{"href":"https:\/\/www.humanium.org\/de\/wp-json\/wp\/v2\/pages\/2188","targetHints":{"allow":["GET"]}}],"collection":[{"href":"https:\/\/www.humanium.org\/de\/wp-json\/wp\/v2\/pages"}],"about":[{"href":"https:\/\/www.humanium.org\/de\/wp-json\/wp\/v2\/types\/page"}],"author":[{"embeddable":true,"href":"https:\/\/www.humanium.org\/de\/wp-json\/wp\/v2\/users\/1"}],"replies":[{"embeddable":true,"href":"https:\/\/www.humanium.org\/de\/wp-json\/wp\/v2\/comments?post=2188"}],"version-history":[{"count":9,"href":"https:\/\/www.humanium.org\/de\/wp-json\/wp\/v2\/pages\/2188\/revisions"}],"predecessor-version":[{"id":10391,"href":"https:\/\/www.humanium.org\/de\/wp-json\/wp\/v2\/pages\/2188\/revisions\/10391"}],"wp:attachment":[{"href":"https:\/\/www.humanium.org\/de\/wp-json\/wp\/v2\/media?parent=2188"}],"curies":[{"name":"wp","href":"https:\/\/api.w.org\/{rel}","templated":true}]}}