{"id":3253,"date":"2013-12-16T13:57:59","date_gmt":"2013-12-16T13:57:59","guid":{"rendered":"http:\/\/www.humanium.org\/de\/?page_id=3253"},"modified":"2025-12-06T06:32:50","modified_gmt":"2025-12-06T06:32:50","slug":"protokoll","status":"publish","type":"page","link":"https:\/\/www.humanium.org\/de\/protokoll\/","title":{"rendered":"Fakultativprotokoll zum \u00dcbereinkommen \u00fcber die Rechte des Kindes betreffend ein Individualbeschwerdeverfahren, 2011"},"content":{"rendered":"<h1><b>Fakultativprotokoll zum \u00dcbereinkommen \u00fcber die Rechte des Kindes betreffend ein Individualbeschwerdeverfahren, 2011<\/b><\/h1>\n<h2><b>\u00dcber das Protokoll<\/b><\/h2>\n<p><b><a href=\"https:\/\/www.humanium.org\/de\/fakultativprotokoll-zum-ubereinkommen-uber-die-rechte-des-kindes-betreffend-ein-individualbeschwerdeverfahren\/\">Das Fakultativprotokoll zum \u00dcbereinkommen \u00fcber die Rechte des Kindes betreffend ein Individualbeschwerdeverfahren<\/a> wurde am 19.12.2011 von der UN-Generalversammlung verabschiedet. Es trat am 28.05.2012 in Kraft.<\/b><b>\u00a0<\/b><\/p>\n<h3><b>Entstehung des Protokolls<\/b><\/h3>\n<p><img loading=\"lazy\" decoding=\"async\" class=\"alignright wp-image-18493\" title=\"L'Assembl\u00e9e G\u00e9n\u00e9rale des Nations Unies a adopt\u00e9 le 3\u00e8me Protocole le 19 d\u00e9cembre 2011. \u00a9 UN Photo Devra Berkowitz\" src=\"https:\/\/www.humanium.org\/fr\/wp-content\/uploads\/2012\/02\/assemblee-unphoto-devra-berkowitz.jpg\" alt=\"\" width=\"250\" height=\"167\" \/><\/p>\n<p>Dank der Arbeit eines Zusammenschlusses von 80s NGOs, die sich f\u00fcr die weltweite Achtung der Kinderrechte einsetzen, verabschiedete die UN-Generalversammlung am 19.12.2011 ein drittes Fakultativprotokoll zum Kinderrechts\u00fcbereinkommen. Die Menschenrechtskommission der Vereinten Nationen hatte dem Protokoll am 17.06.2011 einstimmig zugestimmt.<\/p>\n<p>Die ersten beiden Fakultativprotokolle zur Kinderrechtskonvention (Englisch):<\/p>\n<ul>\n<li><a href=\"https:\/\/www.humanium.org\/en\/protocol-child-soldier\/\">Optional Protocol to the Convention relating to the Rights of the Child, on the involvement of children in armed conflicts, 2000<\/a><\/li>\n<li><a href=\"https:\/\/www.humanium.org\/en\/protocol-child-sale\/\">Optional Protocol to the Child\u2019s Rights Convention, concerning the sale of children, child prostitution and child pornography, 2000<\/a><\/li>\n<\/ul>\n<p>Jeder Vertragsstaat der Konvention kann auf Wunsch auch Teil des dritten Fakultativprotokolls werden.<\/p>\n<h3><b>Inhalt<\/b><\/h3>\n<h4>Einf\u00fchrung eines Individualbeschwerderechts<\/h4>\n<p>Das neue Protokoll gibt <b>jedem Kind<\/b> die M\u00f6glichkeit, <b>selbst Beschwerde<\/b> beim Komitee f\u00fcr die Rechte des Kindes einzulegen.<\/p>\n<p>Zu Beginn gab es, wie von der Kinderrechtskonvention festgelegt, kein Verwaltungsverfahren f\u00fcr Individualbeschwerden. Die Teilnahmestaaten der Konvention wurden hingegen verpflichtet, bei dem Komittee f\u00fcr die Rechte des Kindes Bericht \u00fcber die Lage der Kinder im Land zu erstatten.<\/p>\n<p>Das neue Protokoll bekr\u00e4ftigt die bereits bestehenden Mechanismen.<\/p>\n<p><b>Glaubt ein Kind, dass eine Verletzung seiner Grundrechte vorliegt, \u00a0kann es bei dem Komitee Beschwerde einlegen.<\/b><\/p>\n<p>Eine Beschwerde kann unter folgenden Bedingungen erfolgen:<\/p>\n<ul>\n<li>Es muss bereits vom Kind oder dessen gesetzlichen Vertretern Beschwerde bei einem nationalen Gericht eingelegt worden sein. Bleibt dieses Verfahren ohne Erfolg, kann das Komitee eingeschaltet werden;<\/li>\n<li>Die Beschwerde muss innerhalb eines Jahres nach dem Ende des nationalen Gerichtsverfahrens eingereicht werden;<\/li>\n<li>Die Beschwerde darf <b>weder<\/b> <b>anonym, noch unbegr\u00fcndet oder unter Verletzung von Rechten anderer <\/b>eingereicht werden;<\/li>\n<li>Die Beschwerde ist in geschriebener Form einzureichen<\/li>\n<\/ul>\n<p>Diese Bedingungen limitieren den Einsatz der Beschwerde, besonders das Zeitlimit f\u00fcr das Erheben einer Beschwerde vor dem Komitee.<\/p>\n<h4>Das Untersuchungsverfahren<\/h4>\n<p><img loading=\"lazy\" decoding=\"async\" class=\"alignright size-full wp-image-18494\" title=\"Les communications individuelles sont soumis \u00e0 certaines conditions \u00a9 OHCHR\" src=\"https:\/\/www.humanium.org\/fr\/wp-content\/uploads\/2012\/02\/ohchr-childstogether.jpg\" alt=\"\" width=\"209\" height=\"208\" \/><\/p>\n<p>Im Falle eines <b>begr\u00fcndeten Verdachts auf schwerwiegende Verst\u00f6\u00dfe<\/b> gegen die Konvention oder\u00a0 ihre Protokolle, erm\u00f6glicht das Untersuchungsverfahren dem Komitee, notwendige Schritte einzuleiten. Da es sich hierbei um ein <b>unabh\u00e4ngiges <\/b>Verfahren handelt, sind in dieser Situation zwischenstaatliche sowie Individualbeschwerden unn\u00f6tig. Das Komitee kann im Verdachtsfall Beobachter vor Ort entsenden, die den Wahrheitsgehalt der eingegangen Informationen \u00fcberpr\u00fcfen. Dieses Verfahren ist <b>vertraulich<\/b>.<\/p>\n<p><b>Einschr\u00e4nkungen:<\/b> Um ein Untersuchungsverfahren in Gang zu setzen, muss das Komitee die <b>Erlaubnis des betreffenden Staates<\/b> erhalten. Da einige Unterzeichnerstaaten jedoch eine allzu systematische Prozedur bef\u00fcrchteten, wurde dieser Abschnitt im Protokoll optional. Die Staaten sind frei, diesen anzuerkennen oder auch nicht.<\/p>\n<h4>Beschwerden gegen andere Staaten<\/h4>\n<p>Im Protokoll ist auch die M\u00f6glichkeit f\u00fcr Staaten vorgesehen, gegen andere Unterzeichnerstaaten Beschwerde einzulegen. Diese ist vom zust\u00e4ndigen Staatsanwalt beim Komitee f\u00fcr die Rechte des Kindes einzureichen. W\u00e4hrend dieses Rechtsinstrument im begrenzten Rahmen bereits auf europ\u00e4ischer Ebene im Zusammenhang mit dem Europ\u00e4ischen Menschengerichtshof Verwendung fand, h\u00e4lt sich dessen Gebrauch in der Praxis insgesamt in Grenzen.<b>\u00a0<\/b><\/p>\n<h3>Gro\u00dfe Fortschritte<\/h3>\n<p><strong>Die Kinderrechtskonvention war bis dahin das einzige Rechtsinstrument f\u00fcr Menschenrechte,\u00a0 in welchem kein Individualbeschwerdeverfahren vorgesehen war.<\/strong><\/p>\n<p><img loading=\"lazy\" decoding=\"async\" class=\"alignright size-full wp-image-18495\" title=\"Haut Commissariat aux Droits de l'Homme\" src=\"https:\/\/www.humanium.org\/fr\/wp-content\/uploads\/2012\/02\/ohchr-seat.jpg\" alt=\"\" width=\"250\" height=\"188\" \/><\/p>\n<p>So enthielten sowohl die Anti-Rassismus-Konvention von 1965 als auch die Anti-Folter-Konvention von 1984 bereits entsprechende Passagen. Desweiteren sind auch die Frauenrechtskonvention von 1979 und die Behindertenrechtskonvention von 2006 mit dahingehenden Fakultativprotokollen ausgestattet.<\/p>\n<h3>Die Grenzen des dritten Protokolls<\/h3>\n<p>Die M\u00f6glichkeit eines Kollektivbeschwerdeverfahrens wurde nicht in den endg\u00fcltigen Entwurf des dritten Fakultativprotokolles \u00fcbernommen. Ein solches Verfahren h\u00e4tte es unabh\u00e4ngigen Menschenrechtsorganisationen, NGOs und vom Komitee anerkannten Vermittlungsinstitutionen erm\u00f6glicht, Beschwerde gegen Kinderrechtsverletzungen einzulegen.<\/p>\n<p><b>Siehe auch den endg\u00fcltigen Entwurf des dritten Fakultativprotokolls, der der UN-Generalversammlung vom Menschenrechtskomitee vorgelegt wurde.<\/b><\/p>\n<p>&nbsp;<\/p>\n<div id=\"toggle\"><a><\/a><\/div>\n<div id=\"voir_aussi_box\" style=\"display: none;\">\n<ul>\n<li><a href=\"https:\/\/www.humanium.org\/en\/protocol-child-soldier\/\">\u00a0Fakultativprotokoll zum \u00dcbereinkommen \u00fcber die Rechte des Kindes betreffend die Beteiligung von Kindern an bewaffneten Konflikten, 2000<\/a><\/li>\n<li><a href=\"https:\/\/www.humanium.org\/en\/protocol-child-sale\/\">\u00a0Fakultativprotokoll zum \u00dcbereinkommen \u00fcber die Rechte des Kindes bez\u00fcglich des Verkaufs von Kindern, Kinderprostitution und Kinderpornographie, 2000<\/a><\/li>\n<li><a title=\"optional protocol 3 full text\" href=\"https:\/\/www.humanium.org\/en\/convention\/protocol\/optional-protocol-crc-communications-procedure\/\">\u00a0Fakultativprotokoll zum \u00dcbereinkommen \u00fcber die Rechte des Kindes betreffend Beschwerdeverfahren, 2011<\/a><\/li>\n<li><a href=\"https:\/\/www.humanium.org\/en\/references-on-child-rights\/\">Standardreferenzen \u00fcber Kinderrechte.<\/a><\/li>\n<\/ul>\n<\/div>\n<p>&nbsp;<\/p>\n<div id=\"toggle\"><a><\/a><\/div>\n<div id=\"sources_box\" style=\"display: none;\">\n<ul>\n<li>Informationen \u00fcber das Projekt des Protokolls<\/li>\n<\/ul>\n<\/div>\n<p>&nbsp;<\/p>\n<div id=\"toggle\"><a><\/a><\/div>\n<div id=\"plus_loin_box\" style=\"display: none;\">\n<ul>\n<li>Humanrights Suisse<\/li>\n<li>Child Rights Network Switzerland<\/li>\n<li>Centre Suisse de comp\u00e9tence pour les Droits Humains (CSDH)<\/li>\n<\/ul>\n<\/div>\n<p>&nbsp;<\/p>\n","protected":false},"excerpt":{"rendered":"<p>Fakultativprotokoll zum \u00dcbereinkommen \u00fcber die Rechte des Kindes betreffend ein Individualbeschwerdeverfahren, 2011 \u00dcber das Protokoll Das Fakultativprotokoll zum \u00dcbereinkommen \u00fcber die Rechte des Kindes betreffend ein Individualbeschwerdeverfahren wurde am 19.12.2011 von der UN-Generalversammlung verabschiedet. Es trat am 28.05.2012 in Kraft.\u00a0 Entstehung des Protokolls Dank der Arbeit eines Zusammenschlusses von 80s NGOs, die sich f\u00fcr die [&hellip;]<\/p>\n","protected":false},"author":1,"featured_media":0,"parent":0,"menu_order":0,"comment_status":"closed","ping_status":"closed","template":"","meta":{"footnotes":""},"class_list":["post-3253","page","type-page","status-publish","hentry"],"yoast_head":"<!-- This site is optimized with the Yoast SEO plugin v26.5 - https:\/\/yoast.com\/wordpress\/plugins\/seo\/ -->\n<title>Fakultativprotokoll zum \u00dcbereinkommen \u00fcber die Rechte des Kindes betreffend ein Individualbeschwerdeverfahren, 2011 - Humanium<\/title>\n<meta name=\"robots\" content=\"index, follow, max-snippet:-1, max-image-preview:large, max-video-preview:-1\" \/>\n<link rel=\"canonical\" href=\"https:\/\/www.humanium.org\/de\/protokoll\/\" \/>\n<meta property=\"og:locale\" content=\"de_DE\" \/>\n<meta property=\"og:type\" content=\"article\" \/>\n<meta property=\"og:title\" content=\"Fakultativprotokoll zum \u00dcbereinkommen \u00fcber die Rechte des Kindes betreffend ein Individualbeschwerdeverfahren, 2011 - Humanium\" \/>\n<meta property=\"og:description\" content=\"Fakultativprotokoll zum \u00dcbereinkommen \u00fcber die Rechte des Kindes betreffend ein Individualbeschwerdeverfahren, 2011 \u00dcber das Protokoll Das Fakultativprotokoll zum \u00dcbereinkommen \u00fcber die Rechte des Kindes betreffend ein Individualbeschwerdeverfahren wurde am 19.12.2011 von der UN-Generalversammlung verabschiedet. Es trat am 28.05.2012 in Kraft.\u00a0 Entstehung des Protokolls Dank der Arbeit eines Zusammenschlusses von 80s NGOs, die sich f\u00fcr die [&hellip;]\" \/>\n<meta property=\"og:url\" content=\"https:\/\/www.humanium.org\/de\/protokoll\/\" \/>\n<meta property=\"og:site_name\" content=\"Humanium\" \/>\n<meta property=\"article:modified_time\" content=\"2025-12-06T06:32:50+00:00\" \/>\n<meta name=\"twitter:card\" content=\"summary_large_image\" \/>\n<meta name=\"twitter:label1\" content=\"Gesch\u00e4tzte Lesezeit\" \/>\n\t<meta name=\"twitter:data1\" content=\"3\u00a0Minuten\" \/>\n<script type=\"application\/ld+json\" class=\"yoast-schema-graph\">{\"@context\":\"https:\/\/schema.org\",\"@graph\":[{\"@type\":\"WebPage\",\"@id\":\"https:\/\/www.humanium.org\/de\/protokoll\/\",\"url\":\"https:\/\/www.humanium.org\/de\/protokoll\/\",\"name\":\"Fakultativprotokoll zum \u00dcbereinkommen \u00fcber die Rechte des Kindes betreffend ein Individualbeschwerdeverfahren, 2011 - Humanium\",\"isPartOf\":{\"@id\":\"https:\/\/www.humanium.org\/de\/#website\"},\"primaryImageOfPage\":{\"@id\":\"https:\/\/www.humanium.org\/de\/protokoll\/#primaryimage\"},\"image\":{\"@id\":\"https:\/\/www.humanium.org\/de\/protokoll\/#primaryimage\"},\"thumbnailUrl\":\"https:\/\/www.humanium.org\/fr\/wp-content\/uploads\/2012\/02\/assemblee-unphoto-devra-berkowitz.jpg\",\"datePublished\":\"2013-12-16T13:57:59+00:00\",\"dateModified\":\"2025-12-06T06:32:50+00:00\",\"breadcrumb\":{\"@id\":\"https:\/\/www.humanium.org\/de\/protokoll\/#breadcrumb\"},\"inLanguage\":\"de\",\"potentialAction\":[{\"@type\":\"ReadAction\",\"target\":[\"https:\/\/www.humanium.org\/de\/protokoll\/\"]}]},{\"@type\":\"ImageObject\",\"inLanguage\":\"de\",\"@id\":\"https:\/\/www.humanium.org\/de\/protokoll\/#primaryimage\",\"url\":\"https:\/\/www.humanium.org\/fr\/wp-content\/uploads\/2012\/02\/assemblee-unphoto-devra-berkowitz.jpg\",\"contentUrl\":\"https:\/\/www.humanium.org\/fr\/wp-content\/uploads\/2012\/02\/assemblee-unphoto-devra-berkowitz.jpg\"},{\"@type\":\"BreadcrumbList\",\"@id\":\"https:\/\/www.humanium.org\/de\/protokoll\/#breadcrumb\",\"itemListElement\":[{\"@type\":\"ListItem\",\"position\":1,\"name\":\"Home\",\"item\":\"https:\/\/www.humanium.org\/de\/\"},{\"@type\":\"ListItem\",\"position\":2,\"name\":\"Fakultativprotokoll zum \u00dcbereinkommen \u00fcber die Rechte des Kindes betreffend ein Individualbeschwerdeverfahren, 2011\"}]},{\"@type\":\"WebSite\",\"@id\":\"https:\/\/www.humanium.org\/de\/#website\",\"url\":\"https:\/\/www.humanium.org\/de\/\",\"name\":\"Humanium\",\"description\":\"Kinder zuerst!\",\"potentialAction\":[{\"@type\":\"SearchAction\",\"target\":{\"@type\":\"EntryPoint\",\"urlTemplate\":\"https:\/\/www.humanium.org\/de\/?s={search_term_string}\"},\"query-input\":{\"@type\":\"PropertyValueSpecification\",\"valueRequired\":true,\"valueName\":\"search_term_string\"}}],\"inLanguage\":\"de\"}]}<\/script>\n<!-- \/ Yoast SEO plugin. -->","yoast_head_json":{"title":"Fakultativprotokoll zum \u00dcbereinkommen \u00fcber die Rechte des Kindes betreffend ein Individualbeschwerdeverfahren, 2011 - Humanium","robots":{"index":"index","follow":"follow","max-snippet":"max-snippet:-1","max-image-preview":"max-image-preview:large","max-video-preview":"max-video-preview:-1"},"canonical":"https:\/\/www.humanium.org\/de\/protokoll\/","og_locale":"de_DE","og_type":"article","og_title":"Fakultativprotokoll zum \u00dcbereinkommen \u00fcber die Rechte des Kindes betreffend ein Individualbeschwerdeverfahren, 2011 - Humanium","og_description":"Fakultativprotokoll zum \u00dcbereinkommen \u00fcber die Rechte des Kindes betreffend ein Individualbeschwerdeverfahren, 2011 \u00dcber das Protokoll Das Fakultativprotokoll zum \u00dcbereinkommen \u00fcber die Rechte des Kindes betreffend ein Individualbeschwerdeverfahren wurde am 19.12.2011 von der UN-Generalversammlung verabschiedet. Es trat am 28.05.2012 in Kraft.\u00a0 Entstehung des Protokolls Dank der Arbeit eines Zusammenschlusses von 80s NGOs, die sich f\u00fcr die [&hellip;]","og_url":"https:\/\/www.humanium.org\/de\/protokoll\/","og_site_name":"Humanium","article_modified_time":"2025-12-06T06:32:50+00:00","twitter_card":"summary_large_image","twitter_misc":{"Gesch\u00e4tzte Lesezeit":"3\u00a0Minuten"},"schema":{"@context":"https:\/\/schema.org","@graph":[{"@type":"WebPage","@id":"https:\/\/www.humanium.org\/de\/protokoll\/","url":"https:\/\/www.humanium.org\/de\/protokoll\/","name":"Fakultativprotokoll zum \u00dcbereinkommen \u00fcber die Rechte des Kindes betreffend ein Individualbeschwerdeverfahren, 2011 - Humanium","isPartOf":{"@id":"https:\/\/www.humanium.org\/de\/#website"},"primaryImageOfPage":{"@id":"https:\/\/www.humanium.org\/de\/protokoll\/#primaryimage"},"image":{"@id":"https:\/\/www.humanium.org\/de\/protokoll\/#primaryimage"},"thumbnailUrl":"https:\/\/www.humanium.org\/fr\/wp-content\/uploads\/2012\/02\/assemblee-unphoto-devra-berkowitz.jpg","datePublished":"2013-12-16T13:57:59+00:00","dateModified":"2025-12-06T06:32:50+00:00","breadcrumb":{"@id":"https:\/\/www.humanium.org\/de\/protokoll\/#breadcrumb"},"inLanguage":"de","potentialAction":[{"@type":"ReadAction","target":["https:\/\/www.humanium.org\/de\/protokoll\/"]}]},{"@type":"ImageObject","inLanguage":"de","@id":"https:\/\/www.humanium.org\/de\/protokoll\/#primaryimage","url":"https:\/\/www.humanium.org\/fr\/wp-content\/uploads\/2012\/02\/assemblee-unphoto-devra-berkowitz.jpg","contentUrl":"https:\/\/www.humanium.org\/fr\/wp-content\/uploads\/2012\/02\/assemblee-unphoto-devra-berkowitz.jpg"},{"@type":"BreadcrumbList","@id":"https:\/\/www.humanium.org\/de\/protokoll\/#breadcrumb","itemListElement":[{"@type":"ListItem","position":1,"name":"Home","item":"https:\/\/www.humanium.org\/de\/"},{"@type":"ListItem","position":2,"name":"Fakultativprotokoll zum \u00dcbereinkommen \u00fcber die Rechte des Kindes betreffend ein Individualbeschwerdeverfahren, 2011"}]},{"@type":"WebSite","@id":"https:\/\/www.humanium.org\/de\/#website","url":"https:\/\/www.humanium.org\/de\/","name":"Humanium","description":"Kinder zuerst!","potentialAction":[{"@type":"SearchAction","target":{"@type":"EntryPoint","urlTemplate":"https:\/\/www.humanium.org\/de\/?s={search_term_string}"},"query-input":{"@type":"PropertyValueSpecification","valueRequired":true,"valueName":"search_term_string"}}],"inLanguage":"de"}]}},"_links":{"self":[{"href":"https:\/\/www.humanium.org\/de\/wp-json\/wp\/v2\/pages\/3253","targetHints":{"allow":["GET"]}}],"collection":[{"href":"https:\/\/www.humanium.org\/de\/wp-json\/wp\/v2\/pages"}],"about":[{"href":"https:\/\/www.humanium.org\/de\/wp-json\/wp\/v2\/types\/page"}],"author":[{"embeddable":true,"href":"https:\/\/www.humanium.org\/de\/wp-json\/wp\/v2\/users\/1"}],"replies":[{"embeddable":true,"href":"https:\/\/www.humanium.org\/de\/wp-json\/wp\/v2\/comments?post=3253"}],"version-history":[{"count":15,"href":"https:\/\/www.humanium.org\/de\/wp-json\/wp\/v2\/pages\/3253\/revisions"}],"predecessor-version":[{"id":21167,"href":"https:\/\/www.humanium.org\/de\/wp-json\/wp\/v2\/pages\/3253\/revisions\/21167"}],"wp:attachment":[{"href":"https:\/\/www.humanium.org\/de\/wp-json\/wp\/v2\/media?parent=3253"}],"curies":[{"name":"wp","href":"https:\/\/api.w.org\/{rel}","templated":true}]}}