{"id":4822,"date":"2015-02-26T15:33:34","date_gmt":"2015-02-26T15:33:34","guid":{"rendered":"http:\/\/www.humanium.org\/de\/?page_id=4822"},"modified":"2025-12-06T06:40:52","modified_gmt":"2025-12-06T06:40:52","slug":"st-vincent-und-die-grenadinen","status":"publish","type":"page","link":"https:\/\/www.humanium.org\/de\/st-vincent-und-die-grenadinen\/","title":{"rendered":"Kinder von St. Vincent"},"content":{"rendered":"\n<h2 class=\"wp-block-heading\">Die Kinderrechte in St. Vincent und die Grenadinen verwirklichen<\/h2>\n\n\n\n<div class=\"wp-block-columns is-layout-flex wp-container-core-columns-is-layout-9d6595d7 wp-block-columns-is-layout-flex\">\n<div class=\"wp-block-column is-layout-flow wp-block-column-is-layout-flow\"><div class=\"wp-block-image is-style-rounded\">\n<figure class=\"aligncenter size-full is-resized\"><img loading=\"lazy\" decoding=\"async\" width=\"400\" height=\"400\" src=\"https:\/\/www.humanium.org\/de\/wp-content\/uploads\/2023\/12\/Shutterstock_2181975691.jpg\" alt=\"\" class=\"wp-image-17179\" style=\"width:200px;height:200px\" srcset=\"https:\/\/www.humanium.org\/de\/wp-content\/uploads\/2023\/12\/Shutterstock_2181975691.jpg 400w, https:\/\/www.humanium.org\/de\/wp-content\/uploads\/2023\/12\/Shutterstock_2181975691-300x300.jpg 300w, https:\/\/www.humanium.org\/de\/wp-content\/uploads\/2023\/12\/Shutterstock_2181975691-150x150.jpg 150w, https:\/\/www.humanium.org\/de\/wp-content\/uploads\/2023\/12\/Shutterstock_2181975691-230x230.jpg 230w, https:\/\/www.humanium.org\/de\/wp-content\/uploads\/2023\/12\/Shutterstock_2181975691-350x350.jpg 350w\" sizes=\"auto, (max-width: 400px) 100vw, 400px\" \/><\/figure>\n<\/div><\/div>\n\n\n\n<div class=\"wp-block-column is-layout-flow wp-block-column-is-layout-flow\"><div class=\"wp-block-image is-style-rounded\">\n<figure class=\"aligncenter size-full is-resized\"><img loading=\"lazy\" decoding=\"async\" width=\"400\" height=\"400\" src=\"https:\/\/www.humanium.org\/de\/wp-content\/uploads\/2023\/12\/Shutterstock_1513032932.jpg\" alt=\"\" class=\"wp-image-17180\" style=\"width:200px;height:200px\" srcset=\"https:\/\/www.humanium.org\/de\/wp-content\/uploads\/2023\/12\/Shutterstock_1513032932.jpg 400w, https:\/\/www.humanium.org\/de\/wp-content\/uploads\/2023\/12\/Shutterstock_1513032932-300x300.jpg 300w, https:\/\/www.humanium.org\/de\/wp-content\/uploads\/2023\/12\/Shutterstock_1513032932-150x150.jpg 150w, https:\/\/www.humanium.org\/de\/wp-content\/uploads\/2023\/12\/Shutterstock_1513032932-230x230.jpg 230w, https:\/\/www.humanium.org\/de\/wp-content\/uploads\/2023\/12\/Shutterstock_1513032932-350x350.jpg 350w\" sizes=\"auto, (max-width: 400px) 100vw, 400px\" \/><\/figure>\n<\/div><\/div>\n<\/div>\n\n\n\n<p><strong>Der Staat Sankt Vincent und die Grenadinen befindet sich in der Karibik und besteht aus einem Dutzend Inseln. Trotz der Bem\u00fchungen der Regierung in den letzten zehn Jahren und trotz einer leichten Verbesserung im Jahr 2015 bleibt seine Wirtschaft fragil und beeintr\u00e4chtigt das Wohlbefinden der Kinder. Kinder m\u00fcssen sich also nicht nur mit Armut auseinandersetzen, sondern auch mit Gesundheitsproblemen, <a href=\"https:\/\/www.humanium.org\/de\/kinderarbeit-2\/\">Kinderarbeit<\/a> und anderen Hindernissen f\u00fcr ihre vollst\u00e4ndige Entwicklung.&nbsp;<\/strong><\/p>\n\n\n\n<iframe src=\"https:\/\/www.google.com\/maps\/embed?pb=!1m18!1m12!1m3!1d497664.9526979133!2d-61.61306135299609!3d12.971375351548852!2m3!1f0!2f0!3f0!3m2!1i1024!2i768!4f13.1!3m3!1m2!1s0x8c40ace29e3935bb%3A0x31fdd3e88dd2a1b1!2sSt%20Vincent%20and%20the%20Grenadines!5e0!3m2!1sen!2sfr!4v1701557699868!5m2!1sen!2sfr\" width=\"600\" height=\"450\" style=\"border:0;\" allowfullscreen=\"\" loading=\"lazy\" referrerpolicy=\"no-referrer-when-downgrade\"><\/iframe>\n\n\n\n<div class=\"wp-block-columns is-layout-flex wp-container-core-columns-is-layout-9d6595d7 wp-block-columns-is-layout-flex\">\n<div class=\"wp-block-column is-layout-flow wp-block-column-is-layout-flow\">\n<p><strong>Bev\u00f6lkerung:<\/strong>&nbsp;111.269<br><strong>Bev. 0-14 Jahren:<\/strong>&nbsp;22 %<\/p>\n<\/div>\n\n\n\n<div class=\"wp-block-column is-layout-flow wp-block-column-is-layout-flow\">\n<p><strong>Lebenserwartung:<\/strong>&nbsp;73 Jahre<br><strong>Kindersterblichkeit:<\/strong>&nbsp;14 \u2030<\/p>\n<\/div>\n<\/div>\n\n\n\n<h2 class=\"wp-block-heading\"><strong>St. Vincent auf einen Blick<\/strong><\/h2>\n\n\n\n<p>St. Vincent (abgeleitet von seinem vollst\u00e4ndigen Namen St. Vincent und die Grenadinen) ist ein eher atypisch zusammengesetzter Staat auf den kleinen Antillen, einer Region der Karibik. St. Vincent ist die Hauptinsel und andere kleine Inseln bilden einen Teil des Grenadinen-Archipels.&nbsp;<\/p>\n\n\n\n<p>Im Anschluss der europ\u00e4ischen Kolonisation k\u00e4mpften <a href=\"https:\/\/www.humanium.org\/de\/frankreich\/\">Frankreich<\/a> und das <a href=\"https:\/\/www.humanium.org\/de\/vereinigteskonigreich\/\">Vereinigte K\u00f6nigreich<\/a> lange Zeit um den Archipel, der jedoch von den Letzteren bis zur Erlangung der Unabh\u00e4ngigkeit besetzt wurde. Obwohl der Staat am 27. Oktober 1979 unabh\u00e4ngig wurde, ist er immer noch Teil des Commonwealth-K\u00f6nigreichs und wird daher von Charles III. regiert.&nbsp;<\/p>\n\n\n\n<h2 class=\"wp-block-heading\"><strong>Lage der Rechte des Kindes<\/strong> <strong><a href=\"#_ftn1\"><strong>[1]<\/strong><\/a><\/strong><\/h2>\n\n\n<div class=\"wp-block-image\">\n<figure class=\"alignleft size-large is-resized\"><img loading=\"lazy\" decoding=\"async\" width=\"1024\" height=\"683\" src=\"https:\/\/www.humanium.org\/de\/wp-content\/uploads\/2023\/12\/shutterstock_2349149757-1024x683.jpg\" alt=\"\" class=\"wp-image-17182\" style=\"width:334px;height:223px\" srcset=\"https:\/\/www.humanium.org\/de\/wp-content\/uploads\/2023\/12\/shutterstock_2349149757-1024x683.jpg 1024w, https:\/\/www.humanium.org\/de\/wp-content\/uploads\/2023\/12\/shutterstock_2349149757-300x200.jpg 300w, https:\/\/www.humanium.org\/de\/wp-content\/uploads\/2023\/12\/shutterstock_2349149757-768x512.jpg 768w, https:\/\/www.humanium.org\/de\/wp-content\/uploads\/2023\/12\/shutterstock_2349149757-1536x1024.jpg 1536w, https:\/\/www.humanium.org\/de\/wp-content\/uploads\/2023\/12\/shutterstock_2349149757-2048x1365.jpg 2048w, https:\/\/www.humanium.org\/de\/wp-content\/uploads\/2023\/12\/shutterstock_2349149757-830x553.jpg 830w, https:\/\/www.humanium.org\/de\/wp-content\/uploads\/2023\/12\/shutterstock_2349149757-230x153.jpg 230w, https:\/\/www.humanium.org\/de\/wp-content\/uploads\/2023\/12\/shutterstock_2349149757-350x233.jpg 350w, https:\/\/www.humanium.org\/de\/wp-content\/uploads\/2023\/12\/shutterstock_2349149757-480x320.jpg 480w, https:\/\/www.humanium.org\/de\/wp-content\/uploads\/2023\/12\/shutterstock_2349149757-272x182.jpg 272w\" sizes=\"auto, (max-width: 1024px) 100vw, 1024px\" \/><\/figure>\n<\/div>\n\n\n<p>St. Vincent verf\u00fcgt \u00fcber eine aktive Gesetzgebung im Bereich der Kinderrechte auf nationaler und internationaler Ebene. Am 26. Oktober 1993 ratifizierte der Staat <a href=\"https:\/\/www.humanium.org\/de\/konvention\/\">die Konvention \u00fcber die Rechte des Kindes<\/a>, im Jahr 2011 <a href=\"https:\/\/www.humanium.org\/de\/protokoll-beteiligung-von-kindern-konflikten\/\">das Fakultativprotokoll zum \u00dcbereinkommen \u00fcber die Rechte des Kindes \u00fcber die Beteiligung von Kindern in bewaffneten Konflikten<\/a> und im Jahr 2005 <a href=\"https:\/\/www.humanium.org\/de\/zusatzprotokoll-zur-kinderrechts-konvention-betreffend-kinderhandel-kinderprostitution-und-kinderpornographie-2000\/\">das Fakultativprotokoll zum \u00dcbereinkommen \u00fcber die Rechte des Kindes \u00fcber den Kinderhandel, die Kinderprostitution und die Kinderpornographie<\/a> (OHCHR, 2022). <\/p>\n\n\n\n<p>Auf nationaler Ebene wurde 2016 (in Zusammenarbeit mit UNICEF) ein nationaler Strategierahmen f\u00fcr Kinderschutz verabschiedet, dessen optimale Wirksamkeit jedoch in Frage gestellt wird (OHCHR, 2017). Dennoch f\u00fchrt die wirtschaftliche und politische Lage in St. Vincent zu einer gewissen Abweichung von den Kinderrechten.&nbsp;<\/p>\n\n\n\n<p>Die Rechte von Kindern werden zus\u00e4tzlich zu den oben genannten auch durch internationale Mittel gesch\u00fctzt. Am. 4 Dezember ratifizierte St. Vincent die <a href=\"https:\/\/www.humanium.org\/de\/konvention-182\/\">Konvention \u00fcber die schlimmsten Formen von Kinderarbeit von 1999<\/a> und im Jahr 1981 <a href=\"https:\/\/www.humanium.org\/de\/internationaler-pakt-wirtschaftliche-soziale-kulturelle-rechte\/\">den Internationalen Pakt \u00fcber wirtschaftliche, soziale und kulturelle Rechte.<\/a>&nbsp;<\/p>\n\n\n\n<p>Aus regionaler Sicht ist festzustellen, dass St. Vincent der Amerikanischen Menschenrechtskonvention von 1978 nicht beigetreten ist. Auf nationaler Ebene sind allerdings einige Fortschritte im Bereich Kinderrechte zu beobachten, wie zum Beispiel die Verk\u00fcndung des Gesetzes \u00fcber den Status des Kindes (2011) und des Gesetzes \u00fcber die Betreuung und Adoption von Kindern (2010) (Komitee f\u00fcr die Rechte des Kindes, 2017: UNESCO, 2021)<\/p>\n\n\n\n<p>Trotzdem gibt es in St. Vincent nach wie vor gro\u00dfe Sorgen, die seit 2010 unter anderem durch zwei Ereignisse, n\u00e4mlich die globale Wirtschaftskrise und Naturkatastrophen, versch\u00e4rft werden. Merissa Finch-Burke, Direktorin f\u00fcr soziale Angelegenheiten der Delegation aus St. Vincent und den Grenadinen, hob 2017 die wichtigsten Besorgnisse hervor.&nbsp;<\/p>\n\n\n\n<p>Diese Bedenken beziehen sich auf unterschiedliche Themen, zu denen unter anderem die Folgenden geh\u00f6ren. Die Definition des Begriffs \u201eKind\u201c muss gekl\u00e4rt werden, um \u201eallen Kindern unter 18 Jahren\u201c den Genuss der Rechte <a href=\"https:\/\/www.humanium.org\/de\/konvention\/\">der Konvention \u00fcber die Rechte des Kindes<\/a> zu versichern. Die gesetzliche Festlegung, dass Kinder unter 16 Jahren f\u00fcr Homosexualit\u00e4t kriminalisiert werden k\u00f6nnen und auch der Todesstrafe unterliegen, was eventuell zu einer Grauzone in Bezug auf <a href=\"https:\/\/www.humanium.org\/de\/kinderarbeit-2\/\">Kinderarbeit<\/a> f\u00fchrt. Eine Zunahme von <a href=\"https:\/\/www.humanium.org\/de\/die-sexuelle-ausbeutung-von-kindern\/\">sexueller Gewalt,<\/a> Kindesmissbrauch und eine hohe Inzestrate. Ein Mangel an Bildung, der zu Missbrauch und Gewalt sowie zu <a href=\"https:\/\/www.humanium.org\/de\/themenschwerpunkte\/gesundheit\/\">Gesundheitsm\u00e4ngel<\/a>n unter Kindern f\u00fchrt (OHCHR, 2017).&nbsp;<\/p>\n\n\n\n<h2 class=\"wp-block-heading\"><strong>Auf die Bed\u00fcrfnisse von Kindern eingehen<\/strong><\/h2>\n\n\n\n<h3 class=\"wp-block-heading\"><strong>Recht auf Bildung<\/strong><\/h3>\n\n\n\n<p>Der Artikel 29 <a href=\"https:\/\/www.humanium.org\/de\/konvention\/\">der Konvention \u00fcber die Rechte des Kindes<\/a> bildet die Grundlage f\u00fcr das <a href=\"https:\/\/www.humanium.org\/de\/recht-bildung-weltweit\/\">Recht eines Kindes auf Bildung<\/a>. Das Bildungsgesetz (2006), der nationale Lehrplan und der Bewertungsrahmen sowie zwei aufeinanderfolgende strategische Pl\u00e4ne legen den Rahmen f\u00fcr die Bildung fest, die der Staat den Kindern in den Prim\u00e4r- und Sekund\u00e4rstufen zur Verf\u00fcgung stellen m\u00f6chte (UNICEF, 2017). Obwohl es hierbei um die Gesetzgebung des Staats handelt ist ihre Umsetzung noch nicht zu beobachten.&nbsp;<\/p>\n\n\n<div class=\"wp-block-image\">\n<figure class=\"alignright size-large is-resized\"><img loading=\"lazy\" decoding=\"async\" width=\"1024\" height=\"684\" src=\"https:\/\/www.humanium.org\/de\/wp-content\/uploads\/2023\/12\/shutterstock_1417973009-1024x684.jpg\" alt=\"\" class=\"wp-image-17183\" style=\"width:360px;height:239px\" srcset=\"https:\/\/www.humanium.org\/de\/wp-content\/uploads\/2023\/12\/shutterstock_1417973009-1024x684.jpg 1024w, https:\/\/www.humanium.org\/de\/wp-content\/uploads\/2023\/12\/shutterstock_1417973009-300x200.jpg 300w, https:\/\/www.humanium.org\/de\/wp-content\/uploads\/2023\/12\/shutterstock_1417973009-768x513.jpg 768w, https:\/\/www.humanium.org\/de\/wp-content\/uploads\/2023\/12\/shutterstock_1417973009-1536x1025.jpg 1536w, https:\/\/www.humanium.org\/de\/wp-content\/uploads\/2023\/12\/shutterstock_1417973009-2048x1367.jpg 2048w, https:\/\/www.humanium.org\/de\/wp-content\/uploads\/2023\/12\/shutterstock_1417973009-830x554.jpg 830w, https:\/\/www.humanium.org\/de\/wp-content\/uploads\/2023\/12\/shutterstock_1417973009-230x154.jpg 230w, https:\/\/www.humanium.org\/de\/wp-content\/uploads\/2023\/12\/shutterstock_1417973009-350x234.jpg 350w, https:\/\/www.humanium.org\/de\/wp-content\/uploads\/2023\/12\/shutterstock_1417973009-480x320.jpg 480w, https:\/\/www.humanium.org\/de\/wp-content\/uploads\/2023\/12\/shutterstock_1417973009-272x182.jpg 272w\" sizes=\"auto, (max-width: 1024px) 100vw, 1024px\" \/><\/figure>\n<\/div>\n\n\n<p>Der Mangel an <a href=\"https:\/\/www.humanium.org\/de\/recht-bildung-weltweit\/\">Bildung<\/a> ist in der Tat die Ursache vieler anderer Probleme. Im Jahr 2000 waren etwa 4.000 Kinder im Alter von drei bis f\u00fcnf Jahren in Kindertagest\u00e4tten oder Vorschulen registriert. Etwa 75&nbsp;% der Kinder, die in l\u00e4ndlichen Gebieten leben, hatten jedoch Schwierigkeiten, auf diese Dienste zuzugreifen (UNICEF, 2017). 2017 berichtete die Weltbankgruppe, dass 58&nbsp;% der Kinder keine Grundschule besuchten (Weltbankgruppe, 2017). Es besteht also ein starker Kontrast zwischen den Pl\u00e4nen und Bem\u00fchungen der Regierung sowie der Realit\u00e4t vor Ort, der eine korrekte Umsetzung behindert. Dies hat zu einem stetigen R\u00fcckgang der Einschulungsrate seit 1995 gef\u00fchrt (UNICEF, 2017).&nbsp;<\/p>\n\n\n\n<h3 class=\"wp-block-heading\"><strong>Recht auf Gesundheit<\/strong><\/h3>\n\n\n\n<p>Die Artikel 6 und 24 <a href=\"https:\/\/www.humanium.org\/de\/konvention-rechte-kindes\/\">der Kinderrechtkonvention<\/a> befassen sich mit der Frage der Gesundheit von Kindern. <a href=\"https:\/\/www.humanium.org\/de\/kindersterblichkeit\/\">Die Unter-5-Sterblichkeitsrate<\/a> ist drastisch gesunken, von 175&nbsp;\u2030 im Jahr 1960 auf 14 \u2030 im Jahr 2020 (Weltbankgruppe, 2020). Obwohl diese Ergebnisse vielversprechend erscheinen, muss St. Vincent immer noch mit einigen Problemen k\u00e4mpfen. <\/p>\n\n\n\n<p><a href=\"https:\/\/www.humanium.org\/de\/kindersterblichkeit\/\">Die meisten Todesf\u00e4llen bei S\u00e4uglingen<\/a> treten n\u00e4mlich in den ersten 28 Tagen auf. Die Gr\u00fcnde f\u00fcr diese Todesf\u00e4lle sind Fr\u00fchgeburten, perinatale Infektionen oder angeborene Krankheiten, die ihren Ursprung in der Perinatalperiode haben. UNICEF zufolge waren zwischen 2008 und 2009 7,9&nbsp;% der Neugeborenen m\u00e4\u00dfig <a href=\"https:\/\/www.humanium.org\/de\/mangelernahrung-probleme\/\">unterern\u00e4hrt<\/a> (UNICEF, 2007).&nbsp;<\/p>\n\n\n\n<p>Subsahara-<a href=\"https:\/\/www.humanium.org\/de\/afrika\/\">Afrika<\/a> ist die am st\u00e4rksten von HIV betroffene Region der Welt. An zweiter Stelle steht die Karibik. St. Vincent ist in der Tat stark <a href=\"https:\/\/www.humanium.org\/de\/kinder-und-aids\/\">von HIV betroffen<\/a>. Der erste Fall von HIV wurde 1984 gemeldet. Im Jahr 2009 wurde HIV bei 1.093 Personen diagnostiziert. In verschiedenen Berichten wurde betont, dass 5 von 296 Personen, die eine antiretrovirale Behandlung bekamen, unter 15 Jahre alt waren (UNICEF, 2017).<\/p>\n\n\n\n<h3 class=\"wp-block-heading\"><strong>Recht auf Identit\u00e4t<\/strong><\/h3>\n\n\n\n<p>In St. Vincent ist <a href=\"https:\/\/www.humanium.org\/de\/recht-auf-identitat\/\">die Registrierung der Geburt<\/a> seit langem ein gro\u00dfes Problem. Es gibt jedoch einige Verbesserungen zu beobachten. Die Registrierungen k\u00f6nnen auf alle Inseln des Archipels abgeschlossen werden. In l\u00e4ndlichen Regionen, wo die Kinder zu Hause geboren werden, kann die Registrierung von Krankenschwestern auf Hausbesuchen vorgenommen werden. Dar\u00fcber hinaus k\u00f6nnen minderj\u00e4hrige Migranten mit der notwendigen Pflege versorgt werden, unabh\u00e4ngig davon, ob sie legal sind oder nicht (OHCHR, 2017).<\/p>\n\n\n\n<p>Ein weiteres Problem bez\u00fcglich <a href=\"https:\/\/www.humanium.org\/de\/recht-auf-identitat\/\">der Identit\u00e4t eines Kindes<\/a> ist das Alter, das f\u00fcr ihre rechtliche Definition festgelegt wird. Die Regierung sollte daher dieses Gesetz ver\u00e4ndern, indem sie ein einheitliches Alter f\u00fcr die Definition eines Kindes festlegt. Es gibt eine anhaltende Debatte dar\u00fcber, ob das Alter 16 oder 18 Jahre alt sein sollte (OHCHR, 2017).<\/p>\n\n\n\n<p>Die Rechtsvorschriften zum Schutz der Rechte des Kindes beruhen auf <a href=\"https:\/\/www.humanium.org\/de\/der-grundsatz-des-wohl-des-kindes\/\">dem Grundsatz des \u201eWohl des Kindes<\/a>\u201c. Dieser Grundsatz wird zum Beispiel in den Bereichen Bildung, Gesundheit sowie bei der Unterbringung von Kindern in Heimen oder Pflegefamilien ber\u00fccksichtigt. Das Gesetz legt ein bestimmtes Alter f\u00fcr die Heiratsf\u00e4higkeit (unterschiedlich f\u00fcr M\u00e4dchen und Jungen) und ein weiteres f\u00fcr Strafm\u00fcndigkeit fest. <\/p>\n\n\n\n<p>Diese Probleme bei der Definition des Kindes haben in bestimmten Bereichen zu Missbr\u00e4uchen gef\u00fchrt. Zu diesen Missbr\u00e4uchen geh\u00f6ren u.a. <a href=\"https:\/\/www.humanium.org\/de\/kinderarbeit-2\/\">Kinderarbeit,<\/a> Zwangsverheiratung und die Verh\u00e4ngung von Strafen in Strafsachen. Die aktuelle Debatte handelt davon, eine Einigung \u00fcber ein einheitliches Alter f\u00fcr die Definition eines Kindes zu finden.&nbsp;<\/p>\n\n\n\n<h2 class=\"wp-block-heading\"><strong>Risikofaktoren <\/strong><strong>\ud83e\udc6a<\/strong><strong> l\u00e4nderspezifische Herausforderungen<\/strong><\/h2>\n\n\n\n<h3 class=\"wp-block-heading\"><strong>Gewalt gegen Kinder<\/strong><\/h3>\n\n\n\n<p>In Bezug auf <a href=\"https:\/\/www.humanium.org\/de\/themenschwerpunkte\/gewalt\/\">Gewalt<\/a> gegen Kinder \u00e4u\u00dferte 2017 <a href=\"https:\/\/www.humanium.org\/de\/analyse-der-berichte-und-der-kommunikation_der-ausschuss-fur-die-rechte-des-kindes\/\">der Ausschuss f\u00fcr die Rechte des Kindes<\/a> in mehreren Bereichen Bedenken und forderte den Staat auf, wirksame Ma\u00dfnahmen zu ergreifen, um diese Bedenken auszur\u00e4umen. In der Tat beklagen sich Kinder dar\u00fcber, Opfer der Polizeigewalt zu sein. <\/p>\n\n\n\n<p>Die Rate der Strafverfolgungen und Verurteilungen wegen sexuellen Missbrauchs von Kindern, einschlie\u00dflich des Inzests, bleibt niedrig (siehe unten). Schlie\u00dflich werden Kinder \u00fcberm\u00e4\u00dfig bestraft und unterdr\u00fcckenden Ma\u00dfnahmen unterworfen, falls sie<a href=\"https:\/\/www.humanium.org\/de\/kinder-und-sucht\/\"> Drogen oder illegale Substanzen<\/a> konsumieren (Ausschuss f\u00fcr die Rechte des Kindes, 2017).<\/p>\n\n\n\n<p><a href=\"https:\/\/www.humanium.org\/de\/themenschwerpunkte\/gewalt\/\">Die Gewalt gegen Kinder<\/a> existiert weiterhin in St. Vincent. <a href=\"https:\/\/www.humanium.org\/de\/kinderarmut\/\">Armut<\/a> und Bildung tragen deutlich zu dieser Situation bei. Die Bef\u00fcrwortung von k\u00f6rperlicher Z\u00fcchtigung ist zum Beispiel weitgehend unver\u00e4ndert geblieben. Sie stieg von 45&nbsp;% im Jahr 2014 auf 47&nbsp;% im Jahr 2019 an. Die Eltern wenden auch k\u00f6rperliche Z\u00fcchtigung an. Statistiken zeigen einen Anstieg von 51&nbsp;% im Jahr 2014 auf 54&nbsp;% im Jahr 2019 (UNICEF, 2021).&nbsp;<\/p>\n\n\n\n<h3 class=\"wp-block-heading\"><strong>Kinderarbeit&nbsp;<\/strong><\/h3>\n\n\n\n<p>Eine Folge des Fehlens einer rechtlichen Definition des Kindes ist <a href=\"https:\/\/www.humanium.org\/de\/kinderarbeit-2\/\">Kinderarbeit<\/a>. Kinder d\u00fcrfen ab dem Alter von vierzehn Jahren arbeiten. Es ist notwendig, dass das Arbeitsgesetzbuch mit <a href=\"https:\/\/www.humanium.org\/de\/konvention\/\">der Konvention \u00fcber die Rechte des Kindes<\/a> in Einklang gebracht wird. Obwohl die Regierung sich zur Bek\u00e4mpfung der <a href=\"https:\/\/www.humanium.org\/de\/kinderarbeit-2\/\">Kinderarbeit<\/a> bem\u00fcht hat, wurde 2012 festgestellt, dass 8&nbsp;% der Kinder zwischen f\u00fcnf und vierzehn Jahren an <a href=\"https:\/\/www.humanium.org\/de\/kinderarbeit-2\/\">Kinderarbeit<\/a> beteiligt waren (OHCHR, 2017).&nbsp;<\/p>\n\n\n<div class=\"wp-block-image\">\n<figure class=\"alignleft size-large is-resized\"><img loading=\"lazy\" decoding=\"async\" width=\"1024\" height=\"700\" src=\"https:\/\/www.humanium.org\/de\/wp-content\/uploads\/2023\/12\/shutterstock_290159-1024x700.jpg\" alt=\"\" class=\"wp-image-17184\" style=\"width:345px;height:235px\" srcset=\"https:\/\/www.humanium.org\/de\/wp-content\/uploads\/2023\/12\/shutterstock_290159-1024x700.jpg 1024w, https:\/\/www.humanium.org\/de\/wp-content\/uploads\/2023\/12\/shutterstock_290159-300x205.jpg 300w, https:\/\/www.humanium.org\/de\/wp-content\/uploads\/2023\/12\/shutterstock_290159-768x525.jpg 768w, https:\/\/www.humanium.org\/de\/wp-content\/uploads\/2023\/12\/shutterstock_290159-1536x1050.jpg 1536w, https:\/\/www.humanium.org\/de\/wp-content\/uploads\/2023\/12\/shutterstock_290159-2048x1400.jpg 2048w, https:\/\/www.humanium.org\/de\/wp-content\/uploads\/2023\/12\/shutterstock_290159-830x567.jpg 830w, https:\/\/www.humanium.org\/de\/wp-content\/uploads\/2023\/12\/shutterstock_290159-230x157.jpg 230w, https:\/\/www.humanium.org\/de\/wp-content\/uploads\/2023\/12\/shutterstock_290159-350x239.jpg 350w, https:\/\/www.humanium.org\/de\/wp-content\/uploads\/2023\/12\/shutterstock_290159-480x328.jpg 480w\" sizes=\"auto, (max-width: 1024px) 100vw, 1024px\" \/><\/figure>\n<\/div>\n\n\n<p>Im Jahr 2016 verf\u00fcgte St. Vincent \u00fcber keine Strategie f\u00fcr <a href=\"https:\/\/www.humanium.org\/de\/kinderarbeit-2\/\">gef\u00e4hrliche Arbeitsbedingungen<\/a> f\u00fcr Minderj\u00e4hrige und dessen Gesetze sch\u00fctzten die Minderj\u00e4hrigen nicht angemessen vor T\u00e4tigkeiten, die als gef\u00e4hrlich eingestuft wurden. Diese Frage ist eng mit der rechtlichen Definition des Kindes und der Feststellung eines rechtlichen Alters verbunden (Initiative r\u00e9gionale Am\u00e9rique latine et Cara\u00efbes sans travail des enfants, 2016). Anfang 2017 wurde im Arbeitsgesetzbuch von St. Vincent anerkannt, dass ein Kind ab einem Alter von 14 das Recht auf Arbeit hat. Es stimmt zwar, dass viele ihren Eltern in der Landwirtschaft helfen, aber es ist inakzeptabel, dass einige die Schule abbrechen, um f\u00fcr ihre Eltern zu arbeiten (OHCHR, 2017).&nbsp;<\/p>\n\n\n\n<h3 class=\"wp-block-heading\"><strong>Kinderausbeutung<\/strong><\/h3>\n\n\n\n<p><a href=\"https:\/\/www.humanium.org\/de\/die-sexuelle-ausbeutung-von-kindern\/\">Sexuelle Gewalt<\/a> ist ebenso eines der dringendsten Probleme in St. Vincent. F\u00e4lle sexueller Gewalt f\u00fchren \u2013 wenn sie angezeigt werden \u2013 zu einer strafrechtlichen Verfolgung und Inzesthandlungen sind Gegenstand von diversen Gerichtsverfahren. Jedoch wurde festgestellt, dass viele Kinder ihre letzten Aussagen zur\u00fcckziehen, was die Durchf\u00fchrung eines Prozesses erschwert. Das Verfahren selbst erm\u00f6glicht die Inobhutnahme des Kindes, sobald Anzeige erstattet wird (UNICEF, 2017). 2015 sah ein neues Gesetz gegen h\u00e4usliche Gewalt die Verpflichtung vor, jegliche Gewalt gegen Kinder zu registrieren.<\/p>\n\n\n\n<p>Trotzdem forderte <a href=\"https:\/\/www.humanium.org\/de\/analyse-der-berichte-und-der-kommunikation_der-ausschuss-fur-die-rechte-des-kindes\/\">der Ausschuss f\u00fcr die Rechte des Kindes<\/a> in seinen abschlie\u00dfenden Bemerkungen zum kombinierten zweiten und dritten periodischen Bericht von St. Vincent und den Grenadinen die Regierung auf, einen effektiveren Zugang zu Beschwerdemechanismen und deren Weiterverfolgung, sowie einen proaktiven Ansatz bei der Untersuchung von Gewalt gegen Kinder, insbesondere <a href=\"https:\/\/www.humanium.org\/de\/die-sexuelle-ausbeutung-von-kindern\/\">des sexuellen Missbrauchs von Kindern,<\/a> sicherzustellen.&nbsp;<\/p>\n\n\n\n<p>Es wurde auch festgestellt, dass ausl\u00e4ndische Sexarbeiterinnen durch Sexhandel und Zwangsarbeit ausgebeutet werden k\u00f6nnen. Drogenh\u00e4ndler stehen im Verdacht, Arbeiterinnen als Zwangsarbeiterinnen in der Produktion von Marihuana auszubeuten. Schlie\u00dflich ist der von Eltern und Betreuern beg\u00fcnstigte <a href=\"https:\/\/www.humanium.org\/de\/kinderhandel\/\">Kindersexhandel<\/a> in St. Vincent nach wie vor ein Problem (UNICEF, 2021).<\/p>\n\n\n\n<h3 class=\"wp-block-heading\"><strong>Diskriminierung von Kindern<\/strong><\/h3>\n\n\n\n<p>Diskriminierung ist f\u00fcr bestimmte Gruppen von Kindern in St. Vincent ein echtes Problem. Zu diesen Gruppen geh\u00f6ren <a href=\"https:\/\/www.humanium.org\/de\/kinder-mit-behinderungen\/\">Kinder mit Behinderungen<\/a> (geistige und psychosoziale), Kinder, die mit HIV\/AIDS leben oder davon betroffen sind sowie <a href=\"https:\/\/www.humanium.org\/de\/lgbtq-kinder\/\">lesbische, schwule und bisexuelle Kinder.<\/a>&nbsp;<\/p>\n\n\n\n<p>Die letztgenannte Kategorie unterliegt Rechtlinien und Praktiken, die einvernehmliche gleichgeschlechtliche Beziehungen zwischen M\u00e4nner und Jungen von \u00fcber 16 Jahren verbietet, die aus demselben Grund nach dem Strafgesetzbuch von 1990 unter Strafe gestellt werden k\u00f6nnen. Schlie\u00dflich unterliegen <a href=\"https:\/\/www.humanium.org\/de\/lgbtq-kinder\/\">lesbische, schwule und bisexuelle Kinder<\/a> denselben Rechtlinien und Praktiken, da sie als psychologisch gest\u00f6rt angesehen werden (Ausschuss \u00fcber die Rechte des Kindes, 2017).<\/p>\n\n\n\n<p>Die Verfassung von St. Vincent und den Grenadinen (1979) sch\u00fctzt vor <a href=\"https:\/\/www.humanium.org\/de\/themenschwerpunkte\/focusdiskriminierung\/\">Diskriminierung<\/a> aufgrund des Geschlechtes, der Rasse, der Herkunft, der politischen Meinung, der Hautfarbe oder des Glaubens. Dennoch toleriert das Gesetz nach wie vor eine gewisse Diskriminierung, n\u00e4mlich im <a href=\"https:\/\/www.humanium.org\/de\/kinderheirat\/\">Ehegesetz<\/a> in Bezug auf das Mindestalter (siehe oben). Dieses Gesetz sieht tats\u00e4chlich ein Mindestalter von f\u00fcnfzehn Jahren f\u00fcr M\u00e4dchen und von sechzehn Jahren f\u00fcr Jungen vor.&nbsp;<\/p>\n\n\n\n<p>M\u00fctter erhalten nicht die gleichen Unterhaltszahlungen, je nachdem, ob sie verheiratet oder ledig sind. Es sind also die Gerichtsh\u00f6fe und die Richter, die die Kinder indirekt diskriminieren. Eine weitere Gruppe von Kindern, die auf rechtlicher Ebene diskriminiert werden, sind <a href=\"https:\/\/www.humanium.org\/de\/kinder-mit-behinderungen\/\">Kinder mit Behinderungen<\/a>. Der Mangel an spezifischen Gesetzen, die sich an ihren Bed\u00fcrfnissen orientieren, verwehrt den Kindern Gleichheit und insbesondere Integration in die allgemeinen Schulen. Schlie\u00dflich sind&nbsp; Kindern von ethnischen Minderheiten betroffen. Dazu geh\u00f6ren Indianer und Asiaten, h\u00e4ufig aus einkommensschwachen Schichten (UNICEF, 2010).<\/p>\n\n\n\n<p><strong><em>Geschrieben von Morgane Schmutz<\/em><\/strong><\/p>\n\n\n\n<p><em><strong>Internes Korrekturlesen von Aditi Partha<\/strong><\/em><\/p>\n\n\n\n<p><strong><em>\u00dcbersetzt von Felix Lunn<\/em><\/strong><\/p>\n\n\n\n<p><strong><em>Korrektur gelesen von Jana Ruf<\/em><\/strong><\/p>\n\n\n\n<p><strong><em>Zuletzt aktualisiert am 29. November 2022<\/em><\/strong><\/p>\n\n\n\n<h4 class=\"wp-block-heading\"><strong>Referenzen:<\/strong><\/h4>\n\n\n\n<p class=\"has-small-font-size\">Initiative r\u00e9gionale Am\u00e9rique latine et Cara\u00efbes sans travail des enfants (2016). <em>Huit pays d&#8217;Am\u00e9rique latine et des Cara\u00efbes affichent des progr\u00e8s significatifs dans la lutte contre le travail des enfants<\/em>. Retrieved from Initiative r\u00e9gionale Am\u00e9rique latine et Cara\u00efbes sans travail des enfants at https:\/\/www.iniciativa2025alc.org\/fr\/noticias\/ocho-paises-de-america-latina-y-el-caribe-presentan-avances-significativos-en-la-lucha-contra-el-trabajo-infantil, accessed on 11 January 2023.<\/p>\n\n\n\n<p class=\"has-small-font-size\">OHCHR (2017). <em>Committee on the Rights of the Child examines the report of Saint Vincent and the Grenadines<\/em>. Retrieved from the Office of the United Nations High Commissioner for Human Rights at <a href=\"https:\/\/www.ohchr.org\/en\/press-releases\/2017\/01\/committee-rights-child-examines-report-saint-vincent-and-grenadines\" target=\"_blank\" rel=\"noreferrer noopener\">https:\/\/www.ohchr.org\/en\/press-releases\/2017\/01\/committee-rights-child-examines-report-saint-vincent-and-grenadines<\/a>, accessed on 27 November 2022.<\/p>\n\n\n\n<p class=\"has-small-font-size\">OHCHR (2022). <em>Status of Ratification Interactive Dashboard<\/em>. Retrieved from the Office of the United Nations High Commissioner for Human Rights at <a href=\"https:\/\/indicators.ohchr.org\/\" target=\"_blank\" rel=\"noreferrer noopener\">https:\/\/indicators.ohchr.org\/<\/a>, accessed on 27 November 2022.<\/p>\n\n\n\n<p class=\"has-small-font-size\">UNESCO (2021). <em>Saint Vincent and the Grenadines Inclusion.<\/em> Retrieved from UNESCO at <a href=\"https:\/\/education-profiles.org\/latin-america-and-the-caribbean\/saint-vincent-and-the-grenadines\/~inclusion\" target=\"_blank\" rel=\"noreferrer noopener\">https:\/\/education-profiles.org\/latin-america-and-the-caribbean\/saint-vincent-and-the-grenadines\/~inclusion<\/a>, accessed on 12 November 2022.<\/p>\n\n\n\n<p class=\"has-small-font-size\">UNICEF (2021). <em>Generation Unlimited: the Well-being of Young People in St Vincent and the Grenadines &#8211; FACT SHEET<\/em>. Retrieved from UNICEF at <a href=\"https:\/\/www.unicef.org\/easterncaribbean\/media\/2941\/file\/GenU%20SVG%20Fact%20sheet.pdf\" target=\"_blank\" rel=\"noreferrer noopener\">https:\/\/www.unicef.org\/easterncaribbean\/media\/2941\/file\/GenU%20SVG%20Fact%20sheet.pdf<\/a>, accessed on 25 November 2022.<\/p>\n\n\n\n<p class=\"has-small-font-size\">UNICEF (2017). <em>Situation Analysis of Children in Saint Vincent and the Grenadines.<\/em> Retrieved from UNICEF at <a href=\"https:\/\/www.unicef.org\/easterncaribbean\/media\/926\/file\/Situation-Analysis-of-Children-in-Saint-Vincent-and-the-Grenadines-2017.pdf\" target=\"_blank\" rel=\"noreferrer noopener\">https:\/\/www.unicef.org\/easterncaribbean\/media\/926\/file\/Situation-Analysis-of-Children-in-Saint-Vincent-and-the-Grenadines-2017.pdf<\/a>, accessed on 29 October 2022.<\/p>\n\n\n\n<p class=\"has-small-font-size\">UNICEF (2010). <em>Universal Periodic Review \u2013 Human Rights Council Unicef Inputs \u2013 Saint Vincent And The Grenadines<\/em>. Retrieved from&nbsp; UNICEF at <a href=\"https:\/\/www.ohchr.org\/sites\/default\/files\/lib-docs\/HRBodies\/UPR\/Documents\/Session11\/VC\/UNICEF-eng.pdf\" target=\"_blank\" rel=\"noreferrer noopener\">https:\/\/www.ohchr.org\/sites\/default\/files\/lib-docs\/HRBodies\/UPR\/Documents\/Session11\/VC\/UNICEF-eng.pdf<\/a>, accessed on 11 January 2023.<\/p>\n\n\n\n<p class=\"has-small-font-size\">UNTC (2022). <em>Status of Treaties<\/em>. Retrieved from United Nation Treaty Collection at <a href=\"https:\/\/treaties.un.org\/pages\/ViewDetails.aspx?src=IND&amp;mtdsg_no=IV-11&amp;chapter=4&amp;clang=_en\" target=\"_blank\" rel=\"noreferrer noopener\">https:\/\/treaties.un.org\/pages\/ViewDetails.aspx?src=IND&amp;mtdsg_no=IV-11&amp;chapter=4&amp;clang=_en<\/a>, accessed on 27 November 2022.<\/p>\n\n\n\n<p class=\"has-small-font-size\">World Bank Group (2017). <em>Children out of school, primary &#8211; St Vincent and the Grenadines<\/em>. Retrieved from World Bank Group at https:\/\/data.worldbank.org\/indicator\/SE.PRM.UNER?locations=VC, accessed on 20 November 2022.<\/p>\n\n\n\n<p class=\"has-small-font-size\">World Bank Group (2020). <em>Mortality rate, under-5 (per 1,000 live births) &#8211; St Vincent and the Grenadines<\/em>. Retrieved from World Bank Group at https:\/\/data.worldbank.org\/indicator\/SH.DYN.MORT?locations=VC, accessed on 10 November 2022.<\/p>\n\n\n\n<hr class=\"wp-block-separator has-alpha-channel-opacity\"\/>\n\n\n\n<p class=\"has-small-font-size\"><a href=\"#_ftnref1\">[1]<\/a> &nbsp;Dieser Artikel erhebt nicht den Anspruch, eine vollst\u00e4ndige oder repr\u00e4sentative Darstellung der Rechte der Kinder in St. Vincent zu sein. Tats\u00e4chlich ist eine der vielen Herausforderungen der Mangel an aktuellen Informationen \u00fcber Kinder in St. Vincent. Viele der Informationen sind nicht verl\u00e4sslich, nicht repr\u00e4sentativ, veraltet, oder einfach nicht vorhanden.&nbsp;<\/p>\n","protected":false},"excerpt":{"rendered":"<p>Die Kinderrechte in St. Vincent und die Grenadinen verwirklichen Der Staat Sankt Vincent und die Grenadinen befindet sich in der Karibik und besteht aus einem Dutzend Inseln. Trotz der Bem\u00fchungen der Regierung in den letzten zehn Jahren und trotz einer leichten Verbesserung im Jahr 2015 bleibt seine Wirtschaft fragil und beeintr\u00e4chtigt das Wohlbefinden der Kinder. [&hellip;]<\/p>\n","protected":false},"author":1,"featured_media":0,"parent":0,"menu_order":0,"comment_status":"closed","ping_status":"closed","template":"","meta":{"footnotes":""},"class_list":["post-4822","page","type-page","status-publish","hentry"],"yoast_head":"<!-- This site is optimized with the Yoast SEO plugin v26.5 - https:\/\/yoast.com\/wordpress\/plugins\/seo\/ -->\n<title>Kinder von St. Vincent - Humanium<\/title>\n<meta name=\"description\" content=\"In St. Vincent und den Grenadinen sind Kinder mit Armut, Gesundheitsproblemen, Kinderarbeit und anderen Hindernissen konfrontiert.\" \/>\n<meta name=\"robots\" content=\"index, follow, max-snippet:-1, max-image-preview:large, max-video-preview:-1\" \/>\n<link rel=\"canonical\" href=\"https:\/\/www.humanium.org\/de\/st-vincent-und-die-grenadinen\/\" \/>\n<meta property=\"og:locale\" content=\"de_DE\" \/>\n<meta property=\"og:type\" content=\"article\" \/>\n<meta property=\"og:title\" content=\"Kinder von St. Vincent - Humanium\" \/>\n<meta property=\"og:description\" content=\"In St. Vincent und den Grenadinen sind Kinder mit Armut, Gesundheitsproblemen, Kinderarbeit und anderen Hindernissen konfrontiert.\" \/>\n<meta property=\"og:url\" content=\"https:\/\/www.humanium.org\/de\/st-vincent-und-die-grenadinen\/\" \/>\n<meta property=\"og:site_name\" content=\"Humanium\" \/>\n<meta property=\"article:modified_time\" content=\"2025-12-06T06:40:52+00:00\" \/>\n<meta property=\"og:image\" content=\"https:\/\/www.humanium.org\/de\/wp-content\/uploads\/2023\/12\/Shutterstock_2181975691.jpg\" \/>\n\t<meta property=\"og:image:width\" content=\"400\" \/>\n\t<meta property=\"og:image:height\" content=\"400\" \/>\n\t<meta property=\"og:image:type\" content=\"image\/jpeg\" \/>\n<meta name=\"twitter:card\" content=\"summary_large_image\" \/>\n<meta name=\"twitter:label1\" content=\"Gesch\u00e4tzte Lesezeit\" \/>\n\t<meta name=\"twitter:data1\" content=\"14\u00a0Minuten\" \/>\n<script type=\"application\/ld+json\" class=\"yoast-schema-graph\">{\"@context\":\"https:\/\/schema.org\",\"@graph\":[{\"@type\":\"WebPage\",\"@id\":\"https:\/\/www.humanium.org\/de\/st-vincent-und-die-grenadinen\/\",\"url\":\"https:\/\/www.humanium.org\/de\/st-vincent-und-die-grenadinen\/\",\"name\":\"Kinder von St. Vincent - Humanium\",\"isPartOf\":{\"@id\":\"https:\/\/www.humanium.org\/de\/#website\"},\"primaryImageOfPage\":{\"@id\":\"https:\/\/www.humanium.org\/de\/st-vincent-und-die-grenadinen\/#primaryimage\"},\"image\":{\"@id\":\"https:\/\/www.humanium.org\/de\/st-vincent-und-die-grenadinen\/#primaryimage\"},\"thumbnailUrl\":\"https:\/\/www.humanium.org\/de\/wp-content\/uploads\/2023\/12\/Shutterstock_2181975691.jpg\",\"datePublished\":\"2015-02-26T15:33:34+00:00\",\"dateModified\":\"2025-12-06T06:40:52+00:00\",\"description\":\"In St. Vincent und den Grenadinen sind Kinder mit Armut, Gesundheitsproblemen, Kinderarbeit und anderen Hindernissen konfrontiert.\",\"breadcrumb\":{\"@id\":\"https:\/\/www.humanium.org\/de\/st-vincent-und-die-grenadinen\/#breadcrumb\"},\"inLanguage\":\"de\",\"potentialAction\":[{\"@type\":\"ReadAction\",\"target\":[\"https:\/\/www.humanium.org\/de\/st-vincent-und-die-grenadinen\/\"]}]},{\"@type\":\"ImageObject\",\"inLanguage\":\"de\",\"@id\":\"https:\/\/www.humanium.org\/de\/st-vincent-und-die-grenadinen\/#primaryimage\",\"url\":\"https:\/\/www.humanium.org\/de\/wp-content\/uploads\/2023\/12\/Shutterstock_2181975691.jpg\",\"contentUrl\":\"https:\/\/www.humanium.org\/de\/wp-content\/uploads\/2023\/12\/Shutterstock_2181975691.jpg\",\"width\":400,\"height\":400},{\"@type\":\"BreadcrumbList\",\"@id\":\"https:\/\/www.humanium.org\/de\/st-vincent-und-die-grenadinen\/#breadcrumb\",\"itemListElement\":[{\"@type\":\"ListItem\",\"position\":1,\"name\":\"Home\",\"item\":\"https:\/\/www.humanium.org\/de\/\"},{\"@type\":\"ListItem\",\"position\":2,\"name\":\"Kinder von St. Vincent\"}]},{\"@type\":\"WebSite\",\"@id\":\"https:\/\/www.humanium.org\/de\/#website\",\"url\":\"https:\/\/www.humanium.org\/de\/\",\"name\":\"Humanium\",\"description\":\"Kinder zuerst!\",\"potentialAction\":[{\"@type\":\"SearchAction\",\"target\":{\"@type\":\"EntryPoint\",\"urlTemplate\":\"https:\/\/www.humanium.org\/de\/?s={search_term_string}\"},\"query-input\":{\"@type\":\"PropertyValueSpecification\",\"valueRequired\":true,\"valueName\":\"search_term_string\"}}],\"inLanguage\":\"de\"}]}<\/script>\n<!-- \/ Yoast SEO plugin. -->","yoast_head_json":{"title":"Kinder von St. Vincent - Humanium","description":"In St. Vincent und den Grenadinen sind Kinder mit Armut, Gesundheitsproblemen, Kinderarbeit und anderen Hindernissen konfrontiert.","robots":{"index":"index","follow":"follow","max-snippet":"max-snippet:-1","max-image-preview":"max-image-preview:large","max-video-preview":"max-video-preview:-1"},"canonical":"https:\/\/www.humanium.org\/de\/st-vincent-und-die-grenadinen\/","og_locale":"de_DE","og_type":"article","og_title":"Kinder von St. Vincent - Humanium","og_description":"In St. Vincent und den Grenadinen sind Kinder mit Armut, Gesundheitsproblemen, Kinderarbeit und anderen Hindernissen konfrontiert.","og_url":"https:\/\/www.humanium.org\/de\/st-vincent-und-die-grenadinen\/","og_site_name":"Humanium","article_modified_time":"2025-12-06T06:40:52+00:00","og_image":[{"width":400,"height":400,"url":"https:\/\/www.humanium.org\/de\/wp-content\/uploads\/2023\/12\/Shutterstock_2181975691.jpg","type":"image\/jpeg"}],"twitter_card":"summary_large_image","twitter_misc":{"Gesch\u00e4tzte Lesezeit":"14\u00a0Minuten"},"schema":{"@context":"https:\/\/schema.org","@graph":[{"@type":"WebPage","@id":"https:\/\/www.humanium.org\/de\/st-vincent-und-die-grenadinen\/","url":"https:\/\/www.humanium.org\/de\/st-vincent-und-die-grenadinen\/","name":"Kinder von St. Vincent - Humanium","isPartOf":{"@id":"https:\/\/www.humanium.org\/de\/#website"},"primaryImageOfPage":{"@id":"https:\/\/www.humanium.org\/de\/st-vincent-und-die-grenadinen\/#primaryimage"},"image":{"@id":"https:\/\/www.humanium.org\/de\/st-vincent-und-die-grenadinen\/#primaryimage"},"thumbnailUrl":"https:\/\/www.humanium.org\/de\/wp-content\/uploads\/2023\/12\/Shutterstock_2181975691.jpg","datePublished":"2015-02-26T15:33:34+00:00","dateModified":"2025-12-06T06:40:52+00:00","description":"In St. Vincent und den Grenadinen sind Kinder mit Armut, Gesundheitsproblemen, Kinderarbeit und anderen Hindernissen konfrontiert.","breadcrumb":{"@id":"https:\/\/www.humanium.org\/de\/st-vincent-und-die-grenadinen\/#breadcrumb"},"inLanguage":"de","potentialAction":[{"@type":"ReadAction","target":["https:\/\/www.humanium.org\/de\/st-vincent-und-die-grenadinen\/"]}]},{"@type":"ImageObject","inLanguage":"de","@id":"https:\/\/www.humanium.org\/de\/st-vincent-und-die-grenadinen\/#primaryimage","url":"https:\/\/www.humanium.org\/de\/wp-content\/uploads\/2023\/12\/Shutterstock_2181975691.jpg","contentUrl":"https:\/\/www.humanium.org\/de\/wp-content\/uploads\/2023\/12\/Shutterstock_2181975691.jpg","width":400,"height":400},{"@type":"BreadcrumbList","@id":"https:\/\/www.humanium.org\/de\/st-vincent-und-die-grenadinen\/#breadcrumb","itemListElement":[{"@type":"ListItem","position":1,"name":"Home","item":"https:\/\/www.humanium.org\/de\/"},{"@type":"ListItem","position":2,"name":"Kinder von St. Vincent"}]},{"@type":"WebSite","@id":"https:\/\/www.humanium.org\/de\/#website","url":"https:\/\/www.humanium.org\/de\/","name":"Humanium","description":"Kinder zuerst!","potentialAction":[{"@type":"SearchAction","target":{"@type":"EntryPoint","urlTemplate":"https:\/\/www.humanium.org\/de\/?s={search_term_string}"},"query-input":{"@type":"PropertyValueSpecification","valueRequired":true,"valueName":"search_term_string"}}],"inLanguage":"de"}]}},"_links":{"self":[{"href":"https:\/\/www.humanium.org\/de\/wp-json\/wp\/v2\/pages\/4822","targetHints":{"allow":["GET"]}}],"collection":[{"href":"https:\/\/www.humanium.org\/de\/wp-json\/wp\/v2\/pages"}],"about":[{"href":"https:\/\/www.humanium.org\/de\/wp-json\/wp\/v2\/types\/page"}],"author":[{"embeddable":true,"href":"https:\/\/www.humanium.org\/de\/wp-json\/wp\/v2\/users\/1"}],"replies":[{"embeddable":true,"href":"https:\/\/www.humanium.org\/de\/wp-json\/wp\/v2\/comments?post=4822"}],"version-history":[{"count":17,"href":"https:\/\/www.humanium.org\/de\/wp-json\/wp\/v2\/pages\/4822\/revisions"}],"predecessor-version":[{"id":21363,"href":"https:\/\/www.humanium.org\/de\/wp-json\/wp\/v2\/pages\/4822\/revisions\/21363"}],"wp:attachment":[{"href":"https:\/\/www.humanium.org\/de\/wp-json\/wp\/v2\/media?parent=4822"}],"curies":[{"name":"wp","href":"https:\/\/api.w.org\/{rel}","templated":true}]}}