{"id":4992,"date":"2015-04-20T07:51:58","date_gmt":"2015-04-20T07:51:58","guid":{"rendered":"http:\/\/www.humanium.org\/de\/?page_id=4992"},"modified":"2025-12-06T06:40:53","modified_gmt":"2025-12-06T06:40:53","slug":"belize","status":"publish","type":"page","link":"https:\/\/www.humanium.org\/de\/belize\/","title":{"rendered":"Die Kinder von Belize"},"content":{"rendered":"\n<h2 class=\"wp-block-heading\"><strong>Die Verwirklichung der Kinderrechte in Belize<\/strong><\/h2>\n\n\n\n<div class=\"wp-block-columns is-layout-flex wp-container-core-columns-is-layout-9d6595d7 wp-block-columns-is-layout-flex\">\n<div class=\"wp-block-column is-layout-flow wp-block-column-is-layout-flow\"><div class=\"wp-block-image is-style-rounded\">\n<figure class=\"aligncenter size-full is-resized\"><img loading=\"lazy\" decoding=\"async\" width=\"400\" height=\"400\" src=\"https:\/\/www.humanium.org\/de\/wp-content\/uploads\/2022\/12\/Shutterstock_506687152.jpg\" alt=\"\" class=\"wp-image-16270\" style=\"width:226px;height:226px\" srcset=\"https:\/\/www.humanium.org\/de\/wp-content\/uploads\/2022\/12\/Shutterstock_506687152.jpg 400w, https:\/\/www.humanium.org\/de\/wp-content\/uploads\/2022\/12\/Shutterstock_506687152-300x300.jpg 300w, https:\/\/www.humanium.org\/de\/wp-content\/uploads\/2022\/12\/Shutterstock_506687152-150x150.jpg 150w, https:\/\/www.humanium.org\/de\/wp-content\/uploads\/2022\/12\/Shutterstock_506687152-230x230.jpg 230w, https:\/\/www.humanium.org\/de\/wp-content\/uploads\/2022\/12\/Shutterstock_506687152-350x350.jpg 350w\" sizes=\"auto, (max-width: 400px) 100vw, 400px\" \/><\/figure>\n<\/div><\/div>\n\n\n\n<div class=\"wp-block-column is-layout-flow wp-block-column-is-layout-flow\"><div class=\"wp-block-image is-style-rounded\">\n<figure class=\"aligncenter size-full is-resized\"><img loading=\"lazy\" decoding=\"async\" width=\"400\" height=\"400\" src=\"https:\/\/www.humanium.org\/de\/wp-content\/uploads\/2022\/12\/Shutterstock_194430827.jpg\" alt=\"\" class=\"wp-image-16271\" style=\"width:226px;height:226px\" srcset=\"https:\/\/www.humanium.org\/de\/wp-content\/uploads\/2022\/12\/Shutterstock_194430827.jpg 400w, https:\/\/www.humanium.org\/de\/wp-content\/uploads\/2022\/12\/Shutterstock_194430827-300x300.jpg 300w, https:\/\/www.humanium.org\/de\/wp-content\/uploads\/2022\/12\/Shutterstock_194430827-150x150.jpg 150w, https:\/\/www.humanium.org\/de\/wp-content\/uploads\/2022\/12\/Shutterstock_194430827-230x230.jpg 230w, https:\/\/www.humanium.org\/de\/wp-content\/uploads\/2022\/12\/Shutterstock_194430827-350x350.jpg 350w\" sizes=\"auto, (max-width: 400px) 100vw, 400px\" \/><\/figure>\n<\/div><\/div>\n<\/div>\n\n\n\n<p><strong>Belize verabschiedete die <a href=\"https:\/\/www.humanium.org\/de\/konvention\/\">UN-Konvention \u00fcber die Rechte des Kindes von 1989<\/a> im Mai 1990 und im Dezember 2003 mehrere Fakultativprotokolle, die ein breites Spektrum an Menschenrechtsfragen abdecken, darunter das Protokoll \u00fcber den <a href=\"https:\/\/www.humanium.org\/de\/zusatzprotokoll-zur-kinderrechts-konvention-betreffend-kinderhandel-kinderprostitution-und-kinderpornographie-2000\/\">Verkauf von Kindern<\/a> und \u00fcber <a href=\"https:\/\/www.humanium.org\/de\/protokoll-beteiligung-von-kindern-konflikten\/\">die Beteiligung von Kindern an bewaffneten Konflikten<\/a>. Leider muss sich Belize immer noch mit ernsthaften Problemen auseinandersetzen, die sich auf die Sekundarschulbildung, die Kinderheirat und die Beteiligung von Kindern in organisierter Kriminalit\u00e4t beziehen.<\/strong><\/p>\n\n\n\n<iframe src=\"https:\/\/www.google.com\/maps\/embed?pb=!1m18!1m12!1m3!1d1951560.0209152948!2d-89.44147673822954!3d17.18768227633291!2m3!1f0!2f0!3f0!3m2!1i1024!2i768!4f13.1!3m3!1m2!1s0x8f5c5b3ec112faf9%3A0xf64a8a4d3f1ee34e!2sBelize!5e0!3m2!1sen!2sfr!4v1670518032054!5m2!1sen!2sfr\" width=\"600\" height=\"450\" style=\"border:0;\" allowfullscreen=\"\" loading=\"lazy\" referrerpolicy=\"no-referrer-when-downgrade\"><\/iframe>\n\n\n\n<div class=\"wp-block-columns is-layout-flex wp-container-core-columns-is-layout-9d6595d7 wp-block-columns-is-layout-flex\">\n<div class=\"wp-block-column is-layout-flow wp-block-column-is-layout-flow\">\n<p><strong><strong>Bev\u00f6lkerung<\/strong>:<\/strong>&nbsp;412.000<strong><br><strong>Bev. 0-14 Jahren<\/strong>:<\/strong>&nbsp;29 %<\/p>\n<\/div>\n\n\n\n<div class=\"wp-block-column is-layout-flow wp-block-column-is-layout-flow\">\n<p><strong>Lebenserwartung:<\/strong>&nbsp;75 Jahre<strong><br><strong>Kindersterblichkeit<\/strong>:<\/strong>&nbsp;1,2 \u2030<\/p>\n<\/div>\n<\/div>\n\n\n\n<h2 class=\"wp-block-heading\"><strong>Belize auf einen Blick<\/strong><\/h2>\n\n\n\n<p>Belize liegt im Nordosten der Karibik und grenzt an <a href=\"https:\/\/www.humanium.org\/de\/mexico\/\">Mexiko<\/a>, <a href=\"https:\/\/www.humanium.org\/de\/guatemala-2\/\">Guatemala<\/a> und das Karibische Meer. Obwohl es ein relativ kleines Land ist, ist es mit 412.000 Einwohnern das Land mit der niedrigsten Bev\u00f6lkerungsdichte in Zentralamerika. Dennoch weist Belize eine Wachstumsrate auf, was die Anzahl von Kindern in der Bev\u00f6lkerung zeigt: 39,4% im Alter von 0 bis 18 Jahren, 29% zwischen 0 und 14 Jahren und 10,5%, die unter 5 Jahre alt sind (MICS5, 2016; World Bank, 2020).<\/p>\n\n\n\n<p>Belize hat eine reiche und komplexe Geschichte. Im Jahr 1500 v. Chr. lie\u00dfen sich die Maya-St\u00e4mme in der Region nieder und blieben dort die n\u00e4chsten 1.000 Jahre. Die Kultur von Belize wurde auch durch jahrhundertelange Entdeckungen und kolonialen Besetzungen beeinflusst, die bis in das 15. Jahrhundert und der Reise von Christopher Columbus zur\u00fcckgehen. <\/p>\n\n\n\n<p>Auch die Spanier versuchten sich in der Region niederzulassen, scheiterten aber aufgrund fehlender Ressourcen und Feindseligkeiten mit den Eingeborenen. Dennoch wurde das Land zu einem Brennpunkt der Spannungen zwischen Spanien und dem Vereinigten K\u00f6nigreich. Im Jahr 1840 wurde Belize zu einer britischen Kolonie, bekannt als Britisch-Honduras, bevor es 1981 seine Unabh\u00e4ngigkeit erlangte. <\/p>\n\n\n\n<p>Aufgrund dieser verschiedenen kulturellen Einfl\u00fcsse, ist mehr als die H\u00e4lfte der Bev\u00f6lkerung mehrsprachig. Englisch ist die Amtssprache, ein hoher Anteil spricht ebenso belizisches Kreolisch und Spanisch. Ebenso findet man Einfl\u00fcsse von den Maya und anderen europ\u00e4ischen Sprachen.<\/p>\n\n\n\n<p>Belize, das enge kulturelle und wirtschaftliche Beziehungen zu Lateinamerika und den L\u00e4ndern in der Karibik unterh\u00e4lt, ist gleichzeitig Mitglied des Commonwealth. K\u00f6nig Karl III. ist Staatsoberhaupt und wird durch den Generalgouverneur Froyla Tzalam vertreten, der 2021 das Amt antrat. Belize ist ein <a href=\"https:\/\/www.humanium.org\/de\/staatsburgerschaft\/\">demokratischer Staat <\/a>mit einem umfassenden Wahlrecht, welches 1954 eingef\u00fchrt wurde, als auch Frauen das Wahlrecht erhielten.<\/p>\n\n\n\n<p>Belize hatte w\u00e4hrend der <a href=\"https:\/\/www.humanium.org\/de\/was-hat-2020-fuer-die-kinderrechte-bedeutet\/\">Covid-19-Pandemie <\/a>schwer zu k\u00e4mpfen. Das Land lebt \u00fcberwiegend vom Tourismus, die Reisebeschr\u00e4nkungen stellten die Wirtschaft daher vor eine gro\u00dfe Herausforderung: 50% der Haushalte wurden arbeitslos, 60% litten unter enormen Einkommenseinbu\u00dfen, und die Kinder mussten schwerwiegende Auswirkungen hinnehmen, wie beispielsweise der Anstieg von <a href=\"https:\/\/www.humanium.org\/de\/haeusliche-gewalt-und-deren-folgen-fuer-kinder\/\">h\u00e4uslicher Gewalt<\/a>(UNICEF, n.d.; UNICEF, 2020).<\/p>\n\n\n\n<h2 class=\"wp-block-heading\"><strong>Status der Rechte von Kindern<\/strong> <strong><u><a href=\"#_ftn1\"><strong><u>[1]<\/u><\/strong><\/a><\/u><\/strong><\/h2>\n\n\n\n<p>Belize verabschiedete die UN-Konvention \u00fcber die Rechte des Kindes von 1989 im Mai 1990, au\u00dferdem Fakultativprotokolle, die ein breites Spektrum an Menschenrechtsfragen abdecken, einschlie\u00dflich der Protokolle \u00fcber den Verkauf von Kindern und \u00fcber die Beteiligung von Kindern in bewaffneten Konflikten, im Dezember 2003. Belize unterzeichnete zudem das IAO-Abkommen \u00fcber das Mindestalter (1973) und das IAO-Abkommen \u00fcber die schlimmsten Formen der Kinderarbeit (1999).<\/p>\n\n\n<div class=\"wp-block-image\">\n<figure class=\"alignleft size-large is-resized\"><img loading=\"lazy\" decoding=\"async\" width=\"1024\" height=\"681\" src=\"https:\/\/www.humanium.org\/de\/wp-content\/uploads\/2022\/12\/shutterstock_320244584-1024x681.jpg\" alt=\"\" class=\"wp-image-16272\" style=\"width:347px;height:230px\" srcset=\"https:\/\/www.humanium.org\/de\/wp-content\/uploads\/2022\/12\/shutterstock_320244584-1024x681.jpg 1024w, https:\/\/www.humanium.org\/de\/wp-content\/uploads\/2022\/12\/shutterstock_320244584-300x199.jpg 300w, https:\/\/www.humanium.org\/de\/wp-content\/uploads\/2022\/12\/shutterstock_320244584-768x511.jpg 768w, https:\/\/www.humanium.org\/de\/wp-content\/uploads\/2022\/12\/shutterstock_320244584-1536x1021.jpg 1536w, https:\/\/www.humanium.org\/de\/wp-content\/uploads\/2022\/12\/shutterstock_320244584-2048x1362.jpg 2048w, https:\/\/www.humanium.org\/de\/wp-content\/uploads\/2022\/12\/shutterstock_320244584-830x552.jpg 830w, https:\/\/www.humanium.org\/de\/wp-content\/uploads\/2022\/12\/shutterstock_320244584-230x153.jpg 230w, https:\/\/www.humanium.org\/de\/wp-content\/uploads\/2022\/12\/shutterstock_320244584-350x233.jpg 350w, https:\/\/www.humanium.org\/de\/wp-content\/uploads\/2022\/12\/shutterstock_320244584-480x319.jpg 480w, https:\/\/www.humanium.org\/de\/wp-content\/uploads\/2022\/12\/shutterstock_320244584-272x182.jpg 272w\" sizes=\"auto, (max-width: 1024px) 100vw, 1024px\" \/><\/figure>\n<\/div>\n\n\n<p>Belize hat auch die Umsetzung der Agenda 2030 f\u00fcr nachhaltige Entwicklung unterst\u00fctzt, die 2015 von f\u00fchrenden Staats- und Regierungschefs verabschiedet wurde. Belize hat insbesondere die F\u00fchrungsrolle in Bezug auf wichtige Themen f\u00fcr die zentralamerikanische und karibische Region \u00fcbernommen, so zum Beispiel in der Energie-, Umwelt- und Migrationsfrage. Im Vorfeld der Frist bis zum Jahr 2030 hat sich Belize auch eigene Ziele gesetzt, beispielsweise den 5-Jahres-Plan zur Abschaffung der <a href=\"https:\/\/www.humanium.org\/de\/kinderheirat\/\">Kinderheirat<\/a>, was absolute Priorit\u00e4t in Bezug auf die Kinderrechte im Land hat (UNICEF, n.d.).<\/p>\n\n\n\n<h2 class=\"wp-block-heading\"><strong>Sich mit den Bed\u00fcrfnissen von Kindern befassen<\/strong><\/h2>\n\n\n\n<h3 class=\"wp-block-heading\"><a href=\"https:\/\/www.humanium.org\/de\/recht-bildung-weltweit\/\">Das Recht auf Bildung<\/a><\/h3>\n\n\n\n<p>Das Recht auf eine Grundschulbildung ist in der Pr\u00e4ambel der belizischen Verfassung von 1981 verankert. Es wird erg\u00e4nzt durch eine Schulpflicht f\u00fcr Kinder im Alter von 6 bis 14 Jahren und belegt Eltern mit einer Geldstrafe, wenn die Kinder nicht regelm\u00e4\u00dfig am Unterricht teilnehmen. Des Weiteren ist der Schulbesuch f\u00fcr alle Sch\u00fcler unter 14 Jahren kostenlos. Aufgrund dessen waren die Anmeldungen f\u00fcr die Grundschule zwischen 1990 und 2020 besonders hoch. Einer Sch\u00e4tzung zufolge besuchten 94,5% der Kinder zwischen 5 und 14 Jahren jeden Tag die Schule (Bureau of International Labor Affairs, 2020).<\/p>\n\n\n\n<p>Dies trifft nicht auf den Sekundarbereich zu. Es gibt keine gleichwertige Ma\u00dfnahme, die die Sch\u00fcler dazu verpflichtet, eine weiterf\u00fchrende Schule zu besuchen. Infolgedessen sinkt die Nettoeinschulungsrate auf 68% im Jahr 2020, was nur einen minimalen Anstieg im Vergleich zu 61% im Jahr 1990 und 65% im Jahr 2011 bedeutet (UNESCO, 2011). <\/p>\n\n\n<div class=\"wp-block-image\">\n<figure class=\"alignright size-large is-resized\"><img loading=\"lazy\" decoding=\"async\" width=\"1024\" height=\"683\" src=\"https:\/\/www.humanium.org\/de\/wp-content\/uploads\/2022\/12\/shutterstock_440564296-1024x683.jpg\" alt=\"\" class=\"wp-image-16273\" style=\"width:353px;height:236px\" srcset=\"https:\/\/www.humanium.org\/de\/wp-content\/uploads\/2022\/12\/shutterstock_440564296-1024x683.jpg 1024w, https:\/\/www.humanium.org\/de\/wp-content\/uploads\/2022\/12\/shutterstock_440564296-300x200.jpg 300w, https:\/\/www.humanium.org\/de\/wp-content\/uploads\/2022\/12\/shutterstock_440564296-768x512.jpg 768w, https:\/\/www.humanium.org\/de\/wp-content\/uploads\/2022\/12\/shutterstock_440564296-1536x1024.jpg 1536w, https:\/\/www.humanium.org\/de\/wp-content\/uploads\/2022\/12\/shutterstock_440564296-2048x1365.jpg 2048w, https:\/\/www.humanium.org\/de\/wp-content\/uploads\/2022\/12\/shutterstock_440564296-830x553.jpg 830w, https:\/\/www.humanium.org\/de\/wp-content\/uploads\/2022\/12\/shutterstock_440564296-230x153.jpg 230w, https:\/\/www.humanium.org\/de\/wp-content\/uploads\/2022\/12\/shutterstock_440564296-350x233.jpg 350w, https:\/\/www.humanium.org\/de\/wp-content\/uploads\/2022\/12\/shutterstock_440564296-480x320.jpg 480w, https:\/\/www.humanium.org\/de\/wp-content\/uploads\/2022\/12\/shutterstock_440564296-272x182.jpg 272w\" sizes=\"auto, (max-width: 1024px) 100vw, 1024px\" \/><\/figure>\n<\/div>\n\n\n<p>Die steigenden Bildungskosten sind ein Grund f\u00fcr den R\u00fcckgang; die Bildung im Sekundarbereich ist nicht kostenlos und 60% der Sch\u00fcler profitieren von einem kleinen Zuschuss von 150$ im Jahr, um die Ausgaben f\u00fcr die Schuluniform und B\u00fccher zu kompensieren. Es ist zudem m\u00f6glich, dass die Sch\u00fcler abgeschreckt werden, da im Bildungsbereich Englisch gesprochen wird, was Studenten aus <a href=\"https:\/\/www.humanium.org\/de\/spanien\/\">spanischen<\/a> Gemeinden entmutigen k\u00f6nnte (Bureau of International Labor Affairs, 2020).<\/p>\n\n\n\n<p>Obwohl die Beteiligung an der Sekundarschulbildung gering ist, gibt es auf der anderen Seite Bedenken in Bezug auf die Qualit\u00e4t des Unterrichts, insbesondere aufgrund des Mangels an qualifizierten Lehrkr\u00e4ften und Grundressourcen sowie aufgrund des Zustands der Schuleinrichtungen (Bureau of International Labor Affairs, 2020).<\/p>\n\n\n\n<h3 class=\"wp-block-heading\"><a href=\"https:\/\/www.humanium.org\/de\/das-recht-auf-gesundheit\/\">Das Recht auf Gesundheit<\/a><\/h3>\n\n\n\n<p>Auch das Recht auf eine gesundheitliche Grundversorgung ist in der Pr\u00e4ambel der Verfassung verankert und wird durch \u00f6ffentliche und private Systeme gew\u00e4hrleistet. Den j\u00fcngsten Erkenntnissen zufolge konnten erhebliche Fortschritte in Bezug auf die Gesundheit der Kinder erzielt werden. So liegt beispielsweise die <a href=\"https:\/\/www.humanium.org\/de\/kindersterblichkeit\/\">Sterblichkeitsrate von S\u00e4uglingen<\/a> bei 1%, und 94% der Geburten werden von qualifiziertem medizinischem Personal \u00fcberwacht. <\/p>\n\n\n\n<p>Die Sterblichkeitsrate von Kindern zwischen 0 und 5 Jahren liegt bei 1.2\u2030 und sank damit im Vergleich zu 3,8\u2030 im Jahr 1990 und 2,4\u2030 im Jahr 2000. Auch in Bezug auf die Lebenserwartung sind Fortschritte zu verzeichnen, diese stieg von 69 Jahren im Jahr 2000 auf 75 Jahre im Jahr 2020, was zudem auf \u00e4hnliche Fortschritte bei der Gesundheitsversorgung in allen Altersgruppen hindeutet. Infolgedessen erhielt Belize hohe Bewertungen f\u00fcr die Verbesserungen im Hinblick auf das Recht auf Gesundheit: 83% im Allgemeinen und 99,1% f\u00fcr Kinder.<\/p>\n\n\n\n<p>Dennoch gibt es spezifische Risikofaktoren, die die Gesundheit der Kinder beeinflussen. Ausl\u00f6ser ist die akute <a href=\"https:\/\/www.humanium.org\/de\/themenschwerpunkte\/armut\/\">Armut<\/a> im Land. Am offensichtlichsten ist das Risiko der <a href=\"https:\/\/www.humanium.org\/de\/mangelernahrung-probleme\/\">Unterern\u00e4hrung<\/a>, welches insbesondere die 15% der Kinder unter 5 Jahren betrifft, die an <a href=\"https:\/\/www.humanium.org\/de\/ernahrung-unterernahrung-und-mangelernahrung\/\">Kleinwuchs<\/a> leiden, obwohl diese Zahl schon von 22% im Jahr 2006 gesunken ist (Global Nutrition Report, 2019).<\/p>\n\n\n\n<p>Belize hat mit den h\u00f6chsten <a href=\"https:\/\/www.humanium.org\/de\/kinder-und-aids\/\">HIV\/AIDS<\/a>-Raten in der karibischen Region zu k\u00e4mpfen, obwohl es L\u00fccken in der Datenerhebung der Kinder gibt. Sch\u00e4tzungsweise leiden momentan 1,9% der Erwachsenen zwischen 15 und 49 Jahren an dieser Krankheit. Diese Erkenntnis erlaubt au\u00dferdem einen fl\u00fcchtigen Blick auf die Tatsache, wie sich diese relativ hohe Pr\u00e4valenz bei Erwachsenen auf Kinder auswirkt. 2.300 Kinder im Alter von 0 bis 17 Jahren sind aufgrund von AIDS zu <a href=\"https:\/\/www.humanium.org\/de\/waisenkinder\/\">Waisenkindern<\/a> geworden (UNAIDS, 2020).<\/p>\n\n\n\n<h3 class=\"wp-block-heading\"><a href=\"https:\/\/www.humanium.org\/de\/recht-wasser\/\">Das Recht auf Wasser und Sanit\u00e4reinrichtungen<\/a><\/h3>\n\n\n\n<p>In Belize bestehen erhebliche Bedenken in Bezug auf die Umsetzung des sogenannten \u201eWASH\u201c- Rechts (Wasser, Sanit\u00e4reinrichtungen und Hygiene), was gr\u00f6\u00dftenteils auf eine l\u00fcckenhafte Datenerhebung zur\u00fcckzuf\u00fchren ist. Das Land hat Fortschritte bei der Verbesserung von Wasser- und Sanit\u00e4reinrichtungen erzielt, 2009 verf\u00fcgten 97% der Bev\u00f6lkerung \u00fcber einen Zugang zu verbesserten <a href=\"https:\/\/www.humanium.org\/de\/recht-wasser\/\">Wasserressourcen<\/a> und 81% zu <a href=\"https:\/\/www.humanium.org\/de\/die-folgen-von-periodenarmut-fuer-die-rechte-von-maedchen-und-frauen-auf-der-ganzen-welt\/\">Sanit\u00e4reinrichtungen<\/a>(Grau, 2013).<\/p>\n\n\n\n<p>Dennoch gibt es besorgniserregende Hinweise in Bezug auf die Bereitstellung von sauberem Wasser und sanit\u00e4ren Einrichtungen in Schulen. Laut Untersuchungen von UNICEF haben mehr als 20% der Schulen eine unzuverl\u00e4ssige Wasserversorgung und 25% haben nur Zugang zu ungekl\u00e4rtem Wasser. Die Statistiken der sanit\u00e4ren Einrichtungen sind noch besorgniserregender, nur 30% erf\u00fcllen den internationalen Standard von einer Toilette pro 25 M\u00e4dchen und einer Toilette pro 50 Jungen (UNICEF, n.d.).<\/p>\n\n\n\n<p>Die Abwasserentsorgung stellt ein weiteres gro\u00dfes Problem dar. Nur 11% der Bev\u00f6lkerung hat Zugang zu Abwasserkan\u00e4len und 21% der st\u00e4dtischen Bev\u00f6lkerung, was zwar niedrig ist, aber typisch f\u00fcr die Karibikregion (Grau, 2013). Um diese Probleme zu beheben, sieht sich die belizische Regierung erheblichen logistischen Herausforderungen gegen\u00fcber, da insbesondere die Bev\u00f6lkerung auf Gemeinden mit geringer Bev\u00f6lkerungsdichte verteilt ist, die nicht ohne weiteres durch Rohre verbunden sind.<\/p>\n\n\n\n<h2 class=\"wp-block-heading\"><strong>Risikofaktoren \u2192 landesspezifische Herausforderungen<\/strong><\/h2>\n\n\n\n<h3 class=\"wp-block-heading\"><a href=\"https:\/\/www.humanium.org\/de\/misshandlung\/\">Kindermisshandlung<\/a><\/h3>\n\n\n<div class=\"wp-block-image\">\n<figure class=\"alignleft size-large is-resized\"><img loading=\"lazy\" decoding=\"async\" width=\"1024\" height=\"609\" src=\"https:\/\/www.humanium.org\/de\/wp-content\/uploads\/2022\/12\/shutterstock_1275315898-1024x609.jpg\" alt=\"\" class=\"wp-image-16274\" style=\"width:380px;height:226px\" srcset=\"https:\/\/www.humanium.org\/de\/wp-content\/uploads\/2022\/12\/shutterstock_1275315898-1024x609.jpg 1024w, https:\/\/www.humanium.org\/de\/wp-content\/uploads\/2022\/12\/shutterstock_1275315898-300x178.jpg 300w, https:\/\/www.humanium.org\/de\/wp-content\/uploads\/2022\/12\/shutterstock_1275315898-768x457.jpg 768w, https:\/\/www.humanium.org\/de\/wp-content\/uploads\/2022\/12\/shutterstock_1275315898-1536x913.jpg 1536w, https:\/\/www.humanium.org\/de\/wp-content\/uploads\/2022\/12\/shutterstock_1275315898-2048x1218.jpg 2048w, https:\/\/www.humanium.org\/de\/wp-content\/uploads\/2022\/12\/shutterstock_1275315898-830x493.jpg 830w, https:\/\/www.humanium.org\/de\/wp-content\/uploads\/2022\/12\/shutterstock_1275315898-230x137.jpg 230w, https:\/\/www.humanium.org\/de\/wp-content\/uploads\/2022\/12\/shutterstock_1275315898-350x208.jpg 350w, https:\/\/www.humanium.org\/de\/wp-content\/uploads\/2022\/12\/shutterstock_1275315898-480x285.jpg 480w\" sizes=\"auto, (max-width: 1024px) 100vw, 1024px\" \/><\/figure>\n<\/div>\n\n\n<p><a href=\"https:\/\/www.humanium.org\/de\/haeusliche-gewalt-und-deren-folgen-fuer-kinder\/\">H\u00e4usliche Gewalt<\/a> stellt ein erhebliches Problem f\u00fcr die Kinderrechte in Belize dar, obwohl sie im Familien- und Kindergesetz von 2003 explizit verboten wurde. Laut UNICEF wurden 42% der Babys im Alter von 1 bis 2 Jahren k\u00f6rperlich missbraucht, bei Kleinkindern zwischen 3 und 6 Jahren sind es sogar 59%. Diese Schadensquote steigt noch weiter an: 65% der Kinder zwischen 0 und 14 Jahren berichten von k\u00f6rperlichem und psychischem Missbrauch durch Eltern und Aufsichtspersonen (UNICEF, n.d.: UNICEF, 2020).<\/p>\n\n\n\n<h3 class=\"wp-block-heading\"><a href=\"https:\/\/www.humanium.org\/de\/kinderheirat\/\">Kinderheirat<\/a><\/h3>\n\n\n\n<p>Die Kinderheirat ist eine der Priorit\u00e4ten in Bezug auf die Rechte der Kinder in Belize. 20% der M\u00e4dchen und 10% der Jungen zwischen 15 und 19 Jahren sind verheiratet und 29% der Frauen zwischen 20 und 19 Jahren waren vor ihrem 18.Lebensjahr verheiratet oder lebten in einer Lebensgemeinschaft (UNICEF, n.d.). Das ist die zweith\u00f6chste Rate an Kinderehen und fr\u00fchen Eheschlie\u00dfungen in der Karibik. Es ist erwiesen, dass Kinder, die zu einer fr\u00fchen Ehe gezwungen wurden, mit gr\u00f6\u00dferer Wahrscheinlichkeit keine Schulbildung erhalten und eher h\u00e4uslicher Gewalt und Sexualkrankheiten ausgesetzt sind.<\/p>\n\n\n\n<p>Belize hat das Problem erkannt und mittels umfassender politischer Interventionen Ma\u00dfnahmen unternommen, die den Schaden verringern sollen. 2020 verabschiedete das Land einen 5-Jahres-Plan, um die Kinderheirat zu beenden, bevor das in den UN-Zielen f\u00fcr nachhaltige Entwicklung festgelegte Ziel f\u00fcr 2030 erreicht wird. Dieser Plan ist der erste seiner Art in der Karibik und konzentriert sich auf die \u00c4nderung der gesellschaftlichen Einstellungen, der Bereitstellung von Gesundheitsberatungen und die St\u00e4rkung der Durchsetzungsgesetze (UNICEF, n.d.).<\/p>\n\n\n\n<h3 class=\"wp-block-heading\"><a href=\"https:\/\/www.humanium.org\/de\/themenschwerpunkte\/gewalt\/\">Gewalt<\/a><\/h3>\n\n\n\n<p>In ganz Mexiko und der Karibik stellen kriminelle Banden eine erhebliche Herausforderung f\u00fcr die Kinder dar. Leider gibt es in Belize, insbesondere in der gr\u00f6\u00dften Stadt Belize-Stadt, eine hohe Anzahl an Kindern, die in diesen Banden involviert sind. Laut eines Berichtes, geben 20% der Kinder in Belize-Stadt an, dass sie momentan oder schon fr\u00fcher in Banden verwickelt waren, w\u00e4hrend f\u00fcr weitere 10% ein hohes Risiko besteht, da sie durch Familienmitglieder, Freunde oder der lokalen Gemeinde engen Kontakt zu Bandenmitgliedern haben (Young, 2019).<\/p>\n\n\n\n<p>Eine derart hohe Verstrickungsrate hat Auswirkungen auf das gesamte Spektrum der Kinderrechte. Sie f\u00fchrt beispielsweise dazu, dass 100% der Stichprobengruppe angibt, mindestens einen Freund oder Verwandten durch Bandenkriminalit\u00e4t verloren zu haben, was sich negativ auf die <a href=\"https:\/\/www.humanium.org\/de\/die-mentale-gesundheit-von-kindern\/\">psychische Gesundheit<\/a> auswirkt (Young, 2019).<\/p>\n\n\n\n<p>Diese Situation hat zudem drastische Auswirkungen auf das Recht auf Bildung. Das durchschnittliche Einstiegsalter liegt bei 14,5 Jahren, wobei die Mehrheit angibt, schon im Alter von 13 bis 16 Jahren in irgendeiner Form involviert gewesen zu sein. Einige berichten von \u00c4rger mit der Polizei im fr\u00fcher Alter von 12 Jahren (Young, 2019; UNICEF, n.d.). Unter den Kindern, die in Bandenkriminalit\u00e4t verwickelt sind, gibt es eine hohe Anzahl von Schulsuspendierungen und Schulverweisungen. 76% geben an, die Schule abgebrochen zu haben, meistens in der Klasse 6, dem letzten Jahr der Grundschulausbildung (Young, 2019).<\/p>\n\n\n\n<p>Mittels politischer Interventionen, beispielsweise durch Sommercamps unter der Leitung des \u201eConscience Youth Development Programme (CYDP)\u201c, versucht die belizische Regierung das Problem anzugehen. Aufgrund von K\u00fcrzungen der \u00f6ffentlichen Mittel steht der Fortbestand dieser Organisation jedoch in Frage (UNICEF, n.d.).<\/p>\n\n\n\n<h3 class=\"wp-block-heading\"><a href=\"https:\/\/www.humanium.org\/de\/kinderarbeit-2\/\">Kinderarbeit<\/a><\/h3>\n\n\n\n<p>Das Problem der kriminellen Banden beeinflusst auch die Kinderarbeit, insbesondere in den schlimmen Formen wie der Kinderprostitution und dem Kinderhandel. Obwohl es einen erheblichen Mangel an Untersuchungen in diesem Bereich gibt, wissen wir, dass 1,6% der Kinder im Alter von 5 bis 14 Jahren in Vollzeitjobs verwickelt sind, weitere 1,2% verbinden Arbeit und Schule miteinander (Bureau of International Labor Affairs, 2020). <\/p>\n\n\n\n<p>Von den Kindern, die einer Arbeit nachgehen, wissen wir, dass 64,9% im Dienstleistungssektor angestellt sind, wie zum Beispiel im Gastgewerbe, im Einzelhandel, in der K\u00fcche und in der Textilindustrie. 24,6% sind in der Landwirtschaft t\u00e4tig und 10,5% im Baugewerbe. Diese Statistiken ber\u00fccksichtigen jedoch nicht die Kinder, die in <a href=\"https:\/\/www.humanium.org\/de\/bewaffnete-gewalt-gegen-kinder-im-noerdlichen-dreieck-zentralamerikas\/\">Banden angestellt sind<\/a>, um Drogen und Waffen zu verkaufen und sogar um Gewaltverbrechen, wie einen Mord, zu begehen (Bureau of International Labor Affairs, 2020).<\/p>\n\n\n\n<p>Belize erf\u00fcllt den internationalen Standard in Bezug auf die Kinderarbeit nicht. Insbesondere das Arbeitsgesetz von 2000 (Artikel 169(a)) legt das gesetzliche Eintrittsalter auf 12 Jahren fest, was auf das allgemeine Problem hinweist, dass es keine legale, gesetzliche Definition eines Kindes zum Zwecke der Politikgestaltung gibt. Die belizische Regierung hat diese Probleme mit der Einf\u00fchrung politischer Initiativen anerkannt, beispielsweise den Nationalen Aktionsplan f\u00fcr Kinder und Jugendliche von 2004 bis 2015 und die Nationale Kinderarbeitspolitik, auch wenn das Tempo und die Umsetzung der Ma\u00dfnahmen kritisiert wurden (Bureau of International Labor Affairs, 2020).<\/p>\n\n\n\n<h3 class=\"wp-block-heading\"><a href=\"https:\/\/www.humanium.org\/de\/themenschwerpunkte\/umwelt\/\">\u00d6kologische Herausforderungen<\/a><\/h3>\n\n\n<div class=\"wp-block-image\">\n<figure class=\"alignright size-large is-resized\"><img loading=\"lazy\" decoding=\"async\" width=\"1024\" height=\"685\" src=\"https:\/\/www.humanium.org\/de\/wp-content\/uploads\/2022\/12\/shutterstock_403431397-1024x685.jpg\" alt=\"\" class=\"wp-image-16275\" style=\"width:332px;height:221px\" srcset=\"https:\/\/www.humanium.org\/de\/wp-content\/uploads\/2022\/12\/shutterstock_403431397-1024x685.jpg 1024w, https:\/\/www.humanium.org\/de\/wp-content\/uploads\/2022\/12\/shutterstock_403431397-300x201.jpg 300w, https:\/\/www.humanium.org\/de\/wp-content\/uploads\/2022\/12\/shutterstock_403431397-768x514.jpg 768w, https:\/\/www.humanium.org\/de\/wp-content\/uploads\/2022\/12\/shutterstock_403431397-1536x1028.jpg 1536w, https:\/\/www.humanium.org\/de\/wp-content\/uploads\/2022\/12\/shutterstock_403431397-2048x1371.jpg 2048w, https:\/\/www.humanium.org\/de\/wp-content\/uploads\/2022\/12\/shutterstock_403431397-830x556.jpg 830w, https:\/\/www.humanium.org\/de\/wp-content\/uploads\/2022\/12\/shutterstock_403431397-230x154.jpg 230w, https:\/\/www.humanium.org\/de\/wp-content\/uploads\/2022\/12\/shutterstock_403431397-350x234.jpg 350w, https:\/\/www.humanium.org\/de\/wp-content\/uploads\/2022\/12\/shutterstock_403431397-480x321.jpg 480w, https:\/\/www.humanium.org\/de\/wp-content\/uploads\/2022\/12\/shutterstock_403431397-272x182.jpg 272w\" sizes=\"auto, (max-width: 1024px) 100vw, 1024px\" \/><\/figure>\n<\/div>\n\n\n<p>Belize ist anf\u00e4llig f\u00fcr die Auswirkungen extremer Wetter- und Klimaver\u00e4nderungen, sodass jedes Jahr 4% des BIP f\u00fcr den Wiederaufbau aufgewendet werden, was auch in das \u00f6ffentliche Gesundheits- und Bildungssystem investiert werden k\u00f6nnte. Im November 2020 traf der tropische Sturm \u201eEta\u201c, ein t\u00f6dlicher Hurrikan der Kategorie 4, Zentralamerika. Sch\u00e4tzungsweise waren 1,2 Millionen Kinder in der gesamten Karibik davon betroffen, einschlie\u00dflich der 440.000, die Zuflucht in Schutzr\u00e4umen suchten, die dem Coronavirus als \u00dcbertr\u00e4ger dienten. <\/p>\n\n\n\n<p>Die Auswirkungen auf Belize waren im Vergleich zu anderen L\u00e4ndern, wie Honduras, relativ gering. Obwohl das Land 20-mal so gro\u00df ist wie Belize, waren 40-mal so viele Kinder betroffen. In Belize sollen nur 21.000 Kinder betroffen gewesen sein, und es soll 45 Kinder gegeben haben, die in Notunterk\u00fcnften aufgenommen wurden (UNICEF, n.d.).<\/p>\n\n\n\n<p>Auf langer Sicht werden sich diese negativen Auswirkungen extremer tropischer Wetterlagen durch den sich <a href=\"https:\/\/www.humanium.org\/de\/themenschwerpunkte\/umwelt\/klimakrise\/\">beschleunigenden Klimawandel<\/a> verst\u00e4rken, insbesondere da Belize durch niedrig gelegenes Gel\u00e4nde von Natur aus anf\u00e4llig ist. Dies stellt ein Risiko f\u00fcr die gesamte Bandbreite der Kinderrechte dar, einschlie\u00dflich des <a href=\"https:\/\/www.humanium.org\/de\/themenschwerpunkte\/umwelt\/klimafluechtlingskinder\/\">Rechts auf Leben <\/a>(Artikel 6), Gesundheit (Artikel 24), Lebensstandard (Artikel 27) und Bildung (Artikel 28).<\/p>\n\n\n\n<p><strong><em>Geschrieben von Patrick Naylor<\/em><\/strong><\/p>\n\n\n\n<p><strong><em>\u00dcbersetzt von Franziska Theis<\/em><\/strong><\/p>\n\n\n\n<p><strong><em>Korrektur gelesen von Marie Podewski<\/em><\/strong><\/p>\n\n\n\n<p><strong><em>Letzte Aktualisierung am 7. Dezember 2022<\/em><\/strong><\/p>\n\n\n\n<h4 class=\"wp-block-heading\"><strong>Bibliografie:<\/strong><\/h4>\n\n\n\n<p class=\"has-small-font-size\">Child Morality, (2020) \u2018Child Morality Estimates: Belize\u2019 [statistics] Retrieved from: https:\/\/childmortality.org\/data\/Belize accessed on 20 March 2022<\/p>\n\n\n\n<p class=\"has-small-font-size\">Bureau of International Labor Affairs, (2020) \u20182020 findings on the worst forms of child labour\u2019 Retrieved from: <a href=\"https:\/\/www.dol.gov\/sites\/dolgov\/files\/ILAB\/child_labor_reports\/tda2020\/Belize.pdf\" target=\"_blank\" rel=\"noreferrer noopener\">https:\/\/www.dol.gov\/sites\/dolgov\/files\/ILAB\/child_labor_reports\/tda2020\/Belize.pdf<\/a> accessed on 28 March 2022<\/p>\n\n\n\n<p class=\"has-small-font-size\">Global Nutrition Report, (2019) \u2018Country Nutrition Profile: Belize\u2019 [statistics] Retrieved from: <a href=\"https:\/\/globalnutritionreport.org\/resources\/nutrition-profiles\/latin-america-and-caribbean\/central-america\/belize\/\" target=\"_blank\" rel=\"noreferrer noopener\">https:\/\/globalnutritionreport.org\/resources\/nutrition-profiles\/latin-america-and-caribbean\/central-america\/belize\/<\/a> accessed on 20 March 2022&nbsp;<\/p>\n\n\n\n<p class=\"has-small-font-size\">Grau, J., del Rosario, M., Rihm, A., Ducci, J., Martin, D., Kuratomi, T., (2013) \u2018Water and Sanitation in Belize\u2019 Retrieved from <a href=\"https:\/\/publications.iadb.org\/publications\/english\/document\/Water-and-Sanitation-in-Belize.pdf\" target=\"_blank\" rel=\"noreferrer noopener\">https:\/\/publications.iadb.org\/publications\/english\/document\/Water-and-Sanitation-in-Belize.pdf<\/a> accessed on 28 March 2022<\/p>\n\n\n\n<p class=\"has-small-font-size\">HRMI Rights Tracker, (2018) \u2018Belize\u2019 [statistics] Retrieved from: <a href=\"https:\/\/rightstracker.org\/en\/country\/BLZ\" target=\"_blank\" rel=\"noreferrer noopener\">https:\/\/rightstracker.org\/en\/country\/BLZ<\/a> accessed on 20 March 2022<\/p>\n\n\n\n<p class=\"has-small-font-size\">MICS, (2016) \u2018Multiple Indicator Cluster Survey 2015-6: Belize\u2019 [statistics] Retrieved from: <a href=\"https:\/\/mics-surveys-prod.s3.amazonaws.com\/MICS5\/Latin%20America%20and%20Caribbean\/Belize\/2015-2016\/Final\/Belize%202015-16%20MICS_English.pdf\" target=\"_blank\" rel=\"noreferrer noopener\">https:\/\/mics-surveys-prod.s3.amazonaws.com\/MICS5\/Latin%20America%20and%20Caribbean\/Belize\/2015-2016\/Final\/Belize%202015-16%20MICS_English.pdf<\/a> accessed on 28 March 2022<\/p>\n\n\n\n<p class=\"has-small-font-size\">Ngozi Ezeilo, J., (2013) \u2018Report of the Special Rapporteur on trafficking in persons, especially women and children\u2019 Retrieved from: <a href=\"https:\/\/documents-dds-ny.un.org\/doc\/UNDOC\/GEN\/G14\/148\/92\/PDF\/G1414892.pdf?OpenElement\" target=\"_blank\" rel=\"noreferrer noopener\">https:\/\/documents-dds-ny.un.org\/doc\/UNDOC\/GEN\/G14\/148\/92\/PDF\/G1414892.pdf?OpenElement<\/a> accessed on 28 March 2022<\/p>\n\n\n\n<p class=\"has-small-font-size\">The World Bank, (2020) \u2018Population ages 0-14 (% of total population): Belize\u2019 Retrieved from: https:\/\/data.worldbank.org\/indicator\/SP.POP.0014.TO.ZS?locations=BZ accessed on 28 March 2022<\/p>\n\n\n\n<p class=\"has-small-font-size\">UNAIDS, (2020) \u2018Belize\u2019 [statistics] Retrieved from: <a href=\"https:\/\/www.unaids.org\/en\/regionscountries\/countries\/belize\" target=\"_blank\" rel=\"noreferrer noopener\">https:\/\/www.unaids.org\/en\/regionscountries\/countries\/belize<\/a> accessed on 20 March 2022<\/p>\n\n\n\n<p class=\"has-small-font-size\">UNESCO Institute for Statistics, (2020) \u2018Belize\u2019 [statistics] Retrieved from: <a href=\"http:\/\/uis.unesco.org\/en\/country\/bz\" target=\"_blank\" rel=\"noreferrer noopener\">http:\/\/uis.unesco.org\/en\/country\/bz<\/a> accessed on 20 March 2022<\/p>\n\n\n\n<p class=\"has-small-font-size\">UNICEF, (n.d.) \u2018Belize: Care for Child Development\u2019 [article] Retrieved from: <a href=\"https:\/\/www.unicef.org\/belize\/care-child-development\" target=\"_blank\" rel=\"noreferrer noopener\">https:\/\/www.unicef.org\/belize\/care-child-development<\/a> accessed on 20 March 2022<\/p>\n\n\n\n<p class=\"has-small-font-size\">UNICEF, (n.d.) \u2018Belize: Water, sanitation and hygiene\u2019 [article] Retrieved from: <a href=\"https:\/\/www.unicef.org\/belize\/water-sanitation-and-hygiene-wash\" target=\"_blank\" rel=\"noreferrer noopener\">https:\/\/www.unicef.org\/belize\/water-sanitation-and-hygiene-wash<\/a> accessed on 20 March 2022<\/p>\n\n\n\n<p class=\"has-small-font-size\">UNICEF, (2020) \u2018Changing perceptions of Covid-19 risk in Belize\u2019 [statistics] Retrieved from: <a href=\"https:\/\/mics.unicef.org\/news_entries\/165\/CHANGING-PERCEPTIONS-OF-COVID-19-RISK-IN-BELIZE\" target=\"_blank\" rel=\"noreferrer noopener\">https:\/\/mics.unicef.org\/news_entries\/165\/CHANGING-PERCEPTIONS-OF-COVID-19-RISK-IN-BELIZE<\/a> accessed on 20 March 2022<\/p>\n\n\n\n<p class=\"has-small-font-size\">UNICEF, (n.d.) \u2018Belize launched road map to end child marriage and early unions\u2019 [article] Retrieved from: <a href=\"https:\/\/www.unicef.org\/belize\/press-releases\/belize-launches-road-map-end-child-marriage-and-early-unions\" target=\"_blank\" rel=\"noreferrer noopener\">https:\/\/www.unicef.org\/belize\/press-releases\/belize-launches-road-map-end-child-marriage-and-early-unions<\/a> accessed on 20 March 2022<\/p>\n\n\n\n<p class=\"has-small-font-size\">UNICEF, (n.d.) \u2018Central America Tropical Storm Eta Humanitarian Situation Report\u2019 [report] Retrieved from: <a href=\"https:\/\/www.unicef.org\/documents\/lacro-humanitarian-situation-report-hurricanes-eta-and-iota-february-2021\" target=\"_blank\" rel=\"noreferrer noopener\">https:\/\/www.unicef.org\/documents\/lacro-humanitarian-situation-report-hurricanes-eta-and-iota-february-2021<\/a> accessed on 20 March 2022<\/p>\n\n\n\n<p class=\"has-small-font-size\">UNICEF, (n.d.) \u2018At-risk youth camp facilities prevention of gang integration\u2019 [article] Retrieved from: <a href=\"https:\/\/www.unicef.org\/belize\/stories\/risk-youth-camp-facilities-prevention-gang-integration\" target=\"_blank\" rel=\"noreferrer noopener\">https:\/\/www.unicef.org\/belize\/stories\/risk-youth-camp-facilities-prevention-gang-integration<\/a> accessed on 28 March 2022<\/p>\n\n\n\n<p class=\"has-small-font-size\">Young, M., Inter-American Development Bank (2019), \u2018Belize City Community Gang Involvement\u2019 Retrieved from: <a href=\"https:\/\/publications.iadb.org\/publications\/english\/document\/Belize_City_Community_Gang_Assessment_en.pdf\" target=\"_blank\" rel=\"noreferrer noopener\">https:\/\/publications.iadb.org\/publications\/english\/document\/Belize_City_Community_Gang_Assessment_en.pdf<\/a> accessed on 28 March 2022&nbsp;<\/p>\n\n\n\n<hr class=\"wp-block-separator has-css-opacity\"\/>\n\n\n\n<p class=\"has-small-font-size\"><a href=\"#_ftnref1\">[1]<\/a> Dieser Artikel gibt keineswegs vor, eine vollst\u00e4ndige oder repr\u00e4sentative Darstellung der Kinderrechte in Belize zu geben; eine der vielen Herausforderungen sind in der Tat die kaum aktualisierten Informationen \u00fcber Kinder in Belize. Viele dieser Informationen sind unzuverl\u00e4ssig, nicht repr\u00e4sentativ, veraltet oder einfach nicht vorhanden.<\/p>\n","protected":false},"excerpt":{"rendered":"<p>Die Verwirklichung der Kinderrechte in Belize Belize verabschiedete die UN-Konvention \u00fcber die Rechte des Kindes von 1989 im Mai 1990 und im Dezember 2003 mehrere Fakultativprotokolle, die ein breites Spektrum an Menschenrechtsfragen abdecken, darunter das Protokoll \u00fcber den Verkauf von Kindern und \u00fcber die Beteiligung von Kindern an bewaffneten Konflikten. Leider muss sich Belize immer [&hellip;]<\/p>\n","protected":false},"author":1,"featured_media":0,"parent":0,"menu_order":0,"comment_status":"closed","ping_status":"closed","template":"","meta":{"footnotes":""},"class_list":["post-4992","page","type-page","status-publish","hentry"],"yoast_head":"<!-- This site is optimized with the Yoast SEO plugin v26.5 - https:\/\/yoast.com\/wordpress\/plugins\/seo\/ -->\n<title>Die Kinder von Belize - Humanium<\/title>\n<meta name=\"description\" content=\"Leider muss sich Belize immer noch mit ernsthaften Problemen auseinandersetzen, die sich auf die Kinderrechte beziehen.\" \/>\n<meta name=\"robots\" content=\"index, follow, max-snippet:-1, max-image-preview:large, max-video-preview:-1\" \/>\n<link rel=\"canonical\" href=\"https:\/\/www.humanium.org\/de\/belize\/\" \/>\n<meta property=\"og:locale\" content=\"de_DE\" \/>\n<meta property=\"og:type\" content=\"article\" \/>\n<meta property=\"og:title\" content=\"Die Kinder von Belize - Humanium\" \/>\n<meta property=\"og:description\" content=\"Leider muss sich Belize immer noch mit ernsthaften Problemen auseinandersetzen, die sich auf die Kinderrechte beziehen.\" \/>\n<meta property=\"og:url\" content=\"https:\/\/www.humanium.org\/de\/belize\/\" \/>\n<meta property=\"og:site_name\" content=\"Humanium\" \/>\n<meta property=\"article:modified_time\" content=\"2025-12-06T06:40:53+00:00\" \/>\n<meta property=\"og:image\" content=\"https:\/\/www.humanium.org\/de\/wp-content\/uploads\/2022\/12\/Shutterstock_506687152.jpg\" \/>\n\t<meta property=\"og:image:width\" content=\"400\" \/>\n\t<meta property=\"og:image:height\" content=\"400\" \/>\n\t<meta property=\"og:image:type\" content=\"image\/jpeg\" \/>\n<meta name=\"twitter:card\" content=\"summary_large_image\" \/>\n<meta name=\"twitter:label1\" content=\"Gesch\u00e4tzte Lesezeit\" \/>\n\t<meta name=\"twitter:data1\" content=\"16\u00a0Minuten\" \/>\n<script type=\"application\/ld+json\" class=\"yoast-schema-graph\">{\"@context\":\"https:\/\/schema.org\",\"@graph\":[{\"@type\":\"WebPage\",\"@id\":\"https:\/\/www.humanium.org\/de\/belize\/\",\"url\":\"https:\/\/www.humanium.org\/de\/belize\/\",\"name\":\"Die Kinder von Belize - Humanium\",\"isPartOf\":{\"@id\":\"https:\/\/www.humanium.org\/de\/#website\"},\"primaryImageOfPage\":{\"@id\":\"https:\/\/www.humanium.org\/de\/belize\/#primaryimage\"},\"image\":{\"@id\":\"https:\/\/www.humanium.org\/de\/belize\/#primaryimage\"},\"thumbnailUrl\":\"https:\/\/www.humanium.org\/de\/wp-content\/uploads\/2022\/12\/Shutterstock_506687152.jpg\",\"datePublished\":\"2015-04-20T07:51:58+00:00\",\"dateModified\":\"2025-12-06T06:40:53+00:00\",\"description\":\"Leider muss sich Belize immer noch mit ernsthaften Problemen auseinandersetzen, die sich auf die Kinderrechte beziehen.\",\"breadcrumb\":{\"@id\":\"https:\/\/www.humanium.org\/de\/belize\/#breadcrumb\"},\"inLanguage\":\"de\",\"potentialAction\":[{\"@type\":\"ReadAction\",\"target\":[\"https:\/\/www.humanium.org\/de\/belize\/\"]}]},{\"@type\":\"ImageObject\",\"inLanguage\":\"de\",\"@id\":\"https:\/\/www.humanium.org\/de\/belize\/#primaryimage\",\"url\":\"https:\/\/www.humanium.org\/de\/wp-content\/uploads\/2022\/12\/Shutterstock_506687152.jpg\",\"contentUrl\":\"https:\/\/www.humanium.org\/de\/wp-content\/uploads\/2022\/12\/Shutterstock_506687152.jpg\",\"width\":400,\"height\":400},{\"@type\":\"BreadcrumbList\",\"@id\":\"https:\/\/www.humanium.org\/de\/belize\/#breadcrumb\",\"itemListElement\":[{\"@type\":\"ListItem\",\"position\":1,\"name\":\"Home\",\"item\":\"https:\/\/www.humanium.org\/de\/\"},{\"@type\":\"ListItem\",\"position\":2,\"name\":\"Die Kinder von Belize\"}]},{\"@type\":\"WebSite\",\"@id\":\"https:\/\/www.humanium.org\/de\/#website\",\"url\":\"https:\/\/www.humanium.org\/de\/\",\"name\":\"Humanium\",\"description\":\"Kinder zuerst!\",\"potentialAction\":[{\"@type\":\"SearchAction\",\"target\":{\"@type\":\"EntryPoint\",\"urlTemplate\":\"https:\/\/www.humanium.org\/de\/?s={search_term_string}\"},\"query-input\":{\"@type\":\"PropertyValueSpecification\",\"valueRequired\":true,\"valueName\":\"search_term_string\"}}],\"inLanguage\":\"de\"}]}<\/script>\n<!-- \/ Yoast SEO plugin. -->","yoast_head_json":{"title":"Die Kinder von Belize - Humanium","description":"Leider muss sich Belize immer noch mit ernsthaften Problemen auseinandersetzen, die sich auf die Kinderrechte beziehen.","robots":{"index":"index","follow":"follow","max-snippet":"max-snippet:-1","max-image-preview":"max-image-preview:large","max-video-preview":"max-video-preview:-1"},"canonical":"https:\/\/www.humanium.org\/de\/belize\/","og_locale":"de_DE","og_type":"article","og_title":"Die Kinder von Belize - Humanium","og_description":"Leider muss sich Belize immer noch mit ernsthaften Problemen auseinandersetzen, die sich auf die Kinderrechte beziehen.","og_url":"https:\/\/www.humanium.org\/de\/belize\/","og_site_name":"Humanium","article_modified_time":"2025-12-06T06:40:53+00:00","og_image":[{"width":400,"height":400,"url":"https:\/\/www.humanium.org\/de\/wp-content\/uploads\/2022\/12\/Shutterstock_506687152.jpg","type":"image\/jpeg"}],"twitter_card":"summary_large_image","twitter_misc":{"Gesch\u00e4tzte Lesezeit":"16\u00a0Minuten"},"schema":{"@context":"https:\/\/schema.org","@graph":[{"@type":"WebPage","@id":"https:\/\/www.humanium.org\/de\/belize\/","url":"https:\/\/www.humanium.org\/de\/belize\/","name":"Die Kinder von Belize - Humanium","isPartOf":{"@id":"https:\/\/www.humanium.org\/de\/#website"},"primaryImageOfPage":{"@id":"https:\/\/www.humanium.org\/de\/belize\/#primaryimage"},"image":{"@id":"https:\/\/www.humanium.org\/de\/belize\/#primaryimage"},"thumbnailUrl":"https:\/\/www.humanium.org\/de\/wp-content\/uploads\/2022\/12\/Shutterstock_506687152.jpg","datePublished":"2015-04-20T07:51:58+00:00","dateModified":"2025-12-06T06:40:53+00:00","description":"Leider muss sich Belize immer noch mit ernsthaften Problemen auseinandersetzen, die sich auf die Kinderrechte beziehen.","breadcrumb":{"@id":"https:\/\/www.humanium.org\/de\/belize\/#breadcrumb"},"inLanguage":"de","potentialAction":[{"@type":"ReadAction","target":["https:\/\/www.humanium.org\/de\/belize\/"]}]},{"@type":"ImageObject","inLanguage":"de","@id":"https:\/\/www.humanium.org\/de\/belize\/#primaryimage","url":"https:\/\/www.humanium.org\/de\/wp-content\/uploads\/2022\/12\/Shutterstock_506687152.jpg","contentUrl":"https:\/\/www.humanium.org\/de\/wp-content\/uploads\/2022\/12\/Shutterstock_506687152.jpg","width":400,"height":400},{"@type":"BreadcrumbList","@id":"https:\/\/www.humanium.org\/de\/belize\/#breadcrumb","itemListElement":[{"@type":"ListItem","position":1,"name":"Home","item":"https:\/\/www.humanium.org\/de\/"},{"@type":"ListItem","position":2,"name":"Die Kinder von Belize"}]},{"@type":"WebSite","@id":"https:\/\/www.humanium.org\/de\/#website","url":"https:\/\/www.humanium.org\/de\/","name":"Humanium","description":"Kinder zuerst!","potentialAction":[{"@type":"SearchAction","target":{"@type":"EntryPoint","urlTemplate":"https:\/\/www.humanium.org\/de\/?s={search_term_string}"},"query-input":{"@type":"PropertyValueSpecification","valueRequired":true,"valueName":"search_term_string"}}],"inLanguage":"de"}]}},"_links":{"self":[{"href":"https:\/\/www.humanium.org\/de\/wp-json\/wp\/v2\/pages\/4992","targetHints":{"allow":["GET"]}}],"collection":[{"href":"https:\/\/www.humanium.org\/de\/wp-json\/wp\/v2\/pages"}],"about":[{"href":"https:\/\/www.humanium.org\/de\/wp-json\/wp\/v2\/types\/page"}],"author":[{"embeddable":true,"href":"https:\/\/www.humanium.org\/de\/wp-json\/wp\/v2\/users\/1"}],"replies":[{"embeddable":true,"href":"https:\/\/www.humanium.org\/de\/wp-json\/wp\/v2\/comments?post=4992"}],"version-history":[{"count":15,"href":"https:\/\/www.humanium.org\/de\/wp-json\/wp\/v2\/pages\/4992\/revisions"}],"predecessor-version":[{"id":21365,"href":"https:\/\/www.humanium.org\/de\/wp-json\/wp\/v2\/pages\/4992\/revisions\/21365"}],"wp:attachment":[{"href":"https:\/\/www.humanium.org\/de\/wp-json\/wp\/v2\/media?parent=4992"}],"curies":[{"name":"wp","href":"https:\/\/api.w.org\/{rel}","templated":true}]}}