{"id":5320,"date":"2015-07-23T10:26:11","date_gmt":"2015-07-23T10:26:11","guid":{"rendered":"http:\/\/www.humanium.org\/de\/?page_id=5320"},"modified":"2025-12-06T06:40:53","modified_gmt":"2025-12-06T06:40:53","slug":"st-kitts-und-nevis","status":"publish","type":"page","link":"https:\/\/www.humanium.org\/de\/st-kitts-und-nevis\/","title":{"rendered":"Kinder in St. Kitts und Nevis"},"content":{"rendered":"\n<h2 class=\"wp-block-heading\"><strong>Verwirklichung von Kinderrechten auf St. Kitts und Nevis<\/strong><\/h2>\n\n\n\n<div class=\"wp-block-columns is-layout-flex wp-container-core-columns-is-layout-9d6595d7 wp-block-columns-is-layout-flex\">\n<div class=\"wp-block-column is-layout-flow wp-block-column-is-layout-flow\"><div class=\"wp-block-image is-style-rounded\">\n<figure class=\"aligncenter size-full is-resized\"><img loading=\"lazy\" decoding=\"async\" width=\"400\" height=\"400\" src=\"https:\/\/www.humanium.org\/de\/wp-content\/uploads\/2023\/07\/Shutterstock_2257431481.jpg\" alt=\"\" class=\"wp-image-16806\" style=\"width:200px;height:200px\" srcset=\"https:\/\/www.humanium.org\/de\/wp-content\/uploads\/2023\/07\/Shutterstock_2257431481.jpg 400w, https:\/\/www.humanium.org\/de\/wp-content\/uploads\/2023\/07\/Shutterstock_2257431481-300x300.jpg 300w, https:\/\/www.humanium.org\/de\/wp-content\/uploads\/2023\/07\/Shutterstock_2257431481-150x150.jpg 150w, https:\/\/www.humanium.org\/de\/wp-content\/uploads\/2023\/07\/Shutterstock_2257431481-230x230.jpg 230w, https:\/\/www.humanium.org\/de\/wp-content\/uploads\/2023\/07\/Shutterstock_2257431481-350x350.jpg 350w\" sizes=\"auto, (max-width: 400px) 100vw, 400px\" \/><\/figure>\n<\/div><\/div>\n\n\n\n<div class=\"wp-block-column is-layout-flow wp-block-column-is-layout-flow\"><div class=\"wp-block-image is-style-rounded\">\n<figure class=\"aligncenter size-full is-resized\"><img loading=\"lazy\" decoding=\"async\" width=\"400\" height=\"400\" src=\"https:\/\/www.humanium.org\/de\/wp-content\/uploads\/2023\/07\/Shutterstock_2182547113-1.jpg\" alt=\"\" class=\"wp-image-16807\" style=\"width:200px;height:200px\" srcset=\"https:\/\/www.humanium.org\/de\/wp-content\/uploads\/2023\/07\/Shutterstock_2182547113-1.jpg 400w, https:\/\/www.humanium.org\/de\/wp-content\/uploads\/2023\/07\/Shutterstock_2182547113-1-300x300.jpg 300w, https:\/\/www.humanium.org\/de\/wp-content\/uploads\/2023\/07\/Shutterstock_2182547113-1-150x150.jpg 150w, https:\/\/www.humanium.org\/de\/wp-content\/uploads\/2023\/07\/Shutterstock_2182547113-1-230x230.jpg 230w, https:\/\/www.humanium.org\/de\/wp-content\/uploads\/2023\/07\/Shutterstock_2182547113-1-350x350.jpg 350w\" sizes=\"auto, (max-width: 400px) 100vw, 400px\" \/><\/figure>\n<\/div><\/div>\n<\/div>\n\n\n\n<p><strong>St. Kitts und Nevis hat einer betr\u00e4chtlichen Anzahl internationaler Ma\u00dfnahmen zum Schutz von Kinderrechten zugestimmt. Dennoch untergraben die fehlenden Daten zu jungen Menschen im Land sowie eine Historie aus Strafverfahren und <a href=\"https:\/\/www.humanium.org\/de\/misshandlung\/\">k\u00f6rperlicher Z\u00fcchtigung<\/a> jugendlicher T\u00e4ter den Schutz von Kindern auf St. Kitts und Nevis. Versch\u00e4rft wird dies durch archaische Vorschriften, die die <a href=\"https:\/\/www.humanium.org\/de\/lgbtq-kinder\/\">LGBT<\/a>-Community nicht sch\u00fctzen.<\/strong><\/p>\n\n\n\n<iframe src=\"https:\/\/www.google.com\/maps\/embed?pb=!1m18!1m12!1m3!1d243863.38184140713!2d-62.83668626074322!3d17.249551051549435!2m3!1f0!2f0!3f0!3m2!1i1024!2i768!4f13.1!3m3!1m2!1s0x8c12196ec68a720d%3A0xdee99ac69a1d86e8!2sSt%20Kitts%20%26%20Nevis!5e0!3m2!1sen!2sfr!4v1688830379788!5m2!1sen!2sfr\" width=\"600\" height=\"450\" style=\"border:0;\" allowfullscreen=\"\" loading=\"lazy\" referrerpolicy=\"no-referrer-when-downgrade\"><\/iframe>\n\n\n\n<div class=\"wp-block-columns is-layout-flex wp-container-core-columns-is-layout-9d6595d7 wp-block-columns-is-layout-flex\">\n<div class=\"wp-block-column is-layout-flow wp-block-column-is-layout-flow\">\n<p><strong>Bev\u00f6lkerung :<\/strong>&nbsp;53.19 Millionen<br><strong>Bev. 0-14 Jahren :<\/strong>&nbsp;Keine Daten verf\u00fcgbar<\/p>\n<\/div>\n\n\n\n<div class=\"wp-block-column is-layout-flow wp-block-column-is-layout-flow\">\n<p><strong>Lebenserwartung :<\/strong>&nbsp;71.3 Jahre<br><strong>Kindersterblichkeit :<\/strong>&nbsp;15\u2030<\/p>\n<\/div>\n<\/div>\n\n\n\n<h2 class=\"wp-block-heading\"><strong>St. Kitts und Nevis auf einen Blick<\/strong><\/h2>\n\n\n\n<p>St. Kitts und Nevis oder amtlich F\u00f6deration von St. Kitts und Nevis ist ein kleiner, aus zwei Inseln bestehender Staat der Kleinen Antillen im Osten der Karibik. Die Hauptstadt Basseterre befindet sich auf St. Kitts.<\/p>\n\n\n\n<p>Bei seiner zweiten Reise 1493 benannte Christopher Columbus die Insel in St. Kitts bzw. St. Christopher um, nach seinem Schutzheiligen. Sp\u00e4ter wurde der Name der Insel von&nbsp; <a href=\"https:\/\/www.humanium.org\/de\/vereinigteskonigreich\/\">englischen<\/a>&nbsp; Siedlern, die 1623 mit Gr\u00fcndung der ersten <a href=\"https:\/\/www.humanium.org\/de\/vereinigteskonigreich\/\">englischen<\/a> Kolonie dort eintrafen, zu St. Kitts abgek\u00fcrzt. Zwei Jahre sp\u00e4ter, im Jahr 1625, kamen die <a href=\"https:\/\/www.humanium.org\/de\/frankreich\/\">Franzosen<\/a>, und die Insel fiel, angef\u00fchrt von Pierre B\u00e9lain sieur d\u2019Esnambuc, unter franz\u00f6sische Kolonialherrschaft.<\/p>\n\n\n\n<p>Im 17. Jahrhundert war die Insel zwischen <a href=\"https:\/\/www.humanium.org\/de\/frankreich\/\">Franzosen<\/a> und Engl\u00e4ndern aufgeteilt. 1783, nach Unterzeichnung des Friedens von Paris, gelangte die Insel wieder unter die Herrschaft Gro\u00dfbritanniens (Momsen, 2021). St. Kitts und Nevis erlangte 1983 die Unabh\u00e4ngigkeit und ist seither ein unabh\u00e4ngiges Mitglied des Commonwealth mit dem <a href=\"https:\/\/www.humanium.org\/de\/vereinigteskonigreich\/\">britisch<\/a>en Monarchen als Staatsoberhaupt (Momsen, 2021).<\/p>\n\n\n\n<p>Christopher Columbus sichtete die benachbarte Insel 1493 und gab ihr wegen der Wolken auf ihrem Gipfel &#8211; <em>las nieves (Schnee) &#8211; <\/em>den Namen Nevis. Die Insel war als Resultat vulkanischer Aktivit\u00e4t entstanden und wurde sp\u00e4ter, im Jahr 1628, von englischen Siedlern okkupiert (Momsen, 2021).<\/p>\n\n\n\n<p>St. Kitts, die erste Insel, misst 68 Quadratmeilen (172 Quadratkilometer). Im Zentrum der Insel befindet sich eine vulkanische Bergkette, der Mount Liamuiga (fr\u00fcher bekannt als Mount Misery). Nevis, die zweite Insel, liegt 2 Meilen (3 Kilometer) von St. Kitts entfernt, getrennt durch die Meerenge The Narrows. Ihre Gr\u00f6\u00dfe betr\u00e4gt 36 Quadratmeilen (93 Quadratkilometer) und sie ist von Korallenriffen umgeben (Momsen, 2021).<\/p>\n\n\n\n<h2 class=\"wp-block-heading\"><strong>Status der Kinderrechte<\/strong><\/h2>\n\n\n<div class=\"wp-block-image\">\n<figure class=\"alignleft size-large is-resized\"><img loading=\"lazy\" decoding=\"async\" width=\"1024\" height=\"678\" src=\"https:\/\/www.humanium.org\/de\/wp-content\/uploads\/2023\/07\/shutterstock_1242361885-1024x678.jpg\" alt=\"\" class=\"wp-image-16808\" style=\"width:283px;height:188px\" srcset=\"https:\/\/www.humanium.org\/de\/wp-content\/uploads\/2023\/07\/shutterstock_1242361885-1024x678.jpg 1024w, https:\/\/www.humanium.org\/de\/wp-content\/uploads\/2023\/07\/shutterstock_1242361885-300x199.jpg 300w, https:\/\/www.humanium.org\/de\/wp-content\/uploads\/2023\/07\/shutterstock_1242361885-768x509.jpg 768w, https:\/\/www.humanium.org\/de\/wp-content\/uploads\/2023\/07\/shutterstock_1242361885-1536x1018.jpg 1536w, https:\/\/www.humanium.org\/de\/wp-content\/uploads\/2023\/07\/shutterstock_1242361885-2048x1357.jpg 2048w, https:\/\/www.humanium.org\/de\/wp-content\/uploads\/2023\/07\/shutterstock_1242361885-830x550.jpg 830w, https:\/\/www.humanium.org\/de\/wp-content\/uploads\/2023\/07\/shutterstock_1242361885-230x152.jpg 230w, https:\/\/www.humanium.org\/de\/wp-content\/uploads\/2023\/07\/shutterstock_1242361885-350x232.jpg 350w, https:\/\/www.humanium.org\/de\/wp-content\/uploads\/2023\/07\/shutterstock_1242361885-480x318.jpg 480w\" sizes=\"auto, (max-width: 1024px) 100vw, 1024px\" \/><\/figure>\n<\/div>\n\n\n<p>St. Kitts und Nevis hat sich zu verschiedenen internationalen Ma\u00dfnahmen zum Schutz der Kinderrechte bekannt. 1990 ratifizierte die Regierung die <a href=\"https:\/\/www.humanium.org\/de\/konvention\/\">UN-Kinderrechtskonvention<\/a> (CRC). Das Land ist au\u00dferdem Vertragspartei weiterer internationaler Menschenrechtsinstrumente wie der <a href=\"https:\/\/www.humanium.org\/de\/konvention-beseitigung-jeder-form-von-diskriminierung-der-frau\/\">UN-Frauenrechtskonvention<\/a> (CEDAW), die 1985 ratifiziert wurde, des Fakultativprotokolls von 2006 sowie der Konvention von 2020 gegen Folter und andere grausame, inhumane oder degradierende Behandlung oder Bestrafung.<\/p>\n\n\n\n<p>Die Regierung hat das <a href=\"https:\/\/www.humanium.org\/de\/protokoll-beteiligung-von-kindern-konflikten\/\">Fakultativprotokoll zum \u00dcbereinkommen \u00fcber die Rechte des Kindes, \u00fcber die Beteiligung von Kindern an bewaffneten Konflikten <\/a>sowie <a href=\"https:\/\/www.humanium.org\/de\/zusatzprotokoll-zur-kinderrechts-konvention-betreffend-kinderhandel-kinderprostitution-und-kinderpornographie-2000\/\">zu Kinderhandel, Kinderprostitution und Kinderpornografie <\/a>weder unterzeichnet noch ratifiziert. Nichtsdestotrotz hat die Regierung ihr Engagement demonstriert, Kinder durch den Trafficking in Persons (Prevention) Act No. 2 (Gesetz zur Verhinderung von Menschenhandel) aus dem Jahr 2008, den Electronic Crimes Act No. 6 (Gesetz zur Verhinderung von Computerkriminalit\u00e4t) aus dem Jahr 2012 und den Customs (Control and Management) Act (Zollaufsichts- und Verwaltungsgesetz) zu sch\u00fctzen. St. Kitts und Nevis hat alle entscheidenden internationalen Konventionen zur Kinderarbeit einschlie\u00dflich des <a href=\"https:\/\/www.humanium.org\/de\/ubereinkommen-uber-das-mindestalter-fur-die-zulassung-zur-beschaftigung\/\">\u00dcbereinkommens \u00fcber das Mindestalter f\u00fcr die Zulassung zur Besch\u00e4ftigung <\/a>der Internationalen Arbeitsorganisation (ILO) von 1973 (No. 138) und des <a href=\"https:\/\/www.humanium.org\/de\/konvention-182\/?gclid=Cj0KCQiA-JacBhC0ARIsAIxybyOGeGB6zeWaGtetFJehPzOr5UcgCVh1w5spkFIRGreAeQV1lOHGdOoaAhP1EALw_wcB\">\u00dcbereinkommens \u00fcber die schlimmsten Formen der Kinderarbeit <\/a>von 1999 (No. 182) ratifiziert.<\/p>\n\n\n\n<p>St. Kitts und Nevis ist Mitglied der Organisation Amerikanischer Staaten (OAS) und an das interamerikanische System der Menschenrechte gebunden. 1995 ratifizierte die Regierung die interamerikanische Konvention zur Verhinderung, Bestrafung und Beseitigung von Gewalt gegen Frauen (bekannt als <em>Bel\u00e9mdo Par\u00e1 Convention). <\/em>Auf nationaler Ebene hat die Regierung Schritte unternommen, Kinder vor Gewalt, Vernachl\u00e4ssigung, Missbrauch und Ausbeutung zu sch\u00fctzen. <\/p>\n\n\n\n<p>Ebenso sollen Kinder, die mit dem Gesetz in Konflikt geraten sind, unter Schutz gestellt werden. Zu diesem Zweck wurden nationale Gesetze verabschiedet und in Kraft gesetzt. Dazu z\u00e4hlen die Child Care and Adoption Bill (Gesetz zur Kinderf\u00fcrsorge und Adoption), die Domestic Violence Bill (Gesetz zu h\u00e4uslicher Gewalt), die Child Justice Bill (Gesetz zu Straftaten im Kindesalter), die Child Maintenance Bill (Gesetz zum Kindesunterhalt) sowie die Guardianship, Custody and Access Bill (Gesetz zu Vormundschaft, Sorgerecht und Umgangsrecht) (UNICEF, 2021).<\/p>\n\n\n\n<h2 class=\"wp-block-heading\"><strong>Auf die Bed\u00fcrfnisse von Kindern eingehen<\/strong> <a href=\"https:\/\/www.humanium.org\/de\/wp-admin\/post.php?post=6287&amp;action=edit#_ftn1\"><strong>[1]<\/strong><\/a><\/h2>\n\n\n\n<h3 class=\"wp-block-heading\"><strong>Recht auf Bildung<\/strong><\/h3>\n\n\n<div class=\"wp-block-image\">\n<figure class=\"alignright size-large is-resized\"><img loading=\"lazy\" decoding=\"async\" width=\"1024\" height=\"683\" src=\"https:\/\/www.humanium.org\/de\/wp-content\/uploads\/2023\/07\/shutterstock_1286206048-1024x683.jpg\" alt=\"\" class=\"wp-image-16810\" style=\"width:286px;height:191px\" srcset=\"https:\/\/www.humanium.org\/de\/wp-content\/uploads\/2023\/07\/shutterstock_1286206048-1024x683.jpg 1024w, https:\/\/www.humanium.org\/de\/wp-content\/uploads\/2023\/07\/shutterstock_1286206048-300x200.jpg 300w, https:\/\/www.humanium.org\/de\/wp-content\/uploads\/2023\/07\/shutterstock_1286206048-768x512.jpg 768w, https:\/\/www.humanium.org\/de\/wp-content\/uploads\/2023\/07\/shutterstock_1286206048-1536x1024.jpg 1536w, https:\/\/www.humanium.org\/de\/wp-content\/uploads\/2023\/07\/shutterstock_1286206048-2048x1365.jpg 2048w, https:\/\/www.humanium.org\/de\/wp-content\/uploads\/2023\/07\/shutterstock_1286206048-830x553.jpg 830w, https:\/\/www.humanium.org\/de\/wp-content\/uploads\/2023\/07\/shutterstock_1286206048-230x153.jpg 230w, https:\/\/www.humanium.org\/de\/wp-content\/uploads\/2023\/07\/shutterstock_1286206048-350x233.jpg 350w, https:\/\/www.humanium.org\/de\/wp-content\/uploads\/2023\/07\/shutterstock_1286206048-480x320.jpg 480w, https:\/\/www.humanium.org\/de\/wp-content\/uploads\/2023\/07\/shutterstock_1286206048-272x182.jpg 272w\" sizes=\"auto, (max-width: 1024px) 100vw, 1024px\" \/><\/figure>\n<\/div>\n\n\n<p>St. Kitts und Nevis war das erste karibische Land, das 1968 eine allgemeine weiterf\u00fchrende <a href=\"https:\/\/www.humanium.org\/de\/recht-bildung-weltweit\/?gclid=Cj0KCQiA-JacBhC0ARIsAIxybyO7vRD-XcCAMKM-Z0HTOxBYcgJIMwwIBdcLMAtM9BDSAKkmxzrg6j4aAsi9EALw_wcB\">Schulbildung<\/a> einf\u00fchrte \u2013 ein Meilenstein, der dem Staat den Weg zu einer Alphabetisierungsrate von 98% ebnete. Eine universelle Grundschulbildung hatte f\u00fcr die Regierung in ihrem Bestreben, gleiche Chancen f\u00fcr Jungen und M\u00e4dchen zu erm\u00f6glichen, Priorit\u00e4t. Bis Mitte der 80er-Jahre war eine kostenlose und verpflichtende Schulbildung f\u00fcr 5- bis 16-J\u00e4hrige realisiert. (UNICEF, 2017). <\/p>\n\n\n\n<p>2016 waren die Einschulungsraten hoch; der Besuch einer weiterf\u00fchrenden Schule lag mit 100% f\u00fcr M\u00e4dchen h\u00f6her als f\u00fcr Jungen (96%). (UNICEF, 2021).<\/p>\n\n\n\n<p>Auf regionaler Ebene gibt es vier Gesetzesrahmen, die die Entwicklung und die Standards der <a href=\"https:\/\/www.humanium.org\/de\/recht-bildung-weltweit\/?gclid=Cj0KCQiA-JacBhC0ARIsAIxybyO7vRD-XcCAMKM-Z0HTOxBYcgJIMwwIBdcLMAtM9BDSAKkmxzrg6j4aAsi9EALw_wcB\">Bildung<\/a> in der Region bestimmen: (1) Regional Policy on Gender Equality and Social Justice 1995 (Regionale Richtlinie zu Gendergleichheit und Sozialer Gerechtigkeit); (2) Education for All in the Caribbean: A plan of Action for 2000-2015 (Bildung f\u00fcr Alle in der Karibik: Ein Aktionsplan f\u00fcr 2000-2015); (3) The Regional Framework for Action on Children 2012-2015 (Regionales Rahmenabkommen zu Ma\u00dfnahmen Kinder betreffend 2012-2015 sowie (4) The Montego Bay Declaration (Montego Bay Erkl\u00e4rung). Auf nationaler Ebene unterliegt die Bildung dem Education Act (Schulgesetz) von 2005, das die fr\u00fchkindliche Bildung bis hin zur Hochschulbildung regelt. (UNICEF, 2017).<\/p>\n\n\n\n<p>Die Regierung legt gro\u00dfen Wert auf Bildung und investiert 16% des Landesbudgets in den <a href=\"https:\/\/www.humanium.org\/en\/right-to-education\/\">Bildungs<\/a>sektor. Auf St. Kitts gibt es siebzehn staatliche Grundschulen und sechs Gymnasien. Auf Nevis gibt es sieben staatliche Grundschulen und zwei Gymnasien (Ministry of Community Development, Gender Affairs and Social Services, (Ministerium f\u00fcr Kommunalentwicklung, Genderangelegenheiten und Soziale Dienste, 2021).<\/p>\n\n\n\n<p>In den staatlichen Schulen auf St. Kitts erhalten die Kinder kostenfreie Mahlzeiten im Rahmen des Programms zum Schulessen. Auf Nevis kostet das <a href=\"https:\/\/www.humanium.org\/de\/recht-nahrung-welt\/\">Schulessen<\/a> $25 pro Woche. F\u00fcr Familien, die sich den Betrag nicht leisten k\u00f6nnen, existiert ein Antragsverfahren: Bei einem positiven Bescheid gew\u00e4hren die sozialen Dienste und lokale Unternehmen finanzielle Unterst\u00fctzung (Ministry of Community Development, Gender Affairs and Social Services, 2021). <\/p>\n\n\n\n<p>Dar\u00fcber hinaus stellt der vom Bildungsministerium verwaltete Student Education Learning Fund (Schulbildungsfond) Sch\u00fclern kostenfreie Lehrb\u00fccher zur Verf\u00fcgung, die zum Ende des Schuljahres zur\u00fcckgegeben werden m\u00fcssen. (Ministry of Community Development, Gender Affairs and Social Services, 2021).<\/p>\n\n\n\n<h3 class=\"wp-block-heading\"><strong>Recht auf Gesundheit<\/strong><\/h3>\n\n\n\n<p>Das Gesundheitsministerium ist verantwortlich f\u00fcr alle <a href=\"https:\/\/www.humanium.org\/de\/das-recht-auf-gesundheit\/\">Gesundheits<\/a>dienste im Land. Es gibt keine nationale Krankenversicherung, jedoch sind f\u00fcr Kinder unter 18 und Erwachsene \u00fcber 62 alle <a href=\"https:\/\/www.humanium.org\/de\/das-recht-auf-gesundheit\/\">Gesundheits<\/a>leistungen kostenfrei. Das Gleiche gilt f\u00fcr Schwangere. (Krankenversicherung Pacific Prime, ohne Datum).<\/p>\n\n\n\n<p>Auf St. Kitts gibt es elf und auf Nevis vier Gesundheitszentren sowie insgesamt vier Krankenh\u00e4user, von denen zwei Referenzkrankenh\u00e4user und zwei Bezirkskrankenh\u00e4user sind. Das Land hat keine privaten Krankenh\u00e4user oder Kliniken (Krankenversicherung Pacific Prime, ohne Datum).<\/p>\n\n\n\n<h3 class=\"wp-block-heading\"><strong>Recht auf sauberes Wasser und sanit\u00e4re Versorgung<\/strong><\/h3>\n\n\n\n<p>Nach einem UNICEF-Bericht vom Juli 2021 haben 99% der Menschen auf St. Kitts und Nevis Zugang zu sauberem <a href=\"https:\/\/www.humanium.org\/de\/recht-wasser\/\">Trinkwasser<\/a> durch eine verbesserte Wasserquelle, 92% der Einwohner haben Zugang zu einer sanit\u00e4ren Grundversorgung (UNICEF, 2021).<\/p>\n\n\n\n<p>Der Inselstaat erlebt h\u00e4ufig Wasserknappheit. D\u00fcrre stellt eine besonders gro\u00dfe Gefahr dar, da die j\u00e4hrliche Niederschlagsmenge weniger als 50 Inches (127 cm) betr\u00e4gt. Der s\u00fcd\u00f6stliche Teil der Inselgruppe, insbesondere Charleston und Butlers Manning, sind davon am st\u00e4rksten betroffen (OCHA [Amt der Vereinten Nationen f\u00fcr die Koordinierung humanit\u00e4rer Angelegenheiten], 2022)<\/p>\n\n\n\n<h3 class=\"wp-block-heading\"><strong>Recht auf Identit\u00e4t<\/strong><\/h3>\n\n\n\n<p>Aufgrund der einmaligen soziopolitischen Historie des Landes legt Artikel 92 der Verfassung fest, dass Personen, die vor September 1983 geboren wurden, die <a href=\"https:\/\/www.humanium.org\/de\/vereinigteskonigreich\/\">Britisch<\/a>e Staatsb\u00fcrgerschaft erhalten. Die danach Geborenen sind B\u00fcrger*innen von St. Kitts und Nevis. (Ministry of Community Development, Gender Affairs and Social Services (Ministerium f\u00fcr Kommunalentwicklung, Genderangelegenheiten und Soziale Dienste), 2021). <\/p>\n\n\n\n<p>Der Prozess der <a href=\"https:\/\/www.humanium.org\/de\/recht-auf-identitat\/\">Geburtenregistrierung <\/a>beginnt im Krankenhaus, alle Daten werden an das Geburtenregister weitergeleitet, um sicherzustellen, dass ein offizielles Dokument \u00fcber die Geburt des Kindes ausgestellt wird. Sobald der <a href=\"https:\/\/www.humanium.org\/de\/recht-auf-identitat\/\">Name<\/a> registriert ist, ist die <a href=\"https:\/\/www.humanium.org\/de\/recht-auf-identitat\/\">Identit\u00e4t<\/a> des Kindes festgelegt. (Ministry of Community Development, Gender Affairs and Social Services, 2021).<\/p>\n\n\n\n<p>Bei der Geburt erhalten sowohl ehelich als auch unehelich geborene Kinder den Familiennamen ihres Vaters. Die Vaterschaft kann auf verschiedene Weise im Einklang mit dem Status of Children Act (Gesetz zur Rechtsstellung von Kindern) erkl\u00e4rt und nachgewiesen werden. Dieses Gesetz verwirklicht auch Artikel 15 der Verfassung, indem es unehelich geborenen Kindern gleiche Rechte und gleichen Schutz gew\u00e4hrt. (Ministry of Community Development, Gender Affairs and Social Services, 2021).<\/p>\n\n\n\n<h2 class=\"wp-block-heading\"><strong>Risikofaktoren \u2013 Landesspezifische Herausforderungen<\/strong><\/h2>\n\n\n\n<h3 class=\"wp-block-heading\"><strong>Gewalt<\/strong><\/h3>\n\n\n\n<p>Laut Artikel 49 des Education Act (Schulgesetz), \u201edarf k\u00f6rperliche Z\u00fcchtigung angewendet werden, wenn keine anderen Strafma\u00dfnahmen geeignet oder wirksam erscheinen\u201c (Ministry of Community Development, Gender Affairs and Social Services, 2021). <a href=\"https:\/\/www.humanium.org\/de\/misshandlung\/\">K\u00f6rperliche Z\u00fcchtigung <\/a>darf an den Handfl\u00e4chen der Sch\u00fcler*innen ausgef\u00fchrt werden, wobei an einem Tag nicht mehr als vier Schl\u00e4ge erlaubt sind. <\/p>\n\n\n\n<p>Das Instrument, mit dem dies gestattet und vom Chief Education Officer (Schulaufsichtsbeh\u00f6rde) empfohlen wird, ist ein Lederriemen von 46 cm L\u00e4nge. Die Person, die die Bestrafung ausf\u00fchrt, muss vom gleichen Geschlecht wie der Sch\u00fcler oder die Sch\u00fclerin sein und es muss ein weiteres Mitglied der Lehrerschaft, ebenfalls gleichen Geschlechts, anwesend sein. (Ministry of Community Development, Gender Affairs and Social Services, 2021).<\/p>\n\n\n\n<p><a href=\"https:\/\/www.humanium.org\/de\/misshandlung\/\">K\u00f6rperliche Z\u00fcchtigung <\/a>hat im Laufe der Zeit erheblich abgenommen \u2013 von 55% im Jahr 2014 zu 39% 2019 (UNICEF, 2021). Obwohl die k\u00f6rperliche Z\u00fcchtigung noch immer existiert, wird sie h\u00e4ufig als allerletztes Mittel eingesetzt. \u00dcblicher ist es, dass Lehrer*innen die Sch\u00fcler*innen als Disziplinarma\u00dfnahme sauber machen oder etwas schreiben lassen. <\/p>\n\n\n\n<p>Mit der Unterst\u00fctzung von UNICEF rief das Bildungsministerium 2017 das Effective Schools Framework (Rahmenprogramm f\u00fcr effektive Schulen) ins Leben, welches sich die Bereitstellung einer sicheren und gesunden Lernumgebung f\u00fcr alle Kinder zum Ziel gemacht hat. Das Programm zielt darauf ab, positive Verhaltensmanagement-Techniken zu trainieren, die in den Schulen eingesetzt werden, um positives Verhalten zu belohnen (Ministry of Community Development, Gender Affairs and Social Services, 2021).<\/p>\n\n\n\n<h3 class=\"wp-block-heading\"><strong>Diskriminierung<\/strong><\/h3>\n\n\n\n<p>Auf St. Kitts und Nevis gibt es strenge Gesetze gegen Unzucht, die die <a href=\"https:\/\/www.humanium.org\/de\/lgbtq-kinder\/\">lesbische, schwule, bisexuelle und Transgender Community (LGBT)<\/a> diskriminieren. <\/p>\n\n\n<div class=\"wp-block-image\">\n<figure class=\"alignleft size-large is-resized\"><img loading=\"lazy\" decoding=\"async\" width=\"1024\" height=\"683\" src=\"https:\/\/www.humanium.org\/de\/wp-content\/uploads\/2023\/07\/shutterstock_1882429048-1024x683.jpg\" alt=\"\" class=\"wp-image-16811\" style=\"width:310px;height:206px\" srcset=\"https:\/\/www.humanium.org\/de\/wp-content\/uploads\/2023\/07\/shutterstock_1882429048-1024x683.jpg 1024w, https:\/\/www.humanium.org\/de\/wp-content\/uploads\/2023\/07\/shutterstock_1882429048-300x200.jpg 300w, https:\/\/www.humanium.org\/de\/wp-content\/uploads\/2023\/07\/shutterstock_1882429048-768x512.jpg 768w, https:\/\/www.humanium.org\/de\/wp-content\/uploads\/2023\/07\/shutterstock_1882429048-1536x1024.jpg 1536w, https:\/\/www.humanium.org\/de\/wp-content\/uploads\/2023\/07\/shutterstock_1882429048-2048x1365.jpg 2048w, https:\/\/www.humanium.org\/de\/wp-content\/uploads\/2023\/07\/shutterstock_1882429048-830x553.jpg 830w, https:\/\/www.humanium.org\/de\/wp-content\/uploads\/2023\/07\/shutterstock_1882429048-230x153.jpg 230w, https:\/\/www.humanium.org\/de\/wp-content\/uploads\/2023\/07\/shutterstock_1882429048-350x233.jpg 350w, https:\/\/www.humanium.org\/de\/wp-content\/uploads\/2023\/07\/shutterstock_1882429048-480x320.jpg 480w, https:\/\/www.humanium.org\/de\/wp-content\/uploads\/2023\/07\/shutterstock_1882429048-272x182.jpg 272w\" sizes=\"auto, (max-width: 1024px) 100vw, 1024px\" \/><\/figure>\n<\/div>\n\n\n<p>\u00c4hnliche Gesetze bestehen in anderen L\u00e4ndern der \u00f6stlichen Karibik wie <a href=\"https:\/\/www.humanium.org\/de\/kinder-auf-antigua-und-barbuda\/\">Antigua und Barbuda<\/a>, <a href=\"https:\/\/www.humanium.org\/de\/barbados\/?gclid=Cj0KCQiA-JacBhC0ARIsAIxybyM_-eGubpbV_ummckuWJaSVaOX1u2XCAo_r2DMEhGcISl_lP1_9aFUaAgbREALw_wcB\">Barbados<\/a>, <a href=\"https:\/\/www.humanium.org\/de\/kinder-in-dominica\/\">Dominica<\/a>, <a href=\"https:\/\/www.humanium.org\/de\/grenada\/\">Grenada<\/a>, <a href=\"https:\/\/www.humanium.org\/de\/st-lucia\/\">St. Lucia<\/a> sowie <a href=\"https:\/\/www.humanium.org\/de\/st-vincent-und-die-grenadinen\/\">St. Vincent und die Grenadinen<\/a>. Diese Gesetze sind Relikte des Kolonialismus und diskriminieren die LGBT-Community. Zivilgesellschaftliche Organisationen und Aktivist*innen auf St. Kitts und Nevis arbeiten daran, die LGBT-Rechte zu st\u00e4rken, indem sie das \u00f6ffentliche Bewusstsein sch\u00e4rfen und Menschenrechtsverletzungen aufdecken, denen die Community ausgesetzt ist (Human Rights Watch, 2018).<\/p>\n\n\n\n<p>W\u00e4hrend der 41. Sitzung des UN-Menschenrechtsrates in Genf wurde St. Kitts und Nevis aufgefordert, gleichgeschlechtliche Beziehungen zu entkriminalisieren. Dem muss das Land noch nachkommen: Artikel 56 und 57 des Offences Against the Person Act (Gesetz \u00fcber Strafbare Handlungen gegen Personen) verbieten gleichgeschlechtliche Beziehungen, was das internationale Menschenrechtsgesetz verletzt und negative Auswirkungen auf das Leben von <a href=\"https:\/\/www.humanium.org\/en\/lgbtq-children\/\">LGBT<\/a> Personen hat. (Human Rights Watch, 2021).<\/p>\n\n\n\n<p>Die Regierung hat den International Covenant on Civil and Political Rights (Internationaler Pakt \u00fcber b\u00fcrgerliche und politische Rechte, ICCPR) weder unterzeichnet noch ratifiziert. Es w\u00fcrde der Regierung die Verpflichtung auferlegen, b\u00fcrgerliche und politische Rechte zu wahren und damit einen besseren Schutz der <a href=\"https:\/\/www.humanium.org\/de\/lgbtq-kinder\/\">LGBT<\/a>-Community zu gew\u00e4hrleisten (UNICEF, 2017). <\/p>\n\n\n\n<p>In einer Reihe von Gespr\u00e4chen, die Human Rights Watch mit der <a href=\"https:\/\/www.humanium.org\/de\/lgbtq-kinder\/\">LGBT<\/a> Community gef\u00fchrt hat, brachten die Gespr\u00e4chsteilnehmer*innen Gef\u00fchle von Zur\u00fcckweisung, Schikanierung, Stigmatisierung, \u00c4chtung sowie der Angst vor k\u00f6rperlicher Gewalt zum Ausdruck. Die Gesetze gegen Unzucht verbieten es<a href=\"https:\/\/www.humanium.org\/de\/lgbtq-kinder\/\"> LGBT<\/a>-Personen, jeglichen <a href=\"https:\/\/www.humanium.org\/en\/abuse\/\">Missbrauch,<\/a> dem sie ausgesetzt sind, anzuzeigen (Human Rights Watch, 2018).<\/p>\n\n\n\n<h3 class=\"wp-block-heading\"><strong>Genderbasierte Gewalt<\/strong><\/h3>\n\n\n<div class=\"wp-block-image\">\n<figure class=\"alignright size-large is-resized\"><img loading=\"lazy\" decoding=\"async\" width=\"1024\" height=\"678\" src=\"https:\/\/www.humanium.org\/de\/wp-content\/uploads\/2023\/07\/shutterstock_1067962313-1024x678.jpg\" alt=\"\" class=\"wp-image-16809\" style=\"width:305px;height:202px\" srcset=\"https:\/\/www.humanium.org\/de\/wp-content\/uploads\/2023\/07\/shutterstock_1067962313-1024x678.jpg 1024w, https:\/\/www.humanium.org\/de\/wp-content\/uploads\/2023\/07\/shutterstock_1067962313-300x199.jpg 300w, https:\/\/www.humanium.org\/de\/wp-content\/uploads\/2023\/07\/shutterstock_1067962313-768x509.jpg 768w, https:\/\/www.humanium.org\/de\/wp-content\/uploads\/2023\/07\/shutterstock_1067962313-1536x1017.jpg 1536w, https:\/\/www.humanium.org\/de\/wp-content\/uploads\/2023\/07\/shutterstock_1067962313-2048x1356.jpg 2048w, https:\/\/www.humanium.org\/de\/wp-content\/uploads\/2023\/07\/shutterstock_1067962313-830x550.jpg 830w, https:\/\/www.humanium.org\/de\/wp-content\/uploads\/2023\/07\/shutterstock_1067962313-230x152.jpg 230w, https:\/\/www.humanium.org\/de\/wp-content\/uploads\/2023\/07\/shutterstock_1067962313-350x232.jpg 350w, https:\/\/www.humanium.org\/de\/wp-content\/uploads\/2023\/07\/shutterstock_1067962313-480x318.jpg 480w\" sizes=\"auto, (max-width: 1024px) 100vw, 1024px\" \/><\/figure>\n<\/div>\n\n\n<p>Zwischen 2010 und 2014 gab es 521 gemeldete F\u00e4lle von <a href=\"https:\/\/www.humanium.org\/de\/misshandlung\/\">Kindesmissbrauch<\/a> und <a href=\"https:\/\/www.humanium.org\/de\/misshandlung\/\">Vernachl\u00e4ssigung<\/a> auf St. Kitts und Nevis. Eine Mehrheit dieser Verbrechen wurde an M\u00e4dchen ver\u00fcbt sowie als <a href=\"https:\/\/www.humanium.org\/de\/misshandlung\/\">sexueller<\/a> und <a href=\"https:\/\/www.humanium.org\/de\/misshandlung\/\">emotionaler Missbrauch<\/a>, <a href=\"https:\/\/www.humanium.org\/de\/misshandlung\/\">Vernachl\u00e4ssigung<\/a> oder <a href=\"https:\/\/www.humanium.org\/en\/abuse\/\">K<\/a>indesaussetzung klassifiziert. Eine 2014 von UNICEF durchgef\u00fchrte Sozialstudie brachte zutage, dass ca. 40% der befragten Menschen nicht das Gef\u00fchl hatten, es sei \u201eihre Angelegenheit\u201d, Anzeige zu erstatten. <\/p>\n\n\n\n<p>80% f\u00fcrchteten negative Konsequenzen bzw. sch\u00e4mten sich, diesen Schritt zu gehen, und nahezu die H\u00e4lfte aller Befragten glaubte nicht, dass <a href=\"https:\/\/www.humanium.org\/de\/misshandlung\/\">Kindesmissbrauch<\/a> eine Meldung rechtfertige (UNICEF, 2017).<\/p>\n\n\n\n<h3 class=\"wp-block-heading\"><strong>Schwangerschaften im Jugendalter<\/strong><\/h3>\n\n\n\n<p>Auch wenn im Land nur sehr wenige Zahlen \u00fcber <a href=\"https:\/\/www.humanium.org\/de\/jugendsexualitat\/\">schwangere<\/a> Jugendliche existieren, bleibt dieses Thema im Fokus der Regierung. Seit 1996 sanken die Zahlen von Schwangerschaften im Jugendalter von 36% auf 12,7% im Jahr 2014. Dieser R\u00fcckgang wird der Einf\u00fchrung der \u201ePille danach\u201c zugeschrieben, und obwohl Schwangerschaftsunterbrechungen illegal sind, sind sie weiter zug\u00e4nglich. (UNICEF, 2021).<\/p>\n\n\n\n<p>Auf St. Kitts ist man mit 18 vollj\u00e4hrig und mit 16 <a href=\"https:\/\/www.humanium.org\/de\/jugendsexualitat\/\">sexuell<\/a> m\u00fcndig. Das Gesetz sieht vor, dass bis zur Vollj\u00e4hrigkeit das Einverst\u00e4ndnis der Eltern bei medizinischen Entscheidungen vorgelegt werden muss. Das bedeutet, dass M\u00e4dchen das Einverst\u00e4ndnis ihrer Eltern ben\u00f6tigen, um Zugang zu Verh\u00fctungsmitteln und anderen <a href=\"https:\/\/www.humanium.org\/de\/jugendsexualitat\/\">sexuellen<\/a> und reproduktiven Gesundheitsleistungen zu erhalten. (UNICEF, 2021).<\/p>\n\n\n\n<p>Trotz der Zunahme sexuell aktiven Jugendlichen gibt es in den <a href=\"https:\/\/www.humanium.org\/de\/recht-bildung-weltweit\/?gclid=Cj0KCQiA-JacBhC0ARIsAIxybyO7vRD-XcCAMKM-Z0HTOxBYcgJIMwwIBdcLMAtM9BDSAKkmxzrg6j4aAsi9EALw_wcB\">Schulen<\/a> keinerlei Verh\u00fctungsmittel, und die Bildungsinhalte zu sexueller Aufkl\u00e4rung sind begrenzt. Jedoch stellen die Gesundheitsdienste Kondome zur Verf\u00fcgung. Die Schulen erlauben <a href=\"https:\/\/www.humanium.org\/de\/jugendsexualitat\/\">schwangeren<\/a> Sch\u00fclerinnen, ihre <a href=\"https:\/\/www.humanium.org\/de\/recht-bildung-weltweit\/?gclid=Cj0KCQiA-JacBhC0ARIsAIxybyO7vRD-XcCAMKM-Z0HTOxBYcgJIMwwIBdcLMAtM9BDSAKkmxzrg6j4aAsi9EALw_wcB\">Schulbildung<\/a> so lange wie m\u00f6glich fortzuf\u00fchren und geben ihnen die M\u00f6glichkeit, nach der Entbindung an die Schule zur\u00fcckzukehren. (UNICEF, 2021).<\/p>\n\n\n\n<p>1997 rief das Department of Gender Affairs (Ministerium f\u00fcr Genderangelegenheiten) das \u201eProjekt Viola\u201c ins Leben, um jugendliche M\u00fctter bei ihrem Schulbesuch zu unterst\u00fctzen. Dieses Programm half dabei, die Kosten f\u00fcr die Kinderbetreuung zu sichern, w\u00e4hrend die M\u00fctter die <a href=\"https:\/\/www.humanium.org\/de\/recht-bildung-weltweit\/?gclid=Cj0KCQiA-JacBhC0ARIsAIxybyO7vRD-XcCAMKM-Z0HTOxBYcgJIMwwIBdcLMAtM9BDSAKkmxzrg6j4aAsi9EALw_wcB\">Schule<\/a> besuchten. (UNICEF, 2021).<\/p>\n\n\n\n<h3 class=\"wp-block-heading\"><strong>Jugendstrafrecht<\/strong><\/h3>\n\n\n\n<p>In der weiteren \u00d6stlichen und S\u00fcdlichen Karibik (ESC) gibt es einen historisch bedingten Trend zu einer Bestrafungskultur, die eher auf eine Vergeltung als auf Rehabilitation ausgelegt ist. Die L\u00e4nder in dieser Region ziehen es vor, T\u00e4ter f\u00fcr ihre Vergehen zu bestrafen, obwohl belegt ist, dass dieser Ansatz die Wahrscheinlichkeit von Wiederholungstaten erh\u00f6ht. (Barnes-Ceeney et al, 2021).<\/p>\n\n\n\n<p>Die <a href=\"https:\/\/www.humanium.org\/de\/themenschwerpunkte\/gewalt\/\">Mordrate<\/a> von 41.8 auf 100.000 Einwohner ist auf St. Kitts und Nevis fast sieben Mal h\u00f6her als im globalen Durchschnitt. Eine gro\u00dfe Unsicherheit erstickt wirtschaftliche Entwicklungen und f\u00fchrt zu Risiken f\u00fcr die k\u00f6rperliche und <a href=\"https:\/\/www.humanium.org\/de\/die-mentale-gesundheit-von-kindern\/?gclid=Cj0KCQiA-JacBhC0ARIsAIxybyPg-YGfNl-57S6ccF9Zzz4D6p3rmVr--PKDuHT_nXSWsBCjeOwX5kgaAizVEALw_wcB\">mentale<\/a> Gesundheit der betroffenen Communities. (Barnes-Ceeney et al, 2021).<\/p>\n\n\n\n<p>2012 wurde das New Horizons Co-ed Rehabilitation Centre (NHRC) als Teil der umfassenden Strategie der Regierung gegr\u00fcndet, um straff\u00e4llig gewordenen Kindern eine rehabilitierende F\u00fcrsorge Bem\u00fchen zuteilwerden zu lassen, im Bem\u00fchen, sie wieder in die Gesellschaft einzugliedern. Diese Einrichtung erm\u00f6glichte es, dass Kinder von erwachsenen Straft\u00e4tern im Gef\u00e4ngnis getrennt wurden. Die Bedingungen in der Einrichtung sind angemessen, und das Land hat die Praxis der Einzelhaft beendet. (CRIN, 2015).<\/p>\n\n\n\n<p>2013 verabschiedete die Regierung den Child Justice Act (CJA, Gesetz zu Straftaten im Kindesalter). Im Rahmen dieses Gesetzes wurden wesentliche Schritte unternommen, das Child Justice Committee (Komitee zu Straftaten im Kindesalter) ins Leben zu rufen. Dieses Komitee besteht aus einem Justizbeamten und zwei Sozialarbeiter*innen, die sich mit F\u00e4llen von <a href=\"https:\/\/www.humanium.org\/de\/rechtsprechung-fur-kinder\/\">Jugendkriminalit\u00e4t<\/a> befassen, Jugendlichen Resozialisierungsprogramme zuweisen und jenen, die mit dem Gesetz in Konflikt geraten sind, zur Seite stehen, um deren erfolgreiche Rehabilitierung und Reintegration sicherzustellen. Das Gesetz erh\u00f6hte au\u00dferdem das Alter der <a href=\"https:\/\/www.humanium.org\/de\/rechtsprechung-fur-kinder\/\">Strafm\u00fcndigkeit<\/a> von acht auf zw\u00f6lf Jahre. (Barnes-Ceeney et al, 2021).<\/p>\n\n\n\n<p>Ein im August 2021 ver\u00f6ffentlichter Bericht der USAID (Beh\u00f6rde der Vereinigten Staaten f\u00fcr Entwicklungszusammenarbeit) benannte <a href=\"https:\/\/www.humanium.org\/de\/kinder-und-sucht\/\">Drogenmissbrauch<\/a>, Bandenzugeh\u00f6rigkeit, <a href=\"https:\/\/www.humanium.org\/de\/themenschwerpunkte\/armut\/?gclid=Cj0KCQiA-JacBhC0ARIsAIxybyOCrnTnl3JyKt-yUD2J8zoWoUzpYgYIXlMixyjR-nTqTE2DlKmmI70aAhf6EALw_wcB\">Armut<\/a>, Korruption, die Rolle der Eltern und das <a href=\"https:\/\/www.humanium.org\/de\/recht-bildung-weltweit\/?gclid=Cj0KCQiA-JacBhC0ARIsAIxybyPRJrM7_DMOcZBdWFe4K46ihcsmYXr4-HfPpKbfpHRNhbQME-EoFW8aAvS2EALw_wcB\">Bildungs<\/a>system als Treiber straff\u00e4lligen Verhaltens (Barnes-Ceeney et al, 2021).<\/p>\n\n\n\n<p>Trotz lang etablierter Bestrafungspraktiken beginnt St. Kitts und Nevis, der <a href=\"https:\/\/www.humanium.org\/de\/rechtsprechung-fur-kinder\/\">Jugendkriminalit\u00e4t<\/a> mit mehr st\u00e4rkenden und rehabilitierenden Ans\u00e4tzen zu begegnen. Reintegration und Diversionsstrategien ben\u00f6tigen jedoch mehr finanzielle Mittel. Die Bew\u00e4hrungshelfer ben\u00f6tigen au\u00dferdem mehr Training und Monitoring, um die Einhaltung entsprechender Standards und die st\u00e4rkere Kontrolle sicherzustellen. (Barnes-Ceeney et al, 2021).<\/p>\n\n\n\n<p><em><strong>Geschrieben von Vanessa Cezarita Cordeiro<\/strong><\/em><\/p>\n\n\n\n<p><em><strong>Intern Korrektur gelesen von Aditi Partha<\/strong><\/em><\/p>\n\n\n\n<p><em><strong>\u00dcbersetzt von Sylvia Sander<\/strong><\/em><\/p>\n\n\n\n<p><em><strong>Korrektur gelesen von Sidonie R\u00fcschkamp<\/strong><\/em><\/p>\n\n\n\n<p><em><strong>Letztes Update am 7. August 2022<\/strong><\/em><\/p>\n\n\n\n<h4 class=\"wp-block-heading\">Quellen:<\/h4>\n\n\n\n<p class=\"has-small-font-size\">Barnes-Ceeney, K., Morse, B., Bhat, R., Aziz, A. (2021, August). \u201cEvaluation of juvenile justice sector reform implementation in St. Kitts and Nevis endline country report.\u201d Retrieved from USAID, accessed on 2 August 2022.<\/p>\n\n\n\n<p class=\"has-small-font-size\"><a href=\"https:\/\/archive.crin.org\/en\/library\/publications\/saint-kitts-and-nevis-childrens-rights-references-universal-periodic-review.html\" target=\"_blank\" rel=\"noreferrer noopener\">CRIN. (2015, November 11). \u201cSaint Kitts and Nevis: Children\u2019s rights references in the Universal Periodic Review.\u201d Retrieved from Child Rights International Network, accessed on 1 August 2022.<\/a><\/p>\n\n\n\n<p class=\"has-small-font-size\"><a href=\"https:\/\/www.unicef.org\/easterncaribbean\/media\/916\/file\/Situation-Analysis-of-Children-in-Saint-Kitts-and-Nevis-2017%20.pdf\" target=\"_blank\" rel=\"noreferrer noopener\">UNICEF. (2017). \u201cSituation analysis of children in Saint Kitts and Nevis.\u201d Retrieved from UNICEF Office for the Eastern Caribbean Area, accessed on31 July 2022.<\/a><\/p>\n\n\n\n<p class=\"has-small-font-size\"><a href=\"https:\/\/www.unicef.org\/easterncaribbean\/media\/2936\/file\/GenU%20St.%20Kitts%20fact%20sheet.pdf\" target=\"_blank\" rel=\"noreferrer noopener\">UNICEF. (2021, July). \u201cGeneration unlimited: the well-being of young people in St. Kitts and Nevis fact sheet.\u201d Retrieved from UNICEF Office for the Eastern Caribbean Area, accessed on 1 August 2022.<\/a><\/p>\n\n\n\n<p class=\"has-small-font-size\"><a href=\"https:\/\/reliefweb.int\/report\/saint-kitts-and-nevis\/saint-kitts-nevis-country-profile-may-2022\" target=\"_blank\" rel=\"noreferrer noopener\">OCHA. (2022, July 13). \u201cSaint Kitts and Nevis: country profile.\u201d Retrieved from UN Office for the Coordination of Humanitarian Affairs, accessed on 1 August 2022.<\/a><\/p>\n\n\n\n<p class=\"has-small-font-size\"><a href=\"https:\/\/www.britannica.com\/place\/Atlantic-Ocean\" target=\"_blank\" rel=\"noreferrer noopener\">Momsen, J.D. (2021, March 10). \u201cSaint Kitts and Nevis.\u201d Retrieved from Encyclopaedia Britannica, accessed on 1 August 2022.<\/a><\/p>\n\n\n\n<p class=\"has-small-font-size\"><a href=\"https:\/\/www.pacificprime.com\/country\/americas\/saint-kitts-and-nevis-health-insurance-pacific-prime-international\/\" target=\"_blank\" rel=\"noreferrer noopener\">Pacific Prime. (n.d). \u201cSaint Kitts and Nevis medical insurance.\u201d Retrieved from Pacific Prime, accessed on 1 August 2022.<\/a><\/p>\n\n\n\n<p class=\"has-small-font-size\">Ministry of Community Development, Gender Affairs and Social Services. (2021, November). \u201cSecond periodic report on the Convention of the Rights of the Child by Saint Kitts and Nevis.\u201d Retrieved from United Nations High Commissioner for Human Rights, accessed on 1 August 2022.<\/p>\n\n\n\n<p class=\"has-small-font-size\"><a href=\"https:\/\/www.hrw.org\/report\/2018\/03\/21\/i-have-leave-be-me\/discriminatory-laws-against-lgbt-people-eastern-caribbean\" target=\"_blank\" rel=\"noreferrer noopener\">Human Rights Watch. (2018, March 21). \u201c\u2019I have to leave to be me,\u2019 discriminatory laws against LGBT people in the Eastern Caribbean.\u201d Retrieved from Human Rights Watch, accessed on 2 August 2022.<\/a><\/p>\n\n\n\n<p class=\"has-small-font-size\"><a href=\"https:\/\/www.hrw.org\/news\/2021\/07\/08\/saint-kitts-and-nevis-universal-periodic-review-outcome-statement\" target=\"_blank\" rel=\"noreferrer noopener\">Human Rights Watch. (2021, July 8). \u201cSaint Kitts and Nevis Universal Periodic Review outcome statement.\u201d Retrieved from Human Rights Watch, accessed on 2 August 2022.<\/a><\/p>\n\n\n\n<hr class=\"wp-block-separator has-alpha-channel-opacity\"\/>\n\n\n\n<p class=\"has-small-font-size\"><a href=\"#_ftnref1\">[1]<\/a> Dieser Artikel hegt keinesfalls die Intention, einen vollst\u00e4ndigen bzw. repr\u00e4sentativen \u00dcberblick \u00fcber die Kinderrechte auf St. Kitts und Nevis zu geben. Denn eine der vielen Herausforderungen sind die sp\u00e4rlichen aktuellen Informationen zu Kindern auf St. Kitts und Nevis, wobei viele der Informationen unzuverl\u00e4ssig, nicht repr\u00e4sentativ, veraltet oder schlicht nicht vorhanden sind.&nbsp;&nbsp;<\/p>\n","protected":false},"excerpt":{"rendered":"<p>Verwirklichung von Kinderrechten auf St. Kitts und Nevis St. Kitts und Nevis hat einer betr\u00e4chtlichen Anzahl internationaler Ma\u00dfnahmen zum Schutz von Kinderrechten zugestimmt. Dennoch untergraben die fehlenden Daten zu jungen Menschen im Land sowie eine Historie aus Strafverfahren und k\u00f6rperlicher Z\u00fcchtigung jugendlicher T\u00e4ter den Schutz von Kindern auf St. Kitts und Nevis. Versch\u00e4rft wird dies [&hellip;]<\/p>\n","protected":false},"author":1,"featured_media":0,"parent":0,"menu_order":0,"comment_status":"closed","ping_status":"closed","template":"","meta":{"footnotes":""},"class_list":["post-5320","page","type-page","status-publish","hentry"],"yoast_head":"<!-- This site is optimized with the Yoast SEO plugin v26.5 - https:\/\/yoast.com\/wordpress\/plugins\/seo\/ -->\n<title>Kinder in St. Kitts und Nevis - Humanium<\/title>\n<meta name=\"description\" content=\"Der Schutz von Kindern im ganzen Land wird durch eine Reihe von Strafen und k\u00f6rperlichen Z\u00fcchtigungen f\u00fcr junge Straft\u00e4ter untergraben.\" \/>\n<meta name=\"robots\" content=\"index, follow, max-snippet:-1, max-image-preview:large, max-video-preview:-1\" \/>\n<link rel=\"canonical\" href=\"https:\/\/www.humanium.org\/de\/st-kitts-und-nevis\/\" \/>\n<meta property=\"og:locale\" content=\"de_DE\" \/>\n<meta property=\"og:type\" content=\"article\" \/>\n<meta property=\"og:title\" content=\"Kinder in St. Kitts und Nevis - Humanium\" \/>\n<meta property=\"og:description\" content=\"Der Schutz von Kindern im ganzen Land wird durch eine Reihe von Strafen und k\u00f6rperlichen Z\u00fcchtigungen f\u00fcr junge Straft\u00e4ter untergraben.\" \/>\n<meta property=\"og:url\" content=\"https:\/\/www.humanium.org\/de\/st-kitts-und-nevis\/\" \/>\n<meta property=\"og:site_name\" content=\"Humanium\" \/>\n<meta property=\"article:modified_time\" content=\"2025-12-06T06:40:53+00:00\" \/>\n<meta property=\"og:image\" content=\"https:\/\/www.humanium.org\/de\/wp-content\/uploads\/2023\/07\/Shutterstock_2257431481.jpg\" \/>\n\t<meta property=\"og:image:width\" content=\"400\" \/>\n\t<meta property=\"og:image:height\" content=\"400\" \/>\n\t<meta property=\"og:image:type\" content=\"image\/jpeg\" \/>\n<meta name=\"twitter:card\" content=\"summary_large_image\" \/>\n<meta name=\"twitter:label1\" content=\"Gesch\u00e4tzte Lesezeit\" \/>\n\t<meta name=\"twitter:data1\" content=\"18\u00a0Minuten\" \/>\n<script type=\"application\/ld+json\" class=\"yoast-schema-graph\">{\"@context\":\"https:\/\/schema.org\",\"@graph\":[{\"@type\":\"WebPage\",\"@id\":\"https:\/\/www.humanium.org\/de\/st-kitts-und-nevis\/\",\"url\":\"https:\/\/www.humanium.org\/de\/st-kitts-und-nevis\/\",\"name\":\"Kinder in St. Kitts und Nevis - Humanium\",\"isPartOf\":{\"@id\":\"https:\/\/www.humanium.org\/de\/#website\"},\"primaryImageOfPage\":{\"@id\":\"https:\/\/www.humanium.org\/de\/st-kitts-und-nevis\/#primaryimage\"},\"image\":{\"@id\":\"https:\/\/www.humanium.org\/de\/st-kitts-und-nevis\/#primaryimage\"},\"thumbnailUrl\":\"https:\/\/www.humanium.org\/de\/wp-content\/uploads\/2023\/07\/Shutterstock_2257431481.jpg\",\"datePublished\":\"2015-07-23T10:26:11+00:00\",\"dateModified\":\"2025-12-06T06:40:53+00:00\",\"description\":\"Der Schutz von Kindern im ganzen Land wird durch eine Reihe von Strafen und k\u00f6rperlichen Z\u00fcchtigungen f\u00fcr junge Straft\u00e4ter untergraben.\",\"breadcrumb\":{\"@id\":\"https:\/\/www.humanium.org\/de\/st-kitts-und-nevis\/#breadcrumb\"},\"inLanguage\":\"de\",\"potentialAction\":[{\"@type\":\"ReadAction\",\"target\":[\"https:\/\/www.humanium.org\/de\/st-kitts-und-nevis\/\"]}]},{\"@type\":\"ImageObject\",\"inLanguage\":\"de\",\"@id\":\"https:\/\/www.humanium.org\/de\/st-kitts-und-nevis\/#primaryimage\",\"url\":\"https:\/\/www.humanium.org\/de\/wp-content\/uploads\/2023\/07\/Shutterstock_2257431481.jpg\",\"contentUrl\":\"https:\/\/www.humanium.org\/de\/wp-content\/uploads\/2023\/07\/Shutterstock_2257431481.jpg\",\"width\":400,\"height\":400},{\"@type\":\"BreadcrumbList\",\"@id\":\"https:\/\/www.humanium.org\/de\/st-kitts-und-nevis\/#breadcrumb\",\"itemListElement\":[{\"@type\":\"ListItem\",\"position\":1,\"name\":\"Home\",\"item\":\"https:\/\/www.humanium.org\/de\/\"},{\"@type\":\"ListItem\",\"position\":2,\"name\":\"Kinder in St. Kitts und Nevis\"}]},{\"@type\":\"WebSite\",\"@id\":\"https:\/\/www.humanium.org\/de\/#website\",\"url\":\"https:\/\/www.humanium.org\/de\/\",\"name\":\"Humanium\",\"description\":\"Kinder zuerst!\",\"potentialAction\":[{\"@type\":\"SearchAction\",\"target\":{\"@type\":\"EntryPoint\",\"urlTemplate\":\"https:\/\/www.humanium.org\/de\/?s={search_term_string}\"},\"query-input\":{\"@type\":\"PropertyValueSpecification\",\"valueRequired\":true,\"valueName\":\"search_term_string\"}}],\"inLanguage\":\"de\"}]}<\/script>\n<!-- \/ Yoast SEO plugin. -->","yoast_head_json":{"title":"Kinder in St. Kitts und Nevis - Humanium","description":"Der Schutz von Kindern im ganzen Land wird durch eine Reihe von Strafen und k\u00f6rperlichen Z\u00fcchtigungen f\u00fcr junge Straft\u00e4ter untergraben.","robots":{"index":"index","follow":"follow","max-snippet":"max-snippet:-1","max-image-preview":"max-image-preview:large","max-video-preview":"max-video-preview:-1"},"canonical":"https:\/\/www.humanium.org\/de\/st-kitts-und-nevis\/","og_locale":"de_DE","og_type":"article","og_title":"Kinder in St. Kitts und Nevis - Humanium","og_description":"Der Schutz von Kindern im ganzen Land wird durch eine Reihe von Strafen und k\u00f6rperlichen Z\u00fcchtigungen f\u00fcr junge Straft\u00e4ter untergraben.","og_url":"https:\/\/www.humanium.org\/de\/st-kitts-und-nevis\/","og_site_name":"Humanium","article_modified_time":"2025-12-06T06:40:53+00:00","og_image":[{"width":400,"height":400,"url":"https:\/\/www.humanium.org\/de\/wp-content\/uploads\/2023\/07\/Shutterstock_2257431481.jpg","type":"image\/jpeg"}],"twitter_card":"summary_large_image","twitter_misc":{"Gesch\u00e4tzte Lesezeit":"18\u00a0Minuten"},"schema":{"@context":"https:\/\/schema.org","@graph":[{"@type":"WebPage","@id":"https:\/\/www.humanium.org\/de\/st-kitts-und-nevis\/","url":"https:\/\/www.humanium.org\/de\/st-kitts-und-nevis\/","name":"Kinder in St. Kitts und Nevis - Humanium","isPartOf":{"@id":"https:\/\/www.humanium.org\/de\/#website"},"primaryImageOfPage":{"@id":"https:\/\/www.humanium.org\/de\/st-kitts-und-nevis\/#primaryimage"},"image":{"@id":"https:\/\/www.humanium.org\/de\/st-kitts-und-nevis\/#primaryimage"},"thumbnailUrl":"https:\/\/www.humanium.org\/de\/wp-content\/uploads\/2023\/07\/Shutterstock_2257431481.jpg","datePublished":"2015-07-23T10:26:11+00:00","dateModified":"2025-12-06T06:40:53+00:00","description":"Der Schutz von Kindern im ganzen Land wird durch eine Reihe von Strafen und k\u00f6rperlichen Z\u00fcchtigungen f\u00fcr junge Straft\u00e4ter untergraben.","breadcrumb":{"@id":"https:\/\/www.humanium.org\/de\/st-kitts-und-nevis\/#breadcrumb"},"inLanguage":"de","potentialAction":[{"@type":"ReadAction","target":["https:\/\/www.humanium.org\/de\/st-kitts-und-nevis\/"]}]},{"@type":"ImageObject","inLanguage":"de","@id":"https:\/\/www.humanium.org\/de\/st-kitts-und-nevis\/#primaryimage","url":"https:\/\/www.humanium.org\/de\/wp-content\/uploads\/2023\/07\/Shutterstock_2257431481.jpg","contentUrl":"https:\/\/www.humanium.org\/de\/wp-content\/uploads\/2023\/07\/Shutterstock_2257431481.jpg","width":400,"height":400},{"@type":"BreadcrumbList","@id":"https:\/\/www.humanium.org\/de\/st-kitts-und-nevis\/#breadcrumb","itemListElement":[{"@type":"ListItem","position":1,"name":"Home","item":"https:\/\/www.humanium.org\/de\/"},{"@type":"ListItem","position":2,"name":"Kinder in St. Kitts und Nevis"}]},{"@type":"WebSite","@id":"https:\/\/www.humanium.org\/de\/#website","url":"https:\/\/www.humanium.org\/de\/","name":"Humanium","description":"Kinder zuerst!","potentialAction":[{"@type":"SearchAction","target":{"@type":"EntryPoint","urlTemplate":"https:\/\/www.humanium.org\/de\/?s={search_term_string}"},"query-input":{"@type":"PropertyValueSpecification","valueRequired":true,"valueName":"search_term_string"}}],"inLanguage":"de"}]}},"_links":{"self":[{"href":"https:\/\/www.humanium.org\/de\/wp-json\/wp\/v2\/pages\/5320","targetHints":{"allow":["GET"]}}],"collection":[{"href":"https:\/\/www.humanium.org\/de\/wp-json\/wp\/v2\/pages"}],"about":[{"href":"https:\/\/www.humanium.org\/de\/wp-json\/wp\/v2\/types\/page"}],"author":[{"embeddable":true,"href":"https:\/\/www.humanium.org\/de\/wp-json\/wp\/v2\/users\/1"}],"replies":[{"embeddable":true,"href":"https:\/\/www.humanium.org\/de\/wp-json\/wp\/v2\/comments?post=5320"}],"version-history":[{"count":11,"href":"https:\/\/www.humanium.org\/de\/wp-json\/wp\/v2\/pages\/5320\/revisions"}],"predecessor-version":[{"id":21368,"href":"https:\/\/www.humanium.org\/de\/wp-json\/wp\/v2\/pages\/5320\/revisions\/21368"}],"wp:attachment":[{"href":"https:\/\/www.humanium.org\/de\/wp-json\/wp\/v2\/media?parent=5320"}],"curies":[{"name":"wp","href":"https:\/\/api.w.org\/{rel}","templated":true}]}}