{"id":5750,"date":"2015-11-24T17:49:52","date_gmt":"2015-11-24T17:49:52","guid":{"rendered":"http:\/\/www.humanium.org\/de\/?page_id=5750"},"modified":"2025-12-06T06:19:51","modified_gmt":"2025-12-06T06:19:51","slug":"mali","status":"publish","type":"page","link":"https:\/\/www.humanium.org\/de\/mali\/","title":{"rendered":"Die Kinder in Mali"},"content":{"rendered":"\n<h2 class=\"wp-block-heading\">Die Realisierung der Kinderrechte in Mali<\/h2>\n\n\n\n<div class=\"wp-block-columns is-layout-flex wp-container-core-columns-is-layout-9d6595d7 wp-block-columns-is-layout-flex\">\n<div class=\"wp-block-column is-layout-flow wp-block-column-is-layout-flow\"><div class=\"wp-block-image is-style-rounded\">\n<figure class=\"aligncenter size-full\"><img loading=\"lazy\" decoding=\"async\" width=\"200\" height=\"200\" src=\"https:\/\/www.humanium.org\/de\/wp-content\/uploads\/2021\/12\/shutterstock_589852865.jpg\" alt=\"\" class=\"wp-image-15356\" srcset=\"https:\/\/www.humanium.org\/de\/wp-content\/uploads\/2021\/12\/shutterstock_589852865.jpg 200w, https:\/\/www.humanium.org\/de\/wp-content\/uploads\/2021\/12\/shutterstock_589852865-150x150.jpg 150w\" sizes=\"auto, (max-width: 200px) 100vw, 200px\" \/><\/figure>\n<\/div><\/div>\n\n\n\n<div class=\"wp-block-column is-layout-flow wp-block-column-is-layout-flow\"><div class=\"wp-block-image is-style-rounded\">\n<figure class=\"aligncenter size-full\"><img loading=\"lazy\" decoding=\"async\" width=\"200\" height=\"200\" src=\"https:\/\/www.humanium.org\/de\/wp-content\/uploads\/2021\/12\/shutterstock_789853402.jpg\" alt=\"\" class=\"wp-image-15358\" srcset=\"https:\/\/www.humanium.org\/de\/wp-content\/uploads\/2021\/12\/shutterstock_789853402.jpg 200w, https:\/\/www.humanium.org\/de\/wp-content\/uploads\/2021\/12\/shutterstock_789853402-150x150.jpg 150w\" sizes=\"auto, (max-width: 200px) 100vw, 200px\" \/><\/figure>\n<\/div><\/div>\n<\/div>\n\n\n\n<p><strong>Die Bev\u00f6lkerung der Republik Mali ist mit einem Durchschnittsalter von 16 Jahren eine der j\u00fcngsten der Welt. Laut dem End of Childhood Index 2021 (Global Childhood Report 2021, 2021) ist Mali auch eines der L\u00e4nder der Welt, in denen es besonders schwierig ist, ein Kind zu sein. Das Leben der Kinder ist gekennzeichnet von extremer <\/strong><a href=\"https:\/\/www.humanium.org\/de\/themenschwerpunkte\/armut\/\"><strong>Armut<\/strong><\/a><strong>, <\/strong><a href=\"https:\/\/www.humanium.org\/de\/recht-nahrung\/\"><strong>Ern\u00e4hrungsunsicherheit<\/strong><\/a><strong>, <\/strong><a href=\"https:\/\/www.humanium.org\/de\/mangelernahrung-probleme\/\"><strong>Unterern\u00e4hrung<\/strong><\/a><strong>, geschlechtsspezifischer Gewalt und <\/strong><a href=\"https:\/\/www.humanium.org\/de\/kinderheirat\/\"><strong>fr\u00fcher Kinderheirat<\/strong><\/a><strong>. Die Kinder dort stehen auch an vorderster Front der <\/strong><a href=\"https:\/\/www.humanium.org\/de\/themenschwerpunkte\/umwelt\/klimakrise\/\"><strong>Klimakrise<\/strong><\/a><strong>, denn die Erw\u00e4rmung in der Sahelzone verl\u00e4uft 1 \u00bd Mal schneller als im globalen Durchschnitt und verursacht verheerende Zyklen von D\u00fcrre und \u00dcberschwemmungen. Die Eskalation von Konflikten in den letzten Jahren hat dazu gef\u00fchrt, dass Mali heute mit einer noch nie dagewesenen Notlage konfrontiert ist, die sich weiter verschlimmert (Save the Children, 2021).<\/strong><\/p>\n\n\n\n<iframe src=\"https:\/\/www.google.com\/maps\/embed?pb=!1m18!1m12!1m3!1d15597072.88505344!2d-13.022290183840841!3d17.369548594618795!2m3!1f0!2f0!3f0!3m2!1i1024!2i768!4f13.1!3m3!1m2!1s0xe143e881b1073cf%3A0xbb3a5be2a0bdcf80!2sMali!5e0!3m2!1sen!2sin!4v1639203932559!5m2!1sen!2sin\" width=\"600\" height=\"450\" style=\"border:0;\" allowfullscreen=\"\" loading=\"lazy\"><\/iframe>\n\n\n\n<div class=\"wp-block-columns is-layout-flex wp-container-core-columns-is-layout-9d6595d7 wp-block-columns-is-layout-flex\">\n<div class=\"wp-block-column is-layout-flow wp-block-column-is-layout-flow\">\n<p><strong>Bev\u00f6lkerung: <\/strong>20.25 Millionen<\/p>\n\n\n\n<p><strong>Bev\u00f6lkerung 0-14 Jahre:<\/strong> 47%<\/p>\n<\/div>\n\n\n\n<div class=\"wp-block-column is-layout-flow wp-block-column-is-layout-flow\">\n<p><strong>Lebenserwartung:<\/strong> 59.3 Jahre<\/p>\n\n\n\n<p><strong>Kindersterblichkeitsrate der unter 5-J\u00e4hrigen:<\/strong> 94\u2030<\/p>\n<\/div>\n<\/div>\n\n\n\n<h2 class=\"wp-block-heading\"><strong>Mali auf einen Blick<\/strong><\/h2>\n\n\n\n<p>Die Republik Mali ist ein Binnenstaat in Westafrika und eines der gr\u00f6\u00dften L\u00e4nder des Kontinents. Die relativ kleine Bev\u00f6lkerung ist gr\u00f6\u00dftenteils entlang des Flusses Niger angesiedelt (Andrew Clark, 2021). Im vorkolonialen Mali war die n\u00f6rdliche Stadt Timbuktu jahrhundertelang ein wichtiger regionaler Handelsposten und ein Zentrum der islamischen Kultur. <\/p>\n\n\n\n<p>Timbuktu liegt in Mali am Oberlauf des Niger, hat aber inzwischen seine historische Bedeutung verloren. Im sp\u00e4ten 19. Jahrhundert kolonisierte Frankreich Mali und nannte es damals Franz\u00f6sisch-Sudan (BBC News, 2020). Bis 1960 wurden die ehemaligen Kolonialgebiete zu unabh\u00e4ngigen Republiken, wobei der franz\u00f6sische Sudan seinen Namen in Republik Mali \u00e4nderte (The Editors of Encyclopaedia Britannica, 2021). Mali grenzt im Norden an <a href=\"https:\/\/www.humanium.org\/de\/algerien\/\"><strong>Algerien<\/strong><\/a><strong>,<\/strong> im Osten an <a href=\"https:\/\/www.humanium.org\/de\/niger\/\"><strong>Niger<\/strong><\/a><strong> <\/strong>und <a href=\"https:\/\/www.humanium.org\/de\/burkina-faso\/\"><strong>Burkina Faso<\/strong><\/a><strong>,<\/strong> im S\u00fcden an die <a href=\"https:\/\/www.humanium.org\/de\/elfenbeinkuste\/\"><strong>Elfenbeink\u00fcste<\/strong><\/a><strong> <\/strong>und <a href=\"https:\/\/www.humanium.org\/de\/die-kinder-von-guinea\/\"><strong>Guinea<\/strong><\/a><strong> <\/strong>und im Westen an <a href=\"https:\/\/www.humanium.org\/de\/senegal\/\"><strong>Senegal<\/strong><\/a><strong> <\/strong>und <a href=\"https:\/\/www.humanium.org\/de\/mauretanien\/\"><strong>Mauretanien<\/strong><\/a><strong>.<\/strong><\/p>\n\n\n\n<p>Nach seiner Unabh\u00e4ngigkeit von <a href=\"https:\/\/www.humanium.org\/de\/frankreich\/\"><strong>Frankreich<\/strong><\/a><strong> <\/strong>im Jahr 1960 litt Mali unter D\u00fcrren, Rebellionen, einem Staatsstreich und 23 Jahren Milit\u00e4rdiktatur, bis 1992 endlich demokratische Wahlen abgehalten wurden (BBC News, 2020). In den letzten Jahren hatte Mali Schwierigkeiten, die Stabilit\u00e4t der Regierung aufrechtzuerhalten, was sich in Putschen 2012 und 2020 zeigte. Mali galt einst als aufstrebende demokratische Kraft in Westafrika, doch die jahrelangen Konflikte und die extreme <a href=\"https:\/\/www.humanium.org\/de\/themenschwerpunkte\/armut\/\"><strong>Armut<\/strong><\/a><strong> <\/strong>haben die soziale, politische und wirtschaftliche Entwicklung des Landes stark gebremst.<\/p>\n\n\n\n<h2 class=\"wp-block-heading\"><strong>Status der Kinderrechte<\/strong><\/h2>\n\n\n\n<p>Mali ratifizierte das <a href=\"https:\/\/www.humanium.org\/de\/konvention\/\"><strong>\u00dcbereinkommen der Vereinten Nationen \u00fcber die Rechte des Kindes 1989 (KRK 1989)<\/strong><\/a> am 20. September 1990 (OHCHR, 2021). Weitere wichtige internationale Vertr\u00e4ge, die von Mali ratifiziert wurden, sind die <a href=\"https:\/\/www.humanium.org\/de\/zusatzprotokoll-zur-kinderrechts-konvention-betreffend-kinderhandel-kinderprostitution-und-kinderpornographie-2000\/\"><strong>Fakultativprotokolle \u00fcber den Verkauf von Kindern, Kinderprostitution und Kinderpornografie<\/strong><\/a> sowie \u00fcber die <a href=\"https:\/\/www.humanium.org\/de\/protokoll-beteiligung-von-kindern-konflikten\/\"><strong>Beteiligung von Kindern an bewaffneten Konflikten<\/strong><\/a><strong>;<\/strong> beide \u00dcbereinkommen wurden am 16. Mai 2002 verabschiedet (OHCHR, 2021). Mali hat das Fakultativprotokoll zur KRK \u00fcber ein <a href=\"https:\/\/www.humanium.org\/de\/fakultativprotokoll-zum-ubereinkommen-uber-die-rechte-des-kindes-betreffend-ein-individualbeschwerdeverfahren\/\"><strong>Individualbeschwerdeverfahren<\/strong><\/a> am 28. Februar 2012 unterzeichnet, das Fakultativprotokoll aber noch nicht ratifiziert (United Nations Treaty Collection, 2021). <\/p>\n\n\n\n<p>Diese Fakultativprotokolle erg\u00e4nzen die <a href=\"https:\/\/www.humanium.org\/de\/konvention\/\"><strong>KRK von 1989<\/strong><\/a><strong>.<\/strong> Nach dem <a href=\"https:\/\/www.humanium.org\/de\/protokoll-beteiligung-von-kindern-konflikten\/\"><strong>Fakultativprotokoll \u00fcber die Beteiligung von Kindern an bewaffneten Konflikten<\/strong><\/a> sind die Staaten verpflichtet, &#8222;alle durchf\u00fchrbaren Ma\u00dfnahmen&#8220; zu ergreifen, um sicherzustellen, dass Angeh\u00f6rige ihrer Streitkr\u00e4fte unter 18 Jahren nicht direkt an Kampfhandlungen beteiligt sind. Die Staaten m\u00fcssen auch das Mindestalter von 15 Jahren f\u00fcr die freiwillige Rekrutierung in die Streitkr\u00e4fte anheben, verlangen aber nicht ein Mindestalter von 18 Jahren (OHCHR, 2021).<\/p>\n\n\n\n<p>Das <a href=\"https:\/\/www.humanium.org\/de\/zusatzprotokoll-zur-kinderrechts-konvention-betreffend-kinderhandel-kinderprostitution-und-kinderpornographie-2000\/\"><strong>Fakultativprotokoll \u00fcber den Verkauf von Kindern, Kinderprostitution und Kinderpornografie<\/strong><\/a><strong> <\/strong>enth\u00e4lt Definitionen f\u00fcr die Straftatbest\u00e4nde &#8222;Verkauf von Kindern&#8220;, &#8222;Kinderprostitution&#8220; und &#8222;Kinderpornografie&#8220; (OHCHR, 2021). Ausserdem verpflichtet es die Regierungen, Aktivit\u00e4ten im Zusammenhang mit diesen Straftaten zu kriminalisieren und zu bestrafen (OHCHR, 2021). Dar\u00fcber hinaus sollen nicht nur diejenigen bestraft werden, die Kinder aus Profitgr\u00fcnden zur <a href=\"https:\/\/www.humanium.org\/de\/die-sexuelle-ausbeutung-von-kindern\/\"><strong>sexuellen Ausbeutung<\/strong><\/a>, Organspenden oder <a href=\"https:\/\/www.humanium.org\/de\/kinderarbeit-2\/\"><strong>Zwangsarbeit<\/strong><\/a><strong> <\/strong>anbieten oder \u00fcbergeben, sondern auch diejenigen, die das Kind f\u00fcr diese Aktivit\u00e4ten annehmen.<\/p>\n\n\n\n<p>Das Fakultativprotokoll \u00fcber den Beschwerdemechanismus f\u00fcgt weder neue Rechte hinzu, wie die anderen Fakultativprotokolle, noch erweitert es bestimmte Bereiche der Kinderrechte. Das Fakultativprotokoll wird als rein &#8222;verfahrenstechnisch&#8220; bezeichnet, weil es ein Verfahren vorsieht, mit dem Verst\u00f6\u00dfe gegen bestehende Kinderrechte aufgezeigt werden k\u00f6nnen (Child Rights International Network, 2021). <\/p>\n\n\n\n<p>Das Fakultativprotokoll erm\u00f6glicht dem Ausschuss f\u00fcr die Rechte des Kindes Beschwerden \u00fcber die Verletzung der Rechte eines Kindes entgegenzunehmen. Kinder aus L\u00e4ndern, die das Protokoll ratifiziert haben, k\u00f6nnen den Vertrag nutzen, um <a href=\"https:\/\/www.humanium.org\/de\/was-ist-gerechtigkeit\/\"><strong>Gerechtigkeit<\/strong><\/a> zu erreichen, wenn das nationale Rechtssystem nicht in der Lage war Abhilfe f\u00fcr die Verletzung zu schaffen (OHCHR, 2021).<\/p>\n\n\n\n<p>Auf regionaler Ebene hat Mali am 3. Juni 1998 die <a href=\"https:\/\/www.humanium.org\/de\/afrikanische-charta-uber-die-rechte-und-das-wohlergehen-des-kindes\/\"><strong>Afrikanische Charta \u00fcber die Rechte und das Wohlergehen des Kindes von 1990 (ACRWC 1990)<\/strong><\/a><strong> <\/strong>ratifiziert (Afrikanische Kommission f\u00fcr Menschenrechte und Rechte der V\u00f6lker, 2021). Dar\u00fcber hinaus hat Mali am 13. Januar 2005 das Protokoll zur Afrikanischen Charta der Menschenrechte und Rechte der V\u00f6lker \u00fcber die Rechte der Frauen in Afrika, das sogenannte Maputo-Protokoll, unterzeichnet (Afrikanische Union, 2003). In der Pr\u00e4ambel des Maputo-Protokolls wird die Bedeutung der Gleichstellung der Geschlechter und der Beseitigung von <a href=\"https:\/\/www.humanium.org\/de\/diskriminierung\/\"><strong>Diskriminierung<\/strong><\/a> und sch\u00e4digenden Praktiken wie der <a href=\"https:\/\/www.humanium.org\/de\/genitalverstummelung\/\"><strong>weiblichen Genitalverst\u00fcmmelung (FGM)<\/strong><\/a> bekr\u00e4ftigt, die die physische und psychische Entwicklung von Frauen und <a href=\"https:\/\/www.humanium.org\/de\/die-rechte-von-madchen\/?gclid=EAIaIQobChMIieHm5qqc8wIVPkaRBR1legrNEAAYASAAEgLftvD_BwE\"><strong>M\u00e4dchen<\/strong><\/a> behindert oder gef\u00e4hrdet (Afrikanische Union, 2003).<\/p>\n\n\n<div class=\"wp-block-image\">\n<figure class=\"alignleft size-large is-resized\"><img loading=\"lazy\" decoding=\"async\" width=\"1024\" height=\"683\" src=\"https:\/\/www.humanium.org\/de\/wp-content\/uploads\/2021\/12\/shutterstock_1816559768-1024x683.jpg\" alt=\"\" class=\"wp-image-15359\" style=\"width:380px;height:254px\" srcset=\"https:\/\/www.humanium.org\/de\/wp-content\/uploads\/2021\/12\/shutterstock_1816559768-1024x683.jpg 1024w, https:\/\/www.humanium.org\/de\/wp-content\/uploads\/2021\/12\/shutterstock_1816559768-300x200.jpg 300w, https:\/\/www.humanium.org\/de\/wp-content\/uploads\/2021\/12\/shutterstock_1816559768-768x512.jpg 768w, https:\/\/www.humanium.org\/de\/wp-content\/uploads\/2021\/12\/shutterstock_1816559768-1536x1024.jpg 1536w, https:\/\/www.humanium.org\/de\/wp-content\/uploads\/2021\/12\/shutterstock_1816559768-2048x1365.jpg 2048w, https:\/\/www.humanium.org\/de\/wp-content\/uploads\/2021\/12\/shutterstock_1816559768-830x553.jpg 830w, https:\/\/www.humanium.org\/de\/wp-content\/uploads\/2021\/12\/shutterstock_1816559768-230x153.jpg 230w, https:\/\/www.humanium.org\/de\/wp-content\/uploads\/2021\/12\/shutterstock_1816559768-350x233.jpg 350w, https:\/\/www.humanium.org\/de\/wp-content\/uploads\/2021\/12\/shutterstock_1816559768-480x320.jpg 480w, https:\/\/www.humanium.org\/de\/wp-content\/uploads\/2021\/12\/shutterstock_1816559768-272x182.jpg 272w\" sizes=\"auto, (max-width: 1024px) 100vw, 1024px\" \/><\/figure>\n<\/div>\n\n\n<p>Auf nationaler Ebene hat Mali mehrere Texte zur F\u00f6rderung der Rechte des Kindes verabschiedet, darunter die Ausarbeitung eines Kinderschutzgesetzes 2002 (Child Law Resources, 2021). Das Kinderschutzgesetz sieht die Ernennung von Kinderschutzbeauftragten vor, die in allen F\u00e4llen eingreifen, in denen die <a href=\"https:\/\/www.humanium.org\/de\/themenschwerpunkte\/gesundheit\/\"><strong>Gesundheit<\/strong><\/a><strong>, <\/strong>physische oder psychische Integrit\u00e4t des Kindes bedroht oder gef\u00e4hrdet ist. Der Kodex verpflichtet alle Personen, einschlie\u00dflich der an das Berufsgeheimnis gebundenen Personen, dem Kinderschutzbeauftragten jeden Umstand oder Vorfall zu melden, der die Gesundheit eines Kindes (einschlie\u00dflich Ausbeutung und Kinderhandel), seine Entwicklung, sein k\u00f6rperliches Wohlbefinden oder seine moralische Integrit\u00e4t gef\u00e4hrden k\u00f6nnte.<\/p>\n\n\n\n<h2 class=\"wp-block-heading\"><strong>Auf die Bed\u00fcrfnisse von Kindern eingehen<a href=\"#_ftn1\"><sup><strong><sup>[1]<\/sup><\/strong><\/sup><\/a><\/strong> <\/h2>\n\n\n\n<h3 class=\"wp-block-heading\"><strong><a href=\"https:\/\/www.humanium.org\/de\/recht-bildung\/\">Recht auf Bildung<\/a><\/strong><\/h3>\n\n\n\n<p>Obwohl sich die Bildungssituation in Mali in den letzten 10 Jahren stark verbessert hat, gehen immer noch mehr als zwei Millionen Kinder im Alter von 5 bis 17 Jahren nicht zur Schule, und mehr als die H\u00e4lfte der malischen Jugendlichen zwischen 15 und 24 Jahren sind Analphabeten (UNICEF Mali, 2021). Zu den Problemen, mit denen Malis Bildungssektor zu k\u00e4mpfen hat, geh\u00f6ren schwierige Umweltbedingungen, politische Unruhen, <a href=\"https:\/\/www.humanium.org\/de\/kinderarbeit-2\/\"><strong>Kinderarbeit<\/strong><\/a><strong>,<\/strong> <a href=\"https:\/\/www.humanium.org\/de\/kinderheirat\/\"><strong>Kinderheirat<\/strong><\/a><strong>,<\/strong> Unsicherheit und ein Mangel an Schulen in der N\u00e4he der Wohnorte der Kinder. <\/p>\n\n\n\n<p>Dies alles sind Faktoren, die zu einer hohen Quote an Schulabbr\u00fcchen und Absentismus in Mali beitragen. Weitere massive Zugangsbarrieren zur Bildung sind der nomadische Lebensstil, die vorherrschende Meinung <a href=\"https:\/\/www.humanium.org\/de\/recht-bildung\/\"><strong>Bildung<\/strong><\/a> sei irrelevant und der gravierende Mangel an Schulen und ausgebildeten Lehrern, insbesondere in <strong>l\u00e4ndlichen Gebieten<\/strong>.<\/p>\n\n\n\n<p>In Artikel 18 der Verfassung hei\u00dft es: &#8222;Jeder B\u00fcrger hat ein Recht auf Bildung. Der \u00f6ffentliche Unterricht ist obligatorisch, kostenlos und konfessionsfrei. Private Bildung ist anerkannt und muss gem\u00e4\u00df den gesetzlich festgelegten Bedingungen erfolgen&#8220; (Child Law Resources, 2021). Dar\u00fcber hinaus garantiert das Bildungsgesetz von 1999 das Recht auf Bildung f\u00fcr jeden B\u00fcrger. Es verbietet <a href=\"https:\/\/www.humanium.org\/de\/diskriminierung\/\"><strong>Diskriminierung<\/strong><\/a> aufgrund von &#8222;Geschlecht, sozialer Herkunft, Rasse oder <a href=\"https:\/\/www.humanium.org\/de\/kinder-und-religionen\/\"><strong>Religion<\/strong><\/a>&#8220; (Child Law Resources, 2021).<\/p>\n\n\n\n<p>Trotz dieser eindeutigen Verpflichtungen hat Mali Schwierigkeiten, diese zu erf\u00fcllen, da zum einen anhaltendende Konflikte zur Schlie\u00dfung von \u00fcber 735 Schulen gef\u00fchrt haben, zum anderen <a href=\"https:\/\/www.humanium.org\/de\/kinder-in-kriegen\/\"><strong>mangelnde Sicherheit<\/strong><\/a> und <a href=\"https:\/\/www.humanium.org\/de\/vertriebene-kinder\/\"><strong>Vertreibung<\/strong><\/a><strong> <\/strong>zur Verweigerung des Rechts auf <a href=\"https:\/\/www.humanium.org\/de\/recht-bildung\/\"><strong>Bildung<\/strong><\/a><strong> <\/strong>f\u00fcr 225.000 Kinder (Human Rights Watch, 2021). Zahlreiche Lehrer wurden bedroht und Schulen wurden von bewaffneten Gruppen verw\u00fcstet, zerst\u00f6rt oder besetzt. Durch den Ausbruch des Coronavirus waren die meisten Schulen gezwungen geschlossen zu bleiben, was vor allem Kinder in <strong>l\u00e4ndlichen Gebieten<\/strong> benachteiligt hat. Als die Schulen in Mali im Juni 2020 wieder ge\u00f6ffnet wurden, damit die Kinder ihre Pr\u00fcfungen ablegen konnten, wurden mindestens 27 Angriffe auf Mittelschulen verzeichnet (Human Rights Watch , 2020).<\/p>\n\n\n\n<p>Der Zugang zur Schule und die M\u00f6glichkeit einen Abschluss zu machen sind ungleich verteilt, wobei <a href=\"https:\/\/www.humanium.org\/de\/die-rechte-von-madchen\/\"><strong>M\u00e4dchen<\/strong><\/a><strong> <\/strong>und Kinder aus<strong> <\/strong><a href=\"https:\/\/www.humanium.org\/de\/kinderarmut\/\"><strong>\u00e4rmeren Familien<\/strong><\/a> am st\u00e4rksten gef\u00e4hrdet sind die Schule abzubrechen: nur 73,8 % der M\u00e4dchen absolvieren die Grundschulbildung, verglichen mit 85,8 % der Jungen (UNICEF Mali, 2021). Wenn sie die Sekundarstufe erreichen, liegt der Anteil der M\u00e4dchen bei nur 15 % gegen\u00fcber 21 % der Jungen.<\/p>\n\n\n\n<h3 class=\"wp-block-heading\"><strong><a href=\"https:\/\/www.humanium.org\/de\/das-recht-auf-gesundheit\/\">Recht auf Gesundheit<\/a><\/strong><\/h3>\n\n\n\n<p>Gesundheit ist in Mali nach wie vor eine grosse Herausforderung, da vermeidbare Krankheiten wie Lungenentz\u00fcndung, Durchfall und Malaria die Haupttodesursache bei <a href=\"https:\/\/www.humanium.org\/de\/kinderkrankheiten\/\"><strong>Kinderkrankheiten<\/strong><\/a> darstellen (UNICEF Mali, 2021). Leider erhalten nur 45 % der Kinder in Mali alle empfohlenen Basisimpfungen und 14 % werden \u00fcberhaupt nicht geimpft, sodass sie vor den h\u00e4ufigsten Kinderkrankheiten nicht gesch\u00fctzt sind (UNICEF Health, 2021).<\/p>\n\n\n\n<p>Mali ist eines der L\u00e4nder mit dem h\u00f6chsten Prozentsatz an schwerer An\u00e4mie bei <a href=\"https:\/\/www.humanium.org\/de\/kindersterblichkeit\/\"><strong>Kindern unter 5 Jahren<\/strong><\/a> und geh\u00f6rt zu den L\u00e4nder mit den h\u00f6chsten dokumentierten Malariaraten: <a href=\"https:\/\/www.humanium.org\/de\/senegal\/\"><strong>Senegal<\/strong><\/a> (26 %), Mali (16 %),<strong> <\/strong><a href=\"https:\/\/www.humanium.org\/de\/die-kinder-von-guinea\/\"><strong>Guinea<\/strong><\/a> (14 %) und <a href=\"https:\/\/www.humanium.org\/de\/mosambik\/\"><strong>Mosambik<\/strong><\/a><strong> <\/strong>(12 %). In den meisten anderen L\u00e4ndern liegt die schwere An\u00e4mie zwischen 5 % und 10 % (Weltgesundheitsorganisation, 2019). Der Zugang zu qualitativ hochwertigen Gesundheitsdiensten mit geschultem Gesundheitspersonal ist insbesondere im Norden und im Zentrum des Landes stark eingeschr\u00e4nkt, weshalb jedes zehnte Kind in Mali vor dem f\u00fcnften Lebensjahr stirbt und eines von 30 Neugeborenen den ersten <a href=\"https:\/\/www.humanium.org\/de\/recht-leben\/\"><strong>Lebensmonat<\/strong><\/a> nicht \u00fcberlebt (UNICEF Health, 2021).<\/p>\n\n\n\n<p><a href=\"https:\/\/www.humanium.org\/de\/recht-nahrung\/\"><strong>Chronische Unterern\u00e4hrung<\/strong><\/a>, auch Stunting genannt, betrifft mehr als 26 % der Kinder in Mali (UNICEF Mali, 2021). Stunting hat langfristige Auswirkungen auf die k\u00f6rperliche und kognitive Entwicklung der Kinder und macht sie anf\u00e4lliger f\u00fcr Krankheiten, was wiederum zu schlechten Leistungen in der Schule f\u00fchrt. Mali hat auch weltweit mit 2% betroffener Kinder eine der h\u00f6chsten Raten an akuter Unterern\u00e4hrung und an schwerer akuter Unterern\u00e4hrung, beides die t\u00f6dlichste Form der Unterern\u00e4hrung.<\/p>\n\n\n\n<p>Die chronische Unterern\u00e4hrung ging landesweit von 26,6 % auf 23,1 % zur\u00fcck, verdoppelte sich aber in der Region Kayes nahezu von 11 % im Jahr 2016 auf 20 % im Jahr 2017 (Child Protection Global Protection Cluster, 2018). Die Gr\u00fcnde daf\u00fcr sind mit der Verschlechterung der <a href=\"https:\/\/www.humanium.org\/de\/recht-nahrung\/\"><strong>Ern\u00e4hrungssituation<\/strong><\/a> in bestimmten Orten verbunden. So sind die f\u00fcr 2018 erwarteten F\u00e4lle von schwerer akuter Unterern\u00e4hrung landesweit von knapp 163.000 zu Jahresbeginn auf 274.000 gestiegen und die F\u00e4lle von m\u00e4\u00dfiger akuter Unterern\u00e4hrung von 470.000 auf 582.000.<\/p>\n\n\n\n<h3 class=\"wp-block-heading\"><a href=\"https:\/\/www.humanium.org\/de\/recht-wasser\/\"><strong>Recht auf Wasser und sanit\u00e4re Einrichtungen<\/strong><\/a><strong><\/strong><\/h3>\n\n\n\n<p>Die Verf\u00fcgbarkeit von <a href=\"https:\/\/www.humanium.org\/de\/recht-wasser\/\"><strong>sauberem Wasser<\/strong><\/a>, einfachen Toiletten und <a href=\"https:\/\/www.humanium.org\/de\/das-recht-auf-gesundheit\/\"><strong>guten Hygienepraktiken<\/strong><\/a><strong> <\/strong>ist f\u00fcr die F\u00f6rderung der Gesundheit und des <a href=\"https:\/\/www.humanium.org\/de\/das-recht-auf-schutz\/\"><strong>\u00dcberlebens<\/strong><\/a> von Kindern von entscheidender Bedeutung, stellt aber in Mali nach wie vor ein Problem dar (UNICEF Mali, 2021): nur etwa die H\u00e4lfte der Schulen verf\u00fcgt \u00fcber eine ad\u00e4quate Wasserstelle, und weniger als 20 % der Schulen haben funktionierende, getrennte Toiletten f\u00fcr Jungen und <a href=\"https:\/\/www.humanium.org\/de\/die-rechte-von-madchen\/#:~:text=Das%20Recht%20auf%20Schutz,M%C3%A4dchen%20unter%2016%20Jahren%20stattfindet.\"><strong>M\u00e4dchen<\/strong><\/a> (UNICEF Mali, 2021).<\/p>\n\n\n\n<p>Dazu kommt noch, dass mehr als eine Million Menschen in Mali immer noch die offene Def\u00e4kation praktizieren, was direkte Auswirkungen auf die Gesundheit, W\u00fcrde und Sicherheit der Gemeinschaften hat. Nur 39 % der Gesamtbev\u00f6lkerung haben Zugang zu einer sanit\u00e4ren Grundversorgung, was zu einer hohen Zahl von <a href=\"https:\/\/www.humanium.org\/de\/kinderkrankheiten\/\"><strong>Durchfallerkrankungen<\/strong><\/a> und Unterern\u00e4hrung bei Kindern f\u00fchrt (Global Waters, 2021). Die Wasserversorgung in Mali liegt bei 80 %, doch sind weitere Fortschritte gef\u00e4hrdet, da die wachsende Bev\u00f6lkerung des Landes den Druck auf die Wasserressourcen erh\u00f6ht und der <a href=\"https:\/\/www.humanium.org\/de\/themenschwerpunkte\/umwelt\/umweltrechte\/\"><strong>Klimawandel<\/strong><\/a><strong> <\/strong>die Vorhersagbarkeit der Niederschl\u00e4ge verringert.<\/p>\n\n\n<div class=\"wp-block-image\">\n<figure class=\"alignright size-large is-resized\"><img loading=\"lazy\" decoding=\"async\" width=\"1024\" height=\"683\" src=\"https:\/\/www.humanium.org\/de\/wp-content\/uploads\/2021\/12\/shutterstock_1639740130-1024x683.jpg\" alt=\"\" class=\"wp-image-15360\" style=\"width:366px;height:244px\" srcset=\"https:\/\/www.humanium.org\/de\/wp-content\/uploads\/2021\/12\/shutterstock_1639740130-1024x683.jpg 1024w, https:\/\/www.humanium.org\/de\/wp-content\/uploads\/2021\/12\/shutterstock_1639740130-300x200.jpg 300w, https:\/\/www.humanium.org\/de\/wp-content\/uploads\/2021\/12\/shutterstock_1639740130-768x512.jpg 768w, https:\/\/www.humanium.org\/de\/wp-content\/uploads\/2021\/12\/shutterstock_1639740130-1536x1024.jpg 1536w, https:\/\/www.humanium.org\/de\/wp-content\/uploads\/2021\/12\/shutterstock_1639740130-2048x1366.jpg 2048w, https:\/\/www.humanium.org\/de\/wp-content\/uploads\/2021\/12\/shutterstock_1639740130-830x553.jpg 830w, https:\/\/www.humanium.org\/de\/wp-content\/uploads\/2021\/12\/shutterstock_1639740130-230x153.jpg 230w, https:\/\/www.humanium.org\/de\/wp-content\/uploads\/2021\/12\/shutterstock_1639740130-350x233.jpg 350w, https:\/\/www.humanium.org\/de\/wp-content\/uploads\/2021\/12\/shutterstock_1639740130-480x320.jpg 480w, https:\/\/www.humanium.org\/de\/wp-content\/uploads\/2021\/12\/shutterstock_1639740130-272x182.jpg 272w\" sizes=\"auto, (max-width: 1024px) 100vw, 1024px\" \/><\/figure>\n<\/div>\n\n\n<p>Unzureichende Trinkwasserversorgung, Abwasserentsorgung und Hygiene stellen ein erh\u00f6htes Gesundheits- und Ern\u00e4hrungsrisiko f\u00fcr alle Kinder dar. Dar\u00fcber hinaus haben sie Auswirkungen auf das physische und psychosoziale Wohlbefinden und die Mobilit\u00e4t von Frauen und M\u00e4dchen, die in Mali haupts\u00e4chlich f\u00fcr die Wasserbeschaffung zust\u00e4ndig sind (United States Agency International Development Mali, 2021). Die Nutzung von Sanit\u00e4ranlagen, die mit anderen Haushalten geteilt werden, und Praktiken der offenen Def\u00e4kation erh\u00f6hen das Risiko sexueller \u00dcbergriffe f\u00fcr Frauen und M\u00e4dchen und behindern die M\u00f6glichkeit, ihre monatlichen Menstruationszyklen sicher, mit angemessener Privatsph\u00e4re und in W\u00fcrde zu bew\u00e4ltigen.<\/p>\n\n\n\n<h3 class=\"wp-block-heading\"><strong><a href=\"https:\/\/www.humanium.org\/de\/recht-auf-identitat\/\">Recht auf Identit\u00e4t<\/a><\/strong><\/h3>\n\n\n\n<p>Eine Geburtsurkunde ist ein wichtiges Dokument, um die Geburt eines Kindes zu dokumentieren. Die amtliche Beurkundung der Geburt eines Kindes begr\u00fcndet die rechtliche Existenz des Kindes und bildet die Grundlage f\u00fcr die Wahrung vieler b\u00fcrgerlicher, politischer, wirtschaftlicher, sozialer und kultureller Rechte des Kindes. Kinder ohne <a href=\"https:\/\/www.humanium.org\/de\/staatenlos-und-unsichtbar\/\"><strong>Geburtsregistrierungsdokumente<\/strong><\/a> sind potenziell nicht vor <a href=\"https:\/\/www.humanium.org\/de\/das-recht-auf-schutz\/\"><strong>Rechtsverletzungen<\/strong><\/a> gesch\u00fctzt, wie z. B. dem fehlenden Zugang zu <a href=\"https:\/\/www.humanium.org\/de\/recht-bildung\/\"><strong>Bildung<\/strong><\/a>, der <a href=\"https:\/\/www.humanium.org\/de\/kinderheirat\/\"><strong>Verheiratung von M\u00e4dchen<\/strong><\/a> oder manchmal der Einberufung zu den <a href=\"https:\/\/www.humanium.org\/de\/kindersoldaten\/\"><strong>Streitkr\u00e4ften<\/strong><\/a> (Brandful, 2021).<\/p>\n\n\n\n<p>Die Regierung ist gesetzlich dazu verpflichtet, die Registrierung aller Geburten in Mali sicherzustellen, auch wenn die Eltern nicht die malische Staatsb\u00fcrgerschaft besitzen. Die Registrierung von Geburten ist ein Grundrecht, das durch mehrere internationale Rechtsinstrumente gesch\u00fctzt ist, welche Mali unterzeichnet hat. Insbesondere durch Artikel 7 der <a href=\"https:\/\/www.humanium.org\/de\/konvention\/\"><strong>KRK von 1989<\/strong><\/a>, Artikel 24 Absatz 2 des Internationalen Pakts \u00fcber b\u00fcrgerliche und politische Rechte von 1966 (ICCPR 1966) (OHCHR, 2021) und Artikel 18 Absatz 2 des \u00dcbereinkommens \u00fcber die Rechte von Menschen mit Behinderungen von 2006 (CRPD 2006) (OHCHR, 2021).&nbsp;<\/p>\n\n\n\n<p>Nicht-registrierte Kinder sind m\u00f6glicherweise <a href=\"https:\/\/www.humanium.org\/de\/staatenlos-und-unsichtbar\/#:~:text=Kinder%20ohne%20Identit%C3%A4t,Augen%20der%20Gesellschaft%20unsichtbar%20sein.\"><strong>staatenlos<\/strong><\/a> und k\u00f6nnen von den Vorteilen der Staatsb\u00fcrgerschaft ausgeschlossen werden. Gem\u00e4\u00df Artikel 157 des Personen- und Familiengesetzes von 2011 (Child Law Resources, 2021) besteht die <a href=\"https:\/\/www.humanium.org\/de\/familie-und-rechte-von-kindern\/\"><strong>gesetzliche Verpflichtung<\/strong><\/a><strong>, <\/strong>die Geburt eines Kindes zu registrieren. Eine gro\u00dfe Anzahl von Kindern in Mali, insbesondere in <a href=\"https:\/\/www.humanium.org\/de\/kinder-in-kriegen\/\"><strong>Konfliktgebieten<\/strong><\/a>, profitiert aber noch immer nicht von diesem Recht (UNICEF Mali, 2021) und nur 16 % der Kinder in <strong>l\u00e4ndlichen Gebieten<\/strong> werden bei der Geburt registriert.<\/p>\n\n\n\n<p>Im Zusammenhang mit der Geburtenregistrierung bedeutet <a href=\"https:\/\/www.humanium.org\/de\/diskriminierung\/\"><strong>Nichtdiskriminierung<\/strong><\/a>, dass die Staaten den Zugang zur Registrierung sicherstellen m\u00fcssen, und dieser weder durch Diskriminierung jeglicher Art, wie aufgrund der Rasse, der Hautfarbe, des Geschlechts, der Sprache, der Religion, der politischen oder sonstigen Anschauung, der nationalen, ethnischen oder sozialen Herkunft, des Verm\u00f6gens, einer <a href=\"https:\/\/www.humanium.org\/de\/kinder-mit-behinderung\/?gclid=EAIaIQobChMI4M274rmc8wIVC553Ch2BFg8WEAAYASAAEgKBo_D_BwE\"><strong>Behinderung<\/strong><\/a> oder der Geburt, noch des sonstigen Status des Kindes, der Eltern oder des gesetzlichen Vormunds untergraben wird (UN-Menschenrechtsrat, 2014). Alle Kinder sollten in dem Land, in dem sie geboren wurden, Zugang zur Geburtenregistrierung haben, einschlie\u00dflich ausl\u00e4ndischer Staatsangeh\u00f6riger, Asylbewerber, Fl\u00fcchtlinge und <a href=\"https:\/\/www.humanium.org\/de\/staatenlos-und-unsichtbar\/?gclid=EAIaIQobChMI8I7G_oe78wIVFed3Ch3znwt6EAAYASAAEgIk-vD_BwE\"><strong>staatenlose Kinder<\/strong><\/a> (Hodgkin &amp; Newell, 2007). Die Auswirkungen einer Nichtregistrierung k\u00f6nnen zu Ungleichheiten beim Zugang zu grundlegenden Dienstleistungen f\u00fchren und zudem die Diskriminierung und Gef\u00e4hrdung verst\u00e4rken (UNICEF, 2013). Ein wirksames ziviles Registrierungs- und Statistiksystem ist daher ein wichtiger erster Schritt zur Gew\u00e4hrleistung des <a href=\"https:\/\/www.humanium.org\/de\/das-recht-auf-schutz\/\"><strong>Schutzes<\/strong><\/a> von Kindern (UN-Menschenrechtsrat, 2014).<\/p>\n\n\n\n<h2 class=\"wp-block-heading\"><strong>Risikofaktoren -&gt; L\u00e4nderspezifische Probleme<\/strong><\/h2>\n\n\n\n<h3 class=\"wp-block-heading\"><strong><a href=\"https:\/\/www.humanium.org\/de\/kinderhandel\/\">Kinderhandel<\/a><\/strong><\/h3>\n\n\n\n<p>Aufgrund des anhaltenden Konflikts in Mali haben <a href=\"https:\/\/www.humanium.org\/de\/kinder-in-kriegen\/\"><strong>Unsicherheit<\/strong><\/a> und Covid-19 zu einem Anstieg von<strong> <\/strong><a href=\"https:\/\/www.humanium.org\/de\/kinderhandel\/\"><strong>Kinderhandel<\/strong><\/a>, <a href=\"https:\/\/www.humanium.org\/de\/kinderarbeit-2\/\"><strong>Zwangsarbeit<\/strong><\/a> und <a href=\"https:\/\/www.humanium.org\/de\/kindersoldaten\/\"><strong>Zwangsrekrutierung<\/strong><\/a> durch bewaffnete Gruppen gef\u00fchrt (The UN Refugee Agency, 2020). In der ersten Jahresh\u00e4lfte 2020 wurden mehr F\u00e4lle von Kinderrekrutierung dokumentiert (230 F\u00e4lle) als im gesamten Jahr 2019 (215 F\u00e4lle) (Global Protection Cluster, 2020). <\/p>\n\n\n\n<p>Das f\u00fchrt zu Gef\u00e4hrdung des Kinderschutzes und beg\u00fcnstigt Kinderarbeit, <a href=\"https:\/\/www.humanium.org\/de\/die-sexuelle-ausbeutung-von-kindern\/\"><strong>sexuelle Ausbeutung<\/strong><\/a><strong>,<\/strong> <a href=\"https:\/\/www.humanium.org\/de\/misshandlung\/\"><strong>sexuellen Missbrauch<\/strong><\/a> und h\u00e4usliche Gewalt. Bewaffnete Gruppen verschleppen Kinder auch als Arbeitskr\u00e4fte in Goldminen und nutzen die Gewinne, um die K\u00e4mpfer zu bereichern, den Waffenhandel anzukurbeln und die Gewalt zu finanzieren (The UN Refugee Agency, 2020).<\/p>\n\n\n\n<h3 class=\"wp-block-heading\"><strong><a href=\"https:\/\/www.humanium.org\/de\/kinder-in-kriegen\/\">Kinder in bewaffneten Konflikten<\/a><\/strong><\/h3>\n\n\n\n<p>Die Rekrutierung durch bewaffnete Streitkr\u00e4fte stellt seit Beginn des Konflikts im Jahr 2013 eine der gr\u00f6\u00dften Gefahren f\u00fcr Kinder dar (Child Protection Global Protection Cluster, 2018). Im Jahr 2018 lebte fast ein Drittel der malischen Bev\u00f6lkerung in vom Konflikt betroffenen Gebieten (UNICEF Mali, 2021). Bewaffnete Gruppen im Norden und im Zentrum, einschlie\u00dflich mit der Regierung verb\u00fcndeten Gruppierungen, rekrutierten und setzten weiterhin <a href=\"https:\/\/www.humanium.org\/de\/kindersoldaten\/\"><strong>Kindersoldaten<\/strong><\/a> ein (Human Rights Watch, 2018). Dies steht in direktem Gegensatz zur Ratifizierung des <a href=\"https:\/\/www.humanium.org\/de\/protokoll-beteiligung-von-kindern-konflikten\/\"><strong>Fakultativprotokolls \u00fcber die Beteiligung von Kindern an bewaffneten Konflikten<\/strong><\/a><strong> <\/strong>durch Mali im Jahr 2002 und hat dazu gef\u00fchrt, dass die Gewalt im Norden und im Zentrum Malis dramatisch zugenommen hat.<\/p>\n\n\n\n<p>In der Region Mopti haben die zunehmende interkommunale Gewalt und die Pr\u00e4senz bewaffneter Gruppen zu wiederholten Angriffen gef\u00fchrt, die die T\u00f6tung und Verst\u00fcmmelung von Kindern, ihre <a href=\"https:\/\/www.humanium.org\/de\/vertriebene-kinder\/\"><strong>Vertreibung<\/strong><\/a>, die Trennung von ihren Familien sowie sexuelle Gewalt und psychologische Traumata zur Folge hatten (UNICEF Mali, 2019). Dar\u00fcber hinaus haben die Vereinten Nationen im Berichtszeitraum 809 schwerwiegende Verst\u00f6\u00dfe gegen 535 Kinder (394 Jungen, 135 M\u00e4dchen, 6 Geschlecht unbekannt) festgestellt (Sicherheitsrat der Generalversammlung der Vereinten Nationen, 2021).<\/p>\n\n\n\n<p>Weiterhin wurden 204 schwerwiegende Verst\u00f6\u00dfe gegen 183 Kinder (145 Jungen, 38 M\u00e4dchen), die in den Vorjahren begangen wurden, nachtr\u00e4glich verifiziert. Kinder werden gezielt rekrutiert und f\u00fcr verschiedene Aktivit\u00e4ten eingesetzt, sogar als Selbstmordattent\u00e4ter (Plan International, 2017). Es wurde dokumentiert, dass der Einsatz von Kindern als K\u00e4mpfer nicht nur ermutigt wird, Kinder werden sogar verpflichtet sich aktiv an Kampfhandlungen zu beteiligen (Human Rights Watch, 2018). \u00dcber den Einsatz von Kindersoldaten in Mali wurde seit Beginn des Konflikts im Jahr 2013 ausf\u00fchrlich berichtet (Global Protection Cluster, 2020).<\/p>\n\n\n\n<h3 class=\"wp-block-heading\"><a href=\"https:\/\/www.humanium.org\/de\/vertriebene-kinder\/\"><strong>Von ihren Familien getrennte oder unbegleitete Kinder<\/strong><\/a><strong><\/strong><\/h3>\n\n\n\n<p>Zwischen 2018 und 2020 hat sich die Zahl der Binnenfl\u00fcchtlinge in Mali mehr als verdoppelt: Sie stieg von fast 110.000 auf \u00fcber 332.957 (UNICEF Mali, 2021). 56% der Vertriebenen sind Frauen und M\u00e4dchen und 61% sind Kinder (UNICEF Mali, 2021). In den n\u00f6rdlichen und zentralen Regionen leben mehr als 96% der Binnenfl\u00fcchtlinge in Gebieten, in denen der Zugang zu Wasser unter dem nationalen Durchschnitt von 69% liegt (UNICEF Mali, 2021). Mali hat eine der h\u00f6chsten <a href=\"https:\/\/www.humanium.org\/de\/kindersterblichkeit\/\"><strong>Sterblichkeitsraten<\/strong><\/a> aufgrund von unsicherer <a href=\"https:\/\/www.humanium.org\/de\/recht-wasser\/\"><strong>Wasser<\/strong><\/a>&#8211; und <a href=\"https:\/\/www.humanium.org\/de\/das-recht-auf-gesundheit\/\"><strong>Sanit\u00e4rversorgung<\/strong><\/a> und Hygiene (WASH) in Afrika (Weltgesundheitsorganisation, 2019).<\/p>\n\n\n\n<p>Durch den anhaltenden <a href=\"https:\/\/www.humanium.org\/de\/kinder-in-kriegen\/\"><strong>Konflikt<\/strong><\/a> in Mali wurden und werden starke traditionelle Familien- und Gemeinschaftsmodelle f\u00fcr die Betreuung der schw\u00e4cheren Gemeinschaftsmitglieder gef\u00e4hrdet (Child Protection Global Protection Cluster, 2018). Die derzeitige Versch\u00e4rfung von Konflikten, Gewalt und anderen Konfrontationen zwischen den Gemeinschaften in den n\u00f6rdlichen und zentralen Regionen k\u00f6nnte darauf hindeuten, dass sie m\u00f6glicherweise zur Vervielfachung von organisierten Trennungen aus Sicherheitsgr\u00fcnden beitragen.<\/p>\n\n\n\n<p>Dar\u00fcber hinaus k\u00f6nnten dieselben Gr\u00fcnde zu einer <a href=\"https:\/\/www.humanium.org\/en\/family-and-childrensrights\/\"><strong>ungewollten Trennung<\/strong><\/a> und <a href=\"https:\/\/www.humanium.org\/de\/vertriebene-kinder\/\"><strong>Aussetzung von Kindern<\/strong><\/a> beitragen, die zum Teil auf Migration oder auf Kampfhandlungen zur\u00fcckzuf\u00fchren sind. Vertrieben Kinder haben keinen Zugang zu den von ihnen ben\u00f6tigten Gesundheits- und <a href=\"https:\/\/www.humanium.org\/de\/recht-bildung\/\"><strong>Bildungsdiensten<\/strong><\/a> (Reid, 2020). Der zunehmende Konflikt gef\u00e4hrdet Kinder und andere Zivilisten, insbesondere in Mopti und Menaka, wo Angriffe zwischen den Bev\u00f6lkerungsgruppen zu Vertreibungen und mehreren Todesf\u00e4llen gef\u00fchrt haben.<\/p>\n\n\n\n<h3 class=\"wp-block-heading\"><strong><a href=\"https:\/\/www.humanium.org\/de\/kinderarbeit-2\/\">Kinderarbeit<\/a><\/strong><\/h3>\n\n\n\n<p>Mali hat mehrere Konventionen in Bezug auf Arbeit und Kinderrechte verabschiedet. Die von der malischen Regierung ratifizierten \u00dcbereinkommen sind das \u00dcbereinkommen \u00fcber Zwangsarbeit 1930 (Nr. 29) (Internationale Arbeitsorganisation, 1960), das Protokoll von 2014 zum \u00dcbereinkommen \u00fcber Zwangsarbeit (Internationale Arbeitsorganisation, 2016), das \u00dcbereinkommen \u00fcber das Mindestalter 1973 (Nr. 138) (Internationale Arbeitsorganisation, 2002) und die schlimmsten Formen der Kinderarbeit 1999 (Nr. 182) (Internationale Arbeitsorganisation, 2000).<\/p>\n\n\n\n<p>Trotz der Ratifizierung der wichtigsten \u00dcbereinkommen zur Kinderarbeit waren 2013 in Mali mindestens 2,4 Millionen Kinder mit <a href=\"https:\/\/www.humanium.org\/de\/kinderarbeit-2\/\"><strong>Arbeiten<\/strong><\/a> besch\u00e4ftigt, die als gef\u00e4hrlich eingestuft werden (Child Protection Global Protection Cluster, 2018). 40% der Kinder im Alter zwischen 5 und 14 Jahren waren mit T\u00e4tigkeiten besch\u00e4ftigt, die ihrer Entwicklung schaden k\u00f6nnten. Andere Berichte aus dem Jahr 2013 zeigen Vorf\u00e4lle von Sklaverei in der n\u00f6rdlichen Region, einschlie\u00dflich in den Tamasheq-Gemeinschaften im Norden Malis, wo Kinder f\u00fcr landwirtschaftliche und\/oder h\u00e4usliche Arbeit verkauft wurden (Child Protection Global Protection Cluster, 2018).<\/p>\n\n\n\n<p>Im Jahr 2015 wurde berichtet, dass fast 70% (3 Millionen Kinder) von <a href=\"https:\/\/www.humanium.org\/de\/kinderarbeit-2\/\"><strong>Kinderarbeit<\/strong><\/a> in der Landwirtschaft, im Haushalt und in informellen Arbeitsverh\u00e4ltnissen betroffen waren, 60% davon waren unter 12 Jahre alt und 60% lebten in <strong>l\u00e4ndlichen Gebieten<\/strong>. Die meisten Kinder, die in Kinderarbeit involviert waren, waren im S\u00fcden des Landes zu finden: Sikasso (76%), Segou (68%) und Kayes (60%) (Child Protection Global Protection Cluster, 2018).<\/p>\n\n\n<div class=\"wp-block-image\">\n<figure class=\"alignleft size-large is-resized\"><img loading=\"lazy\" decoding=\"async\" width=\"1024\" height=\"768\" src=\"https:\/\/www.humanium.org\/de\/wp-content\/uploads\/2021\/12\/shutterstock_387323434-1024x768.jpg\" alt=\"\" class=\"wp-image-15361\" style=\"width:356px;height:266px\" srcset=\"https:\/\/www.humanium.org\/de\/wp-content\/uploads\/2021\/12\/shutterstock_387323434-1024x768.jpg 1024w, https:\/\/www.humanium.org\/de\/wp-content\/uploads\/2021\/12\/shutterstock_387323434-300x225.jpg 300w, https:\/\/www.humanium.org\/de\/wp-content\/uploads\/2021\/12\/shutterstock_387323434-768x576.jpg 768w, https:\/\/www.humanium.org\/de\/wp-content\/uploads\/2021\/12\/shutterstock_387323434-1536x1152.jpg 1536w, https:\/\/www.humanium.org\/de\/wp-content\/uploads\/2021\/12\/shutterstock_387323434-2048x1536.jpg 2048w, https:\/\/www.humanium.org\/de\/wp-content\/uploads\/2021\/12\/shutterstock_387323434-830x622.jpg 830w, https:\/\/www.humanium.org\/de\/wp-content\/uploads\/2021\/12\/shutterstock_387323434-230x172.jpg 230w, https:\/\/www.humanium.org\/de\/wp-content\/uploads\/2021\/12\/shutterstock_387323434-350x262.jpg 350w, https:\/\/www.humanium.org\/de\/wp-content\/uploads\/2021\/12\/shutterstock_387323434-480x360.jpg 480w\" sizes=\"auto, (max-width: 1024px) 100vw, 1024px\" \/><\/figure>\n<\/div>\n\n\n<p>Das Arbeitsgesetzbuch von 1992 (Child Law Resources, 2021) wurde 2017 ge\u00e4ndert und hat das Mindestalter f\u00fcr die Besch\u00e4ftigung auf 15 Jahre festgelegt (United States of America Department of State, 2018). Kinder d\u00fcrfen unter keinen Umst\u00e4nden mehr als 8 Stunden pro Tag arbeiten. Die Liste der gef\u00e4hrlichen Berufe der Regierung verbietet bestimmte T\u00e4tigkeiten f\u00fcr Kinder unter 18 Jahren. M\u00e4dchen im Alter von 16 bis 18 Jahren d\u00fcrfen nicht mehr als 6 Stunden pro Tag arbeiten. Das Gesetz gilt f\u00fcr alle Kinder, einschlie\u00dflich derjenigen, die im informellen Sektor arbeiten und derjenigen, die selbst\u00e4ndig sind.<\/p>\n\n\n\n<h3 class=\"wp-block-heading\"><a href=\"https:\/\/www.humanium.org\/de\/kinderheirat\/\"><strong>Kinderehen<\/strong><\/a><strong><\/strong><\/h3>\n\n\n\n<p><a href=\"https:\/\/www.humanium.org\/de\/kinderheirat\/\"><strong>Kinderheirat<\/strong><\/a> ist ein grundlegender Versto\u00df gegen die Menschenrechte. In Mali wird aber immer noch jedes zweite M\u00e4dchen verheiratet, w\u00e4hrend es noch ein Kind ist (UNICEF Mali, 2021). <a href=\"https:\/\/www.humanium.org\/de\/die-rechte-von-madchen\/?gclid=EAIaIQobChMI_JSqhdac8wIVT4ODBx0s2AapEAAYASAAEgK7lfD_BwE\"><strong>M\u00e4dchen<\/strong><\/a>, die heiraten, bevor sie 18 Jahre alt sind, bleiben seltener in der <a href=\"https:\/\/www.humanium.org\/de\/recht-bildung\/\"><strong>Schule<\/strong><\/a>, sind h\u00e4ufiger von Gewalt betroffen und haben ein h\u00f6heres Risiko, aufgrund von Komplikationen bei Schwangerschaft und Geburt zu sterben. Dar\u00fcber hinaus f\u00fchrt die Kinderheirat zur <a href=\"https:\/\/www.humanium.org\/de\/familie-und-rechte-von-kindern\/\"><strong>Trennung von Familie<\/strong><\/a> und Freunden und das M\u00e4dchen kann sich nicht frei an den Aktivit\u00e4ten der Gemeinschaft beteiligen, was sich auf ihr <a href=\"https:\/\/www.humanium.org\/de\/misshandlung\/\"><strong>geistiges und k\u00f6rperliches Wohlbefinden<\/strong><\/a> auswirkt und ihre F\u00e4higkeit einschr\u00e4nkt, ihr Potenzial auszusch\u00f6pfen und voll an der Entwicklung von Familie, Gemeinschaft und Gesellschaft teilzunehmen.<\/p>\n\n\n\n<p>In einigen Regionen des Landes, insbesondere in Kayes und Koulikoro, werden M\u00e4dchen bereits im Alter von 10 Jahren verheiratet. Es war \u00fcblich, dass ein 14-j\u00e4hriges M\u00e4dchen einen Mann heiratete, der doppelt so alt war wie sie (United States of America Department of State, 2018). Die <a href=\"https:\/\/www.humanium.org\/de\/kinderheirat\/\"><strong>Kinderheirat<\/strong><\/a> beraubt ein M\u00e4dchen seiner Kindheit und erh\u00f6ht die Wahrscheinlichkeit einer fr\u00fchen Schwangerschaft (UNICEF Mali, 2021).<\/p>\n\n\n\n<h3 class=\"wp-block-heading\"><strong>Weibliche <a href=\"https:\/\/www.humanium.org\/de\/genitalverstummelung\/\">Genitalverst\u00fcmmelung (Female Genital Mutilation FGM)<\/a><\/strong><\/h3>\n\n\n\n<p><strong><a href=\"https:\/\/www.humanium.org\/de\/genitalverstummelung\/\">&nbsp;Neben der<\/a><\/strong> <a href=\"https:\/\/www.humanium.org\/de\/kinderheirat\/\"><strong>Kinderheirat<\/strong><\/a> hat Mali eine der h\u00f6chsten Raten an <a href=\"https:\/\/www.humanium.org\/de\/genitalverstummelung\/\"><strong>weiblicher Genitalverst\u00fcmmelung<\/strong><\/a> (FGM) weltweit, mehr als 73% der M\u00e4dchen im Alter von 0 bis 14 Jahren sind von dieser Praxis betroffen (UNICEF Mali, 2021). Bei der \u00fcberwiegenden Mehrheit der beschnittenen M\u00e4dchen wird die Beschneidung im Alter von 0 bis 5 Jahren durchgef\u00fchrt (Institut National de la Statique und ICF, 2019). <a href=\"https:\/\/www.humanium.org\/de\/genitalverstummelung\/\"><strong>FGM<\/strong><\/a> ist ein grundlegender Versto\u00df gegen das Recht des Kindes auf <a href=\"https:\/\/www.humanium.org\/de\/das-recht-auf-schutz\/\"><strong>\u00dcberleben<\/strong><\/a> und Entwicklung. Sie behindert die F\u00e4higkeit von M\u00e4dchen, gesunde Erwachsene zu werden, die ein besseres Leben f\u00fcr sich selbst und ihre Gemeinschaften schaffen k\u00f6nnen.<\/p>\n\n\n\n<p>Derzeit gibt es in Mali keine nationale Gesetzgebung, die die Praxis der Genitalverst\u00fcmmelung ausdr\u00fccklich unter Strafe stellt, obwohl das Land das Maputo-Protokoll ratifiziert und damit die Bestimmungen des Protokolls zur Abschaffung der Genitalverst\u00fcmmelung durch den Erlass der erforderlichen und unterst\u00fctzenden nationalen Gesetzgebung akzeptiert hat. Obwohl FGM legal ist, verbieten die Beh\u00f6rden die Praxis in staatlich finanzierten Gesundheitszentren (United States of America Department of State, 2018).<\/p>\n\n\n\n<h3 class=\"wp-block-heading\"><a href=\"https:\/\/www.humanium.org\/de\/themenschwerpunkte\/umwelt\/umweltrechte\/\"><strong>\u00d6kologische Herausforderungen<\/strong><\/a><strong><\/strong><\/h3>\n\n\n\n<p>Von 2016 bis 2018 (Sidas Helpdesk f\u00fcr Umwelt und Klimawandel, 2013) erlebte Mali eine schwere D\u00fcrre, die die Anbausaison beeintr\u00e4chtigte (Reid, 2020). Dies wirkte sich auf die <a href=\"https:\/\/www.humanium.org\/de\/recht-nahrung\/\"><strong>Ern\u00e4hrungssicherheit<\/strong><\/a> und somit die <a href=\"https:\/\/www.humanium.org\/de\/das-recht-auf-gesundheit\/\"><strong>Ern\u00e4hrung<\/strong><\/a> aus, was wiederum das allgemeine <a href=\"https:\/\/www.humanium.org\/de\/das-recht-auf-schutz\/\"><strong>Wohlbefinden<\/strong><\/a><strong> <\/strong>der Kinder verschlechterte und in vielen F\u00e4llen zu chronischer Unterern\u00e4hrung f\u00fchrte. Eines von drei Kindern ist heute f\u00fcr sein Alter zu klein, was auf ein hohes Ma\u00df an Unterern\u00e4hrung zur\u00fcckzuf\u00fchren ist.<\/p>\n\n\n<div class=\"wp-block-image\">\n<figure class=\"alignright size-large is-resized\"><img loading=\"lazy\" decoding=\"async\" width=\"1024\" height=\"683\" src=\"https:\/\/www.humanium.org\/de\/wp-content\/uploads\/2021\/12\/shutterstock_1644852604-1024x683.jpg\" alt=\"\" class=\"wp-image-15362\" style=\"width:373px;height:249px\" srcset=\"https:\/\/www.humanium.org\/de\/wp-content\/uploads\/2021\/12\/shutterstock_1644852604-1024x683.jpg 1024w, https:\/\/www.humanium.org\/de\/wp-content\/uploads\/2021\/12\/shutterstock_1644852604-300x200.jpg 300w, https:\/\/www.humanium.org\/de\/wp-content\/uploads\/2021\/12\/shutterstock_1644852604-768x512.jpg 768w, https:\/\/www.humanium.org\/de\/wp-content\/uploads\/2021\/12\/shutterstock_1644852604-1536x1024.jpg 1536w, https:\/\/www.humanium.org\/de\/wp-content\/uploads\/2021\/12\/shutterstock_1644852604-2048x1365.jpg 2048w, https:\/\/www.humanium.org\/de\/wp-content\/uploads\/2021\/12\/shutterstock_1644852604-830x553.jpg 830w, https:\/\/www.humanium.org\/de\/wp-content\/uploads\/2021\/12\/shutterstock_1644852604-230x153.jpg 230w, https:\/\/www.humanium.org\/de\/wp-content\/uploads\/2021\/12\/shutterstock_1644852604-350x233.jpg 350w, https:\/\/www.humanium.org\/de\/wp-content\/uploads\/2021\/12\/shutterstock_1644852604-480x320.jpg 480w, https:\/\/www.humanium.org\/de\/wp-content\/uploads\/2021\/12\/shutterstock_1644852604-272x182.jpg 272w\" sizes=\"auto, (max-width: 1024px) 100vw, 1024px\" \/><\/figure>\n<\/div>\n\n\n<p>In Mali besteht ein enger Zusammenhang zwischen Umwelt- und Gesundheitsproblemen, insbesondere in Bezug auf Unterern\u00e4hrung, Luftverschmutzung in Innenr\u00e4umen und Krankheiten aufgrund schlechter Wasserqualit\u00e4t. In Mali leiden etwa 81% der Kinder an einer Form von An\u00e4mie und 38% der Kinder unter 5 Jahren sind stark unterentwickelt. In den letzten Jahren haben der Temperaturanstieg, die W\u00fcstenbildung und die unvorhersehbaren Regenf\u00e4lle dazu gef\u00fchrt, dass die Menschen mit ihrem Vieh auf der Suche nach nat\u00fcrlichen Ressourcen zur Abwanderung gezwungen sind. Dies wiederum f\u00fchrt zu Spannungen und Konkurrenz zwischen den Gemeinschaften, die lokal schnell in Gewalt ausarten k\u00f6nnen. Daher wird der Klimawandel indirekt zu einer Triebkraft der Gewalt (Internationales Komitee vom Roten Kreuz, 2021).<\/p>\n\n\n\n<p>Die Knappheit und st\u00e4ndige Verschlechterung der nat\u00fcrlichen Ressourcen sind Faktoren, die zu Unterern\u00e4hrung, wirtschaftlicher Not, Migration und gewaltsamen Konflikten in Mali beitragen (Sida Helpdesk for Environment and Climate Change, 2013). Gleichzeitig beg\u00fcnstigen Konflikte und Unsicherheit eine nicht nachhaltige Bewirtschaftung der nat\u00fcrlichen Ressourcen im weiteren Sinne.<\/p>\n\n\n\n<p><em><strong>Geschrieben von Igi Nderi<\/strong><\/em><\/p>\n\n\n\n<p><em><strong>Intern Korrektur gelesen von Aditi Partha<\/strong><\/em><\/p>\n\n\n\n<p><em><strong>\u00dcbersetzt von Helga Burgat<\/strong><\/em><\/p>\n\n\n\n<p><em><strong>Korrekture gelesen von Sibylle Daymond<\/strong><\/em><\/p>\n\n\n\n<p><em><strong>Letztes Update 7. August 2021<\/strong><\/em><\/p>\n\n\n\n<h4 class=\"wp-block-heading\">References:<\/h4>\n\n\n\n<p class=\"has-small-font-size\">African Commission on Human and People&#8217;s Rights. (2021, July 13). <em>Ratification Table: &#8211; African Charter on the Rights and Welfare of the Child<\/em>. Retrieved from African Commission on Human People&#8217;s Rights.<\/p>\n\n\n\n<p class=\"has-small-font-size\"><a href=\"https:\/\/au.int\/sites\/default\/files\/treaties\/37077-treaty-charter_on_rights_of_women_in_africa.pdf\" target=\"_blank\" rel=\"noreferrer noopener\">African Union. (2003, July 1). <em>Protocol to the African Charter on Human and People&#8217;s Rights on the Rights of Women in Africa<\/em>. Retrieved from African Union.<\/a><\/p>\n\n\n\n<p class=\"has-small-font-size\">African Union. (2003, July 1). <em>Protocol to the African Charter on Human and People&#8217;s Rights on the Rights of Women in Africa- List of Countries that have signed, ratified\/acceded to the protocol<\/em>. Retrieved from African Union.<\/p>\n\n\n\n<p class=\"has-small-font-size\"><a href=\"https:\/\/www.britannica.com\/place\/Mali\" target=\"_blank\" rel=\"noreferrer noopener\">Andrew Clark. (2021, June 11). <em>Mali<\/em>. Retrieved from Britannica.<\/a><\/p>\n\n\n\n<p class=\"has-small-font-size\"><a href=\"https:\/\/www.bbc.com\/news\/world-africa-13881370\" target=\"_blank\" rel=\"noreferrer noopener\">BBC News. (2020, May 26). <em>Mali Country Profile<\/em>. Retrieved from BBC News World Africa.<\/a><\/p>\n\n\n\n<p class=\"has-small-font-size\"><a href=\"https:\/\/www.bbc.com\/news\/world-africa-13881978\" target=\"_blank\" rel=\"noreferrer noopener\">BBC News. (2020, August 26). <em>Mali profile-Timeline<\/em>. Retrieved from BBC News World Africa.<\/a><\/p>\n\n\n\n<p class=\"has-small-font-size\"><a href=\"https:\/\/www.unicef.org\/mali\/en\/stories\/right-start-life\" target=\"_blank\" rel=\"noreferrer noopener\">Brandful, J. (2021, July 18). <em>The right start to life<\/em>. Retrieved from UNICEF Mali.<\/a><\/p>\n\n\n\n<p class=\"has-small-font-size\"><a href=\"http:\/\/www.africanchildforum.org\/clr\/Pages_EN\/Mali.html\" target=\"_blank\" rel=\"noreferrer noopener\">Child Law Resources. (2021, July 13). <em>Code on Child Protection 2002<\/em>. Retrieved from African Child Policy Forum.<\/a><\/p>\n\n\n\n<p class=\"has-small-font-size\"><a href=\"http:\/\/www.africanchildforum.org\/clr\/Legislation%20Per%20Country\/Mali\/mali_constituion_1991_en.pdf\" target=\"_blank\" rel=\"noreferrer noopener\">Child Law Resources. (2021, July 14). <em>The Constitution of the Republic of Mali 1992<\/em>. Retrieved from African Child Policy Forum.<\/a><\/p>\n\n\n\n<p class=\"has-small-font-size\"><a href=\"http:\/\/www.africanchildforum.org\/clr\/Pages_EN\/Mali.html\" target=\"_blank\" rel=\"noreferrer noopener\">Child Law Resources. (2021, August 3). <em>The Labour Code 1992<\/em>. Retrieved from African Child Policy Forum.<\/a><\/p>\n\n\n\n<p class=\"has-small-font-size\"><a href=\"https:\/\/resourcecentre.savethechildren.net\/node\/11335\/pdf\/mali_child-protection-risks-and-needs_oct2018_english-1.pdf\" target=\"_blank\" rel=\"noreferrer noopener\">Child Protection Global Protection Cluster. (2018, August 1). <em>Child Protection Risks and Needs in Mali<\/em>. Retrieved from Save the Children Resource Centre.<\/a><\/p>\n\n\n\n<p class=\"has-small-font-size\"><a href=\"https:\/\/archive.crin.org\/en\/guides\/legal\/crc-complaints-mechanism-toolkit\/part-i-individual-complaints\/what-crc-complaints.html\" target=\"_blank\" rel=\"noreferrer noopener\">Child Rights International Network. (2021, July 13). <em>What is the CRC Complaints Mechanism?<\/em> Retrieved from Child Rights International Network.<\/a><\/p>\n\n\n\n<p class=\"has-small-font-size\">Global Childhood Report 2021. (2021, July 6). <em>The Toughest Places to be a Child<\/em>. Retrieved from Save the Children.<\/p>\n\n\n\n<p class=\"has-small-font-size\">Global Protection Cluster. (2020, November 1). <em>Aftershock: abuse, exploitation and human trafficking in the wake of COVID-19<\/em>. Retrieved from Global Protection Update.<\/p>\n\n\n\n<p class=\"has-small-font-size\">Global Waters. (2021, July 17). <em>Where we work-Mali<\/em>. Retrieved from Global Waters.<\/p>\n\n\n\n<p class=\"has-small-font-size\">Hodgkin, R., &amp; Newell, P. (2007). Implementation Handbook on the Rights of the Child. In R. Hodgkin, &amp; P. Newell, <em>Implementation Handbook on the Rights of the Child<\/em> (p. 97). Geneva: United Nations Children&#8217;s Fund.<\/p>\n\n\n\n<p class=\"has-small-font-size\"><a href=\"https:\/\/www.hrw.org\/world-report\/2018\/country-chapters\/mali\" target=\"_blank\" rel=\"noreferrer noopener\">Human Rights Watch. (2018, January 1). <em>Mali Events of 2017<\/em>. Retrieved from World Report 2018.<\/a><\/p>\n\n\n\n<p class=\"has-small-font-size\"><a href=\"https:\/\/www.hrw.org\/news\/2020\/09\/08\/attacks-students-teachers-and-schools-surge-africas-sahel\" target=\"_blank\" rel=\"noreferrer noopener\">Human Rights Watch. (2020, September 8). <em>Attack on Students, Teachers and Schools Surge in Africa&#8217;s Sahel<\/em>. Retrieved from Human Rights Watch.<\/a><\/p>\n\n\n\n<p class=\"has-small-font-size\"><a href=\"https:\/\/www.hrw.org\/news\/2017\/01\/18\/mali-islamist-armed-group-abuses-banditry-surge\" target=\"_blank\" rel=\"noreferrer noopener\">Human Rights Watch. (2018, January 18). <em>Mali: Islamist Armed Group Abuses, Bandirty Surge. Killings, Repression, Insecurity Imperil Civilians in North, Central Region<\/em>. Retrieved from Human Rights Watch.<\/a><\/p>\n\n\n\n<p class=\"has-small-font-size\"><a href=\"https:\/\/www.hrw.org\/world-report\/2019\/country-chapters\/mali\" target=\"_blank\" rel=\"noreferrer noopener\">Human Rights Watch. (2021, July 14). <em>Mali Events of 2018<\/em>. Retrieved from Human Rights Watch.<\/a><\/p>\n\n\n\n<p class=\"has-small-font-size\"><a href=\"https:\/\/www.dhsprogram.com\/pubs\/pdf\/SR261\/SR261.E.pdf\" target=\"_blank\" rel=\"noreferrer noopener\">Institute National de la Statistics and ICF. (2019, January 4). <em>2018 Mali Demographic and Health Survey Key Findings<\/em>. Retrieved from DHS Program.<\/a><\/p>\n\n\n\n<p class=\"has-small-font-size\"><a href=\"https:\/\/reliefweb.int\/report\/mali\/mali-s-invisible-front-line-climate-change-conflict-zone\" target=\"_blank\" rel=\"noreferrer noopener\">International Committee of the Red Cross. (2021, February 18). <em>Mali&#8217;s invisible front line: climate change in a conflict zone<\/em>. Retrieved from International Committee of the Red Cross.<\/a><\/p>\n\n\n\n<p class=\"has-small-font-size\"><a href=\"https:\/\/www.ilo.org\/dyn\/normlex\/en\/f?p=NORMLEXPUB:11200:0::NO::P11200_COUNTRY_ID:103081\" target=\"_blank\" rel=\"noreferrer noopener\">International Labour Organization. (1960, September 22). <em>Ratifications for Mali. C029-Forced Labour Convention, 1930 (No.29)<\/em>. Retrieved from International Labour Organization.<\/a><\/p>\n\n\n\n<p class=\"has-small-font-size\"><a href=\"https:\/\/www.ilo.org\/dyn\/normlex\/en\/f?p=NORMLEXPUB:11200:0::NO::P11200_COUNTRY_ID:103081\" target=\"_blank\" rel=\"noreferrer noopener\">International Labour Organization. (2000, July 14). <em>Ratifications for Mali. C182-Worst Forms of Child Labour Convention, 1999 (No.182)<\/em>. Retrieved from International Labour Organization.<\/a><\/p>\n\n\n\n<p class=\"has-small-font-size\"><a href=\"https:\/\/www.ilo.org\/dyn\/normlex\/en\/f?p=NORMLEXPUB:11200:0::NO::P11200_COUNTRY_ID:103081\" target=\"_blank\" rel=\"noreferrer noopener\">International Labour Organization. (2002, March 11). <em>Ratifications for Mali. C138-Minimum Age Convention 1973 (No.138)<\/em>. Retrieved from International Labour Organizations.<\/a><\/p>\n\n\n\n<p class=\"has-small-font-size\"><a href=\"https:\/\/www.ilo.org\/dyn\/normlex\/en\/f?p=NORMLEXPUB:11200:0::NO::P11200_COUNTRY_ID:103081\" target=\"_blank\" rel=\"noreferrer noopener\">International Labour Organization. (2016, April 12). <em>Ratifications for Mali. P029-Protocol of 2014 to the Forced Labour Convention, 1930 (No.29)<\/em>. Retrieved from International Labour Organization.<\/a><\/p>\n\n\n\n<p class=\"has-small-font-size\"><a href=\"https:\/\/www.ohchr.org\/en\/professionalinterest\/pages\/opiccrc.aspx\" target=\"_blank\" rel=\"noreferrer noopener\">OHCHR. (2021, July 13). <em>Optional Protocol to the Convention on the Rights of the Child on a Communications Procedure<\/em>. Retrieved from OHCHR.<\/a><\/p>\n\n\n\n<p class=\"has-small-font-size\"><a href=\"https:\/\/www.ohchr.org\/en\/professionalinterest\/pages\/opaccrc.aspx\" target=\"_blank\" rel=\"noreferrer noopener\">OHCHR. (2021, July 13). <em>Optional Protocol to the Convention on the Rights of the Child on the Involvement of Children in Armed Conflict<\/em>. Retrieved from OHCHR.<\/a><\/p>\n\n\n\n<p class=\"has-small-font-size\"><a href=\"https:\/\/www.ohchr.org\/en\/professionalinterest\/pages\/opsccrc.aspx\" target=\"_blank\" rel=\"noreferrer noopener\">OHCHR. (2021, July 13). <em>Optional Protocol to the Convention on the Rights of the Child on the Sales of Children, Child Prostitution and Child Pornography<\/em>. Retrieved from OHCHR.<\/a><\/p>\n\n\n\n<p class=\"has-small-font-size\"><a href=\"https:\/\/tbinternet.ohchr.org\/_layouts\/15\/TreatyBodyExternal\/Countries.aspx?CountryCode=MLI&amp;Lang=EN\" target=\"_blank\" rel=\"noreferrer noopener\">OHCHR. (2021, July 13). <em>Reporting status for Mali<\/em>. Retrieved from UN Treaty Body Database.<\/a><\/p>\n\n\n\n<p class=\"has-small-font-size\">Plan International. (2017). <em>Child Friendly Spaces Providing Child Protection and Education in Conflict Settings: A Case Study from Timbuktu, Mali.<\/em> London: Plan International.<\/p>\n\n\n\n<p class=\"has-small-font-size\"><a href=\"https:\/\/www.worldvision.org\/disaster-relief-news-stories\/mali-conflict-facts\" target=\"_blank\" rel=\"noreferrer noopener\">Reid, K. (2020, August 19). <em>Mali conflict explained: Facts, FAQs and how to help<\/em>. Retrieved from World vision.<\/a><\/p>\n\n\n\n<p class=\"has-small-font-size\"><a href=\"https:\/\/reliefweb.int\/report\/mali\/protecting-children-mali\" target=\"_blank\" rel=\"noreferrer noopener\">Save the Children. (2021, May 27). <em>Protecting Children In Mali<\/em>. Retrieved from Save the Children.<\/a><\/p>\n\n\n\n<p class=\"has-small-font-size\">Sida&#8217;s Helpdesk for Environment and Climate Change. (2013, July 5). <em>Mali Environmental and Climate Change Policy<\/em>. Retrieved from Sida&#8217;s Helpdesk for Environment and Climate Change.<\/p>\n\n\n\n<p class=\"has-small-font-size\"><a href=\"https:\/\/www.britannica.com\/place\/French-West-Africa\" target=\"_blank\" rel=\"noreferrer noopener\">The Editors of Encyclopaedia Britannica. (2021, June 11). <em>French West Africa<\/em>. Retrieved from Britannica.<\/a><\/p>\n\n\n\n<p class=\"has-small-font-size\"><a href=\"https:\/\/www.unhcr.org\/news\/press\/2020\/12\/5fc62ead4\/child-trafficking-mali-increasing-conflict-covid-19.html\" target=\"_blank\" rel=\"noreferrer noopener\">The UN Refugee Agency. (2020, December 1). <em>Child trafficking in Mali is increasing because of conflict and COVID-19<\/em>. Retrieved from UN Refugee Agency.<\/a><\/p>\n\n\n\n<p class=\"has-small-font-size\"><a href=\"https:\/\/www.refworld.org\/docid\/53ff324e4.html\" target=\"_blank\" rel=\"noreferrer noopener\">UN Human Rights Council. (2014, June 17). <em>Birth Registration and the right of everyone to recognize everywhere as a person before the law<\/em>. Retrieved from OHCHR.<\/a><\/p>\n\n\n\n<p class=\"has-small-font-size\">UNICEF. (2013). <em>A Passport to Protection: A Guide to Birth Registration Programming.<\/em> New York: United Nations Children&#8217;s Fund.<\/p>\n\n\n\n<p class=\"has-small-font-size\"><a href=\"https:\/\/data.unicef.org\/country\/mli\/\" target=\"_blank\" rel=\"noreferrer noopener\">UNICEF Data. (2021, August 5). <em>Mali Key Demographic Indicators<\/em>. Retrieved from UNICEF Data.<\/a><\/p>\n\n\n\n<p class=\"has-small-font-size\"><a href=\"https:\/\/www.unicef.org\/mali\/en\/health\" target=\"_blank\" rel=\"noreferrer noopener\">UNICEF Health. (2021, July 14). <em>Mali Health<\/em>. Retrieved from UNICEF.<\/a><\/p>\n\n\n\n<p class=\"has-small-font-size\"><a href=\"https:\/\/www.unicef.org\/press-releases\/sharp-increase-grave-violations-against-children-mali-warns-unicef\" target=\"_blank\" rel=\"noreferrer noopener\">UNICEF Mali. (2019, August 13). <em>Sharp increase in grave violations against children in Mali, warns UNICEF<\/em>. Retrieved from UNICEF Mali.<\/a><\/p>\n\n\n\n<p class=\"has-small-font-size\"><a href=\"https:\/\/www.unicef.org\/mali\/en\/child-protection\" target=\"_blank\" rel=\"noreferrer noopener\">UNICEF Mali. (2021, July 17). <em>Child Protection<\/em>. Retrieved from UNICEF Mali.<\/a><\/p>\n\n\n\n<p class=\"has-small-font-size\"><a href=\"https:\/\/www.unicef.org\/mali\/en\/children-mali\" target=\"_blank\" rel=\"noreferrer noopener\">UNICEF Mali. (2021, July 14). <em>Children in Mali<\/em>. Retrieved from UNICEF Children in Mali.<\/a><\/p>\n\n\n\n<p class=\"has-small-font-size\"><a href=\"https:\/\/www.unicef.org\/mali\/en\/education\" target=\"_blank\" rel=\"noreferrer noopener\">UNICEF Mali. (2021, July 14). <em>Education<\/em>. Retrieved from UNICEF Mali.<\/a><\/p>\n\n\n\n<p class=\"has-small-font-size\"><a href=\"https:\/\/www.unicef.org\/media\/98226\/file\/2021-HAC-Mali-May-Update.pdf\" target=\"_blank\" rel=\"noreferrer noopener\">UNICEF Mali. (2021, May 1). <em>Humanitarian Action for Children<\/em>. Retrieved from UNICEF Mali.<\/a><\/p>\n\n\n\n<p class=\"has-small-font-size\"><a href=\"https:\/\/www.unicef.org\/mali\/en\/water-sanitation-and-hygiene\" target=\"_blank\" rel=\"noreferrer noopener\">UNICEF Mali. (2021, July 17). <em>Water, Sanitation and Health<\/em>. Retrieved from UNICEF Mali.<\/a><\/p>\n\n\n\n<p class=\"has-small-font-size\"><a href=\"https:\/\/www.un.org\/ga\/search\/view_doc.asp?symbol=S\/2021\/437&amp;Lang=E&amp;Area=UNDOC\" target=\"_blank\" rel=\"noreferrer noopener\">United Nations General Assembly Security Council. (2021, May 6). <em>Children and armed conflict<\/em>. Retrieved from Report of the Secretary-General.<\/a><\/p>\n\n\n\n<p class=\"has-small-font-size\"><a href=\"https:\/\/treaties.un.org\/Pages\/ViewDetails.aspx?src=TREATY&amp;mtdsg_no=IV-11-d&amp;chapter=4&amp;clang=_en\" target=\"_blank\" rel=\"noreferrer noopener\">United Nations Treaty Collection. (2021, July 13). <em>Optional Protocol to the Convention on the Rights of the Child on a communication procedure<\/em>. Retrieved from Status of Treaties.<\/a><\/p>\n\n\n\n<p class=\"has-small-font-size\"><a href=\"https:\/\/www.globalwaters.org\/sites\/default\/files\/wfw_mali_country_plan.pdf\" target=\"_blank\" rel=\"noreferrer noopener\">United States Agency International Development Mali. (2021, July 17). <em>Water for the World Country Plan<\/em>. Retrieved from Global Water.<\/a><\/p>\n\n\n\n<p class=\"has-small-font-size\"><a href=\"https:\/\/www.state.gov\/reports\/2018-country-reports-on-human-rights-practices\/mali\/\" target=\"_blank\" rel=\"noreferrer noopener\">United States of America Department of State. (2018, December 4). <em>2018 Country Reports on Human Rights Practices: Mali<\/em>. Retrieved from State Department.<\/a><\/p>\n\n\n\n<p class=\"has-small-font-size\"><a href=\"https:\/\/data.worldbank.org\/indicator\/SP.DYN.LE00.IN?locations=ML\" target=\"_blank\" rel=\"noreferrer noopener\">World Bank Data. (2019, January 31). <em>Life expectancy at birth, total (years) &#8211; Mali<\/em>. Retrieved from World Bank Data.<\/a><\/p>\n\n\n\n<p class=\"has-small-font-size\"><a href=\"https:\/\/data.worldbank.org\/indicator\/SP.POP.0014.TO.ZS?locations=ML\" target=\"_blank\" rel=\"noreferrer noopener\">World Bank Data. (2020, January 31). <em>Populations ages 0-14 (% of total population) Mali<\/em>. Retrieved from World Bank Data.<\/a><\/p>\n\n\n\n<p class=\"has-small-font-size\"><a href=\"https:\/\/www.who.int\/news-room\/feature-stories\/detail\/world-malaria-report-2019\" target=\"_blank\" rel=\"noreferrer noopener\">World Health Organization. (2019, December 4). <em>The &#8222;World malaria report 2019 at a glance&#8220;<\/em>. Retrieved from World Health Organization.<\/a><\/p>\n\n\n\n<p class=\"has-small-font-size\"><a href=\"https:\/\/apps.who.int\/iris\/handle\/10665\/324835\" target=\"_blank\" rel=\"noreferrer noopener\">World Health Organization. (2019, May 21). <em>World Health Statistics 2019: Monitoring health for the SDGs, sustainable development goals<\/em>. Retrieved from World Health Organization.<\/a><\/p>\n\n\n\n<hr class=\"wp-block-separator has-css-opacity\"\/>\n\n\n\n<p class=\"has-small-font-size\"><a href=\"#_ftnref1\">[1]<\/a> Dieser Artikel gibt keineswegs vor, eine vollst\u00e4ndige oder repr\u00e4sentative Darstellung der Kinderrechte in Mali zu geben; eine der vielen Herausforderungen sind in der Tat die kaum aktualisierten Informationen \u00fcber Kinder in Mali. Viele dieser Informationen sind unzuverl\u00e4ssig, nicht repr\u00e4sentativ, veraltet oder einfach nicht vorhanden.<\/p>\n","protected":false},"excerpt":{"rendered":"<p>Die Realisierung der Kinderrechte in Mali Die Bev\u00f6lkerung der Republik Mali ist mit einem Durchschnittsalter von 16 Jahren eine der j\u00fcngsten der Welt. Laut dem End of Childhood Index 2021 (Global Childhood Report 2021, 2021) ist Mali auch eines der L\u00e4nder der Welt, in denen es besonders schwierig ist, ein Kind zu sein. Das Leben [&hellip;]<\/p>\n","protected":false},"author":1,"featured_media":0,"parent":0,"menu_order":0,"comment_status":"closed","ping_status":"closed","template":"","meta":{"footnotes":""},"class_list":["post-5750","page","type-page","status-publish","hentry"],"yoast_head":"<!-- This site is optimized with the Yoast SEO plugin v26.5 - https:\/\/yoast.com\/wordpress\/plugins\/seo\/ -->\n<title>Die Kinder in Mali - Humanium<\/title>\n<meta name=\"description\" content=\"Mali gibt die Kinderrechte als politische Priorit\u00e4t an. Dennoch bleibt Vieles umzusetzen, will man diese Rechte voll und ganz verwirklichen.\" \/>\n<meta name=\"robots\" content=\"index, follow, max-snippet:-1, max-image-preview:large, max-video-preview:-1\" \/>\n<link rel=\"canonical\" href=\"https:\/\/www.humanium.org\/de\/mali\/\" \/>\n<meta property=\"og:locale\" content=\"de_DE\" \/>\n<meta property=\"og:type\" content=\"article\" \/>\n<meta property=\"og:title\" content=\"Die Kinder in Mali - Humanium\" \/>\n<meta property=\"og:description\" content=\"Mali gibt die Kinderrechte als politische Priorit\u00e4t an. Dennoch bleibt Vieles umzusetzen, will man diese Rechte voll und ganz verwirklichen.\" \/>\n<meta property=\"og:url\" content=\"https:\/\/www.humanium.org\/de\/mali\/\" \/>\n<meta property=\"og:site_name\" content=\"Humanium\" \/>\n<meta property=\"article:modified_time\" content=\"2025-12-06T06:19:51+00:00\" \/>\n<meta property=\"og:image\" content=\"https:\/\/www.humanium.org\/de\/wp-content\/uploads\/2021\/12\/shutterstock_589852865.jpg\" \/>\n\t<meta property=\"og:image:width\" content=\"200\" \/>\n\t<meta property=\"og:image:height\" content=\"200\" \/>\n\t<meta property=\"og:image:type\" content=\"image\/jpeg\" \/>\n<meta name=\"twitter:card\" content=\"summary_large_image\" \/>\n<meta name=\"twitter:label1\" content=\"Gesch\u00e4tzte Lesezeit\" \/>\n\t<meta name=\"twitter:data1\" content=\"28\u00a0Minuten\" \/>\n<script type=\"application\/ld+json\" class=\"yoast-schema-graph\">{\"@context\":\"https:\/\/schema.org\",\"@graph\":[{\"@type\":\"WebPage\",\"@id\":\"https:\/\/www.humanium.org\/de\/mali\/\",\"url\":\"https:\/\/www.humanium.org\/de\/mali\/\",\"name\":\"Die Kinder in Mali - Humanium\",\"isPartOf\":{\"@id\":\"https:\/\/www.humanium.org\/de\/#website\"},\"primaryImageOfPage\":{\"@id\":\"https:\/\/www.humanium.org\/de\/mali\/#primaryimage\"},\"image\":{\"@id\":\"https:\/\/www.humanium.org\/de\/mali\/#primaryimage\"},\"thumbnailUrl\":\"https:\/\/www.humanium.org\/de\/wp-content\/uploads\/2021\/12\/shutterstock_589852865.jpg\",\"datePublished\":\"2015-11-24T17:49:52+00:00\",\"dateModified\":\"2025-12-06T06:19:51+00:00\",\"description\":\"Mali gibt die Kinderrechte als politische Priorit\u00e4t an. Dennoch bleibt Vieles umzusetzen, will man diese Rechte voll und ganz verwirklichen.\",\"breadcrumb\":{\"@id\":\"https:\/\/www.humanium.org\/de\/mali\/#breadcrumb\"},\"inLanguage\":\"de\",\"potentialAction\":[{\"@type\":\"ReadAction\",\"target\":[\"https:\/\/www.humanium.org\/de\/mali\/\"]}]},{\"@type\":\"ImageObject\",\"inLanguage\":\"de\",\"@id\":\"https:\/\/www.humanium.org\/de\/mali\/#primaryimage\",\"url\":\"https:\/\/www.humanium.org\/de\/wp-content\/uploads\/2021\/12\/shutterstock_589852865.jpg\",\"contentUrl\":\"https:\/\/www.humanium.org\/de\/wp-content\/uploads\/2021\/12\/shutterstock_589852865.jpg\",\"width\":200,\"height\":200},{\"@type\":\"BreadcrumbList\",\"@id\":\"https:\/\/www.humanium.org\/de\/mali\/#breadcrumb\",\"itemListElement\":[{\"@type\":\"ListItem\",\"position\":1,\"name\":\"Home\",\"item\":\"https:\/\/www.humanium.org\/de\/\"},{\"@type\":\"ListItem\",\"position\":2,\"name\":\"Die Kinder in Mali\"}]},{\"@type\":\"WebSite\",\"@id\":\"https:\/\/www.humanium.org\/de\/#website\",\"url\":\"https:\/\/www.humanium.org\/de\/\",\"name\":\"Humanium\",\"description\":\"Kinder zuerst!\",\"potentialAction\":[{\"@type\":\"SearchAction\",\"target\":{\"@type\":\"EntryPoint\",\"urlTemplate\":\"https:\/\/www.humanium.org\/de\/?s={search_term_string}\"},\"query-input\":{\"@type\":\"PropertyValueSpecification\",\"valueRequired\":true,\"valueName\":\"search_term_string\"}}],\"inLanguage\":\"de\"}]}<\/script>\n<!-- \/ Yoast SEO plugin. -->","yoast_head_json":{"title":"Die Kinder in Mali - Humanium","description":"Mali gibt die Kinderrechte als politische Priorit\u00e4t an. Dennoch bleibt Vieles umzusetzen, will man diese Rechte voll und ganz verwirklichen.","robots":{"index":"index","follow":"follow","max-snippet":"max-snippet:-1","max-image-preview":"max-image-preview:large","max-video-preview":"max-video-preview:-1"},"canonical":"https:\/\/www.humanium.org\/de\/mali\/","og_locale":"de_DE","og_type":"article","og_title":"Die Kinder in Mali - Humanium","og_description":"Mali gibt die Kinderrechte als politische Priorit\u00e4t an. Dennoch bleibt Vieles umzusetzen, will man diese Rechte voll und ganz verwirklichen.","og_url":"https:\/\/www.humanium.org\/de\/mali\/","og_site_name":"Humanium","article_modified_time":"2025-12-06T06:19:51+00:00","og_image":[{"width":200,"height":200,"url":"https:\/\/www.humanium.org\/de\/wp-content\/uploads\/2021\/12\/shutterstock_589852865.jpg","type":"image\/jpeg"}],"twitter_card":"summary_large_image","twitter_misc":{"Gesch\u00e4tzte Lesezeit":"28\u00a0Minuten"},"schema":{"@context":"https:\/\/schema.org","@graph":[{"@type":"WebPage","@id":"https:\/\/www.humanium.org\/de\/mali\/","url":"https:\/\/www.humanium.org\/de\/mali\/","name":"Die Kinder in Mali - Humanium","isPartOf":{"@id":"https:\/\/www.humanium.org\/de\/#website"},"primaryImageOfPage":{"@id":"https:\/\/www.humanium.org\/de\/mali\/#primaryimage"},"image":{"@id":"https:\/\/www.humanium.org\/de\/mali\/#primaryimage"},"thumbnailUrl":"https:\/\/www.humanium.org\/de\/wp-content\/uploads\/2021\/12\/shutterstock_589852865.jpg","datePublished":"2015-11-24T17:49:52+00:00","dateModified":"2025-12-06T06:19:51+00:00","description":"Mali gibt die Kinderrechte als politische Priorit\u00e4t an. Dennoch bleibt Vieles umzusetzen, will man diese Rechte voll und ganz verwirklichen.","breadcrumb":{"@id":"https:\/\/www.humanium.org\/de\/mali\/#breadcrumb"},"inLanguage":"de","potentialAction":[{"@type":"ReadAction","target":["https:\/\/www.humanium.org\/de\/mali\/"]}]},{"@type":"ImageObject","inLanguage":"de","@id":"https:\/\/www.humanium.org\/de\/mali\/#primaryimage","url":"https:\/\/www.humanium.org\/de\/wp-content\/uploads\/2021\/12\/shutterstock_589852865.jpg","contentUrl":"https:\/\/www.humanium.org\/de\/wp-content\/uploads\/2021\/12\/shutterstock_589852865.jpg","width":200,"height":200},{"@type":"BreadcrumbList","@id":"https:\/\/www.humanium.org\/de\/mali\/#breadcrumb","itemListElement":[{"@type":"ListItem","position":1,"name":"Home","item":"https:\/\/www.humanium.org\/de\/"},{"@type":"ListItem","position":2,"name":"Die Kinder in Mali"}]},{"@type":"WebSite","@id":"https:\/\/www.humanium.org\/de\/#website","url":"https:\/\/www.humanium.org\/de\/","name":"Humanium","description":"Kinder zuerst!","potentialAction":[{"@type":"SearchAction","target":{"@type":"EntryPoint","urlTemplate":"https:\/\/www.humanium.org\/de\/?s={search_term_string}"},"query-input":{"@type":"PropertyValueSpecification","valueRequired":true,"valueName":"search_term_string"}}],"inLanguage":"de"}]}},"_links":{"self":[{"href":"https:\/\/www.humanium.org\/de\/wp-json\/wp\/v2\/pages\/5750","targetHints":{"allow":["GET"]}}],"collection":[{"href":"https:\/\/www.humanium.org\/de\/wp-json\/wp\/v2\/pages"}],"about":[{"href":"https:\/\/www.humanium.org\/de\/wp-json\/wp\/v2\/types\/page"}],"author":[{"embeddable":true,"href":"https:\/\/www.humanium.org\/de\/wp-json\/wp\/v2\/users\/1"}],"replies":[{"embeddable":true,"href":"https:\/\/www.humanium.org\/de\/wp-json\/wp\/v2\/comments?post=5750"}],"version-history":[{"count":17,"href":"https:\/\/www.humanium.org\/de\/wp-json\/wp\/v2\/pages\/5750\/revisions"}],"predecessor-version":[{"id":20563,"href":"https:\/\/www.humanium.org\/de\/wp-json\/wp\/v2\/pages\/5750\/revisions\/20563"}],"wp:attachment":[{"href":"https:\/\/www.humanium.org\/de\/wp-json\/wp\/v2\/media?parent=5750"}],"curies":[{"name":"wp","href":"https:\/\/api.w.org\/{rel}","templated":true}]}}