{"id":6024,"date":"2016-01-27T11:11:34","date_gmt":"2016-01-27T11:11:34","guid":{"rendered":"http:\/\/www.humanium.org\/de\/?page_id=6024"},"modified":"2025-12-06T06:40:57","modified_gmt":"2025-12-06T06:40:57","slug":"komoren","status":"publish","type":"page","link":"https:\/\/www.humanium.org\/de\/komoren\/","title":{"rendered":"Die Kinder der Komoren"},"content":{"rendered":"\n<h2 class=\"wp-block-heading\">Einsatz f\u00fcr die Kinderrechte in&nbsp;der Komoren<\/h2>\n\n\n\n<div class=\"wp-block-columns is-layout-flex wp-container-core-columns-is-layout-9d6595d7 wp-block-columns-is-layout-flex\">\n<div class=\"wp-block-column is-layout-flow wp-block-column-is-layout-flow\"><div class=\"wp-block-image is-style-rounded\">\n<figure class=\"aligncenter size-full\"><img loading=\"lazy\" decoding=\"async\" width=\"200\" height=\"200\" src=\"https:\/\/www.humanium.org\/de\/wp-content\/uploads\/2022\/02\/shutterstock_2019023243.jpg\" alt=\"\" class=\"wp-image-15565\" srcset=\"https:\/\/www.humanium.org\/de\/wp-content\/uploads\/2022\/02\/shutterstock_2019023243.jpg 200w, https:\/\/www.humanium.org\/de\/wp-content\/uploads\/2022\/02\/shutterstock_2019023243-150x150.jpg 150w\" sizes=\"auto, (max-width: 200px) 100vw, 200px\" \/><\/figure>\n<\/div><\/div>\n\n\n\n<div class=\"wp-block-column is-layout-flow wp-block-column-is-layout-flow\"><div class=\"wp-block-image is-style-rounded\">\n<figure class=\"aligncenter size-full\"><img loading=\"lazy\" decoding=\"async\" width=\"200\" height=\"200\" src=\"https:\/\/www.humanium.org\/de\/wp-content\/uploads\/2022\/02\/shutterstock_495553627.jpg\" alt=\"\" class=\"wp-image-15566\" srcset=\"https:\/\/www.humanium.org\/de\/wp-content\/uploads\/2022\/02\/shutterstock_495553627.jpg 200w, https:\/\/www.humanium.org\/de\/wp-content\/uploads\/2022\/02\/shutterstock_495553627-150x150.jpg 150w\" sizes=\"auto, (max-width: 200px) 100vw, 200px\" \/><\/figure>\n<\/div><\/div>\n<\/div>\n\n\n\n<p><strong>Die Union der Komoren ist ein dicht besiedeltes Land, in dem mehr als die H\u00e4lfte der Bev\u00f6lkerung unter zwanzig Jahre alt ist (The World Bank, 2020). Die Nachkommen arabischer H\u00e4ndler, Malaien und afrikanischer V\u00f6lker tragen zu der komplexen ethnischen Mischung der Insel bei (BBC News Africa, 2018). Aufgrund ihrer Lage und Topografie geh\u00f6ren die Komoren zu den <a href=\"https:\/\/www.humanium.org\/de\/themenschwerpunkte\/umwelt\/klimakrise\/\">klimatisch am st\u00e4rksten gef\u00e4hrdeten<\/a> L\u00e4ndern der Welt, und 54,2 % der Bev\u00f6lkerung leben in gef\u00e4hrdeten Gebieten. Kinder machen fast die H\u00e4lfte der Bev\u00f6lkerung aus, wo von 69 % in l\u00e4ndlichen Gebieten leben (United Nations Statistics Division, 2017). Die komorische Gesellschaft ist durch ein starkes Gef\u00fchl lokaler Identit\u00e4t und inselspezifischer Traditionen sowie durch tief verwurzelte soziale Hierarchien gepr\u00e4gt.&nbsp;<\/strong><\/p>\n\n\n\n<iframe src=\"https:\/\/www.google.com\/maps\/embed?pb=!1m18!1m12!1m3!1d999433.5426829888!2d43.3202846036342!3d-11.902492880297048!2m3!1f0!2f0!3f0!3m2!1i1024!2i768!4f13.1!3m3!1m2!1s0x1898e3036408a48d%3A0xf70a7fbee4dfd4db!2sComoros!5e0!3m2!1sen!2sin!4v1645869837792!5m2!1sen!2sin\" width=\"600\" height=\"450\" style=\"border:0;\" allowfullscreen=\"\" loading=\"lazy\"><\/iframe>\n\n\n\n<div class=\"wp-block-columns is-layout-flex wp-container-core-columns-is-layout-9d6595d7 wp-block-columns-is-layout-flex\">\n<div class=\"wp-block-column is-layout-flow wp-block-column-is-layout-flow\">\n<p><strong>Bev\u00f6lkerung:<\/strong>&nbsp;870.000<br><strong>Bev. 0-14 Jahren:<\/strong> 39%<\/p>\n<\/div>\n\n\n\n<div class=\"wp-block-column is-layout-flow wp-block-column-is-layout-flow\">\n<p><strong>Lebenserwartung:<\/strong> 64 Jahre<br><strong>Kindersterblichkeit:&nbsp;<\/strong>62,9\u2030<\/p>\n<\/div>\n<\/div>\n\n\n\n<h2 class=\"wp-block-heading\"><strong>Die Komoren auf einen Blick<\/strong><\/h2>\n\n\n\n<p>Die Union der Komoren ist eine Inselgruppe im Indischen Ozean am n\u00f6rdlichen Ende des Mosambikkan als zwischen <a href=\"https:\/\/www.humanium.org\/de\/madagaskar\/\">Madagaskar <\/a>und dem s\u00fcdostafrikanischen Festland und vor der K\u00fcste Ostafrikas (Ottenheimer, 2021). Sie besteht aus vier Hauptinseln sowie aus kleineren Inseln. Die Hauptinseln des Landes tragen sowohl franz\u00f6sische als auch komorische Namen, darunter Grand Camore oder N&#8217;gazidja, Anjouan oder Ndzuwani und Moheli oder Mwali.&nbsp;<\/p>\n\n\n\n<p>Obwohl die fr\u00fche Geschichte der Inseln nicht bekannt ist, geht man davon aus, dass sie von arabischen und persischen H\u00e4ndlern erkundet und wie <a href=\"https:\/\/www.humanium.org\/de\/madagaskar\/\">Madagaskar<\/a> von einer kleinen Anzahl malaiisch-indonesischer V\u00f6lker besiedelt wurden und erst mit der Ansiedlung bantusprachiger V\u00f6lker vom afrikanischen Festland eine gr\u00f6\u00dfere Bev\u00f6lkerung bekamen. Es wird angenommen, dass die Sh\u012br\u0101zi-Perser sp\u00e4ter kamen und den sunnitischen Islam als vorherrschende Religion etablierten. <a href=\"https:\/\/www.humanium.org\/de\/frankreich\/\">Frankreich<\/a> kolonisierte Mayotte im Jahr 1843 und annektierte 1904 den Rest der Inselgruppe.<\/p>\n\n\n\n<p>Die Unabh\u00e4ngigkeitsbestrebungen hatten ihren Ursprung nicht auf den Komoren, sondern wurden von Auswanderern in <a href=\"https:\/\/www.humanium.org\/de\/tansania\/\">Tansania<\/a> angesto\u00dfen, wo 1962 die Nationale Befreiungsbewegung der Komoren gegr\u00fcndet wurde. Diejenigen, die f\u00fcr die Unabh\u00e4ngigkeit eintraten, lie\u00dfen sich von den Ereignissen in Tanganjika und Sansibar inspirieren, die beide unabh\u00e4ngig wurden, bevor sie sich zu <a href=\"https:\/\/www.humanium.org\/de\/tansania\/\">Tansania<\/a> zusammenschlossen (Jackson, 2021). <\/p>\n\n\n\n<p>Auf dem Weg zur Unabh\u00e4ngigkeit im Jahr 1974 stimmte das im S\u00fcdosten gelegene Mayotte oder Mahore gegen die Unabh\u00e4ngigkeit und blieb eine \u00dcberseeregion <a href=\"https:\/\/www.humanium.org\/de\/frankreich\/\">Frankreichs<\/a>. Seit der Unabh\u00e4ngigkeit gab es etwa zwanzig Milit\u00e4rputsche und Gegenputsche, und erst 2006 wurden die Wahlen als die ersten fairen und freien Wahlen angesehen (BBC News Africa, 2018).<\/p>\n\n\n\n<p>Die Union der Komoren ist Teil der Kommission f\u00fcr den Indischen Ozean, der auch <a href=\"https:\/\/www.humanium.org\/de\/madagaskar\/\">Madagaskar<\/a>, die <a href=\"https:\/\/www.humanium.org\/de\/seychellen\/\">Seychellen<\/a> und <a href=\"https:\/\/www.humanium.org\/de\/mauritius\/\">Mauritius<\/a> angeh\u00f6ren, und, die Handels- und Kooperationsabkommen zwischen den vier L\u00e4ndern verwaltet. Die Komoren sind das s\u00fcdlichste Mitglied der Arabischen Liga und haben seit der Kolonisierung durch die Araber im fr\u00fchen siebten Jahrhundert bis zur Zeit des arabischen Sklavenhandels eine langj\u00e4hrige Geschichte und Kultur mit der arabischen Welt.&nbsp;&nbsp;&nbsp;&nbsp;&nbsp;<\/p>\n\n\n\n<h2 class=\"wp-block-heading\"><strong>Stand der Kinderrechte<u><a href=\"#_ftn1\"><sup><strong><u><sup>[1]<\/sup><\/u><\/strong><\/sup><\/a><\/u><\/strong><\/h2>\n\n\n<div class=\"wp-block-image\">\n<figure class=\"alignleft size-large is-resized\"><img loading=\"lazy\" decoding=\"async\" width=\"1024\" height=\"679\" src=\"https:\/\/www.humanium.org\/de\/wp-content\/uploads\/2022\/02\/shutterstock_383867518-1024x679.jpg\" alt=\"\" class=\"wp-image-15568\" style=\"width:408px;height:270px\" srcset=\"https:\/\/www.humanium.org\/de\/wp-content\/uploads\/2022\/02\/shutterstock_383867518-1024x679.jpg 1024w, https:\/\/www.humanium.org\/de\/wp-content\/uploads\/2022\/02\/shutterstock_383867518-300x199.jpg 300w, https:\/\/www.humanium.org\/de\/wp-content\/uploads\/2022\/02\/shutterstock_383867518-768x509.jpg 768w, https:\/\/www.humanium.org\/de\/wp-content\/uploads\/2022\/02\/shutterstock_383867518-1536x1019.jpg 1536w, https:\/\/www.humanium.org\/de\/wp-content\/uploads\/2022\/02\/shutterstock_383867518-2048x1358.jpg 2048w, https:\/\/www.humanium.org\/de\/wp-content\/uploads\/2022\/02\/shutterstock_383867518-830x550.jpg 830w, https:\/\/www.humanium.org\/de\/wp-content\/uploads\/2022\/02\/shutterstock_383867518-230x153.jpg 230w, https:\/\/www.humanium.org\/de\/wp-content\/uploads\/2022\/02\/shutterstock_383867518-350x232.jpg 350w, https:\/\/www.humanium.org\/de\/wp-content\/uploads\/2022\/02\/shutterstock_383867518-480x318.jpg 480w\" sizes=\"auto, (max-width: 1024px) 100vw, 1024px\" \/><\/figure>\n<\/div>\n\n\n<p>Die Union der Komoren ratifizierte die <a href=\"https:\/\/www.humanium.org\/de\/konvention-rechte-kindes\/\">Konvention der Vereinten Nationen \u00fcber die Kinderrechte<\/a> von 1989 (Convention on the Rights of the Child; <a href=\"https:\/\/www.humanium.org\/de\/konvention-rechte-kindes\/\">CRC 1989<\/a>) im Juli 1993 (Menschenrechtsorgane der Vereinten Nationen, 2021) und die <a href=\"https:\/\/www.humanium.org\/de\/afrikanische-charta-uber-die-rechte-und-das-wohlergehen-des-kindes\/\">Afrikanische Charta \u00fcber die Rechte und das Wohlergehen des Kindes<\/a> von 1990 (African Charter on the Rights and Welfare of the Child; <a href=\"https:\/\/www.humanium.org\/de\/afrikanische-charta-uber-die-rechte-und-das-wohlergehen-des-kindes\/\">ACRWC 1990<\/a>) am 18. M\u00e4rz 2004 (Afrikanische Kommission f\u00fcr Menschenrechte und Rechte der V\u00f6lker, 2021). Die Komoren sind am 23. Februar 2007 dem <a href=\"https:\/\/www.humanium.org\/de\/fakultativprotokoll-zum-ubereinkommen-uber-die-rechte-des-kindes-betreffend-den-verkauf-von-kindern-die-kinderprostitution-und-die-kinderpornografie\/\">Fakultativprotokoll zum \u00dcbereinkommen \u00fcber die Rechte des Kindes hinsichtlich des Verkaufs von Kindern, der Kinderprostitution und der Kinderpornografie<\/a> beigetreten (B\u00fcro des Hochkommissars f\u00fcr Menschenrechte der Vereinten Nationen, 2021).&nbsp;<\/p>\n\n\n\n<p>Der Beitritt ist der Akt, durch den ein Staat das Angebot oder die M\u00f6glichkeit annimmt, Vertragspartei eines bereits ausgehandelten und von anderen Staaten unterzeichneten Vertrags zu werden. Er hat die gleiche rechtliche Wirkung wie die Ratifizierung. Der Beitritt erfolgt in der Regel, nachdem der Vertrag in Kraft getreten ist. Dar\u00fcber hinaus beteiligen sich die Komoren an der k\u00fcrzlich gegr\u00fcndeten Beobachtungsstelle f\u00fcr die Rechte der Kinder in der Region des Indischen Ozeans (Observatory on the Rights of Children in the Indian Ocean Region; ODEROI). Diese internationale Organisation wurde gegr\u00fcndet, um die Rechte der Kinder in den teilnehmenden L\u00e4ndern zu \u00fcberwachen und durchzusetzen.<\/p>\n\n\n\n<p>Die Komoren haben ein gemischtes Rechtssystem, das sich aus dem Zivilgesetzbuch (Code Napol\u00e9on), dem islamischen Recht und dem Gewohnheitsrecht (mila na ntsi) zusammensetzt (Nyarko, 2020). Die Verfassung der Komoren von 2018 enth\u00e4lt eine Reihe von Rechtsbestimmungen, die unabh\u00e4ngig vom Alter gelten, aber nur wenige Bestimmungen in der Verfassung beziehen sich ausdr\u00fccklich auf Kinder. <\/p>\n\n\n\n<p>Artikel 42 garantiert, dass alle B\u00fcrgerinnen und B\u00fcrger ein <a href=\"https:\/\/www.humanium.org\/de\/das-recht-auf-gesundheit\/\">Recht auf Gesundheit<\/a> haben (Constitute Project, 2021). Artikel 44 garantiert das <a href=\"https:\/\/www.humanium.org\/de\/recht-bildung\/\">Recht auf Bildung<\/a> f\u00fcr alle (Constitute Project, 2021) und besagt weiterhin, dass der Staat verpflichtet ist, Einrichtungen f\u00fcr alle Kinder bereitzustellen, auch f\u00fcr diejenigen, die in l\u00e4ndlichen Gebieten leben. <\/p>\n\n\n\n<p>Was die nationale Gesetzgebung betrifft, so gibt es in den Gesetzen der Komoren kein umfassendes oder gefestigtes Kindergesetzbuch, viel mehr finden sich kinderrelevante Bestimmungen in einer Reihe von Gesetzb\u00fcchern, Gesetzen und Verordnungen. Von besonderer Bedeutung sind das Familiengesetzbuch von 2005, das Arbeitsgesetzbuch von 1984, das Staatsangeh\u00f6rigkeitsgesetzbuch von 1979 und das Gesetz \u00fcber Gesundheit, Soziales und Wohlfahrt von 1995.&nbsp;<\/p>\n\n\n\n<h2 class=\"wp-block-heading\"><strong>Ber\u00fccksichtigung der Bed\u00fcrfnisse von Kindern<\/strong><\/h2>\n\n\n\n<h3 class=\"wp-block-heading\"><a href=\"https:\/\/www.humanium.org\/de\/recht-bildung-weltweit\/\"><strong>Recht<\/strong><\/a><strong> auf Bildung<\/strong><\/h3>\n\n\n\n<p>F\u00fcr Kinder zwischen sechs und sechzehn Jahren besteht eine Schulpflicht, doch in der Realit\u00e4t erh\u00e4lt ein gro\u00dfer Prozentsatz der Kinder des Landes nur eine geringe oder gar keine <a href=\"https:\/\/www.humanium.org\/de\/recht-bildung-weltweit\/\">Schulbildung<\/a>. Der Unterricht wird sowohl in traditionellen islamischen Schulen abgehalten, in denen der Koran studiert wird, als auch in staatlichen Schulen, die nach franz\u00f6sischem Vorbild eingerichtet wurden. Das \u00f6ffentliche Schulsystem ist jedoch chronisch unterfinanziert (Ottenheimer, 2021).<\/p>\n\n\n\n<p>Die Regierung der Komoren hat festgestellt, dass die Schulbildung von entscheidender Bedeutung ist, um die politische, wirtschaftliche und soziale Entwicklungsagenda des Landes voranzubringen. Sie hat einen Interimsplan f\u00fcr den Bildungssektor ausgearbeitet, in dem der Bau bzw. die Sanierung grundlegender Schulinfrastrukturen, die Verbesserung des Bildungszugangs f\u00fcr <a href=\"https:\/\/www.humanium.org\/de\/kinder-mit-behinderung\/\">Kinder mit Behinderungen<\/a> sowie die Verbesserung der Bildungsqualit\u00e4t und der Lernergebnisse im Vordergrund stehen. Diesbez\u00fcglich hat die Regierung einige bemerkenswerte Fortschritte erzielt. Das Verh\u00e4ltnis zwischen Sch\u00fclern und Lehrern ist seit 2008 stetig gesunken und erreichte 2013 einen Tiefstand von 37:1 (Educate a Child, 2021).&nbsp;<\/p>\n\n\n\n<p>Dank einer von der Regierung und den Entwicklungspartnern unterst\u00fctzten Bildungspolitik wurden erhebliche Fortschritte bei der Schulbesuchsquote der Kinder erzielt. Die Einschulungsquote im Vorschulbereich bleibt jedoch mit 33 % im Jahr 2019 beschr\u00e4nkt, da die Nachfrage begrenzt ist und nicht-formale Bildungseinrichtungen, wie traditionelle Koranschulen, bevorzugt werden. Au\u00dferdem fehlt es den Schulen an qualifizierten Lehrern, angemessener Infrastruktur und sanit\u00e4ren Einrichtungen. <\/p>\n\n\n\n<p>Der Zugang zur Bildung ist von regionalen Unterschieden gepr\u00e4gt, wobei die Hauptinsel Ngazidja die niedrigsten Raten beim Zugang zur Grundschulbildung aufweist. Ein universeller und inklusiver Zugang bleibt eine Herausforderung, insbesondere f\u00fcr Kinder mit Behinderungen, von denen 37 % niemals in das Bildungssystem eingeschrieben waren (Wirtschafts- und Sozialrat der Vereinten Nationen, 2021).&nbsp;<\/p>\n\n\n\n<p>Der Wirbelsturm Kenneth hat etwa 400 Schulen auf den drei Inseln der Komoren getroffen. Dabei wurden 213 Klassenr\u00e4ume zerst\u00f6rt und 465 teilweise besch\u00e4digt. Dies hatte zur Folge, dass etwa 44.800 Kinder keinen Zugang mehr zu sicheren Schulen hatten (Education Cannot Wait, 2019).<\/p>\n\n\n\n<h3 class=\"wp-block-heading\"><a href=\"https:\/\/www.humanium.org\/en\/fundamental-rights-2\/health\/\"><strong>Recht<\/strong><\/a><strong> auf Gesundheit<\/strong><\/h3>\n\n\n\n<p>In den letzten vierzig Jahren sind die Sterblichkeitsraten von M\u00fcttern (MMR) und Kindern (darunter Kinder unter f\u00fcnf Jahren [U5MR], S\u00e4uglinge [IMR] und Neugeborene [NMR]) von 1987 bis 2011 um mehr als die H\u00e4lfte gesunken. Dennoch sterben weiterhin Kinder an <a href=\"https:\/\/www.humanium.org\/de\/mangelernahrung-probleme\/\">chronischer Unterern\u00e4hrung<\/a> und <a href=\"https:\/\/www.humanium.org\/de\/kinderkrankheiten\/\">Krankheiten<\/a>, die durch Impfungen verhindert werden k\u00f6nnten (Mohamed, et al., 2021).<\/p>\n\n\n\n<p>Bei den Millenniums-Entwicklungszielen 6 (MDG6) wurden erhebliche Fortschritte bei der Bek\u00e4mpfung von Malaria erzielt &#8211; ein Ergebnis der Partnerschaft zwischen der Regierung der Komoren und ihren Partnern wie dem Globalen Fonds zur Bek\u00e4mpfung von <a href=\"https:\/\/www.humanium.org\/de\/kinder-und-aids\/\">HIV\/AIDS<\/a>, Malaria und Tuberkulose (Mohamed, et al., 2021).<\/p>\n\n\n\n<p>Erhebliche Fortschritte wurden bei der Senkung der <a href=\"https:\/\/www.humanium.org\/de\/kindersterblichkeit\/\">Sterblichkeitsrate von Kindern<\/a> unter f\u00fcnf Jahren erzielt, die von 112 Todesf\u00e4llen pro 1.000 Lebendgeburten im Jahr 2003 auf 55,5&nbsp;Todesf\u00e4lle pro 1.000 Lebendgeburten im Jahr 2017 gesunken ist (Wirtschafts- und Sozialrat der Vereinten Nationen, 2021). Der R\u00fcckgang der <a href=\"https:\/\/www.humanium.org\/de\/kindersterblichkeit\/\">Sterblichkeitsrate von Kindern unter f\u00fcnf<\/a> Jahren ist vor allem auf positive Ergebnisse bei der Malariabek\u00e4mpfung zur\u00fcckzuf\u00fchren. Die Komoren sind auf dem besten Weg, Malaria landesweit zu eliminieren. <\/p>\n\n\n\n<p>Allerdings bleibt die <a href=\"https:\/\/www.humanium.org\/de\/kindersterblichkeit\/\">Neugeborenensterblichkeit<\/a> mit 24 Todesf\u00e4llen pro 1.000 Lebendgeburten hoch und macht 48 % aller Todesf\u00e4lle bei Kindern unter f\u00fcnf Jahren aus. Niedriges Geburtsgewicht ist mit 16,7 % (Wirtschafts- und Sozialrat der Vereinten Nationen, 2021) eine der Hauptursachen f\u00fcr die neonatale Sterblichkeit. Das \u00dcberleben von Kindern ist nach wie vor durch den eingeschr\u00e4nkten Zugang zur <a href=\"https:\/\/www.humanium.org\/de\/das-recht-auf-gesundheit\/\">Gesundheitsversorgung<\/a> beeintr\u00e4chtigt, der auf die unzureichende Zahl funktionierender Gesundheitseinrichtungen und qualifizierten Gesundheitspersonals sowie auf Schwierigkeiten im Zusammenhang mit dem fehlenden Zugang zur\u00fcckzuf\u00fchren ist.<\/p>\n\n\n\n<p>Die Lebenserwartung bei der Geburt hat sich verbessert. Es gibt einige Hinweise auf Verbesserungen in Bezug auf die Gesundheit von M\u00fcttern und Kindern, wie der R\u00fcckgang der M\u00fctter- und Kindersterblichkeit zeigt (Weltgesundheitsorganisation, 2016). Es bleibt jedoch weiterhin viel zu tun, um Fortschritte bei den gesundheitsbezogenen Millenniums-Entwicklungszielen und bei der Verringerung der sozio\u00f6konomischen Unterschiede zwischen den Inseln, den l\u00e4ndlichen und st\u00e4dtischen Gebieten sowie den <a href=\"https:\/\/www.humanium.org\/de\/diskriminierung\/\">Geschlechtern<\/a> zu erzielen, die allesamt Schl\u00fcsselfaktoren f\u00fcr diese Statistiken sind (Weltgesundheitsorganisation, 2016).&nbsp;<\/p>\n\n\n\n<p>Die epidemiologische Situation wird nach wie vor von akuten Atemwegsinfektionen und Malaria gekennzeichnet, obwohl die Malariapr\u00e4valenz auf den Komoren im Jahr 2013 um mehr als 98 % zur\u00fcckgegangen ist (Weltgesundheitsorganisation, 2016). Die <a href=\"https:\/\/www.humanium.org\/de\/kinder-und-aids\/\">HIV\/AIDS-Pr\u00e4valenzrate<\/a> ist mit 0,025 % nach wie vor gering. Die Bev\u00f6lkerung ist weiterhin von Arboviren betroffen, und auch nicht \u00fcbertragbare Krankheiten geben Anlass zu gro\u00dfer Sorge. Neugeborenensterblichkeit, Malaria, Durchfallerkrankungen durch <a href=\"https:\/\/www.humanium.org\/de\/recht-wasser\/\">unbehandeltes Wasser<\/a>,<a href=\"https:\/\/www.humanium.org\/de\/mangelernahrung-probleme\/\">schlechte Lebensmittelqualit\u00e4t<\/a>,<a href=\"https:\/\/www.humanium.org\/de\/themenschwerpunkte\/umwelt\/umweltrechte\/\">Umwelteinfl\u00fcsse<\/a>und der <a href=\"https:\/\/www.humanium.org\/de\/themenschwerpunkte\/umwelt\/klimakrise\/\">Klimawandel<\/a> tragen zur Morbidit\u00e4t und Mortalit\u00e4t bei, ins besondere bei Frauen und Kindern (Weltgesundheitsorganisation, 2016).<\/p>\n\n\n\n<h3 class=\"wp-block-heading\"><a href=\"https:\/\/www.humanium.org\/de\/recht-wasser\/\"><strong>Recht auf Wasser<\/strong><\/a><strong> und <\/strong><a href=\"https:\/\/www.humanium.org\/de\/das-recht-auf-gesundheit\/\"><strong>sanit\u00e4re Einrichtungen<\/strong><\/a><\/h3>\n\n\n\n<p>Obwohl 81 % der komorischen Bev\u00f6lkerung Zugang zu einer Wasserversorgungsstelle haben, haben sch\u00e4tzungsweise nur 4,7 % der Menschen <a href=\"https:\/\/www.humanium.org\/de\/recht-wasser\/\">Zugang zu sauberem Trinkwasser<\/a>. Au\u00dferdem kommt es h\u00e4ufig zu Wasserknappheit.&nbsp;<\/p>\n\n\n<div class=\"wp-block-image\">\n<figure class=\"alignright size-large is-resized\"><img loading=\"lazy\" decoding=\"async\" width=\"1024\" height=\"683\" src=\"https:\/\/www.humanium.org\/de\/wp-content\/uploads\/2022\/02\/shutterstock_1597182871-1024x683.jpg\" alt=\"\" class=\"wp-image-15569\" style=\"width:392px;height:262px\" srcset=\"https:\/\/www.humanium.org\/de\/wp-content\/uploads\/2022\/02\/shutterstock_1597182871-1024x683.jpg 1024w, https:\/\/www.humanium.org\/de\/wp-content\/uploads\/2022\/02\/shutterstock_1597182871-300x200.jpg 300w, https:\/\/www.humanium.org\/de\/wp-content\/uploads\/2022\/02\/shutterstock_1597182871-768x512.jpg 768w, https:\/\/www.humanium.org\/de\/wp-content\/uploads\/2022\/02\/shutterstock_1597182871-1536x1024.jpg 1536w, https:\/\/www.humanium.org\/de\/wp-content\/uploads\/2022\/02\/shutterstock_1597182871-2048x1365.jpg 2048w, https:\/\/www.humanium.org\/de\/wp-content\/uploads\/2022\/02\/shutterstock_1597182871-830x553.jpg 830w, https:\/\/www.humanium.org\/de\/wp-content\/uploads\/2022\/02\/shutterstock_1597182871-230x153.jpg 230w, https:\/\/www.humanium.org\/de\/wp-content\/uploads\/2022\/02\/shutterstock_1597182871-350x233.jpg 350w, https:\/\/www.humanium.org\/de\/wp-content\/uploads\/2022\/02\/shutterstock_1597182871-480x320.jpg 480w, https:\/\/www.humanium.org\/de\/wp-content\/uploads\/2022\/02\/shutterstock_1597182871-272x182.jpg 272w\" sizes=\"auto, (max-width: 1024px) 100vw, 1024px\" \/><\/figure>\n<\/div>\n\n\n<p>Nur gesch\u00e4tzte 16 % der Bev\u00f6lkerung haben Zugang zu grundlegenden Handwaschm\u00f6glichkeiten (United Nations Water, 2021). Die Lage in Bezug auf Wasser, Sanit\u00e4ranlagen und Hygiene (WASH) in Gesundheits- und Bildungseinrichtungen ist nach wie vor besonders besorgniserregend. Mehr als 60 % der <a href=\"https:\/\/www.humanium.org\/de\/recht-gesundheit-welt\/\">Gesundheitszentren<\/a> verf\u00fcgen \u00fcber kein Wasser, 75 % \u00fcber keine Handwaschgelegenheiten und 49 % \u00fcber keine sanit\u00e4ren Anlagen. Au\u00dferdem werden medizinische Abf\u00e4lle nicht ordnungsgem\u00e4\u00df entsorgt (Croissant-Rouge comores, 2018).<\/p>\n\n\n\n<p>In den Schulen ist die Situation \u00e4hnlich: Etwa 43 % der Grundsch\u00fcler haben keinen Zugang zu Wasser, 81 % haben keinen Zugang zu Handwaschgelegenheiten und 43 % haben keinen Zugang zu Toiletten. Auch der WASH-Sektor hat mit dem Bev\u00f6lkerungswachstum nicht Schritt halten k\u00f6nnen. Der Zugang zu einer <a href=\"https:\/\/www.humanium.org\/de\/recht-gesundheit-welt\/\">gesunden Umwelt<\/a> bleibt daher eine gro\u00dfe Herausforderung. Im Jahr 2017 nutzten rund 60 % der Haushalte verbesserte Toiletten, 67&nbsp;% in st\u00e4dtischen Gebieten und \u00fcber 58&nbsp;% in l\u00e4ndlichen Gebieten (Wirtschafts- und Sozialrat der Vereinten Nationen, 2021).&nbsp;<\/p>\n\n\n\n<h3 class=\"wp-block-heading\"><a href=\"https:\/\/www.humanium.org\/de\/recht-auf-identitat\/\"><strong>Recht<\/strong><strong> auf Identit\u00e4t<\/strong><\/a><\/h3>\n\n\n\n<p>Die <a href=\"https:\/\/www.humanium.org\/de\/staatenlos-und-unsichtbar\/\">Geburtsregistrierung<\/a> ist ein Menschenrecht; in Artikel 7 des <a href=\"https:\/\/www.humanium.org\/de\/konvention-rechte-kindes\/\">CRC von 1989<\/a> hei\u00dft es ausdr\u00fccklich, dass jedes Kind das Recht hat, bei seiner Geburt vom Staat registriert zu werden (B\u00fcro des Hochkommissars f\u00fcr Menschenrechte der Vereinten Nationen, 2021). Die Geburtsregistrierung ist der Ausgangspunkt f\u00fcr die Anerkennung und den Schutz des Grundrechts eines jeden Kindes auf Identit\u00e4t und Existenz. Sie bezieht sich auf die dauerhafte und offizielle Registrierung der Existenz eines Kindes durch den Staat (UNICEF, 2021).<\/p>\n\n\n\n<p>Die Geburtsregistrierung stellt nicht nur ein Recht an sich dar, sondern auch das Recht auf einen Namen, eine Staatsangeh\u00f6rigkeit und eine legale Identit\u00e4t. Sie steht auch in engem Zusammenhang mit der Verwirklichung anderer Kinderrechte, wie dem <a href=\"https:\/\/www.humanium.org\/de\/das-recht-auf-schutz\/\">Schutz<\/a> vor fr\u00fchzeitiger <a href=\"https:\/\/www.humanium.org\/de\/kindersoldaten\/\">Rekrutierung zu den Streitkr\u00e4ften<\/a> oder vor <a href=\"https:\/\/www.humanium.org\/de\/kinderheirat\/\">Fr\u00fchverheiratung<\/a> und dem Schutz vor <a href=\"https:\/\/www.humanium.org\/de\/kinderarbeit-2\/\">gef\u00e4hrlicher Kinderarbeit<\/a> (UNICEF, 2021). <\/p>\n\n\n\n<p>Die <a href=\"https:\/\/www.humanium.org\/de\/staatenlos-und-unsichtbar\/\">Geburtsurkunde<\/a> spielt eine Schl\u00fcsselrolle bei der Bestimmung des Alters und der Identit\u00e4t eines Kindes, wodurch die Rechte des Kindes gesch\u00fctzt werden, falls es Opfer eines Verbrechens wird. Au\u00dferdem garantiert sie, dass das Kind im Falle eines Konflikts mit dem Gesetz einem kinderfreundlichen <a href=\"https:\/\/www.humanium.org\/de\/minderjahrigenrecht\/\">Rechtssystem<\/a> unterliegt und davor gesch\u00fctzt ist, mit dem f\u00fcr Erwachsene geltenden Rechtssystem konfrontiert zu werden (UNICEF, 2021).<\/p>\n\n\n\n<p>Der rechtliche Rahmen f\u00fcr die Geburtsregistrierung wird durch das Personenstandsgesetz Nr. 84-10 (1984) vorgegeben. In Artikel 31 hei\u00dft es, &#8222;&#8230; dass Geburten innerhalb von f\u00fcnfzehn Tagen nach der Entbindung gemeldet werden m\u00fcssen&#8220; (African Child Policy Forum, 2021). Das Familiengesetzbuch von 2005 unterstreicht die Bedeutung der Geburtsregistrierung in Artikel 104, in dem es hei\u00dft: &#8222;Alle Geburten m\u00fcssen innerhalb der gesetzlich festgelegten Frist gemeldet werden&#8220; (African Child Policy Forum, 2021). Im Jahr 2012 lag die Vollst\u00e4ndigkeit der Daten zur Geburtsregistrierung bei 87,300 %. Dies ist ein R\u00fcckgang gegen\u00fcber dem vorherigen Wert von 87,600 % im Jahr 2000 (Weltbank, 2021).&nbsp;<\/p>\n\n\n\n<h2 class=\"wp-block-heading\"><strong>Risikofaktoren&nbsp; \u2192 L\u00e4nderspezifische Herausforderungen<\/strong><\/h2>\n\n\n\n<h3 class=\"wp-block-heading\"><a href=\"https:\/\/www.humanium.org\/de\/kinderarbeit-2\/\"><strong>Kinderarbeit<\/strong><\/a><\/h3>\n\n\n\n<p>Die Komoren haben grundlegende \u00dcbereinkommen in Bezug auf die Rechte der Kinderarbeit ratifiziert, wie das \u00dcbereinkommen \u00fcber Zwangsarbeit von 1930 (im Folgenden Nr. 29) (Internationale Arbeitsorganisation, 2021), das \u00dcbereinkommen \u00fcber das Mindestalter von 1973 (im Folgenden Nr. 138) (Internationale Arbeitsorganisation, 2021) und das \u00dcbereinkommen \u00fcber die schlimmsten Formen der Kinderarbeit von 1999 (im Folgenden Nr. 182) (Internationale Arbeitsorganisation, 2021). Aus Sicht der nationalen Gesetzgebung verbietet das Arbeitsgesetzbuch von 1984 die schlimmsten Formen der Kinderarbeit, zu denen alle Formen der Sklaverei oder \u00e4hnliche Praktiken geh\u00f6ren, wie der <a href=\"https:\/\/www.humanium.org\/de\/kinderhandel\/\">Verkauf und der Handel mit Kindern<\/a> sowie Zwangs- oder Pflichtarbeit (African Child Policy Forum, 2021).&nbsp;<\/p>\n\n\n<div class=\"wp-block-image\">\n<figure class=\"alignleft size-large is-resized\"><img loading=\"lazy\" decoding=\"async\" width=\"1024\" height=\"683\" src=\"https:\/\/www.humanium.org\/de\/wp-content\/uploads\/2022\/02\/shutterstock_1186538278-1024x683.jpg\" alt=\"\" class=\"wp-image-15571\" style=\"width:424px;height:283px\" srcset=\"https:\/\/www.humanium.org\/de\/wp-content\/uploads\/2022\/02\/shutterstock_1186538278-1024x683.jpg 1024w, https:\/\/www.humanium.org\/de\/wp-content\/uploads\/2022\/02\/shutterstock_1186538278-300x200.jpg 300w, https:\/\/www.humanium.org\/de\/wp-content\/uploads\/2022\/02\/shutterstock_1186538278-768x512.jpg 768w, https:\/\/www.humanium.org\/de\/wp-content\/uploads\/2022\/02\/shutterstock_1186538278-1536x1024.jpg 1536w, https:\/\/www.humanium.org\/de\/wp-content\/uploads\/2022\/02\/shutterstock_1186538278-2048x1365.jpg 2048w, https:\/\/www.humanium.org\/de\/wp-content\/uploads\/2022\/02\/shutterstock_1186538278-830x553.jpg 830w, https:\/\/www.humanium.org\/de\/wp-content\/uploads\/2022\/02\/shutterstock_1186538278-230x153.jpg 230w, https:\/\/www.humanium.org\/de\/wp-content\/uploads\/2022\/02\/shutterstock_1186538278-350x233.jpg 350w, https:\/\/www.humanium.org\/de\/wp-content\/uploads\/2022\/02\/shutterstock_1186538278-480x320.jpg 480w, https:\/\/www.humanium.org\/de\/wp-content\/uploads\/2022\/02\/shutterstock_1186538278-272x182.jpg 272w\" sizes=\"auto, (max-width: 1024px) 100vw, 1024px\" \/><\/figure>\n<\/div>\n\n\n<p>Allerdings erf\u00fcllen die Komoren nicht die internationalen Standards f\u00fcr das Mindestalter f\u00fcr die Aufnahme einer Erwerbst\u00e4tigkeit gem\u00e4\u00df Artikel 3 (1) der Nr. 138, der besagt, dass das Mindestalter f\u00fcr die Aufnahme einer Erwerbst\u00e4tigkeit nicht unter achtzehn Jahren liegen darf (Internationale Arbeitsorganisation, 2021). Im Arbeitsgesetzbuch von 1984 hei\u00dft es in Artikel&nbsp;129, dass das Mindestalter f\u00fcr die Aufnahme einer Erwerbst\u00e4tigkeit f\u00fcnfzehn Jahre betr\u00e4gt (African Child Policy Forum, 2021). <\/p>\n\n\n\n<p>Das Arbeitsgesetz erlaubt es Kindern unter dem Mindestalter, leichte Arbeiten im Haushalt und in der Landwirtschaft zu verrichten, solange dies nicht die <a href=\"https:\/\/www.humanium.org\/de\/recht-bildung\/\">Ausbildung<\/a> oder die <a href=\"https:\/\/www.humanium.org\/de\/der-grundsatz-vom-leben-ueberleben-und-der-entwicklung\/\">k\u00f6rperliche oder moralische Entwicklung<\/a> des Kindes beeintr\u00e4chtigt (Bureau of International Labour Affairs, 2018).&nbsp;<\/p>\n\n\n\n<p>Das Arbeitsgesetzbuch legt jedoch weder die Bedingungen fest, unter denen leichte Arbeit verrichtet werden darf, noch begrenzt es die Zahl der Stunden f\u00fcr leichte Arbeit, wie sie in den internationalen Normen \u00fcber Kinderarbeit definiert ist. Dar\u00fcber hinaus gilt das Arbeitsgesetz nur f\u00fcr Arbeitnehmer, die im Rahmen eines formellen Arbeitsvertrags arbeiten, was nicht den internationalen Normen entspricht, die vorschreiben, dass alle Kinder durch das Gesetz zur Festlegung eines Mindestalters f\u00fcr die Arbeit <a href=\"https:\/\/www.humanium.org\/de\/das-recht-auf-schutz\/\">gesch\u00fctzt<\/a> werden m\u00fcssen.&nbsp;<\/p>\n\n\n\n<p>Kinder aus <a href=\"https:\/\/www.humanium.org\/de\/kinderarmut\/\">armen<\/a> oder l\u00e4ndlichen Familien sind st\u00e4rker gef\u00e4hrdet, Opfer von Zwangsarbeit zu werden. Einige Eltern, die nicht in der Lage sind, f\u00fcr ihre Kinder zu sorgen, schicken sie zu wohlhabenderen Familien, von denen erwartet wird, dass sie den Kindern <a href=\"https:\/\/www.humanium.org\/de\/mangelernahrung-probleme\/\">Nahrung<\/a>, Unterkunft und <a href=\"https:\/\/www.humanium.org\/de\/recht-bildung-weltweit\/\">Schulbildung<\/a> im Gegenzug f\u00fcr Hausarbeit bieten. In der Praxis werden einige von ihnen aber zu Hausangestellten und zu Opfern von Arbeitsausbeutung und <a href=\"https:\/\/www.humanium.org\/de\/misshandlung\/\">Missbrauch<\/a>(Bureau of International Labour Affairs, 2020). <\/p>\n\n\n\n<p>Auf den Komoren ist es Tradition, die Kinder zu Koranlehrern zu schicken, damit sie eine Ausbildung erhalten. Einige Koranlehrer zwingen ihre Sch\u00fcler allerdings dazu, zu arbeiten, anstatt die Schule zu besuchen, oder Geld zu verdienen, um die Schulgeb\u00fchren zu bezahlen. <a href=\"https:\/\/www.humanium.org\/de\/die-rechte-von-madchen\/\">M\u00e4dchen<\/a> verrichten in diesem Fall f\u00fcr gew\u00f6hnlich Hausarbeit und Jungen arbeiten in der Landwirtschaft.&nbsp;<\/p>\n\n\n\n<p>In Mayotte, das unter franz\u00f6sischer Verwaltung steht, leben Berichten zufolge mehr als 3.000 <a href=\"https:\/\/www.humanium.org\/de\/vertriebene-kinder\/\">unbegleitete Kinder<\/a> von den Komoren, die teilweise in den schlimmsten Formen der Kinderarbeit ausgebeutet werden oder dem <a href=\"https:\/\/www.humanium.org\/de\/kinderhandel\/\">Menschenhandel<\/a> ausgesetzt sein k\u00f6nnten. Berichten zufolge setzen Drogenh\u00e4ndler Jugendliche f\u00fcr den Transport von Drogen auf Booten nach Mayotte ein. <\/p>\n\n\n\n<p>Kinder auf den Komoren arbeiten h\u00e4ufig auf den landwirtschaftlichen Betrieben oder auf den Fischerbooten der Familien, wobei sie landwirtschaftliche Arbeiten mit scharfen Werkzeugen verrichten, schwere Lasten tragen und in extreme H\u00f6hen klettern, um Fr\u00fcchte zu ernten. Auf dem Bau arbeiten Kinder ohne grundlegende Sicherheits- oder Schutzausr\u00fcstung.&nbsp;&nbsp;<\/p>\n\n\n\n<h3 class=\"wp-block-heading\"><a href=\"https:\/\/www.humanium.org\/en\/child-trafficking\/\"><strong>Kinderhandel<\/strong><\/a><\/h3>\n\n\n\n<p>Die Union der Komoren ist aufgrund ihrer geografischen Lage besonders anf\u00e4llig f\u00fcr das Problem des Kinderhandels. Die Komoren sind ein Transitland f\u00fcr Kinder, da es an angemessenen Grenzkontrollen mangelt, die Verwaltung korrupt ist und internationale kriminelle Netze existieren, die an der Schleusung von Migranten beteiligt sind und Kinder gef\u00e4hrden. (United States Department of State, 2018). Die sch\u00e4tzungsweise 3.000 bis 4.000 unbegleiteten komorischen Kinder auf Mayotte sind besonders gef\u00e4hrdet, Opfer von h\u00e4uslicher Sklaverei und Sexhandel zu werden (United States Department of State, 2018).&nbsp;<\/p>\n\n\n\n<p>Die Regierung der Komoren erf\u00fcllt nicht vollst\u00e4ndig die Mindeststandards f\u00fcr die Beseitigung des Menschenhandels und unternimmt keine nennenswerten Anstrengungen, um dies zu erreichen, auch unter Ber\u00fccksichtigung der Einwirkung der COVID-19-Pandemie (U.S. Department of State, 2021). Au\u00dferdem hat das Land das Haager \u00dcbereinkommen von 1980 \u00fcber die zivilrechtlichen Aspekte internationaler Kindesentf\u00fchrung nicht unterzeichnet (The World Organisation for Cross-border Co-operation in Civil and Commercial Matters, 2021).<\/p>\n\n\n\n<p>Die Komoren sind im Juni 2020 dem Palermo-Protokoll der Vereinten Nationen \u00fcber Menschenhandel aus dem Jahr 2000 beigetreten (United Nations Treaty Collection, 2000). Staaten, die das Protokoll ratifizieren, m\u00fcssen sich zu einer Reihe von Ma\u00dfnahmen verpflichten, zu denen die Schaffung inl\u00e4ndischer Straftatbest\u00e4nde, die Verabschiedung neuer und umfassender Rahmenregelungen f\u00fcr die Auslieferung, die gegenseitige Rechtshilfe und die Zusammenarbeit der Strafverfolgungsbeh\u00f6rden sowie die F\u00f6rderung von Schulungen und technischer Hilfe f\u00fcr den Auf- oder Ausbau der erforderlichen Kapazit\u00e4ten der nationalen Beh\u00f6rden geh\u00f6ren (United Nations Office on Drugs and Crime, 2020). <\/p>\n\n\n\n<p>Im Februar 2021 verabschiedete die Regierung \u00c4nderungen des Strafgesetzbuchs, die den <a href=\"https:\/\/www.humanium.org\/de\/die-sexuelle-ausbeutung-von-kindern\/\">Sexual<\/a>&#8211; und <a href=\"https:\/\/www.humanium.org\/de\/kinderarbeit-2\/\">Arbeitshandel<\/a> unter Strafe stellen. Artikel 266-11 des neuen Strafgesetzbuchs sieht Strafen von zehn bis zwanzig Jahren Haft und eine Geldstrafe von drei\u00dfig Millionen Komoren-Francs (74.880 US-Dollar) f\u00fcr F\u00e4lle vor, in denen ein Kind das Opfer ist (U.S. Department of State, 2021).<\/p>\n\n\n\n<h3 class=\"wp-block-heading\"><a href=\"https:\/\/www.humanium.org\/de\/kinderheirat\/\"><strong>Kinderheirat<\/strong><\/a><\/h3>\n\n\n\n<p>Trotz beh\u00f6rdlicher Bem\u00fchungen, die <a href=\"https:\/\/www.humanium.org\/de\/der-grundsatz-der-nichtdiskriminierung\/\">Gleichstellung der Geschlechter<\/a> zu f\u00f6rdern, sind <a href=\"https:\/\/www.humanium.org\/de\/die-rechte-von-madchen\/\">M\u00e4dchen<\/a> und Frauen weiterhin den schlimmsten Formen geschlechtsspezifischer Ungleichheit und Gewalt ausgesetzt (Wirtschafts- und Sozialrat der Vereinten Nationen, 2021). Matriarchalische Traditionen verschaffen den Frauen wirtschaftliche Vorteile innerhalb der Familienstruktur, aber es besteht ein erhebliches Ungleichgewicht zugunsten der M\u00e4nner in Bezug auf die politische, kulturelle, soziale und wirtschaftliche Macht. <\/p>\n\n\n\n<p>Einige traditionelle soziale Normen f\u00fchren zu Kinderheirat und setzen M\u00e4dchen und Frauen vielf\u00e4ltigen Formen des <a href=\"https:\/\/www.humanium.org\/de\/misshandlung\/\">Missbrauchs<\/a> aus. Das Familiengesetzbuch von 2005 legt das gesetzliche Heiratsalter auf 18 Jahre fest (African Child Policy Forum, 2021). Nach islamischem Recht liegt das Heiratsalter allerdings zwischen vierzehn und f\u00fcnfzehn Jahren, und die Mehrheit ist diesem Schicksal unterworfen. In einigen F\u00e4llen werden Ehen sogar noch fr\u00fcher arrangiert, insbesondere f\u00fcr M\u00e4dchen (UNICEF, 2017).&nbsp;<\/p>\n\n\n\n<p>Das Fehlen eines einheitlichen gesetzlichen Heiratsalters macht die Rechtsdurchsetzung problematisch (UNICEF, 2017). Dar\u00fcber hinaus sind Richter befugt, Eheschlie\u00dfungen unter dem gesetzlichen Mindestalter zu genehmigen, wenn mildernde und legitime Umst\u00e4nde vorliegen und beide Ehegatten gem\u00e4\u00df Artikel 15 des Familiengesetzes von 2005 zustimmen (Social Institutions and Gender Index, 2019). Es gibt keine \u00f6ffentlichen Ma\u00dfnahmen, um soziale Unterst\u00fctzung f\u00fcr die Durchsetzung von Gesetzen \u00fcber das Mindestheiratsalter zu schaffen, und es gibt keine rechtlichen Sanktionen f\u00fcr diejenigen, die eine Heirat einer Person, die unter dem Mindestheiratsalter liegt, erleichtern.&nbsp;<\/p>\n\n\n\n<p>Das Strafgesetzbuch von 1982 sieht gem\u00e4\u00df Artikel 299 Sanktionen f\u00fcr jeden vor, der eine nach Gewohnheitsrecht geschlossene Ehe mit einem Kind unter dreizehn Jahren anstrebt oder vollzieht. Die Nationale Kinderschutzpolitik von 2017 sieht Ma\u00dfnahmen zum Schutz von <a href=\"https:\/\/www.humanium.org\/de\/die-rechte-von-madchen\/\">M\u00e4dchen<\/a> vor, die Opfer einer <a href=\"https:\/\/www.humanium.org\/de\/kinderheirat\/\">Kinderheirat<\/a> sind.&nbsp;<\/p>\n\n\n\n<h3 class=\"wp-block-heading\"><a href=\"https:\/\/www.humanium.org\/de\/themenschwerpunkte\/umwelt\/umweltrechte\/\"><strong>Umweltrechte<\/strong><\/a><\/h3>\n\n\n\n<p>Die Inselgruppe ist anf\u00e4llig f\u00fcr den Klimawandel, und zu den Auswirkungen geh\u00f6ren der R\u00fcckgang der landwirtschaftlichen und der Fischereiproduktion, die Umsiedlung der K\u00fcstenbev\u00f6lkerung, die Verseuchung der K\u00fcstengrundwasserleiter durch Meerwasser und ein Anstieg der <a href=\"https:\/\/www.humanium.org\/de\/kinderkrankheiten\/\">Malariaf\u00e4lle<\/a> mit negativen Auswirkungen insbesondere auf Kinder (Hochkommissariat der Vereinten Nationen f\u00fcr Fl\u00fcchtlinge, 2013).&nbsp;<\/p>\n\n\n\n<p>In den letzten vierzig Jahren hat das Land achtzehn extreme Wetterereignisse erlebt, darunter den verheerenden tropischen Wirbelsturm Kenneth am 25. April 2019, der mehr als 40 % der Bev\u00f6lkerung betraf (Wirtschafts- und Sozialrat der Vereinten Nationen, 2021). <\/p>\n\n\n<div class=\"wp-block-image\">\n<figure class=\"alignright size-large is-resized\"><img loading=\"lazy\" decoding=\"async\" width=\"1024\" height=\"683\" src=\"https:\/\/www.humanium.org\/de\/wp-content\/uploads\/2022\/02\/shutterstock_1196731120-1024x683.jpg\" alt=\"\" class=\"wp-image-15570\" style=\"width:362px;height:242px\" srcset=\"https:\/\/www.humanium.org\/de\/wp-content\/uploads\/2022\/02\/shutterstock_1196731120-1024x683.jpg 1024w, https:\/\/www.humanium.org\/de\/wp-content\/uploads\/2022\/02\/shutterstock_1196731120-300x200.jpg 300w, https:\/\/www.humanium.org\/de\/wp-content\/uploads\/2022\/02\/shutterstock_1196731120-768x512.jpg 768w, https:\/\/www.humanium.org\/de\/wp-content\/uploads\/2022\/02\/shutterstock_1196731120-1536x1024.jpg 1536w, https:\/\/www.humanium.org\/de\/wp-content\/uploads\/2022\/02\/shutterstock_1196731120-2048x1365.jpg 2048w, https:\/\/www.humanium.org\/de\/wp-content\/uploads\/2022\/02\/shutterstock_1196731120-830x553.jpg 830w, https:\/\/www.humanium.org\/de\/wp-content\/uploads\/2022\/02\/shutterstock_1196731120-230x153.jpg 230w, https:\/\/www.humanium.org\/de\/wp-content\/uploads\/2022\/02\/shutterstock_1196731120-350x233.jpg 350w, https:\/\/www.humanium.org\/de\/wp-content\/uploads\/2022\/02\/shutterstock_1196731120-480x320.jpg 480w, https:\/\/www.humanium.org\/de\/wp-content\/uploads\/2022\/02\/shutterstock_1196731120-272x182.jpg 272w\" sizes=\"auto, (max-width: 1024px) 100vw, 1024px\" \/><\/figure>\n<\/div>\n\n\n<p>Sch\u00e4tzungsweise 45.000 Menschen waren betroffen, und mindestens 20.000 wurden <a href=\"https:\/\/www.humanium.org\/de\/vertriebene-kinder\/\">vertrieben<\/a>, die meisten von ihnen Kinder (UNICEF, 2019). <a href=\"https:\/\/www.humanium.org\/de\/recht-wasser\/\">Sauberes Wasser<\/a> ist ein Problem, da mehr als 96 Wassertanks ihre Abdeckungen verloren haben, mit M\u00fcll verschmutzt oder mit Meerwasser gef\u00fcllt sind, was das Risiko der Verbreitung von durch Wasser \u00fcbertragenen Krankheiten erh\u00f6ht. Die Menschen sind auf das Regenwasser ausgewichen, das zwar verf\u00fcgbar, aber nicht zum Verzehr geeignet ist.&nbsp;<\/p>\n\n\n\n<p>Der eingeschr\u00e4nkte Zugang zu den betroffenen Gebieten aufgrund der besch\u00e4digten Stra\u00dfen war ein schwerwiegendes Problem. Da der gesamte nationale Verkehr eingestellt wurde und die Stromversorgung ausfiel, war der Transport von Hilfsg\u00fctern stark beeintr\u00e4chtigt. Der Wirbelsturm besch\u00e4digte 608 Schulen, vor allem Vorschulen und Grundschulen, und verursachte die vollst\u00e4ndige Zerst\u00f6rung von 3.818 H\u00e4usern und die teilweise Zerst\u00f6rung von 7.013 H\u00e4usern. 63 Prozent der Nahrungsmittelpflanzen, 35 Prozent der Exportpflanzen und 34 Prozent der Obstb\u00e4ume wurden zerst\u00f6rt.<\/p>\n\n\n\n<p>Klimabedingte Katastrophen f\u00fchren zu gro\u00dfen Verlusten an <a href=\"https:\/\/www.humanium.org\/de\/recht-leben\/\">Menschenleben<\/a> und Wirtschaftswachstum. Sie f\u00fcgen der Gesellschaft und der <a href=\"https:\/\/www.humanium.org\/de\/themenschwerpunkte\/umwelt\/klimakrise\/\">Umwelt Schaden<\/a> zu und untergraben die Widerstandsf\u00e4higkeit der Bev\u00f6lkerung (Wirtschafts- und Sozialrat der Vereinten Nationen, 2021). Die Union der Komoren liegt im Globalen Klima-Risiko-Index 2018 auf Platz 51 von 172 L\u00e4ndern und Territorien, was das Risiko von Naturkatastrophen angeht (Germanwatch, 2017). Die Union der Komoren belegt Platz 59 f\u00fcr ihre mangelnde Anpassungsf\u00e4higkeit, was die schwachen nationalen Anpassungs- und Minderungsf\u00e4higkeiten zur Abwendung der Auswirkungen des <a href=\"https:\/\/www.humanium.org\/de\/themenschwerpunkte\/umwelt\/klimakrise\/\">Klimawandels<\/a> widerspiegelt.<\/p>\n\n\n\n<p><em><strong>Geschrieben von Igi Nderi<\/strong><\/em><\/p>\n\n\n\n<p><em><strong>\u00dcbersetzt von Karolina Hofman<\/strong><\/em><\/p>\n\n\n\n<p><em><strong>Korrektur gelesen von Marie Podewski<\/strong><\/em><\/p>\n\n\n\n<h4 class=\"wp-block-heading\">Quellen:<\/h4>\n\n\n\n<p class=\"has-small-font-size\"><a href=\"http:\/\/www.africanchildforum.org\/clr\/Legislation%20Per%20Country\/comoros\/comoros_labour_1984_fr.pdf,\" target=\"_blank\" rel=\"noreferrer noopener\">African Child Policy Forum. (2021, October 26). <em>Child Law Resources<\/em>. Retrieved from African Child Policy Forum: http:\/\/www.africanchildforum.org\/clr\/Legislation%20Per%20Country\/comoros\/comoros_labour_1984_fr.pdf, accessed on 26 October 2021.<\/a><\/p>\n\n\n\n<p class=\"has-small-font-size\"><a href=\"http:\/\/www.africanchildforum.org\/clr\/Legislation%20Per%20Country\/comoros\/comoros_family_2005_fr.pdf\" target=\"_blank\" rel=\"noreferrer noopener\">African Child Policy Forum. (2021, October 21). <em>Child Law Resources Comoros <\/em>. Retrieved from African Child Policy Forum: http:\/\/www.africanchildforum.org\/clr\/Legislation%20Per%20Country\/comoros\/comoros_family_2005_fr.pdf, accessed on 26 October 2021.<\/a><\/p>\n\n\n\n<p class=\"has-small-font-size\"><a href=\"http:\/\/www.africanchildforum.org\/clr\/Legislation%20Per%20Country\/comoros\/comoros_family_2005_fr.pdf\" target=\"_blank\" rel=\"noreferrer noopener\">African Child Policy Forum. (2021, October 28). <em>The Family Code 2005<\/em>. Retrieved from Child Law Resources : http:\/\/www.africanchildforum.org\/clr\/Legislation%20Per%20Country\/comoros\/comoros_family_2005_fr.pdf., accessed on 26 October 2021.<\/a><\/p>\n\n\n\n<p class=\"has-small-font-size\"><a href=\"http:\/\/www.africanchildforum.org\/clr\/Legislation%20Per%20Country\/comoros\/comoros_civilstatus_1984_fr.pdf\" target=\"_blank\" rel=\"noreferrer noopener\">African Child Policy Forum. (2021, October 21). <em>Child Law Resources Comoros <\/em>. Retrieved from African Child Policy Forum: http:\/\/www.africanchildforum.org\/clr\/Legislation%20Per%20Country\/comoros\/comoros_civilstatus_1984_fr.pdf, accessed on 26 October 2021.<\/a><\/p>\n\n\n\n<p class=\"has-small-font-size\">African Commission on Human and Peoples&#8216; Rights. (2021, October 5). <em>Ratification Table:- African Charter on the Rights and Welfare of the Child<\/em>. Retrieved from African Commission on Human and Peoples&#8216; Rights: https:\/\/www.achpr.org\/ratificationtable?id=46, accessed on 26 October 2021.<\/p>\n\n\n\n<p class=\"has-small-font-size\"><a href=\"https:\/\/www.bbc.com\/news\/world-africa-13229685\" target=\"_blank\" rel=\"noreferrer noopener\">BBC News Africa. (2018, July 20). <em>Comoros country profile<\/em>. Retrieved from BBC News: https:\/\/www.bbc.com\/news\/world-africa-13229685, accessed on 26 October 2021.<\/a><\/p>\n\n\n\n<p class=\"has-small-font-size\"><a href=\"https:\/\/www.dol.gov\/sites\/dolgov\/files\/ILAB\/child_labor_reports\/tda2018\/comoros.pdf\" target=\"_blank\" rel=\"noreferrer noopener\">Bureau of International Labour Affairs. (2018, May 1). <em>2018 Worst Forms of Child Labour: Comoros<\/em>. Retrieved from Bureau of International Labour Affairs: https:\/\/www.dol.gov\/sites\/dolgov\/files\/ILAB\/child_labor_reports\/tda2018\/comoros.pdf, accessed on 26 October 2021.<\/a><\/p>\n\n\n\n<p class=\"has-small-font-size\">Bureau of International Labour Affairs. (2020, May 1). <em>2020 Findings on the Worst Forms of Child Labor: Comoros<\/em>. Retrieved from Bureau of International Labour Affairs: https:\/\/www.dol.gov\/sites\/dolgov\/files\/ILAB\/child_labor_reports\/tda2020\/Comoros.pdf<\/p>\n\n\n\n<p class=\"has-small-font-size\"><a href=\"https:\/\/www.constituteproject.org\/constitution\/Comoros_2018.pdf?lang=en\" target=\"_blank\" rel=\"noreferrer noopener\">Constitute Project. (2021, August 26). <em>Comoros&#8217;s Constitution of 2018<\/em>. Retrieved from Constitute Project: https:\/\/www.constituteproject.org\/constitution\/Comoros_2018.pdf?lang=en, accessed on 26 October 2021.<\/a><\/p>\n\n\n\n<p class=\"has-small-font-size\">Croissant-Rouge comores, C.-R. f. (2018). <em>UNICEF Comores, Wash in health facilities survey report,.<\/em> UNICEF.<\/p>\n\n\n\n<p class=\"has-small-font-size\"><a href=\"https:\/\/educateachild.org\/our-partners-projects\/country\/comoros\" target=\"_blank\" rel=\"noreferrer noopener\">Educate a Child. (2021, October 12). <em>Country Comoros<\/em>. Retrieved from Educate a Child: https:\/\/educateachild.org\/our-partners-projects\/country\/comoros, accessed on 26 October 2021.<\/a><\/p>\n\n\n\n<p class=\"has-small-font-size\"><a href=\"https:\/\/reliefweb.int\/report\/comoros\/education-cannot-wait-announces-us639000-allocation-support-emergency-educational\" target=\"_blank\" rel=\"noreferrer noopener\">Education Cannot Wait. (2019, July 2). <em>Education Cannot Wait announces US$639,000 allocation to support emergency educational response in Comoros in the aftermath of Cyclone Kenneth<\/em>. Retrieved from Relief Web: https:\/\/reliefweb.int\/report\/comoros\/education-cannot-wait-announces-us639000-allocation-support-emergency-educational, accessed on 26 October 2021.<\/a><\/p>\n\n\n\n<p class=\"has-small-font-size\"><a href=\"https:\/\/reliefweb.int\/report\/haiti\/global-climate-risk-index-2018-who-suffers-most-extreme-weather-events-weather-related\" target=\"_blank\" rel=\"noreferrer noopener\">Germanwatch. (2017, November 9). <em>Global Climate Risk Index 2018: Who Suffers Most From Extreme Weather Events? Weather-related Loss Events in 2016 and 1997 to 2016<\/em>. Retrieved from Relief Web: https:\/\/reliefweb.int\/report\/haiti\/global-climate-risk-index-2018-who-suffers-most-extreme-weather-events-weather-related, accessed on 26 October 2021.<\/a><\/p>\n\n\n\n<p class=\"has-small-font-size\"><a href=\"https:\/\/www.ilo.org\/dyn\/normlex\/en\/f?p=NORMLEXPUB:12100:0::NO:12100:P12100_INSTRUMENT_ID:312283:NO\" target=\"_blank\" rel=\"noreferrer noopener\">International Labour Organisation. (2021, October 26). <em>C138 &#8211; Minimum Age Convention, 1973 (No. 138)<\/em>. Retrieved from International Labour Organisation: https:\/\/www.ilo.org\/dyn\/normlex\/en\/f?p=NORMLEXPUB:12100:0::NO:12100:P12100_INSTRUMENT_ID:312283:NO, accessed on 26 October 2021.<\/a><\/p>\n\n\n\n<p class=\"has-small-font-size\"><a href=\"https:\/\/www.ilo.org\/dyn\/normlex\/en\/f?p=NORMLEXPUB:11200:0::NO::P11200_COUNTRY_ID:103360\" target=\"_blank\" rel=\"noreferrer noopener\">International Labour Organisation. (2021, October 26). <em>Ratifications of Comoros<\/em>. Retrieved from International Labour Organisation: https:\/\/www.ilo.org\/dyn\/normlex\/en\/f?p=NORMLEXPUB:11200:0::NO::P11200_COUNTRY_ID:103360, accessed on 26 October 2021.<\/a><\/p>\n\n\n\n<p class=\"has-small-font-size\">Jackson, B. (2021, May 18). <em>The Rich History of the Comoros Islands<\/em>. Retrieved from The Best of Africa: https:\/\/thebestofafrica.org\/content\/comoros, accessed on 26 October 2021.<\/p>\n\n\n\n<p class=\"has-small-font-size\"><a href=\"https:\/\/www.annalsofglobalhealth.org\/articles\/10.5334\/aogh.3100\/\" target=\"_blank\" rel=\"noreferrer noopener\">Mohamed, K. S., Abasse, K. S., Abbas, M., Sintali, D. N., Baig, M. M., &amp; Cote, A. (2021, August 18). <em>An Overview of Healthcare Systems in Comoros: The Effects of Two Decades of Political Instability<\/em>. Retrieved from Annals of Global Health : https:\/\/www.annalsofglobalhealth.org\/articles\/10.5334\/aogh.3100\/, accessed on 26 October 2021.<\/a><\/p>\n\n\n\n<p class=\"has-small-font-size\"><a href=\"https:\/\/www.nyulawglobal.org\/globalex\/Comoros.html\" target=\"_blank\" rel=\"noreferrer noopener\">Nyarko, M. G. (2020, October 1). <em>Introduction to the Law and Legal System of the Islands of Comoros<\/em>. Retrieved from GlobaLex: https:\/\/www.nyulawglobal.org\/globalex\/Comoros.html, accessed on 26 October 2021.<\/a><\/p>\n\n\n\n<p class=\"has-small-font-size\"><a href=\"https:\/\/www.britannica.com\/place\/Comoros\" target=\"_blank\" rel=\"noreferrer noopener\">Ottenheimer, H. J. (2021, October 3). <em>Comoros <\/em>. Retrieved from Britannica: https:\/\/www.britannica.com\/place\/Comoros, accessed on 26 October 2021.<\/a><\/p>\n\n\n\n<p class=\"has-small-font-size\">Social Institutions and Gender Index. (2019, July 1). <em>Comoros 2019<\/em>. Retrieved from OECD Development : https:\/\/www.genderindex.org\/wp-content\/uploads\/files\/datasheets\/2019\/KM.pdf, accessed on 26 October 2021.<\/p>\n\n\n\n<p class=\"has-small-font-size\"><a href=\"https:\/\/www.worldbank.org\/en\/country\/comoros\/overview#1\" target=\"_blank\" rel=\"noreferrer noopener\">The World Bank. (2020, August 31). <em>The World Bank in Comoros<\/em>. Retrieved from The World Bank: https:\/\/www.worldbank.org\/en\/country\/comoros\/overview#1, accessed on 26 October 2021.<\/a><\/p>\n\n\n\n<p class=\"has-small-font-size\"><a href=\"https:\/\/data.worldbank.org\/indicator\/SP.DYN.LE00.IN?locations=KM\" target=\"_blank\" rel=\"noreferrer noopener\">The World Bank. (2021, October 3). <em>Life expectancy at birth, total (years) &#8211; Comoros<\/em>. Retrieved from Data World Bank: https:\/\/data.worldbank.org\/indicator\/SP.DYN.LE00.IN?locations=KM, accessed on 26 October 2021.<\/a><\/p>\n\n\n\n<p class=\"has-small-font-size\"><a href=\"https:\/\/data.worldbank.org\/indicator\/SP.POP.0014.TO.ZS?locations=KM\" target=\"_blank\" rel=\"noreferrer noopener\">The World Bank. (2021, October 3). <em>Population ages 0-14 (% of total population) &#8211; Comoros<\/em>. Retrieved from Data World Bank: https:\/\/data.worldbank.org\/indicator\/SP.POP.0014.TO.ZS?locations=KM, accessed on 26 October 2021.<\/a><\/p>\n\n\n\n<p class=\"has-small-font-size\"><a href=\"https:\/\/www.hcch.net\/en\/instruments\/conventions\/status-table\/?cid=29\" target=\"_blank\" rel=\"noreferrer noopener\">The World Organisation for Cross-border Co-operation in Civil and Commercial Matters. (2021, November 9). <em>Status Table: Statute of the Hague Conference on Private International Law<\/em>. Retrieved from Hague Conference on Private International Law: https:\/\/www.hcch.net\/en\/instruments\/conventions\/status-table\/?cid=29, accessed on 26 October 2021.<\/a><\/p>\n\n\n\n<p class=\"has-small-font-size\"><a href=\"https:\/\/www.state.gov\/reports\/2021-trafficking-in-persons-report\/comoros\/\" target=\"_blank\" rel=\"noreferrer noopener\">U.S. Department of State. (2021, July 1). <em>2021 Trafficking in Persons Report: Comoros<\/em>. Retrieved from U.S. Department of State: https:\/\/www.state.gov\/reports\/2021-trafficking-in-persons-report\/comoros\/, accessed on 26 October 2021.<\/a><\/p>\n\n\n\n<p class=\"has-small-font-size\">UNICEF. (2017, July 1). <em>Child Marriage A Mapping of Programmes and Partners in Tweleve Countries in East and Southern Africa<\/em>. Retrieved from Relief Web: https:\/\/reliefweb.int\/sites\/reliefweb.int\/files\/resources\/Child%20marriage%20mapping_final_digital.pdf, accessed on 26 October 2021.<\/p>\n\n\n\n<p class=\"has-small-font-size\"><a href=\"https:\/\/www.unicef.org\/media\/81511\/file\/Comoros-Cyclone-Kenneth-SitRep-25-April-2019.pdf\" target=\"_blank\" rel=\"noreferrer noopener\">UNICEF. (2019, April 25). <em>Comoros Humanitarian Situation Report<\/em>. Retrieved from UNICEF: https:\/\/www.unicef.org\/media\/81511\/file\/Comoros-Cyclone-Kenneth-SitRep-25-April-2019.pdf, accessed on 26 October 2021.<\/a><\/p>\n\n\n\n<p class=\"has-small-font-size\"><a href=\"https:\/\/data.unicef.org\/country\/com\/\" target=\"_blank\" rel=\"noreferrer noopener\">UNICEF. (2021, October 3). <em>Comoros Country Profile Key Demographics Indicators<\/em>. Retrieved from UNICEF Data: https:\/\/data.unicef.org\/country\/com\/, accessed on 26 October 2021.<\/a><\/p>\n\n\n\n<p class=\"has-small-font-size\"><a href=\"https:\/\/getinthepicture.org\/sites\/default\/files\/resources\/UNICEF%20Strengthening%20BR%20in%20Africa%20Opportunities%20and%20Partnerships_0.pdf\" target=\"_blank\" rel=\"noreferrer noopener\">UNICEF. (2021, October 20). <em>Strengthening Birth Registration in Africa: Opportunities and Partnerships<\/em>. Retrieved from UNICEF: https:\/\/getinthepicture.org\/sites\/default\/files\/resources\/UNICEF%20Strengthening%20BR%20in%20Africa%20Opportunities%20and%20Partnerships_0.pdf, accessed on 26 October 2021.<\/a><\/p>\n\n\n\n<p class=\"has-small-font-size\">United Nations Economic and Social Council. (2021, July 12). <em>Country Programme Document Comoros<\/em>. Retrieved from United Nations Economic and Social Council: https:\/\/undocs.org\/pdf?symbol=en\/e\/icef\/2021\/p\/l.18, accessed on 26 October 2021.<\/p>\n\n\n\n<p class=\"has-small-font-size\">United Nations High Commissioner for Refugees. (2013, June 1). <em>Universal Periodic Review: Union of Comoros<\/em>. Retrieved from UNHCR: https:\/\/www.upr-info.org\/sites\/default\/files\/document\/comoros\/session_18_-_january_2014\/unhcr_upr18_com_2_e_main.pdf, accessed on 26 October 2021.<\/p>\n\n\n\n<p class=\"has-small-font-size\"><a href=\"https:\/\/indicators.ohchr.org\/\" target=\"_blank\" rel=\"noreferrer noopener\">United Nations Human Right Office of the High Commissioner. (2021, October 5). <em>Status of Ratification<\/em>. Retrieved from United Nations Human Right Office of the High Commissioner: https:\/\/indicators.ohchr.org\/, accessed on 26 October 2021.<\/a><\/p>\n\n\n\n<p class=\"has-small-font-size\"><a href=\"https:\/\/www.ohchr.org\/en\/professionalinterest\/pages\/crc.aspx\" target=\"_blank\" rel=\"noreferrer noopener\">United Nations Human Rights Office of the High Commissioner. (2021, October 20). <em>Convention on the Rights of the Child<\/em>. Retrieved from Office of the High Commissioner for Human Rights: https:\/\/www.ohchr.org\/en\/professionalinterest\/pages\/crc.aspx, accessed on 26 October 2021.<\/a><\/p>\n\n\n\n<p class=\"has-small-font-size\"><a href=\"https:\/\/tbinternet.ohchr.org\/_layouts\/15\/TreatyBodyExternal\/Treaty.aspx\" target=\"_blank\" rel=\"noreferrer noopener\">United Nations Human Rights Treaty Bodies. (2021, October 5). <em>Ratification Status for Comoros<\/em>. Retrieved from UN Treaty Body Database: https:\/\/tbinternet.ohchr.org\/_layouts\/15\/TreatyBodyExternal\/Treaty.aspx, accessed on 26 October 2021.<\/a><\/p>\n\n\n\n<p class=\"has-small-font-size\"><a href=\"https:\/\/www.unodc.org\/easternafrica\/en\/Stories\/comoros-party-to-trafficking-protocol.html\" target=\"_blank\" rel=\"noreferrer noopener\">United Nations Office on Drugs and Crime. (2020, July 23). <em>Comoros accedes to Protocol to Prevent, Suppress and Punish Trafficking in Persons <\/em>. Retrieved from United Nations Office on Drugs and Crime: https:\/\/www.unodc.org\/easternafrica\/en\/Stories\/comoros-party-to-trafficking-protocol.html, accessed on 26 October 2021.<\/a><\/p>\n\n\n\n<p class=\"has-small-font-size\"><a href=\"https:\/\/unstats.un.org\/unsd\/demographic-social\/census\/censusdates\/\" target=\"_blank\" rel=\"noreferrer noopener\">United Nations Statistics Division. (2017, December 15). <em>2017 General Census of Population and Housing (GCPH) <\/em>. Retrieved from Demographic and Social Statistics: https:\/\/unstats.un.org\/unsd\/demographic-social\/census\/censusdates\/, accessed on 26 October 2021.<\/a><\/p>\n\n\n\n<p class=\"has-small-font-size\"><a href=\"https:\/\/treaties.un.org\/pages\/ViewDetails.aspx?src=TREATY&amp;mtdsg_no=XVIII-12&amp;chapter=18&amp;clang=_en\" target=\"_blank\" rel=\"noreferrer noopener\">United Nations Treaty Collection. (2000, November 15). <em>United Nations Convention against Transnational Organised Crime<\/em>. Retrieved from United Nations Treaty Collection: https:\/\/treaties.un.org\/pages\/ViewDetails.aspx?src=TREATY&amp;mtdsg_no=XVIII-12&amp;chapter=18&amp;clang=_en, accessed on 26 October 2021.<\/a><\/p>\n\n\n\n<p class=\"has-small-font-size\"><a href=\"https:\/\/www.sdg6data.org\/country-or-area\/Comoros#anchor_6.2.1b\" target=\"_blank\" rel=\"noreferrer noopener\">United Nations Water. (2021, October 19). <em>SDG6 Comoros <\/em>. Retrieved from SDG6 Data: https:\/\/www.sdg6data.org\/country-or-area\/Comoros#anchor_6.2.1b, accessed on 26 October 2021.<\/a><\/p>\n\n\n\n<p class=\"has-small-font-size\"><a href=\"https:\/\/www.refworld.org\/docid\/5b3e0b724.html\" target=\"_blank\" rel=\"noreferrer noopener\">United States Department of State. (2018, June 28). <em>2018 Trafficking in Persons Report &#8211; Comoros<\/em>. Retrieved from Refworld: https:\/\/www.refworld.org\/docid\/5b3e0b724.html, accessed on 26 October 2021.<\/a><\/p>\n\n\n\n<p class=\"has-small-font-size\"><a href=\"https:\/\/www.ceicdata.com\/en\/comoros\/population-and-urbanization-statistics\/km-completeness-of-birth-registration\" target=\"_blank\" rel=\"noreferrer noopener\">World Bank. (2021, October 21). <em>Comoros KM: Completeness of Birth Registration<\/em>. Retrieved from CEIC Data: https:\/\/www.ceicdata.com\/en\/comoros\/population-and-urbanization-statistics\/km-completeness-of-birth-registration, accessed on 26 October 2021.<\/a><\/p>\n\n\n\n<p class=\"has-small-font-size\"><a href=\"https:\/\/apps.who.int\/iris\/handle\/10665\/137153\" target=\"_blank\" rel=\"noreferrer noopener\">World Health Organisation . (2016, May 1). <em>World Health Organisation, Country Cooperation Strategy at a glance, Comoros.<\/em> Retrieved from World Health Organisation: https:\/\/apps.who.int\/iris\/handle\/10665\/137153, accessed on 26 October 2021.<\/a><\/p>\n\n\n\n<hr class=\"wp-block-separator has-css-opacity\"\/>\n\n\n\n<p class=\"has-small-font-size\"><a href=\"#_ftnref1\"><sup>[1]<\/sup><\/a> Dieser Beitrag erhebt keineswegs den Anspruch, einen vollst\u00e4ndigen oder repr\u00e4sentativen \u00dcberblick \u00fcber die Kinderrechte auf den Komoren zu geben. Eine der vielen Herausforderungen besteht darin, dass es nur wenige aktuelle Informationen \u00fcber Kinder gibt, von denen viele unzuverl\u00e4ssig, nicht repr\u00e4sentativ, veraltet oder einfach nicht vorhanden sind.<\/p>\n","protected":false},"excerpt":{"rendered":"<p>Einsatz f\u00fcr die Kinderrechte in&nbsp;der Komoren Die Union der Komoren ist ein dicht besiedeltes Land, in dem mehr als die H\u00e4lfte der Bev\u00f6lkerung unter zwanzig Jahre alt ist (The World Bank, 2020). Die Nachkommen arabischer H\u00e4ndler, Malaien und afrikanischer V\u00f6lker tragen zu der komplexen ethnischen Mischung der Insel bei (BBC News Africa, 2018). Aufgrund ihrer [&hellip;]<\/p>\n","protected":false},"author":1,"featured_media":0,"parent":0,"menu_order":0,"comment_status":"closed","ping_status":"closed","template":"","meta":{"footnotes":""},"class_list":["post-6024","page","type-page","status-publish","hentry"],"yoast_head":"<!-- This site is optimized with the Yoast SEO plugin v26.5 - https:\/\/yoast.com\/wordpress\/plugins\/seo\/ -->\n<title>Die Kinder der Komoren - Humanium<\/title>\n<meta name=\"description\" content=\"Die komorische Gesellschaft ist durch ein starkes Gef\u00fchl lokaler Identit\u00e4t und inselspezifischer Traditionen gepr\u00e4gt.\" \/>\n<meta name=\"robots\" content=\"index, follow, max-snippet:-1, max-image-preview:large, max-video-preview:-1\" \/>\n<link rel=\"canonical\" href=\"https:\/\/www.humanium.org\/de\/komoren\/\" \/>\n<meta property=\"og:locale\" content=\"de_DE\" \/>\n<meta property=\"og:type\" content=\"article\" \/>\n<meta property=\"og:title\" content=\"Die Kinder der Komoren - Humanium\" \/>\n<meta property=\"og:description\" content=\"Die komorische Gesellschaft ist durch ein starkes Gef\u00fchl lokaler Identit\u00e4t und inselspezifischer Traditionen gepr\u00e4gt.\" \/>\n<meta property=\"og:url\" content=\"https:\/\/www.humanium.org\/de\/komoren\/\" \/>\n<meta property=\"og:site_name\" content=\"Humanium\" \/>\n<meta property=\"article:modified_time\" content=\"2025-12-06T06:40:57+00:00\" \/>\n<meta property=\"og:image\" content=\"https:\/\/www.humanium.org\/de\/wp-content\/uploads\/2022\/02\/shutterstock_2019023243.jpg\" \/>\n\t<meta property=\"og:image:width\" content=\"200\" \/>\n\t<meta property=\"og:image:height\" content=\"200\" \/>\n\t<meta property=\"og:image:type\" content=\"image\/jpeg\" \/>\n<meta name=\"twitter:card\" content=\"summary_large_image\" \/>\n<meta name=\"twitter:label1\" content=\"Gesch\u00e4tzte Lesezeit\" \/>\n\t<meta name=\"twitter:data1\" content=\"27\u00a0Minuten\" \/>\n<script type=\"application\/ld+json\" class=\"yoast-schema-graph\">{\"@context\":\"https:\/\/schema.org\",\"@graph\":[{\"@type\":\"WebPage\",\"@id\":\"https:\/\/www.humanium.org\/de\/komoren\/\",\"url\":\"https:\/\/www.humanium.org\/de\/komoren\/\",\"name\":\"Die Kinder der Komoren - Humanium\",\"isPartOf\":{\"@id\":\"https:\/\/www.humanium.org\/de\/#website\"},\"primaryImageOfPage\":{\"@id\":\"https:\/\/www.humanium.org\/de\/komoren\/#primaryimage\"},\"image\":{\"@id\":\"https:\/\/www.humanium.org\/de\/komoren\/#primaryimage\"},\"thumbnailUrl\":\"https:\/\/www.humanium.org\/de\/wp-content\/uploads\/2022\/02\/shutterstock_2019023243.jpg\",\"datePublished\":\"2016-01-27T11:11:34+00:00\",\"dateModified\":\"2025-12-06T06:40:57+00:00\",\"description\":\"Die komorische Gesellschaft ist durch ein starkes Gef\u00fchl lokaler Identit\u00e4t und inselspezifischer Traditionen gepr\u00e4gt.\",\"breadcrumb\":{\"@id\":\"https:\/\/www.humanium.org\/de\/komoren\/#breadcrumb\"},\"inLanguage\":\"de\",\"potentialAction\":[{\"@type\":\"ReadAction\",\"target\":[\"https:\/\/www.humanium.org\/de\/komoren\/\"]}]},{\"@type\":\"ImageObject\",\"inLanguage\":\"de\",\"@id\":\"https:\/\/www.humanium.org\/de\/komoren\/#primaryimage\",\"url\":\"https:\/\/www.humanium.org\/de\/wp-content\/uploads\/2022\/02\/shutterstock_2019023243.jpg\",\"contentUrl\":\"https:\/\/www.humanium.org\/de\/wp-content\/uploads\/2022\/02\/shutterstock_2019023243.jpg\",\"width\":200,\"height\":200},{\"@type\":\"BreadcrumbList\",\"@id\":\"https:\/\/www.humanium.org\/de\/komoren\/#breadcrumb\",\"itemListElement\":[{\"@type\":\"ListItem\",\"position\":1,\"name\":\"Home\",\"item\":\"https:\/\/www.humanium.org\/de\/\"},{\"@type\":\"ListItem\",\"position\":2,\"name\":\"Die Kinder der Komoren\"}]},{\"@type\":\"WebSite\",\"@id\":\"https:\/\/www.humanium.org\/de\/#website\",\"url\":\"https:\/\/www.humanium.org\/de\/\",\"name\":\"Humanium\",\"description\":\"Kinder zuerst!\",\"potentialAction\":[{\"@type\":\"SearchAction\",\"target\":{\"@type\":\"EntryPoint\",\"urlTemplate\":\"https:\/\/www.humanium.org\/de\/?s={search_term_string}\"},\"query-input\":{\"@type\":\"PropertyValueSpecification\",\"valueRequired\":true,\"valueName\":\"search_term_string\"}}],\"inLanguage\":\"de\"}]}<\/script>\n<!-- \/ Yoast SEO plugin. -->","yoast_head_json":{"title":"Die Kinder der Komoren - Humanium","description":"Die komorische Gesellschaft ist durch ein starkes Gef\u00fchl lokaler Identit\u00e4t und inselspezifischer Traditionen gepr\u00e4gt.","robots":{"index":"index","follow":"follow","max-snippet":"max-snippet:-1","max-image-preview":"max-image-preview:large","max-video-preview":"max-video-preview:-1"},"canonical":"https:\/\/www.humanium.org\/de\/komoren\/","og_locale":"de_DE","og_type":"article","og_title":"Die Kinder der Komoren - Humanium","og_description":"Die komorische Gesellschaft ist durch ein starkes Gef\u00fchl lokaler Identit\u00e4t und inselspezifischer Traditionen gepr\u00e4gt.","og_url":"https:\/\/www.humanium.org\/de\/komoren\/","og_site_name":"Humanium","article_modified_time":"2025-12-06T06:40:57+00:00","og_image":[{"width":200,"height":200,"url":"https:\/\/www.humanium.org\/de\/wp-content\/uploads\/2022\/02\/shutterstock_2019023243.jpg","type":"image\/jpeg"}],"twitter_card":"summary_large_image","twitter_misc":{"Gesch\u00e4tzte Lesezeit":"27\u00a0Minuten"},"schema":{"@context":"https:\/\/schema.org","@graph":[{"@type":"WebPage","@id":"https:\/\/www.humanium.org\/de\/komoren\/","url":"https:\/\/www.humanium.org\/de\/komoren\/","name":"Die Kinder der Komoren - Humanium","isPartOf":{"@id":"https:\/\/www.humanium.org\/de\/#website"},"primaryImageOfPage":{"@id":"https:\/\/www.humanium.org\/de\/komoren\/#primaryimage"},"image":{"@id":"https:\/\/www.humanium.org\/de\/komoren\/#primaryimage"},"thumbnailUrl":"https:\/\/www.humanium.org\/de\/wp-content\/uploads\/2022\/02\/shutterstock_2019023243.jpg","datePublished":"2016-01-27T11:11:34+00:00","dateModified":"2025-12-06T06:40:57+00:00","description":"Die komorische Gesellschaft ist durch ein starkes Gef\u00fchl lokaler Identit\u00e4t und inselspezifischer Traditionen gepr\u00e4gt.","breadcrumb":{"@id":"https:\/\/www.humanium.org\/de\/komoren\/#breadcrumb"},"inLanguage":"de","potentialAction":[{"@type":"ReadAction","target":["https:\/\/www.humanium.org\/de\/komoren\/"]}]},{"@type":"ImageObject","inLanguage":"de","@id":"https:\/\/www.humanium.org\/de\/komoren\/#primaryimage","url":"https:\/\/www.humanium.org\/de\/wp-content\/uploads\/2022\/02\/shutterstock_2019023243.jpg","contentUrl":"https:\/\/www.humanium.org\/de\/wp-content\/uploads\/2022\/02\/shutterstock_2019023243.jpg","width":200,"height":200},{"@type":"BreadcrumbList","@id":"https:\/\/www.humanium.org\/de\/komoren\/#breadcrumb","itemListElement":[{"@type":"ListItem","position":1,"name":"Home","item":"https:\/\/www.humanium.org\/de\/"},{"@type":"ListItem","position":2,"name":"Die Kinder der Komoren"}]},{"@type":"WebSite","@id":"https:\/\/www.humanium.org\/de\/#website","url":"https:\/\/www.humanium.org\/de\/","name":"Humanium","description":"Kinder zuerst!","potentialAction":[{"@type":"SearchAction","target":{"@type":"EntryPoint","urlTemplate":"https:\/\/www.humanium.org\/de\/?s={search_term_string}"},"query-input":{"@type":"PropertyValueSpecification","valueRequired":true,"valueName":"search_term_string"}}],"inLanguage":"de"}]}},"_links":{"self":[{"href":"https:\/\/www.humanium.org\/de\/wp-json\/wp\/v2\/pages\/6024","targetHints":{"allow":["GET"]}}],"collection":[{"href":"https:\/\/www.humanium.org\/de\/wp-json\/wp\/v2\/pages"}],"about":[{"href":"https:\/\/www.humanium.org\/de\/wp-json\/wp\/v2\/types\/page"}],"author":[{"embeddable":true,"href":"https:\/\/www.humanium.org\/de\/wp-json\/wp\/v2\/users\/1"}],"replies":[{"embeddable":true,"href":"https:\/\/www.humanium.org\/de\/wp-json\/wp\/v2\/comments?post=6024"}],"version-history":[{"count":24,"href":"https:\/\/www.humanium.org\/de\/wp-json\/wp\/v2\/pages\/6024\/revisions"}],"predecessor-version":[{"id":21381,"href":"https:\/\/www.humanium.org\/de\/wp-json\/wp\/v2\/pages\/6024\/revisions\/21381"}],"wp:attachment":[{"href":"https:\/\/www.humanium.org\/de\/wp-json\/wp\/v2\/media?parent=6024"}],"curies":[{"name":"wp","href":"https:\/\/api.w.org\/{rel}","templated":true}]}}