{"id":6154,"date":"2016-03-08T22:30:53","date_gmt":"2016-03-08T22:30:53","guid":{"rendered":"http:\/\/www.humanium.org\/de\/?page_id=6154"},"modified":"2026-01-17T14:33:12","modified_gmt":"2026-01-17T14:33:12","slug":"bosnienherzegowina","status":"publish","type":"page","link":"https:\/\/www.humanium.org\/de\/bosnienherzegowina\/","title":{"rendered":"Kinder in Bosnien und Herzegowina"},"content":{"rendered":"\n<h2 class=\"wp-block-heading\"><strong>Die Verwirklichung der Kinderrechte in Bosnien und Herzegowina<\/strong><\/h2>\n\n\n\n<div class=\"wp-block-columns is-layout-flex wp-container-core-columns-is-layout-9d6595d7 wp-block-columns-is-layout-flex\">\n<div class=\"wp-block-column is-layout-flow wp-block-column-is-layout-flow\"><div class=\"wp-block-image is-style-rounded\">\n<figure class=\"aligncenter size-large is-resized\"><img loading=\"lazy\" decoding=\"async\" width=\"1024\" height=\"1024\" src=\"https:\/\/www.humanium.org\/de\/wp-content\/uploads\/2026\/01\/shutterstock_1881973018_edited-1024x1024.jpeg\" alt=\"\" class=\"wp-image-21530\" style=\"object-fit:cover;width:200px;height:200px\" srcset=\"https:\/\/www.humanium.org\/de\/wp-content\/uploads\/2026\/01\/shutterstock_1881973018_edited-1024x1024.jpeg 1024w, https:\/\/www.humanium.org\/de\/wp-content\/uploads\/2026\/01\/shutterstock_1881973018_edited-300x300.jpeg 300w, https:\/\/www.humanium.org\/de\/wp-content\/uploads\/2026\/01\/shutterstock_1881973018_edited-150x150.jpeg 150w, https:\/\/www.humanium.org\/de\/wp-content\/uploads\/2026\/01\/shutterstock_1881973018_edited-768x768.jpeg 768w, https:\/\/www.humanium.org\/de\/wp-content\/uploads\/2026\/01\/shutterstock_1881973018_edited-1536x1536.jpeg 1536w, https:\/\/www.humanium.org\/de\/wp-content\/uploads\/2026\/01\/shutterstock_1881973018_edited-2048x2048.jpeg 2048w, https:\/\/www.humanium.org\/de\/wp-content\/uploads\/2026\/01\/shutterstock_1881973018_edited-830x830.jpeg 830w, https:\/\/www.humanium.org\/de\/wp-content\/uploads\/2026\/01\/shutterstock_1881973018_edited-230x230.jpeg 230w, https:\/\/www.humanium.org\/de\/wp-content\/uploads\/2026\/01\/shutterstock_1881973018_edited-350x350.jpeg 350w, https:\/\/www.humanium.org\/de\/wp-content\/uploads\/2026\/01\/shutterstock_1881973018_edited-480x480.jpeg 480w\" sizes=\"auto, (max-width: 1024px) 100vw, 1024px\" \/><\/figure>\n<\/div><\/div>\n\n\n\n<div class=\"wp-block-column is-layout-flow wp-block-column-is-layout-flow\"><div class=\"wp-block-image is-style-rounded\">\n<figure class=\"aligncenter size-large is-resized\"><img loading=\"lazy\" decoding=\"async\" width=\"1024\" height=\"1024\" src=\"https:\/\/www.humanium.org\/de\/wp-content\/uploads\/2026\/01\/shutterstock_1464118778_edited-1024x1024.jpeg\" alt=\"\" class=\"wp-image-21531\" style=\"object-fit:cover;width:200px;height:200px\" srcset=\"https:\/\/www.humanium.org\/de\/wp-content\/uploads\/2026\/01\/shutterstock_1464118778_edited-1024x1024.jpeg 1024w, https:\/\/www.humanium.org\/de\/wp-content\/uploads\/2026\/01\/shutterstock_1464118778_edited-300x300.jpeg 300w, https:\/\/www.humanium.org\/de\/wp-content\/uploads\/2026\/01\/shutterstock_1464118778_edited-150x150.jpeg 150w, https:\/\/www.humanium.org\/de\/wp-content\/uploads\/2026\/01\/shutterstock_1464118778_edited-768x768.jpeg 768w, https:\/\/www.humanium.org\/de\/wp-content\/uploads\/2026\/01\/shutterstock_1464118778_edited-1536x1536.jpeg 1536w, https:\/\/www.humanium.org\/de\/wp-content\/uploads\/2026\/01\/shutterstock_1464118778_edited-2048x2048.jpeg 2048w, https:\/\/www.humanium.org\/de\/wp-content\/uploads\/2026\/01\/shutterstock_1464118778_edited-830x830.jpeg 830w, https:\/\/www.humanium.org\/de\/wp-content\/uploads\/2026\/01\/shutterstock_1464118778_edited-230x230.jpeg 230w, https:\/\/www.humanium.org\/de\/wp-content\/uploads\/2026\/01\/shutterstock_1464118778_edited-350x350.jpeg 350w, https:\/\/www.humanium.org\/de\/wp-content\/uploads\/2026\/01\/shutterstock_1464118778_edited-480x480.jpeg 480w\" sizes=\"auto, (max-width: 1024px) 100vw, 1024px\" \/><\/figure>\n<\/div><\/div>\n<\/div>\n\n\n\n<p><strong>Die soziopolitische Entwicklung Bosnien und Herzegowinas (BiH) und seine F\u00e4higkeit, die Rechte von Kindern zu sch\u00fctzen, sind untrennbar mit seiner j\u00fcngeren Geschichte verbunden. Die Aufl\u00f6sung der Sozialistischen F\u00f6derativen Republik Jugoslawien und die anschlie\u00dfende Unabh\u00e4ngigkeitserkl\u00e4rung BiHs in den 1990er Jahren wurden durch einen gewaltsamen Krieg und V\u00f6lkermord \u00fcberschattet. Trotz der Bem\u00fchungen, die innerstaatlichen Rechtsvorschriften an internationale Standards anzupassen, haben Kinder von <a href=\"https:\/\/www.humanium.org\/de\/kinder-von-minderheiten\/#:~:text=Kinder%20von%20Minderheiten%20definieren,ist%20aber%20nicht%20darauf%20begrenzt.\">Minderheiten<\/a> in BiH weiterhin Schwierigkeiten bei der Verwirklichung ihrer Menschenrechte \u2013 insbesondere in den Bereichen <a href=\"https:\/\/www.humanium.org\/de\/recht-bildung-weltweit\/\">Bildung<\/a>, sozialer Sicherheit und sozialen Diensten im weiteren Sinne.&nbsp;<\/strong><\/p>\n\n\n\n<iframe src=\"https:\/\/www.google.com\/maps\/embed?pb=!1m18!1m12!1m3!1d1471724.8259751776!2d16.357128172595573!3d43.90839684171517!2m3!1f0!2f0!3f0!3m2!1i1024!2i768!4f13.1!3m3!1m2!1s0x134ba215c737a9d7%3A0x6df7e20343b7e90c!2sBosnia%20and%20Herzegovina!5e0!3m2!1sen!2sfr!4v1768398442617!5m2!1sen!2sfr\" width=\"600\" height=\"450\" style=\"border:0;\" allowfullscreen=\"\" loading=\"lazy\" referrerpolicy=\"no-referrer-when-downgrade\"><\/iframe>\n\n\n\n<div class=\"wp-block-columns is-layout-flex wp-container-core-columns-is-layout-9d6595d7 wp-block-columns-is-layout-flex\">\n<div class=\"wp-block-column is-layout-flow wp-block-column-is-layout-flow\">\n<p><strong>Bev\u00f6lkerung<\/strong>: 3,185 Millionen&nbsp;<\/p>\n\n\n\n<p><strong>Bev\u00f6lkerung im Alter von 0 bis 14 Jahren<\/strong>: 13,22 %<\/p>\n<\/div>\n\n\n\n<div class=\"wp-block-column is-layout-flow wp-block-column-is-layout-flow\">\n<p><strong>Lebenserwartung<\/strong>: 75,29 Jahre&nbsp;<\/p>\n\n\n\n<p><strong>Sterblichkeitsrate von Kindern unter 5 Jahren<\/strong>: 6 \u2030<\/p>\n<\/div>\n<\/div>\n\n\n\n<h2 class=\"wp-block-heading\"><strong>Bosnien und Herzegowina auf einen Blick&nbsp;<\/strong><\/h2>\n\n\n\n<p>Bosnien und Herzegowina (<strong><em>B<\/em><\/strong><em>osna <\/em><strong><em>i H<\/em><\/strong><em>ercegovina <\/em>oder <em>\u0411\u043e\u0441\u043d\u0430 \u0438 \u0425\u0435\u0440\u0446\u0435\u0433\u043e\u0432\u0438\u043d\u0430<\/em>) (im Folgenden daher auch BiH) ist ein Land auf der Balkanhalbinsel in S\u00fcdosteuropa. Es grenzt im Osten an <a href=\"https:\/\/www.humanium.org\/de\/serbien\/\">Serbien<\/a>, im S\u00fcdosten an <a href=\"https:\/\/www.humanium.org\/de\/montenegro\/\">Montenegro<\/a> und im Norden und S\u00fcdwesten an <a href=\"https:\/\/www.humanium.org\/de\/kroatien\/\">Kroatien<\/a>. Die Region Bosnien nimmt den n\u00f6rdlichen und zentralen Teil des Landes ein, w\u00e4hrend Herzegowina sich im S\u00fcden und S\u00fcdwesten befindet (Malcolm et al., 2025).&nbsp;<\/p>\n\n\n\n<p>Diese Regionen zeichnen sich im Allgemeinen durch zwei separate Teilstaaten aus, die 1995 durch das Dayton-Abkommen gegr\u00fcndet wurden: die Republika Srpska (auch als Serbische Republik bekannt), die den Norden und Nordosten einnimmt, und die F\u00f6deration Bosnien und Herzegowina. Jeder Teilstaat ist mit seiner eigenen Verfassung, einem eigenen Justizsystem und einer eigenen Legislative autonom (Malcolm et al., 2025). Der Bezirk Br\u010dko, eine selbstverwaltete Verwaltungseinheit, liegt im nord\u00f6stlichen Teil des Territoriums und unterliegt einer geteilten Souver\u00e4nit\u00e4t.&nbsp;<\/p>\n\n\n\n<p>Bosnien und Herzegowina ging aus der Sozialistischen F\u00f6derativen Republik Jugoslawien hervor: einer 1943 gegr\u00fcndeten F\u00f6deration, die aus sechs Republiken bestand \u2013 Serbien, Montenegro, Mazedonien, Slowenien, Kroatien und Bosnien und Herzegowina. Bosnien erkl\u00e4rte 1992 seine Unabh\u00e4ngigkeit von der F\u00f6deration. Die bosnischen Serben lehnten diesen Schritt jedoch ab und initiierten eine Milit\u00e4raktion zur \u201eS\u00e4uberung\u201c des Landes (United States Holocaust Memorial Museum, 2013).&nbsp;<\/p>\n\n\n\n<p>Der daraus resultierende dreij\u00e4hrige Konflikt (1992\u20131995) f\u00fchrte zu sch\u00e4tzungsweise 100.000 Todesf\u00e4llen, bis zu 50.000 gemeldeten Vergewaltigungsf\u00e4llen und \u00fcber zwei Millionen Vertriebenen. Das hierauf folgende Dayton-Abkommen formalisierte einen entlang ethnischer und religi\u00f6ser Grenzen tief gespaltenen Staat und enthielt gesetzliche Bestimmungen zur Entlassung von Beamten im Interesse des Friedens (Malcolm et al., 2025).<\/p>\n\n\n\n<h2 class=\"wp-block-heading\"><strong>Status der Kinderrechte<\/strong> <strong><u><a href=\"#_ftn1\"><sup><strong><u><sup>[1]<\/sup><\/u><\/strong><\/sup><\/a><\/u><\/strong><\/h2>\n\n\n<div class=\"wp-block-image\">\n<figure class=\"alignleft size-large is-resized\"><img loading=\"lazy\" decoding=\"async\" width=\"1024\" height=\"683\" src=\"https:\/\/www.humanium.org\/de\/wp-content\/uploads\/2026\/01\/shutterstock_1581890017-1024x683.jpg\" alt=\"\" class=\"wp-image-21532\" style=\"aspect-ratio:1.4993160054719563;width:307px;height:auto\" srcset=\"https:\/\/www.humanium.org\/de\/wp-content\/uploads\/2026\/01\/shutterstock_1581890017-1024x683.jpg 1024w, https:\/\/www.humanium.org\/de\/wp-content\/uploads\/2026\/01\/shutterstock_1581890017-300x200.jpg 300w, https:\/\/www.humanium.org\/de\/wp-content\/uploads\/2026\/01\/shutterstock_1581890017-768x512.jpg 768w, https:\/\/www.humanium.org\/de\/wp-content\/uploads\/2026\/01\/shutterstock_1581890017-1536x1024.jpg 1536w, https:\/\/www.humanium.org\/de\/wp-content\/uploads\/2026\/01\/shutterstock_1581890017-2048x1365.jpg 2048w, https:\/\/www.humanium.org\/de\/wp-content\/uploads\/2026\/01\/shutterstock_1581890017-830x553.jpg 830w, https:\/\/www.humanium.org\/de\/wp-content\/uploads\/2026\/01\/shutterstock_1581890017-230x153.jpg 230w, https:\/\/www.humanium.org\/de\/wp-content\/uploads\/2026\/01\/shutterstock_1581890017-350x233.jpg 350w, https:\/\/www.humanium.org\/de\/wp-content\/uploads\/2026\/01\/shutterstock_1581890017-480x320.jpg 480w, https:\/\/www.humanium.org\/de\/wp-content\/uploads\/2026\/01\/shutterstock_1581890017-272x182.jpg 272w\" sizes=\"auto, (max-width: 1024px) 100vw, 1024px\" \/><\/figure>\n<\/div>\n\n\n<p>Bosnien und Herzegowina hat sich zu mehreren internationalen \u00dcbereink\u00fcnften zum Schutz der Kinderrechte verpflichtet. Im Jahr 1993 ratifizierte die Regierung die Konvention \u00fcber die Rechte des Kindes (CRC). BiH ist auch Vertragspartei anderer internationaler Menschenrechtsinstrumente, die alle 1993 ratifiziert wurden, darunter das <a href=\"https:\/\/www.humanium.org\/de\/konvention-beseitigung-jeder-form-von-diskriminierung-der-frau\/\">\u00dcbereinkommen zur Beseitigung jeder Form von Diskriminierung der Frau (CEDAW<\/a>), das Internationale <a href=\"https:\/\/www.humanium.org\/de\/internationales-ubereinkommen-zur-beseitigung-jeder-form-von-rassendiskriminierung\/\">\u00dcbereinkommen zur Beseitigung jeder Form von Rassendiskriminierung<\/a> und der Internationale Pakt \u00fcber b\u00fcrgerliche und politische Rechte.&nbsp;<\/p>\n\n\n\n<p>Die Regierung ratifizierte 2003 das Fakultativprotokoll zum <a href=\"https:\/\/www.humanium.org\/de\/fakultativprotokoll-zum-ubereinkommen-uber-die-rechte-des-kindes-betreffend-die-beteiligung-von-kindern-an-bewaffneten-konflikten\/\">\u00dcbereinkommen \u00fcber die Rechte des Kindes betreffend die Beteiligung von Kindern an bewaffneten Konflikten<\/a> und 2002 das Fakultativprotokoll <a href=\"https:\/\/www.humanium.org\/de\/fakultativprotokoll-zum-ubereinkommen-uber-die-rechte-des-kindes-betreffend-den-verkauf-von-kindern-die-kinderprostitution-und-die-kinderpornografie\/\">betreffend den Kinderhandel, die Kinderprostitution und die Kinderpornografie.<\/a> Im Jahr 2000 ratifizierte die Regierung au\u00dferdem das \u00dcbereinkommen der Internationalen Arbeitsorganisation (ILO) \u00fcber die <a href=\"https:\/\/www.humanium.org\/de\/konvention-182\/\">schlimmsten Formen der Kinderarbeit<\/a> von 1999 (Nr. 182).&nbsp;&nbsp;<\/p>\n\n\n\n<h2 class=\"wp-block-heading\"><strong>Auf die Bed\u00fcrfnisse von Kindern eingehen&nbsp;<\/strong><\/h2>\n\n\n\n<h3 class=\"wp-block-heading\"><a href=\"https:\/\/www.humanium.org\/de\/recht-bildung-weltweit\/\"><strong>Recht auf Bildung<\/strong><\/a><strong>&nbsp;<\/strong><\/h3>\n\n\n<div class=\"wp-block-image\">\n<figure class=\"alignright size-large is-resized\"><img loading=\"lazy\" decoding=\"async\" width=\"1024\" height=\"683\" src=\"https:\/\/www.humanium.org\/de\/wp-content\/uploads\/2026\/01\/shutterstock_2668559127-1024x683.jpg\" alt=\"\" class=\"wp-image-21534\" style=\"aspect-ratio:1.4993160054719563;width:296px;height:auto\" srcset=\"https:\/\/www.humanium.org\/de\/wp-content\/uploads\/2026\/01\/shutterstock_2668559127-1024x683.jpg 1024w, https:\/\/www.humanium.org\/de\/wp-content\/uploads\/2026\/01\/shutterstock_2668559127-300x200.jpg 300w, https:\/\/www.humanium.org\/de\/wp-content\/uploads\/2026\/01\/shutterstock_2668559127-768x512.jpg 768w, https:\/\/www.humanium.org\/de\/wp-content\/uploads\/2026\/01\/shutterstock_2668559127-1536x1024.jpg 1536w, https:\/\/www.humanium.org\/de\/wp-content\/uploads\/2026\/01\/shutterstock_2668559127-2048x1365.jpg 2048w, https:\/\/www.humanium.org\/de\/wp-content\/uploads\/2026\/01\/shutterstock_2668559127-830x553.jpg 830w, https:\/\/www.humanium.org\/de\/wp-content\/uploads\/2026\/01\/shutterstock_2668559127-230x153.jpg 230w, https:\/\/www.humanium.org\/de\/wp-content\/uploads\/2026\/01\/shutterstock_2668559127-350x233.jpg 350w, https:\/\/www.humanium.org\/de\/wp-content\/uploads\/2026\/01\/shutterstock_2668559127-480x320.jpg 480w, https:\/\/www.humanium.org\/de\/wp-content\/uploads\/2026\/01\/shutterstock_2668559127-272x182.jpg 272w\" sizes=\"auto, (max-width: 1024px) 100vw, 1024px\" \/><\/figure>\n<\/div>\n\n\n<p>In Bosnien und Herzegowina spiegelt der <a href=\"https:\/\/www.humanium.org\/de\/recht-bildung-weltweit\/\">Bildung<\/a>ssektor die komplexe Verfassungsordnung des Landes wider. Er wird von zw\u00f6lf verschiedenen Verwaltungsbeh\u00f6rden geregelt: dem Ministerium f\u00fcr Bildung und Kultur der Republika Srpska (<em>Ministarstvo prosvjete i culture Republike Srpske<\/em>), zehn kantonalen Bildungsministerien in der F\u00f6deration Bosnien und Herzegowina und der Abteilung f\u00fcr Bildung der Regierung des Distrikts Br\u010dko (<em>Odjeljenje za obrazovanje u Vladi Br\u010dko Distrikta<\/em>) (Europ\u00e4ische Kommission, 2024).&nbsp;<\/p>\n\n\n\n<p>Die Stufen des <a href=\"https:\/\/www.humanium.org\/de\/recht-bildung-weltweit\/\">Bildung<\/a>ssystems in BiH umfassen (Europ\u00e4ische Kommission, 2024):<\/p>\n\n\n\n<ol class=\"wp-block-list\">\n<li>Vorschulbildung (<em>Pred\u0161kolsko obrazovanje i vaspitanje<\/em>), die f\u00fcr Kinder im Alter von 6 Monaten bis zum Beginn der Grundschulbildung vorgesehen ist. Diese umfasst die Krippe (Kinder im Alter von 6 Monaten bis 3 Jahren), den Kindergarten (Kinder im Alter von 3 bis 6 Jahren) und das vorschulisches Vorbereitungsprogramm<\/li>\n\n\n\n<li>Die Grundschulbildung (<em>Osnovno obrazovanje<\/em>) ist obligatorisch und in drei Zyklen\/Triaden unterteilt. Die \u00f6ffentliche Grundschulbildung ist kostenlos und beginnt im Alter von 6 Jahren. Die Triaden umfassen:&nbsp;&nbsp;<\/li>\n<\/ol>\n\n\n\n<ol class=\"wp-block-list\">\n<li>Triade 1: 1. bis 3. Klasse&nbsp;<\/li>\n\n\n\n<li>Triade 2: 4. bis 6. Klasse&nbsp;<\/li>\n\n\n\n<li>Triade 3: 7. bis 9. Klasse<\/li>\n\n\n\n<li>Die Sekundarstufe (<em>Srednje obrazovanje<\/em>) dauert 4 Jahre und beginnt im Alter von 15 Jahren. Es gibt verschiedene Formen von Sekundarschulen, darunter: Gymnasien, Berufsschulen und Kunstschulen.&nbsp;<\/li>\n<\/ol>\n\n\n\n<p>Trotz eines strukturierten Systems bleibt der Zugang zu Bildung f\u00fcr gef\u00e4hrdete Familien schwierig. Daten von UNICEF Bosnien und Herzegowina f\u00fcr das Schuljahr 2018\/19 zeigen, dass das Land mit nur 25&nbsp;% beim Vorschulbesuch eine der niedrigsten Quoten in Europa hatte. Davon stammten nur 0,5 % der angemeldeten Kinder aus l\u00e4ndlichen Gebieten und nur 2 % aus Familien, in denen beide Elternteile arbeitslos waren. <a href=\"https:\/\/www.humanium.org\/de\/die-diskriminierung-von-roma-kindern-im-bildungsbereich\/\">Roma-Kinder<\/a> wiesen insgesamt die niedrigsten Schulbesuchsquoten auf, wobei Armut, Stigmatisierung und Diskriminierung als Haupthindernisse genannt wurden (UNICEF, 2020).&nbsp;<\/p>\n\n\n\n<h3 class=\"wp-block-heading\"><a href=\"https:\/\/www.humanium.org\/de\/recht-gesundheit-welt\/\"><strong>Recht auf Gesundheit&nbsp;<\/strong><\/a><\/h3>\n\n\n\n<p>In der F\u00f6deration BiH ist das <a href=\"https:\/\/www.humanium.org\/de\/recht-gesundheit-welt\/\">Gesundheitssystem<\/a> dezentralisiert, w\u00e4hrend es in der Republika Srpska und im Distrikt Br\u010dko eher zentralisiert ist. Obwohl&nbsp; in Bosnien und Herzegowina die universelle medizinische Grundversorgung unabh\u00e4ngig vom Einkommen gesetzlich garantiert wird, gibt es starke Unterschiede bei dessen Zug\u00e4nglichkeit und Qualit\u00e4t, insbesondere f\u00fcr schutzbed\u00fcrftige Gruppen wie die Roma-Gemeinschaft (UNICEF, 2020).&nbsp;<\/p>\n\n\n\n<p>Laut Daten aus der Mehrfachindikator-Cluster-Erhebung des Kinderhilfswerks der Vereinten Nationen (UNICEF MICS) von 2011\u20132012 lag die <a href=\"https:\/\/www.humanium.org\/de\/das-recht-auf-gesundheit\/\">Impfquote<\/a> f\u00fcr Tuberkulose (<strong>B<\/strong>acillus <strong>C<\/strong>almette-<strong>G<\/strong>u\u00e9rin: BCG-Impfung), Diphtherie, Keuchhusten und Tetanus (DPT), Polio und Masern, Mumps und R\u00f6teln (MMR) in BiH bei Kindern insgesamt bei 68 % und bei Roma-Kindern bei 4 %. Die niedrige Impfquote unter Roma-Kindern wird mit dem Fehlen einer Krankenversicherung, dem mangelnden Zugang zu Gesundheitsdienstleistungen und dem tief verwurzelten Misstrauen zwischen der Roma-Gemeinschaft und Gesundheitsfachkr\u00e4ften in Verbindung gebracht.&nbsp;<\/p>\n\n\n\n<p>In j\u00fcngster Vergangenheit sind die Impfquoten, insbesondere f\u00fcr Masern, Mumps und R\u00f6teln (MMR), weiter zur\u00fcckgegangen, was zu wiederkehrenden Ausbr\u00fcchen der Masern im ganzen Land gef\u00fchrt hat. Dar\u00fcber hinaus bleibt BiH aufgrund der anhaltend niedrigen Impfquote anf\u00e4llig f\u00fcr potenzielle Polioausbr\u00fcche (UNICEF, 2020).<\/p>\n\n\n\n<h3 class=\"wp-block-heading\"><a href=\"https:\/\/www.humanium.org\/de\/recht-wasser-welt\/\"><strong>Recht auf sauberes Wasser und sanit\u00e4re Einrichtungen&nbsp;<\/strong><\/a><\/h3>\n\n\n\n<p>Im Jahr 2021 unterzeichnete die Europ\u00e4ische Investitionsbank (EIB) einen Zuschuss der Europ\u00e4ischen Union in H\u00f6he von 2,1 Millionen Euro zur Verbesserung der Abwasser- und Trinkwasserinfrastruktur in den Gemeinden Jajce und Zvornik. Diese Investition zielte darauf ab, die Bev\u00f6lkerung vor Wasserverschmutzung zu sch\u00fctzen und eine zuverl\u00e4ssige Wasser- und Sanit\u00e4rversorgung f\u00fcr etwa 93.000 Menschen in den beiden Gemeinden zu schaffen (Europ\u00e4ische Investitionsbank, 2021).&nbsp;<\/p>\n\n\n\n<h3 class=\"wp-block-heading\"><a href=\"https:\/\/www.humanium.org\/de\/recht-auf-identitat\/#:~:text=Von%20Geburt%20an%20hat%20jedes,sich%20erkennbar%20von%20anderen%20unterscheiden.\"><strong>Recht auf Identit\u00e4t<\/strong><\/a><strong>&nbsp;<\/strong><\/h3>\n\n\n<div class=\"wp-block-image\">\n<figure class=\"alignleft size-large is-resized\"><img loading=\"lazy\" decoding=\"async\" width=\"1024\" height=\"683\" src=\"https:\/\/www.humanium.org\/de\/wp-content\/uploads\/2026\/01\/shutterstock_1359226082-1024x683.jpg\" alt=\"\" class=\"wp-image-21536\" style=\"aspect-ratio:1.4993160054719563;width:297px;height:auto\" srcset=\"https:\/\/www.humanium.org\/de\/wp-content\/uploads\/2026\/01\/shutterstock_1359226082-1024x683.jpg 1024w, https:\/\/www.humanium.org\/de\/wp-content\/uploads\/2026\/01\/shutterstock_1359226082-300x200.jpg 300w, https:\/\/www.humanium.org\/de\/wp-content\/uploads\/2026\/01\/shutterstock_1359226082-768x512.jpg 768w, https:\/\/www.humanium.org\/de\/wp-content\/uploads\/2026\/01\/shutterstock_1359226082-1536x1024.jpg 1536w, https:\/\/www.humanium.org\/de\/wp-content\/uploads\/2026\/01\/shutterstock_1359226082-2048x1365.jpg 2048w, https:\/\/www.humanium.org\/de\/wp-content\/uploads\/2026\/01\/shutterstock_1359226082-830x553.jpg 830w, https:\/\/www.humanium.org\/de\/wp-content\/uploads\/2026\/01\/shutterstock_1359226082-230x153.jpg 230w, https:\/\/www.humanium.org\/de\/wp-content\/uploads\/2026\/01\/shutterstock_1359226082-350x233.jpg 350w, https:\/\/www.humanium.org\/de\/wp-content\/uploads\/2026\/01\/shutterstock_1359226082-480x320.jpg 480w, https:\/\/www.humanium.org\/de\/wp-content\/uploads\/2026\/01\/shutterstock_1359226082-272x182.jpg 272w\" sizes=\"auto, (max-width: 1024px) 100vw, 1024px\" \/><\/figure>\n<\/div>\n\n\n<p>Die Haltung Bosnien und Herzegowinas zur nationalen Identit\u00e4t ist in seinem historischen Kontext verwurzelt. Insbesondere spiegelt sich die ethnische Spaltung im Zusammenhang mit dem Konflikt Mitte des 20. Jahrhunderts in den Gesetzen zur Staatsb\u00fcrgerschaft wider. Die Verfassung erkennt drei \u201ekonstituierende V\u00f6lker\u201c an: Bosniaken, Kroaten und Serben. Alle anderen ethnischen Gruppen fallen unter die Kategorie \u201eSonstige\u201c, was dazu f\u00fchrt, dass sie von hohen \u00f6ffentlichen \u00c4mtern und bestimmten rechtlichen Schutzma\u00dfnahmen ausgeschlossen sind (Sarajlic, 2010).<\/p>\n\n\n\n<p>Diese Bestimmungen stehen im Widerspruch zur Europ\u00e4ischen Konvention zum Schutz der Menschenrechte und Grundfreiheiten und ihren Protokollen sowie anderen internationalen Menschenrechtsnormen. Die politische Bevorzugung dominanter ethnischer Gruppen behindert jedoch die Bem\u00fchungen zur Beseitigung von Ungleichheiten. Solange keine bedeutenden Ver\u00e4nderungen erzielt werden, haben <a href=\"https:\/\/www.humanium.org\/de\/kinder-von-minderheiten\/#:~:text=Kinder%20von%20Minderheiten%20definieren,ist%20aber%20nicht%20darauf%20begrenzt.\">Kinder aus Minderheiten<\/a> in Bosnien und Herzegowina daher einen schweren Stand, wenn es darum geht, die Staatsangeh\u00f6rigkeit zu erlangen und von einer fairen Regierungsf\u00fchrung zu profitieren (Sarajlic, 2010).&nbsp;<\/p>\n\n\n\n<h2 class=\"wp-block-heading\"><strong>Risikofaktoren \u2013 L\u00e4nderspezifische Herausforderungen&nbsp;&nbsp;&nbsp;<\/strong><\/h2>\n\n\n\n<h3 class=\"wp-block-heading\"><strong>Ausbeutung<\/strong><\/h3>\n\n\n\n<p>Kinder aus den am st\u00e4rksten gef\u00e4hrdeten Gemeinschaften, darunter auch <a href=\"https:\/\/www.humanium.org\/de\/der-diskriminierung-von-roma-kinder-ein-ende-setzen\/\">Roma-Kinder<\/a>, sind aufgrund ihrer Marginalisierung durch die Verfahren zur Erlangung der Staatsb\u00fcrgerschaft einem hohen Risiko der Ausbeutung durch Menschenh\u00e4ndler ausgesetzt (UNICEF, 2013). Organisierte kriminelle Gruppen zwingen benachteiligte Kinder zu Kinderarbeit und grenz\u00fcberschreitendem Menschenhandel. <\/p>\n\n\n\n<p>Auf der anderen Seite hat Bosnien und Herzegowina Schwierigkeiten, Menschenh\u00e4ndler f\u00fcr ihre Straftaten zur Rechenschaft zu ziehen. Im Jahr 2022 forderte die Internationale Arbeitsorganisation BiH auf, seine Kapazit\u00e4ten zur Durchsetzung seiner Gesetze gegen grenz\u00fcberschreitenden Menschenhandel zu steigern, nachdem in den Vorjahren weniger als f\u00fcnf Verurteilungen pro Jahr wegen Menschenhandels erfolgt waren (Internationale Arbeitsorganisation, 2022).&nbsp;<\/p>\n\n\n\n<h3 class=\"wp-block-heading\"><a href=\"https:\/\/www.humanium.org\/de\/kinderarmut\/\"><strong>Armut<\/strong><\/a><\/h3>\n\n\n<div class=\"wp-block-image\">\n<figure class=\"alignright size-large is-resized\"><img loading=\"lazy\" decoding=\"async\" width=\"1024\" height=\"753\" src=\"https:\/\/www.humanium.org\/de\/wp-content\/uploads\/2026\/01\/shutterstock_171151172-1024x753.jpg\" alt=\"\" class=\"wp-image-21533\" style=\"aspect-ratio:1.3599069406746802;width:279px;height:auto\" srcset=\"https:\/\/www.humanium.org\/de\/wp-content\/uploads\/2026\/01\/shutterstock_171151172-1024x753.jpg 1024w, https:\/\/www.humanium.org\/de\/wp-content\/uploads\/2026\/01\/shutterstock_171151172-300x221.jpg 300w, https:\/\/www.humanium.org\/de\/wp-content\/uploads\/2026\/01\/shutterstock_171151172-768x565.jpg 768w, https:\/\/www.humanium.org\/de\/wp-content\/uploads\/2026\/01\/shutterstock_171151172-1536x1129.jpg 1536w, https:\/\/www.humanium.org\/de\/wp-content\/uploads\/2026\/01\/shutterstock_171151172-2048x1506.jpg 2048w, https:\/\/www.humanium.org\/de\/wp-content\/uploads\/2026\/01\/shutterstock_171151172-830x610.jpg 830w, https:\/\/www.humanium.org\/de\/wp-content\/uploads\/2026\/01\/shutterstock_171151172-230x169.jpg 230w, https:\/\/www.humanium.org\/de\/wp-content\/uploads\/2026\/01\/shutterstock_171151172-350x257.jpg 350w, https:\/\/www.humanium.org\/de\/wp-content\/uploads\/2026\/01\/shutterstock_171151172-480x353.jpg 480w\" sizes=\"auto, (max-width: 1024px) 100vw, 1024px\" \/><\/figure>\n<\/div>\n\n\n<p>Sch\u00e4tzungen zufolge leben 30 % aller Kinder in BiH in Armut (UNICEF, 2015). Dieser Mangel an Ressourcen erstreckt sich auch auf andere Bereiche der Grundbed\u00fcrfnisse: 98 % aller Kinder unter vier Jahren haben keinen Zugang zu mindestens einem Bereich der Grundbed\u00fcrfnisse \u2013 Wohnen, soziale Teilhabe, Freizeit, Bildung, Kleidung oder Ern\u00e4hrung (UNICEF, 2015). In derselben Altersgruppe sind \u00fcber 30 % der Kinder in mindestens drei Grundbed\u00fcrfniskategorien benachteiligt. <\/p>\n\n\n\n<p>Diese Zahlen sind f\u00fcr Kinder im Alter von 5 bis 15 Jahren etwas geringer ausgepr\u00e4gt, jedoch zeigt das Gesamtbild, dass eine betr\u00e4chtliche Anzahl von Kindern sowohl eine h\u00f6here Kaufkraft als auch besser zug\u00e4ngliche und qualitativ hochwertigere soziale Dienstleistungen ben\u00f6tigt (UNICEF, 2015).\u00a0<\/p>\n\n\n\n<p>Die Zahl der Kinder, die in <a href=\"https:\/\/www.humanium.org\/de\/kinderarmut\/\">Armut<\/a> leben und deren Grundbed\u00fcrfnisse nicht gedeckt sind, ist in der Roma-Gemeinschaft, die historisch gesehen die am st\u00e4rksten benachteiligte Gruppe des Landes darstellt, besonders hoch. Die Mehrheit der Roma-Kinder lebt in mehrdimensionaler Armut, wodurch ihre gesunde Ern\u00e4hrung und ihre Entwicklung gef\u00e4hrdet sind (UNICEF, 2012).<\/p>\n\n\n\n<h3 class=\"wp-block-heading\"><a href=\"https:\/\/www.humanium.org\/de\/themenschwerpunkte\/focusdiskriminierung\/\"><strong>Diskriminierung<\/strong><\/a><\/h3>\n\n\n\n<p>Die ethnische Spaltung, die ihre Wurzeln in der Gr\u00fcndung Bosnien und Herzegowinas hat, hat zu anhaltenden Ungleichheiten f\u00fcr Kinder in verschiedenen Bereichen gef\u00fchrt. Im <a href=\"https:\/\/www.humanium.org\/de\/recht-bildung-weltweit\/\">Bildungswesen<\/a> wurde eine Politik der \u201ezwei Schulen unter einem Dach\u201c eingef\u00fchrt, die bis heute besteht, um die Bev\u00f6lkerung zu vereinen und zu verhindern, dass das Bildungssystem zur Verst\u00e4rkung sozialer Spaltungen genutzt wird. <\/p>\n\n\n\n<p>Dementsprechend nehmen die Schulen allm\u00e4hlich von diskriminierenden Praktiken Abstand, wie zum Beispiel der Benennung von Einrichtungen zu Ehren von Kriegshelden, dem Zeigen religi\u00f6ser Symbole, der F\u00f6rderung von Unterrichtsmaterialien, die durch ethnische Voreingenommenheit gepr\u00e4gt sind, und dem Ausschluss bestimmter Sch\u00fclerinnen und Sch\u00fcler vom Unterricht (Organisation f\u00fcr Sicherheit und Zusammenarbeit in Europa, 2018).<\/p>\n\n\n\n<p>Trotz dieser Entwicklung hin zu mehr Bildungsgerechtigkeit schicken viele Traumaopfer ihre Kinder weiterhin in Ad-hoc- und Privatschulen, die von bekannten Gemeinschaften in bestimmten Wohngegenden betrieben werden und spezielle ethnische Grunds\u00e4tze bevorzugen.&nbsp;<\/p>\n\n\n\n<p>Diese Umgebungen werden als sicherer und weniger feindselig empfunden, verf\u00fcgen jedoch oft nicht \u00fcber zuverl\u00e4ssige Ausstattungen oder Einrichtungen. Ein Beispiel daf\u00fcr ist Usora, wo innerhalb eines bestehenden Schulkomplexes eine \u201eZelt-Schule\u201d speziell f\u00fcr kroatische Kinder eingerichtet wurde, was die anhaltende ethnische Segregation und die Pr\u00e4ferenz einiger Gemeinschaften f\u00fcr getrennte Schulumgebungen widerspiegelt, die als sicherer empfunden werden (Organisation f\u00fcr Sicherheit und Zusammenarbeit in Europa, 2018).<\/p>\n\n\n\n<h3 class=\"wp-block-heading\"><a href=\"https:\/\/www.humanium.org\/de\/was-ist-gerechtigkeit\/#:~:text=Kinder%20haben%20das%20Recht,%20in,Wohl%20des%20Kindes%20gef%C3%A4hrdet%20wird.\"><strong>Gerechtigkeit f\u00fcr Kinder&nbsp;<\/strong><\/a><\/h3>\n\n\n\n<p>Alle drei Regionen Bosnien und Herzegowinas, die Republika Srpska (verabschiedet 2011), die F\u00f6deration Bosnien und Herzegowina (in Kraft getreten 2014) und der Distrikt Br\u010dko (verabschiedet 2013) haben das Gesetz \u00fcber den Schutz und die Behandlung von Kindern und Jugendlichen in Strafverfahren eingef\u00fchrt. Dieses Gesetz ist ein spezielles <a href=\"https:\/\/www.humanium.org\/de\/was-ist-gerechtigkeit\/#:~:text=Kinder%20haben%20das%20Recht,%20in,Wohl%20des%20Kindes%20gef%C3%A4hrdet%20wird.\">Jugendstrafrecht<\/a>, das ausdr\u00fccklich das Strafm\u00fcndigkeitsalter, rechtliche Garantien, Diversionsmechanismen sowie Rehabilitations- und Wiedereingliederungsprogramme hervorhebt, die den internationalen Rechtsnormen, einschlie\u00dflich der UN-Kinderrechtskonvention (Europarat, 2023), entsprechen.&nbsp;<\/p>\n\n\n\n<p>Trotz \u00e4hnlicher rechtlicher Rahmenbedingungen bestehen weiterhin Unterschiede. So ist beispielsweise k\u00f6rperliche Z\u00fcchtigung im h\u00e4uslichen Umfeld in der Republika Srpska verboten, nicht jedoch im Bezirk Br\u010dko. Die Umsetzung des Gesetzes in der Republika Srpska und der F\u00f6deration Bosnien und Herzegowina ist ebenfalls uneinheitlich. <\/p>\n\n\n\n<p><a href=\"https:\/\/www.humanium.org\/de\/jugendgerichtsbarkeit\/\">Jugendstrafverfahren<\/a> werden in beiden Gebieten uneinheitlich angewendet, und Minderj\u00e4hrige haben keinen zuverl\u00e4ssigen Zugang zu rechtlicher Unterst\u00fctzung und Vertretung. Dies h\u00e4ngt weitgehend mit der dezentralen Verwaltung zusammen, die zu L\u00fccken in den gesetzlichen Bestimmungen gef\u00fchrt hat (Europarat, 2023).&nbsp;<\/p>\n\n\n\n<p><em><strong>Verfasst von Vanessa Cezarita Cordeiro&nbsp;<\/strong><\/em><\/p>\n\n\n\n<p><em><strong>Intern gepr\u00fcft von Aditi Partha&nbsp;&nbsp;<\/strong><\/em><\/p>\n\n\n\n<p><em><strong>\u00dcbersetzt von Katharina Wilhelm<\/strong><\/em><\/p>\n\n\n\n<p><em><strong>Korrektur gelesen von Rebecca Richter<\/strong><\/em><\/p>\n\n\n\n<p><em><strong>Zuletzt aktualisiert am 20. April 2025<\/strong><\/em><\/p>\n\n\n\n<h4 class=\"wp-block-heading\"><strong>Literaturverzeichnis:&nbsp;<\/strong><\/h4>\n\n\n\n<p class=\"has-small-font-size\"><strong>Bibliographie&nbsp;:<\/strong><\/p>\n\n\n\n<p class=\"has-small-font-size\">Council of Europe. (2023, March). \u201c<a href=\"https:\/\/rm.coe.int\/factsheet-bosnia-and-herzegovina-the-protection-of-children-against-se\/1680acddea#:~:text=In%20Republika%20Srpska%2C%20there%20is,Budapest%20Convention%20and%20its%20protocols.\">Factsheet \u2013 Bosnia and Herzegovina<\/a>\u201d. Retrieved from Council of Europe, accessed on 30 June 2025.<\/p>\n\n\n\n<p class=\"has-small-font-size\">European Commission. (2024, December 4). <a href=\"https:\/\/eurydice.eacea.ec.europa.eu\/eurypedia\/bosnia-and-herzegovina\/overview\">\u201cKey features of the education system Bosnia and Herzegovina.\u201d<\/a> Retrieved from European Commission, accessed on 28 March 2025.&nbsp;<\/p>\n\n\n\n<p class=\"has-small-font-size\">European Investment Bank. (2021, April 20). <a href=\"https:\/\/www.eib.org\/en\/press\/all\/2021-131-eu-and-the-eib-provide-eur2-1-million-grant-for-improving-water-and-sanitation-systems-in-jajce-and-zvornik-in-bosnia-and-herzegovina#:~:text=The%20aim%20is%20to%20protect%20public%20health,sanitation%20services%20for%20some%2093%20000%20people.&amp;text=To%20date%2C%20the%20EIB%20has%20invested%20%E2%82%AC240,living%20conditions%20for%20people%20across%20the%20country.\">\u201cBosnia and Herzegovina: EU and the EIB provide \u20ac2.1 million grant for improving water and sanitation systems in Jajce and Zvornik.\u201d<\/a> Retrieved from European Investment Bank, accessed on 14 April 2025.&nbsp;<\/p>\n\n\n\n<p class=\"has-small-font-size\">International Labour Organization. (2022). \u201c<a href=\"https:\/\/normlex.ilo.org\/dyn\/nrmlx_en\/f?p=1000:13203:0::NO:13203:P13203_COUNTRY_ID:102704\">Comments adopted by the CEACR: Bosnia and Herzegovina<\/a>.\u201d Retrieved from International Labour Organization, accessed 3 July 2025.<\/p>\n\n\n\n<p class=\"has-small-font-size\">Malcolm, N.R., Lampe, J.R., Pickering, P. (2025, March 27). <a href=\"https:\/\/www.britannica.com\/place\/Bosnia-and-Herzegovina\">\u201cBosnia and Herzegovina.\u201d<\/a> Retrieved from Encyclopedia Britannica, accessed on 24 March 2025.&nbsp;<\/p>\n\n\n\n<p class=\"has-small-font-size\">Organization for Security and Co-operation in Europe. (2018, November). <a href=\"https:\/\/www.osce.org\/files\/f\/documents\/3\/8\/404990.pdf\">\u201cTwo schools under one roof \u2013 the most visible example of discrimination in education in Bosnia and Herzegovina.\u201d<\/a> Retrieved from Organization for Security and Co-operation in Europe Mission to Bosnia and Herzegovina, accessed on 3 April 2025.&nbsp;<\/p>\n\n\n\n<p class=\"has-small-font-size\">Remembering Srebrenica. (n,d). <a href=\"https:\/\/srebrenica.org.uk\/what-happened\/bosnian-war-a-brief-overview\">\u201cBosnian War \u2013 a brief overview.\u201d<\/a> Retrieved from Remembering Srebrenica, accessed on 27 March 2025.&nbsp;<\/p>\n\n\n\n<p class=\"has-small-font-size\">Sarajlic, Eldar. (2010, June). \u201c<a href=\"https:\/\/www.law.ed.ac.uk\/sites\/default\/files\/2020-09\/190_thebosniantriangleethnicitypoliticsandcitizenship%20-%20ACC.pdf\">The Bosnian Triangle: Ethnicity, Politics and Citizenship\u201d<\/a>. Retrieved from Law Education, accessed on 18 April 2025.<\/p>\n\n\n\n<p class=\"has-small-font-size\">UN Committee on the Rights of the Child. (2019, December 5). <a href=\"https:\/\/docstore.ohchr.org\/SelfServices\/FilesHandler.ashx?enc=%2BIEQbYSa%2BGmKEEOlnDSpdFT3OUSjmXWC%2Fck2jLW0OFlTRhC9De9IlJPoyCbfVOz41z6TbSDfi2i5YgxN3APQtw%3D%3D\">\u201cConcluding observation on the combined fifth and sixth periodic reports of Bosnia and Herzegovina.\u201d<\/a> Retrieved from United Nations Committee on the Rights of the Child, accessed on 3 April 2025.&nbsp;<\/p>\n\n\n\n<p class=\"has-small-font-size\">UN Women. (n,d). <a href=\"https:\/\/eca.unwomen.org\/en\/where-we-are\/bosnia-and-herzegovina\/ending-violence-against-women#:~:text=In%20Bosnia%20and%20Herzegovina%20(BiH,individual%20and%20on%20community%20level.\">\u201cEnding violence against women.\u201d<\/a> Retrieved from UN Women Europe and Central Asia, accessed on 3 April 2025.&nbsp;<\/p>\n\n\n\n<p class=\"has-small-font-size\">UNICEF Bosnia and Herzegovina. (2013, February). \u201c<a href=\"https:\/\/www.unicef.org\/bih\/media\/1311\/file\/Bosnia%20and%20Herzegovina:%20Roma%20Survey.pdf\">Monitoring the status of children and women: Multiple Indicator Cluster Survey.<\/a>\u201d Retrieved from UNICEF Bosnia and Herzegovina, accessed 29 June 2025.<\/p>\n\n\n\n<p class=\"has-small-font-size\">UNICEF Bosnia and Herzegovina. (2025, March 7). <a href=\"https:\/\/www.unicef.org\/bih\/en\/press-releases\/gender-based-violence-bosnia-and-herzegovina-silence-endangers-lives#:~:text=Sarajevo%2C%207.3.,women%20seek%20help%20in%20silence.\">\u201cGender-based violence in Bosnia and Herzegovina: the silence that endangers lives.\u201d<\/a> Retrieved from UNICEF Bosnia and Herzegovina, accessed on 3 April 2025.&nbsp;<\/p>\n\n\n\n<p class=\"has-small-font-size\">UNICEF. (2015, April). \u201c<a href=\"https:\/\/www.unicef.org\/bih\/en\/reports\/national-multiple-overlapping-deprivation-analysis\">National Multiple Overlapping Deprivation Analysis<\/a>.\u201d. Retrieved from UNICEF, accessed 1 July 2025.<\/p>\n\n\n\n<p class=\"has-small-font-size\">UNICEF. (2020, March). <a href=\"https:\/\/www.unicef.org\/bih\/media\/4971\/file\/Situation%20Analysis%20of%20Children%20in%20Bosnia%20and%20Herzegovina.pdf\">\u201cSituation analysis of children in Bosnia and Herzegovina.\u201d<\/a> Retrieved from UNICEF, accessed on 28 March 2025.&nbsp;<\/p>\n\n\n\n<p class=\"has-small-font-size\">UNICEF. (2020, March). <a href=\"https:\/\/www.unicef.org\/bih\/media\/4971\/file\/Situation%20Analysis%20of%20Children%20in%20Bosnia%20and%20Herzegovina.pdf\">\u201cSituation analysis of children in Bosnia and Herzegovina.\u201d<\/a> Retrieved from UNICEF, accessed on 28 March 2025.&nbsp;<\/p>\n\n\n\n<p class=\"has-small-font-size\">UNICEF. (2023). \u201c<a href=\"https:\/\/www.unicef.org\/bih\/en\/media\/436\/file\/The%20Status%20of%20Roma%20Children%20and%20Families%20in%20Bosnia%20and%20Herzegovina.pdf\">The status of Roma children and families in Bosnia and Herzegovina.<\/a>\u201d Retrieved from UNICEF, accessed 2 July 2025.<\/p>\n\n\n\n<p class=\"has-small-font-size\">United States Holocaust Memorial Museum. (2013, July). <a href=\"https:\/\/www.ushmm.org\/genocide-prevention\/countries\/bosnia-herzegovina\/1992-1995\">\u201cBosnia and Herzegovina, 1992-1995.\u201d<\/a> Retrieved from United States Holocaust Memorial Museum, accessed on 27 March 2025.&nbsp;<\/p>\n\n\n\n<hr class=\"wp-block-separator has-alpha-channel-opacity\"\/>\n\n\n\n<p class=\"has-small-font-size\"><a href=\"#_ftnref1\">[1]<\/a> Dieser Artikel erhebt keineswegs den Anspruch, einen vollst\u00e4ndigen oder repr\u00e4sentativen \u00dcberblick \u00fcber die Rechte von Kindern in Bosnien und Herzegowina zu geben. Eine der vielen Herausforderungen besteht darin, dass nur wenige aktuelle Informationen \u00fcber Kinder in BiH vorliegen, von denen viele unzuverl\u00e4ssig, nicht repr\u00e4sentativ, veraltet oder schlichtweg nicht vorhanden sind.&nbsp;<\/p>\n","protected":false},"excerpt":{"rendered":"<p>Die Verwirklichung der Kinderrechte in Bosnien und Herzegowina Die soziopolitische Entwicklung Bosnien und Herzegowinas (BiH) und seine F\u00e4higkeit, die Rechte von Kindern zu sch\u00fctzen, sind untrennbar mit seiner j\u00fcngeren Geschichte verbunden. Die Aufl\u00f6sung der Sozialistischen F\u00f6derativen Republik Jugoslawien und die anschlie\u00dfende Unabh\u00e4ngigkeitserkl\u00e4rung BiHs in den 1990er Jahren wurden durch einen gewaltsamen Krieg und V\u00f6lkermord \u00fcberschattet. [&hellip;]<\/p>\n","protected":false},"author":1,"featured_media":21538,"parent":0,"menu_order":0,"comment_status":"closed","ping_status":"closed","template":"","meta":{"footnotes":""},"class_list":["post-6154","page","type-page","status-publish","has-post-thumbnail","hentry"],"yoast_head":"<!-- This site is optimized with the Yoast SEO plugin v26.5 - https:\/\/yoast.com\/wordpress\/plugins\/seo\/ -->\n<title>Kinder in Bosnien und Herzegowina - Humanium<\/title>\n<meta name=\"description\" content=\"Armut und Diskriminierung sind einige der Herausforderungen, denen Kinder in Bosnien und Herzegowina weiterhin ausgesetzt sind.\" \/>\n<meta name=\"robots\" content=\"index, follow, max-snippet:-1, max-image-preview:large, max-video-preview:-1\" \/>\n<link rel=\"canonical\" href=\"https:\/\/www.humanium.org\/de\/bosnienherzegowina\/\" \/>\n<meta property=\"og:locale\" content=\"de_DE\" \/>\n<meta property=\"og:type\" content=\"article\" \/>\n<meta property=\"og:title\" content=\"Kinder in Bosnien und Herzegowina - Humanium\" \/>\n<meta property=\"og:description\" content=\"Armut und Diskriminierung sind einige der Herausforderungen, denen Kinder in Bosnien und Herzegowina weiterhin ausgesetzt sind.\" \/>\n<meta property=\"og:url\" content=\"https:\/\/www.humanium.org\/de\/bosnienherzegowina\/\" \/>\n<meta property=\"og:site_name\" content=\"Humanium\" \/>\n<meta property=\"article:modified_time\" content=\"2026-01-17T14:33:12+00:00\" \/>\n<meta property=\"og:image\" content=\"https:\/\/www.humanium.org\/de\/wp-content\/uploads\/2026\/01\/shutterstock_1881973018-scaled.jpg\" \/>\n\t<meta property=\"og:image:width\" content=\"2560\" \/>\n\t<meta property=\"og:image:height\" content=\"1704\" \/>\n\t<meta property=\"og:image:type\" content=\"image\/jpeg\" \/>\n<meta name=\"twitter:card\" content=\"summary_large_image\" \/>\n<meta name=\"twitter:label1\" content=\"Gesch\u00e4tzte Lesezeit\" \/>\n\t<meta name=\"twitter:data1\" content=\"15\u00a0Minuten\" \/>\n<script type=\"application\/ld+json\" class=\"yoast-schema-graph\">{\"@context\":\"https:\/\/schema.org\",\"@graph\":[{\"@type\":\"WebPage\",\"@id\":\"https:\/\/www.humanium.org\/de\/bosnienherzegowina\/\",\"url\":\"https:\/\/www.humanium.org\/de\/bosnienherzegowina\/\",\"name\":\"Kinder in Bosnien und Herzegowina - Humanium\",\"isPartOf\":{\"@id\":\"https:\/\/www.humanium.org\/de\/#website\"},\"primaryImageOfPage\":{\"@id\":\"https:\/\/www.humanium.org\/de\/bosnienherzegowina\/#primaryimage\"},\"image\":{\"@id\":\"https:\/\/www.humanium.org\/de\/bosnienherzegowina\/#primaryimage\"},\"thumbnailUrl\":\"https:\/\/www.humanium.org\/de\/wp-content\/uploads\/2026\/01\/shutterstock_1881973018-scaled.jpg\",\"datePublished\":\"2016-03-08T22:30:53+00:00\",\"dateModified\":\"2026-01-17T14:33:12+00:00\",\"description\":\"Armut und Diskriminierung sind einige der Herausforderungen, denen Kinder in Bosnien und Herzegowina weiterhin ausgesetzt sind.\",\"breadcrumb\":{\"@id\":\"https:\/\/www.humanium.org\/de\/bosnienherzegowina\/#breadcrumb\"},\"inLanguage\":\"de\",\"potentialAction\":[{\"@type\":\"ReadAction\",\"target\":[\"https:\/\/www.humanium.org\/de\/bosnienherzegowina\/\"]}]},{\"@type\":\"ImageObject\",\"inLanguage\":\"de\",\"@id\":\"https:\/\/www.humanium.org\/de\/bosnienherzegowina\/#primaryimage\",\"url\":\"https:\/\/www.humanium.org\/de\/wp-content\/uploads\/2026\/01\/shutterstock_1881973018-scaled.jpg\",\"contentUrl\":\"https:\/\/www.humanium.org\/de\/wp-content\/uploads\/2026\/01\/shutterstock_1881973018-scaled.jpg\",\"width\":2560,\"height\":1704},{\"@type\":\"BreadcrumbList\",\"@id\":\"https:\/\/www.humanium.org\/de\/bosnienherzegowina\/#breadcrumb\",\"itemListElement\":[{\"@type\":\"ListItem\",\"position\":1,\"name\":\"Home\",\"item\":\"https:\/\/www.humanium.org\/de\/\"},{\"@type\":\"ListItem\",\"position\":2,\"name\":\"Kinder in Bosnien und Herzegowina\"}]},{\"@type\":\"WebSite\",\"@id\":\"https:\/\/www.humanium.org\/de\/#website\",\"url\":\"https:\/\/www.humanium.org\/de\/\",\"name\":\"Humanium\",\"description\":\"Kinder zuerst!\",\"potentialAction\":[{\"@type\":\"SearchAction\",\"target\":{\"@type\":\"EntryPoint\",\"urlTemplate\":\"https:\/\/www.humanium.org\/de\/?s={search_term_string}\"},\"query-input\":{\"@type\":\"PropertyValueSpecification\",\"valueRequired\":true,\"valueName\":\"search_term_string\"}}],\"inLanguage\":\"de\"}]}<\/script>\n<!-- \/ Yoast SEO plugin. -->","yoast_head_json":{"title":"Kinder in Bosnien und Herzegowina - Humanium","description":"Armut und Diskriminierung sind einige der Herausforderungen, denen Kinder in Bosnien und Herzegowina weiterhin ausgesetzt sind.","robots":{"index":"index","follow":"follow","max-snippet":"max-snippet:-1","max-image-preview":"max-image-preview:large","max-video-preview":"max-video-preview:-1"},"canonical":"https:\/\/www.humanium.org\/de\/bosnienherzegowina\/","og_locale":"de_DE","og_type":"article","og_title":"Kinder in Bosnien und Herzegowina - Humanium","og_description":"Armut und Diskriminierung sind einige der Herausforderungen, denen Kinder in Bosnien und Herzegowina weiterhin ausgesetzt sind.","og_url":"https:\/\/www.humanium.org\/de\/bosnienherzegowina\/","og_site_name":"Humanium","article_modified_time":"2026-01-17T14:33:12+00:00","og_image":[{"width":2560,"height":1704,"url":"https:\/\/www.humanium.org\/de\/wp-content\/uploads\/2026\/01\/shutterstock_1881973018-scaled.jpg","type":"image\/jpeg"}],"twitter_card":"summary_large_image","twitter_misc":{"Gesch\u00e4tzte Lesezeit":"15\u00a0Minuten"},"schema":{"@context":"https:\/\/schema.org","@graph":[{"@type":"WebPage","@id":"https:\/\/www.humanium.org\/de\/bosnienherzegowina\/","url":"https:\/\/www.humanium.org\/de\/bosnienherzegowina\/","name":"Kinder in Bosnien und Herzegowina - Humanium","isPartOf":{"@id":"https:\/\/www.humanium.org\/de\/#website"},"primaryImageOfPage":{"@id":"https:\/\/www.humanium.org\/de\/bosnienherzegowina\/#primaryimage"},"image":{"@id":"https:\/\/www.humanium.org\/de\/bosnienherzegowina\/#primaryimage"},"thumbnailUrl":"https:\/\/www.humanium.org\/de\/wp-content\/uploads\/2026\/01\/shutterstock_1881973018-scaled.jpg","datePublished":"2016-03-08T22:30:53+00:00","dateModified":"2026-01-17T14:33:12+00:00","description":"Armut und Diskriminierung sind einige der Herausforderungen, denen Kinder in Bosnien und Herzegowina weiterhin ausgesetzt sind.","breadcrumb":{"@id":"https:\/\/www.humanium.org\/de\/bosnienherzegowina\/#breadcrumb"},"inLanguage":"de","potentialAction":[{"@type":"ReadAction","target":["https:\/\/www.humanium.org\/de\/bosnienherzegowina\/"]}]},{"@type":"ImageObject","inLanguage":"de","@id":"https:\/\/www.humanium.org\/de\/bosnienherzegowina\/#primaryimage","url":"https:\/\/www.humanium.org\/de\/wp-content\/uploads\/2026\/01\/shutterstock_1881973018-scaled.jpg","contentUrl":"https:\/\/www.humanium.org\/de\/wp-content\/uploads\/2026\/01\/shutterstock_1881973018-scaled.jpg","width":2560,"height":1704},{"@type":"BreadcrumbList","@id":"https:\/\/www.humanium.org\/de\/bosnienherzegowina\/#breadcrumb","itemListElement":[{"@type":"ListItem","position":1,"name":"Home","item":"https:\/\/www.humanium.org\/de\/"},{"@type":"ListItem","position":2,"name":"Kinder in Bosnien und Herzegowina"}]},{"@type":"WebSite","@id":"https:\/\/www.humanium.org\/de\/#website","url":"https:\/\/www.humanium.org\/de\/","name":"Humanium","description":"Kinder zuerst!","potentialAction":[{"@type":"SearchAction","target":{"@type":"EntryPoint","urlTemplate":"https:\/\/www.humanium.org\/de\/?s={search_term_string}"},"query-input":{"@type":"PropertyValueSpecification","valueRequired":true,"valueName":"search_term_string"}}],"inLanguage":"de"}]}},"_links":{"self":[{"href":"https:\/\/www.humanium.org\/de\/wp-json\/wp\/v2\/pages\/6154","targetHints":{"allow":["GET"]}}],"collection":[{"href":"https:\/\/www.humanium.org\/de\/wp-json\/wp\/v2\/pages"}],"about":[{"href":"https:\/\/www.humanium.org\/de\/wp-json\/wp\/v2\/types\/page"}],"author":[{"embeddable":true,"href":"https:\/\/www.humanium.org\/de\/wp-json\/wp\/v2\/users\/1"}],"replies":[{"embeddable":true,"href":"https:\/\/www.humanium.org\/de\/wp-json\/wp\/v2\/comments?post=6154"}],"version-history":[{"count":15,"href":"https:\/\/www.humanium.org\/de\/wp-json\/wp\/v2\/pages\/6154\/revisions"}],"predecessor-version":[{"id":21563,"href":"https:\/\/www.humanium.org\/de\/wp-json\/wp\/v2\/pages\/6154\/revisions\/21563"}],"wp:featuredmedia":[{"embeddable":true,"href":"https:\/\/www.humanium.org\/de\/wp-json\/wp\/v2\/media\/21538"}],"wp:attachment":[{"href":"https:\/\/www.humanium.org\/de\/wp-json\/wp\/v2\/media?parent=6154"}],"curies":[{"name":"wp","href":"https:\/\/api.w.org\/{rel}","templated":true}]}}