{"id":6223,"date":"2016-03-29T00:52:41","date_gmt":"2016-03-29T00:52:41","guid":{"rendered":"http:\/\/www.humanium.org\/de\/?page_id=6223"},"modified":"2025-12-06T06:19:58","modified_gmt":"2025-12-06T06:19:58","slug":"honduras","status":"publish","type":"page","link":"https:\/\/www.humanium.org\/de\/honduras\/","title":{"rendered":"Die Kinder von Honduras"},"content":{"rendered":"\n<h2 class=\"wp-block-heading\"><strong>Durchsetzung der Kinderrechte in Honduras<\/strong><\/h2>\n\n\n\n<div class=\"wp-block-columns is-layout-flex wp-container-core-columns-is-layout-9d6595d7 wp-block-columns-is-layout-flex\">\n<div class=\"wp-block-column is-layout-flow wp-block-column-is-layout-flow\"><div class=\"wp-block-image is-style-rounded\">\n<figure class=\"aligncenter size-full is-resized\"><img loading=\"lazy\" decoding=\"async\" width=\"400\" height=\"400\" src=\"https:\/\/www.humanium.org\/de\/wp-content\/uploads\/2023\/04\/Shutterstock_745494376.jpg\" alt=\"\" class=\"wp-image-16633\" style=\"width:200px;height:200px\" srcset=\"https:\/\/www.humanium.org\/de\/wp-content\/uploads\/2023\/04\/Shutterstock_745494376.jpg 400w, https:\/\/www.humanium.org\/de\/wp-content\/uploads\/2023\/04\/Shutterstock_745494376-300x300.jpg 300w, https:\/\/www.humanium.org\/de\/wp-content\/uploads\/2023\/04\/Shutterstock_745494376-150x150.jpg 150w, https:\/\/www.humanium.org\/de\/wp-content\/uploads\/2023\/04\/Shutterstock_745494376-230x230.jpg 230w, https:\/\/www.humanium.org\/de\/wp-content\/uploads\/2023\/04\/Shutterstock_745494376-350x350.jpg 350w\" sizes=\"auto, (max-width: 400px) 100vw, 400px\" \/><\/figure>\n<\/div><\/div>\n\n\n\n<div class=\"wp-block-column is-layout-flow wp-block-column-is-layout-flow\"><div class=\"wp-block-image is-style-rounded\">\n<figure class=\"aligncenter size-full is-resized\"><img loading=\"lazy\" decoding=\"async\" width=\"400\" height=\"400\" src=\"https:\/\/www.humanium.org\/de\/wp-content\/uploads\/2023\/04\/Shutterstock_716044945.jpg\" alt=\"\" class=\"wp-image-16634\" style=\"width:200px;height:200px\" srcset=\"https:\/\/www.humanium.org\/de\/wp-content\/uploads\/2023\/04\/Shutterstock_716044945.jpg 400w, https:\/\/www.humanium.org\/de\/wp-content\/uploads\/2023\/04\/Shutterstock_716044945-300x300.jpg 300w, https:\/\/www.humanium.org\/de\/wp-content\/uploads\/2023\/04\/Shutterstock_716044945-150x150.jpg 150w, https:\/\/www.humanium.org\/de\/wp-content\/uploads\/2023\/04\/Shutterstock_716044945-230x230.jpg 230w, https:\/\/www.humanium.org\/de\/wp-content\/uploads\/2023\/04\/Shutterstock_716044945-350x350.jpg 350w\" sizes=\"auto, (max-width: 400px) 100vw, 400px\" \/><\/figure>\n<\/div><\/div>\n<\/div>\n\n\n\n<p><strong>Es ist unbestreitbar, dass die Covid-19-Pandemie und die verschiedenen Naturkatastrophen, die die honduranische Bev\u00f6lkerung aufgrund des <a href=\"https:\/\/www.humanium.org\/de\/themenschwerpunkte\/umwelt\/klimakrise\/\">Klimawandels<\/a> erlebt hat, sich negativ auf die Situation der Kinder in Honduras ausgewirkt haben. Allerdings muss darauf hingewiesen werden, dass es bereits seit langem verschiedene Ph\u00e4nomene und Herausforderungen gibt. <a href=\"https:\/\/www.humanium.org\/de\/kinderarmut\/\">Armut<\/a>, Migration, sexuelle <a href=\"https:\/\/www.humanium.org\/de\/themenschwerpunkte\/gewalt\/\">Gewalt<\/a> und Unsicherheit sind Ph\u00e4nomene, die dringend angegangen werden m\u00fcssen, um die Lebensqualit\u00e4t von Kindern und Jugendlichen in Honduras zu verbessern.<\/strong><\/p>\n\n\n\n<iframe src=\"https:\/\/www.google.com\/maps\/embed?pb=!1m18!1m12!1m3!1d7886054.591797627!2d-90.70633215450982!3d15.179605909564444!2m3!1f0!2f0!3f0!3m2!1i1024!2i768!4f13.1!3m3!1m2!1s0x8f6a751a73b731cf%3A0x7ed1de82b6fb8264!2sHonduras!5e0!3m2!1sen!2sfr!4v1682805010242!5m2!1sen!2sfr\" width=\"600\" height=\"450\" style=\"border:0;\" allowfullscreen=\"\" loading=\"lazy\" referrerpolicy=\"no-referrer-when-downgrade\"><\/iframe>\n\n\n\n<div class=\"wp-block-columns is-layout-flex wp-container-core-columns-is-layout-9d6595d7 wp-block-columns-is-layout-flex\">\n<div class=\"wp-block-column is-layout-flow wp-block-column-is-layout-flow\">\n<p><strong>Bev\u00f6lkerung:<\/strong>&nbsp;9.904.608&nbsp;<br><strong>Bev. 0-14 Jahren:<\/strong>&nbsp;31,27%<\/p>\n<\/div>\n\n\n\n<div class=\"wp-block-column is-layout-flow wp-block-column-is-layout-flow\">\n<p><strong>Lebenserwartung: <\/strong>62,8 Jahre<br><strong>Kindersterblichkeit:<\/strong>&nbsp;16,8 \u2030<\/p>\n<\/div>\n<\/div>\n\n\n\n<h2 class=\"wp-block-heading\"><strong>Honduras auf einen Blick<\/strong><\/h2>\n\n\n\n<p>Honduras ist ein kleines Land in Mittelamerika, das im Westen an Guatemala und El Salvador und im Osten an Nicaragua grenzt. Es ist in 18 Departements und 298 Gemeinden unterteilt. Das Land verf\u00fcgt seit 1982 \u00fcber demokratische Institutionen. Allerdings wurden diese Institutionen erst in den 1990er Jahren konsolidiert (Taylor-Robinson, M., 2009, S. 472).<\/p>\n\n\n\n<p>Zwischen 1994 und 2001 wurden wichtige \u00c4nderungen an der nationalen Verfassung vorgenommen, darunter die Unterordnung des Milit\u00e4rs unter die Exekutive, das Ende der Wehrpflicht sowie die Trennung der Polizei vom Milit\u00e4r. (Taylor-Robinson, M., 2009, S. 472-473). Ab 2009 gewannen Frauen und Kandidaten aus ethnischen Minderheiten repr\u00e4sentative Sitze bei allgemeinen Wahlen (Taylor-Robinson, M., 2009, S. 487).<\/p>\n\n\n\n<p>Die Herausforderungen, mit denen das Land in den letzten Jahren konfrontiert war, waren <a href=\"https:\/\/www.humanium.org\/de\/kinderarmut\/\">Armut<\/a>, Ungleichheit, <a href=\"https:\/\/www.humanium.org\/de\/themenschwerpunkte\/gewalt\/\">Gewalt<\/a>, Unsicherheit, Straflosigkeit, die durch COVID-19 verursachte Gesundheitskrise, die humanit\u00e4re Krise und die durch die Hurrikane Eta und Iota im November 2020 verursachten Sch\u00e4den. (B\u00fcro des Hohen Kommissars der Vereinten Nationen f\u00fcr Menschenrechte in Honduras (OHCHR), 2022, S. 2).<\/p>\n\n\n\n<p>In diesem Sinne erm\u00f6glichte die Ausrufung des Ausnahmezustands w\u00e4hrend der COVID-19-Pandemie einen Machtmissbrauch durch die Beh\u00f6rden, bei dem es zu mehr als 80.000 Festnahmen, Folter und grausamer, unmenschlicher und erniedrigender Behandlung, Verschwindenlassen, Hinrichtungen im Schnellverfahren, geschlechtsspezifischer Gewalt durch die Beh\u00f6rden und Verletzung der Meinungsfreiheit kam (OHCHR, 2022).<\/p>\n\n\n\n<p>Das Aufwachsen als Kind oder Jugendlicher ist in Honduras mehr eine Frage des \u00dcberlebens und des <a href=\"https:\/\/www.humanium.org\/de\/das-recht-auf-schutz\/\">Schutzes<\/a> vor <a href=\"https:\/\/www.humanium.org\/de\/themenschwerpunkte\/gewalt\/\">Gewalt<\/a> als des Engagements und der Verbesserung der Bildung geworden. Zweifellos ist es durch ein hohes Ma\u00df an Unsicherheit gekennzeichnet und geh\u00f6rte im letzten Jahrzehnt mit 86,5 T\u00f6tungsdelikten pro 100.000 Einwohner zu den gewaltt\u00e4tigsten L\u00e4ndern der Welt (Interamerikanische Kommission f\u00fcr Menschenrechte, IAKMR, 2019, S. 36). Ein Hauptfaktor, der zu Gewalt f\u00fchrt, wird dem System des Drogenhandels und der organisierten Kriminalit\u00e4t zugeschrieben, das im Land in Verbindung mit anderen L\u00e4ndern in der Region existiert (IAKMR, 2019, S. 36).<\/p>\n\n\n\n<h2 class=\"wp-block-heading\"><strong>Situation der Kinderrechte<\/strong> <a href=\"#_ftn1\">[1]<\/a><\/h2>\n\n\n\n<p>Honduras hat 1990 das \u00dcbereinkommen \u00fcber die Rechte des Kindes (1989) ratifiziert. Das Land hat auch das Fakultativprotokoll zum \u00dcbereinkommen \u00fcber die Rechte des Kindes bez\u00fcglich der Beteiligung von Kindern an bewaffneten Konflikten (2002) und das Fakultativprotokoll zum \u00dcbereinkommen \u00fcber die Rechte des Kindes betreffend den Verkauf von Kindern, die <a href=\"https:\/\/www.humanium.org\/de\/kinderprostitution\/\">Kinderprostitution<\/a> und die Kinderpornografie (2002) ratifiziert, beide im Jahr 2002. <\/p>\n\n\n\n<p>Einzel- und Kollektivbeschwerden im Zusammenhang mit Verst\u00f6\u00dfen gegen die Bestimmungen des \u00dcbereinkommens \u00fcber die Rechte des Kindes k\u00f6nnen dem Ausschuss f\u00fcr die Rechte des Kindes noch nicht vorgelegt werden, da das dritte <a href=\"https:\/\/www.humanium.org\/de\/protokoll\/\">Fakultativprotokoll zum \u00dcbereinkommen \u00fcber die Rechte des Kindes bez\u00fcglich des Kommunikationsverfahren (2011)<\/a> vom Staat Honduras noch nicht ratifiziert wurde.<\/p>\n\n\n<div class=\"wp-block-image\">\n<figure class=\"alignleft size-large is-resized\"><img loading=\"lazy\" decoding=\"async\" width=\"1024\" height=\"683\" src=\"https:\/\/www.humanium.org\/de\/wp-content\/uploads\/2023\/04\/shutterstock_688397191-1024x683.jpg\" alt=\"\" class=\"wp-image-16638\" style=\"width:346px;height:230px\" srcset=\"https:\/\/www.humanium.org\/de\/wp-content\/uploads\/2023\/04\/shutterstock_688397191-1024x683.jpg 1024w, https:\/\/www.humanium.org\/de\/wp-content\/uploads\/2023\/04\/shutterstock_688397191-300x200.jpg 300w, https:\/\/www.humanium.org\/de\/wp-content\/uploads\/2023\/04\/shutterstock_688397191-768x512.jpg 768w, https:\/\/www.humanium.org\/de\/wp-content\/uploads\/2023\/04\/shutterstock_688397191-1536x1024.jpg 1536w, https:\/\/www.humanium.org\/de\/wp-content\/uploads\/2023\/04\/shutterstock_688397191-2048x1365.jpg 2048w, https:\/\/www.humanium.org\/de\/wp-content\/uploads\/2023\/04\/shutterstock_688397191-830x553.jpg 830w, https:\/\/www.humanium.org\/de\/wp-content\/uploads\/2023\/04\/shutterstock_688397191-230x153.jpg 230w, https:\/\/www.humanium.org\/de\/wp-content\/uploads\/2023\/04\/shutterstock_688397191-350x233.jpg 350w, https:\/\/www.humanium.org\/de\/wp-content\/uploads\/2023\/04\/shutterstock_688397191-480x320.jpg 480w, https:\/\/www.humanium.org\/de\/wp-content\/uploads\/2023\/04\/shutterstock_688397191-272x182.jpg 272w\" sizes=\"auto, (max-width: 1024px) 100vw, 1024px\" \/><\/figure>\n<\/div>\n\n\n<p>Aus regionaler Sicht hat Honduras 1977 die Amerikanische Menschenrechtskonvention oder den \u201ePakt von San Jos\u00e9 de Costa Rica\u201c (1969) ratifiziert. In diesem Zusammenhang ist es wichtig zu erw\u00e4hnen, dass der Interamerikanische Gerichtshof f\u00fcr Menschenrechte Artikel 19 der Konvention auf sehr kreative Weise interpretiert und angewendet hat. Bei zahlreichen Gelegenheiten hat er diesen Artikel zusammen mit dem \u00dcbereinkommen \u00fcber die Rechte des Kindes als umfassendes Corpus Iuris betrachtet (Villagr\u00e1n Morales et al. vs. Guatemala, 1999, Abs. 194).<\/p>\n\n\n\n<p>Honduras hat 2011 auch das Zusatzprotokoll zur Amerikanischen Menschenrechtskonvention im Bereich der wirtschaftlichen, sozialen und kulturellen Rechte oder \u201eProtokoll von San Salvador\u201c (1988) ratifiziert. Letzteres legt vor allem die Verpflichtung der Vertragsstaaten fest, Kindern und Jugendlichen eine angemessene <a href=\"https:\/\/www.humanium.org\/de\/recht-nahrung\/\">Ern\u00e4hrung<\/a> und <a href=\"https:\/\/www.humanium.org\/de\/recht-bildung\/\">Bildung<\/a> zu gew\u00e4hrleisten.<\/p>\n\n\n\n<p>Auf nationaler Ebene schlie\u00dflich sind sowohl die Verfassung der Republik Honduras als auch das Gesetzbuch f\u00fcr Kinder und Jugendliche die wichtigsten rechtlichen Grundlagen f\u00fcr den Schutz und die Gew\u00e4hrleistung der Kinderrechte in Honduras. Damals begr\u00fc\u00dfte der Ausschuss f\u00fcr die Rechte des Kindes die Bem\u00fchungen des honduranischen Staates, die nationale Gesetzgebung mit dem \u00dcbereinkommen \u00fcber die Rechte des Kindes in Einklang zu bringen. Er hob jedoch die besorgniserregende Situation der unzureichenden Umsetzung von Gesetzen in Bezug auf Kinder hervor (Ausschuss f\u00fcr die Rechte des Kindes, 2015, Abs. 7).<\/p>\n\n\n\n<h2 class=\"wp-block-heading\"><strong>Die Bed\u00fcrfnisse der Kinder<\/strong><\/h2>\n\n\n\n<h3 class=\"wp-block-heading\"><a href=\"https:\/\/www.humanium.org\/de\/recht-bildung\/\"><strong>Recht auf Bildung<\/strong><\/a><\/h3>\n\n\n\n<p>Gem\u00e4\u00df Artikel 36 des Kinder- und Jugendgesetzes ist die Grundschulbildung obligatorisch und kostenlos. Im honduranischen Bildungssystem gibt es jedoch viele Schwierigkeiten, die die Aus\u00fcbung eines so grundlegenden Rechts wie das auf <a href=\"https:\/\/www.humanium.org\/de\/recht-bildung\/\">Bildung<\/a> verhindern. <\/p>\n\n\n<div class=\"wp-block-image\">\n<figure class=\"alignright size-large is-resized\"><img loading=\"lazy\" decoding=\"async\" width=\"1024\" height=\"682\" src=\"https:\/\/www.humanium.org\/de\/wp-content\/uploads\/2023\/04\/shutterstock_778501666-1024x682.jpg\" alt=\"\" class=\"wp-image-16635\" style=\"width:332px;height:221px\" srcset=\"https:\/\/www.humanium.org\/de\/wp-content\/uploads\/2023\/04\/shutterstock_778501666-1024x682.jpg 1024w, https:\/\/www.humanium.org\/de\/wp-content\/uploads\/2023\/04\/shutterstock_778501666-300x200.jpg 300w, https:\/\/www.humanium.org\/de\/wp-content\/uploads\/2023\/04\/shutterstock_778501666-768x512.jpg 768w, https:\/\/www.humanium.org\/de\/wp-content\/uploads\/2023\/04\/shutterstock_778501666-1536x1024.jpg 1536w, https:\/\/www.humanium.org\/de\/wp-content\/uploads\/2023\/04\/shutterstock_778501666-2048x1365.jpg 2048w, https:\/\/www.humanium.org\/de\/wp-content\/uploads\/2023\/04\/shutterstock_778501666-830x553.jpg 830w, https:\/\/www.humanium.org\/de\/wp-content\/uploads\/2023\/04\/shutterstock_778501666-230x153.jpg 230w, https:\/\/www.humanium.org\/de\/wp-content\/uploads\/2023\/04\/shutterstock_778501666-350x233.jpg 350w, https:\/\/www.humanium.org\/de\/wp-content\/uploads\/2023\/04\/shutterstock_778501666-480x320.jpg 480w, https:\/\/www.humanium.org\/de\/wp-content\/uploads\/2023\/04\/shutterstock_778501666-272x182.jpg 272w\" sizes=\"auto, (max-width: 1024px) 100vw, 1024px\" \/><\/figure>\n<\/div>\n\n\n<p>Dazu geh\u00f6ren die Verschlechterung der schulischen Infrastruktur, der schlechte Zugang zu grundlegenden Dienstleistungen wie <a href=\"https:\/\/www.humanium.org\/de\/recht-wasser\/\">Trinkwasser<\/a> und Strom und das Fehlen von Biosicherheitsma\u00dfnahmen im Zusammenhang mit der Pandemie (Agencia EFE, 2022; Ministerium f\u00fcr Ausw\u00e4rtige Angelegenheiten, Europ\u00e4ische Union und Kooperation, Regierung Spaniens, 2021). Nat\u00fcrlich wurde diese Situation durch den <a href=\"https:\/\/www.humanium.org\/de\/themenschwerpunkte\/umwelt\/klimakrise\/\">Klimawandel<\/a> noch erheblich versch\u00e4rft, was sich anschlie\u00dfend in den niedrigen Anwesenheitsraten des letzten Jahres widerspiegelte (El Heraldo, 2022).<\/p>\n\n\n\n<p>F\u00fcr viele Monate wurde die Grund- und Sekundarschulbildung in Honduras unterbrochen, um die Ausbreitung des Coronavirus zu verhindern. In vielen L\u00e4ndern der Welt wurden neue Lernszenarien geschaffen, wie z. B. das virtuelle Lernen. Das Internet ist eine Alternative, was R\u00fcckschritte in der Bildung vermeidet und so die Kontinuit\u00e4t des Unterrichts auf verschiedenen Bildungsebenen gew\u00e4hrleistet. Dies war in Honduras jedoch nicht vollst\u00e4ndig m\u00f6glich.<\/p>\n\n\n\n<p>Im Jahr 2021 wurde festgestellt, dass nur 26,8% der Bev\u00f6lkerung unter 15 Jahren Zugang zum Internet f\u00fcr formale Bildungszwecke und Ausbildungsaktivit\u00e4ten haben (Instituto Nacional de Estad\u00edstica (INE), 2021). In diesem Zusammenhang wird gesch\u00e4tzt, dass von 2,9 Millionen Sch\u00fclern im schulpflichtigen Alter 1,2 Millionen in vielen F\u00e4llen aufgrund fehlender Mittel f\u00fcr den Zugang zu Internetdiensten oder elektronischen Ger\u00e4ten von der formalen Bildung ausgeschlossen waren (OHCHR, 2022, S. 11). <\/p>\n\n\n\n<p>Dies betraf insbesondere Kinder und Jugendliche aus afro-honduranischen indigenen Gemeinschaften und l\u00e4ndlichen Gebieten, die aufgrund ihrer Lage keinen Zugang zu den oben genannten Dienstleistungen haben (OHCHR, 2022, S. 11).<\/p>\n\n\n\n<p>Angesichts dieses Problems stellt die Wiederaufnahme des Pr\u00e4senz- und Halbpr\u00e4senzunterrichts f\u00fcr die derzeitige Regierung immer noch eine Herausforderung dar. Tats\u00e4chlich wird gesch\u00e4tzt, dass nur 2% der Kinder zur Schule zur\u00fcckgekehrt sind (Casa Alianza Honduras, 2022, S. 14). Dies ist zum Teil auf das Ungl\u00fcck zur\u00fcckzuf\u00fchren, das Eta und Iota in Honduras angerichtet haben. Sie haben mehr als 500 Schulen zerst\u00f6rt, mit dem Ergebnis, dass Kinder und Jugendliche keine M\u00f6glichkeit zum Lernen hatten.&nbsp;<\/p>\n\n\n\n<p>Dar\u00fcber hinaus wurde festgestellt, dass fast 20% der Bildungszentren keinen Zugang zu <a href=\"https:\/\/www.humanium.org\/de\/recht-wasser\/\">Trinkwasser<\/a>, 40% keinen Strom und weniger als 5% keinen Internetzugang und\/oder Computerr\u00e4ume haben (OHCHR, 2022, S. 11) \u2013 eine besorgniserregende Situation, da dies zu einer Welle von Schulabbr\u00fcchen unter Kindern und Jugendlichen gef\u00fchrt hat, die auf der Suche nach Arbeit und Nahrung auf die <a href=\"https:\/\/www.humanium.org\/de\/strasenkinder\/\">Stra\u00dfe<\/a> gehen mussten.<\/p>\n\n\n\n<h3 class=\"wp-block-heading\"><a href=\"https:\/\/www.humanium.org\/de\/das-recht-auf-gesundheit\/\"><strong>Recht auf Gesundheit<\/strong><\/a><\/h3>\n\n\n\n<p>Gesundheit ist ein grundlegendes Menschenrecht, das f\u00fcr die Aus\u00fcbung anderer Menschenrechte unerl\u00e4sslich ist. Jeder Mensch hat das Recht auf einen H\u00f6chstma\u00df an Gesundheit, die ihm ein Leben in W\u00fcrde erm\u00f6glicht. Vor dem Hintergrund der Pandemie wurde festgestellt, dass der Zugang zu hochwertigen Gesundheitsdiensten f\u00fcr die allgemeine honduranische Bev\u00f6lkerung eingeschr\u00e4nkt ist, insbesondere f\u00fcr diejenigen, die sich weit entfernt von den gro\u00dfen st\u00e4dtischen Zentren befinden (OHCHR, 2022, S.11).<\/p>\n\n\n\n<p>W\u00e4hrend die weltweite Impfung gegen COVID-19 Ende 2020 begann, trafen die Impfstoffdosen in Honduras erst im M\u00e4rz 2021 ein, vor allem dank der internationalen Zusammenarbeit im Rahmen des COVAX-Mechanismus. So kam die Impfung von Minderj\u00e4hrigen in Honduras erst im Januar 2022 an die Reihe.<\/p>\n\n\n\n<p>In Bezug auf honduranische Kinder und Jugendliche gibt es mehrere Faktoren, die heutzutage ihr Wohlbefinden beeintr\u00e4chtigen. Im Folgenden wird kurz auf einige dieser Probleme eingegangen, die das Versagen des honduranischen Staates beim Schutz und der Gew\u00e4hrleistung des Rechts auf Gesundheit deutlich machen.<\/p>\n\n\n\n<h3 class=\"wp-block-heading\"><a href=\"https:\/\/www.humanium.org\/de\/recht-nahrung\/\"><strong>Recht auf Nahrung<\/strong><strong><\/strong><\/a><\/h3>\n\n\n\n<p>Unterern\u00e4hrung bei Kindern ist ein Problem, das auf soziale, wirtschaftliche und umweltbedingte Faktoren zur\u00fcckzuf\u00fchren ist. Obwohl das <a href=\"https:\/\/www.humanium.org\/de\/recht-nahrung\/\">Recht auf Nahrung<\/a> und Ern\u00e4hrung ein grundlegendes Menschenrecht ist, hat Ern\u00e4hrungsunsicherheit die honduranische Kinderbev\u00f6lkerung leider schon lange vor der Pandemie durchdrungen. Im Jahr 2001 waren 33% der Kinder unter f\u00fcnf Jahren chronisch unterern\u00e4hrt. Elf Jahre sp\u00e4ter (2012) hat sich die Situation um 22,6% verbessert (Kinderhilfswerk der Vereinten Nationen (UNICEF, 2019)).<\/p>\n\n\n\n<p>Ein gro\u00dfer Teil der Bev\u00f6lkerung hat keinen Zugang zu ausreichenden <a href=\"https:\/\/www.humanium.org\/de\/recht-nahrung\/\">Nahrungsmitteln<\/a>. Tats\u00e4chlich wird gesch\u00e4tzt, dass es einen Anstieg von 41,6% im Jahr 2016 auf 45,6% im Jahr 2020 gab (FAO, IFAD, WHO, WFP und UNICEF, 2021), eine besorgniserregende Situation aufgrund der Unterern\u00e4hrungsraten bei Minderj\u00e4hrigen sowie bei schwangeren und stillenden M\u00fcttern.<\/p>\n\n\n\n<h3 class=\"wp-block-heading\"><a href=\"https:\/\/www.humanium.org\/de\/recht-wasser\/\"><strong>Recht auf Wasser<\/strong><\/a><\/h3>\n\n\n\n<p>Der Gesundheitszustand h\u00e4ngt auch eng mit dem unzureichenden Zugang zu grundlegenden Dienstleistungen wie Wasser, Abwasserentsorgung und Hygiene zusammen. Im Jahr 2015 f\u00fchrte UNICEF eine Umfrage in verschiedenen Haushalten durch, bei der 44,7% der Befragten angaben, dass sie keinen Zugang zu \u00f6ffentlichem oder privatem Trinkwasser hatten; 46,5% von ihnen waren auf Quellen angewiesen, die nicht in der N\u00e4he waren, und mussten lange Wege zur\u00fccklegen, um diese zu erreichen (UNICEF, 2016, S. 17).<\/p>\n\n\n\n<p>47,3% der Haushalte f\u00fchren eine Wasserreinigung durch, d. h. sie f\u00fcgen dem Wasser Chlor zu, bevor sie es trinken (UNICEF, 2016, S. 17), w\u00e4hrend 24% der Haushalte angaben, dass sie ihr Wasser vor dem Trinken nicht behandeln (UNICEF, 2016, S. 17). Diese Situation setzt viele Kinder und Jugendliche Krankheiten wie Durchfall und verschiedenen anderen Krankheiten aus (UNICEF, 2016, S. 17).&nbsp;<\/p>\n\n\n\n<h2 class=\"wp-block-heading\"><strong>Risikofaktoren <\/strong><strong>\u2192<\/strong><strong> L\u00e4nderspezifische Herausforderungen<\/strong><\/h2>\n\n\n\n<h3 class=\"wp-block-heading\"><a href=\"https:\/\/www.humanium.org\/de\/die-sexuelle-ausbeutung-von-kindern\/\"><strong>Sexuelle Ausbeutung<\/strong><\/a><strong>&nbsp;<\/strong><\/h3>\n\n\n\n<p>Eine gro\u00dfe Zahl honduranischer Kinder und Jugendlicher ist von kommerzieller sexueller Ausbeutung betroffen. In vielen F\u00e4llen werden sie von Familienmitgliedern oder Freunden in diese Situation gebracht (US. Bureau of International Affairs, 2020, S. 2). Nat\u00fcrlich sind die Kinder, die \u00fcber weniger wirtschaftliche Ressourcen und eine geringere Grundbildung verf\u00fcgen, noch st\u00e4rker gef\u00e4hrdet.&nbsp;<\/p>\n\n\n\n<p>Diese Kinder sind h\u00e4ufig Opfer von Banden, die sie dazu zwingen, Verbrechen wie Mord, Prostitution, Waffen- und Drogenhandel und andere zu begehen (US Bureau of International Affairs, 2020, S. 2). Dar\u00fcber hinaus wurde Honduras als Zufluchtsort f\u00fcr P\u00e4dophile bezeichnet, die haupts\u00e4chlich aus den Vereinigten Staaten und Kanada stammen (US. Bureau of International Affairs, 2020, S. 2).<\/p>\n\n\n\n<h3 class=\"wp-block-heading\"><a href=\"https:\/\/www.humanium.org\/de\/themenschwerpunkte\/gewalt\/\"><strong>Gewalt<\/strong><\/a><\/h3>\n\n\n\n<p>Nach den Naturkatastrophen blieb eine gro\u00dfe Zahl von Notunterk\u00fcnften im Land aktiv, um die Notlage zu lindern. Viele dieser Unterk\u00fcnfte sind jedoch ohne ausreichende Schutzma\u00dfnahmen gegen Missbrauch, d. h. ohne nach Kategorien getrennte Zimmer, geschultes Personal und gewaltpr\u00e4ventive Informationen, zu einer Quelle der Gef\u00e4hrdung und des Risikos f\u00fcr Kinder geworden (UNICEF, 2020).&nbsp;<\/p>\n\n\n\n<p>Au\u00dferdem f\u00fchrte der Lockdown als Hygienema\u00dfnahme zu einer hohen Rate an h\u00e4uslicher Gewalt. Im M\u00e4rz und Mai 2020 wurden in Honduras mehr als 40.000 F\u00e4lle von h\u00e4uslicher und innerfamili\u00e4rer Gewalt gemeldet (UNHCR, UNICEF, 2020).<\/p>\n\n\n\n<p>Auch die Mordrate ist besorgniserregend. Zwischen 2008 und 2016 wurden nach Angaben von UNICEF 3.540 Kinder Opfer (UNICEF, 2018, S. 83). Insgesamt wurde alle 25 Stunden ein T\u00f6tungsdelikt registriert (UNICEF, 2018, S. 83). Insbesondere im Jahr 2014 registrierte die Beobachtungsstelle f\u00fcr Gewalt eine Rate von 15,9% der T\u00f6tungsdelikte an Kindern und Jugendlichen im Alter von 0-18 Jahren (UNICEF, 2019). In diesem Sinne waren 83% der Opfer Kinder und 70% der Opfer waren zwischen 16 und 18 Jahre alt (UNICEF, 2019).<\/p>\n\n\n\n<p>Die honduranische Gesetzgebung sieht f\u00fcr die Vergewaltigung von Minderj\u00e4hrigen Gef\u00e4ngnisstrafen vor, und zwar nicht nur f\u00fcr den T\u00e4ter, sondern auch f\u00fcr diejenigen, die dies erm\u00f6glichen. Dennoch stellt die <a href=\"https:\/\/www.humanium.org\/de\/die-sexuelle-ausbeutung-von-kindern\/\">sexuelle Ausbeutung<\/a> von Kindern und Jugendlichen in Honduras ein sehr ernstes Problem dar. Au\u00dferdem ist Honduras nach wie vor eines der Hauptziele des Kindersextourismus f\u00fcr Ausl\u00e4nder.&nbsp;<\/p>\n\n\n\n<p>Gewalt ist eine der Hauptursachen f\u00fcr den Schulabbruch in Honduras (IACHR, Para. 228). Sch\u00e4tzungen zufolge brechen 23,9% der M\u00e4dchen und 14% der Jungen im Alter zwischen 13 und 17 Jahren die Schule aufgrund k\u00f6rperlicher Gewalt ab (UNICEF, 2020, S. 2).<\/p>\n\n\n\n<p>Im Jahr 2014 wurden insgesamt 1.980 F\u00e4lle von sexuellem Missbrauch registriert, 91% davon gegen M\u00e4dchen unter 18 Jahren (UNICEF, 2019). So wurden 24% der Jugendlichen zwischen 15 und 19 Jahren schwanger (UNICEF, 2019). In einer neueren Studie wurde festgestellt, dass 21,2% der jugendlichen M\u00e4dchen aufgrund sexueller Gewalttaten in der Schule fehlen (UNICEF, 2020, S. 2). Zwischen 2013 und 2019 wurden in Honduras jeden Tag mindestens 4 M\u00e4dchen Opfer von Vergewaltigungen (UNICEF, 2020, S. 2).<\/p>\n\n\n\n<h3 class=\"wp-block-heading\"><a href=\"https:\/\/www.humanium.org\/de\/kinderarmut\/\"><strong>Armut<\/strong><strong><\/strong><\/a><\/h3>\n\n\n\n<p>Die Situation von <a href=\"https:\/\/www.humanium.org\/de\/kinderarmut\/\">Armut<\/a>, Ungleichheit und sozialer Ausgrenzung eines gro\u00dfen Teils der honduranischen Bev\u00f6lkerung ist offensichtlich. Laut einer von UNICEF im Jahr 2016 durchgef\u00fchrten Studie waren 59,8% der Kinder von mehrdimensionaler Armut betroffen, davon 35,7% von schwerer <a href=\"https:\/\/www.humanium.org\/de\/kinderarmut\/\">Armut<\/a> (UNICEF, 2016, S. 67).<\/p>\n\n\n\n<p>Es ist klar, dass klimatische Ereignisse eine Katastrophe verursacht und die Ungleichheiten in Honduras versch\u00e4rft haben. Im Jahr 2021 verzeichnete das Land eine <a href=\"https:\/\/www.humanium.org\/de\/kinderarmut\/\">Armutsrate<\/a> von 73,6%, d. h. 19,9% lebte in relativer Armut und 53,7% in extremer Armut (INE, 2021). Nur 26,4% der Bev\u00f6lkerung gelten als <a href=\"https:\/\/www.humanium.org\/de\/kinderarmut\/\">armutsfrei<\/a> (INE, 2021).&nbsp;<\/p>\n\n\n\n<p>Nach den klimatischen Ereignissen wurden viele Menschen in Notunterk\u00fcnfte <a href=\"https:\/\/www.humanium.org\/de\/vertriebene-kinder\/\">umgesiedelt<\/a>, eine Situation, von der besonders Kinder und Jugendliche betroffen sind, deren Eltern aufgrund der Krise gestorben sind oder sich getrennt haben (UNICEF, 2020). Viele dieser Kinder endeten mittellos, wurden gehandelt, ausgebeutet und zu <a href=\"https:\/\/www.humanium.org\/de\/waisenkinder\/\">Waisen<\/a> (UNICEF, 2020).<\/p>\n\n\n\n<h3 class=\"wp-block-heading\"><a href=\"https:\/\/www.humanium.org\/de\/kinderarbeit-2\/\"><strong>Kinderarbeit<\/strong><\/a><\/h3>\n\n\n\n<p>Was den internationalen Rechtsrahmen betrifft, so hat Honduras 1980 das \u00dcbereinkommen Nr. 138 \u00fcber das Mindestalter und 2001 das \u00dcbereinkommen Nr. 182 \u00fcber die schlimmsten Formen der Kinderarbeit ratifiziert. In der honduranischen Gesetzgebung ist das Mindestalter f\u00fcr die Aufnahme einer Arbeit auf 14 Jahre festgelegt (Art. 120 Kinder- und Jugendgesetzbuch; Art. 32 Arbeitsgesetzbuch; Art. 124 der nationalen Verfassung).&nbsp;<\/p>\n\n\n\n<p>Das Mindestalter f\u00fcr gef\u00e4hrliche Arbeiten liegt bei der Vollj\u00e4hrigkeit, d.h. bei 18 Jahren (Art. 122 Kinder- und Jugendgesetzbuch). <\/p>\n\n\n<div class=\"wp-block-image\">\n<figure class=\"alignleft size-large is-resized\"><img loading=\"lazy\" decoding=\"async\" width=\"1024\" height=\"683\" src=\"https:\/\/www.humanium.org\/de\/wp-content\/uploads\/2023\/04\/shutterstock_1150755497-1024x683.jpg\" alt=\"\" class=\"wp-image-16637\" style=\"width:355px;height:237px\" srcset=\"https:\/\/www.humanium.org\/de\/wp-content\/uploads\/2023\/04\/shutterstock_1150755497-1024x683.jpg 1024w, https:\/\/www.humanium.org\/de\/wp-content\/uploads\/2023\/04\/shutterstock_1150755497-300x200.jpg 300w, https:\/\/www.humanium.org\/de\/wp-content\/uploads\/2023\/04\/shutterstock_1150755497-768x512.jpg 768w, https:\/\/www.humanium.org\/de\/wp-content\/uploads\/2023\/04\/shutterstock_1150755497-1536x1024.jpg 1536w, https:\/\/www.humanium.org\/de\/wp-content\/uploads\/2023\/04\/shutterstock_1150755497-2048x1365.jpg 2048w, https:\/\/www.humanium.org\/de\/wp-content\/uploads\/2023\/04\/shutterstock_1150755497-830x553.jpg 830w, https:\/\/www.humanium.org\/de\/wp-content\/uploads\/2023\/04\/shutterstock_1150755497-230x153.jpg 230w, https:\/\/www.humanium.org\/de\/wp-content\/uploads\/2023\/04\/shutterstock_1150755497-350x233.jpg 350w, https:\/\/www.humanium.org\/de\/wp-content\/uploads\/2023\/04\/shutterstock_1150755497-480x320.jpg 480w, https:\/\/www.humanium.org\/de\/wp-content\/uploads\/2023\/04\/shutterstock_1150755497-272x182.jpg 272w\" sizes=\"auto, (max-width: 1024px) 100vw, 1024px\" \/><\/figure>\n<\/div>\n\n\n<p>Obwohl die Gesetzgebung es Personen \u00fcber 14 Jahre erlaubt, unter bestimmten Bedingungen bestimmte T\u00e4tigkeiten auszu\u00fcben, entscheiden sich viele von ihnen f\u00fcr den informellen Sektor, da dieser weniger b\u00fcrokratischen Aufwand in Bezug auf Dokumentation und Genehmigung erfordert. Indikatoren aus dem Jahr 2020 zeigen, dass 9,0% der Bev\u00f6lkerung im Alter von 5 bis 14 Jahren arbeiten (US. Bureau of International Affairs, 2020, S. 1). Zu den am st\u00e4rksten besetzten Sektoren in dieser Altersgruppe geh\u00f6rt die Landwirtschaft mit einem Anteil von 53,3%.&nbsp;<\/p>\n\n\n\n<p>Diese Minderj\u00e4hrigen arbeiten insbesondere im Melonen-, Kaffee- und Maisanbau (US. Bureau of International Affairs, 2020, S. 1). 12,7% arbeiten in der Industrie, z. B. im handwerklichen Bergbau, in der Herstellung und im Verkauf von Feuerwerksk\u00f6rpern und im Baugewerbe (US. Bureau of International Affairs, 2020, S. 1). 12,7% arbeiten in der Industrie, z. B. im handwerklichen Bergbau, in der Herstellung und im Verkauf von Feuerwerksk\u00f6rpern und im Bausektor (US. Bureau of International Affairs, 2020, S. 1).<\/p>\n\n\n\n<p>34,0% arbeiten im Dienstleistungsbereich, darunter Kinder und Jugendliche, die auf M\u00fclldeponien schuften, Autoscheiben an Ampeln putzen, betteln oder Waren auf der Stra\u00dfe verkaufen (US. Bureau of International Affairs, 2020, S. 2). 4,4% der Bev\u00f6lkerung im Alter von 7 bis 14 Jahren arbeiten, w\u00e4hrend sie die Schule besuchen. Auch im Jahr 2017 lag die Abschlussquote der Grundschule bei 90,7% (US. Bureau of International Affairs, 2020, S. 1).<\/p>\n\n\n\n<h3 class=\"wp-block-heading\"><a href=\"https:\/\/www.humanium.org\/de\/vertriebene-kinder\/\"><strong>Vertriebene Kinder<\/strong><\/a><\/h3>\n\n\n\n<p>Unsicherheit, zunehmender Mangel an Zugang zu grundlegenden Dienstleistungen, <a href=\"https:\/\/www.humanium.org\/de\/kinderarmut\/\">Armut<\/a>, steigende Arbeitslosenquoten, fehlende M\u00f6glichkeiten, unzureichendes Einkommen, <a href=\"https:\/\/www.humanium.org\/de\/themenschwerpunkte\/gewalt\/\">Gewalt<\/a> und allgemeine sozio\u00f6konomische Schwierigkeiten sind oft Gr\u00fcnde f\u00fcr die Abwanderung von Familien in Nachbarl\u00e4nder. Dar\u00fcber hinaus versch\u00e4rften die COVID-19-Pandemie und Naturkatastrophen die Migrationssituation in Honduras.<\/p>\n\n\n\n<p>Eine gro\u00dfe Zahl von Kindern und Jugendlichen macht sich ohne Begleitung und in Migrantengruppen auf den R\u00fcckweg. <\/p>\n\n\n<div class=\"wp-block-image\">\n<figure class=\"alignright size-large is-resized\"><img loading=\"lazy\" decoding=\"async\" width=\"1024\" height=\"681\" src=\"https:\/\/www.humanium.org\/de\/wp-content\/uploads\/2023\/04\/shutterstock_2158471269-1024x681.jpg\" alt=\"\" class=\"wp-image-16636\" style=\"width:322px;height:213px\" srcset=\"https:\/\/www.humanium.org\/de\/wp-content\/uploads\/2023\/04\/shutterstock_2158471269-1024x681.jpg 1024w, https:\/\/www.humanium.org\/de\/wp-content\/uploads\/2023\/04\/shutterstock_2158471269-300x200.jpg 300w, https:\/\/www.humanium.org\/de\/wp-content\/uploads\/2023\/04\/shutterstock_2158471269-768x511.jpg 768w, https:\/\/www.humanium.org\/de\/wp-content\/uploads\/2023\/04\/shutterstock_2158471269-1536x1022.jpg 1536w, https:\/\/www.humanium.org\/de\/wp-content\/uploads\/2023\/04\/shutterstock_2158471269-2048x1363.jpg 2048w, https:\/\/www.humanium.org\/de\/wp-content\/uploads\/2023\/04\/shutterstock_2158471269-830x552.jpg 830w, https:\/\/www.humanium.org\/de\/wp-content\/uploads\/2023\/04\/shutterstock_2158471269-230x153.jpg 230w, https:\/\/www.humanium.org\/de\/wp-content\/uploads\/2023\/04\/shutterstock_2158471269-350x233.jpg 350w, https:\/\/www.humanium.org\/de\/wp-content\/uploads\/2023\/04\/shutterstock_2158471269-480x319.jpg 480w, https:\/\/www.humanium.org\/de\/wp-content\/uploads\/2023\/04\/shutterstock_2158471269-272x182.jpg 272w\" sizes=\"auto, (max-width: 1024px) 100vw, 1024px\" \/><\/figure>\n<\/div>\n\n\n<p>Auf diese Weise sind sie allen m\u00f6glichen Risiken ausgesetzt, wie z. B. Rekrutierung durch Banden, Zwangsarbeit, Menschen- und Drogenhandel, sexuelle Gewalt, <a href=\"https:\/\/www.humanium.org\/de\/themenschwerpunkte\/focusdiskriminierung\/\">Diskriminierung<\/a>, Krankheit, Verlust der Schulbildung, fehlender Zugang zu grundlegenden Dienstleistungen wie <a href=\"https:\/\/www.humanium.org\/de\/recht-wasser\/\">Wasser<\/a> und <a href=\"https:\/\/www.humanium.org\/de\/recht-nahrung\/\">Nahrung<\/a> usw. 35,3% der honduranischen Kinder im Alter von 0 bis 19 Jahren verlie\u00dfen das Land im Jahr 2020, haupts\u00e4chlich in L\u00e4nder wie Mexiko, Spanien und die Vereinigten Staaten (Internationale Arbeitsorganisation (IAO, 2021, S. 5)).<\/p>\n\n\n\n<p>In diesem Zusammenhang wurde der Zugang von Asylbewerbern zum Hoheitsgebiet der USA durch eine Anordnung des Zentrums f\u00fcr Krankheitskontrolle und -pr\u00e4vention eingeschr\u00e4nkt. In diesem Sinne wurden mindestens 13.000 Kinder in den Norden Zentralamerikas abgeschoben (IAO, 2021, S. 6).&nbsp;<\/p>\n\n\n\n<p>Darunter waren insgesamt 5.746 honduranische Minderj\u00e4hrige, 3.849 Jungen und 1.897 M\u00e4dchen (IAO, 2021, S. 6). Nach Angaben der Konsular- und Migrationsbeobachtungsstelle von Honduras wurden im Jahr 2021 insgesamt 7.918 honduranische Kinder und Jugendliche registriert, die aus verschiedenen Teilen der Welt zur\u00fcckgekehrt sind (Konsular- und Migrationsbeobachtungsstelle von Honduras. CONMIGHO, 2021).<\/p>\n\n\n\n<h3 class=\"wp-block-heading\"><a href=\"https:\/\/www.humanium.org\/de\/themenschwerpunkte\/umwelt\/klimakrise\/\"><strong>\u00d6kologische Herausforderungen<\/strong><\/a><\/h3>\n\n\n\n<p>In Honduras gibt es politische, soziale und wirtschaftliche Situationen, mit denen sich die aktuelle Regierung jedes Jahr auseinandersetzen muss. Hinzu kommen die Auswirkungen des <a href=\"https:\/\/www.humanium.org\/de\/themenschwerpunkte\/umwelt\/klimakrise\/\">Klimawandels<\/a> (tropische St\u00fcrme, Wirbelst\u00fcrme, D\u00fcrren, Waldbr\u00e4nde und Seuchen), die das Land in den letzten Jahren direkt getroffen haben.&nbsp;<\/p>\n\n\n\n<p>Nach Angaben des National Hurricane Center (NHC) endete 2020 mit insgesamt 30 St\u00fcrmen die aktivste Hurrikansaison in der Geschichte der Region. In den Gemeinden, die als besonders anf\u00e4llig f\u00fcr die Folgen des <a href=\"https:\/\/www.humanium.org\/de\/themenschwerpunkte\/umwelt\/klimakrise\/\">Klimawandels<\/a> gelten, leben 968.333 Menschen, von denen 43,53% unter 18 Jahre alt sind. Die durch die Wirbelst\u00fcrme verursachten Folgen waren verheerend (UNICEF, 2021).<\/p>\n\n\n\n<p>Von den Hurrikanen Eta und Iota waren etwa 4,6 Millionen Menschen betroffen. Und nach Angaben von UNICEF waren mehr als 1,7 Millionen Kinder und Jugendliche stark gef\u00e4hrdet (UNICEF, 2020, S. 1). Von den 93.000 Menschen, die in den von den verschiedenen Organisationen eingerichteten Notunterk\u00fcnften einen sicheren Platz suchten, waren vermutlich rund 35.000 Kinder (UNICEF, 2020, S. 1). Es hat sich n\u00e4mlich gezeigt, dass 85% der betroffenen Haushalte Kinder als Mitglieder haben (UNICEF, 2020, S. 1).&nbsp;&nbsp;<\/p>\n\n\n\n<p><em><strong>Geschrieben von Camila Ortiz<\/strong><\/em><\/p>\n\n\n\n<p><em><strong>\u00dcbersetzt von Sam Aldersey-Williams<\/strong><\/em><\/p>\n\n\n\n<p><em><strong>Zuletzt aktualisiert am 6. Juni 2022<\/strong><\/em><\/p>\n\n\n\n<h4 class=\"wp-block-heading\"><strong>Literaturverzeichnis:<\/strong><\/h4>\n\n\n\n<p class=\"has-small-font-size\">Agencia de las Naciones Unidas para los Refugiados (ACNUR) y Fondo de las Naciones Unidas para la Infancia (UNICEF) (2020)<a href=\"https:\/\/familiesontherun.org\/es\/\" target=\"_blank\" rel=\"noreferrer noopener\">Familias que huyen. \u00bfPor qu\u00e9 se desplazan las familias desde el Norte de Centroam\u00e9rica<\/a>?.Obtenido de <a href=\"https:\/\/familiesontherun.org\/es\/\" target=\"_blank\" rel=\"noreferrer noopener\">https:\/\/familiesontherun.org\/es\/<\/a>,&nbsp; consultado el 6 de julio del 2022.&nbsp;<\/p>\n\n\n\n<p class=\"has-small-font-size\">Agencia EFE (2022) Se inician a medias las clases presenciales en la educaci\u00f3n p\u00fablica de Honduras. Obtenido de <a href=\"https:\/\/www.efe.com\/efe\/america\/sociedad\/se-inician-a-medias-las-clases-presenciales-en-la-educacion-publica-de-honduras\/20000013-4785916\" target=\"_blank\" rel=\"noreferrer noopener\">https:\/\/www.efe.com\/efe\/america\/sociedad\/se-inician-a-medias-las-clases-presenciales-en-la-educacion-publica-de-honduras\/20000013-4785916<\/a>, consultado el 6 de julio del 2022.<\/p>\n\n\n\n<p class=\"has-small-font-size\">Banco Mundial (2022), \u201cPoblaci\u00f3n total\u201d.&nbsp;Obtenido&nbsp;del Banco Mundial en&nbsp;<a href=\"https:\/\/datos.bancomundial.org\/indicador\/SP.POP.TOTL?locations=HN\" target=\"_blank\" rel=\"noreferrer noopener\">https:\/\/datos.bancomundial.org\/indicador\/SP.POP.TOTL?locations=HN<\/a>, consultado el 6 de julio de 2022<\/p>\n\n\n\n<p class=\"has-small-font-size\">Banco Mundial (2022), \u201cPoblaci\u00f3n entre 0 y 14 a\u00f1os de edad, hombres (% del total) \u2013Honduras\u201d. Obtenido&nbsp;del Banco Mundial&nbsp;en&nbsp;<a href=\"https:\/\/datos.bancomundial.org\/indicator\/SP.POP.0014.MA.ZS?end=2020&amp;locations=HN&amp;start=2020&amp;view=map\" target=\"_blank\" rel=\"noreferrer noopener\">https:\/\/datos.bancomundial.org\/indicator\/SP.POP.0014.MA.ZS?end=2020&amp;locations=HN&amp;start=2020&amp;view=map<\/a>, consultado el 6 de julio del 2022.<\/p>\n\n\n\n<p class=\"has-small-font-size\"><a href=\"http:\/\/casa-alianza.org.hn\/new.casa-alianza.org.hn\/datos_descargables\/observatorio\/Informes-2022\/InformesMensuales\/Informe_mensual_marzo_2022.pdf\" target=\"_blank\" rel=\"noreferrer noopener\">Casa Alianza Honduras (Marzo 2022)&nbsp;<\/a>Informe mensual de la situaci\u00f3n de los derechos de las ni\u00f1as, ni\u00f1os y j\u00f3venes en Honduras. Obtenido de Casa Alianza Honduras en<a href=\"http:\/\/casa-alianza.org.hn\/new.casa-alianza.org.hn\/datos_descargables\/observatorio\/Informes-2022\/InformesMensuales\/Informe_mensual_marzo_2022.pdf\" target=\"_blank\" rel=\"noreferrer noopener\">http:\/\/casa-alianza.org.hn\/new.casa-alianza.org.hn\/datos_descargables\/observatorio\/Informes-2022\/InformesMensuales\/Informe_mensual_marzo_2022.pdf<\/a>, consultado el 6 de julio del 2022.<\/p>\n\n\n\n<p class=\"has-small-font-size\">Caso de los \u201cNi\u00f1os de la Calle\u201d (Villagr\u00e1n Morales y otros vs. Guatemala) Corte Interamericana de Derechos Humanos (19 de noviembre 1999).<\/p>\n\n\n\n<p class=\"has-small-font-size\">Comisi\u00f3n Interamericana de Derechos Humanos (27 de agosto 2019)&nbsp;Informe de pa\u00eds. Situaci\u00f3n de derechos humanos en Honduras.OEA\/Ser.L\/V\/II. Doc. 146. Obtenido de CIDH en <a href=\"http:\/\/www.oas.org\/es\/cidh\/informes\/pdfs\/Honduras2019.pdf\" target=\"_blank\" rel=\"noreferrer noopener\">http:\/\/www.oas.org\/es\/cidh\/informes\/pdfs\/Honduras2019.pdf<\/a>, consultado el 6 de julio del 2022.<\/p>\n\n\n\n<p class=\"has-small-font-size\">Comit\u00e9 de los Derechos del Ni\u00f1o (3 de Julio 2015)&nbsp;Observaciones finales sobre los informes peri\u00f3dicos cuarto y quinto combinados de Honduras, CRC\/C\/HND\/CO\/4-5. Obtenido de <a href=\"https:\/\/documents-dds-ny.un.org\/doc\/UNDOC\/GEN\/G15\/146\/08\/PDF\/G1514608.pdf?OpenElement\" target=\"_blank\" rel=\"noreferrer noopener\">https:\/\/documents-dds-ny.un.org\/doc\/UNDOC\/GEN\/G15\/146\/08\/PDF\/G1514608.pdf?OpenElement<\/a>, consultado el 6 de julio del 2022.&nbsp;<\/p>\n\n\n\n<p class=\"has-small-font-size\">El Heraldo (1 de enero 2022) Baja Escolaridad y pobreza, problemas de la educaci\u00f3n en este 2022. Obtenido de <a href=\"https:\/\/www.elheraldo.hn\/honduras\/baja-escolaridad-pobreza-problemas-educacion-honduras-2022-PYEH1507945\" target=\"_blank\" rel=\"noreferrer noopener\">https:\/\/www.elheraldo.hn\/honduras\/baja-escolaridad-pobreza-problemas-educacion-honduras-2022-PYEH1507945<\/a>, consultado el 6 de julio del 2022.<\/p>\n\n\n\n<p class=\"has-small-font-size\">FAO, FIDA, OMS, PMA y UNICEF (2021)El estado de la seguridad alimentaria y la nutrici\u00f3n en el mundo 2021. Transformaci\u00f3n de los sistemas alimentarios en aras de la seguridad alimentaria, una nutrici\u00f3n mejorada y dietas asequibles y saludables para todos. Obtenido de <a href=\"https:\/\/www.fao.org\/3\/cb4474es\/cb4474es.pdf\" target=\"_blank\" rel=\"noreferrer noopener\">https:\/\/www.fao.org\/3\/cb4474es\/cb4474es.pdf<\/a>, consultado el 6 de julio del 2022.<\/p>\n\n\n\n<p class=\"has-small-font-size\">Fondo de las Naciones Unidas para la Infancia (UNICEF) (2016) Ahora lo urgente. Impacto de la sequ\u00eda en las ni\u00f1as, ni\u00f1os y adolescentes del corredor seco de Honduras. Obtenido de <a href=\"https:\/\/www.unicef.org\/honduras\/media\/486\/file\/Ahora-lo-urgente-sequ%C3%ADa-estudio-2016.pdf\" target=\"_blank\" rel=\"noreferrer noopener\">https:\/\/www.unicef.org\/honduras\/media\/486\/file\/Ahora-lo-urgente-sequ%C3%ADa-estudio-2016.pdf<\/a>,&nbsp; consultado el 6 de julio del 2022.<\/p>\n\n\n\n<p class=\"has-small-font-size\">Fondo de las Naciones Unidas para la Infancia (UNICEF) (2016)Los m\u00faltiples rostros de la pobreza infantil en Honduras: Un desaf\u00edo prioritario. Obtenido de <a href=\"https:\/\/www.unicef.org\/honduras\/media\/441\/file\/Los-multiples-rostros-de-la-pobreza-infantil-Honduras-estudio-2017.pdf\" target=\"_blank\" rel=\"noreferrer noopener\">https:\/\/www.unicef.org\/honduras\/media\/441\/file\/Los-multiples-rostros-de-la-pobreza-infantil-Honduras-estudio-2017.pdf<\/a>, consultado el 6 de julio del 2022.<\/p>\n\n\n\n<p class=\"has-small-font-size\">Fondo de las Naciones Unidas para la Infancia (UNICEF) (2018) Informe de situaci\u00f3n sobre los derechos de la ni\u00f1ez y adolescencia en Honduras. Obtenido de <a href=\"https:\/\/www.unicef.org\/honduras\/media\/176\/file\/SITAN-informe-2018.pdf\" target=\"_blank\" rel=\"noreferrer noopener\">https:\/\/www.unicef.org\/honduras\/media\/176\/file\/SITAN-informe-2018.pdf<\/a>, consultado el 6 de julio del 2022.<\/p>\n\n\n\n<p class=\"has-small-font-size\">Fondo de las Naciones Unidas para la Infancia (UNICEF) (2019) Protecci\u00f3n de la ni\u00f1ez frente a la violencia. Obtenido de <a href=\"https:\/\/www.unicef.org\/honduras\/que-hacemos\/protecci%C3%B3n-de-la-ni%C3%B1ez-frente-la-violencia\" target=\"_blank\" rel=\"noreferrer noopener\">https:\/\/www.unicef.org\/honduras\/que-hacemos\/protecci%C3%B3n-de-la-ni%C3%B1ez-frente-la-violencia<\/a>,consultado el 6 de julio del 2022.<\/p>\n\n\n\n<p class=\"has-small-font-size\">Fondo de las Naciones Unidas para la Infancia <a href=\"https:\/\/www.unicef.org\/honduras\/comunicados-prensa\/miles-de-ni%C3%B1os-ni%C3%B1as-y-adolescentes-a%C3%BAn-se-encuentran-en-albergues-temporales\">UNICEF (2020)&nbsp;Miles de ni\u00f1os, ni\u00f1as y adolescentes a\u00fan se encuentran en albergues temporales como resultado del Hurac\u00e1n ETA<\/a>. Obtenido de <a href=\"https:\/\/www.unicef.org\/honduras\/comunicados-prensa\/miles-de-ni%C3%B1os-ni%C3%B1as-y-adolescentes-a%C3%BAn-se-encuentran-en-albergues-temporales\" target=\"_blank\" rel=\"noreferrer noopener\">https:\/\/www.unicef.org\/honduras\/comunicados-prensa\/miles-de-ni%C3%B1os-ni%C3%B1as-y-adolescentes-a%C3%BAn-se-encuentran-en-albergues-temporales<\/a>, consultado el 6 de julio del 2022.<\/p>\n\n\n\n<p class=\"has-small-font-size\">Fondo de las Naciones Unidas para la Infancia (UNICEF)<a href=\"https:\/\/www.unicef.org\/media\/100296\/file\/Honduras-2020-COAR.pdf\" target=\"_blank\" rel=\"noreferrer noopener\"> (2020)&nbsp;<\/a>Country Office Anual Report 2020. Honduras. Obtenido de <a href=\"https:\/\/www.unicef.org\/media\/100296\/file\/Honduras-2020-COAR.pdf\" target=\"_blank\" rel=\"noreferrer noopener\">https:\/\/www.unicef.org\/media\/100296\/file\/Honduras-2020-COAR.pdf<\/a>, consultado el 6 de julio del 2022.<\/p>\n\n\n\n<p class=\"has-small-font-size\">Fondo de las Naciones Unidas para la Infancia (UNICEF) (27 de diciembre 2021) Documento del programa para el pa\u00eds. Honduras, E\/ICEF\/2022\/P\/L.10. Obtenido de<a href=\"https:\/\/www.unicef.org\/executiveboard\/media\/9051\/file\/2022-PL10-Honduras-CPD-ES-ODS.pdf\" target=\"_blank\" rel=\"noreferrer noopener\">https:\/\/www.unicef.org\/executiveboard\/media\/9051\/file\/2022-PL10-Honduras-CPD-ES-ODS.pdf<\/a>, consultado el 6 de julio del 2022.&nbsp;<\/p>\n\n\n\n<p class=\"has-small-font-size\">Gobierno de Espa\u00f1a. Ministerio de Asuntos Exteriores, Uni\u00f3n Europea y Cooperaci\u00f3n (23 de julio de 2021) La educaci\u00f3n, en riesgo extremo en Honduras. Obtenido de https:\/\/www.aecid.es\/ES\/Paginas\/Sala%20de%20Prensa\/Historias\/23_07_21_Educaci%C3%B3nHonduras.aspx, consultado el 6 de julio del 2022.&nbsp;<\/p>\n\n\n\n<p class=\"has-small-font-size\">Organizaci\u00f3n Panamericana de la Salud. Organizaci\u00f3n Mundial de la Salud (2022) Honduras. Obtenido de <a href=\"https:\/\/www.paho.org\/es\/honduras#:~:text=Los%20a%C3%B1os%20medios%20de%20educaci%C3%B3n,de%2062.8%20a%C3%B1os%20(2019)\" target=\"_blank\" rel=\"noreferrer noopener\">https:\/\/www.paho.org\/es\/honduras#:~:text=Los%20a%C3%B1os%20medios%20de%20educaci%C3%B3n,de%2062.8%20a%C3%B1os%20(2019)<\/a>, consultado el 6 de julio del 2022.<\/p>\n\n\n\n<p class=\"has-small-font-size\">Instituto Nacional de Estad\u00edstica (INE) (2021)&nbsp;Encuesta Permanente de Hogares de Prop\u00f3sitos M\u00faltiples. Obtenido de https:\/\/www.ine.gob.hn\/V3\/ephpm\/<a href=\"https:\/\/www.unicef.org\/honduras\/media\/176\/file\/SITAN-informe-2018.pdf\" target=\"_blank\" rel=\"noreferrer noopener\">https:\/\/www.unicef.org\/honduras\/media\/176\/file\/SITAN-informe-2018.pdf<\/a>, consultado el 6 de julio del 2022.<\/p>\n\n\n\n<p class=\"has-small-font-size\">Oficina del Alto Comisionado de las Naciones Unidas para los Derechos Humanos en Honduras (OACNUDH) (4 de marzo 2022) Informe del Alto Comisionado de las NU para los Derechos Humanos sobre la situaci\u00f3n de los derechos humanos en Honduras, A\/HRC\/49\/21. Obtenido de OHCHR en <a href=\"https:\/\/www.ohchr.org\/sites\/default\/files\/2022-03\/A_HRC_49_21_AdvanceUneditedVersion.docx\" target=\"_blank\" rel=\"noreferrer noopener\">https:\/\/www.ohchr.org\/sites\/default\/files\/2022-03\/A_HRC_49_21_AdvanceUneditedVersion.docx<\/a>, consultado el 6 de julio del 2022.&nbsp;<\/p>\n\n\n\n<p class=\"has-small-font-size\">Organizaci\u00f3n Internacional del Trabajo (OIT) (2021) Ficha T\u00e9cnica. Empleo y Migraci\u00f3n Honduras 2021. Obtenido de https:\/\/www.ilo.org\/wcmsp5\/groups\/public\/&#8212;americas\/&#8212;ro-lima\/&#8212;sro-san_jose\/documents\/publication\/wcms_831266.pdf, consultado el 6 de julio del 2022.<\/p>\n\n\n\n<p class=\"has-small-font-size\">Observatorio Consular y Migratorio de Honduras (CONMIGHO) (2021) Retornados 2021. Obtenido de <a href=\"https:\/\/conmigho.hn\/retornados-2021\/\" target=\"_blank\" rel=\"noreferrer noopener\">https:\/\/conmigho.hn\/retornados-2021\/<\/a>, consultado el 6 de julio del 2022.<\/p>\n\n\n\n<p class=\"has-small-font-size\"><a href=\"http:\/\/ojs.uc.cl\/index.php\/rcp\/article\/view\/8290\/7748\" target=\"_blank\" rel=\"noreferrer noopener\">Taylor-Robinson, Michelle M., Honduras: Una Mezcla de Cambio y Continuidad, Vol. 29 No. 2 (Departamento de Ciencias Pol\u00edticas, Texas A&amp;M University, 2009)<\/a> 471-489.<\/p>\n\n\n\n<p class=\"has-small-font-size\"><a href=\"https:\/\/www.dol.gov\/sites\/dolgov\/files\/ILAB\/child_labor_reports\/tda2020\/Honduras.pdf\" target=\"_blank\" rel=\"noreferrer noopener\">US. Bureau of International Affairs (2020)Findingsontheworstformsof<\/a>child labor: Honduras. Obtenido de <a href=\"https:\/\/www.dol.gov\/sites\/dolgov\/files\/ILAB\/child_labor_reports\/tda2020\/Honduras.pdf\" target=\"_blank\" rel=\"noreferrer noopener\">https:\/\/www.dol.gov\/sites\/dolgov\/files\/ILAB\/child_labor_reports\/tda2020\/Honduras.pdf<\/a>, consultado el 6 de julio del 2022.<\/p>\n\n\n\n<hr class=\"wp-block-separator has-alpha-channel-opacity\"\/>\n\n\n\n<p class=\"has-small-font-size\"><a href=\"#_ftnref1\">[1]<\/a> Dieser Artikel erhebt keineswegs den Anspruch, eine vollst\u00e4ndige oder repr\u00e4sentative Darstellung der Kinderrechte in Honduras zu geben; tats\u00e4chlich ist eine der vielen Herausforderungen der Mangel an aktuellen Informationen \u00fcber honduranische Kinder, von denen viele unzuverl\u00e4ssig, nicht repr\u00e4sentativ, veraltet oder einfach nicht vorhanden sind.<\/p>\n","protected":false},"excerpt":{"rendered":"<p>Durchsetzung der Kinderrechte in Honduras Es ist unbestreitbar, dass die Covid-19-Pandemie und die verschiedenen Naturkatastrophen, die die honduranische Bev\u00f6lkerung aufgrund des Klimawandels erlebt hat, sich negativ auf die Situation der Kinder in Honduras ausgewirkt haben. Allerdings muss darauf hingewiesen werden, dass es bereits seit langem verschiedene Ph\u00e4nomene und Herausforderungen gibt. Armut, Migration, sexuelle Gewalt und [&hellip;]<\/p>\n","protected":false},"author":1,"featured_media":0,"parent":0,"menu_order":0,"comment_status":"closed","ping_status":"closed","template":"","meta":{"footnotes":""},"class_list":["post-6223","page","type-page","status-publish","hentry"],"yoast_head":"<!-- This site is optimized with the Yoast SEO plugin v26.5 - https:\/\/yoast.com\/wordpress\/plugins\/seo\/ -->\n<title>Die Kinder von Honduras - Humanium<\/title>\n<meta name=\"description\" content=\"Armut, Migration, sexuelle Gewalt und Unsicherheit sind aktuelle Probleme, mit denen Kinder in Honduras konfrontiert sind.\" \/>\n<meta name=\"robots\" content=\"index, follow, max-snippet:-1, max-image-preview:large, max-video-preview:-1\" \/>\n<link rel=\"canonical\" href=\"https:\/\/www.humanium.org\/de\/honduras\/\" \/>\n<meta property=\"og:locale\" content=\"de_DE\" \/>\n<meta property=\"og:type\" content=\"article\" \/>\n<meta property=\"og:title\" content=\"Die Kinder von Honduras - Humanium\" \/>\n<meta property=\"og:description\" content=\"Armut, Migration, sexuelle Gewalt und Unsicherheit sind aktuelle Probleme, mit denen Kinder in Honduras konfrontiert sind.\" \/>\n<meta property=\"og:url\" content=\"https:\/\/www.humanium.org\/de\/honduras\/\" \/>\n<meta property=\"og:site_name\" content=\"Humanium\" \/>\n<meta property=\"article:modified_time\" content=\"2025-12-06T06:19:58+00:00\" \/>\n<meta property=\"og:image\" content=\"https:\/\/www.humanium.org\/de\/wp-content\/uploads\/2023\/04\/Shutterstock_745494376.jpg\" \/>\n\t<meta property=\"og:image:width\" content=\"400\" \/>\n\t<meta property=\"og:image:height\" content=\"400\" \/>\n\t<meta property=\"og:image:type\" content=\"image\/jpeg\" \/>\n<meta name=\"twitter:card\" content=\"summary_large_image\" \/>\n<meta name=\"twitter:label1\" content=\"Gesch\u00e4tzte Lesezeit\" \/>\n\t<meta name=\"twitter:data1\" content=\"22\u00a0Minuten\" \/>\n<script type=\"application\/ld+json\" class=\"yoast-schema-graph\">{\"@context\":\"https:\/\/schema.org\",\"@graph\":[{\"@type\":\"WebPage\",\"@id\":\"https:\/\/www.humanium.org\/de\/honduras\/\",\"url\":\"https:\/\/www.humanium.org\/de\/honduras\/\",\"name\":\"Die Kinder von Honduras - Humanium\",\"isPartOf\":{\"@id\":\"https:\/\/www.humanium.org\/de\/#website\"},\"primaryImageOfPage\":{\"@id\":\"https:\/\/www.humanium.org\/de\/honduras\/#primaryimage\"},\"image\":{\"@id\":\"https:\/\/www.humanium.org\/de\/honduras\/#primaryimage\"},\"thumbnailUrl\":\"https:\/\/www.humanium.org\/de\/wp-content\/uploads\/2023\/04\/Shutterstock_745494376.jpg\",\"datePublished\":\"2016-03-29T00:52:41+00:00\",\"dateModified\":\"2025-12-06T06:19:58+00:00\",\"description\":\"Armut, Migration, sexuelle Gewalt und Unsicherheit sind aktuelle Probleme, mit denen Kinder in Honduras konfrontiert sind.\",\"breadcrumb\":{\"@id\":\"https:\/\/www.humanium.org\/de\/honduras\/#breadcrumb\"},\"inLanguage\":\"de\",\"potentialAction\":[{\"@type\":\"ReadAction\",\"target\":[\"https:\/\/www.humanium.org\/de\/honduras\/\"]}]},{\"@type\":\"ImageObject\",\"inLanguage\":\"de\",\"@id\":\"https:\/\/www.humanium.org\/de\/honduras\/#primaryimage\",\"url\":\"https:\/\/www.humanium.org\/de\/wp-content\/uploads\/2023\/04\/Shutterstock_745494376.jpg\",\"contentUrl\":\"https:\/\/www.humanium.org\/de\/wp-content\/uploads\/2023\/04\/Shutterstock_745494376.jpg\",\"width\":400,\"height\":400},{\"@type\":\"BreadcrumbList\",\"@id\":\"https:\/\/www.humanium.org\/de\/honduras\/#breadcrumb\",\"itemListElement\":[{\"@type\":\"ListItem\",\"position\":1,\"name\":\"Home\",\"item\":\"https:\/\/www.humanium.org\/de\/\"},{\"@type\":\"ListItem\",\"position\":2,\"name\":\"Die Kinder von Honduras\"}]},{\"@type\":\"WebSite\",\"@id\":\"https:\/\/www.humanium.org\/de\/#website\",\"url\":\"https:\/\/www.humanium.org\/de\/\",\"name\":\"Humanium\",\"description\":\"Kinder zuerst!\",\"potentialAction\":[{\"@type\":\"SearchAction\",\"target\":{\"@type\":\"EntryPoint\",\"urlTemplate\":\"https:\/\/www.humanium.org\/de\/?s={search_term_string}\"},\"query-input\":{\"@type\":\"PropertyValueSpecification\",\"valueRequired\":true,\"valueName\":\"search_term_string\"}}],\"inLanguage\":\"de\"}]}<\/script>\n<!-- \/ Yoast SEO plugin. -->","yoast_head_json":{"title":"Die Kinder von Honduras - Humanium","description":"Armut, Migration, sexuelle Gewalt und Unsicherheit sind aktuelle Probleme, mit denen Kinder in Honduras konfrontiert sind.","robots":{"index":"index","follow":"follow","max-snippet":"max-snippet:-1","max-image-preview":"max-image-preview:large","max-video-preview":"max-video-preview:-1"},"canonical":"https:\/\/www.humanium.org\/de\/honduras\/","og_locale":"de_DE","og_type":"article","og_title":"Die Kinder von Honduras - Humanium","og_description":"Armut, Migration, sexuelle Gewalt und Unsicherheit sind aktuelle Probleme, mit denen Kinder in Honduras konfrontiert sind.","og_url":"https:\/\/www.humanium.org\/de\/honduras\/","og_site_name":"Humanium","article_modified_time":"2025-12-06T06:19:58+00:00","og_image":[{"width":400,"height":400,"url":"https:\/\/www.humanium.org\/de\/wp-content\/uploads\/2023\/04\/Shutterstock_745494376.jpg","type":"image\/jpeg"}],"twitter_card":"summary_large_image","twitter_misc":{"Gesch\u00e4tzte Lesezeit":"22\u00a0Minuten"},"schema":{"@context":"https:\/\/schema.org","@graph":[{"@type":"WebPage","@id":"https:\/\/www.humanium.org\/de\/honduras\/","url":"https:\/\/www.humanium.org\/de\/honduras\/","name":"Die Kinder von Honduras - Humanium","isPartOf":{"@id":"https:\/\/www.humanium.org\/de\/#website"},"primaryImageOfPage":{"@id":"https:\/\/www.humanium.org\/de\/honduras\/#primaryimage"},"image":{"@id":"https:\/\/www.humanium.org\/de\/honduras\/#primaryimage"},"thumbnailUrl":"https:\/\/www.humanium.org\/de\/wp-content\/uploads\/2023\/04\/Shutterstock_745494376.jpg","datePublished":"2016-03-29T00:52:41+00:00","dateModified":"2025-12-06T06:19:58+00:00","description":"Armut, Migration, sexuelle Gewalt und Unsicherheit sind aktuelle Probleme, mit denen Kinder in Honduras konfrontiert sind.","breadcrumb":{"@id":"https:\/\/www.humanium.org\/de\/honduras\/#breadcrumb"},"inLanguage":"de","potentialAction":[{"@type":"ReadAction","target":["https:\/\/www.humanium.org\/de\/honduras\/"]}]},{"@type":"ImageObject","inLanguage":"de","@id":"https:\/\/www.humanium.org\/de\/honduras\/#primaryimage","url":"https:\/\/www.humanium.org\/de\/wp-content\/uploads\/2023\/04\/Shutterstock_745494376.jpg","contentUrl":"https:\/\/www.humanium.org\/de\/wp-content\/uploads\/2023\/04\/Shutterstock_745494376.jpg","width":400,"height":400},{"@type":"BreadcrumbList","@id":"https:\/\/www.humanium.org\/de\/honduras\/#breadcrumb","itemListElement":[{"@type":"ListItem","position":1,"name":"Home","item":"https:\/\/www.humanium.org\/de\/"},{"@type":"ListItem","position":2,"name":"Die Kinder von Honduras"}]},{"@type":"WebSite","@id":"https:\/\/www.humanium.org\/de\/#website","url":"https:\/\/www.humanium.org\/de\/","name":"Humanium","description":"Kinder zuerst!","potentialAction":[{"@type":"SearchAction","target":{"@type":"EntryPoint","urlTemplate":"https:\/\/www.humanium.org\/de\/?s={search_term_string}"},"query-input":{"@type":"PropertyValueSpecification","valueRequired":true,"valueName":"search_term_string"}}],"inLanguage":"de"}]}},"_links":{"self":[{"href":"https:\/\/www.humanium.org\/de\/wp-json\/wp\/v2\/pages\/6223","targetHints":{"allow":["GET"]}}],"collection":[{"href":"https:\/\/www.humanium.org\/de\/wp-json\/wp\/v2\/pages"}],"about":[{"href":"https:\/\/www.humanium.org\/de\/wp-json\/wp\/v2\/types\/page"}],"author":[{"embeddable":true,"href":"https:\/\/www.humanium.org\/de\/wp-json\/wp\/v2\/users\/1"}],"replies":[{"embeddable":true,"href":"https:\/\/www.humanium.org\/de\/wp-json\/wp\/v2\/comments?post=6223"}],"version-history":[{"count":19,"href":"https:\/\/www.humanium.org\/de\/wp-json\/wp\/v2\/pages\/6223\/revisions"}],"predecessor-version":[{"id":20576,"href":"https:\/\/www.humanium.org\/de\/wp-json\/wp\/v2\/pages\/6223\/revisions\/20576"}],"wp:attachment":[{"href":"https:\/\/www.humanium.org\/de\/wp-json\/wp\/v2\/media?parent=6223"}],"curies":[{"name":"wp","href":"https:\/\/api.w.org\/{rel}","templated":true}]}}