{"id":6357,"date":"2016-04-19T13:21:42","date_gmt":"2016-04-19T13:21:42","guid":{"rendered":"http:\/\/www.humanium.org\/de\/?page_id=6357"},"modified":"2026-08-30T15:53:39","modified_gmt":"2026-08-30T15:53:39","slug":"italien","status":"publish","type":"page","link":"https:\/\/www.humanium.org\/de\/italien\/","title":{"rendered":"Kinder in Italien"},"content":{"rendered":"\n<h2 class=\"wp-block-heading\"><strong>Verwirklichung der Kinderrechte in Italien<\/strong><\/h2>\n\n\n\n<div class=\"wp-block-columns is-layout-flex wp-container-core-columns-is-layout-8f761849 wp-block-columns-is-layout-flex\">\n<div class=\"wp-block-column is-layout-flow wp-block-column-is-layout-flow\"><div class=\"wp-block-image is-style-rounded\">\n<figure class=\"aligncenter size-full is-resized\"><img decoding=\"async\" src=\"https:\/\/www.humanium.org\/en\/wp-content\/uploads\/2026\/08\/shutterstock_1689243850_edited-scaled.jpeg\" alt=\"\" class=\"wp-image-91966\" style=\"object-fit:cover;width:200px;height:200px\"\/><\/figure>\n<\/div><\/div>\n\n\n\n<div class=\"wp-block-column is-layout-flow wp-block-column-is-layout-flow\"><div class=\"wp-block-image is-style-rounded\">\n<figure class=\"aligncenter size-full is-resized\"><img decoding=\"async\" src=\"https:\/\/www.humanium.org\/en\/wp-content\/uploads\/2026\/08\/shutterstock_2415426101_edited-scaled.jpeg\" alt=\"\" class=\"wp-image-91967\" style=\"object-fit:cover;width:200px;height:200px\"\/><\/figure>\n<\/div><\/div>\n<\/div>\n\n\n\n<p class=\"wp-block-paragraph\"><strong><strong>Italien verf\u00fcgt \u00fcber ein solides System zum Schutz und zur Entwicklung von Kindern, dessen Legitimit\u00e4t auf einer langen Tradition funktionierender nationaler Institutionen beruht. Das Land hat zudem alle wichtigen internationalen Rechtsrahmen zum Schutz der Kinderrechte ratifiziert. Dennoch sind weitere Fortschritte erforderlich, um die Schulbesuchsquote und die <a href=\"https:\/\/www.humanium.org\/de\/recht-bildung-weltweit\/\">schulischen<\/a> Leistungen von Kindern zu verbessern, die nationale Widerstandsf\u00e4higkeit gegen <a href=\"https:\/\/www.humanium.org\/de\/themenschwerpunkte\/ausbeutung\/\">Ausbeutung<\/a> und <a href=\"https:\/\/www.humanium.org\/de\/misshandlung\/\">Missbrauch<\/a> von Kindern zu st\u00e4rken und diese zu sch\u00fctzen, die andernfalls faktisch <a href=\"https:\/\/www.humanium.org\/de\/staatenlos-und-unsichtbar\/\">staatenlos<\/a> w\u00e4ren.<\/strong><\/strong><\/p>\n\n\n\n<iframe src=\"https:\/\/www.google.com\/maps\/embed?pb=!1m18!1m12!1m3!1d6150146.836904989!2d7.426871937622692!3d41.178136989968834!2m3!1f0!2f0!3f0!3m2!1i1024!2i768!4f13.1!3m3!1m2!1s0x12d4fe82448dd203%3A0xe22cf55c24635e6f!2sItaly!5e0!3m2!1sen!2shr!4v1788103685181!5m2!1sen!2shr\" width=\"600\" height=\"450\" style=\"border:0;\" allowfullscreen=\"\" loading=\"lazy\" referrerpolicy=\"strict-origin-when-cross-origin\"><\/iframe>\n\n\n\n<div class=\"wp-block-columns is-layout-flex wp-container-core-columns-is-layout-8f761849 wp-block-columns-is-layout-flex\">\n<div class=\"wp-block-column is-layout-flow wp-block-column-is-layout-flow\">\n<p class=\"wp-block-paragraph\"><strong>Bev\u00f6lkerung<\/strong>: 58,9 Millionen<br><strong>Anteil der Bev\u00f6lkerung im Alter von 0\u201314 Jahren:<\/strong> 11,9 %<\/p>\n<\/div>\n\n\n\n<div class=\"wp-block-column is-layout-flow wp-block-column-is-layout-flow\">\n<p class=\"wp-block-paragraph\"><strong>Lebenserwartung:<\/strong> 83,4 Jahre<br><strong>Kindersterblichkeitsrate unter 5 Jahren:<\/strong> 2,8 \u2030<\/p>\n<\/div>\n<\/div>\n\n\n\n<h2 class=\"wp-block-heading\"><strong>Italien auf einen Blick<\/strong><\/h2>\n\n\n\n<p class=\"wp-block-paragraph\">Italien, offiziell Italia oder Repubblica Italiana, ist ein s\u00fcdmitteleurop\u00e4isches Land auf einer Halbinsel im Mittelmeer. Im Norden grenzt es an die Alpen, die Italien von <a href=\"https:\/\/www.humanium.org\/de\/frankreich\/\">Frankreich<\/a>, der <a href=\"https:\/\/www.humanium.org\/de\/schweiz\/\">Schweiz<\/a>, <a href=\"https:\/\/www.humanium.org\/de\/osterreich\/\">\u00d6sterreich<\/a> und <a href=\"https:\/\/www.humanium.org\/de\/slowenien\/\">Slowenien<\/a> trennen. Italien ist vom Mittelmeer umgeben: im Nordosten grenzt es an die Adria, im S\u00fcdosten an das Ionische Meer, im S\u00fcdwesten an das Tyrrhenische Meer und im Nordwesten an das Ligurische Meer (Signoretta et al., 2025).<\/p>\n\n\n<div class=\"wp-block-image\">\n<figure class=\"alignleft size-large is-resized\"><img loading=\"lazy\" decoding=\"async\" width=\"1024\" height=\"683\" src=\"https:\/\/www.humanium.org\/de\/wp-content\/uploads\/2026\/08\/shutterstock_2239747485-1024x683.jpg\" alt=\"\" class=\"wp-image-22701\" style=\"aspect-ratio:1.499330655957162;width:374px;height:auto\" srcset=\"https:\/\/www.humanium.org\/de\/wp-content\/uploads\/2026\/08\/shutterstock_2239747485-1024x683.jpg 1024w, https:\/\/www.humanium.org\/de\/wp-content\/uploads\/2026\/08\/shutterstock_2239747485-300x200.jpg 300w, https:\/\/www.humanium.org\/de\/wp-content\/uploads\/2026\/08\/shutterstock_2239747485-768x512.jpg 768w, https:\/\/www.humanium.org\/de\/wp-content\/uploads\/2026\/08\/shutterstock_2239747485-1536x1024.jpg 1536w, https:\/\/www.humanium.org\/de\/wp-content\/uploads\/2026\/08\/shutterstock_2239747485-2048x1365.jpg 2048w, https:\/\/www.humanium.org\/de\/wp-content\/uploads\/2026\/08\/shutterstock_2239747485-830x553.jpg 830w, https:\/\/www.humanium.org\/de\/wp-content\/uploads\/2026\/08\/shutterstock_2239747485-230x153.jpg 230w, https:\/\/www.humanium.org\/de\/wp-content\/uploads\/2026\/08\/shutterstock_2239747485-350x233.jpg 350w, https:\/\/www.humanium.org\/de\/wp-content\/uploads\/2026\/08\/shutterstock_2239747485-480x320.jpg 480w, https:\/\/www.humanium.org\/de\/wp-content\/uploads\/2026\/08\/shutterstock_2239747485-272x182.jpg 272w\" sizes=\"auto, (max-width: 1024px) 100vw, 1024px\" \/><\/figure>\n<\/div>\n\n\n<p class=\"wp-block-paragraph\">Italiens Geschichte ist ma\u00dfgeblich von seiner Rolle als Zentrum des R\u00f6mischen Reiches gepr\u00e4gt. Rom, die Hauptstadt des Landes, ist eine der \u00e4ltesten St\u00e4dte der Welt und ber\u00fchmt f\u00fcr ihre antiken Monumente und kulturellen Sehensw\u00fcrdigkeiten. Diese spiegeln seine historische Bedeutung als Zentrum des R\u00f6mischen Reiches wider. Zu den antiken Monumenten Roms z\u00e4hlen das Kolosseum, das Pantheon, der Petersdom, der Trevi-Brunnen, die Engelsburg, die Spanische Treppe und die Vatikanischen Museen, die Meisterwerke Michelangelos beherbergen. Zu den weiteren bedeutenden St\u00e4dten Italiens z\u00e4hlen Mailand, das Mode- und Wirtschaftszentrum, Neapel, Genua, der historische Seehafen, Venedig, bekannt f\u00fcr sein Kanalsystem, Pisa, ber\u00fchmt f\u00fcr den Schiefen Turm, und die Amalfik\u00fcste (Signoretta et al., 2025).<\/p>\n\n\n\n<p class=\"wp-block-paragraph\">Die physische Geografie Italiens ist \u00e4u\u00dferst vielf\u00e4ltig und hat die Siedlungsstrukturen, die Wirtschaftsaktivit\u00e4ten und die regionalen Unterschiede ma\u00dfgeblich gepr\u00e4gt. Entlang der Nordgrenze wird das Land von den Alpen dominiert, die eine nat\u00fcrliche Barriere zum \u00fcbrigen Europa bilden und einige der h\u00f6chsten Gipfel Europas, wie den Mont Blanc, beherbergen. Die zwei gr\u00f6\u00dften Inseln Italiens sind Sizilien und Sardinien. Sizilien, die gr\u00f6\u00dfte Insel im Mittelmeer, beherbergt mit dem \u00c4tna einen der aktivsten Vulkane der Welt (Signoretta et al., 2025).<\/p>\n\n\n\n<h2 class=\"wp-block-heading\"><strong>Status der Kinderrechte <a href=\"#_ftn1\" id=\"_ftnref1\"><strong>[1]<\/strong><\/a><\/strong><\/h2>\n\n\n\n<p class=\"wp-block-paragraph\">Italien hat zahlreiche internationale Abkommen zum Schutz der Kinderrechte unterzeichnet. 1991 ratifizierte die Regierung die <a href=\"https:\/\/www.humanium.org\/de\/konvention\/\">UN-Kinderrechtskonvention<\/a>. Italien ist au\u00dferdem Vertragsstaat des <a href=\"https:\/\/www.humanium.org\/de\/konvention-beseitigung-jeder-form-von-diskriminierung-der-frau\/\">\u00dcbereinkommens zur Beseitigung jeder Form von Diskriminierung der Frau<\/a> (CEDAW), das 1985 ratifiziert wurde; des <a href=\"https:\/\/www.humanium.org\/de\/internationales-ubereinkommen-zur-beseitigung-jeder-form-von-rassendiskriminierung\/\">Internationalen \u00dcbereinkommens zur Beseitigung jeder Form von Rassendiskriminierung<\/a>, das 1976 ratifiziert wurde; und des Internationalen Pakts \u00fcber b\u00fcrgerliche und politische Rechte (ICCPR), das 1978 ratifiziert wurde.<\/p>\n\n\n\n<p class=\"wp-block-paragraph\">Die Regierung ratifizierte 2002 das <a href=\"https:\/\/www.humanium.org\/de\/protokoll-beteiligung-von-kindern-konflikten\/\">Fakultativprotokoll zum \u00dcbereinkommen \u00fcber die Rechte des Kindes betreffend die Beteiligung von Kindern an bewaffneten Konflikten<\/a> und den <a href=\"https:\/\/www.humanium.org\/de\/zusatzprotokoll-zur-kinderrechts-konvention-betreffend-kinderhandel-kinderprostitution-und-kinderpornographie-2000\/\">Verkauf von Kindern, Kinderprostitution und Kinderpornografie<\/a>. Bereits im Jahr 2000 ratifizierte sie das \u00dcbereinkommen der Internationalen Arbeitsorganisation (ILO) \u00fcber die <a href=\"https:\/\/www.humanium.org\/de\/konvention-182\/\">schlimmsten Formen der Kinderarbeit<\/a> (ILO, Nr. 182).<\/p>\n\n\n\n<h2 class=\"wp-block-heading\"><strong>Die Bed\u00fcrfnisse von Kindern ber\u00fccksichtigen<\/strong><\/h2>\n\n\n\n<h3 class=\"wp-block-heading\"><a href=\"https:\/\/www.humanium.org\/de\/recht-bildung-weltweit\/\"><strong>Recht auf Bildung<\/strong><\/a><strong><u><\/u><\/strong><\/h3>\n\n\n<div class=\"wp-block-image\">\n<figure class=\"alignright size-large is-resized\"><img loading=\"lazy\" decoding=\"async\" width=\"1024\" height=\"683\" src=\"https:\/\/www.humanium.org\/de\/wp-content\/uploads\/2026\/08\/shutterstock_2508288067-1024x683.jpg\" alt=\"\" class=\"wp-image-22702\" style=\"aspect-ratio:1.499330655957162;width:352px;height:auto\" srcset=\"https:\/\/www.humanium.org\/de\/wp-content\/uploads\/2026\/08\/shutterstock_2508288067-1024x683.jpg 1024w, https:\/\/www.humanium.org\/de\/wp-content\/uploads\/2026\/08\/shutterstock_2508288067-300x200.jpg 300w, https:\/\/www.humanium.org\/de\/wp-content\/uploads\/2026\/08\/shutterstock_2508288067-768x512.jpg 768w, https:\/\/www.humanium.org\/de\/wp-content\/uploads\/2026\/08\/shutterstock_2508288067-1536x1024.jpg 1536w, https:\/\/www.humanium.org\/de\/wp-content\/uploads\/2026\/08\/shutterstock_2508288067-2048x1365.jpg 2048w, https:\/\/www.humanium.org\/de\/wp-content\/uploads\/2026\/08\/shutterstock_2508288067-830x553.jpg 830w, https:\/\/www.humanium.org\/de\/wp-content\/uploads\/2026\/08\/shutterstock_2508288067-230x153.jpg 230w, https:\/\/www.humanium.org\/de\/wp-content\/uploads\/2026\/08\/shutterstock_2508288067-350x233.jpg 350w, https:\/\/www.humanium.org\/de\/wp-content\/uploads\/2026\/08\/shutterstock_2508288067-480x320.jpg 480w, https:\/\/www.humanium.org\/de\/wp-content\/uploads\/2026\/08\/shutterstock_2508288067-272x182.jpg 272w\" sizes=\"auto, (max-width: 1024px) 100vw, 1024px\" \/><\/figure>\n<\/div>\n\n\n<p class=\"wp-block-paragraph\">In Italien wird das Recht auf Bildung vom Ministerium f\u00fcr Bildung und Verdienste (<em>Ministero dell&#8217;istruzione e del merito<\/em> \u2013 MIM) geregelt. Dessen Hauptaufgabe ist die \u00dcberwachung der nationalen Bildungspolitik, des Schulpersonals, der Qualit\u00e4tssicherung, der finanziellen Mittel und der Mindeststandards im Bildungswesen.<\/p>\n\n\n\n<p class=\"wp-block-paragraph\">Das Recht auf Bildung ist in Artikel 34 der Verfassung verankert. Dieser Artikel gew\u00e4hrleistet den Zugang zu Bildung f\u00fcr alle und legt die Schulpflicht und den kostenlosen Schulbesuch fest. Auf lokaler Ebene sind die lokalen Beh\u00f6rden f\u00fcr die Instandhaltung der Schulgel\u00e4nde und die fr\u00fchkindliche Bildung, Betreuung und Erziehung (FBBE) bis zur Sekundarstufe II zust\u00e4ndig (European Commission, 2024).<\/p>\n\n\n\n<p class=\"wp-block-paragraph\">Die Struktur des formalen Bildungswesens in Italien gliedert sich wie folgt (Europ\u00e4ische Kommission, 2024):<\/p>\n\n\n\n<ul class=\"wp-block-list\">\n<li><strong>Fr\u00fchkindliche Bildung, Betreuung und Erziehung (FBBE)<\/strong><ul><li><em>Fr\u00fchkindliche Bildungs- und Betreuungsdienste (Servizi educative per l\u2019infanzia)<\/em> \u2013 f\u00fcr Kinder von 0 bis 3 Jahren. Die Teilnahme ist jedoch nicht verpflichtend. Die Angebote werden von Kommunen und privaten Tr\u00e4gern erbracht und konzentrieren sich auf fr\u00fchkindliche Betreuung, Sozialisierung und die Entwicklung grundlegender F\u00e4higkeiten.<\/li><\/ul>\n<ul class=\"wp-block-list\">\n<li><em>Vorschule und Kindergarten (Scuola dell\u2019infanzi)<\/em> \u2013 f\u00fcr Kinder von 3 bis 6 Jahren. Die Teilnahme ist nicht verpflichtend, wird aber von etwa 90 % der Kinder besucht. In \u00f6ffentlichen Einrichtungen ist der Besuch kostenlos; f\u00fcr Mahlzeiten und Aktivit\u00e4ten fallen jedoch geringe Geb\u00fchren an. Diese Bildungsstufe bereitet die Kinder spielerisch auf die Grundschule vor.<\/li>\n<\/ul>\n<\/li>\n<\/ul>\n\n\n\n<ul class=\"wp-block-list\">\n<li><strong>Grundschule<\/strong> (<em>Scuola primaria<\/em>) \u2013 f\u00fcr Kinder von 6 bis 11 Jahren. Die Teilnahme ist verpflichtend und kostenlos.<\/li>\n<\/ul>\n\n\n\n<ul class=\"wp-block-list\">\n<li><strong>Sekundarstufe<\/strong><ul><li><em>Unterstufe (Scuola secondaria di primo grado)<\/em> \u2013 f\u00fcr Kinder im Alter von 11 bis 14 Jahren. Die Schulpflicht gilt nur bis zum 16. Lebensjahr. F\u00fcr den \u00dcbergang zur Sekundarstufe II ist das Bestehen einer nationalen Abschlusspr\u00fcfung (Esame di terza media) erforderlich.<\/li><\/ul>\n<ul class=\"wp-block-list\">\n<li><em>Sekundarstufe II (Scuola secondaria di secondo grado)<\/em> \u2013 f\u00fcr Jugendliche im Alter von 14 bis 19 Jahren. Die Schulpflicht gilt nur bis zum 16. Lebensjahr. Ab 16 Jahren k\u00f6nnen die Sch\u00fcler zwischen drei f\u00fcnfj\u00e4hrigen Bildungswegen w\u00e4hlen: (1) allgemeinbildende Schulen (<em>liceo<\/em>), (2) technische Bildungseinrichtungen (<em>istituti tecnici<\/em>) und (3) Berufsfachschulen (<em>isituti professionali<\/em>).<\/li>\n<\/ul>\n<\/li>\n<\/ul>\n\n\n\n<p class=\"wp-block-paragraph\">Trotz eines scheinbar soliden Bildungssystems weist Italien eine der h\u00f6chsten Schulabbrecherquoten Europas auf, und italienische Sch\u00fcler erzielen die niedrigsten Schulleistungen im europ\u00e4ischen Vergleich. Eine Analyse des Studienzentrums der Fondazione Articolo 49 aus dem Jahr 2023 ergab eine Schulabbrecherquote von 10,5 % in Italien, und damit das Ziel der Europ\u00e4ischen Union (EU) von 9 % deutlich \u00fcberstieg. Die h\u00f6chste Quote wurde mit 17,3 % auf Sardinien verzeichnet, wovon etwa jeder f\u00fcnfte Sch\u00fcler betroffen ist (Global Education Time, 2025).<\/p>\n\n\n\n<p class=\"wp-block-paragraph\">Aktuelle Daten des italienischen Nationalen Statistikinstituts (<em>Instituto nazionale di statistica<\/em>) zeigen, dass die Schulabbrecherquote bei Jungen mit 13,1 % weiterhin h\u00f6her ist als bei M\u00e4dchen (7,6 %). Die h\u00f6chste Quote bei Jungen wurde ebenfalls auf Sardinien (23,4 %) beobachtet. Es bestehen regionale Bildungsungleichheiten: Sch\u00fcler:innen in Norditalien erzielen bessere akademische Ergebnisse als im S\u00fcden. Diese Ungleichheiten werden h\u00e4ufig auf den ungleichen Zugang zu Bildung und Ausbildung zur\u00fcckgef\u00fchrt (European Commission, 2025).<\/p>\n\n\n\n<h3 class=\"wp-block-heading\"><a href=\"https:\/\/www.humanium.org\/de\/das-recht-auf-gesundheit\/\"><strong>Recht auf Gesundheit<\/strong><\/a><strong><\/strong><\/h3>\n\n\n\n<p class=\"wp-block-paragraph\">Das 1978 gegr\u00fcndete nationale Gesundheitssystem Italiens ist als <em>Servizio Sanitario Nazionale<\/em> (SNN) bekannt. Die Gesundheitsversorgung ist \u00f6ffentlich finanziert und deckt alle B\u00fcrger:innen und Aufenthaltsberechtigten ab. Kinder profitieren von speziellen Regelungen, die finanzielle und Zugangsbarrieren abbauen sollen, wie z. B. die kostenlose Zahnversorgung f\u00fcr Kinder bis zum 16. Lebensjahr.<\/p>\n\n\n\n<p class=\"wp-block-paragraph\">F\u00fcr Kinder unter 6 Jahren entf\u00e4llt die Kostenbeteiligung unabh\u00e4ngig vom Haushaltseinkommen, ebenso f\u00fcr \u00e4ltere Kinder aus einkommensschwachen Haushalten. Das bedeutet, dass ambulante Routinebehandlungen, Vorsorgeuntersuchungen und Facharztbesuche mit minimalen oder gar keinen Zuzahlungen in Anspruch genommen werden k\u00f6nnen.<\/p>\n\n\n\n<p class=\"wp-block-paragraph\">Alle Kinder m\u00fcssen bei einem Hausarzt registriert sein, der sie von der Geburt bis zum Jugendalter betreut. Die Familien m\u00fcssen zwar weiterhin f\u00fcr bestimmte ambulante Leistungen und Medikamente, die nicht vollst\u00e4ndig vom SNN abgedeckt sind, Geb\u00fchren entrichten, doch sind diese Geb\u00fchren durch nationales Recht begrenzt, und Kinder sind h\u00e4ufig davon befreit (Tikkanen, 2020).<\/p>\n\n\n\n<p class=\"wp-block-paragraph\">Seit 1998 haben Menschen ohne legalen Aufenthaltsstatus Zugang zu dringender und grundlegender medizinischer Versorgung. Migranten- und Fl\u00fcchtlingskinder haben zwar einen Rechtsanspruch auf grundlegende und Notfallversorgung, doch sozio\u00f6konomische Barrieren schr\u00e4nken ihren Zugang zur regul\u00e4ren Gesundheitsversorgung ein. Das Nationale Gesundheitsnetzwerk (SNN) fungiert als dezentrales \u00f6ffentliches System und umfasst das Gesundheitsministerium sowie weitere nationale Einrichtungen und Institutionen (Tikkanen, 2020).<\/p>\n\n\n\n<h3 class=\"wp-block-heading\"><a href=\"https:\/\/www.humanium.org\/de\/recht-wasser\/\"><strong>Recht auf sauberes Wasser und sanit\u00e4re Einrichtungen<\/strong><\/a><strong><\/strong><\/h3>\n\n\n\n<p class=\"wp-block-paragraph\">Laut dem gemeinsamen Monitoring-Programm der WHO und UNICEF f\u00fcr Wasserversorgung, Sanit\u00e4rversorgung und Hygiene aus dem Jahr 2023 haben 99 % der Schulen in Italien Zugang zu grundlegender Wasserversorgung (UNICEF, 2024).<\/p>\n\n\n\n<p class=\"wp-block-paragraph\">Auch in Italien hat sauberes Wasser und sanit\u00e4re Einrichtungen in seinen internationalen Entwicklungsbem\u00fchungen h\u00f6chste Priorit\u00e4t. Im Jahr 2022 stellte die italienische Regierung mit Unterst\u00fctzung der Vereinten Nationen 2,5 Millionen Euro f\u00fcr die Stadt Homs in Syrien bereit. Diese Mittel werden dazu verwendet, Kinder und Familien beim Zugang zu sauberem Wasser, ausreichender Bew\u00e4sserung, Wasserspeichern, der Sanierung von Brunnen, Pumpstationen und Wasseraufbereitungsanlagen sowie der Aufkl\u00e4rung \u00fcber <a href=\"https:\/\/www.humanium.org\/de\/die-folgen-von-periodenarmut-fuer-die-rechte-von-maedchen-und-frauen-auf-der-ganzen-welt\/\">Menstruationshygiene<\/a> und dem Zugang zu Hygieneprodukten zu unterst\u00fctzen (UNICEF Syrian Arab Republic, 2022). Im Jahr 2024 trug die Italienische Agentur f\u00fcr Entwicklungszusammenarbeit (AICS) in Partnerschaft mit UNICEF Libyen mit 3 Millionen Euro zur Verbesserung der klimaresistenten Wasser- und Sanit\u00e4rversorgung in ganz <a href=\"https:\/\/www.humanium.org\/de\/libyen\/\">Libyen<\/a> bei. Das Projekt soll voraussichtlich rund einer Million Menschen zugutekommen, darunter 70.000 Kindern (UNICEF Libya, 2024).<\/p>\n\n\n\n<h3 class=\"wp-block-heading\"><strong>Recht auf Identit\u00e4t<\/strong><\/h3>\n\n\n<div class=\"wp-block-image\">\n<figure class=\"alignleft size-large is-resized\"><img loading=\"lazy\" decoding=\"async\" width=\"1024\" height=\"683\" src=\"https:\/\/www.humanium.org\/de\/wp-content\/uploads\/2026\/08\/shutterstock_2313729387-1024x683.jpg\" alt=\"\" class=\"wp-image-22703\" style=\"aspect-ratio:1.499330655957162;width:382px;height:auto\" srcset=\"https:\/\/www.humanium.org\/de\/wp-content\/uploads\/2026\/08\/shutterstock_2313729387-1024x683.jpg 1024w, https:\/\/www.humanium.org\/de\/wp-content\/uploads\/2026\/08\/shutterstock_2313729387-300x200.jpg 300w, https:\/\/www.humanium.org\/de\/wp-content\/uploads\/2026\/08\/shutterstock_2313729387-768x512.jpg 768w, https:\/\/www.humanium.org\/de\/wp-content\/uploads\/2026\/08\/shutterstock_2313729387-1536x1024.jpg 1536w, https:\/\/www.humanium.org\/de\/wp-content\/uploads\/2026\/08\/shutterstock_2313729387-2048x1365.jpg 2048w, https:\/\/www.humanium.org\/de\/wp-content\/uploads\/2026\/08\/shutterstock_2313729387-830x553.jpg 830w, https:\/\/www.humanium.org\/de\/wp-content\/uploads\/2026\/08\/shutterstock_2313729387-230x153.jpg 230w, https:\/\/www.humanium.org\/de\/wp-content\/uploads\/2026\/08\/shutterstock_2313729387-480x320.jpg 480w, https:\/\/www.humanium.org\/de\/wp-content\/uploads\/2026\/08\/shutterstock_2313729387-350x233.jpg 350w, https:\/\/www.humanium.org\/de\/wp-content\/uploads\/2026\/08\/shutterstock_2313729387-272x182-1.jpg 272w\" sizes=\"auto, (max-width: 1024px) 100vw, 1024px\" \/><\/figure>\n<\/div>\n\n\n<p class=\"wp-block-paragraph\">In Italien ist das Recht von Kindern auf Identit\u00e4t im Verfassungs- und Zivilrecht sowie in internationalen Menschenrechtsnormen verankert und gesch\u00fctzt. Auf nationaler Ebene sichert die italienische Verfassung, insbesondere Artikel 2 und Artikel 30, unver\u00e4u\u00dferliche Rechte und gew\u00e4hrt Kindern und Familien besonderen Schutz. Das Zivilgesetzbuch regelt Geburtenregistrierung, Abstammung und elterliche Verantwortung.<\/p>\n\n\n\n<p class=\"wp-block-paragraph\">Die Geburtenregistrierung ist f\u00fcr alle in Italien geborenen Kinder verpflichtend, auch f\u00fcr Kinder von Migranten und Kindern ohne Aufenthaltsstatus. Dies gew\u00e4hrleistet den Zugang zu Gesundheitsversorgung, Bildung und anderen wichtigen Dienstleistungen. Ein Kind muss innerhalb von zehn Tagen nach der Geburt beim Standesamt (<em>ufficio di stato civile<\/em>) des Geburtsortes oder des Wohnsitzes der Familie angemeldet werden. In Italien werden zwei Arten von Geburtsurkunden ausgestellt: (1) das <em>Certificato di nascita<\/em> (Geburtsurkunde) und (2) die vollst\u00e4ndige <em>Copia integrale atti di nascita<\/em> (Geburtsurkunde) (HM Passport Office, 2025).<\/p>\n\n\n\n<p class=\"wp-block-paragraph\">Gem\u00e4\u00df Gesetz Nr. 91\/1992 basiert das italienische Staatsb\u00fcrgerschaftssystem prim\u00e4r auf dem <em>Abstammungsprinzip<\/em> (jus sanguinis). Obwohl die Staatsangeh\u00f6rigkeit auf dem <em>Abstammungsprinzip<\/em> beruht, hindert das Fehlen der italienischen Staatsb\u00fcrgerschaft ein Kind nicht daran, bei der Geburt registriert zu werden oder Grundrechte wahrzunehmen. Praktische Herausforderungen ergeben sich jedoch f\u00fcr Kinder ausl\u00e4ndischer Eltern, staatenlose Kinder oder Kinder undokumentierter Migranten (HM Passport Office, 2025).<\/p>\n\n\n\n<h2 class=\"wp-block-heading\"><strong>Risikofaktoren \u2013> L\u00e4nderspezifische Herausforderungen<\/strong><\/h2>\n\n\n\n<h3 class=\"wp-block-heading\"><a href=\"https:\/\/www.humanium.org\/de\/themenschwerpunkte\/armut\/\"><strong>Armut<\/strong><\/a><strong><\/strong><\/h3>\n\n\n\n<p class=\"wp-block-paragraph\">Laut dem Nationalen Institut f\u00fcr Statistik (ISTAT) lebten 2022 rund 13,4 % der Kinder in absoluter Armut \u2013 die h\u00f6chste Quote seit 2005 \u2013 und 23,5 % in relativer Armut (EuroChild, 2023). Zudem sind 2024 voraussichtlich 27,1 % der Kinder von Armut und sozialer Ausgrenzung bedroht. Trotz dieser hohen Zahl ist der Anteil armutsgef\u00e4hrdeter Kinder von 28,9 % im Jahr 2020 \u00fcber 29,7 % im Jahr 2021 und 28,5 % im Jahr 2022 auf 27,1 % im Jahr 2023 gesunken (Eurostat, 2025).<\/p>\n\n\n\n<p class=\"wp-block-paragraph\">Seit Beginn der COVID-19-Pandemie sind einige Kinder von Bildungsarmut betroffen. Das bedeutet, dass ihnen zu Hause ein eigener Lernraum fehlt, sie keinen Zugang zu digitalen Endger\u00e4ten haben oder sich keinen zuverl\u00e4ssigen Internetanschluss leisten k\u00f6nnen (EuroChild, 2022). Eine Studie von ActionAid aus dem Jahr 2021 ergab, dass in Italien rund 6 Millionen Menschen von <a href=\"https:\/\/www.humanium.org\/de\/die-auswirkungen-von-covid-19-auf-den-zugang-von-kindern-zu-nahrung-im-vereinigten-koenigreich\/\">Ern\u00e4hrungsarmut<\/a> betroffen sind, darunter 200.000 Kinder unter 16 Jahren und 12 % der Jugendlichen und Erwachsenen ab 16 Jahren (ActionAid, 2023).<\/p>\n\n\n\n<h3 class=\"wp-block-heading\"><a href=\"https:\/\/www.humanium.org\/de\/misshandlung\/\"><strong>Kindesmissbrauch<\/strong><\/a> <strong>und<\/strong> <a href=\"https:\/\/www.humanium.org\/de\/themenschwerpunkte\/ausbeutung\/\"><strong>sexuelle Ausbeutung<\/strong><\/a><strong><\/strong><\/h3>\n\n\n\n<p class=\"wp-block-paragraph\">In Italien stellen Kindesmissbrauch und sexuelle Ausbeutung weiterhin ein ernstes und weit verbreitetes Problem dar. Obwohl Italien relevante internationale Standards wie die Lanzarote-Konvention ratifiziert und nationale Pl\u00e4ne zur Pr\u00e4vention und Bek\u00e4mpfung von sexuellem Kindesmissbrauch und sexueller Ausbeutung verabschiedet hat, zeigen die verf\u00fcgbaren Daten, dass Kinder weiterhin ungesch\u00fctzt sind und viele F\u00e4lle nicht gemeldet oder nicht aufgedeckt werden.<\/p>\n\n\n\n<p class=\"wp-block-paragraph\">Das italienische Innenministerium gab 2021 bekannt, dass insgesamt 2.285 F\u00e4lle von Straftaten gegen Kinder gemeldet wurden, darunter 681 F\u00e4lle von sexueller Gewalt, 624 F\u00e4lle von Anbahnung sexueller Kontakte mit Kindern, 589 F\u00e4lle von schwerer sexueller Gewalt und 391 F\u00e4lle von sexuellen Handlungen mit Kindern.<\/p>\n\n\n\n<p class=\"wp-block-paragraph\">Diese Statistiken wurden zus\u00e4tzlich durch Daten zweier gro\u00dfer Dienstleister aus den Jahren 2022\u20132023 best\u00e4tigt: (1) <em>Telefono Azzurro<\/em>, <em>Linea di Ascolto e Consulenza<\/em> (Zuh\u00f6ren und Beratung) unter der Rufnummer 1.96.96 und (2) <em>Servizio Emergenza Infanzia<\/em> (Kindernotruf 114), eine Notrufnummer des Ministeriums f\u00fcr Familienpolitik. Diese Dienste erfassen Gefahrensituationen, die Kinder betreffen, darunter auch sexuellen Missbrauch von Kindern im Internet und im realen Leben (ECPAT, 2024).<\/p>\n\n\n\n<p class=\"wp-block-paragraph\"><em>Telefono Azzurro, Linea di Ascolto e Consulenza<\/em> bearbeitete im Jahr 2022 46 F\u00e4lle von sexuellem Missbrauch im pers\u00f6nlichen Kontakt. Davon waren 54 Kinder (88 %) Opfer, 10 % Zeugen und 2 % T\u00e4ter. 73 % der betroffenen Kinder waren M\u00e4dchen, 25 % Jungen und 2 % identifizierten sich als nicht-bin\u00e4r. In 20 % der F\u00e4lle waren Kinder unter 10 Jahren, in 43 % Kinder zwischen 11 und 14 Jahren und in 37 % Jugendliche zwischen 15 und 18 Jahren betroffen. Im Jahr 2023 bearbeitete <em>Telefono Azzurro, Linea di Ascolto e Consulenza<\/em> 12 F\u00e4lle von sexuellem Missbrauch im pers\u00f6nlichen Kontakt. Im Jahr 2022 k\u00fcmmerte sich der <em>Kindernotdienst<\/em> (<em>Servizio Emergenza Infanzia<\/em>) um 138 F\u00e4lle von sexuellem Missbrauch, bei denen 180 Kinder (90 %) Opfer, 9 % T\u00e4ter und 1 % Zeugen waren (ECPAT, 2024).<\/p>\n\n\n\n<p class=\"wp-block-paragraph\"><em>Save the Children<\/em> berichtete, dass viele M\u00e4dchen, die Opfer von Menschenhandel und sexueller Ausbeutung wurden, aus Nigeria stammten. Die Zahl der M\u00e4dchen aus der Elfenbeink\u00fcste und Osteuropa, insbesondere aus Bulgarien, Albanien und Rum\u00e4nien, nahm jedoch zu. Unbegleitete M\u00e4dchen zwischen 14 und 17 Jahren von der Elfenbeink\u00fcste wurden an der italienisch-franz\u00f6sischen Grenze aufgegriffen; Italien war ihr Transitland. Die meisten Daten zur sexuellen Ausbeutung von Kindern in der Prostitution beziehen sich \u00fcberwiegend auf Migranten- oder Fl\u00fcchtlingskinder; Informationen \u00fcber italienische Staatsangeh\u00f6rige sind begrenzt (ECPAT, 2024).<\/p>\n\n\n\n<p class=\"wp-block-paragraph\">Daten des italienischen Innenministeriums zeigen, dass im Jahr 2020 495 Jungen Opfer von sexuellem Kindesmissbrauch und Ausbeutung wurden. Dazu im geschlechtlichen Vergleich waren es 2.202 M\u00e4dchen. Obwohl die Zahl der m\u00e4nnlichen Opfer deutlich niedriger ist als die der weiblichen, weisen Untersuchungen auf einen Mangel an Hilfsangeboten und Verst\u00e4ndnis seitens der Fachkr\u00e4fte hin. Zwischen 2018 und 2020 verzeichnete das italienische Innenministerium einen stetigen Anstieg der Zahl junger m\u00e4nnlicher Personen, die sich an Notrufnummern wandten: 668 Jungen im Jahr 2018, 834 im Jahr 2019 und 887 im Jahr 2020. Die meisten verf\u00fcgbaren Daten zur sexuellen Ausbeutung von Jungen beziehen sich auf Fl\u00fcchtlings- und Migrantenjungen, die \u00fcber die zentrale Mittelmeerroute nach Europa gelangen (ECPAT, 2024).<\/p>\n\n\n\n<h3 class=\"wp-block-heading\"><strong>Sexueller Kindesmissbrauch in der katholischen Kirche<\/strong><\/h3>\n\n\n\n<p class=\"wp-block-paragraph\">2014 gr\u00fcndete Papst Franziskus die P\u00e4pstliche Kommission f\u00fcr den Schutz von Minderj\u00e4hrigen. Diese Kommission hat zur Aufgabe den Papst, damals Papst Franziskus, \u00fcber den Schutz von Minderj\u00e4hrigen vor sexuellem Missbrauch in der katholischen Kirche zu beraten, bew\u00e4hrte Verfahren vorzuschlagen, Betroffene zu unterst\u00fctzen und sich f\u00fcr systemische Reformen einzusetzen.<\/p>\n\n\n<div class=\"wp-block-image\">\n<figure class=\"alignright size-large is-resized\"><img loading=\"lazy\" decoding=\"async\" width=\"1024\" height=\"683\" src=\"https:\/\/www.humanium.org\/de\/wp-content\/uploads\/2026\/08\/shutterstock_2634456533-1024x683.jpg\" alt=\"\" class=\"wp-image-22704\" style=\"aspect-ratio:1.499330655957162;width:413px;height:auto\" srcset=\"https:\/\/www.humanium.org\/de\/wp-content\/uploads\/2026\/08\/shutterstock_2634456533-1024x683.jpg 1024w, https:\/\/www.humanium.org\/de\/wp-content\/uploads\/2026\/08\/shutterstock_2634456533-300x200.jpg 300w, https:\/\/www.humanium.org\/de\/wp-content\/uploads\/2026\/08\/shutterstock_2634456533-768x512.jpg 768w, https:\/\/www.humanium.org\/de\/wp-content\/uploads\/2026\/08\/shutterstock_2634456533-1536x1024.jpg 1536w, https:\/\/www.humanium.org\/de\/wp-content\/uploads\/2026\/08\/shutterstock_2634456533-2048x1365.jpg 2048w, https:\/\/www.humanium.org\/de\/wp-content\/uploads\/2026\/08\/shutterstock_2634456533-830x553.jpg 830w, https:\/\/www.humanium.org\/de\/wp-content\/uploads\/2026\/08\/shutterstock_2634456533-230x153.jpg 230w, https:\/\/www.humanium.org\/de\/wp-content\/uploads\/2026\/08\/shutterstock_2634456533-350x233.jpg 350w, https:\/\/www.humanium.org\/de\/wp-content\/uploads\/2026\/08\/shutterstock_2634456533-480x320.jpg 480w, https:\/\/www.humanium.org\/de\/wp-content\/uploads\/2026\/08\/shutterstock_2634456533-272x182.jpg 272w\" sizes=\"auto, (max-width: 1024px) 100vw, 1024px\" \/><\/figure>\n<\/div>\n\n\n<p class=\"wp-block-paragraph\">Seit ihrer Gr\u00fcndung hat die Kommission zwei Berichte ver\u00f6ffentlicht. Diese Berichte thematisieren jedoch nicht explizit Missbrauchsf\u00e4lle innerhalb der Kirche, sondern heben den Wandel von Schweigen und Geheimhaltung hin zu Wiedergutmachung, Strukturreformen und einem verbesserten Kinderschutz in den Di\u00f6zesen hervor (Pontifical Commission for the Protection of Minors, 2024).<\/p>\n\n\n\n<p class=\"wp-block-paragraph\">2024 ver\u00f6ffentlichte <em>Rete l\u2019Abuso<\/em><a href=\"#_ftn2\" id=\"_ftnref2\">[2]<\/a>, Italiens gr\u00f6\u00dfte Organisation f\u00fcr Opfer von kirchlichem Missbrauch, einen Bericht, demzufolge in Italien etwa 4.400 Menschen in der katholischen Kirche missbraucht wurden. In diesem Bericht wurde hervorgehoben, dass es 1.250 Verdachtsf\u00e4lle von Missbrauch gab, einige davon mit mehreren Opfern. 1.106 dieser F\u00e4lle wurden mutma\u00dflich von Priestern begangen, die \u00fcbrigen von Nonnen, Religionslehrern, Erziehern und Pfadfindern (Armellini, 2025).<\/p>\n\n\n\n<p class=\"wp-block-paragraph\">Im November 2022 ver\u00f6ffentlichte die Italienische Bischofskonferenz einen Bericht \u00fcber F\u00e4lle von Kindesmissbrauch durch Geistliche der katholischen Kirche in Italien. Laut diesem Bericht meldeten 89 Opfer zwischen 2020 und 2021 mutma\u00dflichen sexuellen Missbrauch. 37,1 % der Opfer waren zwischen 15 und 18 Jahren alt, 31,5 % zwischen 10 und 14 Jahren (ECPAT, 2024). Diese Daten stammen von Anlaufstellen, die 2019 von den Di\u00f6zesen in ganz Italien eingerichtet wurden. Diese Anlaufstellen wurden speziell f\u00fcr die Entgegennahme von Beschwerden \u00fcber sexuellen Missbrauch durch die katholische Kirche eingerichtet. Dieser Bericht ist eine der ersten Untersuchungen zu diesem Thema und dokumentiert 68 Anzeigen gegen mutma\u00dfliche T\u00e4ter (Giuffrida, 2022).<\/p>\n\n\n\n<h3 class=\"wp-block-heading\"><strong>Online-Kindesmissbrauch<\/strong><\/h3>\n\n\n\n<p class=\"wp-block-paragraph\">Sexueller Missbrauch und Ausbeutung von Kindern stellen in Italien ein wachsendes und alarmierendes Problem dar. Daten des italienischen Statistikinstituts (INSI) aus dem Jahr 2022 zeigen, dass 97,9 % der 15- bis 17-J\u00e4hrigen das Internet nutzen, 92,8 % davon t\u00e4glich. Im selben Jahr gingen bei der italienischen Beratungsstelle <em>Telefono Azzurro, Linea di Ascolto e Consulenza<\/em> 27 F\u00e4lle von sexuellem Online-Missbrauch ein, bei denen 29 Kinder als T\u00e4ter beteiligt waren (Peer-to-Peer-Missbrauch). 55,6 % der Opfer waren weiblich, 40,7 % m\u00e4nnlich und 3,7 % identifizierten sich als nicht-bin\u00e4r.<\/p>\n\n\n\n<p class=\"wp-block-paragraph\">Auch der <em>Kindernotdienst (Servizio Emergenza Infanzia)<\/em> verzeichnete 2022 64 F\u00e4lle von sexuellem Missbrauch im Internet. In 90 % dieser F\u00e4lle waren Kinder betroffen, davon 58 % M\u00e4dchen und 42 % Jungen. Die betroffenen Kinder waren j\u00fcnger als 10 Jahre (16 %), 11\u201314 Jahre (36 %) und 15\u201318 Jahre (48 %) (ECPAT, 2024).<\/p>\n\n\n\n<p class=\"wp-block-paragraph\">Sowohl beim <em>Kindernotdienst<\/em> als auch bei der <em>Telefono Azzurro, Linea di Ascolto e Consulenza (Telefono Azzurro, Linea di Ascolto e Consulenza)<\/em> wurden Sexting, Online-Grooming, kinderpornografisches Material, sexuelle Bel\u00e4stigung und sexuelle Erpressung als Hauptprobleme im Zusammenhang mit Online-Missbrauch von Kindern identifiziert.<\/p>\n\n\n\n<p class=\"wp-block-paragraph\">Im Jahr 2020 f\u00fchrte die italienische Postpolizei eine Untersuchung in 53 Provinzen und 18 italienischen Regionen durch, die zur Identifizierung von 432 Nutzer:innen f\u00fchrte, die in WhatsApp- und Telegram-Chatgruppen aktiv waren, in denen kinderpornografisches Material ausgetauscht wurde. Dar\u00fcber hinaus untersuchte die italienische Postpolizei im Jahr 2022 gemeinsam mit dem Nationalen Zentrum zur Bek\u00e4mpfung von Online-Kinderpornografie 4.542 F\u00e4lle von sexueller Ausbeutung und Anbahnung von Kontakten zu Kindern im Internet. Diese Ermittlungen f\u00fchrten zur Festnahme von 149 Personen (ECPAT, 2024).<\/p>\n\n\n\n<h3 class=\"wp-block-heading\"><strong>Kinder mit Behinderungen<\/strong><\/h3>\n\n\n\n<p class=\"wp-block-paragraph\">Kinder mit Behinderungen sto\u00dfen beim Zugang zu Gesundheitsversorgung und Unterst\u00fctzungsleistungen auf erhebliche Hindernisse. Diese Herausforderungen werden durch regionale Unterschiede zwischen Nord- und S\u00fcditalien noch versch\u00e4rft. Laut einer Studie des <em>Instituto Catteneo<\/em> in Zusammenarbeit mit UNICEF Italien und dem Gesundheitsprogramm der Europ\u00e4ischen Union mangelt es italienischen Krankenh\u00e4usern an barrierefreiem Zugang und entsprechender Infrastruktur f\u00fcr Menschen mit Behinderungen. Die Situation ist in den s\u00fcdlichen Regionen besonders prek\u00e4r. Die Studie ergab, dass nur 6,5 % der Kliniken im S\u00fcden spezielle Behandlungspfade f\u00fcr Menschen mit Behinderungen anbieten, verglichen mit 29 % im Norden (UNICEF, 2022).<\/p>\n\n\n\n<p class=\"wp-block-paragraph\">Eine Studie des <em>Serafico-Instituts in Assisi<\/em> zeigt, dass 36,7 % der Krankenh\u00e4user \u00fcber keine barrierefreie Infrastruktur verf\u00fcgen, 49,8 % keine spezifischen Programme f\u00fcr Menschen mit Behinderungen, insbesondere f\u00fcr seltene Erkrankungen, anbieten und 63 % der Betroffenen h\u00e4ufig au\u00dferhalb ihrer Region reisen m\u00fcssen, um notwendige Behandlungen oder Routineuntersuchungen zu erhalten. Weitere Ungleichheiten sind kulturelle Barrieren und gesellschaftliche Stigmatisierung, die ungleiche Verteilung von geschultem Personal sowie der unterschiedliche Zugang zu Fr\u00fchinterventions- und Rehabilitationsleistungen (ANSA, 2022).<\/p>\n\n\n\n<h3 class=\"wp-block-heading\"><strong>Vertriebene Kinder<\/strong><\/h3>\n\n\n<div class=\"wp-block-image\">\n<figure class=\"alignleft size-large is-resized\"><img loading=\"lazy\" decoding=\"async\" width=\"1024\" height=\"683\" src=\"https:\/\/www.humanium.org\/de\/wp-content\/uploads\/2026\/08\/shutterstock_2356047899-1024x683.jpg\" alt=\"\" class=\"wp-image-22705\" style=\"aspect-ratio:1.499330655957162;width:388px;height:auto\" srcset=\"https:\/\/www.humanium.org\/de\/wp-content\/uploads\/2026\/08\/shutterstock_2356047899-1024x683.jpg 1024w, https:\/\/www.humanium.org\/de\/wp-content\/uploads\/2026\/08\/shutterstock_2356047899-300x200.jpg 300w, https:\/\/www.humanium.org\/de\/wp-content\/uploads\/2026\/08\/shutterstock_2356047899-767x511.jpg 767w, https:\/\/www.humanium.org\/de\/wp-content\/uploads\/2026\/08\/shutterstock_2356047899-1536x1024.jpg 1536w, https:\/\/www.humanium.org\/de\/wp-content\/uploads\/2026\/08\/shutterstock_2356047899-2048x1365.jpg 2048w, https:\/\/www.humanium.org\/de\/wp-content\/uploads\/2026\/08\/shutterstock_2356047899-830x553.jpg 830w, https:\/\/www.humanium.org\/de\/wp-content\/uploads\/2026\/08\/shutterstock_2356047899-230x153.jpg 230w, https:\/\/www.humanium.org\/de\/wp-content\/uploads\/2026\/08\/shutterstock_2356047899-350x233.jpg 350w, https:\/\/www.humanium.org\/de\/wp-content\/uploads\/2026\/08\/shutterstock_2356047899-479x319.jpg 479w, https:\/\/www.humanium.org\/de\/wp-content\/uploads\/2026\/08\/shutterstock_2356047899-272x182.jpg 272w\" sizes=\"auto, (max-width: 1024px) 100vw, 1024px\" \/><\/figure>\n<\/div>\n\n\n<p class=\"wp-block-paragraph\">Laut dem italienischen Statistikinstitut (INSI) lebten im Januar 2023 rund 5 Millionen Ausl\u00e4nder in Italien. 157.652 von ihnen kamen auf dem Seeweg an, darunter 17.319 unbegleitete minderj\u00e4hrige Migranten. Daten des Ministeriums f\u00fcr Arbeit und Sozialpolitik vom Dezember 2023 zufolge befanden sich 23.226 unbegleitete Kinder in Italien, davon 88,4 % Jungen und 11,6 % M\u00e4dchen.<\/p>\n\n\n\n<p class=\"wp-block-paragraph\">Die meisten dieser Kinder stammten aus \u00c4gypten (20,1 %), gefolgt von der Ukraine, Tunesien und Gambia. Italien beherbergt eine gro\u00dfe Anzahl von Fl\u00fcchtlingen und Migranten aus L\u00e4ndern wie Pakistan, Sudan, Guinea, der Elfenbeink\u00fcste, Nigeria und Tunesien. Fl\u00fcchtlinge, Migranten, unbegleitete Minderj\u00e4hrige und Roma-Kinder sind h\u00e4ufig von Ausbeutung bedroht und laufen Gefahr, Opfer von Menschenhandel, Zwangsarbeit und\/oder Bettelei zu werden (ECPAT, 2024).<\/p>\n\n\n\n<h3 class=\"wp-block-heading\"><strong>Kinderrechte und<\/strong> <a href=\"https:\/\/www.humanium.org\/de\/kinderrechte-und-leihmutterschaft\/\"><strong>Leihmutterschaft<\/strong><\/a><strong><\/strong><\/h3>\n\n\n\n<p class=\"wp-block-paragraph\"><a href=\"https:\/\/www.humanium.org\/de\/kinderrechte-und-leihmutterschaft\/\">Leihmutterschaftsvereinbarungen<\/a> in Italien offenbaren eine erhebliche Diskrepanz zwischen Rechtsgrunds\u00e4tzen und deren Umsetzung. Das italienische Staatsangeh\u00f6rigkeitsrecht basiert auf dem <em>Abstammungsprinzip (jus sanguinis).<\/em> Daher verweigern oder verz\u00f6gern italienische Beh\u00f6rden die \u00dcbertragung ausl\u00e4ndischer Geburtsurkunden f\u00fcr Kinder, die durch Leihmutterschaft geboren wurden. Dies kann dazu f\u00fchren, dass diese Kinder nach italienischem Recht keine rechtlich anerkannten Eltern haben.<\/p>\n\n\n\n<p class=\"wp-block-paragraph\">Wenn das Geburtsland die Staatsangeh\u00f6rigkeit nicht nach dem <em>Geburtsortsprinzip (jus soli)<\/em> verleiht und die italienische Staatsb\u00fcrgerschaft auf dem <em>Abstammungsprinzip<\/em> beruht, sind Kinder \u00fcber lange Zeitr\u00e4ume de facto staatenlos, obwohl eine klare und in manchen F\u00e4llen sogar biologische Verbindung zu einem italienischen Elternteil besteht.<\/p>\n\n\n\n<p class=\"wp-block-paragraph\">Am 16. Oktober 2024 verabschiedete Italien ein Gesetz, das es Paaren untersagt, ins Ausland zu reisen und eine internationale Leihmutter zu beauftragen. Dieses Gesetz stellt die Beauftragung einer internationalen Leihmutter nun unter Strafe und sieht Geldstrafen von bis zu einer Million Euro und eine Freiheitsstrafe von bis zu zwei Jahren vor. Die Verweigerung der Staatsb\u00fcrgerschaft f\u00fcr durch Leihmutterschaft geborene Kinder wurde auf Grundlage von Artikel 8 der Europ\u00e4ischen Menschenrechtskonvention (EMRK) verhandelt.<\/p>\n\n\n\n<p class=\"wp-block-paragraph\">In den wegweisenden F\u00e4llen von <em>Paradiso und Campanelli gegen Italien<\/em> scheiterten die Wunscheltern mit ihrem Versuch, die italienischen Beh\u00f6rden gegen die Wegnahme ihrer neun Monate alten Tochter, die 2011 in <a href=\"https:\/\/www.humanium.org\/de\/russland\/\">Moskau<\/a> durch Leihmutterschaft geboren wurde, zu verklagen. Die Wunscheltern hatten ihr Kind nach Italien zur\u00fcckgebracht und die Anerkennung der russischen Geburtsurkunde beantragt. Die italienischen Beh\u00f6rden lehnten dies jedoch mit der Begr\u00fcndung ab, dass keine biologische Verbindung zwischen den Wunscheltern und dem Kind bestehe.<\/p>\n\n\n\n<p class=\"wp-block-paragraph\">Das italienische Gericht kam zu dem Schluss, dass nach italienischem Recht kein rechtlich anerkanntes Eltern-Kind-Verh\u00e4ltnis bestehe, und ordnete die Wegnahme des Kindes und dessen Unterbringung zur Adoption an. Die Ablehnung der Registrierung der Geburtsurkunde wurde aus Gr\u00fcnden des \u00f6ffentlichen Interesses best\u00e4tigt, und eine neue Geburtsurkunde wurde ausgestellt, in der die Eltern als unbekannt eingetragen waren (CRIN, 2015).<\/p>\n\n\n\n<p class=\"wp-block-paragraph\">Dieser wegweisende Fall verdeutlicht, dass die blo\u00dfe Absicht, Eltern zu werden, ohne biologische oder rechtlich anerkannte Bindung nicht ausreicht, um Anspr\u00fcche auf die italienische Staatsb\u00fcrgerschaft zu begr\u00fcnden. Es zeigt ferner, dass Kinder in Ermangelung einer rechtlich anerkannten Abstammung sich nicht auf Artikel 8 der Europ\u00e4ischen Menschenrechtskonvention (EMRK) berufen k\u00f6nnen, um den Zugang zur Staatsangeh\u00f6rigkeit \u00fcber italienische Wunscheltern zu erzwingen (CRIN, 2015).<\/p>\n\n\n\n<p class=\"wp-block-paragraph\"><em><strong>Geschrieben von Vanessa Cerazita Cordeiro<\/strong><\/em><\/p>\n\n\n\n<p class=\"wp-block-paragraph\"><em><strong>Intern Korrektur gelesen von Aditi Partha<\/strong><\/em><\/p>\n\n\n\n<p class=\"wp-block-paragraph\"><em><strong>\u00dcbersetzt von Michael Aschenbrenner<\/strong><\/em><\/p>\n\n\n\n<p class=\"wp-block-paragraph\"><em><strong>Lektorat von Claudia Flanner<\/strong><\/em><\/p>\n\n\n\n<p class=\"wp-block-paragraph\"><em><strong>Letzte Aktualisierung: 17. Dezember 2025<\/strong><\/em><\/p>\n\n\n\n<h4 class=\"wp-block-heading\"><strong>Referenzen:<\/strong><\/h4>\n\n\n\n<p class=\"has-small-font-size wp-block-paragraph\">ActionAid. (2023, October 12). \u201cThere are 6 million people suffering from food poverty.\u201d Retrieved from ActionAid, accessed on 1 December 2025.<\/p>\n\n\n\n<p class=\"has-small-font-size wp-block-paragraph\">ANSA. (2022, December 1). <a href=\"https:\/\/www.ansa.it\/canale_saluteebenessere\/notizie\/sanita\/2022\/12\/01\/disabilita-italia-resta-indietro-nellaccessibilita-a-cure_7b934648-1fde-4f84-9c43-0f4230709539.html?utm_source\">\u201cItaly lags behind in accessibility to disability care.\u201d<\/a> Retrieved from ANSA, accessed on 11 December 2025.<\/p>\n\n\n\n<p class=\"has-small-font-size wp-block-paragraph\">Armellini, A. (2025, October 24). <a href=\"https:\/\/www.reuters.com\/world\/almost-4400-people-abused-by-priests-italy-victims-group-alleges-2025-10-24\/\">\u201cAlmost 4,400 people abused by priests in Italy, victims\u2019 group alleges.\u201d<\/a> Retrieved from Reuters, accessed on 8 December 2025.<\/p>\n\n\n\n<p class=\"has-small-font-size wp-block-paragraph\">Committee on the Rights of the Child. (2019, February 28). <a href=\"https:\/\/docs.un.org\/en\/CRC\/C\/ITA\/CO\/5-6\">\u201cConcluding observations on the combined fifth and sixth periodic reports of Italy.\u201d<\/a> Retrieved from United Nations Committee on the Rights of the Child, accessed on 4 December 2025.<\/p>\n\n\n\n<p class=\"has-small-font-size wp-block-paragraph\">Child Rights International Network. (2015, January 27). <a href=\"https:\/\/archive.crin.org\/en\/library\/legal-database\/paradiso-and-campanelli-v-italy.html\">\u201c<em>Paradiso and Campanelli v Italy.\u201d<\/em><\/a> <em><\/em>Retrieved from CRIN, accessed on 16 December 2025.<\/p>\n\n\n\n<p class=\"has-small-font-size wp-block-paragraph\">ECPAT. (2024, January). <a href=\"https:\/\/ecpat.org\/wp-content\/uploads\/2024\/02\/Joint-Country-Overview_Italy_12February2024.pdf\">\u201cCountry overview ending child sexual abuse and exploitation: state-of-play in light of the Lanzarote Convention Italy.\u201d<\/a> Retrieved from ECPAT Italy, accessed on 7 December 2025.<\/p>\n\n\n\n<p class=\"has-small-font-size wp-block-paragraph\">Eurochild. (2023). <a href=\"https:\/\/eurochild.org\/uploads\/2023\/01\/Italy_Invisible-children-Eurochild-2022-report-on-children-in-need-across-Europe.pdf\">\u201cCountry profile 2022 Italy.\u201d<\/a> Retrieved from Eurochild, accessed on 4 December 2025.<\/p>\n\n\n\n<p class=\"has-small-font-size wp-block-paragraph\">European Commission. (2024, October 1). <a href=\"https:\/\/eurydice.eacea.ec.europa.eu\/eurypedia\/italy\/overview\">\u201cEurydice Italy.\u201d<\/a> Retrieved from European Commission, accessed on 1 December 2025.<\/p>\n\n\n\n<p class=\"has-small-font-size wp-block-paragraph\">European Commission. (2025, June 24). <a href=\"https:\/\/national-policies.eacea.ec.europa.eu\/youthwiki\/chapters\/italy\/61-general-context#:~:text=Recent%20data%20from%20ISTAT%20(2023,access%20to%20education%20and%20training.\">\u201cEducation and training.\u201d<\/a> Retrieved from European Commission, accessed on 1 December 2025.<\/p>\n\n\n\n<p class=\"has-small-font-size wp-block-paragraph\">Eurostat. (2025, November 14). <a href=\"https:\/\/ec.europa.eu\/eurostat\/databrowser\/view\/tepsr_lm412\/default\/table?lang=en\">\u201cChildren (aged less than 18) at risk of poverty or social exclusion.\u201d<\/a> Retrieved from Eurostat, accessed on 4 December 2025.<\/p>\n\n\n\n<p class=\"has-small-font-size wp-block-paragraph\">Giuffrida, A. (2022, November 17). <a href=\"https:\/\/www.theguardian.com\/world\/2022\/nov\/17\/italy-church-report-into-sexual-abuses-a-joke-say-victims-groups\">\u201cItaly church report into sexual abuses a \u2018joke\u2019 say victims\u2019 groups.\u201d<\/a> Retrieved from The Guardian, accessed on 8 December 2025.<\/p>\n\n\n\n<p class=\"has-small-font-size wp-block-paragraph\">Global Education Time. (2025, July 22). <a href=\"https:\/\/www.globaleducationtime.eu\/early-school-leaving-in-italy-what-role-for-gce\/#:~:text=22%20July%202025,difficulties%20in%20reaching%20the%20schools.\">\u201cEarly school leaving in Italy: What role for GCE?\u201d<\/a> Retrieved from Global Education Time, accessed on 1 December 2025.<\/p>\n\n\n\n<p class=\"has-small-font-size wp-block-paragraph\">HM Passport Office. (2025, October 28). <a href=\"https:\/\/www.gov.uk\/government\/publications\/italy-knowledge-base-profile\/italy-knowledge-base-profile#:~:text=Passport%20Office%20purposes.-,Birth%20certificates,Nascita'%20(Acts%20of%20Birth)\">\u201cItaly: knowledge base profile.\u201d<\/a> Retrieved from HM Passport Office, accessed on 8 December 2025.<\/p>\n\n\n\n<p class=\"has-small-font-size wp-block-paragraph\">Pontifical Commission for the Protection of Minors. (2024, October). <a href=\"https:\/\/www.tutelaminorum.org\/wp-content\/uploads\/2024\/10\/English-AR-Digital-Version-2024-1.pdf.pagespeed.ce.CQaxFo87EK.pdf\">\u201cAnnual report on church policies and procedures for safeguarding.\u201d<\/a> Retrieved from Pontifical Commission for the Protection of Minors, accessed on 8 October 2025.<\/p>\n\n\n\n<p class=\"has-small-font-size wp-block-paragraph\">Signoretta, P. Marino, J., Berengo, M., Di Palma, G. (2025, December 3). <a href=\"https:\/\/www.britannica.com\/place\/Italy\/Land\">\u201cItaly.\u201d<\/a> Retrieved from Encyclopaedia Britannica, accessed on 3 December 2025.<\/p>\n\n\n\n<p class=\"has-small-font-size wp-block-paragraph\">Tikkanen, R., Osborn, R., Mossialos, E., Djordjevic, A., Whatron, G. (2020, June 5). <a href=\"https:\/\/www.commonwealthfund.org\/international-health-policy-center\/countries\/italy#:~:text=Universal%20coverage%20is%20provided%20through,appointed%20by%20the%20regional%20governor.\">\u201cInternational health care systems profiles \u2013 Italy.\u201d<\/a> Retrieved from The Commonwealth Fund, accessed on 1 December 2025.<\/p>\n\n\n\n<p class=\"has-small-font-size wp-block-paragraph\">UNICEF Libya. (2024, August 13). <a href=\"https:\/\/reliefweb.int\/report\/libya\/italy-contributes-eu3-million-enhance-climate-resilient-wash-services-libya-enar\">\u201cItaly contributes \u20ac3 million to Enhance Climate-Resilient WASH Services in Libya.\u201d<\/a> Retrieved from ReliefWeb, accessed on 11 December 2025.<\/p>\n\n\n\n<p class=\"has-small-font-size wp-block-paragraph\">UNICEF Syrian Arab Republic. (2022, July 26). <a href=\"https:\/\/www.unicef.org\/syria\/press-releases\/italy-contributes-25-million-support-vulnerable-communities-homs-enhanced-access\">\u201cItaly contributes \u20ac2.5 million to support vulnerable communities in Homs with enhanced access to safe water, sanitation services and livelihoods.\u201d<\/a> Retrieved from UNICEF Syrian Arab Republic, accessed on 11 December 2025.<\/p>\n\n\n\n<p class=\"has-small-font-size wp-block-paragraph\">UNICEF., Instituto Cattaneo., Health Programme of the European Union. (2022, June 15). <a href=\"https:\/\/www.unicef.org\/eca\/media\/23051\/file\/Deep%20Dive%20Italy%20-%20Main%20Report%20EN.pdf\">\u201cDeep dive child guarantee \u2013 analysis of politics, programmes, budgets addressing child poverty and social exclusion in Italy.\u201d<\/a> Retrieved from UNICEF, accessed on 1 December 2025.<\/p>\n\n\n\n<p class=\"has-small-font-size wp-block-paragraph\">UNICEF., WHO. (2024). <a href=\"https:\/\/data.unicef.org\/resources\/jmp-wash-in-schools-2024\/#:~:text=Immunization-,Progress%20on%20drinking%20water%2C%20sanitation%20and%20hygiene%20in%20schools%202015,Special%20focus%20on%20menstrual%20health&amp;text=The%20WHO\/UNICEF%20Joint%20Monitoring,will%20have%20no%20hygiene%20service.\">\u201cProgress on drinking water, sanitation and hygiene in schools 2015-2023: special focus on menstrual health.\u201d<\/a> Retrieved from UNICEF, accessed on 13 December 2025.<\/p>\n\n\n\n<hr class=\"wp-block-separator has-alpha-channel-opacity\"\/>\n\n\n\n<p class=\"has-small-font-size wp-block-paragraph\"><a href=\"#_ftnref1\" id=\"_ftn1\">[1]<\/a> Dieser Artikel erhebt keinesfalls den Anspruch, eine vollst\u00e4ndige oder repr\u00e4sentative Darstellung der Kinderrechte in Italien zu bieten. Tats\u00e4chlich besteht eine der vielen Herausforderungen in der sp\u00e4rlichen Verf\u00fcgbarkeit aktueller Informationen \u00fcber Kinder in Italien. Viel dieser Informationen sind unzuverl\u00e4ssig, nicht repr\u00e4sentativ, veraltet oder schlichtweg nicht vorhanden.<\/p>\n\n\n\n<p class=\"has-small-font-size wp-block-paragraph\"><a href=\"#_ftnref2\" id=\"_ftn2\">[2]<\/a> Es gibt keine offiziellen Statistiken zur Anzahl der Opfer, zudem mangelt es an verl\u00e4sslichen Daten. Die Kommission stellt ausdr\u00fccklich klar, dass es sich nicht um eine \u00dcberpr\u00fcfung der Missbrauchsf\u00e4lle handelt, da die Datenerhebung weiterhin uneinheitlich erfolgt. Die meisten Daten werden daher von unabh\u00e4ngigen Hilfsorganisationen wie Rete l\u2019Abuso (eine der gr\u00f6\u00dften) erhoben, die eng mit den Opfern zusammenarbeiten.<\/p>\n\n\n\n<p class=\"wp-block-paragraph\"><\/p>\n","protected":false},"excerpt":{"rendered":"<p>Verwirklichung der Kinderrechte in Italien Italien verf\u00fcgt \u00fcber ein solides System zum Schutz und zur Entwicklung von Kindern, dessen Legitimit\u00e4t auf einer langen Tradition funktionierender nationaler Institutionen beruht. Das Land hat zudem alle wichtigen internationalen Rechtsrahmen zum Schutz der Kinderrechte ratifiziert. Dennoch sind weitere Fortschritte erforderlich, um die Schulbesuchsquote und die schulischen Leistungen von Kindern [&hellip;]<\/p>\n","protected":false},"author":1,"featured_media":0,"parent":0,"menu_order":0,"comment_status":"closed","ping_status":"closed","template":"","meta":{"footnotes":""},"class_list":["post-6357","page","type-page","status-publish","hentry"],"yoast_head":"<!-- This site is optimized with the Yoast SEO plugin v28.3 - https:\/\/yoast.com\/product\/yoast-seo-wordpress\/ -->\n<title>Kinder in Italien - Humanium<\/title>\n<meta name=\"description\" content=\"Das Land hat gro\u00dfe Fortschritte im Bereich der Rechte der Kinder gemacht. Nichtsdestotrotz wird die Zukunft f\u00fcr die Kinder auf die Probe gestellt.\" \/>\n<meta name=\"robots\" content=\"index, follow, max-snippet:-1, max-image-preview:large, max-video-preview:-1\" \/>\n<link rel=\"canonical\" href=\"https:\/\/www.humanium.org\/de\/italien\/\" \/>\n<meta property=\"og:locale\" content=\"de_DE\" \/>\n<meta property=\"og:type\" content=\"article\" \/>\n<meta property=\"og:title\" content=\"Kinder in Italien - Humanium\" \/>\n<meta property=\"og:description\" content=\"Das Land hat gro\u00dfe Fortschritte im Bereich der Rechte der Kinder gemacht. Nichtsdestotrotz wird die Zukunft f\u00fcr die Kinder auf die Probe gestellt.\" \/>\n<meta property=\"og:url\" content=\"https:\/\/www.humanium.org\/de\/italien\/\" \/>\n<meta property=\"og:site_name\" content=\"Humanium\" \/>\n<meta property=\"article:modified_time\" content=\"2026-08-30T15:53:39+00:00\" \/>\n<meta name=\"twitter:card\" content=\"summary_large_image\" \/>\n<meta name=\"twitter:label1\" content=\"Gesch\u00e4tzte Lesezeit\" \/>\n\t<meta name=\"twitter:data1\" content=\"24\u00a0Minuten\" \/>\n<script type=\"application\/ld+json\" class=\"yoast-schema-graph\">{\"@context\":\"https:\\\/\\\/schema.org\",\"@graph\":[{\"@type\":\"WebPage\",\"@id\":\"https:\\\/\\\/www.humanium.org\\\/de\\\/italien\\\/\",\"url\":\"https:\\\/\\\/www.humanium.org\\\/de\\\/italien\\\/\",\"name\":\"Kinder in Italien - Humanium\",\"isPartOf\":{\"@id\":\"https:\\\/\\\/www.humanium.org\\\/de\\\/#website\"},\"primaryImageOfPage\":{\"@id\":\"https:\\\/\\\/www.humanium.org\\\/de\\\/italien\\\/#primaryimage\"},\"image\":{\"@id\":\"https:\\\/\\\/www.humanium.org\\\/de\\\/italien\\\/#primaryimage\"},\"thumbnailUrl\":\"https:\\\/\\\/www.humanium.org\\\/en\\\/wp-content\\\/uploads\\\/2026\\\/08\\\/shutterstock_1689243850_edited-scaled.jpeg\",\"datePublished\":\"2016-04-19T13:21:42+00:00\",\"dateModified\":\"2026-08-30T15:53:39+00:00\",\"description\":\"Das Land hat gro\u00dfe Fortschritte im Bereich der Rechte der Kinder gemacht. Nichtsdestotrotz wird die Zukunft f\u00fcr die Kinder auf die Probe gestellt.\",\"breadcrumb\":{\"@id\":\"https:\\\/\\\/www.humanium.org\\\/de\\\/italien\\\/#breadcrumb\"},\"inLanguage\":\"de\",\"potentialAction\":[{\"@type\":\"ReadAction\",\"target\":[\"https:\\\/\\\/www.humanium.org\\\/de\\\/italien\\\/\"]}]},{\"@type\":\"ImageObject\",\"inLanguage\":\"de\",\"@id\":\"https:\\\/\\\/www.humanium.org\\\/de\\\/italien\\\/#primaryimage\",\"url\":\"https:\\\/\\\/www.humanium.org\\\/en\\\/wp-content\\\/uploads\\\/2026\\\/08\\\/shutterstock_1689243850_edited-scaled.jpeg\",\"contentUrl\":\"https:\\\/\\\/www.humanium.org\\\/en\\\/wp-content\\\/uploads\\\/2026\\\/08\\\/shutterstock_1689243850_edited-scaled.jpeg\"},{\"@type\":\"BreadcrumbList\",\"@id\":\"https:\\\/\\\/www.humanium.org\\\/de\\\/italien\\\/#breadcrumb\",\"itemListElement\":[{\"@type\":\"ListItem\",\"position\":1,\"name\":\"Home\",\"item\":\"https:\\\/\\\/www.humanium.org\\\/de\\\/\"},{\"@type\":\"ListItem\",\"position\":2,\"name\":\"Kinder in Italien\"}]},{\"@type\":\"WebSite\",\"@id\":\"https:\\\/\\\/www.humanium.org\\\/de\\\/#website\",\"url\":\"https:\\\/\\\/www.humanium.org\\\/de\\\/\",\"name\":\"Humanium\",\"description\":\"Kinder zuerst!\",\"potentialAction\":[{\"@type\":\"SearchAction\",\"target\":{\"@type\":\"EntryPoint\",\"urlTemplate\":\"https:\\\/\\\/www.humanium.org\\\/de\\\/?s={search_term_string}\"},\"query-input\":{\"@type\":\"PropertyValueSpecification\",\"valueRequired\":true,\"valueName\":\"search_term_string\"}}],\"inLanguage\":\"de\"}]}<\/script>\n<!-- \/ Yoast SEO plugin. -->","yoast_head_json":{"title":"Kinder in Italien - Humanium","description":"Das Land hat gro\u00dfe Fortschritte im Bereich der Rechte der Kinder gemacht. Nichtsdestotrotz wird die Zukunft f\u00fcr die Kinder auf die Probe gestellt.","robots":{"index":"index","follow":"follow","max-snippet":"max-snippet:-1","max-image-preview":"max-image-preview:large","max-video-preview":"max-video-preview:-1"},"canonical":"https:\/\/www.humanium.org\/de\/italien\/","og_locale":"de_DE","og_type":"article","og_title":"Kinder in Italien - Humanium","og_description":"Das Land hat gro\u00dfe Fortschritte im Bereich der Rechte der Kinder gemacht. Nichtsdestotrotz wird die Zukunft f\u00fcr die Kinder auf die Probe gestellt.","og_url":"https:\/\/www.humanium.org\/de\/italien\/","og_site_name":"Humanium","article_modified_time":"2026-08-30T15:53:39+00:00","twitter_card":"summary_large_image","twitter_misc":{"Gesch\u00e4tzte Lesezeit":"24\u00a0Minuten"},"schema":{"@context":"https:\/\/schema.org","@graph":[{"@type":"WebPage","@id":"https:\/\/www.humanium.org\/de\/italien\/","url":"https:\/\/www.humanium.org\/de\/italien\/","name":"Kinder in Italien - Humanium","isPartOf":{"@id":"https:\/\/www.humanium.org\/de\/#website"},"primaryImageOfPage":{"@id":"https:\/\/www.humanium.org\/de\/italien\/#primaryimage"},"image":{"@id":"https:\/\/www.humanium.org\/de\/italien\/#primaryimage"},"thumbnailUrl":"https:\/\/www.humanium.org\/en\/wp-content\/uploads\/2026\/08\/shutterstock_1689243850_edited-scaled.jpeg","datePublished":"2016-04-19T13:21:42+00:00","dateModified":"2026-08-30T15:53:39+00:00","description":"Das Land hat gro\u00dfe Fortschritte im Bereich der Rechte der Kinder gemacht. Nichtsdestotrotz wird die Zukunft f\u00fcr die Kinder auf die Probe gestellt.","breadcrumb":{"@id":"https:\/\/www.humanium.org\/de\/italien\/#breadcrumb"},"inLanguage":"de","potentialAction":[{"@type":"ReadAction","target":["https:\/\/www.humanium.org\/de\/italien\/"]}]},{"@type":"ImageObject","inLanguage":"de","@id":"https:\/\/www.humanium.org\/de\/italien\/#primaryimage","url":"https:\/\/www.humanium.org\/en\/wp-content\/uploads\/2026\/08\/shutterstock_1689243850_edited-scaled.jpeg","contentUrl":"https:\/\/www.humanium.org\/en\/wp-content\/uploads\/2026\/08\/shutterstock_1689243850_edited-scaled.jpeg"},{"@type":"BreadcrumbList","@id":"https:\/\/www.humanium.org\/de\/italien\/#breadcrumb","itemListElement":[{"@type":"ListItem","position":1,"name":"Home","item":"https:\/\/www.humanium.org\/de\/"},{"@type":"ListItem","position":2,"name":"Kinder in Italien"}]},{"@type":"WebSite","@id":"https:\/\/www.humanium.org\/de\/#website","url":"https:\/\/www.humanium.org\/de\/","name":"Humanium","description":"Kinder zuerst!","potentialAction":[{"@type":"SearchAction","target":{"@type":"EntryPoint","urlTemplate":"https:\/\/www.humanium.org\/de\/?s={search_term_string}"},"query-input":{"@type":"PropertyValueSpecification","valueRequired":true,"valueName":"search_term_string"}}],"inLanguage":"de"}]}},"_links":{"self":[{"href":"https:\/\/www.humanium.org\/de\/wp-json\/wp\/v2\/pages\/6357","targetHints":{"allow":["GET"]}}],"collection":[{"href":"https:\/\/www.humanium.org\/de\/wp-json\/wp\/v2\/pages"}],"about":[{"href":"https:\/\/www.humanium.org\/de\/wp-json\/wp\/v2\/types\/page"}],"author":[{"embeddable":true,"href":"https:\/\/www.humanium.org\/de\/wp-json\/wp\/v2\/users\/1"}],"replies":[{"embeddable":true,"href":"https:\/\/www.humanium.org\/de\/wp-json\/wp\/v2\/comments?post=6357"}],"version-history":[{"count":10,"href":"https:\/\/www.humanium.org\/de\/wp-json\/wp\/v2\/pages\/6357\/revisions"}],"predecessor-version":[{"id":22706,"href":"https:\/\/www.humanium.org\/de\/wp-json\/wp\/v2\/pages\/6357\/revisions\/22706"}],"wp:attachment":[{"href":"https:\/\/www.humanium.org\/de\/wp-json\/wp\/v2\/media?parent=6357"}],"curies":[{"name":"wp","href":"https:\/\/api.w.org\/{rel}","templated":true}]}}