{"id":6473,"date":"2016-04-26T17:15:21","date_gmt":"2016-04-26T17:15:21","guid":{"rendered":"http:\/\/www.humanium.org\/de\/?page_id=6473"},"modified":"2025-12-06T06:40:58","modified_gmt":"2025-12-06T06:40:58","slug":"grenada","status":"publish","type":"page","link":"https:\/\/www.humanium.org\/de\/grenada\/","title":{"rendered":"Die Kinder in Grenada"},"content":{"rendered":"\n<h2 class=\"wp-block-heading\"><strong>Die Verwirklichung der Kinderrechte in Grenada<\/strong><\/h2>\n\n\n\n<div class=\"wp-block-columns is-layout-flex wp-container-core-columns-is-layout-9d6595d7 wp-block-columns-is-layout-flex\">\n<div class=\"wp-block-column is-layout-flow wp-block-column-is-layout-flow\"><div class=\"wp-block-image is-style-rounded\">\n<figure class=\"aligncenter size-full is-resized\"><img loading=\"lazy\" decoding=\"async\" width=\"400\" height=\"400\" src=\"https:\/\/www.humanium.org\/de\/wp-content\/uploads\/2024\/01\/Shutterstock_675221653.jpg\" alt=\"\" class=\"wp-image-17279\" style=\"width:206px;height:auto\" srcset=\"https:\/\/www.humanium.org\/de\/wp-content\/uploads\/2024\/01\/Shutterstock_675221653.jpg 400w, https:\/\/www.humanium.org\/de\/wp-content\/uploads\/2024\/01\/Shutterstock_675221653-300x300.jpg 300w, https:\/\/www.humanium.org\/de\/wp-content\/uploads\/2024\/01\/Shutterstock_675221653-150x150.jpg 150w, https:\/\/www.humanium.org\/de\/wp-content\/uploads\/2024\/01\/Shutterstock_675221653-230x230.jpg 230w, https:\/\/www.humanium.org\/de\/wp-content\/uploads\/2024\/01\/Shutterstock_675221653-350x350.jpg 350w\" sizes=\"auto, (max-width: 400px) 100vw, 400px\" \/><\/figure>\n<\/div><\/div>\n\n\n\n<div class=\"wp-block-column is-layout-flow wp-block-column-is-layout-flow\"><div class=\"wp-block-image is-style-rounded\">\n<figure class=\"aligncenter size-full is-resized\"><img loading=\"lazy\" decoding=\"async\" width=\"400\" height=\"400\" src=\"https:\/\/www.humanium.org\/de\/wp-content\/uploads\/2024\/01\/Shutterstock_618830234.jpg\" alt=\"\" class=\"wp-image-17280\" style=\"width:214px;height:auto\" srcset=\"https:\/\/www.humanium.org\/de\/wp-content\/uploads\/2024\/01\/Shutterstock_618830234.jpg 400w, https:\/\/www.humanium.org\/de\/wp-content\/uploads\/2024\/01\/Shutterstock_618830234-300x300.jpg 300w, https:\/\/www.humanium.org\/de\/wp-content\/uploads\/2024\/01\/Shutterstock_618830234-150x150.jpg 150w, https:\/\/www.humanium.org\/de\/wp-content\/uploads\/2024\/01\/Shutterstock_618830234-230x230.jpg 230w, https:\/\/www.humanium.org\/de\/wp-content\/uploads\/2024\/01\/Shutterstock_618830234-350x350.jpg 350w\" sizes=\"auto, (max-width: 400px) 100vw, 400px\" \/><\/figure>\n<\/div><\/div>\n<\/div>\n\n\n\n<p><strong>W\u00e4hrend sich die Gew\u00fcrzinsel mit endlosen Muskatnussplantagen, farbenfrohen H\u00e4usern im georgianischen Stil und t\u00fcrkisfarbenen Str\u00e4nden r\u00fchmt, leben die Kinder auf Grenada mit stark eingeschr\u00e4nkten Rechten. Die Regierung ratifizierte 1990 das <\/strong><a href=\"https:\/\/www.humanium.org\/de\/konvention\/\"><strong>\u00dcbereinkommen \u00fcber die Rechte des Kindes<\/strong><\/a><strong> und setzte damit erfolgreich das <\/strong><a href=\"https:\/\/www.humanium.org\/de\/das-recht-auf-gesundheit\/\"><strong>Recht der Kinder auf Gesundheit<\/strong><\/a><strong> und <\/strong><a href=\"https:\/\/www.humanium.org\/de\/recht-bildung-weltweit\/\"><strong>Bildung<\/strong><\/a><strong> um. Die kleine Karibikinsel mag ein Touristenparadies sein, aber sie ist auch ein Ort, an dem die <\/strong><a href=\"https:\/\/www.humanium.org\/de\/diskriminierung\/\"><strong>Rechte der Kinder auf Nichtdiskriminierung<\/strong><\/a><strong>, <\/strong><a href=\"https:\/\/www.humanium.org\/de\/themenschwerpunkte\/gewalt\/\"><strong>Gewaltlosigkeit<\/strong><\/a><strong> und <\/strong><a href=\"https:\/\/www.humanium.org\/de\/recht-schutz-weltweit\/\"><strong>Schutz<\/strong><\/a><strong> oft stark eingeschr\u00e4nkt sind.<\/strong><\/p>\n\n\n\n<iframe src=\"https:\/\/www.google.com\/maps\/embed?pb=!1m18!1m12!1m3!1d499050.5716506788!2d-61.919961526786786!3d12.259605758625908!2m3!1f0!2f0!3f0!3m2!1i1024!2i768!4f13.1!3m3!1m2!1s0x8c381789f4877bd1%3A0x36d8c7015a1f4f8e!2sGrenada!5e0!3m2!1sen!2sfr!4v1704295673779!5m2!1sen!2sfr\" width=\"600\" height=\"450\" style=\"border:0;\" allowfullscreen=\"\" loading=\"lazy\" referrerpolicy=\"no-referrer-when-downgrade\"><\/iframe>\n\n\n\n<div class=\"wp-block-columns is-layout-flex wp-container-core-columns-is-layout-9d6595d7 wp-block-columns-is-layout-flex\">\n<div class=\"wp-block-column is-layout-flow wp-block-column-is-layout-flow\">\n<p><strong>Bev\u00f6lkerung :<\/strong> 113.015<br><strong>Bev. 0-14 Jahren :<\/strong>&nbsp;23,76 %<\/p>\n<\/div>\n\n\n\n<div class=\"wp-block-column is-layout-flow wp-block-column-is-layout-flow\">\n<p><strong>Lebenserwartung :<\/strong>&nbsp;72 Jahre<br><strong>Kindersterblichkeit :<\/strong>&nbsp;16,35 \u2030<\/p>\n<\/div>\n<\/div>\n\n\n\n<h2 class=\"wp-block-heading\"><strong>Grenada auf einen Blick<\/strong><\/h2>\n\n\n\n<p>Grenada ist eine 34 km lange und 19 km breite Insel, die im Karibischen Meer n\u00f6rdlich von Venezuela liegt. Christoph Kolumbus entdeckte das Land im 15. Jahrhundert w\u00e4hrend seiner dritten Amerikareise. Es wurde von amerikanischen Ureinwohnern beherrscht, bevor die Franzosen die Insel kauften. In den folgenden Jahren wurde Grenada zwischen den Franzosen und den Briten ausgetauscht, bis das Commonwealth im 19. Jahrhundert die Macht \u00fcbernahm. <\/p>\n\n\n\n<p>\u00c4hnlich wie in anderen karibischen L\u00e4ndern holte die Obrigkeit Sklaven aus <a href=\"https:\/\/www.humanium.org\/de\/afrika\/\">Afrika<\/a>, um auf den Plantagen zu arbeiten. Heute wird Grenada als &#8222;selbstverwalteter Staat im Verbund mit dem Vereinigten K\u00f6nigreich&#8220; bezeichnet (Britter V.B. E., 2022).<\/p>\n\n\n\n<p>Im Jahr 1974 erkl\u00e4rte das Land seine Unabh\u00e4ngigkeit vom britischen Empire, das in unmittelbarer N\u00e4he sieben weitere Kolonien besetzte, besser bekannt als die Westindischen Assoziierten Staaten. Die Revolution wurde durch Unruhen und Streiks ausgel\u00f6st, die schlie\u00dflich zu einem Milit\u00e4rputsch f\u00fchrten. In den 1980er Jahren schlug die Regierung vor, die touristischen Dienstleistungen zu verbessern, aber die schlechte wirtschaftliche Lage verhinderte, dass sie dies in vollem Umfang verwirklichen konnte. <\/p>\n\n\n\n<p>Im Jahr 2020 wurden die Banken in Grenada aufgrund einer Geldw\u00e4scheaff\u00e4re geschlossen, was die Haushaltskrise nur noch weiter versch\u00e4rfte. Dar\u00fcber hinaus verursachte der Hurrikan Ivan im Jahr 2004 Verw\u00fcstungen und Zerst\u00f6rungen im Agrarsektor und in den Tourismuseinrichtungen (Britter V.B. E., 2022).<\/p>\n\n\n\n<p>Die Bev\u00f6lkerung Grenadas hat Anspruch auf kostenlose medizinische und zahn\u00e4rztliche Versorgung in \u00f6ffentlichen Krankenh\u00e4usern. Au\u00dferdem ist der Besuch der Grund- und Sekundarschule f\u00fcr Kinder obligatorisch und f\u00fcr alle kostenlos. Der gr\u00f6\u00dfte Teil der Bev\u00f6lkerung ist <a href=\"https:\/\/www.humanium.org\/de\/afrika\/\">afrikanischer<\/a> Herkunft, in letzter Zeit kommen aber auch immer mehr Touristen aus <a href=\"https:\/\/www.humanium.org\/de\/europa-und-kaukasien\/\">Europa<\/a> und <a href=\"https:\/\/www.humanium.org\/de\/vereinigten-staaten-von-amerika\/\">Nordamerika<\/a>. <\/p>\n\n\n\n<p>Englisch ist weit verbreitet und auch die Amtssprache des Landes. Die Einheimischen kommunizieren jedoch in der Regel auf grenadisches englisches Kreol oder grenadisches franz\u00f6sisches Kreol, einer Mischung aus afrikanischen, europ\u00e4ischen und einheimischen Sprachen (Britter V.B. E., 2022).<\/p>\n\n\n\n<p>Als konstitutionelle Monarchie ist Grenada in hohem Ma\u00dfe auf die finanzielle Unterst\u00fctzung des <a href=\"https:\/\/www.humanium.org\/de\/vereinigteskonigreich\/\">Vereinigten K\u00f6nigreichs<\/a> angewiesen. Die Einheimischen arbeiten meist auf Kakao-, Bananen-, Muskatnuss- und Maca-Plantagen. Neben Baumwollfeldern haben sich auch exotische Pflanzen als erfolgreiches Gesch\u00e4ft erwiesen. <\/p>\n\n\n\n<p>Die Temperatur liegt das ganze Jahr \u00fcber bei 28\u00b0C, was f\u00fcr das Wachstum zahlreicher tropischer Fr\u00fcchte und bl\u00fchender Str\u00e4ucher ideal ist. W\u00e4hrend die Landwirtschaft und der Tourismus die beiden Haupteinnahmequellen f\u00fcr viele Menschen sind, liegt Grenada im Hurrikang\u00fcrtel, was wiederum oft zu beispiellosen Sch\u00e4den f\u00fchrt (Britter V.B. E., 2022).<\/p>\n\n\n\n<h2 class=\"wp-block-heading\"><strong>Status der Rechte des Kindes&nbsp;<a href=\"#_ftn1\"><strong>[1]<\/strong><\/a><\/strong><\/h2>\n\n\n<div class=\"wp-block-image\">\n<figure class=\"alignleft size-large is-resized\"><img loading=\"lazy\" decoding=\"async\" width=\"1024\" height=\"683\" src=\"https:\/\/www.humanium.org\/de\/wp-content\/uploads\/2024\/01\/shutterstock_2216694433-1024x683.jpg\" alt=\"\" class=\"wp-image-17282\" style=\"width:300px;height:auto\" srcset=\"https:\/\/www.humanium.org\/de\/wp-content\/uploads\/2024\/01\/shutterstock_2216694433-1024x683.jpg 1024w, https:\/\/www.humanium.org\/de\/wp-content\/uploads\/2024\/01\/shutterstock_2216694433-300x200.jpg 300w, https:\/\/www.humanium.org\/de\/wp-content\/uploads\/2024\/01\/shutterstock_2216694433-768x512.jpg 768w, https:\/\/www.humanium.org\/de\/wp-content\/uploads\/2024\/01\/shutterstock_2216694433-1536x1024.jpg 1536w, https:\/\/www.humanium.org\/de\/wp-content\/uploads\/2024\/01\/shutterstock_2216694433-2048x1365.jpg 2048w, https:\/\/www.humanium.org\/de\/wp-content\/uploads\/2024\/01\/shutterstock_2216694433-830x553.jpg 830w, https:\/\/www.humanium.org\/de\/wp-content\/uploads\/2024\/01\/shutterstock_2216694433-230x153.jpg 230w, https:\/\/www.humanium.org\/de\/wp-content\/uploads\/2024\/01\/shutterstock_2216694433-350x233.jpg 350w, https:\/\/www.humanium.org\/de\/wp-content\/uploads\/2024\/01\/shutterstock_2216694433-480x320.jpg 480w, https:\/\/www.humanium.org\/de\/wp-content\/uploads\/2024\/01\/shutterstock_2216694433-272x182.jpg 272w\" sizes=\"auto, (max-width: 1024px) 100vw, 1024px\" \/><\/figure>\n<\/div>\n\n\n<p>Neben dem <a href=\"https:\/\/www.humanium.org\/de\/konvention\/\">\u00dcbereinkommen \u00fcber die Rechte des Kindes<\/a>, das die Regierung von Grenada 1990 angenommen hat, haben die Beh\u00f6rden auch das Kindergesetz, das Gesetz \u00fcber Kinderbetreuung und Adoption, das Gesetz \u00fcber h\u00e4usliche Gewalt und das Gesetz \u00fcber die Jugendgerichtsbarkeit unterzeichnet. Leider gibt es keinen festen nationalen Rahmen, in dem der Staat diejenigen, die gegen die Gesetze versto\u00dfen, bestrafen und strafrechtlich verfolgen k\u00f6nnte. Es scheint, dass &#8222;die Gesetze Grenadas die Bestimmungen des \u00dcbereinkommens nicht ausreichend widerspiegeln&#8220; (UNHR, 2010).<\/p>\n\n\n\n<p>Die Verabschiedung des Protokolls zum Kindesmissbrauch hat sich landesweit als gro\u00dfer Erfolg erwiesen. Das Kabinett legte klar umrissene Leitlinien vor, die den Menschen helfen sollen, F\u00e4lle von <a href=\"https:\/\/www.humanium.org\/de\/themenschwerpunkte\/ausbeutung\/\">Kindesmissbrauch<\/a> zu erkennen und zu melden. Die Regierung w\u00e4hlte den April als &#8222;Monat der Sensibilisierung und der Pr\u00e4vention&#8220;, um die Gemeindemitglieder zu inspirieren, sich aktiv an der L\u00f6sung des wachsenden Problems der <a href=\"https:\/\/www.humanium.org\/de\/misshandlung\/\">Bel\u00e4stigung von Kindern<\/a> zu beteiligen. Das Pilotprojekt wurde als erfolgreich eingestuft, da die Zahl der Meldungen von <a href=\"https:\/\/www.humanium.org\/de\/misshandlung\/\">Kindesmissbrauch<\/a> bei den Sozial\u00e4mtern zunahm (UNHR, 2010).<\/p>\n\n\n\n<p>Im Jahr 2011 verboten die Beh\u00f6rden offiziell die k\u00f6rperliche Z\u00fcchtigung in Kinderheimen und Ausbildungszentren. Das Ministerium erkl\u00e4rte sich bereit, diejenigen strafrechtlich zu verfolgen, die das <a href=\"https:\/\/www.humanium.org\/de\/recht-schutz-weltweit\/\">Recht der Kinder auf Schutz<\/a> und <a href=\"https:\/\/www.humanium.org\/de\/themenschwerpunkte\/gewalt\/\">Gewaltlosigkeit<\/a> verletzen. Noch vor einigen Jahren war das Auspeitschen von Kindern nach dem Strafgesetzbuch v\u00f6llig legal. Auch wenn dies ein gro\u00dfer Schritt f\u00fcr Grenada ist, fordern die humanit\u00e4ren Organisationen die Regierung weiterhin auf, &#8222;Gesetze zu erlassen, die alle Formen der k\u00f6rperlichen Z\u00fcchtigung in allen Bereichen verbieten&#8220;, z. B. in Kindertagesst\u00e4tten, Schulen und Gef\u00e4ngnissen (End Corporal Punishment, 2020).<\/p>\n\n\n\n<h2 class=\"wp-block-heading\"><strong>Ber\u00fccksichtigung der Bed\u00fcrfnisse von Kindern<\/strong><\/h2>\n\n\n\n<h3 class=\"wp-block-heading\"><a href=\"https:\/\/www.humanium.org\/de\/das-recht-auf-gesundheit\/\"><strong>Recht auf Gesundheit<\/strong><\/a><\/h3>\n\n\n\n<p>Das Gesundheitssystem in Grenada ist sowohl f\u00fcr Erwachsene als auch f\u00fcr Kinder von zufriedenstellender Qualit\u00e4t, und die Regierung und ausl\u00e4ndische Investoren beteiligen sich h\u00e4ufig an der Finanzierung des Baus von Krankenh\u00e4usern und der Versorgung mit Medikamenten. Dank der \u00e4rztlichen Effizienz und der stetigen Verbesserungen haben <a href=\"https:\/\/www.humanium.org\/de\/kinder-und-aids\/#:~:text=HIV%20infizierte%20Kinder&amp;text=Laut%20den%20Vereinigten%20Nationen%20(UNAIDS,25%20Jahre%20alt%20sind%2C%20infizieren.\">AIDS<\/a>-Patienten Zugang zu geeigneten Medikamenten, die ihnen ein normales Leben erm\u00f6glichen.<\/p>\n\n\n\n<p>Das Fehlen \u00fcbertragbarer Krankheiten und das Vorhandensein wirksamer Behandlungen f\u00fchrte schlie\u00dflich zu einem &#8222;allgemeinen R\u00fcckgang der <a href=\"https:\/\/www.humanium.org\/de\/kindersterblichkeit\/\">Kinder- und M\u00fcttersterblichkeit<\/a> und zu einer h\u00f6heren Lebenserwartung der Grenadier&#8220; (UNICEF, 2017).<\/p>\n\n\n\n<p>Nach einer 1996 in der Region Grand Anse Valley durchgef\u00fchrten Untersuchung schnitten die B\u00fcrger Grenadas bei einer Umfrage, mit der ihr Wissen \u00fcber durch M\u00fccken \u00fcbertragene Krankheiten ermittelt werden sollte, schlecht ab. Wie in vielen anderen L\u00e4ndern mit \u00e4hnlichen Temperaturen, Niederschl\u00e4gen und Luftfeuchtigkeit ist auch Grenada nicht immun gegen vektor\u00fcbertragene Pandemien. <\/p>\n\n\n\n<p>Obwohl viele mit dem Konzept von Dengue und Malaria vertraut waren, wussten die Menschen nicht, wie sie die notwendigen Vorsichtsma\u00dfnahmen treffen k\u00f6nnen. Die Regierung muss die Bev\u00f6lkerung \u00fcber die Gefahren aufkl\u00e4ren und wirksame Wege aufzeigen, um die am meisten gef\u00e4hrdeten Personen vor einer \u00dcbertragung zu sch\u00fctzen (Panagos et al., 2005).<\/p>\n\n\n\n<h3 class=\"wp-block-heading\"><a href=\"https:\/\/www.humanium.org\/de\/recht-bildung-weltweit\/\"><strong>Recht auf Bildung<\/strong><\/a><\/h3>\n\n\n<div class=\"wp-block-image\">\n<figure class=\"alignright size-large is-resized\"><img loading=\"lazy\" decoding=\"async\" width=\"1024\" height=\"968\" src=\"https:\/\/www.humanium.org\/de\/wp-content\/uploads\/2024\/01\/shutterstock_2394391727-1024x968.jpg\" alt=\"\" class=\"wp-image-17283\" style=\"width:258px;height:auto\" srcset=\"https:\/\/www.humanium.org\/de\/wp-content\/uploads\/2024\/01\/shutterstock_2394391727-1024x968.jpg 1024w, https:\/\/www.humanium.org\/de\/wp-content\/uploads\/2024\/01\/shutterstock_2394391727-300x283.jpg 300w, https:\/\/www.humanium.org\/de\/wp-content\/uploads\/2024\/01\/shutterstock_2394391727-768x726.jpg 768w, https:\/\/www.humanium.org\/de\/wp-content\/uploads\/2024\/01\/shutterstock_2394391727-1536x1451.jpg 1536w, https:\/\/www.humanium.org\/de\/wp-content\/uploads\/2024\/01\/shutterstock_2394391727-2048x1935.jpg 2048w, https:\/\/www.humanium.org\/de\/wp-content\/uploads\/2024\/01\/shutterstock_2394391727-830x784.jpg 830w, https:\/\/www.humanium.org\/de\/wp-content\/uploads\/2024\/01\/shutterstock_2394391727-230x217.jpg 230w, https:\/\/www.humanium.org\/de\/wp-content\/uploads\/2024\/01\/shutterstock_2394391727-350x331.jpg 350w, https:\/\/www.humanium.org\/de\/wp-content\/uploads\/2024\/01\/shutterstock_2394391727-480x454.jpg 480w\" sizes=\"auto, (max-width: 1024px) 100vw, 1024px\" \/><\/figure>\n<\/div>\n\n\n<p>Verheerende Wirbelst\u00fcrme und andere Naturkatastrophen k\u00f6nnen im schlimmsten Fall Schulen innerhalb von Minuten zerst\u00f6ren. Nach den St\u00fcrmen brechen die Sch\u00fclerinnen und Sch\u00fcler oft die Schule ab, um Arbeit zu suchen. Daf\u00fcr gibt es zwei Gr\u00fcnde: Erstens k\u00f6nnen sie wegen der zerst\u00f6rten Infrastruktur keine Schulen besuchen, und zweitens finden sie leicht Arbeit im Baugewerbe und k\u00f6nnen so ihre Familien finanziell unterst\u00fctzen. Grenada gibt Millionen von Dollar f\u00fcr rund 22.000 Sch\u00fclerinnen und Sch\u00fcler aus, die an Schulen angemeldet sind. Die Regierung investiert stark in die <a href=\"https:\/\/www.humanium.org\/de\/recht-bildung-weltweit\/\">Bildung<\/a>, da sie wei\u00df, dass &#8222;der <a href=\"https:\/\/www.humanium.org\/de\/recht-bildung-weltweit\/\">Bildungsstand<\/a> eng mit wirtschaftlichen Gewinnen und niedrigeren Armutsraten verbunden ist&#8220; (Mateyka S, 2017).<\/p>\n\n\n\n<p>Grenada k\u00e4mpft auch gegen <a href=\"https:\/\/www.humanium.org\/de\/globale-negative-auswirkungen-der-fruehen-ehe-auf-die-gesundheit-von-minderjaehrigen-muettern\/\">Teenagerschwangerschaften<\/a>, obwohl die Zahlen in den letzten Jahren stetig zur\u00fcckgegangen sind. Dieser Erfolg kann auf die Einf\u00fchrung von Abtreibungspillen zur\u00fcckgef\u00fchrt werden. Anders als in anderen karibischen L\u00e4ndern k\u00f6nnen <a href=\"https:\/\/www.humanium.org\/de\/globale-negative-auswirkungen-der-fruehen-ehe-auf-die-gesundheit-von-minderjaehrigen-muettern\/\">minderj\u00e4hrige M\u00fctter<\/a> in Grenada, die w\u00e4hrend des Schulbesuchs ein Kind zur Welt gebracht haben, ihre <a href=\"https:\/\/www.humanium.org\/de\/recht-bildung-weltweit\/\">Ausbildung<\/a> durch die Teilnahme an staatlich gef\u00f6rderten Programmen im Nachmittagsunterricht beenden (UNHR, 2010). W\u00e4hrend M\u00e4dchen nach der Geburt ihres Kindes dort weitermachen k\u00f6nnen, wo sie aufgeh\u00f6rt haben, und am Unterricht teilnehmen, entscheiden sich viele <a href=\"https:\/\/www.humanium.org\/de\/globale-negative-auswirkungen-der-fruehen-ehe-auf-die-gesundheit-von-minderjaehrigen-muettern\/\">junge M\u00fctter<\/a> aus Angst vor Repressalien gegen die Schule.<\/p>\n\n\n\n<p>Die Wirtschaft in Grenada ist haupts\u00e4chlich von externen Faktoren abh\u00e4ngig. Das Land leidet unter einer r\u00fcckl\u00e4ufigen Wirtschaft und hohen Arbeitslosenquoten, die zu einem unzureichenden Kapitalfluss f\u00fchren. Das Land schafft M\u00f6glichkeiten f\u00fcr junge Studierende, sich im Tourismus, in der Kunst und in \u00e4hnlichen Bereichen zu engagieren, um die Kluft zwischen akademischen und industriellen Aufgaben zu \u00fcberbr\u00fccken. <\/p>\n\n\n\n<p>Die meisten Kinder schlie\u00dfen die Grundschule ab, in der sie neben anderen wichtigen F\u00e4chern auch Englisch und Franz\u00f6sisch lernen. Obwohl Grenada nur \u00fcber zwei Universit\u00e4ten verf\u00fcgt, ist eine davon eine hoch angesehene medizinische Einrichtung, die \u00c4rztinnen und \u00c4rzte aus der ganzen Welt anzieht (Odin Land, n.d.).<\/p>\n\n\n\n<h3 class=\"wp-block-heading\"><strong>Recht auf Schutz<\/strong><\/h3>\n\n\n\n<p>In Grenada werden au\u00dferehelich geborene Kinder von der Gesellschaft und den staatlichen Institutionen <a href=\"https:\/\/www.humanium.org\/de\/themenschwerpunkte\/focusdiskriminierung\/\">diskriminiert<\/a>. Nach der Allgemeinen Erkl\u00e4rung der Menschenrechte (AEMR) haben jedoch alle Kinder, unabh\u00e4ngig von ihrem Status, das <a href=\"https:\/\/www.humanium.org\/de\/recht-schutz-weltweit\/\">Recht auf Schutz<\/a>. Obwohl dies auch f\u00fcr au\u00dferehelich geborene Kinder gilt, ist das Gesetz nicht eindeutig und wird nur unzureichend umgesetzt. <\/p>\n\n\n\n<p>Humanit\u00e4re Organisationen haben mit den Beh\u00f6rden zusammengearbeitet, um die Geburtenregistrierung in die Wege zu leiten und so dieses Anliegen zu unterst\u00fctzen. Auf diese Weise erm\u00f6glichten die staatlichen Institutionen den Kindern, ihre grundlegenden sowie sozio\u00f6konomischen Rechte zu verwirklichen (The Commonwealth, 2016).<\/p>\n\n\n\n<blockquote class=\"wp-block-quote is-layout-flow wp-block-quote-is-layout-flow\">\n<p>&#8222;Im Jahr 2011 sch\u00e4tzte die Regierung, dass etwa 14.000 Grenadierinnen und Grenadier keinen registrierten Namen hatten und dass 9.063 von ihnen Kinder unter 18 Jahren waren.&#8220; <\/p>\n<cite>&#8211; UNICEF, 2017<\/cite><\/blockquote>\n\n\n\n<p>Positiv zu vermerken ist jedoch, dass die Regierung im selben Jahr eine Initiative gestartet hat, die sicherstellt, dass kein Kind das Krankenhaus ohne die Anwesenheit eines Vaters verl\u00e4sst, der das <a href=\"https:\/\/www.humanium.org\/de\/recht-auf-identitat\/\">Recht seines Kindes auf Identit\u00e4t<\/a> wahrnimmt. Von den V\u00e4tern wird erwartet, dass sie das universelle Geburtsregistrierungsformular verwenden, das mit einer Online-Datenbank verbunden ist. Das Projekt hat sich als Erfolg erwiesen, da jedes Jahr mehr Namen in das Register aufgenommen werden.<\/p>\n\n\n\n<h2 class=\"wp-block-heading\"><strong>Risikofaktoren \ud83e\udc6a L\u00e4nderspezifische Herausforderungen<\/strong><\/h2>\n\n\n\n<h3 class=\"wp-block-heading\"><a href=\"https:\/\/www.humanium.org\/de\/themenschwerpunkte\/armut\/\"><strong>Armut<\/strong><\/a><\/h3>\n\n\n\n<p>Mit der h\u00f6chsten Armutsquote unter den ostkaribischen L\u00e4ndern ist es nicht verwunderlich, dass &#8222;2016 38 % der Menschen in Grenada in <a href=\"https:\/\/www.humanium.org\/de\/themenschwerpunkte\/armut\/\">Armut<\/a> lebten&#8220; (UNICEF, 2021). J\u00fcngsten Daten zufolge werden die meisten Haushalte, die mit wirtschaftlichen Problemen zu k\u00e4mpfen haben, von alleinstehenden M\u00fcttern gef\u00fchrt. Kinder, die ohne grundlegende Annehmlichkeiten aufwachsen, begehen mit gr\u00f6\u00dferer Wahrscheinlichkeit Straftaten, schlie\u00dfen sich einer lokalen Gang an oder brechen die Schule ab.&nbsp;<\/p>\n\n\n\n<p>Die Pandemie im Jahr 2020 hat die Situation noch verschlimmert, und man geht davon aus, dass diese Zahlen in Zukunft noch steigen werden. Familien, die am Rande der <a href=\"https:\/\/www.humanium.org\/de\/themenschwerpunkte\/armut\/\">Armut<\/a> leben, sind besonders anf\u00e4llig f\u00fcr sozio\u00f6konomische Ver\u00e4nderungen jeglicher Art. Der Zugang zu \u00f6ffentlichen Schulen oder Gesundheitseinrichtungen ist daher f\u00fcr <a href=\"https:\/\/www.humanium.org\/de\/themenschwerpunkte\/armut\/\">einkommensschwache Familien<\/a> von \u00fcberragender Bedeutung. Idealerweise sollten Lehrkr\u00e4fte, Sozialarbeiterinnen und -arbeiter sowie Eltern zusammenarbeiten, um Kindern durch <a href=\"https:\/\/www.humanium.org\/de\/recht-bildung-weltweit\/\">Bildung<\/a> den Weg aus der <a href=\"https:\/\/www.humanium.org\/de\/themenschwerpunkte\/armut\/\">Armut<\/a> zu ebnen (UNICEF, 2021).<\/p>\n\n\n\n<blockquote class=\"wp-block-quote is-layout-flow wp-block-quote-is-layout-flow\">\n<p>&#8222;Die Weltbank sch\u00e4tzt, dass im Jahr 2020 32 % der Einwohner Grenadas unterhalb der <a href=\"https:\/\/www.humanium.org\/de\/themenschwerpunkte\/armut\/\">Armutsgrenze<\/a> leben.&#8220; <\/p>\n<cite>&#8211; Lawerence A, 2020<\/cite><\/blockquote>\n\n\n<div class=\"wp-block-image\">\n<figure class=\"alignleft size-large is-resized\"><img loading=\"lazy\" decoding=\"async\" width=\"1024\" height=\"683\" src=\"https:\/\/www.humanium.org\/de\/wp-content\/uploads\/2024\/01\/shutterstock_1224647824-1024x683.jpg\" alt=\"\" class=\"wp-image-17284\" style=\"width:305px;height:auto\" srcset=\"https:\/\/www.humanium.org\/de\/wp-content\/uploads\/2024\/01\/shutterstock_1224647824-1024x683.jpg 1024w, https:\/\/www.humanium.org\/de\/wp-content\/uploads\/2024\/01\/shutterstock_1224647824-300x200.jpg 300w, https:\/\/www.humanium.org\/de\/wp-content\/uploads\/2024\/01\/shutterstock_1224647824-768x512.jpg 768w, https:\/\/www.humanium.org\/de\/wp-content\/uploads\/2024\/01\/shutterstock_1224647824-1536x1024.jpg 1536w, https:\/\/www.humanium.org\/de\/wp-content\/uploads\/2024\/01\/shutterstock_1224647824-2048x1365.jpg 2048w, https:\/\/www.humanium.org\/de\/wp-content\/uploads\/2024\/01\/shutterstock_1224647824-830x553.jpg 830w, https:\/\/www.humanium.org\/de\/wp-content\/uploads\/2024\/01\/shutterstock_1224647824-230x153.jpg 230w, https:\/\/www.humanium.org\/de\/wp-content\/uploads\/2024\/01\/shutterstock_1224647824-350x233.jpg 350w, https:\/\/www.humanium.org\/de\/wp-content\/uploads\/2024\/01\/shutterstock_1224647824-480x320.jpg 480w, https:\/\/www.humanium.org\/de\/wp-content\/uploads\/2024\/01\/shutterstock_1224647824-272x182.jpg 272w\" sizes=\"auto, (max-width: 1024px) 100vw, 1024px\" \/><\/figure>\n<\/div>\n\n\n<p>Mehr als 13 % der Gesamtbev\u00f6lkerung kommen nicht \u00fcber die Runden, und die meisten dieser Familien leben in l\u00e4ndlichen Gebieten, wo sie nur begrenzte M\u00f6glichkeiten haben, Arbeit zu finden. Die Bev\u00f6lkerung in den st\u00e4dtischen Gebieten hat besseren Zugang zu ausl\u00e4ndischer Hilfe sowie zu den Gew\u00fcrz- und Tourismusm\u00e4rkten, die das Land am Leben erhalten. Die schlechte wirtschaftliche Lage hat zu einer erh\u00f6hten Zahl von <a href=\"https:\/\/www.humanium.org\/de\/globale-negative-auswirkungen-der-fruehen-ehe-auf-die-gesundheit-von-minderjaehrigen-muettern\/\">Teenagerschwangerschaften<\/a> sowie zu <a href=\"https:\/\/www.humanium.org\/de\/themenschwerpunkte\/gewalt\/\">geschlechtsspezifischer Gewalt<\/a> und <a href=\"https:\/\/www.humanium.org\/de\/misshandlung\/\">Missbrauch von Kindern und Frauen<\/a> gef\u00fchrt (Lawerence A, 2020).<\/p>\n\n\n\n<p>Obwohl die Regierung stark in das <a href=\"https:\/\/www.humanium.org\/de\/recht-bildung-weltweit\/\">Bildungssystem<\/a> investiert, scheint die Jugend kein Interesse daran zu haben, im l\u00e4ndlichen Sektor zu arbeiten, da die L\u00f6hne recht niedrig sind. Das Land hat au\u00dferdem mit tropischen St\u00fcrmen zu k\u00e4mpfen, die die Plantagenfelder besch\u00e4digen. <\/p>\n\n\n\n<p>Die meisten Landwirte und Fischer, die in den D\u00f6rfern leben, stehen vor dem Nichts, nachdem die Tropenst\u00fcrme \u00fcber die Insel hinweggefegt sind. Es gibt jedoch Fortschritte in der Art und Weise, wie sich die Gemeinschaft auf turbulentes Wetter vorbereitet und Vorkehrungen trifft, die dazu beitragen k\u00f6nnten, die \u00dcberschwemmungen nach den St\u00fcrmen zu verringern (Lawerence A, 2020).&nbsp;<\/p>\n\n\n\n<h3 class=\"wp-block-heading\"><a href=\"https:\/\/www.humanium.org\/de\/themenschwerpunkte\/ausbeutung\/\"><strong>Ausbeutung von Kindern<\/strong><\/a><\/h3>\n\n\n\n<p>Kinder in Grenada sind erheblicher <a href=\"https:\/\/www.humanium.org\/de\/themenschwerpunkte\/gewalt\/\">sexueller Gewalt<\/a> und Ausbeutung ausgesetzt. Im Jahr 2019 organisierten Aktivistinnen und Aktivisten eine von vielen Protestaktionen im Land, um das Bewusstsein f\u00fcr <a href=\"https:\/\/www.humanium.org\/de\/misshandlung\/\">Kindesmissbrauch<\/a> zu sch\u00e4rfen. Sie k\u00e4mpfen gegen die <em>weichen Gesetze<\/em>, die es den T\u00e4tern erm\u00f6glichen, gegen Zahlung von nur 1500 Dollar freizukommen.&nbsp;<\/p>\n\n\n\n<p>Au\u00dferdem betr\u00e4gt &#8222;die H\u00f6chststrafe f\u00fcr den Vorwurf der unsittlichen K\u00f6rperverletzung f\u00fcnf Jahre Haft&#8220; (Campbell C, 2019).&nbsp; Die Aktivistinnen und Aktivisten fordern die Regierung auf, die Gesetze zu versch\u00e4rfen und die T\u00e4ter zu bestrafen, um die <a href=\"https:\/\/www.humanium.org\/de\/das-recht-auf-schutz\/\">Kinder zu sch\u00fctzen<\/a>, die zu jung sind, um sich gegen Kriminelle zu wehren. Die Gemeinschaft wird ermutigt, nicht zu schweigen, da jedes Kind Opfer von Misshandlungen werden kann (Campbell C, 2019).<\/p>\n\n\n\n<p>Obwohl ein gro\u00dfer Teil der Bev\u00f6lkerung ver\u00e4rgert und frustriert ist, nehmen sexuelle \u00dcbergriffe zu, und die Beh\u00f6rden \u00fcberarbeiten st\u00e4ndig die Gesetze des Strafgesetzbuchs. Bis 2012 galten Anschuldigungen wegen <a href=\"https:\/\/www.humanium.org\/de\/die-sexuelle-ausbeutung-von-kindern\/\">sexuellen Missbrauchs<\/a> nicht f\u00fcr Verbrechen gegen Jungen. Die Strafen waren nicht so hart, und die Gerichtsverfahren zur rechtlichen Verurteilung von Straft\u00e4tern dauerten l\u00e4nger als heute. Nach den neuen \u00c4nderungen arbeitete die Regierung auch daran, strengere Regeln f\u00fcr diejenigen einzuf\u00fchren, die unerlaubte sexuelle Handlungen mit minderj\u00e4hrigen Kindern vornehmen (UN Women, n.d.).<\/p>\n\n\n\n<p>Kinder in Grenada sind an Orten wie Schulen, Heimen oder sogar Polizeistationen <a href=\"https:\/\/www.humanium.org\/de\/die-sexuelle-ausbeutung-von-kindern\/\">sexuellem Missbrauch<\/a> ausgesetzt. Einige dieser Kinder tappen absichtlich in diese Falle, um Geld zu verdienen und ihre Familien zu unterst\u00fctzen. Die Beh\u00f6rden in Grenada betonen nicht nur, wie wichtig es ist, diese Vorf\u00e4lle zu registrieren, sondern &#8222;unterstreichen auch die Bedeutung der Aufkl\u00e4rung \u00fcber <a href=\"https:\/\/www.humanium.org\/de\/die-sexuelle-ausbeutung-von-kindern\/\">sexuellen Missbrauch<\/a> und das Erkennen von Anzeichen f\u00fcr Missbrauch&#8220; (Immigration and Refugee Board of Canada, 2005).<\/p>\n\n\n\n<p>Im Jahr 2006 startete die Regierung eine landesweite Initiative, die sich auf die Identifizierung von T\u00e4tern und Opfern sowie auf den Schutz von Kindern vor Ausbeutung im Internet konzentriert. Das Land hat gegen\u00fcber den Kindern die gesetzliche Verantwortung, Ma\u00dfnahmen und Programme umzusetzen, die dem Wohl des Kindes dienen. <\/p>\n\n\n\n<p>Kinder sollten Zugang zu sozialp\u00e4dagogischen Fachkr\u00e4ften, Psychologinnen und Psychologen und anderen Fachleuten haben, die ihnen dabei helfen, Schwachstellen nach dem Missbrauch anzugehen und zu \u00fcberwinden. Das Gesetz sollte regelm\u00e4\u00dfig an die erwiesene Effizienz und den Erfolg angepasst werden, um die Kinderschutzsysteme zu verbessern (Sealv-Burke J, 2016).<\/p>\n\n\n\n<h3 class=\"wp-block-heading\"><a href=\"https:\/\/www.humanium.org\/de\/internationale-regeln\/\"><strong>Das Jugendstrafsystem<\/strong><\/a><strong>&nbsp;<\/strong><\/h3>\n\n\n\n<p>Im Jahr 2005 war die Gesellschaft emp\u00f6rt, als sie von der Inhaftierung zweier Geschwister erfuhr. Zwei Vierzehnj\u00e4hrige wurden ins Gef\u00e4ngnis gesteckt, weil sie von den Sozialdiensten nicht versorgt wurden. Diese Kinder waren von ihren Eltern verlassen worden, und mit der Begr\u00fcndung, sie an einem sicheren Ort unterzubringen, verletzten die Beh\u00f6rden direkt ihr <a href=\"https:\/\/www.humanium.org\/de\/recht-schutz-weltweit\/\">Recht auf Schutz<\/a>.&nbsp;<\/p>\n\n\n\n<p>Neben dem furchtbaren Umgang mit den verlassenen Kindern wurde die Regierung auch daf\u00fcr kritisiert, dass sie keine Beratungsdienste zur Verf\u00fcgung stellte und die Kinder nicht in die Obhut professioneller Betreuungskr\u00e4fte gab. Laut der Grenada Coalition for the Rights of the Child (Koalition f\u00fcr die Rechte des Kindes) \u201esind viele dieser Schwierigkeiten auf das Fehlen von Richtlinien oder klar definierten Protokollen zur\u00fcckzuf\u00fchren\u201c (Immigration and Refugee Board of Canada, 2005).<\/p>\n\n\n\n<p>In den meisten karibischen L\u00e4ndern haben <a href=\"https:\/\/www.humanium.org\/de\/internationale-regeln\/\">straff\u00e4llig<\/a> gewordene Jugendliche keinen Zugang zu Rehabilitationsdiensten, die Beratung und Nachsorge umfassen. Anstatt eine Therapie zu erhalten und die Wahrscheinlichkeit eines R\u00fcckfalls zu verringern, werden diese jungen Straft\u00e4ter sich selbst \u00fcberlassen, so dass sie wahrscheinlich erneut eine Straftat begehen werden. <\/p>\n\n\n\n<p>Das Land ist derzeit nicht in der Lage, mit solchen F\u00e4llen wirksam umzugehen, weil es zu wenig Personal und zu wenig Ausstattung hat. Leider sind Kinder zwischen 16 und 18 Jahren zusammen mit \u00e4lteren H\u00e4ftlingen inhaftiert und haben oft keinen Zugang zu Bildung (Sealv-Burke J, 2016).<\/p>\n\n\n\n<blockquote class=\"wp-block-quote is-layout-flow wp-block-quote-is-layout-flow\">\n<p>&#8222;Im Menschenrechtsbericht des US-Au\u00dfenministeriums wurden als wesentlichste Menschenrechtsverletzungen in Grenada die schlechten Haftbedingungen aufgrund von \u00dcberbelegung und <a href=\"https:\/\/www.humanium.org\/de\/themenschwerpunkte\/gewalt\/\">Gewalt<\/a> gegen Frauen und Kinder genannt.&#8220; <\/p>\n<cite>&#8211; Blandau R, 2017<\/cite><\/blockquote>\n\n\n\n<p>Grenada hat nur ein Gef\u00e4ngnis, das mehr als das Doppelte seiner urspr\u00fcnglichen Kapazit\u00e4t beherbergt. Diese <a href=\"https:\/\/www.humanium.org\/de\/inhaftierte-kinder\/\">Haftanstalt<\/a> ist die einzige ihrer Art, in der schon Kinder im Alter von zw\u00f6lf Jahren untergebracht sind, was in Grenada das gesetzliche Strafm\u00fcndigkeitsalter ist. Positiv zu vermerken ist, dass mehr Menschen bereit sind, Missbrauch anzuzeigen, was zwar zu mehr Inhaftierten f\u00fchrt, aber auch zur Befreiung von Frauen und Kindern. Das Land arbeitet an der Einrichtung von Schutzr\u00e4umen f\u00fcr die Opfer h\u00e4uslicher oder <a href=\"https:\/\/www.humanium.org\/de\/die-sexuelle-ausbeutung-von-kindern\/\">sexueller Gewalt<\/a> (Blandau R, 2017).<\/p>\n\n\n\n<p><em><strong>Geschrieben von Lidija Misic<\/strong><\/em><\/p>\n\n\n\n<p><em><strong>Internes Korrekturlesen von Aditi Partha&nbsp;<\/strong><\/em><\/p>\n\n\n\n<p><em><strong>\u00dcbersetzt von Mathilda Castel<\/strong><\/em><\/p>\n\n\n\n<p><em><strong>Korrektur gelesen von Rebecca Richter<\/strong><\/em><\/p>\n\n\n\n<p><em><strong>Zuletzt bearbeitet am 6. November 2022<\/strong><\/em><\/p>\n\n\n\n<h4 class=\"wp-block-heading\"><strong>Bibliographie:<\/strong><\/h4>\n\n\n\n<p class=\"has-small-font-size\">Blandau Rachel, Human Rights Concerns in Grenada: Prisons and Discriminatory Laws (2017). Retrieved from Borgen Magazine at <a href=\"https:\/\/www.borgenmagazine.com\/human-rights-concerns-in-grenada\/\" target=\"_blank\" rel=\"noreferrer noopener\">https:\/\/www.borgenmagazine.com\/human-rights-concerns-in-grenada\/<\/a>, accessed on November 6, 2022.<\/p>\n\n\n\n<p class=\"has-small-font-size\">Britter V.B. Eric, Grenada (2022). Retrieved from Britannica at <a href=\"https:\/\/www.britannica.com\/place\/Grenada\" target=\"_blank\" rel=\"noreferrer noopener\">https:\/\/www.britannica.com\/place\/Grenada<\/a>, accessed on November 5, 2022.<\/p>\n\n\n\n<p class=\"has-small-font-size\">Campbell Curlan, Grenada Empowerment Movement issues petition to strengthen laws against child sexual abuse&nbsp;(2019). Retrieved from NOW Grenada at <a href=\"https:\/\/nowgrenada.com\/2019\/10\/grenada-empowerment-movement-issues-petition-to-strengthen-laws-against-child-sexual-abuse\/\" target=\"_blank\" rel=\"noreferrer noopener\">https:\/\/nowgrenada.com\/2019\/10\/grenada-empowerment-movement-issues-petition-to-strengthen-laws-against-child-sexual-abuse\/<\/a>, accessed on November 6, 2022.<br>Committee on Rights of Child examines report of Grenada&nbsp;(2010). Retrieved from UNHR at https:\/\/newsarchive.ohchr.org\/EN\/NewsEvents\/Pages\/DisplayNews.aspx?NewsID=10082&amp;LangID=E, accessed on November 5, 2022.<br>Generation Unlimited &#8211; the well-being of young people in Grenada (2021). Retrieved from UNICEF at <a href=\"https:\/\/www.unicef.org\/easterncaribbean\/reports\/generation-unlimited-well-being-young-people-grenada\" target=\"_blank\" rel=\"noreferrer noopener\">https:\/\/www.unicef.org\/easterncaribbean\/reports\/generation-unlimited-well-being-young-people-grenada<\/a>, accessed on November 6, 2022.<br>Grenada (n.d.). Retrived from UN Women at https:\/\/caribbean.unwomen.org\/en\/caribbean-gender-portal\/caribbean-gbv-law-portal\/gbv-country-resources\/grenada, accessed on November 6, 2022.<\/p>\n\n\n\n<p class=\"has-small-font-size\">Grenada prohibits corporal punishment in child care services and as a sentence for a crime (2020). Retrieved from End Corporal Punishment at <a href=\"https:\/\/endcorporalpunishment.org\/grenada-prohibits-as-a-sentence-for-a-crime\/\" target=\"_blank\" rel=\"noreferrer noopener\">https:\/\/endcorporalpunishment.org\/grenada-prohibits-as-a-sentence-for-a-crime\/<\/a>, accessed on November 5, 2022.<\/p>\n\n\n\n<p class=\"has-small-font-size\">Grenada: Protection available for victims of child abuse: availability of facilities and social services for abandoned children (2003-2005). Retrieved from the Immigration and Refugee Board of Canada at <a href=\"https:\/\/www.refworld.org\/docid\/45f147f220.html\" target=\"_blank\" rel=\"noreferrer noopener\">https:\/\/www.refworld.org\/docid\/45f147f220.html<\/a>, accessed on November 6, 2022.<br>Grenada referendum and the protection of children (2016). Retrieved from The Commonwealth at <a href=\"https:\/\/thecommonwealth.org\/news\/grenada-referendum-and-protection-children\" target=\"_blank\" rel=\"noreferrer noopener\">https:\/\/thecommonwealth.org\/news\/grenada-referendum-and-protection-children<\/a>, accessed on November 6, 2022.<br>How good is education in Grenada? (n.d.). Retrieved from Odin Land at <a href=\"https:\/\/odinland.vn\/education-in-grenada\/?lang=en\" target=\"_blank\" rel=\"noreferrer noopener\">https:\/\/odinland.vn\/education-in-grenada\/?lang=en<\/a>, accessed on November 6, 2022.<br>Lawerence Abbie, Poverty in Grenada (2020). Retrived from The Borgen Project at <a href=\"https:\/\/borgenproject.org\/tag\/poverty-in-grenada\/\" target=\"_blank\" rel=\"noreferrer noopener\">https:\/\/borgenproject.org\/tag\/poverty-in-grenada\/<\/a>, accessed on November 6, 2022.<br>Mateyka Sylvia, Improving children\u2019s education in Grenada (2017). Retrieved from The OPEC Fund for International Development at <a href=\"https:\/\/opecfund.org\/news\/improving-children-s-education-in-grenada\" target=\"_blank\" rel=\"noreferrer noopener\">https:\/\/opecfund.org\/news\/improving-children-s-education-in-grenada<\/a>, accessed on November 6, 2022.<br>Panagos et al, Dengue in Grenada (2005). Retrieved from National Library of Medicine at <a href=\"https:\/\/pubmed.ncbi.nlm.nih.gov\/15969973\/\" target=\"_blank\" rel=\"noreferrer noopener\">https:\/\/pubmed.ncbi.nlm.nih.gov\/15969973\/<\/a>, accessed on November 6, 2022.<br>Situation Analysis of Children in Grenada (2017). Retrieved from UNICEF at <a href=\"https:\/\/www.unicef.org\/easterncaribbean\/reports\/situation-analysis-children-grenada\" target=\"_blank\" rel=\"noreferrer noopener\">https:\/\/www.unicef.org\/easterncaribbean\/reports\/situation-analysis-children-grenada<\/a>, accessed on November 6, 2022.<\/p>\n\n\n\n<p class=\"has-small-font-size\">Sealv-Burke Jacqueline, OECS\/UNICEF Assessment of the Child Justice System in Grenada (2016). Retrieved from UNICEF at <a href=\"https:\/\/www.unicef.org\/easterncaribbean\/reports\/oecsunicef-country-assessment-child-protection-systems-grenada\" target=\"_blank\" rel=\"noreferrer noopener\">https:\/\/www.unicef.org\/easterncaribbean\/reports\/oecsunicef-country-assessment-child-protection-systems-grenada<\/a>, accessed on November 6, 2022.<\/p>\n\n\n\n<hr class=\"wp-block-separator has-alpha-channel-opacity\"\/>\n\n\n\n<p class=\"has-small-font-size\"><a href=\"#_ftnref1\">[1]<\/a> Dieser Artikel erhebt keineswegs den Anspruch, einen vollst\u00e4ndigen oder repr\u00e4sentativen \u00dcberblick \u00fcber die Rechte der Kinder in Grenada zu geben; eine der vielen Herausforderungen besteht darin, dass es nur wenige aktuelle Informationen \u00fcber die Kinder in Grenada gibt, von denen viele unzuverl\u00e4ssig, nicht repr\u00e4sentativ, veraltet oder einfach nicht vorhanden sind.<\/p>\n","protected":false},"excerpt":{"rendered":"<p>Die Verwirklichung der Kinderrechte in Grenada W\u00e4hrend sich die Gew\u00fcrzinsel mit endlosen Muskatnussplantagen, farbenfrohen H\u00e4usern im georgianischen Stil und t\u00fcrkisfarbenen Str\u00e4nden r\u00fchmt, leben die Kinder auf Grenada mit stark eingeschr\u00e4nkten Rechten. Die Regierung ratifizierte 1990 das \u00dcbereinkommen \u00fcber die Rechte des Kindes und setzte damit erfolgreich das Recht der Kinder auf Gesundheit und Bildung um. [&hellip;]<\/p>\n","protected":false},"author":1,"featured_media":0,"parent":0,"menu_order":0,"comment_status":"closed","ping_status":"closed","template":"","meta":{"footnotes":""},"class_list":["post-6473","page","type-page","status-publish","hentry"],"yoast_head":"<!-- This site is optimized with the Yoast SEO plugin v26.5 - https:\/\/yoast.com\/wordpress\/plugins\/seo\/ -->\n<title>Die Kinder in Grenada - Humanium<\/title>\n<meta name=\"description\" content=\"Kinder machen einen gro\u00dfen Teil der Bev\u00f6lkerung aus. Das Land unterzeichnete die Kinderrechtskonvention im Jahr 1990.\" \/>\n<meta name=\"robots\" content=\"index, follow, max-snippet:-1, max-image-preview:large, max-video-preview:-1\" \/>\n<link rel=\"canonical\" href=\"https:\/\/www.humanium.org\/de\/grenada\/\" \/>\n<meta property=\"og:locale\" content=\"de_DE\" \/>\n<meta property=\"og:type\" content=\"article\" \/>\n<meta property=\"og:title\" content=\"Die Kinder in Grenada - Humanium\" \/>\n<meta property=\"og:description\" content=\"Kinder machen einen gro\u00dfen Teil der Bev\u00f6lkerung aus. Das Land unterzeichnete die Kinderrechtskonvention im Jahr 1990.\" \/>\n<meta property=\"og:url\" content=\"https:\/\/www.humanium.org\/de\/grenada\/\" \/>\n<meta property=\"og:site_name\" content=\"Humanium\" \/>\n<meta property=\"article:modified_time\" content=\"2025-12-06T06:40:58+00:00\" \/>\n<meta property=\"og:image\" content=\"https:\/\/www.humanium.org\/de\/wp-content\/uploads\/2024\/01\/Shutterstock_675221653.jpg\" \/>\n\t<meta property=\"og:image:width\" content=\"400\" \/>\n\t<meta property=\"og:image:height\" content=\"400\" \/>\n\t<meta property=\"og:image:type\" content=\"image\/jpeg\" \/>\n<meta name=\"twitter:card\" content=\"summary_large_image\" \/>\n<meta name=\"twitter:label1\" content=\"Gesch\u00e4tzte Lesezeit\" \/>\n\t<meta name=\"twitter:data1\" content=\"17\u00a0Minuten\" \/>\n<script type=\"application\/ld+json\" class=\"yoast-schema-graph\">{\"@context\":\"https:\/\/schema.org\",\"@graph\":[{\"@type\":\"WebPage\",\"@id\":\"https:\/\/www.humanium.org\/de\/grenada\/\",\"url\":\"https:\/\/www.humanium.org\/de\/grenada\/\",\"name\":\"Die Kinder in Grenada - Humanium\",\"isPartOf\":{\"@id\":\"https:\/\/www.humanium.org\/de\/#website\"},\"primaryImageOfPage\":{\"@id\":\"https:\/\/www.humanium.org\/de\/grenada\/#primaryimage\"},\"image\":{\"@id\":\"https:\/\/www.humanium.org\/de\/grenada\/#primaryimage\"},\"thumbnailUrl\":\"https:\/\/www.humanium.org\/de\/wp-content\/uploads\/2024\/01\/Shutterstock_675221653.jpg\",\"datePublished\":\"2016-04-26T17:15:21+00:00\",\"dateModified\":\"2025-12-06T06:40:58+00:00\",\"description\":\"Kinder machen einen gro\u00dfen Teil der Bev\u00f6lkerung aus. Das Land unterzeichnete die Kinderrechtskonvention im Jahr 1990.\",\"breadcrumb\":{\"@id\":\"https:\/\/www.humanium.org\/de\/grenada\/#breadcrumb\"},\"inLanguage\":\"de\",\"potentialAction\":[{\"@type\":\"ReadAction\",\"target\":[\"https:\/\/www.humanium.org\/de\/grenada\/\"]}]},{\"@type\":\"ImageObject\",\"inLanguage\":\"de\",\"@id\":\"https:\/\/www.humanium.org\/de\/grenada\/#primaryimage\",\"url\":\"https:\/\/www.humanium.org\/de\/wp-content\/uploads\/2024\/01\/Shutterstock_675221653.jpg\",\"contentUrl\":\"https:\/\/www.humanium.org\/de\/wp-content\/uploads\/2024\/01\/Shutterstock_675221653.jpg\",\"width\":400,\"height\":400},{\"@type\":\"BreadcrumbList\",\"@id\":\"https:\/\/www.humanium.org\/de\/grenada\/#breadcrumb\",\"itemListElement\":[{\"@type\":\"ListItem\",\"position\":1,\"name\":\"Home\",\"item\":\"https:\/\/www.humanium.org\/de\/\"},{\"@type\":\"ListItem\",\"position\":2,\"name\":\"Die Kinder in Grenada\"}]},{\"@type\":\"WebSite\",\"@id\":\"https:\/\/www.humanium.org\/de\/#website\",\"url\":\"https:\/\/www.humanium.org\/de\/\",\"name\":\"Humanium\",\"description\":\"Kinder zuerst!\",\"potentialAction\":[{\"@type\":\"SearchAction\",\"target\":{\"@type\":\"EntryPoint\",\"urlTemplate\":\"https:\/\/www.humanium.org\/de\/?s={search_term_string}\"},\"query-input\":{\"@type\":\"PropertyValueSpecification\",\"valueRequired\":true,\"valueName\":\"search_term_string\"}}],\"inLanguage\":\"de\"}]}<\/script>\n<!-- \/ Yoast SEO plugin. -->","yoast_head_json":{"title":"Die Kinder in Grenada - Humanium","description":"Kinder machen einen gro\u00dfen Teil der Bev\u00f6lkerung aus. Das Land unterzeichnete die Kinderrechtskonvention im Jahr 1990.","robots":{"index":"index","follow":"follow","max-snippet":"max-snippet:-1","max-image-preview":"max-image-preview:large","max-video-preview":"max-video-preview:-1"},"canonical":"https:\/\/www.humanium.org\/de\/grenada\/","og_locale":"de_DE","og_type":"article","og_title":"Die Kinder in Grenada - Humanium","og_description":"Kinder machen einen gro\u00dfen Teil der Bev\u00f6lkerung aus. Das Land unterzeichnete die Kinderrechtskonvention im Jahr 1990.","og_url":"https:\/\/www.humanium.org\/de\/grenada\/","og_site_name":"Humanium","article_modified_time":"2025-12-06T06:40:58+00:00","og_image":[{"width":400,"height":400,"url":"https:\/\/www.humanium.org\/de\/wp-content\/uploads\/2024\/01\/Shutterstock_675221653.jpg","type":"image\/jpeg"}],"twitter_card":"summary_large_image","twitter_misc":{"Gesch\u00e4tzte Lesezeit":"17\u00a0Minuten"},"schema":{"@context":"https:\/\/schema.org","@graph":[{"@type":"WebPage","@id":"https:\/\/www.humanium.org\/de\/grenada\/","url":"https:\/\/www.humanium.org\/de\/grenada\/","name":"Die Kinder in Grenada - Humanium","isPartOf":{"@id":"https:\/\/www.humanium.org\/de\/#website"},"primaryImageOfPage":{"@id":"https:\/\/www.humanium.org\/de\/grenada\/#primaryimage"},"image":{"@id":"https:\/\/www.humanium.org\/de\/grenada\/#primaryimage"},"thumbnailUrl":"https:\/\/www.humanium.org\/de\/wp-content\/uploads\/2024\/01\/Shutterstock_675221653.jpg","datePublished":"2016-04-26T17:15:21+00:00","dateModified":"2025-12-06T06:40:58+00:00","description":"Kinder machen einen gro\u00dfen Teil der Bev\u00f6lkerung aus. Das Land unterzeichnete die Kinderrechtskonvention im Jahr 1990.","breadcrumb":{"@id":"https:\/\/www.humanium.org\/de\/grenada\/#breadcrumb"},"inLanguage":"de","potentialAction":[{"@type":"ReadAction","target":["https:\/\/www.humanium.org\/de\/grenada\/"]}]},{"@type":"ImageObject","inLanguage":"de","@id":"https:\/\/www.humanium.org\/de\/grenada\/#primaryimage","url":"https:\/\/www.humanium.org\/de\/wp-content\/uploads\/2024\/01\/Shutterstock_675221653.jpg","contentUrl":"https:\/\/www.humanium.org\/de\/wp-content\/uploads\/2024\/01\/Shutterstock_675221653.jpg","width":400,"height":400},{"@type":"BreadcrumbList","@id":"https:\/\/www.humanium.org\/de\/grenada\/#breadcrumb","itemListElement":[{"@type":"ListItem","position":1,"name":"Home","item":"https:\/\/www.humanium.org\/de\/"},{"@type":"ListItem","position":2,"name":"Die Kinder in Grenada"}]},{"@type":"WebSite","@id":"https:\/\/www.humanium.org\/de\/#website","url":"https:\/\/www.humanium.org\/de\/","name":"Humanium","description":"Kinder zuerst!","potentialAction":[{"@type":"SearchAction","target":{"@type":"EntryPoint","urlTemplate":"https:\/\/www.humanium.org\/de\/?s={search_term_string}"},"query-input":{"@type":"PropertyValueSpecification","valueRequired":true,"valueName":"search_term_string"}}],"inLanguage":"de"}]}},"_links":{"self":[{"href":"https:\/\/www.humanium.org\/de\/wp-json\/wp\/v2\/pages\/6473","targetHints":{"allow":["GET"]}}],"collection":[{"href":"https:\/\/www.humanium.org\/de\/wp-json\/wp\/v2\/pages"}],"about":[{"href":"https:\/\/www.humanium.org\/de\/wp-json\/wp\/v2\/types\/page"}],"author":[{"embeddable":true,"href":"https:\/\/www.humanium.org\/de\/wp-json\/wp\/v2\/users\/1"}],"replies":[{"embeddable":true,"href":"https:\/\/www.humanium.org\/de\/wp-json\/wp\/v2\/comments?post=6473"}],"version-history":[{"count":12,"href":"https:\/\/www.humanium.org\/de\/wp-json\/wp\/v2\/pages\/6473\/revisions"}],"predecessor-version":[{"id":21386,"href":"https:\/\/www.humanium.org\/de\/wp-json\/wp\/v2\/pages\/6473\/revisions\/21386"}],"wp:attachment":[{"href":"https:\/\/www.humanium.org\/de\/wp-json\/wp\/v2\/media?parent=6473"}],"curies":[{"name":"wp","href":"https:\/\/api.w.org\/{rel}","templated":true}]}}