{"id":6537,"date":"2016-05-05T21:18:24","date_gmt":"2016-05-05T21:18:24","guid":{"rendered":"http:\/\/www.humanium.org\/de\/?page_id=6537"},"modified":"2025-12-06T06:20:06","modified_gmt":"2025-12-06T06:20:06","slug":"uruguay","status":"publish","type":"page","link":"https:\/\/www.humanium.org\/de\/uruguay\/","title":{"rendered":"Die Kinder von Uruguay"},"content":{"rendered":"\n<h2 class=\"wp-block-heading\">Durchsetzung der Kinderrechte in Uruguay<\/h2>\n\n\n\n<div class=\"wp-block-columns is-layout-flex wp-container-core-columns-is-layout-9d6595d7 wp-block-columns-is-layout-flex\">\n<div class=\"wp-block-column is-layout-flow wp-block-column-is-layout-flow\"><div class=\"wp-block-image is-style-rounded\">\n<figure class=\"aligncenter size-full is-resized\"><img loading=\"lazy\" decoding=\"async\" width=\"400\" height=\"400\" src=\"https:\/\/www.humanium.org\/de\/wp-content\/uploads\/2023\/11\/Shutterstock_1322304653-1.jpg\" alt=\"\" class=\"wp-image-17146\" style=\"width:200px;height:200px\" srcset=\"https:\/\/www.humanium.org\/de\/wp-content\/uploads\/2023\/11\/Shutterstock_1322304653-1.jpg 400w, https:\/\/www.humanium.org\/de\/wp-content\/uploads\/2023\/11\/Shutterstock_1322304653-1-300x300.jpg 300w, https:\/\/www.humanium.org\/de\/wp-content\/uploads\/2023\/11\/Shutterstock_1322304653-1-150x150.jpg 150w, https:\/\/www.humanium.org\/de\/wp-content\/uploads\/2023\/11\/Shutterstock_1322304653-1-230x230.jpg 230w, https:\/\/www.humanium.org\/de\/wp-content\/uploads\/2023\/11\/Shutterstock_1322304653-1-350x350.jpg 350w\" sizes=\"auto, (max-width: 400px) 100vw, 400px\" \/><\/figure>\n<\/div><\/div>\n\n\n\n<div class=\"wp-block-column is-layout-flow wp-block-column-is-layout-flow\"><div class=\"wp-block-image is-style-rounded\">\n<figure class=\"aligncenter size-full is-resized\"><img loading=\"lazy\" decoding=\"async\" width=\"400\" height=\"400\" src=\"https:\/\/www.humanium.org\/de\/wp-content\/uploads\/2023\/11\/Shutterstock_1322304638.jpg\" alt=\"\" class=\"wp-image-17147\" style=\"width:200px;height:200px\" srcset=\"https:\/\/www.humanium.org\/de\/wp-content\/uploads\/2023\/11\/Shutterstock_1322304638.jpg 400w, https:\/\/www.humanium.org\/de\/wp-content\/uploads\/2023\/11\/Shutterstock_1322304638-300x300.jpg 300w, https:\/\/www.humanium.org\/de\/wp-content\/uploads\/2023\/11\/Shutterstock_1322304638-150x150.jpg 150w, https:\/\/www.humanium.org\/de\/wp-content\/uploads\/2023\/11\/Shutterstock_1322304638-230x230.jpg 230w, https:\/\/www.humanium.org\/de\/wp-content\/uploads\/2023\/11\/Shutterstock_1322304638-350x350.jpg 350w\" sizes=\"auto, (max-width: 400px) 100vw, 400px\" \/><\/figure>\n<\/div><\/div>\n<\/div>\n\n\n\n<p><strong>Die Kinder in Uruguay sind sich ihrer Rechte immer noch nicht vollst\u00e4ndig bewusst, obwohl die Regierung in den letzten zwei Jahrzehnten erhebliche Anstrengungen unternommen hat, das Leben der Kinder zu verbessern. Die Kinder haben nach wie vor nicht nur mit <a href=\"https:\/\/www.humanium.org\/de\/gleicher-zugang-zu-informationen-fuer-alle-ein-fuer-allemal\/\">einem Mangel an Informationen<\/a> zu k\u00e4mpfen, sondern auch mit einer der h\u00f6chsten <a href=\"https:\/\/www.humanium.org\/de\/inhaftierte-kinder\/\">Inhaftierungszahlen<\/a> in <a href=\"https:\/\/www.humanium.org\/de\/amerika\/\">Lateinamerika<\/a>, mit h\u00e4uslicher und geschlechtsspezifischer <a href=\"https:\/\/www.humanium.org\/de\/themenschwerpunkte\/gewalt\/\">Gewalt<\/a> sowie mit einem Leben in gro\u00dfer <a href=\"https:\/\/www.humanium.org\/de\/themenschwerpunkte\/armut\/\">Armut<\/a>, die sie dazu zwingt, ein Einkommen zu generieren. (Vereinte Nationen, 2020)<\/strong><\/p>\n\n\n\n<iframe src=\"https:\/\/www.google.com\/maps\/embed?pb=!1m18!1m12!1m3!1d6890742.899817611!2d-61.074647633681714!3d-32.50956934924921!2m3!1f0!2f0!3f0!3m2!1i1024!2i768!4f13.1!3m3!1m2!1s0x9575073afb5fde09%3A0x4a5596616016524a!2sUruguay!5e0!3m2!1sen!2sfr!4v1700241355686!5m2!1sen!2sfr\" width=\"600\" height=\"450\" style=\"border:0;\" allowfullscreen=\"\" loading=\"lazy\" referrerpolicy=\"no-referrer-when-downgrade\"><\/iframe>\n\n\n\n<div class=\"wp-block-columns is-layout-flex wp-container-core-columns-is-layout-9d6595d7 wp-block-columns-is-layout-flex\">\n<div class=\"wp-block-column is-layout-flow wp-block-column-is-layout-flow\">\n<p><strong><strong>Bev\u00f6lkerung<\/strong>:<\/strong>&nbsp;3,4 Millionen&nbsp;<strong><br><strong>Bev. 0-14 Jahren<\/strong>:<\/strong>&nbsp;20,34%.<\/p>\n<\/div>\n\n\n\n<div class=\"wp-block-column is-layout-flow wp-block-column-is-layout-flow\">\n<p><strong>Lebenserwartung:<\/strong>&nbsp;78 Jahre<strong><br><strong>Kindersterblichkeit<\/strong>:<\/strong>&nbsp;7,8 \u2030<\/p>\n<\/div>\n<\/div>\n\n\n\n<h2 class=\"wp-block-heading\"><strong>Uruguay auf einen Blick<\/strong><\/h2>\n\n\n\n<p>Uruguay liegt im S\u00fcden <a href=\"https:\/\/www.humanium.org\/de\/amerika\/\">Lateinamerikas<\/a> und grenzt im Norden an <a href=\"https:\/\/www.humanium.org\/de\/brasilien\/\">Brasilien<\/a> und im Westen an <a href=\"https:\/\/www.humanium.org\/de\/argentinien\/\">Argentinien<\/a>. Die Atlantikk\u00fcste im Osten zieht mit ihren sch\u00f6nen wilden Str\u00e4nden Touristen aus der ganzen Welt an. Fast die H\u00e4lfte der Bev\u00f6lkerung lebt in der Hauptstadt Montevideo. Mehr als 40% der B\u00fcrger geben an r\u00f6misch-katholisch zu sein, gefolgt von 11% christlich und 0,5 % j\u00fcdisch. Ein angenehmes subtropisches Klima f\u00fchrt zu warmen Sommern und milden Wintern mit Dauerregen. (World Data, o.D.)<\/p>\n\n\n\n<p>Nationalparks und Wildreservate sind \u00fcber das ganze Land verteilt, und Tiere wie Giftschlangen und Insekten sind Teil der reichen Flora und Fauna Uruguays. Uruguay hat eine starke landwirtschaftliche Pr\u00e4senz, war aber wie jedes Land nicht immun gegen die durch Covid-19 verursachte Finanzkrise. <\/p>\n\n\n\n<p>Die Beh\u00f6rden tun immer noch ihr Bestes, um die schw\u00e4chsten Menschen, n\u00e4mlich Kinder und \u00e4ltere Menschen, zu sch\u00fctzen. Andererseits sind die gesellschaftlichen Herausforderungen in Bezug auf die <a href=\"https:\/\/www.humanium.org\/de\/themenschwerpunkte\/focusdiskriminierung\/\">Diskriminierung<\/a> aufgrund von Geschlecht, Alter und Rasse nach wie vor eklatante Probleme. (Die Weltbank, 2022)<\/p>\n\n\n\n<p>Im Gegensatz zu anderen <a href=\"https:\/\/www.humanium.org\/de\/amerika\/\">lateinamerikanischen<\/a> L\u00e4ndern sind F\u00e4lle von extremer <a href=\"https:\/\/www.humanium.org\/de\/themenschwerpunkte\/armut\/\">Armut<\/a> eher selten. Mehr als 60% der Bev\u00f6lkerung des Landes geh\u00f6ren der Mittelschicht an, was den Weg f\u00fcr Gleichberechtigung ebnet. Das zweitkleinste Land <a href=\"https:\/\/www.humanium.org\/de\/amerika\/\">S\u00fcdamerikas<\/a> wird haupts\u00e4chlich von <a href=\"https:\/\/www.humanium.org\/de\/spanien\/\">spanischen<\/a> und <a href=\"https:\/\/www.humanium.org\/de\/italien\/\">italienischen Einwanderern<\/a> bewohnt. <\/p>\n\n\n\n<p>Angesichts der Tatsache, dass das Land von <a href=\"https:\/\/www.humanium.org\/de\/spanien\/\">Spaniern<\/a> besetzt war, ist es nicht verwunderlich, dass die Amtssprache uruguayisches <a href=\"https:\/\/www.humanium.org\/de\/spanien\/\">Spanisch<\/a> ist. Das Land durchlief eine Reihe politischer Instabilit\u00e4ten und K\u00e4mpfe um die Unabh\u00e4ngigkeit, die schlie\u00dflich im 19. Jahrhundert zum Sieg und zur ersten Verfassung f\u00fchrten. (National Geographic Kids, o.D.)<\/p>\n\n\n\n<h2 class=\"wp-block-heading\"><strong>Status der Rechte des Kindes&nbsp;<u><a href=\"#_ftn1\"><strong><u>[1]<\/u><\/strong><\/a><\/u><\/strong><\/h2>\n\n\n\n<p>Obwohl die Zahl der Kinder in Uruguay langsam zur\u00fcckgeht, hat die Regierung 1990 die notwendigen Schritte zum Schutz der Jugend im Rahmen der <a href=\"https:\/\/www.humanium.org\/de\/konvention\/\">Kinderrechtskonvention<\/a> unternommen. <\/p>\n\n\n<div class=\"wp-block-image\">\n<figure class=\"alignleft size-large is-resized\"><img loading=\"lazy\" decoding=\"async\" width=\"1024\" height=\"683\" src=\"https:\/\/www.humanium.org\/de\/wp-content\/uploads\/2023\/11\/shutterstock_1510050275-1024x683.jpg\" alt=\"\" class=\"wp-image-17149\" style=\"width:307px;height:204px\" srcset=\"https:\/\/www.humanium.org\/de\/wp-content\/uploads\/2023\/11\/shutterstock_1510050275-1024x683.jpg 1024w, https:\/\/www.humanium.org\/de\/wp-content\/uploads\/2023\/11\/shutterstock_1510050275-300x200.jpg 300w, https:\/\/www.humanium.org\/de\/wp-content\/uploads\/2023\/11\/shutterstock_1510050275-768x512.jpg 768w, https:\/\/www.humanium.org\/de\/wp-content\/uploads\/2023\/11\/shutterstock_1510050275-1536x1024.jpg 1536w, https:\/\/www.humanium.org\/de\/wp-content\/uploads\/2023\/11\/shutterstock_1510050275-2048x1365.jpg 2048w, https:\/\/www.humanium.org\/de\/wp-content\/uploads\/2023\/11\/shutterstock_1510050275-830x553.jpg 830w, https:\/\/www.humanium.org\/de\/wp-content\/uploads\/2023\/11\/shutterstock_1510050275-230x153.jpg 230w, https:\/\/www.humanium.org\/de\/wp-content\/uploads\/2023\/11\/shutterstock_1510050275-350x233.jpg 350w, https:\/\/www.humanium.org\/de\/wp-content\/uploads\/2023\/11\/shutterstock_1510050275-480x320.jpg 480w, https:\/\/www.humanium.org\/de\/wp-content\/uploads\/2023\/11\/shutterstock_1510050275-272x182.jpg 272w\" sizes=\"auto, (max-width: 1024px) 100vw, 1024px\" \/><\/figure>\n<\/div>\n\n\n<p>Eine 1994 durchgef\u00fchrte Studie hat gezeigt, dass im Land die Grundvoraussetzungen f\u00fcrs Aufwachsen des Kindes in den meisten F\u00e4llen erf\u00fcllt sind, auch f\u00fcr Kinder in l\u00e4ndlichen Gebieten. (Vereinte Nationen, 1995) Die Beh\u00f6rden in Uruguay st\u00fctzen sich auf ein Kindergesetzbuch aus dem Jahr 1934, in dem eindeutig festgelegt ist, dass \u201edas Wohl des Kindes die Richtschnur f\u00fcr alle praktischen Ma\u00dfnahmen und rechtlichen Verfahren sein muss, die Kinder betreffen.\u201c (Vereinte Nationen, 1995)<\/p>\n\n\n\n<p>Im Jahr 2008 ratifizierte Uruguay das Abkommen, um einen erweiterten Rahmen aufzunehmen, der die inklusive <a href=\"https:\/\/www.humanium.org\/de\/recht-bildung-weltweit\/\">Bildung<\/a> f\u00f6rdert und <a href=\"https:\/\/www.humanium.org\/de\/kinder-mit-behinderungen\/\">Kindern mit Behinderungen<\/a> den Schulbesuch erleichtert. Lehrkr\u00e4fte, Psychologen und Erzieher nehmen systematisch an Workshops und Schulungen teil, um ihre fachlichen F\u00e4higkeiten zu verbessern. <\/p>\n\n\n\n<p>Tausenden von Sch\u00fclern werden neue Lehrb\u00fccher zur Verf\u00fcgung gestellt, um ihre Lernstile zu unterst\u00fctzen. Auf diese Weise erhalten alle Sch\u00fcler Zugang zu einem Lehrplan und einer <a href=\"https:\/\/www.humanium.org\/de\/recht-bildung-weltweit\/\">Bildung<\/a>, die ihnen hilft, sowohl akademische Erfolge zu erzielen als auch Selbstvertrauen aufzubauen. (UNICEF, 2022)<\/p>\n\n\n\n<p>Nach Angaben des UN-Ausschusses werden afro-uruguayische Kinder in dem Land rassistisch <a href=\"https:\/\/www.humanium.org\/de\/themenschwerpunkte\/focusdiskriminierung\/\">diskriminiert<\/a>. Es wurde festgestellt, dass die meisten dieser Kinder nur sehr geringe Chancen haben, nach der Sekundarschule sich an einer Hochschule einzuschreiben. Auch die Abbrecherquote ist im Vergleich zu anderen ethnischen Gruppen deutlich h\u00f6her. Die meisten dieser Sch\u00fcler leben in den \u00e4rmsten Vierteln, weshalb sie oft ausgegrenzt und stigmatisiert werden. <\/p>\n\n\n\n<blockquote class=\"wp-block-quote is-layout-flow wp-block-quote-is-layout-flow\">\n<p>\u201eDer Ausschuss ist auch besorgt \u00fcber die unverh\u00e4ltnism\u00e4\u00dfig hohe Armutsgef\u00e4hrdung von Frauen, Menschen <a href=\"https:\/\/www.humanium.org\/de\/afrika\/\">afrikanischer<\/a> Abstammung und Kindern, insbesondere von Kindern unter 6 Jahren.\u201c <\/p>\n<cite>&#8211; CRIN, 2013<\/cite><\/blockquote>\n\n\n\n<p>Uruguay hat 2009 das \u00dcbereinkommen \u00fcber die Rechte von Menschen mit <a href=\"https:\/\/www.humanium.org\/de\/kinder-mit-behinderungen\/\">Behinderungen<\/a> ratifiziert, jedoch haben sowohl viele Kinder als auch Erwachsene keinen Zugang zu <a href=\"https:\/\/www.humanium.org\/de\/gesundheit\/\">Gesundheitsdiensten<\/a>. Humanit\u00e4re Organisationen schlagen vor, dass das Land Methoden zur Aufkl\u00e4rung der \u00d6ffentlichkeit \u00fcber die Bedeutung einer integrativen Gesellschaft einf\u00fchrt. Uruguay ist auch ber\u00fcchtigt f\u00fcr zahlreiche F\u00e4lle, in denen V\u00e4ter sich offiziell weigern, sich um ihre Kinder zu k\u00fcmmern, was wiederum dazu f\u00fchrt, dass Frauen und Kinder auf sich allein gestellt sind, was an sich schon ein soziales Stigma in dem Land darstellt.&nbsp; (CRIN, 2013)<\/p>\n\n\n\n<h2 class=\"wp-block-heading\"><strong>Ber\u00fccksichtigung der Bed\u00fcrfnisse von Kindern<\/strong><\/h2>\n\n\n\n<h3 class=\"wp-block-heading\"><strong>Recht auf <\/strong><a href=\"https:\/\/www.humanium.org\/de\/recht-bildung-weltweit\/\"><strong>Bildung<\/strong><\/a><\/h3>\n\n\n\n<p>Sowohl <a href=\"https:\/\/www.humanium.org\/de\/die-rechte-indigener-voelker-vom-erfolg-zum-privileg\/\">indigene<\/a> als auch schwarze Kinder in Uruguay sind mit einer Vielzahl von Schwierigkeiten im Bildungssystem konfrontiert. Den Daten zufolge ist die Wahrscheinlichkeit, dass diese Sch\u00fcler die Schule aus verschiedenen Gr\u00fcnden verlassen, gr\u00f6\u00dfer. Einige von ihnen m\u00fcssen bereits in jungen Jahren arbeiten, um ihre Familien zu unterst\u00fctzen, w\u00e4hrend andere Opfer von <a href=\"https:\/\/www.humanium.org\/de\/themenschwerpunkte\/focusdiskriminierung\/\">Diskriminierung<\/a> und h\u00e4rteren Strafen werden. <\/p>\n\n\n\n<p>M\u00e4dchen brechen auch die Schule ab, um Mutter zu werden, was in ihrem empfindlichen Alter gef\u00e4hrlich und sch\u00e4dlich f\u00fcr ihre reproduktive Gesundheit sein kann. Um Fortschritte zu erzielen und den Status der Kinder in der Schule zu verbessern, sollte das Land die Gesellschaft \u00fcber die Vorteile der <a href=\"https:\/\/www.humanium.org\/de\/recht-bildung-weltweit\/\">Bildung<\/a> aufkl\u00e4ren. (CRIN, 2013)<\/p>\n\n\n\n<p>Die meisten Familien in l\u00e4ndlichen Gebieten sind finanziell nicht stabil und haben oft auch keinen Zugang zu den Grundbed\u00fcrfnissen. In Verbindung mit unhygienischen Schulbedingungen verschlimmert die <a href=\"https:\/\/www.humanium.org\/de\/themenschwerpunkte\/armut\/\">Armut<\/a> die Situation. Die Beh\u00f6rden arbeiten an Initiativen, die die Kinder zur\u00fcck in die Schule bringen sollen, wo sie \u00fcber die Gefahren von <a href=\"https:\/\/www.humanium.org\/de\/jugendsexualitat\/\">Teenager-Schwangerschaften<\/a> lernen und die <a href=\"https:\/\/www.humanium.org\/de\/kinderarbeit-2\/\">Kinderarbeit<\/a> vermeiden. (CRIN, 2013) Positiv zu vermerken ist, dass fast 98% der Kinder in Uruguay die <a href=\"https:\/\/www.humanium.org\/de\/recht-bildung-weltweit\/\">Grundschule<\/a> abschlie\u00dfen und 44% die h\u00f6here Schule absolvieren (Vereinte Nationen, 2020).<\/p>\n\n\n\n<p>Obwohl der Besuch der Grundschule kostenlos und f\u00fcr die meisten Kinder zug\u00e4nglich ist, zeigen die Ergebnisse der Lernarmut immer noch die geringe Qualit\u00e4t der <a href=\"https:\/\/www.humanium.org\/de\/recht-bildung-weltweit\/\">Bildung<\/a>.. Sch\u00e4tzungen zufolge beenden 44% der Kinder die Grundschule, ohne lesen und schreiben zu k\u00f6nnen. Die Lernkrise d\u00fcrfte sich negativ auf die F\u00e4higkeit des Landes auswirken, Humankapital aufzubauen. <\/p>\n\n\n\n<p>Gl\u00fccklicherweise ist es noch nicht zu sp\u00e4t, Ma\u00dfnahmen zu ergreifen, denn die \u201eLernarmut in Uruguay liegt 8,6% unter dem Durchschnitt der Region <a href=\"https:\/\/www.humanium.org\/de\/amerika\/\">Lateinamerika<\/a> und Karibik\u201c. Allerdings liegt Uruguay immer noch 28,5%-Punkte hinter dem Durchschnitt der L\u00e4nder mit hohem Einkommen zur\u00fcck. (Die Weltbank, 2022)<\/p>\n\n\n\n<p>Kinder, die mit <a href=\"https:\/\/www.humanium.org\/de\/rechtsprechung-fur-kinder\/\">dem Gesetz in Konflikt<\/a> geraten sind, <a href=\"https:\/\/www.humanium.org\/de\/kinder-mit-behinderungen\/\">Kinder mit Behinderungen<\/a> und Opfer von <a href=\"https:\/\/www.humanium.org\/de\/kinderhandel\/\">Kinderhandel<\/a> nehmen an speziellen Programmen teil, in denen sie nicht nur Schulf\u00e4cher, sondern auch kommunikative und lebenspraktische F\u00e4higkeiten wie Kochen und den Anbau von Lebensmitteln erlernen. <\/p>\n\n\n\n<p>Durch die Anwesenheit von Hilfsprojekten in der Nachbarschaft haben diese Kinder eine bessere Chance, einen Teufelskreis zu durchbrechen, indem sie schon in jungen Jahren neue F\u00e4higkeiten erwerben. (\u00d6kumenischer Rat der Kirchen, 2018) Einige Nichtregierungsorganisationen in Uruguay bieten Arbeitsstellen und Praktika f\u00fcr Kinder aus diesen Gebieten an. Die Stiftungen hoffen, durch die Ver\u00e4nderung ihrer Lebensbedingungen lebensver\u00e4ndernde Chancen f\u00fcr die Kinder zu f\u00f6rdern.<\/p>\n\n\n\n<h3 class=\"wp-block-heading\"><a href=\"https:\/\/www.humanium.org\/de\/recht-gesundheit-welt\/\"><strong>Recht auf Gesundheit<\/strong><\/a><\/h3>\n\n\n<div class=\"wp-block-image\">\n<figure class=\"alignright size-large is-resized\"><img loading=\"lazy\" decoding=\"async\" width=\"1024\" height=\"683\" src=\"https:\/\/www.humanium.org\/de\/wp-content\/uploads\/2023\/11\/shutterstock_1661626159-1024x683.jpg\" alt=\"\" class=\"wp-image-17150\" style=\"width:307px;height:205px\" srcset=\"https:\/\/www.humanium.org\/de\/wp-content\/uploads\/2023\/11\/shutterstock_1661626159-1024x683.jpg 1024w, https:\/\/www.humanium.org\/de\/wp-content\/uploads\/2023\/11\/shutterstock_1661626159-300x200.jpg 300w, https:\/\/www.humanium.org\/de\/wp-content\/uploads\/2023\/11\/shutterstock_1661626159-768x512.jpg 768w, https:\/\/www.humanium.org\/de\/wp-content\/uploads\/2023\/11\/shutterstock_1661626159-1536x1024.jpg 1536w, https:\/\/www.humanium.org\/de\/wp-content\/uploads\/2023\/11\/shutterstock_1661626159-2048x1365.jpg 2048w, https:\/\/www.humanium.org\/de\/wp-content\/uploads\/2023\/11\/shutterstock_1661626159-830x553.jpg 830w, https:\/\/www.humanium.org\/de\/wp-content\/uploads\/2023\/11\/shutterstock_1661626159-230x153.jpg 230w, https:\/\/www.humanium.org\/de\/wp-content\/uploads\/2023\/11\/shutterstock_1661626159-350x233.jpg 350w, https:\/\/www.humanium.org\/de\/wp-content\/uploads\/2023\/11\/shutterstock_1661626159-480x320.jpg 480w, https:\/\/www.humanium.org\/de\/wp-content\/uploads\/2023\/11\/shutterstock_1661626159-272x182.jpg 272w\" sizes=\"auto, (max-width: 1024px) 100vw, 1024px\" \/><\/figure>\n<\/div>\n\n\n<p>Die Zahl der <a href=\"https:\/\/www.humanium.org\/de\/globale-negative-auswirkungen-der-fruehen-ehe-auf-die-gesundheit-von-minderjaehrigen-muettern\/\">Teenager-Schwangerschaften<\/a> nimmt zu, da die meisten M\u00e4dchen in l\u00e4ndlichen Gebieten dazu neigen, zu heiraten bevor sie achtzehn werden. Das Land verf\u00fcgt nicht \u00fcber ein Bildungssystem, das die Jugendlichen \u00fcber die negativen Folgen einer fr\u00fchen Heirat und Elternschaft aufkl\u00e4rt. Diese ungesunde Praxis steht in direktem Zusammenhang mit einer hohen Zahl von Schulabbrechern. Aus diesem Grund sollte die Regierung Stipendien einf\u00fchren und junge M\u00e4dchen ermutigen, sich <a href=\"https:\/\/www.humanium.org\/de\/recht-bildung-weltweit\/\">weiterzubilden<\/a> und bessere Karrierechancen zu verfolgen. (CRIN, 2013)&nbsp;&nbsp;<\/p>\n\n\n\n<p>F\u00fcr Kinder in der Hochschule besteht eine gr\u00f6\u00dfere Gefahr, der <a href=\"https:\/\/www.humanium.org\/de\/kinder-und-sucht\/\">Drogen- und Alkoholabh\u00e4ngigkeit<\/a> zu erliegen. Anstatt Hilfe bei Freunden, Familie oder Spezialisten zu suchen, rutschen einige dieser Sch\u00fcler in Depressionen ab und begehen Selbstmord.<\/p>\n\n\n\n<blockquote class=\"wp-block-quote is-layout-flow wp-block-quote-is-layout-flow\">\n<p> \u201eIm Jahr 2019 gab es 34 Selbstmorde unter Jugendlichen.\u201c <\/p>\n<cite>&#8211; Vereinte Nationen, 2020<\/cite><\/blockquote>\n\n\n\n<p>Hinzu kommt, dass Jugendliche, die an <a href=\"https:\/\/www.humanium.org\/de\/die-mentale-gesundheit-von-kindern\/\">mentalen Gesundheitsproblemen<\/a> leiden, nicht die Mittel haben, um Hilfe zu suchen, weil es einfach im Gesundheitssystem keine Abteilung gibt, die bereit ist, Patienten in ihrem Alter und mit ihrem Profil zu helfen. F\u00fcr Uruguay ist es wichtig, junge Studenten durch eine angemessene und individuelle Gesundheitsversorgung zu sch\u00fctzen.<\/p>\n\n\n\n<p>Obwohl das Land nicht mit einer gro\u00dfen Zahl von <a href=\"https:\/\/www.humanium.org\/de\/kinder-und-aids\/\">AIDS-\/HIV-Patienten<\/a> zu k\u00e4mpfen hat, steigt die Zahl der Neuinfektionen stetig an. <a href=\"https:\/\/www.humanium.org\/de\/strasenkinder\/\">Stra\u00dfenkinder<\/a> und junge Drogenabh\u00e4ngige infizieren sich am ehesten mit dem Virus. Waisenkinder, die ihre Eltern durch die Krankheit verloren haben, werden nicht nur <a href=\"https:\/\/www.humanium.org\/de\/themenschwerpunkte\/focusdiskriminierung\/\">diskriminiert<\/a>, sondern haben auch ein h\u00f6heres Risiko, ein Leben in extremer <a href=\"https:\/\/www.humanium.org\/de\/themenschwerpunkte\/armut\/\">Armut<\/a> zu f\u00fchren. <\/p>\n\n\n\n<p>Kinder, die auf der Stra\u00dfe betteln oder arbeiten, sollten Hilfe und Unterst\u00fctzung von sozialen Diensten und humanit\u00e4ren Organisationen erhalten. F\u00fcr ihre k\u00f6rperliche und <a href=\"https:\/\/www.humanium.org\/de\/die-mentale-gesundheit-von-kindern\/\">mentale Gesundheit<\/a> ist es von entscheidender Bedeutung, dass sie Zugang zu hygienisch einwandfreien Haushalten und Schulen haben. (SOS-Kinderdorf, o.D.)<\/p>\n\n\n\n<h3 class=\"wp-block-heading\"><a href=\"https:\/\/www.humanium.org\/de\/diskriminierung\/\"><strong>Recht auf Schutz<\/strong><\/a><\/h3>\n\n\n\n<p>Frauen und Kinder sind in der Gesellschaft verschiedenen Formen der <a href=\"https:\/\/www.humanium.org\/de\/themenschwerpunkte\/focusdiskriminierung\/\">Diskriminierung<\/a> ausgesetzt und haben vor allem in armen Gegenden nur begrenzten Zugang zu Gesundheits- und <a href=\"https:\/\/www.humanium.org\/de\/recht-bildung-weltweit\/\">Bildungsdiensten<\/a>. Es gibt weder ein wirksames Verfahren f\u00fcr Opfer von <a href=\"https:\/\/www.humanium.org\/de\/themenschwerpunkte\/gewalt\/\">Gewalt<\/a> noch gen\u00fcgend Unterk\u00fcnfte f\u00fcr sie. Erschwerend kommt hinzu, dass <a href=\"https:\/\/www.humanium.org\/de\/kinder-mit-behinderungen\/\">M\u00e4dchen mit Behinderungen<\/a> h\u00e4ufig misshandelt und <a href=\"https:\/\/www.humanium.org\/de\/die-sexuelle-ausbeutung-von-kindern\/\">sexuell ausgebeutet<\/a> werden. Au\u00dferdem ist es wahrscheinlich, dass die T\u00e4ter mit dem Verbrechen davonkommen, da die \u00f6rtliche Polizei keine gute Arbeit bei der Ermittlung und Bestrafung der T\u00e4ter leistet. (CRIN, 2013)<\/p>\n\n\n<div class=\"wp-block-image\">\n<figure class=\"alignleft size-large is-resized\"><img loading=\"lazy\" decoding=\"async\" width=\"1024\" height=\"815\" src=\"https:\/\/www.humanium.org\/de\/wp-content\/uploads\/2023\/11\/shutterstock_207239596-1024x815.jpg\" alt=\"\" class=\"wp-image-17151\" style=\"width:283px;height:226px\" srcset=\"https:\/\/www.humanium.org\/de\/wp-content\/uploads\/2023\/11\/shutterstock_207239596-1024x815.jpg 1024w, https:\/\/www.humanium.org\/de\/wp-content\/uploads\/2023\/11\/shutterstock_207239596-300x239.jpg 300w, https:\/\/www.humanium.org\/de\/wp-content\/uploads\/2023\/11\/shutterstock_207239596-768x611.jpg 768w, https:\/\/www.humanium.org\/de\/wp-content\/uploads\/2023\/11\/shutterstock_207239596-1536x1222.jpg 1536w, https:\/\/www.humanium.org\/de\/wp-content\/uploads\/2023\/11\/shutterstock_207239596-2048x1630.jpg 2048w, https:\/\/www.humanium.org\/de\/wp-content\/uploads\/2023\/11\/shutterstock_207239596-830x660.jpg 830w, https:\/\/www.humanium.org\/de\/wp-content\/uploads\/2023\/11\/shutterstock_207239596-230x183.jpg 230w, https:\/\/www.humanium.org\/de\/wp-content\/uploads\/2023\/11\/shutterstock_207239596-350x279.jpg 350w, https:\/\/www.humanium.org\/de\/wp-content\/uploads\/2023\/11\/shutterstock_207239596-480x382.jpg 480w\" sizes=\"auto, (max-width: 1024px) 100vw, 1024px\" \/><\/figure>\n<\/div>\n\n\n<p>Der Rassismus in den Schulen richtet sich gegen bestimmte Gruppen, die aus uruguayischen Kindern <a href=\"https:\/\/www.humanium.org\/de\/afrika\/\">afrikanischer<\/a> Abstammung bestehen. Der Gro\u00dfteil der Bev\u00f6lkerung des Landes stammt aus <a href=\"https:\/\/www.humanium.org\/de\/afrika\/\">Afrika<\/a>, <a href=\"https:\/\/www.humanium.org\/de\/europa-und-kaukasien\/\">Europa<\/a> und von <a href=\"https:\/\/www.humanium.org\/de\/die-rechte-indigener-voelker-vom-erfolg-zum-privileg\/\">indigenen<\/a> V\u00f6lkern. Die <a href=\"https:\/\/www.humanium.org\/de\/afrika\/\">Afrikaner<\/a> wurden w\u00e4hrend der Sklavenhaltung im 18. und 19. Jahrhundert nach Uruguay gebracht. Nach der Abschaffung der Sklaverei folgten die <a href=\"https:\/\/www.humanium.org\/de\/europa-und-kaukasien\/\">Europ\u00e4er<\/a>, die heute die Mehrheit unter den drei V\u00f6lkern bilden. Es ist auch wichtig zu beachten, dass Kinder im Bildungssystem oft aus einer Perspektive unterrichtet werden, die wei\u00dfe Kinder bevorzugt. (Bucheli M, 2018)<\/p>\n\n\n\n<p>Die \u00f6ffentliche Politik hat sich als erfolgreiches Mittel zur Bek\u00e4mpfung von Rassismus erwiesen, aber das Problem ist noch nicht verschwunden. Wirtschaftlicher Wohlstand und Stabilit\u00e4t verleiten die Menschen dazu, integrativer und verst\u00e4ndnisvoller zu werden. <a href=\"https:\/\/www.humanium.org\/de\/amerika\/\">Lateinamerika<\/a> k\u00e4mpft damit, einen hohen Lebensstandard aufrechtzuerhalten, und viele L\u00e4nder der Region haben dieses Stadium noch nicht einmal erreicht. (Bucheli M, 2018) <\/p>\n\n\n\n<p>Uruguay entwickelt einen nationalen Plan zur F\u00f6rderung einer integrativen und diskriminierungsfreien <a href=\"https:\/\/www.humanium.org\/de\/recht-bildung-weltweit\/\">Bildung<\/a> f\u00fcr alle, da afrikanisch-st\u00e4mmige Kinder immer noch niedrigere Abschlussquoten und h\u00f6here Schulabbruchquoten haben. (Vereinte Nationen, 2020)<\/p>\n\n\n\n<h2 class=\"wp-block-heading\"><strong>Risikofaktoren -&gt; L\u00e4nderspezifische Herausforderungen<\/strong><\/h2>\n\n\n\n<h3 class=\"wp-block-heading\"><a href=\"https:\/\/www.humanium.org\/de\/themenschwerpunkte\/armut\/\"><strong>Armut<\/strong><\/a><\/h3>\n\n\n\n<p>Uruguay gilt als eines der am weitesten entwickelten L\u00e4nder <a href=\"https:\/\/www.humanium.org\/de\/amerika\/\">S\u00fcdamerikas<\/a> mit einem starken demokratischen System und einer gerechten Verteilung des Wohlstands. Trotz dieses Erfolgs sind <a href=\"https:\/\/www.humanium.org\/de\/themenschwerpunkte\/armut\/\">Kinderarmut<\/a> und schlechte Infrastruktur nach wie vor Realit\u00e4t. Etwa 10% der Bev\u00f6lkerung, einschlie\u00dflich der Kinder, leben in dem Land, das fr\u00fcher als die \u201eSchweiz Lateinamerikas\u201c bezeichnet wurde, in <a href=\"https:\/\/www.humanium.org\/de\/themenschwerpunkte\/armut\/\">Armut<\/a>. (SOS-Kinderdorf, o.D.)<\/p>\n\n\n\n<p>Den Berichten der Regierung zufolge verloren nach der Covid-19-Pandemie weitere 772 Kinder und ihre Familien ihr Zuhause. Einige von ihnen landeten in Familienunterk\u00fcnften, andere hatten keine andere Wahl als auf der Stra\u00dfe zu leben. Selbst als die Pandemie bis 2021 andauerte, gab es immer weniger Kinder, die ein Dach \u00fcber dem Kopf hatten. Dieser Anstieg der <a href=\"https:\/\/www.humanium.org\/de\/themenschwerpunkte\/armut\/\">Armut<\/a> im Land hat den negativsten Einfluss auf die j\u00fcngste Generation, insbesondere auf Kinder unter sechs Jahren. (Martin R. A., 2022)<\/p>\n\n\n\n<blockquote class=\"wp-block-quote is-layout-flow wp-block-quote-is-layout-flow\">\n<p>\u201eIm Jahr 2020 war die Wahrscheinlichkeit, dass ein Kind im Alter von 0 bis 5 Jahren in einem Haushalt lebte, der unterhalb der Armutsgrenze lag, neunmal h\u00f6her als bei Personen \u00fcber 65 Jahren.\u201c <\/p>\n<cite>&#8211; UNICEF, 2021<\/cite><\/blockquote>\n\n\n\n<p>Die Gesamtsituation hat sich nicht nur durch die Pandemie, sondern auch durch den Zustrom von <a href=\"https:\/\/www.humanium.org\/de\/abkommen-uber-die-rechtsstellung-der-fluchtlinge\/\">Fl\u00fcchtlingen<\/a> aus den Nachbarl\u00e4ndern verschlechtert. Die Regierung hat den Schwerpunkt auf die Unterst\u00fctzung der Kinder in der Hauptstadt und in der an <a href=\"https:\/\/www.humanium.org\/de\/brasilien\/\">Brasilien<\/a> angrenzenden Region gelegt, da die Daten zeigen, dass die meisten Familien in diesen spezifischen Gebieten unterhalb der <a href=\"https:\/\/www.humanium.org\/de\/themenschwerpunkte\/armut\/\">Armutsgrenze<\/a> leben. <\/p>\n\n\n\n<p>Die Beh\u00f6rden haben sich verpflichtet, sowohl uruguayische als auch <a href=\"https:\/\/www.humanium.org\/de\/abkommen-uber-die-rechtsstellung-der-fluchtlinge\/\">zugewanderte Kinder<\/a> durch gerechte Wohnverh\u00e4ltnisse und andere wertvolle Initiativen zu <a href=\"https:\/\/www.humanium.org\/de\/recht-schutz-weltweit\/\">sch\u00fctzen<\/a>, die in Zukunft noch umgesetzt werden m\u00fcssen. (UNICEF, 2021)<\/p>\n\n\n\n<p>\u00c4hnlich wie in <a href=\"https:\/\/www.humanium.org\/de\/brasilien\/\">Brasilien<\/a> leben auch in Uruguay Tausende von Kindern in Slums. Die meisten dieser Haushalte haben keinen <a href=\"https:\/\/www.humanium.org\/de\/recht-wasser\/\">Zugang zu sauberem Wasser<\/a>, Strom oder sanit\u00e4ren Anlagen. Die Familien \u00fcberleben, indem sie M\u00fcll recyceln und Papier und Kunststoffe verkaufen. Die meisten Kinder brechen die Schule ab, da sie sich scheinbar nicht in die gesellschaftlichen Normen einf\u00fcgen k\u00f6nnen. <\/p>\n\n\n\n<p>Stattdessen k\u00f6nnen sie sich nur auf die Hilfe der \u00f6rtlichen Psychologen und P\u00e4dagogen verlassen, die versuchen, durch Unterricht und Workshops eine gesunde Schulatmosph\u00e4re zu schaffen. Erschwerend kommt hinzu, dass Banden- und <a href=\"https:\/\/www.humanium.org\/de\/haeusliche-gewalt-und-deren-folgen-fuer-kinder\/\">h\u00e4usliche Gewalt<\/a> einen gro\u00dfen Teil des Alltags der Kinder ausmachen. (\u00d6kumenischer Rat der Kirchen, 2018)<\/p>\n\n\n\n<h3 class=\"wp-block-heading\"><a href=\"https:\/\/www.humanium.org\/de\/kinderarbeit-2\/\"><strong>Kinderarbeit<\/strong><\/a><\/h3>\n\n\n\n<p>Die Regierung in Uruguay hat es vers\u00e4umt, eine einvernehmliche L\u00f6sung f\u00fcr die <a href=\"https:\/\/www.humanium.org\/de\/kinderarbeit-2\/\">Kinderarbeit<\/a> zu finden. Es gibt keine Gesetze zum Schutz von Kindern, die oft zur Arbeit gezwungen werden, um \u00fcber die Runden zu kommen. Die wachsende Zahl von Kinderarbeitern hat viele Ursachen. Viele von ihnen sind unfreiwillig in den <a href=\"https:\/\/www.humanium.org\/de\/kinderhandel\/\">Menschen- und Drogenhandel<\/a> sowie in die <a href=\"https:\/\/www.humanium.org\/de\/die-sexuelle-ausbeutung-von-kindern\/\">sexuelle Ausbeutung<\/a> verwickelt. <\/p>\n\n\n\n<p>Die Betroffenen fallen meist in den Touristengebieten oder in Grenzn\u00e4he zu anderen L\u00e4ndern zum Opfer. Die unhygienischen Bedingungen, in denen sich die Kinder befinden, verursachen oft <a href=\"https:\/\/www.humanium.org\/de\/gesundheit\/\">gesundheitliche Probleme<\/a>, die zu weiterer <a href=\"https:\/\/www.humanium.org\/de\/themenschwerpunkte\/focusdiskriminierung\/\">Diskriminierung<\/a> und h\u00f6heren Schulabbrecherquoten f\u00fchren. <\/p>\n\n\n\n<blockquote class=\"wp-block-quote is-layout-flow wp-block-quote-is-layout-flow\">\n<p>\u201eIn Uruguay sind mehr als 60 Prozent der erwerbst\u00e4tigen Kinder im Alter von 15 bis 17 Jahren mit gef\u00e4hrlicher Arbeit besch\u00e4ftigt, wobei ungef\u00e4hr 20.000 Kinder zusammen mit ihren Eltern beim Sammeln und Sortieren von M\u00fcll arbeiten.\u201c <\/p>\n<cite>&#8211; Arbeitsministerium der Vereinigten Staaten, 2017<\/cite><\/blockquote>\n\n\n\n<blockquote class=\"wp-block-quote is-layout-flow wp-block-quote-is-layout-flow\">\n<p>\u201eDas Kindergesetzbuch legt das Mindestalter f\u00fcr die Erwerbst\u00e4tigkeit auf 15 Jahre und f\u00fcr gef\u00e4hrliche Arbeit auf 18 Jahre fest.<\/p>\n<cite>&#8211; Bureau of International Labor Affairs, 2016<\/cite><\/blockquote>\n\n\n\n<p>Gef\u00e4hrliche Arbeit bezieht sich auf die Art von Arbeit, die als schwierig, schmutzig und gef\u00e4hrlich bekannt ist. Diese Art von Arbeit ist gesetzlich verboten, weil sie die geistige und k\u00f6rperliche Gesundheit der Kinder gef\u00e4hrdet. Die T\u00e4ter m\u00fcssen entweder hohe Geldstrafen zahlen oder ins Gef\u00e4ngnis gehen. Eltern, die ihre Kinder zur Arbeit zwingen, riskieren, dass ihnen die Kinder vom Sozialamt weggenommen werden. (Bureau of International Labor Affairs, 2016)<\/p>\n\n\n\n<p>Im Jahr 2016 wurden zahlreiche Initiativen zum Schutz von Kindern vor <a href=\"https:\/\/www.humanium.org\/de\/kinderarbeit-2\/\">Kinderarbeit<\/a> und zur Sensibilisierung gestartet. Die Regierung erarbeitete Ma\u00dfnahmen zur Bek\u00e4mpfung von Bel\u00e4stigung und <a href=\"https:\/\/www.humanium.org\/de\/themenschwerpunkte\/gewalt\/\">Gewalt gegen Kinder<\/a>. Die Strafverfolgungsbeh\u00f6rden entwickelten Aktionspl\u00e4ne, um Kinder in der Schule zu halten und die Familien \u00fcber die <a href=\"https:\/\/www.humanium.org\/de\/gesundheit\/\">Gesundheit<\/a> von Kindern aufzukl\u00e4ren. <\/p>\n\n\n\n<p>Im Jahr 2016 verst\u00e4rkten Brasilien und Uruguay ihre Zusammenarbeit bei der \u00dcberwachung illegaler Aktivit\u00e4ten, die an den Grenzen h\u00e4ufig unbemerkt bleiben. Die Besch\u00e4ftigten in der Tourismusbranche wurden ebenfalls aufgefordert, alle Vorf\u00e4lle von <a href=\"https:\/\/www.humanium.org\/de\/kinderarbeit-2\/\">Kinderarbeit<\/a> unverz\u00fcglich zu melden. (U.S. Department of Labor, 2017)<\/p>\n\n\n\n<h3 class=\"wp-block-heading\"><strong>Inhaftierte Kinder<\/strong><\/h3>\n\n\n\n<blockquote class=\"wp-block-quote is-layout-flow wp-block-quote-is-layout-flow\">\n<p>\u201eUruguay hat die zweith\u00f6chste Inhaftierungszahlen der Gesamtbev\u00f6lkerung in der Region <a href=\"https:\/\/www.humanium.org\/de\/amerika\/\">Lateinamerika<\/a> und Karibik.\u201c <\/p>\n<cite>&#8211; Vereinte Nationen, 2020<\/cite><\/blockquote>\n\n\n\n<p>Im Jahr 2018 waren sch\u00e4tzungsweise 45% der Gefangenen Jugendliche, was eine Verbesserung um 15% gegen\u00fcber 2016 bedeutet, als Kinder fast 60% der Inhaftierten ausmachten. (Vereinte Nationen, 2020) Die meisten der Inhaftierten sind Jungen, die durch <a href=\"https:\/\/www.humanium.org\/de\/themenschwerpunkte\/armut\/\">Armut<\/a>, <a href=\"https:\/\/www.humanium.org\/de\/themenschwerpunkte\/gewalt\/\">Gewalt<\/a>, <a href=\"https:\/\/www.humanium.org\/de\/die-mentale-gesundheit-von-kindern\/\">mentale Probleme<\/a> und andere Formen der <a href=\"https:\/\/www.humanium.org\/de\/themenschwerpunkte\/focusdiskriminierung\/\">Diskriminierung<\/a> belastet sind.<\/p>\n\n\n\n<p>Im Endeffekt sollten Kinder nicht im Gef\u00e4ngnis bestraft werden. Polizeibeamte sind ber\u00fcchtigt daf\u00fcr, unbewaffneten und schutzbed\u00fcrftigen Kindern Verletzungen zuzuf\u00fcgen. Es gibt Berichte \u00fcber Kinder, die in Jugendstrafanstalten in entwickelten st\u00e4dtischen Gebieten, wie z. B. in der Hauptstadt Montevideo, gefoltert werden. Die Beh\u00f6rden sollten allen F\u00e4llen von Kindesmissbrauch nachgehen und der Sicherheit der Kinder Vorrang einr\u00e4umen. Alle Kinder haben das Recht auf Schutz durch das Jugendstrafsystem. (OMCT, 2015)<\/p>\n\n\n\n<p>Erschwerend kommt hinzu, dass die Regierung 2022 ein neues Gesetz verabschiedet hat, das den Polizeibeamten mehr Befugnisse im Umgang mit den T\u00e4tern einr\u00e4umt. Da die Situation jedoch bereits alarmierend ist, sind humanit\u00e4re Organisationen auf der ganzen Welt besorgt \u00fcber exzessive Gewalt und andere F\u00e4lle, in denen Zivilisten, insbesondere Kinder, verletzt oder gefoltert werden. Seit der Einf\u00fchrung der neuen Gesetzgebung wurden innerhalb von 18 Monaten 34 Menschen von der Polizei get\u00f6tet. (UNHR, 2022)<\/p>\n\n\n\n<p>Die Regierung hat es vers\u00e4umt, sich um die verletzten H\u00e4ftlinge zu k\u00fcmmern, da sie keine Verantwortung f\u00fcr die Vorf\u00e4lle \u00fcbernimmt. Es ist schwierig, die zunehmende Zahl von Berichten \u00fcber Gewalt in \u00fcberf\u00fcllten Gef\u00e4ngnissen zu untersuchen und zu verfolgen. F\u00e4lle von Selbstmord oder Selbstverletzung sind unter solchen Bedingungen keine Seltenheit, weshalb auch die R\u00fcckfallquote in den Gef\u00e4ngnissen hoch bleibt. <\/p>\n\n\n\n<blockquote class=\"wp-block-quote is-layout-flow wp-block-quote-is-layout-flow\">\n<p>\u201eDie Kinder waren <a href=\"https:\/\/www.humanium.org\/de\/misshandlung\/\">Misshandlungen<\/a> und Missbrauch ausgesetzt, es fehlte an therapeutischer Versorgung, und sie lebten in unangemessenen Einrichtungen mit Mangel an Personal.&nbsp; Der Freiheitsentzug wurde eher als erstes und nicht als letztes Mittel f\u00fcr Jugendliche eingesetzt.\u201c <\/p>\n<cite>&#8211; UNHR, 2022<\/cite><\/blockquote>\n\n\n\n<p><em><strong>Geschrieben von Lidija Misic<\/strong><\/em><\/p>\n\n\n\n<p><em><strong>Intern von Aditi Partha Korrektur gelesen<\/strong><\/em><\/p>\n\n\n\n<p><em><strong>\u00dcbersetzt von Sam Aldersey-Williams<\/strong><\/em><\/p>\n\n\n\n<p><em><strong>Korrektur gelesen von: Marie Podewski<\/strong><\/em><\/p>\n\n\n\n<p><em><strong>Zuletzt aktualisiert am 5. October 2022<\/strong><\/em><\/p>\n\n\n\n<h4 class=\"wp-block-heading\"><strong>Bibliographie:<\/strong><\/h4>\n\n\n\n<p class=\"has-small-font-size\">Bucheli Marisa, et al. (2018) Inequality and fiscal policies in Uruguay by race. Retrieved from the National Library of Medicine at <a href=\"https:\/\/www.ncbi.nlm.nih.gov\/pmc\/articles\/PMC7797622\/\" target=\"_blank\" rel=\"noreferrer noopener\">https:\/\/www.ncbi.nlm.nih.gov\/pmc\/articles\/PMC7797622\/<\/a>, accessed on October 3, 2022.<\/p>\n\n\n\n<p class=\"has-small-font-size\">Bureau of International Labor Affairs (2016) 2005 Findings on the Worst Forms of Child Labor &#8211; Uruguay. Retrieved from the United States Department of Labor at <a href=\"https:\/\/www.refworld.org\/docid\/48d7491215.html\" target=\"_blank\" rel=\"noreferrer noopener\">https:\/\/www.refworld.org\/docid\/48d7491215.html<\/a>, accessed on November 29, 2022.<\/p>\n\n\n\n<p class=\"has-small-font-size\">CRIN &#8211; Child Rights International Network (2013) Uruguay: Children\u2019s rights in UN treaty body reports. Retrieved from Child Rights International Network at <a href=\"https:\/\/archive.crin.org\/en\/library\/publications\/uruguay-childrens-rights-un-treaty-body-reports.html\" target=\"_blank\" rel=\"noreferrer noopener\">https:\/\/archive.crin.org\/en\/library\/publications\/uruguay-childrens-rights-un-treaty-body-reports.html<\/a>, accessed on October 4, 2022.<\/p>\n\n\n\n<p class=\"has-small-font-size\">Martin R. Alina (2022) More street children in Uruguay. Retrieved from Prensa Latina at https:\/\/www.plenglish.com\/news\/2022\/04\/25\/more-street-children-in-uruguay\/, accessed on October 5, 2022.<\/p>\n\n\n\n<p class=\"has-small-font-size\">National Geographic Kids (n.d.) Uruguay. Retrieved from National Geographic Kids at <a href=\"https:\/\/kids.nationalgeographic.com\/geography\/countries\/article\/uruguay\" target=\"_blank\" rel=\"noreferrer noopener\">https:\/\/kids.nationalgeographic.com\/geography\/countries\/article\/uruguay<\/a>, accessed on October 3, 2022.<\/p>\n\n\n\n<p class=\"has-small-font-size\">OMCT &#8211; The World Organisation Against Torture (2015) Children abused in Uruguayan Prison. Retrieved from the World Organisation Against Torture at https:\/\/www.omct.org\/en\/resources\/statements\/children-abused-in-uruguayan-prison, accessed on October 5, 2022.<\/p>\n\n\n\n<p class=\"has-small-font-size\">SOS Children\u2019s Villages (n.d.) General information on Uruguay. Retrieved from SOS Children\u2019s Villages at <a href=\"https:\/\/www.sos-childrensvillages.org\/where-we-help\/americas\/uruguay\" target=\"_blank\" rel=\"noreferrer noopener\">https:\/\/www.sos-childrensvillages.org\/where-we-help\/americas\/uruguay<\/a>, accessed on October 3, 2022.<\/p>\n\n\n\n<p class=\"has-small-font-size\">UNHR (2022) Experts of the Committee against Torture praise Uruguay\u2019s parliamentary penitentiary commissioner, ask questions about a new law expanding police powers and prison overcrowding. Retrieved from UNHR&nbsp; at <a href=\"https:\/\/www.ohchr.org\/en\/news\/2022\/05\/experts-committee-against-torture-praise-uruguays-parliamentary-penitentiary\" target=\"_blank\" rel=\"noreferrer noopener\">https:\/\/www.ohchr.org\/en\/news\/2022\/05\/experts-committee-against-torture-praise-uruguays-parliamentary-penitentiary<\/a>, accessed on October 5, 2022.<\/p>\n\n\n\n<p class=\"has-small-font-size\">UNICEF (2021) Country Office Annual Report 2021: Uruguay. Retrieved from UNICEF at <a href=\"https:\/\/www.unicef.org\/media\/116481\/file\/Uruguay-2021-COAR.pdf\" target=\"_blank\" rel=\"noreferrer noopener\">https:\/\/www.unicef.org\/media\/116481\/file\/Uruguay-2021-COAR.pdf<\/a>, accessed on October 5, 2022.<\/p>\n\n\n\n<p class=\"has-small-font-size\">UNICEF (2022) Uruguay pilot experience. Retrieved from UNICEF at <a href=\"https:\/\/www.unicef.org\/lac\/en\/stories\/uruguay-pilot-experience\" target=\"_blank\" rel=\"noreferrer noopener\">https:\/\/www.unicef.org\/lac\/en\/stories\/uruguay-pilot-experience<\/a>, accessed on October 3, 2022.<\/p>\n\n\n\n<p class=\"has-small-font-size\">United Nations (1995) Convention on the Rights of the Child. Retrieved from the United Nations at <a href=\"https:\/\/www.ohchr.org\/en\/instruments-mechanisms\/instruments\/convention-rights-child\" target=\"_blank\" rel=\"noreferrer noopener\">https:\/\/www.ohchr.org\/en\/instruments-mechanisms\/instruments\/convention-rights-child<\/a>, accessed on October 4, 2022.<\/p>\n\n\n\n<p class=\"has-small-font-size\">United Nations (2020) Economic and Social Council, Country Program Document: Uruguay. Retrieved from the United Nations at <a href=\"https:\/\/www.unicef.org\/executiveboard\/media\/3211\/file\/2021-PL10-Uruguay_CPD-EN-ODS.pdf\" target=\"_blank\" rel=\"noreferrer noopener\">https:\/\/www.unicef.org\/executiveboard\/media\/3211\/file\/2021-PL10-Uruguay_CPD-EN-ODS.pdf<\/a>, accessed on October 3, 2022.<\/p>\n\n\n\n<p class=\"has-small-font-size\">U.S. Department of Labor (2017) Child Labor and Forced Labor Reports: Uruguay. Retrieved from the U.S. Department of Labor at <a href=\"https:\/\/www.dol.gov\/agencies\/ilab\/resources\/reports\/child-labor\/uruguay\" target=\"_blank\" rel=\"noreferrer noopener\">https:\/\/www.dol.gov\/agencies\/ilab\/resources\/reports\/child-labor\/uruguay<\/a>, accessed on November 29, 2022.<\/p>\n\n\n\n<p class=\"has-small-font-size\">World Bank (2022) World Bank in Uruguay. Retrieved from World Bank at <a href=\"https:\/\/www.worldbank.org\/en\/country\/uruguay\/overview#1\" target=\"_blank\" rel=\"noreferrer noopener\">https:\/\/www.worldbank.org\/en\/country\/uruguay\/overview#1<\/a>, accessed on October 3, 2022.<\/p>\n\n\n\n<p class=\"has-small-font-size\">World Council of Churches (2018) In Uruguay, hope glimmers for children despite violence in Barrio Borro. Retrieved from World Council of Churches at <a href=\"https:\/\/www.oikoumene.org\/news\/in-uruguay-hope-glimmers-for-children-despite-violence-in-barrio-borro\" target=\"_blank\" rel=\"noreferrer noopener\">https:\/\/www.oikoumene.org\/news\/in-uruguay-hope-glimmers-for-children-despite-violence-in-barrio-borro<\/a>, accessed on November 29, 2022.<\/p>\n\n\n\n<p class=\"has-small-font-size\">World Data (n.d.) Uruguay. Retrieved from World Data at <a href=\"https:\/\/www.worlddata.info\/america\/uruguay\/index.php\" target=\"_blank\" rel=\"noreferrer noopener\">https:\/\/www.worlddata.info\/america\/uruguay\/index.php<\/a>, accessed on October 3, 2022.<\/p>\n\n\n\n<hr class=\"wp-block-separator has-alpha-channel-opacity\"\/>\n\n\n\n<p class=\"has-small-font-size\"><a href=\"#_ftnref1\">[1]<\/a> Dieser Artikel erhebt keineswegs den Anspruch, eine vollst\u00e4ndige oder repr\u00e4sentative Darstellung der Kinderrechte in Uruguay zu geben; eine der vielen Herausforderungen besteht darin, dass es nur wenige aktuelle Informationen \u00fcber die Kinder in Uruguay gibt, von denen viele unzuverl\u00e4ssig, nicht repr\u00e4sentativ, veraltet oder einfach nicht vorhanden sind.<\/p>\n","protected":false},"excerpt":{"rendered":"<p>Durchsetzung der Kinderrechte in Uruguay Die Kinder in Uruguay sind sich ihrer Rechte immer noch nicht vollst\u00e4ndig bewusst, obwohl die Regierung in den letzten zwei Jahrzehnten erhebliche Anstrengungen unternommen hat, das Leben der Kinder zu verbessern. Die Kinder haben nach wie vor nicht nur mit einem Mangel an Informationen zu k\u00e4mpfen, sondern auch mit einer [&hellip;]<\/p>\n","protected":false},"author":1,"featured_media":0,"parent":0,"menu_order":0,"comment_status":"closed","ping_status":"closed","template":"","meta":{"footnotes":""},"class_list":["post-6537","page","type-page","status-publish","hentry"],"yoast_head":"<!-- This site is optimized with the Yoast SEO plugin v26.5 - https:\/\/yoast.com\/wordpress\/plugins\/seo\/ -->\n<title>Die Kinder von Uruguay - Humanium<\/title>\n<meta name=\"description\" content=\"Die Kinder in Uruguay haben mit einer der h\u00f6chsten Inhaftierungsraten in Lateinamerika, h\u00e4uslicher und geschlechtsspezifischer Gewalt und Armut zu k\u00e4mpfen.\" \/>\n<meta name=\"robots\" content=\"index, follow, max-snippet:-1, max-image-preview:large, max-video-preview:-1\" \/>\n<link rel=\"canonical\" href=\"https:\/\/www.humanium.org\/de\/uruguay\/\" \/>\n<meta property=\"og:locale\" content=\"de_DE\" \/>\n<meta property=\"og:type\" content=\"article\" \/>\n<meta property=\"og:title\" content=\"Die Kinder von Uruguay - Humanium\" \/>\n<meta property=\"og:description\" content=\"Die Kinder in Uruguay haben mit einer der h\u00f6chsten Inhaftierungsraten in Lateinamerika, h\u00e4uslicher und geschlechtsspezifischer Gewalt und Armut zu k\u00e4mpfen.\" \/>\n<meta property=\"og:url\" content=\"https:\/\/www.humanium.org\/de\/uruguay\/\" \/>\n<meta property=\"og:site_name\" content=\"Humanium\" \/>\n<meta property=\"article:modified_time\" content=\"2025-12-06T06:20:06+00:00\" \/>\n<meta property=\"og:image\" content=\"https:\/\/www.humanium.org\/de\/wp-content\/uploads\/2023\/11\/Shutterstock_1322304653-1.jpg\" \/>\n\t<meta property=\"og:image:width\" content=\"400\" \/>\n\t<meta property=\"og:image:height\" content=\"400\" \/>\n\t<meta property=\"og:image:type\" content=\"image\/jpeg\" \/>\n<meta name=\"twitter:card\" content=\"summary_large_image\" \/>\n<meta name=\"twitter:label1\" content=\"Gesch\u00e4tzte Lesezeit\" \/>\n\t<meta name=\"twitter:data1\" content=\"17\u00a0Minuten\" \/>\n<script type=\"application\/ld+json\" class=\"yoast-schema-graph\">{\"@context\":\"https:\/\/schema.org\",\"@graph\":[{\"@type\":\"WebPage\",\"@id\":\"https:\/\/www.humanium.org\/de\/uruguay\/\",\"url\":\"https:\/\/www.humanium.org\/de\/uruguay\/\",\"name\":\"Die Kinder von Uruguay - Humanium\",\"isPartOf\":{\"@id\":\"https:\/\/www.humanium.org\/de\/#website\"},\"primaryImageOfPage\":{\"@id\":\"https:\/\/www.humanium.org\/de\/uruguay\/#primaryimage\"},\"image\":{\"@id\":\"https:\/\/www.humanium.org\/de\/uruguay\/#primaryimage\"},\"thumbnailUrl\":\"https:\/\/www.humanium.org\/de\/wp-content\/uploads\/2023\/11\/Shutterstock_1322304653-1.jpg\",\"datePublished\":\"2016-05-05T21:18:24+00:00\",\"dateModified\":\"2025-12-06T06:20:06+00:00\",\"description\":\"Die Kinder in Uruguay haben mit einer der h\u00f6chsten Inhaftierungsraten in Lateinamerika, h\u00e4uslicher und geschlechtsspezifischer Gewalt und Armut zu k\u00e4mpfen.\",\"breadcrumb\":{\"@id\":\"https:\/\/www.humanium.org\/de\/uruguay\/#breadcrumb\"},\"inLanguage\":\"de\",\"potentialAction\":[{\"@type\":\"ReadAction\",\"target\":[\"https:\/\/www.humanium.org\/de\/uruguay\/\"]}]},{\"@type\":\"ImageObject\",\"inLanguage\":\"de\",\"@id\":\"https:\/\/www.humanium.org\/de\/uruguay\/#primaryimage\",\"url\":\"https:\/\/www.humanium.org\/de\/wp-content\/uploads\/2023\/11\/Shutterstock_1322304653-1.jpg\",\"contentUrl\":\"https:\/\/www.humanium.org\/de\/wp-content\/uploads\/2023\/11\/Shutterstock_1322304653-1.jpg\",\"width\":400,\"height\":400},{\"@type\":\"BreadcrumbList\",\"@id\":\"https:\/\/www.humanium.org\/de\/uruguay\/#breadcrumb\",\"itemListElement\":[{\"@type\":\"ListItem\",\"position\":1,\"name\":\"Home\",\"item\":\"https:\/\/www.humanium.org\/de\/\"},{\"@type\":\"ListItem\",\"position\":2,\"name\":\"Die Kinder von Uruguay\"}]},{\"@type\":\"WebSite\",\"@id\":\"https:\/\/www.humanium.org\/de\/#website\",\"url\":\"https:\/\/www.humanium.org\/de\/\",\"name\":\"Humanium\",\"description\":\"Kinder zuerst!\",\"potentialAction\":[{\"@type\":\"SearchAction\",\"target\":{\"@type\":\"EntryPoint\",\"urlTemplate\":\"https:\/\/www.humanium.org\/de\/?s={search_term_string}\"},\"query-input\":{\"@type\":\"PropertyValueSpecification\",\"valueRequired\":true,\"valueName\":\"search_term_string\"}}],\"inLanguage\":\"de\"}]}<\/script>\n<!-- \/ Yoast SEO plugin. -->","yoast_head_json":{"title":"Die Kinder von Uruguay - Humanium","description":"Die Kinder in Uruguay haben mit einer der h\u00f6chsten Inhaftierungsraten in Lateinamerika, h\u00e4uslicher und geschlechtsspezifischer Gewalt und Armut zu k\u00e4mpfen.","robots":{"index":"index","follow":"follow","max-snippet":"max-snippet:-1","max-image-preview":"max-image-preview:large","max-video-preview":"max-video-preview:-1"},"canonical":"https:\/\/www.humanium.org\/de\/uruguay\/","og_locale":"de_DE","og_type":"article","og_title":"Die Kinder von Uruguay - Humanium","og_description":"Die Kinder in Uruguay haben mit einer der h\u00f6chsten Inhaftierungsraten in Lateinamerika, h\u00e4uslicher und geschlechtsspezifischer Gewalt und Armut zu k\u00e4mpfen.","og_url":"https:\/\/www.humanium.org\/de\/uruguay\/","og_site_name":"Humanium","article_modified_time":"2025-12-06T06:20:06+00:00","og_image":[{"width":400,"height":400,"url":"https:\/\/www.humanium.org\/de\/wp-content\/uploads\/2023\/11\/Shutterstock_1322304653-1.jpg","type":"image\/jpeg"}],"twitter_card":"summary_large_image","twitter_misc":{"Gesch\u00e4tzte Lesezeit":"17\u00a0Minuten"},"schema":{"@context":"https:\/\/schema.org","@graph":[{"@type":"WebPage","@id":"https:\/\/www.humanium.org\/de\/uruguay\/","url":"https:\/\/www.humanium.org\/de\/uruguay\/","name":"Die Kinder von Uruguay - Humanium","isPartOf":{"@id":"https:\/\/www.humanium.org\/de\/#website"},"primaryImageOfPage":{"@id":"https:\/\/www.humanium.org\/de\/uruguay\/#primaryimage"},"image":{"@id":"https:\/\/www.humanium.org\/de\/uruguay\/#primaryimage"},"thumbnailUrl":"https:\/\/www.humanium.org\/de\/wp-content\/uploads\/2023\/11\/Shutterstock_1322304653-1.jpg","datePublished":"2016-05-05T21:18:24+00:00","dateModified":"2025-12-06T06:20:06+00:00","description":"Die Kinder in Uruguay haben mit einer der h\u00f6chsten Inhaftierungsraten in Lateinamerika, h\u00e4uslicher und geschlechtsspezifischer Gewalt und Armut zu k\u00e4mpfen.","breadcrumb":{"@id":"https:\/\/www.humanium.org\/de\/uruguay\/#breadcrumb"},"inLanguage":"de","potentialAction":[{"@type":"ReadAction","target":["https:\/\/www.humanium.org\/de\/uruguay\/"]}]},{"@type":"ImageObject","inLanguage":"de","@id":"https:\/\/www.humanium.org\/de\/uruguay\/#primaryimage","url":"https:\/\/www.humanium.org\/de\/wp-content\/uploads\/2023\/11\/Shutterstock_1322304653-1.jpg","contentUrl":"https:\/\/www.humanium.org\/de\/wp-content\/uploads\/2023\/11\/Shutterstock_1322304653-1.jpg","width":400,"height":400},{"@type":"BreadcrumbList","@id":"https:\/\/www.humanium.org\/de\/uruguay\/#breadcrumb","itemListElement":[{"@type":"ListItem","position":1,"name":"Home","item":"https:\/\/www.humanium.org\/de\/"},{"@type":"ListItem","position":2,"name":"Die Kinder von Uruguay"}]},{"@type":"WebSite","@id":"https:\/\/www.humanium.org\/de\/#website","url":"https:\/\/www.humanium.org\/de\/","name":"Humanium","description":"Kinder zuerst!","potentialAction":[{"@type":"SearchAction","target":{"@type":"EntryPoint","urlTemplate":"https:\/\/www.humanium.org\/de\/?s={search_term_string}"},"query-input":{"@type":"PropertyValueSpecification","valueRequired":true,"valueName":"search_term_string"}}],"inLanguage":"de"}]}},"_links":{"self":[{"href":"https:\/\/www.humanium.org\/de\/wp-json\/wp\/v2\/pages\/6537","targetHints":{"allow":["GET"]}}],"collection":[{"href":"https:\/\/www.humanium.org\/de\/wp-json\/wp\/v2\/pages"}],"about":[{"href":"https:\/\/www.humanium.org\/de\/wp-json\/wp\/v2\/types\/page"}],"author":[{"embeddable":true,"href":"https:\/\/www.humanium.org\/de\/wp-json\/wp\/v2\/users\/1"}],"replies":[{"embeddable":true,"href":"https:\/\/www.humanium.org\/de\/wp-json\/wp\/v2\/comments?post=6537"}],"version-history":[{"count":9,"href":"https:\/\/www.humanium.org\/de\/wp-json\/wp\/v2\/pages\/6537\/revisions"}],"predecessor-version":[{"id":20587,"href":"https:\/\/www.humanium.org\/de\/wp-json\/wp\/v2\/pages\/6537\/revisions\/20587"}],"wp:attachment":[{"href":"https:\/\/www.humanium.org\/de\/wp-json\/wp\/v2\/media?parent=6537"}],"curies":[{"name":"wp","href":"https:\/\/api.w.org\/{rel}","templated":true}]}}