{"id":7607,"date":"2016-03-14T01:53:54","date_gmt":"2016-03-14T01:53:54","guid":{"rendered":"http:\/\/www.humanium.org\/de\/?page_id=6186"},"modified":"2025-12-05T16:47:40","modified_gmt":"2025-12-05T16:47:40","slug":"kuba","status":"publish","type":"page","link":"https:\/\/www.humanium.org\/de\/kuba\/","title":{"rendered":"Die Kinder in Kuba"},"content":{"rendered":"\n<h2 class=\"wp-block-heading\"><strong>Die Verwirklichung der Kinderrechte in Kuba<\/strong><\/h2>\n\n\n\n<div class=\"wp-block-columns is-layout-flex wp-container-core-columns-is-layout-9d6595d7 wp-block-columns-is-layout-flex\">\n<div class=\"wp-block-column is-layout-flow wp-block-column-is-layout-flow\"><div class=\"wp-block-image is-style-rounded\">\n<figure class=\"aligncenter size-full\"><img loading=\"lazy\" decoding=\"async\" width=\"250\" height=\"250\" src=\"https:\/\/www.humanium.org\/de\/wp-content\/uploads\/2022\/09\/Shutterstock_1560055994.jpg\" alt=\"\" class=\"wp-image-16028\" srcset=\"https:\/\/www.humanium.org\/de\/wp-content\/uploads\/2022\/09\/Shutterstock_1560055994.jpg 250w, https:\/\/www.humanium.org\/de\/wp-content\/uploads\/2022\/09\/Shutterstock_1560055994-150x150.jpg 150w, https:\/\/www.humanium.org\/de\/wp-content\/uploads\/2022\/09\/Shutterstock_1560055994-230x230.jpg 230w\" sizes=\"auto, (max-width: 250px) 100vw, 250px\" \/><\/figure>\n<\/div><\/div>\n\n\n\n<div class=\"wp-block-column is-layout-flow wp-block-column-is-layout-flow\"><div class=\"wp-block-image is-style-rounded\">\n<figure class=\"aligncenter size-full\"><img loading=\"lazy\" decoding=\"async\" width=\"250\" height=\"250\" src=\"https:\/\/www.humanium.org\/de\/wp-content\/uploads\/2022\/09\/Shutterstock_1046966.png\" alt=\"\" class=\"wp-image-16029\" srcset=\"https:\/\/www.humanium.org\/de\/wp-content\/uploads\/2022\/09\/Shutterstock_1046966.png 250w, https:\/\/www.humanium.org\/de\/wp-content\/uploads\/2022\/09\/Shutterstock_1046966-150x150.png 150w, https:\/\/www.humanium.org\/de\/wp-content\/uploads\/2022\/09\/Shutterstock_1046966-230x230.png 230w\" sizes=\"auto, (max-width: 250px) 100vw, 250px\" \/><\/figure>\n<\/div><\/div>\n<\/div>\n\n\n\n<p><strong>Die kubanische Regierung hat den starken politischen Willen, die angemessene Entwicklung und das <a href=\"https:\/\/www.humanium.org\/de\/gesundheit-fuer-kinder-mit-kindern\/?msclkid=f1729596d06c11ec99922f578248dcbf\">Wohlergehen<\/a> der Kinder zu garantieren. Das Land ist sowohl regional als auch weltweit f\u00fchrend in den Bereichen der fr\u00fchkindlichen <a href=\"https:\/\/www.humanium.org\/de\/recht-bildung-weltweit\/\">Erziehung<\/a> und <a href=\"https:\/\/www.humanium.org\/de\/das-recht-auf-gesundheit\/\">der Gesundheitsvorsorge<\/a> f\u00fcr Kleinkinder und ber\u00fccksichtigt weiterhin einschl\u00e4gige internationale Rechtsvorschriften. Trotz dieser Erfolge gibt es noch Raum f\u00fcr Verbesserungen, besonders in Bezug auf das niedrige <a href=\"https:\/\/www.humanium.org\/de\/inhaftierte-kinder\/\">Strafm\u00fcndigkeitsalter<\/a> des Landes.<\/strong><\/p>\n\n\n\n<iframe src=\"https:\/\/www.google.com\/maps\/embed?pb=!1m18!1m12!1m3!1d7604925.307447726!2d-84.05873703727269!3d21.455076352433206!2m3!1f0!2f0!3f0!3m2!1i1024!2i768!4f13.1!3m3!1m2!1s0x88cd49070f7a4cb5%3A0x798cf7529110a41a!2sCuba!5e0!3m2!1sen!2sfr!4v1662314046627!5m2!1sen!2sfr\" width=\"600\" height=\"450\" style=\"border:0;\" allowfullscreen=\"\" loading=\"lazy\" referrerpolicy=\"no-referrer-when-downgrade\"><\/iframe>\n\n\n\n<div class=\"wp-block-columns is-layout-flex wp-container-core-columns-is-layout-9d6595d7 wp-block-columns-is-layout-flex\">\n<div class=\"wp-block-column is-layout-flow wp-block-column-is-layout-flow\">\n<p><strong>Bev\u00f6lkerung :<\/strong>&nbsp;11,3 Millionen<br><strong>Bev. 0-14 Jahren :<\/strong>&nbsp;16%<\/p>\n<\/div>\n\n\n\n<div class=\"wp-block-column is-layout-flow wp-block-column-is-layout-flow\">\n<p><strong>Lebenserwartung :<\/strong>&nbsp;78,8 Jahre<br><strong>Kindersterblichkeit :<\/strong>&nbsp;5.1 \u2030<\/p>\n<\/div>\n<\/div>\n\n\n\n<h2 class=\"wp-block-heading\"><strong>Kuba auf einen Blick<\/strong><\/h2>\n\n\n\n<p>Die Republik Kuba (<em>Rep\u00fablica de Cuba<\/em>), ein sozialistischer Staat, ist die gr\u00f6\u00dfte Inselgruppe im Karibischen Meer und setzt sich aus der Insel Kuba, der \u201eInsel der Jugend\u201c (Isla de la Juventud) und mehreren kleineren Inseln zusammen. Der Archipelliegt im Westen des n\u00f6rdlichen Teils des Karibischen Meeres, westlich des Atlantischen Ozeans und \u00f6stlich des Golfs von <a href=\"https:\/\/www.humanium.org\/de\/mexico\/\">Mexico<\/a>.&nbsp;<\/p>\n\n\n\n<p>Durch die einzigartige geographische Lage liegt Kuba s\u00fcdlich der \u00f6stlichen <a href=\"https:\/\/www.humanium.org\/de\/vereinigten-staaten-von-amerika\/\">Vereinigten Staaten von Amerika<\/a> und der <a href=\"https:\/\/www.humanium.org\/de\/bahamasinseln\/\">Bahamas<\/a>, \u00f6stlich von Mexiko, westlich von <a href=\"https:\/\/www.humanium.org\/de\/haiti\/\">Haiti<\/a> und den Turks- und Caicoinseln und n\u00f6rdlich der Cayman Inseln und Jamaika. Die Insel liegt ungef\u00e4hr 93,3 Meilen (150 Kilometer) von Key West in Florida entfernt (Cuban Research Institute, 2021).<\/p>\n\n\n\n<p>Vor der Kolonisierung geh\u00f6rten die urspr\u00fcnglichen Bewohner Kubas der Ta\u00edno-, Guanahatabey- und der Ciboney-Kultur an. W\u00e4hrend des 15. Jahrhunderts, f\u00fchrte die Ankunft Christoph Kolumbus dazu, dass Kuba eine spanische Kolonie wurde, was der Archipel auch bis 1898 blieb. In dieser Zeit war die kubanische Regierung stark vom Export von Kaffee, Tabak und Zucker nach Nordamerika und Europa abh\u00e4ngig (Cuban Research Institute, 2021).<\/p>\n\n\n\n<p>Die Geschichte Kubas ist von politischen Umst\u00fcrzen und institutioneller Instabilit\u00e4t gepr\u00e4gt, die bis auf das Jahr 1868 und den Kampf des Landes um die Unabh\u00e4ngigkeit von der <a href=\"https:\/\/www.humanium.org\/de\/spanien\/\">spanischen<\/a> Kolonialmacht zur\u00fcckgehen. Am 20. Mai 1902 erlangte Kuba offiziell seine Unabh\u00e4ngigkeit und die Vereinigten Staaten von Amerika beendeten ihre milit\u00e4rische Besetzung des Landes (Cuban Research Institute, 2021).<\/p>\n\n\n\n<p>Dennoch war dies nicht das Ende der zivilen und politischen Unruhen. Zwischen 1929 und 1940 erlebte Kuba mehrere Staatsstreiche, die durch den Sturz des Diktators Gerardo Machado 1933 ausgel\u00f6st wurden. Das darauffolgende \u201eZeitalter der Demokratie\u201c war gepr\u00e4gt von einer neuen Verfassung, die ein neues Zeitalter von sozio\u00f6konomischen Rechten einleitete (Cuban Research Institute, 2021).<\/p>\n\n\n\n<p>Der n\u00e4chste Konflikt- und Unruheherd entstand, als General Batista den amtierenden Pr\u00e4sidenten Socarr\u00e1s st\u00fcrzte, die Verfassung au\u00dfer Kraft setzte und die Wahlen aussetzte. Dies bot Fidel Castro und seinen Guerillakr\u00e4ften die Gelegenheit, die F\u00fchrung des Landes 1959 an sich zu rei\u00dfen und angesichts des anhaltenden US-Embargos die UDSSR direkt um Unterst\u00fctzung zu bitten. Trotz der durch die USA unterst\u00fctzten Invasion in der Schweinebucht und der ber\u00fcchtigten Raketenkrise, konnte Castro durch sowjetische Unterst\u00fctzung bis 2006 an der Macht bleiben.&nbsp;<\/p>\n\n\n\n<p>Diese Zeit war gepr\u00e4gt von einer starken autorit\u00e4ren Kontrolle der Regierung. Die Staatsmacht wurde nicht in Frage gestellt. Aufgrund einer Krankheit \u00fcbernahm Raul, der Bruder von Fidel, die Macht und wurde 2008 offiziell zum Pr\u00e4sidenten gew\u00e4hlt (Cuban Research Institute, 2021).<\/p>\n\n\n\n<h2 class=\"wp-block-heading\"><strong>Der Status der Kinderrechte in Kuba<\/strong> <strong><a href=\"#_ftn1\"><strong>[1]<\/strong><\/a><\/strong><\/h2>\n\n\n\n<p>Kuba hat sich zu mehreren internationalen Instrumenten zum Schutz der Kinderrechte verpflichtet. 1991 ratifizierte die Regierung die <a href=\"https:\/\/www.humanium.org\/de\/konvention\/\">UN-Kinderrechtskonvention<\/a> (KRK). 2001 ratifizierte Kuba das <a href=\"https:\/\/www.humanium.org\/de\/fakultativprotokoll-zum-ubereinkommen-uber-die-rechte-des-kindes-betreffend-den-verkauf-von-kindern-die-kinderprostitution-und-die-kinderpornografie\/\">Fakultativprotokoll zum \u00dcbereinkommen \u00fcber die Rechte des Kindes betreffend den Verkauf von Kindern, die Kinderprostitution und die Kinderpornografie<\/a> und 2007 das <a href=\"https:\/\/www.humanium.org\/de\/protokoll-beteiligung-von-kindern-konflikten\/\">Fakultativprotokoll zum \u00dcbereinkommen \u00fcber die Rechte des Kindes, betreffend die Beteiligung von Kindern an bewaffneten Konflikten<\/a>.<\/p>\n\n\n<div class=\"wp-block-image\">\n<figure class=\"alignleft size-large is-resized\"><img loading=\"lazy\" decoding=\"async\" width=\"1024\" height=\"681\" src=\"https:\/\/www.humanium.org\/de\/wp-content\/uploads\/2022\/09\/shutterstock_1015583866-1024x681.jpg\" alt=\"\" class=\"wp-image-16031\" style=\"width:371px;height:245px\" srcset=\"https:\/\/www.humanium.org\/de\/wp-content\/uploads\/2022\/09\/shutterstock_1015583866-1024x681.jpg 1024w, https:\/\/www.humanium.org\/de\/wp-content\/uploads\/2022\/09\/shutterstock_1015583866-300x200.jpg 300w, https:\/\/www.humanium.org\/de\/wp-content\/uploads\/2022\/09\/shutterstock_1015583866-768x511.jpg 768w, https:\/\/www.humanium.org\/de\/wp-content\/uploads\/2022\/09\/shutterstock_1015583866-1536x1022.jpg 1536w, https:\/\/www.humanium.org\/de\/wp-content\/uploads\/2022\/09\/shutterstock_1015583866-2048x1363.jpg 2048w, https:\/\/www.humanium.org\/de\/wp-content\/uploads\/2022\/09\/shutterstock_1015583866-830x552.jpg 830w, https:\/\/www.humanium.org\/de\/wp-content\/uploads\/2022\/09\/shutterstock_1015583866-230x153.jpg 230w, https:\/\/www.humanium.org\/de\/wp-content\/uploads\/2022\/09\/shutterstock_1015583866-350x233.jpg 350w, https:\/\/www.humanium.org\/de\/wp-content\/uploads\/2022\/09\/shutterstock_1015583866-480x319.jpg 480w, https:\/\/www.humanium.org\/de\/wp-content\/uploads\/2022\/09\/shutterstock_1015583866-272x182.jpg 272w\" sizes=\"auto, (max-width: 1024px) 100vw, 1024px\" \/><\/figure>\n<\/div>\n\n\n<p>Obwohl Kuba kein konsolidiertes Kindergesetz hat, gibt es mehrere nationale Rechtsvorschriften, die die UN-Kinderrechtskonvention (KRK) ber\u00fccksichtigen und f\u00fcr Kinder relevant sind. So zum Beispiel Gesetze wie das Jugendgesetz, das Grundgesetz, das Familiengesetz, das Arbeitsgesetz, das Strafgesetz, das Mutterschaftsgesetz f\u00fcr arbeitende Frauen sowie das Zivilgesetz (CRIN, 2011).<\/p>\n\n\n\n<p>2011 \u00e4u\u00dferte der <a href=\"https:\/\/www.humanium.org\/de\/ausschuss-rolle\/\">UN-Ausschuss f\u00fcr die Rechte des Kindes<\/a> seine Besorgnis \u00fcber die bestehende nationale Verfassung des Landes und ihrer F\u00e4higkeit, Kinderrechte angemessen zu sch\u00fctzen, sowie \u00fcber die F\u00e4higkeit des Landes, neue Gesetze zu verabschieden und zu integrieren (CRIN, 2011). Besonders besorgniserregend ist die kubanische Definition des Begriffs \u201eKind\u201c, da das Vollj\u00e4hrigkeitsalter bei 16 Jahren liegt. Kinder im Alter von 16 Jahren k\u00f6nnen somit heiraten und arbeiten und genie\u00dfen keinen Schutz durch kinderspezifische Bestimmungen (CRIN, 2011).&nbsp;<\/p>\n\n\n\n<p>Das Gesetz erlaubt au\u00dferdem <a href=\"https:\/\/www.humanium.org\/de\/misshandlung\/\">k\u00f6rperliche Gewalt<\/a> und bestraft Kinder zwischen 16 und 18 Jahren nicht nach dem <a href=\"https:\/\/www.humanium.org\/de\/minderjahrigenrecht\/\">Jugendstrafrecht<\/a>. Somit kann der Staat Minderj\u00e4hrige in gleichem Ma\u00dfe wie Erwachsene verurteilen und sieht kein spezielles Gerichtssystem f\u00fcr Kinder vor (CRIN, 2011).<\/p>\n\n\n\n<p>Trotz dieser Vers\u00e4umnisse wurde Kuba 2015 das 180. Mitglied der Internationalen Arbeitsorganisation, im selben Jahr als die Regierung die <a href=\"https:\/\/www.humanium.org\/de\/konvention-182\/\">Konvention 182 \u00fcber die schlimmsten Formen von Kinderarbeit<\/a>ratifizierte. Die Ratifizierung dieser Konvention zeigt den Willen der Regierung, die Kinder vor allen Formen der Kinderarbeit zu sch\u00fctzen (ILO, 2015).<\/p>\n\n\n\n<h2 class=\"wp-block-heading\"><strong>Auf die Bed\u00fcrfnisse von Kindern in Kuba eingehen<\/strong><\/h2>\n\n\n\n<h3 class=\"wp-block-heading\"><strong>Das Recht auf Bildung<\/strong><\/h3>\n\n\n\n<p>In Kuba sind <a href=\"https:\/\/www.humanium.org\/de\/recht-bildung-weltweit\/\">Bildung<\/a> und <a href=\"https:\/\/www.humanium.org\/de\/das-recht-auf-gesundheit\/\">Gesundheitsf\u00fcrsorge<\/a> f\u00fcr die Regierung eine Priorit\u00e4t. Das Recht auf Bildung ist in den Artikeln 39 und 52 der Verfassung der Republik Kuba, im Kinder- und Jugendgesetzbuch von 1978 und im Familiengesetzbuch verankert. Fr\u00fchkindliche Erziehung bis zum Alter von sechs Jahren wird durch den Staat finanziert, ist aber nicht verpflichtend. Die fr\u00fchkindliche Erziehung ist in zwei Institutionen aufgeteilt: Kinderg\u00e4rten und Vorschule (UNICEF Cuba, 2016).<\/p>\n\n\n\n<p>Laut dem Bildungsministerium gibt es in Kuba mehr als 855.000 Kinder unter sechs Jahren, von denen 99,5% in der fr\u00fchkindlichen Erziehung eingeschrieben sind. Die kubanische Regierung verfolgt einen ganzheitlichen Ansatz in der fr\u00fchkindlichen <a href=\"https:\/\/www.humanium.org\/de\/recht-bildung-weltweit\/\">Erziehung<\/a>und ist in diesem Bereich zu einem regionalen Vorreiter geworden, der die h\u00f6chste Anzahl von sozialen Interventionen zwischen der Schwangerschaft und dem Schulbeginn verzeichnet (UNICEF Cuba, 2016).<\/p>\n\n\n\n<p>Seit 1961 wurden fr\u00fchkindliche Erziehungszentren und Kinderg\u00e4rten eingerichtet, die den kubanischen Kindern Bildung, eine ausreichende Ern\u00e4hrung und eine Gesundheitsf\u00fcrsorge bieten. Das Institut f\u00fcr Kinder (<em>Instituto de la Infancia<\/em><em>) <\/em>wurde 1971 gegr\u00fcndet, um alle Institutionen zu koordinieren, die sich mit der fr\u00fchkindlichen Entwicklung, in Bereichen wie <a href=\"https:\/\/www.humanium.org\/de\/das-recht-auf-gesundheit\/\">Gesundheitsf\u00fcrsorge<\/a>, Kultur und <a href=\"https:\/\/www.humanium.org\/de\/artikel-31-die-notwendigkeit-des-kindlichen-spiels\/\">Sport<\/a> besch\u00e4ftigen (UNICEF Cuba, 2016).<\/p>\n\n\n\n<p>Das Engagement der kubanischen Regierung im Bereich der <a href=\"https:\/\/www.humanium.org\/de\/recht-bildung-weltweit\/\">Bildung<\/a> wird auch durch das Programm \u201eErziehe dein Kind\u201c deutlich, welches allen Kindern die M\u00f6glichkeit bietet, an einer fr\u00fchkindlichen Erziehung teilzunehmen, um sie auf die erste Klasse vorzubereiten. Dieses Programm st\u00fctzt sich auf drei Prinzipien: Familie, Gemeinschaft und einen sektor\u00fcbergreifenden Ansatz f\u00fcr die Bildung.<\/p>\n\n\n<div class=\"wp-block-image\">\n<figure class=\"alignright size-large is-resized\"><img loading=\"lazy\" decoding=\"async\" width=\"1024\" height=\"683\" src=\"https:\/\/www.humanium.org\/de\/wp-content\/uploads\/2022\/09\/shutterstock_445730281-1024x683.jpg\" alt=\"\" class=\"wp-image-16030\" style=\"width:367px;height:245px\" srcset=\"https:\/\/www.humanium.org\/de\/wp-content\/uploads\/2022\/09\/shutterstock_445730281-1024x683.jpg 1024w, https:\/\/www.humanium.org\/de\/wp-content\/uploads\/2022\/09\/shutterstock_445730281-300x200.jpg 300w, https:\/\/www.humanium.org\/de\/wp-content\/uploads\/2022\/09\/shutterstock_445730281-768x512.jpg 768w, https:\/\/www.humanium.org\/de\/wp-content\/uploads\/2022\/09\/shutterstock_445730281-1536x1024.jpg 1536w, https:\/\/www.humanium.org\/de\/wp-content\/uploads\/2022\/09\/shutterstock_445730281-2048x1366.jpg 2048w, https:\/\/www.humanium.org\/de\/wp-content\/uploads\/2022\/09\/shutterstock_445730281-830x553.jpg 830w, https:\/\/www.humanium.org\/de\/wp-content\/uploads\/2022\/09\/shutterstock_445730281-230x153.jpg 230w, https:\/\/www.humanium.org\/de\/wp-content\/uploads\/2022\/09\/shutterstock_445730281-350x233.jpg 350w, https:\/\/www.humanium.org\/de\/wp-content\/uploads\/2022\/09\/shutterstock_445730281-480x320.jpg 480w, https:\/\/www.humanium.org\/de\/wp-content\/uploads\/2022\/09\/shutterstock_445730281-272x182.jpg 272w\" sizes=\"auto, (max-width: 1024px) 100vw, 1024px\" \/><\/figure>\n<\/div>\n\n\n<p><a href=\"https:\/\/www.humanium.org\/de\/familie-und-rechte-von-kindern\/\">Familien<\/a> spielen in dem Programm eine entscheidende Rolle, da sie darin geschult und darauf vorbereitet werden, wie sie ihre Kinder besser erziehen und in anregende Aktivit\u00e4ten zuhausemiteinbeziehen k\u00f6nnen. Neben Familien <a href=\"https:\/\/www.humanium.org\/de\/artikel-31-die-notwendigkeit-des-kindlichen-spiels\/\">spielt<\/a> auch die Gemeinschaft eine wichtige Rolle, wenn es darum geht, den Kindern Kultur, Tradition, Werte und die Bedeutung positiver Interaktionen zu vermitteln. Letztendlich verfolgt das Programm einen sektor\u00fcbergreifenden Ansatz, der sich auf die bestehenden Kinderentwicklungseinrichtungen auf Gemeindeebene st\u00fctzt (UNICEF Cuba, 2016).<\/p>\n\n\n\n<p>Auf regionaler Ebene inspirierte das Programm \u201eErziehe dein Kind\u201c auch die Regierung von <a href=\"https:\/\/www.humanium.org\/de\/kolumbien\/\">Kolumbien<\/a>, <a href=\"https:\/\/www.humanium.org\/de\/ecuador\/\">Ecuador<\/a>, <a href=\"https:\/\/www.humanium.org\/de\/brasilien\/\">Brasilien<\/a>, <a href=\"https:\/\/www.humanium.org\/de\/guatemala-2\/\">Guatemala<\/a>, <a href=\"https:\/\/www.humanium.org\/de\/mexico\/\">Mexico<\/a> und <a href=\"https:\/\/www.humanium.org\/de\/venezuela\/\">Venezuela<\/a>, die \u00e4hnliche Programme f\u00fcr Kinder einf\u00fchrten (UNICEF Cuba, 2016).<\/p>\n\n\n\n<h3 class=\"wp-block-heading\"><strong>Das Recht auf Gesundheit<\/strong><\/h3>\n\n\n\n<p>Das Recht auf <a href=\"https:\/\/www.humanium.org\/de\/das-recht-auf-gesundheit\/\">Gesundheit<\/a> ist im Artikel 50 der Verfassung der Republik Kuba und in den Artikeln 13 und 113 des Kinder- und Jugendgesetzbuches verankert (UNICEF Cuba, 2016). In Kuba sind der Zugang und die Qualit\u00e4t der Gesundheitsf\u00fcrsorge f\u00fcr Kinder lobenswert, was durch die niedrige <a href=\"https:\/\/www.humanium.org\/de\/kindersterblichkeit\/\">S\u00e4uglingssterblichkeitsrate<\/a> verdeutlicht wird. Dank einer erfolgreichen und schrittweisen Senkung hat Kuba nach <a href=\"https:\/\/www.humanium.org\/de\/kanada\/\">Kanada<\/a> die zweitniedrigste Sterblichkeitsrate der Kinder unter f\u00fcnf Jahren in ganz Amerika. Die hervorragenden Leistungen im Bereich der Gesundheitsf\u00fcrsorge f\u00fcr Kinder sind auf das integrierte und koh\u00e4rente kubanische Gesundheits- und Bildungssystem zur\u00fcckzuf\u00fchren (Gonzalez &amp; Choonara, 2019).<\/p>\n\n\n\n<p>Im Juni 2015 wurde Kuba, unter der Leitung der WHO, UNICEF und UNAIDS, das erste Land weltweit, welches den formalen Validierungsprozess f\u00fcr die Eliminierung der Mutter-Kind-\u00dcbertragung von HIV und kongenitaler Syphilis abschloss. Das Nationale Immunisierungsprogramm stellt sicher, dass alle Kinder gegen Krankheiten geimpft sind (UNICEF, Cuba, 2016).<\/p>\n\n\n\n<p>Das nationale Gesundheitssystem wurde 1960 in Kuba gegr\u00fcndet und konzentriert sich besonders auf die Erstversorgung und auf die Erf\u00fcllung von Gesundheitsdiensten f\u00fcr Kinder. Die Gesundheitsvorsorge f\u00fcr M\u00fctter und Kinder wurde durch die Regierung priorisiert, von der Einrichtung von Entbindungsheimen in den 1960er-Jahrenbis zur Entstehung von Humanmilchbankenin den 2000er Jahren (UNICEF Cuba, 2016).<\/p>\n\n\n\n<h3 class=\"wp-block-heading\"><strong>Das Recht auf sauberes Wasser und Sanit\u00e4r versorgung<\/strong><\/h3>\n\n\n\n<p>Rund 94% aller Kubaner profitieren von \u201everbesserten Trinkwasserquellen\u201c, also solchen, die vor Verunreinigungen von au\u00dfen gesch\u00fctzt sind (UNICEF, 2022). Laut offiziellen Statistiken erhalten fast 80% des Landes sauberes <a href=\"https:\/\/www.humanium.org\/de\/recht-wasser\/\">Wasser<\/a> durch von der Regierung bereitgestellte Wasserversorgungssysteme (Latina, 2022). Was die Sanit\u00e4rversorgungangeht, so haben 60% des Landes Zugang zu ordnungsgem\u00e4\u00dfen Entleerungs-, Aufbereitungs- und Entsorgungssystemen f\u00fcr Abf\u00e4lle (Latina, 2022).<\/p>\n\n\n\n<p>Trotz scheinbar positiver Statistiken und der in der kubanischen Verfassung verankerten Garantie, dass alle Einwohner Zugang zu Trinkwasser haben, gibt die Realit\u00e4t vor Ort Anlass zur Sorge. In vielen Teilen des Landes gibt es nur einen sporadischen Zugang zu Trinkwasser, welches nur alle paar Tage f\u00fcr ein paar Stunden zur Verf\u00fcgung steht (Liubchenkova, 2020). Dar\u00fcber hinaus leidet das Land an unregelm\u00e4\u00dfigen Regenf\u00e4llen und an einem Mangel an zur Verf\u00fcgung gestellten staatlichen Mitteln, um sicherzustellen, dass sanit\u00e4re Einrichtungen ordnungsgem\u00e4\u00df gewartet und gegebenenfalls repariert werden (Liubchenkiva, 2020).<\/p>\n\n\n\n<h3 class=\"wp-block-heading\"><strong>Das Recht auf Identit\u00e4t<\/strong><\/h3>\n\n\n\n<p>Die Staatsb\u00fcrgerschaft wird laut Artikel 33 der Verfassung der Republik Kuba mit der Geburt oder durch die Einb\u00fcrgerung erworben (Consortium for Street Children). Kinderschutzma\u00dfnahmen werden in Kuba durch das Gesundheits- und Bildungssystem durchgesetzt. So ist beispielsweise die <a href=\"https:\/\/www.humanium.org\/de\/recht-auf-identitat\/\">Geburtenregistrierung<\/a> eine Kinderschutzma\u00dfnahme, die zwischen dem Justizministerium und dem Gesundheitsministerium koordiniert wird.&nbsp;<\/p>\n\n\n\n<p>Fast alle Geburten im Land finden in Gesundheitseinrichtungen statt, die eine Geburtenregistrierung erm\u00f6glichen. Diese Geburtenregistrierung ist notwendig, da es institutionelle Mechanismen gibt, wie zum Beispiel die Einschulung oder die Impfung, die einen \u201eMinderj\u00e4hrigenausweis\u201c verlangen, sodass es unerl\u00e4sslich ist, dass die Kinder korrekt registriert sind (UNICEF Cuba, 2016).<\/p>\n\n\n\n<h2 class=\"wp-block-heading\"><strong>Risikofaktoren \u2192 Landesspezifische Herausforderungen<\/strong><\/h2>\n\n\n\n<h3 class=\"wp-block-heading\"><strong>Kinderhandel<\/strong><\/h3>\n\n\n<div class=\"wp-block-image is-style-default\">\n<figure class=\"alignright size-large is-resized\"><img loading=\"lazy\" decoding=\"async\" width=\"1024\" height=\"711\" src=\"https:\/\/www.humanium.org\/de\/wp-content\/uploads\/2022\/09\/shutterstock_400794637-1024x711.jpg\" alt=\"\" class=\"wp-image-16032\" style=\"width:360px;height:250px\" srcset=\"https:\/\/www.humanium.org\/de\/wp-content\/uploads\/2022\/09\/shutterstock_400794637-1024x711.jpg 1024w, https:\/\/www.humanium.org\/de\/wp-content\/uploads\/2022\/09\/shutterstock_400794637-300x208.jpg 300w, https:\/\/www.humanium.org\/de\/wp-content\/uploads\/2022\/09\/shutterstock_400794637-768x533.jpg 768w, https:\/\/www.humanium.org\/de\/wp-content\/uploads\/2022\/09\/shutterstock_400794637-1536x1066.jpg 1536w, https:\/\/www.humanium.org\/de\/wp-content\/uploads\/2022\/09\/shutterstock_400794637-2048x1421.jpg 2048w, https:\/\/www.humanium.org\/de\/wp-content\/uploads\/2022\/09\/shutterstock_400794637-830x576.jpg 830w, https:\/\/www.humanium.org\/de\/wp-content\/uploads\/2022\/09\/shutterstock_400794637-230x160.jpg 230w, https:\/\/www.humanium.org\/de\/wp-content\/uploads\/2022\/09\/shutterstock_400794637-350x243.jpg 350w, https:\/\/www.humanium.org\/de\/wp-content\/uploads\/2022\/09\/shutterstock_400794637-480x333.jpg 480w\" sizes=\"auto, (max-width: 1024px) 100vw, 1024px\" \/><\/figure>\n<\/div>\n\n\n<p>Kuba gilt als Herkunfts- und Transitland f\u00fcr den <a href=\"https:\/\/www.humanium.org\/de\/kinderhandel\/\">Menschenhandel<\/a>. Oft sind die Menschenh\u00e4ndler Familienmitglieder oder enge Verwandte, die die Frauen und Kinder zum Zwecke der sexuellen Ausbeutung und der Arbeit verschleppen. H\u00e4ufig sind Kubaner, die versuchen, \u00fcber S\u00fcd- oder Zentralamerika in die <a href=\"https:\/\/www.humanium.org\/de\/vereinigten-staaten-von-amerika\/\">USA<\/a> zu reisen, Verschleppte zum Zwecke der sexuellen Ausbeutung oder der Kinderarbeit (UN General Assembly, 2018).<\/p>\n\n\n\n<p>Es gab intern F\u00e4lle von Jungen und M\u00e4dchen, die zum Zwecke der <a href=\"https:\/\/www.humanium.org\/de\/kinderprostitution\/\">sexuellen Ausbeutung<\/a> von ihren Familienmitgliedern verschleppt wurden. Diese Kinder, von denenmanche gerade einmal zehn Jahre alt sind, werden von Familienmitgliedern gezwungen, gegen Geld sexuelle Beziehungen mit Kubanern oder Ausl\u00e4ndern einzugehen, um dadurch ihre Familien finanziell zu unterst\u00fctzen (UN General Assembly, 2018).<\/p>\n\n\n\n<p>Im Jahresbericht des US-Au\u00dfenministeriums \u00fcber Menschenhandel wird Kuba in Stufe 3 eingestuft. Dies bedeutet, dass das Land die erwarteten Mindeststandards f\u00fcr die Beseitigung des Menschenhandels nicht erf\u00fcllt und auch keine nennenswerten Anstrengungen unternimmt, um dies zu erreichen (US Department of State, 2021). Die Gesetzgebung verurteilt das Anwerben, den Transport und die Entgegennahme von Kindern zum Zwecke des Menschenhandels nicht (US Department of State, 2021). Damit ist das Land ein Markt f\u00fcr <a href=\"https:\/\/www.humanium.org\/de\/kinderprostitution\/\">Sexhandel<\/a> und Zwangsarbeit (US Department of State, 2021).<\/p>\n\n\n\n<p>Um die Opfer des Kinderhandels zu unterst\u00fctzen, hat die Regierung Kinderschutz- und Beratungszentren sowie eine Direktion f\u00fcr Familienschutz und Rechtsprechungsfragen eingerichtet. Es gibt jedoch nur wenige Anhaltspunkte daf\u00fcr, dass diese Institutionen angemessen finanziert werden und vielversprechende Ergebnisse liefern (US Department of State, 2021).<\/p>\n\n\n\n<h3 class=\"wp-block-heading\"><strong>Kinderheirat<\/strong><\/h3>\n\n\n<div class=\"wp-block-image is-style-default\">\n<figure class=\"alignleft size-large is-resized\"><img loading=\"lazy\" decoding=\"async\" width=\"1024\" height=\"684\" src=\"https:\/\/www.humanium.org\/de\/wp-content\/uploads\/2022\/09\/shutterstock_597489686-1024x684.jpg\" alt=\"\" class=\"wp-image-16033\" style=\"width:377px;height:251px\" srcset=\"https:\/\/www.humanium.org\/de\/wp-content\/uploads\/2022\/09\/shutterstock_597489686-1024x684.jpg 1024w, https:\/\/www.humanium.org\/de\/wp-content\/uploads\/2022\/09\/shutterstock_597489686-300x200.jpg 300w, https:\/\/www.humanium.org\/de\/wp-content\/uploads\/2022\/09\/shutterstock_597489686-768x513.jpg 768w, https:\/\/www.humanium.org\/de\/wp-content\/uploads\/2022\/09\/shutterstock_597489686-1536x1025.jpg 1536w, https:\/\/www.humanium.org\/de\/wp-content\/uploads\/2022\/09\/shutterstock_597489686-2048x1367.jpg 2048w, https:\/\/www.humanium.org\/de\/wp-content\/uploads\/2022\/09\/shutterstock_597489686-830x554.jpg 830w, https:\/\/www.humanium.org\/de\/wp-content\/uploads\/2022\/09\/shutterstock_597489686-230x154.jpg 230w, https:\/\/www.humanium.org\/de\/wp-content\/uploads\/2022\/09\/shutterstock_597489686-350x234.jpg 350w, https:\/\/www.humanium.org\/de\/wp-content\/uploads\/2022\/09\/shutterstock_597489686-480x320.jpg 480w, https:\/\/www.humanium.org\/de\/wp-content\/uploads\/2022\/09\/shutterstock_597489686-272x182.jpg 272w\" sizes=\"auto, (max-width: 1024px) 100vw, 1024px\" \/><\/figure>\n<\/div>\n\n\n<p>In einer Clustererhebung durch UNICEF wurde 2019 in Kuba festgestellt, dass 29,4% der Frauen im Alter von 20 bis 24 Jahren bereits vor ihrem 18. Lebensjahr und 4,8% vor ihrem 15. Lebensjahr verheiratet worden sind. Von den M\u00e4nnern im Alter von 20 bis 24 Jahren waren 5,9% vor dem Alter von 18 Jahren und 1,5% vor dem Alter von 15 Jahren bereits verheiratet (UNICEF Cuba, 2020). Die Provinz Jiguan\u00ed, im Osten Kubas, hat in Granma mit 68,8% im Jahr 2018 die zweith\u00f6chste <a href=\"https:\/\/www.humanium.org\/de\/jugendsexualitat\/\">Fruchtbarkeitsrate bei Jugendlichen<\/a>. Die fehlende sexuelle Aufkl\u00e4rung und der gesellschaftliche Druck dr\u00e4ngen Familien dazu, ihre T\u00f6chter zu einer <a href=\"https:\/\/www.humanium.org\/de\/kinderheirat\/\">fr\u00fchen Heirat<\/a> zu zwingen, wenn diese schwanger werden (Reina, 2022).&nbsp;<\/p>\n\n\n\n<p>Zurzeit f\u00fchrt die Regierung eine Studie zum vollst\u00e4ndigen Verbieten der <a href=\"https:\/\/www.humanium.org\/de\/kinderheirat\/\">Kinderheirat<\/a> in Kuba durch eine Gesetzesreform durch. Diese Reform zielt darauf ab, auch die Ausnahmeregelung abzuschaffen, nach der M\u00e4dchen ab vierzehn und Jungen ab sechzehn Jahren heiraten d\u00fcrfen (Cuba News, 2021).<\/p>\n\n\n\n<h3 class=\"wp-block-heading\"><strong>Jugendstrafrechtund Kinder im Konflikt mit dem Gesetz<\/strong><\/h3>\n\n\n\n<p>Artikel 16 des kubanischen Strafgesetzbuches legt das Mindestalter f\u00fcr die Strafm\u00fcndigkeit auf 16 Jahren fest, sodass Kinder wie Erwachsene bestraft werden k\u00f6nnen. Es gibt jedoch kein Mindestalter, ab dem ein Kind bestraft werden kann oder sich dem <a href=\"https:\/\/www.humanium.org\/de\/inhaftierte-kinder\/\">Freiheitsentzug<\/a>s in den kubanischen Umerziehungszentren stellen muss (CRIN). Derzeit befinden sich 662 Kinder im Alter von 16 bis 18 Jahren in kubanischen Gef\u00e4ngnissen. Von diesen 662 Kindern sind 274 zwischen 16 und 17 Jahren alt, der Rest ist 18 Jahre alt (Committee on the Rights oft he Child, 2021).<\/p>\n\n\n\n<p>Im Juli 2021, nach einer Reihe von Protesten gegen die Herrschaft der Kommunistischen Partei Kubas (auch bekannt als 11J Proteste) wurden \u00fcber 1.000 Kubaner festgenommen, von denen ein Bruchteil Kinder waren. Kinder mit gerade einmal 12 Jahren wurden<a href=\"https:\/\/www.humanium.org\/de\/inhaftierte-kinder\/\"> festgenommen<\/a> und wegen Vandalismus, Untergrabung der verfassungsm\u00e4\u00dfigen Ordnung und Aufruhr angeklagt. Laut lokalen Menschenrechtsorganisationen sind diese Kinder momentan in der Strafvollzugsanstalt des Westens f\u00fcr Jugendliche inhaftiert (Herrera, 2022).<\/p>\n\n\n\n<p><em><strong>Geschrieben von Vanessa Cezarita Cordeiro<\/strong><\/em><\/p>\n\n\n\n<p><em><strong>\u00dcbersetzt von Franziska Theis<\/strong><\/em><\/p>\n\n\n\n<p><em><strong>Korrektur gelesen von Beate Dessewffy<\/strong><\/em><\/p>\n\n\n\n<p><em><strong>Zuletzt aktualisiert am 27. M\u00e4rz 2022<\/strong><\/em><\/p>\n\n\n\n<h4 class=\"wp-block-heading\"><strong>Referenzen:<\/strong><\/h4>\n\n\n\n<p class=\"has-small-font-size\"><a href=\"https:\/\/www.bbc.co.uk\/news\/world-latin-america-19583447\" target=\"_blank\" rel=\"noreferrer noopener\">BBC News. (2018, May 1). \u201cCuba country profile.\u201d Retrieved from BBC News, accessed on 24 March 2022.<\/a><\/p>\n\n\n\n<p class=\"has-small-font-size\"><a href=\"https:\/\/www.refworld.org\/docid\/49880665b.html#:~:text=Cuba%2520confirmed%2520that%2520the%2520minimum,of%2520the%2520Child%2520in%25201996.&amp;text=During%2520negotiations%2520on%2520the%2520Optional,%2522straight%252D18%2522%2520position.\" target=\"_blank\" rel=\"noreferrer noopener\">Child Soldiers International. (2004). \u201cChild Soldiers Global Report 2004 \u2013 Cuba.\u201d Retrieved from RefWorld, accessed on 24 March 2022.<\/a><\/p>\n\n\n\n<p class=\"has-small-font-size\"><a href=\"https:\/\/docstore.ohchr.org\/SelfServices\/FilesHandler.ashx?enc=6QkG1d\/PPRiCAqhKb7yhsogu+rcYtuo0ebg3v3LZyh\/Q76oD4UCOyvN3eHWbqoAT5AN6B6YQaI3mMkuTq6uBzHtV8LjsMM6N9xUlpruzKggpgpUcOXlBkJkbnMMFWb5+\" target=\"_blank\" rel=\"noreferrer noopener\">Committee on the Rights of the Child. (2020, January 27). \u201cCombined third and sixth periodic reports submitted by Cuba under article 44 of the Convention, CRC\/C\/CUB\/3-6.\u201d Retrieved from Committee on the Rights of the Child, accessed on 24 March 2022.<\/a><\/p>\n\n\n\n<p class=\"has-small-font-size\"><a href=\"https:\/\/docstore.ohchr.org\/SelfServices\/FilesHandler.ashx?enc=6QkG1d\/PPRiCAqhKb7yhsogu+rcYtuo0ebg3v3LZyh9qck6MFEqck9\/jxjcCVjonL7EFWVbN3WKSVBEuwagnW7Q2HUOyHjat6dPm0s25eBfNARHZGUGCbsCV0DJFeXDj\" target=\"_blank\" rel=\"noreferrer noopener\">Committee on the Rights of the Child. (2021, November 15). \u201cReplies of Cuba to the list of issues in relation to its combined third to sixth periodic reports* CRC\/C\/CUB\/Q\/3-6.\u201d Retrieved from Committee on the Rights of the Child, accessed on 24 March 2022.<\/a><\/p>\n\n\n\n<p class=\"has-small-font-size\"><a href=\"https:\/\/www.streetchildren.org\/legal-atlas\/map\/cuba\/legal-identity\/can-a-child-apply-for-citizenship\/\" target=\"_blank\" rel=\"noreferrer noopener\">Consortium for Street Children. (n.d). \u201cCan a child apply for citizenship?\u201d Retrieved from Consortium for Street Children, accessed on 24 March 2022.<\/a><\/p>\n\n\n\n<p class=\"has-small-font-size\"><a href=\"https:\/\/archive.crin.org\/en\/library\/publications\/cuba-national-laws.html\" target=\"_blank\" rel=\"noreferrer noopener\">CRIN. (2011, November 25). \u201cCuba: National Laws.\u201d Retrieved from Child Rights International Network, accessed on 21 March 2022.<\/a><\/p>\n\n\n\n<p class=\"has-small-font-size\"><a href=\"https:\/\/archive.crin.org\/en\/home\/ages\/Americas.html\" target=\"_blank\" rel=\"noreferrer noopener\">CRIN. (n.d). \u201cMinimum ages of criminal responsibility in The Americas.\u201d Retrieved from Child Rights International Network, accessed on 24 March 2022.<\/a><\/p>\n\n\n\n<p class=\"has-small-font-size\"><a href=\"https:\/\/oncubanews.com\/en\/cuba\/society-cuba\/cuba-studying-complete-ban-of-child-marriages\/\" target=\"_blank\" rel=\"noreferrer noopener\">Cuba News. (2021, November 21). \u201cCuba studying complete ban of child marriage.\u201d Retrieved from Cuba News, accessed on 21 March 2022.<\/a><\/p>\n\n\n\n<p class=\"has-small-font-size\">Cuban Research Institute. (2021, August). \u201cCuba country profile.\u201d Retrieved from Cuban research Institute, accessed on 22 March 2022.<\/p>\n\n\n\n<p class=\"has-small-font-size\"><a href=\"https:\/\/bmjpaedsopen.bmj.com\/content\/bmjpo\/3\/1\/e000573.full.pdf\" target=\"_blank\" rel=\"noreferrer noopener\">Gonzalez, M.C., Choonara, I. (2019, 8 October). \u201cCuba\u2019s success in child health: what can one learn?\u201d Retrieved from BMJ Paediatrics Open, accessed on 24 March 2022.<\/a><\/p>\n\n\n\n<p class=\"has-small-font-size\"><a href=\"https:\/\/www.aldianews.com\/politics\/policy\/cubas-children-prisoners?device=mobile\" target=\"_blank\" rel=\"noreferrer noopener\">Herrera, M. (2022, February 10). \u201cCuba\u2019s children political prisoners: Five keys to understand what\u2019s happening.\u201d Retrieved from Al D\u00eda News Media, accessed on 24 March 2022.<\/a><\/p>\n\n\n\n<p class=\"has-small-font-size\"><a href=\"https:\/\/www.refworld.org\/docid\/537343dc4.html\" target=\"_blank\" rel=\"noreferrer noopener\">Immigration and Refugee Board Canada. (2014, March 28). \u201cCuba: military service, including legislation, obligations, and alternatives; consequences for refusal.\u201d Retrieved from Ref World, accessed on 24 March 2022.<\/a><\/p>\n\n\n\n<p class=\"has-small-font-size\"><a href=\"https:\/\/www.ilo.org\/global\/standards\/subjects-covered-by-international-labour-standards\/child-labour\/WCMS_409423\/lang--en\/index.htm\" target=\"_blank\" rel=\"noreferrer noopener\">International Labour Organization. (2015, September 29). \u201cCuba ratifies the Worst Forms of Child Labour Convention.\u201d Retrieved from International Labour Organization, accessed on 24 March 2022.<\/a><\/p>\n\n\n\n<p class=\"has-small-font-size\">Latina, P. (2022, March 1). \u201cCuba increases access to drinking water and sanitation.\u201d Retrieved from Cuba\u2019s Representative Office Abroad, accessed on 24 March 2022.<\/p>\n\n\n\n<p class=\"has-small-font-size\"><a href=\"https:\/\/www.euronews.com\/2020\/09\/23\/ten-inventive-ways-cubans-tackle-their-drinking-water-problems\" target=\"_blank\" rel=\"noreferrer noopener\">Liubchenkova, N. (2020, September 23). \u201cTen inventive ways Cubans tackle their drinking water problems.\u201d Retrieved from EuroNews, accessed on 22 March 2022.<\/a><\/p>\n\n\n\n<p class=\"has-small-font-size\"><a href=\"https:\/\/www.unicef.org\/cuba\/en\/stories\/another-year-grow-without-violence\" target=\"_blank\" rel=\"noreferrer noopener\">Reina, R.T. (2022, 17 January). \u201cAnother year to grow without violence.\u201d Retrieved from UNICEF Cuba, accessed on 21 March 2022.<\/a><\/p>\n\n\n\n<p class=\"has-small-font-size\"><a href=\"https:\/\/documents-dds-ny.un.org\/doc\/UNDOC\/GEN\/G18\/121\/55\/PDF\/G1812155.pdf?OpenElement\" target=\"_blank\" rel=\"noreferrer noopener\">UN General Assembly. (2018, April 30). \u201cReport of the Special Rapporteur on trafficking in persons, especially women and children on her mission to Cuba A\/HRC\/38\/45\/Add.1.\u201d Retrieved from United Nations Human Rights Council, accessed on 24 March 2022.<\/a><\/p>\n\n\n\n<p class=\"has-small-font-size\"><a href=\"https:\/\/www.unicef.org\/cuba\/media\/3551\/file\/MICS6_Cuba-2019_compressed.pdf%2520.pdf\" target=\"_blank\" rel=\"noreferrer noopener\">UNICEF Cuba &amp; Directorate of Medical Records and Health Statistics. (2020, December). \u201cMultipleIndicatorClusterSurvey Cuba 2019, Encuesta de Indicadores M\u00faltiples por Conglomerados.\u201d Retrieved from UNICEF Cuba, accessed on 21 March 2022.<\/a><\/p>\n\n\n\n<p class=\"has-small-font-size\"><a href=\"https:\/\/ghdx.healthdata.org\/record\/cuba-multiple-indicator-cluster-survey-2014\" target=\"_blank\" rel=\"noreferrer noopener\">UNICEF. (2022, January 12). \u201cCuba Multiple Cluster Indicator Survey 2014.\u201d Retrieved from Institute for Health Metrics and Evaluation, accessed on 22 March 2022.<\/a><\/p>\n\n\n\n<p class=\"has-small-font-size\"><a href=\"https:\/\/www.state.gov\/reports\/2021-trafficking-in-persons-report\/cuba\/\" target=\"_blank\" rel=\"noreferrer noopener\">US Department of State. (2021). \u201c2021 Trafficking in persons report: Cuba.\u201d Retrieved from US Department of State, accessed on 24 March 2022.<\/a><\/p>\n\n\n\n<hr class=\"wp-block-separator has-css-opacity\"\/>\n\n\n\n<p class=\"has-small-font-size\"><a href=\"#_ftnref1\">[1]<\/a> Dieser Artikel gibt keineswegs einen vollen bzw. repr\u00e4sentativen \u00dcberblick \u00fcber die Kinderrechte in Kuba. Eine der vielen Herausforderungen besteht darin, dass es nur wenige aktuelle Informationen \u00fcber die Kinder in Kuba gibt, von denen viele nicht vertrauensw\u00fcrdig, nicht repr\u00e4sentativ, veraltet oder einfach nicht-existent sind.<\/p>\n","protected":false},"excerpt":{"rendered":"<p>Die Verwirklichung der Kinderrechte in Kuba Die kubanische Regierung hat den starken politischen Willen, die angemessene Entwicklung und das Wohlergehen der Kinder zu garantieren. Das Land ist sowohl regional als auch weltweit f\u00fchrend in den Bereichen der fr\u00fchkindlichen Erziehung und der Gesundheitsvorsorge f\u00fcr Kleinkinder und ber\u00fccksichtigt weiterhin einschl\u00e4gige internationale Rechtsvorschriften. Trotz dieser Erfolge gibt es [&hellip;]<\/p>\n","protected":false},"author":1,"featured_media":0,"parent":0,"menu_order":0,"comment_status":"closed","ping_status":"closed","template":"","meta":{"footnotes":""},"class_list":["post-7607","page","type-page","status-publish","hentry"],"yoast_head":"<!-- This site is optimized with the Yoast SEO plugin v26.5 - https:\/\/yoast.com\/wordpress\/plugins\/seo\/ -->\n<title>Die Kinder in Kuba - Humanium<\/title>\n<meta name=\"description\" content=\"Trotz dieser Erfolge gibt es noch Raum f\u00fcr Verbesserungen, besonders in Bezug auf das niedrige Strafm\u00fcndigkeitsalter des Landes.\" \/>\n<meta name=\"robots\" content=\"index, follow, max-snippet:-1, max-image-preview:large, max-video-preview:-1\" \/>\n<link rel=\"canonical\" href=\"https:\/\/www.humanium.org\/de\/kuba\/\" \/>\n<meta property=\"og:locale\" content=\"de_DE\" \/>\n<meta property=\"og:type\" content=\"article\" \/>\n<meta property=\"og:title\" content=\"Die Kinder in Kuba - Humanium\" \/>\n<meta property=\"og:description\" content=\"Trotz dieser Erfolge gibt es noch Raum f\u00fcr Verbesserungen, besonders in Bezug auf das niedrige Strafm\u00fcndigkeitsalter des Landes.\" \/>\n<meta property=\"og:url\" content=\"https:\/\/www.humanium.org\/de\/kuba\/\" \/>\n<meta property=\"og:site_name\" content=\"Humanium\" \/>\n<meta property=\"article:modified_time\" content=\"2025-12-05T16:47:40+00:00\" \/>\n<meta property=\"og:image\" content=\"https:\/\/www.humanium.org\/de\/wp-content\/uploads\/2022\/09\/Shutterstock_1560055994.jpg\" \/>\n\t<meta property=\"og:image:width\" content=\"250\" \/>\n\t<meta property=\"og:image:height\" content=\"250\" \/>\n\t<meta property=\"og:image:type\" content=\"image\/jpeg\" \/>\n<meta name=\"twitter:card\" content=\"summary_large_image\" \/>\n<meta name=\"twitter:label1\" content=\"Gesch\u00e4tzte Lesezeit\" \/>\n\t<meta name=\"twitter:data1\" content=\"17\u00a0Minuten\" \/>\n<script type=\"application\/ld+json\" class=\"yoast-schema-graph\">{\"@context\":\"https:\/\/schema.org\",\"@graph\":[{\"@type\":\"WebPage\",\"@id\":\"https:\/\/www.humanium.org\/de\/kuba\/\",\"url\":\"https:\/\/www.humanium.org\/de\/kuba\/\",\"name\":\"Die Kinder in Kuba - Humanium\",\"isPartOf\":{\"@id\":\"https:\/\/www.humanium.org\/de\/#website\"},\"primaryImageOfPage\":{\"@id\":\"https:\/\/www.humanium.org\/de\/kuba\/#primaryimage\"},\"image\":{\"@id\":\"https:\/\/www.humanium.org\/de\/kuba\/#primaryimage\"},\"thumbnailUrl\":\"https:\/\/www.humanium.org\/de\/wp-content\/uploads\/2022\/09\/Shutterstock_1560055994.jpg\",\"datePublished\":\"2016-03-14T01:53:54+00:00\",\"dateModified\":\"2025-12-05T16:47:40+00:00\",\"description\":\"Trotz dieser Erfolge gibt es noch Raum f\u00fcr Verbesserungen, besonders in Bezug auf das niedrige Strafm\u00fcndigkeitsalter des Landes.\",\"breadcrumb\":{\"@id\":\"https:\/\/www.humanium.org\/de\/kuba\/#breadcrumb\"},\"inLanguage\":\"de\",\"potentialAction\":[{\"@type\":\"ReadAction\",\"target\":[\"https:\/\/www.humanium.org\/de\/kuba\/\"]}]},{\"@type\":\"ImageObject\",\"inLanguage\":\"de\",\"@id\":\"https:\/\/www.humanium.org\/de\/kuba\/#primaryimage\",\"url\":\"https:\/\/www.humanium.org\/de\/wp-content\/uploads\/2022\/09\/Shutterstock_1560055994.jpg\",\"contentUrl\":\"https:\/\/www.humanium.org\/de\/wp-content\/uploads\/2022\/09\/Shutterstock_1560055994.jpg\",\"width\":250,\"height\":250},{\"@type\":\"BreadcrumbList\",\"@id\":\"https:\/\/www.humanium.org\/de\/kuba\/#breadcrumb\",\"itemListElement\":[{\"@type\":\"ListItem\",\"position\":1,\"name\":\"Home\",\"item\":\"https:\/\/www.humanium.org\/de\/\"},{\"@type\":\"ListItem\",\"position\":2,\"name\":\"Die Kinder in Kuba\"}]},{\"@type\":\"WebSite\",\"@id\":\"https:\/\/www.humanium.org\/de\/#website\",\"url\":\"https:\/\/www.humanium.org\/de\/\",\"name\":\"Humanium\",\"description\":\"Kinder zuerst!\",\"potentialAction\":[{\"@type\":\"SearchAction\",\"target\":{\"@type\":\"EntryPoint\",\"urlTemplate\":\"https:\/\/www.humanium.org\/de\/?s={search_term_string}\"},\"query-input\":{\"@type\":\"PropertyValueSpecification\",\"valueRequired\":true,\"valueName\":\"search_term_string\"}}],\"inLanguage\":\"de\"}]}<\/script>\n<!-- \/ Yoast SEO plugin. -->","yoast_head_json":{"title":"Die Kinder in Kuba - Humanium","description":"Trotz dieser Erfolge gibt es noch Raum f\u00fcr Verbesserungen, besonders in Bezug auf das niedrige Strafm\u00fcndigkeitsalter des Landes.","robots":{"index":"index","follow":"follow","max-snippet":"max-snippet:-1","max-image-preview":"max-image-preview:large","max-video-preview":"max-video-preview:-1"},"canonical":"https:\/\/www.humanium.org\/de\/kuba\/","og_locale":"de_DE","og_type":"article","og_title":"Die Kinder in Kuba - Humanium","og_description":"Trotz dieser Erfolge gibt es noch Raum f\u00fcr Verbesserungen, besonders in Bezug auf das niedrige Strafm\u00fcndigkeitsalter des Landes.","og_url":"https:\/\/www.humanium.org\/de\/kuba\/","og_site_name":"Humanium","article_modified_time":"2025-12-05T16:47:40+00:00","og_image":[{"width":250,"height":250,"url":"https:\/\/www.humanium.org\/de\/wp-content\/uploads\/2022\/09\/Shutterstock_1560055994.jpg","type":"image\/jpeg"}],"twitter_card":"summary_large_image","twitter_misc":{"Gesch\u00e4tzte Lesezeit":"17\u00a0Minuten"},"schema":{"@context":"https:\/\/schema.org","@graph":[{"@type":"WebPage","@id":"https:\/\/www.humanium.org\/de\/kuba\/","url":"https:\/\/www.humanium.org\/de\/kuba\/","name":"Die Kinder in Kuba - Humanium","isPartOf":{"@id":"https:\/\/www.humanium.org\/de\/#website"},"primaryImageOfPage":{"@id":"https:\/\/www.humanium.org\/de\/kuba\/#primaryimage"},"image":{"@id":"https:\/\/www.humanium.org\/de\/kuba\/#primaryimage"},"thumbnailUrl":"https:\/\/www.humanium.org\/de\/wp-content\/uploads\/2022\/09\/Shutterstock_1560055994.jpg","datePublished":"2016-03-14T01:53:54+00:00","dateModified":"2025-12-05T16:47:40+00:00","description":"Trotz dieser Erfolge gibt es noch Raum f\u00fcr Verbesserungen, besonders in Bezug auf das niedrige Strafm\u00fcndigkeitsalter des Landes.","breadcrumb":{"@id":"https:\/\/www.humanium.org\/de\/kuba\/#breadcrumb"},"inLanguage":"de","potentialAction":[{"@type":"ReadAction","target":["https:\/\/www.humanium.org\/de\/kuba\/"]}]},{"@type":"ImageObject","inLanguage":"de","@id":"https:\/\/www.humanium.org\/de\/kuba\/#primaryimage","url":"https:\/\/www.humanium.org\/de\/wp-content\/uploads\/2022\/09\/Shutterstock_1560055994.jpg","contentUrl":"https:\/\/www.humanium.org\/de\/wp-content\/uploads\/2022\/09\/Shutterstock_1560055994.jpg","width":250,"height":250},{"@type":"BreadcrumbList","@id":"https:\/\/www.humanium.org\/de\/kuba\/#breadcrumb","itemListElement":[{"@type":"ListItem","position":1,"name":"Home","item":"https:\/\/www.humanium.org\/de\/"},{"@type":"ListItem","position":2,"name":"Die Kinder in Kuba"}]},{"@type":"WebSite","@id":"https:\/\/www.humanium.org\/de\/#website","url":"https:\/\/www.humanium.org\/de\/","name":"Humanium","description":"Kinder zuerst!","potentialAction":[{"@type":"SearchAction","target":{"@type":"EntryPoint","urlTemplate":"https:\/\/www.humanium.org\/de\/?s={search_term_string}"},"query-input":{"@type":"PropertyValueSpecification","valueRequired":true,"valueName":"search_term_string"}}],"inLanguage":"de"}]}},"_links":{"self":[{"href":"https:\/\/www.humanium.org\/de\/wp-json\/wp\/v2\/pages\/7607","targetHints":{"allow":["GET"]}}],"collection":[{"href":"https:\/\/www.humanium.org\/de\/wp-json\/wp\/v2\/pages"}],"about":[{"href":"https:\/\/www.humanium.org\/de\/wp-json\/wp\/v2\/types\/page"}],"author":[{"embeddable":true,"href":"https:\/\/www.humanium.org\/de\/wp-json\/wp\/v2\/users\/1"}],"replies":[{"embeddable":true,"href":"https:\/\/www.humanium.org\/de\/wp-json\/wp\/v2\/comments?post=7607"}],"version-history":[{"count":10,"href":"https:\/\/www.humanium.org\/de\/wp-json\/wp\/v2\/pages\/7607\/revisions"}],"predecessor-version":[{"id":20087,"href":"https:\/\/www.humanium.org\/de\/wp-json\/wp\/v2\/pages\/7607\/revisions\/20087"}],"wp:attachment":[{"href":"https:\/\/www.humanium.org\/de\/wp-json\/wp\/v2\/media?parent=7607"}],"curies":[{"name":"wp","href":"https:\/\/api.w.org\/{rel}","templated":true}]}}