{"id":1325,"date":"2013-05-16T20:11:11","date_gmt":"2013-05-16T20:11:11","guid":{"rendered":"http:\/\/www.humanium.org\/es\/?page_id=1325"},"modified":"2025-12-05T18:01:52","modified_gmt":"2025-12-05T18:01:52","slug":"malta","status":"publish","type":"page","link":"https:\/\/www.humanium.org\/es\/malta\/","title":{"rendered":"Ni\u00f1os de Malta"},"content":{"rendered":"<h1>Los ni\u00f1os de Malta<\/h1>\n<h2>Descubriendo los Derechos del ni\u00f1o en Malta<\/h2>\n<p style=\"text-align: center;\"><img loading=\"lazy\" decoding=\"async\" class=\"alignnone wp-image-27202\" title=\"ni\u00f1a de Malta \u00a9 Bethune Carmichael\" src=\"https:\/\/www.humanium.org\/fr\/wp-content\/uploads\/2013\/02\/0-fillette-Bethune-Carmichael-getty-image.jpg\" alt=\"\" width=\"138\" height=\"214\" \/>\u00a0<a href=\"https:\/\/www.humanium.org\/fr\/wp-content\/uploads\/2012\/11\/Helena-Jinx-boy2.jpg\"><img loading=\"lazy\" decoding=\"async\" class=\"alignnone wp-image-27203\" title=\"ni\u00f1o de Malta \u00a9 Tricia Schumacher\" src=\"https:\/\/www.humanium.org\/fr\/wp-content\/uploads\/2013\/02\/0-garcon-Tricia-Schumacher-getty-image.jpg\" alt=\"\" width=\"171\" height=\"214\" \/><\/a><\/p>\n<p>La situaci\u00f3n de los ni\u00f1os en Malta es relativamente buena. Aunque hay algunos problemas importantes, los derechos de los ni\u00f1os son generalmente respetados. Sin embargo, deben realizarse m\u00e1s esfuerzos en relaci\u00f3n con el abuso y el trato a los inmigrantes.<\/p>\n<h3>Principales problemas que afectan a los ni\u00f1os en Malta:<\/h3>\n<p><a href=\"https:\/\/www.humanium.org\/es\/derecho-proteccion\/\"><strong>Los ni\u00f1os y la protecci\u00f3n legal <\/strong><\/a><\/p>\n<p><a href=\"https:\/\/www.humanium.org\/fr\/wp-content\/uploads\/2013\/02\/1-conflit-armes-Peter-Grima-Flickr.jpg\"><img loading=\"lazy\" decoding=\"async\" class=\"size-full wp-image-27842 alignright\" title=\"Nada en la legislaci\u00f3n del pa\u00eds proh\u00edbe espec\u00edficamente el reclutamiento obligatorio de menores de edad \u00a9 Peter Grima \" src=\"https:\/\/www.humanium.org\/fr\/wp-content\/uploads\/2013\/02\/1-conflit-armes-Peter-Grima-Flickr.jpg\" alt=\"\" width=\"245\" height=\"214\" \/><\/a><br \/>\nMalta ha firmado la mayor\u00eda de los tratados internacionales, incluyendo la Convenci\u00f3n de los Derechos de los Ni\u00f1os y sus dos Protocolos Opcionales. Sin embargo, no todos los instrumentos del tratado se han incorporado en la legislaci\u00f3n dom\u00e9stica lo que impide su correcta aplicaci\u00f3n. Por tanto, los derechos de los ni\u00f1os no est\u00e1n totalmente protegidos por las leyes de Malta.<\/p>\n<p>Aunque Malta ha firmado el Protocolo Opcional sobre la Intervenci\u00f3n de los Ni\u00f1os en Conflictos Armados, la legislaci\u00f3n local no proh\u00edbe espec\u00edficamente el reclutamiento forzoso de menores.<\/p>\n<p>La legislaci\u00f3n maltesa no recoge la persecuci\u00f3n de extranjeros culpables de la implicaci\u00f3n de ni\u00f1os menores de 15 a\u00f1os en conflictos armados, aunque esto es un crimen de guerra bajo la legislaci\u00f3n internacional. Estos criminales, por lo tanto, pueden residir en Malta sin ser perseguidos.<\/p>\n<p><a href=\"https:\/\/www.humanium.org\/es\/ninos-desplazados\/\"><strong>Ni\u00f1os desplazados<\/strong><\/a><\/p>\n<p><a href=\"https:\/\/www.humanium.org\/fr\/wp-content\/uploads\/2013\/02\/2-detention-migrany-Timmy-Gambin-getty-image.jpg\"><img loading=\"lazy\" decoding=\"async\" class=\"size-full wp-image-27843 alignright\" title=\"Algunos menores migrantes no acompa\u00f1ados que se llevan a cabo en condiciones inadecuadas \u00a9 Timmy Gambin\" src=\"https:\/\/www.humanium.org\/fr\/wp-content\/uploads\/2013\/02\/2-detention-migrany-Timmy-Gambin-getty-image.jpg\" alt=\"\" width=\"300\" height=\"194\" \/><\/a><br \/>\nEn principio, la detenci\u00f3n de ni\u00f1os est\u00e1 prohibida bajo la legislaci\u00f3n maltesa e internacional. Sin embargo, los hijos de inmigrantes y personas en busca de asilo y sus familias son ubicados en \u201ccentros abiertos\u201d donde tienen una mayor libertad de movimiento que en un centro tradicional de detenci\u00f3n.<\/p>\n<p>Aun as\u00ed, hay un problema: la mayor\u00eda de los ni\u00f1os abandonados, incluyendo adolescentes de pa\u00edses afectados por conflictos armados, se alojan con adultos mientras dura el procedimiento para determinar su edad. Este suele ser un per\u00edodo largo de hasta cinco a\u00f1os. Durante este tiempo, estos ni\u00f1os est\u00e1n en riesgo de sufrir <a href=\"https:\/\/www.humanium.org\/es\/abuso-infantil\/\"> violencia <\/a>y explotaci\u00f3n.<\/p>\n<p>Adem\u00e1s, muchos j\u00f3venes inmigrantes no declaran su situaci\u00f3n como menores, bien por miedo o por falta de informaci\u00f3n sobre los derechos que tienen por este motivo.<\/p>\n<p><a href=\"https:\/\/www.humanium.org\/es\/ninos-sistema-judicial\/\"><strong>La justicia con los ni\u00f1os<\/strong><\/a><\/p>\n<p><img loading=\"lazy\" decoding=\"async\" class=\"size-full wp-image-27836 alignright\" title=\"Algunos ni\u00f1os son juzgados con excesiva dureza menor de edad \u00a9 Mark Horn \" src=\"https:\/\/www.humanium.org\/fr\/wp-content\/uploads\/2013\/02\/3-Justice-limite-basse-Mark-Horn-Getty-image.jpg\" alt=\"\" width=\"173\" height=\"214\" \/><br \/>\nLa responsabilidad penal est\u00e1 fijada en los 9 a\u00f1os, muy por debajo de los 15 a\u00f1os recomendados por la legislaci\u00f3n internacional. Esto puede provocar que algunos ni\u00f1os sean juzgados con severidad aunque no sean totalmente conscientes de sus acciones y de las consecuencias que se pueden derivar.<\/p>\n<p>Adem\u00e1s, el sistema judicial juvenil no se aplica a los j\u00f3venes entre 16 y 18 a\u00f1os, que son juzgados como adultos.<\/p>\n<p>Finalmente, los cr\u00edmenes relacionados con abusos <a href=\"https:\/\/www.humanium.org\/es\/explotacion-sexual-infantil\/\">sexuales<\/a> a ni\u00f1os s\u00f3lo son seguidos durante los 10 a\u00f1os posteriores a su perpetuaci\u00f3n; los agresores no pueden ser imputados si la v\u00edctima no informa del crimen durante este periodo. Esto debilita el efecto disuasorio del castigo y priva a las v\u00edctimas de su reparaci\u00f3n porque, por _miedo o su corta edad, no se atreven a denunciar.<\/p>\n<p><a href=\"https:\/\/www.humanium.org\/es\/derecho-identidad\/\"><strong>Derecho a la Identidad<br \/>\n<\/strong><\/a><br \/>\nEl C\u00f3digo Civil de Malta distingue entre ni\u00f1os \u00ab leg\u00edtimos \u00bb e \u00ab ileg\u00edtimos \u00bb. De esta forma, los ni\u00f1os nacidos fuera del matrimonio de padres malteses y madres extranjeras tienen grandes dificultades para obtener la ciudadan\u00eda maltesa, especialmente si sus padres no viven juntos.<\/p>\n<p><a href=\"https:\/\/www.humanium.org\/es\/abuso-infantil\/\"><strong>Abuso Infantil<\/strong><\/a><\/p>\n<p><a href=\"https:\/\/www.humanium.org\/fr\/wp-content\/uploads\/2013\/02\/5-maltraitance-Compton-Wright-flickr.jpg\"><img loading=\"lazy\" decoding=\"async\" class=\"size-full wp-image-27839 alignright\" title=\"La informaci\u00f3n que falta no protege adecuadamente a los ni\u00f1os del abuso \u00a9 Compton &amp; Wright \" src=\"https:\/\/www.humanium.org\/fr\/wp-content\/uploads\/2013\/02\/5-maltraitance-Compton-Wright-flickr.jpg\" alt=\"\" width=\"300\" height=\"211\" \/><\/a><br \/>\nA pesar de algunas medidas que el gobierno ha tomado sobre este tema, la informaci\u00f3n disponible sobre el abuso infantil y la <a href=\"https:\/\/www.humanium.org\/es\/explotacion-sexual-infantil\/\">explotaci\u00f3n sexual <\/a> de los ni\u00f1os todav\u00eda es muy limitada.<\/p>\n<p>Esto impide que el gobierno pueda proteger adecuadamente a los ni\u00f1os de los abusos, especiamente porque falta conciencia en la sociedad sobre sus consecuencias (incluyendo el <a href=\"https:\/\/www.humanium.org\/es\/explotacion-sexual-infantil\/\">abuso sexual<\/a>).<\/p>\n<p>Adem\u00e1s, la ley no proh\u00edbe totalmente el castigo corporal. El \u00abcastigo razonable \u00bb todav\u00eda est\u00e1 permitido en el hogar, en los colegios y en los centros de detenci\u00f3n.<\/p>\n<p><a href=\"https:\/\/www.humanium.org\/es\/trabajo-infantil\/\"><strong>Trabajo infantil<\/strong><\/a><\/p>\n<p>En Malta, el <a href=\"https:\/\/www.humanium.org\/es\/trabajo-infantil\/\">empleo de ni\u00f1os <\/a> menores de 15 a\u00f1os est\u00e1 prohibido por ley. Sin embargo, el control del gobierno es insuficiente. Adem\u00e1s, hay informes que indican que muchos ni\u00f1os son empleados antes de cumplir los 15 a\u00f1os en negocios familiares y actividades relacionadas con turismo (ayudantes de cocina, vendedores,\u2026). Afortunadamente, este trabajo no es perjudicial para su <a href=\"https:\/\/www.humanium.org\/es\/derecho-salud\/\">salud<\/a>y se realiza durante las vacaciones de verano.<\/p>\n<p><a href=\"https:\/\/www.humanium.org\/es\/derecho-salud\/\"><strong>El derecho a la salud<\/strong><\/a><\/p>\n<p>El acceso a la <a href=\"https:\/\/www.humanium.org\/es\/derecho-educacion\/\">educaci\u00f3n<\/a> y a los servicios de asesoramiento en anticoncepci\u00f3n para adolescentes es insuficiente y el n\u00famero de embarazos entre chicas menores es bastante alto (20 embarazos por cada 1.000 chicas de entre 15 y 19 a\u00f1os). Esto es especialmente preocupante si consideramos que el aborto es ilegal en cualquier circunstancia, incluso por razones m\u00e9dicas (riesgo de salud para la madre) o en casos de violaci\u00f3n. Los embarazos tempranos afectan la <a href=\"https:\/\/www.humanium.org\/es\/derecho-salud\/\"> salud <\/a>y especialmente a la <a href=\"https:\/\/www.humanium.org\/es\/derecho-educacion\/\">\u00e9ducation<\/a> de las chicas, quienes, como consecuencia, dejan la escuela.<\/p>\n<p><a href=\"https:\/\/www.humanium.org\/fr\/wp-content\/uploads\/2013\/02\/6-ado-seul-Sahxic-twitter-flickr.jpg\"><img loading=\"lazy\" decoding=\"async\" class=\"size-full wp-image-27840 alignright\" title=\"El Comit\u00e9 de los Derechos del Ni\u00f1o expres\u00f3 su preocupaci\u00f3n acerca de la salud mental, el sobrepeso y el consumo regular de alcohol de los adolescentes \u00a9 Sahxic twitter traitance \u00a9 Compton &amp; Wright \" src=\"https:\/\/www.humanium.org\/fr\/wp-content\/uploads\/2013\/02\/6-ado-seul-Sahxic-twitter-flickr.jpg\" alt=\"\" width=\"300\" height=\"204\" \/><\/a>Adem\u00e1s, el Comit\u00e9 de Derechos de la Infancia_ expres\u00f3 su preocupaci\u00f3n sobre la salud mental, el exceso de peso y el consumo regular de alcohol entre los adolescentes. Las pol\u00edticas de salud y campa\u00f1as de informaci\u00f3n dirigidas a adolescentes no est\u00e1n adaptadas suficientemente a su edad.<\/p>\n<p><a href=\"https:\/\/www.humanium.org\/es\/no-discriminacion\/\"><strong>Discriminaci\u00f3n<\/strong><\/a><\/p>\n<p>A pesar de que existe una pol\u00edtica nacional de <a href=\"https:\/\/www.humanium.org\/es\/derecho-educacion\/\">educaci\u00f3n<\/a> especializada, los <a href=\"https:\/\/www.humanium.org\/es\/ninos-discapacitados\/\">ni\u00f1os con discapacidades <\/a> est\u00e1n marginados y, por lo tanto, tienen muy dif\u00edcil su integraci\u00f3n en la sociedad.<\/p>\n<p><strong>Medio ambiente <\/strong><\/p>\n<p>Con un ratio de emisi\u00f3n de 6 toneladas de CO2 por habitante, Malta est\u00e1 lejos de ser un pa\u00eds medioambientalmente limpio. El impacto de esto es directo y tiene un efecto negativo en las vidas de los ni\u00f1os y en su futuro. Por lo tanto, el derecho de los ni\u00f1os a vivir y crecer en un entorno saludable no es respetado.<\/p>\n","protected":false},"excerpt":{"rendered":"<p>Los ni\u00f1os de Malta Descubriendo los Derechos del ni\u00f1o en Malta \u00a0 La situaci\u00f3n de los ni\u00f1os en Malta es relativamente buena. Aunque hay algunos problemas importantes, los derechos de los ni\u00f1os son generalmente respetados. Sin embargo, deben realizarse m\u00e1s esfuerzos en relaci\u00f3n con el abuso y el trato a los inmigrantes. Principales problemas que [&hellip;]<\/p>\n","protected":false},"author":1,"featured_media":0,"parent":0,"menu_order":0,"comment_status":"closed","ping_status":"open","template":"","meta":{"footnotes":""},"class_list":["post-1325","page","type-page","status-publish","hentry"],"yoast_head":"<!-- This site is optimized with the Yoast SEO plugin v26.5 - https:\/\/yoast.com\/wordpress\/plugins\/seo\/ -->\n<title>Ni\u00f1os de Malta - Humanium<\/title>\n<meta name=\"description\" content=\"La situaci\u00f3n de los ni\u00f1os en Malta es relativamente buena. Sin embargo,deben realizarse m\u00e1s esfuerzos en relaci\u00f3n con el abuso y el trato a los inmigrantes.\" \/>\n<meta name=\"robots\" content=\"index, follow, max-snippet:-1, max-image-preview:large, max-video-preview:-1\" \/>\n<link rel=\"canonical\" href=\"https:\/\/www.humanium.org\/es\/malta\/\" \/>\n<meta property=\"og:locale\" content=\"es_ES\" \/>\n<meta property=\"og:type\" content=\"article\" \/>\n<meta property=\"og:title\" content=\"Ni\u00f1os de Malta - Humanium\" \/>\n<meta property=\"og:description\" content=\"La situaci\u00f3n de los ni\u00f1os en Malta es relativamente buena. Sin embargo,deben realizarse m\u00e1s esfuerzos en relaci\u00f3n con el abuso y el trato a los inmigrantes.\" \/>\n<meta property=\"og:url\" content=\"https:\/\/www.humanium.org\/es\/malta\/\" \/>\n<meta property=\"og:site_name\" content=\"Humanium\" \/>\n<meta property=\"article:modified_time\" content=\"2025-12-05T18:01:52+00:00\" \/>\n<meta name=\"twitter:card\" content=\"summary_large_image\" \/>\n<meta name=\"twitter:label1\" content=\"Tiempo de lectura\" \/>\n\t<meta name=\"twitter:data1\" content=\"6 minutos\" \/>\n<script type=\"application\/ld+json\" class=\"yoast-schema-graph\">{\"@context\":\"https:\/\/schema.org\",\"@graph\":[{\"@type\":\"WebPage\",\"@id\":\"https:\/\/www.humanium.org\/es\/malta\/\",\"url\":\"https:\/\/www.humanium.org\/es\/malta\/\",\"name\":\"Ni\u00f1os de Malta - Humanium\",\"isPartOf\":{\"@id\":\"https:\/\/www.humanium.org\/es\/#website\"},\"primaryImageOfPage\":{\"@id\":\"https:\/\/www.humanium.org\/es\/malta\/#primaryimage\"},\"image\":{\"@id\":\"https:\/\/www.humanium.org\/es\/malta\/#primaryimage\"},\"thumbnailUrl\":\"https:\/\/www.humanium.org\/fr\/wp-content\/uploads\/2013\/02\/0-fillette-Bethune-Carmichael-getty-image.jpg\",\"datePublished\":\"2013-05-16T20:11:11+00:00\",\"dateModified\":\"2025-12-05T18:01:52+00:00\",\"description\":\"La situaci\u00f3n de los ni\u00f1os en Malta es relativamente buena. Sin embargo,deben realizarse m\u00e1s esfuerzos en relaci\u00f3n con el abuso y el trato a los inmigrantes.\",\"breadcrumb\":{\"@id\":\"https:\/\/www.humanium.org\/es\/malta\/#breadcrumb\"},\"inLanguage\":\"es\",\"potentialAction\":[{\"@type\":\"ReadAction\",\"target\":[\"https:\/\/www.humanium.org\/es\/malta\/\"]}]},{\"@type\":\"ImageObject\",\"inLanguage\":\"es\",\"@id\":\"https:\/\/www.humanium.org\/es\/malta\/#primaryimage\",\"url\":\"https:\/\/www.humanium.org\/fr\/wp-content\/uploads\/2013\/02\/0-fillette-Bethune-Carmichael-getty-image.jpg\",\"contentUrl\":\"https:\/\/www.humanium.org\/fr\/wp-content\/uploads\/2013\/02\/0-fillette-Bethune-Carmichael-getty-image.jpg\"},{\"@type\":\"BreadcrumbList\",\"@id\":\"https:\/\/www.humanium.org\/es\/malta\/#breadcrumb\",\"itemListElement\":[{\"@type\":\"ListItem\",\"position\":1,\"name\":\"Home\",\"item\":\"https:\/\/www.humanium.org\/es\/\"},{\"@type\":\"ListItem\",\"position\":2,\"name\":\"Ni\u00f1os de Malta\"}]},{\"@type\":\"WebSite\",\"@id\":\"https:\/\/www.humanium.org\/es\/#website\",\"url\":\"https:\/\/www.humanium.org\/es\/\",\"name\":\"Humanium\",\"description\":\"\u00a1Los ni\u00f1os primero!\",\"potentialAction\":[{\"@type\":\"SearchAction\",\"target\":{\"@type\":\"EntryPoint\",\"urlTemplate\":\"https:\/\/www.humanium.org\/es\/?s={search_term_string}\"},\"query-input\":{\"@type\":\"PropertyValueSpecification\",\"valueRequired\":true,\"valueName\":\"search_term_string\"}}],\"inLanguage\":\"es\"}]}<\/script>\n<!-- \/ Yoast SEO plugin. -->","yoast_head_json":{"title":"Ni\u00f1os de Malta - Humanium","description":"La situaci\u00f3n de los ni\u00f1os en Malta es relativamente buena. Sin embargo,deben realizarse m\u00e1s esfuerzos en relaci\u00f3n con el abuso y el trato a los inmigrantes.","robots":{"index":"index","follow":"follow","max-snippet":"max-snippet:-1","max-image-preview":"max-image-preview:large","max-video-preview":"max-video-preview:-1"},"canonical":"https:\/\/www.humanium.org\/es\/malta\/","og_locale":"es_ES","og_type":"article","og_title":"Ni\u00f1os de Malta - Humanium","og_description":"La situaci\u00f3n de los ni\u00f1os en Malta es relativamente buena. Sin embargo,deben realizarse m\u00e1s esfuerzos en relaci\u00f3n con el abuso y el trato a los inmigrantes.","og_url":"https:\/\/www.humanium.org\/es\/malta\/","og_site_name":"Humanium","article_modified_time":"2025-12-05T18:01:52+00:00","twitter_card":"summary_large_image","twitter_misc":{"Tiempo de lectura":"6 minutos"},"schema":{"@context":"https:\/\/schema.org","@graph":[{"@type":"WebPage","@id":"https:\/\/www.humanium.org\/es\/malta\/","url":"https:\/\/www.humanium.org\/es\/malta\/","name":"Ni\u00f1os de Malta - Humanium","isPartOf":{"@id":"https:\/\/www.humanium.org\/es\/#website"},"primaryImageOfPage":{"@id":"https:\/\/www.humanium.org\/es\/malta\/#primaryimage"},"image":{"@id":"https:\/\/www.humanium.org\/es\/malta\/#primaryimage"},"thumbnailUrl":"https:\/\/www.humanium.org\/fr\/wp-content\/uploads\/2013\/02\/0-fillette-Bethune-Carmichael-getty-image.jpg","datePublished":"2013-05-16T20:11:11+00:00","dateModified":"2025-12-05T18:01:52+00:00","description":"La situaci\u00f3n de los ni\u00f1os en Malta es relativamente buena. Sin embargo,deben realizarse m\u00e1s esfuerzos en relaci\u00f3n con el abuso y el trato a los inmigrantes.","breadcrumb":{"@id":"https:\/\/www.humanium.org\/es\/malta\/#breadcrumb"},"inLanguage":"es","potentialAction":[{"@type":"ReadAction","target":["https:\/\/www.humanium.org\/es\/malta\/"]}]},{"@type":"ImageObject","inLanguage":"es","@id":"https:\/\/www.humanium.org\/es\/malta\/#primaryimage","url":"https:\/\/www.humanium.org\/fr\/wp-content\/uploads\/2013\/02\/0-fillette-Bethune-Carmichael-getty-image.jpg","contentUrl":"https:\/\/www.humanium.org\/fr\/wp-content\/uploads\/2013\/02\/0-fillette-Bethune-Carmichael-getty-image.jpg"},{"@type":"BreadcrumbList","@id":"https:\/\/www.humanium.org\/es\/malta\/#breadcrumb","itemListElement":[{"@type":"ListItem","position":1,"name":"Home","item":"https:\/\/www.humanium.org\/es\/"},{"@type":"ListItem","position":2,"name":"Ni\u00f1os de Malta"}]},{"@type":"WebSite","@id":"https:\/\/www.humanium.org\/es\/#website","url":"https:\/\/www.humanium.org\/es\/","name":"Humanium","description":"\u00a1Los ni\u00f1os primero!","potentialAction":[{"@type":"SearchAction","target":{"@type":"EntryPoint","urlTemplate":"https:\/\/www.humanium.org\/es\/?s={search_term_string}"},"query-input":{"@type":"PropertyValueSpecification","valueRequired":true,"valueName":"search_term_string"}}],"inLanguage":"es"}]}},"_links":{"self":[{"href":"https:\/\/www.humanium.org\/es\/wp-json\/wp\/v2\/pages\/1325","targetHints":{"allow":["GET"]}}],"collection":[{"href":"https:\/\/www.humanium.org\/es\/wp-json\/wp\/v2\/pages"}],"about":[{"href":"https:\/\/www.humanium.org\/es\/wp-json\/wp\/v2\/types\/page"}],"author":[{"embeddable":true,"href":"https:\/\/www.humanium.org\/es\/wp-json\/wp\/v2\/users\/1"}],"replies":[{"embeddable":true,"href":"https:\/\/www.humanium.org\/es\/wp-json\/wp\/v2\/comments?post=1325"}],"version-history":[{"count":3,"href":"https:\/\/www.humanium.org\/es\/wp-json\/wp\/v2\/pages\/1325\/revisions"}],"predecessor-version":[{"id":20497,"href":"https:\/\/www.humanium.org\/es\/wp-json\/wp\/v2\/pages\/1325\/revisions\/20497"}],"wp:attachment":[{"href":"https:\/\/www.humanium.org\/es\/wp-json\/wp\/v2\/media?parent=1325"}],"curies":[{"name":"wp","href":"https:\/\/api.w.org\/{rel}","templated":true}]}}