{"id":1439,"date":"2016-01-21T09:12:11","date_gmt":"2016-01-21T09:12:11","guid":{"rendered":"http:\/\/www.humanium.org\/es\/?page_id=1439"},"modified":"2025-12-06T16:31:37","modified_gmt":"2025-12-06T16:31:37","slug":"jamaica","status":"publish","type":"page","link":"https:\/\/www.humanium.org\/es\/jamaica\/","title":{"rendered":"Ni\u00f1os de Jamaica"},"content":{"rendered":"\n<h2 class=\"wp-block-heading\">Descubriendo los Derechos del Ni\u00f1o en Jamaica<\/h2>\n\n\n\n<div class=\"wp-block-columns is-layout-flex wp-container-core-columns-is-layout-9d6595d7 wp-block-columns-is-layout-flex\">\n<div class=\"wp-block-column is-layout-flow wp-block-column-is-layout-flow\"><div class=\"wp-block-image is-style-rounded\">\n<figure class=\"aligncenter size-full is-resized\"><img loading=\"lazy\" decoding=\"async\" width=\"400\" height=\"400\" src=\"https:\/\/www.humanium.org\/es\/wp-content\/uploads\/2023\/08\/Shutterstock_178000166.jpg\" alt=\"\" class=\"wp-image-18039\" style=\"width:200px;height:200px\" srcset=\"https:\/\/www.humanium.org\/es\/wp-content\/uploads\/2023\/08\/Shutterstock_178000166.jpg 400w, https:\/\/www.humanium.org\/es\/wp-content\/uploads\/2023\/08\/Shutterstock_178000166-300x300.jpg 300w, https:\/\/www.humanium.org\/es\/wp-content\/uploads\/2023\/08\/Shutterstock_178000166-150x150.jpg 150w, https:\/\/www.humanium.org\/es\/wp-content\/uploads\/2023\/08\/Shutterstock_178000166-230x230.jpg 230w, https:\/\/www.humanium.org\/es\/wp-content\/uploads\/2023\/08\/Shutterstock_178000166-350x350.jpg 350w\" sizes=\"auto, (max-width: 400px) 100vw, 400px\" \/><\/figure>\n<\/div><\/div>\n\n\n\n<div class=\"wp-block-column is-layout-flow wp-block-column-is-layout-flow\"><div class=\"wp-block-image is-style-rounded\">\n<figure class=\"aligncenter size-full is-resized\"><img loading=\"lazy\" decoding=\"async\" width=\"400\" height=\"400\" src=\"https:\/\/www.humanium.org\/es\/wp-content\/uploads\/2023\/08\/Shutterstock_764522080.jpg\" alt=\"\" class=\"wp-image-18040\" style=\"width:200px;height:200px\" srcset=\"https:\/\/www.humanium.org\/es\/wp-content\/uploads\/2023\/08\/Shutterstock_764522080.jpg 400w, https:\/\/www.humanium.org\/es\/wp-content\/uploads\/2023\/08\/Shutterstock_764522080-300x300.jpg 300w, https:\/\/www.humanium.org\/es\/wp-content\/uploads\/2023\/08\/Shutterstock_764522080-150x150.jpg 150w, https:\/\/www.humanium.org\/es\/wp-content\/uploads\/2023\/08\/Shutterstock_764522080-230x230.jpg 230w, https:\/\/www.humanium.org\/es\/wp-content\/uploads\/2023\/08\/Shutterstock_764522080-350x350.jpg 350w\" sizes=\"auto, (max-width: 400px) 100vw, 400px\" \/><\/figure>\n<\/div><\/div>\n<\/div>\n\n\n\n<p><strong>Aunque el Gobierno de Jamaica ha intentado mejorar las condiciones de vida de los ciudadanos jamaicanos, a\u00fan se necesita mejorar la estructura sanitaria, el acceso a los centros educativos y la seguridad en general. Los <a href=\"https:\/\/www.humanium.org\/es\/derechos-ninos\/\">ni\u00f1os<\/a> de Jamaica se enfrentan a numerosos desaf\u00edos, como la <a href=\"https:\/\/www.humanium.org\/es\/enfoques-tematicos\/explotacion\/\">explotaci\u00f3n sexual<\/a>, la <a href=\"https:\/\/www.humanium.org\/es\/enfoques-tematicos\/pobreza\/\">pobreza<\/a>, el <a href=\"https:\/\/www.humanium.org\/en\/child-labour\/\">trabajo infantil<\/a> y el tr\u00e1fico de menores.<\/strong><\/p>\n\n\n\n<iframe src=\"https:\/\/www.google.com\/maps\/embed?pb=!1m18!1m12!1m3!1d1941536.6883572245!2d-78.59565084217334!3d18.114842686164874!2m3!1f0!2f0!3f0!3m2!1i1024!2i768!4f13.1!3m3!1m2!1s0x8eda2a1bc6cf719d%3A0x59a0d1c0b5120efa!2sJamaica!5e0!3m2!1sen!2sin!4v1693041078443!5m2!1sen!2sin\" width=\"600\" height=\"450\" style=\"border:0;\" allowfullscreen=\"\" loading=\"lazy\" referrerpolicy=\"no-referrer-when-downgrade\"><\/iframe>\n\n\n\n<div class=\"wp-block-columns is-layout-flex wp-container-core-columns-is-layout-9d6595d7 wp-block-columns-is-layout-flex\">\n<div class=\"wp-block-column is-layout-flow wp-block-column-is-layout-flow\">\n<p><strong>Poblaci\u00f3n:<\/strong>&nbsp;2,9 millones<br><strong>Pob. de 0 \u00e0 14 a\u00f1os:<\/strong>&nbsp;23 %<\/p>\n<\/div>\n\n\n\n<div class=\"wp-block-column is-layout-flow wp-block-column-is-layout-flow\">\n<p><strong>Esperanza de vida:<\/strong>&nbsp;75 a\u00f1os<br><strong>Mortalidad en menores de 5 a\u00f1os:<\/strong>&nbsp;13 \u2030<\/p>\n<\/div>\n<\/div>\n\n\n\n<h2 class=\"wp-block-heading\"><strong>Jamaica en un vistazo<\/strong><\/h2>\n\n\n\n<p>Jamaica es una isla que se sit\u00faa en el mar Caribe. Se encuentra a 145 km al sur de <a href=\"https:\/\/www.humanium.org\/es\/cuba\/\">Cuba<\/a> y a 161 km al sudoeste de <a href=\"https:\/\/www.humanium.org\/es\/haiti\/\">Hait\u00ed<\/a>. Es un pa\u00eds hermoso y posee cordilleras que se extienden de este a oeste con peque\u00f1os r\u00edos y arroyos que corren hacia el norte y el sur desde el centro monta\u00f1oso antes de desembocar en el mar Caribe a trav\u00e9s de tierras bajas y la llanura costera (la Embajada de Jamaica, n.d). A lo largo de la costa, se encuentran bah\u00edas rec\u00f3nditas, playas preciosas, puertos naturales y acantilados escarpados; adem\u00e1s, hacia el interior, este pa\u00eds es el hogar de varias cascadas pintorescas, aguas termales y cuevas de piedra caliza (la Embajada de Jamaica, n.d).<\/p>\n\n\n\n<p>La capital de Jamaica se llama Kingston y se encuentra en la costa, en la zona sudeste del pa\u00eds. Los <a href=\"https:\/\/www.humanium.org\/es\/enfoques-tematicos\/ambiente\/\">recursos naturales<\/a> m\u00e1s importantes son la piedra caliza, el yeso y la bauxita. Asimismo, su famosa biodiversidad permite la existencia de una gran variedad de avifauna y m\u00e1s de tres mil especies de plantas; de las que una cuarta parte no se encuentran en ninguna otra parte del mundo (la Embajada de Jamaica, n.d).<\/p>\n\n\n\n<p>El pasado sienta las bases sobre las que se construye un pa\u00eds. Por este motivo, para comprender su realidad sociocultural y econ\u00f3mica actual, es necesario recurrir a la historia. La historia de Jamaica est\u00e1 manchada por la colonizaci\u00f3n, Crist\u00f3bal Col\u00f3n lleg\u00f3 a la isla en 1494, sin embargo, a pesar de haberla bautizado como Santiago, el nombre originario de Jamaica, o Xaymaca, es el que sobrevivi\u00f3 finalmente (James A. Ferguson, n.d.).<\/p>\n\n\n\n<p>El pasado colonial de Jamaica se ve reflejado en la gran cantidad de top\u00f3nimos de origen <a href=\"https:\/\/www.humanium.org\/es\/espana\/\">espa\u00f1ol<\/a>, <a href=\"about:blank\">franc\u00e9s<\/a> e <a href=\"https:\/\/www.humanium.org\/es\/reino-unido\/\">ingl\u00e9s<\/a> que posee la isla. La mayor parte de su poblaci\u00f3n es de ascendencia <a href=\"https:\/\/www.humanium.org\/es\/africa\/\">africana<\/a> y antiguamente fueron esclavos tra\u00eddos a la isla por los colonizadores <a href=\"https:\/\/www.humanium.org\/es\/europa-caucaso\/\">europeos<\/a> (James A. Ferguson, n.d.).<\/p>\n\n\n\n<p>A pesar de que Jamaica declar\u00f3 su independencia del <a href=\"https:\/\/www.humanium.org\/es\/reino-unido\/\">Reino Unido<\/a> el 6 de agosto de 1962, sigue siendo miembro de la Mancomunidad de Naciones y a\u00fan se considera el monarca brit\u00e1nico a\u00fan es considerado Jefe de Estado en la Constituci\u00f3n (James A. Ferguson, n.d.). Jamaica es una monarqu\u00eda constitucional con un sistema parlamentario de gobierno y el primer ministro act\u00faa como jefe de Gobierno. <\/p>\n\n\n\n<p>El principal \u00f3rgano pol\u00edtico es el gabinete, compuesto por el primer ministro y al menos otros once ministros. El partido pol\u00edtico que gobierna selecciona al primer ministro de entre sus miembros parlamentarios. &nbsp; El monarca brit\u00e1nico, considerado el Jefe de Estado titular, sigue las recomendaciones del primer ministro a la hora de elegir un gobernador general de Jamaica, quien act\u00faa como una figura ceremonial (James A. Ferguson, n.d.).<\/p>\n\n\n\n<h2 class=\"wp-block-heading\"><strong>Situaci\u00f3n de los derechos del ni\u00f1o<\/strong> <strong><u><a href=\"#_ftn1\"><sup><strong><u><sup>[1]<\/sup><\/u><\/strong><\/sup><\/a><\/u><\/strong><\/h2>\n\n\n<div class=\"wp-block-image\">\n<figure class=\"alignleft size-large is-resized\"><img loading=\"lazy\" decoding=\"async\" width=\"1024\" height=\"680\" src=\"https:\/\/www.humanium.org\/es\/wp-content\/uploads\/2023\/08\/shutterstock_1400504210-1024x680.jpg\" alt=\"\" class=\"wp-image-18042\" style=\"width:354px;height:233px\" srcset=\"https:\/\/www.humanium.org\/es\/wp-content\/uploads\/2023\/08\/shutterstock_1400504210-1024x680.jpg 1024w, https:\/\/www.humanium.org\/es\/wp-content\/uploads\/2023\/08\/shutterstock_1400504210-300x199.jpg 300w, https:\/\/www.humanium.org\/es\/wp-content\/uploads\/2023\/08\/shutterstock_1400504210-768x510.jpg 768w, https:\/\/www.humanium.org\/es\/wp-content\/uploads\/2023\/08\/shutterstock_1400504210-1536x1020.jpg 1536w, https:\/\/www.humanium.org\/es\/wp-content\/uploads\/2023\/08\/shutterstock_1400504210-2048x1360.jpg 2048w, https:\/\/www.humanium.org\/es\/wp-content\/uploads\/2023\/08\/shutterstock_1400504210-830x551.jpg 830w, https:\/\/www.humanium.org\/es\/wp-content\/uploads\/2023\/08\/shutterstock_1400504210-230x153.jpg 230w, https:\/\/www.humanium.org\/es\/wp-content\/uploads\/2023\/08\/shutterstock_1400504210-350x232.jpg 350w, https:\/\/www.humanium.org\/es\/wp-content\/uploads\/2023\/08\/shutterstock_1400504210-480x319.jpg 480w, https:\/\/www.humanium.org\/es\/wp-content\/uploads\/2023\/08\/shutterstock_1400504210-272x182.jpg 272w\" sizes=\"auto, (max-width: 1024px) 100vw, 1024px\" \/><\/figure>\n<\/div>\n\n\n<p>A nivel internacional, Jamaica ratific\u00f3 la <a href=\"https:\/\/www.humanium.org\/es\/convencion-texto\/\">Convenci\u00f3n sobre los Derechos del Ni\u00f1o<\/a> (CDN), que es un tratado fundamental para proteger los derechos del ni\u00f1o en todos los aspectos de su vida. Adem\u00e1s, ratific\u00f3 el <a href=\"https:\/\/www.humanium.org\/es\/facultativo-conflictos-armados-2000\/\">Protocolo Facultativo de la Convenci\u00f3n sobre los Derechos del Ni\u00f1o, relativo a la participaci\u00f3n de los ni\u00f1os en los conflictos armados <\/a>&nbsp;en 2002 (CRC-OP-AC, por sus siglas en ingl\u00e9s) y el <a href=\"https:\/\/www.humanium.org\/es\/facultativo-venta-prostitucion-pornografia\/\">Protocolo Facultativo de la Convenci\u00f3n los Derechos del Ni\u00f1o, relativo a la venta de ni\u00f1os, la prostituci\u00f3n infantil y a la utilizaci\u00f3n de ni\u00f1os en la pornograf\u00eda<\/a> en 2011.<\/p>\n\n\n\n<p>En lo que se refiere a otros tratados internacionales, Jamaica ratific\u00f3 la&nbsp;Convenci\u00f3n sobre la Eliminaci\u00f3n de todas las Formas de Discriminaci\u00f3n contra la Mujer, conocida por sus siglas en ingl\u00e9s como CEDAW, en 1984; la Convenci\u00f3n Internacional sobre los Derechos de las Personas con Discapacidad&nbsp;(CDPD) en 2007 y la Convenci\u00f3n internacional sobre la protecci\u00f3n de los derechos de todos los trabajadores migratorios y de sus familiares en 2008.<\/p>\n\n\n\n<h2 class=\"wp-block-heading\"><strong>Abordar las necesidades de los ni\u00f1os<\/strong><\/h2>\n\n\n\n<h3 class=\"wp-block-heading\"><strong>Derecho a la educaci\u00f3n<\/strong><\/h3>\n\n\n\n<p>Aunque Jamaica ha realizado una serie de esfuerzos para promover el acceso, la calidad y la equidad en materia de <a href=\"https:\/\/www.humanium.org\/es\/derecho-educacion\/#:~:text=El%20derecho%20a%20la%20educaci%C3%B3n,cultural%20de%20todas%20las%20sociedades.\">educaci\u00f3n<\/a>, a\u00fan quedan varios problemas por solucionar (Unicef, n.d.). La mayor\u00eda de los <a href=\"https:\/\/www.humanium.org\/es\/derechos-ninos\/\">ni\u00f1os<\/a> tienen acceso a la educaci\u00f3n p\u00fablica, pero las consecuencias de la pobreza influyen en el ausentismo, un mal rendimiento generalizado y, en algunos casos, el fracaso escolar (Unicef, n.d.). <\/p>\n\n\n<div class=\"wp-block-image\">\n<figure class=\"alignright size-large is-resized\"><img loading=\"lazy\" decoding=\"async\" width=\"1024\" height=\"685\" src=\"https:\/\/www.humanium.org\/es\/wp-content\/uploads\/2023\/08\/shutterstock_764522395-1024x685.jpg\" alt=\"\" class=\"wp-image-18043\" style=\"width:307px;height:205px\" srcset=\"https:\/\/www.humanium.org\/es\/wp-content\/uploads\/2023\/08\/shutterstock_764522395-1024x685.jpg 1024w, https:\/\/www.humanium.org\/es\/wp-content\/uploads\/2023\/08\/shutterstock_764522395-300x201.jpg 300w, https:\/\/www.humanium.org\/es\/wp-content\/uploads\/2023\/08\/shutterstock_764522395-768x514.jpg 768w, https:\/\/www.humanium.org\/es\/wp-content\/uploads\/2023\/08\/shutterstock_764522395-1536x1028.jpg 1536w, https:\/\/www.humanium.org\/es\/wp-content\/uploads\/2023\/08\/shutterstock_764522395-2048x1371.jpg 2048w, https:\/\/www.humanium.org\/es\/wp-content\/uploads\/2023\/08\/shutterstock_764522395-830x556.jpg 830w, https:\/\/www.humanium.org\/es\/wp-content\/uploads\/2023\/08\/shutterstock_764522395-230x154.jpg 230w, https:\/\/www.humanium.org\/es\/wp-content\/uploads\/2023\/08\/shutterstock_764522395-350x234.jpg 350w, https:\/\/www.humanium.org\/es\/wp-content\/uploads\/2023\/08\/shutterstock_764522395-480x321.jpg 480w, https:\/\/www.humanium.org\/es\/wp-content\/uploads\/2023\/08\/shutterstock_764522395-272x182.jpg 272w\" sizes=\"auto, (max-width: 1024px) 100vw, 1024px\" \/><\/figure>\n<\/div>\n\n\n<p>Existe una clara diferencia entre las escuelas p\u00fablicas y las privadas; aquellos que asisten a las escuelas p\u00fablicas corren el riesgo de que abandonen su educaci\u00f3n y, as\u00ed, no adquieran el nivel de comprensi\u00f3n que se necesita para leer y escribir (Babb, 2018). Otro obst\u00e1culo en cuanto a la <a href=\"https:\/\/www.humanium.org\/es\/derecho-educacion\/\">educaci\u00f3n<\/a> y su acceso es la falta de seguridad vial. Los <a href=\"https:\/\/www.humanium.org\/es\/derechos-ninos\/\">ni\u00f1os<\/a> son los m\u00e1s vulnerables ante otros usuarios de la v\u00eda p\u00fablica y a menudo no pueden calcular la velocidad y la distancia de los veh\u00edculos mientras caminan hacia o desde la escuela (UNICEF, n.d).<\/p>\n\n\n\n<p>Lamentablemente, los accidentes y cuasi accidentes viales tienen un impacto directo sobre los ni\u00f1os jamaicanos, lo que impide su acceso a la educaci\u00f3n (UNICEF, n.d). En 2021, se registraron 483 v\u00edctimas fatales de accidentes de tr\u00e1nsito, 69% de las cuales pertenecen a los grupos m\u00e1s vulnerables de los usuarios de la v\u00eda p\u00fablica: peatones, motociclistas y ni\u00f1os (UNICEF, n.d). De este n\u00famero de v\u00edctimas, 25 fueron <a href=\"https:\/\/www.humanium.org\/es\/derechos-ninos\/\">ni\u00f1os<\/a> (UNICEF, n.d).<\/p>\n\n\n\n<p><a href=\"https:\/\/www.humanium.org\/es\/humanium-participa-en-la-sesion-del-consejo-de-europa-sobre-covid-19-y-los-desafios-educativos\/\">La pandemia de Covid-19<\/a> tuvo un gran impacto en la <a href=\"https:\/\/www.humanium.org\/es\/derecho-educacion\/\">educaci\u00f3n<\/a> de los ni\u00f1os en todo el mundo como resultado del cierre de escuelas y la implementaci\u00f3n de la educaci\u00f3n en l\u00ednea. Sin embargo, mientras que algunos pa\u00edses ten\u00edan la infraestructura adecuada para garantizar una transici\u00f3n gradual, muchos pa\u00edses tuvieron que enfrentar cambios significativos con respecto a la <a href=\"https:\/\/www.humanium.org\/es\/derecho-educacion\/\">educaci\u00f3n<\/a>. <\/p>\n\n\n\n<p>En el informe realizado por el Banco Mundial y UNICEF, en colaboraci\u00f3n con la Unesco, se estima que cuatro de cada cinco estudiantes de sexto grado en Am\u00e9rica y el Caribe carecer\u00e1 de los conocimientos b\u00e1sicos de comprensi\u00f3n y aptitud lectora (Banco Mundial-UNICEF, 2022). Si bien antes de la pandemia ya exist\u00eda una crisis educativa, se ha producido un aumento significativo; esto sugiere que el cierre de las escuelas durante dos a\u00f1os probablemente haya retrasado los resultados de aprendizaje por m\u00e1s de una d\u00e9cada (World Bank-UNICEF, 2022).<\/p>\n\n\n\n<p>\u201cLa probabilidad de que la gran mayor\u00eda de los ni\u00f1os de sexto grado no tengan la capacidad de comprender lo que leen pone en peligro el bienestar futuro de millones de ni\u00f1os que no han desarrollado habilidades b\u00e1sicas fundamentales, lo que aumenta el riesgo de profundizar las ya arraigadas desigualdades en la regi\u00f3n\u201d, afirma Carlos Felipe Jaramillo, vicepresidente del Banco Mundial en Am\u00e9rica Latina y el Caribe (Banco Mundial-UNICEF, 2022).<\/p>\n\n\n\n<h3 class=\"wp-block-heading\"><strong>Derecho a la salud<\/strong><\/h3>\n\n\n\n<p>Si bien los ni\u00f1os de Jamaica cuentan con una asistencia sanitaria universal, \u00e9sta se ve gravemente comprometida como resultado de graves desigualdades muy arraigadas en cuanto a los ingresos que, en consecuencia, crean vulnerabilidades para los <a href=\"https:\/\/www.humanium.org\/es\/derechos-ninos\/\">ni\u00f1os<\/a>, sobre todo para los que viven en \u00e1reas rurales y zonas urbanas m\u00e1s desfavorecidas (UNICEF, n.d.).&nbsp;<\/p>\n\n\n\n<p>La leche materna contiene toda la energ\u00eda y los nutrientes que un beb\u00e9 necesita durante sus primeros meses de vida y la lactancia es una de las formas m\u00e1s eficaces para garantizar la <a href=\"https:\/\/www.humanium.org\/es\/derecho-salud\/\">salud<\/a> y la supervivencia de los ni\u00f1os (WHO, n.d.). <\/p>\n\n\n\n<p>Lamentablemente, esto no siempre sucede durante la <a href=\"https:\/\/www.humanium.org\/es\/derecho-vida\/\">vida<\/a> de los <a href=\"https:\/\/www.humanium.org\/es\/derechos-ninos\/\">ni\u00f1os<\/a> nacidos en Jamaica y la mayor\u00eda de ellos no se desarrollan adecuadamente a trav\u00e9s de la lactancia debido a que, en promedio, sus madres solo dan de amamantar a sus hijos durante tres semanas (UNICEF, n.d.). A medida que los ni\u00f1os crecen, deben enfrentar varias dificultades sanitarias, de las cuales las m\u00e1s graves son el VIH-Sida, la obesidad y los trastornos de salud mental (UNICEF, n.d.).<\/p>\n\n\n\n<p>En 2018, los investigadores indicaron un aumento de insatisfacci\u00f3n laboral entre los profesionales de la salud en Jamaica como resultado de la eliminaci\u00f3n de los cargos por los servicios de salud, lo que increment\u00f3 la carga laboral y, como consecuencia, empeor\u00f3 el estado f\u00edsico y emocional de los trabajadores (Adella Campbell, 2019). Esta situaci\u00f3n tambi\u00e9n provoc\u00f3 una falta de recursos, equipamiento m\u00e9dico, personal de la salud y, tambi\u00e9n, apoyo administrativo (Adella Campbell, 2019).<\/p>\n\n\n\n<p>Sin embargo, Jamaica busca mejorar la calidad de sus instalaciones de atenci\u00f3n m\u00e9dica. En 2019, el Ministerio de Salud y Bienestar anunci\u00f3 que, durante los pr\u00f3ximos cinco a\u00f1os, el pa\u00eds mejorar\u00eda las instalaciones <a href=\"https:\/\/www.humanium.org\/es\/enfoques-tematicos\/salud\/\">m\u00e9dicas<\/a> p\u00fablicas con un fondo de 200 millones de d\u00f3lares (Holenstein, 2020). Uno de los hospitales y centros de salud que se modernizar\u00e1n es el Cornwall Regional Hospital, lo que beneficiar\u00e1 a m\u00e1s de 400.000 residentes (Holenstein, 2020). Adem\u00e1s del mejoramiento de los centros y hospitales ya existentes, el ministerio planea construir un nuevo hospital para ni\u00f1os y adolescentes (Holenstein, 2020).<\/p>\n\n\n\n<h3 class=\"wp-block-heading\"><strong>Derecho a la protecci\u00f3n<\/strong><\/h3>\n\n\n\n<p>Alrededor del 80% de los ni\u00f1os en Jamaica sufren alg\u00fan tipo de violencia f\u00edsica o psicol\u00f3gica bajo el pretexto de disciplina (UNICEF, 2018). En 2015, la oficina de registro infantil (OCR) registr\u00f3 un promedio de 268 denuncias de abuso infantil cada semana y, en 2016, el Instituto&nbsp;de Planificaci\u00f3n de&nbsp;Jamaica (PIOJ por sus siglas en ingl\u00e9s) registr\u00f3 643 casos de ni\u00f1os v\u00edctimas de cr\u00edmenes graves y <a href=\"https:\/\/www.humanium.org\/es\/enfoques-tematicos\/violencia\/\">violentos<\/a> como tiroteos, robos, asesinatos y violaciones (UNICEF, 2018). Las escuelas, los hogares y las comunidades deber\u00edan crear un ambiente <a href=\"https:\/\/www.humanium.org\/es\/derecho-proteccion\/\">seguro<\/a> para proteger a los <a href=\"https:\/\/www.humanium.org\/es\/derechos-ninos\/\">ni\u00f1os<\/a>, pero, lamentablemente, el 80% de los ni\u00f1os sufren abusos en estos entornos de forma f\u00edsica, sexual o psicol\u00f3gica (UNICEF, 2018).<\/p>\n\n\n<div class=\"wp-block-image\">\n<figure class=\"alignleft size-large is-resized\"><img loading=\"lazy\" decoding=\"async\" width=\"1024\" height=\"683\" src=\"https:\/\/www.humanium.org\/es\/wp-content\/uploads\/2023\/08\/shutterstock_1643420575-1024x683.jpg\" alt=\"\" class=\"wp-image-18044\" style=\"width:344px;height:229px\" srcset=\"https:\/\/www.humanium.org\/es\/wp-content\/uploads\/2023\/08\/shutterstock_1643420575-1024x683.jpg 1024w, https:\/\/www.humanium.org\/es\/wp-content\/uploads\/2023\/08\/shutterstock_1643420575-300x200.jpg 300w, https:\/\/www.humanium.org\/es\/wp-content\/uploads\/2023\/08\/shutterstock_1643420575-768x512.jpg 768w, https:\/\/www.humanium.org\/es\/wp-content\/uploads\/2023\/08\/shutterstock_1643420575-1536x1024.jpg 1536w, https:\/\/www.humanium.org\/es\/wp-content\/uploads\/2023\/08\/shutterstock_1643420575-2048x1365.jpg 2048w, https:\/\/www.humanium.org\/es\/wp-content\/uploads\/2023\/08\/shutterstock_1643420575-830x553.jpg 830w, https:\/\/www.humanium.org\/es\/wp-content\/uploads\/2023\/08\/shutterstock_1643420575-230x153.jpg 230w, https:\/\/www.humanium.org\/es\/wp-content\/uploads\/2023\/08\/shutterstock_1643420575-350x233.jpg 350w, https:\/\/www.humanium.org\/es\/wp-content\/uploads\/2023\/08\/shutterstock_1643420575-480x320.jpg 480w, https:\/\/www.humanium.org\/es\/wp-content\/uploads\/2023\/08\/shutterstock_1643420575-272x182.jpg 272w\" sizes=\"auto, (max-width: 1024px) 100vw, 1024px\" \/><\/figure>\n<\/div>\n\n\n<p>La fundaci\u00f3n de la Comisi\u00f3n Nacional de Apoyo&nbsp;a los Padres&nbsp;(NPSC por sus siglas en ingl\u00e9s) fue una respuesta a la realidad <a href=\"https:\/\/www.humanium.org\/es\/enfoques-tematicos\/violencia\/\">violenta<\/a> del pa\u00eds y est\u00e1 dedicada a ofrecer apoyo tanto a nivel familiar como a las comunidades para garantizar un mayor n\u00famero de pr\u00e1cticas de crianza saludables y positivas (UNICEF, 2018). Jamaica tambi\u00e9n ha realizado mejoras significativas respecto de su legislaci\u00f3n y, entre 2005 y 2015, el Parlamento de Jamaica modific\u00f3 y promulg\u00f3 doce leyes beneficiosas para la protecci\u00f3n de los <a href=\"https:\/\/www.humanium.org\/es\/derechos-ninos\/\">ni\u00f1os<\/a> contra la <a href=\"https:\/\/www.humanium.org\/es\/enfoques-tematicos\/violencia\/\">violencia<\/a> (UNICEF, 2018).<\/p>\n\n\n\n<p>Asimismo, se redactaron y aprobaron varios documentos normativos, programas nacionales y protocolos. Como respuesta ante la ausencia de apoyo psicol\u00f3gico para los ni\u00f1os, el Gobierno cuadruplic\u00f3 el n\u00famero de psic\u00f3logos disponibles (UNICEF, 2018). Estos cambios fundamentales han contribuido de modo significativo con el establecimiento de un marco legal fuerte que busca prevenir la violencia contra los <a href=\"https:\/\/www.humanium.org\/es\/derechos-ninos\/\">ni\u00f1os<\/a> (UNICEF, 2018). Sin embargo, aunque se han establecido las herramientas para hacer frente a la violencia, el Estado a\u00fan debe reforzar su marco institucional lo suficiente como para implementar y hacer cumplir estas leyes relacionadas con el crimen y la <a href=\"https:\/\/www.humanium.org\/es\/enfoques-tematicos\/violencia\/\">violencia<\/a> contra los <a href=\"https:\/\/www.humanium.org\/es\/derechos-ninos\/\">ni\u00f1os<\/a> (UNICEF, 2018).&nbsp;&nbsp;<\/p>\n\n\n\n<h2 class=\"wp-block-heading\"><strong>Factores de riesgo: desaf\u00edos propios del pa\u00eds<\/strong><\/h2>\n\n\n\n<h3 class=\"wp-block-heading\"><a href=\"https:\/\/www.humanium.org\/es\/enfoques-tematicos\/explotacion\/\"><strong>Explotaci\u00f3n sexual<\/strong><\/a><\/h3>\n\n\n\n<p>El <a href=\"https:\/\/www.humanium.org\/es\/enfoques-tematicos\/explotacion\/explotacion-sexual-infantil\/\">abuso sexual<\/a> es el crimen de m\u00e1s r\u00e1pido crecimiento que perjudica a los ni\u00f1os en Jamaica y la segunda causa m\u00e1s frecuente de lesiones de las mujeres en ese pa\u00eds (Wilson-James, 2021). De hecho, a menudo las mujeres son v\u00edctimas de abuso sexual y Jamaica posee uno de los \u00edndices m\u00e1s altos de <a href=\"https:\/\/www.humanium.org\/es\/enfoques-tematicos\/explotacion\/explotacion-sexual-infantil\/\">abuso sexual<\/a> contra las mujeres; su promedio es tres veces mayor que el promedio mundial (Wilson-James, 2021).&nbsp;<\/p>\n\n\n\n<p>Las creencias patriarcales que est\u00e1n arraigadas en la sociedad desde hace siglos a menudo suelen ser un incentivo para el abuso, puesto que existe una relaci\u00f3n de dominaci\u00f3n masculina y subordinaci\u00f3n femenina (Wilson-James, 2021). <\/p>\n\n\n\n<p>En Jamaica, el privilegio sexual masculino es respaldado a trav\u00e9s de viejas creencias patriarcales y, a pesar de que la Ley sobre Delitos Sexuales del pa\u00eds establece la ilegalidad de las relaciones sexuales entre un adulto y una persona menor de 16 a\u00f1os, la realidad no refleja lo declarado en la ley (Wilson-James, 2021). Adem\u00e1s, el <a href=\"https:\/\/www.humanium.org\/es\/enfoques-tematicos\/explotacion\/explotacion-sexual-infantil\/\">abuso sexual infantil<\/a> a menudo se mantiene fuera del discurso p\u00fablico debido al tab\u00fa que lo rodea. Esta situaci\u00f3n causa que las v\u00edctimas no alcen la voz y no presenten denuncias (Wilson-James, 2021).<\/p>\n\n\n\n<h3 class=\"wp-block-heading\"><strong>Trata de ni\u00f1os<\/strong><\/h3>\n\n\n\n<p>Jamaica es un pa\u00eds tanto de origen como de destino en el que se trafican <a href=\"https:\/\/www.humanium.org\/es\/derechos-ninos\/\">ni\u00f1os<\/a> para el trabajo infantil y la explotaci\u00f3n sexual comercial hacia pa\u00edses como los Estados Unidos, Canad\u00e1 y el Reino Unido (Bureau of International Labor Affairs, 2020). <\/p>\n\n\n\n<p>La mayor\u00eda de las veces, los grupos m\u00e1s vulnerables a la trata y la explotaci\u00f3n sexual infantil son los ni\u00f1os inmigrantes, las <a href=\"https:\/\/www.humanium.org\/es\/enfoques-tematicos\/discriminacion\/derechos-ninas\/\">ni\u00f1as<\/a> j\u00f3venes, los que provienen de \u00e1reas rurales con familias de <a href=\"https:\/\/www.humanium.org\/es\/enfoques-tematicos\/pobreza\/\">escasos recursos<\/a> econ\u00f3micos y la juventud <a href=\"https:\/\/www.humanium.org\/es\/enfoques-tematicos\/discriminacion\/derechos-nino-lgbtq\/\">LGTBQI<\/a>+ (Bureau of International Labor Affairs, 2020). Tambi\u00e9n son reclutados por parte de organizaciones criminales que les obligan a participar en actividades il\u00edcitas. Muchos ni\u00f1os son declarados desaparecidos y existe una\/la posibilidad de que se los haya sometido a realizar trabajo forzado (Bureau of International Labor Affairs, 2020).<\/p>\n\n\n\n<h3 class=\"wp-block-heading\"><strong>Pobreza<\/strong><\/h3>\n\n\n<div class=\"wp-block-image\">\n<figure class=\"alignright size-large is-resized\"><img loading=\"lazy\" decoding=\"async\" width=\"1024\" height=\"683\" src=\"https:\/\/www.humanium.org\/es\/wp-content\/uploads\/2023\/08\/shutterstock_178000187-1024x683.jpg\" alt=\"\" class=\"wp-image-18045\" style=\"width:280px;height:187px\" srcset=\"https:\/\/www.humanium.org\/es\/wp-content\/uploads\/2023\/08\/shutterstock_178000187-1024x683.jpg 1024w, https:\/\/www.humanium.org\/es\/wp-content\/uploads\/2023\/08\/shutterstock_178000187-300x200.jpg 300w, https:\/\/www.humanium.org\/es\/wp-content\/uploads\/2023\/08\/shutterstock_178000187-768x512.jpg 768w, https:\/\/www.humanium.org\/es\/wp-content\/uploads\/2023\/08\/shutterstock_178000187-1536x1024.jpg 1536w, https:\/\/www.humanium.org\/es\/wp-content\/uploads\/2023\/08\/shutterstock_178000187-2048x1365.jpg 2048w, https:\/\/www.humanium.org\/es\/wp-content\/uploads\/2023\/08\/shutterstock_178000187-830x553.jpg 830w, https:\/\/www.humanium.org\/es\/wp-content\/uploads\/2023\/08\/shutterstock_178000187-230x153.jpg 230w, https:\/\/www.humanium.org\/es\/wp-content\/uploads\/2023\/08\/shutterstock_178000187-350x233.jpg 350w, https:\/\/www.humanium.org\/es\/wp-content\/uploads\/2023\/08\/shutterstock_178000187-480x320.jpg 480w, https:\/\/www.humanium.org\/es\/wp-content\/uploads\/2023\/08\/shutterstock_178000187-272x182.jpg 272w\" sizes=\"auto, (max-width: 1024px) 100vw, 1024px\" \/><\/figure>\n<\/div>\n\n\n<p>Lamentablemente, los ni\u00f1os en Jamaica enfrentan la pobreza en su vida cotidiana. Uno de cada cuatro ni\u00f1os vive en la pobreza y, en consecuencia, experimentan varios problemas de salud, un peor acceso al saneamiento y al <a href=\"https:\/\/www.humanium.org\/es\/derecho-agua\/\">agua<\/a> y una mayor probabilidad de ser explotados (UNICEF, n.d.).&nbsp;&nbsp;Al igual que otros pa\u00edses alrededor del mundo, la pandemia de Covid-19 tambi\u00e9n perjudic\u00f3 gravemente a varios sectores en Jamaica y las actividades econ\u00f3micas del pa\u00eds se redujeron m\u00e1s del 5% en 2020 (UNAIDS, 2022). <\/p>\n\n\n\n<p>Esta situaci\u00f3n provoc\u00f3 un aumento del \u00edndice de <a href=\"https:\/\/www.humanium.org\/es\/enfoques-tematicos\/pobreza\/\">pobreza<\/a> de un 19% en 2018 y 2019 a un 23% aproximadamente en 2020 (UNAIDS, 2022). Los grupos m\u00e1s afectados por la crisis han sido las mujeres trabajadoras, quienes representan alrededor del 78% de los profesionales de la salud y de los trabajadores humanitarios, adem\u00e1s del 55% del personal en industrias tales como el comercio y el turismo que se vieron muy afectadas (UNAIDS, 2022).<\/p>\n\n\n\n<p>En un intento de superar los desaf\u00edos causados por la <a href=\"https:\/\/www.humanium.org\/es\/enfoques-tematicos\/pobreza\/\">pobreza<\/a>, el Gobierno intensific\u00f3 las acciones de recuperaci\u00f3n y estableci\u00f3 un grupo operativo especial para responder de forma eficiente frente a los retrocesos econ\u00f3micos. Tambi\u00e9n, en este contexto, solicit\u00f3 una financiaci\u00f3n de emergencia al FMI por 520 millones de d\u00f3lares (IMF, 2020). Una de las medidas m\u00e1s importantes fue la implementaci\u00f3n por parte del Gobierno de un programa de apoyo social y econ\u00f3mico conocido como CARE Programme. Este concede subvenciones a quienes perdieron sus empleos como consecuencia de la pandemia, as\u00ed como a aquellos que contaban con empleo informal antes de que ocurriera y a las peque\u00f1as empresas cuyos ingresos se vieron alterados (IMF, 2020).<\/p>\n\n\n\n<h3 class=\"wp-block-heading\"><strong>Trabajo infantil<\/strong><\/h3>\n\n\n\n<p>Jamaica se ha adherido a los tres instrumentos jur\u00eddicos internacionales m\u00e1s importantes en cuanto a la protecci\u00f3n de los <a href=\"https:\/\/www.humanium.org\/es\/derecho-libertad\/\">ni\u00f1os<\/a>: la Convenci\u00f3n sobre los Derechos del Ni\u00f1o (CDN) de las Naciones Unidas, el Convenio n.\u00ba 182 de la OIT (Convenio sobre las peores formas de trabajo infantil) y el Convenio n.\u00ba 138 (Convenio sobre la Edad M\u00ednima) (ILO, 2018). Sin embargo, a pesar de estos avances, el <a href=\"https:\/\/www.humanium.org\/es\/enfoques-tematicos\/explotacion\/trabajo-infantil\/\">trabajo infantil<\/a> es un problema que prevalece.<\/p>\n\n\n\n<p>En Jamaica, el <a href=\"https:\/\/www.humanium.org\/es\/enfoques-tematicos\/explotacion\/trabajo-infantil\/\">trabajo infantil<\/a> afecta a 38.000 ni\u00f1os de entre 5 y 17 a\u00f1os (ILO, 2018). Debido a la falta de <a href=\"https:\/\/www.humanium.org\/es\/derecho-agua\/\">agua<\/a> y electricidad, muchos ni\u00f1os son obligados a buscar <a href=\"https:\/\/www.humanium.org\/es\/derecho-agua\/\">agua<\/a> y recolectar le\u00f1a. Adem\u00e1s, existe una clara diferencia en cuanto al trabajo infantil entre los sectores urbanos y los rurales, donde la tasa de trabajo infantil es dos veces m\u00e1s alta que en las zonas urbanas (ILO, 2018).<\/p>\n\n\n\n<p>Una de las consecuencias directas del trabajo infantil es el hecho de que interfiere con la escolaridad de los ni\u00f1os, lo que, a su vez, limita las oportunidades de empleo debido a una educaci\u00f3n insuficiente (ILO, 2018). Si el trabajo genera un impacto negativo sobre el desempe\u00f1o <a href=\"https:\/\/www.humanium.org\/es\/derecho-educacion\/\">acad\u00e9mico<\/a> o la asistencia escolar en la vida de un ni\u00f1o, entonces aquellos <a href=\"https:\/\/www.humanium.org\/es\/derechos-ninos\/\">ni\u00f1os<\/a> expuestos al <a href=\"https:\/\/www.humanium.org\/es\/enfoques-tematicos\/explotacion\/trabajo-infantil\/\">trabajo infantil<\/a> no tendr\u00e1n el capital humano que se necesita para obtener un empleo decente al llegar a la adultez (ILO, 2018).<\/p>\n\n\n\n<h3 class=\"wp-block-heading\"><strong>Desaf\u00edos ambientales<\/strong><\/h3>\n\n\n\n<p>Jamaica depende en extremo de sus <a href=\"https:\/\/www.humanium.org\/es\/enfoques-tematicos\/ambiente\/\">recursos naturales<\/a> y es vulnerable a sufrir desastres naturales, en especial a lo largo de la costa, como inundaciones y huracanes. El sector agr\u00edcola es fundamental para su desarrollo econ\u00f3mico, ya que constituye alrededor del 7% del PIB del pa\u00eds y emplea aproximadamente el 18% de la fuerza de trabajo (Climate Change Knowledge Portal, n.d.). Jamaica se encuentra en riesgo por el aumento de la temperatura, las sequ\u00edas y las inundaciones, adem\u00e1s de padecer una amenaza existencial como consecuencia del aumento del nivel del mar (Climate Change Knowledge Portal, n.d.).<\/p>\n\n\n\n<p>Se espera que el pa\u00eds atraviese ciclos constantes caracterizados por tendencias de calentamiento y sequ\u00eda, adem\u00e1s una mayor cantidad de sequ\u00edas, fuertes lluvias y un aumento del nivel del mar. La temporada de huracanes en el Atl\u00e1ntico Norte coincide con el monz\u00f3n en Jamaica y con el momento de mayor actividad en cuanto a las corrientes de convecci\u00f3n y conducci\u00f3n en el Mar Caribe; las precipitaciones que duran m\u00e1s de dos d\u00edas representan un 67% de probabilidades de inundaci\u00f3n (Climate Change Knowledge Portal, n.d.).<\/p>\n\n\n\n<p><em><strong>Escrito por Aditi Partha<\/strong><\/em><\/p>\n\n\n\n<p><em><strong>Traducido por Clara Roncoroni<\/strong><\/em><\/p>\n\n\n\n<p><em><strong>Corregido por Kyle Estment<\/strong><\/em><\/p>\n\n\n\n<p><em><strong>\u00daltima actualizaci\u00f3n el 10 de julio de 2022<\/strong><\/em><\/p>\n\n\n\n<h4 class=\"wp-block-heading\">Bibliograf\u00eda:<\/h4>\n\n\n\n<p class=\"has-small-font-size\">Adella Campbell, V. M. (2019). <em>The Removal of Charges for Health Services in the Jamaican Public Health System: Impact on the Health Practitioners&#8217; Performance.<\/em> Jamaica: Horizon Research Publishing. Accessed on 10 July 2022.<\/p>\n\n\n\n<p class=\"has-small-font-size\">Babb, S. (2018, July 7). <em>\/Five facts about educationinjamaica\/<\/em>. Retrieved from Borgen Project: <a href=\"https:\/\/borgenproject.org\/education-in-jamaica\/\" target=\"_blank\" rel=\"noreferrer noopener\">https:\/\/borgenproject.org\/education-in-jamaica\/<\/a> ,&nbsp; accessed on 10 July 2022.<\/p>\n\n\n\n<p class=\"has-small-font-size\">Bureau of International Labor Affairs. (2020). <em>\/agencies\/ilab\/resources\/reports\/child-labor\/jamaica<\/em>. Retrieved from DEPARTMENT OF LABOR: <a href=\"https:\/\/www.dol.gov\/agencies\/ilab\/resources\/reports\/child-labor\/jamaica\" target=\"_blank\" rel=\"noreferrer noopener\">https:\/\/www.dol.gov\/agencies\/ilab\/resources\/reports\/child-labor\/jamaica<\/a>, accessed on 10 July 2022<\/p>\n\n\n\n<p class=\"has-small-font-size\">Climate Change Knowledge Portal. (n.d.). <em>country\/jamaica<\/em>. Retrieved from Climate Change Knowledge Portal: https:\/\/climateknowledgeportal.worldbank.org\/country\/jamaica, accessed on 10 July 2022<\/p>\n\n\n\n<p class=\"has-small-font-size\">Embassy of Jamaica . (n.d.). <em>\/about_jamaica\/geography.htm<\/em>. Retrieved from Embassy of Jamaica : <a href=\"https:\/\/www.embassyofjamaica.org\/about_jamaica\/geography.htm\" target=\"_blank\" rel=\"noreferrer noopener\">https:\/\/www.embassyofjamaica.org\/about_jamaica\/geography.htm<\/a>, accessed on 10 July 2022.<\/p>\n\n\n\n<p class=\"has-small-font-size\">Holenstein, N. (2020, May 30). <em>healthcare-in-jamaica\/<\/em>. Retrieved from Borgen Project: <a href=\"https:\/\/borgenproject.org\/healthcare-in-jamaica\/\" target=\"_blank\" rel=\"noreferrer noopener\">https:\/\/borgenproject.org\/healthcare-in-jamaica\/<\/a>, accessed on 10 July 2022.<\/p>\n\n\n\n<p class=\"has-small-font-size\">ILO. (2018). <em>Child labour and the youth decent work deficit in Jamaica.<\/em> International Labour Organization. Accessed on 10 July 2022<\/p>\n\n\n\n<p class=\"has-small-font-size\">IMF. (2020, May 28). <em>\/en\/News\/Articles\/2020\/05\/27\/na052720-jamaica-ramps-up-social-and-economic-support-in-covid-19-response<\/em>. Retrieved from International Monetary Fund: <a href=\"https:\/\/www.imf.org\/en\/News\/Articles\/2020\/05\/27\/na052720-jamaica-ramps-up-social-and-economic-support-in-covid-19-response\" target=\"_blank\" rel=\"noreferrer noopener\">https:\/\/www.imf.org\/en\/News\/Articles\/2020\/05\/27\/na052720-jamaica-ramps-up-social-and-economic-support-in-covid-19-response<\/a>, accessed on 10 July 2022.&nbsp;<\/p>\n\n\n\n<p class=\"has-small-font-size\">James A. Ferguson, P. B. (n.d.). <em>\/place\/Jamaica<\/em>. Retrieved from Britannica: <a href=\"https:\/\/www.britannica.com\/place\/Jamaica\" target=\"_blank\" rel=\"noreferrer noopener\">https:\/\/www.britannica.com\/place\/Jamaica<\/a>, accessed on 10 July 2022.<\/p>\n\n\n\n<p class=\"has-small-font-size\">James A. Ferguson, P. B. (n.d.). <em>\/place\/Jamaica\/Government-and-society<\/em>. Retrieved from Britannica: <a href=\"https:\/\/www.britannica.com\/place\/Jamaica\/Government-and-society\" target=\"_blank\" rel=\"noreferrer noopener\">https:\/\/www.britannica.com\/place\/Jamaica\/Government-and-society<\/a>, accessed on 10 July 2022.<\/p>\n\n\n\n<p class=\"has-small-font-size\">UNAIDS. (2022, May 5). <em>\/en\/resources\/presscentre\/featurestories\/2022\/may\/20220505_Jamaica_social_protection<\/em>. Retrieved from UNAIDS: <a href=\"https:\/\/www.unaids.org\/en\/resources\/presscentre\/featurestories\/2022\/may\/20220505_Jamaica_social_protection\" target=\"_blank\" rel=\"noreferrer noopener\">https:\/\/www.unaids.org\/en\/resources\/presscentre\/featurestories\/2022\/may\/20220505_Jamaica_social_protection<\/a>, accessed on 10 July 2022.<\/p>\n\n\n\n<p class=\"has-small-font-size\">UNICEF. (n.d.). <em>\/jamaica\/health-promotion<\/em>. Retrieved from UNICEF: <a href=\"https:\/\/www.unicef.org\/jamaica\/health-promotion\" target=\"_blank\" rel=\"noreferrer noopener\">https:\/\/www.unicef.org\/jamaica\/health-promotion<\/a>, accessed on 10 July 2022.<\/p>\n\n\n\n<p class=\"has-small-font-size\">UNICEF. (n.d.). <em>\/jamaica\/lifelong-learning<\/em>. Retrieved from UNICEF: <a href=\"https:\/\/www.unicef.org\/jamaica\/lifelong-learning\" target=\"_blank\" rel=\"noreferrer noopener\">https:\/\/www.unicef.org\/jamaica\/lifelong-learning<\/a>, accessed on 10 July 2022.<\/p>\n\n\n\n<p class=\"has-small-font-size\">UNICEF. (n.d.). <em>\/jamaica\/lifelong-learning\/road-safety<\/em>. Retrieved from UNICEF: <a href=\"https:\/\/www.unicef.org\/jamaica\/lifelong-learning\/road-safety\" target=\"_blank\" rel=\"noreferrer noopener\">https:\/\/www.unicef.org\/jamaica\/lifelong-learning\/road-safety<\/a>, accessed on 10 July 2022.&nbsp;<\/p>\n\n\n\n<p class=\"has-small-font-size\">UNICEF. (n.d.). <em>\/jamaica\/social-protection<\/em>. Retrieved from UNICEF: <a href=\"https:\/\/www.unicef.org\/jamaica\/social-protection\" target=\"_blank\" rel=\"noreferrer noopener\">https:\/\/www.unicef.org\/jamaica\/social-protection<\/a>, accessed on 10 July 2022.<\/p>\n\n\n\n<p class=\"has-small-font-size\">UNICEF. (2018). <em>Situation Analysis of Jamaican Children.<\/em> Jamaica: UNICEF.<\/p>\n\n\n\n<p class=\"has-small-font-size\">WHO. (n.d.). <em>\/health-topics\/breastfeeding#tab=tab_1<\/em>. Retrieved from WHO: <a href=\"https:\/\/www.who.int\/health-topics\/breastfeeding#tab=tab_1\" target=\"_blank\" rel=\"noreferrer noopener\">https:\/\/www.who.int\/health-topics\/breastfeeding#tab=tab_1<\/a>, accessed on 10 July 2022.<\/p>\n\n\n\n<p class=\"has-small-font-size\">Wilson-James, V. (2021). <em>The Influences of Cultural Norms on Child Sexual Abuse Prevention of Female Adolescents in Jamaica.<\/em> Walden University., accessed on 10 July 2022.<\/p>\n\n\n\n<p class=\"has-small-font-size\">World Bank-UNICEF. (2022, June 23). <em>\/en\/news\/press-release\/2022\/06\/23\/education-latin-america<\/em>. Retrieved from World Bank: <a href=\"https:\/\/www.worldbank.org\/en\/news\/press-release\/2022\/06\/23\/education-latin-america\" target=\"_blank\" rel=\"noreferrer noopener\">https:\/\/www.worldbank.org\/en\/news\/press-release\/2022\/06\/23\/education-latin-america<\/a>, accessed on 10 July 2022.<\/p>\n\n\n\n<hr class=\"wp-block-separator has-alpha-channel-opacity\"\/>\n\n\n\n<p class=\"has-small-font-size\"><a href=\"#_ftnref1\">[1]<\/a> Este art\u00edculo de ning\u00fan modo pretende dar una cuenta completa o representativa de los derechos del ni\u00f1o en Jamaica; de hecho, uno de los numerosos desaf\u00edos es la escasa informaci\u00f3n actualizada sobre los ni\u00f1os de Jamaica, gran parte de la cual no es confiable, no es representativa, est\u00e1 desactualizada o simplemente no existe.<\/p>\n","protected":false},"excerpt":{"rendered":"<p>Descubriendo los Derechos del Ni\u00f1o en Jamaica Aunque el Gobierno de Jamaica ha intentado mejorar las condiciones de vida de los ciudadanos jamaicanos, a\u00fan se necesita mejorar la estructura sanitaria, el acceso a los centros educativos y la seguridad en general. Los ni\u00f1os de Jamaica se enfrentan a numerosos desaf\u00edos, como la explotaci\u00f3n sexual, la [&hellip;]<\/p>\n","protected":false},"author":1,"featured_media":0,"parent":0,"menu_order":0,"comment_status":"closed","ping_status":"open","template":"","meta":{"footnotes":""},"class_list":["post-1439","page","type-page","status-publish","hentry"],"yoast_head":"<!-- This site is optimized with the Yoast SEO plugin v26.5 - https:\/\/yoast.com\/wordpress\/plugins\/seo\/ -->\n<title>Ni\u00f1os de Jamaica - Humanium<\/title>\n<meta name=\"description\" content=\"Los ni\u00f1os de Jamaica se enfrentan a numerosos desaf\u00edos, como la explotaci\u00f3n sexual, la pobreza, el trabajo infantil y el tr\u00e1fico de menores.\" \/>\n<meta name=\"robots\" content=\"index, follow, max-snippet:-1, max-image-preview:large, max-video-preview:-1\" \/>\n<link rel=\"canonical\" href=\"https:\/\/www.humanium.org\/es\/jamaica\/\" \/>\n<meta property=\"og:locale\" content=\"es_ES\" \/>\n<meta property=\"og:type\" content=\"article\" \/>\n<meta property=\"og:title\" content=\"Ni\u00f1os de Jamaica - Humanium\" \/>\n<meta property=\"og:description\" content=\"Los ni\u00f1os de Jamaica se enfrentan a numerosos desaf\u00edos, como la explotaci\u00f3n sexual, la pobreza, el trabajo infantil y el tr\u00e1fico de menores.\" \/>\n<meta property=\"og:url\" content=\"https:\/\/www.humanium.org\/es\/jamaica\/\" \/>\n<meta property=\"og:site_name\" content=\"Humanium\" \/>\n<meta property=\"article:modified_time\" content=\"2025-12-06T16:31:37+00:00\" \/>\n<meta property=\"og:image\" content=\"https:\/\/www.humanium.org\/es\/wp-content\/uploads\/2023\/08\/Shutterstock_178000166.jpg\" \/>\n\t<meta property=\"og:image:width\" content=\"400\" \/>\n\t<meta property=\"og:image:height\" content=\"400\" \/>\n\t<meta property=\"og:image:type\" content=\"image\/jpeg\" \/>\n<meta name=\"twitter:card\" content=\"summary_large_image\" \/>\n<meta name=\"twitter:label1\" content=\"Tiempo de lectura\" \/>\n\t<meta name=\"twitter:data1\" content=\"16 minutos\" \/>\n<script type=\"application\/ld+json\" class=\"yoast-schema-graph\">{\"@context\":\"https:\/\/schema.org\",\"@graph\":[{\"@type\":\"WebPage\",\"@id\":\"https:\/\/www.humanium.org\/es\/jamaica\/\",\"url\":\"https:\/\/www.humanium.org\/es\/jamaica\/\",\"name\":\"Ni\u00f1os de Jamaica - Humanium\",\"isPartOf\":{\"@id\":\"https:\/\/www.humanium.org\/es\/#website\"},\"primaryImageOfPage\":{\"@id\":\"https:\/\/www.humanium.org\/es\/jamaica\/#primaryimage\"},\"image\":{\"@id\":\"https:\/\/www.humanium.org\/es\/jamaica\/#primaryimage\"},\"thumbnailUrl\":\"https:\/\/www.humanium.org\/es\/wp-content\/uploads\/2023\/08\/Shutterstock_178000166.jpg\",\"datePublished\":\"2016-01-21T09:12:11+00:00\",\"dateModified\":\"2025-12-06T16:31:37+00:00\",\"description\":\"Los ni\u00f1os de Jamaica se enfrentan a numerosos desaf\u00edos, como la explotaci\u00f3n sexual, la pobreza, el trabajo infantil y el tr\u00e1fico de menores.\",\"breadcrumb\":{\"@id\":\"https:\/\/www.humanium.org\/es\/jamaica\/#breadcrumb\"},\"inLanguage\":\"es\",\"potentialAction\":[{\"@type\":\"ReadAction\",\"target\":[\"https:\/\/www.humanium.org\/es\/jamaica\/\"]}]},{\"@type\":\"ImageObject\",\"inLanguage\":\"es\",\"@id\":\"https:\/\/www.humanium.org\/es\/jamaica\/#primaryimage\",\"url\":\"https:\/\/www.humanium.org\/es\/wp-content\/uploads\/2023\/08\/Shutterstock_178000166.jpg\",\"contentUrl\":\"https:\/\/www.humanium.org\/es\/wp-content\/uploads\/2023\/08\/Shutterstock_178000166.jpg\",\"width\":400,\"height\":400},{\"@type\":\"BreadcrumbList\",\"@id\":\"https:\/\/www.humanium.org\/es\/jamaica\/#breadcrumb\",\"itemListElement\":[{\"@type\":\"ListItem\",\"position\":1,\"name\":\"Home\",\"item\":\"https:\/\/www.humanium.org\/es\/\"},{\"@type\":\"ListItem\",\"position\":2,\"name\":\"Ni\u00f1os de Jamaica\"}]},{\"@type\":\"WebSite\",\"@id\":\"https:\/\/www.humanium.org\/es\/#website\",\"url\":\"https:\/\/www.humanium.org\/es\/\",\"name\":\"Humanium\",\"description\":\"\u00a1Los ni\u00f1os primero!\",\"potentialAction\":[{\"@type\":\"SearchAction\",\"target\":{\"@type\":\"EntryPoint\",\"urlTemplate\":\"https:\/\/www.humanium.org\/es\/?s={search_term_string}\"},\"query-input\":{\"@type\":\"PropertyValueSpecification\",\"valueRequired\":true,\"valueName\":\"search_term_string\"}}],\"inLanguage\":\"es\"}]}<\/script>\n<!-- \/ Yoast SEO plugin. -->","yoast_head_json":{"title":"Ni\u00f1os de Jamaica - Humanium","description":"Los ni\u00f1os de Jamaica se enfrentan a numerosos desaf\u00edos, como la explotaci\u00f3n sexual, la pobreza, el trabajo infantil y el tr\u00e1fico de menores.","robots":{"index":"index","follow":"follow","max-snippet":"max-snippet:-1","max-image-preview":"max-image-preview:large","max-video-preview":"max-video-preview:-1"},"canonical":"https:\/\/www.humanium.org\/es\/jamaica\/","og_locale":"es_ES","og_type":"article","og_title":"Ni\u00f1os de Jamaica - Humanium","og_description":"Los ni\u00f1os de Jamaica se enfrentan a numerosos desaf\u00edos, como la explotaci\u00f3n sexual, la pobreza, el trabajo infantil y el tr\u00e1fico de menores.","og_url":"https:\/\/www.humanium.org\/es\/jamaica\/","og_site_name":"Humanium","article_modified_time":"2025-12-06T16:31:37+00:00","og_image":[{"width":400,"height":400,"url":"https:\/\/www.humanium.org\/es\/wp-content\/uploads\/2023\/08\/Shutterstock_178000166.jpg","type":"image\/jpeg"}],"twitter_card":"summary_large_image","twitter_misc":{"Tiempo de lectura":"16 minutos"},"schema":{"@context":"https:\/\/schema.org","@graph":[{"@type":"WebPage","@id":"https:\/\/www.humanium.org\/es\/jamaica\/","url":"https:\/\/www.humanium.org\/es\/jamaica\/","name":"Ni\u00f1os de Jamaica - Humanium","isPartOf":{"@id":"https:\/\/www.humanium.org\/es\/#website"},"primaryImageOfPage":{"@id":"https:\/\/www.humanium.org\/es\/jamaica\/#primaryimage"},"image":{"@id":"https:\/\/www.humanium.org\/es\/jamaica\/#primaryimage"},"thumbnailUrl":"https:\/\/www.humanium.org\/es\/wp-content\/uploads\/2023\/08\/Shutterstock_178000166.jpg","datePublished":"2016-01-21T09:12:11+00:00","dateModified":"2025-12-06T16:31:37+00:00","description":"Los ni\u00f1os de Jamaica se enfrentan a numerosos desaf\u00edos, como la explotaci\u00f3n sexual, la pobreza, el trabajo infantil y el tr\u00e1fico de menores.","breadcrumb":{"@id":"https:\/\/www.humanium.org\/es\/jamaica\/#breadcrumb"},"inLanguage":"es","potentialAction":[{"@type":"ReadAction","target":["https:\/\/www.humanium.org\/es\/jamaica\/"]}]},{"@type":"ImageObject","inLanguage":"es","@id":"https:\/\/www.humanium.org\/es\/jamaica\/#primaryimage","url":"https:\/\/www.humanium.org\/es\/wp-content\/uploads\/2023\/08\/Shutterstock_178000166.jpg","contentUrl":"https:\/\/www.humanium.org\/es\/wp-content\/uploads\/2023\/08\/Shutterstock_178000166.jpg","width":400,"height":400},{"@type":"BreadcrumbList","@id":"https:\/\/www.humanium.org\/es\/jamaica\/#breadcrumb","itemListElement":[{"@type":"ListItem","position":1,"name":"Home","item":"https:\/\/www.humanium.org\/es\/"},{"@type":"ListItem","position":2,"name":"Ni\u00f1os de Jamaica"}]},{"@type":"WebSite","@id":"https:\/\/www.humanium.org\/es\/#website","url":"https:\/\/www.humanium.org\/es\/","name":"Humanium","description":"\u00a1Los ni\u00f1os primero!","potentialAction":[{"@type":"SearchAction","target":{"@type":"EntryPoint","urlTemplate":"https:\/\/www.humanium.org\/es\/?s={search_term_string}"},"query-input":{"@type":"PropertyValueSpecification","valueRequired":true,"valueName":"search_term_string"}}],"inLanguage":"es"}]}},"_links":{"self":[{"href":"https:\/\/www.humanium.org\/es\/wp-json\/wp\/v2\/pages\/1439","targetHints":{"allow":["GET"]}}],"collection":[{"href":"https:\/\/www.humanium.org\/es\/wp-json\/wp\/v2\/pages"}],"about":[{"href":"https:\/\/www.humanium.org\/es\/wp-json\/wp\/v2\/types\/page"}],"author":[{"embeddable":true,"href":"https:\/\/www.humanium.org\/es\/wp-json\/wp\/v2\/users\/1"}],"replies":[{"embeddable":true,"href":"https:\/\/www.humanium.org\/es\/wp-json\/wp\/v2\/comments?post=1439"}],"version-history":[{"count":10,"href":"https:\/\/www.humanium.org\/es\/wp-json\/wp\/v2\/pages\/1439\/revisions"}],"predecessor-version":[{"id":20932,"href":"https:\/\/www.humanium.org\/es\/wp-json\/wp\/v2\/pages\/1439\/revisions\/20932"}],"wp:attachment":[{"href":"https:\/\/www.humanium.org\/es\/wp-json\/wp\/v2\/media?parent=1439"}],"curies":[{"name":"wp","href":"https:\/\/api.w.org\/{rel}","templated":true}]}}