{"id":15589,"date":"2021-05-02T19:29:55","date_gmt":"2021-05-02T19:29:55","guid":{"rendered":"https:\/\/www.humanium.org\/es\/?page_id=15589"},"modified":"2021-05-02T19:56:57","modified_gmt":"2021-05-02T19:56:57","slug":"los-principios-rectores-de-la-convencion-sobre-los-derechos-del-nino","status":"publish","type":"page","link":"https:\/\/www.humanium.org\/es\/los-principios-rectores-de-la-convencion-sobre-los-derechos-del-nino\/","title":{"rendered":"Los principios rectores de la Convenci\u00f3n sobre los Derechos del Ni\u00f1o"},"content":{"rendered":"\n<p><strong>La <a href=\"https:\/\/www.humanium.org\/es\/convencion\/\">Convenci\u00f3n sobre los Derechos del Ni\u00f1o (CDN o la Convenci\u00f3n)<\/a> comprende cuatro principios fundamentales que gu\u00edan la aplicaci\u00f3n, puesta en pr\u00e1ctica e interpretaci\u00f3n de la <a href=\"https:\/\/www.humanium.org\/es\/convencion\/\">Convenci\u00f3n<\/a> y se basan en todos los derechos y art\u00edculos de la Convenci\u00f3n. En la pr\u00e1ctica, estos cuatro principios est\u00e1n interconectados, no se pueden aplicar sin tener en cuenta los dem\u00e1s y deben entenderse como normativos (un derecho) e instrumentales (una gu\u00eda).&nbsp;<\/strong><\/p>\n\n\n\n<figure class=\"wp-block-image size-large\"><img loading=\"lazy\" decoding=\"async\" width=\"1024\" height=\"574\" src=\"https:\/\/www.humanium.org\/es\/wp-content\/uploads\/2021\/05\/shutterstock_258035060-1024x574.jpg\" alt=\"\" class=\"wp-image-15591\" srcset=\"https:\/\/www.humanium.org\/es\/wp-content\/uploads\/2021\/05\/shutterstock_258035060-1024x574.jpg 1024w, https:\/\/www.humanium.org\/es\/wp-content\/uploads\/2021\/05\/shutterstock_258035060-300x168.jpg 300w, https:\/\/www.humanium.org\/es\/wp-content\/uploads\/2021\/05\/shutterstock_258035060-768x430.jpg 768w, https:\/\/www.humanium.org\/es\/wp-content\/uploads\/2021\/05\/shutterstock_258035060-1536x861.jpg 1536w, https:\/\/www.humanium.org\/es\/wp-content\/uploads\/2021\/05\/shutterstock_258035060-2048x1148.jpg 2048w, https:\/\/www.humanium.org\/es\/wp-content\/uploads\/2021\/05\/shutterstock_258035060-830x465.jpg 830w, https:\/\/www.humanium.org\/es\/wp-content\/uploads\/2021\/05\/shutterstock_258035060-230x129.jpg 230w, https:\/\/www.humanium.org\/es\/wp-content\/uploads\/2021\/05\/shutterstock_258035060-350x196.jpg 350w, https:\/\/www.humanium.org\/es\/wp-content\/uploads\/2021\/05\/shutterstock_258035060-480x269.jpg 480w\" sizes=\"auto, (max-width: 1024px) 100vw, 1024px\" \/><\/figure>\n\n\n\n<h2 class=\"wp-block-heading\"><strong><a href=\"https:\/\/www.humanium.org\/es\/principio-de-no-discriminacion\/\" target=\"_blank\" rel=\"noreferrer noopener\">Principio de no discriminaci\u00f3n<\/a><\/strong><\/h2>\n\n\n\n<p>El principio de no discriminaci\u00f3n tiene el objetivo de garantizar que todos los ni\u00f1os, sin excepci\u00f3n, puedan disfrutar de sus derechos sin ninguna distinci\u00f3n por \u00abla raza, el color, el sexo, el idioma, la religi\u00f3n, la opini\u00f3n pol\u00edtica o de otra \u00edndole, el origen nacional, \u00e9tnico o social, la posici\u00f3n econ\u00f3mica, los impedimentos f\u00edsicos, el nacimiento o cualquier otra condici\u00f3n del ni\u00f1o, de sus padres o de sus representantes legales\u00bb.&nbsp;<\/p>\n\n\n\n<h2 class=\"wp-block-heading\"><strong><a href=\"https:\/\/www.humanium.org\/es\/principio-del-interes-superior-del-nino\/\" target=\"_blank\" rel=\"noreferrer noopener\">Principio del inter\u00e9s superior del ni\u00f1o\u00a0<\/a><\/strong><\/h2>\n\n\n\n<p>El principio del inter\u00e9s superior del ni\u00f1o garantiza que \u00aben todas las medidas concernientes a los ni\u00f1os [\u2026] una consideraci\u00f3n primordial a que se atender\u00e1 ser\u00e1 el inter\u00e9s superior del ni\u00f1o\u00bb.&nbsp;<\/p>\n\n\n\n<h2 class=\"wp-block-heading\"><strong><a href=\"https:\/\/www.humanium.org\/es\/principio-de-la-vida-la-supervivencia-y-el-desarrollo\/\" target=\"_blank\" rel=\"noreferrer noopener\">Principio de la vida, la supervivencia y el desarrollo<\/a><\/strong><\/h2>\n\n\n\n<p>El principio de supervivencia y desarrollo garantiza a los ni\u00f1os no solo el derecho a no ser asesinados, sino tambi\u00e9n a que se garanticen sus derechos econ\u00f3micos y sociales en la m\u00e1xima medida posible.<\/p>\n\n\n\n<h2 class=\"wp-block-heading\"><strong><a href=\"https:\/\/www.humanium.org\/es\/principio-de-inclusion-y-participacion\/\" target=\"_blank\" rel=\"noreferrer noopener\">Principio de inclusi\u00f3n y participaci\u00f3n<\/a><\/strong><\/h2>\n\n\n\n<p>El principio de inclusi\u00f3n y participaci\u00f3n determina que todos los ni\u00f1os deben poder expresar sus opiniones libremente y tienen derecho a que se respeten sus puntos de vista.<\/p>\n","protected":false},"excerpt":{"rendered":"<p>La Convenci\u00f3n sobre los Derechos del Ni\u00f1o (CDN o la Convenci\u00f3n) comprende cuatro principios fundamentales que gu\u00edan la aplicaci\u00f3n, puesta en pr\u00e1ctica e interpretaci\u00f3n de la Convenci\u00f3n y se basan en todos los derechos y art\u00edculos de la Convenci\u00f3n. En la pr\u00e1ctica, estos cuatro principios est\u00e1n interconectados, no se pueden aplicar sin tener en cuenta [&hellip;]<\/p>\n","protected":false},"author":21,"featured_media":15591,"parent":0,"menu_order":0,"comment_status":"closed","ping_status":"closed","template":"","meta":{"footnotes":""},"class_list":["post-15589","page","type-page","status-publish","has-post-thumbnail","hentry"],"yoast_head":"<!-- This site is optimized with the Yoast SEO plugin v26.5 - https:\/\/yoast.com\/wordpress\/plugins\/seo\/ -->\n<title>Los principios rectores de la Convenci\u00f3n sobre los Derechos del Ni\u00f1o - Humanium<\/title>\n<meta name=\"description\" content=\"La Convenci\u00f3n sobre los Derechos del Ni\u00f1o comprende cuatro principios fundamentales que gu\u00edan la aplicaci\u00f3n de la Convenci\u00f3n.\" \/>\n<meta name=\"robots\" content=\"index, follow, max-snippet:-1, max-image-preview:large, max-video-preview:-1\" \/>\n<link rel=\"canonical\" href=\"https:\/\/www.humanium.org\/es\/los-principios-rectores-de-la-convencion-sobre-los-derechos-del-nino\/\" \/>\n<meta property=\"og:locale\" content=\"es_ES\" \/>\n<meta property=\"og:type\" content=\"article\" \/>\n<meta property=\"og:title\" content=\"Los principios rectores de la Convenci\u00f3n sobre los Derechos del Ni\u00f1o - Humanium\" \/>\n<meta property=\"og:description\" content=\"La Convenci\u00f3n sobre los Derechos del Ni\u00f1o comprende cuatro principios fundamentales que gu\u00edan la aplicaci\u00f3n de la Convenci\u00f3n.\" \/>\n<meta property=\"og:url\" content=\"https:\/\/www.humanium.org\/es\/los-principios-rectores-de-la-convencion-sobre-los-derechos-del-nino\/\" \/>\n<meta property=\"og:site_name\" content=\"Humanium\" \/>\n<meta property=\"article:modified_time\" content=\"2021-05-02T19:56:57+00:00\" \/>\n<meta property=\"og:image\" content=\"https:\/\/www.humanium.org\/es\/wp-content\/uploads\/2021\/05\/shutterstock_258035060-scaled.jpg\" \/>\n\t<meta property=\"og:image:width\" content=\"2560\" \/>\n\t<meta property=\"og:image:height\" content=\"1435\" \/>\n\t<meta property=\"og:image:type\" content=\"image\/jpeg\" \/>\n<meta name=\"twitter:card\" content=\"summary_large_image\" \/>\n<meta name=\"twitter:label1\" content=\"Tiempo de lectura\" \/>\n\t<meta name=\"twitter:data1\" content=\"2 minutos\" \/>\n<script type=\"application\/ld+json\" class=\"yoast-schema-graph\">{\"@context\":\"https:\/\/schema.org\",\"@graph\":[{\"@type\":\"WebPage\",\"@id\":\"https:\/\/www.humanium.org\/es\/los-principios-rectores-de-la-convencion-sobre-los-derechos-del-nino\/\",\"url\":\"https:\/\/www.humanium.org\/es\/los-principios-rectores-de-la-convencion-sobre-los-derechos-del-nino\/\",\"name\":\"Los principios rectores de la Convenci\u00f3n sobre los Derechos del Ni\u00f1o - Humanium\",\"isPartOf\":{\"@id\":\"https:\/\/www.humanium.org\/es\/#website\"},\"primaryImageOfPage\":{\"@id\":\"https:\/\/www.humanium.org\/es\/los-principios-rectores-de-la-convencion-sobre-los-derechos-del-nino\/#primaryimage\"},\"image\":{\"@id\":\"https:\/\/www.humanium.org\/es\/los-principios-rectores-de-la-convencion-sobre-los-derechos-del-nino\/#primaryimage\"},\"thumbnailUrl\":\"https:\/\/www.humanium.org\/es\/wp-content\/uploads\/2021\/05\/shutterstock_258035060-scaled.jpg\",\"datePublished\":\"2021-05-02T19:29:55+00:00\",\"dateModified\":\"2021-05-02T19:56:57+00:00\",\"description\":\"La Convenci\u00f3n sobre los Derechos del Ni\u00f1o comprende cuatro principios fundamentales que gu\u00edan la aplicaci\u00f3n de la Convenci\u00f3n.\",\"breadcrumb\":{\"@id\":\"https:\/\/www.humanium.org\/es\/los-principios-rectores-de-la-convencion-sobre-los-derechos-del-nino\/#breadcrumb\"},\"inLanguage\":\"es\",\"potentialAction\":[{\"@type\":\"ReadAction\",\"target\":[\"https:\/\/www.humanium.org\/es\/los-principios-rectores-de-la-convencion-sobre-los-derechos-del-nino\/\"]}]},{\"@type\":\"ImageObject\",\"inLanguage\":\"es\",\"@id\":\"https:\/\/www.humanium.org\/es\/los-principios-rectores-de-la-convencion-sobre-los-derechos-del-nino\/#primaryimage\",\"url\":\"https:\/\/www.humanium.org\/es\/wp-content\/uploads\/2021\/05\/shutterstock_258035060-scaled.jpg\",\"contentUrl\":\"https:\/\/www.humanium.org\/es\/wp-content\/uploads\/2021\/05\/shutterstock_258035060-scaled.jpg\",\"width\":2560,\"height\":1435},{\"@type\":\"BreadcrumbList\",\"@id\":\"https:\/\/www.humanium.org\/es\/los-principios-rectores-de-la-convencion-sobre-los-derechos-del-nino\/#breadcrumb\",\"itemListElement\":[{\"@type\":\"ListItem\",\"position\":1,\"name\":\"Home\",\"item\":\"https:\/\/www.humanium.org\/es\/\"},{\"@type\":\"ListItem\",\"position\":2,\"name\":\"Los principios rectores de la Convenci\u00f3n sobre los Derechos del Ni\u00f1o\"}]},{\"@type\":\"WebSite\",\"@id\":\"https:\/\/www.humanium.org\/es\/#website\",\"url\":\"https:\/\/www.humanium.org\/es\/\",\"name\":\"Humanium\",\"description\":\"\u00a1Los ni\u00f1os primero!\",\"potentialAction\":[{\"@type\":\"SearchAction\",\"target\":{\"@type\":\"EntryPoint\",\"urlTemplate\":\"https:\/\/www.humanium.org\/es\/?s={search_term_string}\"},\"query-input\":{\"@type\":\"PropertyValueSpecification\",\"valueRequired\":true,\"valueName\":\"search_term_string\"}}],\"inLanguage\":\"es\"}]}<\/script>\n<!-- \/ Yoast SEO plugin. -->","yoast_head_json":{"title":"Los principios rectores de la Convenci\u00f3n sobre los Derechos del Ni\u00f1o - Humanium","description":"La Convenci\u00f3n sobre los Derechos del Ni\u00f1o comprende cuatro principios fundamentales que gu\u00edan la aplicaci\u00f3n de la Convenci\u00f3n.","robots":{"index":"index","follow":"follow","max-snippet":"max-snippet:-1","max-image-preview":"max-image-preview:large","max-video-preview":"max-video-preview:-1"},"canonical":"https:\/\/www.humanium.org\/es\/los-principios-rectores-de-la-convencion-sobre-los-derechos-del-nino\/","og_locale":"es_ES","og_type":"article","og_title":"Los principios rectores de la Convenci\u00f3n sobre los Derechos del Ni\u00f1o - Humanium","og_description":"La Convenci\u00f3n sobre los Derechos del Ni\u00f1o comprende cuatro principios fundamentales que gu\u00edan la aplicaci\u00f3n de la Convenci\u00f3n.","og_url":"https:\/\/www.humanium.org\/es\/los-principios-rectores-de-la-convencion-sobre-los-derechos-del-nino\/","og_site_name":"Humanium","article_modified_time":"2021-05-02T19:56:57+00:00","og_image":[{"width":2560,"height":1435,"url":"https:\/\/www.humanium.org\/es\/wp-content\/uploads\/2021\/05\/shutterstock_258035060-scaled.jpg","type":"image\/jpeg"}],"twitter_card":"summary_large_image","twitter_misc":{"Tiempo de lectura":"2 minutos"},"schema":{"@context":"https:\/\/schema.org","@graph":[{"@type":"WebPage","@id":"https:\/\/www.humanium.org\/es\/los-principios-rectores-de-la-convencion-sobre-los-derechos-del-nino\/","url":"https:\/\/www.humanium.org\/es\/los-principios-rectores-de-la-convencion-sobre-los-derechos-del-nino\/","name":"Los principios rectores de la Convenci\u00f3n sobre los Derechos del Ni\u00f1o - Humanium","isPartOf":{"@id":"https:\/\/www.humanium.org\/es\/#website"},"primaryImageOfPage":{"@id":"https:\/\/www.humanium.org\/es\/los-principios-rectores-de-la-convencion-sobre-los-derechos-del-nino\/#primaryimage"},"image":{"@id":"https:\/\/www.humanium.org\/es\/los-principios-rectores-de-la-convencion-sobre-los-derechos-del-nino\/#primaryimage"},"thumbnailUrl":"https:\/\/www.humanium.org\/es\/wp-content\/uploads\/2021\/05\/shutterstock_258035060-scaled.jpg","datePublished":"2021-05-02T19:29:55+00:00","dateModified":"2021-05-02T19:56:57+00:00","description":"La Convenci\u00f3n sobre los Derechos del Ni\u00f1o comprende cuatro principios fundamentales que gu\u00edan la aplicaci\u00f3n de la Convenci\u00f3n.","breadcrumb":{"@id":"https:\/\/www.humanium.org\/es\/los-principios-rectores-de-la-convencion-sobre-los-derechos-del-nino\/#breadcrumb"},"inLanguage":"es","potentialAction":[{"@type":"ReadAction","target":["https:\/\/www.humanium.org\/es\/los-principios-rectores-de-la-convencion-sobre-los-derechos-del-nino\/"]}]},{"@type":"ImageObject","inLanguage":"es","@id":"https:\/\/www.humanium.org\/es\/los-principios-rectores-de-la-convencion-sobre-los-derechos-del-nino\/#primaryimage","url":"https:\/\/www.humanium.org\/es\/wp-content\/uploads\/2021\/05\/shutterstock_258035060-scaled.jpg","contentUrl":"https:\/\/www.humanium.org\/es\/wp-content\/uploads\/2021\/05\/shutterstock_258035060-scaled.jpg","width":2560,"height":1435},{"@type":"BreadcrumbList","@id":"https:\/\/www.humanium.org\/es\/los-principios-rectores-de-la-convencion-sobre-los-derechos-del-nino\/#breadcrumb","itemListElement":[{"@type":"ListItem","position":1,"name":"Home","item":"https:\/\/www.humanium.org\/es\/"},{"@type":"ListItem","position":2,"name":"Los principios rectores de la Convenci\u00f3n sobre los Derechos del Ni\u00f1o"}]},{"@type":"WebSite","@id":"https:\/\/www.humanium.org\/es\/#website","url":"https:\/\/www.humanium.org\/es\/","name":"Humanium","description":"\u00a1Los ni\u00f1os primero!","potentialAction":[{"@type":"SearchAction","target":{"@type":"EntryPoint","urlTemplate":"https:\/\/www.humanium.org\/es\/?s={search_term_string}"},"query-input":{"@type":"PropertyValueSpecification","valueRequired":true,"valueName":"search_term_string"}}],"inLanguage":"es"}]}},"_links":{"self":[{"href":"https:\/\/www.humanium.org\/es\/wp-json\/wp\/v2\/pages\/15589","targetHints":{"allow":["GET"]}}],"collection":[{"href":"https:\/\/www.humanium.org\/es\/wp-json\/wp\/v2\/pages"}],"about":[{"href":"https:\/\/www.humanium.org\/es\/wp-json\/wp\/v2\/types\/page"}],"author":[{"embeddable":true,"href":"https:\/\/www.humanium.org\/es\/wp-json\/wp\/v2\/users\/21"}],"replies":[{"embeddable":true,"href":"https:\/\/www.humanium.org\/es\/wp-json\/wp\/v2\/comments?post=15589"}],"version-history":[{"count":5,"href":"https:\/\/www.humanium.org\/es\/wp-json\/wp\/v2\/pages\/15589\/revisions"}],"predecessor-version":[{"id":15613,"href":"https:\/\/www.humanium.org\/es\/wp-json\/wp\/v2\/pages\/15589\/revisions\/15613"}],"wp:featuredmedia":[{"embeddable":true,"href":"https:\/\/www.humanium.org\/es\/wp-json\/wp\/v2\/media\/15591"}],"wp:attachment":[{"href":"https:\/\/www.humanium.org\/es\/wp-json\/wp\/v2\/media?parent=15589"}],"curies":[{"name":"wp","href":"https:\/\/api.w.org\/{rel}","templated":true}]}}