{"id":15609,"date":"2021-05-02T19:55:31","date_gmt":"2021-05-02T19:55:31","guid":{"rendered":"https:\/\/www.humanium.org\/es\/?page_id=15609"},"modified":"2021-05-02T19:55:58","modified_gmt":"2021-05-02T19:55:58","slug":"principio-de-inclusion-y-participacion","status":"publish","type":"page","link":"https:\/\/www.humanium.org\/es\/principio-de-inclusion-y-participacion\/","title":{"rendered":"Principio de inclusi\u00f3n y participaci\u00f3n"},"content":{"rendered":"\n<p><strong>El principio de inclusi\u00f3n y participaci\u00f3n se basa en el derecho al respeto de las opiniones del ni\u00f1o contemplado por el art\u00edculo\u00a012 <a href=\"https:\/\/www.humanium.org\/es\/convencion\/\">de la Convenci\u00f3n sobre los Derechos del Ni\u00f1o (CDN).<\/a> Encarna de manera \u00fanica el cambio en la percepci\u00f3n del ni\u00f1o, que pasa de ser un objeto pasivo de la ley que solo ten\u00eda necesidad de protecci\u00f3n a convertirse en un participante activo en el proceso de toma de decisiones, tal como prev\u00e9 la Convenci\u00f3n (Tobin, 2019).\u00a0<\/strong><\/p>\n\n\n\n<figure class=\"wp-block-image size-large\"><img loading=\"lazy\" decoding=\"async\" width=\"1024\" height=\"683\" src=\"https:\/\/www.humanium.org\/es\/wp-content\/uploads\/2021\/05\/shutterstock_1651768768-1024x683.jpg\" alt=\"\" class=\"wp-image-15611\" srcset=\"https:\/\/www.humanium.org\/es\/wp-content\/uploads\/2021\/05\/shutterstock_1651768768-1024x683.jpg 1024w, https:\/\/www.humanium.org\/es\/wp-content\/uploads\/2021\/05\/shutterstock_1651768768-300x200.jpg 300w, https:\/\/www.humanium.org\/es\/wp-content\/uploads\/2021\/05\/shutterstock_1651768768-768x512.jpg 768w, https:\/\/www.humanium.org\/es\/wp-content\/uploads\/2021\/05\/shutterstock_1651768768-1536x1024.jpg 1536w, https:\/\/www.humanium.org\/es\/wp-content\/uploads\/2021\/05\/shutterstock_1651768768-2048x1365.jpg 2048w, https:\/\/www.humanium.org\/es\/wp-content\/uploads\/2021\/05\/shutterstock_1651768768-830x553.jpg 830w, https:\/\/www.humanium.org\/es\/wp-content\/uploads\/2021\/05\/shutterstock_1651768768-230x153.jpg 230w, https:\/\/www.humanium.org\/es\/wp-content\/uploads\/2021\/05\/shutterstock_1651768768-350x233.jpg 350w, https:\/\/www.humanium.org\/es\/wp-content\/uploads\/2021\/05\/shutterstock_1651768768-480x320.jpg 480w, https:\/\/www.humanium.org\/es\/wp-content\/uploads\/2021\/05\/shutterstock_1651768768-272x182.jpg 272w\" sizes=\"auto, (max-width: 1024px) 100vw, 1024px\" \/><\/figure>\n\n\n\n<h2 class=\"wp-block-heading\"><strong>Historia<\/strong><\/h2>\n\n\n\n<p>En anteriores instrumentos sobre los derechos del ni\u00f1o como la Declaraci\u00f3n de 1924 y la Declaraci\u00f3n de 1959 sobre los Derechos del Ni\u00f1o, las disposiciones se centraban en el bienestar del ni\u00f1o. La intenci\u00f3n de los autores al definir al ni\u00f1o como titular independiente y activo de sus derechos (Oficina del Alto Comisionado para los Derechos Humanos, 2007) supon\u00eda centrar la atenci\u00f3n en la evoluci\u00f3n de la autonom\u00eda del ni\u00f1o (Comit\u00e9 de los Derechos del Ni\u00f1o, 2009). Este objeto y prop\u00f3sito de la Convenci\u00f3n pone de manifiesto que se considera a los ni\u00f1os como \u00abpensadores y aprendices muy activos y constructivos\u00bb (Flavell, 1992).<\/p>\n\n\n\n<h2 class=\"wp-block-heading\"><strong>T\u00e9rminos del art\u00edculo&nbsp;12<\/strong><\/h2>\n\n\n\n<p>\u00ab<em>Los Estados Partes garantizar\u00e1n al ni\u00f1o que est\u00e9 en condiciones de formarse un juicio propio el derecho de expresar su opini\u00f3n libremente en todos los asuntos que afectan al ni\u00f1o, teni\u00e9ndose debidamente en cuenta las opiniones del ni\u00f1o, en funci\u00f3n de la edad y madurez del ni\u00f1o\u00bb<\/em>. (Art\u00edculo 12.1 de la <a href=\"https:\/\/www.humanium.org\/es\/convencion\/\">CDN<\/a>)<\/p>\n\n\n\n<h3 class=\"wp-block-heading\"><em>\u00abGarantizar\u00e1n\u00bb<\/em><\/h3>\n\n\n\n<p>Este derecho impone a los Estados una estricta obligaci\u00f3n que no les brinda discreci\u00f3n alguna en la aplicaci\u00f3n y puesta en pr\u00e1ctica del derecho. En consecuencia, los Estados est\u00e1n obligados a garantizar activamente el derecho del ni\u00f1o a expresar libremente sus opiniones y a dar la debida importancia a esas opiniones.&nbsp;<\/p>\n\n\n\n<h3 class=\"wp-block-heading\"><em>\u00abQue est\u00e9 en condiciones de formarse un juicio propio\u00bb<\/em><\/h3>\n\n\n\n<p>Esta expresi\u00f3n se basa en la aplicaci\u00f3n de la presunci\u00f3n de que un ni\u00f1o tiene la capacidad de formase sus propias opiniones y no impone ning\u00fan l\u00edmite de edad para el ejercicio de este derecho. La evaluaci\u00f3n de esa capacidad obliga a los Estados a dejar atr\u00e1s la perspectiva centrada en los adultos y aplicar una perspectiva centrada en el ni\u00f1o que requiere comprender las formas espec\u00edficas en las que expresan sus opiniones los ni\u00f1os (Comit\u00e9 de los Derechos del Ni\u00f1o, 2009). La capacidad para formarse un juicio no requiere que un ni\u00f1o tenga un conocimiento completo del tema en cuesti\u00f3n; solo requiere que el menor entienda y sea consciente de que est\u00e1 expresando su opini\u00f3n sobre un tema en concreto (Tobin, 2019).&nbsp;<\/p>\n\n\n\n<h3 class=\"wp-block-heading\"><em>\u00abEl derecho de expresar su opini\u00f3n libremente\u00bb<\/em><\/h3>\n\n\n\n<p>Este aspecto del art\u00edculo\u00a012 y el derecho a ser escuchado incluye dos aspectos.\u00a0El primero tiene que ver con el t\u00e9rmino \u00ablibremente\u00bb, que significa que el derecho no impone al ni\u00f1o la obligaci\u00f3n de expresar su punto de vista, sino que le garantiza el derecho a optar por expresar su opini\u00f3n si as\u00ed lo desea. Por lo tanto, un ni\u00f1o nunca debe estar bajo presi\u00f3n ni influencia alguna a la hora de expresar sus opiniones (Comit\u00e9 de los Derechos del Ni\u00f1o, 2009).\u00a0<\/p>\n\n\n\n<p>En segundo lugar, el principio de eficacia subyacente en la <a href=\"https:\/\/www.humanium.org\/es\/convencion\/\">CDN<\/a> requiere que los Estados partes, teniendo en cuenta el contexto individual, social y cultural del ni\u00f1o, adopten medidas proactivas para brindar unas circunstancias seguras y adecuadas a la edad del menor para que este pueda expresar sus opiniones. Esas circunstancias seguras y adecuadas a su edad tambi\u00e9n incluyen la posibilidad de expresar sus puntos de vista a trav\u00e9s de medios y formas alternativas y propias de los ni\u00f1os como el arte, la danza, la poes\u00eda, la pintura, la fotograf\u00eda, otras presentaciones visuales, el correo electr\u00f3nico, el lenguaje de signos, los gestos, otras manifestaciones emocionales y el silencio (Tobin, 2019).<\/p>\n\n\n\n<h3 class=\"wp-block-heading\"><em>\u00abEn todos los asuntos que afectan al ni\u00f1o\u00bb<\/em><\/h3>\n\n\n\n<p>La expresi\u00f3n \u00ab<em>todos los asuntos<\/em>\u00bb ampl\u00eda el alcance del art\u00edculo\u00a012 de la <a href=\"https:\/\/www.humanium.org\/es\/convencion\/\">CDN<\/a> para incluir cuestiones que no se contemplan espec\u00edficamente en <a href=\"https:\/\/www.humanium.org\/es\/convencion\/\">la Convenci\u00f3n<\/a>. Esta amplia formulaci\u00f3n refleja la intenci\u00f3n de los autores de no crear un mandato pol\u00edtico general (Tobin, 2019). La inclusi\u00f3n de \u00ab<em>que afectan<\/em>\u00bb limita el alcance del art\u00edculo\u00a012 al exigir un v\u00ednculo entre el asunto en cuesti\u00f3n y el ni\u00f1o, ya sea directo o indirecto. Por lo tanto, \u00ab<em>que afectan<\/em>\u00bb incluye temas que no se refieren exclusivamente a los ni\u00f1os o a un ni\u00f1o.<\/p>\n\n\n\n<p>Esta interpretaci\u00f3n amplia tiene el objetivo de incluir a los ni\u00f1os en los procesos, decisiones, acciones y omisiones sociales, judiciales y administrativas para mejorar la calidad de las soluciones (Comit\u00e9 sobre los Derechos del Ni\u00f1o, 2009). El Comit\u00e9 sobre los Derechos del Ni\u00f1o (Comit\u00e9 CDN), en su Observaci\u00f3n General N.\u00ba\u00a012, incluye una lista no exhaustiva de las situaciones que suelen afectar a un ni\u00f1o, como la familia, la asistencia alternativa, la atenci\u00f3n sanitaria, la educaci\u00f3n y la escuela, el juego, la recreaci\u00f3n, los deportes, las actividades culturales, los lugares de trabajo, las situaciones de violencia, la elaboraci\u00f3n de estrategias de prevenci\u00f3n, los procedimientos de inmigraci\u00f3n y asilo, las situaciones de emergencia y los \u00e1mbitos nacionales e internacionales (Comit\u00e9 sobre los Derechos del Ni\u00f1o, 2009).\u00a0<\/p>\n\n\n\n<h3 class=\"wp-block-heading\"><em>\u00abTeni\u00e9ndose debidamente en cuenta las opiniones del ni\u00f1o, en funci\u00f3n de la edad y madurez del ni\u00f1o\u00bb<\/em><\/h3>\n\n\n\n<p>Este elemento del art\u00edculo&nbsp;12 de la <a href=\"https:\/\/www.humanium.org\/es\/convencion\/\">CDN<\/a> garantiza que no solo se brinde al ni\u00f1o la oportunidad de expresar sus opiniones y de que le escuchen, sino que tambi\u00e9n se considere seriamente su opini\u00f3n. Esa consideraci\u00f3n seria requiere examinar tanto la capacidad del ni\u00f1o como el impacto del asunto en cuesti\u00f3n para el ni\u00f1o (Comit\u00e9 de los Derechos del Ni\u00f1o, 2009).&nbsp;<\/p>\n\n\n\n<p>En primer lugar, la capacidad de evolucionar del ni\u00f1o requiere una evaluaci\u00f3n individual, en cada caso concreto, de la edad y madurez del menor. La edad \u2013biol\u00f3gica\u2013 del ni\u00f1o no puede ser el \u00fanico factor determinante porque solo indica la capacidad del ni\u00f1o (Comit\u00e9 de los Derechos del Ni\u00f1o, 2009). La madurez se refiere a la capacidad para entender y evaluar las implicaciones de un asunto en juego y para expresar sus opiniones. Al contrario que en la edad del ni\u00f1o, en la citada capacidad influyen la propia experiencia de vida del ni\u00f1o, su nivel de educaci\u00f3n, su inteligencia, su empat\u00eda y la informaci\u00f3n de que dispone (Tobin, 2019).&nbsp;<\/p>\n\n\n\n<p>Otro factor determinante para la importancia que debe darse a las opiniones del ni\u00f1o es el nivel de impacto del asunto en un ni\u00f1o. En caso de que el impacto de un asunto espec\u00edfico sea considerable para el ni\u00f1o, debe darse mayor importancia a la consideraci\u00f3n de sus opiniones. Del mismo modo, la importancia de justificar que una decisi\u00f3n es coherente con la opini\u00f3n del ni\u00f1o ser\u00e1 mayor en los casos de gran impacto para el ni\u00f1o (Tobin, 2019).&nbsp;<\/p>\n\n\n\n<p><strong><em>Escrito por Alexander Weihrauch<\/em><\/strong><\/p>\n\n\n\n<p><strong><em>Traducido por Eva Milla<\/em><\/strong><\/p>\n\n\n\n<p><strong><em>\u00daltima actualizaci\u00f3n el 2 de marzo de 2021<\/em><\/strong><\/p>\n\n\n\n<h4 class=\"wp-block-heading\"><strong>Bibliograf\u00eda:<\/strong><\/h4>\n\n\n\n<p class=\"has-small-font-size\">Flavell, John (1992), Cognitive Development: Past Present and Future; published in Lee, Kang (2000), Childhood Cognitive Development: The Essential Readings; in: Tobin, John (28 March 2019), The UN Convention on the Rights of the Child: A Commentary\u201d, Oxford Commentaries on International Law, Chapter 13, Oxford Scholarly Authorities on International Law (OSAIL).&nbsp;<\/p>\n\n\n\n<p class=\"has-small-font-size\">1989 UN Convention on the Rights of the Child<\/p>\n\n\n\n<p class=\"has-small-font-size\">Office of the High Commissioner on Human Rights (2007), Legislative History of the Convention on the Rights of the Child (\u2018Legislative History\u2019), p. 365.&nbsp;<\/p>\n\n\n\n<p class=\"has-small-font-size\"><a href=\"https:\/\/www.refworld.org\/docid\/4ae562c52.html\" target=\"_blank\" rel=\"noreferrer noopener\">Tobin, John (28 March 2019), The UN Convention on the Rights of the Child: A Commentary\u201d, Oxford Commentaries on International Law, Chapter 4, 7 and 13, Oxford Scholarly Authorities on International Law (OSAIL).&nbsp;Committee on the Rights of the Child (20 July 2009), General Comment no. 12 on the Right of the Child to be heard, CRC\/C\/GC\/12 retrieved from refworld.org.<\/a><\/p>\n","protected":false},"excerpt":{"rendered":"<p>El principio de inclusi\u00f3n y participaci\u00f3n se basa en el derecho al respeto de las opiniones del ni\u00f1o contemplado por el art\u00edculo\u00a012 de la Convenci\u00f3n sobre los Derechos del Ni\u00f1o (CDN). Encarna de manera \u00fanica el cambio en la percepci\u00f3n del ni\u00f1o, que pasa de ser un objeto pasivo de la ley que solo ten\u00eda [&hellip;]<\/p>\n","protected":false},"author":21,"featured_media":15611,"parent":0,"menu_order":0,"comment_status":"closed","ping_status":"closed","template":"","meta":{"footnotes":""},"class_list":["post-15609","page","type-page","status-publish","has-post-thumbnail","hentry"],"yoast_head":"<!-- This site is optimized with the Yoast SEO plugin v26.5 - https:\/\/yoast.com\/wordpress\/plugins\/seo\/ -->\n<title>Principio de inclusi\u00f3n y participaci\u00f3n - Humanium<\/title>\n<meta name=\"description\" content=\"El principio de inclusi\u00f3n y participaci\u00f3n se basa en el derecho al respeto de las opiniones del ni\u00f1o contemplado en la Convenci\u00f3n.\" \/>\n<meta name=\"robots\" content=\"index, follow, max-snippet:-1, max-image-preview:large, max-video-preview:-1\" \/>\n<link rel=\"canonical\" href=\"https:\/\/www.humanium.org\/es\/principio-de-inclusion-y-participacion\/\" \/>\n<meta property=\"og:locale\" content=\"es_ES\" \/>\n<meta property=\"og:type\" content=\"article\" \/>\n<meta property=\"og:title\" content=\"Principio de inclusi\u00f3n y participaci\u00f3n - Humanium\" \/>\n<meta property=\"og:description\" content=\"El principio de inclusi\u00f3n y participaci\u00f3n se basa en el derecho al respeto de las opiniones del ni\u00f1o contemplado en la Convenci\u00f3n.\" \/>\n<meta property=\"og:url\" content=\"https:\/\/www.humanium.org\/es\/principio-de-inclusion-y-participacion\/\" \/>\n<meta property=\"og:site_name\" content=\"Humanium\" \/>\n<meta property=\"article:modified_time\" content=\"2021-05-02T19:55:58+00:00\" \/>\n<meta property=\"og:image\" content=\"https:\/\/www.humanium.org\/es\/wp-content\/uploads\/2021\/05\/shutterstock_1651768768-scaled.jpg\" \/>\n\t<meta property=\"og:image:width\" content=\"2560\" \/>\n\t<meta property=\"og:image:height\" content=\"1706\" \/>\n\t<meta property=\"og:image:type\" content=\"image\/jpeg\" \/>\n<meta name=\"twitter:card\" content=\"summary_large_image\" \/>\n<meta name=\"twitter:label1\" content=\"Tiempo de lectura\" \/>\n\t<meta name=\"twitter:data1\" content=\"6 minutos\" \/>\n<script type=\"application\/ld+json\" class=\"yoast-schema-graph\">{\"@context\":\"https:\/\/schema.org\",\"@graph\":[{\"@type\":\"WebPage\",\"@id\":\"https:\/\/www.humanium.org\/es\/principio-de-inclusion-y-participacion\/\",\"url\":\"https:\/\/www.humanium.org\/es\/principio-de-inclusion-y-participacion\/\",\"name\":\"Principio de inclusi\u00f3n y participaci\u00f3n - Humanium\",\"isPartOf\":{\"@id\":\"https:\/\/www.humanium.org\/es\/#website\"},\"primaryImageOfPage\":{\"@id\":\"https:\/\/www.humanium.org\/es\/principio-de-inclusion-y-participacion\/#primaryimage\"},\"image\":{\"@id\":\"https:\/\/www.humanium.org\/es\/principio-de-inclusion-y-participacion\/#primaryimage\"},\"thumbnailUrl\":\"https:\/\/www.humanium.org\/es\/wp-content\/uploads\/2021\/05\/shutterstock_1651768768-scaled.jpg\",\"datePublished\":\"2021-05-02T19:55:31+00:00\",\"dateModified\":\"2021-05-02T19:55:58+00:00\",\"description\":\"El principio de inclusi\u00f3n y participaci\u00f3n se basa en el derecho al respeto de las opiniones del ni\u00f1o contemplado en la Convenci\u00f3n.\",\"breadcrumb\":{\"@id\":\"https:\/\/www.humanium.org\/es\/principio-de-inclusion-y-participacion\/#breadcrumb\"},\"inLanguage\":\"es\",\"potentialAction\":[{\"@type\":\"ReadAction\",\"target\":[\"https:\/\/www.humanium.org\/es\/principio-de-inclusion-y-participacion\/\"]}]},{\"@type\":\"ImageObject\",\"inLanguage\":\"es\",\"@id\":\"https:\/\/www.humanium.org\/es\/principio-de-inclusion-y-participacion\/#primaryimage\",\"url\":\"https:\/\/www.humanium.org\/es\/wp-content\/uploads\/2021\/05\/shutterstock_1651768768-scaled.jpg\",\"contentUrl\":\"https:\/\/www.humanium.org\/es\/wp-content\/uploads\/2021\/05\/shutterstock_1651768768-scaled.jpg\",\"width\":2560,\"height\":1706},{\"@type\":\"BreadcrumbList\",\"@id\":\"https:\/\/www.humanium.org\/es\/principio-de-inclusion-y-participacion\/#breadcrumb\",\"itemListElement\":[{\"@type\":\"ListItem\",\"position\":1,\"name\":\"Home\",\"item\":\"https:\/\/www.humanium.org\/es\/\"},{\"@type\":\"ListItem\",\"position\":2,\"name\":\"Principio de inclusi\u00f3n y participaci\u00f3n\"}]},{\"@type\":\"WebSite\",\"@id\":\"https:\/\/www.humanium.org\/es\/#website\",\"url\":\"https:\/\/www.humanium.org\/es\/\",\"name\":\"Humanium\",\"description\":\"\u00a1Los ni\u00f1os primero!\",\"potentialAction\":[{\"@type\":\"SearchAction\",\"target\":{\"@type\":\"EntryPoint\",\"urlTemplate\":\"https:\/\/www.humanium.org\/es\/?s={search_term_string}\"},\"query-input\":{\"@type\":\"PropertyValueSpecification\",\"valueRequired\":true,\"valueName\":\"search_term_string\"}}],\"inLanguage\":\"es\"}]}<\/script>\n<!-- \/ Yoast SEO plugin. -->","yoast_head_json":{"title":"Principio de inclusi\u00f3n y participaci\u00f3n - Humanium","description":"El principio de inclusi\u00f3n y participaci\u00f3n se basa en el derecho al respeto de las opiniones del ni\u00f1o contemplado en la Convenci\u00f3n.","robots":{"index":"index","follow":"follow","max-snippet":"max-snippet:-1","max-image-preview":"max-image-preview:large","max-video-preview":"max-video-preview:-1"},"canonical":"https:\/\/www.humanium.org\/es\/principio-de-inclusion-y-participacion\/","og_locale":"es_ES","og_type":"article","og_title":"Principio de inclusi\u00f3n y participaci\u00f3n - Humanium","og_description":"El principio de inclusi\u00f3n y participaci\u00f3n se basa en el derecho al respeto de las opiniones del ni\u00f1o contemplado en la Convenci\u00f3n.","og_url":"https:\/\/www.humanium.org\/es\/principio-de-inclusion-y-participacion\/","og_site_name":"Humanium","article_modified_time":"2021-05-02T19:55:58+00:00","og_image":[{"width":2560,"height":1706,"url":"https:\/\/www.humanium.org\/es\/wp-content\/uploads\/2021\/05\/shutterstock_1651768768-scaled.jpg","type":"image\/jpeg"}],"twitter_card":"summary_large_image","twitter_misc":{"Tiempo de lectura":"6 minutos"},"schema":{"@context":"https:\/\/schema.org","@graph":[{"@type":"WebPage","@id":"https:\/\/www.humanium.org\/es\/principio-de-inclusion-y-participacion\/","url":"https:\/\/www.humanium.org\/es\/principio-de-inclusion-y-participacion\/","name":"Principio de inclusi\u00f3n y participaci\u00f3n - Humanium","isPartOf":{"@id":"https:\/\/www.humanium.org\/es\/#website"},"primaryImageOfPage":{"@id":"https:\/\/www.humanium.org\/es\/principio-de-inclusion-y-participacion\/#primaryimage"},"image":{"@id":"https:\/\/www.humanium.org\/es\/principio-de-inclusion-y-participacion\/#primaryimage"},"thumbnailUrl":"https:\/\/www.humanium.org\/es\/wp-content\/uploads\/2021\/05\/shutterstock_1651768768-scaled.jpg","datePublished":"2021-05-02T19:55:31+00:00","dateModified":"2021-05-02T19:55:58+00:00","description":"El principio de inclusi\u00f3n y participaci\u00f3n se basa en el derecho al respeto de las opiniones del ni\u00f1o contemplado en la Convenci\u00f3n.","breadcrumb":{"@id":"https:\/\/www.humanium.org\/es\/principio-de-inclusion-y-participacion\/#breadcrumb"},"inLanguage":"es","potentialAction":[{"@type":"ReadAction","target":["https:\/\/www.humanium.org\/es\/principio-de-inclusion-y-participacion\/"]}]},{"@type":"ImageObject","inLanguage":"es","@id":"https:\/\/www.humanium.org\/es\/principio-de-inclusion-y-participacion\/#primaryimage","url":"https:\/\/www.humanium.org\/es\/wp-content\/uploads\/2021\/05\/shutterstock_1651768768-scaled.jpg","contentUrl":"https:\/\/www.humanium.org\/es\/wp-content\/uploads\/2021\/05\/shutterstock_1651768768-scaled.jpg","width":2560,"height":1706},{"@type":"BreadcrumbList","@id":"https:\/\/www.humanium.org\/es\/principio-de-inclusion-y-participacion\/#breadcrumb","itemListElement":[{"@type":"ListItem","position":1,"name":"Home","item":"https:\/\/www.humanium.org\/es\/"},{"@type":"ListItem","position":2,"name":"Principio de inclusi\u00f3n y participaci\u00f3n"}]},{"@type":"WebSite","@id":"https:\/\/www.humanium.org\/es\/#website","url":"https:\/\/www.humanium.org\/es\/","name":"Humanium","description":"\u00a1Los ni\u00f1os primero!","potentialAction":[{"@type":"SearchAction","target":{"@type":"EntryPoint","urlTemplate":"https:\/\/www.humanium.org\/es\/?s={search_term_string}"},"query-input":{"@type":"PropertyValueSpecification","valueRequired":true,"valueName":"search_term_string"}}],"inLanguage":"es"}]}},"_links":{"self":[{"href":"https:\/\/www.humanium.org\/es\/wp-json\/wp\/v2\/pages\/15609","targetHints":{"allow":["GET"]}}],"collection":[{"href":"https:\/\/www.humanium.org\/es\/wp-json\/wp\/v2\/pages"}],"about":[{"href":"https:\/\/www.humanium.org\/es\/wp-json\/wp\/v2\/types\/page"}],"author":[{"embeddable":true,"href":"https:\/\/www.humanium.org\/es\/wp-json\/wp\/v2\/users\/21"}],"replies":[{"embeddable":true,"href":"https:\/\/www.humanium.org\/es\/wp-json\/wp\/v2\/comments?post=15609"}],"version-history":[{"count":2,"href":"https:\/\/www.humanium.org\/es\/wp-json\/wp\/v2\/pages\/15609\/revisions"}],"predecessor-version":[{"id":15612,"href":"https:\/\/www.humanium.org\/es\/wp-json\/wp\/v2\/pages\/15609\/revisions\/15612"}],"wp:featuredmedia":[{"embeddable":true,"href":"https:\/\/www.humanium.org\/es\/wp-json\/wp\/v2\/media\/15611"}],"wp:attachment":[{"href":"https:\/\/www.humanium.org\/es\/wp-json\/wp\/v2\/media?parent=15609"}],"curies":[{"name":"wp","href":"https:\/\/api.w.org\/{rel}","templated":true}]}}