{"id":1787,"date":"2013-05-28T15:32:47","date_gmt":"2013-05-28T15:32:47","guid":{"rendered":"http:\/\/www.humanium.org\/es\/?page_id=1787"},"modified":"2025-12-13T21:02:08","modified_gmt":"2025-12-13T21:02:08","slug":"republica-centroafricana","status":"publish","type":"page","link":"https:\/\/www.humanium.org\/es\/republica-centroafricana\/","title":{"rendered":"Ni\u00f1os de Rep\u00fablica Centroafricana"},"content":{"rendered":"\n<h2 class=\"wp-block-heading\">Descubriendo los Derechos del Ni\u00f1o en Rep\u00fablica Centroafricana<\/h2>\n\n\n\n<div class=\"wp-block-columns is-layout-flex wp-container-core-columns-is-layout-9d6595d7 wp-block-columns-is-layout-flex\">\n<div class=\"wp-block-column is-layout-flow wp-block-column-is-layout-flow\"><div class=\"wp-block-image is-style-rounded\">\n<figure class=\"aligncenter size-large\"><img loading=\"lazy\" decoding=\"async\" width=\"200\" height=\"200\" src=\"https:\/\/www.humanium.org\/es\/wp-content\/uploads\/2021\/03\/shutterstock_1297014763.jpg\" alt=\"\" class=\"wp-image-15420\" srcset=\"https:\/\/www.humanium.org\/es\/wp-content\/uploads\/2021\/03\/shutterstock_1297014763.jpg 200w, https:\/\/www.humanium.org\/es\/wp-content\/uploads\/2021\/03\/shutterstock_1297014763-150x150.jpg 150w\" sizes=\"auto, (max-width: 200px) 100vw, 200px\" \/><\/figure>\n<\/div><\/div>\n\n\n\n<div class=\"wp-block-column is-layout-flow wp-block-column-is-layout-flow\"><div class=\"wp-block-image is-style-rounded\">\n<figure class=\"aligncenter size-large\"><img loading=\"lazy\" decoding=\"async\" width=\"200\" height=\"200\" src=\"https:\/\/www.humanium.org\/es\/wp-content\/uploads\/2021\/03\/shutterstock_1299273592.jpg\" alt=\"\" class=\"wp-image-15421\" srcset=\"https:\/\/www.humanium.org\/es\/wp-content\/uploads\/2021\/03\/shutterstock_1299273592.jpg 200w, https:\/\/www.humanium.org\/es\/wp-content\/uploads\/2021\/03\/shutterstock_1299273592-150x150.jpg 150w\" sizes=\"auto, (max-width: 200px) 100vw, 200px\" \/><\/figure>\n<\/div><\/div>\n<\/div>\n\n\n\n<p><strong>Los ni\u00f1os de la Rep\u00fablica Centroafricana a menudo no pueden disfrutar del cumplimiento de sus derechos debido al dif\u00edcil contexto en el que viven. Los ni\u00f1os son vulnerables a graves riesgos que afectan sus derechos, incluido el reclutamiento en situaciones de conflicto, el uso de ni\u00f1os soldados, el trabajo infantil, la obstrucci\u00f3n del acceso a la educaci\u00f3n y el desplazamiento forzado. <\/strong><\/p>\n\n\n\n<iframe src=\"https:\/\/www.google.com\/maps\/embed?pb=!1m18!1m12!1m3!1d16235986.377981717!2d11.890230990402648!3d6.538870975269697!2m3!1f0!2f0!3f0!3m2!1i1024!2i768!4f13.1!3m3!1m2!1s0x10b8e9538d86a2b7%3A0xb89bc6025a5c8024!2sCentral%20African%20Republic!5e0!3m2!1sen!2shr!4v1615895456301!5m2!1sen!2shr\" width=\"600\" height=\"450\" style=\"border:0;\" allowfullscreen=\"\" loading=\"lazy\"><\/iframe>\n\n\n\n<div class=\"wp-block-columns is-layout-flex wp-container-core-columns-is-layout-9d6595d7 wp-block-columns-is-layout-flex\">\n<div class=\"wp-block-column is-layout-flow wp-block-column-is-layout-flow\">\n<p><strong>Poblaci\u00f3n :<\/strong> 4,7 millones<br><strong>Pob. de 0 a 14 a\u00f1os :<\/strong> 44 %<\/p>\n<\/div>\n\n\n\n<div class=\"wp-block-column is-layout-flow wp-block-column-is-layout-flow\">\n<p><strong>Esperanza de vida:<\/strong> 53 a\u00f1os<br><strong>Mortalidad en menores de 5 a\u00f1os:<\/strong> 116 \u2030<\/p>\n<\/div>\n<\/div>\n\n\n\n<h2 class=\"wp-block-heading\"><strong>Rep\u00fablica Centroafricana<strong>&nbsp;a grandes rasgos<\/strong><\/strong><\/h2>\n\n\n\n<p>La Rep\u00fablica Centroafricana es un pa\u00eds sango y franc\u00f3fono sin litoral en el centro del continente africano. Se encuentra entre los <a href=\"https:\/\/www.humanium.org\/es\/enfoques-tematicos\/pobreza\/\">m\u00e1s pobres<\/a> y con mayor <a href=\"https:\/\/www.humanium.org\/es\/derecho-alimentacion\/\">inseguridad alimentaria<\/a> del mundo, a pesar de sus ricas reservas y recursos minerales. La Rep\u00fablica Centroafricana se ha visto envuelta en una violenta <a href=\"https:\/\/www.humanium.org\/es\/enfoques-tematicos\/violencia\/ninos-guerra\/\">guerra civil<\/a> desde 2012, y el <a href=\"https:\/\/www.humanium.org\/es\/enfoques-tematicos\/violencia\/ninos-guerra\/\">conflicto<\/a> en curso ha provocado que al menos 2,6 millones de centroafricanos, incluidos 1,2 millones de ni\u00f1os, necesiten asistencia urgente y que 1 mill\u00f3n de personas hayan sido <a href=\"https:\/\/www.humanium.org\/es\/enfoques-tematicos\/aislamiento-desarraigo\/ninos-desplazados\/\">desplazadas<\/a> por la fuerza (Haynes, 2019; UNICEF, 2020).<\/p>\n\n\n\n<p>En la Rep\u00fablica Centroafricana, los ni\u00f1os constituyen una gran parte de la poblaci\u00f3n del pa\u00eds, ya que casi la mitad de todos los centroafricanos tienen menos de 14 a\u00f1os (Aldeas Infantiles SOS, 2020; Guterres, 2020). En 2018, el 71% de la poblaci\u00f3n viv\u00eda por debajo de la l\u00ednea de <a href=\"https:\/\/www.humanium.org\/es\/enfoques-tematicos\/pobreza\/\">pobreza<\/a> internacional (Banco Mundial, 2020). A pesar de que m\u00e1s de la mitad de la poblaci\u00f3n del pa\u00eds necesitaba asistencia humanitaria, el plan de respuesta humanitaria segu\u00eda teniendo una grave falta de financiaci\u00f3n (HRW, 2019).<\/p>\n\n\n\n<p>Setenta y cinco a\u00f1os de colonialismo <a href=\"https:\/\/www.humanium.org\/es\/europa-caucaso\/\"><u>europeo<\/u><\/a> brutal, desde 1885 hasta la independencia del pa\u00eds en 1960, tuvieron y siguen teniendo un impacto devastador en la Rep\u00fablica Centroafricana, y allanaron el camino para muchas de las dificultades que el pa\u00eds contin\u00faa afrontando hoy. Durante la disputa por <a href=\"https:\/\/www.humanium.org\/es\/africa\/\"><u>\u00c1frica<\/u><\/a>, el pa\u00eds fue invadido por <a href=\"https:\/\/www.humanium.org\/es\/francia\/\"><u>Francia<\/u><\/a>, que procedi\u00f3 a despojar activos de la tierra y permitir que las corporaciones privadas aterrorizaran a gran parte de la poblaci\u00f3n que se ve\u00eda obligada a realizar trabajos forzados donde cosecharon caf\u00e9, algod\u00f3n, caucho y otros recursos locales para la riqueza de sus esclavistas <a href=\"https:\/\/www.humanium.org\/es\/europa-caucaso\/\"><u>europeos<\/u><\/a>. La violencia del trabajo forzado de esclavos que llev\u00f3 a la construcci\u00f3n del ferrocarril Congo-Oc\u00e9ano mat\u00f3 a m\u00e1s de 17.000 personas (BBC, n.d.; Hochschild, 2017).<\/p>\n\n\n\n<p>A pesar de m\u00e1s de tres a\u00f1os de rebeli\u00f3n contra los colonizadores a principios del siglo XX, a trav\u00e9s de la <a href=\"https:\/\/www.humanium.org\/es\/enfoques-tematicos\/violencia\/ninos-guerra\/\"><u>Guerra<\/u><\/a> de Baya, la Rep\u00fablica Centroafricana no obtuvo la independencia hasta 1960, despu\u00e9s de lo cual <a href=\"https:\/\/www.humanium.org\/es\/francia\/\"><u>Francia<\/u><\/a> continu\u00f3 desempe\u00f1ando un papel central en su socioeconom\u00eda (Hochschild, 2017). <a href=\"https:\/\/www.humanium.org\/es\/derechos-ninos\/\"><u>Los derechos del ni\u00f1o<\/u><\/a> en la Rep\u00fablica Centroafricana se desarrollan en un contexto altamente complejo y dif\u00edcil de guerra, emergencia clim\u00e1tica, poscolonialismo y orden internacional neoliberal. La naci\u00f3n ha tomado medidas en los \u00faltimos a\u00f1os para mejorar el marco de protecci\u00f3n infantil del pa\u00eds, pero siguen existiendo desaf\u00edos estructurales y cotidianos que afectan seriamente la vida de los <a href=\"https:\/\/www.humanium.org\/es\/derechos-ninos\/\"><u>ni\u00f1os<\/u><\/a>.<\/p>\n\n\n\n<h2 class=\"wp-block-heading\"><strong>Estado de los derechos del ni\u00f1o <\/strong><a href=\"#_ftn1\"><sup>[1]<\/sup><\/a><\/h2>\n\n\n<div class=\"wp-block-image\">\n<figure class=\"alignright size-large is-resized\"><img loading=\"lazy\" decoding=\"async\" width=\"1024\" height=\"683\" src=\"https:\/\/www.humanium.org\/es\/wp-content\/uploads\/2021\/03\/shutterstock_213356764-1024x683.jpg\" alt=\"\" class=\"wp-image-15425\" style=\"width:426px;height:284px\" srcset=\"https:\/\/www.humanium.org\/es\/wp-content\/uploads\/2021\/03\/shutterstock_213356764-1024x683.jpg 1024w, https:\/\/www.humanium.org\/es\/wp-content\/uploads\/2021\/03\/shutterstock_213356764-300x200.jpg 300w, https:\/\/www.humanium.org\/es\/wp-content\/uploads\/2021\/03\/shutterstock_213356764-768x512.jpg 768w, https:\/\/www.humanium.org\/es\/wp-content\/uploads\/2021\/03\/shutterstock_213356764-1536x1024.jpg 1536w, https:\/\/www.humanium.org\/es\/wp-content\/uploads\/2021\/03\/shutterstock_213356764-2048x1365.jpg 2048w, https:\/\/www.humanium.org\/es\/wp-content\/uploads\/2021\/03\/shutterstock_213356764-830x553.jpg 830w, https:\/\/www.humanium.org\/es\/wp-content\/uploads\/2021\/03\/shutterstock_213356764-230x153.jpg 230w, https:\/\/www.humanium.org\/es\/wp-content\/uploads\/2021\/03\/shutterstock_213356764-350x233.jpg 350w, https:\/\/www.humanium.org\/es\/wp-content\/uploads\/2021\/03\/shutterstock_213356764-480x320.jpg 480w, https:\/\/www.humanium.org\/es\/wp-content\/uploads\/2021\/03\/shutterstock_213356764-272x182.jpg 272w\" sizes=\"auto, (max-width: 1024px) 100vw, 1024px\" \/><\/figure>\n<\/div>\n\n\n<p>En la Rep\u00fablica Centroafricana, existe un <a href=\"https:\/\/www.humanium.org\/es\/justicia\/\"><u>marco legal<\/u><\/a> nacional establecido para la <a href=\"https:\/\/www.humanium.org\/es\/derecho-proteccion\/\"><u>protecci\u00f3n<\/u><\/a> de los derechos del ni\u00f1o, y el pa\u00eds ha ratificado tratados internacionales clave sobre los derechos del ni\u00f1o, incluida <a href=\"https:\/\/www.humanium.org\/es\/convencion-adaptada\/\"><u>la Convenci\u00f3n sobre los Derechos del Ni\u00f1o<\/u><\/a> (CDN) y sus dos <u>Protocolos facultativos<\/u>. En 2005, el gobierno de la Rep\u00fablica Centroafricana ratific\u00f3 la Carta Africana sobre los Derechos y el Bienestar del Ni\u00f1o. En 2017 tambi\u00e9n ratific\u00f3 el Protocolo Facultativo de la Convenci\u00f3n sobre los Derechos del Ni\u00f1o que proh\u00edbe la participaci\u00f3n de ni\u00f1os en conflictos armados. Sin embargo, el pa\u00eds no es parte del Convenio de La Haya de 1980 sobre los aspectos civiles de la abducci\u00f3n internacional de menores.<\/p>\n\n\n\n<p>La Constituci\u00f3n de la Rep\u00fablica Centroafricana proh\u00edbe expl\u00edcitamente la <a href=\"https:\/\/www.humanium.org\/es\/violencia\/\"><u>violencia<\/u><\/a> contra mujeres y <a href=\"https:\/\/www.humanium.org\/es\/enfoques-tematicos\/discriminacion\/derechos-ninas\/\"><u>ni\u00f1as<\/u><\/a>, mientras que la legislaci\u00f3n nacional penaliza la obtenci\u00f3n, ejecuci\u00f3n, arreglo o asistencia de actos de <a href=\"https:\/\/www.humanium.org\/es\/enfoques-tematicos\/practicas-culturales\/mutilacion-genital\/\"><u>mutilaci\u00f3n genital femenina<\/u><\/a>. Sin embargo, parece haber una falta generalizada de aplicaci\u00f3n de estas leyes, sin que se hayan procesado delitos graves desde 2013 y muchos grupos hayan llevado a cabo actos de <a href=\"https:\/\/www.humanium.org\/es\/violencia\/\"><u>violencia<\/u><\/a> sexual con impunidad. En 2016, el Consejo de Derechos Humanos de la ONU se\u00f1al\u00f3 que la \u00abjusticia penal sigue siendo pr\u00e1cticamente inexistente\u00bb en la Rep\u00fablica Centroafricana y que, entre 2015 y 2017, el Tribunal Penal de Bangui celebr\u00f3 solo una sesi\u00f3n despu\u00e9s de un periodo de inactividad de cinco a\u00f1os (Consejo de Derechos Humanos, 2016).<\/p>\n\n\n\n<p>La falta de recursos y personal sigue siendo un obst\u00e1culo importante y, fuera de Bangui, el acceso a los recursos judiciales es a\u00fan m\u00e1s limitado (28 Too Many, 2018). Si bien existen disposiciones importantes para el respeto de los derechos del ni\u00f1o, las brechas en el marco legal nacional y su aplicaci\u00f3n dejan a los ni\u00f1os vulnerables en t\u00e9rminos de <a href=\"https:\/\/www.humanium.org\/es\/justicia\/\"><u>protecci\u00f3n judicial<\/u><\/a>, la defensa de sus derechos y <a href=\"https:\/\/www.humanium.org\/es\/justicia\/\"><u>responsabilidad<\/u><\/a> por cualquier violaci\u00f3n de los mismos.<\/p>\n\n\n\n<h2 class=\"wp-block-heading\"><strong><strong>Abordando las necesidades de los ni\u00f1os<\/strong><\/strong><\/h2>\n\n\n\n<h3 class=\"wp-block-heading\">Derecho a la vida<\/h3>\n\n\n\n<p>La tasa de mortalidad de ni\u00f1os menores de cinco a\u00f1os en la Rep\u00fablica Centroafricana es la sexta m\u00e1s alta del mundo, con 116 de cada 1000 ni\u00f1os <a href=\"https:\/\/www.humanium.org\/es\/derecho-vida\/\"><u>que pierden la vida<\/u><\/a> antes de cumplir cinco a\u00f1os (UNICEF, 2020). Si bien esta tasa est\u00e1 disminuyendo y se ha reducido en las \u00faltimas d\u00e9cadas, representa una grave amenaza para el <a href=\"https:\/\/www.humanium.org\/es\/derecho-vida\/\"><u>derecho a la vida<\/u><\/a> de los reci\u00e9n nacidos e infantes de \u00c1frica Central, al igual que la alta tasa de mortalidad materna (Banco Mundial, 2020). El derecho a la vida del ni\u00f1o est\u00e1 consagrado en el art\u00edculo 6 de la CDN, que estipula que todos los ni\u00f1os tienen el <a href=\"https:\/\/www.humanium.org\/es\/derecho-vida\/\"><u>derecho a la supervivencia y el desarrollo<\/u><\/a>. En su informe de 2019, el Secretario General de las Naciones Unidas inform\u00f3 que hab\u00eda al menos 96 ni\u00f1os registrados como <a href=\"https:\/\/www.humanium.org\/es\/violencia\/\"><u>asesinados<\/u><\/a> o mutilados por un grupo armado en el a\u00f1o, algunos de tan solo 6 meses de edad, con m\u00e1s <a href=\"https:\/\/www.humanium.org\/es\/violencia\/\"><u>v\u00edctimas infantiles<\/u><\/a> resultantes principalmente de tiroteos (Guterres, 2019).<\/p>\n\n\n\n<p>La ley nacional penaliza el <a href=\"https:\/\/www.humanium.org\/es\/abuso-infantil\/\"><u>abuso<\/u><\/a> parental de ni\u00f1os menores de 15 a\u00f1os. La Unidad Mixta para la Represi\u00f3n de la Violencia contra la Mujer y la Protecci\u00f3n de los Ni\u00f1os investig\u00f3 2.093 casos de <a href=\"https:\/\/www.humanium.org\/es\/abuso-infantil\/\"><u>abuso infantil<\/u><\/a> entre junio de 2017 y el 31 de agosto de 2019 (Departamento de Estado de EE. UU., 2019). El actual <a href=\"https:\/\/www.humanium.org\/es\/enfoques-tematicos\/violencia\/ninos-guerra\/\"><u>conflicto<\/u><\/a> en la Rep\u00fablica Centroafricana plantea la amenaza m\u00e1s seria para el <a href=\"https:\/\/www.humanium.org\/es\/derecho-vida\/\"><u>derecho a la vida<\/u><\/a> de los ni\u00f1os, particularmente en las regiones m\u00e1s afectadas por el <a href=\"https:\/\/www.humanium.org\/es\/enfoques-tematicos\/violencia\/ninos-guerra\/\"><u>conflicto<\/u><\/a> y a la luz de la utilizaci\u00f3n com\u00fan de <a href=\"https:\/\/www.humanium.org\/es\/enfoques-tematicos\/violencia\/ninos-soldado\/\"><u>ni\u00f1os soldados<\/u><\/a>, con otros desaf\u00edos contextuales que agravan esta grave amenaza.<\/p>\n\n\n\n<h3 class=\"wp-block-heading\"><a href=\"https:\/\/www.humanium.org\/es\/derecho-educacion\/\">Derecho a la educaci\u00f3n<\/a><\/h3>\n\n\n<div class=\"wp-block-image\">\n<figure class=\"alignleft size-large is-resized\"><img loading=\"lazy\" decoding=\"async\" width=\"1024\" height=\"683\" src=\"https:\/\/www.humanium.org\/es\/wp-content\/uploads\/2021\/03\/shutterstock_1307440675-1024x683.jpg\" alt=\"\" class=\"wp-image-15426\" style=\"width:431px;height:287px\" srcset=\"https:\/\/www.humanium.org\/es\/wp-content\/uploads\/2021\/03\/shutterstock_1307440675-1024x683.jpg 1024w, https:\/\/www.humanium.org\/es\/wp-content\/uploads\/2021\/03\/shutterstock_1307440675-300x200.jpg 300w, https:\/\/www.humanium.org\/es\/wp-content\/uploads\/2021\/03\/shutterstock_1307440675-768x512.jpg 768w, https:\/\/www.humanium.org\/es\/wp-content\/uploads\/2021\/03\/shutterstock_1307440675-1536x1024.jpg 1536w, https:\/\/www.humanium.org\/es\/wp-content\/uploads\/2021\/03\/shutterstock_1307440675-2048x1365.jpg 2048w, https:\/\/www.humanium.org\/es\/wp-content\/uploads\/2021\/03\/shutterstock_1307440675-830x553.jpg 830w, https:\/\/www.humanium.org\/es\/wp-content\/uploads\/2021\/03\/shutterstock_1307440675-230x153.jpg 230w, https:\/\/www.humanium.org\/es\/wp-content\/uploads\/2021\/03\/shutterstock_1307440675-350x233.jpg 350w, https:\/\/www.humanium.org\/es\/wp-content\/uploads\/2021\/03\/shutterstock_1307440675-480x320.jpg 480w, https:\/\/www.humanium.org\/es\/wp-content\/uploads\/2021\/03\/shutterstock_1307440675-272x182.jpg 272w\" sizes=\"auto, (max-width: 1024px) 100vw, 1024px\" \/><\/figure>\n<\/div>\n\n\n<p>La <a href=\"https:\/\/www.humanium.org\/es\/derecho-educacion\/\">educaci\u00f3n<\/a> en la Rep\u00fablica Centroafricana es obligatoria de 6 a 15 a\u00f1os y es gratuita, pero los estudiantes deben pagar por art\u00edculos como libros, materiales y transporte. El Banco Mundial ha estimado que el 30% de los ni\u00f1os no asisti\u00f3 a la escuela primaria y el 22% no asisti\u00f3 a la escuela secundaria, con <a href=\"https:\/\/www.humanium.org\/es\/enfoques-tematicos\/discriminacion\/derechos-ninas\/\">ni\u00f1as<\/a> con <a href=\"https:\/\/www.humanium.org\/es\/derecho-educacion\/\">acceso a la educaci\u00f3n <\/a>reducido y desigual en comparaci\u00f3n con los ni\u00f1os. Muy pocos ni\u00f1os ind\u00edgenas Ba&#8217;aka asisten a la escuela primaria y, seg\u00fan el Departamento de Estado de Estados Unidos, no hubo una ayuda gubernamental significativa para los esfuerzos por aumentar la matr\u00edcula de ni\u00f1os Ba&#8217;aka. Esta notable discrepancia muestra que los ni\u00f1os y <a href=\"https:\/\/www.humanium.org\/es\/enfoques-tematicos\/discriminacion\/derechos-ninas\/\">ni\u00f1as<\/a> ind\u00edgenas centroafricanos a menudo tienen un acceso reducido a su <a href=\"https:\/\/www.humanium.org\/es\/derecho-educacion\/\">derecho a la educaci\u00f3n <\/a>(Departamento de Estado de EE. UU., 2019).<\/p>\n\n\n\n<p>Incluso antes del estallido de la pandemia de Covid-19, una proporci\u00f3n significativa de escuelas en la Rep\u00fablica Centroafricana fueron cerradas debido al <a href=\"https:\/\/www.humanium.org\/es\/enfoques-tematicos\/violencia\/ninos-guerra\/\"><u>conflicto<\/u><\/a>, y UNICEF cit\u00f3 que el 15% de las escuelas estaban cerradas a principios de 2020. Todas las escuelas continuaron cerradas de abril a septiembre de 2020 debido a la pandemia, que afect\u00f3 a casi un mill\u00f3n de ni\u00f1os. Aldeas Infantiles SOS inform\u00f3 que incluso cuando las escuelas est\u00e1n abiertas, las tasas de asistencia son extremadamente bajas, con alrededor del 41% de <a href=\"https:\/\/www.humanium.org\/es\/enfoques-tematicos\/discriminacion\/derechos-ninas\/\"><u>ni\u00f1as<\/u><\/a> y el 62% de ni\u00f1os que asisten a la escuela primaria, mientras que solo una fracci\u00f3n de estos ni\u00f1os llega a completar sus estudios de educaci\u00f3n primaria. El <u>acceso a la educaci\u00f3n<\/u> para los ni\u00f1os que viven en \u00e1reas particularmente afectadas por el <a href=\"https:\/\/www.humanium.org\/es\/enfoques-tematicos\/violencia\/ninos-guerra\/\"><u>conflicto<\/u><\/a> est\u00e1 muy reducido y pocos de estos ni\u00f1os pueden asistir a la escuela (Aldeas Infantiles SOS, 2020). De hecho, los <a href=\"https:\/\/www.humanium.org\/es\/violencia\/\"><u>ataques<\/u><\/a> contra escuelas y el uso de escuelas <a href=\"https:\/\/www.humanium.org\/es\/violencia\/\"><u>militares<\/u><\/a> contin\u00faan report\u00e1ndose (Guterres, 2020).<\/p>\n\n\n\n<h3 class=\"wp-block-heading\"><strong>Derecho a la no discriminaci\u00f3n<\/strong><\/h3>\n\n\n\n<p>La legislaci\u00f3n nacional de la Rep\u00fablica Centroafricana proh\u00edbe la <u>discriminaci\u00f3n<\/u> contra los <a href=\"https:\/\/www.humanium.org\/es\/enfoques-tematicos\/discriminacion\/ninos-discapacitados\/\"><u>minusv\u00e1lidos<\/u><\/a>, pero no especifica otras formas de discapacidad. La Inspecci\u00f3n de Trabajo del Ministerio de Trabajo, de Empleo y Protecci\u00f3n Social tiene la responsabilidad de proteger a los ni\u00f1os con <a href=\"https:\/\/www.humanium.org\/es\/enfoques-tematicos\/discriminacion\/ninos-discapacitados\/\"><u>discapacidades<\/u><\/a>, pero no se llevaron a cabo programas para asegurar el acceso a los edificios, la informaci\u00f3n y las comunicaciones. El c\u00f3digo penal penaliza la actividad consentida <a href=\"https:\/\/www.humanium.org\/es\/enfoques-tematicos\/discriminacion\/derechos-nino-lgbtq\/\"><u>del mismo sexo<\/u><\/a> . La pena por la \u201cexpresi\u00f3n p\u00fablica de amor\u201d entre dos personas del mismo sexo es de prisi\u00f3n de seis meses a dos a\u00f1os o una fuerte multa. La <u>discriminaci\u00f3n<\/u> social y judicial contra la gente <a href=\"https:\/\/www.humanium.org\/es\/enfoques-tematicos\/discriminacion\/derechos-nino-lgbtq\/\"><u>LGBTQI +<\/u><\/a> es, por tanto, com\u00fan debido a la estigmatizaci\u00f3n estructural y cultural (Departamento de Estado de EE. UU., 2019).<\/p>\n\n\n\n<p>La discriminaci\u00f3n tambi\u00e9n existe contra la minor\u00eda Mbororo, as\u00ed como contra el pueblo ind\u00edgena Ba&#8217;aka que habita en los bosques. De hecho, <a href=\"https:\/\/www.humanium.org\/es\/violencia\/\">la violencia<\/a> contra el pueblo Mbororo (principalmente pastoralistas n\u00f3madas) fue un serio problema. Sufren desproporcionadamente el desorden c\u00edvico en el norte y, dado que a menudo se les considera &#8216;extranjeros&#8217; debido a sus patrones migratorios transnacionales, el pueblo Mbororo puede hacer frente a la discriminaci\u00f3n en el acceso a los servicios gubernamentales.<\/p>\n\n\n\n<p>La discriminaci\u00f3n contra el pueblo Ba&#8217;aka, que constituye entre el 1 y el 2% de la poblaci\u00f3n, tambi\u00e9n est\u00e1 muy extendida. El pueblo Ba&#8217;aka est\u00e1 habitualmente excluido de las decisiones que afectan a sus tierras, <a href=\"https:\/\/www.humanium.org\/es\/enfoques-tematicos\/practicas-culturales\/\">cultura<\/a>, tradiciones y recursos naturales. El pueblo Ba&#8217;aka que habita en los bosques, en particular, experimenta una discriminaci\u00f3n social y econ\u00f3mica y una explotaci\u00f3n, que el gobierno hace poco por prevenir. Los Ba&#8217;aka, incluidos los ni\u00f1os, pueden ser obligados a realizar trabajos agr\u00edcolas y dom\u00e9sticos, e incluso a veces son considerados esclavos por miembros de otros grupos \u00e9tnicos locales. Parece que los Ba&#8217;aka son tratados efectivamente como ciudadanos de segunda clase que a menudo son deshumanizados y excluidos de la sociedad convencional (Departamento de Estado de EE. UU., 2019).<\/p>\n\n\n\n<h3 class=\"wp-block-heading\"><a href=\"https:\/\/www.humanium.org\/es\/derecho-identidad\/\">Derecho a la identidad<\/a><\/h3>\n\n\n\n<p>Alrededor del 61% de los ni\u00f1os menores de 5 a\u00f1os en la Rep\u00fablica Centroafricana tienen sus nacimientos registrados, lo que ayuda a defender el <a href=\"https:\/\/www.humanium.org\/es\/derecho-identidad\/\"><u>derecho a la identidad<\/u><\/a> de estos ni\u00f1os (UNICEF, 2020). Los ni\u00f1os obtienen la ciudadan\u00eda por nacimiento en el territorio nacional de la Rep\u00fablica Centroafricana o de uno o ambos padres. El registro de nacimientos puede resultar dif\u00edcil y es menos probable que ocurra en regiones con poca presencia gubernamental. Los padres no siempre registraban los nacimientos de inmediato. Aunque la mayor\u00eda de los nacimientos de ni\u00f1os estaban registrados, los ni\u00f1os no registrados enfrentaban restricciones en el acceso a la educaci\u00f3n y otros servicios sociales. (Departamento de Estado de EE. UU., 2019).<\/p>\n\n\n\n<h2 class=\"wp-block-heading\"><strong>Factores de riesgo \u2192 Desaf\u00edos espec\u00edficos de cada pa\u00eds<\/strong><strong><\/strong><\/h2>\n\n\n\n<h3 class=\"wp-block-heading\">Desplazamiento de ni\u00f1os<\/h3>\n\n\n\n<p>Las luchas y ataques de grupos armados en la Rep\u00fablica Centroafricana, en medio del <a href=\"https:\/\/www.humanium.org\/es\/enfoques-tematicos\/violencia\/ninos-guerra\/\"><u>conflicto<\/u><\/a> en curso, obligaron a decenas de miles de personas a huir de sus hogares a lo largo de 2019. Los combates entre el Frente Popular por el Renacimiento de la Rep\u00fablica Centroafricana y el Movimiento de Liberadores Centroafricanos por la Justicia por la fuerza <a href=\"https:\/\/www.humanium.org\/es\/enfoques-tematicos\/aislamiento-desarraigo\/ninos-desplazados\/\"><u>desplazaron<\/u><\/a> unas 14.000 personas. El n\u00famero total de personas desplazadas internamente en el pa\u00eds supera los 600.000, con un n\u00famero similar de personas de \u00c1frica Central que son <a href=\"https:\/\/www.humanium.org\/es\/enfoques-tematicos\/aislamiento-desarraigo\/ninos-desplazados\/\"><u>desplazadas<\/u><\/a> fuera del pa\u00eds como refugiados. Las condiciones de vida son muy duras para las personas y refugiados <a href=\"https:\/\/www.humanium.org\/es\/enfoques-tematicos\/aislamiento-desarraigo\/ninos-desplazados\/\"><u>desplazados<\/u><\/a> internamente, la mayor\u00eda de los cuales residen en campamentos con escaso acceso a la asistencia humanitaria (HRW, 2019). Mientras que 350.000 <a href=\"https:\/\/www.humanium.org\/es\/enfoques-tematicos\/aislamiento-desarraigo\/ninos-desplazados\/\"><u>personas desplazadas<\/u><\/a> regresaron al pa\u00eds en 2019, a menudo a aldeas destruidas, uno de cada cinco centroafricanos ha huido del <a href=\"https:\/\/www.humanium.org\/es\/enfoques-tematicos\/violencia\/ninos-guerra\/\"><u>conflicto<\/u><\/a> (UNICEF 2020).<\/p>\n\n\n\n<h3 class=\"wp-block-heading\">Trabajo infantil<\/h3>\n\n\n<div class=\"wp-block-image\">\n<figure class=\"alignright size-large is-resized\"><img loading=\"lazy\" decoding=\"async\" width=\"1024\" height=\"634\" src=\"https:\/\/www.humanium.org\/es\/wp-content\/uploads\/2021\/03\/shutterstock_1297038034-1024x634.jpg\" alt=\"\" class=\"wp-image-15427\" style=\"width:460px;height:285px\" srcset=\"https:\/\/www.humanium.org\/es\/wp-content\/uploads\/2021\/03\/shutterstock_1297038034-1024x634.jpg 1024w, https:\/\/www.humanium.org\/es\/wp-content\/uploads\/2021\/03\/shutterstock_1297038034-300x186.jpg 300w, https:\/\/www.humanium.org\/es\/wp-content\/uploads\/2021\/03\/shutterstock_1297038034-768x475.jpg 768w, https:\/\/www.humanium.org\/es\/wp-content\/uploads\/2021\/03\/shutterstock_1297038034-1536x951.jpg 1536w, https:\/\/www.humanium.org\/es\/wp-content\/uploads\/2021\/03\/shutterstock_1297038034-2048x1268.jpg 2048w, https:\/\/www.humanium.org\/es\/wp-content\/uploads\/2021\/03\/shutterstock_1297038034-830x514.jpg 830w, https:\/\/www.humanium.org\/es\/wp-content\/uploads\/2021\/03\/shutterstock_1297038034-230x142.jpg 230w, https:\/\/www.humanium.org\/es\/wp-content\/uploads\/2021\/03\/shutterstock_1297038034-350x217.jpg 350w, https:\/\/www.humanium.org\/es\/wp-content\/uploads\/2021\/03\/shutterstock_1297038034-480x297.jpg 480w\" sizes=\"auto, (max-width: 1024px) 100vw, 1024px\" \/><\/figure>\n<\/div>\n\n\n<p>Seg\u00fan UNICEF, el 31% de los ni\u00f1os centroafricanos de 5 a 17 a\u00f1os est\u00e1n trabajando (UNICEF, 2020). El c\u00f3digo laboral del pa\u00eds proh\u00edbe algunas de las peores formas de <u>trabajo infantil<\/u>. Por ejemplo, a los ni\u00f1os menores de 18 a\u00f1os se les proh\u00edbe realizar \u201ctrabajos peligrosos\u201d, pero la ley no define claramente el t\u00e9rmino. Adem\u00e1s, el <u>empleo de ni\u00f1os<\/u> menores de 14 a\u00f1os es ilegal sin autorizaci\u00f3n del Ministerio de Trabajo, Empleo y Protecci\u00f3n Social. <\/p>\n\n\n\n<p>Sin embargo, la ley tambi\u00e9n estipula que la edad m\u00ednima para trabajar puede ser de 12 a\u00f1os para ciertos tipos de trabajo \u00abligero\u00bb, como algunas actividades agr\u00edcolas o dom\u00e9sticas (Departamento de Estado de EE. UU., 2019). Esto no solo expone a los ni\u00f1os peque\u00f1os a riesgos de <u>trabajo infantil<\/u>, sino que socava el derecho de los ni\u00f1os centroafricanos a una <u>educaci\u00f3n<\/u> porque la edad m\u00ednima para trabajar es menor que la edad de la <u>educaci\u00f3n<\/u> obligatoria, lo que significa que se puede alentar a los ni\u00f1os a comenzar a trabajar antes de educarse o sin haber terminado la escuela.<\/p>\n\n\n\n<p>Existen numerosas pol\u00edticas gubernamentales relacionadas con el <u>trabajo infantil<\/u>, incluidas aquellas para poner fin a la <u>explotaci\u00f3n<\/u> sexual y el abuso de ni\u00f1os y el uso de ni\u00f1os en conflictos armados, pero hay una falta de programas para eliminar y prevenir el <u>trabajo infantil<\/u>. El trabajo infantil es com\u00fan en muchos sectores de la econom\u00eda, especialmente en las zonas rurales. Los ni\u00f1os locales y desplazados de tan solo 7 a\u00f1os con frecuencia realizan trabajos agr\u00edcolas, incluida la recolecci\u00f3n y la ayuda para recoger art\u00edculos para su venta en los mercados. Los ni\u00f1os a menudo <u>trabajaban<\/u> como trabajadores dom\u00e9sticos, pescadores y en minas, a menudo en condiciones peligrosas. Aunque el c\u00f3digo de miner\u00eda de la naci\u00f3n tambi\u00e9n proh\u00edbe el<u> trabajo infantil<\/u>, el Departamento de Estado de EE. UU. inform\u00f3 que los ni\u00f1os en la Rep\u00fablica Centroafricana participan en las peores formas de <u>trabajo infantil<\/u> en campos de diamantes, transporte y lavado de grava, adem\u00e1s de extraer oro, cavar agujeros y transportar cargas pesadas, en violaci\u00f3n de sus derechos (Departamento de Estado de EE. UU., 2019).<\/p>\n\n\n\n<h3 class=\"wp-block-heading\"><a href=\"https:\/\/www.humanium.org\/es\/enfoques-tematicos\/violencia\/ninos-soldado\/\">Ni\u00f1os soldados<\/a><\/h3>\n\n\n\n<p>Debido al <a href=\"https:\/\/www.humanium.org\/es\/enfoques-tematicos\/violencia\/ninos-guerra\/\"><u>conflicto<\/u><\/a> en curso en la Rep\u00fablica Centroafricana, el uso de <a href=\"https:\/\/www.humanium.org\/es\/enfoques-tematicos\/violencia\/ninos-soldado\/\"><u>ni\u00f1os soldados<\/u><\/a> es una amenaza particularmente grave para los ni\u00f1os centroafricanos y sus derechos. Desde que comenz\u00f3 el <a href=\"https:\/\/www.humanium.org\/es\/enfoques-tematicos\/violencia\/ninos-guerra\/\"><u>conflicto<\/u><\/a> en la Rep\u00fablica Centroafricana en 2012, la ONU inform\u00f3 que m\u00e1s de 14.000 ni\u00f1os han sido reclutados por las milicias S\u00e9l\u00e9ka y Anti-Balaka, as\u00ed como por varios otros grupos armados. Los grupos armados de la coalici\u00f3n principalmente musulmana S\u00e9l\u00e9ka (ahora disuelta) y las milicias anti-Balaka predominantemente cristianas, han utilizado a ni\u00f1os de hasta 8 a\u00f1os como combatientes, guardias, escudos humanos, porteadores, mensajeros, esp\u00edas, cocineros y para <a href=\"https:\/\/www.humanium.org\/es\/abuso-infantil\/\"><u>prop\u00f3sitos sexuales<\/u><\/a>. Algunos ni\u00f1os son <a href=\"https:\/\/www.humanium.org\/es\/abuso-infantil\/\"><u>raptados<\/u><\/a>, pero muchos se unen a la milicia &#8216;voluntariamente&#8217; para protegerse a s\u00ed mismos o a sus comunidades. La situaci\u00f3n se ve agravada por el hecho de que los ni\u00f1os liberados a menudo regresan a comunidades donde siguen operando los mismos grupos armados, lo que significa que el riesgo de ser reclutados de nuevo es alto (Child Soldiers International, 2019).<\/p>\n\n\n\n<p>Las milicias han utilizado <a href=\"https:\/\/www.humanium.org\/es\/enfoques-tematicos\/violencia\/ninos-soldado\/\"><u>ni\u00f1os soldados<\/u><\/a> de Basse-Kotto, Haute-Kotto, Mbomou, Nana-Grebizi, Nana-Mambere y Ouaka. A pesar de algunos esfuerzos nacionales e internacionales para combatir el uso de <a href=\"https:\/\/www.humanium.org\/es\/enfoques-tematicos\/violencia\/ninos-soldado\/\"><u>ni\u00f1os soldados<\/u><\/a> en la Rep\u00fablica Centroafricana, como una campa\u00f1a contra el alistamiento de ni\u00f1os en <a href=\"https:\/\/www.humanium.org\/es\/enfoques-tematicos\/violencia\/ninos-guerra\/\"><u>conflicto armado <\/u><\/a>que abog\u00f3 por su protecci\u00f3n y reintegraci\u00f3n social, los grupos armados todav\u00eda utilizan a muchos miles de ni\u00f1os en labores de combate y apoyo en todo el pa\u00eds, mientras que los ni\u00f1os desmovilizados corren el riesgo de ser reclutados de nuevo. Los programas de reintegraci\u00f3n financiados de manera inadecuada, la inestabilidad continua y la falta de oportunidades econ\u00f3micas en todo el pa\u00eds exacerban los riesgos de que los anteriores <a href=\"https:\/\/www.humanium.org\/es\/enfoques-tematicos\/violencia\/ninos-soldado\/\"><u>ni\u00f1os soldados<\/u><\/a> sean reclutados de nuevo (Departamento de Estado de EE. UU., 2020).<\/p>\n\n\n\n<p><strong><em>Escrito por Josephine Thum<\/em><\/strong><\/p>\n\n\n\n<p><strong><em>Traducido por Cristina Morillo Berral<\/em><\/strong><\/p>\n\n\n\n<p><strong><em>\u00daltima actualizaci\u00f3n el 26 de enero de 2021<\/em><\/strong><\/p>\n\n\n\n<h4 class=\"wp-block-heading\"><strong>Referencias<\/strong>:<\/h4>\n\n\n\n<p class=\"has-small-font-size\"><a href=\"http:\/\/news.bbc.co.uk\/1\/shared\/spl\/hi\/picture_gallery\/07\/africa_malaria_train\/html\/3.stm\" target=\"_blank\" rel=\"noreferrer noopener\">BBC (n.d.) <em>In Pictures: Malaria Train<\/em>.<\/a><\/p>\n\n\n\n<p class=\"has-small-font-size\">CHILD SOLDIERS INTERNATIONAL (2019) <em>Annual Report 2017 &#8211; 2018<\/em>.<\/p>\n\n\n\n<p class=\"has-small-font-size\">GUTERRES Antonio (2020) <em>Children and Armed Conflict, Report of the United Nations Secretary General<\/em>.<\/p>\n\n\n\n<p class=\"has-small-font-size\"><a href=\"https:\/\/time.com\/5753900\/flooding-central-african-republic\/\" target=\"_blank\" rel=\"noreferrer noopener\">HAYNES Suyin (2019)&nbsp; \u2018&#8217;No Safety Net.&#8217; How Climate Change and Unprecedented Flooding Is Destroying Communities in the Central African Republic\u201d <em>Time<\/em>.<\/a><\/p>\n\n\n\n<p class=\"has-small-font-size\">HOCHSCHILD Adam (2017) <em>El Fantasma del Rey Leopoldo: Una historia de codicia, terror y heroismo en el Africa colonial<\/em>, Malpaso.<\/p>\n\n\n\n<p class=\"has-small-font-size\"><a href=\"http:\/\/www.un.org\/en\/ga\/search\/view_doc.asp?symbol=A\/HRC\/33\/63.\" target=\"_blank\" rel=\"noreferrer noopener\">HUMAN RIGHTS COUNCIL (2016) <em>Report of the Independent Expert on the situation of human rights in the Central African Republic<\/em>. UN General Assembly A\/HRC\/33\/63.<\/a><\/p>\n\n\n\n<p class=\"has-small-font-size\"><a href=\"https:\/\/www.hrw.org\/world-report\/2020\/country-chapters\/central-african-republic\">HUMAN RIGHTS<\/a><a href=\"https:\/\/www.hrw.org\/world-report\/2020\/country-chapters\/central-african-republic\" target=\"_blank\" rel=\"noreferrer noopener\"> <\/a><a href=\"https:\/\/www.hrw.org\/world-report\/2020\/country-chapters\/central-african-republic\">WATCH (2020) \u2018Central African Republic, Events of 2019\u2019 in <em>World Report 2020<\/em>.<\/a><\/p>\n\n\n\n<p class=\"has-small-font-size\"><a href=\"https:\/\/www.unicef.org\/appeals\/car.html\" target=\"_blank\" rel=\"noreferrer noopener\">UNICEF (2020) <em>Central African Republic, <\/em>UNICEF Online.<\/a><\/p>\n\n\n\n<p class=\"has-small-font-size\"><a href=\"https:\/\/data.unicef.org\/country\/caf\/\" target=\"_blank\" rel=\"noreferrer noopener\">UNICEF (2020) <em>Central African Republic, <\/em>UNICEF DATA.<\/a><\/p>\n\n\n\n<p class=\"has-small-font-size\"><a href=\"https:\/\/www.sos-childrensvillages.org\/where-we-help\/africa\/central-african-republic\" target=\"_blank\" rel=\"noreferrer noopener\">SOS Children\u2019s Villages (2020) \u2018SOS Children&#8217;s Villages in the Central African Republic\u2019.<\/a><\/p>\n\n\n\n<p class=\"has-small-font-size\"><a href=\"https:\/\/www.worldbank.org\/en\/country\/centralafricanrepublic\/overview#1\" target=\"_blank\" rel=\"noreferrer noopener\">WORLD BANK (2020) \u2018Overview\u2019 <em>The World Bank in Central African Republic<\/em>.<\/a><\/p>\n\n\n\n<p class=\"has-small-font-size\"><a href=\"https:\/\/www.state.gov\/reports\/2019-country-reports-on-human-rights-practices\/central-african-republic\/\" target=\"_blank\" rel=\"noreferrer noopener\">U.S. DEPARTMENT OF STATE (2019) \u2018Central African Republic\u2019, <em>2019 Reports on Human Rights Practice<\/em>.<\/a><\/p>\n\n\n\n<p class=\"has-small-font-size\"><a href=\"https:\/\/www.state.gov\/wp-content\/uploads\/2020\/06\/2020-TIP-Report-Complete-062420-FINAL.pdf\" target=\"_blank\" rel=\"noreferrer noopener\">U.S. DEPARTMENT OF STATE (2020) <em>Trafficking in Persons Report<\/em>.<\/a><\/p>\n\n\n\n<p class=\"has-small-font-size\"><a href=\"https:\/\/www.orchidproject.org\/wp-content\/uploads\/2019\/04\/central_african_republic_law_report_v1_july_2018.pdf\" target=\"_blank\" rel=\"noreferrer noopener\">28 TOO MANY (2018) <em>Central African Republic: The Law and FGM<\/em>.<\/a><\/p>\n\n\n\n<hr class=\"wp-block-separator has-css-opacity\"\/>\n\n\n\n<p class=\"has-small-font-size\"><a href=\"#_ftnref1\"><sup>[1]<\/sup><\/a> Este art\u00edculo de ninguna manera pretende dar una descripci\u00f3n completa o representativa de los derechos del ni\u00f1o en la Rep\u00fablica Centroafricana, que son vastos, complejos y en constante cambio. El art\u00edculo tiene como objetivo resaltar los principales desaf\u00edos a los derechos del ni\u00f1o en la Rep\u00fablica Centroafricana y no es representativo de la historia, las innovaciones o los logros del pa\u00eds en materia de derechos.<\/p>\n","protected":false},"excerpt":{"rendered":"<p>Descubriendo los Derechos del Ni\u00f1o en Rep\u00fablica Centroafricana Los ni\u00f1os de la Rep\u00fablica Centroafricana a menudo no pueden disfrutar del cumplimiento de sus derechos debido al dif\u00edcil contexto en el que viven. Los ni\u00f1os son vulnerables a graves riesgos que afectan sus derechos, incluido el reclutamiento en situaciones de conflicto, el uso de ni\u00f1os soldados, [&hellip;]<\/p>\n","protected":false},"author":1,"featured_media":0,"parent":0,"menu_order":0,"comment_status":"closed","ping_status":"open","template":"","meta":{"footnotes":""},"class_list":["post-1787","page","type-page","status-publish","hentry"],"yoast_head":"<!-- This site is optimized with the Yoast SEO plugin v26.5 - https:\/\/yoast.com\/wordpress\/plugins\/seo\/ -->\n<title>Ni\u00f1os de Rep\u00fablica Centroafricana - Humanium<\/title>\n<meta name=\"description\" content=\"Los ni\u00f1os de la Rep\u00fablica Centroafricana no pueden disfrutar del cumplimiento de sus derechos debido al dif\u00edcil contexto en el que viven.\" \/>\n<meta name=\"robots\" content=\"index, follow, max-snippet:-1, max-image-preview:large, max-video-preview:-1\" \/>\n<link rel=\"canonical\" href=\"https:\/\/www.humanium.org\/es\/republica-centroafricana\/\" \/>\n<meta property=\"og:locale\" content=\"es_ES\" \/>\n<meta property=\"og:type\" content=\"article\" \/>\n<meta property=\"og:title\" content=\"Ni\u00f1os de Rep\u00fablica Centroafricana - Humanium\" \/>\n<meta property=\"og:description\" content=\"Los ni\u00f1os de la Rep\u00fablica Centroafricana no pueden disfrutar del cumplimiento de sus derechos debido al dif\u00edcil contexto en el que viven.\" \/>\n<meta property=\"og:url\" content=\"https:\/\/www.humanium.org\/es\/republica-centroafricana\/\" \/>\n<meta property=\"og:site_name\" content=\"Humanium\" \/>\n<meta property=\"article:modified_time\" content=\"2025-12-13T21:02:08+00:00\" \/>\n<meta property=\"og:image\" content=\"https:\/\/www.humanium.org\/es\/wp-content\/uploads\/2021\/03\/shutterstock_1297014763.jpg\" \/>\n\t<meta property=\"og:image:width\" content=\"200\" \/>\n\t<meta property=\"og:image:height\" content=\"200\" \/>\n\t<meta property=\"og:image:type\" content=\"image\/jpeg\" \/>\n<meta name=\"twitter:card\" content=\"summary_large_image\" \/>\n<meta name=\"twitter:label1\" content=\"Tiempo de lectura\" \/>\n\t<meta name=\"twitter:data1\" content=\"15 minutos\" \/>\n<script type=\"application\/ld+json\" class=\"yoast-schema-graph\">{\"@context\":\"https:\/\/schema.org\",\"@graph\":[{\"@type\":\"WebPage\",\"@id\":\"https:\/\/www.humanium.org\/es\/republica-centroafricana\/\",\"url\":\"https:\/\/www.humanium.org\/es\/republica-centroafricana\/\",\"name\":\"Ni\u00f1os de Rep\u00fablica Centroafricana - Humanium\",\"isPartOf\":{\"@id\":\"https:\/\/www.humanium.org\/es\/#website\"},\"primaryImageOfPage\":{\"@id\":\"https:\/\/www.humanium.org\/es\/republica-centroafricana\/#primaryimage\"},\"image\":{\"@id\":\"https:\/\/www.humanium.org\/es\/republica-centroafricana\/#primaryimage\"},\"thumbnailUrl\":\"https:\/\/www.humanium.org\/es\/wp-content\/uploads\/2021\/03\/shutterstock_1297014763.jpg\",\"datePublished\":\"2013-05-28T15:32:47+00:00\",\"dateModified\":\"2025-12-13T21:02:08+00:00\",\"description\":\"Los ni\u00f1os de la Rep\u00fablica Centroafricana no pueden disfrutar del cumplimiento de sus derechos debido al dif\u00edcil contexto en el que viven.\",\"breadcrumb\":{\"@id\":\"https:\/\/www.humanium.org\/es\/republica-centroafricana\/#breadcrumb\"},\"inLanguage\":\"es\",\"potentialAction\":[{\"@type\":\"ReadAction\",\"target\":[\"https:\/\/www.humanium.org\/es\/republica-centroafricana\/\"]}]},{\"@type\":\"ImageObject\",\"inLanguage\":\"es\",\"@id\":\"https:\/\/www.humanium.org\/es\/republica-centroafricana\/#primaryimage\",\"url\":\"https:\/\/www.humanium.org\/es\/wp-content\/uploads\/2021\/03\/shutterstock_1297014763.jpg\",\"contentUrl\":\"https:\/\/www.humanium.org\/es\/wp-content\/uploads\/2021\/03\/shutterstock_1297014763.jpg\",\"width\":200,\"height\":200},{\"@type\":\"BreadcrumbList\",\"@id\":\"https:\/\/www.humanium.org\/es\/republica-centroafricana\/#breadcrumb\",\"itemListElement\":[{\"@type\":\"ListItem\",\"position\":1,\"name\":\"Home\",\"item\":\"https:\/\/www.humanium.org\/es\/\"},{\"@type\":\"ListItem\",\"position\":2,\"name\":\"Ni\u00f1os de Rep\u00fablica Centroafricana\"}]},{\"@type\":\"WebSite\",\"@id\":\"https:\/\/www.humanium.org\/es\/#website\",\"url\":\"https:\/\/www.humanium.org\/es\/\",\"name\":\"Humanium\",\"description\":\"\u00a1Los ni\u00f1os primero!\",\"potentialAction\":[{\"@type\":\"SearchAction\",\"target\":{\"@type\":\"EntryPoint\",\"urlTemplate\":\"https:\/\/www.humanium.org\/es\/?s={search_term_string}\"},\"query-input\":{\"@type\":\"PropertyValueSpecification\",\"valueRequired\":true,\"valueName\":\"search_term_string\"}}],\"inLanguage\":\"es\"}]}<\/script>\n<!-- \/ Yoast SEO plugin. -->","yoast_head_json":{"title":"Ni\u00f1os de Rep\u00fablica Centroafricana - Humanium","description":"Los ni\u00f1os de la Rep\u00fablica Centroafricana no pueden disfrutar del cumplimiento de sus derechos debido al dif\u00edcil contexto en el que viven.","robots":{"index":"index","follow":"follow","max-snippet":"max-snippet:-1","max-image-preview":"max-image-preview:large","max-video-preview":"max-video-preview:-1"},"canonical":"https:\/\/www.humanium.org\/es\/republica-centroafricana\/","og_locale":"es_ES","og_type":"article","og_title":"Ni\u00f1os de Rep\u00fablica Centroafricana - Humanium","og_description":"Los ni\u00f1os de la Rep\u00fablica Centroafricana no pueden disfrutar del cumplimiento de sus derechos debido al dif\u00edcil contexto en el que viven.","og_url":"https:\/\/www.humanium.org\/es\/republica-centroafricana\/","og_site_name":"Humanium","article_modified_time":"2025-12-13T21:02:08+00:00","og_image":[{"width":200,"height":200,"url":"https:\/\/www.humanium.org\/es\/wp-content\/uploads\/2021\/03\/shutterstock_1297014763.jpg","type":"image\/jpeg"}],"twitter_card":"summary_large_image","twitter_misc":{"Tiempo de lectura":"15 minutos"},"schema":{"@context":"https:\/\/schema.org","@graph":[{"@type":"WebPage","@id":"https:\/\/www.humanium.org\/es\/republica-centroafricana\/","url":"https:\/\/www.humanium.org\/es\/republica-centroafricana\/","name":"Ni\u00f1os de Rep\u00fablica Centroafricana - Humanium","isPartOf":{"@id":"https:\/\/www.humanium.org\/es\/#website"},"primaryImageOfPage":{"@id":"https:\/\/www.humanium.org\/es\/republica-centroafricana\/#primaryimage"},"image":{"@id":"https:\/\/www.humanium.org\/es\/republica-centroafricana\/#primaryimage"},"thumbnailUrl":"https:\/\/www.humanium.org\/es\/wp-content\/uploads\/2021\/03\/shutterstock_1297014763.jpg","datePublished":"2013-05-28T15:32:47+00:00","dateModified":"2025-12-13T21:02:08+00:00","description":"Los ni\u00f1os de la Rep\u00fablica Centroafricana no pueden disfrutar del cumplimiento de sus derechos debido al dif\u00edcil contexto en el que viven.","breadcrumb":{"@id":"https:\/\/www.humanium.org\/es\/republica-centroafricana\/#breadcrumb"},"inLanguage":"es","potentialAction":[{"@type":"ReadAction","target":["https:\/\/www.humanium.org\/es\/republica-centroafricana\/"]}]},{"@type":"ImageObject","inLanguage":"es","@id":"https:\/\/www.humanium.org\/es\/republica-centroafricana\/#primaryimage","url":"https:\/\/www.humanium.org\/es\/wp-content\/uploads\/2021\/03\/shutterstock_1297014763.jpg","contentUrl":"https:\/\/www.humanium.org\/es\/wp-content\/uploads\/2021\/03\/shutterstock_1297014763.jpg","width":200,"height":200},{"@type":"BreadcrumbList","@id":"https:\/\/www.humanium.org\/es\/republica-centroafricana\/#breadcrumb","itemListElement":[{"@type":"ListItem","position":1,"name":"Home","item":"https:\/\/www.humanium.org\/es\/"},{"@type":"ListItem","position":2,"name":"Ni\u00f1os de Rep\u00fablica Centroafricana"}]},{"@type":"WebSite","@id":"https:\/\/www.humanium.org\/es\/#website","url":"https:\/\/www.humanium.org\/es\/","name":"Humanium","description":"\u00a1Los ni\u00f1os primero!","potentialAction":[{"@type":"SearchAction","target":{"@type":"EntryPoint","urlTemplate":"https:\/\/www.humanium.org\/es\/?s={search_term_string}"},"query-input":{"@type":"PropertyValueSpecification","valueRequired":true,"valueName":"search_term_string"}}],"inLanguage":"es"}]}},"_links":{"self":[{"href":"https:\/\/www.humanium.org\/es\/wp-json\/wp\/v2\/pages\/1787","targetHints":{"allow":["GET"]}}],"collection":[{"href":"https:\/\/www.humanium.org\/es\/wp-json\/wp\/v2\/pages"}],"about":[{"href":"https:\/\/www.humanium.org\/es\/wp-json\/wp\/v2\/types\/page"}],"author":[{"embeddable":true,"href":"https:\/\/www.humanium.org\/es\/wp-json\/wp\/v2\/users\/1"}],"replies":[{"embeddable":true,"href":"https:\/\/www.humanium.org\/es\/wp-json\/wp\/v2\/comments?post=1787"}],"version-history":[{"count":18,"href":"https:\/\/www.humanium.org\/es\/wp-json\/wp\/v2\/pages\/1787\/revisions"}],"predecessor-version":[{"id":21012,"href":"https:\/\/www.humanium.org\/es\/wp-json\/wp\/v2\/pages\/1787\/revisions\/21012"}],"wp:attachment":[{"href":"https:\/\/www.humanium.org\/es\/wp-json\/wp\/v2\/media?parent=1787"}],"curies":[{"name":"wp","href":"https:\/\/api.w.org\/{rel}","templated":true}]}}