{"id":2262,"date":"2013-06-27T13:59:30","date_gmt":"2013-06-27T13:59:30","guid":{"rendered":"http:\/\/www.humanium.org\/es\/?page_id=2262"},"modified":"2026-08-30T16:01:11","modified_gmt":"2026-08-30T16:01:11","slug":"italia","status":"publish","type":"page","link":"https:\/\/www.humanium.org\/es\/italia\/","title":{"rendered":"Ni\u00f1os de Italia"},"content":{"rendered":"\n<h2 class=\"wp-block-heading\"><strong>Hacer realidad los derechos de los ni\u00f1os en Italia<\/strong><\/h2>\n\n\n\n<div class=\"wp-block-columns is-layout-flex wp-container-core-columns-is-layout-8f761849 wp-block-columns-is-layout-flex\">\n<div class=\"wp-block-column is-layout-flow wp-block-column-is-layout-flow\"><div class=\"wp-block-image is-style-rounded\">\n<figure class=\"aligncenter size-full is-resized\"><img decoding=\"async\" src=\"https:\/\/www.humanium.org\/en\/wp-content\/uploads\/2026\/08\/shutterstock_1689243850_edited-scaled.jpeg\" alt=\"\" class=\"wp-image-91966\" style=\"object-fit:cover;width:200px;height:200px\"\/><\/figure>\n<\/div><\/div>\n\n\n\n<div class=\"wp-block-column is-layout-flow wp-block-column-is-layout-flow\"><div class=\"wp-block-image is-style-rounded\">\n<figure class=\"aligncenter size-full is-resized\"><img decoding=\"async\" src=\"https:\/\/www.humanium.org\/en\/wp-content\/uploads\/2026\/08\/shutterstock_2415426101_edited-scaled.jpeg\" alt=\"\" class=\"wp-image-91967\" style=\"object-fit:cover;width:200px;height:200px\"\/><\/figure>\n<\/div><\/div>\n<\/div>\n\n\n\n<p class=\"wp-block-paragraph\"><strong><strong>Italia cuenta con un s\u00f3lido marco para la protecci\u00f3n y el desarrollo de la infancia, que deriva su legitimidad de una larga tradici\u00f3n de instituciones nacionales que funcionan de manera eficaz. El pa\u00eds tambi\u00e9n ha ratificado todos los principales marcos jur\u00eddicos internacionales para la protecci\u00f3n de los derechos de los ni\u00f1os. No obstante, a\u00fan es necesario seguir avanzando para mejorar la asistencia y el rendimiento <a href=\"https:\/\/www.humanium.org\/es\/derecho-educacion\/\">escolar<\/a> de los ni\u00f1os, reforzar la resiliencia nacional frente a la <a href=\"https:\/\/www.humanium.org\/es\/enfoques-tematicos\/explotacion\/\">explotaci\u00f3n<\/a> y el <a href=\"https:\/\/www.humanium.org\/es\/enfoques-tematicos\/violencia\/abuso-infantil\/\">abuso<\/a> infantil, y proteger a los ni\u00f1os que, de otro modo, ser\u00edan\u00a0<a href=\"https:\/\/www.humanium.org\/es\/enfoques-tematicos\/aislamiento-desarraigo\/apatridas-invisibles\/\">ap\u00e1tridas<\/a> <em>de facto<\/em>.<\/strong><\/strong><\/p>\n\n\n\n<iframe src=\"https:\/\/www.google.com\/maps\/embed?pb=!1m18!1m12!1m3!1d6150146.836904989!2d7.426871937622692!3d41.178136989968834!2m3!1f0!2f0!3f0!3m2!1i1024!2i768!4f13.1!3m3!1m2!1s0x12d4fe82448dd203%3A0xe22cf55c24635e6f!2sItaly!5e0!3m2!1sen!2shr!4v1788103685181!5m2!1sen!2shr\" width=\"600\" height=\"450\" style=\"border:0;\" allowfullscreen=\"\" loading=\"lazy\" referrerpolicy=\"strict-origin-when-cross-origin\"><\/iframe>\n\n\n\n<div class=\"wp-block-columns is-layout-flex wp-container-core-columns-is-layout-8f761849 wp-block-columns-is-layout-flex\">\n<div class=\"wp-block-column is-layout-flow wp-block-column-is-layout-flow\">\n<p class=\"wp-block-paragraph\"><strong>Poblaci\u00f3n<\/strong>: 58,9 millones<br><strong>Poblaci\u00f3n de 0 a 14 a\u00f1os:<\/strong> 11,9 %<\/p>\n<\/div>\n\n\n\n<div class=\"wp-block-column is-layout-flow wp-block-column-is-layout-flow\">\n<p class=\"wp-block-paragraph\"><strong>Esperanza de vida:<\/strong> 83,4 a\u00f1os<br><strong>Tasa de mortalidad de menores de 5 a\u00f1os:<\/strong> 2,8 \u2030<\/p>\n<\/div>\n<\/div>\n\n\n\n<h2 class=\"wp-block-heading\"><strong>Un vistazo a Italia<\/strong><\/h2>\n\n\n\n<p class=\"wp-block-paragraph\">Italia, oficialmente conocida como Italia o Rep\u00fablica Italiana, es un pa\u00eds del centro-sur de Europa situado en una pen\u00ednsula que se prolonga hacia el mar Mediterr\u00e1neo. Comparte su frontera norte con los Alpes, que separan Italia de <a href=\"https:\/\/www.humanium.org\/es\/francia\/\">Francia<\/a>, <a href=\"https:\/\/www.humanium.org\/es\/suiza\/\">Suiza<\/a>, <a href=\"https:\/\/www.humanium.org\/es\/austria\/\">Austria<\/a> y <a href=\"https:\/\/www.humanium.org\/es\/eslovenia\/\">Eslovenia<\/a>. Italia est\u00e1 rodeada por el mar Mediterr\u00e1neo, con el mar Adri\u00e1tico al noreste, el mar J\u00f3nico al sureste, el mar Tirreno al suroeste y el mar de Liguria al noroeste (Signoretta et al, 2025).<\/p>\n\n\n<div class=\"wp-block-image\">\n<figure class=\"alignleft size-large is-resized\"><img loading=\"lazy\" decoding=\"async\" width=\"1024\" height=\"683\" src=\"https:\/\/www.humanium.org\/es\/wp-content\/uploads\/2026\/08\/shutterstock_2239747485-1024x683.jpg\" alt=\"\" class=\"wp-image-22931\" style=\"aspect-ratio:1.499330655957162;width:392px;height:auto\" srcset=\"https:\/\/www.humanium.org\/es\/wp-content\/uploads\/2026\/08\/shutterstock_2239747485-1024x683.jpg 1024w, https:\/\/www.humanium.org\/es\/wp-content\/uploads\/2026\/08\/shutterstock_2239747485-300x200.jpg 300w, https:\/\/www.humanium.org\/es\/wp-content\/uploads\/2026\/08\/shutterstock_2239747485-768x512.jpg 768w, https:\/\/www.humanium.org\/es\/wp-content\/uploads\/2026\/08\/shutterstock_2239747485-1536x1024.jpg 1536w, https:\/\/www.humanium.org\/es\/wp-content\/uploads\/2026\/08\/shutterstock_2239747485-830x553.jpg 830w, https:\/\/www.humanium.org\/es\/wp-content\/uploads\/2026\/08\/shutterstock_2239747485-2048x1365.jpg 2048w, https:\/\/www.humanium.org\/es\/wp-content\/uploads\/2026\/08\/shutterstock_2239747485-230x153.jpg 230w, https:\/\/www.humanium.org\/es\/wp-content\/uploads\/2026\/08\/shutterstock_2239747485-350x233.jpg 350w, https:\/\/www.humanium.org\/es\/wp-content\/uploads\/2026\/08\/shutterstock_2239747485-480x320.jpg 480w, https:\/\/www.humanium.org\/es\/wp-content\/uploads\/2026\/08\/shutterstock_2239747485-272x182.jpg 272w\" sizes=\"auto, (max-width: 1024px) 100vw, 1024px\" \/><\/figure>\n<\/div>\n\n\n<p class=\"wp-block-paragraph\">La historia de Italia est\u00e1 profundamente marcada por su papel como centro del Imperio Romano. Roma, la capital del pa\u00eds, es una de las ciudades m\u00e1s antiguas del mundo y es famosa por sus monumentos antiguos y lugares de inter\u00e9s cultural. Esto refleja su importancia hist\u00f3rica como centro del Imperio Romano. Entre los monumentos antiguos de Roma se encuentran el Coliseo, el Pante\u00f3n, la Bas\u00edlica de San Pedro, la Fontana di Trevi, el Castillo Sant&#8217;Angelo, la Plaza de Espa\u00f1a y los Museos Vaticanos, que albergan obras maestras de Miguel \u00c1ngel. Otras ciudades importantes de Italia son Mil\u00e1n, centro de la moda y los negocios; N\u00e1poles; G\u00e9nova, el hist\u00f3rico puerto mar\u00edtimo; Venecia, conocida por su sistema de canales; Pisa, famosa por su torre inclinada, y la costa de Amalfi (Signoretta et al, 2025).<\/p>\n\n\n\n<p class=\"wp-block-paragraph\">La geograf\u00eda f\u00edsica de Italia es muy diversa y ha desempe\u00f1ado un papel importante en la configuraci\u00f3n de sus patrones de asentamiento, su actividad econ\u00f3mica y sus disparidades regionales. A lo largo de la frontera norte, el pa\u00eds est\u00e1 rodeado por los Alpes, que forman una barrera natural con el resto de Europa e incluyen algunos de los picos m\u00e1s altos de Europa, como el Mont Blanc. Las dos islas m\u00e1s grandes de Italia son Sicilia y Cerde\u00f1a. Sicilia, la isla m\u00e1s grande del Mediterr\u00e1neo, alberga uno de los volcanes m\u00e1s activos del mundo, el monte Etna (Signoretta et al, 2025).<\/p>\n\n\n\n<h2 class=\"wp-block-heading\"><strong>Situaci\u00f3n de los derechos de los ni\u00f1os <\/strong><a href=\"#_ftn1\" id=\"_ftnref1\"><sup>[1]<\/sup><\/a><\/h2>\n\n\n\n<p class=\"wp-block-paragraph\">Italia se ha comprometido con numerosos instrumentos internacionales para la protecci\u00f3n de los derechos de los ni\u00f1os. En 1991, el Gobierno ratific\u00f3 la <a href=\"https:\/\/www.humanium.org\/es\/convencion\/\">Convenci\u00f3n sobre los Derechos del Ni\u00f1o (CDN)<\/a>. Italia tambi\u00e9n es parte de la <a href=\"https:\/\/www.humanium.org\/es\/convencion-sobre-la-eliminacion-de-todas-las-formas-de-discriminacion-contra-la-mujer\/\">Convenci\u00f3n sobre la Eliminaci\u00f3n de todas las Formas de Discriminaci\u00f3n contra la Mujer<\/a>&nbsp;(CEDAW), ratificada en 1985; la <a href=\"https:\/\/www.humanium.org\/es\/convencion-internacional-sobre-la-eliminacion-de-todas-las-formas-de-discriminacion-racial\/\">Convenci\u00f3n Internacional sobre la Eliminaci\u00f3n de todas las Formas de Discriminaci\u00f3n Racial<\/a>, ratificada en 1976 y el Pacto Internacional de Derechos Civiles y Pol\u00edticos (ICCPR), ratificado en 1978.&nbsp;<\/p>\n\n\n\n<p class=\"wp-block-paragraph\">El Gobierno ratific\u00f3 en 2002 el&nbsp;<a href=\"https:\/\/www.humanium.org\/es\/facultativo-conflictos-armados-2000\/\">Protocolo facultativo de la Convenci\u00f3n sobre los Derechos del Ni\u00f1o relativo a la participaci\u00f3n de ni\u00f1os en los conflictos armados<\/a>&nbsp;y el&nbsp;<a href=\"https:\/\/www.humanium.org\/es\/facultativo-venta-prostitucion-pornografia\/\">Protocolo facultativo de la Convenci\u00f3n sobre los Derechos del Ni\u00f1o relativo a la venta de ni\u00f1os, la prostituci\u00f3n infantil y la utilizaci\u00f3n de ni\u00f1os en la pornograf\u00eda<\/a>. El Gobierno tambi\u00e9n ratific\u00f3 en el a\u00f1o 2000 el&nbsp;<a href=\"https:\/\/www.humanium.org\/es\/convenio-182-peores-formas-trabajo-infantil-1999\/\">Convenio sobre las peores formas de trabajo infantil<\/a> (n\u00fam. 182, OIT) de la Organizaci\u00f3n Internacional del Trabajo&nbsp;(OIT).<\/p>\n\n\n\n<h2 class=\"wp-block-heading\"><strong>Atender las necesidades de los ni\u00f1os<\/strong><\/h2>\n\n\n\n<h3 class=\"wp-block-heading\"><a href=\"https:\/\/www.humanium.org\/es\/derecho-educacion\/\"><strong>El derecho a la educaci\u00f3n<\/strong><\/a><\/h3>\n\n\n<div class=\"wp-block-image\">\n<figure class=\"alignright size-large is-resized\"><img loading=\"lazy\" decoding=\"async\" width=\"1024\" height=\"683\" src=\"https:\/\/www.humanium.org\/es\/wp-content\/uploads\/2026\/08\/shutterstock_2508288067-1024x683.jpg\" alt=\"\" class=\"wp-image-22932\" style=\"aspect-ratio:1.499330655957162;width:389px;height:auto\" srcset=\"https:\/\/www.humanium.org\/es\/wp-content\/uploads\/2026\/08\/shutterstock_2508288067-1024x683.jpg 1024w, https:\/\/www.humanium.org\/es\/wp-content\/uploads\/2026\/08\/shutterstock_2508288067-300x200.jpg 300w, https:\/\/www.humanium.org\/es\/wp-content\/uploads\/2026\/08\/shutterstock_2508288067-768x512.jpg 768w, https:\/\/www.humanium.org\/es\/wp-content\/uploads\/2026\/08\/shutterstock_2508288067-1536x1024.jpg 1536w, https:\/\/www.humanium.org\/es\/wp-content\/uploads\/2026\/08\/shutterstock_2508288067-2048x1365.jpg 2048w, https:\/\/www.humanium.org\/es\/wp-content\/uploads\/2026\/08\/shutterstock_2508288067-830x553.jpg 830w, https:\/\/www.humanium.org\/es\/wp-content\/uploads\/2026\/08\/shutterstock_2508288067-230x153.jpg 230w, https:\/\/www.humanium.org\/es\/wp-content\/uploads\/2026\/08\/shutterstock_2508288067-350x233.jpg 350w, https:\/\/www.humanium.org\/es\/wp-content\/uploads\/2026\/08\/shutterstock_2508288067-480x320.jpg 480w, https:\/\/www.humanium.org\/es\/wp-content\/uploads\/2026\/08\/shutterstock_2508288067-272x182.jpg 272w\" sizes=\"auto, (max-width: 1024px) 100vw, 1024px\" \/><\/figure>\n<\/div>\n\n\n<p class=\"wp-block-paragraph\">En Italia, el derecho a la educaci\u00f3n est\u00e1 regulado por el Ministerio de Educaci\u00f3n y M\u00e9rito (<em>Ministero dell&#8217;istruzione e del merito&nbsp;&#8211;&nbsp;<\/em>MIM). Su funci\u00f3n principal es supervisar la pol\u00edtica educativa nacional, el personal escolar, el control de calidad, los recursos financieros y los est\u00e1ndares m\u00ednimos de educaci\u00f3n.<\/p>\n\n\n\n<p class=\"wp-block-paragraph\">El derecho a la educaci\u00f3n est\u00e1 garantizado constitucionalmente en el art\u00edculo 34, que asegura el acceso a la educaci\u00f3n para todos y establece la escolarizaci\u00f3n obligatoria y gratuita. A nivel local, las autoridades locales son responsables del mantenimiento de los terrenos escolares y de proporcionar transporte a los ni\u00f1os desde la educaci\u00f3n y el cuidado de la primera infancia (ECEC) hasta la escuela secundaria superior (Comisi\u00f3n Europea, 2024).<\/p>\n\n\n\n<p class=\"wp-block-paragraph\">La estructura de la educaci\u00f3n formal en Italia se compone de lo siguiente (Comisi\u00f3n Europea, 2024):<\/p>\n\n\n\n<ul class=\"wp-block-list\">\n<li><strong>Educaci\u00f3n y cuidado de la primera infancia (ECEC)<\/strong>\n<ul class=\"wp-block-list\">\n<li><em>Servicios educativos para la infancia (Servizi educative per l\u2019infanzia)<\/em>: para ni\u00f1os de 0 a 3 a\u00f1os. Ahora bien, estos no son obligatorios. Est\u00e1n gestionados por los municipios y proveedores privados, y se centran en el cuidado infantil temprano, la socializaci\u00f3n y las habilidades b\u00e1sicas para el desarrollo.<\/li>\n\n\n\n<li><em>Preescolar y jard\u00edn de infancia (Scuola dell\u2019infanzi)<\/em>: para ni\u00f1os de 3 a 6 a\u00f1os. No es obligatorio, pero aproximadamente el 90\u00a0% de los ni\u00f1os asisten. Es gratuito en las instituciones p\u00fablicas; sin embargo, se cobran peque\u00f1as cuotas por las comidas escolares y las actividades. Esta etapa de la escolarizaci\u00f3n prepara a los ni\u00f1os para la escuela primaria mediante el aprendizaje basado en el juego.<\/li>\n<\/ul>\n<\/li>\n\n\n\n<li><strong>Educaci\u00f3n primaria (Scuola primaria):<\/strong> para ni\u00f1os de entre 6 y 11 a\u00f1os. Es obligatoria y gratuita.<\/li>\n\n\n\n<li><strong>Educaci\u00f3n secundaria<\/strong>\n<ul class=\"wp-block-list\">\n<li><em>Educaci\u00f3n secundaria inferior (Scuola secondaria di primo grado)<\/em>: para ni\u00f1os de entre 11 y 14 a\u00f1os. Es obligatoria y, para pasar a la secundaria superior, los alumnos deben aprobar un examen nacional (<em>Esame di terza media<\/em>).<\/li>\n\n\n\n<li><em>Educaci\u00f3n secundaria superior (Scuola secondaria di secondo grado)<\/em>: para ni\u00f1os de entre 14 y 19 a\u00f1os. Solo es obligatoria hasta los 16 a\u00f1os. Una vez que los estudiantes cumplen 16 a\u00f1os, pueden elegir entre tres ramas acad\u00e9micas, que tienen una duraci\u00f3n de cinco a\u00f1os. Entre ellas se incluyen: (1) escuelas acad\u00e9micas (<em>liceo<\/em>), (2) institutos t\u00e9cnicos (<em>istituti tecnici<\/em>), (3) institutos profesionales (<em>istituti professionali<\/em>).<\/li>\n<\/ul>\n<\/li>\n<\/ul>\n\n\n\n<p class=\"wp-block-paragraph\">A pesar de contar con un marco educativo aparentemente s\u00f3lido, Italia tiene una de las tasas de abandono escolar m\u00e1s altas de Europa, y los estudiantes italianos tienen los \u00edndices de rendimiento escolar m\u00e1s bajos de Europa. En 2023, un an\u00e1lisis realizado por el Centro de Estudios de la Fondazione Articolo 49 revel\u00f3 que la tasa de abandono escolar en Italia era del 10,5&nbsp;%, superando el objetivo del 9&nbsp;% fijado por la Uni\u00f3n Europea&nbsp;(UE). Las tasas m\u00e1s altas de abandono escolar se registraron en Cerde\u00f1a, con un 17,3&nbsp;%, lo que afecta aproximadamente a 1 de cada 5 estudiantes (Global education time, 2025).<\/p>\n\n\n\n<p class=\"wp-block-paragraph\">Datos recientes del Instituto Nacional de Estad\u00edstica italiano (Instituto nazionale di statistica) indican que las tasas de abandono escolar de los ni\u00f1os siguen siendo m\u00e1s elevadas, con un 13,1&nbsp;%, en comparaci\u00f3n con el 7,6&nbsp;% de las ni\u00f1as, y que las tasas m\u00e1s altas de abandono escolar masculino se observan en Cerde\u00f1a (23,4&nbsp;%). Existen desigualdades regionales en cuanto a la educaci\u00f3n, ya que las regiones del norte de Italia obtienen mejores resultados acad\u00e9micos que los estudiantes del sur. Estas desigualdades se atribuyen con frecuencia al acceso desigual a la educaci\u00f3n y la formaci\u00f3n (Comisi\u00f3n Europea, 2025).<\/p>\n\n\n\n<h3 class=\"wp-block-heading\"><a href=\"https:\/\/www.humanium.org\/es\/derecho-salud\/\"><strong>El derecho a la salud<\/strong><\/a><strong><\/strong><\/h3>\n\n\n\n<p class=\"wp-block-paragraph\">El sistema nacional de salud de Italia, creado en 1978, se conoce como <em>Servizio Sanitario Nazionale<\/em> (SNN). El sistema de salud est\u00e1 financiado con fondos p\u00fablicos y cubre a todos los ciudadanos y residentes extranjeros legales. Los ni\u00f1os se benefician de disposiciones espec\u00edficas dise\u00f1adas para reducir las barreras financieras y de acceso, como la atenci\u00f3n dental para ni\u00f1os de hasta 16 a\u00f1os.<\/p>\n\n\n\n<p class=\"wp-block-paragraph\">Se exime del copago a los ni\u00f1os menores de 6 a\u00f1os, independientemente de los ingresos familiares, y a los ni\u00f1os mayores de familias con ingresos m\u00e1s bajos. Esto significa que pueden acceder a servicios ambulatorios rutinarios, atenci\u00f3n preventiva y visitas a especialistas con un pago m\u00ednimo o sin pago alguno.<\/p>\n\n\n\n<p class=\"wp-block-paragraph\">Todos los ni\u00f1os deben estar registrados con un m\u00e9dico de cabecera, que se encargar\u00e1 de su atenci\u00f3n desde el nacimiento hasta la adolescencia. Aunque las familias pueden seguir teniendo que pagar por determinados servicios ambulatorios y medicamentos que no est\u00e1n totalmente cubiertos por la SNN, estos gastos est\u00e1n limitados por la legislaci\u00f3n nacional y los ni\u00f1os suelen estar exentos (Tikkanen, 2020).<\/p>\n\n\n\n<p class=\"wp-block-paragraph\">Desde 1998, todos los inmigrantes indocumentados pueden acceder a servicios m\u00e9dicos urgentes y esenciales. Aunque los ni\u00f1os migrantes y refugiados tienen derecho legal a recibir servicios sanitarios b\u00e1sicos y de emergencia, las barreras socioecon\u00f3micas limitan su acceso a la atenci\u00f3n m\u00e9dica rutinaria. La SNN funciona como un sistema p\u00fablico descentralizado, compuesto por el Ministerio de Salud y otros organismos e instituciones de \u00e1mbito nacional (Tikkanen, 2020).&nbsp;<\/p>\n\n\n\n<h3 class=\"wp-block-heading\"><a href=\"https:\/\/www.humanium.org\/es\/derecho-agua\/\"><strong>Derecho al agua potable y al saneamiento<\/strong><\/a><strong><\/strong><\/h3>\n\n\n\n<p class=\"wp-block-paragraph\">Seg\u00fan el Programa Conjunto de Monitoreo de Abastecimiento de Agua, Saneamiento e Higiene de la OMS\/UNICEF de 2023, el 99&nbsp;% de las escuelas de Italia tienen acceso a servicios b\u00e1sicos de agua (UNICEF, 2024).<\/p>\n\n\n\n<p class=\"wp-block-paragraph\">Italia tambi\u00e9n da prioridad al agua potable y al saneamiento en sus iniciativas de desarrollo internacional. En 2022, el Gobierno italiano, con el apoyo de las Naciones&nbsp;Unidas, destin\u00f3 2,5 millones de euros a Homs, Siria. Esta contribuci\u00f3n est\u00e1 destinada a ayudar a los ni\u00f1os y las familias a acceder a agua potable, sistemas de riego adecuados, instalaciones de almacenamiento de agua, rehabilitaci\u00f3n de pozos, estaciones de bombeo y plantas de tratamiento de agua, as\u00ed como a aumentar la concienciaci\u00f3n sobre la <a href=\"https:\/\/www.humanium.org\/es\/influencia-de-la-pobreza-menstrual-sobre-los-derechos-de-las-ninas-y-mujeres-alrededor-del-mundo\/\">salud menstrual<\/a> y el acceso a productos de higiene (UNICEF Rep\u00fablica \u00c1rabe Siria, 2022). En 2024, en colaboraci\u00f3n con UNICEF Libia, la Agencia Italiana para la Cooperaci\u00f3n al Desarrollo (AICS) aport\u00f3 3 millones de euros para la mejora de servicios de agua y saneamiento resistentes al clima en toda <a href=\"https:\/\/www.humanium.org\/es\/libia\/\">Libia<\/a>. Se espera que el proyecto beneficie a aproximadamente un mill\u00f3n de personas, incluidos 70&nbsp;000 ni\u00f1os en Libia (UNICEF Libia, 2024).<\/p>\n\n\n\n<h3 class=\"wp-block-heading\"><strong>Derecho a la identidad<\/strong><\/h3>\n\n\n\n<p class=\"wp-block-paragraph\">En Italia, el derecho de los ni\u00f1os a la identidad est\u00e1 consagrado y protegido por la Constituci\u00f3n y el C\u00f3digo Civil, as\u00ed como por los derechos humanos internacionales. A nivel nacional, la Constituci\u00f3n italiana, en particular los art\u00edculos 2 y 30, garantiza los derechos inalienables y otorga una protecci\u00f3n especial a los ni\u00f1os y las relaciones familiares, mientras que el C\u00f3digo Civil regula el registro de nacimientos, la filiaci\u00f3n y la responsabilidad parental.<\/p>\n\n\n<div class=\"wp-block-image\">\n<figure class=\"alignleft size-large is-resized\"><img loading=\"lazy\" decoding=\"async\" width=\"1024\" height=\"683\" src=\"https:\/\/www.humanium.org\/es\/wp-content\/uploads\/2026\/08\/shutterstock_2313729387-1024x683.jpg\" alt=\"\" class=\"wp-image-22933\" style=\"aspect-ratio:1.499330655957162;width:391px;height:auto\" srcset=\"https:\/\/www.humanium.org\/es\/wp-content\/uploads\/2026\/08\/shutterstock_2313729387-1024x683.jpg 1024w, https:\/\/www.humanium.org\/es\/wp-content\/uploads\/2026\/08\/shutterstock_2313729387-300x200.jpg 300w, https:\/\/www.humanium.org\/es\/wp-content\/uploads\/2026\/08\/shutterstock_2313729387-768x512.jpg 768w, https:\/\/www.humanium.org\/es\/wp-content\/uploads\/2026\/08\/shutterstock_2313729387-1536x1024.jpg 1536w, https:\/\/www.humanium.org\/es\/wp-content\/uploads\/2026\/08\/shutterstock_2313729387-2048x1365.jpg 2048w, https:\/\/www.humanium.org\/es\/wp-content\/uploads\/2026\/08\/shutterstock_2313729387-830x553.jpg 830w, https:\/\/www.humanium.org\/es\/wp-content\/uploads\/2026\/08\/shutterstock_2313729387-230x153.jpg 230w, https:\/\/www.humanium.org\/es\/wp-content\/uploads\/2026\/08\/shutterstock_2313729387-350x233.jpg 350w, https:\/\/www.humanium.org\/es\/wp-content\/uploads\/2026\/08\/shutterstock_2313729387-480x320.jpg 480w, https:\/\/www.humanium.org\/es\/wp-content\/uploads\/2026\/08\/shutterstock_2313729387-272x182.jpg 272w\" sizes=\"auto, (max-width: 1024px) 100vw, 1024px\" \/><\/figure>\n<\/div>\n\n\n<p class=\"wp-block-paragraph\">El registro de nacimientos es obligatorio para todos los ni\u00f1os nacidos en Italia, incluidos los hijos de padres migrantes e indocumentados. Esto garantiza el acceso a la atenci\u00f3n m\u00e9dica, la educaci\u00f3n y otros servicios esenciales. Los ni\u00f1os deben inscribirse en el registro civil (<em>ufficio di stato civile<\/em>) en un plazo de 10 d\u00edas desde su nacimiento, en la localidad donde hayan nacido o donde resida la familia. En Italia se expiden dos tipos de certificados de nacimiento: (1) <em>Certificato di nascita<\/em> (certificado de nacimiento) y (2) <em>Copia integrale atti di nascita<\/em> (acta de nacimiento) (Oficina de Pasaportes de Su Majestad, 2025).<\/p>\n\n\n\n<p class=\"wp-block-paragraph\">En virtud de la Ley 91\/1992, el marco de la ciudadan\u00eda italiana se basa principalmente en el principio del iu<em>s sanguinis<\/em> (adquisici\u00f3n de la ciudadan\u00eda por descendencia). Aunque la nacionalidad se basa en el principio del iu<em>s sanguinis<\/em>, la falta de ciudadan\u00eda italiana no impide que un ni\u00f1o sea inscrito al nacer ni que acceda a los derechos fundamentales. Sin embargo, surgen dificultades pr\u00e1cticas en el caso de los hijos de padres extranjeros, los ni\u00f1os ap\u00e1tridas o los hijos de migrantes irregulares (Oficina de Pasaportes de Su Majestad, 2025).<\/p>\n\n\n\n<h2 class=\"wp-block-heading\"><strong>Factores de riesgo \u2013> Retos espec\u00edficos de cada pa\u00eds<\/strong><\/h2>\n\n\n\n<h3 class=\"wp-block-heading\"><a href=\"https:\/\/www.humanium.org\/es\/enfoques-tematicos\/pobreza\/\"><strong>Pobreza<\/strong><\/a><strong><\/strong><\/h3>\n\n\n\n<p class=\"wp-block-paragraph\">Seg\u00fan el Instituto Nacional de Estad\u00edstica (ISTAT), en 2022, aproximadamente el 13,4&nbsp;% de los ni\u00f1os viv\u00edan en situaci\u00f3n de pobreza absoluta, la tasa m\u00e1s alta registrada desde 2005, y el 23,5&nbsp;% de los ni\u00f1os viv\u00edan en situaci\u00f3n de pobreza relativa (EuroChild, 2023). Adem\u00e1s, en 2024, el 27,1&nbsp;% de los ni\u00f1os y ni\u00f1as se encontraron en riesgo de pobreza y exclusi\u00f3n social. A pesar de que esta cifra es elevada, el porcentaje de ni\u00f1os que viven en la pobreza ha descendido del 28,9&nbsp;% en 2020 al 29,7&nbsp;% en 2021, al 28,5&nbsp;% en 2022 y al 27,1&nbsp;% en 2023 (Eurostat, 2025).<\/p>\n\n\n\n<p class=\"wp-block-paragraph\">Desde la pandemia del COVID-19, algunos ni\u00f1os han sufrido pobreza educativa, lo que significa que carec\u00edan de un espacio dedicado al estudio en sus hogares, no ten\u00edan acceso a dispositivos digitales o no pod\u00edan permitirse una conexi\u00f3n a Internet fiable (EuroChild, 2022).&nbsp; En 2021, un estudio realizado por ActionAid revel\u00f3 que aproximadamente 6 millones de personas en Italia sufr\u00edan <a href=\"https:\/\/www.humanium.org\/es\/el-impacto-del-covid-19-en-el-en-el-acceso-de-los-ninos-a-los-alimentos-en-el-reino-unido\/\">pobreza alimentaria<\/a>, de las cuales 200&nbsp;000 eran ni\u00f1os menores de 16 a\u00f1os y el 12&nbsp;% eran ni\u00f1os de 16 a\u00f1os o m\u00e1s (ActionAid, 2023).<\/p>\n\n\n\n<h3 class=\"wp-block-heading\"><a href=\"https:\/\/www.humanium.org\/es\/enfoques-tematicos\/violencia\/abuso-infantil\/\"><strong>Maltrato infantil<\/strong><\/a> <strong>y<\/strong> <a href=\"https:\/\/www.humanium.org\/es\/enfoques-tematicos\/explotacion\/\"><strong>explotaci\u00f3n sexual<\/strong><\/a><strong><\/strong><\/h3>\n\n\n\n<p class=\"wp-block-paragraph\">En Italia, el maltrato infantil y la explotaci\u00f3n sexual siguen siendo un problema grave y generalizado. Aunque Italia ha ratificado normas internacionales pertinentes, como el Convenio de Lanzarote, y ha adoptado planes nacionales para prevenir y combatir el abuso y la explotaci\u00f3n sexual infantil, los datos disponibles indican que los ni\u00f1os siguen sin estar protegidos y que muchos casos no se denuncian o no se detectan.<\/p>\n\n\n\n<p class=\"wp-block-paragraph\">En 2021, el Ministerio del Interior italiano indic\u00f3 que se hab\u00edan denunciado un total de 2285 delitos cometidos contra menores, de los cuales 681 eran casos de violencia sexual, 624 casos de captaci\u00f3n de menores, 589 casos de violencia sexual agravada y 391 casos de actos sexuales con menores.<\/p>\n\n\n\n<p class=\"wp-block-paragraph\">Adem\u00e1s, estas estad\u00edsticas se vieron corroboradas por los datos obtenidos de dos operadores de servicios principales entre 2022 y 2023: (1) <em>Telefono Azzurro, Linea di Ascolto e Consulenza<\/em> (L\u00ednea de escucha y asesoramiento) 1.96.96 y (2) <em>Servizio Emergenza Infanzia<\/em> (Servicio de emergencia infantil) 114 (promovido por el Departamento de Pol\u00edticas Familiares). Estos servicios registran situaciones perjudiciales que afectan a los ni\u00f1os, incluido el abuso sexual infantil en l\u00ednea y en persona (ECPAT, 2024).<\/p>\n\n\n\n<p class=\"wp-block-paragraph\"><em>Telefono Azzurro, Linea di Ascolto e Consulenza<\/em> respondi\u00f3 a 46 casos de abuso sexual presencial en 2022, de los cuales 54 ni\u00f1os fueron v\u00edctimas (88&nbsp;%), el 10&nbsp;% participaron como testigos y el 2&nbsp;% fueron agresores. Adem\u00e1s, el 73&nbsp;% de estos menores eran ni\u00f1as, el 25&nbsp;% ni\u00f1os y el 2&nbsp;% se identificaban como no binarios. De estos casos, el 20&nbsp;% involucraba a ni\u00f1os menores de 10 a\u00f1os, el 43&nbsp;% a ni\u00f1os de entre 11 y 14 a\u00f1os, y el 37&nbsp;% a ni\u00f1os de entre 15 y 18 a\u00f1os. En 2023, <em>Telefono Azzurro, Linea di Ascolto e Consulenza<\/em> respondi\u00f3 a 12 casos de abuso sexual presenciales a trav\u00e9s de su l\u00ednea de ayuda. De manera similar, en 2022, <em>Servizio Emergenza Infanzia<\/em> gestion\u00f3 138 casos de abuso sexual presencial, en los que 180 ni\u00f1os fueron v\u00edctimas (90&nbsp;%), el 9&nbsp;% fueron agresores y el 1&nbsp;% fueron testigos (ECPAT, 2024).<\/p>\n\n\n\n<p class=\"wp-block-paragraph\">Save the Children inform\u00f3 de que muchas ni\u00f1as que fueron explotadas sexualmente a trav\u00e9s de la trata eran de origen nigeriano, con un n\u00famero cada vez mayor de ni\u00f1as tambi\u00e9n procedentes de Costa de Marfil y Europa del Este, en particular Bulgaria, Albania y Ruman\u00eda. Se intercept\u00f3 en la frontera entre Italia y Francia a varias ni\u00f1as no acompa\u00f1adas de entre 14 y 17 a\u00f1os procedentes de Costa de Marfil, siendo Italia su punto de tr\u00e1nsito. La mayor parte de los datos recopilados sobre la explotaci\u00f3n sexual de ni\u00f1os en la prostituci\u00f3n se refiere principalmente a ni\u00f1os migrantes o refugiados, con informaci\u00f3n limitada sobre los ciudadanos italianos (ECPAT, 2024).&nbsp;<\/p>\n\n\n\n<p class=\"wp-block-paragraph\">Los datos recopilados por el Ministerio del Interior italiano indican que, en 2020, 495 varones fueron v\u00edctimas de abuso y explotaci\u00f3n sexual infantil, frente a 2202 v\u00edctimas femeninas. A pesar de que el n\u00famero de v\u00edctimas masculinas es significativamente inferior al de v\u00edctimas femeninas, las investigaciones indican que existe una falta de servicios y de comprensi\u00f3n entre los proveedores de servicios. Entre 2018 y 2020, el Ministerio del Interior italiano se\u00f1al\u00f3 un aumento gradual en el n\u00famero de ni\u00f1os varones que solicitaban ayuda a las l\u00edneas de emergencia, con 668 ni\u00f1os en 2018, 834 en 2019 y 887 en 2020. La mayor parte de los datos disponibles sobre la explotaci\u00f3n sexual de ni\u00f1os se refiere a ni\u00f1os refugiados y migrantes que viajan desde la ruta central del Mediterr\u00e1neo hacia Europa (ECPAT, 2024).<\/p>\n\n\n\n<h3 class=\"wp-block-heading\"><strong>Abuso sexual infantil dentro de la Iglesia cat\u00f3lica<\/strong><\/h3>\n\n\n\n<p class=\"wp-block-paragraph\">En 2014, el papa Francisco cre\u00f3 la Comisi\u00f3n Pontificia para la Protecci\u00f3n de Menores. Esta comisi\u00f3n se cre\u00f3 para asesorar al papa Francisco sobre la protecci\u00f3n de los menores frente a los abusos sexuales dentro de la Iglesia cat\u00f3lica, proponiendo buenas pr\u00e1cticas, apoyando a las v\u00edctimas y trabajando para salvaguardar y promover una reforma sist\u00e9mica.<\/p>\n\n\n<div class=\"wp-block-image\">\n<figure class=\"alignright size-large is-resized\"><img loading=\"lazy\" decoding=\"async\" width=\"1024\" height=\"683\" src=\"https:\/\/www.humanium.org\/es\/wp-content\/uploads\/2026\/08\/shutterstock_2634456533-1024x683.jpg\" alt=\"\" class=\"wp-image-22934\" style=\"aspect-ratio:1.499330655957162;width:396px;height:auto\" srcset=\"https:\/\/www.humanium.org\/es\/wp-content\/uploads\/2026\/08\/shutterstock_2634456533-1024x683.jpg 1024w, https:\/\/www.humanium.org\/es\/wp-content\/uploads\/2026\/08\/shutterstock_2634456533-300x200.jpg 300w, https:\/\/www.humanium.org\/es\/wp-content\/uploads\/2026\/08\/shutterstock_2634456533-768x512.jpg 768w, https:\/\/www.humanium.org\/es\/wp-content\/uploads\/2026\/08\/shutterstock_2634456533-1536x1024.jpg 1536w, https:\/\/www.humanium.org\/es\/wp-content\/uploads\/2026\/08\/shutterstock_2634456533-2048x1365.jpg 2048w, https:\/\/www.humanium.org\/es\/wp-content\/uploads\/2026\/08\/shutterstock_2634456533-830x553.jpg 830w, https:\/\/www.humanium.org\/es\/wp-content\/uploads\/2026\/08\/shutterstock_2634456533-350x233.jpg 350w, https:\/\/www.humanium.org\/es\/wp-content\/uploads\/2026\/08\/shutterstock_2634456533-230x153.jpg 230w, https:\/\/www.humanium.org\/es\/wp-content\/uploads\/2026\/08\/shutterstock_2634456533-480x320.jpg 480w, https:\/\/www.humanium.org\/es\/wp-content\/uploads\/2026\/08\/shutterstock_2634456533-272x182.jpg 272w\" sizes=\"auto, (max-width: 1024px) 100vw, 1024px\" \/><\/figure>\n<\/div>\n\n\n<p class=\"wp-block-paragraph\">Desde su creaci\u00f3n, la Comisi\u00f3n ha elaborado dos informes. Sin embargo, estos informes no abordan expl\u00edcitamente los casos de abuso dentro de la Iglesia, sino que destacan el cambio del silencio y el secretismo a las reparaciones, las reformas estructurales y la mejora de la protecci\u00f3n de los ni\u00f1os en todas las di\u00f3cesis (Pontificia Comisi\u00f3n para la Protecci\u00f3n de Menores, 2024).&nbsp;<\/p>\n\n\n\n<p class=\"wp-block-paragraph\">En 2024, <em>Rete l&#8217;Abuso<\/em>,<a href=\"#_ftn2\" id=\"_ftnref2\"><sup>[2]<\/sup><\/a> el mayor grupo de v\u00edctimas de abusos de la Iglesia en Italia, public\u00f3 un informe en el que se indicaba que aproximadamente 4400 personas hab\u00edan sufrido abusos dentro de la Iglesia cat\u00f3lica en Italia. En este informe se destacaba que hab\u00eda 1250 casos sospechosos de abuso, algunos con m\u00faltiples v\u00edctimas, de los cuales 1106 casos fueron presuntamente cometidos por sacerdotes, y el resto de los casos fueron presuntamente cometidos por monjas, profesores de religi\u00f3n, educadores y miembros de grupos scouts (Armellini, 2025)<\/p>\n\n\n\n<p class=\"wp-block-paragraph\">En noviembre de 2022, la Conferencia Episcopal Italiana public\u00f3 un informe sobre los casos de abuso infantil cometidos por el clero de la Iglesia cat\u00f3lica en Italia. Seg\u00fan el informe, entre 2020 y 2021, 89 v\u00edctimas denunciaron casos de presunto abuso sexual, con un 37,1&nbsp;% de v\u00edctimas de entre 15 y 18 a\u00f1os y un 31,5&nbsp;% de entre 10 y 14 a\u00f1os (ECPAT, 2024). Estos datos se recopilaron en centros de escucha creados por di\u00f3cesis de toda Italia en 2019. Estos centros se crearon espec\u00edficamente para recibir denuncias de abusos sexuales por parte de la Iglesia cat\u00f3lica. Este informe es una de las primeras investigaciones realizadas sobre los abusos y revel\u00f3 que se presentaron 68 denuncias contra presuntos abusadores (Giuffrida, 2022).<\/p>\n\n\n\n<h3 class=\"wp-block-heading\"><strong>Abuso infantil en l\u00ednea<\/strong><\/h3>\n\n\n\n<p class=\"wp-block-paragraph\">El abuso y la explotaci\u00f3n sexual infantil representan una preocupaci\u00f3n creciente y alarmante en Italia. Los datos recopilados por el Instituto Nacional de Estad\u00edstica italiano en 2022 revelaron que, entre los ni\u00f1os de 15 a 17 a\u00f1os, el 97,9&nbsp;% eran usuarios de Internet y el 92,8&nbsp;% acced\u00eda a Internet a diario. Adem\u00e1s, en 2022, <em>Telefono Azzurro, Linea di Ascolto e Consulenza<\/em> recibi\u00f3 27 casos de abuso sexual en l\u00ednea, en los que 29 ni\u00f1os participaron como agresores (abuso entre iguales), siendo el 55,6&nbsp;% de las v\u00edctimas de sexo femenino, el 40,7&nbsp;% de sexo masculino y el 3,7&nbsp;% identificadas como no binarias.<\/p>\n\n\n\n<p class=\"wp-block-paragraph\">Del mismo modo, <em>Servizio Emergenza Infanzia<\/em> recibi\u00f3 64 casos de abuso sexual en l\u00ednea en 2022, de los cuales el 90&nbsp;% involucraba a ni\u00f1os, siendo el 58&nbsp;% de las v\u00edctimas mujeres y el 42&nbsp;% hombres. Estos casos involucraban a ni\u00f1os peque\u00f1os, con un 16&nbsp;% de los casos relacionados con ni\u00f1os menores de 10 a\u00f1os, un 36&nbsp;% con ni\u00f1os de entre 11 y 14 a\u00f1os y un 48&nbsp;% con ni\u00f1os de entre 15 y 18 a\u00f1os (ECPAT, 2024).<\/p>\n\n\n\n<p class=\"wp-block-paragraph\">Tanto en <em>Servizio Emergenza Infanzia<\/em> como en <em>Telefono Azzurro, Linea di Ascolto e Consulenza<\/em>, se identific\u00f3 que los principales problemas relacionados con el abuso infantil en l\u00ednea inclu\u00edan el sexting, el grooming en l\u00ednea, el material de abuso sexual infantil, el acoso y la extorsi\u00f3n sexuales.<\/p>\n\n\n\n<p class=\"wp-block-paragraph\">En 2020, la Polic\u00eda Postal italiana llev\u00f3 a cabo una investigaci\u00f3n en 53 provincias y 18 regiones italianas, que condujo a la identificaci\u00f3n de 432 usuarios que formaban parte de grupos de chat en l\u00ednea en WhatsApp y Telegram donde se intercambiaban materiales de abuso sexual infantil. Adem\u00e1s, en 2022, la Polic\u00eda Postal italiana, junto con el Centro Nacional para la Lucha contra la Pornograf\u00eda Infantil en Internet, investig\u00f3 4542 casos de explotaci\u00f3n sexual y captaci\u00f3n de menores en internet. Esta investigaci\u00f3n dio lugar a la detenci\u00f3n de 149 personas (ECPAT, 2024).<\/p>\n\n\n\n<h3 class=\"wp-block-heading\"><strong>Ni\u00f1os con discapacidades<\/strong><\/h3>\n\n\n\n<p class=\"wp-block-paragraph\">Los ni\u00f1os con discapacidades se enfrentan a importantes obst\u00e1culos para acceder a la atenci\u00f3n m\u00e9dica y los servicios de apoyo, y estos retos se ven agravados por las disparidades regionales entre el norte y el sur de Italia. Seg\u00fan una investigaci\u00f3n realizada por el Instituto Catteneo, en colaboraci\u00f3n con UNICEF Italia y el Programa de Salud de la Uni\u00f3n Europea, los hospitales italianos carecen de accesos e infraestructuras adaptados a las personas con discapacidad, siendo la situaci\u00f3n especialmente grave en las regiones del sur. El estudio indic\u00f3 que el 6,5&nbsp;% de las cl\u00ednicas del sur ofrecen v\u00edas de acceso espec\u00edficas a la salud para las personas con discapacidad, en comparaci\u00f3n con el 29&nbsp;% de las cl\u00ednicas del norte (UNICEF, 2022).<\/p>\n\n\n\n<p class=\"wp-block-paragraph\">Una investigaci\u00f3n realizada por el Instituto Serafico de As\u00eds destaca que el 36,7&nbsp;% de los hospitales carecen de infraestructuras f\u00edsicas accesibles, el 49,8&nbsp;% de los hospitales carecen de programas espec\u00edficos para personas con discapacidad, en particular para enfermedades raras, y el 63&nbsp;% de las personas a menudo deben desplazarse fuera de su regi\u00f3n para acceder al tratamiento necesario o acudir a visitas rutinarias. Otras desigualdades inclu\u00edan barreras culturales y estigma social, distribuci\u00f3n desigual del personal cualificado y acceso desigual a los servicios de intervenci\u00f3n temprana y rehabilitaci\u00f3n (ANSA, 2022).<\/p>\n\n\n\n<h3 class=\"wp-block-heading\"><strong>Ni\u00f1os desplazados<\/strong><\/h3>\n\n\n<div class=\"wp-block-image\">\n<figure class=\"alignleft size-large is-resized\"><img loading=\"lazy\" decoding=\"async\" width=\"1024\" height=\"683\" src=\"https:\/\/www.humanium.org\/es\/wp-content\/uploads\/2026\/08\/shutterstock_2356047899-1024x683.jpg\" alt=\"\" class=\"wp-image-22935\" style=\"aspect-ratio:1.499330655957162;width:404px;height:auto\" srcset=\"https:\/\/www.humanium.org\/es\/wp-content\/uploads\/2026\/08\/shutterstock_2356047899-1024x683.jpg 1024w, https:\/\/www.humanium.org\/es\/wp-content\/uploads\/2026\/08\/shutterstock_2356047899-300x200.jpg 300w, https:\/\/www.humanium.org\/es\/wp-content\/uploads\/2026\/08\/shutterstock_2356047899-767x511.jpg 767w, https:\/\/www.humanium.org\/es\/wp-content\/uploads\/2026\/08\/shutterstock_2356047899-2048x1365.jpg 2048w, https:\/\/www.humanium.org\/es\/wp-content\/uploads\/2026\/08\/shutterstock_2356047899-1536x1024.jpg 1536w, https:\/\/www.humanium.org\/es\/wp-content\/uploads\/2026\/08\/shutterstock_2356047899-830x553.jpg 830w, https:\/\/www.humanium.org\/es\/wp-content\/uploads\/2026\/08\/shutterstock_2356047899-230x153.jpg 230w, https:\/\/www.humanium.org\/es\/wp-content\/uploads\/2026\/08\/shutterstock_2356047899-350x233.jpg 350w, https:\/\/www.humanium.org\/es\/wp-content\/uploads\/2026\/08\/shutterstock_2356047899-479x319.jpg 479w, https:\/\/www.humanium.org\/es\/wp-content\/uploads\/2026\/08\/shutterstock_2356047899-272x182.jpg 272w\" sizes=\"auto, (max-width: 1024px) 100vw, 1024px\" \/><\/figure>\n<\/div>\n\n\n<p class=\"wp-block-paragraph\">Seg\u00fan el Instituto Nacional de Estad\u00edstica italiano, en enero de 2023 hab\u00eda aproximadamente 5 millones de residentes extranjeros en Italia, de los cuales 157&nbsp;652 hab\u00edan llegado por mar, entre ellos 17&nbsp;319 menores migrantes no acompa\u00f1ados. En diciembre de 2023, los datos recopilados por el Ministerio de Trabajo y Pol\u00edticas Sociales indicaban que hab\u00eda 23&nbsp;226 menores no acompa\u00f1ados en Italia, de los cuales el 88,4&nbsp;% eran ni\u00f1os y el 11,6&nbsp;% ni\u00f1as.<\/p>\n\n\n\n<p class=\"wp-block-paragraph\">La gran mayor\u00eda de estos ni\u00f1os eran de origen egipcio (20,1&nbsp;%), seguidos de Ucrania, T\u00fanez y Gambia. Italia acoge a una gran poblaci\u00f3n de refugiados y migrantes procedentes de pa\u00edses como Pakist\u00e1n, Sud\u00e1n, Guinea, Costa de Marfil, Nigeria y T\u00fanez. A menudo, los refugiados, los migrantes, los menores no acompa\u00f1ados y los ni\u00f1os roman\u00edes son vulnerables a la explotaci\u00f3n y corren el riesgo de ser v\u00edctimas de la trata, el trabajo forzoso o la mendicidad (ECPAT, 2024).&nbsp;&nbsp;<\/p>\n\n\n\n<h3 class=\"wp-block-heading\"><strong>Los derechos de los ni\u00f1os y la<\/strong> <a href=\"https:\/\/www.humanium.org\/es\/la-gestacion-subrogada-y-los-derechos-de-la-ninez\/\"><strong>gestaci\u00f3n subrogada<\/strong><\/a><\/h3>\n\n\n\n<p class=\"wp-block-paragraph\">Los acuerdos de <a href=\"https:\/\/www.humanium.org\/es\/se-respetan-los-derechos-de-los-ninos-con-la-gestacion-subrogada\/\">gestaci\u00f3n subrogada<\/a> en Italia revelan una brecha significativa entre los principios jur\u00eddicos y su aplicaci\u00f3n. La ley italiana sobre la nacionalidad se basa en el principio del iu<em>s sanguinis<\/em>; por lo tanto, las autoridades italianas rechazan o retrasan la transcripci\u00f3n de las partidas de nacimiento extranjeras de los ni\u00f1os nacidos mediante un acuerdo de gestaci\u00f3n subrogada, lo que puede impedir que estos ni\u00f1os tengan padres legalmente reconocidos seg\u00fan la legislaci\u00f3n italiana.<\/p>\n\n\n\n<p class=\"wp-block-paragraph\">Dado que el pa\u00eds de nacimiento no concede la nacionalidad por derecho de suelo (i<em>us soli<\/em>) y la ciudadan\u00eda italiana se basa en el derecho de sangre (iu<em>s sanguinis<\/em>), los ni\u00f1os se encuentran ap\u00e1tridas de facto durante largos periodos de tiempo, a pesar de tener una conexi\u00f3n clara y, en algunos casos, biol\u00f3gica con un progenitor italiano.<\/p>\n\n\n\n<p class=\"wp-block-paragraph\">El 16 de octubre de 2024, Italia aprob\u00f3 una ley que proh\u00edbe a las parejas viajar al extranjero y contratar los servicios de gestantes subrogadas internacionales. Esta ley tipifica ahora como delito contratar los servicios de gestantes subrogadas internacionales, con sanciones de hasta un mill\u00f3n de euros y penas de c\u00e1rcel de dos a\u00f1os. La denegaci\u00f3n de la ciudadan\u00eda a los ni\u00f1os nacidos mediante gestaci\u00f3n subrogada se ha presentado en virtud del art\u00edculo 8 del Tribunal Europeo de Derechos Humanos (TEDH).<\/p>\n\n\n\n<p class=\"wp-block-paragraph\">En los casos emblem\u00e1ticos Paradiso y Campanelli contra Italia, los padres potenciales no lograron impugnar ante las autoridades italianas la separaci\u00f3n de su hija de nueve meses, nacida mediante un acuerdo de gestaci\u00f3n subrogada en <a href=\"https:\/\/www.humanium.org\/es\/rusia\/\">Mosc\u00fa<\/a> en 2011. Los futuros padres hab\u00edan tra\u00eddo a su hija a Italia y solicitaron el reconocimiento legal del certificado de nacimiento ruso; sin embargo, las autoridades italianas lo rechazaron alegando que los padres potenciales no ten\u00edan ning\u00fan v\u00ednculo biol\u00f3gico con la ni\u00f1a.<\/p>\n\n\n\n<p class=\"wp-block-paragraph\">El tribunal italiano concluy\u00f3 que no exist\u00eda una relaci\u00f3n paternofilial reconocida legalmente seg\u00fan la legislaci\u00f3n italiana y orden\u00f3 la separaci\u00f3n de la ni\u00f1a y su entrega en adopci\u00f3n. La denegaci\u00f3n del registro del certificado de nacimiento se mantuvo por motivos de orden p\u00fablico, y se expidi\u00f3 un nuevo certificado de nacimiento en el que se indicaba que los padres eran desconocidos (CRIN, 2015).<\/p>\n\n\n\n<p class=\"wp-block-paragraph\">Este caso hist\u00f3rico ilustra que la intenci\u00f3n de ser padre o madre, sin v\u00ednculos biol\u00f3gicos o legalmente reconocidos, no es suficiente para establecer la nacionalidad seg\u00fan la legislaci\u00f3n italiana. Esto demuestra adem\u00e1s que, en ausencia de una filiaci\u00f3n reconocida legalmente, los ni\u00f1os no pueden invocar el art\u00edculo 8 del Convenio Europeo de Derechos Humanos (CEDH) para exigir la nacionalidad a trav\u00e9s de los padres italianos potenciales (CRIN, 2015).<\/p>\n\n\n\n<p class=\"wp-block-paragraph\"><em><strong>Escrito por Vanessa Cezarita Cordeiro<\/strong><\/em><\/p>\n\n\n\n<p class=\"wp-block-paragraph\"><em><strong>Traducido por Kelly Berm\u00fadez<\/strong><\/em><\/p>\n\n\n\n<p class=\"wp-block-paragraph\"><em><strong>Revisado por J.R.<\/strong><\/em><\/p>\n\n\n\n<p class=\"wp-block-paragraph\"><em><strong>\u00daltima actualizaci\u00f3n el 17 de diciembre de 2025<\/strong><\/em><\/p>\n\n\n\n<h4 class=\"wp-block-heading\"><strong>Referencias:<\/strong><\/h4>\n\n\n\n<p class=\"has-small-font-size wp-block-paragraph\">ActionAid. (2023, October 12). \u201cThere are 6 million people suffering from food poverty.\u201d Retrieved from ActionAid, accessed on 1 December 2025.<\/p>\n\n\n\n<p class=\"has-small-font-size wp-block-paragraph\">ANSA. (2022, December 1). <a href=\"https:\/\/www.ansa.it\/canale_saluteebenessere\/notizie\/sanita\/2022\/12\/01\/disabilita-italia-resta-indietro-nellaccessibilita-a-cure_7b934648-1fde-4f84-9c43-0f4230709539.html?utm_source\">\u201cItaly lags behind in accessibility to disability care.\u201d<\/a> Retrieved from ANSA, accessed on 11 December 2025.<\/p>\n\n\n\n<p class=\"has-small-font-size wp-block-paragraph\">Armellini, A. (2025, October 24). <a href=\"https:\/\/www.reuters.com\/world\/almost-4400-people-abused-by-priests-italy-victims-group-alleges-2025-10-24\/\">\u00abCasi 4400 personas abusadas por sacerdotes en Italia, seg\u00fan denuncia un grupo de v\u00edctimas\u00bb.<\/a> Retrieved from Reuters, accessed on 8 December 2025.<\/p>\n\n\n\n<p class=\"has-small-font-size wp-block-paragraph\">Committee on the Rights of the Child. (2019, February 28). <a href=\"https:\/\/docs.un.org\/en\/CRC\/C\/ITA\/CO\/5-6\">\u201cConcluding observations on the combined fifth and sixth periodic reports of Italy.\u201d<\/a> Retrieved from United Nations Committee on the Rights of the Child, accessed on 4 December 2025.<\/p>\n\n\n\n<p class=\"has-small-font-size wp-block-paragraph\">Child Rights International Network. (2015, January 27). <a href=\"https:\/\/archive.crin.org\/en\/library\/legal-database\/paradiso-and-campanelli-v-italy.html\">\u201c<em>Paradiso and Campanelli v Italy.\u201d<\/em><\/a> <em><\/em>Retrieved from CRIN, accessed on 16 December 2025.<\/p>\n\n\n\n<p class=\"has-small-font-size wp-block-paragraph\">ECPAT. (2024, January). <a href=\"https:\/\/ecpat.org\/wp-content\/uploads\/2024\/02\/Joint-Country-Overview_Italy_12February2024.pdf\">\u201cCountry overview ending child sexual abuse and exploitation: state-of-play in light of the Lanzarote Convention Italy.\u201d<\/a> Retrieved from ECPAT Italy, accessed on 7 December 2025.<\/p>\n\n\n\n<p class=\"has-small-font-size wp-block-paragraph\">Eurochild. (2023). <a href=\"https:\/\/eurochild.org\/uploads\/2023\/01\/Italy_Invisible-children-Eurochild-2022-report-on-children-in-need-across-Europe.pdf\">\u201cCountry profile 2022 Italy.\u201d<\/a> Retrieved from Eurochild, accessed on 4 December 2025.<\/p>\n\n\n\n<p class=\"has-small-font-size wp-block-paragraph\">European Commission. (2024, October 1). <a href=\"https:\/\/eurydice.eacea.ec.europa.eu\/eurypedia\/italy\/overview\">\u201cEurydice Italy.\u201d<\/a> Retrieved from European Commission, accessed on 1 December 2025.<\/p>\n\n\n\n<p class=\"has-small-font-size wp-block-paragraph\">European Commission. (2025, June 24). <a href=\"https:\/\/national-policies.eacea.ec.europa.eu\/youthwiki\/chapters\/italy\/61-general-context#:~:text=Recent%20data%20from%20ISTAT%20(2023,access%20to%20education%20and%20training.\">\u201cEducation and training.\u201d<\/a> Retrieved from European Commission, accessed on 1 December 2025.<\/p>\n\n\n\n<p class=\"has-small-font-size wp-block-paragraph\">Eurostat. (2025, November 14). <a href=\"https:\/\/ec.europa.eu\/eurostat\/databrowser\/view\/tepsr_lm412\/default\/table?lang=en\">\u201cChildren (aged less than 18) at risk of poverty or social exclusion.\u201d<\/a> Retrieved from Eurostat, accessed on 4 December 2025.<\/p>\n\n\n\n<p class=\"has-small-font-size wp-block-paragraph\">Giuffrida, A. (2022, November 17). <a href=\"https:\/\/www.theguardian.com\/world\/2022\/nov\/17\/italy-church-report-into-sexual-abuses-a-joke-say-victims-groups\">\u201cItaly church report into sexual abuses a \u2018joke\u2019 say victims\u2019 groups.\u201d<\/a> Retrieved from The Guardian, accessed on 8 December 2025.<\/p>\n\n\n\n<p class=\"has-small-font-size wp-block-paragraph\">Global Education Time. (2025, July 22). <a href=\"https:\/\/www.globaleducationtime.eu\/early-school-leaving-in-italy-what-role-for-gce\/#:~:text=22%20July%202025,difficulties%20in%20reaching%20the%20schools.\">\u201cEarly school leaving in Italy: What role for GCE?\u201d<\/a> Retrieved from Global Education Time, accessed on 1 December 2025.<\/p>\n\n\n\n<p class=\"has-small-font-size wp-block-paragraph\">HM Passport Office. (2025, October 28). <a href=\"https:\/\/www.gov.uk\/government\/publications\/italy-knowledge-base-profile\/italy-knowledge-base-profile#:~:text=Passport%20Office%20purposes.-,Birth%20certificates,Nascita'%20(Acts%20of%20Birth)\">\u201cItaly: knowledge base profile.\u201d<\/a> Retrieved from HM Passport Office, accessed on 8 December 2025.<\/p>\n\n\n\n<p class=\"has-small-font-size wp-block-paragraph\">Pontifical Commission for the Protection of Minors. (2024, October). <a href=\"https:\/\/www.tutelaminorum.org\/wp-content\/uploads\/2024\/10\/English-AR-Digital-Version-2024-1.pdf.pagespeed.ce.CQaxFo87EK.pdf\">\u201cAnnual report on church policies and procedures for safeguarding.\u201d<\/a> Retrieved from Pontifical Commission for the Protection of Minors, accessed on 8 October 2025.<\/p>\n\n\n\n<p class=\"has-small-font-size wp-block-paragraph\">Signoretta, P. Marino, J., Berengo, M., Di Palma, G. (2025, December 3). <a href=\"https:\/\/www.britannica.com\/place\/Italy\/Land\">\u201cItaly.\u201d<\/a> Retrieved from Encyclopaedia Britannica, accessed on 3 December 2025.<\/p>\n\n\n\n<p class=\"has-small-font-size wp-block-paragraph\">Tikkanen, R., Osborn, R., Mossialos, E., Djordjevic, A., Whatron, G. (2020, June 5). <a href=\"https:\/\/www.commonwealthfund.org\/international-health-policy-center\/countries\/italy#:~:text=Universal%20coverage%20is%20provided%20through,appointed%20by%20the%20regional%20governor.\">\u201cInternational health care systems profiles \u2013 Italy.\u201d<\/a> Retrieved from The Commonwealth Fund, accessed on 1 December 2025.<\/p>\n\n\n\n<p class=\"has-small-font-size wp-block-paragraph\">UNICEF Libya. (2024, August 13). <a href=\"https:\/\/reliefweb.int\/report\/libya\/italy-contributes-eu3-million-enhance-climate-resilient-wash-services-libya-enar\">\u201cItaly contributes \u20ac3 million to Enhance Climate-Resilient WASH Services in Libya.\u201d<\/a> Retrieved from ReliefWeb, accessed on 11 December 2025.<\/p>\n\n\n\n<p class=\"has-small-font-size wp-block-paragraph\">UNICEF Syrian Arab Republic. (2022, July 26). <a href=\"https:\/\/www.unicef.org\/syria\/press-releases\/italy-contributes-25-million-support-vulnerable-communities-homs-enhanced-access\">\u00abItalia aporta 2,5 millones de euros para ayudar a las comunidades vulnerables de Homs a mejorar el acceso al agua potable, los servicios de saneamiento y los medios de subsistencia\u00bb.<\/a> Retrieved from UNICEF Syrian Arab Republic, accessed on 11 December 2025.<\/p>\n\n\n\n<p class=\"has-small-font-size wp-block-paragraph\">UNICEF., Instituto Cattaneo., Health Programme of the European Union. (2022, June 15). <a href=\"https:\/\/www.unicef.org\/eca\/media\/23051\/file\/Deep%20Dive%20Italy%20-%20Main%20Report%20EN.pdf\">\u201cDeep dive child guarantee \u2013 analysis of politics, programmes, budgets addressing child poverty and social exclusion in Italy.\u201d<\/a> Retrieved from UNICEF, accessed on 1 December 2025.<\/p>\n\n\n\n<p class=\"has-small-font-size wp-block-paragraph\">UNICEF., WHO. (2024). <a href=\"https:\/\/data.unicef.org\/resources\/jmp-wash-in-schools-2024\/#:~:text=Immunization-,Progress%20on%20drinking%20water%2C%20sanitation%20and%20hygiene%20in%20schools%202015,Special%20focus%20on%20menstrual%20health&amp;text=The%20WHO\/UNICEF%20Joint%20Monitoring,will%20have%20no%20hygiene%20service.\">\u201cProgress on drinking water, sanitation and hygiene in schools 2015-2023: special focus on menstrual health.\u201d<\/a> Retrieved from UNICEF, accessed on 13 December 2025.<\/p>\n\n\n\n<hr class=\"wp-block-separator has-alpha-channel-opacity\"\/>\n\n\n\n<p class=\"has-small-font-size wp-block-paragraph\"><a href=\"#_ftnref1\" id=\"_ftn1\">[1]<\/a> Este art\u00edculo no pretende en modo alguno ofrecer una descripci\u00f3n completa o representativa de los derechos de los ni\u00f1os en Italia; de hecho, uno de los muchos retos es la escasa informaci\u00f3n actualizada sobre los ni\u00f1os en Italia, gran parte de la cual es poco fiable, no representativa, obsoleta o simplemente inexistente. <sup><\/sup><\/p>\n\n\n\n<p class=\"has-small-font-size wp-block-paragraph\"><a href=\"#_ftnref2\" id=\"_ftn2\">[2]<\/a> No hay estad\u00edsticas oficiales sobre el n\u00famero de v\u00edctimas y hay una falta de datos fiables. La Comisi\u00f3n deja claro que no se trata de una auditor\u00eda sobre la incidencia de los abusos, ya que la recopilaci\u00f3n de datos sigue siendo desigual. Por lo tanto, la mayor\u00eda de los datos son recopilados por organizaciones ben\u00e9ficas independientes que trabajan en estrecha colaboraci\u00f3n con las v\u00edctimas, siendo <em>Rete l&#8217;Abuso<\/em> una de las m\u00e1s importantes.<\/p>\n\n\n\n<p class=\"wp-block-paragraph\"><\/p>\n","protected":false},"excerpt":{"rendered":"<p>Hacer realidad los derechos de los ni\u00f1os en Italia Italia cuenta con un s\u00f3lido marco para la protecci\u00f3n y el desarrollo de la infancia, que deriva su legitimidad de una larga tradici\u00f3n de instituciones nacionales que funcionan de manera eficaz. El pa\u00eds tambi\u00e9n ha ratificado todos los principales marcos jur\u00eddicos internacionales para la protecci\u00f3n de [&hellip;]<\/p>\n","protected":false},"author":1,"featured_media":0,"parent":0,"menu_order":0,"comment_status":"closed","ping_status":"open","template":"","meta":{"footnotes":""},"class_list":["post-2262","page","type-page","status-publish","hentry"],"yoast_head":"<!-- This site is optimized with the Yoast SEO plugin v28.3 - https:\/\/yoast.com\/product\/yoast-seo-wordpress\/ -->\n<title>Ni\u00f1os de Italia - Humanium<\/title>\n<meta name=\"description\" content=\"Italia ha tenido un avance en materia de derechos infantiles.No obstante, problemas como la pobreza o la discriminaci\u00f3n, afectan a\u00fan a los ni\u00f1os.\" \/>\n<meta name=\"robots\" content=\"index, follow, max-snippet:-1, max-image-preview:large, max-video-preview:-1\" \/>\n<link rel=\"canonical\" href=\"https:\/\/www.humanium.org\/es\/italia\/\" \/>\n<meta property=\"og:locale\" content=\"es_ES\" \/>\n<meta property=\"og:type\" content=\"article\" \/>\n<meta property=\"og:title\" content=\"Ni\u00f1os de Italia - Humanium\" \/>\n<meta property=\"og:description\" content=\"Italia ha tenido un avance en materia de derechos infantiles.No obstante, problemas como la pobreza o la discriminaci\u00f3n, afectan a\u00fan a los ni\u00f1os.\" \/>\n<meta property=\"og:url\" content=\"https:\/\/www.humanium.org\/es\/italia\/\" \/>\n<meta property=\"og:site_name\" content=\"Humanium\" \/>\n<meta property=\"article:modified_time\" content=\"2026-08-30T16:01:11+00:00\" \/>\n<meta name=\"twitter:card\" content=\"summary_large_image\" \/>\n<meta name=\"twitter:label1\" content=\"Tiempo de lectura\" \/>\n\t<meta name=\"twitter:data1\" content=\"24 minutos\" \/>\n<script type=\"application\/ld+json\" class=\"yoast-schema-graph\">{\"@context\":\"https:\\\/\\\/schema.org\",\"@graph\":[{\"@type\":\"WebPage\",\"@id\":\"https:\\\/\\\/www.humanium.org\\\/es\\\/italia\\\/\",\"url\":\"https:\\\/\\\/www.humanium.org\\\/es\\\/italia\\\/\",\"name\":\"Ni\u00f1os de Italia - Humanium\",\"isPartOf\":{\"@id\":\"https:\\\/\\\/www.humanium.org\\\/es\\\/#website\"},\"primaryImageOfPage\":{\"@id\":\"https:\\\/\\\/www.humanium.org\\\/es\\\/italia\\\/#primaryimage\"},\"image\":{\"@id\":\"https:\\\/\\\/www.humanium.org\\\/es\\\/italia\\\/#primaryimage\"},\"thumbnailUrl\":\"https:\\\/\\\/www.humanium.org\\\/en\\\/wp-content\\\/uploads\\\/2026\\\/08\\\/shutterstock_1689243850_edited-scaled.jpeg\",\"datePublished\":\"2013-06-27T13:59:30+00:00\",\"dateModified\":\"2026-08-30T16:01:11+00:00\",\"description\":\"Italia ha tenido un avance en materia de derechos infantiles.No obstante, problemas como la pobreza o la discriminaci\u00f3n, afectan a\u00fan a los ni\u00f1os.\",\"breadcrumb\":{\"@id\":\"https:\\\/\\\/www.humanium.org\\\/es\\\/italia\\\/#breadcrumb\"},\"inLanguage\":\"es\",\"potentialAction\":[{\"@type\":\"ReadAction\",\"target\":[\"https:\\\/\\\/www.humanium.org\\\/es\\\/italia\\\/\"]}]},{\"@type\":\"ImageObject\",\"inLanguage\":\"es\",\"@id\":\"https:\\\/\\\/www.humanium.org\\\/es\\\/italia\\\/#primaryimage\",\"url\":\"https:\\\/\\\/www.humanium.org\\\/en\\\/wp-content\\\/uploads\\\/2026\\\/08\\\/shutterstock_1689243850_edited-scaled.jpeg\",\"contentUrl\":\"https:\\\/\\\/www.humanium.org\\\/en\\\/wp-content\\\/uploads\\\/2026\\\/08\\\/shutterstock_1689243850_edited-scaled.jpeg\"},{\"@type\":\"BreadcrumbList\",\"@id\":\"https:\\\/\\\/www.humanium.org\\\/es\\\/italia\\\/#breadcrumb\",\"itemListElement\":[{\"@type\":\"ListItem\",\"position\":1,\"name\":\"Home\",\"item\":\"https:\\\/\\\/www.humanium.org\\\/es\\\/\"},{\"@type\":\"ListItem\",\"position\":2,\"name\":\"Ni\u00f1os de Italia\"}]},{\"@type\":\"WebSite\",\"@id\":\"https:\\\/\\\/www.humanium.org\\\/es\\\/#website\",\"url\":\"https:\\\/\\\/www.humanium.org\\\/es\\\/\",\"name\":\"Humanium\",\"description\":\"\u00a1Los ni\u00f1os primero!\",\"potentialAction\":[{\"@type\":\"SearchAction\",\"target\":{\"@type\":\"EntryPoint\",\"urlTemplate\":\"https:\\\/\\\/www.humanium.org\\\/es\\\/?s={search_term_string}\"},\"query-input\":{\"@type\":\"PropertyValueSpecification\",\"valueRequired\":true,\"valueName\":\"search_term_string\"}}],\"inLanguage\":\"es\"}]}<\/script>\n<!-- \/ Yoast SEO plugin. -->","yoast_head_json":{"title":"Ni\u00f1os de Italia - Humanium","description":"Italia ha tenido un avance en materia de derechos infantiles.No obstante, problemas como la pobreza o la discriminaci\u00f3n, afectan a\u00fan a los ni\u00f1os.","robots":{"index":"index","follow":"follow","max-snippet":"max-snippet:-1","max-image-preview":"max-image-preview:large","max-video-preview":"max-video-preview:-1"},"canonical":"https:\/\/www.humanium.org\/es\/italia\/","og_locale":"es_ES","og_type":"article","og_title":"Ni\u00f1os de Italia - Humanium","og_description":"Italia ha tenido un avance en materia de derechos infantiles.No obstante, problemas como la pobreza o la discriminaci\u00f3n, afectan a\u00fan a los ni\u00f1os.","og_url":"https:\/\/www.humanium.org\/es\/italia\/","og_site_name":"Humanium","article_modified_time":"2026-08-30T16:01:11+00:00","twitter_card":"summary_large_image","twitter_misc":{"Tiempo de lectura":"24 minutos"},"schema":{"@context":"https:\/\/schema.org","@graph":[{"@type":"WebPage","@id":"https:\/\/www.humanium.org\/es\/italia\/","url":"https:\/\/www.humanium.org\/es\/italia\/","name":"Ni\u00f1os de Italia - Humanium","isPartOf":{"@id":"https:\/\/www.humanium.org\/es\/#website"},"primaryImageOfPage":{"@id":"https:\/\/www.humanium.org\/es\/italia\/#primaryimage"},"image":{"@id":"https:\/\/www.humanium.org\/es\/italia\/#primaryimage"},"thumbnailUrl":"https:\/\/www.humanium.org\/en\/wp-content\/uploads\/2026\/08\/shutterstock_1689243850_edited-scaled.jpeg","datePublished":"2013-06-27T13:59:30+00:00","dateModified":"2026-08-30T16:01:11+00:00","description":"Italia ha tenido un avance en materia de derechos infantiles.No obstante, problemas como la pobreza o la discriminaci\u00f3n, afectan a\u00fan a los ni\u00f1os.","breadcrumb":{"@id":"https:\/\/www.humanium.org\/es\/italia\/#breadcrumb"},"inLanguage":"es","potentialAction":[{"@type":"ReadAction","target":["https:\/\/www.humanium.org\/es\/italia\/"]}]},{"@type":"ImageObject","inLanguage":"es","@id":"https:\/\/www.humanium.org\/es\/italia\/#primaryimage","url":"https:\/\/www.humanium.org\/en\/wp-content\/uploads\/2026\/08\/shutterstock_1689243850_edited-scaled.jpeg","contentUrl":"https:\/\/www.humanium.org\/en\/wp-content\/uploads\/2026\/08\/shutterstock_1689243850_edited-scaled.jpeg"},{"@type":"BreadcrumbList","@id":"https:\/\/www.humanium.org\/es\/italia\/#breadcrumb","itemListElement":[{"@type":"ListItem","position":1,"name":"Home","item":"https:\/\/www.humanium.org\/es\/"},{"@type":"ListItem","position":2,"name":"Ni\u00f1os de Italia"}]},{"@type":"WebSite","@id":"https:\/\/www.humanium.org\/es\/#website","url":"https:\/\/www.humanium.org\/es\/","name":"Humanium","description":"\u00a1Los ni\u00f1os primero!","potentialAction":[{"@type":"SearchAction","target":{"@type":"EntryPoint","urlTemplate":"https:\/\/www.humanium.org\/es\/?s={search_term_string}"},"query-input":{"@type":"PropertyValueSpecification","valueRequired":true,"valueName":"search_term_string"}}],"inLanguage":"es"}]}},"_links":{"self":[{"href":"https:\/\/www.humanium.org\/es\/wp-json\/wp\/v2\/pages\/2262","targetHints":{"allow":["GET"]}}],"collection":[{"href":"https:\/\/www.humanium.org\/es\/wp-json\/wp\/v2\/pages"}],"about":[{"href":"https:\/\/www.humanium.org\/es\/wp-json\/wp\/v2\/types\/page"}],"author":[{"embeddable":true,"href":"https:\/\/www.humanium.org\/es\/wp-json\/wp\/v2\/users\/1"}],"replies":[{"embeddable":true,"href":"https:\/\/www.humanium.org\/es\/wp-json\/wp\/v2\/comments?post=2262"}],"version-history":[{"count":4,"href":"https:\/\/www.humanium.org\/es\/wp-json\/wp\/v2\/pages\/2262\/revisions"}],"predecessor-version":[{"id":22936,"href":"https:\/\/www.humanium.org\/es\/wp-json\/wp\/v2\/pages\/2262\/revisions\/22936"}],"wp:attachment":[{"href":"https:\/\/www.humanium.org\/es\/wp-json\/wp\/v2\/media?parent=2262"}],"curies":[{"name":"wp","href":"https:\/\/api.w.org\/{rel}","templated":true}]}}