{"id":2648,"date":"2013-07-10T14:07:04","date_gmt":"2013-07-10T14:07:04","guid":{"rendered":"http:\/\/www.humanium.org\/es\/?page_id=2648"},"modified":"2025-12-05T17:57:20","modified_gmt":"2025-12-05T17:57:20","slug":"armenia","status":"publish","type":"page","link":"https:\/\/www.humanium.org\/es\/armenia\/","title":{"rendered":"Ni\u00f1os de Armenia"},"content":{"rendered":"\n<h2 class=\"wp-block-heading\">Descubriendo los derechos infantiles en Armenia<\/h2>\n\n\n\n<div class=\"wp-block-columns is-layout-flex wp-container-core-columns-is-layout-9d6595d7 wp-block-columns-is-layout-flex\">\n<div class=\"wp-block-column is-layout-flow wp-block-column-is-layout-flow\"><div class=\"wp-block-image is-style-rounded\">\n<figure class=\"aligncenter size-large is-resized\"><img loading=\"lazy\" decoding=\"async\" width=\"1024\" height=\"1024\" src=\"https:\/\/www.humanium.org\/es\/wp-content\/uploads\/2025\/11\/shutterstock_1480742420_edited-1024x1024.jpeg\" alt=\"\" class=\"wp-image-20294\" style=\"object-fit:cover;width:200px;height:200px\" srcset=\"https:\/\/www.humanium.org\/es\/wp-content\/uploads\/2025\/11\/shutterstock_1480742420_edited-1024x1024.jpeg 1024w, https:\/\/www.humanium.org\/es\/wp-content\/uploads\/2025\/11\/shutterstock_1480742420_edited-300x300.jpeg 300w, https:\/\/www.humanium.org\/es\/wp-content\/uploads\/2025\/11\/shutterstock_1480742420_edited-150x150.jpeg 150w, https:\/\/www.humanium.org\/es\/wp-content\/uploads\/2025\/11\/shutterstock_1480742420_edited-768x768.jpeg 768w, https:\/\/www.humanium.org\/es\/wp-content\/uploads\/2025\/11\/shutterstock_1480742420_edited-1536x1536.jpeg 1536w, https:\/\/www.humanium.org\/es\/wp-content\/uploads\/2025\/11\/shutterstock_1480742420_edited-2048x2048.jpeg 2048w, https:\/\/www.humanium.org\/es\/wp-content\/uploads\/2025\/11\/shutterstock_1480742420_edited-830x830.jpeg 830w, https:\/\/www.humanium.org\/es\/wp-content\/uploads\/2025\/11\/shutterstock_1480742420_edited-230x230.jpeg 230w, https:\/\/www.humanium.org\/es\/wp-content\/uploads\/2025\/11\/shutterstock_1480742420_edited-350x350.jpeg 350w, https:\/\/www.humanium.org\/es\/wp-content\/uploads\/2025\/11\/shutterstock_1480742420_edited-480x480.jpeg 480w\" sizes=\"auto, (max-width: 1024px) 100vw, 1024px\" \/><\/figure>\n<\/div><\/div>\n\n\n\n<div class=\"wp-block-column is-layout-flow wp-block-column-is-layout-flow\"><div class=\"wp-block-image is-style-rounded\">\n<figure class=\"aligncenter size-large is-resized\"><img loading=\"lazy\" decoding=\"async\" width=\"1024\" height=\"1024\" src=\"https:\/\/www.humanium.org\/es\/wp-content\/uploads\/2025\/11\/shutterstock_764521966_edited-1024x1024.jpeg\" alt=\"\" class=\"wp-image-20295\" style=\"object-fit:cover;width:200px;height:200px\" srcset=\"https:\/\/www.humanium.org\/es\/wp-content\/uploads\/2025\/11\/shutterstock_764521966_edited-1024x1024.jpeg 1024w, https:\/\/www.humanium.org\/es\/wp-content\/uploads\/2025\/11\/shutterstock_764521966_edited-300x300.jpeg 300w, https:\/\/www.humanium.org\/es\/wp-content\/uploads\/2025\/11\/shutterstock_764521966_edited-150x150.jpeg 150w, https:\/\/www.humanium.org\/es\/wp-content\/uploads\/2025\/11\/shutterstock_764521966_edited-768x768.jpeg 768w, https:\/\/www.humanium.org\/es\/wp-content\/uploads\/2025\/11\/shutterstock_764521966_edited-1536x1536.jpeg 1536w, https:\/\/www.humanium.org\/es\/wp-content\/uploads\/2025\/11\/shutterstock_764521966_edited-2048x2048.jpeg 2048w, https:\/\/www.humanium.org\/es\/wp-content\/uploads\/2025\/11\/shutterstock_764521966_edited-830x830.jpeg 830w, https:\/\/www.humanium.org\/es\/wp-content\/uploads\/2025\/11\/shutterstock_764521966_edited-230x230.jpeg 230w, https:\/\/www.humanium.org\/es\/wp-content\/uploads\/2025\/11\/shutterstock_764521966_edited-350x350.jpeg 350w, https:\/\/www.humanium.org\/es\/wp-content\/uploads\/2025\/11\/shutterstock_764521966_edited-480x480.jpeg 480w\" sizes=\"auto, (max-width: 1024px) 100vw, 1024px\" \/><\/figure>\n<\/div><\/div>\n<\/div>\n\n\n\n<p><strong>Desde que se independiz\u00f3 de la Uni\u00f3n Sovi\u00e9tica en 1991, Armenia ha experimentado un progreso significativo en la protecci\u00f3n de los derechos de los ni\u00f1os a trav\u00e9s de reformas legislativas, la implantaci\u00f3n de un sistema de justicia enfocado en los ni\u00f1os, y la asignaci\u00f3n de ayudas del Gobierno a las iniciativas de salud materno infantil. El \u00e9xito de estas reformas ha conducido a un incremento del n\u00famero de ni\u00f1os bajo cuidado institucional permanente, junto a mejoras de otros indicadores clave. Ahora bien, desaf\u00edos tales como la pobreza y la actual crisis de refugiados siguen siendo un impedimento para el pleno ejercicio de los derechos de los ni\u00f1os en todo el pa\u00eds.<\/strong><\/p>\n\n\n\n<iframe src=\"https:\/\/www.google.com\/maps\/embed?pb=!1m18!1m12!1m3!1d1563415.9797585208!2d43.721642369690215!3d40.06321284233815!2m3!1f0!2f0!3f0!3m2!1i1024!2i768!4f13.1!3m3!1m2!1s0x40155684e773bac7%3A0xd0b4757aeb822d23!2sArmenia!5e0!3m2!1sen!2sfr!4v1764442330456!5m2!1sen!2sfr\" width=\"600\" height=\"450\" style=\"border:0;\" allowfullscreen=\"\" loading=\"lazy\" referrerpolicy=\"no-referrer-when-downgrade\"><\/iframe>\n\n\n\n<div class=\"wp-block-columns is-layout-flex wp-container-core-columns-is-layout-9d6595d7 wp-block-columns-is-layout-flex\">\n<div class=\"wp-block-column is-layout-flow wp-block-column-is-layout-flow\">\n<p><strong>Poblaci\u00f3n:<\/strong> 2,9 millones<\/p>\n\n\n\n<p><strong>Poblaci\u00f3n de entre 0 y 14 a\u00f1os:<\/strong> 20 %<\/p>\n<\/div>\n\n\n\n<div class=\"wp-block-column is-layout-flow wp-block-column-is-layout-flow\">\n<p><strong>Esperanza de vida:<\/strong> 73,3 a\u00f1os&nbsp;<\/p>\n\n\n\n<p><strong>Tasa de mortalidad de menores de 5 a\u00f1os:<\/strong> 8,2 \u2030<\/p>\n<\/div>\n<\/div>\n\n\n\n<h2 class=\"wp-block-heading\"><strong>Armenia de un vistazo<\/strong><\/h2>\n\n\n\n<p>La Rep\u00fablica de Armenia (<em>Hayastan<\/em>, en armenio)<em>, <\/em>cuya capital es Erev\u00e1n, es un pa\u00eds de interior que forma parte de la Transcaucasia, formada por <a href=\"https:\/\/www.humanium.org\/es\/georgia\/\">Georgia<\/a>, Armenia y <a href=\"https:\/\/www.humanium.org\/es\/azerbaiyan\/\">Azerbaiy\u00e1n<\/a>. Se localiza al sur de las monta\u00f1as del C\u00e1ucaso, entre el Mar Negro y el Mar Caspio. Armenia limita al norte con <a href=\"https:\/\/www.humanium.org\/es\/georgia\/\">Georgia<\/a>, al este con <a href=\"https:\/\/www.humanium.org\/es\/azerbaiyan\/\">Azerbaiy\u00e1n<\/a>, al oeste con <a href=\"https:\/\/www.humanium.org\/es\/turquia\/\">Turqu\u00eda<\/a> y al sur con Ir\u00e1n (Howe, 2025).&nbsp;<\/p>\n\n\n\n<p>Geogr\u00e1ficamente, el 85 % del pa\u00eds es monta\u00f1oso, con una altitud media de 5&nbsp;900 pies (1&nbsp;800 metros) sobre el nivel del mar. El Altiplano Armenio, al noroeste del pa\u00eds, comprende el monte Aragats, el pico m\u00e1s alto de la antigua Armenia (13&nbsp;418 pies o 4&nbsp;090 metros). El terreno monta\u00f1oso que a\u00edsla al pa\u00eds hace que tenga un clima continental y seco. Est\u00e1 conformado por dos ecorregiones terrestres, que incluyen bosques mixtos y estepas (Howe, 2025).&nbsp;<\/p>\n\n\n\n<p>Hist\u00f3ricamente, el monte Ararat fue una monta\u00f1a sagrada de Armenia. Sin embargo, actualmente, el monte Ararat se encuentra en <a href=\"https:\/\/www.humanium.org\/es\/turquia\/\">Turqu\u00eda<\/a>. Pese a ello, se considera un s\u00edmbolo del territorio armenio y un emblema nacional del pa\u00eds (Howe, 2025).&nbsp;<\/p>\n\n\n\n<p>Armenia ha experimentado un viaje turbulento hacia la independencia, ligado a su proximidad con la antigua Uni\u00f3n Sovi\u00e9tica. El territorio armenio situado dentro del antiguo Imperio Ruso declar\u00f3 su independencia en 1918, antes de ser invadido por las fuerzas turcas y sovi\u00e9ticas en 1920.&nbsp;<\/p>\n\n\n\n<p>Como consecuencia, el pa\u00eds fue incorporado a la Rep\u00fablica Socialista Federativa Sovi\u00e9tica de Rusia en 1922, una uni\u00f3n que fue disuelta en 1936, tras lo cual Armenia qued\u00f3 como rep\u00fablica integrante de la Uni\u00f3n Sovi\u00e9tica. Armenia declar\u00f3 su soberan\u00eda en 1990, en medio de la disoluci\u00f3n continental de la Uni\u00f3n Sovi\u00e9tica, y obtuvo formalmente la independencia el 23 de septiembre de 1991 (Howe, 2025).<\/p>\n\n\n\n<p>El conflicto de <a href=\"https:\/\/www.humanium.org\/es\/la-constante-crisis-en-nagorno-karabaj-infancias-destrozadas-por-el-conflicto\/\">Nagorno Karabaj<\/a> es un enfrentamiento \u00e9tnico y territorial entre <a href=\"https:\/\/www.humanium.org\/es\/azerbaiyan\/\">Azerbaiy\u00e1n<\/a> y Armenia. Hist\u00f3ricamente, Nagorno Karabaj fue habitado por armenios. Sin embargo, tras la declaraci\u00f3n de independencia del Azerbaiy\u00e1n sovi\u00e9tico en 1991, la regi\u00f3n fue transferida a la Armenia sovi\u00e9tica. Poco despu\u00e9s, en 1994, el alto el fuego <a href=\"https:\/\/www.humanium.org\/es\/rusia\/\">ruso<\/a> hizo que la regi\u00f3n se volviera profundamente dependiente de Armenia.&nbsp;<\/p>\n\n\n\n<p>Esta guerra provoc\u00f3 que <a href=\"https:\/\/www.humanium.org\/es\/azerbaiyan\/\">Azerbaiy\u00e1n<\/a> perdiera el control del territorio. En 1993, el Consejo de Seguridad de las Naciones Unidas adopt\u00f3 4 resoluciones que apoyaron la expulsi\u00f3n de las fuerzas armenias de la regi\u00f3n de Nagorno Karabaj, y el reconocimiento internacional de Nagorno Karabaj como parte de Azerbaiy\u00e1n (Vartanyan, 2024).&nbsp;<\/p>\n\n\n\n<p>\u00c9tnicamente, los armenios constituyen el 98,1 % de la poblaci\u00f3n, seguidos de los yazid\u00edes (1,1 %) y los <a href=\"https:\/\/www.humanium.org\/es\/rusia\/\">rusos<\/a> (0,5 %). Otras minor\u00edas \u00e9tnicas, en Armenia, incluyen a los <a href=\"https:\/\/www.humanium.org\/es\/ucrania\/\">ucranianos<\/a>, <a href=\"https:\/\/www.humanium.org\/es\/grecia\/\">griegos<\/a>, <a href=\"https:\/\/www.humanium.org\/es\/irak\/\">kurdos<\/a>, <a href=\"https:\/\/www.humanium.org\/es\/georgia\/\">georgianos<\/a>, asirios y <a href=\"https:\/\/www.humanium.org\/es\/bielorrusia\/\">bielorrusos<\/a>. Debido al conflicto de Nagorno Karabaj, la mayor\u00eda de los azerbaiyanos, que antes constitu\u00edan el segundo grupo \u00e9tnico m\u00e1s grande en Armenia, emigraron a Azerbaiy\u00e1n (Howe, 2025).&nbsp;<\/p>\n\n\n\n<h2 class=\"wp-block-heading\"><strong>Situaci\u00f3n de los derechos de los ni\u00f1os<\/strong> <strong><u><a href=\"#_ftn1\"><sup><strong><u><sup>[1]<\/sup><\/u><\/strong><\/sup><\/a><\/u><\/strong><\/h2>\n\n\n<div class=\"wp-block-image\">\n<figure class=\"alignleft size-large is-resized\"><img loading=\"lazy\" decoding=\"async\" width=\"1024\" height=\"656\" src=\"https:\/\/www.humanium.org\/es\/wp-content\/uploads\/2025\/11\/shutterstock_1104820649-1024x656.jpg\" alt=\"\" class=\"wp-image-20300\" style=\"width:338px;height:auto\" srcset=\"https:\/\/www.humanium.org\/es\/wp-content\/uploads\/2025\/11\/shutterstock_1104820649-1024x656.jpg 1024w, https:\/\/www.humanium.org\/es\/wp-content\/uploads\/2025\/11\/shutterstock_1104820649-300x192.jpg 300w, https:\/\/www.humanium.org\/es\/wp-content\/uploads\/2025\/11\/shutterstock_1104820649-768x492.jpg 768w, https:\/\/www.humanium.org\/es\/wp-content\/uploads\/2025\/11\/shutterstock_1104820649-1536x984.jpg 1536w, https:\/\/www.humanium.org\/es\/wp-content\/uploads\/2025\/11\/shutterstock_1104820649-2048x1312.jpg 2048w, https:\/\/www.humanium.org\/es\/wp-content\/uploads\/2025\/11\/shutterstock_1104820649-830x532.jpg 830w, https:\/\/www.humanium.org\/es\/wp-content\/uploads\/2025\/11\/shutterstock_1104820649-230x147.jpg 230w, https:\/\/www.humanium.org\/es\/wp-content\/uploads\/2025\/11\/shutterstock_1104820649-350x224.jpg 350w, https:\/\/www.humanium.org\/es\/wp-content\/uploads\/2025\/11\/shutterstock_1104820649-480x308.jpg 480w\" sizes=\"auto, (max-width: 1024px) 100vw, 1024px\" \/><\/figure>\n<\/div>\n\n\n<p>Armenia se ha comprometido con varios instrumentos internacionales para la protecci\u00f3n de los derechos de los ni\u00f1os. En 1993, el Gobierno ratific\u00f3 la <a href=\"https:\/\/www.humanium.org\/es\/convencion\/\">Convenci\u00f3n sobre los Derechos del Ni\u00f1o<\/a> (CDN). En 2005, se ratificaron <a href=\"https:\/\/www.humanium.org\/es\/facultativo-conflictos-armados-2000\/\">el Protocolo facultativo de la Convenci\u00f3n sobre los Derechos del Ni\u00f1o relativo a la participaci\u00f3n de ni\u00f1os en los conflictos armados<\/a> y el <a href=\"https:\/\/www.humanium.org\/es\/facultativo-venta-prostitucion-pornografia\/\">Protocolo facultativo de la Convenci\u00f3n sobre los Derechos del Ni\u00f1o relativo a la venta de ni\u00f1os, la prostituci\u00f3n infantil y la utilizaci\u00f3n de ni\u00f1os en la pornograf\u00eda<\/a>.<\/p>\n\n\n\n<p>Armenia tambi\u00e9n ha ratificado otros instrumentos internacionales de derechos humanos, concretamente, en 1993 se aprobaron la <a href=\"https:\/\/www.humanium.org\/es\/convencion-sobre-la-eliminacion-de-todas-las-formas-de-discriminacion-contra-la-mujer\/\">Convenci\u00f3n sobre la eliminaci\u00f3n de todas las formas de discriminaci\u00f3n contra la mujer<\/a>, la <a href=\"https:\/\/www.humanium.org\/es\/convencion-internacional-sobre-la-eliminacion-de-todas-las-formas-de-discriminacion-racial\/\">Convenci\u00f3n Internacional sobre la Eliminaci\u00f3n de todas las Formas de Discriminaci\u00f3n Racial<\/a> y el <a href=\"https:\/\/www.humanium.org\/es\/pacto-internacional-de-derechos-economicos-sociales-y-culturales-4\/\">Pacto Internacional de Derechos Econ\u00f3micos, Sociales y Culturales<\/a>.&nbsp;<\/p>\n\n\n\n<h2 class=\"wp-block-heading\"><strong>Abordando las necesidades de los ni\u00f1os en Armenia&nbsp;<\/strong><\/h2>\n\n\n\n<h3 class=\"wp-block-heading\"><a href=\"https:\/\/www.humanium.org\/es\/derecho-educacion\/\"><strong>Derecho a la educaci\u00f3n<\/strong><\/a><strong>&nbsp;<\/strong><\/h3>\n\n\n\n<p>Antes de independizarse, Armenia segu\u00eda el modelo sovi\u00e9tico de educaci\u00f3n y el <a href=\"https:\/\/www.humanium.org\/es\/rusia\/\">ruso<\/a> era la lengua de ense\u00f1anza. Sin embargo, tras la independencia, el armenio se volvi\u00f3 el idioma de ense\u00f1anza y, en 1991, todas las escuelas que segu\u00edan el modelo sovi\u00e9tico de educaci\u00f3n se cerraron.&nbsp;<\/p>\n\n\n<div class=\"wp-block-image\">\n<figure class=\"alignright size-large is-resized\"><img loading=\"lazy\" decoding=\"async\" width=\"1024\" height=\"696\" src=\"https:\/\/www.humanium.org\/es\/wp-content\/uploads\/2025\/11\/shutterstock_2561187049-1024x696.jpg\" alt=\"\" class=\"wp-image-20297\" style=\"width:345px;height:auto\" srcset=\"https:\/\/www.humanium.org\/es\/wp-content\/uploads\/2025\/11\/shutterstock_2561187049-1024x696.jpg 1024w, https:\/\/www.humanium.org\/es\/wp-content\/uploads\/2025\/11\/shutterstock_2561187049-300x204.jpg 300w, https:\/\/www.humanium.org\/es\/wp-content\/uploads\/2025\/11\/shutterstock_2561187049-768x522.jpg 768w, https:\/\/www.humanium.org\/es\/wp-content\/uploads\/2025\/11\/shutterstock_2561187049-1536x1044.jpg 1536w, https:\/\/www.humanium.org\/es\/wp-content\/uploads\/2025\/11\/shutterstock_2561187049-2048x1392.jpg 2048w, https:\/\/www.humanium.org\/es\/wp-content\/uploads\/2025\/11\/shutterstock_2561187049-830x564.jpg 830w, https:\/\/www.humanium.org\/es\/wp-content\/uploads\/2025\/11\/shutterstock_2561187049-230x156.jpg 230w, https:\/\/www.humanium.org\/es\/wp-content\/uploads\/2025\/11\/shutterstock_2561187049-350x238.jpg 350w, https:\/\/www.humanium.org\/es\/wp-content\/uploads\/2025\/11\/shutterstock_2561187049-480x326.jpg 480w\" sizes=\"auto, (max-width: 1024px) 100vw, 1024px\" \/><\/figure>\n<\/div>\n\n\n<p>El sistema educativo de Armenia, supervisado por el Ministerio de Educaci\u00f3n, Ciencia, Cultura y Deporte, est\u00e1 conformado por (Freeman, 2024):&nbsp;<\/p>\n\n\n\n<ul class=\"wp-block-list\">\n<li>Educaci\u00f3n primaria (6-10 a\u00f1os, cursos 1-4)<\/li>\n\n\n\n<li>Educaci\u00f3n b\u00e1sica (10-15 a\u00f1os, cursos 5-9) \u2013 Al finalizar estos estudios se concede un Certificado de Educaci\u00f3n B\u00e1sica.<\/li>\n\n\n\n<li>Educaci\u00f3n secundaria (15-18 a\u00f1os, cursos 10-12) \u2013 Al finalizar estos estudios se concede un Certificado de Educaci\u00f3n Secundaria.<\/li>\n<\/ul>\n\n\n\n<h3 class=\"wp-block-heading\"><a href=\"https:\/\/www.humanium.org\/es\/derecho-salud\/#:~:text=El%20derecho%20a%20la%20salud%20otorga%20a%20las%20personas%20el,personas%20(obligaci%C3%B3n%20de%20resultado).\"><strong>Derecho a la salud<\/strong><\/a><\/h3>\n\n\n\n<p>El Ministerio de Sanidad asigna un enfermero a los colegios que tienen m\u00e1s de 350 estudiantes, mientras que los colegios m\u00e1s peque\u00f1os comparten los recursos de enfermer\u00eda. El enfermero tiene acceso a los centros de salud locales y sus principales responsabilidades son las revisiones rutinarias, los primeros auxilios y la respuesta ante epidemias. Las revisiones rutinarias incluyen medici\u00f3n del peso, la altura, la presi\u00f3n arterial, la vista y la audici\u00f3n, las desviaciones posturales y el apoyo psicosocial (Save the Children, 2015).&nbsp;<\/p>\n\n\n\n<p>En 2003, con el apoyo y la financiaci\u00f3n de la Asociaci\u00f3n Panarmenia para la Familia y la Salud y el Fondo de Poblaci\u00f3n de las Naciones Unidas (UNFPA, por sus siglas en ingl\u00e9s), se establecieron m\u00e1s de 30 servicios de salud orientados a los j\u00f3venes en las escuelas a fin de ofrecerles asesoramiento. Ahora bien, una vez que finaliz\u00f3 el proyecto piloto y se termin\u00f3 la financiaci\u00f3n, los servicios se suspendieron al no recibir la financiaci\u00f3n suficiente por parte del Gobierno (Save the Children, 2015).&nbsp;<\/p>\n\n\n\n<p>En 2019, el Gobierno de Armenia destin\u00f3 25 millones de d\u00f3lares del presupuesto estatal a la asistencia m\u00e9dica de los menores de 18 a\u00f1os al convertirla en un servicio gratuito. Antes, la asistencia sanitaria gratuita solo se proporcionaba a menores de 7 a\u00f1os, personas con discapacidad, hu\u00e9rfanos y chicos de entre 14 y 15 a\u00f1os (antes de alistarse) (JAM News, 2019).&nbsp;<\/p>\n\n\n\n<h3 class=\"wp-block-heading\"><a href=\"https:\/\/www.humanium.org\/es\/derecho-agua\/#:~:text=El%20derecho%20al%20agua%20implica,calidad%20de%20los%20recursos%20h%C3%ADdricos.\"><strong>Derecho al agua potable<\/strong><\/a><strong> y al saneamiento<\/strong>&nbsp;<\/h3>\n\n\n<div class=\"wp-block-image\">\n<figure class=\"alignleft size-large is-resized\"><img loading=\"lazy\" decoding=\"async\" width=\"1024\" height=\"683\" src=\"https:\/\/www.humanium.org\/es\/wp-content\/uploads\/2025\/11\/shutterstock_2461310811-1024x683.jpg\" alt=\"\" class=\"wp-image-20299\" style=\"width:344px;height:auto\" srcset=\"https:\/\/www.humanium.org\/es\/wp-content\/uploads\/2025\/11\/shutterstock_2461310811-1024x683.jpg 1024w, https:\/\/www.humanium.org\/es\/wp-content\/uploads\/2025\/11\/shutterstock_2461310811-300x200.jpg 300w, https:\/\/www.humanium.org\/es\/wp-content\/uploads\/2025\/11\/shutterstock_2461310811-768x512.jpg 768w, https:\/\/www.humanium.org\/es\/wp-content\/uploads\/2025\/11\/shutterstock_2461310811-1536x1024.jpg 1536w, https:\/\/www.humanium.org\/es\/wp-content\/uploads\/2025\/11\/shutterstock_2461310811-2048x1365.jpg 2048w, https:\/\/www.humanium.org\/es\/wp-content\/uploads\/2025\/11\/shutterstock_2461310811-830x553.jpg 830w, https:\/\/www.humanium.org\/es\/wp-content\/uploads\/2025\/11\/shutterstock_2461310811-230x153.jpg 230w, https:\/\/www.humanium.org\/es\/wp-content\/uploads\/2025\/11\/shutterstock_2461310811-350x233.jpg 350w, https:\/\/www.humanium.org\/es\/wp-content\/uploads\/2025\/11\/shutterstock_2461310811-480x320.jpg 480w, https:\/\/www.humanium.org\/es\/wp-content\/uploads\/2025\/11\/shutterstock_2461310811-272x182.jpg 272w\" sizes=\"auto, (max-width: 1024px) 100vw, 1024px\" \/><\/figure>\n<\/div>\n\n\n<p>En 2021, el 27 % de la poblaci\u00f3n rural de Armenia carec\u00eda de servicios de agua adecuados. La mayor\u00eda de las reservas de agua del pa\u00eds se encuentran en lamentables condiciones y no cumplen con los est\u00e1ndares aceptados (Hubendick, 2021). A pesar de la infinidad de lagos y r\u00edos que hay en Armenia, el Gobierno es incapaz de proporcionar agua limpia y potable. En las comunidades rurales de Armenia, algunas casas solo tienen acceso al agua durante dos o tres horas al d\u00eda y la presi\u00f3n del agua es, a menudo, muy baja (Banco Asi\u00e1tico de Desarrollo, 2014).&nbsp;<\/p>\n\n\n\n<p>Antes de la independencia, la compa\u00f1\u00eda del agua y saneamiento de Armenia era gestionada por el Estado, lo cual era una pr\u00e1ctica habitual en la Uni\u00f3n Sovi\u00e9tica. M\u00e1s del 90 % de la poblaci\u00f3n urbana del pa\u00eds obten\u00eda su agua del servicio centralizado (Banco Asi\u00e1tico de Desarrollo, 2014). <\/p>\n\n\n\n<p>Esto trajo consigo una serie de desaf\u00edos debido a las ineficiencias inherentes al servicio: hasta el 80 % del agua que circulaba por el sistema de tuber\u00edas del pa\u00eds se perd\u00eda debido a fugas y otros fallos (aproximadamente un 400 % m\u00e1s que en el resto de ciudades de la Europa Occidental en aquel momento). El per\u00edodo que comprende de 1991 en adelante requiri\u00f3, por lo tanto, reformas significativas. Sin embargo, y pese a los esfuerzos realizados, apenas un 15 % de la poblaci\u00f3n se benefici\u00f3 de los servicios de agua permanentes durante los a\u00f1os inmediatamente posteriores a 1991 (Banco Asi\u00e1tico de Desarrollo, 2014).&nbsp;<\/p>\n\n\n\n<h3 class=\"wp-block-heading\"><a href=\"https:\/\/www.humanium.org\/es\/derecho-identidad\/#:~:text=El%20derecho%20del%20ni%C3%B1o%20a%20la%20identidad&amp;text=Todos%20los%20ni%C3%B1os%20tienen%20derecho,la%20identidad%20de%20sus%20progenitores.\"><strong>Derecho a la identidad<\/strong><\/a><strong>&nbsp;<\/strong><\/h3>\n\n\n\n<p>En 2009, la Sociedad Armenia de Socorro llev\u00f3 a cabo una encuesta sobre ni\u00f1os no registrados en las regiones de Erev\u00e1n, Gegharkunik y Shirak. La encuesta revel\u00f3 que, de las 97 familias, hab\u00eda 126 ni\u00f1os sin registro estatal al nacer; 19 de esos ni\u00f1os no registrados viv\u00edan en instituciones de cuidado infantil y 35 hab\u00edan nacido en casa y no en el hospital.&nbsp;<\/p>\n\n\n\n<p>La encuesta revel\u00f3 que el 39,9 % de los nacimientos no registrados se deb\u00eda a la falta de documentos de identidad de los progenitores, el 13,8 % a procesos de inscripci\u00f3n largos y burocr\u00e1ticos, el 12,5 % a circunstancias familiares especiales, el 9,8 % a la ausencia de uno de los progenitores, el 9,8 % a la indiferencia de los progenitores respecto al registro de su hijo\/a, el 3,5 % a la incapacidad de las familias para asumir los costes de inscripci\u00f3n, el 11,3 % a la falta de concienciaci\u00f3n sobre el registro de nacimiento y el 9,5 % a otros motivos no especificados (Save the Children, 2015).<\/p>\n\n\n\n<p>En 2011, se efectu\u00f3 una reforma legislativa a fin de prevenir y detectar los nacimientos no registrados. En virtud de la Ley de la Rep\u00fablica de Armenia sobre Actos del Registro Civil y la Ley de la Rep\u00fablica de Armenia sobre Autogobierno Local, se decidi\u00f3 que todos los l\u00edderes comunitarios deb\u00edan identificar los nacimientos no registrados en sus respectivas regiones y garantizar que se tomar\u00edan las medidas adecuadas para que fueran registrados (Save the Children, 2015).<\/p>\n\n\n\n<h2 class=\"wp-block-heading\"><strong>Factor de riesgo \u2013&gt; Desaf\u00edos espec\u00edficos de cada pa\u00eds&nbsp;<\/strong><\/h2>\n\n\n\n<h3 class=\"wp-block-heading\"><a href=\"https:\/\/www.humanium.org\/es\/enfoques-tematicos\/pobreza\/pobreza-infantil\/\"><strong>Pobreza<\/strong><\/a><\/h3>\n\n\n<div class=\"wp-block-image\">\n<figure class=\"alignright size-large is-resized\"><img loading=\"lazy\" decoding=\"async\" width=\"1024\" height=\"683\" src=\"https:\/\/www.humanium.org\/es\/wp-content\/uploads\/2025\/11\/shutterstock_2542372171-1024x683.jpg\" alt=\"\" class=\"wp-image-20298\" style=\"width:354px;height:auto\" srcset=\"https:\/\/www.humanium.org\/es\/wp-content\/uploads\/2025\/11\/shutterstock_2542372171-1024x683.jpg 1024w, https:\/\/www.humanium.org\/es\/wp-content\/uploads\/2025\/11\/shutterstock_2542372171-300x200.jpg 300w, https:\/\/www.humanium.org\/es\/wp-content\/uploads\/2025\/11\/shutterstock_2542372171-768x512.jpg 768w, https:\/\/www.humanium.org\/es\/wp-content\/uploads\/2025\/11\/shutterstock_2542372171-1536x1024.jpg 1536w, https:\/\/www.humanium.org\/es\/wp-content\/uploads\/2025\/11\/shutterstock_2542372171-2048x1365.jpg 2048w, https:\/\/www.humanium.org\/es\/wp-content\/uploads\/2025\/11\/shutterstock_2542372171-830x553.jpg 830w, https:\/\/www.humanium.org\/es\/wp-content\/uploads\/2025\/11\/shutterstock_2542372171-230x153.jpg 230w, https:\/\/www.humanium.org\/es\/wp-content\/uploads\/2025\/11\/shutterstock_2542372171-350x233.jpg 350w, https:\/\/www.humanium.org\/es\/wp-content\/uploads\/2025\/11\/shutterstock_2542372171-480x320.jpg 480w, https:\/\/www.humanium.org\/es\/wp-content\/uploads\/2025\/11\/shutterstock_2542372171-272x182.jpg 272w\" sizes=\"auto, (max-width: 1024px) 100vw, 1024px\" \/><\/figure>\n<\/div>\n\n\n<p>Seg\u00fan datos de UNICEF de 2017, aproximadamente el 34,2 % de los ni\u00f1os de Armenia viven en situaci\u00f3n de pobreza y el 2 % en situaci\u00f3n de pobreza extrema, con uno de los porcentajes m\u00e1s altos de pobreza infantil en Shirak: 50,9 % (UNICEF Armenia, s.f.).&nbsp;Las ayudas dirigidas a mejorar la calidad de vida de las familias procedentes de hogares pobres y vulnerables constituyen el principal instrumento de lucha contra la pobreza en el marco de la asistencia social en Armenia. <\/p>\n\n\n\n<p>Las bases de las prestaciones p\u00fablicas en Armenia se establecieron en la \u00e9poca sovi\u00e9tica con la introducci\u00f3n de la ley sobre \u00abPrestaciones para ni\u00f1os de familias menos estables\u00bb. Con el paso de los a\u00f1os, el sistema de prestaciones ha experimentado varias modificaciones.<\/p>\n\n\n\n<p>En 1997, se introdujeron nuevos procedimientos con el fin de ofrecer una compensaci\u00f3n monetaria a ciertos grupos de poblaci\u00f3n designados en la legislaci\u00f3n, y no basada en privilegios. Como consecuencia, en 1999 se aprob\u00f3 un decreto destinado a reemplazar la prestaci\u00f3n por hijo y otras prestaciones sociales espec\u00edficas por una prestaci\u00f3n familiar dirigida a las familias m\u00e1s pobres. Este sistema de prestaciones familiares es el principal programa de apoyo a las familias m\u00e1s pobres (con y sin ni\u00f1os), lo que equivale aproximadamente al 12,7 % de la poblaci\u00f3n (UNICEF, 2019).<\/p>\n\n\n\n<h3 class=\"wp-block-heading\"><a href=\"https:\/\/www.humanium.org\/es\/enfoques-tematicos\/discriminacion\/\"><strong>Discriminaci\u00f3n<\/strong><\/a><\/h3>\n\n\n\n<p>Investigaciones del Fondo de Poblaci\u00f3n de las Naciones Unidas indican que Armenia cuenta con uno de los \u00edndices m\u00e1s altos de selecci\u00f3n de sexo basada en el g\u00e9nero de todo el mundo, que es producto de una cultura m\u00e1s amplia de discriminaci\u00f3n contra las mujeres y las ni\u00f1as. Algunas encuestas a gran escala se\u00f1alan que existe una preferencia por los hijos varones debido a su estatus social, su habilidad para contribuir econ\u00f3micamente y a la importancia percibida para preservar el linaje familiar, entre otros factores.&nbsp;<\/p>\n\n\n\n<h3 class=\"wp-block-heading\"><a href=\"https:\/\/www.humanium.org\/es\/enfoques-tematicos\/aislamiento-desarraigo\/ninos-desplazados\/\"><strong>Ni\u00f1os desplazados <\/strong><\/a><strong>&nbsp;<\/strong><\/h3>\n\n\n\n<p>En 2020, una ofensiva de las fuerzas <a href=\"https:\/\/www.humanium.org\/es\/azerbaiyan\/\">azerbaiyanas<\/a> para recuperar la regi\u00f3n ocasion\u00f3 conflicto militar y violencia en la regi\u00f3n de <a href=\"https:\/\/www.humanium.org\/es\/la-constante-crisis-en-nagorno-karabaj-infancias-destrozadas-por-el-conflicto\/\">Nagorno Karabaj<\/a>, lo que oblig\u00f3 a aproximadamente 90&nbsp;000 familias y ni\u00f1os a huir a su pa\u00eds vecino, Armenia. Varios cientos de personas resultaron asesinadas o heridas en los enfrentamientos. A partir de octubre de 2024, UNICEF ha registrado 115&nbsp;366 refugiados, incluidos 36&nbsp;000 ni\u00f1os (UNICEF Armenia, 2024).&nbsp;<\/p>\n\n\n\n<p>Armenia ha recibido apoyo regional e internacional para afrontar la crisis. A principios de este a\u00f1o, el Consejo de Europa lanz\u00f3 un paquete de ayuda de 2,8 millones de euros para ayudar al pa\u00eds, que incluye una nueva iniciativa dirigida a proteger a los ni\u00f1os por medio de apoyo jur\u00eddico y pol\u00edtico (Consejo de Europa, 2024).<\/p>\n\n\n\n<h3 class=\"wp-block-heading\"><a href=\"https:\/\/www.humanium.org\/es\/dia-de-debate-general-2021-derechos-de-los-ninos-y-ninas-y-cuidado-alternativo\/\"><strong>Atenci\u00f3n institucional<\/strong><\/a><strong>&nbsp;<\/strong><\/h3>\n\n\n\n<p>En la \u00faltima d\u00e9cada, la colaboraci\u00f3n intersectorial ha permitido a Armenia realizar grandes progresos hacia la reducci\u00f3n del n\u00famero de ni\u00f1os que se encuentran bajo atenci\u00f3n institucional a tiempo completo. El trabajo conjunto del Gobierno de Armenia, la sociedad civil y las ONG internacionales hizo que el n\u00famero de ni\u00f1os en acogida permanente descendiera de 2&nbsp;000 a 400 entre 2014 y 2023.&nbsp;<\/p>\n\n\n\n<p>En 2023, las reformas dirigidas a garantizar una vida independiente en todo el pa\u00eds brindaron un apoyo adicional: las personas que abandonan la atenci\u00f3n institucional permanente reciben actualmente el equivalente a un salario mensual durante 12 meses, as\u00ed como dinero para pagar su alquiler (Oficina del Alto Comisionado de las Naciones Unidas, 2024).<\/p>\n\n\n\n<p>El pa\u00eds ha desarrollado importantes infraestructuras para proteger a los ni\u00f1os vulnerables. En 2016 y 2018, se reformaron dos centros residenciales de atenci\u00f3n permanente, y al a\u00f1o siguiente se reemplazaron tres instalaciones residenciales antiguas por nuevos programas dise\u00f1ados para apoyar a los ni\u00f1os en su reintegraci\u00f3n familiar. Se estima que estos esfuerzos han evitado que cerca de 400 ni\u00f1os ingresen en centros de forma permanente (Oficina del Alto Comisionado de las Naciones Unidas, 2024).<\/p>\n\n\n\n<p>En los \u00faltimos a\u00f1os, han proseguido los esfuerzos para apoyar la reunificaci\u00f3n familiar a gran escala. Entre 2020 y 2023, el Gobierno increment\u00f3 la dotaci\u00f3n de fondos destinados a la guarda y a los servicios de protecci\u00f3n, incluida la asignaci\u00f3n de m\u00e1s fondos a la sociedad civil local que trabaja en las zonas remotas del pa\u00eds. Paralelamente a este trabajo, el Gobierno ha mejorado sus sistemas administrativos a fin de facilitar el acceso a los servicios de familia comunitarios, lo que ha supuesto un incremento general del n\u00famero de ni\u00f1os que han sido reunificados con sus familias biol\u00f3gicas (Sargsyan, 2024).&nbsp;<\/p>\n\n\n\n<p>Sin embargo, a pesar de los avances logrados en todo el pa\u00eds, a\u00fan quedan desaf\u00edos a los que hacer frente. M\u00e1s de 1&nbsp;100 ni\u00f1os contin\u00faan en orfanatos y escuelas especiales gestionadas por el Estado. La mayor\u00eda de estos ni\u00f1os presentan alguna discapacidad, un problema que puede deberse a la ausencia de servicios comunitarios y de apoyo familiar especializados en ayudar a estos grupos minoritarios de ni\u00f1os (Sargsyan, 2024).&nbsp;<\/p>\n\n\n\n<p><em><strong>Escrito por Vanessa Cezarita Cordeiro&nbsp;<\/strong><\/em><\/p>\n\n\n\n<p><em><strong>Revisi\u00f3n interna por Aditi Partha<\/strong><\/em><\/p>\n\n\n\n<p><em><strong>Traducido por Patricia Curto Guti\u00e9rrez<\/strong><\/em><\/p>\n\n\n\n<p><em><strong>Corregido por Desir\u00e9e Ri\u00f1\u00e9 Prados<\/strong><\/em><\/p>\n\n\n\n<p><em><strong>\u00daltima actualizaci\u00f3n el 9 de febrero de 2025<\/strong><\/em><\/p>\n\n\n\n<h4 class=\"wp-block-heading\"><strong>Referencias:<\/strong><\/h4>\n\n\n\n<p class=\"has-small-font-size\">Asian Development Bank. (2014, May 9). <a href=\"https:\/\/www.adb.org\/results\/providing-clean-safe-water-armenians\">\u201cProviding clean, safe water to Armenians.\u201d<\/a> Retrieved from Asian Development Bank, accessed on 4 February 2025.&nbsp;<\/p>\n\n\n\n<p class=\"has-small-font-size\">Council of Europe. (2024, April 12). <a href=\"https:\/\/www.coe.int\/en\/web\/children\/-\/armenia-council-of-europe-launches-package-of-measures-in-response-to-refugee-influx\">\u201cArmenia: Council of Europe launches package of measures in response to refugee influx, including protecting children\u2019s rights.\u201d<\/a> Retrieved from Council of Europe, accessed 6 February 2024.<\/p>\n\n\n\n<p class=\"has-small-font-size\">Freeman, K.T. (2024, February 15). <a href=\"https:\/\/www.aacrao.org\/edge\/country\/armenia#:~:text=Primary%20and%20Secondary%20Education,not%20acceptable%20for%20university%20admission.\">\u201cArmenia.\u201d<\/a> Retrieved from Aacrao, accessed on 27 January 2025.&nbsp;<\/p>\n\n\n\n<p class=\"has-small-font-size\">Howe, G.M., Dowsett, C.J.F. (2025, January 31). <a href=\"https:\/\/www.britannica.com\/place\/Armenia\/Settlement-patterns\">\u201cArmenia.\u201d<\/a> Retrieved from Britannica, accessed on 25 January 2025.&nbsp;<\/p>\n\n\n\n<p class=\"has-small-font-size\">Hubendick, L. (2021, May 10). <a href=\"https:\/\/siwi.org\/latest\/armenia-takes-action-to-achieve-the-sdg-6\/\">\u201cArmenia takes action to achieve the SDG 6.\u201d<\/a> Retrieved from Stockholm International Water Institute, accessed on 4 February 2025.&nbsp;<\/p>\n\n\n\n<p class=\"has-small-font-size\">Human Rights Watch. (2017, February 22). <a href=\"https:\/\/www.hrw.org\/report\/2017\/02\/22\/when-will-i-get-go-home\/abuses-and-discrimination-against-children-institutions#:~:text=Video-,Thousands%20of%20children%20in%20Armenia%20are%20needlessly%20separated%20from%20their,for%20academic%20and%20other%20achievements.\">\u201cAbuse and discrimination against children in institutions and lack of access to quality inclusive education in Armenia.\u201d<\/a> Retrieved from Human Rights Watch, accessed on 8 February 2025.&nbsp;<\/p>\n\n\n\n<p class=\"has-small-font-size\">JAM News. (2019, July 1). <a href=\"https:\/\/jam-news.net\/treatment-in-armenia-to-be-free-for-children-up-to-18\/#:~:text=In%20Armenia%2C%20children%20and%20teenagers%20under%2018,children:%20%E2%80%A2%20Younger%20than%20seven%20years%20old%2C.\">\u201cTreatment in Armenia to be free for children up to 18.\u201d<\/a> Retrieved from JAM News, accessed on 29 January 2025.&nbsp;<\/p>\n\n\n\n<p class=\"has-small-font-size\">Sargsyan, Z. (2024, January 19). <a href=\"https:\/\/armenia.un.org\/en\/258195-nearly-half-million-children-europe-and-central-asia-live-residential-care-facilities\">\u201cNearly half a million children in Europe and Central Asia live in residential care facilities.\u201d<\/a> Retrieved from United Nations Armenia, accessed on 5 February 2025.&nbsp;<\/p>\n\n\n\n<p class=\"has-small-font-size\">Save the Children. (2015). <a href=\"https:\/\/resourcecentre.savethechildren.net\/pdf\/book-eng.pdf\/\">\u201cChild rights situation analysis: Armenia.\u201d<\/a> Retrieved from Save the Children, accessed on 29 January 2025.&nbsp;<\/p>\n\n\n\n<p class=\"has-small-font-size\">UNFPA. (2023). <a href=\"https:\/\/eeca.unfpa.org\/sites\/default\/files\/pub-pdf\/unfpa_armenia_factsheet_3.pdf\">\u201cFact sheet: Armenia.\u201d<\/a> Retrieved from UNFPA, accessed 5 February 2024.<\/p>\n\n\n\n<p class=\"has-small-font-size\">UNICEF Armenia. (2024). <a href=\"https:\/\/www.unicef.org\/media\/166321\/file\/Armenia-Humanitarian-SitRep-No.18-31-October-2024.pdf.pdf\">\u201cArmenia humanitarian situation report no. 18.\u201d<\/a> Retrieved from UNICEF Armenia, accessed on 29 January 2025.&nbsp;<\/p>\n\n\n\n<p class=\"has-small-font-size\">UNICEF Armenia. (n,d). <a href=\"https:\/\/www.unicef.org\/armenia\/en\/what-we-do\/social-protection-and-child-poverty\">\u201cSocial protection and child poverty.\u201d<\/a> Retrieved from UNICEF Armenia, accessed on 9 February 2025.&nbsp;<\/p>\n\n\n\n<p class=\"has-small-font-size\">UNICEF. (2019, July). <a href=\"https:\/\/www.unicef.org\/media\/70451\/file\/ARM-case-study-2020.pdf\">\u201cUniversal child benefit case studies: the experience of Armenia.\u201d<\/a> Retrieved from UNICEF, accessed on 9 February 2025.&nbsp;<\/p>\n\n\n\n<p class=\"has-small-font-size\">United Nations Office of the High Commissioner. (2024, September 5). <a href=\"https:\/\/www.ohchr.org\/en\/news\/2024\/09\/experts-committee-rights-child-commend-armenia-its-digital-literacy-education-children#:~:text=Among%20the%20reforms%20implemented%20in,their%20social%20status%20and%20age.\">\u201cExperts of the Committee on the Rights of the Child Commend Armenia on its Digital Literacy Education for Children, Raise Questions on Corporal Punishment and Children\u2019s Participation in Climate Change Policies.\u201d<\/a> Retrieved from United Nations Office of the High Commissioner, accessed on 4 February 2025.&nbsp;<br>Vartanyan, O. (2024, March 4).<\/p>\n\n\n\n<p class=\"has-small-font-size\"><a href=\"https:\/\/www.crisisgroup.org\/europe-central-asia\/caucasus\/armenian-azerbaijani-conflict-armenia\/armenia-struggles-cope-exodus\">\u201cArmenia struggles to cope with exodus from Nagorno-Karabakh.\u201d<\/a> Retrieved from International Crisis Group, accessed on 29 January 2025.<\/p>\n\n\n\n<hr class=\"wp-block-separator has-alpha-channel-opacity\"\/>\n\n\n\n<p class=\"has-small-font-size\"><a href=\"https:\/\/www.humanium.org\/de\/wp-admin\/post.php?post=3862&amp;action=edit#_ftnref1\">[1]<\/a> Este art\u00edculo no pretende en modo alguno ofrecer una descripci\u00f3n completa o representativa de los derechos de los ni\u00f1os en Armenia; de hecho, uno de los muchos problemas existentes es la poca informaci\u00f3n reciente disponible sobre los ni\u00f1os en Armenia, que es en gran parte poco fiable, no representativa, est\u00e1 desactualizada o, simplemente, es inexistente.&nbsp;<br><\/p>\n","protected":false},"excerpt":{"rendered":"<p>Descubriendo los derechos infantiles en Armenia Desde que se independiz\u00f3 de la Uni\u00f3n Sovi\u00e9tica en 1991, Armenia ha experimentado un progreso significativo en la protecci\u00f3n de los derechos de los ni\u00f1os a trav\u00e9s de reformas legislativas, la implantaci\u00f3n de un sistema de justicia enfocado en los ni\u00f1os, y la asignaci\u00f3n de ayudas del Gobierno a [&hellip;]<\/p>\n","protected":false},"author":1,"featured_media":20305,"parent":0,"menu_order":0,"comment_status":"closed","ping_status":"open","template":"","meta":{"footnotes":""},"class_list":["post-2648","page","type-page","status-publish","has-post-thumbnail","hentry"],"yoast_head":"<!-- This site is optimized with the Yoast SEO plugin v26.5 - https:\/\/yoast.com\/wordpress\/plugins\/seo\/ -->\n<title>Ni\u00f1os de Armenia - Humanium<\/title>\n<meta name=\"description\" content=\"En Armenia, retos como la pobreza y la actual crisis de refugiados siguen impidiendo el pleno ejercicio de los derechos de los ni\u00f1os.\" \/>\n<meta name=\"robots\" content=\"index, follow, max-snippet:-1, max-image-preview:large, max-video-preview:-1\" \/>\n<link rel=\"canonical\" href=\"https:\/\/www.humanium.org\/es\/armenia\/\" \/>\n<meta property=\"og:locale\" content=\"es_ES\" \/>\n<meta property=\"og:type\" content=\"article\" \/>\n<meta property=\"og:title\" content=\"Ni\u00f1os de Armenia - Humanium\" \/>\n<meta property=\"og:description\" content=\"En Armenia, retos como la pobreza y la actual crisis de refugiados siguen impidiendo el pleno ejercicio de los derechos de los ni\u00f1os.\" \/>\n<meta property=\"og:url\" content=\"https:\/\/www.humanium.org\/es\/armenia\/\" \/>\n<meta property=\"og:site_name\" content=\"Humanium\" \/>\n<meta property=\"article:modified_time\" content=\"2025-12-05T17:57:20+00:00\" \/>\n<meta property=\"og:image\" content=\"https:\/\/www.humanium.org\/es\/wp-content\/uploads\/2025\/11\/shutterstock_764521966-1-scaled.jpg\" \/>\n\t<meta property=\"og:image:width\" content=\"2560\" \/>\n\t<meta property=\"og:image:height\" content=\"1702\" \/>\n\t<meta property=\"og:image:type\" content=\"image\/jpeg\" \/>\n<meta name=\"twitter:card\" content=\"summary_large_image\" \/>\n<meta name=\"twitter:label1\" content=\"Tiempo de lectura\" \/>\n\t<meta name=\"twitter:data1\" content=\"15 minutos\" \/>\n<script type=\"application\/ld+json\" class=\"yoast-schema-graph\">{\"@context\":\"https:\/\/schema.org\",\"@graph\":[{\"@type\":\"WebPage\",\"@id\":\"https:\/\/www.humanium.org\/es\/armenia\/\",\"url\":\"https:\/\/www.humanium.org\/es\/armenia\/\",\"name\":\"Ni\u00f1os de Armenia - Humanium\",\"isPartOf\":{\"@id\":\"https:\/\/www.humanium.org\/es\/#website\"},\"primaryImageOfPage\":{\"@id\":\"https:\/\/www.humanium.org\/es\/armenia\/#primaryimage\"},\"image\":{\"@id\":\"https:\/\/www.humanium.org\/es\/armenia\/#primaryimage\"},\"thumbnailUrl\":\"https:\/\/www.humanium.org\/es\/wp-content\/uploads\/2025\/11\/shutterstock_764521966-1-scaled.jpg\",\"datePublished\":\"2013-07-10T14:07:04+00:00\",\"dateModified\":\"2025-12-05T17:57:20+00:00\",\"description\":\"En Armenia, retos como la pobreza y la actual crisis de refugiados siguen impidiendo el pleno ejercicio de los derechos de los ni\u00f1os.\",\"breadcrumb\":{\"@id\":\"https:\/\/www.humanium.org\/es\/armenia\/#breadcrumb\"},\"inLanguage\":\"es\",\"potentialAction\":[{\"@type\":\"ReadAction\",\"target\":[\"https:\/\/www.humanium.org\/es\/armenia\/\"]}]},{\"@type\":\"ImageObject\",\"inLanguage\":\"es\",\"@id\":\"https:\/\/www.humanium.org\/es\/armenia\/#primaryimage\",\"url\":\"https:\/\/www.humanium.org\/es\/wp-content\/uploads\/2025\/11\/shutterstock_764521966-1-scaled.jpg\",\"contentUrl\":\"https:\/\/www.humanium.org\/es\/wp-content\/uploads\/2025\/11\/shutterstock_764521966-1-scaled.jpg\",\"width\":2560,\"height\":1702},{\"@type\":\"BreadcrumbList\",\"@id\":\"https:\/\/www.humanium.org\/es\/armenia\/#breadcrumb\",\"itemListElement\":[{\"@type\":\"ListItem\",\"position\":1,\"name\":\"Home\",\"item\":\"https:\/\/www.humanium.org\/es\/\"},{\"@type\":\"ListItem\",\"position\":2,\"name\":\"Ni\u00f1os de Armenia\"}]},{\"@type\":\"WebSite\",\"@id\":\"https:\/\/www.humanium.org\/es\/#website\",\"url\":\"https:\/\/www.humanium.org\/es\/\",\"name\":\"Humanium\",\"description\":\"\u00a1Los ni\u00f1os primero!\",\"potentialAction\":[{\"@type\":\"SearchAction\",\"target\":{\"@type\":\"EntryPoint\",\"urlTemplate\":\"https:\/\/www.humanium.org\/es\/?s={search_term_string}\"},\"query-input\":{\"@type\":\"PropertyValueSpecification\",\"valueRequired\":true,\"valueName\":\"search_term_string\"}}],\"inLanguage\":\"es\"}]}<\/script>\n<!-- \/ Yoast SEO plugin. -->","yoast_head_json":{"title":"Ni\u00f1os de Armenia - Humanium","description":"En Armenia, retos como la pobreza y la actual crisis de refugiados siguen impidiendo el pleno ejercicio de los derechos de los ni\u00f1os.","robots":{"index":"index","follow":"follow","max-snippet":"max-snippet:-1","max-image-preview":"max-image-preview:large","max-video-preview":"max-video-preview:-1"},"canonical":"https:\/\/www.humanium.org\/es\/armenia\/","og_locale":"es_ES","og_type":"article","og_title":"Ni\u00f1os de Armenia - Humanium","og_description":"En Armenia, retos como la pobreza y la actual crisis de refugiados siguen impidiendo el pleno ejercicio de los derechos de los ni\u00f1os.","og_url":"https:\/\/www.humanium.org\/es\/armenia\/","og_site_name":"Humanium","article_modified_time":"2025-12-05T17:57:20+00:00","og_image":[{"width":2560,"height":1702,"url":"https:\/\/www.humanium.org\/es\/wp-content\/uploads\/2025\/11\/shutterstock_764521966-1-scaled.jpg","type":"image\/jpeg"}],"twitter_card":"summary_large_image","twitter_misc":{"Tiempo de lectura":"15 minutos"},"schema":{"@context":"https:\/\/schema.org","@graph":[{"@type":"WebPage","@id":"https:\/\/www.humanium.org\/es\/armenia\/","url":"https:\/\/www.humanium.org\/es\/armenia\/","name":"Ni\u00f1os de Armenia - Humanium","isPartOf":{"@id":"https:\/\/www.humanium.org\/es\/#website"},"primaryImageOfPage":{"@id":"https:\/\/www.humanium.org\/es\/armenia\/#primaryimage"},"image":{"@id":"https:\/\/www.humanium.org\/es\/armenia\/#primaryimage"},"thumbnailUrl":"https:\/\/www.humanium.org\/es\/wp-content\/uploads\/2025\/11\/shutterstock_764521966-1-scaled.jpg","datePublished":"2013-07-10T14:07:04+00:00","dateModified":"2025-12-05T17:57:20+00:00","description":"En Armenia, retos como la pobreza y la actual crisis de refugiados siguen impidiendo el pleno ejercicio de los derechos de los ni\u00f1os.","breadcrumb":{"@id":"https:\/\/www.humanium.org\/es\/armenia\/#breadcrumb"},"inLanguage":"es","potentialAction":[{"@type":"ReadAction","target":["https:\/\/www.humanium.org\/es\/armenia\/"]}]},{"@type":"ImageObject","inLanguage":"es","@id":"https:\/\/www.humanium.org\/es\/armenia\/#primaryimage","url":"https:\/\/www.humanium.org\/es\/wp-content\/uploads\/2025\/11\/shutterstock_764521966-1-scaled.jpg","contentUrl":"https:\/\/www.humanium.org\/es\/wp-content\/uploads\/2025\/11\/shutterstock_764521966-1-scaled.jpg","width":2560,"height":1702},{"@type":"BreadcrumbList","@id":"https:\/\/www.humanium.org\/es\/armenia\/#breadcrumb","itemListElement":[{"@type":"ListItem","position":1,"name":"Home","item":"https:\/\/www.humanium.org\/es\/"},{"@type":"ListItem","position":2,"name":"Ni\u00f1os de Armenia"}]},{"@type":"WebSite","@id":"https:\/\/www.humanium.org\/es\/#website","url":"https:\/\/www.humanium.org\/es\/","name":"Humanium","description":"\u00a1Los ni\u00f1os primero!","potentialAction":[{"@type":"SearchAction","target":{"@type":"EntryPoint","urlTemplate":"https:\/\/www.humanium.org\/es\/?s={search_term_string}"},"query-input":{"@type":"PropertyValueSpecification","valueRequired":true,"valueName":"search_term_string"}}],"inLanguage":"es"}]}},"_links":{"self":[{"href":"https:\/\/www.humanium.org\/es\/wp-json\/wp\/v2\/pages\/2648","targetHints":{"allow":["GET"]}}],"collection":[{"href":"https:\/\/www.humanium.org\/es\/wp-json\/wp\/v2\/pages"}],"about":[{"href":"https:\/\/www.humanium.org\/es\/wp-json\/wp\/v2\/types\/page"}],"author":[{"embeddable":true,"href":"https:\/\/www.humanium.org\/es\/wp-json\/wp\/v2\/users\/1"}],"replies":[{"embeddable":true,"href":"https:\/\/www.humanium.org\/es\/wp-json\/wp\/v2\/comments?post=2648"}],"version-history":[{"count":5,"href":"https:\/\/www.humanium.org\/es\/wp-json\/wp\/v2\/pages\/2648\/revisions"}],"predecessor-version":[{"id":20476,"href":"https:\/\/www.humanium.org\/es\/wp-json\/wp\/v2\/pages\/2648\/revisions\/20476"}],"wp:featuredmedia":[{"embeddable":true,"href":"https:\/\/www.humanium.org\/es\/wp-json\/wp\/v2\/media\/20305"}],"wp:attachment":[{"href":"https:\/\/www.humanium.org\/es\/wp-json\/wp\/v2\/media?parent=2648"}],"curies":[{"name":"wp","href":"https:\/\/api.w.org\/{rel}","templated":true}]}}