{"id":3212,"date":"2013-08-02T10:46:41","date_gmt":"2013-08-02T10:46:41","guid":{"rendered":"http:\/\/www.humanium.org\/es\/?page_id=3212"},"modified":"2026-08-30T19:13:49","modified_gmt":"2026-08-30T19:13:49","slug":"liechtenstein","status":"publish","type":"page","link":"https:\/\/www.humanium.org\/es\/liechtenstein\/","title":{"rendered":"Ni\u00f1os de Liechtenstein"},"content":{"rendered":"\n<h2 class=\"wp-block-heading\"><strong>Descubriendo los derechos de los ni\u00f1os en Liechtenstein<\/strong><\/h2>\n\n\n\n<div class=\"wp-block-columns is-layout-flex wp-container-core-columns-is-layout-8f761849 wp-block-columns-is-layout-flex\">\n<div class=\"wp-block-column is-layout-flow wp-block-column-is-layout-flow\"><div class=\"wp-block-image is-style-rounded\">\n<figure class=\"aligncenter size-full is-resized\"><img decoding=\"async\" src=\"https:\/\/www.humanium.org\/en\/wp-content\/uploads\/2026\/08\/shutterstock_2476382897_edited-scaled.jpeg\" alt=\"\" class=\"wp-image-91990\" style=\"object-fit:cover;width:200px;height:200px\"\/><\/figure>\n<\/div><\/div>\n\n\n\n<div class=\"wp-block-column is-layout-flow wp-block-column-is-layout-flow\"><div class=\"wp-block-image is-style-rounded\">\n<figure class=\"aligncenter size-full is-resized\"><img decoding=\"async\" src=\"https:\/\/www.humanium.org\/en\/wp-content\/uploads\/2026\/08\/shutterstock_2736525983_edited-scaled.jpeg\" alt=\"\" class=\"wp-image-91991\" style=\"object-fit:cover;width:200px;height:200px\"\/><\/figure>\n<\/div><\/div>\n<\/div>\n\n\n\n<p class=\"wp-block-paragraph\"><strong><strong><strong><strong>Liechtenstein es uno de los pa\u00edses m\u00e1s pr\u00f3speros de Europa y la mayor\u00eda de los ni\u00f1os crecen con acceso a la educaci\u00f3n, la atenci\u00f3n sanitaria y el apoyo social. Los ni\u00f1os se benefician de educaci\u00f3n obligatoria, servicios de salud p\u00fablicos y protecci\u00f3n jur\u00eddica conforme a la legislaci\u00f3n nacional. Sin embargo, algunos ni\u00f1os est\u00e1n expuestos a la violencia, la angustia mental o la inseguridad jur\u00eddica relacionada con el asilo y la<\/strong> <a href=\"https:\/\/www.humanium.org\/es\/migracion-infantil\/\"><strong>migraci\u00f3n<\/strong><\/a><strong>, lo que pone de relieve \u00e1reas en las que se podr\u00eda fortalecer la protecci\u00f3n infantil.<\/strong><\/strong><\/strong><\/strong><\/p>\n\n\n\n<iframe src=\"https:\/\/www.google.com\/maps\/embed?pb=!1m18!1m12!1m3!1d173626.24207302876!2d9.388880265554644!3d47.15961643509075!2m3!1f0!2f0!3f0!3m2!1i1024!2i768!4f13.1!3m3!1m2!1s0x479b31441d472ffd%3A0x60eab536dd5ab189!2sLiechtenstein!5e0!3m2!1sen!2shr!4v1788115458461!5m2!1sen!2shr\" width=\"600\" height=\"450\" style=\"border:0;\" allowfullscreen=\"\" loading=\"lazy\" referrerpolicy=\"strict-origin-when-cross-origin\"><\/iframe>\n\n\n\n<div class=\"wp-block-columns is-layout-flex wp-container-core-columns-is-layout-8f761849 wp-block-columns-is-layout-flex\">\n<div class=\"wp-block-column is-layout-flow wp-block-column-is-layout-flow\">\n<p class=\"wp-block-paragraph\"><strong>Poblaci\u00f3n<\/strong>: 40 245<br><strong>Poblaci\u00f3n de entre 0 y 14 a\u00f1os<\/strong>: 14 %<\/p>\n<\/div>\n\n\n\n<div class=\"wp-block-column is-layout-flow wp-block-column-is-layout-flow\">\n<p class=\"wp-block-paragraph\"><strong>Esperanza de vida<\/strong>: 84,7 a\u00f1oss<br><strong>\u00cdndice de mortalidad antes de los 5 a\u00f1os<\/strong>: 5,4 \u2030<\/p>\n<\/div>\n<\/div>\n\n\n\n<h2 class=\"wp-block-heading\"><strong>Liechtenstein de un vistazo<\/strong><\/h2>\n\n\n<div class=\"wp-block-image\">\n<figure class=\"alignleft size-large is-resized\"><img loading=\"lazy\" decoding=\"async\" width=\"1024\" height=\"683\" src=\"https:\/\/www.humanium.org\/es\/wp-content\/uploads\/2026\/08\/shutterstock_2672530081-1024x683.jpg\" alt=\"\" class=\"wp-image-22945\" style=\"aspect-ratio:1.499330655957162;width:416px;height:auto\" srcset=\"https:\/\/www.humanium.org\/es\/wp-content\/uploads\/2026\/08\/shutterstock_2672530081-1024x683.jpg 1024w, https:\/\/www.humanium.org\/es\/wp-content\/uploads\/2026\/08\/shutterstock_2672530081-300x200.jpg 300w, https:\/\/www.humanium.org\/es\/wp-content\/uploads\/2026\/08\/shutterstock_2672530081-768x512.jpg 768w, https:\/\/www.humanium.org\/es\/wp-content\/uploads\/2026\/08\/shutterstock_2672530081-830x553.jpg 830w, https:\/\/www.humanium.org\/es\/wp-content\/uploads\/2026\/08\/shutterstock_2672530081-1536x1024.jpg 1536w, https:\/\/www.humanium.org\/es\/wp-content\/uploads\/2026\/08\/shutterstock_2672530081-230x153.jpg 230w, https:\/\/www.humanium.org\/es\/wp-content\/uploads\/2026\/08\/shutterstock_2672530081-350x233.jpg 350w, https:\/\/www.humanium.org\/es\/wp-content\/uploads\/2026\/08\/shutterstock_2672530081-2048x1365.jpg 2048w, https:\/\/www.humanium.org\/es\/wp-content\/uploads\/2026\/08\/shutterstock_2672530081-480x320.jpg 480w, https:\/\/www.humanium.org\/es\/wp-content\/uploads\/2026\/08\/shutterstock_2672530081-272x182.jpg 272w\" sizes=\"auto, (max-width: 1024px) 100vw, 1024px\" \/><\/figure>\n<\/div>\n\n\n<p class=\"wp-block-paragraph\">Liechtenstein (<em>Fuerstentum Liechtenstein<\/em>) es un peque\u00f1o pa\u00eds en Europa Occidental situado entre <a href=\"https:\/\/www.humanium.org\/es\/suiza\/\">Suiza<\/a> y <a href=\"https:\/\/www.humanium.org\/es\/austria\/\">Austria<\/a>. Tiene una poblaci\u00f3n de poco m\u00e1s de 40&nbsp;000 personas y su centro pol\u00edtico y administrativo es Vaduz. El pa\u00eds est\u00e1 gobernado como una monarqu\u00eda constitucional, con un pr\u00edncipe hereditario como jefe de Estado y un parlamento elegido que representa a la poblaci\u00f3n (Britannica, 2025).<\/p>\n\n\n\n<p class=\"wp-block-paragraph\">El pa\u00eds cuenta con recursos naturales limitados y depende de las importaciones para la mayor\u00eda de las materias primas. Su econom\u00eda se sustenta en la manufactura a peque\u00f1a escala, los servicios financieros y el turismo, con estrechos v\u00ednculos econ\u00f3micos con Suiza. El franco suizo se utiliza como moneda nacional y el pa\u00eds mantiene una uni\u00f3n aduanera con Suiza (Britannica, 2025).<\/p>\n\n\n\n<p class=\"wp-block-paragraph\">La religi\u00f3n juega un papel importante en la vida p\u00fablica en Liechtenstein. La constituci\u00f3n garantiza la libertad de creencias, al tiempo que designa al catolicismo romano como religi\u00f3n del Estado. La mayor\u00eda de la poblaci\u00f3n se identifica como cat\u00f3lica romana, seguida de comunidades protestantes y musulmanas m\u00e1s peque\u00f1as, as\u00ed como de gente sin afiliaci\u00f3n religiosa (U.S. Department of State, 2022).<\/p>\n\n\n\n<h2 class=\"wp-block-heading\"><strong>El estado de los derechos de los ni\u00f1os<a href=\"#_ftn1\" id=\"_ftnref1\"><sup><strong><sup>[1]<\/sup><\/strong><\/sup><\/a><\/strong><\/h2>\n\n\n\n<p class=\"wp-block-paragraph\">Los ni\u00f1os en Liechtenstein tienen derecho a los mismos derechos humanos que los adultos y, adem\u00e1s, se benefician de protecciones espec\u00edficas vinculadas a su edad y vulnerabilidad. Estas incluyen el derecho a crecer en un entorno seguro y saludable, a desarrollarse adecuadamente y a ser escuchados en los asuntos que les conciernen. Estos principios est\u00e1n establecidos en la <a href=\"https:\/\/www.humanium.org\/es\/convencion\/\">Convenci\u00f3n sobre los Derechos del Ni\u00f1o (CDN)<\/a>, que Liechtenstein ratific\u00f3 en 1995 (Association for Human Rights in Liechtenstein (VMR), s.f.).<\/p>\n\n\n\n<p class=\"wp-block-paragraph\">Adem\u00e1s de la CDN, el pa\u00eds ratific\u00f3 el <a href=\"https:\/\/www.humanium.org\/es\/facultativo-conflictos-armados-2000\/\">Protocolo Facultativo de la Convenci\u00f3n sobre los Derechos del Ni\u00f1o relativo a la participaci\u00f3n de ni\u00f1os en los conflictos armados<\/a> en 2005 y el <a href=\"https:\/\/www.humanium.org\/es\/facultativo-venta-prostitucion-pornografia\/\">Protocolo Facultativo de la Convenci\u00f3n sobre los Derechos del Ni\u00f1o relativo a la venta, la prostituci\u00f3n y la pornograf\u00eda infantil<\/a> en 2013. Asimismo, Liechtenstein acept\u00f3 el Protocolo Facultativo de la CDN relativo a un procedimiento de comunicaciones en 2017, lo que permite presentar denuncias individuales a nivel internacional (OHCHR, s.f.).<\/p>\n\n\n\n<p class=\"wp-block-paragraph\">Los derechos de los ni\u00f1os tambi\u00e9n est\u00e1n recogidos en la legislaci\u00f3n nacional. La CDN se menciona expl\u00edcitamente en la Ley de la Infancia y la Juventud, que define c\u00f3mo se debe proteger, apoyar e integrar a los ni\u00f1os en la sociedad. La Oficina de Servicios Sociales se encarga de hacer efectivos estos derechos y supervisa \u00e1reas como el bienestar infantil y juvenil, la protecci\u00f3n infantil y el apoyo a las familias (Liechtenstein National Administration, s.f.).<\/p>\n\n\n\n<p class=\"wp-block-paragraph\">A nivel nacional, el Consejo Asesor de la Infancia y la Juventud representa los intereses de los ni\u00f1os y j\u00f3venes y tiene derecho a ser consultado sobre las decisiones pol\u00edticas que les afecten. Adem\u00e1s, la Oficina del Defensor de la Infancia y la Juventud act\u00faa como \u00f3rgano independiente de supervisi\u00f3n y como oficina confidencial de contacto y recepci\u00f3n de quejas por parte de los ni\u00f1os y j\u00f3venes (Liechtenstein National Administration, s.f.).<\/p>\n\n\n\n<h2 class=\"wp-block-heading\"><strong>Abordando las necesidades de los ni\u00f1os<\/strong><\/h2>\n\n\n\n<h3 class=\"wp-block-heading\"><a href=\"https:\/\/www.humanium.org\/es\/derecho-educacion\/\"><strong>Derecho a la educaci\u00f3n<\/strong><\/a><\/h3>\n\n\n\n<p class=\"wp-block-paragraph\">La educaci\u00f3n en Liechtenstein est\u00e1 fuertemente influenciada por los sistemas escolares de los pa\u00edses de habla alemana, particularmente el de Suiza. La escolarizaci\u00f3n es gratuita y obligatoria para los ni\u00f1os de entre 6 y 15 a\u00f1os, y el alem\u00e1n es el idioma de ense\u00f1anza. La mayor\u00eda de los ni\u00f1os asisten al jard\u00edn de infancia desde los cuatro a\u00f1os antes de pasar a cursar cinco a\u00f1os de educaci\u00f3n primaria (Liechtenstein National Administration, s.f.).<\/p>\n\n\n\n<p class=\"wp-block-paragraph\">La educaci\u00f3n secundaria inferior dura cuatro a\u00f1os y se divide en tres ciclos escolares:<\/p>\n\n\n\n<ol start=\"1\" class=\"wp-block-list\">\n<li>La escuela secundaria inferior (<em>Oberschule<\/em>)<\/li>\n\n\n\n<li>La escuela secundaria intermedia (<em>Realschule<\/em>)<\/li>\n\n\n\n<li>La escuela secundaria superior (<em>Gymnasium<\/em>).<\/li>\n<\/ol>\n\n\n\n<p class=\"wp-block-paragraph\">La educaci\u00f3n general se imparte en el <em>Gymnasium<\/em> (instituto), que conduce a la <em>Matura<\/em> (examen de acceso a la universidad) y da acceso a la educaci\u00f3n superior. La formaci\u00f3n profesional sigue un sistema dual que combina la formaci\u00f3n pr\u00e1ctica en empresas con la ense\u00f1anza te\u00f3rica en el aula. Si bien las pr\u00e1cticas se realizan en Liechtenstein, la formaci\u00f3n profesional se completa generalmente en Suiza (AACRAO EDGE, s.f.).<\/p>\n\n\n\n<p class=\"wp-block-paragraph\">Liechtenstein apoya la igualdad de acceso a la educaci\u00f3n mediante el apoyo ling\u00fc\u00edstico temprano, los servicios de educaci\u00f3n especial y la asistencia dirigida a ni\u00f1os cuya lengua materna no es el alem\u00e1n (Liechtenstein National Administration, s.f.).<\/p>\n\n\n\n<h3 class=\"wp-block-heading\"><a href=\"https:\/\/www.humanium.org\/es\/derecho-salud\/\"><strong>Derecho a la salud<\/strong><\/a><\/h3>\n\n\n\n<p class=\"wp-block-paragraph\">Los ni\u00f1os en Liechtenstein tienen acceso a la atenci\u00f3n sanitaria a trav\u00e9s del sistema p\u00fablico de seguro m\u00e9dico. La atenci\u00f3n sanitaria est\u00e1 supervisada por la Oficina de Salud P\u00fablica, responsable de los servicios y la cobertura sanitaria. Los ni\u00f1os pueden consultar a m\u00e9dicos que trabajan en el sistema p\u00fablico de salud y estas consultas est\u00e1n cubiertas por el seguro, lo que significa que las familias no pagan directamente los costes de la atenci\u00f3n sanitaria b\u00e1sica (European Commission, s.f.).<\/p>\n\n\n\n<p class=\"wp-block-paragraph\">La atenci\u00f3n hospitalaria se proporciona a trav\u00e9s del \u00fanico hospital del pa\u00eds y el ingreso generalmente es aprobado por la Oficina de Salud P\u00fablica, excepto en situaciones de emergencia. Los servicios m\u00e9dicos de emergencia est\u00e1n disponibles en todo el pa\u00eds y el traslado en ambulancia a centros de salud autorizados est\u00e1 cubierto. Los medicamentos incluidos en el sistema p\u00fablico de salud son gratuitos (European Commission, s.f.).<\/p>\n\n\n\n<p class=\"wp-block-paragraph\">Liechtenstein tambi\u00e9n coopera estrechamente con los pa\u00edses vecinos para garantizar el acceso a los servicios de salud. Gracias a su participaci\u00f3n en el sistema de la Tarjeta Sanitaria Europea, las personas aseguradas, incluidos los ni\u00f1os, pueden recibir la atenci\u00f3n sanitaria necesaria durante su estancia temporal en otros pa\u00edses europeos en las mismas condiciones que los residentes de dichos pa\u00edses (European Commission, s.f.).<strong><\/strong><\/p>\n\n\n\n<h3 class=\"wp-block-heading\"><a href=\"https:\/\/www.humanium.org\/es\/derecho-identidad\/\"><strong>Derecho a la identidad<\/strong><\/a><\/h3>\n\n\n\n<p class=\"wp-block-paragraph\">En Liechtenstein, todo ni\u00f1o tiene derecho a una identidad legal, incluida la nacionalidad y el reconocimiento oficial ante la ley. Los hijos de madre o padre liechtensteiniano adquieren autom\u00e1ticamente la ciudadan\u00eda de Liechtenstein al nacer. <a href=\"https:\/\/www.humanium.org\/es\/adopcion-infantil\/\">Los ni\u00f1os adoptados<\/a> tambi\u00e9n adquieren la ciudadan\u00eda de Liechtenstein en el momento de la adopci\u00f3n, siempre que sean menores de 10 a\u00f1os (Liechtenstein National Administration, n.d; Consortium for Street Children, s.f.).<\/p>\n\n\n<div class=\"wp-block-image\">\n<figure class=\"alignright size-large is-resized\"><img loading=\"lazy\" decoding=\"async\" width=\"1024\" height=\"683\" src=\"https:\/\/www.humanium.org\/es\/wp-content\/uploads\/2026\/08\/shutterstock_2193099013-1024x683.jpg\" alt=\"\" class=\"wp-image-22946\" style=\"aspect-ratio:1.499330655957162;width:381px;height:auto\" srcset=\"https:\/\/www.humanium.org\/es\/wp-content\/uploads\/2026\/08\/shutterstock_2193099013-1024x683.jpg 1024w, https:\/\/www.humanium.org\/es\/wp-content\/uploads\/2026\/08\/shutterstock_2193099013-300x200.jpg 300w, https:\/\/www.humanium.org\/es\/wp-content\/uploads\/2026\/08\/shutterstock_2193099013-768x512.jpg 768w, https:\/\/www.humanium.org\/es\/wp-content\/uploads\/2026\/08\/shutterstock_2193099013-1536x1024.jpg 1536w, https:\/\/www.humanium.org\/es\/wp-content\/uploads\/2026\/08\/shutterstock_2193099013-2048x1365.jpg 2048w, https:\/\/www.humanium.org\/es\/wp-content\/uploads\/2026\/08\/shutterstock_2193099013-829x553.jpg 829w, https:\/\/www.humanium.org\/es\/wp-content\/uploads\/2026\/08\/shutterstock_2193099013-230x153.jpg 230w, https:\/\/www.humanium.org\/es\/wp-content\/uploads\/2026\/08\/shutterstock_2193099013-480x320.jpg 480w, https:\/\/www.humanium.org\/es\/wp-content\/uploads\/2026\/08\/shutterstock_2193099013-350x233.jpg 350w, https:\/\/www.humanium.org\/es\/wp-content\/uploads\/2026\/08\/shutterstock_2193099013-272x182.jpg 272w\" sizes=\"auto, (max-width: 1024px) 100vw, 1024px\" \/><\/figure>\n<\/div>\n\n\n<p class=\"wp-block-paragraph\">El pa\u00eds cuenta con leyes que previenen la <a href=\"https:\/\/www.humanium.org\/es\/enfoques-tematicos\/aislamiento-desarraigo\/apatridas-invisibles\/\">apatridia<\/a>. Los ni\u00f1os que se encuentran en el pa\u00eds y cuyos padres no pueden ser identificados se presumen ciudadanos (ACNUR Liechtenstein, s.f.). Para los ni\u00f1os ap\u00e1tridas nacidos en el pa\u00eds, la ley ofrece una v\u00eda para obtener la ciudadan\u00eda: pueden solicitarla despu\u00e9s de haber vivido all\u00ed al menos cinco a\u00f1os, siempre que sean menores de 21 a\u00f1os y hayan sido ap\u00e1tridas desde su nacimiento (ACNUR Liechtenstein, s.f.)<\/p>\n\n\n\n<p class=\"wp-block-paragraph\">Otros ni\u00f1os que hayan vivido en Liechtenstein durante un per\u00edodo prolongado tambi\u00e9n podr\u00e1n solicitar la ciudadan\u00eda despu\u00e9s de 30 a\u00f1os de residencia. Sin embargo, los a\u00f1os vividos antes de los 20 a\u00f1os se contabilizan como dobles a efectos de este requisito. Esto significa que un ni\u00f1o que haya vivido en Liechtenstein desde su nacimiento podr\u00eda solicitar la ciudadan\u00eda a los 15 a\u00f1os (SovSpot, 2022).<\/p>\n\n\n\n<p class=\"wp-block-paragraph\">Estas disposiciones son importantes porque, sin ciudadan\u00eda, los ni\u00f1os no pueden acceder a la educaci\u00f3n, la atenci\u00f3n sanitaria ni la protecci\u00f3n jur\u00eddica en las mismas condiciones que los ciudadanos. Adem\u00e1s, pueden tener dificultades para obtener documentos de identidad, como certificados de nacimiento o pasaportes, lo que puede exponerlos a la explotaci\u00f3n y a la imposibilidad de viajar o demostrar su identidad.<\/p>\n\n\n\n<h2 class=\"wp-block-heading\"><strong>F<\/strong><strong>actores de riesgo \u2192<\/strong> <strong>De<\/strong><strong>saf<\/strong><strong>\u00ed<\/strong><strong>os espec<\/strong><strong>\u00ed<\/strong><strong>ficos del pa<\/strong><strong>\u00ed<\/strong><strong>s<\/strong><\/h2>\n\n\n\n<h3 class=\"wp-block-heading\"><a href=\"https:\/\/www.humanium.org\/es\/enfoques-tematicos\/violencia\/abuso-infantil\/\"><strong>Abuso infantil<\/strong><\/a><\/h3>\n\n\n\n<p class=\"wp-block-paragraph\">En 2024, la polic\u00eda recibi\u00f3 195 denuncias relacionadas con violencia dom\u00e9stica o conflictos familiares graves. Seg\u00fan la definici\u00f3n actual, se registraron oficialmente 51 casos de violencia dom\u00e9stica (Association for Human Rights in Liechtenstein (VMR), 2024b).<\/p>\n\n\n\n<p class=\"wp-block-paragraph\">En 2024, el Refugio para Mujeres de Liechtenstein proporcion\u00f3 alojamiento a 19 mujeres y 23 ni\u00f1os, lo que representa un aumento con respecto a las 17 mujeres y 15 ni\u00f1os del a\u00f1o anterior. El n\u00famero total de d\u00edas de ocupaci\u00f3n tambi\u00e9n aument\u00f3 considerablemente, lo que indica una mayor demanda de los servicios de acogida (Association for Human Rights in Liechtenstein (VMR), 2024b).<\/p>\n\n\n\n<p class=\"wp-block-paragraph\">Los servicios de apoyo a las v\u00edctimas registraron 56 nuevos casos de asesoramiento en 2024. Estos incluyeron casos de violencia dom\u00e9stica y <a href=\"https:\/\/www.humanium.org\/es\/enfoques-tematicos\/explotacion\/explotacion-sexual-infantil\/\">violencia sexual contra menores<\/a>. Aunque las cifras parecen bajas, los expertos suponen que muchos casos nunca se denuncian porque las v\u00edctimas sienten miedo, verg\u00fcenza o dependencia de la persona que les causa el da\u00f1o (Association for Human Rights in Liechtenstein (VMR), 2024b).<\/p>\n\n\n\n<p class=\"wp-block-paragraph\">Liechtenstein reforz\u00f3 la protecci\u00f3n jur\u00eddica de los ni\u00f1os frente el abuso sexual mediante modificaciones del C\u00f3digo Penal que entraron en vigor el 1 de marzo de 2023. Las reformas aumentaron las penas m\u00ednimas obligatorias: la pena m\u00ednima por abuso sexual de menores se elev\u00f3 de seis meses a un a\u00f1o, y por abuso sexual grave, de uno a dos a\u00f1os.<\/p>\n\n\n\n<p class=\"wp-block-paragraph\">En los casos de abuso sexual grave, los tribunales ya no pueden conceder la remisi\u00f3n condicional de la pena (suspensi\u00f3n de la pena), lo que obliga a los infractores a cumplir penas de prisi\u00f3n. Las enmiendas tambi\u00e9n endurecieron las sanciones por material de abuso sexual infantil: la posesi\u00f3n se castiga con hasta tres a\u00f1os de prisi\u00f3n, mientras que la producci\u00f3n o distribuci\u00f3n que implique violencia grave puede conllevar penas de hasta quince a\u00f1os de prisi\u00f3n (Association for Human Rights in Liechtenstein (VMR), 2024c).<\/p>\n\n\n\n<h3 class=\"wp-block-heading\"><a href=\"https:\/\/www.humanium.org\/es\/enfoques-tematicos\/aislamiento-desarraigo\/ninos-desplazados\/\"><strong>Ni\u00f1os desplazados<\/strong><\/a><a href=\"https:\/\/www.humanium.org\/en\/displaced-children\/\"><\/a><\/h3>\n\n\n\n<p class=\"wp-block-paragraph\">Liechtenstein recibe un n\u00famero muy reducido de solicitudes de asilo cada a\u00f1o, incluidas las de menores. Seg\u00fan los datos m\u00e1s recientes disponibles, en 2024 se registraron 50 solicitudes de asilo. Los principales pa\u00edses de origen en los \u00faltimos a\u00f1os incluyen <a href=\"https:\/\/www.humanium.org\/es\/irak\/\">Iraq<\/a>, <a href=\"https:\/\/www.humanium.org\/es\/albania\/\">Albania<\/a> y <a href=\"https:\/\/www.humanium.org\/es\/somalia\/\">Somalia<\/a> (World Data, 2025).<\/p>\n\n\n\n<p class=\"wp-block-paragraph\"><a href=\"https:\/\/www.humanium.org\/es\/enfoques-tematicos\/aislamiento-desarraigo\/ninos-desplazados\/\">Los solicitantes de asilo<\/a>, incluidos los menores, se alojan inicialmente en centros de acogida habilitados por el Estado y gestionados por el Consejo de Refugiados de Liechtenstein. Tras la decisi\u00f3n en primera instancia, se proporciona asesoramiento jur\u00eddico gratuito a todos los solicitantes de asilo, de conformidad con la legislaci\u00f3n nacional en materia de asilo (ACNUR, 2018).<\/p>\n\n\n\n<p class=\"wp-block-paragraph\">Si bien la detenci\u00f3n administrativa de j\u00f3venes de entre 15 y 18 a\u00f1os est\u00e1 permitida por la ley de inmigraci\u00f3n por un per\u00edodo m\u00e1ximo de tres meses, las autoridades informan de que, en la pr\u00e1ctica, nunca se ha puesto en detenci\u00f3n administrativa a menores de 18 a\u00f1os (ACNUR, 2018).<\/p>\n\n\n\n<p class=\"wp-block-paragraph\">A algunas familias solicitantes de asilo en Liechtenstein se les concede la admisi\u00f3n provisional, un estatus temporal que se otorga cuando la deportaci\u00f3n no es posible, pero no se les reconoce el estatus de refugiado. Los ni\u00f1os cuyos padres viven bajo admisi\u00f3n provisional a menudo crecen en una situaci\u00f3n de inseguridad jur\u00eddica. Seg\u00fan ACNUR, la admisi\u00f3n provisional debe renovarse anualmente y otorga menos derechos que los concedidos a los refugiados reconocidos, especialmente en lo que respecta a la reunificaci\u00f3n familiar y las prestaciones sociales (ACNUR, 2018).<\/p>\n\n\n\n<h3 class=\"wp-block-heading\"><a href=\"https:\/\/www.humanium.org\/es\/enfoques-tematicos\/salud\/suicidio-infantil\/\"><strong>Suicidio infantil<\/strong><\/a><\/h3>\n\n\n\n<p class=\"wp-block-paragraph\">El suicidio entre los j\u00f3venes es realmente preocupante en Liechtenstein. En un estudio realizado en 2021 por <em>Unisant\u00e9<\/em>, encargado por UNICEF Suiza y Liechtenstein, se encuest\u00f3 a 1&nbsp;097 j\u00f3venes de entre 14 y 19 a\u00f1os. Los resultados fueron alarmantes: el 37&nbsp;% inform\u00f3 tener problemas de salud mental; casi la mitad de ellos hab\u00eda tenido pensamientos suicidas y uno de cada once hab\u00eda intentado suicidarse (UNICEF Switzerland and Liechtenstein, 2021).<\/p>\n\n\n\n<p class=\"wp-block-paragraph\">En toda <a href=\"https:\/\/www.humanium.org\/es\/europa-caucaso\/\">Europa<\/a>, el suicidio es la segunda causa principal de muerte entre los j\u00f3venes de 15 a 19 a\u00f1os, despu\u00e9s de los accidentes de tr\u00e1fico (Eurostat, 2025). El estudio de <em>Unisant\u00e9<\/em> identific\u00f3 varios factores de riesgo relacionados con la ideaci\u00f3n e intentos de suicidio, como las experiencias negativas en la infancia, las dificultades familiares y el apoyo social limitado.<\/p>\n\n\n\n<p class=\"wp-block-paragraph\">Siete de cada diez encuestados hab\u00edan experimentado al menos una experiencia adversa en la infancia, siendo el acoso escolar la m\u00e1s com\u00fan. Casi un tercio de los j\u00f3venes afirm\u00f3 que no habla con nadie sobre sus problemas y menos de la mitad busca ayuda profesional (UNICEF Switzerland and Liechtenstein, 2021).<\/p>\n\n\n\n<p class=\"wp-block-paragraph\">Investigaciones m\u00e1s recientes realizadas por Heiniger et al. (2025) confirman que estas dificultades de salud mental siguen presentes m\u00e1s all\u00e1 del <a href=\"https:\/\/www.humanium.org\/es\/la-salud-mental-de-los-ninos-durante-la-pandemia-una-realidad-angustiante\/\">periodo de la pandemia<\/a>. El estudio encontr\u00f3 altos niveles de depresi\u00f3n y ansiedad vinculados a experiencias negativas en la infancia, mala salud f\u00edsica y apoyo social limitado (Heiniger et al., 2025).<\/p>\n\n\n\n<p class=\"wp-block-paragraph\">En respuesta, el gobierno de Liechtenstein public\u00f3 en 2024 un concepto integral de psiquiatr\u00eda, que incluye medidas para ni\u00f1os y adolescentes, como la ampliaci\u00f3n de los servicios ambulatorios de salud mental, la mejora de la cooperaci\u00f3n con proveedores extranjeros y el fortalecimiento de los programas de prevenci\u00f3n y detecci\u00f3n temprana (VMR, 2023).<\/p>\n\n\n\n<h3 class=\"wp-block-heading\"><a><\/a><a href=\"https:\/\/www.humanium.org\/es\/enfoques-tematicos\/justicia\/justicia-juvenil\/\"><strong>Justicia juvenil<\/strong><\/a><\/h3>\n\n\n<div class=\"wp-block-image\">\n<figure class=\"alignleft size-large is-resized\"><img loading=\"lazy\" decoding=\"async\" width=\"1024\" height=\"683\" src=\"https:\/\/www.humanium.org\/es\/wp-content\/uploads\/2026\/08\/shutterstock_421689463-1024x683.jpg\" alt=\"\" class=\"wp-image-22947\" style=\"aspect-ratio:1.499330655957162;width:402px;height:auto\" srcset=\"https:\/\/www.humanium.org\/es\/wp-content\/uploads\/2026\/08\/shutterstock_421689463-1024x683.jpg 1024w, https:\/\/www.humanium.org\/es\/wp-content\/uploads\/2026\/08\/shutterstock_421689463-300x200.jpg 300w, https:\/\/www.humanium.org\/es\/wp-content\/uploads\/2026\/08\/shutterstock_421689463-767x511.jpg 767w, https:\/\/www.humanium.org\/es\/wp-content\/uploads\/2026\/08\/shutterstock_421689463-1536x1024.jpg 1536w, https:\/\/www.humanium.org\/es\/wp-content\/uploads\/2026\/08\/shutterstock_421689463-830x553.jpg 830w, https:\/\/www.humanium.org\/es\/wp-content\/uploads\/2026\/08\/shutterstock_421689463-2048x1365.jpg 2048w, https:\/\/www.humanium.org\/es\/wp-content\/uploads\/2026\/08\/shutterstock_421689463-230x153.jpg 230w, https:\/\/www.humanium.org\/es\/wp-content\/uploads\/2026\/08\/shutterstock_421689463-350x233.jpg 350w, https:\/\/www.humanium.org\/es\/wp-content\/uploads\/2026\/08\/shutterstock_421689463-479x319.jpg 479w, https:\/\/www.humanium.org\/es\/wp-content\/uploads\/2026\/08\/shutterstock_421689463-272x182.jpg 272w\" sizes=\"auto, (max-width: 1024px) 100vw, 1024px\" \/><\/figure>\n<\/div>\n\n\n<p class=\"wp-block-paragraph\">En Liechtenstein, los niveles de delincuencia juvenil se mantienen relativamente bajos y las medidas de privaci\u00f3n de libertad que involucran a menores son poco frecuentes. En 2024, la polic\u00eda nacional investig\u00f3 a 45 menores sospechosos, principalmente en casos de lesiones corporales, amenazas y da\u00f1os a la propiedad, con una proporci\u00f3n considerable de sospechosos por debajo de la edad de responsabilidad penal (Association for Human Rights in Liechtenstein (VMR), 2024a).<\/p>\n\n\n\n<p class=\"wp-block-paragraph\">De acuerdo con la administraci\u00f3n penitenciaria, Liechtenstein actualmente no puede garantizar condiciones de detenci\u00f3n que respeten los derechos de los ni\u00f1os, incluso en casos de prisi\u00f3n preventiva, lo que ha llevado al uso de centros de detenci\u00f3n en el extranjero, principalmente en virtud de un acuerdo con <a href=\"https:\/\/www.humanium.org\/es\/austria\/\">Austria<\/a> (Association for Human Rights in Liechtenstein (VMR), 2024a).<\/p>\n\n\n\n<p class=\"wp-block-paragraph\">Para los menores, estar retenidos en el extranjero dificulta el contacto con sus familias y redes sociales. La situaci\u00f3n se agrava por la falta de instalaciones adecuadas para menores y el acceso limitado a apoyo terap\u00e9utico (Association for Human Rights in Liechtenstein (VMR), 2024a; OMCT, 2024).<\/p>\n\n\n\n<p class=\"wp-block-paragraph\">Si bien la detenci\u00f3n de menores de 15 a\u00f1os o m\u00e1s es legalmente posible conforme a la ley de inmigraci\u00f3n, en 2024 no se impuso ninguna detenci\u00f3n de este tipo. Sin embargo, esta disposici\u00f3n ha sido identificada como incompatible con la Convenci\u00f3n sobre los Derechos del Ni\u00f1o y a\u00fan no se han adoptado enmiendas legislativas para abordar esta cuesti\u00f3n (Association for Human Rights in Liechtenstein (VMR), 2024a).<\/p>\n\n\n\n<p class=\"wp-block-paragraph\"><em><strong>Escrito por Lidija Misic<\/strong><\/em><\/p>\n\n\n\n<p class=\"wp-block-paragraph\"><em><strong>Traducido por Gabriela Pacheco<\/strong><\/em><\/p>\n\n\n\n<p class=\"wp-block-paragraph\"><em><strong>Revisado por Patricia Curto Guti\u00e9rrez<\/strong><\/em><\/p>\n\n\n\n<p class=\"wp-block-paragraph\"><em><strong>Actualizado por \u00faltima vez el 24 de diciembre de 2025<\/strong><\/em><\/p>\n\n\n\n<h4 class=\"wp-block-heading\"><strong>Referencias:<\/strong><\/h4>\n\n\n\n<p class=\"has-small-font-size wp-block-paragraph\">AACRAO EDGE (n.d.), Liechtenstein. Retrieved from AACRAO EDGE at <a href=\"https:\/\/www.aacrao.org\/edge\/country\/liechtenstein\">https:\/\/www.aacrao.org\/edge\/country\/liechtenstein<\/a>, accessed on December 17, 2025.<\/p>\n\n\n\n<p class=\"has-small-font-size wp-block-paragraph\">Association for Human Rights in Liechtenstein (VMR), (2023), Mental health. Retrieved from VMR at <a href=\"https:\/\/www.menschenrechte.li\/en\/monitoring-report-2024\/children-s-rights\/mental-health\">https:\/\/www.menschenrechte.li\/en\/monitoring-report-2024\/children-s-rights\/mental-health<\/a>, accessed on December 21, 2025.<\/p>\n\n\n\n<p class=\"has-small-font-size wp-block-paragraph\">Association for Human Rights in Liechtenstein (VMR) (2024a), Juvenile crime and juvenile detention. Retrieved from VMR at <a href=\"https:\/\/www.menschenrechte.li\/en\/monitoring-report-2024\/children-s-rights\/juvenile-delinquency-and-juvenile-detention\">https:\/\/www.menschenrechte.li\/en\/monitoring-report-2024\/children-s-rights\/juvenile-delinquency-and-juvenile-detention<\/a> on December 19, 2025.<\/p>\n\n\n\n<p class=\"has-small-font-size wp-block-paragraph\">Association for Human Rights in Liechtenstein (VMR) (2024b), Domestic and gender-based violence. Retrieved from VMR at <a href=\"https:\/\/www.menschenrechte.li\/en\/monitoring-report-2024\/equality-between-women-and-men\/domestic-and-gender-based-violence\">https:\/\/www.menschenrechte.li\/en\/monitoring-report-2024\/equality-between-women-and-men\/domestic-and-gender-based-violence<\/a>, accessed on December 21, 2025.<\/p>\n\n\n\n<p class=\"has-small-font-size wp-block-paragraph\">Association for Human Rights in Liechtenstein (VMR), (2024c), Protection from sexual abuse and violence. Retrieved from VMR at <a href=\"https:\/\/www.menschenrechte.li\/en\/monitoring-report-2024\/children-s-rights\/protection-from-sexual-abuse-and-violence\">https:\/\/www.menschenrechte.li\/en\/monitoring-report-2024\/children-s-rights\/protection-from-sexual-abuse-and-violence<\/a>, accessed on December 21, 2025.<br>Association for Human Rights in Liechtenstein (VMR), (n.d.), Children and Youth. Retrieved from VMR at <a href=\"https:\/\/www.menschenrechte.li\/en\/human-rights\/children-and-youth\">https:\/\/www.menschenrechte.li\/en\/human-rights\/children-and-youth<\/a>, accessed on December 17, 2025.<\/p>\n\n\n\n<p class=\"has-small-font-size wp-block-paragraph\">Britannica (2025), Liechtenstein. Retrieved from Britannica Encyclopedia at https:\/\/www.britannica.com\/place\/Liechtenstein, accessed on December 17, 2025.<\/p>\n\n\n\n<p class=\"has-small-font-size wp-block-paragraph\">Consortium for Street Children (2022), Liechtenstein. Retrieved from Consortium for Street Children at <a href=\"https:\/\/www.streetchildren.org\/legal-atlas\/map\/liechtenstein\/legal-identity\/can-a-child-apply-for-citizenship\/\">https:\/\/www.streetchildren.org\/legal-atlas\/map\/liechtenstein\/legal-identity\/can-a-child-apply-for-citizenship\/<\/a>, accessed on December 17, 2025.<\/p>\n\n\n\n<p class=\"has-small-font-size wp-block-paragraph\">Heiniger C. et al. (2025), Prevalence and factors associated with depression and anxiety in young people in Switzerland and Liechtenstein in the post pandemic context. Retrieved from Springer Nature at <a href=\"https:\/\/link.springer.com\/article\/10.1007\/s44202-025-00416-6\">https:\/\/link.springer.com\/article\/10.1007\/s44202-025-00416-6<\/a>, accessed on December 21, 2025.<br>European Commission (n.d.), Liechtenstein &#8211; European Health Insurance Card. Retrieved from European Commission at <a href=\"https:\/\/employment-social-affairs.ec.europa.eu\/policies-and-activities\/moving-working-europe\/eu-social-security-coordination\/european-health-insurance-card\/how-use-card\/liechtenstein-european-health-insurance-card_en\">https:\/\/employment-social-affairs.ec.europa.eu\/policies-and-activities\/moving-working-europe\/eu-social-security-coordination\/european-health-insurance-card\/how-use-card\/liechtenstein-european-health-insurance-card_en<\/a>, accessed on December 17, 2025.<\/p>\n\n\n\n<p class=\"has-small-font-size wp-block-paragraph\">Eurostat (2025), 1 in 6 deaths of young people due to suicide in 2022. Retrieved from Eurostat at <a href=\"https:\/\/ec.europa.eu\/eurostat\/web\/products-eurostat-news\/w\/edn-20250910-1\">https:\/\/ec.europa.eu\/eurostat\/web\/products-eurostat-news\/w\/edn-20250910-1<\/a>, accessed on December 23, 2025.<br>Liechtenstein National Administration (2025), Children&#8217;s rights. Retrieved from the Liechtenstein National Administration at <a href=\"https:\/\/www.llv.li\/en\/national-administration\/office-of-social-services\/children-and-adolescents\/children-s-rights\">https:\/\/www.llv.li\/en\/national-administration\/office-of-social-services\/children-and-adolescents\/children-s-rights<\/a>, accessed on December 17, 2025.<br>Liechtenstein National Administration (n.d.), Education \/ School types. Retrieved from the Liechtenstein National Administration at <a href=\"https:\/\/www.llv.li\/en\/national-administration\/office-of-education\/educational-areas\/education-schools\">https:\/\/www.llv.li\/en\/national-administration\/office-of-education\/educational-areas\/education-schools<\/a>, accessed on December 17, 2025.<\/p>\n\n\n\n<p class=\"has-small-font-size wp-block-paragraph\">Liechtenstein National Administration (n.d.), Naturalization.&nbsp; Retrieved from the Liechtenstein National Administration at <a href=\"https:\/\/www.llv.li\/en\/individuals\/migration-and-integration\/naturalization\">https:\/\/www.llv.li\/en\/individuals\/migration-and-integration\/naturalization<\/a>, accessed on December 17, 2025.<\/p>\n\n\n\n<p class=\"has-small-font-size wp-block-paragraph\">OHCHR (2010), Committee on the Rights of the Child examines report of Liechtenstein on children in armed conflict. Retrieved from OHCHR at <a href=\"https:\/\/www.ohchr.org\/en\/press-releases\/2010\/01\/committee-rights-child-examines-report-liechtenstein-children-armed-conflict\">https:\/\/www.ohchr.org\/en\/press-releases\/2010\/01\/committee-rights-child-examines-report-liechtenstein-children-armed-conflict<\/a>, accessed on December 19, 2025.<\/p>\n\n\n\n<p class=\"has-small-font-size wp-block-paragraph\">OHCHR (n.d.), Ratification Status for Liechtenstein. Retrieved from UN Human Rights Treaty Bodies at <a href=\"https:\/\/tbinternet.ohchr.org\/_layouts\/15\/TreatyBodyExternal\/Treaty.aspx?CountryID=100&amp;amp;Lang=en\">https:\/\/tbinternet.ohchr.org\/_layouts\/15\/TreatyBodyExternal\/Treaty.aspx?CountryID=100&amp;amp;Lang=en<\/a>, accessed on December 17, 2025.<br>OMCT (2024), Liechtenstein: Concerns raised about the lack of appropriate detention facilities. Retrieved from OMCT at <a href=\"https:\/\/www.omct.org\/en\/resources\/news\/liechtenstein-concerns-raised-about-the-lack-of-appropriate-detention-facilities\">https:\/\/www.omct.org\/en\/resources\/news\/liechtenstein-concerns-raised-about-the-lack-of-appropriate-detention-facilities<\/a>, accessed on December 19, 2025.<\/p>\n\n\n\n<p class=\"has-small-font-size wp-block-paragraph\">SovSpot (2022), Liechtenstein citizenship by descent. Retrieved from SovSpot at <a href=\"https:\/\/www.sovspot.com\/blog\/liechtenstein-citizenship-by-descent\/\">https:\/\/www.sovspot.com\/blog\/liechtenstein-citizenship-by-descent\/<\/a>, accessed on December 24, 2025.<\/p>\n\n\n\n<p class=\"has-small-font-size wp-block-paragraph\">UN (2025), 11. b Optional Protocol to the Convention on the Rights of the Child on the involvement of children in armed conflict. Retrieved from UN at <a href=\"https:\/\/treaties.un.org\/Pages\/ViewDetails.aspx?src=TREATY&amp;mtdsg_no=IV-11-b&amp;chapter=4&amp;clang=_en\">https:\/\/treaties.un.org\/Pages\/ViewDetails.aspx?src=TREATY&amp;mtdsg_no=IV-11-b&amp;chapter=4&amp;clang=_en<\/a>, accessed on December 19, 2025.<\/p>\n\n\n\n<p class=\"has-small-font-size wp-block-paragraph\">UNHCR (2018), UNHCR Submission for the Universal Periodic Review &#8211; Liechtenstein &#8211; UPR 29th Session (2018). Retrieved from UNHCR at <a href=\"https:\/\/www.refworld.org\/policy\/upr\/unhcr\/2018\/en\/120802\">https:\/\/www.refworld.org\/policy\/upr\/unhcr\/2018\/en\/120802<\/a>, accessed on December 19, 2025.<\/p>\n\n\n\n<p class=\"has-small-font-size wp-block-paragraph\">UNHCR Liechtenstein (n.d.), Liechtenstein: Statelessness. Retrieved from UNHCR Liechtenstein at <a href=\"https:\/\/help.unhcr.org\/liechtenstein\/statelessness\/\">https:\/\/help.unhcr.org\/liechtenstein\/statelessness\/<\/a>, accessed on December 24, 2025.<\/p>\n\n\n\n<p class=\"has-small-font-size wp-block-paragraph\">UNICEF Switzerland and Liechtenstein (2021), Youth Mental Health: Study on the situation in Switzerland and Liechtenstein. Retrieved from UNICEF at <a href=\"https:\/\/www.unicef.ch\/en\/our-work\/switzerland-liechtenstein\/mental-health\">https:\/\/www.unicef.ch\/en\/our-work\/switzerland-liechtenstein\/mental-health<\/a>, accessed on December 21, 2025.<br>U.S. Department of State (2022), 2022 Report on International Religious Freedom: Liechtenstein. Retrieved from the U.S. Department of State at <a href=\"https:\/\/www.state.gov\/reports\/2022-report-on-international-religious-freedom\/liechtenstein\">https:\/\/www.state.gov\/reports\/2022-report-on-international-religious-freedom\/liechtenstein<\/a>, accessed on December 17, 2025.<\/p>\n\n\n\n<p class=\"has-small-font-size wp-block-paragraph\">World Data (2025), Asylum applications and refugees in Liechtenstein. Retrieved from World Data at <a href=\"https:\/\/www.worlddata.info\/europe\/liechtenstein\/asylum.php\">https:\/\/www.worlddata.info\/europe\/liechtenstein\/asylum.php<\/a>, accessed on December 23, 2025.<\/p>\n\n\n\n<hr class=\"wp-block-separator has-alpha-channel-opacity\"\/>\n\n\n\n<p class=\"has-small-font-size wp-block-paragraph\"><a href=\"#_ftnref1\" id=\"_ftn1\"><sup>[1]<\/sup><\/a> Este art\u00edculo no pretende en modo alguno dar una descripci\u00f3n completa o representativa de los derechos del ni\u00f1o en Liechtenstein; de hecho, uno de los muchos desaf\u00edos es la escasa informaci\u00f3n actualizada sobre los ni\u00f1os en Liechtenstein, gran parte de la cual no es confiable, no es representativa, est\u00e1 desactualizada o simplemente no existe.<\/p>\n","protected":false},"excerpt":{"rendered":"<p>Descubriendo los derechos de los ni\u00f1os en Liechtenstein Liechtenstein es uno de los pa\u00edses m\u00e1s pr\u00f3speros de Europa y la mayor\u00eda de los ni\u00f1os crecen con acceso a la educaci\u00f3n, la atenci\u00f3n sanitaria y el apoyo social. Los ni\u00f1os se benefician de educaci\u00f3n obligatoria, servicios de salud p\u00fablicos y protecci\u00f3n jur\u00eddica conforme a la legislaci\u00f3n [&hellip;]<\/p>\n","protected":false},"author":1,"featured_media":0,"parent":0,"menu_order":0,"comment_status":"closed","ping_status":"open","template":"","meta":{"footnotes":""},"class_list":["post-3212","page","type-page","status-publish","hentry"],"yoast_head":"<!-- This site is optimized with the Yoast SEO plugin v28.3 - https:\/\/yoast.com\/product\/yoast-seo-wordpress\/ -->\n<title>Ni\u00f1os de Liechtenstein - Humanium<\/title>\n<meta name=\"description\" content=\"En cuesti\u00f3n de protecci\u00f3n de los derechos del ni\u00f1o, la situaci\u00f3n en Liechtenstein es realmente buena, Sin embargo el pa\u00eds a\u00fan puede hacer algunas mejoras.\" \/>\n<meta name=\"robots\" content=\"index, follow, max-snippet:-1, max-image-preview:large, max-video-preview:-1\" \/>\n<link rel=\"canonical\" href=\"https:\/\/www.humanium.org\/es\/liechtenstein\/\" \/>\n<meta property=\"og:locale\" content=\"es_ES\" \/>\n<meta property=\"og:type\" content=\"article\" \/>\n<meta property=\"og:title\" content=\"Ni\u00f1os de Liechtenstein - Humanium\" \/>\n<meta property=\"og:description\" content=\"En cuesti\u00f3n de protecci\u00f3n de los derechos del ni\u00f1o, la situaci\u00f3n en Liechtenstein es realmente buena, Sin embargo el pa\u00eds a\u00fan puede hacer algunas mejoras.\" \/>\n<meta property=\"og:url\" content=\"https:\/\/www.humanium.org\/es\/liechtenstein\/\" \/>\n<meta property=\"og:site_name\" content=\"Humanium\" \/>\n<meta property=\"article:modified_time\" content=\"2026-08-30T19:13:49+00:00\" \/>\n<meta name=\"twitter:card\" content=\"summary_large_image\" \/>\n<meta name=\"twitter:label1\" content=\"Tiempo de lectura\" \/>\n\t<meta name=\"twitter:data1\" content=\"15 minutos\" \/>\n<script type=\"application\/ld+json\" class=\"yoast-schema-graph\">{\"@context\":\"https:\\\/\\\/schema.org\",\"@graph\":[{\"@type\":\"WebPage\",\"@id\":\"https:\\\/\\\/www.humanium.org\\\/es\\\/liechtenstein\\\/\",\"url\":\"https:\\\/\\\/www.humanium.org\\\/es\\\/liechtenstein\\\/\",\"name\":\"Ni\u00f1os de Liechtenstein - Humanium\",\"isPartOf\":{\"@id\":\"https:\\\/\\\/www.humanium.org\\\/es\\\/#website\"},\"primaryImageOfPage\":{\"@id\":\"https:\\\/\\\/www.humanium.org\\\/es\\\/liechtenstein\\\/#primaryimage\"},\"image\":{\"@id\":\"https:\\\/\\\/www.humanium.org\\\/es\\\/liechtenstein\\\/#primaryimage\"},\"thumbnailUrl\":\"https:\\\/\\\/www.humanium.org\\\/en\\\/wp-content\\\/uploads\\\/2026\\\/08\\\/shutterstock_2476382897_edited-scaled.jpeg\",\"datePublished\":\"2013-08-02T10:46:41+00:00\",\"dateModified\":\"2026-08-30T19:13:49+00:00\",\"description\":\"En cuesti\u00f3n de protecci\u00f3n de los derechos del ni\u00f1o, la situaci\u00f3n en Liechtenstein es realmente buena, Sin embargo el pa\u00eds a\u00fan puede hacer algunas mejoras.\",\"breadcrumb\":{\"@id\":\"https:\\\/\\\/www.humanium.org\\\/es\\\/liechtenstein\\\/#breadcrumb\"},\"inLanguage\":\"es\",\"potentialAction\":[{\"@type\":\"ReadAction\",\"target\":[\"https:\\\/\\\/www.humanium.org\\\/es\\\/liechtenstein\\\/\"]}]},{\"@type\":\"ImageObject\",\"inLanguage\":\"es\",\"@id\":\"https:\\\/\\\/www.humanium.org\\\/es\\\/liechtenstein\\\/#primaryimage\",\"url\":\"https:\\\/\\\/www.humanium.org\\\/en\\\/wp-content\\\/uploads\\\/2026\\\/08\\\/shutterstock_2476382897_edited-scaled.jpeg\",\"contentUrl\":\"https:\\\/\\\/www.humanium.org\\\/en\\\/wp-content\\\/uploads\\\/2026\\\/08\\\/shutterstock_2476382897_edited-scaled.jpeg\"},{\"@type\":\"BreadcrumbList\",\"@id\":\"https:\\\/\\\/www.humanium.org\\\/es\\\/liechtenstein\\\/#breadcrumb\",\"itemListElement\":[{\"@type\":\"ListItem\",\"position\":1,\"name\":\"Home\",\"item\":\"https:\\\/\\\/www.humanium.org\\\/es\\\/\"},{\"@type\":\"ListItem\",\"position\":2,\"name\":\"Ni\u00f1os de Liechtenstein\"}]},{\"@type\":\"WebSite\",\"@id\":\"https:\\\/\\\/www.humanium.org\\\/es\\\/#website\",\"url\":\"https:\\\/\\\/www.humanium.org\\\/es\\\/\",\"name\":\"Humanium\",\"description\":\"\u00a1Los ni\u00f1os primero!\",\"potentialAction\":[{\"@type\":\"SearchAction\",\"target\":{\"@type\":\"EntryPoint\",\"urlTemplate\":\"https:\\\/\\\/www.humanium.org\\\/es\\\/?s={search_term_string}\"},\"query-input\":{\"@type\":\"PropertyValueSpecification\",\"valueRequired\":true,\"valueName\":\"search_term_string\"}}],\"inLanguage\":\"es\"}]}<\/script>\n<!-- \/ Yoast SEO plugin. -->","yoast_head_json":{"title":"Ni\u00f1os de Liechtenstein - Humanium","description":"En cuesti\u00f3n de protecci\u00f3n de los derechos del ni\u00f1o, la situaci\u00f3n en Liechtenstein es realmente buena, Sin embargo el pa\u00eds a\u00fan puede hacer algunas mejoras.","robots":{"index":"index","follow":"follow","max-snippet":"max-snippet:-1","max-image-preview":"max-image-preview:large","max-video-preview":"max-video-preview:-1"},"canonical":"https:\/\/www.humanium.org\/es\/liechtenstein\/","og_locale":"es_ES","og_type":"article","og_title":"Ni\u00f1os de Liechtenstein - Humanium","og_description":"En cuesti\u00f3n de protecci\u00f3n de los derechos del ni\u00f1o, la situaci\u00f3n en Liechtenstein es realmente buena, Sin embargo el pa\u00eds a\u00fan puede hacer algunas mejoras.","og_url":"https:\/\/www.humanium.org\/es\/liechtenstein\/","og_site_name":"Humanium","article_modified_time":"2026-08-30T19:13:49+00:00","twitter_card":"summary_large_image","twitter_misc":{"Tiempo de lectura":"15 minutos"},"schema":{"@context":"https:\/\/schema.org","@graph":[{"@type":"WebPage","@id":"https:\/\/www.humanium.org\/es\/liechtenstein\/","url":"https:\/\/www.humanium.org\/es\/liechtenstein\/","name":"Ni\u00f1os de Liechtenstein - Humanium","isPartOf":{"@id":"https:\/\/www.humanium.org\/es\/#website"},"primaryImageOfPage":{"@id":"https:\/\/www.humanium.org\/es\/liechtenstein\/#primaryimage"},"image":{"@id":"https:\/\/www.humanium.org\/es\/liechtenstein\/#primaryimage"},"thumbnailUrl":"https:\/\/www.humanium.org\/en\/wp-content\/uploads\/2026\/08\/shutterstock_2476382897_edited-scaled.jpeg","datePublished":"2013-08-02T10:46:41+00:00","dateModified":"2026-08-30T19:13:49+00:00","description":"En cuesti\u00f3n de protecci\u00f3n de los derechos del ni\u00f1o, la situaci\u00f3n en Liechtenstein es realmente buena, Sin embargo el pa\u00eds a\u00fan puede hacer algunas mejoras.","breadcrumb":{"@id":"https:\/\/www.humanium.org\/es\/liechtenstein\/#breadcrumb"},"inLanguage":"es","potentialAction":[{"@type":"ReadAction","target":["https:\/\/www.humanium.org\/es\/liechtenstein\/"]}]},{"@type":"ImageObject","inLanguage":"es","@id":"https:\/\/www.humanium.org\/es\/liechtenstein\/#primaryimage","url":"https:\/\/www.humanium.org\/en\/wp-content\/uploads\/2026\/08\/shutterstock_2476382897_edited-scaled.jpeg","contentUrl":"https:\/\/www.humanium.org\/en\/wp-content\/uploads\/2026\/08\/shutterstock_2476382897_edited-scaled.jpeg"},{"@type":"BreadcrumbList","@id":"https:\/\/www.humanium.org\/es\/liechtenstein\/#breadcrumb","itemListElement":[{"@type":"ListItem","position":1,"name":"Home","item":"https:\/\/www.humanium.org\/es\/"},{"@type":"ListItem","position":2,"name":"Ni\u00f1os de Liechtenstein"}]},{"@type":"WebSite","@id":"https:\/\/www.humanium.org\/es\/#website","url":"https:\/\/www.humanium.org\/es\/","name":"Humanium","description":"\u00a1Los ni\u00f1os primero!","potentialAction":[{"@type":"SearchAction","target":{"@type":"EntryPoint","urlTemplate":"https:\/\/www.humanium.org\/es\/?s={search_term_string}"},"query-input":{"@type":"PropertyValueSpecification","valueRequired":true,"valueName":"search_term_string"}}],"inLanguage":"es"}]}},"_links":{"self":[{"href":"https:\/\/www.humanium.org\/es\/wp-json\/wp\/v2\/pages\/3212","targetHints":{"allow":["GET"]}}],"collection":[{"href":"https:\/\/www.humanium.org\/es\/wp-json\/wp\/v2\/pages"}],"about":[{"href":"https:\/\/www.humanium.org\/es\/wp-json\/wp\/v2\/types\/page"}],"author":[{"embeddable":true,"href":"https:\/\/www.humanium.org\/es\/wp-json\/wp\/v2\/users\/1"}],"replies":[{"embeddable":true,"href":"https:\/\/www.humanium.org\/es\/wp-json\/wp\/v2\/comments?post=3212"}],"version-history":[{"count":6,"href":"https:\/\/www.humanium.org\/es\/wp-json\/wp\/v2\/pages\/3212\/revisions"}],"predecessor-version":[{"id":22950,"href":"https:\/\/www.humanium.org\/es\/wp-json\/wp\/v2\/pages\/3212\/revisions\/22950"}],"wp:attachment":[{"href":"https:\/\/www.humanium.org\/es\/wp-json\/wp\/v2\/media?parent=3212"}],"curies":[{"name":"wp","href":"https:\/\/api.w.org\/{rel}","templated":true}]}}