{"id":327,"date":"2012-12-03T10:08:43","date_gmt":"2012-12-03T10:08:43","guid":{"rendered":"http:\/\/www.humanium.org\/es\/?page_id=327"},"modified":"2024-05-11T11:22:19","modified_gmt":"2024-05-11T11:22:19","slug":"ninos-guerra","status":"publish","type":"page","link":"https:\/\/www.humanium.org\/es\/enfoques-tematicos\/violencia\/ninos-guerra\/","title":{"rendered":"Ni\u00f1os en contextos b\u00e9licos"},"content":{"rendered":"\n<p><strong>Lamentablemente, la guerra no es nada nuevo en la realidad actual. Se estima que m\u00e1s de 400 millones de ni\u00f1os est\u00e1n actualmente viviendo en pa\u00edses en donde ocurren guerras o otro tipo de conflictos <\/strong><a href=\"https:\/\/www.humanium.org\/es\/enfoques-tematicos\/violencia\/abuso-infantil\/\"><strong>violentos<\/strong><\/a><strong> y se enfrentan a una exposici\u00f3n <\/strong><a href=\"https:\/\/www.humanium.org\/es\/enfoques-tematicos\/discriminacion\/no-discriminacion\/\"><strong>desproporcionada<\/strong><\/a><strong> a cr\u00edmenes crueles y <\/strong><a href=\"https:\/\/www.humanium.org\/es\/enfoques-tematicos\/violencia\/abuso-infantil\/\"><strong>violentos<\/strong><\/a><strong>. Los <\/strong><a href=\"https:\/\/www.humanium.org\/es\/definicion\/#:~:text=Los%20Derechos%20del%20Ni%C3%B1o%20buscan,necesaria%2C%20la%20educaci%C3%B3n%2C%20etc.\"><strong>derechos humanos<\/strong><\/a><strong> de los ni\u00f1os est\u00e1n gravemente amenazados y se ven especialmente privados del disfrute de sus <\/strong><a href=\"https:\/\/www.humanium.org\/es\/definicion\/#:~:text=Los%20Derechos%20del%20Ni%C3%B1o%20buscan,necesaria%2C%20la%20educaci%C3%B3n%2C%20etc.\"><strong>derechos fundamentales<\/strong><\/a><strong>, ya que son un grupo extremadamente vulnerable durante los per\u00edodos de conflicto<\/strong>.&nbsp;<\/p>\n\n\n\n<figure class=\"wp-block-image size-full\"><img loading=\"lazy\" decoding=\"async\" width=\"1000\" height=\"667\" src=\"https:\/\/www.humanium.org\/es\/wp-content\/uploads\/2024\/05\/shutterstock_2129086961.jpg\" alt=\"\" class=\"wp-image-18785\" srcset=\"https:\/\/www.humanium.org\/es\/wp-content\/uploads\/2024\/05\/shutterstock_2129086961.jpg 1000w, https:\/\/www.humanium.org\/es\/wp-content\/uploads\/2024\/05\/shutterstock_2129086961-300x200.jpg 300w, https:\/\/www.humanium.org\/es\/wp-content\/uploads\/2024\/05\/shutterstock_2129086961-768x512.jpg 768w, https:\/\/www.humanium.org\/es\/wp-content\/uploads\/2024\/05\/shutterstock_2129086961-830x554.jpg 830w, https:\/\/www.humanium.org\/es\/wp-content\/uploads\/2024\/05\/shutterstock_2129086961-230x153.jpg 230w, https:\/\/www.humanium.org\/es\/wp-content\/uploads\/2024\/05\/shutterstock_2129086961-350x233.jpg 350w, https:\/\/www.humanium.org\/es\/wp-content\/uploads\/2024\/05\/shutterstock_2129086961-480x320.jpg 480w, https:\/\/www.humanium.org\/es\/wp-content\/uploads\/2024\/05\/shutterstock_2129086961-272x182.jpg 272w\" sizes=\"auto, (max-width: 1000px) 100vw, 1000px\" \/><\/figure>\n\n\n\n<h2 class=\"wp-block-heading\"><strong>Definiciones clave<\/strong><\/h2>\n\n\n\n<ul class=\"wp-block-list\">\n<li>Un ni\u00f1o es \u201ccualquier persona menor de dieciocho a\u00f1os\u201d (Convention on the Rights of the Child: The children&#8217;s version)<\/li>\n\n\n\n<li>La guerra es un \u201cfen\u00f3meno de violencia colectiva organizada que afecta las relaciones entre dos o m\u00e1s sociedades o las relaciones de poder dentro de una sociedad. La guerra se rige por el Derecho de los conflictos armados\u201d (The Practical Guide to Humanitarian Law).<\/li>\n\n\n\n<li>Un conflicto armado internacional (\u2018CAI\u201d) \u201docurre cuando una o m\u00e1s <a href=\"https:\/\/www.humanium.org\/es\/critica\/#:~:text=Los%20Derechos%20del%20Ni%C3%B1o%20est%C3%A1n,a%20la%20de%20un%20adulto.\">Estados<\/a> recurren a la fuerza armada contra otro <a href=\"https:\/\/www.humanium.org\/es\/critica\/#:~:text=Los%20Derechos%20del%20Ni%C3%B1o%20est%C3%A1n,a%20la%20de%20un%20adulto.\">Estado<\/a>, cualesquiera que sean las razones o la intensidad de este enfrentamiento\u00bb (International Committee of the Red Cross).<\/li>\n\n\n\n<li>Conflictos armados no internacionales (\u2018<em>CANI<\/em>\u2019) son \u00abconflictos armados en los que participan uno o m\u00e1s grupos armados no <a href=\"https:\/\/www.humanium.org\/es\/critica\/#:~:text=Los%20Derechos%20del%20Ni%C3%B1o%20est%C3%A1n,a%20la%20de%20un%20adulto.\">estatales<\/a>. Dependiendo de la situaci\u00f3n, las hostilidades pueden producirse entre fuerzas armadas gubernamentales y grupos armados no <a href=\"https:\/\/www.humanium.org\/es\/critica\/#:~:text=Los%20Derechos%20del%20Ni%C3%B1o%20est%C3%A1n,a%20la%20de%20un%20adulto.\">estatales<\/a> o entre dichos grupos \u00fanicamente\u00bb&nbsp;<\/li>\n<\/ul>\n\n\n\n<h2 class=\"wp-block-heading\"><strong>Protecci\u00f3n frente a los conflictos armados en virtud del Derecho internacional&nbsp;<\/strong><\/h2>\n\n\n\n<h3 class=\"wp-block-heading\">La Convenci\u00f3n sobre los Derechos del Ni\u00f1o (\u00abCDN\u00bb)<\/h3>\n\n\n\n<p>Los <a href=\"https:\/\/www.humanium.org\/es\/signatarios-convencion\/\">Estados Partes<\/a> deben garantizar el respeto de las normas del derecho internacional humanitario aplicables en los conflictos armados que sean pertinentes para los ni\u00f1os; adoptar todas las medidas posibles para garantizar la <a href=\"https:\/\/www.humanium.org\/es\/derecho-proteccion\/\">protecci\u00f3n<\/a> y el cuidado de los ni\u00f1os afectados por un conflicto armado; y hacer todo lo posible para que las personas menores de quince a\u00f1os <a href=\"https:\/\/www.humanium.org\/es\/enfoques-tematicos\/violencia\/ninos-soldado\/\">no participen directamente en las hostilidades<\/a> (CRC, Art.38).<\/p>\n\n\n\n<h3 class=\"wp-block-heading\">Los Convenios de Ginebra de 1949 (\u00abCG\u00bb)<\/h3>\n\n\n\n<p>En tiempos de conflicto, los ni\u00f1os mantienen su derecho a la <a href=\"https:\/\/www.humanium.org\/es\/derecho-proteccion\/\">protecci\u00f3n<\/a> de su <a href=\"https:\/\/www.humanium.org\/es\/enfoques-tematicos\/practicas-culturales\/religion\/\">entorno cultural<\/a>. su <a href=\"https:\/\/www.humanium.org\/es\/derecho-educacion\/#:~:text=La%20educaci%C3%B3n%20favorece%20el%20desarrollo%20del%20ni%C3%B1o&amp;text=De%20esta%20manera%2C%20contribuye%20a,para%20salir%20de%20la%20pobreza.\">educaci\u00f3n<\/a>, y ejercer su <a href=\"https:\/\/www.humanium.org\/es\/enfoques-tematicos\/practicas-culturales\/religion\/\">religi\u00f3n<\/a> (GCs, Arts.24 y 50). Tan pronto como estallen las hostilidades, las partes en conflicto podr\u00e1n establecer <a href=\"https:\/\/www.humanium.org\/es\/derecho-salud\/#:~:text=El%20derecho%20a%20la%20salud%20otorga%20a%20las%20personas%20el,personas%20(obligaci%C3%B3n%20de%20resultado).\">hospitales<\/a> y zonas y localidades de seguridad para proteger a grupos vulnerables como los ni\u00f1os (CG, Art.14). Si se encuentran en territorio ocupado, no podr\u00e1 impedirse la aplicaci\u00f3n de ninguna medida preferente en materia de <a href=\"https:\/\/www.humanium.org\/es\/derecho-alimentacion\/#:~:text=El%20derecho%20a%20la%20alimentaci%C3%B3n%20es%20el%20derecho%20de%20cada,consta%20de%20cuatro%20aspectos%20importantes%3A&amp;text=El%20alimento%20debe%20ser%20suficiente,suficiente%20para%20toda%20la%20poblaci%C3%B3n.\">alimentaci\u00f3n<\/a>, <a href=\"https:\/\/www.humanium.org\/es\/derecho-salud\/#:~:text=El%20derecho%20a%20la%20salud%20otorga%20a%20las%20personas%20el,personas%20(obligaci%C3%B3n%20de%20resultado).\">atenci\u00f3n m\u00e9dica<\/a> y <a href=\"https:\/\/www.humanium.org\/es\/derecho-proteccion\/\">protecci\u00f3n<\/a> de los ni\u00f1os contra los efectos de la guerra, y los menores de dieciocho a\u00f1os no podr\u00e1n ser obligados a trabajar (GCs, Arts.50 y 51).<\/p>\n\n\n\n<h3 class=\"wp-block-heading\">Los Protocolos Adicionales de 1977 a las CG (\u00abPA I\u00bb y \u00abPA II\u00bb)<\/h3>\n\n\n\n<p>El Protocolo Adicional I relativo a los CAI prev\u00e9 la <a href=\"https:\/\/www.humanium.org\/es\/derecho-proteccion\/\">protecci\u00f3n<\/a> de los ni\u00f1os contra cualquier forma de <a href=\"https:\/\/www.humanium.org\/es\/enfoques-tematicos\/violencia\/abuso-infantil\/\">atentado<\/a> al pudor y proh\u00edbe el <a href=\"https:\/\/www.humanium.org\/es\/enfoques-tematicos\/violencia\/ninos-soldado\/\">reclutamiento<\/a> de ni\u00f1os menores de quince a\u00f1os en las fuerzas armadas (AP I, Art.77). Los ni\u00f1os se benefician adem\u00e1s de <a href=\"https:\/\/www.humanium.org\/es\/derecho-proteccion\/\">protecciones<\/a> como la evacuaci\u00f3n, la atenci\u00f3n y el socorro, la <a href=\"https:\/\/www.humanium.org\/es\/derecho-proteccion\/\">protecci\u00f3n<\/a> contra las agresiones y para los ni\u00f1os heridos, la distribuci\u00f3n de suministros de socorro, el internamiento con sus <a href=\"https:\/\/www.humanium.org\/es\/familia-derecho-nino\/#:~:text=El%20derecho%20a%20la%20familia,u%20otro%20tipo%20de%20maltrato.\">familias<\/a> y la facilitaci\u00f3n de la reuni\u00f3n de las <a href=\"https:\/\/www.humanium.org\/es\/familia-derecho-nino\/#:~:text=El%20derecho%20a%20la%20familia,u%20otro%20tipo%20de%20maltrato.\">familias<\/a> dispersas (PA I, Arts.8 y 70-78). El Protocolo Adicional II, relativo a los NIAC, establece protecciones an\u00e1logas para los ni\u00f1os (PA II, Arts.4 y 6).&nbsp;<\/p>\n\n\n\n<h2 class=\"wp-block-heading\"><strong>Consecuencias de la guerra en los <\/strong><a href=\"https:\/\/www.humanium.org\/es\/definicion\/#:~:text=Los%20derechos%20del%20ni%C3%B1o%20son,fundamentales%20y%20derechos%20humanos%20esenciales.\"><strong>derechos fundamentales del ni\u00f1o<\/strong><\/a><\/h2>\n\n\n\n<h3 class=\"wp-block-heading\">Derecho a la <a href=\"https:\/\/www.humanium.org\/es\/derecho-vida\/#:~:text=El%20derecho%20a%20la%20vida,de%20vivir%20nuestra%20propia%20vida.\">vida<\/a>, <a href=\"https:\/\/www.humanium.org\/es\/derecho-proteccion\/\">protecci\u00f3n<\/a> y <a href=\"https:\/\/www.humanium.org\/es\/derecho-libertad\/#:~:text=Es%20el%20derecho%20a%20no,un%20nivel%20suficiente%20de%20discernimiento.\">libertad<\/a>&nbsp;<\/h3>\n\n\n\n<p>Desde el 2014, una media de 10,500 ni\u00f1os son <a href=\"https:\/\/www.humanium.org\/es\/derecho-vida\/#:~:text=El%20derecho%20a%20la%20vida,de%20vivir%20nuestra%20propia%20vida.\">asesinados<\/a> cada a\u00f1o (UNICEF, 2022). Adem\u00e1s de esta asombrosa cifra, los ni\u00f1os, tanto actualmente como en el pasado, han sido v\u00edctimas de grandes <a href=\"https:\/\/www.humanium.org\/es\/enfoques-tematicos\/violencia\/abuso-infantil\/\">da\u00f1os<\/a> y cr\u00edmenes cometidos por fuerzas armadas en tiempos de conflicto (UNICEF, 2022). Por lo tanto, los ni\u00f1os se ven privados de su derecho a la <a href=\"https:\/\/www.humanium.org\/es\/derecho-vida\/#:~:text=El%20derecho%20a%20la%20vida,de%20vivir%20nuestra%20propia%20vida.\">vida<\/a> y <a href=\"https:\/\/www.humanium.org\/es\/derecho-proteccion\/\">protecci\u00f3n<\/a> frente al da\u00f1o y a la <a href=\"https:\/\/www.humanium.org\/es\/enfoques-tematicos\/explotacion\/explotacion-sexual-infantil\/\">explotaci\u00f3n<\/a>. <\/p>\n\n\n\n<p>Adem\u00e1s, su derecho a la <a href=\"https:\/\/www.humanium.org\/es\/derecho-libertad\/#:~:text=Es%20el%20derecho%20a%20no,un%20nivel%20suficiente%20de%20discernimiento.\">libertad<\/a> es igualmente violado durante los conflictos. Algunos ni\u00f1os son <a href=\"https:\/\/www.humanium.org\/es\/derecho-libertad\/#:~:text=Es%20el%20derecho%20a%20no,un%20nivel%20suficiente%20de%20discernimiento.\">detenidos<\/a> como <a href=\"https:\/\/www.humanium.org\/es\/enfoques-tematicos\/violencia\/ninos-soldado\/\">ni\u00f1os soldados<\/a> o debido a \u00absu <a href=\"https:\/\/www.humanium.org\/es\/enfoques-tematicos\/justicia\/ninos-detenidos\/\">asociaci\u00f3n<\/a> real o percibida con un grupo armado\u00bb o debido a la falta de acceso a \u00ab<a href=\"https:\/\/www.humanium.org\/es\/enfoques-tematicos\/justicia\/ninos-detenidos\/\">formas apropiadas de justicia infantil<\/a>\u00bb (International Committee of the Red Cross).&nbsp;<\/p>\n\n\n\n<h3 class=\"wp-block-heading\">Derecho a la <a href=\"https:\/\/www.humanium.org\/es\/derecho-alimentacion\/\">comida<\/a> y <a href=\"https:\/\/www.humanium.org\/es\/derecho-agua\/#:~:text=El%20derecho%20al%20agua%20implica,calidad%20de%20los%20recursos%20h%C3%ADdricos.\">agua<\/a>&nbsp;<\/h3>\n\n\n\n<p>Muchas disposiciones del derecho internacional humanitario garantizan que no se privar\u00e1 de <a href=\"https:\/\/www.humanium.org\/es\/derecho-alimentacion\/\">alimentos<\/a> a las personas o grupos que no participen o hayan dejado de participar en las hostilidades (Jelena Pejic, 2001). Los suministros de <a href=\"https:\/\/www.humanium.org\/es\/derecho-alimentacion\/\">alimentos<\/a> pueden escasear en tiempos de conflicto y la inanici\u00f3n puede utilizarse como m\u00e9todo de guerra (Jelena Pejic, 2001). Del mismo modo, el <a href=\"https:\/\/www.humanium.org\/es\/derecho-agua\/#:~:text=El%20derecho%20al%20agua%20implica,calidad%20de%20los%20recursos%20h%C3%ADdricos.\">agua<\/a> potable puede utilizarse como arma de guerra y tambi\u00e9n puede volverse insuficiente a medida que los dep\u00f3sitos de suministro de <a href=\"https:\/\/www.humanium.org\/es\/derecho-agua\/#:~:text=El%20derecho%20al%20agua%20implica,calidad%20de%20los%20recursos%20h%C3%ADdricos.\">agua<\/a> sufren da\u00f1os y deterioros a causa del conflicto armado (UNICEF, 2017).&nbsp;<\/p>\n\n\n\n<p>Como consecuencia, los derechos de los ni\u00f1os a la <a href=\"https:\/\/www.humanium.org\/es\/derecho-alimentacion\/\">alimentaci\u00f3n<\/a> y al <a href=\"https:\/\/www.humanium.org\/es\/derecho-agua\/#:~:text=El%20derecho%20al%20agua%20implica,calidad%20de%20los%20recursos%20h%C3%ADdricos.\">agua<\/a> se ven alarmantemente obstaculizados. Cuando los ni\u00f1os no tienen una dieta suficiente y no disponen de <a href=\"https:\/\/www.humanium.org\/es\/derecho-agua\/#:~:text=El%20derecho%20al%20agua%20implica,calidad%20de%20los%20recursos%20h%C3%ADdricos.\">agua<\/a> potable para beber, pueden sufrir <a href=\"https:\/\/www.humanium.org\/es\/enfoques-tematicos\/salud\/ninos-enfermos\/\">malnutrici\u00f3n<\/a>, <a href=\"https:\/\/www.humanium.org\/es\/enfoques-tematicos\/salud\/ninos-enfermos\/\">enfermedades<\/a> mortales y el debilitamiento del sistema inmunitario (War Childhood Museum; UNICEF, 2017).<\/p>\n\n\n\n<h3 class=\"wp-block-heading\">Derecho a la <a href=\"https:\/\/www.humanium.org\/es\/derecho-educacion\/#:~:text=La%20educaci%C3%B3n%20favorece%20el%20desarrollo%20del%20ni%C3%B1o&amp;text=De%20esta%20manera%2C%20contribuye%20a,para%20salir%20de%20la%20pobreza.\">educaci\u00f3n<\/a><\/h3>\n\n\n<div class=\"wp-block-image\">\n<figure class=\"alignleft size-large is-resized\"><img loading=\"lazy\" decoding=\"async\" width=\"1024\" height=\"733\" src=\"https:\/\/www.humanium.org\/es\/wp-content\/uploads\/2024\/05\/shutterstock_1831926541-1024x733.jpg\" alt=\"\" class=\"wp-image-18773\" style=\"width:315px;height:auto\" srcset=\"https:\/\/www.humanium.org\/es\/wp-content\/uploads\/2024\/05\/shutterstock_1831926541-1024x733.jpg 1024w, https:\/\/www.humanium.org\/es\/wp-content\/uploads\/2024\/05\/shutterstock_1831926541-300x215.jpg 300w, https:\/\/www.humanium.org\/es\/wp-content\/uploads\/2024\/05\/shutterstock_1831926541-768x550.jpg 768w, https:\/\/www.humanium.org\/es\/wp-content\/uploads\/2024\/05\/shutterstock_1831926541-1536x1099.jpg 1536w, https:\/\/www.humanium.org\/es\/wp-content\/uploads\/2024\/05\/shutterstock_1831926541-2048x1465.jpg 2048w, https:\/\/www.humanium.org\/es\/wp-content\/uploads\/2024\/05\/shutterstock_1831926541-830x594.jpg 830w, https:\/\/www.humanium.org\/es\/wp-content\/uploads\/2024\/05\/shutterstock_1831926541-230x165.jpg 230w, https:\/\/www.humanium.org\/es\/wp-content\/uploads\/2024\/05\/shutterstock_1831926541-350x250.jpg 350w, https:\/\/www.humanium.org\/es\/wp-content\/uploads\/2024\/05\/shutterstock_1831926541-480x343.jpg 480w\" sizes=\"auto, (max-width: 1024px) 100vw, 1024px\" \/><\/figure>\n<\/div>\n\n\n<p>La <a href=\"https:\/\/www.humanium.org\/es\/derecho-educacion\/#:~:text=La%20educaci%C3%B3n%20favorece%20el%20desarrollo%20del%20ni%C3%B1o&amp;text=De%20esta%20manera%2C%20contribuye%20a,para%20salir%20de%20la%20pobreza.\">educaci\u00f3n<\/a> puede ser un verdadero <a href=\"https:\/\/www.humanium.org\/es\/derecho-vida\/#:~:text=El%20derecho%20a%20la%20vida,de%20vivir%20nuestra%20propia%20vida.\">salvavidas<\/a> para los ni\u00f1os durante los conflictos, ya que cuando no se encuentran dentro de las <a href=\"https:\/\/www.humanium.org\/es\/derecho-educacion\/#:~:text=La%20educaci%C3%B3n%20favorece%20el%20desarrollo%20del%20ni%C3%B1o&amp;text=De%20esta%20manera%2C%20contribuye%20a,para%20salir%20de%20la%20pobreza.\">instalaciones escolares<\/a>, pueden convertirse en blanco de <a href=\"https:\/\/www.humanium.org\/es\/enfoques-tematicos\/violencia\/abuso-infantil\/\">abuso<\/a>, <a href=\"https:\/\/www.humanium.org\/es\/enfoques-tematicos\/explotacion\/explotacion-sexual-infantil\/\">explotaci\u00f3n<\/a>, y <a href=\"https:\/\/www.humanium.org\/es\/enfoques-tematicos\/violencia\/ninos-soldado\/\">reclutamiento<\/a> por parte de las fuerzas armadas (UNICEF). Sin embargo, las <a href=\"https:\/\/www.humanium.org\/es\/derecho-educacion\/#:~:text=La%20educaci%C3%B3n%20favorece%20el%20desarrollo%20del%20ni%C3%B1o&amp;text=De%20esta%20manera%2C%20contribuye%20a,para%20salir%20de%20la%20pobreza.\">escuelas<\/a> pueden ser blanco de ataques intencionados, sufrir da\u00f1os colaterales o ser usadas para funciones militares, refugio para personas <a href=\"https:\/\/www.humanium.org\/es\/enfoques-tematicos\/aislamiento-desarraigo\/ninos-desplazados\/\">desplazadas<\/a> y <a href=\"https:\/\/www.humanium.org\/es\/enfoques-tematicos\/violencia\/ninos-soldado\/\">reclutamiento<\/a> ilegal local (International Committe of the Red Cross). Del mismo modo, como <a href=\"https:\/\/www.humanium.org\/es\/enfoques-tematicos\/aislamiento-desarraigo\/ninos-desplazados\/\">refugiados<\/a> en otro pa\u00eds, los ni\u00f1os no tienen garantizado el acceso a una <a href=\"https:\/\/www.humanium.org\/es\/derecho-educacion\/#:~:text=La%20educaci%C3%B3n%20favorece%20el%20desarrollo%20del%20ni%C3%B1o&amp;text=De%20esta%20manera%2C%20contribuye%20a,para%20salir%20de%20la%20pobreza.\">educaci\u00f3n<\/a> adecuada (United Nations, 2019).<\/p>\n\n\n\n<h3 class=\"wp-block-heading\">Derecho a la <a href=\"https:\/\/www.humanium.org\/es\/derecho-salud\/#:~:text=El%20derecho%20a%20la%20salud%20otorga%20a%20las%20personas%20el,personas%20(obligaci%C3%B3n%20de%20resultado).\">salud<\/a><\/h3>\n\n\n\n<p>La escasez de <a href=\"https:\/\/www.humanium.org\/es\/derecho-salud\/#:~:text=El%20derecho%20a%20la%20salud%20otorga%20a%20las%20personas%20el,personas%20(obligaci%C3%B3n%20de%20resultado).\">medicamentos<\/a>, personal m\u00e9dico y servicios <a href=\"https:\/\/www.humanium.org\/es\/derecho-salud\/#:~:text=El%20derecho%20a%20la%20salud%20otorga%20a%20las%20personas%20el,personas%20(obligaci%C3%B3n%20de%20resultado).\">sanitarios<\/a> adecuados durante los conflictos puede ser la causa de que aumente la tasa de <a href=\"https:\/\/www.humanium.org\/es\/enfoques-tematicos\/salud\/mortalidad-infantil\/#:~:text=La%20mortalidad%20infantil%20en%20cifras,no%20est%C3%A1%20empeorando%20sino%20mejorando.\">mortalidad infantil<\/a> y de <a href=\"https:\/\/www.humanium.org\/es\/enfoques-tematicos\/salud\/ninos-enfermos\/#:~:text=Las%20enfermedades%20infantiles%20m%C3%A1s%20comunes,%2C%20neumon%C3%ADa%2C%20paludismo%20o%20malnutrici%C3%B3n.\">morbilidad<\/a> (War Childhood Museum). Los ataques tambi\u00e9n se dirigen contra <a href=\"https:\/\/www.humanium.org\/es\/derecho-salud\/#:~:text=El%20derecho%20a%20la%20salud%20otorga%20a%20las%20personas%20el,personas%20(obligaci%C3%B3n%20de%20resultado).\">hospitales<\/a>, <a href=\"https:\/\/www.humanium.org\/es\/derecho-salud\/#:~:text=El%20derecho%20a%20la%20salud%20otorga%20a%20las%20personas%20el,personas%20(obligaci%C3%B3n%20de%20resultado).\">trabajadores sanitarios<\/a> y pacientes (United Nations, 2013). <\/p>\n\n\n\n<p>Dado que los ni\u00f1os a\u00fan est\u00e1n creciendo y desarroll\u00e1ndose, <a href=\"https:\/\/www.humanium.org\/es\/definicion\/#:~:text=Los%20Derechos%20del%20Ni%C3%B1o%20buscan,necesaria%2C%20la%20educaci%C3%B3n%2C%20etc.\">f\u00edsica<\/a> y <a href=\"https:\/\/www.humanium.org\/es\/definicion\/#:~:text=Los%20Derechos%20del%20Ni%C3%B1o%20buscan,necesaria%2C%20la%20educaci%C3%B3n%2C%20etc.\">psicol\u00f3gicamente<\/a>, su <a href=\"https:\/\/www.humanium.org\/es\/derecho-salud\/#:~:text=El%20derecho%20a%20la%20salud%20otorga%20a%20las%20personas%20el,personas%20(obligaci%C3%B3n%20de%20resultado).\">salud<\/a> est\u00e1 \u00abseriamente en peligro en la guerra\u00bb (War Childhood Museum). No s\u00f3lo su derecho a la atenci\u00f3n <a href=\"https:\/\/www.humanium.org\/es\/derecho-salud\/#:~:text=El%20derecho%20a%20la%20salud%20otorga%20a%20las%20personas%20el,personas%20(obligaci%C3%B3n%20de%20resultado).\">sanitaria<\/a> se ve restringido o es inexistente, sino que, por desgracia, los <a href=\"https:\/\/www.humanium.org\/es\/definicion\/#:~:text=Los%20Derechos%20del%20Ni%C3%B1o%20buscan,necesaria%2C%20la%20educaci%C3%B3n%2C%20etc.\">da\u00f1os <\/a>y <a href=\"https:\/\/www.humanium.org\/es\/definicion\/#:~:text=Los%20Derechos%20del%20Ni%C3%B1o%20buscan,necesaria%2C%20la%20educaci%C3%B3n%2C%20etc.\">traumas<\/a> infligidos por los horrores y cr\u00edmenes relacionados con los conflictos nunca podr\u00e1n borrarse. (Psychiatric Times, 2022).<\/p>\n\n\n\n<h2 class=\"wp-block-heading\"><strong>Repercusiones de la guerra en la vida cotidiana de los ni\u00f1os<\/strong><\/h2>\n\n\n\n<h3 class=\"wp-block-heading\">V\u00edctimas de <a href=\"https:\/\/www.humanium.org\/es\/enfoques-tematicos\/violencia\/abuso-infantil\/\">violencia<\/a> y cr\u00edmenes atroces<\/h3>\n\n\n\n<p>Los ni\u00f1os, como civiles y parte del grupo m\u00e1s vulnerable en el contexto de la guerra, son m\u00e1s propensos a presenciar y ser v\u00edctimas de los cr\u00edmenes m\u00e1s atroces cometidos durante conflictos armados (War Childhood Museum). De hecho, los ni\u00f1os son testigos directos de los diversos cr\u00edmenes cometidos por las fuerzas armadas, que van desde la <a href=\"https:\/\/www.humanium.org\/es\/enfoques-tematicos\/violencia\/abuso-infantil\/\">tortura<\/a> y las heridas infligidas a los ni\u00f1os hasta el <a href=\"https:\/\/www.humanium.org\/es\/derecho-vida\/\">asesinato<\/a> (UNICEF, 2022). <\/p>\n\n\n\n<p>Adem\u00e1s, est\u00e1n expuestos a resultar heridos o <a href=\"https:\/\/www.humanium.org\/es\/derecho-vida\/\">muertos<\/a> por minas terrestres y explosivos (UNICEF EE.UU.). Otros delitos graves que sufren los ni\u00f1os durante los conflictos armados son el <a href=\"https:\/\/www.humanium.org\/es\/enfoques-tematicos\/violencia\/abuso-infantil\/\">abuso<\/a>, <a href=\"https:\/\/www.humanium.org\/es\/enfoques-tematicos\/explotacion\/trata-ninos\/\">el secuestro<\/a>, <a href=\"https:\/\/www.humanium.org\/es\/enfoques-tematicos\/explotacion\/explotacion-sexual-infantil\/\">la explotaci\u00f3n<\/a>, <a href=\"https:\/\/www.humanium.org\/es\/enfoques-tematicos\/explotacion\/trata-ninos\/\">la trata de ni\u00f1os<\/a>, <a href=\"https:\/\/www.humanium.org\/es\/enfoques-tematicos\/explotacion\/explotacion-sexual-infantil\/\">la violaci\u00f3n<\/a> y otras formas de <a href=\"https:\/\/www.humanium.org\/es\/enfoques-tematicos\/explotacion\/explotacion-sexual-infantil\/\">violencia sexual<\/a> (UNICEF).<\/p>\n\n\n\n<h3 class=\"wp-block-heading\">Alistamiento como <a href=\"https:\/\/www.humanium.org\/es\/enfoques-tematicos\/violencia\/ninos-soldado\/\">ni\u00f1os soldados<\/a><\/h3>\n\n\n\n<p><a href=\"https:\/\/www.humanium.org\/es\/enfoques-tematicos\/explotacion\/trata-ninos\/\">Secuestrados<\/a> o <a href=\"https:\/\/www.humanium.org\/en\/child-soldier\/\">reclutados<\/a> por la fuerza, los ni\u00f1os pueden convertirse en <a href=\"https:\/\/www.humanium.org\/en\/child-soldier\/\">ni\u00f1os soldado<\/a>. Un <a href=\"https:\/\/www.humanium.org\/en\/child-soldier\/\">ni\u00f1o soldado<\/a> es \u00abtoda persona menor de dieciocho a\u00f1os que es o ha sido <a href=\"https:\/\/www.humanium.org\/en\/child-soldier\/\">reclutada<\/a> o utilizada por una fuerza armada o un grupo armado en cualquier capacidad, incluidos, entre otros, los ni\u00f1os, los muchachos y las <a href=\"https:\/\/www.humanium.org\/es\/enfoques-tematicos\/discriminacion\/derechos-ninas\/\">muchachas<\/a>\u00bb (The Paris Principles, 2007). <\/p>\n\n\n\n<p>Los ni\u00f1os son obligados a \u00abluchar en el frente, participar en misiones suicidas y actuar como esp\u00edas, mensajeros o vig\u00edas\u00bb (Human Rights Watch, 2013). No solo eso, tambi\u00e9n pueden ser utilizados a la fuerza como cocineros, <a href=\"https:\/\/www.humanium.org\/es\/enfoques-tematicos\/explotacion\/explotacion-sexual-infantil\/\">esclavos sexuales<\/a> o terroristas suicidas (Office of the Special Representative of the Secretary General for Children and Armed Conflict).<\/p>\n\n\n\n<h2 class=\"wp-block-heading\"><a href=\"https:\/\/www.humanium.org\/es\/enfoques-tematicos\/aislamiento-desarraigo\/ninos-huerfanos\/\">Hu\u00e9rfanos<\/a> y <a href=\"https:\/\/www.humanium.org\/es\/enfoques-tematicos\/aislamiento-desarraigo\/ninos-desplazados\/\">ni\u00f1os desplazados.<\/a>&nbsp;<\/h2>\n\n\n\n<p>Los ni\u00f1os tambi\u00e9n pueden sufrir da\u00f1os colaterales de los conflictos tales como la <a href=\"https:\/\/www.humanium.org\/es\/enfoques-tematicos\/aislamiento-desarraigo\/ninos-huerfanos\/\">p\u00e9rdida<\/a> o ruptura de los lazos <a href=\"https:\/\/www.humanium.org\/es\/familia-derecho-nino\/\">familiares<\/a> y su <a href=\"https:\/\/www.humanium.org\/es\/enfoques-tematicos\/aislamiento-desarraigo\/ninos-desplazados\/\">desplazamiento<\/a> interno o externo (UNICEF, 2022). <a href=\"https:\/\/www.humanium.org\/es\/enfoques-tematicos\/aislamiento-desarraigo\/ninos-huerfanos\/\">Aislados<\/a> o <a href=\"https:\/\/www.humanium.org\/es\/familia-derecho-nino\/\">separados<\/a> de sus miembros familiares o cuidadores, los ni\u00f1os est\u00e1n en riesgo de <a href=\"https:\/\/www.humanium.org\/es\/enfoques-tematicos\/violencia\/abuso-infantil\/\">abuso<\/a>, <a href=\"https:\/\/www.humanium.org\/es\/enfoques-tematicos\/explotacion\/explotacion-sexual-infantil\/\">explotaci\u00f3n<\/a>, <a href=\"https:\/\/www.humanium.org\/es\/enfoques-tematicos\/violencia\/abuso-infantil\/\">violencia<\/a> y ser enlistados como <a href=\"https:\/\/www.humanium.org\/es\/enfoques-tematicos\/violencia\/ninos-soldado\/\">ni\u00f1os soldados<\/a> (International Committe of the Red Cross). <\/p>\n\n\n\n<p>Adem\u00e1s de esta alteraci\u00f3n de sus vidas, pueden verse obligados a <a href=\"https:\/\/www.humanium.org\/es\/enfoques-tematicos\/aislamiento-desarraigo\/ninos-desplazados\/\">huir<\/a>, ya sea internamente o a otros pa\u00edses, para escapar de los conflictos armados. Y como personas <a href=\"https:\/\/www.humanium.org\/es\/enfoques-tematicos\/aislamiento-desarraigo\/ninos-desplazados\/\">desplazadas<\/a> o refugiados, los ni\u00f1os est\u00e1n m\u00e1s expuestos a \u201cexperimentar <a href=\"https:\/\/www.humanium.org\/es\/enfoques-tematicos\/pobreza\/pobreza-infantil\/\">pobreza<\/a> severa, <a href=\"https:\/\/www.humanium.org\/es\/enfoques-tematicos\/violencia\/abuso-infantil\/\">abuso<\/a>, <a href=\"https:\/\/www.humanium.org\/es\/enfoques-tematicos\/explotacion\/explotacion-sexual-infantil\/\">explotaci\u00f3n<\/a> y <a href=\"https:\/\/www.humanium.org\/es\/definicion\/#:~:text=Los%20Derechos%20del%20Ni%C3%B1o%20buscan,necesaria%2C%20la%20educaci%C3%B3n%2C%20etc.\">malestar psicosocial<\/a>\u00ab. (Better Care Network).<\/p>\n\n\n\n<h2 class=\"wp-block-heading\"><strong>Medidas preventivas y de protecci\u00f3n para los ni\u00f1os en la guerra<\/strong><\/h2>\n\n\n\n<figure class=\"wp-block-image size-large\"><img loading=\"lazy\" decoding=\"async\" width=\"1024\" height=\"576\" src=\"https:\/\/www.humanium.org\/es\/wp-content\/uploads\/2024\/05\/shutterstock_2230655377-1024x576.jpg\" alt=\"\" class=\"wp-image-18772\" srcset=\"https:\/\/www.humanium.org\/es\/wp-content\/uploads\/2024\/05\/shutterstock_2230655377-1024x576.jpg 1024w, https:\/\/www.humanium.org\/es\/wp-content\/uploads\/2024\/05\/shutterstock_2230655377-300x169.jpg 300w, https:\/\/www.humanium.org\/es\/wp-content\/uploads\/2024\/05\/shutterstock_2230655377-768x432.jpg 768w, https:\/\/www.humanium.org\/es\/wp-content\/uploads\/2024\/05\/shutterstock_2230655377-1536x864.jpg 1536w, https:\/\/www.humanium.org\/es\/wp-content\/uploads\/2024\/05\/shutterstock_2230655377-2048x1152.jpg 2048w, https:\/\/www.humanium.org\/es\/wp-content\/uploads\/2024\/05\/shutterstock_2230655377-830x467.jpg 830w, https:\/\/www.humanium.org\/es\/wp-content\/uploads\/2024\/05\/shutterstock_2230655377-230x129.jpg 230w, https:\/\/www.humanium.org\/es\/wp-content\/uploads\/2024\/05\/shutterstock_2230655377-350x197.jpg 350w, https:\/\/www.humanium.org\/es\/wp-content\/uploads\/2024\/05\/shutterstock_2230655377-480x270.jpg 480w\" sizes=\"auto, (max-width: 1024px) 100vw, 1024px\" \/><\/figure>\n\n\n\n<p>La <a href=\"https:\/\/www.humanium.org\/es\/definicion\/#:~:text=Los%20Derechos%20del%20Ni%C3%B1o%20buscan,necesaria%2C%20la%20educaci%C3%B3n%2C%20etc.\">integridad f\u00edsica<\/a> y <a href=\"https:\/\/www.humanium.org\/es\/definicion\/#:~:text=Los%20Derechos%20del%20Ni%C3%B1o%20buscan,necesaria%2C%20la%20educaci%C3%B3n%2C%20etc.\">mental<\/a> de los ni\u00f1os son gravemente afectadas y violadas en tiempos de conflicto armado. Por esta raz\u00f3n, evitar que se produzcan conflictos armados es la acci\u00f3n preventiva m\u00e1s eficaz para garantizar una <a href=\"https:\/\/www.humanium.org\/es\/derecho-vida\/\">vida<\/a> segura a todos los ni\u00f1os. Sin embargo, si no es posible mantener la paz y se desencadena un conflicto armado, los ni\u00f1os deben beneficiarse de un sinf\u00edn de medidas de <a href=\"https:\/\/www.humanium.org\/es\/derecho-proteccion\/\">protecci\u00f3n<\/a>.&nbsp;<\/p>\n\n\n\n<p>Los <a href=\"https:\/\/www.humanium.org\/es\/critica\/#:~:text=Los%20Derechos%20del%20Ni%C3%B1o%20est%C3%A1n,a%20la%20de%20un%20adulto.\">Estados<\/a> y la comunidad internacional deben, como prioridad absoluta, atender continuamente a las necesidades de los ni\u00f1os y a la <a href=\"https:\/\/www.humanium.org\/es\/derecho-proteccion\/\">protecci\u00f3n<\/a> de sus <a href=\"https:\/\/www.humanium.org\/es\/derechos-ninos\/\">derechos humanos fundamentales<\/a>. Por esta raz\u00f3n, deben fomentarse y apoyarse las siguientes acciones:<\/p>\n\n\n\n<ul class=\"wp-block-list\">\n<li>Proteger a todos los ni\u00f1os de las graves violaciones cometidas en tiempos de conflicto armado (UNICEF, 2022). Esto incluye, entre otras cosas, impedir que se cometa contra los ni\u00f1os el <a href=\"https:\/\/www.humanium.org\/es\/derecho-vida\/\">asesinato<\/a>, el reclutamiento de <a href=\"https:\/\/www.humanium.org\/es\/enfoques-tematicos\/violencia\/ninos-soldado\/\">ni\u00f1os soldados<\/a>, la <a href=\"https:\/\/www.humanium.org\/es\/derecho-libertad\/#:~:text=Es%20el%20derecho%20a%20no,un%20nivel%20suficiente%20de%20discernimiento.\">detenci\u00f3n<\/a>, la <a href=\"https:\/\/www.humanium.org\/es\/enfoques-tematicos\/explotacion\/explotacion-sexual-infantil\/\">violaci\u00f3n<\/a> y otras formas de <a href=\"https:\/\/www.humanium.org\/es\/enfoques-tematicos\/explotacion\/explotacion-sexual-infantil\/\">violencia sexual<\/a>, y el <a href=\"https:\/\/www.humanium.org\/es\/enfoques-tematicos\/explotacion\/trata-ninos\/\">secuestro<\/a> (UNICEF, 2022). Los derechos de los ni\u00f1os a la <a href=\"https:\/\/www.humanium.org\/es\/derecho-vida\/\">vida<\/a>, la <a href=\"https:\/\/www.humanium.org\/es\/derecho-proteccion\/\">protecci\u00f3n<\/a>, la <a href=\"https:\/\/www.humanium.org\/es\/derecho-libertad\/#:~:text=Es%20el%20derecho%20a%20no,un%20nivel%20suficiente%20de%20discernimiento.\">libertad<\/a>, la <a href=\"https:\/\/www.humanium.org\/es\/derecho-alimentacion\/\">alimentaci\u00f3n<\/a>, el <a href=\"https:\/\/www.humanium.org\/es\/derecho-agua\/#:~:text=El%20derecho%20al%20agua%20implica,calidad%20de%20los%20recursos%20h%C3%ADdricos.\">agua<\/a>, la <a href=\"https:\/\/www.humanium.org\/es\/derecho-educacion\/\">educaci\u00f3n<\/a> y la <a href=\"https:\/\/www.humanium.org\/es\/derecho-salud\/#:~:text=El%20derecho%20a%20la%20salud%20otorga%20a%20las%20personas%20el,personas%20(obligaci%C3%B3n%20de%20resultado).\">salud<\/a> deben garantizarse y protegerse en todo momento.<\/li>\n\n\n\n<li>Garantizar que las <a href=\"https:\/\/www.humanium.org\/es\/derecho-educacion\/\">escuelas<\/a>, los <a href=\"https:\/\/www.humanium.org\/es\/derecho-salud\/#:~:text=El%20derecho%20a%20la%20salud%20otorga%20a%20las%20personas%20el,personas%20(obligaci%C3%B3n%20de%20resultado).\">hospitales<\/a> y otros edificios civiles no sean atacados ni como medio de guerra ni como da\u00f1os colaterales (UNICEF, 2022).&nbsp;<\/li>\n\n\n\n<li>Facilitar la <a href=\"https:\/\/www.humanium.org\/es\/familia-derecho-nino\/#:~:text=El%20derecho%20a%20la%20familia,u%20otro%20tipo%20de%20maltrato.\">reunificaci\u00f3n familiar<\/a> (UNICEF, 2022).<\/li>\n\n\n\n<li>Supervisar de cerca a los ni\u00f1os en tiempos de conflicto para proporcionar una mejor respuesta y <a href=\"https:\/\/www.humanium.org\/es\/derecho-proteccion\/\">ayuda<\/a> humanitaria (UNICEF, 2022).<\/li>\n\n\n\n<li>Colaborar con todas las partes en conflicto para desarrollar \u00abplanes de acci\u00f3n y <a href=\"https:\/\/www.humanium.org\/es\/derecho-proteccion\/\">proteger<\/a> a los ni\u00f1os de forma sostenible\u00bb (UNICEF, 2022).<\/li>\n<\/ul>\n\n\n\n<p><em><strong>Escrito por Mo\u00efra Phu\u00f6ng Van de Po\u00ebl<\/strong><\/em><\/p>\n\n\n\n<p><em><strong>Revisado internamente por Aditi Partha<\/strong><\/em><\/p>\n\n\n\n<p><em><strong>Traducido por Adri\u00e1n Cuellar Correa<\/strong><\/em><\/p>\n\n\n\n<p><em><strong>Revisado por Ivana Kacunko<\/strong><\/em><\/p>\n\n\n\n<p><em><strong>\u00daltima actualizaci\u00f3n el 18 de junio de 2023<\/strong><\/em><\/p>\n\n\n\n<h4 class=\"wp-block-heading\">Bibliograf\u00eda:&nbsp;<\/h4>\n\n\n\n<p class=\"has-small-font-size\">Better Care Network. (n.d.). Children Affected by Armed Conflict and Displacement. Retrieved from Better Care Network at <a href=\"https:\/\/bettercarenetwork.org\/library\/particular-threats-to-childrens-care-and-protection\/children-affected-by-armed-conflict-and-displacement\" target=\"_blank\" rel=\"noreferrer noopener\">https:\/\/bettercarenetwork.org\/library\/particular-threats-to-childrens-care-and-protection\/children-affected-by-armed-conflict-and-displacement<\/a>, in April 2023.<\/p>\n\n\n\n<p class=\"has-small-font-size\">Human Rights Watch. (2013). Children and Armed Conflict. Retrieved from Human Rights Watch at <a href=\"https:\/\/www.hrw.org\/topic\/childrens-rights\/children-and-armed-conflict\" target=\"_blank\" rel=\"noreferrer noopener\">https:\/\/www.hrw.org\/topic\/childrens-rights\/children-and-armed-conflict<\/a>, in April 2023.<\/p>\n\n\n\n<p class=\"has-small-font-size\">International Committe of the Red Cross. (n.d.). Protected persons: children. Retrieved from International Committe of the Red Cross at <a href=\"https:\/\/www.icrc.org\/en\/war-and-law\/protected-persons\/children\" target=\"_blank\" rel=\"noreferrer noopener\">https:\/\/www.icrc.org\/en\/war-and-law\/protected-persons\/children<\/a>, in April 2023.<\/p>\n\n\n\n<p class=\"has-small-font-size\">International Committee of the Red Cross. (n.d.). Captured child combatants. Retrieved from International Committee of the Red Cross at <a href=\"https:\/\/www.icrc.org\/en\/doc\/resources\/documents\/article\/other\/57jmea.htm\" target=\"_blank\" rel=\"noreferrer noopener\">https:\/\/www.icrc.org\/en\/doc\/resources\/documents\/article\/other\/57jmea.htm<\/a>, in May 2023.<\/p>\n\n\n\n<p class=\"has-small-font-size\">International Committee of the Red Cross. (n.d.). Glossary. Retrieved from International Committee of the Red Cross at <a href=\"https:\/\/casebook.icrc.org\/a_to_z\/glossary\/international-armed-conflict\" target=\"_blank\" rel=\"noreferrer noopener\">https:\/\/casebook.icrc.org\/a_to_z\/glossary\/international-armed-conflict<\/a>, in April 2023.<\/p>\n\n\n\n<p class=\"has-small-font-size\">International Committee of the Red Cross. (1977, June 8). Protocol Additional I to the Geneva Conventions<em>.<\/em> Retrieved from International Committee of the Red Cross at <a href=\"https:\/\/ihl-databases.icrc.org\/en\/ihl-treaties\/api-1977\" target=\"_blank\" rel=\"noreferrer noopener\">https:\/\/ihl-databases.icrc.org\/en\/ihl-treaties\/api-1977<\/a>, in April 2023.<\/p>\n\n\n\n<p class=\"has-small-font-size\">International Committee of the Red Cross. (1977, June 8). Protocol Additional II to the Geneva Conventions<em>.<\/em> Retrieved from International Committee of the Red Cross at <a href=\"https:\/\/ihl-databases.icrc.org\/en\/ihl-treaties\/apii-1977\" target=\"_blank\" rel=\"noreferrer noopener\">https:\/\/ihl-databases.icrc.org\/en\/ihl-treaties\/apii-1977<\/a>, in April 2023.<\/p>\n\n\n\n<p class=\"has-small-font-size\">International Committee of the Red Cross. (1949, August 12). The Geneva Conventions of 1949<em>.<\/em> Retrieved from International Committee of the Red Cross at <a href=\"https:\/\/www.icrc.org\/en\/doc\/assets\/files\/publications\/icrc-002-0173.pdf\" target=\"_blank\" rel=\"noreferrer noopener\">https:\/\/www.icrc.org\/en\/doc\/assets\/files\/publications\/icrc-002-0173.pdf<\/a>, in April 2023.<\/p>\n\n\n\n<p class=\"has-small-font-size\">Jelena Pejic. (2001, December). The right to food in situations of armed conflict: The legal framework<em>.<\/em> Retrieved from International Committee of the Red Cross at <a href=\"https:\/\/www.icrc.org\/en\/doc\/assets\/files\/other\/irrc-844-pejic.pdf\" target=\"_blank\" rel=\"noreferrer noopener\">https:\/\/www.icrc.org\/en\/doc\/assets\/files\/other\/irrc-844-pejic.pdf<\/a>, in May 2023.<\/p>\n\n\n\n<p class=\"has-small-font-size\">M\u00e9decins Sans Fronti\u00e8res. (n.d.). The Practical Guide to Humanitarian Law. Retrieved from M\u00e9decins Sans Fronti\u00e8res at <a href=\"https:\/\/guide-humanitarian-law.org\/content\/article\/3\/war\/#:~:text=War%20is%20a%20phenomenon%20of,called%20%E2%80%9Cinternational%20humanitarian%20law.%E2%80%9D\" target=\"_blank\" rel=\"noreferrer noopener\">https:\/\/guide-humanitarian-law.org\/content\/article\/3\/war\/#:~:text=War%20is%20a%20phenomenon%20of,called%20%E2%80%9Cinternational%20humanitarian%20law.%E2%80%9D<\/a>, in April 2023.<\/p>\n\n\n\n<p class=\"has-small-font-size\">Office of the Special Representative of the Secretary General for Children and Armed Conflict. (n.d.). Child Recruitment and Use. Retrieved from United Nations at&nbsp; <a href=\"https:\/\/childrenandarmedconflict.un.org\/six-grave-violations\/child-soldiers\/\" target=\"_blank\" rel=\"noreferrer noopener\">https:\/\/childrenandarmedconflict.un.org\/six-grave-violations\/child-soldiers\/<\/a>, in April 2023.<\/p>\n\n\n\n<p class=\"has-small-font-size\">Psychiatric Times. (2022, March 8). The Psychosocial Impacts of War and Armed Conflict on Children. Retrieved from Psychiatric Times at <a href=\"https:\/\/www.psychiatrictimes.com\/view\/the-psychosocial-impacts-of-war-and-armed-conflict-on-children\" target=\"_blank\" rel=\"noreferrer noopener\">https:\/\/www.psychiatrictimes.com\/view\/the-psychosocial-impacts-of-war-and-armed-conflict-on-children<\/a>, in April 2023.<\/p>\n\n\n\n<p class=\"has-small-font-size\">UNICEF. (2022, June). 25 years of children and armed conflict: taking action to protect children in war<em>.<\/em> Retrieved from UNICEF at <a href=\"https:\/\/www.unicef.org\/media\/123021\/file\/25%20Years%20Children%20in%20Armed%20Conflict.pdf\">https:\/\/www.unicef.org\/media\/<\/a><a href=\"https:\/\/www.unicef.org\/media\/123021\/file\/25%20Years%20Children%20in%20Armed%20Conflict.pdf\" target=\"_blank\" rel=\"noreferrer noopener\">123021<\/a><a href=\"https:\/\/www.unicef.org\/media\/123021\/file\/25%20Years%20Children%20in%20Armed%20Conflict.pdf\">\/file\/25%20Years%20Children%20in%20Armed%20Conflict.pdf<\/a>, in April 2023.<\/p>\n\n\n\n<p class=\"has-small-font-size\">UNICEF. (2022, April 8). As conflict changes, so do the dangers for children. Retrieved from UNICEF at <a href=\"https:\/\/www.unicef.org\/blog\/conflict-changes-so-do-dangers-children\" target=\"_blank\" rel=\"noreferrer noopener\">https:\/\/www.unicef.org\/blog\/conflict-changes-so-do-dangers-children<\/a>, in April 2023.<\/p>\n\n\n\n<p class=\"has-small-font-size\">UNICEF. (2017, August 29). Children\u2019s access to safe water and sanitation is a right, not a privilege. Retrieved from UNICEF at <a href=\"https:\/\/www.un.org\/sustainabledevelopment\/blog\/2017\/08\/childrens-access-to-safe-water-and-sanitation-is-a-right-not-a-privilege-unicef\/\" target=\"_blank\" rel=\"noreferrer noopener\">https:\/\/www.un.org\/sustainabledevelopment\/blog\/2017\/08\/childrens-access-to-safe-water-and-sanitation-is-a-right-not-a-privilege-unicef\/<\/a>, in May 2023.<\/p>\n\n\n\n<p class=\"has-small-font-size\">UNICEF. (n.d.). Convention on the Rights of the Child: The children&#8217;s version. Retrieved from UNICEF at <a href=\"https:\/\/www.unicef.org\/child-rights-convention\/convention-text-childrens-version#:~:text=A%20child%20is%20any%20person%20under%20the%20age%20of%2018\" target=\"_blank\" rel=\"noreferrer noopener\">https:\/\/www.unicef.org\/child-rights-convention\/convention-text-childrens-version#:~:text=A%20child%20is%20any%20person%20under%20the%20age%20of%2018<\/a>, in April 2023.<\/p>\n\n\n\n<p class=\"has-small-font-size\">UNICEF. (n.d.). Education under attack. Retrieved from UNICEF at <a href=\"https:\/\/www.unicef.org\/education-under-attack\" target=\"_blank\" rel=\"noreferrer noopener\">https:\/\/www.unicef.org\/education-under-attack<\/a>, in May 2023.<\/p>\n\n\n\n<p class=\"has-small-font-size\">UNICEF. (2007, February). The Paris Principles<em>.<\/em> Retrieved from UNICEF at <a href=\"https:\/\/www.unicef.org\/mali\/media\/1561\/file\/ParisPrinciples.pdf\" target=\"_blank\" rel=\"noreferrer noopener\">https:\/\/www.unicef.org\/mali\/media\/1561\/file\/ParisPrinciples.pdf<\/a>, in April 2023.<\/p>\n\n\n\n<p class=\"has-small-font-size\">UNICEF USA. (n.d.). Children in war and conflict. Retrieved from UNICEF USA at <a href=\"https:\/\/www.unicefusa.org\/what-unicef-does\/emergency-response\/conflict\" target=\"_blank\" rel=\"noreferrer noopener\">https:\/\/www.unicefusa.org\/what-unicef-does\/emergency-response\/conflict<\/a>, in April 2023.<\/p>\n\n\n\n<p class=\"has-small-font-size\">United Nations. (1990, September 2). Convention on the Rights of the Child<em>.<\/em> Retrieved from United Nations at <a href=\"https:\/\/www.ohchr.org\/sites\/default\/files\/Documents\/ProfessionalInterest\/crc.pdf\" target=\"_blank\" rel=\"noreferrer noopener\">https:\/\/www.ohchr.org\/sites\/default\/files\/Documents\/ProfessionalInterest\/crc.pdf<\/a>, April 2023.<\/p>\n\n\n\n<p class=\"has-small-font-size\">United Nations. (2019, August 30). More than half of world\u2019s refugee children \u2018do not get an education\u2019, warns UNHCR. Retrieved from United Nations at <a href=\"https:\/\/news.un.org\/en\/story\/2019\/08\/1045281\" target=\"_blank\" rel=\"noreferrer noopener\">https:\/\/news.un.org\/en\/story\/2019\/08\/1045281<\/a>, in May 2023.<\/p>\n\n\n\n<p class=\"has-small-font-size\">United Nations. (2013, November 5). Protecting Healthcare in Conflict, Protecting Future Generations. Retrieved from United Nations at <a href=\"https:\/\/childrenandarmedconflict.un.org\/2013\/11\/protecting-healthcare-in-conflict\/\" target=\"_blank\" rel=\"noreferrer noopener\">https:\/\/childrenandarmedconflict.un.org\/2013\/11\/protecting-healthcare-in-conflict\/<\/a>, in May 2023.<\/p>\n\n\n\n<p class=\"has-small-font-size\">War Childhood Museum. (n.d.). Impact of War on Children. Retrieved from War Childhood Museum at <a href=\"https:\/\/warchildhood.org\/impact-of-war-on-children\/\" target=\"_blank\" rel=\"noreferrer noopener\">https:\/\/warchildhood.org\/impact-of-war-on-children\/<\/a>, in April 2023.<\/p>\n","protected":false},"excerpt":{"rendered":"<p>Lamentablemente, la guerra no es nada nuevo en la realidad actual. Se estima que m\u00e1s de 400 millones de ni\u00f1os est\u00e1n actualmente viviendo en pa\u00edses en donde ocurren guerras o otro tipo de conflictos violentos y se enfrentan a una exposici\u00f3n desproporcionada a cr\u00edmenes crueles y violentos. Los derechos humanos de los ni\u00f1os est\u00e1n gravemente [&hellip;]<\/p>\n","protected":false},"author":1,"featured_media":18785,"parent":336,"menu_order":0,"comment_status":"closed","ping_status":"closed","template":"","meta":{"footnotes":""},"class_list":["post-327","page","type-page","status-publish","has-post-thumbnail","hentry"],"yoast_head":"<!-- This site is optimized with the Yoast SEO plugin v26.5 - https:\/\/yoast.com\/wordpress\/plugins\/seo\/ -->\n<title>Ni\u00f1os en contextos b\u00e9licos - Humanium<\/title>\n<meta name=\"description\" content=\"Se calcula que m\u00e1s de 400 millones de ni\u00f1os viven actualmente en pa\u00edses donde hay guerras u otros tipos de conflictos violentos.\" \/>\n<meta name=\"robots\" content=\"index, follow, max-snippet:-1, max-image-preview:large, max-video-preview:-1\" \/>\n<link rel=\"canonical\" href=\"https:\/\/www.humanium.org\/es\/enfoques-tematicos\/violencia\/ninos-guerra\/\" \/>\n<meta property=\"og:locale\" content=\"es_ES\" \/>\n<meta property=\"og:type\" content=\"article\" \/>\n<meta property=\"og:title\" content=\"Ni\u00f1os en contextos b\u00e9licos - Humanium\" \/>\n<meta property=\"og:description\" content=\"Se calcula que m\u00e1s de 400 millones de ni\u00f1os viven actualmente en pa\u00edses donde hay guerras u otros tipos de conflictos violentos.\" \/>\n<meta property=\"og:url\" content=\"https:\/\/www.humanium.org\/es\/enfoques-tematicos\/violencia\/ninos-guerra\/\" \/>\n<meta property=\"og:site_name\" content=\"Humanium\" \/>\n<meta property=\"article:modified_time\" content=\"2024-05-11T11:22:19+00:00\" \/>\n<meta property=\"og:image\" content=\"https:\/\/www.humanium.org\/es\/wp-content\/uploads\/2024\/05\/shutterstock_2129086961.jpg\" \/>\n\t<meta property=\"og:image:width\" content=\"1000\" \/>\n\t<meta property=\"og:image:height\" content=\"667\" \/>\n\t<meta property=\"og:image:type\" content=\"image\/jpeg\" \/>\n<meta name=\"twitter:card\" content=\"summary_large_image\" \/>\n<meta name=\"twitter:label1\" content=\"Tiempo de lectura\" \/>\n\t<meta name=\"twitter:data1\" content=\"11 minutos\" \/>\n<script type=\"application\/ld+json\" class=\"yoast-schema-graph\">{\"@context\":\"https:\/\/schema.org\",\"@graph\":[{\"@type\":\"WebPage\",\"@id\":\"https:\/\/www.humanium.org\/es\/enfoques-tematicos\/violencia\/ninos-guerra\/\",\"url\":\"https:\/\/www.humanium.org\/es\/enfoques-tematicos\/violencia\/ninos-guerra\/\",\"name\":\"Ni\u00f1os en contextos b\u00e9licos - Humanium\",\"isPartOf\":{\"@id\":\"https:\/\/www.humanium.org\/es\/#website\"},\"primaryImageOfPage\":{\"@id\":\"https:\/\/www.humanium.org\/es\/enfoques-tematicos\/violencia\/ninos-guerra\/#primaryimage\"},\"image\":{\"@id\":\"https:\/\/www.humanium.org\/es\/enfoques-tematicos\/violencia\/ninos-guerra\/#primaryimage\"},\"thumbnailUrl\":\"https:\/\/www.humanium.org\/es\/wp-content\/uploads\/2024\/05\/shutterstock_2129086961.jpg\",\"datePublished\":\"2012-12-03T10:08:43+00:00\",\"dateModified\":\"2024-05-11T11:22:19+00:00\",\"description\":\"Se calcula que m\u00e1s de 400 millones de ni\u00f1os viven actualmente en pa\u00edses donde hay guerras u otros tipos de conflictos violentos.\",\"breadcrumb\":{\"@id\":\"https:\/\/www.humanium.org\/es\/enfoques-tematicos\/violencia\/ninos-guerra\/#breadcrumb\"},\"inLanguage\":\"es\",\"potentialAction\":[{\"@type\":\"ReadAction\",\"target\":[\"https:\/\/www.humanium.org\/es\/enfoques-tematicos\/violencia\/ninos-guerra\/\"]}]},{\"@type\":\"ImageObject\",\"inLanguage\":\"es\",\"@id\":\"https:\/\/www.humanium.org\/es\/enfoques-tematicos\/violencia\/ninos-guerra\/#primaryimage\",\"url\":\"https:\/\/www.humanium.org\/es\/wp-content\/uploads\/2024\/05\/shutterstock_2129086961.jpg\",\"contentUrl\":\"https:\/\/www.humanium.org\/es\/wp-content\/uploads\/2024\/05\/shutterstock_2129086961.jpg\",\"width\":1000,\"height\":667},{\"@type\":\"BreadcrumbList\",\"@id\":\"https:\/\/www.humanium.org\/es\/enfoques-tematicos\/violencia\/ninos-guerra\/#breadcrumb\",\"itemListElement\":[{\"@type\":\"ListItem\",\"position\":1,\"name\":\"Home\",\"item\":\"https:\/\/www.humanium.org\/es\/\"},{\"@type\":\"ListItem\",\"position\":2,\"name\":\"Enfoques tem\u00e1ticos\",\"item\":\"https:\/\/www.humanium.org\/es\/enfoques-tematicos\/\"},{\"@type\":\"ListItem\",\"position\":3,\"name\":\"Violencia\",\"item\":\"https:\/\/www.humanium.org\/es\/enfoques-tematicos\/violencia\/\"},{\"@type\":\"ListItem\",\"position\":4,\"name\":\"Ni\u00f1os en contextos b\u00e9licos\"}]},{\"@type\":\"WebSite\",\"@id\":\"https:\/\/www.humanium.org\/es\/#website\",\"url\":\"https:\/\/www.humanium.org\/es\/\",\"name\":\"Humanium\",\"description\":\"\u00a1Los ni\u00f1os primero!\",\"potentialAction\":[{\"@type\":\"SearchAction\",\"target\":{\"@type\":\"EntryPoint\",\"urlTemplate\":\"https:\/\/www.humanium.org\/es\/?s={search_term_string}\"},\"query-input\":{\"@type\":\"PropertyValueSpecification\",\"valueRequired\":true,\"valueName\":\"search_term_string\"}}],\"inLanguage\":\"es\"}]}<\/script>\n<!-- \/ Yoast SEO plugin. -->","yoast_head_json":{"title":"Ni\u00f1os en contextos b\u00e9licos - Humanium","description":"Se calcula que m\u00e1s de 400 millones de ni\u00f1os viven actualmente en pa\u00edses donde hay guerras u otros tipos de conflictos violentos.","robots":{"index":"index","follow":"follow","max-snippet":"max-snippet:-1","max-image-preview":"max-image-preview:large","max-video-preview":"max-video-preview:-1"},"canonical":"https:\/\/www.humanium.org\/es\/enfoques-tematicos\/violencia\/ninos-guerra\/","og_locale":"es_ES","og_type":"article","og_title":"Ni\u00f1os en contextos b\u00e9licos - Humanium","og_description":"Se calcula que m\u00e1s de 400 millones de ni\u00f1os viven actualmente en pa\u00edses donde hay guerras u otros tipos de conflictos violentos.","og_url":"https:\/\/www.humanium.org\/es\/enfoques-tematicos\/violencia\/ninos-guerra\/","og_site_name":"Humanium","article_modified_time":"2024-05-11T11:22:19+00:00","og_image":[{"width":1000,"height":667,"url":"https:\/\/www.humanium.org\/es\/wp-content\/uploads\/2024\/05\/shutterstock_2129086961.jpg","type":"image\/jpeg"}],"twitter_card":"summary_large_image","twitter_misc":{"Tiempo de lectura":"11 minutos"},"schema":{"@context":"https:\/\/schema.org","@graph":[{"@type":"WebPage","@id":"https:\/\/www.humanium.org\/es\/enfoques-tematicos\/violencia\/ninos-guerra\/","url":"https:\/\/www.humanium.org\/es\/enfoques-tematicos\/violencia\/ninos-guerra\/","name":"Ni\u00f1os en contextos b\u00e9licos - Humanium","isPartOf":{"@id":"https:\/\/www.humanium.org\/es\/#website"},"primaryImageOfPage":{"@id":"https:\/\/www.humanium.org\/es\/enfoques-tematicos\/violencia\/ninos-guerra\/#primaryimage"},"image":{"@id":"https:\/\/www.humanium.org\/es\/enfoques-tematicos\/violencia\/ninos-guerra\/#primaryimage"},"thumbnailUrl":"https:\/\/www.humanium.org\/es\/wp-content\/uploads\/2024\/05\/shutterstock_2129086961.jpg","datePublished":"2012-12-03T10:08:43+00:00","dateModified":"2024-05-11T11:22:19+00:00","description":"Se calcula que m\u00e1s de 400 millones de ni\u00f1os viven actualmente en pa\u00edses donde hay guerras u otros tipos de conflictos violentos.","breadcrumb":{"@id":"https:\/\/www.humanium.org\/es\/enfoques-tematicos\/violencia\/ninos-guerra\/#breadcrumb"},"inLanguage":"es","potentialAction":[{"@type":"ReadAction","target":["https:\/\/www.humanium.org\/es\/enfoques-tematicos\/violencia\/ninos-guerra\/"]}]},{"@type":"ImageObject","inLanguage":"es","@id":"https:\/\/www.humanium.org\/es\/enfoques-tematicos\/violencia\/ninos-guerra\/#primaryimage","url":"https:\/\/www.humanium.org\/es\/wp-content\/uploads\/2024\/05\/shutterstock_2129086961.jpg","contentUrl":"https:\/\/www.humanium.org\/es\/wp-content\/uploads\/2024\/05\/shutterstock_2129086961.jpg","width":1000,"height":667},{"@type":"BreadcrumbList","@id":"https:\/\/www.humanium.org\/es\/enfoques-tematicos\/violencia\/ninos-guerra\/#breadcrumb","itemListElement":[{"@type":"ListItem","position":1,"name":"Home","item":"https:\/\/www.humanium.org\/es\/"},{"@type":"ListItem","position":2,"name":"Enfoques tem\u00e1ticos","item":"https:\/\/www.humanium.org\/es\/enfoques-tematicos\/"},{"@type":"ListItem","position":3,"name":"Violencia","item":"https:\/\/www.humanium.org\/es\/enfoques-tematicos\/violencia\/"},{"@type":"ListItem","position":4,"name":"Ni\u00f1os en contextos b\u00e9licos"}]},{"@type":"WebSite","@id":"https:\/\/www.humanium.org\/es\/#website","url":"https:\/\/www.humanium.org\/es\/","name":"Humanium","description":"\u00a1Los ni\u00f1os primero!","potentialAction":[{"@type":"SearchAction","target":{"@type":"EntryPoint","urlTemplate":"https:\/\/www.humanium.org\/es\/?s={search_term_string}"},"query-input":{"@type":"PropertyValueSpecification","valueRequired":true,"valueName":"search_term_string"}}],"inLanguage":"es"}]}},"_links":{"self":[{"href":"https:\/\/www.humanium.org\/es\/wp-json\/wp\/v2\/pages\/327","targetHints":{"allow":["GET"]}}],"collection":[{"href":"https:\/\/www.humanium.org\/es\/wp-json\/wp\/v2\/pages"}],"about":[{"href":"https:\/\/www.humanium.org\/es\/wp-json\/wp\/v2\/types\/page"}],"author":[{"embeddable":true,"href":"https:\/\/www.humanium.org\/es\/wp-json\/wp\/v2\/users\/1"}],"replies":[{"embeddable":true,"href":"https:\/\/www.humanium.org\/es\/wp-json\/wp\/v2\/comments?post=327"}],"version-history":[{"count":17,"href":"https:\/\/www.humanium.org\/es\/wp-json\/wp\/v2\/pages\/327\/revisions"}],"predecessor-version":[{"id":18787,"href":"https:\/\/www.humanium.org\/es\/wp-json\/wp\/v2\/pages\/327\/revisions\/18787"}],"up":[{"embeddable":true,"href":"https:\/\/www.humanium.org\/es\/wp-json\/wp\/v2\/pages\/336"}],"wp:featuredmedia":[{"embeddable":true,"href":"https:\/\/www.humanium.org\/es\/wp-json\/wp\/v2\/media\/18785"}],"wp:attachment":[{"href":"https:\/\/www.humanium.org\/es\/wp-json\/wp\/v2\/media?parent=327"}],"curies":[{"name":"wp","href":"https:\/\/api.w.org\/{rel}","templated":true}]}}