{"id":3575,"date":"2013-08-13T17:04:31","date_gmt":"2013-08-13T17:04:31","guid":{"rendered":"http:\/\/www.humanium.org\/es\/?page_id=3575"},"modified":"2025-12-05T17:50:53","modified_gmt":"2025-12-05T17:50:53","slug":"myanmar","status":"publish","type":"page","link":"https:\/\/www.humanium.org\/es\/myanmar\/","title":{"rendered":"Ni\u00f1os de Myanmar"},"content":{"rendered":"<h1>Ni\u00f1os de Myanmar<\/h1>\n<h2>Descubriendo los Derechos del Ni\u00f1o de Myanmar<\/h2>\n<p style=\"text-align: center;\"><img loading=\"lazy\" decoding=\"async\" class=\"alignnone size-full wp-image-14032\" title=\"Ni\u00f1a de Myanmar \u00a9 Francis Deport (flickr)\" src=\"https:\/\/www.humanium.org\/fr\/wp-content\/uploads\/2011\/09\/fillette-francis-deport-flickr.jpg\" alt=\"\" width=\"188\" height=\"200\" \/> <img loading=\"lazy\" decoding=\"async\" class=\"alignnone size-full wp-image-14031\" title=\"Ni\u00f1o de Myanmar \u00a9 Worak (flickr)\" src=\"https:\/\/www.humanium.org\/fr\/wp-content\/uploads\/2011\/09\/garcon-worak-flickr.jpg\" alt=\"\" width=\"133\" height=\"200\" \/><\/p>\n<p>A principio de los a\u00f1os 60, Myanmar era una de las naciones m\u00e1s pr\u00f3speras del sur de Asia. Sin embargo, desde el golpe de Estado de 1962, el Gobierno lo constituye una Junta Militar, lo que ha convertido a Myanmar en uno de los pa\u00edses m\u00e1s pobres del mundo. En este contexto, no es de extra\u00f1ar que los derechos del ni\u00f1o apenas sean respetados.<\/p>\n<h3>Principales problemas que afectan a los ni\u00f1os en Myanmar<\/h3>\n<p><strong><a href=\"https:\/\/www.humanium.org\/es\/pobreza-infantil\/\">Pobreza<\/a><\/strong><\/p>\n<p><img loading=\"lazy\" decoding=\"async\" class=\"alignright size-full wp-image-14051\" title=\"La pobreza afecta principalmente a los ni\u00f1os de las regiones rurales \u00a9 z\u00e9rox (flickr).\" src=\"https:\/\/www.humanium.org\/fr\/wp-content\/uploads\/2011\/09\/pauvrete-zero-x-flickr.jpg\" alt=\"\" width=\"216\" height=\"169\" \/><\/p>\n<p>Myanmar padece<a href=\"https:\/\/www.humanium.org\/es\/pobreza-infantil\/\"> pobreza<\/a> estructural: el 32% de la poblaci\u00f3n vive por debajo del umbral de la pobreza. Por ejemplo, el Producto Interior Bruto (PIB) por habitante es de 1.246 d\u00f3lares, frente a $ 46 100 en Canad\u00e1.<\/p>\n<p>Este tipo de <a href=\"https:\/\/www.humanium.org\/es\/pobreza-infantil\/\">pobreza<\/a>, impide que los ni\u00f1os disfruten de los derechos m\u00e1s b\u00e1sicos y fundamentales, siendo los ni\u00f1os de las regiones rurales los m\u00e1s afectados.<\/p>\n<p><strong><a href=\"https:\/\/www.humanium.org\/es\/derecho-salud\/\">Derecho a la salud<\/a><\/strong><\/p>\n<p>La falta de medios materiales y de personal capacitado incide negativamente en la <a href=\"https:\/\/www.humanium.org\/es\/derecho-salud\/\">salud<\/a> de los ni\u00f1os, sobre todo en las familias m\u00e1s pobres. De hecho, alrededor del 70% de los ni\u00f1os de Myanmar <a href=\"https:\/\/www.humanium.org\/es\/mortalidad-infantil\/\">fallece antes de cumplir los cinco a\u00f1os.<\/a><\/p>\n<p>Otros indicadores alarmantes sobre la salud de los ni\u00f1os son la (desnutrici\u00f3n) a menudo presente desde el nacimiento\u2014 y el <a href=\"https:\/\/www.humanium.org\/es\/ninos-sida\/\">Sida<\/a>; normalmente por contagio de madre a hijo. Se estima que, a\u00fan hoy, existe un gran n\u00famero de ni\u00f1os que padecen estas enfermedades.<\/p>\n<p>Para conseguir mejorar las condiciones de vida de los menores, el riesgo de contagio del VIH de madre a hijo deber\u00eda erradicarse.<\/p>\n<p><strong><a href=\"https:\/\/www.humanium.org\/es\/derecho-educacion\/\">Derecho a la Educaci\u00f3n<\/a><\/strong><\/p>\n<p><img loading=\"lazy\" decoding=\"async\" class=\"alignright size-full wp-image-14052\" title=\"El 20% de los ni\u00f1os birmanos son analfabetos \u00a9 Atti la (flickr)\" src=\"https:\/\/www.humanium.org\/fr\/wp-content\/uploads\/2011\/09\/education-atti-la-no-retouch-flickr.jpg\" alt=\"\" width=\"217\" height=\"145\" \/>La Educaci\u00f3n es obligatoria hasta los 10 a\u00f1os, edad bastante baja comparada con la media internacional. No obstante, se estima que el 20% de los ni\u00f1os de Myanmar no est\u00e1n escolarizados.<\/p>\n<p>El Gobierno apenas invierte en<a href=\"https:\/\/www.humanium.org\/es\/derecho-educacion\/\">educaci\u00f3n<\/a>, y los padres no siempre pueden costear los estudios de sus hijos.<\/p>\n<p><strong><a href=\"https:\/\/www.humanium.org\/es\/abuso-infantil\/\">Violencia contra los ni\u00f1os<\/a><\/strong><\/p>\n<p>Los ni\u00f1os de Myanmar est\u00e1n constantemente sometidos a todo tipo de violencia: f\u00edsica, sexual, psicol\u00f3gica, etc.<\/p>\n<p>A menudo, esta violencia viene dada por el contexto de los sucesivos conflictos armados que sacuden al pa\u00eds. Esta deplorable situaci\u00f3n dificulta el establecimiento de estructuras que se dediquen a cubrir las necesidades de los ni\u00f1os.<\/p>\n<p><strong><a href=\"https:\/\/www.humanium.org\/es\/trabajo-infantil\/\">Trabajo infantil<\/a><\/strong><\/p>\n<p><img loading=\"lazy\" decoding=\"async\" class=\"alignright size-full wp-image-14053\" title=\"Algunos ni\u00f1os son obligados a trabajar para ayudar al mantenimiento econ\u00f3mico de sus familias \u00a9 Francis Deport (flickr)\" src=\"https:\/\/www.humanium.org\/fr\/wp-content\/uploads\/2011\/09\/travail-francis-deport-flickr.jpg\" alt=\"\" width=\"171\" height=\"161\" \/>os ni\u00f1os de las familias pobres son las principales v\u00edctimas de este problema. Muchos de ellos son forzados a buscar trabajo para ayudar a cubrir las necesidades de sus familias.<\/p>\n<p>Generalmente, se les obliga a trabajar en minas, en la construcci\u00f3n o en el servicio dom\u00e9stico. Estos <a href=\"https:\/\/www.humanium.org\/es\/trabajo-infantil\/\">trabajos<\/a> ponen en peligro su <a href=\"https:\/\/www.humanium.org\/es\/derecho-salud\/\">salud<\/a> e inciden negativamente en su desarrollo f\u00edsico y psicol\u00f3gico.<\/p>\n<p><strong><a href=\"https:\/\/www.humanium.org\/es\/ninos-desplazados\/\">Ni\u00f1os desplazados<\/a><\/strong><\/p>\n<p>En Myanmar, las dificultades econ\u00f3micas y el conflicto armado han provocado que m\u00e1s de 500.000 personas abandonen sus hogares. La situaci\u00f3n es alarmante: m\u00e1s de un tercio de estos <a href=\"https:\/\/www.humanium.org\/es\/ninos-desplazados\/\">desplazados<\/a> son ni\u00f1os.<\/p>\n<p>Son testigos de atrocidades y a veces, v\u00edctimas de la propia violencia. Estos ni\u00f1os viven en una situaci\u00f3n de estr\u00e9s diario. Privados de un techo donde cobijarse, del <a href=\"https:\/\/www.humanium.org\/es\/derecho-educacion\/\">acceso a la educaci\u00f3n<\/a> y a los servicios sociales m\u00e1s b\u00e1sicos. Necesitan protecci\u00f3n de manera urgente. lo que hace necesario trabajar intensamente en esta direcci\u00f3n.<\/p>\n<p><strong><a href=\"https:\/\/www.humanium.org\/es\/ninos-soldado\/\">Ni\u00f1os soldados<\/a><\/strong><\/p>\n<p><img loading=\"lazy\" decoding=\"async\" class=\"alignright size-full wp-image-14054\" title=\"Muchos ni\u00f1os, algunos con apenas 14 a\u00f1os, son alistados en el ej\u00e9rcito en contra de su voluntad \u00a9 Jr Trauben (flickr)\" src=\"https:\/\/www.humanium.org\/fr\/wp-content\/uploads\/2011\/09\/soldat-jr-trauben-flickr.jpg\" alt=\"\" width=\"179\" height=\"200\" \/>La edad m\u00ednima legal para alistarse en el ej\u00e9rcito es de 18 a\u00f1os. Sin embargo, ni\u00f1os con apenas 14 a\u00f1os suelen ser secuestrados y obligados a luchar contra rebeldes de las distintas etnias.<\/p>\n<p>Estos ni\u00f1os se pasan el d\u00eda en campamentos de adiestramiento donde las condiciones son terribles: violencia, insalubridad, escasez de alimentos, etc. Algunos deciden desertar y abandonan los campamentos, asumiendo el riesgo que ello conlleva.<\/p>\n<p><strong><a href=\"https:\/\/www.humanium.org\/es\/derecho-identidad\/\">Derecho a la identidad<\/a><\/strong><\/p>\n<p>En Myanmar, el 65% de los nacimientos no son registrados de forma legal. Las regiones rurales son las m\u00e1s afectadas por esta situaci\u00f3n, puesto que las matronas registran los nacimientos de manera extraoficial.<\/p>\n<p>Muy pocos nacimientos son registrados ante las autoridades competentes y, como consecuencia de ello, se crea una masa de <a href=\"https:\/\/www.humanium.org\/es\/derecho-identidad\/\">ni\u00f1os inexistentes a ojos de la sociedad.<\/a><\/p>\n","protected":false},"excerpt":{"rendered":"<p>Ni\u00f1os de Myanmar Descubriendo los Derechos del Ni\u00f1o de Myanmar A principio de los a\u00f1os 60, Myanmar era una de las naciones m\u00e1s pr\u00f3speras del sur de Asia. Sin embargo, desde el golpe de Estado de 1962, el Gobierno lo constituye una Junta Militar, lo que ha convertido a Myanmar en uno de los pa\u00edses [&hellip;]<\/p>\n","protected":false},"author":1,"featured_media":0,"parent":0,"menu_order":0,"comment_status":"closed","ping_status":"open","template":"","meta":{"footnotes":""},"class_list":["post-3575","page","type-page","status-publish","hentry"],"yoast_head":"<!-- This site is optimized with the Yoast SEO plugin v26.5 - https:\/\/yoast.com\/wordpress\/plugins\/seo\/ -->\n<title>Ni\u00f1os de Myanmar - Humanium<\/title>\n<meta name=\"description\" content=\"El Gobierno de Myanmar esta constituido por una Junta Militar. En este contexto, no es de extra\u00f1ar que los derechos del ni\u00f1o apenas sean respetados.\" \/>\n<meta name=\"robots\" content=\"index, follow, max-snippet:-1, max-image-preview:large, max-video-preview:-1\" \/>\n<link rel=\"canonical\" href=\"https:\/\/www.humanium.org\/es\/myanmar\/\" \/>\n<meta property=\"og:locale\" content=\"es_ES\" \/>\n<meta property=\"og:type\" content=\"article\" \/>\n<meta property=\"og:title\" content=\"Ni\u00f1os de Myanmar - Humanium\" \/>\n<meta property=\"og:description\" content=\"El Gobierno de Myanmar esta constituido por una Junta Militar. En este contexto, no es de extra\u00f1ar que los derechos del ni\u00f1o apenas sean respetados.\" \/>\n<meta property=\"og:url\" content=\"https:\/\/www.humanium.org\/es\/myanmar\/\" \/>\n<meta property=\"og:site_name\" content=\"Humanium\" \/>\n<meta property=\"article:modified_time\" content=\"2025-12-05T17:50:53+00:00\" \/>\n<meta name=\"twitter:card\" content=\"summary_large_image\" \/>\n<meta name=\"twitter:label1\" content=\"Tiempo de lectura\" \/>\n\t<meta name=\"twitter:data1\" content=\"5 minutos\" \/>\n<script type=\"application\/ld+json\" class=\"yoast-schema-graph\">{\"@context\":\"https:\/\/schema.org\",\"@graph\":[{\"@type\":\"WebPage\",\"@id\":\"https:\/\/www.humanium.org\/es\/myanmar\/\",\"url\":\"https:\/\/www.humanium.org\/es\/myanmar\/\",\"name\":\"Ni\u00f1os de Myanmar - Humanium\",\"isPartOf\":{\"@id\":\"https:\/\/www.humanium.org\/es\/#website\"},\"primaryImageOfPage\":{\"@id\":\"https:\/\/www.humanium.org\/es\/myanmar\/#primaryimage\"},\"image\":{\"@id\":\"https:\/\/www.humanium.org\/es\/myanmar\/#primaryimage\"},\"thumbnailUrl\":\"https:\/\/www.humanium.org\/fr\/wp-content\/uploads\/2011\/09\/fillette-francis-deport-flickr.jpg\",\"datePublished\":\"2013-08-13T17:04:31+00:00\",\"dateModified\":\"2025-12-05T17:50:53+00:00\",\"description\":\"El Gobierno de Myanmar esta constituido por una Junta Militar. En este contexto, no es de extra\u00f1ar que los derechos del ni\u00f1o apenas sean respetados.\",\"breadcrumb\":{\"@id\":\"https:\/\/www.humanium.org\/es\/myanmar\/#breadcrumb\"},\"inLanguage\":\"es\",\"potentialAction\":[{\"@type\":\"ReadAction\",\"target\":[\"https:\/\/www.humanium.org\/es\/myanmar\/\"]}]},{\"@type\":\"ImageObject\",\"inLanguage\":\"es\",\"@id\":\"https:\/\/www.humanium.org\/es\/myanmar\/#primaryimage\",\"url\":\"https:\/\/www.humanium.org\/fr\/wp-content\/uploads\/2011\/09\/fillette-francis-deport-flickr.jpg\",\"contentUrl\":\"https:\/\/www.humanium.org\/fr\/wp-content\/uploads\/2011\/09\/fillette-francis-deport-flickr.jpg\"},{\"@type\":\"BreadcrumbList\",\"@id\":\"https:\/\/www.humanium.org\/es\/myanmar\/#breadcrumb\",\"itemListElement\":[{\"@type\":\"ListItem\",\"position\":1,\"name\":\"Home\",\"item\":\"https:\/\/www.humanium.org\/es\/\"},{\"@type\":\"ListItem\",\"position\":2,\"name\":\"Ni\u00f1os de Myanmar\"}]},{\"@type\":\"WebSite\",\"@id\":\"https:\/\/www.humanium.org\/es\/#website\",\"url\":\"https:\/\/www.humanium.org\/es\/\",\"name\":\"Humanium\",\"description\":\"\u00a1Los ni\u00f1os primero!\",\"potentialAction\":[{\"@type\":\"SearchAction\",\"target\":{\"@type\":\"EntryPoint\",\"urlTemplate\":\"https:\/\/www.humanium.org\/es\/?s={search_term_string}\"},\"query-input\":{\"@type\":\"PropertyValueSpecification\",\"valueRequired\":true,\"valueName\":\"search_term_string\"}}],\"inLanguage\":\"es\"}]}<\/script>\n<!-- \/ Yoast SEO plugin. -->","yoast_head_json":{"title":"Ni\u00f1os de Myanmar - Humanium","description":"El Gobierno de Myanmar esta constituido por una Junta Militar. En este contexto, no es de extra\u00f1ar que los derechos del ni\u00f1o apenas sean respetados.","robots":{"index":"index","follow":"follow","max-snippet":"max-snippet:-1","max-image-preview":"max-image-preview:large","max-video-preview":"max-video-preview:-1"},"canonical":"https:\/\/www.humanium.org\/es\/myanmar\/","og_locale":"es_ES","og_type":"article","og_title":"Ni\u00f1os de Myanmar - Humanium","og_description":"El Gobierno de Myanmar esta constituido por una Junta Militar. En este contexto, no es de extra\u00f1ar que los derechos del ni\u00f1o apenas sean respetados.","og_url":"https:\/\/www.humanium.org\/es\/myanmar\/","og_site_name":"Humanium","article_modified_time":"2025-12-05T17:50:53+00:00","twitter_card":"summary_large_image","twitter_misc":{"Tiempo de lectura":"5 minutos"},"schema":{"@context":"https:\/\/schema.org","@graph":[{"@type":"WebPage","@id":"https:\/\/www.humanium.org\/es\/myanmar\/","url":"https:\/\/www.humanium.org\/es\/myanmar\/","name":"Ni\u00f1os de Myanmar - Humanium","isPartOf":{"@id":"https:\/\/www.humanium.org\/es\/#website"},"primaryImageOfPage":{"@id":"https:\/\/www.humanium.org\/es\/myanmar\/#primaryimage"},"image":{"@id":"https:\/\/www.humanium.org\/es\/myanmar\/#primaryimage"},"thumbnailUrl":"https:\/\/www.humanium.org\/fr\/wp-content\/uploads\/2011\/09\/fillette-francis-deport-flickr.jpg","datePublished":"2013-08-13T17:04:31+00:00","dateModified":"2025-12-05T17:50:53+00:00","description":"El Gobierno de Myanmar esta constituido por una Junta Militar. En este contexto, no es de extra\u00f1ar que los derechos del ni\u00f1o apenas sean respetados.","breadcrumb":{"@id":"https:\/\/www.humanium.org\/es\/myanmar\/#breadcrumb"},"inLanguage":"es","potentialAction":[{"@type":"ReadAction","target":["https:\/\/www.humanium.org\/es\/myanmar\/"]}]},{"@type":"ImageObject","inLanguage":"es","@id":"https:\/\/www.humanium.org\/es\/myanmar\/#primaryimage","url":"https:\/\/www.humanium.org\/fr\/wp-content\/uploads\/2011\/09\/fillette-francis-deport-flickr.jpg","contentUrl":"https:\/\/www.humanium.org\/fr\/wp-content\/uploads\/2011\/09\/fillette-francis-deport-flickr.jpg"},{"@type":"BreadcrumbList","@id":"https:\/\/www.humanium.org\/es\/myanmar\/#breadcrumb","itemListElement":[{"@type":"ListItem","position":1,"name":"Home","item":"https:\/\/www.humanium.org\/es\/"},{"@type":"ListItem","position":2,"name":"Ni\u00f1os de Myanmar"}]},{"@type":"WebSite","@id":"https:\/\/www.humanium.org\/es\/#website","url":"https:\/\/www.humanium.org\/es\/","name":"Humanium","description":"\u00a1Los ni\u00f1os primero!","potentialAction":[{"@type":"SearchAction","target":{"@type":"EntryPoint","urlTemplate":"https:\/\/www.humanium.org\/es\/?s={search_term_string}"},"query-input":{"@type":"PropertyValueSpecification","valueRequired":true,"valueName":"search_term_string"}}],"inLanguage":"es"}]}},"_links":{"self":[{"href":"https:\/\/www.humanium.org\/es\/wp-json\/wp\/v2\/pages\/3575","targetHints":{"allow":["GET"]}}],"collection":[{"href":"https:\/\/www.humanium.org\/es\/wp-json\/wp\/v2\/pages"}],"about":[{"href":"https:\/\/www.humanium.org\/es\/wp-json\/wp\/v2\/types\/page"}],"author":[{"embeddable":true,"href":"https:\/\/www.humanium.org\/es\/wp-json\/wp\/v2\/users\/1"}],"replies":[{"embeddable":true,"href":"https:\/\/www.humanium.org\/es\/wp-json\/wp\/v2\/comments?post=3575"}],"version-history":[{"count":4,"href":"https:\/\/www.humanium.org\/es\/wp-json\/wp\/v2\/pages\/3575\/revisions"}],"predecessor-version":[{"id":20453,"href":"https:\/\/www.humanium.org\/es\/wp-json\/wp\/v2\/pages\/3575\/revisions\/20453"}],"wp:attachment":[{"href":"https:\/\/www.humanium.org\/es\/wp-json\/wp\/v2\/media?parent=3575"}],"curies":[{"name":"wp","href":"https:\/\/api.w.org\/{rel}","templated":true}]}}