{"id":3635,"date":"2016-01-14T17:04:04","date_gmt":"2016-01-14T17:04:04","guid":{"rendered":"http:\/\/www.humanium.org\/es\/?page_id=3635"},"modified":"2025-12-05T18:12:40","modified_gmt":"2025-12-05T18:12:40","slug":"mexico","status":"publish","type":"page","link":"https:\/\/www.humanium.org\/es\/mexico\/","title":{"rendered":"Ni\u00f1os de M\u00e9xico"},"content":{"rendered":"\n<h2 class=\"wp-block-heading\"><strong>Descubriendo los derechos del ni\u00f1o en M\u00e9xico<\/strong><\/h2>\n\n\n\n<div class=\"wp-block-columns is-layout-flex wp-container-core-columns-is-layout-9d6595d7 wp-block-columns-is-layout-flex\">\n<div class=\"wp-block-column is-layout-flow wp-block-column-is-layout-flow\"><div class=\"wp-block-image is-style-rounded\">\n<figure class=\"aligncenter size-full is-resized\"><img loading=\"lazy\" decoding=\"async\" width=\"400\" height=\"400\" src=\"https:\/\/www.humanium.org\/es\/wp-content\/uploads\/2023\/04\/Shutterstock_654015190.jpg\" alt=\"\" class=\"wp-image-17689\" style=\"width:200px;height:200px\" srcset=\"https:\/\/www.humanium.org\/es\/wp-content\/uploads\/2023\/04\/Shutterstock_654015190.jpg 400w, https:\/\/www.humanium.org\/es\/wp-content\/uploads\/2023\/04\/Shutterstock_654015190-300x300.jpg 300w, https:\/\/www.humanium.org\/es\/wp-content\/uploads\/2023\/04\/Shutterstock_654015190-150x150.jpg 150w, https:\/\/www.humanium.org\/es\/wp-content\/uploads\/2023\/04\/Shutterstock_654015190-230x230.jpg 230w, https:\/\/www.humanium.org\/es\/wp-content\/uploads\/2023\/04\/Shutterstock_654015190-350x350.jpg 350w\" sizes=\"auto, (max-width: 400px) 100vw, 400px\" \/><\/figure>\n<\/div><\/div>\n\n\n\n<div class=\"wp-block-column is-layout-flow wp-block-column-is-layout-flow\"><div class=\"wp-block-image is-style-rounded\">\n<figure class=\"aligncenter size-full is-resized\"><img loading=\"lazy\" decoding=\"async\" width=\"400\" height=\"400\" src=\"https:\/\/www.humanium.org\/es\/wp-content\/uploads\/2023\/04\/Shutterstock_756265240.jpg\" alt=\"\" class=\"wp-image-17690\" style=\"width:200px;height:200px\" srcset=\"https:\/\/www.humanium.org\/es\/wp-content\/uploads\/2023\/04\/Shutterstock_756265240.jpg 400w, https:\/\/www.humanium.org\/es\/wp-content\/uploads\/2023\/04\/Shutterstock_756265240-300x300.jpg 300w, https:\/\/www.humanium.org\/es\/wp-content\/uploads\/2023\/04\/Shutterstock_756265240-150x150.jpg 150w, https:\/\/www.humanium.org\/es\/wp-content\/uploads\/2023\/04\/Shutterstock_756265240-230x230.jpg 230w, https:\/\/www.humanium.org\/es\/wp-content\/uploads\/2023\/04\/Shutterstock_756265240-350x350.jpg 350w\" sizes=\"auto, (max-width: 400px) 100vw, 400px\" \/><\/figure>\n<\/div><\/div>\n<\/div>\n\n\n\n<p><strong>M\u00e9xico se encuentra entre las 15 econom\u00edas m\u00e1s grandes del mundo, y es la segunda econom\u00eda m\u00e1s grande de <a href=\"https:\/\/www.humanium.org\/es\/america\/\">Am\u00e9rica Latina<\/a> (World Bank, 2022). Con una poblaci\u00f3n de casi 129 millones, es uno de los pa\u00edses <a href=\"https:\/\/www.humanium.org\/es\/america\/\">latinoamerican<\/a>os m\u00e1s densamente poblados, caracterizado por una rica historia cultural, la diversidad y la abundancia de <a href=\"https:\/\/www.humanium.org\/es\/enfoques-tematicos\/ambiente\/\">recursos naturales<\/a>. En cuanto a los ni\u00f1os, los menores de quince a\u00f1os representan el 26 por ciento de la poblaci\u00f3n total (World Bank, 2020). Sin embargo, el enfoque de los <a href=\"https:\/\/www.humanium.org\/es\/derechos-ninos\/\">derechos<\/a> y las pol\u00edticas centradas en la infancia no reflejan esta composici\u00f3n de la poblaci\u00f3n, y algunos temas, como la <a href=\"https:\/\/www.humanium.org\/es\/violencia\/\">violencia<\/a>, la <a href=\"https:\/\/www.humanium.org\/es\/desnutricion-y-malnutricion\/\">desnutrici\u00f3n<\/a> y la falta de acceso a la <a href=\"https:\/\/www.humanium.org\/es\/derecho-educacion\/\">educaci\u00f3n<\/a> y los servicios de <a href=\"https:\/\/www.humanium.org\/es\/salud\/\">salud<\/a>, constituyen una gran amenaza para los ni\u00f1os.&nbsp;<\/strong><\/p>\n\n\n\n<iframe src=\"https:\/\/www.google.com\/maps\/embed?pb=!1m18!1m12!1m3!1d30199260.533700686!2d-120.8879013106157!3d22.48792540625639!2m3!1f0!2f0!3f0!3m2!1i1024!2i768!4f13.1!3m3!1m2!1s0x84043a3b88685353%3A0xed64b4be6b099811!2sMexico!5e0!3m2!1sen!2sfr!4v1681586714870!5m2!1sen!2sfr\" width=\"600\" height=\"450\" style=\"border:0;\" allowfullscreen=\"\" loading=\"lazy\" referrerpolicy=\"no-referrer-when-downgrade\"><\/iframe>\n\n\n\n<div class=\"wp-block-columns is-layout-flex wp-container-core-columns-is-layout-9d6595d7 wp-block-columns-is-layout-flex\">\n<div class=\"wp-block-column is-layout-flow wp-block-column-is-layout-flow\">\n<p><strong>Poblaci\u00f3n:<\/strong> 129 millones<br><strong>Pob. de 0 \u00e0 14 a\u00f1os:<\/strong> 26%<\/p>\n<\/div>\n\n\n\n<div class=\"wp-block-column is-layout-flow wp-block-column-is-layout-flow\">\n<p><strong>Esperanza de vida:<\/strong> 75 years<br><strong>Mortalidad en menores de 5 a\u00f1os:<\/strong> 14\u2030<\/p>\n<\/div>\n<\/div>\n\n\n\n<h2 class=\"wp-block-heading\"><strong>M\u00e9xico de un vistazo<\/strong><\/h2>\n\n\n\n<p>M\u00e9xico es un pa\u00eds ubicado en la parte sur de <a href=\"https:\/\/www.humanium.org\/es\/america\/\">Am\u00e9rica del Norte<\/a>, contiguo a los <a href=\"https:\/\/www.humanium.org\/es\/estados-unidos\/\">Estados Unidos<\/a>, <a href=\"https:\/\/www.humanium.org\/es\/guatemala\">Guatemala<\/a> y <a href=\"https:\/\/www.humanium.org\/es\/belice\/\">Belice<\/a>. Su poblaci\u00f3n est\u00e1 compuesta por muchos grupos \u00e9tnicos, incluidos los <a href=\"https:\/\/www.humanium.org\/es\/category\/pueblos-indigenas\/\">ind\u00edgenas<\/a> americanos (amerindios), que representan menos de una d\u00e9cima parte del total, los mestizos (62 por ciento) y otros (31 por ciento) (Britannica, 2012). Esta amplia gama de grupos \u00e9tnicos contiene un mosaico de <a href=\"https:\/\/www.humanium.org\/es\/category\/pueblos-indigenas\/\">tradiciones \u00e9tnicas<\/a> complejas y fuertes lazos con la tierra y entre unos y otros.<\/p>\n\n\n\n<p>La econom\u00eda mexicana es una de las m\u00e1s eminentes de <a href=\"https:\/\/www.humanium.org\/es\/america\/\">Am\u00e9rica Latina<\/a> y ha crecido r\u00e1pidamente desde los a\u00f1os 70. El pa\u00eds tiene una econom\u00eda de mercado en desarrollo que est\u00e1 fuertemente ligada a los <a href=\"https:\/\/www.humanium.org\/es\/estados-unidos\/\">Estados Unidos<\/a>, con sus principales mercados y fuentes de capital, a pesar de que el producto interno bruto (PIB) per c\u00e1pita del pa\u00eds sigue siendo muy inferior al de los Estados Unidos (Britannica, sitio web). La econom\u00eda mexicana depende en gran medida de los servicios, que representan alrededor de dos tercios de su PIB. La manufacturaci\u00f3n es responsable de alrededor de una quinta parte de su PIB.<\/p>\n\n\n\n<p>El sector agr\u00edcola representa un peque\u00f1o componente del PIB, a pesar de que casi una quinta parte de los trabajadores mexicanos est\u00e1n empleados en este sector. Uno de los componentes m\u00e1s fuertes se caracteriza por las remesas de trabajadores mexicanos en el extranjero, especialmente en los Estados Unidos, que en consecuencia aportan miles de millones de d\u00f3lares a la econom\u00eda cada a\u00f1o (Britannica, 2022).<\/p>\n\n\n\n<p>Hoy en d\u00eda, los principales desaf\u00edos y amenazas para la poblaci\u00f3n infantil est\u00e1n vinculados a la <a href=\"https:\/\/www.humanium.org\/es\/pobreza\/\">pobreza<\/a> extrema, que afecta al 44 por ciento de la poblaci\u00f3n total (World Bank, 2020). La pobreza es la principal causa de los problemas de saneamiento y acceso al <a href=\"https:\/\/www.humanium.org\/es\/derecho-agua\/\">agua<\/a>, la desnutrici\u00f3n, el acceso a los <a href=\"https:\/\/www.humanium.org\/es\/salud\/\">servicios de salud<\/a>, la deserci\u00f3n <a href=\"https:\/\/www.humanium.org\/es\/derecho-educacion\/\">escolar<\/a> y la exposici\u00f3n a la <a href=\"https:\/\/www.humanium.org\/es\/violencia\/\">violencia<\/a>. De hecho, M\u00e9xico tiene el segundo mayor n\u00famero de ni\u00f1os involucrados en zonas de conflicto de alta intensidad (Stop the war on children, 2020), dado que el pa\u00eds est\u00e1 muy afectado por el <a href=\"https:\/\/www.humanium.org\/es\/enfoques-tematicos\/explotacion\/trabajo-infantil\/\">narcotr\u00e1fico<\/a>, adem\u00e1s de las cuestiones pol\u00edticas, econ\u00f3micas y sociales.<\/p>\n\n\n\n<p>A pesar de que el pa\u00eds ha sido una democracia electoral desde 2000, sufre graves d\u00e9ficits en el Estado de derecho que limitan el pleno disfrute de los derechos pol\u00edticos y las libertades civiles por parte de los ciudadanos (p\u00e1gina del pa\u00eds de M\u00e9xico en Freedom House Index, 2022). La <a href=\"https:\/\/www.humanium.org\/es\/violencia\/\">violencia<\/a> perpetrada por delincuentes organizados, la corrupci\u00f3n entre los funcionarios del gobierno, los abusos de los derechos humanos (tanto por parte de actores estatales como no estatales) y la impunidad descontrolada se encuentran entre los desaf\u00edos m\u00e1s importantes para el gobierno de M\u00e9xico.<\/p>\n\n\n\n<p>Considerando los elementos anteriores, no todos los ni\u00f1os en M\u00e9xico pueden disfrutar de todos los derechos consagrados en la <a href=\"https:\/\/www.humanium.org\/es\/convencion-texto\/\">Convenci\u00f3n sobre los Derechos del Ni\u00f1o<\/a>, y es importante plasmar la situaci\u00f3n actual relacionada con las principales esferas de la protecci\u00f3n infantil y los <a href=\"https:\/\/www.humanium.org\/es\/derechos-ninos\/\">derechos de los ni\u00f1os<\/a> para mejorar sus condiciones de vida y su bienestar.<\/p>\n\n\n\n<h2 class=\"wp-block-heading\"><strong>Situaci\u00f3n de los derechos del ni\u00f1o <a href=\"https:\/\/www.humanium.org\/es\/wp-admin\/post.php?post=3648&amp;action=edit#_ftn1\"><strong>[1]<\/strong><\/a><\/strong><\/h2>\n\n\n<div class=\"wp-block-image\">\n<figure class=\"alignleft size-large is-resized\"><img loading=\"lazy\" decoding=\"async\" width=\"1024\" height=\"683\" src=\"https:\/\/www.humanium.org\/es\/wp-content\/uploads\/2023\/04\/shutterstock_1129707401-1024x683.jpg\" alt=\"\" class=\"wp-image-17693\" style=\"width:332px;height:221px\" srcset=\"https:\/\/www.humanium.org\/es\/wp-content\/uploads\/2023\/04\/shutterstock_1129707401-1024x683.jpg 1024w, https:\/\/www.humanium.org\/es\/wp-content\/uploads\/2023\/04\/shutterstock_1129707401-300x200.jpg 300w, https:\/\/www.humanium.org\/es\/wp-content\/uploads\/2023\/04\/shutterstock_1129707401-768x512.jpg 768w, https:\/\/www.humanium.org\/es\/wp-content\/uploads\/2023\/04\/shutterstock_1129707401-1536x1025.jpg 1536w, https:\/\/www.humanium.org\/es\/wp-content\/uploads\/2023\/04\/shutterstock_1129707401-2048x1367.jpg 2048w, https:\/\/www.humanium.org\/es\/wp-content\/uploads\/2023\/04\/shutterstock_1129707401-830x554.jpg 830w, https:\/\/www.humanium.org\/es\/wp-content\/uploads\/2023\/04\/shutterstock_1129707401-230x153.jpg 230w, https:\/\/www.humanium.org\/es\/wp-content\/uploads\/2023\/04\/shutterstock_1129707401-350x234.jpg 350w, https:\/\/www.humanium.org\/es\/wp-content\/uploads\/2023\/04\/shutterstock_1129707401-480x320.jpg 480w, https:\/\/www.humanium.org\/es\/wp-content\/uploads\/2023\/04\/shutterstock_1129707401-272x182.jpg 272w\" sizes=\"auto, (max-width: 1024px) 100vw, 1024px\" \/><\/figure>\n<\/div>\n\n\n<p>Una cuarta parte (el 26 por ciento) de la poblaci\u00f3n mexicana est\u00e1 compuesta por ni\u00f1os, lo que equivale a aproximadamente 33&nbsp;310&nbsp;119 ciudadanos (World Bank, 2020). Como se mencion\u00f3 anteriormente, el 44 por ciento de la poblaci\u00f3n total vive en la pobreza, y la mayor\u00eda de estas personas est\u00e1n ubicadas en \u00e1reas urbanas (el 81 por ciento frente al 19 por ciento de las personas ubicadas en \u00e1reas rurales) (World Bank, 2020). Entre ellas, el 62 por ciento de la poblaci\u00f3n infantil vive en \u00e1reas urbanas, mientras que el 38 por ciento vive en \u00e1reas rurales (INEGI, Encuesta Intercensal, 2015).&nbsp;<\/p>\n\n\n\n<p>La <a href=\"https:\/\/www.humanium.org\/es\/pobreza\/\">pobreza<\/a> es la causa principal de la falta de acceso a los <a href=\"https:\/\/www.humanium.org\/es\/salud\/\">servicios de salud<\/a>, a la <a href=\"https:\/\/www.humanium.org\/es\/derecho-educacion\/\">educaci\u00f3n<\/a>, a una <a href=\"https:\/\/www.humanium.org\/es\/desnutricion-y-malnutricion\/\">nutrici\u00f3n<\/a> adecuada y a la vivienda, y adem\u00e1s es responsable de la perpetraci\u00f3n de <a href=\"https:\/\/www.humanium.org\/es\/violencia\/\">pr\u00e1cticas nocivas<\/a>, como el <a href=\"https:\/\/www.humanium.org\/es\/trabajo-infantil\/\">trabajo infantil<\/a>, los <a href=\"https:\/\/www.humanium.org\/es\/enfoques-tematicos\/practicas-culturales\/matrimonio-infantil\/\">matrimonio<\/a>s y embarazos precoces, y la <a href=\"https:\/\/www.humanium.org\/es\/violencia\/\">violencia<\/a>.&nbsp;<\/p>\n\n\n\n<p>Un estudio denominado SITAN, realizado en 2018, revel\u00f3 una mejora general en las condiciones de los ni\u00f1os en comparaci\u00f3n con la d\u00e9cada anterior, aunque algunas metas a\u00fan est\u00e1n lejos de alcanzarse. La <a href=\"https:\/\/www.humanium.org\/es\/derecho-educacion\/\">educaci\u00f3n<\/a>, el derecho a una <a href=\"https:\/\/www.humanium.org\/es\/desnutricion-y-malnutricion\/\">nutrici\u00f3n<\/a> adecuada y al <a href=\"https:\/\/www.humanium.org\/es\/derecho-agua\/\">agua<\/a> potable, y el <a href=\"https:\/\/www.humanium.org\/es\/salud\/\">derecho a la salud<\/a> representan algunas de las necesidades m\u00e1s urgentes de los ni\u00f1os mexicanos.<\/p>\n\n\n\n<p>Adem\u00e1s de la <a href=\"https:\/\/www.humanium.org\/es\/convencion-texto\/\">Convenci\u00f3n sobre los Derechos del Ni\u00f1o<\/a> (adoptada por M\u00e9xico en 1990), la Agenda 2030 y los ODS ofrecen indicadores y objetivos adicionales para identificar desaf\u00edos y resultados en los <a href=\"https:\/\/www.humanium.org\/es\/derechos-ninos\/\">derechos de los ni\u00f1os<\/a> y la protecci\u00f3n infantil. Por ejemplo, el ODS 1 se centra en la erradicaci\u00f3n de la pobreza, el ODS 2 aborda el derecho a una nutrici\u00f3n adecuada, el ODS 3 est\u00e1 relacionado con el derecho a la salud y el bienestar, y el ODS 4 est\u00e1 vinculado al derecho a la educaci\u00f3n. Adem\u00e1s, el ODS 5 (igualdad de g\u00e9nero) es crucial en el contexto mexicano, as\u00ed como el derecho al agua potable y al saneamiento (ODS 6) y el objetivo com\u00fan de paz, justicia e instituciones s\u00f3lidas (ODS 16).<\/p>\n\n\n\n<h2 class=\"wp-block-heading\"><strong>Abordando las necesidades de los ni\u00f1os<\/strong><\/h2>\n\n\n\n<h3 class=\"wp-block-heading\"><strong>Derecho a la educaci\u00f3n<\/strong><\/h3>\n\n\n<div class=\"wp-block-image\">\n<figure class=\"alignright size-large is-resized\"><img loading=\"lazy\" decoding=\"async\" width=\"1024\" height=\"695\" src=\"https:\/\/www.humanium.org\/es\/wp-content\/uploads\/2023\/04\/shutterstock_604222139-1024x695.jpg\" alt=\"\" class=\"wp-image-17694\" style=\"width:345px;height:233px\" srcset=\"https:\/\/www.humanium.org\/es\/wp-content\/uploads\/2023\/04\/shutterstock_604222139-1024x695.jpg 1024w, https:\/\/www.humanium.org\/es\/wp-content\/uploads\/2023\/04\/shutterstock_604222139-300x203.jpg 300w, https:\/\/www.humanium.org\/es\/wp-content\/uploads\/2023\/04\/shutterstock_604222139-768x521.jpg 768w, https:\/\/www.humanium.org\/es\/wp-content\/uploads\/2023\/04\/shutterstock_604222139-1536x1042.jpg 1536w, https:\/\/www.humanium.org\/es\/wp-content\/uploads\/2023\/04\/shutterstock_604222139-2048x1389.jpg 2048w, https:\/\/www.humanium.org\/es\/wp-content\/uploads\/2023\/04\/shutterstock_604222139-830x563.jpg 830w, https:\/\/www.humanium.org\/es\/wp-content\/uploads\/2023\/04\/shutterstock_604222139-230x156.jpg 230w, https:\/\/www.humanium.org\/es\/wp-content\/uploads\/2023\/04\/shutterstock_604222139-350x237.jpg 350w, https:\/\/www.humanium.org\/es\/wp-content\/uploads\/2023\/04\/shutterstock_604222139-480x326.jpg 480w\" sizes=\"auto, (max-width: 1024px) 100vw, 1024px\" \/><\/figure>\n<\/div>\n\n\n<p>El sistema <a href=\"https:\/\/www.humanium.org\/es\/derecho-educacion\/\">educativo<\/a> mexicano est\u00e1 organizado en preescolar, primaria y secundaria. La educaci\u00f3n preescolar es opcional y de financiaci\u00f3n privada, y est\u00e1 disponible para ni\u00f1os a partir de los tres a\u00f1os. La escuela primaria es obligatoria de los seis a los doce a\u00f1os, despu\u00e9s de la cual est\u00e1 la escuela secundaria (tambi\u00e9n obligatoria) para los ni\u00f1os de doce a quince a\u00f1os. La escolaridad obligatoria termina con la escuela secundaria, despu\u00e9s de la cual es posible asistir a una universidad (The Mexican education system: An overview, 2017).&nbsp;<\/p>\n\n\n\n<p>Las desigualdades sociales y las brechas de g\u00e9nero son dos inconvenientes destacados en las aulas mexicanas. Estas brechas, cada vez mayores, impactan directamente en la participaci\u00f3n de los ni\u00f1os y, en consecuencia, en su capacidad para desarrollar nuevas habilidades, construir relaciones sociales y trabajar en sus sue\u00f1os y pasiones. <\/p>\n\n\n\n<p>El problema de las bajas tasas de participaci\u00f3n en la <a href=\"https:\/\/www.humanium.org\/es\/derecho-educacion\/\">educaci\u00f3n<\/a> se resolvi\u00f3 parcialmente gracias a una intervenci\u00f3n del gobierno en 2012 que hizo obligatoria la educaci\u00f3n secundaria superior para todos los ni\u00f1os para 2020. Sin embargo, la financiaci\u00f3n inadecuada y los obst\u00e1culos administrativos han impedido hasta ahora la implementaci\u00f3n universal de este objetivo, particularmente en las regiones rurales marginalizadas, y la <a href=\"https:\/\/www.humanium.org\/es\/el-impacto-de-la-pandemia-de-covid-19-en-la-mortalidad-infantil-y-sus-danos-colaterales\/\">pandemia de Covid-19<\/a> ha representado un obst\u00e1culo adicional.&nbsp;<\/p>\n\n\n\n<p>De hecho, M\u00e9xico se encuentra entre los pocos pa\u00edses donde las escuelas permanecieron completamente cerradas durante m\u00e1s de 250 d\u00edas. Seg\u00fan una encuesta realizada por el Instituto Nacional de Estad\u00edstica y Geograf\u00eda, a fines de 2020, m\u00e1s de 1,5 millones de estudiantes de 3 a 18 a\u00f1os no hab\u00edan regresado a la escuela para el a\u00f1o 2020\/2021 (UNICEF Country Report, 2021).&nbsp;<\/p>\n\n\n\n<p>A pesar de que el gasto social en M\u00e9xico crece significativamente, el gasto social en ni\u00f1ez y adolescencia como proporci\u00f3n de este ha disminuido de 11.5% en 2019 a 10.2% en 2022. Las asignaciones presupuestarias para el sector educaci\u00f3n solo se incrementaron en 1.9% en t\u00e9rminos reales entre 2021 y 2022, y no han reflejado los desaf\u00edos y lecciones aprendidas durante la <a href=\"https:\/\/www.humanium.org\/es\/el-impacto-de-la-pandemia-de-covid-19-en-la-mortalidad-infantil-y-sus-danos-colaterales\/\">pandemia<\/a> ni las inversiones prometidas en este sector.<\/p>\n\n\n\n<h3 class=\"wp-block-heading\"><strong>Derecho a la salud<\/strong><\/h3>\n\n\n\n<p>La <a href=\"https:\/\/www.humanium.org\/es\/pobreza\/\">pobreza<\/a> descontrolada es el principal impulsor de la falta de acceso a una <a href=\"https:\/\/www.humanium.org\/es\/desnutricion-y-malnutricion\/\">nutrici\u00f3n<\/a>, <a href=\"https:\/\/www.humanium.org\/es\/derecho-educacion\/\">educaci\u00f3n<\/a>, <a href=\"https:\/\/www.humanium.org\/es\/derecho-salud\/\">servicios de salud<\/a> y <a href=\"https:\/\/www.humanium.org\/es\/derecho-proteccion\/\">vivienda<\/a> adecuados. De hecho, el 10 % de los ni\u00f1os sufren retrasos en el crecimiento debido a la desnutrici\u00f3n (sitio web de Save the Children), 14 de cada 1000 ni\u00f1os mueren antes de cumplir los 5 a\u00f1os (el doble de la tasa de EE. UU.), y alrededor del 8 % de los ni\u00f1os no acuden a la escuela (Global childhood report, 2020).&nbsp;<\/p>\n\n\n<div class=\"wp-block-image\">\n<figure class=\"alignleft size-large is-resized\"><img loading=\"lazy\" decoding=\"async\" width=\"1024\" height=\"678\" src=\"https:\/\/www.humanium.org\/es\/wp-content\/uploads\/2023\/04\/shutterstock_505522822-1024x678.jpg\" alt=\"\" class=\"wp-image-17695\" style=\"width:374px;height:248px\" srcset=\"https:\/\/www.humanium.org\/es\/wp-content\/uploads\/2023\/04\/shutterstock_505522822-1024x678.jpg 1024w, https:\/\/www.humanium.org\/es\/wp-content\/uploads\/2023\/04\/shutterstock_505522822-300x199.jpg 300w, https:\/\/www.humanium.org\/es\/wp-content\/uploads\/2023\/04\/shutterstock_505522822-768x509.jpg 768w, https:\/\/www.humanium.org\/es\/wp-content\/uploads\/2023\/04\/shutterstock_505522822-1536x1017.jpg 1536w, https:\/\/www.humanium.org\/es\/wp-content\/uploads\/2023\/04\/shutterstock_505522822-2048x1356.jpg 2048w, https:\/\/www.humanium.org\/es\/wp-content\/uploads\/2023\/04\/shutterstock_505522822-830x550.jpg 830w, https:\/\/www.humanium.org\/es\/wp-content\/uploads\/2023\/04\/shutterstock_505522822-230x152.jpg 230w, https:\/\/www.humanium.org\/es\/wp-content\/uploads\/2023\/04\/shutterstock_505522822-350x232.jpg 350w, https:\/\/www.humanium.org\/es\/wp-content\/uploads\/2023\/04\/shutterstock_505522822-480x318.jpg 480w\" sizes=\"auto, (max-width: 1024px) 100vw, 1024px\" \/><\/figure>\n<\/div>\n\n\n<p>Adem\u00e1s, la <a href=\"https:\/\/www.humanium.org\/es\/violencia\/\">violencia contra los ni\u00f1os<\/a> y el <a href=\"https:\/\/www.humanium.org\/es\/enfoques-tematicos\/explotacion\/trata-ninos\/\">tr\u00e1fico infantil<\/a> son dos de las principales amenazas que obstaculizan los derechos de los ni\u00f1os. Entre las ni\u00f1as, el 16 por ciento (de 15 a 19 a\u00f1os) est\u00e1n <a href=\"https:\/\/www.humanium.org\/es\/enfoques-tematicos\/practicas-culturales\/matrimonio-infantil\/\">casadas<\/a>, y 1 de cada 17 da a luz a estas edades (Los derechos de la infancia y de la adolescencia en M\u00e9xico, 2018). Por otra parte, el 6 por ciento de los ni\u00f1os est\u00e1n involucrados en el trabajo infantil, y m\u00e1s del 50 por ciento de los ni\u00f1os (de 1 a 14 a\u00f1os) han experimentado <a href=\"https:\/\/www.humanium.org\/es\/enfoques-tematicos\/violencia\/abuso-infantil\/\">castigo<\/a>s f\u00edsicos y\/o agresiones psicol\u00f3gicas por parte de sus cuidadores (Los derechos de la infancia y de la adolescencia en M\u00e9xico, 2018).&nbsp;<\/p>\n\n\n\n<p>Adem\u00e1s, seg\u00fan UNICEF, 2,5 millones de ni\u00f1os trabajan, y el 90 por ciento de ellos realiza trabajos ilegales porque no tiene la edad suficiente legal para trabajar o est\u00e1 involucrado en tareas peligrosas. Uno de cada cuatro trabaja para mantener econ\u00f3micamente a su familia, y 351&nbsp;113 ni\u00f1os se ven obligados a realizar labores dom\u00e9sticas en lugar de asistir a la escuela (Children and the hotel industry in Mexico, 2017).<\/p>\n\n\n\n<p>Los efectos directos del <a href=\"https:\/\/www.humanium.org\/es\/el-impacto-de-la-pandemia-de-covid-19-en-la-mortalidad-infantil-y-sus-danos-colaterales\/\">Covid-19<\/a> en los ni\u00f1os han impuesto nuevos desaf\u00edos y amenazas. La <a href=\"https:\/\/www.humanium.org\/es\/mortalidad-infantil\/\">tasa de mortalidad<\/a> entre los ni\u00f1os debido al Covid-19 es del 0,4 por ciento. Los ni\u00f1os se han vuelto a\u00fan m\u00e1s vulnerables a sus impactos, como la disminuci\u00f3n de los ingresos familiares, la inseguridad alimentaria y la exacerbaci\u00f3n de los problemas de salud mental. De hecho, la tasa de <a href=\"https:\/\/www.humanium.org\/es\/pobreza\/\">pobreza<\/a> entre los ni\u00f1os aument\u00f3 del 50 por ciento en 2018 a casi el 53 por ciento en 2020, y la pobreza extrema aument\u00f3 un 1,9 por ciento en el mismo per\u00edodo. La <a href=\"https:\/\/www.humanium.org\/es\/violencia\/\">violencia<\/a>, particularmente contra mujeres y ni\u00f1os, ha continuado a tasas elevadas (UNICEF Country Report, 2021).<\/p>\n\n\n\n<h3 class=\"wp-block-heading\"><strong>Derecho a la identidad<\/strong><\/h3>\n\n\n\n<p>El <a href=\"https:\/\/www.humanium.org\/es\/derecho-identidad\/\">derecho a la identidad<\/a> es esencial para todo ser humano: garantiza un estatus jur\u00eddico, establece el reconocimiento de los v\u00ednculos familiares y socioculturales que caracterizan al individuo y promueve el goce de sus derechos. Adem\u00e1s, los documentos de registro de nacimiento son fundamentales para fomentar e implementar el <a href=\"https:\/\/www.humanium.org\/es\/separacion-de-familias\/\">derecho a la reunificaci\u00f3n familiar<\/a> en el caso de procesos migratorios. Los documentos de identidad y los registros oficiales pueden ayudar a las autoridades p\u00fablicas a encontrar a los miembros de la familia desplazados y ayudarlos a reunirse.<\/p>\n\n\n\n<p>En M\u00e9xico existe un n\u00famero significativo de ni\u00f1os \u201cinvisibles\u201d, es decir, aquellos que no est\u00e1n reconocidos por la ley mexicana porque su nacimiento no se encuentra registrado, especialmente los pertenecientes a grupos ind\u00edgenas. Para luchar contra esta tendencia, en los \u00faltimos diez a\u00f1os, el Gobierno de M\u00e9xico ha realizado diversas acciones para promover el registro de nacimientos y superar las dificultades de acceso a los servicios p\u00fablicos de registro de identidad (Los derechos de la infancia y la adolescencia en M\u00e9xico, 2018).&nbsp;&nbsp;<\/p>\n\n\n\n<p>En el contexto de los flujos migratorios, en 2021 se registr\u00f3 un aumento de los flujos migratorios desde y hacia la frontera de EE.&nbsp;UU. En febrero de 2021, la administraci\u00f3n de los EE.&nbsp;UU. comenz\u00f3 a relajar los \u201cProtocolos de Protecci\u00f3n de Migrantes\u201d (MPP), y se esperaba que se procesaran 23&nbsp;000 casos, con 13&nbsp;000 personas finalmente capaces de cruzar a los EE.&nbsp;UU. para procesar sus casos de asilo para agosto de 2021. Al mismo tiempo, se implement\u00f3 el T\u00edtulo 42, que permiti\u00f3 que el Covid-19 justificara la expulsi\u00f3n inmediata de los EE.&nbsp;UU. de m\u00e1s de 1 mill\u00f3n de adultos y 37 ni\u00f1os.<\/p>\n\n\n\n<h2 class=\"wp-block-heading\"><strong>Factores de riesgo \u2192 Desaf\u00edos espec\u00edficos del pa\u00eds&nbsp;<\/strong><\/h2>\n\n\n\n<h3 class=\"wp-block-heading\"><strong>Pobreza<\/strong><\/h3>\n\n\n\n<p>Tal como se ha mencionado anteriormente, la <a href=\"https:\/\/www.humanium.org\/es\/pobreza\/\">pobreza<\/a> es la ra\u00edz de muchas otras amenazas a los <a href=\"https:\/\/www.humanium.org\/es\/derechos-ninos\/\">derechos del ni\u00f1o<\/a> y la protecci\u00f3n infantil. Se encuentra ligada directamente a la malnutrici\u00f3n y a la falta de acceso a los <a href=\"https:\/\/www.humanium.org\/es\/salud\/\">centros de salud<\/a>, y tambi\u00e9n es la raz\u00f3n por la que el <a href=\"https:\/\/www.humanium.org\/es\/trabajo-infantil\/\">trabajo infantil<\/a> y la <a href=\"https:\/\/www.humanium.org\/es\/enfoques-tematicos\/explotacion\/trata-ninos\/\">trata de menores<\/a> siguen siendo un problema importante para el pa\u00eds. En M\u00e9xico, el 44 por ciento de la poblaci\u00f3n total vive en la <a href=\"https:\/\/www.humanium.org\/es\/pobreza\/\">pobreza<\/a>, y la mayor\u00eda de esta poblaci\u00f3n se halla en \u00e1reas urbanas (el 81 por ciento frente al 19 por ciento de personas ubicadas en \u00e1reas rurales) (World Bank, 2020). De esta, el 62 por ciento de la poblaci\u00f3n infantil vive en \u00e1reas urbanas, mientras que el 38 por ciento vive en \u00e1reas rurales (INEGI, Encuesta Intercensal, 2015).&nbsp;<\/p>\n\n\n\n<h3 class=\"wp-block-heading\"><strong>Ni\u00f1os de minor\u00edas<\/strong><\/h3>\n\n\n<div class=\"wp-block-image\">\n<figure class=\"alignright size-large is-resized\"><img loading=\"lazy\" decoding=\"async\" width=\"1024\" height=\"683\" src=\"https:\/\/www.humanium.org\/es\/wp-content\/uploads\/2023\/04\/shutterstock_1055118620-1024x683.jpg\" alt=\"\" class=\"wp-image-17696\" style=\"width:353px;height:235px\" srcset=\"https:\/\/www.humanium.org\/es\/wp-content\/uploads\/2023\/04\/shutterstock_1055118620-1024x683.jpg 1024w, https:\/\/www.humanium.org\/es\/wp-content\/uploads\/2023\/04\/shutterstock_1055118620-300x200.jpg 300w, https:\/\/www.humanium.org\/es\/wp-content\/uploads\/2023\/04\/shutterstock_1055118620-768x512.jpg 768w, https:\/\/www.humanium.org\/es\/wp-content\/uploads\/2023\/04\/shutterstock_1055118620-1536x1024.jpg 1536w, https:\/\/www.humanium.org\/es\/wp-content\/uploads\/2023\/04\/shutterstock_1055118620-2048x1365.jpg 2048w, https:\/\/www.humanium.org\/es\/wp-content\/uploads\/2023\/04\/shutterstock_1055118620-830x553.jpg 830w, https:\/\/www.humanium.org\/es\/wp-content\/uploads\/2023\/04\/shutterstock_1055118620-230x153.jpg 230w, https:\/\/www.humanium.org\/es\/wp-content\/uploads\/2023\/04\/shutterstock_1055118620-350x233.jpg 350w, https:\/\/www.humanium.org\/es\/wp-content\/uploads\/2023\/04\/shutterstock_1055118620-480x320.jpg 480w, https:\/\/www.humanium.org\/es\/wp-content\/uploads\/2023\/04\/shutterstock_1055118620-272x182.jpg 272w\" sizes=\"auto, (max-width: 1024px) 100vw, 1024px\" \/><\/figure>\n<\/div>\n\n\n<p>Las comunidades ind\u00edgenas son las que sufren la <a href=\"https:\/\/www.humanium.org\/es\/pobreza\/\">pobreza<\/a> multidimensional, por sus fr\u00e1giles condiciones de vida, la <a href=\"https:\/\/www.humanium.org\/es\/enfoques-tematicos\/discriminacion\/no-discriminacion\/\">discriminaci\u00f3n<\/a> que les afecta y su notable separaci\u00f3n del resto de la poblaci\u00f3n. Los ni\u00f1os ind\u00edgenas a menudo ven sus derechos m\u00e1s b\u00e1sicos (<a href=\"https:\/\/www.humanium.org\/es\/derecho-educacion\/\">derecho a la educaci\u00f3n<\/a>, <a href=\"https:\/\/www.humanium.org\/es\/salud\/\">salud<\/a>, <a href=\"https:\/\/www.humanium.org\/es\/desnutricion-y-malnutricion\/\">nutrici\u00f3n<\/a>, etc.), despreciados. Esto, a su vez, conduce a graves consecuencias en cuanto a su desarrollo f\u00edsico y psicol\u00f3gico. La tasa de <a href=\"https:\/\/www.humanium.org\/es\/mortalidad-infantil\/\">mortalidad infantil<\/a>, por ejemplo, es 60 veces mayor en las comunidades ind\u00edgenas que en las comunidades no ind\u00edgenas.<\/p>\n\n\n\n<h3 class=\"wp-block-heading\"><strong>Violencia contra los ni\u00f1os<\/strong><\/h3>\n\n\n\n<p>Los ni\u00f1os mexicanos, que a menudo viven en la pobreza, son vulnerables a la <a href=\"https:\/\/www.humanium.org\/es\/enfoques-tematicos\/violencia\/abuso-infantil\/\">violencia<\/a> tanto en el hogar como en la escuela. Seg\u00fan UNICEF, m\u00e1s del 50 por ciento de los ni\u00f1os (de 1 a 14 a\u00f1os) han sufrido <a href=\"https:\/\/www.humanium.org\/es\/enfoques-tematicos\/violencia\/abuso-infantil\/\">castigo<\/a>s f\u00edsicos y\/o agresiones psicol\u00f3gicas por parte de sus cuidadores (Los derechos de la infancia y de la adolescencia en M\u00e9xico, 2018).&nbsp;<\/p>\n\n\n\n<p>La violencia contra los ni\u00f1os puede asumir diferentes formas: <a href=\"https:\/\/www.humanium.org\/es\/enfoques-tematicos\/violencia\/abuso-infantil\/\">abuso<\/a> y negligencia en la familia, incesto, abuso sexual, infanticidio; <em>bullying<\/em> y otras formas de violencia en la escuela; castigos corporales; agresiones psicol\u00f3gicas; <a href=\"https:\/\/www.humanium.org\/es\/enfoques-tematicos\/explotacion\/trata-ninos\/\">trata infantil<\/a>, venta de ni\u00f1os, <a href=\"https:\/\/www.humanium.org\/es\/enfoques-tematicos\/explotacion\/\">explotaci\u00f3n<\/a> sexual infantil y otra explotaci\u00f3n sexual comercial de los ni\u00f1os; <a href=\"https:\/\/www.humanium.org\/es\/trabajo-infantil\/\">trabajo infantil<\/a>; diversas formas de violencia cibern\u00e9tica y en l\u00ednea; reclutamiento de <a href=\"https:\/\/www.humanium.org\/es\/ninos-soldado\/\">ni\u00f1os soldado<\/a>, ni\u00f1os reclutados y explotados por grupos terroristas y extremistas violentos, y muchas otras (UNODC, 2019). Adem\u00e1s, los <a href=\"https:\/\/www.humanium.org\/es\/enfoques-tematicos\/pobreza\/ninos-calle\/\">ni\u00f1os de la calle<\/a> tambi\u00e9n son v\u00edctimas de la violencia a manos de sus empleadores o incluso de traficantes que los explotan.<\/p>\n\n\n\n<h3 class=\"wp-block-heading\"><strong>Matrimonio infantil&nbsp;<\/strong><\/h3>\n\n\n\n<p>Los <a href=\"https:\/\/www.humanium.org\/es\/enfoques-tematicos\/practicas-culturales\/matrimonio-infantil\/\">matrimonios infantiles tempranos<\/a> son muy comunes en M\u00e9xico. Se estima que m\u00e1s del 16 por ciento de las ni\u00f1as (de 15 a 19 a\u00f1os) est\u00e1n casadas, y 1 de cada 17 da a luz a estas edades (Los derechos de la infancia y de la adolescencia en M\u00e9xico, 2018). A pesar de que la edad legal para el <a href=\"https:\/\/www.humanium.org\/es\/enfoques-tematicos\/practicas-culturales\/matrimonio-infantil\/\">matrimonio<\/a> en M\u00e9xico es de 18 a\u00f1os, al igual que en muchos otros pa\u00edses, los adultos j\u00f3venes pueden casarse antes de los 18 a\u00f1os con el consentimiento de los padres. A menudo, son los padres quienes conciertan el matrimonio sin el consentimiento de la joven pareja. En este sentido, las tradiciones culturales y las consideraciones econ\u00f3micas juegan un papel importante en la decisi\u00f3n.<\/p>\n\n\n\n<p>Las consecuencias del <a href=\"https:\/\/www.humanium.org\/es\/enfoques-tematicos\/practicas-culturales\/matrimonio-infantil\/\">matrimonio infantil<\/a> temprano son graves para las j\u00f3venes novias en t\u00e9rminos de salud y bienestar, desarrollo psicosocial y posibilidades de futuro. Apenas tienen voz en el acuerdo, lo que les impide trabajar en cualquier sue\u00f1o al que puedan aspirar. Esta forma de violencia contra los ni\u00f1os es una de las m\u00e1s dif\u00edciles de abordar, ya que parte de su perpetraci\u00f3n se basa en fundamentos culturales que son dif\u00edciles de identificar y modificar.<\/p>\n\n\n\n<p><em><strong>Escrito por Arianna Braga<\/strong><\/em><\/p>\n\n\n\n<p><em><strong>Corregido internamente por Aditi Partha&nbsp;<\/strong><\/em><\/p>\n\n\n\n<p><em><strong>Traducido por Susana Ibarz De La Torre<\/strong><\/em><\/p>\n\n\n\n<p><em><strong>Revisado por Laura Ibarrola Izquierdo<\/strong><\/em><\/p>\n\n\n\n<p><em><strong>\u00daltima actualizaci\u00f3n el 12 de junio de 2022<\/strong><\/em><\/p>\n\n\n\n<h4 class=\"wp-block-heading\"><strong>Referencias:<\/strong><\/h4>\n\n\n\n<p class=\"has-small-font-size\">Children and the hotel industry in Mexico (2017). Retrieved from Ecpat at:<a href=\"https:\/\/ecpat.org\/wp-content\/uploads\/2021\/08\/UNICEF_Report.Children_and_the_hotel_industry_in_Mexico.pdf\" target=\"_blank\" rel=\"noreferrer noopener\"> https:\/\/ecpat.org\/wp-content\/uploads\/2021\/08\/UNICEF_Report.Children_and_the_hotel_industry_in_Mexico.pdf<\/a>, accessed on 11 June 2022.&nbsp;<\/p>\n\n\n\n<p class=\"has-small-font-size\">Country office annual report 2021 \u2013 Mexico (2021). Retrieved from UNICEF at :<a href=\"https:\/\/www.unicef.org\/reports\/country-regional-divisional-annual-reports-2021\/Mexico\" target=\"_blank\" rel=\"noreferrer noopener\"> https:\/\/www.UNICEF.org\/reports\/country-regional-divisional-annual-reports-2021\/Mexico<\/a>, accessed on 11 June 2022.&nbsp;<\/p>\n\n\n\n<p class=\"has-small-font-size\">Education in Mexico (2019). Retrieved from Wenr at<a href=\"https:\/\/wenr.wes.org\/2019\/05\/education-in-mexico-2\" target=\"_blank\" rel=\"noreferrer noopener\"> https:\/\/wenr.wes.org\/2019\/05\/education-in-mexico-2<\/a>, accessed on 11 June 2022.<\/p>\n\n\n\n<p class=\"has-small-font-size\">Global childhood report (2020). Retrieved from Save the Children at <a href=\"https:\/\/www.savethechildren.org\/content\/dam\/usa\/reports\/advocacy\/global-childhood-report-2020.pdf\" target=\"_blank\" rel=\"noreferrer noopener\">https:\/\/www.savethechildren.org\/content\/dam\/usa\/reports\/advocacy\/global-childhood-report-2020.pdf<\/a>, accessed on 12 July 2022.&nbsp;<\/p>\n\n\n\n<p class=\"has-small-font-size\">Los derechos de la infancia y la adolescencia en Mexico (2018). Retrieved from UNICEF at<a href=\"https:\/\/www.unicef.org\/mexico\/media\/1791\/file\/SITAN-UNICEF.pdf\" target=\"_blank\" rel=\"noreferrer noopener\"> https:\/\/www.UNICEF.org\/mexico\/media\/1791\/file\/SITAN-UNICEF.pdf<\/a>, accessed on 11 June 2022.&nbsp;<\/p>\n\n\n\n<p class=\"has-small-font-size\">Mexico &#8211; Ethnic groups (2022). Retrieved from Britannica at<a href=\"https:\/\/www.britannica.com\/place\/Mexico\/Ethnic-groups\" target=\"_blank\" rel=\"noreferrer noopener\"> https:\/\/www.britannica.com\/place\/Mexico\/Ethnic-groups<\/a>, accessed on 11 June 2022.&nbsp;<\/p>\n\n\n\n<p class=\"has-small-font-size\">Mexico country page of Freedom House Index (2022). Retrieved from&nbsp; Freedom House at:<a href=\"https:\/\/freedomhouse.org\/country\/mexico\"> <\/a><a href=\"https:\/\/freedomhouse.org\/country\/mexico\/freedom-world\/2022\" target=\"_blank\" rel=\"noreferrer noopener\">https:\/\/freedomhouse.org\/country\/mexico\/freedom-world\/2022<\/a>, accessed on 11 June 2022.&nbsp;<\/p>\n\n\n\n<p class=\"has-small-font-size\">Mexico country page of Save the Children. Retrieved from Save the Children at <a href=\"https:\/\/www.savethechildren.org\/us\/where-we-work\/mexico\" target=\"_blank\" rel=\"noreferrer noopener\">https:\/\/www.savethechildren.org\/us\/where-we-work\/mexico<\/a>, accessed on 11 June 2022.&nbsp;<\/p>\n\n\n\n<p class=\"has-small-font-size\">Los derechos de la infancia y de la adolescencia en M\u00e9xico (2018). Retrieved from UNICEF at <a href=\"https:\/\/www.unicef.org\/mexico\/informes\/la-situaci%C3%B3n-de-los-derechos-de-la-ni%C3%B1ez-y-la-adolescencia-en-m%C3%A9xico\" target=\"_blank\" rel=\"noreferrer noopener\">https:\/\/www.unicef.org\/mexico\/informes\/la-situaci%C3%B3n-de-los-derechos-de-la-ni%C3%B1ez-y-la-adolescencia-en-m%C3%A9xico<\/a>, accessed on 12 July 2022.&nbsp;<\/p>\n\n\n\n<p class=\"has-small-font-size\">Mexico Overview (2022). Retrieved from the World Bank at<a href=\"https:\/\/www.worldbank.org\/en\/country\/mexico\/overview#1\" target=\"_blank\" rel=\"noreferrer noopener\"> https:\/\/www.worldbank.org\/en\/country\/mexico\/overview#1<\/a>, accessed on 11 June 2022.&nbsp;<\/p>\n\n\n\n<p class=\"has-small-font-size\">Stop the War on Children 2020 report (2020). Retrieved from Save the Children at <a href=\"https:\/\/www.savethechildren.org\/content\/dam\/usa\/reports\/emergency-response\/gender-matters-swoc-report.pdf\" target=\"_blank\" rel=\"noreferrer noopener\">https:\/\/www.savethechildren.org\/content\/dam\/usa\/reports\/emergency-response\/gender-matters-swoc-report.pdf<\/a>., accessed on 12 July 2022.&nbsp;<\/p>\n\n\n\n<p class=\"has-small-font-size\">The Mexican education system: An overview (2017). Retrieved from Wise at<a href=\"https:\/\/wise.com\/gb\/blog\/mexican-education-overview\" target=\"_blank\" rel=\"noreferrer noopener\"> https:\/\/wise.com\/gb\/blog\/mexican-education-overview<\/a>, accessed on 11 June 2022.&nbsp;<\/p>\n\n\n\n<p class=\"has-small-font-size\">UNODC &#8211; Topic one &#8211; The many forms of violence against children (2019). Retrieved from United Nations Office on Drugs and Crime at<a href=\"https:\/\/www.unodc.org\/e4j\/zh\/crime-prevention-criminal-justice\/module-12\/key-issues\/1--the-many-forms-of-violence-against-children.html#:~:text=Examples%2520include%253A%2520abuse%2520and%2520neglect,exploitation%2520of%2520children%253B%2520child%2520labour%253B\" target=\"_blank\" rel=\"noreferrer noopener\"> https:\/\/www.unodc.org\/e4j\/zh\/crime-prevention-criminal-justice\/module-12\/key-issues\/1&#8211;the-many-forms-of-violence-against-children.html#:~:text=Examples percent20include percent3A percent20abuse percent20and percent20neglect,exploitation percent20of percent20children percent3B percent20child percent20labour percent3B<\/a>, accessed on 11 June 2022.<\/p>\n\n\n\n<hr class=\"wp-block-separator has-alpha-channel-opacity\"\/>\n\n\n\n<p class=\"has-small-font-size\"><a href=\"#_ftnref1\">[1]<\/a> Este art\u00edculo no pretende de ninguna manera dar una descripci\u00f3n completa o representativa de los derechos del ni\u00f1o en M\u00e9xico; de hecho, uno de los muchos desaf\u00edos es la escasa informaci\u00f3n actualizada sobre los ni\u00f1os de M\u00e9xico, mucha de la cual no es confiable, no es representativa, est\u00e1 desactualizada o simplemente no existe.<\/p>\n","protected":false},"excerpt":{"rendered":"<p>Descubriendo los derechos del ni\u00f1o en M\u00e9xico M\u00e9xico se encuentra entre las 15 econom\u00edas m\u00e1s grandes del mundo, y es la segunda econom\u00eda m\u00e1s grande de Am\u00e9rica Latina (World Bank, 2022). Con una poblaci\u00f3n de casi 129 millones, es uno de los pa\u00edses latinoamericanos m\u00e1s densamente poblados, caracterizado por una rica historia cultural, la diversidad [&hellip;]<\/p>\n","protected":false},"author":1,"featured_media":0,"parent":0,"menu_order":0,"comment_status":"closed","ping_status":"open","template":"","meta":{"footnotes":""},"class_list":["post-3635","page","type-page","status-publish","hentry"],"yoast_head":"<!-- This site is optimized with the Yoast SEO plugin v26.5 - https:\/\/yoast.com\/wordpress\/plugins\/seo\/ -->\n<title>Ni\u00f1os de M\u00e9xico - Humanium<\/title>\n<meta name=\"description\" content=\"En M\u00e9xico, problemas como la violencia y la falta de acceso a la educaci\u00f3n y los servicios sanitarios son una gran amenaza para los ni\u00f1os.\" \/>\n<meta name=\"robots\" content=\"index, follow, max-snippet:-1, max-image-preview:large, max-video-preview:-1\" \/>\n<link rel=\"canonical\" href=\"https:\/\/www.humanium.org\/es\/mexico\/\" \/>\n<meta property=\"og:locale\" content=\"es_ES\" \/>\n<meta property=\"og:type\" content=\"article\" \/>\n<meta property=\"og:title\" content=\"Ni\u00f1os de M\u00e9xico - Humanium\" \/>\n<meta property=\"og:description\" content=\"En M\u00e9xico, problemas como la violencia y la falta de acceso a la educaci\u00f3n y los servicios sanitarios son una gran amenaza para los ni\u00f1os.\" \/>\n<meta property=\"og:url\" content=\"https:\/\/www.humanium.org\/es\/mexico\/\" \/>\n<meta property=\"og:site_name\" content=\"Humanium\" \/>\n<meta property=\"article:modified_time\" content=\"2025-12-05T18:12:40+00:00\" \/>\n<meta property=\"og:image\" content=\"https:\/\/www.humanium.org\/es\/wp-content\/uploads\/2023\/04\/Shutterstock_654015190.jpg\" \/>\n\t<meta property=\"og:image:width\" content=\"400\" \/>\n\t<meta property=\"og:image:height\" content=\"400\" \/>\n\t<meta property=\"og:image:type\" content=\"image\/jpeg\" \/>\n<meta name=\"twitter:card\" content=\"summary_large_image\" \/>\n<meta name=\"twitter:label1\" content=\"Tiempo de lectura\" \/>\n\t<meta name=\"twitter:data1\" content=\"15 minutos\" \/>\n<script type=\"application\/ld+json\" class=\"yoast-schema-graph\">{\"@context\":\"https:\/\/schema.org\",\"@graph\":[{\"@type\":\"WebPage\",\"@id\":\"https:\/\/www.humanium.org\/es\/mexico\/\",\"url\":\"https:\/\/www.humanium.org\/es\/mexico\/\",\"name\":\"Ni\u00f1os de M\u00e9xico - Humanium\",\"isPartOf\":{\"@id\":\"https:\/\/www.humanium.org\/es\/#website\"},\"primaryImageOfPage\":{\"@id\":\"https:\/\/www.humanium.org\/es\/mexico\/#primaryimage\"},\"image\":{\"@id\":\"https:\/\/www.humanium.org\/es\/mexico\/#primaryimage\"},\"thumbnailUrl\":\"https:\/\/www.humanium.org\/es\/wp-content\/uploads\/2023\/04\/Shutterstock_654015190.jpg\",\"datePublished\":\"2016-01-14T17:04:04+00:00\",\"dateModified\":\"2025-12-05T18:12:40+00:00\",\"description\":\"En M\u00e9xico, problemas como la violencia y la falta de acceso a la educaci\u00f3n y los servicios sanitarios son una gran amenaza para los ni\u00f1os.\",\"breadcrumb\":{\"@id\":\"https:\/\/www.humanium.org\/es\/mexico\/#breadcrumb\"},\"inLanguage\":\"es\",\"potentialAction\":[{\"@type\":\"ReadAction\",\"target\":[\"https:\/\/www.humanium.org\/es\/mexico\/\"]}]},{\"@type\":\"ImageObject\",\"inLanguage\":\"es\",\"@id\":\"https:\/\/www.humanium.org\/es\/mexico\/#primaryimage\",\"url\":\"https:\/\/www.humanium.org\/es\/wp-content\/uploads\/2023\/04\/Shutterstock_654015190.jpg\",\"contentUrl\":\"https:\/\/www.humanium.org\/es\/wp-content\/uploads\/2023\/04\/Shutterstock_654015190.jpg\",\"width\":400,\"height\":400},{\"@type\":\"BreadcrumbList\",\"@id\":\"https:\/\/www.humanium.org\/es\/mexico\/#breadcrumb\",\"itemListElement\":[{\"@type\":\"ListItem\",\"position\":1,\"name\":\"Home\",\"item\":\"https:\/\/www.humanium.org\/es\/\"},{\"@type\":\"ListItem\",\"position\":2,\"name\":\"Ni\u00f1os de M\u00e9xico\"}]},{\"@type\":\"WebSite\",\"@id\":\"https:\/\/www.humanium.org\/es\/#website\",\"url\":\"https:\/\/www.humanium.org\/es\/\",\"name\":\"Humanium\",\"description\":\"\u00a1Los ni\u00f1os primero!\",\"potentialAction\":[{\"@type\":\"SearchAction\",\"target\":{\"@type\":\"EntryPoint\",\"urlTemplate\":\"https:\/\/www.humanium.org\/es\/?s={search_term_string}\"},\"query-input\":{\"@type\":\"PropertyValueSpecification\",\"valueRequired\":true,\"valueName\":\"search_term_string\"}}],\"inLanguage\":\"es\"}]}<\/script>\n<!-- \/ Yoast SEO plugin. -->","yoast_head_json":{"title":"Ni\u00f1os de M\u00e9xico - Humanium","description":"En M\u00e9xico, problemas como la violencia y la falta de acceso a la educaci\u00f3n y los servicios sanitarios son una gran amenaza para los ni\u00f1os.","robots":{"index":"index","follow":"follow","max-snippet":"max-snippet:-1","max-image-preview":"max-image-preview:large","max-video-preview":"max-video-preview:-1"},"canonical":"https:\/\/www.humanium.org\/es\/mexico\/","og_locale":"es_ES","og_type":"article","og_title":"Ni\u00f1os de M\u00e9xico - Humanium","og_description":"En M\u00e9xico, problemas como la violencia y la falta de acceso a la educaci\u00f3n y los servicios sanitarios son una gran amenaza para los ni\u00f1os.","og_url":"https:\/\/www.humanium.org\/es\/mexico\/","og_site_name":"Humanium","article_modified_time":"2025-12-05T18:12:40+00:00","og_image":[{"width":400,"height":400,"url":"https:\/\/www.humanium.org\/es\/wp-content\/uploads\/2023\/04\/Shutterstock_654015190.jpg","type":"image\/jpeg"}],"twitter_card":"summary_large_image","twitter_misc":{"Tiempo de lectura":"15 minutos"},"schema":{"@context":"https:\/\/schema.org","@graph":[{"@type":"WebPage","@id":"https:\/\/www.humanium.org\/es\/mexico\/","url":"https:\/\/www.humanium.org\/es\/mexico\/","name":"Ni\u00f1os de M\u00e9xico - Humanium","isPartOf":{"@id":"https:\/\/www.humanium.org\/es\/#website"},"primaryImageOfPage":{"@id":"https:\/\/www.humanium.org\/es\/mexico\/#primaryimage"},"image":{"@id":"https:\/\/www.humanium.org\/es\/mexico\/#primaryimage"},"thumbnailUrl":"https:\/\/www.humanium.org\/es\/wp-content\/uploads\/2023\/04\/Shutterstock_654015190.jpg","datePublished":"2016-01-14T17:04:04+00:00","dateModified":"2025-12-05T18:12:40+00:00","description":"En M\u00e9xico, problemas como la violencia y la falta de acceso a la educaci\u00f3n y los servicios sanitarios son una gran amenaza para los ni\u00f1os.","breadcrumb":{"@id":"https:\/\/www.humanium.org\/es\/mexico\/#breadcrumb"},"inLanguage":"es","potentialAction":[{"@type":"ReadAction","target":["https:\/\/www.humanium.org\/es\/mexico\/"]}]},{"@type":"ImageObject","inLanguage":"es","@id":"https:\/\/www.humanium.org\/es\/mexico\/#primaryimage","url":"https:\/\/www.humanium.org\/es\/wp-content\/uploads\/2023\/04\/Shutterstock_654015190.jpg","contentUrl":"https:\/\/www.humanium.org\/es\/wp-content\/uploads\/2023\/04\/Shutterstock_654015190.jpg","width":400,"height":400},{"@type":"BreadcrumbList","@id":"https:\/\/www.humanium.org\/es\/mexico\/#breadcrumb","itemListElement":[{"@type":"ListItem","position":1,"name":"Home","item":"https:\/\/www.humanium.org\/es\/"},{"@type":"ListItem","position":2,"name":"Ni\u00f1os de M\u00e9xico"}]},{"@type":"WebSite","@id":"https:\/\/www.humanium.org\/es\/#website","url":"https:\/\/www.humanium.org\/es\/","name":"Humanium","description":"\u00a1Los ni\u00f1os primero!","potentialAction":[{"@type":"SearchAction","target":{"@type":"EntryPoint","urlTemplate":"https:\/\/www.humanium.org\/es\/?s={search_term_string}"},"query-input":{"@type":"PropertyValueSpecification","valueRequired":true,"valueName":"search_term_string"}}],"inLanguage":"es"}]}},"_links":{"self":[{"href":"https:\/\/www.humanium.org\/es\/wp-json\/wp\/v2\/pages\/3635","targetHints":{"allow":["GET"]}}],"collection":[{"href":"https:\/\/www.humanium.org\/es\/wp-json\/wp\/v2\/pages"}],"about":[{"href":"https:\/\/www.humanium.org\/es\/wp-json\/wp\/v2\/types\/page"}],"author":[{"embeddable":true,"href":"https:\/\/www.humanium.org\/es\/wp-json\/wp\/v2\/users\/1"}],"replies":[{"embeddable":true,"href":"https:\/\/www.humanium.org\/es\/wp-json\/wp\/v2\/comments?post=3635"}],"version-history":[{"count":9,"href":"https:\/\/www.humanium.org\/es\/wp-json\/wp\/v2\/pages\/3635\/revisions"}],"predecessor-version":[{"id":20626,"href":"https:\/\/www.humanium.org\/es\/wp-json\/wp\/v2\/pages\/3635\/revisions\/20626"}],"wp:attachment":[{"href":"https:\/\/www.humanium.org\/es\/wp-json\/wp\/v2\/media?parent=3635"}],"curies":[{"name":"wp","href":"https:\/\/api.w.org\/{rel}","templated":true}]}}