{"id":3648,"date":"2013-08-14T18:45:14","date_gmt":"2013-08-14T18:45:14","guid":{"rendered":"http:\/\/www.humanium.org\/es\/?page_id=3648"},"modified":"2025-12-13T21:18:06","modified_gmt":"2025-12-13T21:18:06","slug":"cabo-verde","status":"publish","type":"page","link":"https:\/\/www.humanium.org\/es\/cabo-verde\/","title":{"rendered":"Ni\u00f1os de Cabo Verde"},"content":{"rendered":"\n<h2 class=\"wp-block-heading\">Descubriendo los derechos del ni\u00f1o en Cabo Verde<\/h2>\n\n\n\n<p><strong>Cabo Verde forma parte de los Peque\u00f1os Estados Insulares en Desarrollo o PEID. Este Estado ha presenciado grandes cambios en relaci\u00f3n con los derechos de los ni\u00f1os. Sin embargo, los escasos recursos del pa\u00eds y de su poblaci\u00f3n frenan la puesta en marcha de medidas que puedan asegurar y profundizar el respeto de <a href=\"https:\/\/www.humanium.org\/es\/derechos-ninos\/\">los derechos de los ni\u00f1os<\/a>. El pa\u00eds afronta todav\u00eda numerosos desaf\u00edos, aunque la buena voluntad del gobierno permite apreciar un futuro mejor para los ni\u00f1os caboverdianos.<\/strong><\/p>\n\n\n\n<div class=\"wp-block-columns is-layout-flex wp-container-core-columns-is-layout-9d6595d7 wp-block-columns-is-layout-flex\">\n<div class=\"wp-block-column is-layout-flow wp-block-column-is-layout-flow\"><div class=\"wp-block-image is-style-rounded\">\n<figure class=\"aligncenter size-large\"><img loading=\"lazy\" decoding=\"async\" width=\"200\" height=\"200\" src=\"https:\/\/www.humanium.org\/es\/wp-content\/uploads\/2020\/11\/shutterstock_1092155516.jpg\" alt=\"\" class=\"wp-image-14910\" srcset=\"https:\/\/www.humanium.org\/es\/wp-content\/uploads\/2020\/11\/shutterstock_1092155516.jpg 200w, https:\/\/www.humanium.org\/es\/wp-content\/uploads\/2020\/11\/shutterstock_1092155516-150x150.jpg 150w\" sizes=\"auto, (max-width: 200px) 100vw, 200px\" \/><\/figure>\n<\/div><\/div>\n\n\n\n<div class=\"wp-block-column is-layout-flow wp-block-column-is-layout-flow\"><div class=\"wp-block-image is-style-rounded\">\n<figure class=\"aligncenter size-large\"><img loading=\"lazy\" decoding=\"async\" width=\"200\" height=\"200\" src=\"https:\/\/www.humanium.org\/es\/wp-content\/uploads\/2020\/11\/shutterstock_1100844596.jpg\" alt=\"\" class=\"wp-image-14911\" srcset=\"https:\/\/www.humanium.org\/es\/wp-content\/uploads\/2020\/11\/shutterstock_1100844596.jpg 200w, https:\/\/www.humanium.org\/es\/wp-content\/uploads\/2020\/11\/shutterstock_1100844596-150x150.jpg 150w\" sizes=\"auto, (max-width: 200px) 100vw, 200px\" \/><\/figure>\n<\/div><\/div>\n<\/div>\n\n\n\n<iframe loading=\"lazy\" src=\"https:\/\/www.google.com\/maps\/embed?pb=!1m18!1m12!1m3!1d1963454.1059022704!2d-25.10998680421739!3d16.020213769552388!2m3!1f0!2f0!3f0!3m2!1i1024!2i768!4f13.1!3m3!1m2!1s0x9358f2159115131%3A0x6b1af236f918ea1f!2sCape%20Verde!5e0!3m2!1sen!2shr!4v1604769727061!5m2!1sen!2shr\" width=\"600\" height=\"450\" frameborder=\"0\" style=\"border:0;\" allowfullscreen=\"\" aria-hidden=\"false\" tabindex=\"0\"><\/iframe>\n\n\n\n<div class=\"wp-block-columns is-layout-flex wp-container-core-columns-is-layout-9d6595d7 wp-block-columns-is-layout-flex\">\n<div class=\"wp-block-column is-layout-flow wp-block-column-is-layout-flow\">\n<p><strong>Poblaci\u00f3n:<\/strong> 543,767<br><strong>Pob. de 0 \u00e0 14 a\u00f1os:<\/strong> 28.7%<\/p>\n<\/div>\n\n\n\n<div class=\"wp-block-column is-layout-flow wp-block-column-is-layout-flow\">\n<p><strong>Esperanza de vida:<\/strong> 72.7 years<br><strong>Mortalidad en menores de 5 a\u00f1os:<\/strong> 14.9\u2030<\/p>\n<\/div>\n<\/div>\n\n\n\n<h2 class=\"wp-block-heading\"><strong>Cabo Verde de un vistazo<\/strong><\/h2>\n\n\n\n<p>Cabo Verde es un estado insular. Se compone de diez islas volc\u00e1nicas. Esta Rep\u00fablica de \u00c1frica occidental es conocida por su estabilidad pol\u00edtica desde que consiguiera la independencia el 5 de julio de 1975. Es tambi\u00e9n uno de los pa\u00edses m\u00e1s din\u00e1micos y arroja algunos indicadores esperanzadores. Con un buen gobierno y un bajo nivel de corrupci\u00f3n, Cabo Verde cuenta con un PIB por habitante que triplica la media del \u00c1frica subsahariana. En 2019, dentro de la clasificaci\u00f3n por \u00edndice de desarrollo humano, ocupaba la primera posici\u00f3n del <a href=\"https:\/\/www.humanium.org\/es\/africa\/\">\u00c1frica<\/a> occidental y la posici\u00f3n decimotercera de todo el continente africano. A nivel mundial, se encuentra en el puesto 163 de 228 (Direction g\u00e9n\u00e9rale du Tr\u00e9sor, 2020).<\/p>\n\n\n\n<p>El archipi\u00e9lago es pobre en cuanto a recursos naturales, sobre todo de agua dulce, y sufre largos per\u00edodos de sequ\u00eda (Comit\u00e9 pour l&#8217;\u00e9limination de la discrimination raciale, 2003). Esta configuraci\u00f3n presenta todo un desaf\u00edo, pues Cabo Verde es un pa\u00eds que depende del exterior tambi\u00e9n tanto para obtener recursos financieros como cubrir sus necesidades interiores. Por ejemplo, como el territorio no tiene m\u00e1s que un 10% de tierras cultivables, el pa\u00eds debe importar alimentos para cubrir sus necesidades (Direction g\u00e9n\u00e9rale du Tr\u00e9sor, 2020). Al igual que sucede con muchas islas con escasez de recursos, para Cabo Verde es dif\u00edcil garantizar los servicios esenciales&nbsp;(Comit\u00e9 pour l&#8217;\u00e9limination de la discrimination raciale, 2003).<\/p>\n\n\n\n<h2 class=\"wp-block-heading\"><strong>Estatuto de los derechos de los ni\u00f1os<\/strong> <strong><a href=\"#_ftn1\"><strong>[1]<\/strong><\/a><\/strong><\/h2>\n\n\n<div class=\"wp-block-image\">\n<figure class=\"alignleft size-large is-resized\"><img loading=\"lazy\" decoding=\"async\" width=\"1024\" height=\"635\" src=\"https:\/\/www.humanium.org\/es\/wp-content\/uploads\/2020\/11\/shutterstock_244847935-1024x635.jpg\" alt=\"\" class=\"wp-image-14915\" style=\"width:365px;height:226px\" srcset=\"https:\/\/www.humanium.org\/es\/wp-content\/uploads\/2020\/11\/shutterstock_244847935-1024x635.jpg 1024w, https:\/\/www.humanium.org\/es\/wp-content\/uploads\/2020\/11\/shutterstock_244847935-300x186.jpg 300w, https:\/\/www.humanium.org\/es\/wp-content\/uploads\/2020\/11\/shutterstock_244847935-768x476.jpg 768w, https:\/\/www.humanium.org\/es\/wp-content\/uploads\/2020\/11\/shutterstock_244847935-1536x952.jpg 1536w, https:\/\/www.humanium.org\/es\/wp-content\/uploads\/2020\/11\/shutterstock_244847935-2048x1270.jpg 2048w, https:\/\/www.humanium.org\/es\/wp-content\/uploads\/2020\/11\/shutterstock_244847935-830x515.jpg 830w, https:\/\/www.humanium.org\/es\/wp-content\/uploads\/2020\/11\/shutterstock_244847935-230x143.jpg 230w, https:\/\/www.humanium.org\/es\/wp-content\/uploads\/2020\/11\/shutterstock_244847935-350x217.jpg 350w, https:\/\/www.humanium.org\/es\/wp-content\/uploads\/2020\/11\/shutterstock_244847935-480x298.jpg 480w\" sizes=\"auto, (max-width: 1024px) 100vw, 1024px\" \/><\/figure>\n<\/div>\n\n\n<p>En lo que a <a href=\"https:\/\/www.humanium.org\/es\/derechos-ninos\/\">los derechos de los ni\u00f1os<\/a> se refiere, el pa\u00eds. Despu\u00e9s de muchos a\u00f1os, ha realizado grandes esfuerzos para mejor la situaci\u00f3n. A nivel mundial, Cabo Verde ha mostrado su buena voluntad al adherirse y\/o ratificar tratados internacionales. Por ejemplo, ha ratificado el Convenio de la Organizaci\u00f3n Internacional del Trabajo que estableci\u00f3 en 1973 la edad m\u00ednima para trabajar y las peores formas de trabajo para ni\u00f1os en 1999. Lo hizo el 7 de febrero de 2011&nbsp;(Comit\u00e9 pour la protection des droits de tous les travailleurs migrants et des membres de leur famille, 2015). <\/p>\n\n\n\n<p>A estos dos ejemplos se une la adhesi\u00f3n al <a href=\"https:\/\/www.humanium.org\/es\/convencion\/\">Convenio internacional sobre los derechos del ni\u00f1o (CDN)<\/a> el 4 de junio de 1992. Es m\u00e1s, Cabo Verde ha ratificado Protocolos facultativos relativos a esta Convenci\u00f3n sobre la venta de ni\u00f1os y la prostituci\u00f3n y la pornograf\u00eda infantil y el Protocolo facultativo sobre la intervenci\u00f3n de ni\u00f1os en conflictos armados de 2002. Para poder aplicar la CDN, se han puesto en marcha varias iniciativas con la creaci\u00f3n destacada de la Comisi\u00f3n Nacional sobre los Derechos Humanos y la Ciudadan\u00eda en 2004 y la adopci\u00f3n del Estatuto del Ni\u00f1o y el Adolescente en 2013&nbsp;(Comit\u00e9 des droits de l&#8217;enfant, 2019).&nbsp;<\/p>\n\n\n\n<p>El pa\u00eds y los diferentes gobiernos que se han ido sucediendo se han vuelto conscientes de la importancia de los derechos del ni\u00f1o y se han aplicado esfuerzos con sentido. Sin embargo, se dedican escasos recursos humanos, t\u00e9cnicos y financieros a medidas pol\u00edticas y econ\u00f3micas encaminadas a asegurar el respeto total por los derechos del ni\u00f1o&nbsp;(Comit\u00e9 des droits de l&#8217;enfant, 2019). Por ejemplo, el Estatuto del Ni\u00f1o y del Adolescente se ha aplicado con dificultad, lo que limita considerablemente su alcance&nbsp;(Comit\u00e9 des droits de l&#8217;enfant, 2019). <\/p>\n\n\n\n<p>Cabo Verde tiene por delante mucho progreso que realizar, especialmente a la hora de tener en cuenta los principios que gu\u00edan la CDN. Por ejemplo, este estatuto de 2013 no tiene en consideraci\u00f3n el principio de respeto de la opini\u00f3n del ni\u00f1o en muchas \u00e1reas, que es uno de los principios de la CDN. La formaci\u00f3n dirigida a profesionales y campa\u00f1as de sensibilizaci\u00f3n y promoci\u00f3n de los derechos del ni\u00f1o permitir\u00edan que los esfuerzos para que estos derechos fueran m\u00e1s eficientes e incorporarlos a las pr\u00e1cticas y valores morales de la sociedad (Comit\u00e9 des droits de l&#8217;enfant, 2019).<\/p>\n\n\n\n<p>Al mismo tiempo, conocer la situaci\u00f3n y mejorarla resulta dif\u00edcil, pues hay pocos datos sobre pol\u00edticas p\u00fablicas y seguimiento. Los informes sobre Cabo Verde procedentes de diferentes organizaciones de las Naciones Unidas, como el de 2019 emitido por el Comit\u00e9 de los derechos de los ni\u00f1os, a menudo se refieren a esta falta de datos. El informe anterior se refiere a la creaci\u00f3n de un Observatorio de la infancia y la adolescencia que permite poner en marcha un sistema de datos para ver la evoluci\u00f3n de los derechos anteriormente referidos por parte de (Comit\u00e9 des droits de l&#8217;enfant, 2019).<\/p>\n\n\n\n<h2 class=\"wp-block-heading\"><strong>Respuesta ante las necesidades de los ni\u00f1os<\/strong><\/h2>\n\n\n\n<h3 class=\"wp-block-heading\"><strong><strong><a href=\"https:\/\/www.humanium.org\/es\/derecho-educacion\/\">Derecho a la educaci\u00f3n<\/a><\/strong><\/strong><\/h3>\n\n\n\n<p>En Cabo Verde, los ni\u00f1os tienen derecho a <a href=\"https:\/\/www.humanium.org\/es\/derecho-educacion\/\">una educaci\u00f3n gratuita<\/a> y obligatoria durante 8 a\u00f1os (Comit\u00e9 des droits de l&#8217;enfant, 2019). Es m\u00e1s, la tasa de escolarizaci\u00f3n ha aumentado, pasando del 63,5&nbsp;% en 2000 a 85,3&nbsp;% en 2010 seg\u00fan el Ministerio de Educaci\u00f3n de Cabo Verde. Lo mismo se ha dado en cuanto a la tasa de alfabetizaci\u00f3n&nbsp;(Pires Ferreira, 2013). Pr\u00e1cticamente todos los ni\u00f1os tienen acceso a la educaci\u00f3n primaria y en los presupuestos p\u00fablicos la educaci\u00f3n representa una parte importante (Comit\u00e9 des droits de l&#8217;enfant, 2019).<\/p>\n\n\n<div class=\"wp-block-image\">\n<figure class=\"alignright size-large is-resized\"><img loading=\"lazy\" decoding=\"async\" width=\"1024\" height=\"768\" src=\"https:\/\/www.humanium.org\/es\/wp-content\/uploads\/2020\/11\/shutterstock_1245514042-1024x768.jpg\" alt=\"\" class=\"wp-image-14916\" style=\"width:362px;height:272px\" srcset=\"https:\/\/www.humanium.org\/es\/wp-content\/uploads\/2020\/11\/shutterstock_1245514042-1024x768.jpg 1024w, https:\/\/www.humanium.org\/es\/wp-content\/uploads\/2020\/11\/shutterstock_1245514042-300x225.jpg 300w, https:\/\/www.humanium.org\/es\/wp-content\/uploads\/2020\/11\/shutterstock_1245514042-768x576.jpg 768w, https:\/\/www.humanium.org\/es\/wp-content\/uploads\/2020\/11\/shutterstock_1245514042-1536x1152.jpg 1536w, https:\/\/www.humanium.org\/es\/wp-content\/uploads\/2020\/11\/shutterstock_1245514042-2048x1536.jpg 2048w, https:\/\/www.humanium.org\/es\/wp-content\/uploads\/2020\/11\/shutterstock_1245514042-830x623.jpg 830w, https:\/\/www.humanium.org\/es\/wp-content\/uploads\/2020\/11\/shutterstock_1245514042-230x173.jpg 230w, https:\/\/www.humanium.org\/es\/wp-content\/uploads\/2020\/11\/shutterstock_1245514042-350x263.jpg 350w, https:\/\/www.humanium.org\/es\/wp-content\/uploads\/2020\/11\/shutterstock_1245514042-480x360.jpg 480w\" sizes=\"auto, (max-width: 1024px) 100vw, 1024px\" \/><\/figure>\n<\/div>\n\n\n<p>Sin embargo, hay frenos en el acceso de los ni\u00f1os a <a href=\"https:\/\/www.humanium.org\/es\/derecho-educacion\/\">la educaci\u00f3n.<\/a> Por ejemplo, aunque la educaci\u00f3n sea gratuita, los costes indirectos como el transporte o las comidas de los ni\u00f1os son importantes para las familias con escasos ingresos&nbsp;(Comit\u00e9 des droits \u00e9conomiques, sociaux et culturels, 2018). La educaci\u00f3n secundaria y universitaria est\u00e1n al alcance de aquellos que tienen dinero. En todos los niveles educativos hay disparidades significativas entre<a href=\"https:\/\/www.humanium.org\/es\/enfoques-tematicos\/aislamiento-desarraigo\/ninos-desplazados\/\"> las zonas urbanas y rurales<\/a> (Comit\u00e9 des droits de l&#8217;enfant, 2019). Incluso si se est\u00e1n haciendo esfuerzos, la educaci\u00f3n de <a href=\"https:\/\/www.humanium.org\/es\/enfoques-tematicos\/discriminacion\/ninos-discapacitados\/#:~:text=Los%20ni%C3%B1os%20con%20discapacidad%20corren,entorno%20familiar%2C%20institucional%20y%20social.\">los ni\u00f1os con discapacidad<\/a> est\u00e1 limitada&nbsp;(Comit\u00e9 des droits \u00e9conomiques, sociaux et culturels, 2018).<\/p>\n\n\n\n<p>Por otro lado, <a href=\"https:\/\/www.humanium.org\/es\/derecho-educacion\/\">la educaci\u00f3n<\/a> es un tema que materializa los retos de la identidad y del pa\u00eds. Por ejemplo, la ense\u00f1anza se hace en portugu\u00e9s. Sin embargo, unos cuantos utilizan el creole caboverdiano, sobre todo las clases sociales con pocos recursos. Cabo Verde es un buen ejemplo de disglosia, es decir de una \u00absituaci\u00f3n de biling\u00fcismo por parte de un individuo o de una comunidad en la que dos lenguas tienen un estatuto sociopol\u00edtico inferior\u00bb (Larousse, s.d.), donde&nbsp; la lengua oficial es el portugu\u00e9s. El problema de la lengua, entre lengua nacional y lengua oficial, presenta un verdadero freno en el derecho a la educaci\u00f3n. De hecho, resulta cada vez m\u00e1s dif\u00edcil compartir conocimientos y los alumnos encuentran&nbsp; dificultades, en particular aquellos que hablan creole (Pires Ferreira, 2013). <\/p>\n\n\n\n<p>La calidad de la ense\u00f1anza y su pertinencia han sido puestos de manifiesto por el Comit\u00e9 de los derechos del ni\u00f1o en 2019. Esta dificultad e ineficiencia en <a href=\"https:\/\/www.humanium.org\/es\/derecho-educacion\/\">la ense\u00f1anza <\/a>tienen como resultado una elevada tasa de abandono escolar. Esta tendencia afecta especialmente a la poblaci\u00f3n femenina, a pesar de las reformas legislativas que permiten a las j\u00f3venes embarazadas seguir estudiando (Comit\u00e9 des droits \u00e9conomiques, sociaux et culturels, 2018). Del mismo modo, las ni\u00f1as est\u00e1n poco representadas en los estudios en \u00e1reas tradicionalmente dominadas por los hombres (Comit\u00e9 pour l&#8217;\u00e9limination de la discrimination \u00e0 l&#8217;\u00e9gard des femmes, 2019). Adem\u00e1s, los programas contienen numerosos estereotipos discriminatorios en cuanto al lugar que se les supone a las mujeres y a los hombres en la sociedad y en el seno de la familia (Comit\u00e9 pour l&#8217;\u00e9limination de la discrimination \u00e0 l&#8217;\u00e9gard des femmes, 2019).<\/p>\n\n\n\n<h3 class=\"wp-block-heading\"><a href=\"https:\/\/www.humanium.org\/es\/derecho-salud\/\">Derecho a la salud<\/a><\/h3>\n\n\n\n<p>Se est\u00e1 notando el progreso. Las tasas de mortalidad infantil y maternal han bajado en picado y se ha destinado parte del presupuesto p\u00fablico a financiar el servicio de salud de los ni\u00f1os (Comit\u00e9 des droits de l&#8217;enfant, 2019). Sin embargo, <a href=\"https:\/\/www.humanium.org\/es\/derecho-salud\/\">el derecho a la salud<\/a> est\u00e1 lejos de que sea totalmente adquirido y respetado. Muchas enfermedades afectan a los ni\u00f1os, especialmente aquellas enfermedades que cuentan con vacunas conocidas, como la poliomielitis. Los ni\u00f1os peque\u00f1os se ven particularmente afectados por esta enfermedad, pero tambi\u00e9n por enfermedades perinatales, infecciones respiratorias agudas, diarreas, gota y tuberculosis (Comit\u00e9 des droits de l&#8217;enfant, 2019).<\/p>\n\n\n\n<p>Se han dado pasos adelante tambi\u00e9n en cuanto a la salud de los adolescentes, en particular con la creaci\u00f3n en 2008 de <a href=\"https:\/\/www.humanium.org\/es\/enfoques-tematicos\/salud\/\">servicios de salud<\/a> sexual y procreativa dirigida a este grupo de edad. No obstante, muchas j\u00f3venes se quedan embarazadas&nbsp;(Comit\u00e9 des droits de l&#8217;enfant, 2019) y en 2018 un 12% de adolescentes entre 15 y 19 a\u00f1os han dado a luz&nbsp;(Comit\u00e9 pour l&#8217;\u00e9limination de la discrimination \u00e0 l&#8217;\u00e9gard des femmes, 2019). La maternidad pone en riesgo su futuro, por ejemplo, limitando su acceso a la educaci\u00f3n o a una mejor situaci\u00f3n socio profesional (OMS, 2020).<\/p>\n\n\n\n<p>Una buena nutrici\u00f3n tiene un impacto positivo en la salud. Muchos ni\u00f1os en Cabo Verde comen cuando tienen hambre, como muestra la bajada de las tasas de insuficiencia ponderativas, desnutrici\u00f3n y retraso en el crecimiento (Comit\u00e9 des droits de l&#8217;enfant, 2019). Sin embargo, la anemia se encuentra muy extendida entre los m\u00e1s peque\u00f1os y las mujeres embarazadas (Comit\u00e9 des droits de l&#8217;enfant, 2019). Es m\u00e1s, el 25% de la poblaci\u00f3n rural no tiene acceso al agua potable y el 35% de los habitantes de \u00e1reas rurales no tienen ba\u00f1os ni un sistema de evacuaci\u00f3n de aguas&nbsp;(Comit\u00e9 pour l&#8217;\u00e9limination de la discrimination \u00e0 l&#8217;\u00e9gard des femmes, 2019). El agua no potable y el escaso acceso a la higiene son causas de enfermedades que afectan a los ni\u00f1os (OMS, 2019), que sin embargo tienen<a href=\"https:\/\/www.humanium.org\/es\/derecho-agua\/\"> derecho al agua potable.<\/a><\/p>\n\n\n\n<p>En relaci\u00f3n con la salud f\u00edsica, se cuenta con poca informaci\u00f3n y hay poca ayuda disponible sobre salud mental, y m\u00e1s a\u00fan en lo que concierne a los ni\u00f1os. De hecho, el pa\u00eds no puede facilitar informaci\u00f3n alguna sobre las causas de suicidio entre ni\u00f1os y adolescentes&nbsp;(Comit\u00e9 des droits de l&#8217;enfant, 2019). El consumo de drogas est\u00e1 extendido, afectando igualmente a ni\u00f1os de 15 a\u00f1os (Comit\u00e9 des droits de l&#8217;enfant, 2019).<\/p>\n\n\n\n<h3 class=\"wp-block-heading\"><strong><a href=\"https:\/\/www.humanium.org\/es\/derecho-identidad\/\">Derecho a la identidad<\/a><\/strong><\/h3>\n\n\n\n<p>Se ha realizado un esfuerzo importante para <a href=\"https:\/\/www.humanium.org\/es\/enfoques-tematicos\/aislamiento-desarraigo\/apatridas-invisibles\/\">registrar nacimientos<\/a>. <a href=\"https:\/\/www.humanium.org\/es\/derecho-identidad\/\">El derecho a la identidad<\/a> entra dentro de esta pr\u00e1ctica administrativa, lo que permite asociar a los ni\u00f1os a un pa\u00eds, a una nacionalidad. El ni\u00f1o de este modo adquiere derechos y protecci\u00f3n. Por ejemplo, si no se registra su nacimiento, al ni\u00f1o se le pueden rechazar servicios, como la educaci\u00f3n. Igualmente hay m\u00e1s probabilidad de que sean v\u00edctimas del tr\u00e1fico de personas, la explotaci\u00f3n, el trabajo forzado o incluso la adopci\u00f3n ilegal&nbsp;(UNHCR Gen\u00e8ve, 2015). <\/p>\n\n\n\n<p>La cuesti\u00f3n de registrar nacimientos muestra sin embargo la dificultad que este pa\u00eds tiene para hacer frente a las necesidades de su poblaci\u00f3n y de su geograf\u00eda: muchos nacimientos siguen siendo invisibles por cuestiones administrativas en \u00e1reas rurales debido a la falta de servicio y de recursos concedidos (Comit\u00e9 des droits \u00e9conomiques, sociaux et culturels, 2018). La apatridia es un problema que acepta todav\u00eda a muchos ni\u00f1os &nbsp;(Comit\u00e9 des droits de l&#8217;enfant, 2019).<\/p>\n\n\n\n<p><a href=\"https:\/\/www.humanium.org\/es\/derecho-identidad\/\">El derecho a la identidad<\/a> perjudica de la misma manera a los ni\u00f1os migrantes. Los migrantes del \u00c1frica occidental tienen dificultades para registrar sus nacimientos. Los ni\u00f1os, por lo tanto, no tienen acceso a los sistemas sanitarios y educativos, sin olvidar que se les dificulta el acceso a la nacionalidad (Comit\u00e9 des droits de l&#8217;enfant, 2019). Estos ni\u00f1os son especialmente vulnerables al maltrato y a la explotaci\u00f3n, en especial cuando proceden de familias en situaciones irregulares (Comit\u00e9 des droits de l&#8217;enfant, 2019).<\/p>\n\n\n\n<h2 class=\"wp-block-heading\"><strong>Factores de riesgo -&gt; desaf\u00edos espec\u00edficos del pa\u00eds<\/strong><\/h2>\n\n\n\n<h3 class=\"wp-block-heading\"><strong><a href=\"https:\/\/www.humanium.org\/es\/enfoques-tematicos\/violencia\/\">La violencia<\/a> y el maltrato infantil<\/strong><\/h3>\n\n\n\n<p>La violencia y el maltrato hacia los ni\u00f1os caboverdianos es un problema persistente. En el seno de las familias, est\u00e1n muy extendidos los castigos corporales, lo que va <a href=\"https:\/\/www.humanium.org\/es\/enfoques-tematicos\/violencia\/abuso-infantil\/\">en contra de su bien estar y buen desarrollo<\/a>. Esta pr\u00e1ctica no est\u00e1 expl\u00edcitamente prohibida en todas las situaciones (Comit\u00e9 des droits de l&#8217;enfant, 2019). A pesar de la creaci\u00f3n de un sistema de protecci\u00f3n, se denuncian muchos casos de maltrato. La falta de persecuci\u00f3n de los verdugos y de informaci\u00f3n sobre los ni\u00f1os v\u00edctimas en sus manos dificulta dar con soluciones pertinentes y eficientes (Comit\u00e9 des droits de l&#8217;enfant, 2019). &nbsp;<\/p>\n\n\n\n<p>Se denuncian muchos casos de <a href=\"https:\/\/www.humanium.org\/es\/enfoques-tematicos\/explotacion\/explotacion-sexual-infantil\/\">violencia sexual<\/a>, principalmente perpetrados por familiares o personas cercanas, aunque tambi\u00e9n en el entorno escolar De hecho, muchos alumnos consideran que la escuela es un peligro (Comit\u00e9 pour l&#8217;\u00e9limination de la discrimination \u00e0 l&#8217;\u00e9gard des femmes, 2019). En su mayor\u00eda los casos de abuso sexual afectan a las ni\u00f1as (Comit\u00e9 pour l&#8217;\u00e9limination de la discrimination \u00e0 l&#8217;\u00e9gard des femmes, 2019). <\/p>\n\n\n\n<p>A pesar de la puesta en marcha en 2016 del Programa Nacional para la lucha contra la violencia sexual sobre ni\u00f1os y adolescentes 2017-2019 (Comit\u00e9 pour l&#8217;\u00e9limination de la discrimination \u00e0 l&#8217;\u00e9gard des femmes, 2019), Cabo Verde cuenta con pocos servicios para dar apoyo social, psicol\u00f3gico, m\u00e9dico y jur\u00eddico a los ni\u00f1os v\u00edctimas de tales atrocidades (Comit\u00e9 des droits de l&#8217;enfant, 2019). No es obligatorio informar a las autoridades de los casos de violencia&nbsp;(Comit\u00e9 des droits de l&#8217;enfant, 2019). Los ni\u00f1os son tambi\u00e9n vulnerables a la explotaci\u00f3n bajo un clima de violencia exacerbada &nbsp;(Comit\u00e9 des droits de l&#8217;enfant, 2019). <\/p>\n\n\n\n<p>Por otro lado, se dan casos de violencia policial con los ni\u00f1os, en particular aquellos en la calle, seg\u00fan se refleja en el informe de 2019 del Comit\u00e9 sobre los derechos del ni\u00f1o, que resalta la impunidad que reciben las acciones extrajudiciales de los polic\u00edas (Comit\u00e9 des droits de l&#8217;enfant, 2019). Los representantes del gobierno se vuelven ellos mismos los recursos, dado que la violencia representa todo un reto a Cabo Verde a la hora de garantizar el <a href=\"https:\/\/www.humanium.org\/es\/derecho-proteccion\/\">derecho a la protecci\u00f3n de los ni\u00f1os,<\/a> conscientes de que los medios y la clase pol\u00edtica parecen tolerar estas pr\u00e1cticas (Comit\u00e9 des droits de l&#8217;homme, 2019).<\/p>\n\n\n\n<p>Juzgar la violencia es un elemento clave en nuestra sociedad. Los ni\u00f1os que infringen una norma deben ser juzgados m\u00e1s por su edad que por la gravedad. Como sucede con los adultos, tienen derechos que deben ser respetados. En Cabo Verde, la edad m\u00ednima de responsabilidad penal se ha fijado de ahora en adelante en 16 a\u00f1os. Sin embargo, desde los 12 a\u00f1os los ni\u00f1os pueden ser objeto de medidas socioeducativas y <a href=\"https:\/\/www.humanium.org\/es\/enfoques-tematicos\/justicia\/ninos-detenidos\/\">privativas de libertad <\/a>que desgraciadamente se emplean con frecuencia a partir de los 16 a\u00f1os A menudo se encierra a los ni\u00f1os en celdas con adultos, lo que va en contra del art\u00edculo 37 del CDN. Es m\u00e1s, de manera sistem\u00e1tica carecen de derecho a ayuda y asesoramiento y de maneras para quejarse (Comit\u00e9 des droits de l&#8217;enfant, 2019).<\/p>\n\n\n\n<h3 class=\"wp-block-heading\"><strong><a href=\"https:\/\/www.humanium.org\/es\/enfoques-tematicos\/explotacion\/trabajo-infantil\/\">Trabajo infantil<\/a><\/strong><\/h3>\n\n\n<div class=\"wp-block-image\">\n<figure class=\"alignleft size-large is-resized\"><img loading=\"lazy\" decoding=\"async\" width=\"1024\" height=\"576\" src=\"https:\/\/www.humanium.org\/es\/wp-content\/uploads\/2020\/11\/shutterstock_1584866707-1024x576.jpg\" alt=\"\" class=\"wp-image-14918\" style=\"width:349px;height:196px\" srcset=\"https:\/\/www.humanium.org\/es\/wp-content\/uploads\/2020\/11\/shutterstock_1584866707-1024x576.jpg 1024w, https:\/\/www.humanium.org\/es\/wp-content\/uploads\/2020\/11\/shutterstock_1584866707-300x169.jpg 300w, https:\/\/www.humanium.org\/es\/wp-content\/uploads\/2020\/11\/shutterstock_1584866707-768x432.jpg 768w, https:\/\/www.humanium.org\/es\/wp-content\/uploads\/2020\/11\/shutterstock_1584866707-1536x864.jpg 1536w, https:\/\/www.humanium.org\/es\/wp-content\/uploads\/2020\/11\/shutterstock_1584866707-2048x1152.jpg 2048w, https:\/\/www.humanium.org\/es\/wp-content\/uploads\/2020\/11\/shutterstock_1584866707-830x467.jpg 830w, https:\/\/www.humanium.org\/es\/wp-content\/uploads\/2020\/11\/shutterstock_1584866707-230x129.jpg 230w, https:\/\/www.humanium.org\/es\/wp-content\/uploads\/2020\/11\/shutterstock_1584866707-350x197.jpg 350w, https:\/\/www.humanium.org\/es\/wp-content\/uploads\/2020\/11\/shutterstock_1584866707-480x270.jpg 480w\" sizes=\"auto, (max-width: 1024px) 100vw, 1024px\" \/><\/figure>\n<\/div>\n\n\n<p>Cabo Verde es un pa\u00eds que acoge un alto porcentaje de familias que viven en <a href=\"https:\/\/www.humanium.org\/es\/enfoques-tematicos\/pobreza\/pobreza-infantil\/\">la pobreza<\/a>. Esta precariedad afecta en gran medida a los ni\u00f1os, debilitando sus derechos. La CND defiende el trabajo infantil, declarando que no pone en peligro la educaci\u00f3n de los peque\u00f1os. Sin embargo, la precariedad obliga a ciertos padres a sacar a sus hijos del sistema educativo porque pueden suponer una fuente de ingresos (Comit\u00e9 des droits \u00e9conomiques, sociaux et culturels, 2018). <\/p>\n\n\n\n<p>En Cabo Verde se debe avanzar, especialmente fijando la edad m\u00ednima para entrar en el mercado laboral en los 15 a\u00f1os. En 2014, adopt\u00f3 el Plan de acci\u00f3n para la prevenci\u00f3n y eliminaci\u00f3n del trabajo infantil (Comit\u00e9 des droits de l&#8217;enfant, 2019). No obstante, muchos ni\u00f1os trabajan en actividades peligrosas en diferentes sectores tales como la agricultura, la pesca o los trabajos dom\u00e9sticos. Esto afecta especialmente a los ni\u00f1os procedentes de \u00e1reas rurales (Comit\u00e9 des droits de l&#8217;enfant, 2019).<\/p>\n\n\n\n<h3 class=\"wp-block-heading\"><strong><a href=\"https:\/\/www.humanium.org\/es\/enfoques-tematicos\/explotacion\/prostitucion-infantil\/\">Prostituci\u00f3n<\/a> y turismo sexual<\/strong><\/h3>\n\n\n\n<p>Por su posici\u00f3n geogr\u00e1fica, Cabo Verde desde hace tiempo ha sido una plataforma comercial triangular (Semedo, 2016). Incluso hoy en d\u00eda, sigue siendo un lugar importante en <a href=\"https:\/\/www.humanium.org\/es\/enfoques-tematicos\/explotacion\/trata-ninos\/\">el tr\u00e1fico de personas.<\/a> De hecho, es un pa\u00eds de origen, de transici\u00f3n y de destino para esta pr\u00e1ctica ilegal que afecta sobremanera a los menores. El tr\u00e1fico de personas est\u00e1 reconocido desde 2015 como delito penal en Cabo Verde y para 2018-2021 se adopt\u00f3 un Plan nacional para la lucha contra el tr\u00e1fico de personas (Comit\u00e9 pour l&#8217;\u00e9limination de la discrimination \u00e0 l&#8217;\u00e9gard des femmes, 2019). No obstante, hay poca informaci\u00f3n disponible actualmente para medir y seguir los procedimientos de protecci\u00f3n de los ni\u00f1os v\u00edctimas de esta pr\u00e1ctica y sobre la persecuci\u00f3n de sus autores (Comit\u00e9 des droits de l&#8217;enfant, 2019).<\/p>\n\n\n\n<p>El tr\u00e1fico con fines de <a href=\"https:\/\/www.humanium.org\/es\/enfoques-tematicos\/explotacion\/prostitucion-infantil\/\">explotaci\u00f3n sexual y prostituci\u00f3n<\/a> es especialmente importante en el caso de las mujeres y ni\u00f1as en Cabo Verde, para las que la pobreza y la situaci\u00f3n precaria se convierten en factores de riesgo&nbsp;(Comit\u00e9 pour la protection des droits de tous les travailleurs migrants et des membres de leur famille, 2015). Este problema sigue siendo relevante y Cabo Verde ha hecho mucho para encontrar soluciones eficaces para atajar la explotaci\u00f3n sexual y la prostituci\u00f3n, que adquiere mayores dimensiones en vista del auge del turismo&nbsp;(Comit\u00e9 pour la protection des droits de tous les travailleurs migrants et des membres de leur famille, 2015). Utilizar y reclutar a ni\u00f1os entre 16 y 18 para con fines de ejercer la prostituci\u00f3n y\/o la pornograf\u00eda no est\u00e1 oficialmente prohibido y perseguido en Cabo Verde (Comit\u00e9 des droits de l&#8217;enfant, 2019).<\/p>\n\n\n\n<p>Hay situaciones bastante inquietantes: en su informe de 2019, el Comit\u00e9 para la eliminaci\u00f3n de la discriminaci\u00f3n de las mujeres resalt\u00f3 su alarma ante el caso de familias que animan a sus hijas a prostituirse con visitantes americanos a los resorts para obtener una visa o ganar dinero. Este Comit\u00e9 inform\u00f3 igualmente de casos en los que ni\u00f1as, que no deb\u00edan superar los 12 a\u00f1os, hab\u00edan sido v\u00edctimas de la explotaci\u00f3n sexual a cambio de drogas&nbsp;(Comit\u00e9 pour l&#8217;\u00e9limination de la discrimination \u00e0 l&#8217;\u00e9gard des femmes, 2019).<\/p>\n\n\n\n<h3 class=\"wp-block-heading\"><strong><a href=\"https:\/\/www.humanium.org\/es\/enfoques-tematicos\/discriminacion\/derechos-ninas\/\">Discriminaci\u00f3n de g\u00e9nero<\/a><\/strong><\/h3>\n\n\n\n<p>La sociedad caboverdiana est\u00e1 en progreso. Por ejemplo, en 2011, el gobierno adopt\u00f3 la Ley especial sobre la violencia de g\u00e9nero, que ha desencadenado acciones de formaci\u00f3n y sensibilizaci\u00f3n&nbsp;(Comit\u00e9 des droits de l&#8217;enfant, 2019). Aun as\u00ed, sigue siendo una sociedad patriarcal que minimiza el lugar de las mujeres y los ni\u00f1os y sus derechos. De hecho, como menciona el Comit\u00e9 de derechos de los ni\u00f1os en su informe de 2019, persisten los estereotipos de g\u00e9nero, en concreto el modelo cl\u00e1sico, en el que la madre es la que se ocupa de los ni\u00f1os. Perdura <a href=\"https:\/\/www.humanium.org\/es\/enfoques-tematicos\/discriminacion\/derechos-ninas\/\">la discriminaci\u00f3n de la mujer<\/a>.&nbsp;(Comit\u00e9 des droits de l&#8217;enfant, 2019). Se exacerba hasta el extremo en Cabo Verde, donde se dan numerosos casos de violencia sexista (Comit\u00e9 des droits de l&#8217;enfant, 2019).<\/p>\n\n\n<div class=\"wp-block-image\">\n<figure class=\"alignright size-large is-resized\"><img loading=\"lazy\" decoding=\"async\" width=\"1024\" height=\"684\" src=\"https:\/\/www.humanium.org\/es\/wp-content\/uploads\/2020\/11\/shutterstock_1192061674-1024x684.jpg\" alt=\"\" class=\"wp-image-14919\" style=\"width:331px;height:220px\" srcset=\"https:\/\/www.humanium.org\/es\/wp-content\/uploads\/2020\/11\/shutterstock_1192061674-1024x684.jpg 1024w, https:\/\/www.humanium.org\/es\/wp-content\/uploads\/2020\/11\/shutterstock_1192061674-300x200.jpg 300w, https:\/\/www.humanium.org\/es\/wp-content\/uploads\/2020\/11\/shutterstock_1192061674-768x513.jpg 768w, https:\/\/www.humanium.org\/es\/wp-content\/uploads\/2020\/11\/shutterstock_1192061674-1536x1026.jpg 1536w, https:\/\/www.humanium.org\/es\/wp-content\/uploads\/2020\/11\/shutterstock_1192061674-2048x1368.jpg 2048w, https:\/\/www.humanium.org\/es\/wp-content\/uploads\/2020\/11\/shutterstock_1192061674-830x554.jpg 830w, https:\/\/www.humanium.org\/es\/wp-content\/uploads\/2020\/11\/shutterstock_1192061674-230x154.jpg 230w, https:\/\/www.humanium.org\/es\/wp-content\/uploads\/2020\/11\/shutterstock_1192061674-350x234.jpg 350w, https:\/\/www.humanium.org\/es\/wp-content\/uploads\/2020\/11\/shutterstock_1192061674-480x321.jpg 480w, https:\/\/www.humanium.org\/es\/wp-content\/uploads\/2020\/11\/shutterstock_1192061674-272x182.jpg 272w\" sizes=\"auto, (max-width: 1024px) 100vw, 1024px\" \/><\/figure>\n<\/div>\n\n\n<p>Si bien se considera que el <a href=\"https:\/\/www.humanium.org\/es\/enfoques-tematicos\/practicas-culturales\/matrimonio-infantil\/\">matrimonio infantil<\/a> es una pr\u00e1ctica perjudicial, los adolescentes a\u00fan pueden casarse si tienen el consentimiento familiar (Comit\u00e9 des droits de l&#8217;enfant, 2019). Existen uniones de hecho con ni\u00f1as y adolescentes menores de 18 a\u00f1os, que, en el caso de los ni\u00f1os, se considera <a href=\"https:\/\/www.humanium.org\/es\/enfoques-tematicos\/practicas-culturales\/matrimonio-infantil\/\">matrimonio infantil<\/a> (Comit\u00e9 pour l&#8217;\u00e9limination de la discrimination \u00e0 l&#8217;\u00e9gard des femmes, 2019). El C\u00f3digo Civil caboverdiano reconoce las uniones de hecho de ni\u00f1as de 19 a\u00f1os cuando la pareja ha convivido al menos 3 a\u00f1os. Al final, este tipo de uni\u00f3n se ve legitimada en el caso de ni\u00f1as que tan solo tienen 16 a\u00f1os (Comit\u00e9 pour l&#8217;\u00e9limination de la discrimination \u00e0 l&#8217;\u00e9gard des femmes, 2019).<\/p>\n\n\n\n<h3 class=\"wp-block-heading\"><strong><a href=\"https:\/\/www.humanium.org\/es\/enfoques-tematicos\/ambiente\/\">Medio ambiente <\/a>y los derechos de los ni\u00f1os<\/strong><\/h3>\n\n\n\n<p><a href=\"https:\/\/www.humanium.org\/es\/enfoques-tematicos\/ambiente\/emergencia-climatica\/\">El cambio clim\u00e1tico<\/a> tiene un impacto en el respeto por los derechos del ni\u00f1o (UNICEF, 2007). Los habitantes de Cabo Verde, en particular las familias pobres, deben pasar penurias para conseguir agua potable y enfrentarse a sequ\u00edas continuas (Comit\u00e9 des droits de l&#8217;enfant, 2019). El de Cabo Verde es un estado insular, preocupado por las subidas del nivel del mar, adem\u00e1s de por el incremento de temperaturas y los diferentes reg\u00edmenes pluviom\u00e9tricos (Comit\u00e9 des droits de l&#8217;enfant, 2019). Sin embargo, hay pocos datos disponibles para poder medir los efectos del cambio clim\u00e1tico en los ni\u00f1os.<\/p>\n\n\n\n<p><strong><em>Escrito por Juliette Bail<\/em><\/strong><\/p>\n\n\n\n<p><strong><em>Traducido por Nieves Carazo<\/em><\/strong><\/p>\n\n\n\n<p><strong><em>\u00daltima actualizaci\u00f3n el 8 de septiembre de 2020<\/em><\/strong><\/p>\n\n\n\n<h4 class=\"wp-block-heading\">Bibliograf\u00eda:<\/h4>\n\n\n\n<p class=\"has-small-font-size\"><a href=\"https:\/\/perspective.usherbrooke.ca\/bilan\/servlet\/BMTendanceStatPays?codeTheme=1&amp;codeStat=SP.DYN.IMRT.IN&amp;codePays=CPV&amp;optionsPeriodes=Aucune&amp;codeTheme2=1&amp;codeStat2=x&amp;codePays2=CPV&amp;optionsDetPeriodes=avecNomP&amp;langue=fr\">\u00c9cole de politique appliqu\u00e9e, Facult\u00e9 des lettres et sciences humaines, Universit\u00e9 de Sherbrooke (Canada). (s.d.). <em>Statistiques &#8211; Cap-Vert<\/em>. Consult\u00e9 en septembre 2020, sur Perspective Monde<\/a>.<\/p>\n\n\n\n<p class=\"has-small-font-size\"><em>Cap-Vert<\/em>. (2020, mars 17). Consult\u00e9 en ao\u00fbt 2020, sur PopulationData.net.<\/p>\n\n\n\n<p class=\"has-small-font-size\">Comit\u00e9 des droits de l&#8217;enfant. (2019, juin 27). <em>Observations finales concernant le deuxi\u00e8me rapport p\u00e9riodique de Cabo Verde.<\/em> R\u00e9cup\u00e9r\u00e9 sur Convention relation aux droits de l&#8217;enfant.<\/p>\n\n\n\n<p class=\"has-small-font-size\">Comit\u00e9 des droits de l&#8217;homme. (2019, d\u00e9cembre 3). <em>Observations finales concernant le rapport initial de Cabo Verde.<\/em> R\u00e9cup\u00e9r\u00e9 sur Pacte international relatif aux droits civils et politiques.<\/p>\n\n\n\n<p class=\"has-small-font-size\">Comit\u00e9 des droits \u00e9conomiques, sociaux et culturels. (2018, novembre 27). <em>Observations finales concernant le rapport inital de Cabo Verde.<\/em> R\u00e9cup\u00e9r\u00e9 sur Conseil \u00e9conomique et social des Nations Unies.<\/p>\n\n\n\n<p class=\"has-small-font-size\">Comit\u00e9 pour la protection des droits de tous les travailleurs migrants et des membres de leur famille. (2015). <em>Observation finales concernant Cabo Verde en l&#8217;absence de rapport.<\/em><\/p>\n\n\n\n<p class=\"has-small-font-size\">Comit\u00e9 pour l&#8217;\u00e9limination de la discrimination \u00e0 l&#8217;\u00e9gard des femmes. (2019, juillet 30). <em>Observations finales concernant le neuvi\u00e8me rapport p\u00e9riodique de Cabo Verde.<\/em> R\u00e9cup\u00e9r\u00e9 sur Convention sur l&#8217;\u00e9limination de toutes les formes de discrimination \u00e0 l&#8217;\u00e9gard des femmes.<\/p>\n\n\n\n<p class=\"has-small-font-size\">Comit\u00e9 pour l&#8217;\u00e9limination de la discrimination raciale. (2003). <em>Observation finales du Comit\u00e9 pour l&#8217;\u00e9limination de la discirmination raciale sur le Cap Vert.<\/em> Examen des rapports pr\u00e9sent\u00e9s par les \u00c9tats parties conform\u00e9ment \u00e0 l&#8217;article 9 de la Convention internationale sur l&#8217;\u00e9limination de toutes les formes de discrimination raciale.<\/p>\n\n\n\n<p class=\"has-small-font-size\"><a href=\"https:\/\/www.tresor.economie.gouv.fr\/Pays\/CV\/indicateurs-et-conjoncture\">Direction g\u00e9n\u00e9rale du Tr\u00e9sor. (2020, juin 16). <em>Cap-Vert<\/em>. R\u00e9cup\u00e9r\u00e9 sur Minist\u00e8re de l&#8217;\u00e9conomie, des finances et de la relance de France.<\/a><\/p>\n\n\n\n<p class=\"has-small-font-size\"><a href=\"https:\/\/borgenproject.org\/humanitarian-aid-to-cabo-verde\/\">Khalid, M. (2018, f\u00e9vrier 27). <em>The success story of humanitarian aid to Cabo Verde<\/em>. R\u00e9cup\u00e9r\u00e9 sur The Borgen project.<\/a><\/p>\n\n\n\n<p class=\"has-small-font-size\"><a href=\"https:\/\/www.larousse.fr\/dictionnaires\/francais\/diglossie\/25519\">Larousse. (s.d.). <em>diglossie<\/em>. Consult\u00e9 en septembre 1er, 2020, sur Larousse.<\/a><\/p>\n\n\n\n<p class=\"has-small-font-size\"><a href=\"https:\/\/www.who.int\/fr\/news-room\/fact-sheets\/detail\/drinking-water\">OMS. (2019, juin 15). <em>Eau<\/em>. Consult\u00e9 en septembre 2020, sur Organisation mondiale de la sant\u00e9.<\/a><\/p>\n\n\n\n<p class=\"has-small-font-size\"><a href=\"https:\/\/www.who.int\/fr\/news-room\/fact-sheets\/detail\/adolescent-pregnancy\">OMS. (2020, janvier 31). <em>La grossesse chez les adolescentes<\/em>. R\u00e9cup\u00e9r\u00e9 sur Organisation mondiale de la sant\u00e9.<\/a><\/p>\n\n\n\n<p class=\"has-small-font-size\"><a href=\"https:\/\/journals.openedition.org\/ries\/3458#quotation\">Pires Ferreira, A. C. (2013, septembre). <em>Le syst\u00e8me \u00e9ducatif du Cap Vert : r\u00e9formes et enjeux actuels<\/em>. Consult\u00e9 en 2020, sur Revue internationale d\u2019\u00e9ducation de S\u00e8vres.<\/a><\/p>\n\n\n\n<p class=\"has-small-font-size\"><a href=\"https:\/\/journals.openedition.org\/dynenviron\/776#quotation\">Semedo, J. M. (2016). <em>L&#8217;archipel du Cap-Vert entre nature et soci\u00e9t\u00e9.<\/em> R\u00e9cup\u00e9r\u00e9 sur Open Editions Journal<\/a>.<\/p>\n\n\n\n<p class=\"has-small-font-size\"><a href=\"https:\/\/www.refworld.org\/cgi-bin\/texis\/vtx\/rwmain\/opendocpdf.pdf?reldoc=y&amp;docid=56cad94a4\">UNHCR Gen\u00e8ve. (2015, f\u00e9vrier). <em>Enregistrement des Naissances.<\/em> R\u00e9cup\u00e9r\u00e9 sur Protection des enfants : note de r\u00e9f\u00e9rence.<\/a><\/p>\n\n\n\n<p class=\"has-small-font-size\"><a href=\"https:\/\/www.unicef.org\/french\/publications\/files\/Le_changement_climatiqueet_les_enfants.pdf\">UNICEF. (2007, d\u00e9cembre). <em>Le changement climatique et les enfants.<\/em> R\u00e9cup\u00e9r\u00e9 sur Fonds des Nations Unies pour l\u2019enfance.<\/a><\/p>\n\n\n\n<p class=\"has-small-font-size\"><a href=\"https:\/\/www.unicef.org\/french\/infobycountry\/capeverde_statistics.html\">UNICEF. (s.d.). <em>Cap-Vert : Statistiques<\/em>. Consult\u00e9 en septembre 2020, sur Fonds des Nations Unies pour l\u2019enfance<\/a>.<\/p>\n\n\n\n<hr class=\"wp-block-separator has-css-opacity\"\/>\n\n\n\n<p class=\"has-small-font-size\"><a href=\"#_ftnref1\">[1]<\/a> Este art\u00edculo no pretende de ninguna manera presentar un informe completo o representativo de los derechos de los ni\u00f1os en Cabo Verde. De hecho, uno de los muchos desaf\u00edos se encuentra en la falta de informaci\u00f3n actualizada sobre los ni\u00f1os. Este art\u00edculo se basa en gran parte en fuentes de las Naciones Unidas que deber\u00edan ser corroboradas con recursos procedentes de otros organismos.<\/p>\n","protected":false},"excerpt":{"rendered":"<p>Descubriendo los derechos del ni\u00f1o en Cabo Verde Cabo Verde forma parte de los Peque\u00f1os Estados Insulares en Desarrollo o PEID. Este Estado ha presenciado grandes cambios en relaci\u00f3n con los derechos de los ni\u00f1os. Sin embargo, los escasos recursos del pa\u00eds y de su poblaci\u00f3n frenan la puesta en marcha de medidas que puedan [&hellip;]<\/p>\n","protected":false},"author":1,"featured_media":0,"parent":0,"menu_order":0,"comment_status":"closed","ping_status":"open","template":"","meta":{"footnotes":""},"class_list":["post-3648","page","type-page","status-publish","hentry"],"yoast_head":"<!-- This site is optimized with the Yoast SEO plugin v26.5 - https:\/\/yoast.com\/wordpress\/plugins\/seo\/ -->\n<title>Ni\u00f1os de Cabo Verde - Humanium<\/title>\n<meta name=\"description\" content=\"El pa\u00eds afronta todav\u00eda numerosos desaf\u00edos, aunque la buena voluntad del gobierno permite apreciar un futuro mejor para los ni\u00f1os.\" \/>\n<meta name=\"robots\" content=\"index, follow, max-snippet:-1, max-image-preview:large, max-video-preview:-1\" \/>\n<link rel=\"canonical\" href=\"https:\/\/www.humanium.org\/es\/cabo-verde\/\" \/>\n<meta property=\"og:locale\" content=\"es_ES\" \/>\n<meta property=\"og:type\" content=\"article\" \/>\n<meta property=\"og:title\" content=\"Ni\u00f1os de Cabo Verde - Humanium\" \/>\n<meta property=\"og:description\" content=\"El pa\u00eds afronta todav\u00eda numerosos desaf\u00edos, aunque la buena voluntad del gobierno permite apreciar un futuro mejor para los ni\u00f1os.\" \/>\n<meta property=\"og:url\" content=\"https:\/\/www.humanium.org\/es\/cabo-verde\/\" \/>\n<meta property=\"og:site_name\" content=\"Humanium\" \/>\n<meta property=\"article:modified_time\" content=\"2025-12-13T21:18:06+00:00\" \/>\n<meta property=\"og:image\" content=\"https:\/\/www.humanium.org\/es\/wp-content\/uploads\/2020\/11\/shutterstock_1092155516.jpg\" \/>\n\t<meta property=\"og:image:width\" content=\"200\" \/>\n\t<meta property=\"og:image:height\" content=\"200\" \/>\n\t<meta property=\"og:image:type\" content=\"image\/jpeg\" \/>\n<meta name=\"twitter:card\" content=\"summary_large_image\" \/>\n<meta name=\"twitter:label1\" content=\"Tiempo de lectura\" \/>\n\t<meta name=\"twitter:data1\" content=\"19 minutos\" \/>\n<script type=\"application\/ld+json\" class=\"yoast-schema-graph\">{\"@context\":\"https:\/\/schema.org\",\"@graph\":[{\"@type\":\"WebPage\",\"@id\":\"https:\/\/www.humanium.org\/es\/cabo-verde\/\",\"url\":\"https:\/\/www.humanium.org\/es\/cabo-verde\/\",\"name\":\"Ni\u00f1os de Cabo Verde - Humanium\",\"isPartOf\":{\"@id\":\"https:\/\/www.humanium.org\/es\/#website\"},\"primaryImageOfPage\":{\"@id\":\"https:\/\/www.humanium.org\/es\/cabo-verde\/#primaryimage\"},\"image\":{\"@id\":\"https:\/\/www.humanium.org\/es\/cabo-verde\/#primaryimage\"},\"thumbnailUrl\":\"https:\/\/www.humanium.org\/es\/wp-content\/uploads\/2020\/11\/shutterstock_1092155516.jpg\",\"datePublished\":\"2013-08-14T18:45:14+00:00\",\"dateModified\":\"2025-12-13T21:18:06+00:00\",\"description\":\"El pa\u00eds afronta todav\u00eda numerosos desaf\u00edos, aunque la buena voluntad del gobierno permite apreciar un futuro mejor para los ni\u00f1os.\",\"breadcrumb\":{\"@id\":\"https:\/\/www.humanium.org\/es\/cabo-verde\/#breadcrumb\"},\"inLanguage\":\"es\",\"potentialAction\":[{\"@type\":\"ReadAction\",\"target\":[\"https:\/\/www.humanium.org\/es\/cabo-verde\/\"]}]},{\"@type\":\"ImageObject\",\"inLanguage\":\"es\",\"@id\":\"https:\/\/www.humanium.org\/es\/cabo-verde\/#primaryimage\",\"url\":\"https:\/\/www.humanium.org\/es\/wp-content\/uploads\/2020\/11\/shutterstock_1092155516.jpg\",\"contentUrl\":\"https:\/\/www.humanium.org\/es\/wp-content\/uploads\/2020\/11\/shutterstock_1092155516.jpg\",\"width\":200,\"height\":200},{\"@type\":\"BreadcrumbList\",\"@id\":\"https:\/\/www.humanium.org\/es\/cabo-verde\/#breadcrumb\",\"itemListElement\":[{\"@type\":\"ListItem\",\"position\":1,\"name\":\"Home\",\"item\":\"https:\/\/www.humanium.org\/es\/\"},{\"@type\":\"ListItem\",\"position\":2,\"name\":\"Ni\u00f1os de Cabo Verde\"}]},{\"@type\":\"WebSite\",\"@id\":\"https:\/\/www.humanium.org\/es\/#website\",\"url\":\"https:\/\/www.humanium.org\/es\/\",\"name\":\"Humanium\",\"description\":\"\u00a1Los ni\u00f1os primero!\",\"potentialAction\":[{\"@type\":\"SearchAction\",\"target\":{\"@type\":\"EntryPoint\",\"urlTemplate\":\"https:\/\/www.humanium.org\/es\/?s={search_term_string}\"},\"query-input\":{\"@type\":\"PropertyValueSpecification\",\"valueRequired\":true,\"valueName\":\"search_term_string\"}}],\"inLanguage\":\"es\"}]}<\/script>\n<!-- \/ Yoast SEO plugin. -->","yoast_head_json":{"title":"Ni\u00f1os de Cabo Verde - Humanium","description":"El pa\u00eds afronta todav\u00eda numerosos desaf\u00edos, aunque la buena voluntad del gobierno permite apreciar un futuro mejor para los ni\u00f1os.","robots":{"index":"index","follow":"follow","max-snippet":"max-snippet:-1","max-image-preview":"max-image-preview:large","max-video-preview":"max-video-preview:-1"},"canonical":"https:\/\/www.humanium.org\/es\/cabo-verde\/","og_locale":"es_ES","og_type":"article","og_title":"Ni\u00f1os de Cabo Verde - Humanium","og_description":"El pa\u00eds afronta todav\u00eda numerosos desaf\u00edos, aunque la buena voluntad del gobierno permite apreciar un futuro mejor para los ni\u00f1os.","og_url":"https:\/\/www.humanium.org\/es\/cabo-verde\/","og_site_name":"Humanium","article_modified_time":"2025-12-13T21:18:06+00:00","og_image":[{"width":200,"height":200,"url":"https:\/\/www.humanium.org\/es\/wp-content\/uploads\/2020\/11\/shutterstock_1092155516.jpg","type":"image\/jpeg"}],"twitter_card":"summary_large_image","twitter_misc":{"Tiempo de lectura":"19 minutos"},"schema":{"@context":"https:\/\/schema.org","@graph":[{"@type":"WebPage","@id":"https:\/\/www.humanium.org\/es\/cabo-verde\/","url":"https:\/\/www.humanium.org\/es\/cabo-verde\/","name":"Ni\u00f1os de Cabo Verde - Humanium","isPartOf":{"@id":"https:\/\/www.humanium.org\/es\/#website"},"primaryImageOfPage":{"@id":"https:\/\/www.humanium.org\/es\/cabo-verde\/#primaryimage"},"image":{"@id":"https:\/\/www.humanium.org\/es\/cabo-verde\/#primaryimage"},"thumbnailUrl":"https:\/\/www.humanium.org\/es\/wp-content\/uploads\/2020\/11\/shutterstock_1092155516.jpg","datePublished":"2013-08-14T18:45:14+00:00","dateModified":"2025-12-13T21:18:06+00:00","description":"El pa\u00eds afronta todav\u00eda numerosos desaf\u00edos, aunque la buena voluntad del gobierno permite apreciar un futuro mejor para los ni\u00f1os.","breadcrumb":{"@id":"https:\/\/www.humanium.org\/es\/cabo-verde\/#breadcrumb"},"inLanguage":"es","potentialAction":[{"@type":"ReadAction","target":["https:\/\/www.humanium.org\/es\/cabo-verde\/"]}]},{"@type":"ImageObject","inLanguage":"es","@id":"https:\/\/www.humanium.org\/es\/cabo-verde\/#primaryimage","url":"https:\/\/www.humanium.org\/es\/wp-content\/uploads\/2020\/11\/shutterstock_1092155516.jpg","contentUrl":"https:\/\/www.humanium.org\/es\/wp-content\/uploads\/2020\/11\/shutterstock_1092155516.jpg","width":200,"height":200},{"@type":"BreadcrumbList","@id":"https:\/\/www.humanium.org\/es\/cabo-verde\/#breadcrumb","itemListElement":[{"@type":"ListItem","position":1,"name":"Home","item":"https:\/\/www.humanium.org\/es\/"},{"@type":"ListItem","position":2,"name":"Ni\u00f1os de Cabo Verde"}]},{"@type":"WebSite","@id":"https:\/\/www.humanium.org\/es\/#website","url":"https:\/\/www.humanium.org\/es\/","name":"Humanium","description":"\u00a1Los ni\u00f1os primero!","potentialAction":[{"@type":"SearchAction","target":{"@type":"EntryPoint","urlTemplate":"https:\/\/www.humanium.org\/es\/?s={search_term_string}"},"query-input":{"@type":"PropertyValueSpecification","valueRequired":true,"valueName":"search_term_string"}}],"inLanguage":"es"}]}},"_links":{"self":[{"href":"https:\/\/www.humanium.org\/es\/wp-json\/wp\/v2\/pages\/3648","targetHints":{"allow":["GET"]}}],"collection":[{"href":"https:\/\/www.humanium.org\/es\/wp-json\/wp\/v2\/pages"}],"about":[{"href":"https:\/\/www.humanium.org\/es\/wp-json\/wp\/v2\/types\/page"}],"author":[{"embeddable":true,"href":"https:\/\/www.humanium.org\/es\/wp-json\/wp\/v2\/users\/1"}],"replies":[{"embeddable":true,"href":"https:\/\/www.humanium.org\/es\/wp-json\/wp\/v2\/comments?post=3648"}],"version-history":[{"count":16,"href":"https:\/\/www.humanium.org\/es\/wp-json\/wp\/v2\/pages\/3648\/revisions"}],"predecessor-version":[{"id":21140,"href":"https:\/\/www.humanium.org\/es\/wp-json\/wp\/v2\/pages\/3648\/revisions\/21140"}],"wp:attachment":[{"href":"https:\/\/www.humanium.org\/es\/wp-json\/wp\/v2\/media?parent=3648"}],"curies":[{"name":"wp","href":"https:\/\/api.w.org\/{rel}","templated":true}]}}