{"id":4533,"date":"2013-10-19T15:28:43","date_gmt":"2013-10-19T15:28:43","guid":{"rendered":"http:\/\/www.humanium.org\/es\/?page_id=4533"},"modified":"2026-08-30T14:39:24","modified_gmt":"2026-08-30T14:39:24","slug":"ninos-en-kosovo","status":"publish","type":"page","link":"https:\/\/www.humanium.org\/es\/ninos-en-kosovo\/","title":{"rendered":"Ni\u00f1os en Kosovo"},"content":{"rendered":"\n<h2 class=\"wp-block-heading\"><strong>Descubriendo los derechos del ni\u00f1o en Kosovo<\/strong><\/h2>\n\n\n\n<div class=\"wp-block-columns is-layout-flex wp-container-core-columns-is-layout-8f761849 wp-block-columns-is-layout-flex\">\n<div class=\"wp-block-column is-layout-flow wp-block-column-is-layout-flow\"><div class=\"wp-block-image is-style-rounded\">\n<figure class=\"aligncenter size-full is-resized\"><img decoding=\"async\" src=\"https:\/\/www.humanium.org\/en\/wp-content\/uploads\/2026\/08\/shutterstock_481936744_edited-scaled.jpeg\" alt=\"\" class=\"wp-image-91946\" style=\"object-fit:cover;width:200px;height:200px\"\/><\/figure>\n<\/div><\/div>\n\n\n\n<div class=\"wp-block-column is-layout-flow wp-block-column-is-layout-flow\"><div class=\"wp-block-image is-style-rounded\">\n<figure class=\"aligncenter size-full is-resized\"><img decoding=\"async\" src=\"https:\/\/www.humanium.org\/en\/wp-content\/uploads\/2026\/08\/shutterstock_2262910693_edited-scaled.jpeg\" alt=\"\" class=\"wp-image-91947\" style=\"object-fit:cover;width:200px;height:200px\"\/><\/figure>\n<\/div><\/div>\n<\/div>\n\n\n\n<p class=\"wp-block-paragraph\"><strong><strong>En Kosovo, hay muchos ni\u00f1os que a\u00fan no pueden disfrutar plenamente de sus derechos fundamentales. Aunque las leyes del pa\u00eds reflejan los est\u00e1ndares internacionales, la d\u00e9bil aplicaci\u00f3n y los recursos limitados, dejan a muchos n una situaci\u00f3n vulnerable, sobre todo a los ni\u00f1os de las comunidades roman\u00ed, ashkali y egipcia; as\u00ed como ni\u00f1os con discapacidad y aquellos que viven en la pobreza. Para las minor\u00edas \u00e9tnicas y los ni\u00f1os con discapacidad, el acceso a la educaci\u00f3n y la sanidad tambi\u00e9n es desigual. La participaci\u00f3n en la primera infancia sigue siendo baja y el trabajo infantil y la violencia contra la infancia siguen siendo problemas persistentes. Aunque el pa\u00eds ha hecho algunos progresos, a\u00fan queda mucho por hacer para garantizar que todos los ni\u00f1os est\u00e1n protegidos de igual manera, independientemente de d\u00f3nde vivan.<\/strong><\/strong><\/p>\n\n\n\n<iframe src=\"https:\/\/www.google.com\/maps\/embed?pb=!1m18!1m12!1m3!1d752305.7303778988!2d20.24268539984878!3d42.5617845499592!2m3!1f0!2f0!3f0!3m2!1i1024!2i768!4f13.1!3m3!1m2!1s0x13537af354bf7df1%3A0xbfffeedfabc31791!2sKosovo!5e0!3m2!1sen!2shr!4v1788098751196!5m2!1sen!2shr\" width=\"600\" height=\"450\" style=\"border:0;\" allowfullscreen=\"\" loading=\"lazy\" referrerpolicy=\"strict-origin-when-cross-origin\"><\/iframe>\n\n\n\n<div class=\"wp-block-columns is-layout-flex wp-container-core-columns-is-layout-8f761849 wp-block-columns-is-layout-flex\">\n<div class=\"wp-block-column is-layout-flow wp-block-column-is-layout-flow\">\n<p class=\"wp-block-paragraph\"><strong>Poblaci\u00f3n<\/strong>: 1.8 millones<br><strong>Poblaci\u00f3n de 0 a 14 a\u00f1os<\/strong>: 27%<\/p>\n<\/div>\n\n\n\n<div class=\"wp-block-column is-layout-flow wp-block-column-is-layout-flow\">\n<p class=\"wp-block-paragraph\"><strong>Esperanza de vida<\/strong>: 76 a\u00f1os<br><strong>Tasa de mortalidad de menores de 5 a\u00f1os<\/strong>: 10\u2030<\/p>\n<\/div>\n<\/div>\n\n\n\n<h2 class=\"wp-block-heading\"><strong>Kosovo de un vistazo<\/strong><\/h2>\n\n\n\n<p class=\"wp-block-paragraph\">Kosovo, cuyo nombre oficial es Rep\u00fablica de Kosovo, es un pa\u00eds interior en los Balcanes Occidentales. Declar\u00f3 su independencia de <a href=\"https:\/\/www.humanium.org\/es\/serbia\/\">Serbia<\/a> en 2008, pero solo unos cuantos pa\u00edses lo reconocen como estado independiente. &nbsp;Limita con <a href=\"https:\/\/www.humanium.org\/es\/montenegro\/\">Montenegro<\/a> al oeste, <a href=\"https:\/\/www.humanium.org\/es\/albania\/\">Albania<\/a> al sudoeste, <a href=\"https:\/\/www.humanium.org\/es\/macedonia\/\">Macedonia del Norte<\/a> al sudeste, y Serbia al norte y al este. Su capital, Pristina, es su centro pol\u00edtico, cultural y econ\u00f3mico.<\/p>\n\n\n\n<p class=\"wp-block-paragraph\">Su poblaci\u00f3n es, mayoritariamente, de etnia albanesa, con minor\u00edas serbias y de otras procedencias. Los idiomas oficiales son el alban\u00e9s y el serbio. La cultura de Kosovo tiene influencias ilirias, bizantinas, otomanas y yugoslavas, con unas s\u00f3lidas tradiciones musicales, art\u00edsticas y hospitalarias.<\/p>\n\n\n<div class=\"wp-block-image\">\n<figure class=\"alignleft size-large is-resized\"><img loading=\"lazy\" decoding=\"async\" width=\"1024\" height=\"684\" src=\"https:\/\/www.humanium.org\/es\/wp-content\/uploads\/2026\/08\/shutterstock_538175404-1024x684.jpg\" alt=\"\" class=\"wp-image-22920\" style=\"aspect-ratio:1.4971177142220613;width:391px;height:auto\" srcset=\"https:\/\/www.humanium.org\/es\/wp-content\/uploads\/2026\/08\/shutterstock_538175404-1024x684.jpg 1024w, https:\/\/www.humanium.org\/es\/wp-content\/uploads\/2026\/08\/shutterstock_538175404-300x200.jpg 300w, https:\/\/www.humanium.org\/es\/wp-content\/uploads\/2026\/08\/shutterstock_538175404-767x512.jpg 767w, https:\/\/www.humanium.org\/es\/wp-content\/uploads\/2026\/08\/shutterstock_538175404-1536x1025.jpg 1536w, https:\/\/www.humanium.org\/es\/wp-content\/uploads\/2026\/08\/shutterstock_538175404-2048x1367.jpg 2048w, https:\/\/www.humanium.org\/es\/wp-content\/uploads\/2026\/08\/shutterstock_538175404-830x554.jpg 830w, https:\/\/www.humanium.org\/es\/wp-content\/uploads\/2026\/08\/shutterstock_538175404-229x153.jpg 229w, https:\/\/www.humanium.org\/es\/wp-content\/uploads\/2026\/08\/shutterstock_538175404-349x233.jpg 349w, https:\/\/www.humanium.org\/es\/wp-content\/uploads\/2026\/08\/shutterstock_538175404-479x320.jpg 479w, https:\/\/www.humanium.org\/es\/wp-content\/uploads\/2026\/08\/shutterstock_538175404-272x182.jpg 272w\" sizes=\"auto, (max-width: 1024px) 100vw, 1024px\" \/><\/figure>\n<\/div>\n\n\n<p class=\"wp-block-paragraph\">Kosovo es una rep\u00fablica parlamentaria que cuenta con un presidente como jefe de Estado y un primero ministro al frente del Gobierno. Sus instituciones se desarrollaron tras el conflicto de 1999 bajo la tutela de la Misi\u00f3n de Administraci\u00f3n Provisional de las Naciones Unidas en Kosovo. Unos 100 pa\u00edses miembros de las Naciones Unidas reconocen a Kosovo, pero no es miembro de la ONU debido a la oposici\u00f3n de Serbia, <a href=\"https:\/\/www.humanium.org\/es\/rusia\/\">Rusia<\/a>, <a href=\"https:\/\/www.humanium.org\/es\/china\/\">China<\/a> y otros pa\u00edses. &nbsp;<\/p>\n\n\n\n<p class=\"wp-block-paragraph\">Tras d\u00e9cadas de tensiones \u00e9tnicas y la guerra de Kosovo de 1998-1999, el pa\u00eds qued\u00f3 bajo la administraci\u00f3n de la ONU antes de declarar su independencia de manera unilateral el 17 de febrero de 2008. Simult\u00e1neamente, muchos pa\u00edses reconocen su soberan\u00eda, mientras que otros, entre ellos Serbia y varios estados miembros de la Uni\u00f3n Europea, no lo hacen, lo que deja el estatus internacional de Kosovo reconocido solo parcialmente.<\/p>\n\n\n\n<h2 class=\"wp-block-heading\"><strong>Situaci\u00f3n de los derechos del ni\u00f1o <a href=\"#_ftn1\" id=\"_ftnref1\"><strong>[1]<\/strong><\/a><\/strong><\/h2>\n\n\n\n<p class=\"wp-block-paragraph\">El enfoque de Kosovo en los <a href=\"https:\/\/www.humanium.org\/es\/derechos\/\">derechos del ni\u00f1o<\/a> refleja su recuperaci\u00f3n tras el conflicto y sus reformas institucionales en curso. Kosovo no es miembro de la ONU y, por lo tanto, no est\u00e1 considerado un Estado Parte de la <a href=\"https:\/\/www.humanium.org\/es\/convencion\/\">Convenci\u00f3n de la ONU sobre los Derechos del Ni\u00f1o (CDN)<\/a> ni de la <a href=\"https:\/\/www.humanium.org\/es\/infancia-con-discapacidades\/\">Convenci\u00f3n Internacional sobre los Derechos de las Personas con Discapacidad<\/a>. En cambio, sus instituciones se han decantado por incorporar estos instrumentos en la Constituci\u00f3n y en sus leyes fundamentales, La legislaci\u00f3n de Kosovo sigue, en gran medida, los principios de la CDN y est\u00e1 influida por las aspiraciones de lograr una mayor integraci\u00f3n en las instituciones europeas y por una constante promoci\u00f3n internacional. La Constituci\u00f3n de Kosovo tambi\u00e9n integra la CDN en su art\u00edculo 50.<\/p>\n\n\n\n<p class=\"wp-block-paragraph\">La Estrategia Nacional sobre los Derechos de las Personas con Discapacidad (ENDPD) cubri\u00f3 el per\u00edodo 2013-2023 y actualmente est\u00e1 en proceso de revisi\u00f3n. La Oficina de Buen Gobierno est\u00e1 preparando una nueva ENDPD para el per\u00edodo 2025\u20132030, juntamente con un plan de acci\u00f3n para 2025\u20132027, con el fin de fortalecer los derechos y la inclusi\u00f3n de las personas con discapacidad, incluidos las ni\u00f1as y los ni\u00f1os y sus familias (Leung &amp; Nagavci, 2025).<\/p>\n\n\n\n<p class=\"wp-block-paragraph\">Kosovo ha adaptado su legislaci\u00f3n esencial relacionada con los derechos de la infancia para que sea conforme con la CDN y con los marcos europeos relevantes en lo referente a los derechos humanos. La Ley 06\/L-084 sobre Protecci\u00f3n de la Infancia, adoptada en 2019 y en vigor desde 2020, codifica la mayor\u00eda de los derechos civiles, pol\u00edticos, sociales y econ\u00f3micos de los ni\u00f1os menores de 18 a\u00f1os, proporcionando as\u00ed una base jur\u00eddica s\u00f3lida para la protecci\u00f3n de la infancia. Aunque Kosovo a\u00fan no es miembro del Consejo de Europa, los est\u00e1ndares europeos en materia de derechos humanos, incluido el Convenio Europeo de Derechos Humanos y los instrumentos de protecci\u00f3n de la infancia del Consejo de Europa, gu\u00edan a los tribunales y a las autoridades p\u00fablicas del pa\u00eds. &nbsp;<\/p>\n\n\n\n<p class=\"wp-block-paragraph\">A pesar de estas medidas, <a href=\"https:\/\/www.humanium.org\/es\/enfoques-tematicos\/discriminacion\/ninos-minoritarios\/\">los ni\u00f1os procedentes de comunidades minoritarias<\/a>, de <a href=\"https:\/\/www.humanium.org\/es\/los-ninos-en-zonas-rurales\/\">zonas rurales<\/a>, o desfavorecidas, as\u00ed como aquellos que carecen de documentaci\u00f3n legal, a menudo carecen de una <a href=\"https:\/\/www.humanium.org\/es\/derecho-proteccion\/\">protecci\u00f3n<\/a> efectiva.&nbsp; &nbsp;<\/p>\n\n\n\n<p class=\"wp-block-paragraph\">La Estrategia del Consejo de Europa para los derechos del ni\u00f1o (2022\u20132027) destaca como prioridades el uso seguro de la tecnolog\u00eda y la lucha contra la <a href=\"https:\/\/www.humanium.org\/es\/enfoques-tematicos\/explotacion\/explotacion-sexual-infantil\/\">explotaci\u00f3n sexual infantil en l\u00ednea.<\/a> Kosovo busca armonizar sus pol\u00edticas a estos objetivos y colabora con socios europeos e internacionales para reforzar la protecci\u00f3n de la infancia en entornos digitales.<\/p>\n\n\n\n<h2 class=\"wp-block-heading\"><strong>Atender las necesidades de los ni\u00f1os<\/strong><\/h2>\n\n\n\n<h3 class=\"wp-block-heading\"><strong><a href=\"https:\/\/www.humanium.org\/es\/derecho-educacion\/\">Derecho a la educaci\u00f3n<\/a><\/strong><\/h3>\n\n\n\n<p class=\"wp-block-paragraph\">Kosovo garantiza la educaci\u00f3n gratuita y obligatoria para los ni\u00f1os de entre 6 y 15 a\u00f1os, y la educaci\u00f3n preprimaria a los 5 a\u00f1os es tambi\u00e9n obligatoria de conformidad con la Ley de Educaci\u00f3n Preuniversitaria. El sistema incluye educaci\u00f3n preescolar (de 0 a 5 a\u00f1os), preprimaria (5 a\u00f1os), primaria (cursos de 1 a 5, edades comprendidas entre 6 y 10 a\u00f1os), educaci\u00f3n secundaria inferior (cursos de 6.al 9, edades de 11 a 14\/15 a\u00f1os), y educaci\u00f3n secundaria superior (cursos del 10 al 12, edades de 15 a 18 a\u00f1os).<\/p>\n\n\n<div class=\"wp-block-image\">\n<figure class=\"alignright size-large is-resized\"><img loading=\"lazy\" decoding=\"async\" width=\"1024\" height=\"765\" src=\"https:\/\/www.humanium.org\/es\/wp-content\/uploads\/2026\/08\/shutterstock_2576080143-1024x765.jpg\" alt=\"\" class=\"wp-image-22921\" style=\"aspect-ratio:1.3386120863524316;width:420px;height:auto\" srcset=\"https:\/\/www.humanium.org\/es\/wp-content\/uploads\/2026\/08\/shutterstock_2576080143-1024x765.jpg 1024w, https:\/\/www.humanium.org\/es\/wp-content\/uploads\/2026\/08\/shutterstock_2576080143-300x224.jpg 300w, https:\/\/www.humanium.org\/es\/wp-content\/uploads\/2026\/08\/shutterstock_2576080143-767x573.jpg 767w, https:\/\/www.humanium.org\/es\/wp-content\/uploads\/2026\/08\/shutterstock_2576080143-1536x1147.jpg 1536w, https:\/\/www.humanium.org\/es\/wp-content\/uploads\/2026\/08\/shutterstock_2576080143-829x619.jpg 829w, https:\/\/www.humanium.org\/es\/wp-content\/uploads\/2026\/08\/shutterstock_2576080143-2048x1530.jpg 2048w, https:\/\/www.humanium.org\/es\/wp-content\/uploads\/2026\/08\/shutterstock_2576080143-229x171.jpg 229w, https:\/\/www.humanium.org\/es\/wp-content\/uploads\/2026\/08\/shutterstock_2576080143-349x261.jpg 349w, https:\/\/www.humanium.org\/es\/wp-content\/uploads\/2026\/08\/shutterstock_2576080143-479x358.jpg 479w\" sizes=\"auto, (max-width: 1024px) 100vw, 1024px\" \/><\/figure>\n<\/div>\n\n\n<p class=\"wp-block-paragraph\">En julio de 2023, la Asamblea adopt\u00f3 una ley, desarrollada con el apoyo de la ONU, que obliga a que todos los ni\u00f1os de 5 a\u00f1os a asistir a la educaci\u00f3n preprimaria a partir del curso acad\u00e9mico 2024\/2025 (Qamili, 2024). Aunque la matriculaci\u00f3n en educaci\u00f3n primaria es alta, con un 97.4%, la <a href=\"https:\/\/www.humanium.org\/es\/principio-de-inclusion-y-participacion\/\">participaci\u00f3n<\/a> en la educaci\u00f3n de la primera infancia y en la educaci\u00f3n secundaria sigue siendo baja. En el curso 2023\/2024, solo el 8.9% de los ni\u00f1os menores de cinco a\u00f1os asistieron a preescolar, y la matriculaci\u00f3n en secundaria era particularmente baja en zonas marginalizadas y rurales. En la actualidad, las tasas de abandono en la educaci\u00f3n b\u00e1sica han alcanzado el 25% en algunas regiones (Gazzi, n.d.; Lumezi, 2025). Kosovo tambi\u00e9n presenta el \u00edndice de escolarizaci\u00f3n preescolar m\u00e1s bajo entre los pa\u00edses vecinos. Solo el 15% de los ni\u00f1os entre 3 y 4 a\u00f1os est\u00e1n matriculados y estos provienen, en su mayor\u00eda, de familias de mayores ingresos (KOMF Kosova, 2024a).<\/p>\n\n\n\n<p class=\"wp-block-paragraph\">Muchos ni\u00f1os peque\u00f1os siguen fuera de la educaci\u00f3n formal temprana y son cuidados en casa. Solo uno de cada tres ni\u00f1os de entre los 2 y los 4 a\u00f1os se beneficia de la estimulaci\u00f3n precoz mediante cuentos, lectura o juegos (KOMF Kosova, 2024a). Los servicios de <a href=\"https:\/\/www.humanium.org\/es\/el-desarrollo-de-la-primera-infancia-la-base-de-una-sociedad-duradera-y-prospera\/\">desarrollo de la primera infancia<\/a> est\u00e1n fragmentados y, en su mayor\u00eda, son de car\u00e1cter terap\u00e9utico o preventivo, con coordinaci\u00f3n limitada entre los diferentes sectores: educativo, sanitario y de bienestar social. Como resultado de esta fragmentaci\u00f3n, las <a href=\"https:\/\/www.humanium.org\/es\/familia-derecho-nino\/\">familias<\/a> a menudo deben acudir a m\u00faltiples instituciones para acceder a las ayudas que necesitan.<\/p>\n\n\n\n<h3 class=\"wp-block-heading\"><strong><a href=\"https:\/\/www.humanium.org\/es\/derecho-salud\/\">Derecho a la salud<\/a><\/strong><\/h3>\n\n\n\n<p class=\"wp-block-paragraph\">En Kosovo, <a href=\"https:\/\/www.humanium.org\/es\/derecho-salud\/\">la asistencia sanitaria<\/a> <strong><\/strong>noes uniforme y est\u00e1 infrafinanciada. En 2022, solo el 45% de los medicamentos b\u00e1sicos estaban disponibles en centros de asistencia primaria, con escasez cr\u00edtica que afectaba a beb\u00e9s prematuros y a ni\u00f1os con enfermedades raras (KOMF Kosova, 2024\u00aa). Los servicios de prevenci\u00f3n, rehabilitaci\u00f3n y tratamiento por consumo de sustancias son en gran medida inexistentes, y los servicios de evaluaci\u00f3n de la discapacidad y rehabilitaci\u00f3n se concentran en las <a href=\"https:\/\/www.humanium.org\/es\/enfoques-tematicos\/pobreza\/ninos-en-las-zonas-urbanas\/\">zonas urbanas<\/a>, dejando pocas opciones a las familias que viven en zonas rurales (Leung &amp; Nagavci, 2025). <a href=\"https:\/\/www.humanium.org\/es\/enfoques-tematicos\/salud\/mortalidad-infantil\/\">La mortalidad infantil<\/a> sigue siendo alta y est\u00e1 por encima de la media de la Uni\u00f3n Europea (UE), con 14,4 muertes por cada 1.000 beb\u00e9s nacidos vivos en 2022, siendo los nacimientos prematuros, las enfermedades cong\u00e9nitas y las infecciones las principales causas (KOMF Kosova, 2024a).<\/p>\n\n\n\n<p class=\"wp-block-paragraph\">Los ni\u00f1os de las comunidades rurales y marginalizadas tambi\u00e9n presentan menor cobertura de vacunaci\u00f3n y un acceso reducido a la atenci\u00f3n preventiva y rehabilitadora. Por todo ello, se han implementado campa\u00f1as de vacunaci\u00f3n puerta a puerta para hacer frente a las bajas tasas de vacunaci\u00f3n entre los ni\u00f1os de las comunidades roman\u00ed, ashkali y egipcia (RAE) (Office of the Prime Minister, 2024). Asimismo, el consumo de <a href=\"https:\/\/www.humanium.org\/es\/la-infancia-y-la-dependencia-drogas-alcohol\/\">substancias<\/a> est\u00e1 en aumento, y la edad media de inicio ha descendido a los 16 a\u00f1os. La exposici\u00f3n al tabaco, a las pipas de agua, a los cigarrillos electr\u00f3nicos y bebidas energ\u00e9ticas est\u00e1 muy extendida, reflejando una regulaci\u00f3n y aplicaci\u00f3n de la normativa deficientes (KOMF Kosova, 2024a).<\/p>\n\n\n\n<p class=\"wp-block-paragraph\">Las instalaciones de cuidado de la primera infancia tambi\u00e9n presentan preocupaciones en materia de seguridad y salud. El n\u00famero de guarder\u00edas p\u00fablicas es insuficiente, y a menudo carece de suficientes espacios, recursos y personal capacitado. Existen informes de <a href=\"https:\/\/www.humanium.org\/es\/enfoques-tematicos\/violencia\/abuso-infantil\/\">negligencias y maltratos f\u00edsicos<\/a>, a veces sin que exista rendici\u00f3n de cuentas, lo que ha minado la confianza en el sistema. Como alternativa, algunas familias optan por guarder\u00edas privadas costosas o mantienen a los ni\u00f1os en casa, lo que limita la socializaci\u00f3n y el desarrollo temprano (Bami, 2025).<\/p>\n\n\n\n<h3 class=\"wp-block-heading\"><a href=\"https:\/\/www.humanium.org\/es\/derecho-identidad\/\"><strong>Derecho a la identidad<\/strong><\/a><\/h3>\n\n\n\n<p class=\"wp-block-paragraph\">Los ni\u00f1os de Kosovo tienen derecho a un nombre y nacionalidad, as\u00ed como a la protecci\u00f3n frente a la <a href=\"https:\/\/www.humanium.org\/es\/enfoques-tematicos\/violencia\/\">violencia<\/a>, la <a href=\"https:\/\/www.humanium.org\/es\/enfoques-tematicos\/explotacion\/\">explotaci\u00f3n<\/a> y el <a href=\"https:\/\/www.humanium.org\/es\/enfoques-tematicos\/violencia\/abuso-infantil\/\">abuso<\/a>. La inscripci\u00f3n del nacimiento est\u00e1 garantizada por ley, y existen mecanismos de protecci\u00f3n para prevenir <a href=\"https:\/\/www.humanium.org\/es\/enfoques-tematicos\/aislamiento-desarraigo\/apatridas-invisibles\/\">la apatridia infantil<\/a>. Muchos ni\u00f1os de comunidades minoritarias enfrentan dificultades debido a procedimientos administrativos, desplazamientos anteriores o la falta de documentos de los padres (European Network on Statelessness, n.d.).<\/p>\n\n\n\n<p class=\"wp-block-paragraph\">La subinscripci\u00f3n de nacimientos es frecuente, sobre todo entre las comunidades RAE. Sin un certificado de nacimiento, los ni\u00f1os no pueden acceder a otros derechos, como la educaci\u00f3n, la atenci\u00f3n sanitaria o la asistencia social. Las reformas del registro civil han mejorado las cifras de inscripci\u00f3n en general, pero las comunidades RAE contin\u00faan vi\u00e9ndose afectadas de manera desproporcionada.<\/p>\n\n\n\n<p class=\"wp-block-paragraph\">El riesgo de apatridia persiste para los ni\u00f1os nacidos sin documentaci\u00f3n, desplazados, o sin hogar, dej\u00e1ndolos sin estatus legal en ning\u00fan pa\u00eds (European Network on Statelessness, n.d.). Los ni\u00f1os de etnia serbia enfrentan dificultades adicionales, ya que Kosovo y Serbia no siempre reconocen mutuamente sus documentos civiles. Este contexto crea bloqueos administrativos y limita el acceso a documentos de identidad, servicios p\u00fablicos y participaci\u00f3n social. (Kosovo Online, 2025).<\/p>\n\n\n\n<p class=\"wp-block-paragraph\">En 2020, Kosovo puso en marcha un procedimiento de determinaci\u00f3n de apatridia, con mecanismos de protecci\u00f3n para los ni\u00f1os que de otro modo ser\u00edan ap\u00e1tridas, incluidos los <a href=\"https:\/\/www.humanium.org\/es\/migracion-infantil\/\">menores no acompa\u00f1ados<\/a>, &nbsp;los <a href=\"https:\/\/www.humanium.org\/es\/adopcion-infantil\/\">ni\u00f1os adoptados<\/a>, los nacidos en el extranjero de padres kosovares y aquellos con nacionalidad indeterminada (European Network on Statelessness, n.d.).<\/p>\n\n\n\n<p class=\"wp-block-paragraph\">Las nuevas pol\u00edticas adoptadas en 2025 permiten que los ni\u00f1os que cuentan con un certificado de nacimiento expedido por las autoridades serbias se registren oficialmente en Kosovo. Aunque este es un paso positivo, el proceso de registro es temporal y est\u00e1 en curso (United Nations Mission in Kosovo, 2025).<\/p>\n\n\n\n<h3 class=\"wp-block-heading\"><a href=\"https:\/\/www.humanium.org\/es\/derecho-proteccion\/\"><strong>Derecho a la protecci\u00f3n<\/strong><\/a> &nbsp;<\/h3>\n\n\n\n<p class=\"wp-block-paragraph\">Kosovo ha establecido un marco legal para la protecci\u00f3n de la infancia que sigue los est\u00e1ndares internacionales. La ley 06\/L-084 sobre la protecci\u00f3n de la infancia (2020) facilita una base legal para salvaguardar a la infancia de cualquier forma de violencia, abuso, desatenci\u00f3n y explotaci\u00f3n. Tambi\u00e9n establece la creaci\u00f3n de equipos integrados y multidisciplinarios a nivel municipal para gestionar los casos de protecci\u00f3n de la infancia.<\/p>\n\n\n\n<p class=\"wp-block-paragraph\">A pesar de este marco, persisten los riesgos de trata de ni\u00f1os y trabajo forzoso, y el sistema de protecci\u00f3n est\u00e1 infrafinanciado (KOMF Kosova, 2024a). A menudo, hay casos de abusos que no son denunciados debido a las normas sociales y a la poca confianza en las instituciones. Los trabajadores sociales municipales, la polic\u00eda y los fiscales frecuentemente carecen de formaci\u00f3n sensible a los infancia para abordar casos complejos de abuso. Los servicios integrales para las v\u00edctimas son escasos, y el <a href=\"https:\/\/www.humanium.org\/es\/acogimiento-de-menores-ninos-en-hogares-de-acogida\/\">sistema de acogimiento<\/a> &nbsp;muchas veces no garantiza una protecci\u00f3n adecuada (UNICEF, 2022).<\/p>\n\n\n\n<h2 class=\"wp-block-heading\"><strong>Factores de riesgo \u2192 Desaf\u00edos espec\u00edficos del pa\u00eds<\/strong><\/h2>\n\n\n\n<h3 class=\"wp-block-heading\"><a href=\"https:\/\/www.humanium.org\/es\/enfoques-tematicos\/explotacion\/trabajo-infantil\/\"><strong>Trabajo infantil<\/strong><\/a><strong><\/strong><\/h3>\n\n\n\n<p class=\"wp-block-paragraph\">Los datos fiables sobre el trabajo infantil en Kosovo son limitados debido a la naturaleza en gran medida informal del trabajo. Una encuesta de 2019\u20132020 estim\u00f3 que el 9% de los ni\u00f1os de entre 5 y 14 a\u00f1os desempe\u00f1aban alg\u00fan tipo de trabajo, con muchos de entre 7 y 14 a\u00f1os combinando trabajo y escuela (U.S. Department of Labor, 2024a). La mendicidad forzada, el <a href=\"https:\/\/www.humanium.org\/es\/enfoques-tematicos\/pobreza\/ninos-calle\/\">trabajo en la calle<\/a> y la venta de peque\u00f1os objetos son las formas m\u00e1s visibles, mientras otros desempe\u00f1an <a href=\"https:\/\/www.humanium.org\/es\/trabajo-infantil-en-la-agricultura-una-practica-peligrosa-pero-comun-en-todo-el-mundo\/\">trabajos peligrosos en la agricultura<\/a>, &nbsp;la recogida de residuos, la construcci\u00f3n y la miner\u00eda. Las dificultades econ\u00f3micas y el limitado apoyo social a menudo obligan a las familias a depender de los ingresos de los ni\u00f1os.<\/p>\n\n\n<div class=\"wp-block-image\">\n<figure class=\"alignleft size-large is-resized\"><img loading=\"lazy\" decoding=\"async\" width=\"1024\" height=\"683\" src=\"https:\/\/www.humanium.org\/es\/wp-content\/uploads\/2026\/08\/shutterstock_589235201-1024x683.jpg\" alt=\"\" class=\"wp-image-22923\" style=\"aspect-ratio:1.499330655957162;width:382px;height:auto\" srcset=\"https:\/\/www.humanium.org\/es\/wp-content\/uploads\/2026\/08\/shutterstock_589235201-1024x683.jpg 1024w, https:\/\/www.humanium.org\/es\/wp-content\/uploads\/2026\/08\/shutterstock_589235201-300x200.jpg 300w, https:\/\/www.humanium.org\/es\/wp-content\/uploads\/2026\/08\/shutterstock_589235201-768x512.jpg 768w, https:\/\/www.humanium.org\/es\/wp-content\/uploads\/2026\/08\/shutterstock_589235201-1536x1024.jpg 1536w, https:\/\/www.humanium.org\/es\/wp-content\/uploads\/2026\/08\/shutterstock_589235201-829x553.jpg 829w, https:\/\/www.humanium.org\/es\/wp-content\/uploads\/2026\/08\/shutterstock_589235201-2048x1365.jpg 2048w, https:\/\/www.humanium.org\/es\/wp-content\/uploads\/2026\/08\/shutterstock_589235201-230x153.jpg 230w, https:\/\/www.humanium.org\/es\/wp-content\/uploads\/2026\/08\/shutterstock_589235201-350x233.jpg 350w, https:\/\/www.humanium.org\/es\/wp-content\/uploads\/2026\/08\/shutterstock_589235201-272x182.jpg 272w, https:\/\/www.humanium.org\/es\/wp-content\/uploads\/2026\/08\/shutterstock_589235201-480x320.jpg 480w\" sizes=\"auto, (max-width: 1024px) 100vw, 1024px\" \/><\/figure>\n<\/div>\n\n\n<p class=\"wp-block-paragraph\">Los ni\u00f1os de familias econ\u00f3micamente vulnerables y de comunidades minoritarias, sobre todo grupos RAE, est\u00e1n en riesgo de caer en el trabajo infantil y otras formas de explotaci\u00f3n econ\u00f3mica. Los ni\u00f1os que no est\u00e1n escolarizados, por ejemplo, debido a la falta de documentos, son especialmente vulnerables al trabajo infantil en Kosovo.<\/p>\n\n\n\n<p class=\"wp-block-paragraph\">Kosovo ha establecido un marco legal, que comprende el Plan de Acci\u00f3n de los Derechos de la Infancia (2021-2025) que proh\u00edbe el trabajo infantil y establece directrices de pol\u00edtica. Enmiendas legislativas recientes tienen como objetivo proteger a la infancia de trabajos peligrosos, como empleos en clubes nocturnos y otros entornos de alto riesgo. Sin embargo, el cumplimiento de estas medidas sigue siendo limitada, y muchos ni\u00f1os contin\u00faan trabajando en condiciones inseguras (U.S. Department of Labor, 2024a).<\/p>\n\n\n\n<h3 class=\"wp-block-heading\"><a href=\"https:\/\/www.humanium.org\/es\/enfoques-tematicos\/explotacion\/trata-ninos\/\"><strong>Trata infantil<\/strong><\/a><\/h3>\n\n\n\n<p class=\"wp-block-paragraph\">Kosovo tambi\u00e9n padece la trata de ni\u00f1os, siendo un pa\u00eds de origen, tr\u00e1nsito y destino. Los ni\u00f1os de familias econ\u00f3micamente desfavorecidas son especialmente vulnerables, y la trata a menudo implica movimientos transfronterizos que exponen a los ni\u00f1os al trabajo forzoso o a la <a href=\"https:\/\/www.humanium.org\/es\/enfoques-tematicos\/explotacion\/prostitucion-infantil\/\">explotaci\u00f3n sexual comercial<\/a> (U.S. Department of Labor, 2024b; U.S. Department of State, 2024). Las <a href=\"https:\/\/www.humanium.org\/es\/enfoques-tematicos\/discriminacion\/derechos-ninas\/\">ni\u00f1as<\/a> son las m\u00e1s afectadas. Un informe del Departamento de Estado de los EE. UU. del a\u00f1o 2022, descubri\u00f3 que la mayor\u00eda de las v\u00edctimas identificadas eran ni\u00f1os y ni\u00f1as de Kosovo o de la vecina Albania. (U.S. Department of State, 2025).<\/p>\n\n\n\n<p class=\"wp-block-paragraph\">A diferencia del trabajo infantil en general, la trata implica coacci\u00f3n, amenazas o mentiras, dejando a los ni\u00f1os con poco o nada de control sobre sus propias circunstancias. Las autoridades, sobre todo los profesionales de intervenci\u00f3n inmediata a menudo carecen de formaci\u00f3n para identificar a las v\u00edctimas del tr\u00e1fico de menores, en especial las que son obligadas a ejercer la mendicidad o son v\u00edctimas de <a href=\"https:\/\/www.humanium.org\/es\/enfoques-tematicos\/explotacion\/explotacion-sexual-infantil\/\">explotaci\u00f3n sexual<\/a>. En consecuencia, algunas v\u00edctimas son tratadas, err\u00f3neamente, como delincuentes o deportadas sin recibir protecci\u00f3n ni apoyo (U.S. Department of Labor, 2024b).<\/p>\n\n\n\n<h3 class=\"wp-block-heading\"><a href=\"https:\/\/www.humanium.org\/es\/enfoques-tematicos\/violencia\/abuso-infantil\/\"><strong>Abuso infantil<\/strong><\/a><strong><\/strong><\/h3>\n\n\n\n<p class=\"wp-block-paragraph\">En Kosovo, la violencia a\u00fan se considera como una forma de disciplina. Aunque la Ley sobre la Protecci\u00f3n de la Infancia exige programas de sensibilizaci\u00f3n y de crianza positiva, no se ha generado ninguna gu\u00eda oficial para implementar estas medidas. El apoyo a la crianza est\u00e1 pr\u00e1cticamente ausente, aparte de algunas iniciativas limitadas de la sociedad civil (KOMF Kosova, 2024b).<\/p>\n\n\n\n<p class=\"wp-block-paragraph\">El acoso verbal, como el uso de apodos, insultos o burlas, es la forma m\u00e1s com\u00fan de agresi\u00f3n entre los adolescentes. Los chicos est\u00e1n implicados, con m\u00e1s frecuencia, en el acoso f\u00edsico, el ciberacoso, el compartir im\u00e1genes sin autorizaci\u00f3n, hacer comentarios sexualmente inapropiados y causar da\u00f1os a la propiedad, lo cual refleja normas de g\u00e9nero que asocian la agresi\u00f3n con la masculinidad. El acoso indirecto, como la exclusi\u00f3n social, no muestra diferencias notables entre ni\u00f1os y ni\u00f1as. La victimizaci\u00f3n predice claramente el miedo a ser acosado, mientras que el g\u00e9nero, la edad y la frecuencia del acoso tienen una influencia m\u00ednima. (Millaku et al., 2025).<\/p>\n\n\n\n<p class=\"wp-block-paragraph\">Un estudio de UNICEF del a\u00f1o 2020 se\u00f1ala que alrededor del 72% de los ni\u00f1os de entre 1 y 14 a\u00f1os padec\u00eda alg\u00fan tipo de violencia como medida disciplinaria, incluyendo el castigo f\u00edsico en un 30% y la agresi\u00f3n psicol\u00f3gica en muchos m\u00e1s (UNICEF, 2021a). La <a href=\"https:\/\/www.humanium.org\/es\/la-violencia-en-el-hogar-y-sus-consecuencias-en-los-ninos\/\">violencia en el hogar<\/a><a href=\"https:\/\/www.humanium.org\/en\/domestic-violence-and-its-consequences-on-children\/\"><\/a> y la disciplina violenta contin\u00faan estando socialmente toleradas, a pesar de sus efectos perjudiciales a largo plazo. La infraestructura limitada y los servicios preventivos contribuyen a que muchos casos no se denuncien y a que las v\u00edctimas queden sin apoyo (UNICEF, 2022).<\/p>\n\n\n\n<p class=\"wp-block-paragraph\"><a href=\"https:\/\/www.humanium.org\/es\/acoso-escolar-bullying\/\">El acoso escolar<\/a> es tambi\u00e9n un problema importante. Los malos tratos psic\u00f3logicos y f\u00edsicos son frecuentes e incluyen palizas, el <a href=\"https:\/\/www.humanium.org\/es\/la-infancia-y-la-dependencia-drogas-alcohol\/\">consumo de drogas<\/a>, uso de armas y extorsi\u00f3n entre iguales. <a href=\"https:\/\/www.humanium.org\/es\/enfoques-tematicos\/explotacion\/explotacion-sexual-infantil\/\">Los abusos sexuales<\/a> son fuente de especial preocupaci\u00f3n: un profesor de educaci\u00f3n f\u00edsica fue suspendido por acoso, pero posteriormente reincorporado por orden judicial y a principios de 2023 se denunciaron seis casos de acoso sexual en escuelas, aunque solo uno fue oficialmente registrado por el Ministerio de Educaci\u00f3n. Los expertos afirman que los entornos violentos en casa contribuyen al comportamientos agresivo en la escuela, mientras que las respuestas insitucionales d\u00e9biles y las deficiencias del <a href=\"https:\/\/www.humanium.org\/es\/enfoques-tematicos\/justicia\/ninos-sistema-judicial\/\">sistema judicial<\/a> dejan a los ni\u00f1os desprotegidos (Bami, 2023).<\/p>\n\n\n\n<h3 class=\"wp-block-heading\"><strong>Abuso infantil en l\u00ednea<\/strong><\/h3>\n\n\n\n<p class=\"wp-block-paragraph\">En Kosovo, donde m\u00e1s del 90% de los j\u00f3venes tiene acceso a internet, uno de cada tres denuncia haber sido v\u00edctimas de ciberacoso, y casi la mitad de ellos han faltado a clase como consecuencia (UNICEF, 2024a). Para abordar este problema, UNICEF Kosovo lanz\u00f3 en octubre de 2024 una campa\u00f1a en l\u00ednea en colaboraci\u00f3n con la UE y la Oficina del Primer Ministro, centrada en la prevenci\u00f3n del ciberacoso. Los ni\u00f1os participaron en los videos de la campa\u00f1a, que han sido vistos m\u00e1s de 350.000 veces, y tomaron parte en debates escolares sobre seguridad en Internet. La iniciativa tambi\u00e9n incluye sesiones en vivo con psicol\u00f3gicos y actividades escolares para fomentar interacciones en l\u00ednea m\u00e1s seguras y positivas (UNICEF, 2024a).<\/p>\n\n\n\n<p class=\"wp-block-paragraph\">La Polic\u00eda de Kosovo ha informado de varios casos de ni\u00f1os que han publicado contenidos en l\u00ednea relacionados con autolesiones y <a href=\"https:\/\/www.humanium.org\/es\/enfoques-tematicos\/salud\/suicidio-infantil\/\">suicidio<\/a>. Las autoridades subrayan la importancia de un entorno digital m\u00e1s seguro y animan a los <a href=\"https:\/\/www.humanium.org\/es\/familia-derecho-nino\/\">padres<\/a> a supervisar el uso de internet por parte de sus hijos y a tratar abiertamente los <a href=\"https:\/\/www.humanium.org\/es\/los-peligros-de-navegar-por-internet-para-los-ninos\/\">riesgos en l\u00ednea<\/a> (IndeksOnline, 2025).<\/p>\n\n\n\n<h3 class=\"wp-block-heading\"><a href=\"https:\/\/www.humanium.org\/es\/enfoques-tematicos\/pobreza\/\"><strong>Pobreza<\/strong><\/a> <strong><\/strong><strong><\/strong><\/h3>\n\n\n\n<p class=\"wp-block-paragraph\">Aproximadamente un 22%\u201323% de los ni\u00f1os en Kosovo viven en la pobreza, de ellos un 7% viven en la pobreza extrema. Los que m\u00e1s padecen esta situaci\u00f3n son los ni\u00f1os RAE, los <a href=\"https:\/\/www.humanium.org\/es\/enfoques-tematicos\/discriminacion\/ninos-discapacitados\/\">ni\u00f1os con discapacidad<\/a> y los que viven en entornos rurales (KOMF Kosova, 2024c). La pobreza infantil est\u00e1 estrechamente relacionada con el desempleo de los padres, a las <a href=\"https:\/\/www.humanium.org\/es\/familia-derecho-nino\/\">familias monoparentales<\/a>, al bajo nivel de estudios, y a la exclusi\u00f3n por motivos de g\u00e9nero, con las poblaciones pertenecientes a minor\u00edas y de entornos rurales especialmente afectadas (UNICEF, 2021b).<\/p>\n\n\n\n<p class=\"wp-block-paragraph\">Alrededor de uno de cada cuatro ni\u00f1os carece de unas condiciones de vida dignas, de una <a href=\"https:\/\/www.humanium.org\/es\/derecho-alimentacion\/\">nutrici\u00f3n adecuada<\/a> y de acceso a servicios b\u00e1sicos (Eurochild, 2025a). Muchos ni\u00f1os \u2013 sobre todo los que pertenecen a grupos minoritarios o con discapacidad \u2013 tienen acceso limitado a la educaci\u00f3n, la atenci\u00f3n sanitaria y el apoyo social debido a la ausencia de documentos legales, problemas de <a href=\"https:\/\/www.humanium.org\/es\/enfoques-tematicos\/aislamiento-desarraigo\/ninos-desplazados\/\">migraci\u00f3n<\/a>, dificultades con el idioma y <a href=\"https:\/\/www.humanium.org\/es\/enfoques-tematicos\/discriminacion\/\">discriminaci\u00f3n<\/a>. La inestabilidad econ\u00f3mica, una alta tasa de desempleo juvenil y unos salarios bajos para las familias trabajadoras empeoran la pobreza de los hogares (KOMF Kosova, 2024a).<\/p>\n\n\n<div class=\"wp-block-image\">\n<figure class=\"alignright size-large is-resized\"><img loading=\"lazy\" decoding=\"async\" width=\"1024\" height=\"888\" src=\"https:\/\/www.humanium.org\/es\/wp-content\/uploads\/2026\/08\/shutterstock_92106641-1024x888.jpg\" alt=\"\" class=\"wp-image-22922\" style=\"aspect-ratio:1.1531778888436046;width:360px;height:auto\" srcset=\"https:\/\/www.humanium.org\/es\/wp-content\/uploads\/2026\/08\/shutterstock_92106641-1024x888.jpg 1024w, https:\/\/www.humanium.org\/es\/wp-content\/uploads\/2026\/08\/shutterstock_92106641-300x260.jpg 300w, https:\/\/www.humanium.org\/es\/wp-content\/uploads\/2026\/08\/shutterstock_92106641-768x666.jpg 768w, https:\/\/www.humanium.org\/es\/wp-content\/uploads\/2026\/08\/shutterstock_92106641-1536x1332.jpg 1536w, https:\/\/www.humanium.org\/es\/wp-content\/uploads\/2026\/08\/shutterstock_92106641-829x719.jpg 829w, https:\/\/www.humanium.org\/es\/wp-content\/uploads\/2026\/08\/shutterstock_92106641-2048x1776.jpg 2048w, https:\/\/www.humanium.org\/es\/wp-content\/uploads\/2026\/08\/shutterstock_92106641-349x303.jpg 349w, https:\/\/www.humanium.org\/es\/wp-content\/uploads\/2026\/08\/shutterstock_92106641-229x199.jpg 229w, https:\/\/www.humanium.org\/es\/wp-content\/uploads\/2026\/08\/shutterstock_92106641-480x416.jpg 480w\" sizes=\"auto, (max-width: 1024px) 100vw, 1024px\" \/><\/figure>\n<\/div>\n\n\n<p class=\"wp-block-paragraph\">La inversi\u00f3n p\u00fablica en protecci\u00f3n social sigue muy por debajo de la media europea, y unos servicios sociales fragmentados y mal financiados se esfuerzan para llegar a los m\u00e1s vulnerables (The Borgen Project, 2023; UNICEF, 2021c). La pobreza conduce al trabajo infantil y a situaciones callejeras, con los ni\u00f1os a veces obligados a ejercer la mendicidad o a trabajar, lo que reduce su asistencia a clase y limita sus oportunidades de seguir una educaci\u00f3n adecuada. Entre los <a href=\"https:\/\/www.humanium.org\/es\/enfoques-tematicos\/pobreza\/ninos-calle\/\">ni\u00f1os viviendo en la calle<\/a>, el 88% afirma que la pobreza es la causa principal para encontrarse en esta situaci\u00f3n, y solo una cuarta parte asiste a la escuela (UNICEF, 2024b).<\/p>\n\n\n\n<p class=\"wp-block-paragraph\">La precariedad de la vivienda es tambi\u00e9n un grave problema entre las comunidades RAE. Al menos tres cuartas partes de los ni\u00f1os roman\u00edes carecen de una vivienda adecuada. Estos grupos viven en una pobreza extrema, tienen un acceso limitado a los servicios b\u00e1sicos y dependen de unos ingresos familiares bajos. A menudo dependen de la ayuda humanitaria para las cosas m\u00e1s imprescindibles (Eurochild, 2025b; ReliefWeb, 2024).<\/p>\n\n\n\n<h3 class=\"wp-block-heading\"><strong><a href=\"https:\/\/www.humanium.org\/es\/enfoques-tematicos\/discriminacion\/ninos-discapacitados\/\">Ni\u00f1os con discapacidad<\/a><\/strong><\/h3>\n\n\n\n<p class=\"wp-block-paragraph\">Los ni\u00f1os con discapacidad en Kosovo sufren estigmatizaci\u00f3n y son excluidos de la vida social (UNICEF, 2023). Muchos edificios escolares son f\u00edsicamente inaccesibles y el material did\u00e1ctico adaptado es escaso (Belegu Caka, 2025; KOMF Kosova, 2024d). En consecuencia, el n\u00famero de ni\u00f1os con discapacidad que asiste a escuelas regulares es bajo. Muchos est\u00e1n matriculados en escuelas especiales o, directamente, son excluidos del sistema educativo (Belegu Caka, 2025).<\/p>\n\n\n\n<p class=\"wp-block-paragraph\">Los servicios asistenciales tambi\u00e9n son limitados y fragmentados. La detecci\u00f3n e intervenci\u00f3n tempranas en los casos de retrasos en el desarrollo a menudo no est\u00e1n disponibles, lo que conduce a diagn\u00f3sticos tard\u00edos que reducen la eficacia de las intervenciones posteriores. El Ministerio de Educaci\u00f3n se ha comprometido a contratar a m\u00e1s asistentes docentes, pero el personal sigue siendo insuficiente para satisfacer las necesidades de todos los ni\u00f1os con discapacidad (KOMF Kosova, 2024d).<\/p>\n\n\n\n<p class=\"wp-block-paragraph\">El diagn\u00f3stico y la atenci\u00f3n especializada se encuentran, fundamentalmente, en Pristina. Las familias de otras regiones tienen que viajar largas distancias y a menudo se enfrentan a una escasez de dispositivos de asistencia (Leung &amp; Nagavci, 2025). La legislaci\u00f3n reciente sobre apoyo material a ni\u00f1os con discapacidad permanente cubre solo a una peque\u00f1a parte de los ni\u00f1os y a unos niveles insuficientes (KOMF Kosova, 2024d). Adem\u00e1s, los ni\u00f1as con discapacidad est\u00e1n tambi\u00e9n m\u00e1s expuestas a la violencia, tienen un acceso limitado a los <a href=\"https:\/\/www.humanium.org\/es\/la-sexualidad-de-los-adolescentes\/\">servicios de salud sexual y la reproductiva<\/a> y son excluidas de las oportunidades educativas y laborales (Leung &amp; Nagavci, 2025).<\/p>\n\n\n\n<h3 class=\"wp-block-heading\"><strong><a href=\"https:\/\/www.humanium.org\/es\/enfoques-tematicos\/discriminacion\/ninos-minoritarios\/\">Ni\u00f1os de minor\u00edas<\/a><\/strong><\/h3>\n\n\n\n<p class=\"wp-block-paragraph\">Los ni\u00f1os de grupos \u00e9tnicos marginalizados en Kosovo, especialmente RAE y algunas comunidades serbias, tienen dificultades con la educaci\u00f3n, la asistencia sanitaria y el acceso a los servicios sociales (Ahmeti, 2022; The Borgen Project, 2023). Estos ni\u00f1os est\u00e1n desproporcionadamente afectados por la pobreza y viven a menudo en condiciones precarias, con acceso limitado al <a href=\"https:\/\/www.humanium.org\/es\/derecho-agua\/\">agua potable<\/a>, al saneamiento y a los recursos b\u00e1sicos. Muchos se ven obligados a trabajar o pedir limosna para mantener a sus familias.<\/p>\n\n\n\n<p class=\"wp-block-paragraph\">La discriminaci\u00f3n \u00e9tnica y la marginaci\u00f3n social limitan a\u00fan m\u00e1s sus oportunidades y bienestar. Los ni\u00f1os pertenecientes a minor\u00edas padecen unos \u00edndices m\u00e1s altos de mortalidad, unos resultados acad\u00e9micos m\u00e1s bajos, y una exclusi\u00f3n persistente a pesar de la existencia de protecciones legales, y cuotas de empleo reservadas para las minor\u00edas. la d\u00e9bil aplicaci\u00f3n de las medidas de igualdad, el uso inadecuado de las cuotas y la falta de datos desglosados, a menudo dejan a las comunidades RAE excluidas de las oportunidades econ\u00f3micas y sociales, en beneficio de otros grupos o de solicitantes de la mayor\u00eda \u00e9tnica (Zeqiri, 2025).<\/p>\n\n\n\n<p class=\"wp-block-paragraph\">Los ni\u00f1os serbios se ven tambi\u00e9n afectados por las tensiones inter\u00e9tnicas y la inseguridad. Incidentes documentados de violencia contribuyen al miedo y han reducido la asistencia a las escuelas en algunas zonas (KoSSev, 2024). A menudo carecen de los recursos necesarios para facilitar una <a href=\"https:\/\/www.humanium.org\/es\/derecho-educacion\/\">educaci\u00f3n inclusiva<\/a>, incluido el transporte, los materiales educativos en las lenguas minoritarias, y el apoyo adecuado por parte de los profesores. Los sistemas educativos paralelos para ciertas comunidades, como los serbios, limitan a\u00fan m\u00e1s las oportunidades de interacci\u00f3n y comprensi\u00f3n inter\u00e9tnicas (Grazzi, n.d.).<\/p>\n\n\n\n<p class=\"wp-block-paragraph\">Las ni\u00f1as de comunidades marginadas tambi\u00e9n padecen desventajas. El <a href=\"https:\/\/www.humanium.org\/es\/enfoques-tematicos\/practicas-culturales\/matrimonio-infantil\/\">matrimonio infantil<\/a> est\u00e1 muy extendido y m\u00e1s del 85% de estos matrimonios no se registran, dejando as\u00ed a las ni\u00f1as sin protecci\u00f3n legal (Zeqiri, 2025). Esta falta de reconocimiento legal se traduce frecuentemente en abandono escolar, acceso restringido al empleo y mayor dependencia, con decisiones que suelen estar controladas por el padre o la familia. Solo el 31% de las ni\u00f1as RAE completan la educaci\u00f3n secundaria superior, cifra que est\u00e1 muy por debajo de la media nacional (IndeksOnline, 2022).<\/p>\n\n\n\n<p class=\"wp-block-paragraph\"><em><strong>Escrito por Or Salama<\/strong><\/em><\/p>\n\n\n\n<p class=\"wp-block-paragraph\"><em><strong>Traducido por Esperanza Escalona<\/strong><\/em><\/p>\n\n\n\n<p class=\"wp-block-paragraph\"><em><strong>Revisado por Lorraine Valarino<\/strong><\/em><\/p>\n\n\n\n<p class=\"wp-block-paragraph\"><em><strong>\u00daltima actualizaci\u00f3n el 30 de diciembre de 2025<\/strong><\/em><\/p>\n\n\n\n<h4 class=\"wp-block-heading\"><strong>Referencias:<\/strong><\/h4>\n\n\n\n<p class=\"has-small-font-size wp-block-paragraph\">Ahmeti, G. (2022, April 4). Poverty within Kosovo\u2019s minority communities forces children out of school. Retrieved from Prishtina Insight at <a href=\"https:\/\/prishtinainsight.com\/poverty-within-kosovos-minority-communities-forces-children-out-of-school-mag\/\">https:\/\/prishtinainsight.com\/poverty-within-kosovos-minority-communities-forces-children-out-of-school-mag\/<\/a>, accessed on September 11, 2025.<\/p>\n\n\n\n<p class=\"has-small-font-size wp-block-paragraph\">Bami, X. (2023, March 16). Too Many Children Suffering Abuse in Kosovo Schools, TV Show Hears. Retrieved from Balkan Insight at <a href=\"https:\/\/balkaninsight.com\/2023\/03\/16\/too-many-children-suffering-abuse-in-kosovo-schools-tv-show-hears\/\">https:\/\/balkaninsight.com\/2023\/03\/16\/too-many-children-suffering-abuse-in-kosovo-schools-tv-show-hears\/<\/a>, accessed on September 14, 2025.<\/p>\n\n\n\n<p class=\"has-small-font-size wp-block-paragraph\">Bami, X. (2025, May 15). \u2018A lot to work on\u2019: Kosovo parents say kindergartens falling short. Retrieved from Balkan Insight at <a href=\"https:\/\/balkaninsight.com\/2025\/05\/15\/a-lot-to-work-on-kosovo-parents-say-kindergartens-falling-short\/#:~:text=Countries-,'A%20Lot%20to%20Work%20On':%20Kosovo%20Parents%20Say%20Kindergartens,also%20never%20forgot%20the%20incident.\" target=\"_blank\" rel=\"noopener\">https:\/\/balkaninsight.com\/2025\/05\/15\/a-lot-to-work-on-kosovo-parents-say-kindergartens-falling-short\/#:~:text=Countries-,&#8217;A%20Lot%20to%20Work%20On&#8217;:%20Kosovo%20Parents%20Say%20Kindergartens,also%20never%20forgot%20the%20incident.<\/a>, accessed on September 11, 2025.<\/p>\n\n\n\n<p class=\"has-small-font-size wp-block-paragraph\">Belegu Caka, V. (2025, January). Review on the situation of children with disabilities in inclusive education in Kosovo. Retrieved from Academicus International Scientific Journal at&nbsp;<a href=\"https:\/\/academicus.edu.al\/nr31\/Academicus-MMXXV-31-065-081.pdf\" target=\"_blank\" rel=\"noopener\">https:\/\/academicus.edu.al\/nr31\/Academicus-MMXXV-31-065-081.pdf<\/a>, accessed on September 11, 2025.<\/p>\n\n\n\n<p class=\"has-small-font-size wp-block-paragraph\">Eurochild. (2025a, March). Child poverty and social exclusion.\u202fRetrieved from Eurochild at <a href=\"https:\/\/eurochild.org\/uploads\/2025\/03\/Eurochild-2024-Flagship-Sub-report-on-Child-Poverty-and-Social-Exclusion.pdf\">https:\/\/eurochild.org\/uploads\/2025\/03\/Eurochild-2024-Flagship-Sub-report-on-Child-Poverty-and-Social-Exclusion.pdf<\/a>, accessed on September 11, 2025.<\/p>\n\n\n\n<p class=\"has-small-font-size wp-block-paragraph\">Eurochild. (2025b, April). Roma children across Europe. Retrieved from Eurochild at <a href=\"https:\/\/eurochild.org\/uploads\/2025\/04\/Eurochild-2024-Flagship-Sub-report-on-Roma-Children-across-Europe.pdf\">https:\/\/eurochild.org\/uploads\/2025\/04\/Eurochild-2024-Flagship-Sub-report-on-Roma-Children-across-Europe.pdf<\/a>, accessed on September 14, 2025.<\/p>\n\n\n\n<p class=\"has-small-font-size wp-block-paragraph\">European Network on Statelessness. (n.d.).&nbsp;Kosovo.&nbsp;Retrieved from Statelessness Index at <a href=\"https:\/\/index.statelessness.eu\/country\/kosovo\">https:\/\/index.statelessness.eu\/country\/kosovo<\/a>, accessed on September 13, 2025.&nbsp;<\/p>\n\n\n\n<p class=\"has-small-font-size wp-block-paragraph\">Grazzi, V. (n.d.). Educational challenges in Kosovo. Retrieved from Broken Chalk at <a href=\"https:\/\/brokenchalk.org\/educational-challenges-in-kosovo\/#:~:text=Investing%20in%20Infrastructure:%20A%20focused\">https:\/\/brokenchalk.org\/educational-challenges-in-kosovo\/#:~:text=Investing%20in%20Infrastructure:%20A%20focused<\/a>, accessed on September 11, 2025.<\/p>\n\n\n\n<p class=\"has-small-font-size wp-block-paragraph\">IndeksOnline. (2022, April 17). Poverty and school dropouts leading to early marriages. Retrieved from IndeksOnline at <a href=\"https:\/\/indeksonline.net\/en\/varferia-dhe-braktisja-e-shkkolles-qe-po-cojne-ne-martesa-te-hershme\/\">https:\/\/indeksonline.net\/en\/varferia-dhe-braktisja-e-shkkolles-qe-po-cojne-ne-martesa-te-hershme\/<\/a>, accessed on Sepetember 14, 2025.&nbsp;<\/p>\n\n\n\n<p class=\"has-small-font-size wp-block-paragraph\">IndeksOnline. (2025, August 29). Kosovo Police appeals: Let\u2019s keep children safe on the internet.&nbsp;Retrieved from IndeksOnline at <a href=\"https:\/\/indeksonline.net\/en\/policia-e-kosoves-apelon-ti-mbajme-femijet-te-sigurt-ne-internet\/\">https:\/\/indeksonline.net\/en\/policia-e-kosoves-apelon-ti-mbajme-femijet-te-sigurt-ne-internet\/<\/a>, accessed on September 11, 2025.<\/p>\n\n\n\n<p class=\"has-small-font-size wp-block-paragraph\">KOMF Kosova. (2024a, February). Report card. What is&nbsp; Kosovo\u2019s overall score for child care? Retrieved from KOMF Kosova at&nbsp;<a href=\"https:\/\/komfkosova.org\/wp-content\/uploads\/2024\/03\/Report-Card-2024_English-FINAL.pdf\" target=\"_blank\" rel=\"noopener\">https:\/\/komfkosova.org\/wp-content\/uploads\/2024\/03\/Report-Card-2024_English-FINAL.pdf<\/a>, accessed on September 11, 2025.<\/p>\n\n\n\n<p class=\"has-small-font-size wp-block-paragraph\">KOMF Kosova. (2024b, March 28). High level of violence against children.&nbsp;Retrieved from KOMF Kosova at <a href=\"https:\/\/komfkosova.org\/high-level-of-violence-against-children\/?lang=en\">https:\/\/komfkosova.org\/high-level-of-violence-against-children\/?lang=en<\/a>, accessed on September 11, 2025.<\/p>\n\n\n\n<p class=\"has-small-font-size wp-block-paragraph\">KOMF Kosova. (2024c, March 15). Kosovo with high levels of children living in Poverty. Retrieved from KOMF Kosova at <a href=\"https:\/\/komfkosova.org\/kosovo-with-high-levels-of-children-living-in-poverty\/?lang=en\">https:\/\/komfkosova.org\/kosovo-with-high-levels-of-children-living-in-poverty\/?lang=en<\/a>, accessed on December 19, 2025.<\/p>\n\n\n\n<p class=\"has-small-font-size wp-block-paragraph\">KOMF Kosova. (2024d, March 28). Integration and inclusion of children with disabilities remains a challenge for Kosovo. Retrieved from KOMF Kosova at <a href=\"https:\/\/komfkosova.org\/integration-and-inclusion-of-children-with-disabilities-remains-a-challenge-for-kosovo\/?lang=en#:~:text=The%20employment%20of%20100%20assistants,the%20right%20information%20and%20support\">https:\/\/komfkosova.org\/integration-and-inclusion-of-children-with-disabilities-remains-a-challenge-for-kosovo\/?lang=en#:~:text=The%20employment%20of%20100%20assistants,the%20right%20information%20and%20support<\/a>., accessed on September 14, 2025.<\/p>\n\n\n\n<p class=\"has-small-font-size wp-block-paragraph\">Kosovo Online. (2025, May 8). Invisible to the system: Problems faced by Serbs with residence in Kosovo in obtaining Kosovo documents. Retrieved from Kosovo Online at <a href=\"https:\/\/www.kosovo-online.com\/en\/news\/analysis\/invisible-system-problems-faced-serbs-residence-kosovo-obtaining-kosovo-documents-8-5\">https:\/\/www.kosovo-online.com\/en\/news\/analysis\/invisible-system-problems-faced-serbs-residence-kosovo-obtaining-kosovo-documents-8-5<\/a>, accessed on September 14, 2025.<\/p>\n\n\n\n<p class=\"has-small-font-size wp-block-paragraph\">KoSSev. (2024, November 20). Struggles of Serb youth in Kosovo highlighted on World Children\u2019s Day.&nbsp;Retrieved from KoSSev at <a href=\"https:\/\/kossev.info\/struggles-of-serb-youth-in-kosovo-highlighted-on-world-childrens-day\/\">https:\/\/kossev.info\/struggles-of-serb-youth-in-kosovo-highlighted-on-world-childrens-day\/<\/a>, accessed on September 11, 2025.<\/p>\n\n\n\n<p class=\"has-small-font-size wp-block-paragraph\">Leung, A., &amp; Nagavci, M. (2025). Situational analysis on the rights of persons with disabilities in Kosovo: Full report. Retrieved from United Nations Kosovo Team &amp; Global Disability Fund at <a href=\"https:\/\/globaldisabilityfund.org\/new\/wp-content\/uploads\/2025\/05\/sitan-kosovo-full-report.pdf\">https:\/\/globaldisabilityfund.org\/new\/wp-content\/uploads\/2025\/05\/sitan-kosovo-full-report.pdf<\/a>, accessed on September 13, 2025.<\/p>\n\n\n\n<p class=\"has-small-font-size wp-block-paragraph\">Lumezi, A. (2025, January 24). Political parties\u2019 pledges on kindergartens. Retrieved from Kosovo 2.0 at <a href=\"https:\/\/kosovotwopointzero.com\/en\/political-parties-pledges-on-kindergartens\/\">https:\/\/kosovotwopointzero.com\/en\/political-parties-pledges-on-kindergartens\/<\/a>, accessed on September 11, 2025.<\/p>\n\n\n\n<p class=\"has-small-font-size wp-block-paragraph\">Millaku, J., Tasevska, D., Celcima, D., &amp; Kraja-Bardhi, E. (2025, February). Exploring bullying and cyberbullying behaviors among adolescents in Kosovo: Gender differences, victimization, and fear predictors.&nbsp;Retrieved from ResearchGate at&nbsp;<a href=\"https:\/\/www.researchgate.net\/publication\/389086468_Exploring_bullying_and_cyberbullying_behaviors_among_adolescents_in_Kosovo_Gender_differences_victimization_and_fear_predictors\">https:\/\/www.researchgate.net\/publication\/389086468_Exploring_bullying_and_cyberbullying_behaviors_among_adolescents_in_Kosovo_Gender_differences_victimization_and_fear_predictors<\/a>, accessed on September 11, 2025.<\/p>\n\n\n\n<p class=\"has-small-font-size wp-block-paragraph\">Office of the Prime Minister. (2024). Report on the Implementation of the Strategy for the Advancement of the Rights of Roma and Ashkali Communities in the Republic of Kosovo 2022-2026 and of the Action Plan 2022-2024 for 2023.&nbsp;Retrieved from Office of the Prime Minister of the Republic of Kosovo at <a href=\"https:\/\/kryeministri.rks-gov.net\/wp-content\/uploads\/2024\/08\/Report-on-the-implementation-of-the-Strategy-for-the-advancement-of-the-rights-of-roma-and-ashkali-communities.pdf\">https:\/\/kryeministri.rks-gov.net\/wp-content\/uploads\/2024\/08\/Report-on-the-implementation-of-the-Strategy-for-the-advancement-of-the-rights-of-roma-and-ashkali-communities.pdf<\/a>, accessed on December 19, 2025.<\/p>\n\n\n\n<p class=\"has-small-font-size wp-block-paragraph\">Qamili, S. (2024, April 16). Early childhood development in Kosovo: A leap forward enacted with the new law. Retrieved from United Nations Kosovo at&nbsp;<a href=\"https:\/\/kosovoteam.un.org\/en\/266068-early-childhood-development-kosovo-leap-forward-enacted-new-law\" target=\"_blank\" rel=\"noopener\">https:\/\/kosovoteam.un.org\/en\/266068-early-childhood-development-kosovo-leap-forward-enacted-new-law<\/a>, accessed on September 11, 2025.<\/p>\n\n\n\n<p class=\"has-small-font-size wp-block-paragraph\">ReliefWeb. (2024, April 15). Breaking barriers: An analytical report on Roma children and women in Kosovo (UNSCR 1244), Montenegro, North Macedonia and Serbia (April 2024). Retrieved from ReliefWeb at <a href=\"https:\/\/reliefweb.int\/report\/serbia\/breaking-barriers-analytical-report-roma-children-and-women-kosovo-unscr-1244-montenegro-north-macedonia-and-serbia-april-2024\">https:\/\/reliefweb.int\/report\/serbia\/breaking-barriers-analytical-report-roma-children-and-women-kosovo-unscr-1244-montenegro-north-macedonia-and-serbia-april-2024<\/a>, accessed on September 14, 2025.<\/p>\n\n\n\n<p class=\"has-small-font-size wp-block-paragraph\">The Borgen Project. (2023, November 13). 5 facts about child poverty in Kosovo.&nbsp;Retrieved from The Borgen Project at <a href=\"https:\/\/borgenproject.org\/child-poverty-in-kosovo#:~:text=Kosovo%20remains%20one%20of%20the\">https:\/\/borgenproject.org\/child-poverty-in-kosovo#:~:text=Kosovo%20remains%20one%20of%20the<\/a>, accessed on September 11, 2025.<\/p>\n\n\n\n<p class=\"has-small-font-size wp-block-paragraph\">UNICEF. (2021a, May 17). One case is too many: every child should feel safe and protected at all times. Retrieved from UNICEF at <a href=\"https:\/\/www.unicef.org\/kosovoprogramme\/press-releases\/one-case-too-many-every-child-should-feel-safe-and-protected-all-times#:~:text=Yet%2C%20according%20to%202020%20Multiple,have%20experienced%20any%20violent%20discipline\">https:\/\/www.unicef.org\/kosovoprogramme\/press-releases\/one-case-too-many-every-child-should-feel-safe-and-protected-all-times#:~:text=Yet%2C%20according%20to%202020%20Multiple,have%20experienced%20any%20violent%20discipline<\/a>, accessed on September 14, 2025.<\/p>\n\n\n\n<p class=\"has-small-font-size wp-block-paragraph\">UNICEF. (2021b). Children in Kosovo. Retrieved from UNICEF at <a href=\"https:\/\/www.unicef.org\/kosovoprogramme\/children-kosovo#:~:text=Children%20are%20more%20likely%20to,7%25%20live%20in%20extreme%20poverty\">https:\/\/www.unicef.org\/kosovoprogramme\/children-kosovo#:~:text=Children%20are%20more%20likely%20to,7%25%20live%20in%20extreme%20poverty<\/a>, accessed on September 14, 2025.<\/p>\n\n\n\n<p class=\"has-small-font-size wp-block-paragraph\">UNICEF. (2021c). Influencing policies and budgets for children.Retrieved from UNICEF at <a href=\"https:\/\/www.unicef.org\/kosovoprogramme\/social-policy#:~:text=Challenges,children%20and%20families%20in%20Kosovo\">https:\/\/www.unicef.org\/kosovoprogramme\/social-policy#:~:text=Challenges,children%20and%20families%20in%20Kosovo<\/a>, accessed on September 14, 2025.<\/p>\n\n\n\n<p class=\"has-small-font-size wp-block-paragraph\">UNICEF. (2022). Protecting children from poverty and violence. Retrieved from UNICEF at <a href=\"https:\/\/www.unicef.org\/kosovoprogramme\/child-protection#:~:text=Once%20a%20child%20ages%20out,reintegration%20and%20prevention%20of%20recidivism\">https:\/\/www.unicef.org\/kosovoprogramme\/child-protection#:~:text=Once%20a%20child%20ages%20out,reintegration%20and%20prevention%20of%20recidivism<\/a>,&nbsp; accessed on September 13, 2025.<\/p>\n\n\n\n<p class=\"has-small-font-size wp-block-paragraph\">UNICEF. (2023). Untying the knot for children with disabilities. Retrieved from UNICEF at <a href=\"https:\/\/www.unicef.org\/kosovoprogramme\/untying-knot-children-disabilities\">https:\/\/www.unicef.org\/kosovoprogramme\/untying-knot-children-disabilities<\/a>, accessed on September 14, 2025.<\/p>\n\n\n\n<p class=\"has-small-font-size wp-block-paragraph\">UNICEF. (2024a). Think before you share. Retrieved from UNICEF at <a href=\"https:\/\/www.unicef.org\/kosovoprogramme\/think-you-share#:~:text=According%20to%20UNICEF%2C%201%20in,a%20result%20of%20cyberbullying%20incidents\">https:\/\/www.unicef.org\/kosovoprogramme\/think-you-share#:~:text=According%20to%20UNICEF%2C%201%20in,a%20result%20of%20cyberbullying%20incidents<\/a>, accessed on September 14, 2025.<\/p>\n\n\n\n<p class=\"has-small-font-size wp-block-paragraph\">UNICEF. (2024b, February 28). Only 1 in 4 children in street situations is currently attending school, reads new study released by UNICEF and the EU in Kosovo.&nbsp;Retrieved from UNICEF at <a href=\"https:\/\/www.unicef.org\/kosovoprogramme\/press-releases\/only-1-4-children-street-situations-currently-attending-school-reads-new-study#:~:text=When%20asked%20about%20the%20sources\">https:\/\/www.unicef.org\/kosovoprogramme\/press-releases\/only-1-4-children-street-situations-currently-attending-school-reads-new-study#:~:text=When%20asked%20about%20the%20sources<\/a>, accessed on September 11, 2025.<\/p>\n\n\n\n<p class=\"has-small-font-size wp-block-paragraph\">United Nations Mission in Kosovo (UNMIK). (2025, March 7). Promoting the right to identity: A path to equal access to civil registration in Kosovo. Retrieved from UNMIK at <a href=\"https:\/\/unmik.unmissions.org\/promoting-right-identity-path-equal-access-civil-registration-kosovo-0\">https:\/\/unmik.unmissions.org\/promoting-right-identity-path-equal-access-civil-registration-kosovo-0<\/a>, accessed on September 14, 2025.<\/p>\n\n\n\n<p class=\"has-small-font-size wp-block-paragraph\">U.S. Department of Labor. (2024a). Child Labor and Forced Labor Reports. Retrieved from U.S. Department of Labor at <a href=\"https:\/\/www.dol.gov\/agencies\/ilab\/resources\/reports\/child-labor\/kosovo\">https:\/\/www.dol.gov\/agencies\/ilab\/resources\/reports\/child-labor\/kosovo<\/a>, accessed on September 11, 2025.<\/p>\n\n\n\n<p class=\"has-small-font-size wp-block-paragraph\">U.S. Department of Labor. (2024b). 2023 findings on the worst forms of child labor: Kosovo. Retrieved from U.S. Department of Labor at&nbsp;<a href=\"https:\/\/www.dol.gov\/sites\/dolgov\/files\/ILAB\/child_labor_reports\/tda2023\/Kosovo.pdf\" target=\"_blank\" rel=\"noopener\">https:\/\/www.dol.gov\/sites\/dolgov\/files\/ILAB\/child_labor_reports\/tda2023\/Kosovo.pdf<\/a>, accessed on September 11, 2025.<\/p>\n\n\n\n<p class=\"has-small-font-size wp-block-paragraph\">U.S. Department of State. (2024). 2024 Trafficking in Persons Report: Kosovo.&nbsp;Retrieved from U.S. Department of State at <a href=\"https:\/\/2021-2025.state.gov\/reports\/2024-trafficking-in-persons-report\/kosovo\/\">https:\/\/2021-2025.state.gov\/reports\/2024-trafficking-in-persons-report\/kosovo\/<\/a>, accessed on September 11, 2025.<\/p>\n\n\n\n<p class=\"has-small-font-size wp-block-paragraph\">Zeqiri, A. (2025, June 27). Roma, Ashkali, and Egyptian communities in Kosovo face double burden of poverty and discrimination. Retrieved from Prishtina Insight at <a href=\"https:\/\/prishtinainsight.com\/roma-ashkali-and-egyptian-communities-in-kosovo-face-double-burden-of-poverty-and-discrimination-mag\/\">https:\/\/prishtinainsight.com\/roma-ashkali-and-egyptian-communities-in-kosovo-face-double-burden-of-poverty-and-discrimination-mag\/<\/a>, accessed on September 13, 2025.<\/p>\n\n\n\n<hr class=\"wp-block-separator has-alpha-channel-opacity\"\/>\n\n\n\n<p class=\"has-small-font-size wp-block-paragraph\"><a href=\"#_ftnref1\" id=\"_ftn1\">[1]<\/a> El presente art\u00edculo no pretende, en absoluto, ofrecer una visi\u00f3n completa o representativa de los derechos de los ni\u00f1os en Kosovo; de hecho, uno de los m\u00faltiples desaf\u00edos es la escasa informaci\u00f3n actualizada sobre los ni\u00f1os en Kosovo, gran parte de la cual es poco fiable, no representativa, est\u00e1 desactualizada o simplemente es inexistente.<\/p>\n","protected":false},"excerpt":{"rendered":"<p>Descubriendo los derechos del ni\u00f1o en Kosovo En Kosovo, hay muchos ni\u00f1os que a\u00fan no pueden disfrutar plenamente de sus derechos fundamentales. Aunque las leyes del pa\u00eds reflejan los est\u00e1ndares internacionales, la d\u00e9bil aplicaci\u00f3n y los recursos limitados, dejan a muchos n una situaci\u00f3n vulnerable, sobre todo a los ni\u00f1os de las comunidades roman\u00ed, ashkali [&hellip;]<\/p>\n","protected":false},"author":1,"featured_media":0,"parent":0,"menu_order":0,"comment_status":"closed","ping_status":"open","template":"","meta":{"footnotes":""},"class_list":["post-4533","page","type-page","status-publish","hentry"],"yoast_head":"<!-- This site is optimized with the Yoast SEO plugin v28.3 - https:\/\/yoast.com\/product\/yoast-seo-wordpress\/ -->\n<title>Ni\u00f1os en Kosovo - Humanium<\/title>\n<meta name=\"description\" content=\"En Kosovo todav\u00eda encontramos tensiones \u00e9tnicas, pobreza\u00a0y trabajo infantil. Los ni\u00f1os pertenecientes a\u00a0grupos minoritarios, son a\u00fan los m\u00e1s afectados.\" \/>\n<meta name=\"robots\" content=\"index, follow, max-snippet:-1, max-image-preview:large, max-video-preview:-1\" \/>\n<link rel=\"canonical\" href=\"https:\/\/www.humanium.org\/es\/ninos-en-kosovo\/\" \/>\n<meta property=\"og:locale\" content=\"es_ES\" \/>\n<meta property=\"og:type\" content=\"article\" \/>\n<meta property=\"og:title\" content=\"Ni\u00f1os en Kosovo - Humanium\" \/>\n<meta property=\"og:description\" content=\"En Kosovo todav\u00eda encontramos tensiones \u00e9tnicas, pobreza\u00a0y trabajo infantil. Los ni\u00f1os pertenecientes a\u00a0grupos minoritarios, son a\u00fan los m\u00e1s afectados.\" \/>\n<meta property=\"og:url\" content=\"https:\/\/www.humanium.org\/es\/ninos-en-kosovo\/\" \/>\n<meta property=\"og:site_name\" content=\"Humanium\" \/>\n<meta property=\"article:modified_time\" content=\"2026-08-30T14:39:24+00:00\" \/>\n<meta name=\"twitter:card\" content=\"summary_large_image\" \/>\n<meta name=\"twitter:label1\" content=\"Tiempo de lectura\" \/>\n\t<meta name=\"twitter:data1\" content=\"24 minutos\" \/>\n<script type=\"application\/ld+json\" class=\"yoast-schema-graph\">{\"@context\":\"https:\\\/\\\/schema.org\",\"@graph\":[{\"@type\":\"WebPage\",\"@id\":\"https:\\\/\\\/www.humanium.org\\\/es\\\/ninos-en-kosovo\\\/\",\"url\":\"https:\\\/\\\/www.humanium.org\\\/es\\\/ninos-en-kosovo\\\/\",\"name\":\"Ni\u00f1os en Kosovo - Humanium\",\"isPartOf\":{\"@id\":\"https:\\\/\\\/www.humanium.org\\\/es\\\/#website\"},\"primaryImageOfPage\":{\"@id\":\"https:\\\/\\\/www.humanium.org\\\/es\\\/ninos-en-kosovo\\\/#primaryimage\"},\"image\":{\"@id\":\"https:\\\/\\\/www.humanium.org\\\/es\\\/ninos-en-kosovo\\\/#primaryimage\"},\"thumbnailUrl\":\"https:\\\/\\\/www.humanium.org\\\/en\\\/wp-content\\\/uploads\\\/2026\\\/08\\\/shutterstock_481936744_edited-scaled.jpeg\",\"datePublished\":\"2013-10-19T15:28:43+00:00\",\"dateModified\":\"2026-08-30T14:39:24+00:00\",\"description\":\"En Kosovo todav\u00eda encontramos tensiones \u00e9tnicas, pobreza\u00a0y trabajo infantil. Los ni\u00f1os pertenecientes a\u00a0grupos minoritarios, son a\u00fan los m\u00e1s afectados.\",\"breadcrumb\":{\"@id\":\"https:\\\/\\\/www.humanium.org\\\/es\\\/ninos-en-kosovo\\\/#breadcrumb\"},\"inLanguage\":\"es\",\"potentialAction\":[{\"@type\":\"ReadAction\",\"target\":[\"https:\\\/\\\/www.humanium.org\\\/es\\\/ninos-en-kosovo\\\/\"]}]},{\"@type\":\"ImageObject\",\"inLanguage\":\"es\",\"@id\":\"https:\\\/\\\/www.humanium.org\\\/es\\\/ninos-en-kosovo\\\/#primaryimage\",\"url\":\"https:\\\/\\\/www.humanium.org\\\/en\\\/wp-content\\\/uploads\\\/2026\\\/08\\\/shutterstock_481936744_edited-scaled.jpeg\",\"contentUrl\":\"https:\\\/\\\/www.humanium.org\\\/en\\\/wp-content\\\/uploads\\\/2026\\\/08\\\/shutterstock_481936744_edited-scaled.jpeg\"},{\"@type\":\"BreadcrumbList\",\"@id\":\"https:\\\/\\\/www.humanium.org\\\/es\\\/ninos-en-kosovo\\\/#breadcrumb\",\"itemListElement\":[{\"@type\":\"ListItem\",\"position\":1,\"name\":\"Home\",\"item\":\"https:\\\/\\\/www.humanium.org\\\/es\\\/\"},{\"@type\":\"ListItem\",\"position\":2,\"name\":\"Ni\u00f1os en Kosovo\"}]},{\"@type\":\"WebSite\",\"@id\":\"https:\\\/\\\/www.humanium.org\\\/es\\\/#website\",\"url\":\"https:\\\/\\\/www.humanium.org\\\/es\\\/\",\"name\":\"Humanium\",\"description\":\"\u00a1Los ni\u00f1os primero!\",\"potentialAction\":[{\"@type\":\"SearchAction\",\"target\":{\"@type\":\"EntryPoint\",\"urlTemplate\":\"https:\\\/\\\/www.humanium.org\\\/es\\\/?s={search_term_string}\"},\"query-input\":{\"@type\":\"PropertyValueSpecification\",\"valueRequired\":true,\"valueName\":\"search_term_string\"}}],\"inLanguage\":\"es\"}]}<\/script>\n<!-- \/ Yoast SEO plugin. -->","yoast_head_json":{"title":"Ni\u00f1os en Kosovo - Humanium","description":"En Kosovo todav\u00eda encontramos tensiones \u00e9tnicas, pobreza\u00a0y trabajo infantil. Los ni\u00f1os pertenecientes a\u00a0grupos minoritarios, son a\u00fan los m\u00e1s afectados.","robots":{"index":"index","follow":"follow","max-snippet":"max-snippet:-1","max-image-preview":"max-image-preview:large","max-video-preview":"max-video-preview:-1"},"canonical":"https:\/\/www.humanium.org\/es\/ninos-en-kosovo\/","og_locale":"es_ES","og_type":"article","og_title":"Ni\u00f1os en Kosovo - Humanium","og_description":"En Kosovo todav\u00eda encontramos tensiones \u00e9tnicas, pobreza\u00a0y trabajo infantil. Los ni\u00f1os pertenecientes a\u00a0grupos minoritarios, son a\u00fan los m\u00e1s afectados.","og_url":"https:\/\/www.humanium.org\/es\/ninos-en-kosovo\/","og_site_name":"Humanium","article_modified_time":"2026-08-30T14:39:24+00:00","twitter_card":"summary_large_image","twitter_misc":{"Tiempo de lectura":"24 minutos"},"schema":{"@context":"https:\/\/schema.org","@graph":[{"@type":"WebPage","@id":"https:\/\/www.humanium.org\/es\/ninos-en-kosovo\/","url":"https:\/\/www.humanium.org\/es\/ninos-en-kosovo\/","name":"Ni\u00f1os en Kosovo - Humanium","isPartOf":{"@id":"https:\/\/www.humanium.org\/es\/#website"},"primaryImageOfPage":{"@id":"https:\/\/www.humanium.org\/es\/ninos-en-kosovo\/#primaryimage"},"image":{"@id":"https:\/\/www.humanium.org\/es\/ninos-en-kosovo\/#primaryimage"},"thumbnailUrl":"https:\/\/www.humanium.org\/en\/wp-content\/uploads\/2026\/08\/shutterstock_481936744_edited-scaled.jpeg","datePublished":"2013-10-19T15:28:43+00:00","dateModified":"2026-08-30T14:39:24+00:00","description":"En Kosovo todav\u00eda encontramos tensiones \u00e9tnicas, pobreza\u00a0y trabajo infantil. Los ni\u00f1os pertenecientes a\u00a0grupos minoritarios, son a\u00fan los m\u00e1s afectados.","breadcrumb":{"@id":"https:\/\/www.humanium.org\/es\/ninos-en-kosovo\/#breadcrumb"},"inLanguage":"es","potentialAction":[{"@type":"ReadAction","target":["https:\/\/www.humanium.org\/es\/ninos-en-kosovo\/"]}]},{"@type":"ImageObject","inLanguage":"es","@id":"https:\/\/www.humanium.org\/es\/ninos-en-kosovo\/#primaryimage","url":"https:\/\/www.humanium.org\/en\/wp-content\/uploads\/2026\/08\/shutterstock_481936744_edited-scaled.jpeg","contentUrl":"https:\/\/www.humanium.org\/en\/wp-content\/uploads\/2026\/08\/shutterstock_481936744_edited-scaled.jpeg"},{"@type":"BreadcrumbList","@id":"https:\/\/www.humanium.org\/es\/ninos-en-kosovo\/#breadcrumb","itemListElement":[{"@type":"ListItem","position":1,"name":"Home","item":"https:\/\/www.humanium.org\/es\/"},{"@type":"ListItem","position":2,"name":"Ni\u00f1os en Kosovo"}]},{"@type":"WebSite","@id":"https:\/\/www.humanium.org\/es\/#website","url":"https:\/\/www.humanium.org\/es\/","name":"Humanium","description":"\u00a1Los ni\u00f1os primero!","potentialAction":[{"@type":"SearchAction","target":{"@type":"EntryPoint","urlTemplate":"https:\/\/www.humanium.org\/es\/?s={search_term_string}"},"query-input":{"@type":"PropertyValueSpecification","valueRequired":true,"valueName":"search_term_string"}}],"inLanguage":"es"}]}},"_links":{"self":[{"href":"https:\/\/www.humanium.org\/es\/wp-json\/wp\/v2\/pages\/4533","targetHints":{"allow":["GET"]}}],"collection":[{"href":"https:\/\/www.humanium.org\/es\/wp-json\/wp\/v2\/pages"}],"about":[{"href":"https:\/\/www.humanium.org\/es\/wp-json\/wp\/v2\/types\/page"}],"author":[{"embeddable":true,"href":"https:\/\/www.humanium.org\/es\/wp-json\/wp\/v2\/users\/1"}],"replies":[{"embeddable":true,"href":"https:\/\/www.humanium.org\/es\/wp-json\/wp\/v2\/comments?post=4533"}],"version-history":[{"count":8,"href":"https:\/\/www.humanium.org\/es\/wp-json\/wp\/v2\/pages\/4533\/revisions"}],"predecessor-version":[{"id":22924,"href":"https:\/\/www.humanium.org\/es\/wp-json\/wp\/v2\/pages\/4533\/revisions\/22924"}],"wp:attachment":[{"href":"https:\/\/www.humanium.org\/es\/wp-json\/wp\/v2\/media?parent=4533"}],"curies":[{"name":"wp","href":"https:\/\/api.w.org\/{rel}","templated":true}]}}