{"id":523,"date":"2012-12-10T08:24:06","date_gmt":"2012-12-10T08:24:06","guid":{"rendered":"http:\/\/www.humanium.org\/es\/?page_id=523"},"modified":"2025-12-06T16:26:08","modified_gmt":"2025-12-06T16:26:08","slug":"critica","status":"publish","type":"page","link":"https:\/\/www.humanium.org\/es\/critica\/","title":{"rendered":"Cr\u00edticas a los Derechos del Ni\u00f1o"},"content":{"rendered":"<h1 style=\"text-align: left;\" align=\"center\">Cr\u00edticas a los Derechos del Ni\u00f1o<\/h1>\n<h2>Los ni\u00f1os frente a los l\u00edmites de la Ley<\/h2>\n<p><strong>Los ni\u00f1os nacen en una situaci\u00f3n de dependencia y debilidad con respecto a los adultos. La Ley, por lo tanto, debe protegerlos, ofrecerles una serie de ventajas y permitirles opinar en las decisiones que les conciernen. Sin embargo, los sistemas judiciales cuentan con numerosas deficiencias.<\/strong><\/p>\n<h3>Entre la sobreprotecci\u00f3n y la independencia<\/h3>\n<p><strong>Un ser humano diferente al resto<\/strong><\/p>\n<p>La primera cr\u00edtica a los Derechos del Ni\u00f1o tiene que ver con la relaci\u00f3n entre los Derechos del Ni\u00f1o y los Derechos Humanos. Los Derechos del Ni\u00f1o est\u00e1n separados de los Derechos Humanos, lo que lleva a considerarlos como constituyen una subcategor\u00eda de derechos. Esta demarcaci\u00f3n podr\u00eda significar que un ni\u00f1o no es un ser humano como los dem\u00e1s y que, por lo tanto, no cuenta con una protecci\u00f3n equivalente a la de un adulto.<\/p>\n<p>Los Derechos del Ni\u00f1o pretenden buscan un equilibrio entre una sobreprotecci\u00f3n y la concesi\u00f3n de libertades. Ahora bien, en ocasiones, el sistema no consigue encontrar el equilibrio. Por ejemplo, los menores de dieciocho a\u00f1os tienen cada vez m\u00e1s responsabilidades ante la Ley pero en la mayor\u00eda de los casos, en caso de cometer una falta, todav\u00eda ser\u00e1n sus padres quienes se har\u00e1n cargo de las consecuencias materiales. Es por ello que se considera al ni\u00f1o como una carga en lugar de un ser independiente.<\/p>\n<p>Por \u00faltimo, los derechos no existen sin su contrapartida: los deberes. Es por eso por lo que hay quienes opinan que el hecho de que la mayor\u00eda de los textos internacionales solo pongan de manifiesto las obligaciones morales o disciplinarias, como el respeto a los padres, es una omisi\u00f3n desafortunada.<\/p>\n<p><strong>Definici\u00f3n del ni\u00f1o por la edad<\/strong><\/p>\n<p>Resulta dif\u00edcil determinar la edad exacta en la que un ni\u00f1o se convierte en adulto. En efecto, todos crecemos a ritmos diferentes dependiendo del contexto que nos rodee y de nuestras capacidades. Por lo tanto, fijar un l\u00edmite de edad es algo te\u00f3rico y puede resultar inadecuado.<\/p>\n<p><img loading=\"lazy\" decoding=\"async\" class=\"wp-image-8525 alignright\" title=\"Resulta dif\u00edcil determinar la edad en la que un ni\u00f1o pasa a ser adulto. \u00a9 Susana Perez Diaz (Union Europ\u00e9enne)\" src=\"https:\/\/www.humanium.org\/es\/wp-content\/uploads\/2012\/08\/enfants-adolescents-300x225.gif\" alt=\"\" width=\"264\" height=\"197\" \/>Sin embargo, debido a la ausencia de un l\u00edmite concreto, los ni\u00f1os corren el riesgo de enfrentarse a pr\u00e1cticas como el matrimonio, el trabajo o duras penas de prisi\u00f3n, adaptadas a los adultos, pero que no a los ni\u00f1os. Por el contrario, la opini\u00f3n de los ni\u00f1os suele ser ignorada, aun en casos en los que el ni\u00f1o ya tiene la capacidad de pensar y decidir por \u00e9l mismo. As\u00ed, la ausencia de un l\u00edmite de edad concreto es criticable.<\/p>\n<p>La Carta Africana de los Derechos y el Bienestar del Ni\u00f1o proh\u00edbe el alistamiento de ni\u00f1os en conflictos armados, pero que no especifica la edad de aplicaci\u00f3n de esta norma. En la realidad, se permite el alistamiento de \u00abadultos\u00bb de once a\u00f1os, por lo que el texto no puede proteger a los ni\u00f1os.<\/p>\n<p>Existen textos que s\u00ed fijan l\u00edmites de edad, como la Convenci\u00f3n sobre los Derechos del Ni\u00f1o que establece en su Art\u00edculo 1 que: \u00abse entiende por ni\u00f1o todo ser humano menor de dieciocho a\u00f1os de edad salvo que, en virtud de la ley que le sea aplicable, haya alcanzado antes la mayor\u00eda de edad\u00bb. Sin embargo, este l\u00edmite puede resultar ineficaz, ya que permite que un ni\u00f1o pueda pasar a ser un adulto siendo a\u00fan muy joven.<\/p>\n<p>Una medida para proteger a los ni\u00f3s podr\u00eda ser la de establecer una edad m\u00ednima para que, en ning\u00fan caso, un ni\u00f1o pueda considerarse adulto. Por ejemplo, podr\u00edamos establecer un l\u00edmite de diecis\u00e9is a\u00f1os para proteger a todos los menores de esa edad en el mundo.<\/p>\n<h3>\u00bfDerechos universales?<\/h3>\n<p>El objectivo de los Derechos del Ni\u00f1o, descritos en la Convenci\u00f3n sobre los Derechos del Ni\u00f1o, es \u00abgarantizar a todos los ni\u00f1os del mundo los mismos derechos\u00bb.<br \/>\n<a href=\"https:\/\/www.humanium.org\/es\/critica\/\"><img loading=\"lazy\" decoding=\"async\" class=\"wp-image-8527 alignright\" title=\"La visi\u00f3n occidental del ni\u00f1o no es universal. \u00a9 dagwald (flickr)\" src=\"https:\/\/www.humanium.org\/es\/wp-content\/uploads\/2012\/08\/fillette-princesse-225x300.jpg\" alt=\"\" width=\"180\" height=\"240\" \/><\/a><br \/>\nEn muchas partes del mundo, esta visi\u00f3n occidental e idealista de los Derechos del Ni\u00f1o est\u00e1 en tela de juicio. La cultura es diferente en cada pa\u00eds y los ni\u00f1os no tienen los mismos deseos o necesidades. En el momento de redactar la Convenci\u00f3n, los pa\u00edses occidentales no tuvieron en cuenta las diferentes pr\u00e1cticas y tradiciones. Por lo tanto, los Estados y sociedades que tienen costumbres diferentes no tienen intenci\u00f3n de integrar los Derechos del Ni\u00f1o en su legislaci\u00f3n nacional. Para ellos se trata de una obligaci\u00f3n y temen que su cultura pueda desaparecer.<\/p>\n<p>No obstante, a nivel regional, las particularidades locales se integran en mayor medida en los textos. Estas particularidades se tienen en cuenta de forma progresiva a pesar de que, con frecuencia, los organismos internacionales a\u00fan las ignoren.<\/p>\n<p>Por ejemplo, la Carta Africana de los Derechos y el Bienestar del Ni\u00f1o integra al ni\u00f1o dentro de la noci\u00f3n de \u00abgrupo\u00bb y le impone, a diferencia de la Convenci\u00f3n sobre los Derechos del Ni\u00f1o, una serie de deberes. La Carta Africana establece en su Art\u00edculo 31 lo siguiente: \u00abTodo ni\u00f1o tiene responsabilidades con respecto a su familia, la sociedad, el Estado, otras comunidades legalmente reconocidas y la comunidad internacional\u00bb. La importancia que se le concede al grupo, que puede prevalecer sobre el individuo, significa que se han tenido en cuenta las costumbres del continente africano.<\/p>\n<p>Por \u00faltimo, hay quienes destacan que los Derechos del Ni\u00f1o a veces no son realistas, ya que no toman en consideraci\u00f3n las diferencias econ\u00f3micas, sociales y pol\u00edticas entre pa\u00edses. En efecto, es dif\u00edcil que los mismos derechos sean aplicables a todos los ni\u00f1os del mundo, puesto que no viven en las mismas condiciones. Por ejemplo, no ser\u00eda oportuno denunciar la violaci\u00f3n del derecho al ocio en pa\u00edses donde el derecho a la vida o el derecho al agua no se han materializado.<\/p>\n<h3>Los Derechos del Ni\u00f1o y la realidad<\/h3>\n<p><strong>La acci\u00f3n e inacci\u00f3n de los Estados<\/strong><\/p>\n<h4><em>La adhesi\u00f3n a los textos<\/em><\/h4>\n<p>Muchos pa\u00edses no han firmado o ratificado a\u00fan los textos internacionales que tratan sobre los Derechos del Ni\u00f1o. Tambi\u00e9n ocurre que algunos pa\u00edses, tras firmar estos textos, limitan su alcance por medio de t\u00e9cnicas jur\u00eddicas y pol\u00edticas. En ocasiones, este hecho priva a algunos derechos de su contenido esencial.<br \/>\nDel mismo modo, se pone en cuesti\u00f3n la credibilidad de los Derechos del Ni\u00f1o cuando los mismos Estados que han trabajado para su creaci\u00f3n y redacci\u00f3n no los respetan en su totalidad.<\/p>\n<h4><em>La efectividad de los Derechos del Ni\u00f1o<\/em><\/h4>\n<p><img loading=\"lazy\" decoding=\"async\" class=\"alignnone  wp-image-8528 alignright\" title=\"Todos los ni\u00f1os no viven en las mismas condiciones.\u00a9 Julien Harneis (Flickr)\" src=\"https:\/\/www.humanium.org\/es\/wp-content\/uploads\/2012\/08\/enfant-cherchant-de-l-eau-au-puit-199x300.gif\" alt=\"\" width=\"159\" height=\"240\" \/>El Art\u00edculo 4 de la Convenci\u00f3n sobre los Derechos del Ni\u00f1o, en particular, impone a los Estados miembros la aplicaci\u00f3n de los Derechos del Ni\u00f1o. Sin embargo, existen muy pocos pa\u00edses que no cometen violaciones de los Derechos Humanos esenciales, entre ellos los del ni\u00f1o. De hecho, a pesar del car\u00e1cter obligatorio del derecho internacional, todav\u00eda numerosos Estados consideran que los Derechos del Ni\u00f1o son simplemente una serie de principios con un valor moral.<\/p>\n<p>Por otra parte, para que un texto internacional se aplique a nivel nacional, debe ser aceptado y adaptado a la legislaci\u00f3n nacional. Se trata de un sistema complejo que en muchos casos todav\u00eda no constituye una prioridad. De este modo, los Estados, incluso tras adherirse a las convenciones internacionales, a\u00fan no han integrado los Derechos del Ni\u00f1o en su jurisdicci\u00f3n interna debido a razones pol\u00edticas o religiosas, entre otras.<\/p>\n<p>Incluso en el caso de adaptar estos derechos, las instituciones indispensables, como la asistencia a los ni\u00f1os, la polic\u00eda o los hospitales, no las ponen en pr\u00e1ctica debido al coste elevado que suponen.<\/p>\n<p>Por otra parte, la ineficacia de estas instituciones tambi\u00e9n pone en cuesti\u00f3n los Derechos del Ni\u00f1o, en casos en los que \u00e9stas resultan inaccesibles geogr\u00e1ficamente o desde el punto de vista econ\u00f3mico, desconocidas, o en los que el personal sea corrupto, entre otros.<br \/>\nDel mismo modo, los Derechos del Ni\u00f1o solo pueden ser eficaces gracias a los mecanismos de control y represi\u00f3n que el Estado ponga en funcionamiento para condenar a los culpables de sus violaciones. Sin embargo, los recursos de impugnaci\u00f3n, es decir, el sistema de jueces y tribunales y, por lo tanto, la posibilidad de solicitar una condena por un abuso, a\u00fan no existe en muchos pa\u00edses o es parte de un sistema inoperante.<br \/>\nLo mismo ocurre con las decisiones de la justicia: en el caso de pronunciarse, no suelen aplicarse.<br \/>\nNo obstante, se ponen en cuesti\u00f3n los Derechos del Ni\u00f1o incluso debido a su imposibilidad de concretizaci\u00f3n o de sanci\u00f3n de los abusos.<\/p>\n<h4>La justicia internacional y los Derechos del Ni\u00f1o<\/h4>\n<p><img loading=\"lazy\" decoding=\"async\" class=\"size-full wp-image-8529 alignright\" title=\"El cumplimiento de los Derechos del Ni\u00f1o es a\u00fan problem\u00e1tico.  \u00a9 Stockbyte (gettyimage)\" src=\"https:\/\/www.humanium.org\/es\/wp-content\/uploads\/2012\/08\/balance.gif\" alt=\"\" width=\"200\" height=\"200\" \/>El problema a nivel internacional consiste en la inexistencia de una autoridad que tenga el poder de condenar e imponer a los Estados e individuos el respeto a los Derechos del Ni\u00f1o.<\/p>\n<p>Numerosas asociaciones y organizaciones denuncian las violaciones de estos derechos, pero sin juicios ni poder de imposici\u00f3n, pocas situaciones experimentan mejoras.<br \/>\nLos Estados que forman parte de la Convenci\u00f3n sobre los Derechos del Ni\u00f1o deben realizar un informe acerca de la evoluci\u00f3n de estos derechos en sus pa\u00edses, pero \u00fanicamente en los dos a\u00f1os siguientes a su adopci\u00f3n. Despu\u00e9s, elaborar\u00e1n un informe cada cinco a\u00f1os. Estos informes resultan, por lo tanto, imprecisos e insuficientes.<\/p>\n<p>A pesar de que el Protocolo facultativo de 2011 permite la presentaci\u00f3n de comunicaciones individuales ante el Comit\u00e9 de Derechos del Ni\u00f1o, a\u00fan numerosos obst\u00e1culos impiden su accesibilidad, como el acuerdo del Estado y un procedimiento duro, costoso y desconocido, entre otros. Existen otros mecanismos, por ejemplo regionales, como el Tribunal Europeo de Derechos Humanos o el Comit\u00e9 de la Carta Africana de los Derechos y el Bienestar del Ni\u00f1o, que se enfrentan a las mismas dificultades.<br \/>\nPor lo tanto, la sanci\u00f3n de un Estado es algo excepcional, mucho m\u00e1s dif\u00edcil de conseguir si se trata de una gran potencia econ\u00f3mica y militar.<\/p>\n<h4><em>Los casos de ausencia de Estado<\/em><\/h4>\n<p>En caso de guerra o derrocamiento del poder, el Estado no puede pedir a la poblaci\u00f3n el respeto a los Derechos del Ni\u00f1o. Durante los per\u00edodos violentos de un pa\u00eds, tambi\u00e9n puede ocurrir que los Derechos del Ni\u00f1o no se apliquen, ya que no existe una protecci\u00f3n espec\u00edfica del derecho de la guerra para los ni\u00f1os. En este caso, solo son aplicables los derechos fundamentales como, por ejemplo, el derecho a la vida.<br \/>\nPor \u00faltimo, los ni\u00f1os ap\u00e1tridas, es decir, aquellos que carecen de nacionalidad, o los refugiados que huyen de sus pa\u00edses, tampoco cuentan con la protecci\u00f3n de su Estado de origen.<\/p>\n<h4><em>El papel de la sociedad<\/em><\/h4>\n<h4><em><img loading=\"lazy\" decoding=\"async\" class=\"wp-image-8530 alignright\" title=\"La justicia internacional tiene sus l\u00edmites. La sociedad debe hacerse cargo \u00a9 Azadeh Tajdar (Union Europ\u00e9enne)\" src=\"https:\/\/www.humanium.org\/es\/wp-content\/uploads\/2012\/08\/famille-225x300.jpg\" alt=\"\" width=\"180\" height=\"240\" \/><\/em><\/h4>\n<p>El derecho internacional se aleja frecuentemente de la realidad. El cumplimiento de los Derechos del Ni\u00f1o est\u00e1 sujeto a la actitud diaria de los padres y de la familia, pero tambi\u00e9n a la de los profesionales p\u00fablicos y privados y de todos los ciudadanos. De hecho, los Derechos del Ni\u00f1o no pueden existir sin todas estas partes.<\/p>\n<p>En la mayor\u00eda de los pa\u00edses, por ejemplo, un ni\u00f1o no puede presentar una denuncia por s\u00ed mismo. Debe ir acompa\u00f1ado de un adulto para que al menos se escuche su opini\u00f3n.<br \/>\nDel mismo modo, el derecho internacional promete unos principios de igualdad y no discriminaci\u00f3n que no dejan de ser puramente te\u00f3ricos. En la pr\u00e1ctica, es necesario luchar de forma mucho m\u00e1s activa contra las pr\u00e1cticas tradicionales discriminatorias. De hecho, los ni\u00f1os m\u00e1s vulnerables, como las ni\u00f1as peque\u00f1as, o los ni\u00f1os pertenecientes a grupos minoritarios, sufren en mayor medida la violaci\u00f3n de sus derechos. Por ejemplo, de acuerdo con un informe de Amnist\u00eda Internacional, en 2008, se les neg\u00f3 el acceso a la escuela a los ni\u00f1os roman\u00edes en Eslovaquia, a pesar de la adhesi\u00f3n del pa\u00eds a numerosos textos internacionales que combaten este tipo de pr\u00e1cticas.<\/p>\n<p>De este modo, para que los Derechos del Ni\u00f1o se conviertan en una realidad, los Estados deben desarrollar en mayor medida los medios de prevenci\u00f3n e informaci\u00f3n concernientes a los derechos y posibilidades de asistencia que se ofrecen a los ni\u00f1os y a la gente cercana a ellos.<\/p>\n<table>\n<tbody style=\"background: #f9f9f9;\">\n<tr>\n<td>\n<div style=\"float: left; width: 55%;\">Escrito por: Apolline Garnier<br \/>\nCorregido por: Cathy Chillard<\/div>\n<div style=\"float: left; width: 45%;\">Traducido por: Alba Romero Morillas<br \/>\nCorregido por: Juan Ayarza y Luc\u00eda Ruggia<\/div>\n<\/td>\n<\/tr>\n<\/tbody>\n<\/table>\n<div id=\"toggle\"><a onclick=\"show_voir_aussi('voir_aussi_box')\" href=\"javascript:show_voir_aussi(id)\"><\/a><\/div>\n<div id=\"voir_aussi_box\" style=\"display: none;\">\n<ul>\n<li><a href=\"https:\/\/www.humanium.org\/es\/historia\/\">Los Derechos del Ni\u00f1o a trav\u00e9s de la Historia<\/a><\/li>\n<li><a href=\"https:\/\/www.humanium.org\/es\/definicion\/\">\u00bfQu\u00e9 entendemos por Derechos del Ni\u00f1o?<\/a><\/li>\n<li><a href=\"https:\/\/www.humanium.org\/es\/referecias-estandares\/\">Referencias Est\u00e1ndares<\/a><\/li>\n<li><a href=\"https:\/\/www.humanium.org\/es\/otros-textos\/\">Otros textos relacionados con los Derechos del Ni\u00f1o<\/a><\/li>\n<li><a href=\"https:\/\/www.humanium.org\/es\/enfoques-tematicos\/\/\">Enfoques tem\u00e1ticos<\/a><\/li>\n<li><a href=\"https:\/\/www.humanium.org\/es\/dia-internacional-nino\/\">D\u00eda Internacional del Ni\u00f1o<\/a><\/li>\n<\/ul>\n<\/div>\n<div id=\"toggle\"><a onclick=\"show_sources('sources_box')\" href=\"javascript:show_sources(id)\"><\/a><\/div>\n<div id=\"sources_box\" style=\"display: none;\">\n<ul>\n<li>Amnist\u00eda Internacional: Derechos econ\u00f3micos, sociales y culturales<\/li>\n<li>UNICEF, Convenci\u00f3n de los Derechos del Ni\u00f1o, <a href=\"http:\/\/www.unicef.org\/spanish\/crc\/index_protecting.html\">Proteger y convertir en realidad los derechos de la infancia<\/a><\/li>\n<li>Amnist\u00eda Internacional, Informe anual 2008 de Eslovaquia<\/li>\n<li><a title=\"Cr\u00edtica a los Derechos Humanos\" href=\"http:\/\/fr.wikipedia.org\/wiki\/Droits_de_l%27homme#Critiques_des_droits_de_l.27homme\">Wikipedia, Derechos Humanos, Cr\u00edticas (en franc\u00e9s)<\/a><\/li>\n<li>UNIFR, Comparaci\u00f3n entre la Convenci\u00f3n Internacional de los Derechos del Ni\u00f1o y la Carta Africana sobre los Derechos y el Bienestar del Ni\u00f1o (en franc\u00e9s)<\/li>\n<li>Naciones Unidas, Comit\u00e9 de los Derechos del Ni\u00f1o, Observaci\u00f3n General n\u00ba 10, 2007 <a title=\"Ni\u00f1os y responsabilidades\" href=\"http:\/\/www2.ohchr.org\/english\/bodies\/crc\/docs\/CRC.C.GC.10_sp.pdf\">\u00abLos Derechos del Ni\u00f1o en la justicia de menores\u00bb<\/a><\/li>\n<li>Derechos del Ni\u00f1o, analizar la sociedad a trav\u00e9s del prisma de los Derechos del Ni\u00f1o<br \/>\n&#8211;<a title=\"Deberes de los ni\u00f1os\" href=\"http:\/\/jprosen.blog.lemonde.fr\/2012\/03\/10\/lenfant-a-des-devoirs-car-il-a-des-droits-459\/\">Los ni\u00f1os tienen deberes porque tienen derechos, 2012 (en franc\u00e9s)<\/a>\u00a0 \u00a0 \u00a0 \u00a0 &#8211;<a title=\"Credibilidad de los Derechos del Ni\u00f1o, el ejemplo de Francia\" href=\"http:\/\/jprosen.blog.lemonde.fr\/2012\/03\/24\/la-france-aurait-elle-peur-des-plaintes-des-enfants-462a\/\">\u00bfFrancia tiene miedo de las denuncias de los ni\u00f1os?, 2012 (en franc\u00e9s)<\/a><\/li>\n<li>Bertrand Binoche,\u00a0Critique des droits de l&#8217;homme, Philosophies, puf,1989<\/li>\n<\/ul>\n<\/div>\n","protected":false},"excerpt":{"rendered":"<p>Cr\u00edticas a los Derechos del Ni\u00f1o Los ni\u00f1os frente a los l\u00edmites de la Ley Los ni\u00f1os nacen en una situaci\u00f3n de dependencia y debilidad con respecto a los adultos. La Ley, por lo tanto, debe protegerlos, ofrecerles una serie de ventajas y permitirles opinar en las decisiones que les conciernen. Sin embargo, los sistemas [&hellip;]<\/p>\n","protected":false},"author":1,"featured_media":0,"parent":0,"menu_order":0,"comment_status":"closed","ping_status":"closed","template":"","meta":{"footnotes":""},"class_list":["post-523","page","type-page","status-publish","hentry"],"yoast_head":"<!-- This site is optimized with the Yoast SEO plugin v26.5 - https:\/\/yoast.com\/wordpress\/plugins\/seo\/ -->\n<title>Cr\u00edticas a los Derechos del Ni\u00f1o - Humanium<\/title>\n<meta name=\"robots\" content=\"index, follow, max-snippet:-1, max-image-preview:large, max-video-preview:-1\" \/>\n<link rel=\"canonical\" href=\"https:\/\/www.humanium.org\/es\/critica\/\" \/>\n<meta property=\"og:locale\" content=\"es_ES\" \/>\n<meta property=\"og:type\" content=\"article\" \/>\n<meta property=\"og:title\" content=\"Cr\u00edticas a los Derechos del Ni\u00f1o - Humanium\" \/>\n<meta property=\"og:description\" content=\"Cr\u00edticas a los Derechos del Ni\u00f1o Los ni\u00f1os frente a los l\u00edmites de la Ley Los ni\u00f1os nacen en una situaci\u00f3n de dependencia y debilidad con respecto a los adultos. La Ley, por lo tanto, debe protegerlos, ofrecerles una serie de ventajas y permitirles opinar en las decisiones que les conciernen. Sin embargo, los sistemas [&hellip;]\" \/>\n<meta property=\"og:url\" content=\"https:\/\/www.humanium.org\/es\/critica\/\" \/>\n<meta property=\"og:site_name\" content=\"Humanium\" \/>\n<meta property=\"article:modified_time\" content=\"2025-12-06T16:26:08+00:00\" \/>\n<meta name=\"twitter:card\" content=\"summary_large_image\" \/>\n<meta name=\"twitter:label1\" content=\"Tiempo de lectura\" \/>\n\t<meta name=\"twitter:data1\" content=\"12 minutos\" \/>\n<script type=\"application\/ld+json\" class=\"yoast-schema-graph\">{\"@context\":\"https:\/\/schema.org\",\"@graph\":[{\"@type\":\"WebPage\",\"@id\":\"https:\/\/www.humanium.org\/es\/critica\/\",\"url\":\"https:\/\/www.humanium.org\/es\/critica\/\",\"name\":\"Cr\u00edticas a los Derechos del Ni\u00f1o - Humanium\",\"isPartOf\":{\"@id\":\"https:\/\/www.humanium.org\/es\/#website\"},\"primaryImageOfPage\":{\"@id\":\"https:\/\/www.humanium.org\/es\/critica\/#primaryimage\"},\"image\":{\"@id\":\"https:\/\/www.humanium.org\/es\/critica\/#primaryimage\"},\"thumbnailUrl\":\"https:\/\/www.humanium.org\/es\/wp-content\/uploads\/2012\/08\/enfants-adolescents-300x225.gif\",\"datePublished\":\"2012-12-10T08:24:06+00:00\",\"dateModified\":\"2025-12-06T16:26:08+00:00\",\"breadcrumb\":{\"@id\":\"https:\/\/www.humanium.org\/es\/critica\/#breadcrumb\"},\"inLanguage\":\"es\",\"potentialAction\":[{\"@type\":\"ReadAction\",\"target\":[\"https:\/\/www.humanium.org\/es\/critica\/\"]}]},{\"@type\":\"ImageObject\",\"inLanguage\":\"es\",\"@id\":\"https:\/\/www.humanium.org\/es\/critica\/#primaryimage\",\"url\":\"https:\/\/www.humanium.org\/es\/wp-content\/uploads\/2012\/08\/enfants-adolescents-300x225.gif\",\"contentUrl\":\"https:\/\/www.humanium.org\/es\/wp-content\/uploads\/2012\/08\/enfants-adolescents-300x225.gif\"},{\"@type\":\"BreadcrumbList\",\"@id\":\"https:\/\/www.humanium.org\/es\/critica\/#breadcrumb\",\"itemListElement\":[{\"@type\":\"ListItem\",\"position\":1,\"name\":\"Home\",\"item\":\"https:\/\/www.humanium.org\/es\/\"},{\"@type\":\"ListItem\",\"position\":2,\"name\":\"Cr\u00edticas a los Derechos del Ni\u00f1o\"}]},{\"@type\":\"WebSite\",\"@id\":\"https:\/\/www.humanium.org\/es\/#website\",\"url\":\"https:\/\/www.humanium.org\/es\/\",\"name\":\"Humanium\",\"description\":\"\u00a1Los ni\u00f1os primero!\",\"potentialAction\":[{\"@type\":\"SearchAction\",\"target\":{\"@type\":\"EntryPoint\",\"urlTemplate\":\"https:\/\/www.humanium.org\/es\/?s={search_term_string}\"},\"query-input\":{\"@type\":\"PropertyValueSpecification\",\"valueRequired\":true,\"valueName\":\"search_term_string\"}}],\"inLanguage\":\"es\"}]}<\/script>\n<!-- \/ Yoast SEO plugin. -->","yoast_head_json":{"title":"Cr\u00edticas a los Derechos del Ni\u00f1o - Humanium","robots":{"index":"index","follow":"follow","max-snippet":"max-snippet:-1","max-image-preview":"max-image-preview:large","max-video-preview":"max-video-preview:-1"},"canonical":"https:\/\/www.humanium.org\/es\/critica\/","og_locale":"es_ES","og_type":"article","og_title":"Cr\u00edticas a los Derechos del Ni\u00f1o - Humanium","og_description":"Cr\u00edticas a los Derechos del Ni\u00f1o Los ni\u00f1os frente a los l\u00edmites de la Ley Los ni\u00f1os nacen en una situaci\u00f3n de dependencia y debilidad con respecto a los adultos. La Ley, por lo tanto, debe protegerlos, ofrecerles una serie de ventajas y permitirles opinar en las decisiones que les conciernen. Sin embargo, los sistemas [&hellip;]","og_url":"https:\/\/www.humanium.org\/es\/critica\/","og_site_name":"Humanium","article_modified_time":"2025-12-06T16:26:08+00:00","twitter_card":"summary_large_image","twitter_misc":{"Tiempo de lectura":"12 minutos"},"schema":{"@context":"https:\/\/schema.org","@graph":[{"@type":"WebPage","@id":"https:\/\/www.humanium.org\/es\/critica\/","url":"https:\/\/www.humanium.org\/es\/critica\/","name":"Cr\u00edticas a los Derechos del Ni\u00f1o - Humanium","isPartOf":{"@id":"https:\/\/www.humanium.org\/es\/#website"},"primaryImageOfPage":{"@id":"https:\/\/www.humanium.org\/es\/critica\/#primaryimage"},"image":{"@id":"https:\/\/www.humanium.org\/es\/critica\/#primaryimage"},"thumbnailUrl":"https:\/\/www.humanium.org\/es\/wp-content\/uploads\/2012\/08\/enfants-adolescents-300x225.gif","datePublished":"2012-12-10T08:24:06+00:00","dateModified":"2025-12-06T16:26:08+00:00","breadcrumb":{"@id":"https:\/\/www.humanium.org\/es\/critica\/#breadcrumb"},"inLanguage":"es","potentialAction":[{"@type":"ReadAction","target":["https:\/\/www.humanium.org\/es\/critica\/"]}]},{"@type":"ImageObject","inLanguage":"es","@id":"https:\/\/www.humanium.org\/es\/critica\/#primaryimage","url":"https:\/\/www.humanium.org\/es\/wp-content\/uploads\/2012\/08\/enfants-adolescents-300x225.gif","contentUrl":"https:\/\/www.humanium.org\/es\/wp-content\/uploads\/2012\/08\/enfants-adolescents-300x225.gif"},{"@type":"BreadcrumbList","@id":"https:\/\/www.humanium.org\/es\/critica\/#breadcrumb","itemListElement":[{"@type":"ListItem","position":1,"name":"Home","item":"https:\/\/www.humanium.org\/es\/"},{"@type":"ListItem","position":2,"name":"Cr\u00edticas a los Derechos del Ni\u00f1o"}]},{"@type":"WebSite","@id":"https:\/\/www.humanium.org\/es\/#website","url":"https:\/\/www.humanium.org\/es\/","name":"Humanium","description":"\u00a1Los ni\u00f1os primero!","potentialAction":[{"@type":"SearchAction","target":{"@type":"EntryPoint","urlTemplate":"https:\/\/www.humanium.org\/es\/?s={search_term_string}"},"query-input":{"@type":"PropertyValueSpecification","valueRequired":true,"valueName":"search_term_string"}}],"inLanguage":"es"}]}},"_links":{"self":[{"href":"https:\/\/www.humanium.org\/es\/wp-json\/wp\/v2\/pages\/523","targetHints":{"allow":["GET"]}}],"collection":[{"href":"https:\/\/www.humanium.org\/es\/wp-json\/wp\/v2\/pages"}],"about":[{"href":"https:\/\/www.humanium.org\/es\/wp-json\/wp\/v2\/types\/page"}],"author":[{"embeddable":true,"href":"https:\/\/www.humanium.org\/es\/wp-json\/wp\/v2\/users\/1"}],"replies":[{"embeddable":true,"href":"https:\/\/www.humanium.org\/es\/wp-json\/wp\/v2\/comments?post=523"}],"version-history":[{"count":9,"href":"https:\/\/www.humanium.org\/es\/wp-json\/wp\/v2\/pages\/523\/revisions"}],"predecessor-version":[{"id":20796,"href":"https:\/\/www.humanium.org\/es\/wp-json\/wp\/v2\/pages\/523\/revisions\/20796"}],"wp:attachment":[{"href":"https:\/\/www.humanium.org\/es\/wp-json\/wp\/v2\/media?parent=523"}],"curies":[{"name":"wp","href":"https:\/\/api.w.org\/{rel}","templated":true}]}}