{"id":90,"date":"2012-11-09T10:19:19","date_gmt":"2012-11-09T10:19:19","guid":{"rendered":"http:\/\/www.humanium.org\/es\/?page_id=90"},"modified":"2017-10-04T09:16:42","modified_gmt":"2017-10-04T09:16:42","slug":"pacto-1966","status":"publish","type":"page","link":"https:\/\/www.humanium.org\/es\/pacto-1966\/","title":{"rendered":"Pactos Internacionales de 1966"},"content":{"rendered":"<h1>Pactos Internacionales de 1966<\/h1>\n<h2>Presentaci\u00f3n<\/h2>\n<p><strong>El 16 de diciembre de 1966 la Asamblea General de las Naciones Unidas adopt\u00f3 dos pactos en su resoluci\u00f3n 2200 A (XXI): el <a href=\"https:\/\/www.humanium.org\/es\/derechos-civiles-politicos\/\">Pacto Internacional de Derechos Civiles y Pol\u00edticos<\/a> (PIDCP) y el <a href=\"https:\/\/www.humanium.org\/es\/pacto-internacional-de-derechos-economicos-sociales-y-culturales-4\/\">Pacto Internacional de Derechos Econ\u00f3micos, Sociales y Culturales<\/a> (PIDESC). Estos pactos son un refuerzo a la <a title=\"Declaraci\u00f3n Universal de los Derechos Humanos - 1948\" href=\"https:\/\/www.humanium.org\/es\/derechos-humanos-1948\/\">Declaraci\u00f3n Universal de los Derechos Humanos<\/a> de 1948.<\/strong><\/p>\n<h3>\u00bfQu\u00e9 son los derechos civiles y pol\u00edticos?<\/h3>\n<p>Los Derechos Civiles y Pol\u00edticos son derechos humanos, considerados tambi\u00e9n como \u00abderechos de libertad\u00bb. Asimismo, estos derechos implican una abstenci\u00f3n de la intervenci\u00f3n del Estado en la libertad de todo ser humano.<br \/>\nHist\u00f3ricamente, estos derechos permitieron el reconocimiento del ser humano y sus libertades, especialmente con los derechos a la ciudadan\u00eda y a la protecci\u00f3n de la integridad f\u00edsica. Adem\u00e1s existen la libertad individual, la libertad de expresi\u00f3n y pensamiento, la prohibici\u00f3n de la tortura y la esclavitud, el derecho a votar.<\/p>\n<h3>\u00bfQu\u00e9 son los Derechos Econ\u00f3micos, Sociales y Culturales?<\/h3>\n<p>Los Derechos Econ\u00f3micos, Sociales y Culturales son derechos humanos considerados como \u00abobligaciones de deuda\u00bb, lo que significa que el Estado tiene que intervenir y tomar las medidas adecuadas para garantizar su aplicaci\u00f3n (contrario a los derechos civiles y pol\u00edticos).<\/p>\n<p>Estos derechos garantizan a todo ser humano un nivel de vida adecuado y promueven la mejora continua de las condiciones de vida.\u00a0Incluyen tambi\u00e9n los derechos a la salud, la educaci\u00f3n, el trabajo, la seguridad social.<\/p>\n<h3>La adopci\u00f3n de los pactos<\/h3>\n<p>Desde el 10 de diciembre de 1948, con la adopci\u00f3n de la <a title=\"Declaraci\u00f3n Universal de los Derechos Humanos - 1948\" href=\"https:\/\/www.humanium.org\/es\/derechos-humanos-1948\/\">Declaraci\u00f3n Universal de los Derechos Humanos<\/a>, la Asamblea General pidi\u00f3 al Comit\u00e9 de Derechos Humanos preparar un proyecto de pacto.<\/p>\n<p>El objetivo era escribir un texto que tuviera fuerza jur\u00eddica para completar y reforzar la Declaraci\u00f3n, que s\u00f3lo ten\u00eda un valor declaratorio. Este texto deber\u00eda reunir todos los derechos humanos (econ\u00f3micos, civiles, pol\u00edticos, sociales y culturales) y la igualdad de g\u00e9nero para el usufructo de estos derechos.<\/p>\n<p><img loading=\"lazy\" decoding=\"async\" class=\"size-full wp-image-3382 alignleft\" title=\"M. Humberto Calamari, Vice-presidente de la reuni\u00f3n de la Asamblea General sobre el Proyecto de Pacto Internacional Relativo a los Derechos Civiles y Pol\u00edticos, 21 de octubre de 1958 - \u00a9 ONU.\" alt=\"\" src=\"https:\/\/www.humanium.org\/es\/wp-content\/uploads\/portail-fr\/unphoto-pidcp.jpg\" width=\"219\" height=\"167\" \/>El desarrollo de este proyecto se caracteriz\u00f3 por un profundo desacuerdo entre los Estados, reflejando los debates ideol\u00f3gicos de la \u00e9poca. Mientras que los Estados capitalistas promov\u00edan los derechos de libertad, los Estados comunistas insistieron en los derechos econ\u00f3micos, sociales y culturales.<\/p>\n<p>Esta escisi\u00f3n entre los Estados oblig\u00f3 a que en 1951 la Asamblea General pidiera la redacci\u00f3n de dos pactos diferentes. Seguidamente, la comisi\u00f3n elabor\u00f3 un pacto de Derechos Civiles y Pol\u00edticos y otro sobre los Derechos Econ\u00f3micos, Sociales y Culturales.<\/p>\n<p><img loading=\"lazy\" decoding=\"async\" class=\"size-full wp-image-3803 alignright\" title=\"Ratificaci\u00f3n de los dos pactos internacionales por el representante permanente de los Pa\u00edses Bajos, 11 de diciembre de 1968 - \u00a9 ONU.\" alt=\"\" src=\"https:\/\/www.humanium.org\/es\/wp-content\/uploads\/portail-fr\/NU-ratification-pactes-internationaux-1978.jpg\" width=\"242\" height=\"167\" \/><\/p>\n<p>A pesar de la persistencia de los desacuerdos entre los Estados, ambos pactos fueron aprobados el 16 de diciembre de 1966.<\/p>\n<p>Despu\u00e9s de una espera de 10 a\u00f1os, ambos pactos entraron en vigor en 1976. El <a href=\"https:\/\/www.humanium.org\/es\/pacto-internacional-de-derechos-economicos-sociales-y-culturales-4\/\">Pacto Internacional de Derechos Econ\u00f3micos, Sociales y Culturales<\/a> el 3 de enero, y el <a href=\"https:\/\/www.humanium.org\/es\/derechos-civiles-politicos\/\">Pacto Internacional de Derechos Civiles y Pol\u00edticos<\/a> el 23 de marzo.<\/p>\n<h3>El contenido de los pactos<\/h3>\n<p>Estos pactos conforman, junto con la <a href=\"https:\/\/www.humanium.org\/es\/ddhh-texto-completo\/\">Declaraci\u00f3n Universal de los Derechos Humanos<\/a>, la \u00abCarta de los Derechos Humanos\u00bb. Estos son los tres textos fundamentales que protegen los derechos humanos.<\/p>\n<p>Ambos pactos tienen disposiciones colaborativas, en particular el pre\u00e1mbulo, que establece que los dos pactos de derechos son indivisibles.<\/p>\n<p>El principio de indivisibilidad e interdependencia de los derechos humanos ser\u00eda solemnemente establecido en la Declaraci\u00f3n y en el Programa de Acci\u00f3n de Viena, adoptados el 25 de junio de 1993 en la Conferencia Mundial de Derechos Humanos.<\/p>\n<p>Ambos pactos promueven el derecho a la autodeterminaci\u00f3n y la equidad de g\u00e9nero en cuanto al acceso a los derechos humanos fundamentales (art\u00edculo 3).<\/p>\n<p>El <a href=\"https:\/\/www.humanium.org\/es\/derechos-civiles-politicos\/\">Pacto Internacional de Derechos Civiles y Pol\u00edticos<\/a> protege especialmente:<\/p>\n<ul>\n<li>El derecho a la vida (art\u00edculo 6);<\/li>\n<li>La prohibici\u00f3n de la tortura u otros tratos crueles, inhumanos o degradantes (art\u00edculo 7);<\/li>\n<li>La prohibici\u00f3n de la esclavitud (art\u00edculo 8);<\/li>\n<li>El derecho a la libertad y a la seguridad de la persona, en la forma de protecci\u00f3n contra el arresto y la detenci\u00f3n arbitraria (art\u00edculo 9);<\/li>\n<li>La equidad procesal ante la ley, en la forma de los derechos al debido proceso (art\u00edculo 14);<\/li>\n<li>La libertad individual, en la forma de libertad de movimiento, pensamiento, expresi\u00f3n, conciencia y religi\u00f3n (art\u00edculo 18);<\/li>\n<li>El derecho a elegir y ser elegido por sufragio universal directo (art\u00edculo 25).<\/li>\n<\/ul>\n<p>El <a href=\"https:\/\/www.humanium.org\/es\/pacto-internacional-de-derechos-economicos-sociales-y-culturales-4\/\">Pacto Internacional de Derechos Econ\u00f3micos, Sociales y Culturales<\/a> protege especialmente:<\/p>\n<ul>\n<li>El derecho al trabajo (art\u00edculo 6);<\/li>\n<li>El derecho a un adecuado nivel de vida (art\u00edculo 11);<\/li>\n<li>El derecho a la buena salud (art\u00edculo 12);<\/li>\n<li>El derecho a la educaci\u00f3n (art\u00edculo 13);<\/li>\n<li>El derecho a la educaci\u00f3n primaria universal gratuita (art\u00edculo 14)<\/li>\n<li>Los derechos culturales (art\u00edculo 15).<\/li>\n<\/ul>\n<h3>La participaci\u00f3n de los pactos en los Derechos del Ni\u00f1o<\/h3>\n<p>Los dos pactos internacionales tambi\u00e9n se refieren a los Derechos del Ni\u00f1o, derechos que han sido promulgados en la <a title=\"Declaraci\u00f3n Universal de los Derechos Humanos\" href=\"https:\/\/www.humanium.org\/es\/derechos-humanos-1948\/\">Declaraci\u00f3n Universal de los Derechos Humanos<\/a>, la <a title=\"Declaraci\u00f3n de Ginebra -1924\" href=\"https:\/\/www.humanium.org\/es\/ginebra-1924\/\">Declaraci\u00f3n de Ginebra<\/a> en 1924 y la <a title=\"Declaraci\u00f3n de los Derechos del Ni\u00f1o\" href=\"https:\/\/www.humanium.org\/es\/declaracion-1959\/\">Declaraci\u00f3n de los Derechos del Ni\u00f1o<\/a> en 1959:<\/p>\n<p>El art\u00edculo 24 del <a href=\"https:\/\/www.humanium.org\/es\/derechos-civiles-politicos\/\">Pacto Internacional de Derechos Civiles y Pol\u00edticos<\/a> mantiene los derechos del ni\u00f1o a la protecci\u00f3n, a tener un nombre y una nacionalidad.<\/p>\n<blockquote><p>\u00abTodo ni\u00f1o tiene derecho, sin discriminaci\u00f3n alguna por motivos de raza, color, sexo, idioma, religi\u00f3n, origen nacional o social, posici\u00f3n econ\u00f3mica o nacimiento, a las medidas de protecci\u00f3n que su condici\u00f3n de menor requiere\u00bb.<\/p><\/blockquote>\n<p>El art\u00edculo 10 del <a href=\"https:\/\/www.humanium.org\/es\/pacto-internacional-de-derechos-economicos-sociales-y-culturales-4\/\">Pacto Internacional de Derechos Econ\u00f3micos, Sociales y Culturales<\/a> mantiene el derecho de los ni\u00f1os a beneficiarse de una protecci\u00f3n contra toda victimizaci\u00f3n, y la obligaci\u00f3n del Estado para fijar una edad m\u00ednima para trabajar.<\/p>\n<p>El art\u00edculo 12 de este mismo pacto mantiene el derecho de los ni\u00f1os a ser atendidos en caso de enfermedad.<\/p>\n<p>Por \u00faltimo, el art\u00edculo 13 mantiene el derecho a la educaci\u00f3n y la gratuidad de la ense\u00f1anza primaria universal para todos los ni\u00f1os.<\/p>\n<blockquote><p>\u00ab[&#8230;] la educaci\u00f3n debe orientarse hacia el pleno desarrollo de la personalidad humana y del sentido de su dignidad, y debe fortalecer el respeto por los derechos humanos y las libertades fundamentales\u00bb.<\/p><\/blockquote>\n<p>La reafirmaci\u00f3n de estos derechos es un salto importante en la protecci\u00f3n de los Derechos del Ni\u00f1o. De hecho, el derecho a la protecci\u00f3n, el derecho a la identidad, el derecho a una educaci\u00f3n digna y el derecho a la protecci\u00f3n contra la victimizaci\u00f3n son los derechos m\u00e1s fundamentales de los ni\u00f1os.<\/p>\n<p>Antes de la aprobaci\u00f3n de estos Pactos internacionales, estos derechos hab\u00edan sido aprobados s\u00f3lo por declaraciones. Los pactos dieron un valor restrictivo a estos derechos. Desde entonces, todos los Estados que firman la Declaraci\u00f3n est\u00e1n legalmente obligados a respetar estos derechos para todos los ni\u00f1os bajo su jurisdicci\u00f3n.<\/p>\n<h3>Mecanismos de control<\/h3>\n<p>Ambos pactos establecieron mecanismos de control para supervisar a los Estados que est\u00e1n obligados a respetar estos derechos.<\/p>\n<h4>El Comit\u00e9 de Derechos Humanos<\/h4>\n<p><img loading=\"lazy\" decoding=\"async\" class=\"size-full wp-image-3407 alignleft\" title=\"Miembros del Comit\u00e9 de Derechos Humanos durante su 98\u00aa sesi\u00f3n, Nueva York, 23 de Marzo de 2010 - \u00a9 ONU \/ E. Schneider.\" alt=\"\" src=\"https:\/\/www.humanium.org\/es\/wp-content\/uploads\/portail-fr\/UNphoto-Evan-Schneider.jpg\" width=\"264\" height=\"181\" \/>El Comit\u00e9 de Derechos Humanos de las Naciones Unidas se cre\u00f3 a partir del art\u00edculo 28 del <a href=\"https:\/\/www.humanium.org\/es\/derechos-civiles-politicos\/\">Pacto Internacional de los Derechos Civiles y Pol\u00edticos<\/a>, y se puso en marcha en 1976, justo despu\u00e9s de la adopci\u00f3n del Pacto.<\/p>\n<p>Compuesto por 18 expertos independientes, este comit\u00e9 es el encargado de supervisar la aplicaci\u00f3n de las disposiciones del pacto por parte de los Estados.<\/p>\n<p>El comit\u00e9 celebra tres sesiones al a\u00f1o, bien sea en Ginebra o en Nueva York, y se encarga de supervisar a los Estados en sus esfuerzos en la aplicaci\u00f3n del Pacto. Los Estados Miembros est\u00e1n obligados a presentar informes peri\u00f3dicos cada cuatro a\u00f1os. Adem\u00e1s, tan pronto como un Estado se hace miembro, tiene que dar al comit\u00e9 un informe inicial sobre su situaci\u00f3n nacional.<\/p>\n<p>De acuerdo con el art\u00edculo 41, la comisi\u00f3n es competente para recibir comunicaciones sobre violaciones a los derechos humanos escritas por Estados Miembros en relaci\u00f3n a otros Estados. El primer protocolo de facilitaci\u00f3n del pacto tambi\u00e9n hace a la comisi\u00f3n competente para examinar comunicaciones relacionadas con una violaci\u00f3n de la disposici\u00f3n por parte de alg\u00fan Estado y que provengan de personas privadas (art\u00edculo 14).<\/p>\n<p>El segundo protocolo de facilitaci\u00f3n del pacto establece la abolici\u00f3n de la pena de muerte para los Estados firmantes.<\/p>\n<p>Por \u00faltimo, el comit\u00e9 tambi\u00e9n puede formular observaciones generales que permiten aclarar sus disposiciones y asesorar a los Estados sobre la aplicaci\u00f3n del pacto.<\/p>\n<h4>El Comit\u00e9 de los Derechos Econ\u00f3micos, Sociales y Culturales<\/h4>\n<p>El Comit\u00e9 de los Derechos Econ\u00f3micos, Sociales y Culturales no ha sido creado por el <a href=\"https:\/\/www.humanium.org\/es\/pacto-internacional-de-derechos-economicos-sociales-y-culturales-4\/\">Pacto Internacional sobre los Derechos Econ\u00f3micos, Sociales y Culturales<\/a>, sino por el Consejo Econ\u00f3mico y Social de las Naciones Unidas, en su resoluci\u00f3n 1985\/17 del 28 mayo de 1985.<\/p>\n<p>En efecto, de acuerdo con la cuarta parte del Pacto, es el Consejo quien tiene la capacidad de controlar su aplicaci\u00f3n. Pero el consejo, a cargo ya de muchas actividades, decidi\u00f3 en 1985 crear el comit\u00e9 como un punto de control para la aplicaci\u00f3n del Pacto.<br \/>\nEl comit\u00e9 est\u00e1 integrado por 18 expertos independientes y celebra dos sesiones al a\u00f1o en Ginebra.<\/p>\n<p>Como en el Consejo de Derechos Humanos, los Estados est\u00e1n obligados a rendir informes peri\u00f3dicos cada 5 a\u00f1os. Igualmente, cada nuevo Estado debe presentar un informe preliminar dos a\u00f1os despu\u00e9s de su adhesi\u00f3n al Pacto. Este informe tambi\u00e9n puede formular sus observaciones generales.<\/p>\n<p>Adem\u00e1s, el comit\u00e9 tambi\u00e9n tiene la capacidad de examinar las comunicaciones estatales. En cuanto a las comunicaciones individuales, la Asamblea General aprob\u00f3 un protocolo de facilitaci\u00f3n (resoluci\u00f3n A\/RES\/63\/117 GA) que permiti\u00f3 esta posibilidad. Este protocolo fue aprobado por el Consejo de Derechos Humanos en junio de 2008 y fue presentado para a la firma de los Estados en septiembre de 2009.<\/p>\n<p style=\"text-align: center;\"><strong>El Pacto Internacional de Derechos Civiles y Pol\u00edticos<\/strong><\/p>\n<p><a href=\"https:\/\/www.humanium.org\/es\/derechos-civiles-politicos\/\" target=\"_self\"><img loading=\"lazy\" decoding=\"async\" class=\"aligncenter\" title=\"Pacto Internacional de Derechos Civiles y Pol\u00edticos\" alt=\"\" src=\"https:\/\/www.humanium.org\/fr\/wp-content\/uploads\/le-texte.gif\" width=\"67\" height=\"30\" \/><\/a><\/p>\n<p style=\"text-align: center;\"><strong>El Pacto Internacional de Derechos Econ\u00f3micos, Sociales y Culturales<\/strong><\/p>\n<p><a href=\"https:\/\/www.humanium.org\/es\/pacto-internacional-de-derechos-economicos-sociales-y-culturales-4\/\" target=\"_self\"><img loading=\"lazy\" decoding=\"async\" class=\"aligncenter\" title=\"Pacto Internacional de Derechos Econ\u00f3micos, Sociales y Culturales\" alt=\"\" src=\"https:\/\/www.humanium.org\/fr\/wp-content\/uploads\/le-texte.gif\" width=\"67\" height=\"30\" \/><\/a><\/p>\n<table>\n<tbody style=\"background: #f9f9f9;\">\n<tr>\n<td>\n<div style=\"float: left; width: 65%;\">Traducido por: Oscaradri\u00e1n Arango<br \/>\nCorregido por: Romina Medina<\/div>\n<\/td>\n<\/tr>\n<\/tbody>\n<\/table>\n<div id=\"toggle\"><a onclick=\"show_voir_aussi('voir_aussi_box')\" href=\"javascript:show_voir_aussi(id)\"><\/a><\/div>\n<div id=\"voir_aussi_box\" style=\"display: none;\">\n<div id=\"stb-body-box-536\">\n<div id=\"stb-body-box-567\">\n<ul>\n<li><a href=\"https:\/\/www.humanium.org\/es\/referecias-estandares\/\">Referencias Est\u00e1ndares<\/a><\/li>\n<\/ul>\n<\/div>\n<\/div>\n<\/div>\n<p>&nbsp;<\/p>\n<div id=\"toggle\"><a onclick=\"show_plus_loin('plus_loin_box')\" href=\"javascript:show_plus_loin(id)\"><\/a><\/div>\n<div id=\"plus_loin_box\" style=\"display: none;\">\n<ul>\n<li><a href=\"http:\/\/www.ohchr.org\/en\/hrbodies\/cescr\/pages\/cescrindex.aspx\">OHCHR, Comit\u00e9 de Derechos econ\u00f3micos, sociales y culturales<\/a> (en ingl\u00e9s)<\/li>\n<\/ul>\n<\/div>\n<p>&nbsp;<\/p>\n","protected":false},"excerpt":{"rendered":"<p>Pactos Internacionales de 1966 Presentaci\u00f3n El 16 de diciembre de 1966 la Asamblea General de las Naciones Unidas adopt\u00f3 dos pactos en su resoluci\u00f3n 2200 A (XXI): el Pacto Internacional de Derechos Civiles y Pol\u00edticos (PIDCP) y el Pacto Internacional de Derechos Econ\u00f3micos, Sociales y Culturales (PIDESC). Estos pactos son un refuerzo a la Declaraci\u00f3n [&hellip;]<\/p>\n","protected":false},"author":1,"featured_media":0,"parent":0,"menu_order":0,"comment_status":"closed","ping_status":"closed","template":"","meta":{"footnotes":""},"class_list":["post-90","page","type-page","status-publish","hentry"],"yoast_head":"<!-- This site is optimized with the Yoast SEO plugin v26.5 - https:\/\/yoast.com\/wordpress\/plugins\/seo\/ -->\n<title>Pactos Internacionales de 1966 - Humanium<\/title>\n<meta name=\"robots\" content=\"index, follow, max-snippet:-1, max-image-preview:large, max-video-preview:-1\" \/>\n<link rel=\"canonical\" href=\"https:\/\/www.humanium.org\/es\/pacto-1966\/\" \/>\n<meta property=\"og:locale\" content=\"es_ES\" \/>\n<meta property=\"og:type\" content=\"article\" \/>\n<meta property=\"og:title\" content=\"Pactos Internacionales de 1966 - Humanium\" \/>\n<meta property=\"og:description\" content=\"Pactos Internacionales de 1966 Presentaci\u00f3n El 16 de diciembre de 1966 la Asamblea General de las Naciones Unidas adopt\u00f3 dos pactos en su resoluci\u00f3n 2200 A (XXI): el Pacto Internacional de Derechos Civiles y Pol\u00edticos (PIDCP) y el Pacto Internacional de Derechos Econ\u00f3micos, Sociales y Culturales (PIDESC). Estos pactos son un refuerzo a la Declaraci\u00f3n [&hellip;]\" \/>\n<meta property=\"og:url\" content=\"https:\/\/www.humanium.org\/es\/pacto-1966\/\" \/>\n<meta property=\"og:site_name\" content=\"Humanium\" \/>\n<meta property=\"article:modified_time\" content=\"2017-10-04T09:16:42+00:00\" \/>\n<meta property=\"og:image\" content=\"https:\/\/www.humanium.org\/es\/wp-content\/uploads\/portail-fr\/unphoto-pidcp.jpg\" \/>\n<meta name=\"twitter:card\" content=\"summary_large_image\" \/>\n<meta name=\"twitter:label1\" content=\"Tiempo de lectura\" \/>\n\t<meta name=\"twitter:data1\" content=\"9 minutos\" \/>\n<script type=\"application\/ld+json\" class=\"yoast-schema-graph\">{\"@context\":\"https:\/\/schema.org\",\"@graph\":[{\"@type\":\"WebPage\",\"@id\":\"https:\/\/www.humanium.org\/es\/pacto-1966\/\",\"url\":\"https:\/\/www.humanium.org\/es\/pacto-1966\/\",\"name\":\"Pactos Internacionales de 1966 - Humanium\",\"isPartOf\":{\"@id\":\"https:\/\/www.humanium.org\/es\/#website\"},\"primaryImageOfPage\":{\"@id\":\"https:\/\/www.humanium.org\/es\/pacto-1966\/#primaryimage\"},\"image\":{\"@id\":\"https:\/\/www.humanium.org\/es\/pacto-1966\/#primaryimage\"},\"thumbnailUrl\":\"https:\/\/www.humanium.org\/es\/wp-content\/uploads\/portail-fr\/unphoto-pidcp.jpg\",\"datePublished\":\"2012-11-09T10:19:19+00:00\",\"dateModified\":\"2017-10-04T09:16:42+00:00\",\"breadcrumb\":{\"@id\":\"https:\/\/www.humanium.org\/es\/pacto-1966\/#breadcrumb\"},\"inLanguage\":\"es\",\"potentialAction\":[{\"@type\":\"ReadAction\",\"target\":[\"https:\/\/www.humanium.org\/es\/pacto-1966\/\"]}]},{\"@type\":\"ImageObject\",\"inLanguage\":\"es\",\"@id\":\"https:\/\/www.humanium.org\/es\/pacto-1966\/#primaryimage\",\"url\":\"https:\/\/www.humanium.org\/es\/wp-content\/uploads\/portail-fr\/unphoto-pidcp.jpg\",\"contentUrl\":\"https:\/\/www.humanium.org\/es\/wp-content\/uploads\/portail-fr\/unphoto-pidcp.jpg\"},{\"@type\":\"BreadcrumbList\",\"@id\":\"https:\/\/www.humanium.org\/es\/pacto-1966\/#breadcrumb\",\"itemListElement\":[{\"@type\":\"ListItem\",\"position\":1,\"name\":\"Home\",\"item\":\"https:\/\/www.humanium.org\/es\/\"},{\"@type\":\"ListItem\",\"position\":2,\"name\":\"Pactos Internacionales de 1966\"}]},{\"@type\":\"WebSite\",\"@id\":\"https:\/\/www.humanium.org\/es\/#website\",\"url\":\"https:\/\/www.humanium.org\/es\/\",\"name\":\"Humanium\",\"description\":\"\u00a1Los ni\u00f1os primero!\",\"potentialAction\":[{\"@type\":\"SearchAction\",\"target\":{\"@type\":\"EntryPoint\",\"urlTemplate\":\"https:\/\/www.humanium.org\/es\/?s={search_term_string}\"},\"query-input\":{\"@type\":\"PropertyValueSpecification\",\"valueRequired\":true,\"valueName\":\"search_term_string\"}}],\"inLanguage\":\"es\"}]}<\/script>\n<!-- \/ Yoast SEO plugin. -->","yoast_head_json":{"title":"Pactos Internacionales de 1966 - Humanium","robots":{"index":"index","follow":"follow","max-snippet":"max-snippet:-1","max-image-preview":"max-image-preview:large","max-video-preview":"max-video-preview:-1"},"canonical":"https:\/\/www.humanium.org\/es\/pacto-1966\/","og_locale":"es_ES","og_type":"article","og_title":"Pactos Internacionales de 1966 - Humanium","og_description":"Pactos Internacionales de 1966 Presentaci\u00f3n El 16 de diciembre de 1966 la Asamblea General de las Naciones Unidas adopt\u00f3 dos pactos en su resoluci\u00f3n 2200 A (XXI): el Pacto Internacional de Derechos Civiles y Pol\u00edticos (PIDCP) y el Pacto Internacional de Derechos Econ\u00f3micos, Sociales y Culturales (PIDESC). Estos pactos son un refuerzo a la Declaraci\u00f3n [&hellip;]","og_url":"https:\/\/www.humanium.org\/es\/pacto-1966\/","og_site_name":"Humanium","article_modified_time":"2017-10-04T09:16:42+00:00","og_image":[{"url":"https:\/\/www.humanium.org\/es\/wp-content\/uploads\/portail-fr\/unphoto-pidcp.jpg","type":"","width":"","height":""}],"twitter_card":"summary_large_image","twitter_misc":{"Tiempo de lectura":"9 minutos"},"schema":{"@context":"https:\/\/schema.org","@graph":[{"@type":"WebPage","@id":"https:\/\/www.humanium.org\/es\/pacto-1966\/","url":"https:\/\/www.humanium.org\/es\/pacto-1966\/","name":"Pactos Internacionales de 1966 - Humanium","isPartOf":{"@id":"https:\/\/www.humanium.org\/es\/#website"},"primaryImageOfPage":{"@id":"https:\/\/www.humanium.org\/es\/pacto-1966\/#primaryimage"},"image":{"@id":"https:\/\/www.humanium.org\/es\/pacto-1966\/#primaryimage"},"thumbnailUrl":"https:\/\/www.humanium.org\/es\/wp-content\/uploads\/portail-fr\/unphoto-pidcp.jpg","datePublished":"2012-11-09T10:19:19+00:00","dateModified":"2017-10-04T09:16:42+00:00","breadcrumb":{"@id":"https:\/\/www.humanium.org\/es\/pacto-1966\/#breadcrumb"},"inLanguage":"es","potentialAction":[{"@type":"ReadAction","target":["https:\/\/www.humanium.org\/es\/pacto-1966\/"]}]},{"@type":"ImageObject","inLanguage":"es","@id":"https:\/\/www.humanium.org\/es\/pacto-1966\/#primaryimage","url":"https:\/\/www.humanium.org\/es\/wp-content\/uploads\/portail-fr\/unphoto-pidcp.jpg","contentUrl":"https:\/\/www.humanium.org\/es\/wp-content\/uploads\/portail-fr\/unphoto-pidcp.jpg"},{"@type":"BreadcrumbList","@id":"https:\/\/www.humanium.org\/es\/pacto-1966\/#breadcrumb","itemListElement":[{"@type":"ListItem","position":1,"name":"Home","item":"https:\/\/www.humanium.org\/es\/"},{"@type":"ListItem","position":2,"name":"Pactos Internacionales de 1966"}]},{"@type":"WebSite","@id":"https:\/\/www.humanium.org\/es\/#website","url":"https:\/\/www.humanium.org\/es\/","name":"Humanium","description":"\u00a1Los ni\u00f1os primero!","potentialAction":[{"@type":"SearchAction","target":{"@type":"EntryPoint","urlTemplate":"https:\/\/www.humanium.org\/es\/?s={search_term_string}"},"query-input":{"@type":"PropertyValueSpecification","valueRequired":true,"valueName":"search_term_string"}}],"inLanguage":"es"}]}},"_links":{"self":[{"href":"https:\/\/www.humanium.org\/es\/wp-json\/wp\/v2\/pages\/90","targetHints":{"allow":["GET"]}}],"collection":[{"href":"https:\/\/www.humanium.org\/es\/wp-json\/wp\/v2\/pages"}],"about":[{"href":"https:\/\/www.humanium.org\/es\/wp-json\/wp\/v2\/types\/page"}],"author":[{"embeddable":true,"href":"https:\/\/www.humanium.org\/es\/wp-json\/wp\/v2\/users\/1"}],"replies":[{"embeddable":true,"href":"https:\/\/www.humanium.org\/es\/wp-json\/wp\/v2\/comments?post=90"}],"version-history":[{"count":6,"href":"https:\/\/www.humanium.org\/es\/wp-json\/wp\/v2\/pages\/90\/revisions"}],"predecessor-version":[{"id":11615,"href":"https:\/\/www.humanium.org\/es\/wp-json\/wp\/v2\/pages\/90\/revisions\/11615"}],"wp:attachment":[{"href":"https:\/\/www.humanium.org\/es\/wp-json\/wp\/v2\/media?parent=90"}],"curies":[{"name":"wp","href":"https:\/\/api.w.org\/{rel}","templated":true}]}}