{"version":"1.0","provider_name":"Humanium","provider_url":"https:\/\/www.humanium.org\/fr","author_name":"Igi Nderi","author_url":"https:\/\/www.humanium.org\/fr\/author\/igi\/","title":"Journ\u00e9e mondiale de l'aide humanitaire 19 ao\u00fbt - Humanium","type":"rich","width":600,"height":338,"html":"<blockquote class=\"wp-embedded-content\" data-secret=\"mX3hz8XNyh\"><a href=\"https:\/\/www.humanium.org\/fr\/journee-mondiale-de-laide-humanitaire-19-aout\/\">Journ\u00e9e mondiale de l&rsquo;aide humanitaire 19 ao\u00fbt<\/a><\/blockquote><iframe sandbox=\"allow-scripts\" security=\"restricted\" src=\"https:\/\/www.humanium.org\/fr\/journee-mondiale-de-laide-humanitaire-19-aout\/embed\/#?secret=mX3hz8XNyh\" width=\"600\" height=\"338\" title=\"\u00ab\u00a0Journ\u00e9e mondiale de l&rsquo;aide humanitaire 19 ao\u00fbt\u00a0\u00bb &#8212; Humanium\" data-secret=\"mX3hz8XNyh\" frameborder=\"0\" marginwidth=\"0\" marginheight=\"0\" scrolling=\"no\" class=\"wp-embedded-content\"><\/iframe><script type=\"text\/javascript\">\n\/* <![CDATA[ *\/\n\/*! This file is auto-generated *\/\n!function(d,l){\"use strict\";l.querySelector&&d.addEventListener&&\"undefined\"!=typeof URL&&(d.wp=d.wp||{},d.wp.receiveEmbedMessage||(d.wp.receiveEmbedMessage=function(e){var t=e.data;if((t||t.secret||t.message||t.value)&&!\/[^a-zA-Z0-9]\/.test(t.secret)){for(var s,r,n,a=l.querySelectorAll('iframe[data-secret=\"'+t.secret+'\"]'),o=l.querySelectorAll('blockquote[data-secret=\"'+t.secret+'\"]'),c=new RegExp(\"^https?:$\",\"i\"),i=0;i<o.length;i++)o[i].style.display=\"none\";for(i=0;i<a.length;i++)s=a[i],e.source===s.contentWindow&&(s.removeAttribute(\"style\"),\"height\"===t.message?(1e3<(r=parseInt(t.value,10))?r=1e3:~~r<200&&(r=200),s.height=r):\"link\"===t.message&&(r=new URL(s.getAttribute(\"src\")),n=new URL(t.value),c.test(n.protocol))&&n.host===r.host&&l.activeElement===s&&(d.top.location.href=t.value))}},d.addEventListener(\"message\",d.wp.receiveEmbedMessage,!1),l.addEventListener(\"DOMContentLoaded\",function(){for(var e,t,s=l.querySelectorAll(\"iframe.wp-embedded-content\"),r=0;r<s.length;r++)(t=(e=s[r]).getAttribute(\"data-secret\"))||(t=Math.random().toString(36).substring(2,12),e.src+=\"#?secret=\"+t,e.setAttribute(\"data-secret\",t)),e.contentWindow.postMessage({message:\"ready\",secret:t},\"*\")},!1)))}(window,document);\n\/\/# sourceURL=https:\/\/www.humanium.org\/fr\/wp-includes\/js\/wp-embed.min.js\n\/* ]]> *\/\n<\/script>\n","thumbnail_url":"https:\/\/www.humanium.org\/fr\/wp-content\/uploads\/2019\/08\/shutterstock_1467985934.jpg","thumbnail_width":6505,"thumbnail_height":3332,"description":"Le 19 ao\u00fbt de chaque ann\u00e9e, la communaut\u00e9 internationale rend hommage \u00e0 tous les travailleurs humanitaires qui ont perdu la vie ou qui se sont bless\u00e9s en contribuant \u00e0 des causes humanitaires, ainsi qu\u2019\u00e0 ceux et celles qui continuent d\u2019y contribuer."}