{"id":10201,"date":"2011-11-06T18:00:58","date_gmt":"2011-11-06T18:00:58","guid":{"rendered":"http:\/\/www.humanium.org\/fr\/?page_id=10201"},"modified":"2025-12-10T02:43:17","modified_gmt":"2025-12-10T02:43:17","slug":"bolivie","status":"publish","type":"page","link":"https:\/\/www.humanium.org\/fr\/bolivie\/","title":{"rendered":"Enfants de Bolivie"},"content":{"rendered":"\n<h2 class=\"wp-block-heading\">Concr\u00e9tiser les droits de l&rsquo;enfant en Bolivie<\/h2>\n\n\n\n<div class=\"wp-block-columns is-layout-flex wp-container-core-columns-is-layout-8f761849 wp-block-columns-is-layout-flex\">\n<div class=\"wp-block-column is-layout-flow wp-block-column-is-layout-flow\"><div class=\"wp-block-image is-style-rounded\">\n<figure class=\"aligncenter size-full is-resized\"><img loading=\"lazy\" decoding=\"async\" width=\"400\" height=\"400\" src=\"https:\/\/www.humanium.org\/fr\/wp-content\/uploads\/2023\/10\/Shutterstock_2344964283.jpg\" alt=\"\" class=\"wp-image-55793\" style=\"width:200px;height:200px\" srcset=\"https:\/\/www.humanium.org\/fr\/wp-content\/uploads\/2023\/10\/Shutterstock_2344964283.jpg 400w, https:\/\/www.humanium.org\/fr\/wp-content\/uploads\/2023\/10\/Shutterstock_2344964283-300x300.jpg 300w, https:\/\/www.humanium.org\/fr\/wp-content\/uploads\/2023\/10\/Shutterstock_2344964283-150x150.jpg 150w, https:\/\/www.humanium.org\/fr\/wp-content\/uploads\/2023\/10\/Shutterstock_2344964283-230x230.jpg 230w, https:\/\/www.humanium.org\/fr\/wp-content\/uploads\/2023\/10\/Shutterstock_2344964283-350x350.jpg 350w\" sizes=\"auto, (max-width: 400px) 100vw, 400px\" \/><\/figure>\n<\/div><\/div>\n\n\n\n<div class=\"wp-block-column is-layout-flow wp-block-column-is-layout-flow\"><div class=\"wp-block-image is-style-rounded\">\n<figure class=\"aligncenter size-full is-resized\"><img loading=\"lazy\" decoding=\"async\" width=\"400\" height=\"400\" src=\"https:\/\/www.humanium.org\/fr\/wp-content\/uploads\/2023\/10\/Shutterstock_782957326.jpg\" alt=\"\" class=\"wp-image-55794\" style=\"width:200px;height:200px\" srcset=\"https:\/\/www.humanium.org\/fr\/wp-content\/uploads\/2023\/10\/Shutterstock_782957326.jpg 400w, https:\/\/www.humanium.org\/fr\/wp-content\/uploads\/2023\/10\/Shutterstock_782957326-300x300.jpg 300w, https:\/\/www.humanium.org\/fr\/wp-content\/uploads\/2023\/10\/Shutterstock_782957326-150x150.jpg 150w, https:\/\/www.humanium.org\/fr\/wp-content\/uploads\/2023\/10\/Shutterstock_782957326-230x230.jpg 230w, https:\/\/www.humanium.org\/fr\/wp-content\/uploads\/2023\/10\/Shutterstock_782957326-350x350.jpg 350w\" sizes=\"auto, (max-width: 400px) 100vw, 400px\" \/><\/figure>\n<\/div><\/div>\n<\/div>\n\n\n\n<p class=\"wp-block-paragraph\"><strong>L\u2019\u00c9tat plurinational de Bolivie a ratifi\u00e9 la Convention des Nations Unies relative aux droits de l\u2019enfant de 1989 (<a href=\"https:\/\/www.humanium.org\/fr\/texte-integral-convention-internationale-relative-droits-enfant-1989\/\">CNUDE, 1989<\/a>). Le pays a \u00e9galement ratifi\u00e9 les Protocoles facultatifs de la CNUDE concernant<a href=\"https:\/\/www.humanium.org\/fr\/normes\/protocole-facultatif-cide-enfants-dans-conflits-armes\/\"> l\u2019implication d\u2019enfants dans les conflits arm\u00e9s,<\/a><a href=\"https:\/\/www.humanium.org\/fr\/normes\/protocole-facultatif-cide-vente-prostitution-pornographie-enfants\/\"> la vente d\u2019enfants, la prostitution des enfants et la pornographie mettant en sc\u00e8ne des enfants<\/a>, ainsi que celui<a href=\"https:\/\/www.humanium.org\/fr\/convention\/protocole-3\/\"> \u00e9tablissant une proc\u00e9dure de pr\u00e9sentation de communications<\/a>. Cependant, le statut des droits de l\u2019enfant reste insuffisamment prot\u00e9g\u00e9 en Bolivie o\u00f9 le travail des enfants, la violence et la pauvret\u00e9 infantile constituent des d\u00e9fis majeurs.<\/strong><\/p>\n\n\n\n<iframe src=\"https:\/\/www.google.com\/maps\/embed?pb=!1m18!1m12!1m3!1d15707909.890120748!2d-74.21552009616194!3d-16.016693864057608!2m3!1f0!2f0!3f0!3m2!1i1024!2i768!4f13.1!3m3!1m2!1s0x915edf8977bba295%3A0x1c9ec2bb0115edbf!2sBolivia!5e0!3m2!1sen!2sfr!4v1696689168552!5m2!1sen!2sfr\" width=\"600\" height=\"450\" style=\"border:0;\" allowfullscreen=\"\" loading=\"lazy\" referrerpolicy=\"no-referrer-when-downgrade\"><\/iframe>\n\n\n\n<div class=\"wp-block-columns is-layout-flex wp-container-core-columns-is-layout-8f761849 wp-block-columns-is-layout-flex\">\n<div class=\"wp-block-column is-layout-flow wp-block-column-is-layout-flow\">\n<p class=\"wp-block-paragraph\"><strong>Population :<\/strong>&nbsp;11,67 millions<br><strong>Pop. de 0 \u00e0 14 ans :<\/strong>&nbsp;30 %<\/p>\n<\/div>\n\n\n\n<div class=\"wp-block-column is-layout-flow wp-block-column-is-layout-flow\">\n<p class=\"wp-block-paragraph\"><strong>Esp\u00e9rance de vie :<\/strong>&nbsp;72 ans<br><strong>Mortalit\u00e9 des moins de 5 ans :<\/strong>&nbsp;25<strong> \u2030<\/strong><\/p>\n<\/div>\n<\/div>\n\n\n\n<h2 class=\"wp-block-heading\"><strong>La Bolivie en bref<\/strong><\/h2>\n\n\n\n<p class=\"wp-block-paragraph\">Au c\u0153ur du continent sud-am\u00e9ricain, la Bolivie, \u00e9galement connue sous le nom de \u00c9tat plurinational de Bolivie, est l\u2019un des rares \u00c9tats<a href=\"https:\/\/www.humanium.org\/fr\/ameriques\/\"> d\u2019Am\u00e9rique<\/a> du Sud \u00e0 ne pas avoir d\u2019acc\u00e8s direct \u00e0 la mer. Pays enclav\u00e9, la Bolivie est bord\u00e9e au nord et \u00e0 l\u2019est par le Br\u00e9sil, au sud-est par le Paraguay, au sud par l\u2019Argentine et \u00e0 l\u2019ouest par le Chili et le P\u00e9rou.<\/p>\n\n\n\n<p class=\"wp-block-paragraph\">S\u2019agissant de son territoire, la Bolivie est divis\u00e9e en neuf d\u00e9partements. Sa capitale constitutionnelle est Sucre et sa capitale administrative, o\u00f9 se trouve le si\u00e8ge du gouvernement, est La Paz. La population bolivienne est multiethnique. Bien que la langue principale soit l\u2019espagnol, la Constitution bolivienne reconna\u00eet l\u2019existence de 37 langues officielles. Depuis le 8 novembre 2020, le Pr\u00e9sident de l\u2019\u00c9tat plurinational de Bolivie est Luis Arce. Il a succ\u00e9d\u00e9 \u00e0 Jeanine Anez (2019-2020) et Evo Morales (2006-2019).<\/p>\n\n\n\n<h2 class=\"wp-block-heading\"><strong>Le statut des droits de l\u2019enfant en Bolivie<\/strong> <a href=\"https:\/\/www.humanium.org\/en\/wp-admin\/post.php?post=8184&amp;action=edit#_ftn1\"><strong><sup><strong><sup>[1]<\/sup><\/strong><\/sup><\/strong><\/a><\/h2>\n\n\n<div class=\"wp-block-image\">\n<figure class=\"alignleft size-large is-resized\"><img loading=\"lazy\" decoding=\"async\" width=\"1024\" height=\"683\" src=\"https:\/\/www.humanium.org\/fr\/wp-content\/uploads\/2023\/10\/shutterstock_1726789873-1024x683.jpg\" alt=\"\" class=\"wp-image-55798\" style=\"width:321px;height:214px\" srcset=\"https:\/\/www.humanium.org\/fr\/wp-content\/uploads\/2023\/10\/shutterstock_1726789873-1024x683.jpg 1024w, https:\/\/www.humanium.org\/fr\/wp-content\/uploads\/2023\/10\/shutterstock_1726789873-300x200.jpg 300w, https:\/\/www.humanium.org\/fr\/wp-content\/uploads\/2023\/10\/shutterstock_1726789873-768x512.jpg 768w, https:\/\/www.humanium.org\/fr\/wp-content\/uploads\/2023\/10\/shutterstock_1726789873-1536x1024.jpg 1536w, https:\/\/www.humanium.org\/fr\/wp-content\/uploads\/2023\/10\/shutterstock_1726789873-2048x1365.jpg 2048w, https:\/\/www.humanium.org\/fr\/wp-content\/uploads\/2023\/10\/shutterstock_1726789873-830x553.jpg 830w, https:\/\/www.humanium.org\/fr\/wp-content\/uploads\/2023\/10\/shutterstock_1726789873-230x153.jpg 230w, https:\/\/www.humanium.org\/fr\/wp-content\/uploads\/2023\/10\/shutterstock_1726789873-350x233.jpg 350w, https:\/\/www.humanium.org\/fr\/wp-content\/uploads\/2023\/10\/shutterstock_1726789873-480x320.jpg 480w, https:\/\/www.humanium.org\/fr\/wp-content\/uploads\/2023\/10\/shutterstock_1726789873-272x182.jpg 272w\" sizes=\"auto, (max-width: 1024px) 100vw, 1024px\" \/><\/figure>\n<\/div>\n\n\n<p class=\"wp-block-paragraph\">L\u2019\u00c9tat plurinational de Bolivie a ratifi\u00e9 la<a href=\"https:\/\/www.humanium.org\/fr\/texte-integral-convention-internationale-relative-droits-enfant-1989\/\"> CNUDE 1989<\/a> le 8 mars 1990. Cette convention garantit aux enfants les droits inh\u00e9rents \u00e0 la personne humaine et vise \u00e0 prot\u00e9ger les enfants en tant que personnes vuln\u00e9rables de la soci\u00e9t\u00e9. Elle est compl\u00e9t\u00e9e par trois Protocoles facultatifs, \u00e0 savoir :<a href=\"https:\/\/www.humanium.org\/fr\/normes\/protocole-facultatif-cide-enfants-dans-conflits-armes\/\"> la Convention concernant l\u2019implication d\u2019enfants dans les conflits arm\u00e9s (2000)<\/a>, la<a href=\"https:\/\/www.humanium.org\/fr\/normes\/protocole-facultatif-cide-vente-prostitution-pornographie-enfants\/\"> Convention concernant la vente d\u2019enfants, la prostitution des enfants et la pornographie mettant en sc\u00e8ne des enfants (2000)<\/a>, et la<a href=\"https:\/\/www.humanium.org\/fr\/convention\/protocole-3\/\"> Convention \u00e9tablissant une proc\u00e9dure de pr\u00e9sentation de communications (2011)<\/a>. Toutes ces conventions ont \u00e9t\u00e9 &nbsp; ratifi\u00e9es par l\u2019\u00c9tat plurinational de Bolivie en 2004, 2003 et 2013 respectivement.<\/p>\n\n\n\n<p class=\"wp-block-paragraph\">Au niveau national, la Constitution bolivienne consacre les<a href=\"https:\/\/www.humanium.org\/fr\/droits-enfant\/\"> droits de l\u2019enfant<\/a> en interdisant toutes formes de violence commises \u00e0 leur encontre et le travail forc\u00e9. Elle consacre \u00e9galement le<a href=\"https:\/\/www.humanium.org\/fr\/comprendre-droits-enfant\/droit-a-l-education\/\"> droit \u00e0 l\u2019\u00e9ducation<\/a>, le droit \u00e0 l\u2019acc\u00e8s \u00e0 la culture et au sport, le droit \u00e0 vivre dans un environnement sain, prot\u00e9g\u00e9 et \u00e9quilibr\u00e9, ainsi que le droit \u00e0 l\u2019autod\u00e9termination des peuples. (Constitution de Bolivie, 2009) En outre, l\u2019adoption en 1999 du Code de l\u2019enfance et de l\u2019adolescence a permis de progresser consid\u00e9rablement sur la voie de l\u2019application de la<a href=\"https:\/\/www.humanium.org\/fr\/convention\/\"> Convention Internationale des Droits de l\u2019Enfant<\/a>.<\/p>\n\n\n\n<h2 class=\"wp-block-heading\"><strong>R\u00e9pondre aux besoins des enfants<\/strong><\/h2>\n\n\n\n<h3 class=\"wp-block-heading\"><a href=\"https:\/\/www.humanium.org\/fr\/comprendre-droits-enfant\/droit-a-l-education\/\"><strong>Le droit \u00e0 l\u2019\u00e9ducation<\/strong><\/a><\/h3>\n\n\n\n<p class=\"wp-block-paragraph\">Bien que la Constitution bolivienne garantit un<a href=\"https:\/\/www.humanium.org\/fr\/comprendre-droits-enfant\/droit-a-l-education\/\"> droit \u00e0 l\u2019\u00e9ducation<\/a> pour tous, l\u2019acc\u00e8s \u00e0 l\u2019\u00e9ducation en Bolivie est marqu\u00e9 par d\u2019importantes disparit\u00e9s. En 2019, 74 910 enfants n\u2019allaient pas \u00e0 l\u2019\u00e9cole primaire. (Banque mondiale, 2019) S\u2019il existe encore des in\u00e9galit\u00e9s entre les<a href=\"https:\/\/www.humanium.org\/fr\/droits-des-filles\/\"> filles<\/a> et les gar\u00e7ons, il existe surtout un v\u00e9ritable clivage entre les zones urbaines et rurales, qui peinent \u00e0 avoir un plein acc\u00e8s \u00e0 l\u2019\u00e9ducation.<\/p>\n\n\n\n<p class=\"wp-block-paragraph\">D\u2019autant plus que la crise sanitaire li\u00e9e \u00e0 la pand\u00e9mie de la Covid-19 a eu un impact consid\u00e9rable sur l\u2019acc\u00e8s \u00e0 l\u2019\u00e9ducation des enfants. En effet, les autorit\u00e9s boliviennes ont fait le choix de la mise en \u0153uvre d\u2019un confinement strict. Selon les chiffres de l\u2019Unesco, la Bolivie est le deuxi\u00e8me pays au monde \u00e0 avoir ferm\u00e9 ses \u00e9coles le plus longtemps, soit pendant 82 semaines. (Franceinfo, 2022)<\/p>\n\n\n<div class=\"wp-block-image\">\n<figure class=\"alignright size-large is-resized\"><img loading=\"lazy\" decoding=\"async\" width=\"1024\" height=\"685\" src=\"https:\/\/www.humanium.org\/fr\/wp-content\/uploads\/2023\/10\/shutterstock_565110118-1-1024x685.jpg\" alt=\"\" class=\"wp-image-55800\" style=\"width:312px;height:208px\" srcset=\"https:\/\/www.humanium.org\/fr\/wp-content\/uploads\/2023\/10\/shutterstock_565110118-1-1024x685.jpg 1024w, https:\/\/www.humanium.org\/fr\/wp-content\/uploads\/2023\/10\/shutterstock_565110118-1-300x201.jpg 300w, https:\/\/www.humanium.org\/fr\/wp-content\/uploads\/2023\/10\/shutterstock_565110118-1-768x514.jpg 768w, https:\/\/www.humanium.org\/fr\/wp-content\/uploads\/2023\/10\/shutterstock_565110118-1-1536x1028.jpg 1536w, https:\/\/www.humanium.org\/fr\/wp-content\/uploads\/2023\/10\/shutterstock_565110118-1-2048x1371.jpg 2048w, https:\/\/www.humanium.org\/fr\/wp-content\/uploads\/2023\/10\/shutterstock_565110118-1-830x556.jpg 830w, https:\/\/www.humanium.org\/fr\/wp-content\/uploads\/2023\/10\/shutterstock_565110118-1-230x154.jpg 230w, https:\/\/www.humanium.org\/fr\/wp-content\/uploads\/2023\/10\/shutterstock_565110118-1-350x234.jpg 350w, https:\/\/www.humanium.org\/fr\/wp-content\/uploads\/2023\/10\/shutterstock_565110118-1-480x321.jpg 480w, https:\/\/www.humanium.org\/fr\/wp-content\/uploads\/2023\/10\/shutterstock_565110118-1-272x182.jpg 272w\" sizes=\"auto, (max-width: 1024px) 100vw, 1024px\" \/><\/figure>\n<\/div>\n\n\n<p class=\"wp-block-paragraph\">Les fermetures d&rsquo;\u00e9coles ont eu un impact consid\u00e9rable sur l\u2019acc\u00e8s \u00e0 l&rsquo;\u00e9ducation. Pendant plus d\u2019un an, l\u2019acc\u00e8s \u00e0 l\u2019\u00e9ducation n\u2019\u00e9tait possible qu\u2019\u00e0 distance, \u00e0 travers des plateformes num\u00e9riques. Or, de nombreuses familles ne disposent pas d\u2019ordinateur et du mat\u00e9riel n\u00e9cessaire. L\u2019acc\u00e8s \u00e0 l\u2019internet et au r\u00e9seau, notamment dans les zones rurales, est souvent impossible. (RFI, 2022) Exacerbant les in\u00e9galit\u00e9s, la fermeture des \u00e9coles a priv\u00e9 un grand nombre d\u2019enfants de leur droit \u00e0 l\u2019\u00e9ducation. <\/p>\n\n\n\n<p class=\"wp-block-paragraph\">Cette situation a \u00e9galement impact\u00e9 la<a href=\"https:\/\/www.humanium.org\/fr\/comprendre-droits-enfant\/droit-a-la-sante\/?gclid=CjwKCAiAl4WABhAJEiwATUnEFzoxTiP5OaWL8i1Gw3e8E-nAAYb3F9GAHzaMJStzbh9yqw2Xtom04RoCA6EQAvD_BwE\"> sant\u00e9<\/a> des enfants, lesquels expriment des signes de d\u00e9pression, d\u2019anxi\u00e9t\u00e9 et d\u2019angoisse en raison de leur isolement. (Unicef, 2022)<\/p>\n\n\n\n<h3 class=\"wp-block-heading\"><a href=\"https:\/\/www.humanium.org\/fr\/comprendre-droits-enfant\/droit-a-la-sante\/?gclid=CjwKCAiAl4WABhAJEiwATUnEFzoxTiP5OaWL8i1Gw3e8E-nAAYb3F9GAHzaMJStzbh9yqw2Xtom04RoCA6EQAvD_BwE\"><strong>Le droit \u00e0 la sant\u00e9<\/strong><\/a><\/h3>\n\n\n\n<p class=\"wp-block-paragraph\">Le<a href=\"https:\/\/www.humanium.org\/fr\/comprendre-droits-enfant\/droit-a-la-sante\/?gclid=CjwKCAiAl4WABhAJEiwATUnEFzoxTiP5OaWL8i1Gw3e8E-nAAYb3F9GAHzaMJStzbh9yqw2Xtom04RoCA6EQAvD_BwE\"> droit \u00e0 la sant\u00e9<\/a> est reconnu par la Constitution bolivienne qui, dans son article 18, reconna\u00eet le droit de toute personne d\u2019acc\u00e9der aux soins de sant\u00e9 sans discrimination ainsi que l\u2019existence d\u2019un syst\u00e8me de sant\u00e9 unique, universel et gratuit. (Constitution de Bolivie, 2009) Toutefois, bien qu\u2019il soit reconnu, son efficacit\u00e9 reste limit\u00e9e.<\/p>\n\n\n\n<p class=\"wp-block-paragraph\">En effet, le syst\u00e8me de sant\u00e9 bolivien est marqu\u00e9 par une pr\u00e9carit\u00e9 importante et par un manque de moyens ind\u00e9niable. De nombreuses infrastructures sont v\u00e9tustes et les ressources humaines et mat\u00e9rielles sont insuffisantes. De plus, l\u2019acc\u00e8s \u00e0 la sant\u00e9 est marqu\u00e9 par de fortes in\u00e9galit\u00e9s. Les populations rurales et indig\u00e8nes \u00e9prouvent plus de difficult\u00e9s pour se faire soigner et disposent rarement d\u2019un suivi m\u00e9dical.&nbsp;<\/p>\n\n\n\n<p class=\"wp-block-paragraph\">La crise sanitaire provoqu\u00e9e par la pand\u00e9mie de la Covid 19 a r\u00e9v\u00e9l\u00e9 les failles du syst\u00e8me de sant\u00e9 bolivien. Les h\u00f4pitaux ont rapidement atteint les limites de leur capacit\u00e9 d\u2019accueil et des images de corps gisant dans les rues, couverts de b\u00e2ches, ont laiss\u00e9 une trace ind\u00e9l\u00e9bile dans les esprits du monde entier. (RFI, 2020)<\/p>\n\n\n\n<p class=\"wp-block-paragraph\">Ces d\u00e9faillances du syst\u00e8me de sant\u00e9 bolivien conduisent \u00e0 constater l\u2019\u00e9tat de sant\u00e9 parfois inqui\u00e9tant des jeunes du pays. En Bolivie, le taux de<a href=\"https:\/\/www.humanium.org\/fr\/mortalite-infantile\/\"> mortalit\u00e9 infantile<\/a> s\u2019\u00e9levait \u00e0 2,1% en 2020. N\u00e9anmoins, ce dernier conna\u00eet une baisse continue depuis plusieurs d\u00e9cennies. (Banque mondiale, 2020) Par ailleurs, la<a href=\"https:\/\/www.humanium.org\/fr\/comprendre-droits-enfant\/droit-a-l-alimentation\/\"> malnutrition des enfants<\/a>, mal prise en charge par les organismes de sant\u00e9, constitue un v\u00e9ritable probl\u00e8me. En effet, un enfant sur trois souffre de malnutrition en Bolivie. (Unicef, 2020)&nbsp;<\/p>\n\n\n\n<p class=\"wp-block-paragraph\">Celle-ci repr\u00e9sente un double fardeau pour les enfants, entra\u00eenant non seulement un d\u00e9ficit de la croissance et des retards de d\u00e9veloppement mais aussi un exc\u00e8s de poids. L\u00e0 encore, les filles et les gar\u00e7ons issus de r\u00e9gions rurales ou de familles indig\u00e8nes sont les premiers touch\u00e9s par ce ph\u00e9nom\u00e8ne. (Unicef, 2019) Outre la malnutrition, 27,2% des enfants \u00e2g\u00e9s de 6 \u00e0 23 mois manquent de Vitamine A, l\u2019un des facteurs les plus courants de la c\u00e9cit\u00e9.<\/p>\n\n\n\n<h2 class=\"wp-block-heading\"><strong>Les d\u00e9fis propres au pays<\/strong><\/h2>\n\n\n\n<h3 class=\"wp-block-heading\"><a href=\"https:\/\/www.humanium.org\/fr\/exploitation-sexuelle-enfants\/\"><strong>Exploitation sexuelle<\/strong><\/a><strong> et <\/strong><a href=\"https:\/\/www.humanium.org\/fr\/trafic-enfants\/\"><strong>trafic<\/strong><\/a><strong> <\/strong><strong>des enfants<\/strong><\/h3>\n\n\n\n<p class=\"wp-block-paragraph\">La<a href=\"https:\/\/www.humanium.org\/fr\/prostitution-infantile\/#:~:text=La%20cause%20principale%20de%20la,besoins%20de%20toute%20la%20famille.&amp;text=Ce%20rejet%20contraint%20les%20enfants,pour%20devenir%20enfants%20des%20rues.\"> prostitution infantile<\/a> est un d\u00e9fi majeur auquel est confront\u00e9e la Bolivie. Si les jeunes filles peuvent esp\u00e9rer \u00e9chapper \u00e0 la esp\u00e8rent parfois fuir une situation de pauvret\u00e9 en se r\u00e9fugiant trouvant refuge dans la prostitution, elles sont en r\u00e9alit\u00e9 expos\u00e9es elles s\u2019exposent en r\u00e9alit\u00e9 \u00e0 des<a href=\"https:\/\/www.humanium.org\/fr\/exploitation-sexuelle-enfants\/\"> violences sexuelles<\/a> commerciales et se retrouvent engren\u00e9es au sein de<a href=\"https:\/\/www.humanium.org\/fr\/trafic-enfants\/\"> trafics d\u2019\u00eatres humains<\/a> o\u00f9 la violence r\u00e8gne. A ce jour, pr\u00e8s de 1 500 enfants et adolescents sont exploit\u00e9s dans le commerce du sexe dans les m\u00e9gapoles boliviennes et beaucoup bon nombre d\u2019entre eux disparaissent sans laisser de traces. (RFI, 2022)<\/p>\n\n\n\n<p class=\"wp-block-paragraph\">Les causes de ce ph\u00e9nom\u00e8ne sont nombreuses et difficiles \u00e0 appr\u00e9hender. Pour de nombreux nombre de jeunes enfants, la prostitution de rue constitue l\u2019ultime issue \u00e0 une situation d\u2019extr\u00eame pauvret\u00e9. La plupart des enfants contraints \u00e0 la prostitution viennent de milieux d\u00e9favoris\u00e9s, ont rarement acc\u00e8s \u00e0 l\u2019\u00e9ducation et grandissent dans au sein des familles dysfonctionnelles. Il arrive d\u2019ailleurs que ce soient les parents eux-m\u00eames qui forcent leurs enfants \u00e0 se prostituer pour contribuer au revenu familial. (Caritas)<\/p>\n\n\n\n<p class=\"wp-block-paragraph\">Les cons\u00e9quences sont notables. La brutalit\u00e9 \u00e0 l\u2019\u00e9gard des femmes et des jeunes<a href=\"https:\/\/www.humanium.org\/fr\/droits-des-filles\/\"> filles<\/a> a consid\u00e9rablement augment\u00e9 en Bolivie. Plus de 77% des enfants subissent des<a href=\"https:\/\/www.humanium.org\/fr\/violences\/\"> violences<\/a> avant d\u2019atteindre leur majorit\u00e9. Par ailleurs, la prostitution infantile encourage favorise les grossesses pr\u00e9coces. La prostitution d\u2019enfants profite \u00e9galement au trafic d\u2019\u00eatres humains. Chaque ann\u00e9e, pr\u00e8s de 300 jeunes filles sont enlev\u00e9es pour \u00eatre prostitu\u00e9es dans le pays ou \u00e0 l\u2019\u00e9tranger. (Figaro, 2021)<\/p>\n\n\n\n<p class=\"wp-block-paragraph\">Face \u00e0 ce fl\u00e9au grandissant, les autorit\u00e9s boliviennes ont adopt\u00e9 la loi-cadre n\u00b0263 du 31 juillet 2012, cr\u00e9ant la portante cr\u00e9ation du Conseil plurinational de lutte contre la traite et le<a href=\"https:\/\/www.humanium.org\/fr\/trafic-enfants\/\"> trafic d\u2019\u00eatres humains<\/a>. Cette instance est notamment charg\u00e9e de la mise \u00e0 ex\u00e9cution du Plan national de lutte contre la traite et le trafic d\u2019\u00eatres humains, de permettre une prise en charge sp\u00e9cialis\u00e9e des victimes, et de favoriser leur r\u00e9insertion professionnelle.&nbsp;<\/p>\n\n\n\n<p class=\"wp-block-paragraph\">Dans le cadre de la soumission du quatri\u00e8me rapport p\u00e9riodique en application de l\u2019article 40 du PIDCP, les autorit\u00e9s boliviennes ont affirm\u00e9 que deux centres sp\u00e9cialis\u00e9s dans la prise en charge de l&rsquo;accueil des victimes de la traite et du trafic d\u2019\u00eatres humains sont op\u00e9rationnels et que les r\u00e8gles de proc\u00e9dure \u00e9tablies pour enqu\u00eater pr\u00e9voient l\u2019ouverture d\u2019une enqu\u00eate par le Bureau du Procureur et la police bolivienne. De sorte que tous les actes d\u2019enqu\u00eate n\u00e9cessaires sont accomplis pour retrouver les victimes, identifier les auteurs et les condamner. (Quatri\u00e8me rapport p\u00e9riodique soumis par l\u2019\u00c9tat plurinational de Bolivie, 2019)<\/p>\n\n\n\n<p class=\"wp-block-paragraph\">Cependant, la r\u00e9alit\u00e9 est malheureusement bien souvent diff\u00e9rente. Sur des milliers de cas de traite chaque ann\u00e9e, seules quelques centaines sont d\u00e9nonc\u00e9es \u00e0 la police bolivienne. Parmi celles-ci, 90% d\u2019entre elles ne d\u00e9passent pas la phase d\u2019enqu\u00eate initiale. Quant aux rares enqu\u00eates qui conduisent \u00e0 un proc\u00e8s, quasiment aucune n\u2019aboutit \u00e0 une condamnation.&nbsp;<\/p>\n\n\n\n<p class=\"wp-block-paragraph\">La plupart des familles des victimes se sentent abandonn\u00e9es par les autorit\u00e9s et m\u00e8nent leur propre enqu\u00eate pour retrouver leurs enfants. La corruption de la police bolivienne est le principal obstacle frein \u00e0 la bonne conduite des enqu\u00eates, les policiers \u00e9tant parfois eux-m\u00eames propri\u00e9taires de maisons closes. Le Comit\u00e9 des Droits de l&rsquo;Homme s&rsquo;est montr\u00e9 particuli\u00e8rement pr\u00e9occup\u00e9 par l&rsquo;augmentation des violences sexuelles en Bolivie et a encourag\u00e9 les autorit\u00e9s gouvernementales \u00e0 r\u00e9former le syst\u00e8me judiciaire. (ONU, 2022)<\/p>\n\n\n\n<h3 class=\"wp-block-heading\"><a href=\"https:\/\/www.humanium.org\/fr\/violences\/\"><strong>Les violences \u00e0 l\u2019\u00e9gard des enfants<\/strong><\/a><\/h3>\n\n\n\n<p class=\"wp-block-paragraph\">La<a href=\"https:\/\/www.humanium.org\/fr\/violences\/\"> violence<\/a> sous toutes ses formes, qu\u2019elle soit physique, psychologique ou sexuelle, commise \u00e0 l\u2019encontre des enfants constitue un d\u00e9fi majeur en Bolivie. Au cours de l\u2019ann\u00e9e 2021, 46 infanticides ont \u00e9t\u00e9 signal\u00e9s et 34 893 cas de violence commis contre les enfants, les adolescents et les femmes ont \u00e9t\u00e9 r\u00e9pertori\u00e9s \u2013 soit en moyenne 95 cas de violence par jour. Au 8 mai 2022, 15 infanticides avaient d\u00e9j\u00e0 \u00e9t\u00e9 enregistr\u00e9s. (Unicef, 2022)<\/p>\n\n\n\n<p class=\"wp-block-paragraph\">Ces<a href=\"https:\/\/www.humanium.org\/fr\/violences\/\"> violences<\/a> s&rsquo;inscrivent dans une culture profond\u00e9ment ancr\u00e9e selon laquelle l\u2019enfant doit \u00eatre \u00e9duqu\u00e9 dans la violence. Ces violences perp\u00e9tr\u00e9es contre les enfants interviennent aussi bien dans la sph\u00e8re familiale, qu\u2019\u00e0 l\u2019\u00e9cole ou dans les rues. La crise sanitaire li\u00e9e \u00e0 la propagation de la Covid-19 a \u00e9galement \u00e9t\u00e9 l\u2019un des facteurs d\u2019aggravation de ces violences. (Unicef, 2022)<\/p>\n\n\n\n<p class=\"wp-block-paragraph\">Ces derni\u00e8res s\u2019inscrivent en totale contradiction avec les engagements internationaux de la Bolivie mais aussi avec son droit national. En effet, l\u2019article 146 du Code de l\u2019enfance et de l\u2019adolescence dispose que : \u00ab I. Les enfants et les adolescents ont le droit d\u2019\u00eatre bien trait\u00e9s et, notamment de b\u00e9n\u00e9ficier d\u2019une \u00e9ducation non violente, bas\u00e9e sur le respect r\u00e9ciproque et la solidarit\u00e9. II. <\/p>\n\n\n\n<p class=\"wp-block-paragraph\">L\u2019autorit\u00e9 des parents, des personnes qui ont la garde de l\u2019enfant, de la tutrice ou du tuteur, des membres de la famille, des \u00e9ducatrices et \u00e9ducateurs doit \u00eatre exerc\u00e9e selon des m\u00e9thodes d\u2019\u00e9ducation, d\u2019enseignement et de sanction non violentes. Tout ch\u00e2timent corporel, violent ou humiliant est interdit. \u00bb (Code de l\u2019enfance et de l\u2019adolescence, 1999).&nbsp;<\/p>\n\n\n\n<p class=\"wp-block-paragraph\">Au cours d\u2019\u00e9changes organis\u00e9s avec la d\u00e9l\u00e9gation bolivienne, le Comit\u00e9 des Droits de l\u2019Homme s\u2019est montr\u00e9 particuli\u00e8rement pr\u00e9occup\u00e9&nbsp; par la situation des<a href=\"https:\/\/www.humanium.org\/fr\/droits-enfant\/\"> droits de l\u2019enfant<\/a> en Bolivie et par la pratique de<a href=\"https:\/\/www.humanium.org\/fr\/la-maltraitance-des-enfants\/\"> ch\u00e2timents corporels<\/a> sur les enfants. Sur ce point, la d\u00e9l\u00e9gation bolivienne a reconnu qu\u2019une campagne de sensibilisation, notamment dans les \u00e9coles, est n\u00e9cessaire. Elle a \u00e9galement indiqu\u00e9 qu\u2019une unit\u00e9 de<a href=\"https:\/\/www.humanium.org\/fr\/comprendre-droits-enfant\/protection\/\"> protection<\/a> de l\u2019enfance au sein du minist\u00e8re de la justice \u0153uvre \u00e0 l\u2019\u00e9laboration d\u2019une politique de lutte contre les<a href=\"https:\/\/www.humanium.org\/fr\/la-maltraitance-des-enfants\/\"> ch\u00e2timents corporels sur enfants<\/a> et les abus \u00e0 l\u2019\u00e9cole. (ONU, 2022)<\/p>\n\n\n\n<h3 class=\"wp-block-heading\"><a href=\"https:\/\/www.humanium.org\/fr\/enfants-pauvres\/\"><strong>La pauvret\u00e9 infantile<\/strong><\/a><\/h3>\n\n\n<div class=\"wp-block-image\">\n<figure class=\"alignleft size-large is-resized\"><img loading=\"lazy\" decoding=\"async\" width=\"1024\" height=\"683\" src=\"https:\/\/www.humanium.org\/fr\/wp-content\/uploads\/2023\/10\/shutterstock_259134734-1024x683.jpg\" alt=\"\" class=\"wp-image-55801\" style=\"width:318px;height:212px\" srcset=\"https:\/\/www.humanium.org\/fr\/wp-content\/uploads\/2023\/10\/shutterstock_259134734-1024x683.jpg 1024w, https:\/\/www.humanium.org\/fr\/wp-content\/uploads\/2023\/10\/shutterstock_259134734-300x200.jpg 300w, https:\/\/www.humanium.org\/fr\/wp-content\/uploads\/2023\/10\/shutterstock_259134734-768x512.jpg 768w, https:\/\/www.humanium.org\/fr\/wp-content\/uploads\/2023\/10\/shutterstock_259134734-1536x1024.jpg 1536w, https:\/\/www.humanium.org\/fr\/wp-content\/uploads\/2023\/10\/shutterstock_259134734-2048x1365.jpg 2048w, https:\/\/www.humanium.org\/fr\/wp-content\/uploads\/2023\/10\/shutterstock_259134734-830x553.jpg 830w, https:\/\/www.humanium.org\/fr\/wp-content\/uploads\/2023\/10\/shutterstock_259134734-230x153.jpg 230w, https:\/\/www.humanium.org\/fr\/wp-content\/uploads\/2023\/10\/shutterstock_259134734-350x233.jpg 350w, https:\/\/www.humanium.org\/fr\/wp-content\/uploads\/2023\/10\/shutterstock_259134734-480x320.jpg 480w, https:\/\/www.humanium.org\/fr\/wp-content\/uploads\/2023\/10\/shutterstock_259134734-272x182.jpg 272w\" sizes=\"auto, (max-width: 1024px) 100vw, 1024px\" \/><\/figure>\n<\/div>\n\n\n<p class=\"wp-block-paragraph\">La Bolivie compte parmi les pays les plus pauvres d\u2019Am\u00e9rique Latine. N\u00e9anmoins, les derniers chiffres r\u00e9v\u00e8lent un recul de quelques points de la<a href=\"https:\/\/www.humanium.org\/fr\/pauvrete\/\"> pauvret\u00e9<\/a> dans le pays. En effet, en 2020, l\u2019extr\u00eame pauvret\u00e9 s\u2019\u00e9levait \u00e0 13, 7% contre 11,1% en 2021. De m\u00eame, la pauvret\u00e9 mod\u00e9r\u00e9e a \u00e9galement diminu\u00e9 de deux points entre 2020 et 2021, concernant d\u00e9sormais 36,6% de la population. (RFI, 2022) Bien que ces chiffres restent \u00e9lev\u00e9s, leur tendance \u00e0 la baisse n\u2019en est pas moins une r\u00e9ussite significative &#8211; surtout dans le contexte d&rsquo;une pand\u00e9mie mondiale.&nbsp;<\/p>\n\n\n\n<p class=\"wp-block-paragraph\">Cependant, la<a href=\"https:\/\/www.humanium.org\/fr\/pauvrete\/\"> pauvret\u00e9<\/a> demeure un fl\u00e9au profond\u00e9ment enracin\u00e9 en Bolivie et un d\u00e9fi majeur pour les autorit\u00e9s boliviennes. Elle est \u00e9galement l\u2019un des principaux facteurs de tous les maux de la soci\u00e9t\u00e9 bolivienne. Elle impacte ind\u00e9niablement l\u2019acc\u00e8s \u00e0<a href=\"https:\/\/www.humanium.org\/fr\/comprendre-droits-enfant\/droit-a-l-education\/\"> l\u2019\u00e9ducation<\/a> et \u00e0 la<a href=\"https:\/\/www.humanium.org\/fr\/comprendre-droits-enfant\/droit-a-la-sante\/\"> sant\u00e9<\/a> et favorise la multiplication des<a href=\"https:\/\/www.humanium.org\/fr\/travail-des-enfants\/\"> enfants travailleurs<\/a>, des mariages anticip\u00e9s ou forc\u00e9s d\u2019enfants, ou encore de la prostitution infantile. Par ailleurs , la pauvret\u00e9 touche de fa\u00e7on tr\u00e8s in\u00e9galitaire les habitants de Bolivie. Les personnes issues des zones rurales ainsi que les communaut\u00e9s autochtones sont les plus affect\u00e9s par la pauvret\u00e9.<\/p>\n\n\n\n<p class=\"wp-block-paragraph\">Lors de l\u2019examen du rapport p\u00e9riodique de la Bolivie, le Comit\u00e9 des droits \u00e9conomiques, sociaux et culturels a interrog\u00e9 la d\u00e9l\u00e9gation bolivienne quant au droit \u00e0 un niveau de vie convenable. En retour, la d\u00e9l\u00e9gation bolivienne a soulign\u00e9 les efforts du gouvernement bolivien pour lutter contre la pauvret\u00e9 et am\u00e9liorer les finances de l\u2019\u00c9tat. Elle a notamment mentionn\u00e9 l\u2019introduction d\u2019un certain nombre de mesures pour r\u00e9duire l\u2019\u00e9cart de pauvret\u00e9 entre les autochtones et les non-autochtones. (ONU, 2021)<\/p>\n\n\n\n<h3 class=\"wp-block-heading\"><a href=\"https:\/\/www.humanium.org\/fr\/travail-des-enfants\/\"><strong>Le travail des enfants<\/strong><\/a><\/h3>\n\n\n\n<p class=\"wp-block-paragraph\">La Bolivie est le seul \u00c9tat au monde \u00e0 avoir l\u00e9galis\u00e9 le travail des enfants d\u00e8s l\u2019\u00e2ge de 10 ans. En effet, en juillet 2014, le Parlement bolivien a vot\u00e9 et promulgu\u00e9 une nouvelle loi autorisant les enfants \u00e2g\u00e9s de 10 \u00e0 12 ans \u00e0 travailler \u00e0 leur propre compte. La loi interdisait toutefois la r\u00e9alisation de t\u00e2ches dangereuses pour les mineurs de 14 ans et \u00e9tablissait une liste d\u2019emplois interdits tels que le travail dans les mines, dans les champs de cannes \u00e0 sucre ou dans les usines de briques. (Le Point, 2014) En totale contradiction avec les droits de l\u2019enfant et avec les accords internationaux ratifi\u00e9s par la Bolivie, cette loi a finalement \u00e9t\u00e9 abrog\u00e9e par le Conseil constitutionnel bolivien en f\u00e9vrier 2018.&nbsp;<\/p>\n\n\n\n<p class=\"wp-block-paragraph\">Cependant,<a href=\"https:\/\/www.humanium.org\/fr\/travail-des-enfants\/\"> le travail des enfants<\/a> reste demeure une r\u00e9alit\u00e9 inqui\u00e9tante en Bolivie. Pr\u00e8s d\u2019un jeune sur 4 travaille pour contribuer au revenu familial. D\u00e8s leur plus jeune \u00e2ge, les enfants sont livr\u00e9s \u00e0 eux-m\u00eames. De la vente de friandises au travail en usine ou dans les champs, ces activit\u00e9s s\u2019ajoutent \u00e0 leurs heures de classe et g\u00e9n\u00e8rent souvent une baisse des r\u00e9sultats scolaires. (Franceinfo, 2018)&nbsp;<\/p>\n\n\n\n<p class=\"wp-block-paragraph\">La<a href=\"https:\/\/www.humanium.org\/fr\/pauvrete\/\"> pauvret\u00e9<\/a> est la cause principale du travail des enfants en Bolivie o\u00f9 60% de la population vit dans l\u2019\u00e9conomie informelle. Des centaines de milliers de familles ne pourraient pas survivre sans les revenus de leurs enfants. (Franceinfo, 2018) Pilier de l\u2019\u00e9conomie nationale, le travail des enfants est souvent per\u00e7u comme \u00ab <em>un mal n\u00e9cessaire<\/em> \u00bb pour lutter contre la pauvret\u00e9 des familles. Telle est d\u2019ailleurs la position du Syndicat des enfants et adolescents travailleurs qui encore aujourd\u2019hui lutte pour la l\u00e9galisation du travail des enfants, esp\u00e9rant y trouver une certaine protection juridique.&nbsp;<\/p>\n\n\n\n<p class=\"wp-block-paragraph\">Un avis qui n\u2019est aucunement partag\u00e9 par l\u2019Organisation Internationale du Travail qui avait, \u00e0 l\u2019\u00e9poque, communiqu\u00e9 ses pr\u00e9occupations quant \u00e0 l\u2019adoption de la loi de 2014. Selon l\u2019OIT,<a href=\"https:\/\/www.humanium.org\/fr\/travail-des-enfants\/\"> le travail des enfants<\/a> ne peut \u00eatre justifi\u00e9 comme un \u00ab mal n\u00e9cessaire \u00bb et un moyen de d\u00e9veloppement. Au contraire, le travail des enfants alimenterait un cycle interg\u00e9n\u00e9rationnel de pauvret\u00e9 : plus un enfant travaille, moins il a de chance d\u2019obtenir un dipl\u00f4me, moins il participe au d\u00e9veloppement \u00e9conomique du pays et plus le pays s\u2019appauvrit. (OIT, 2014)<\/p>\n\n\n\n<p class=\"wp-block-paragraph\">Par ailleurs, les engagements internationaux de la Bolivie au regard du travail des enfants ne sont pas toujours respect\u00e9s. Il convient de rappeler que la Bolivie a ratifi\u00e9 la<a href=\"https:\/\/www.humanium.org\/fr\/normes\/convention-138-age-minimum-1973\/\"> Convention no. 138 de l\u2019OIT sur l\u2019\u00e2ge minimum d\u2019admission \u00e0 l\u2019emploi<\/a> et la Convention no.132 sur les pires formes de travail des enfants. A cet \u00e9gard, la Commission d\u2019experts pour l\u2019application des conventions et recommandations a constat\u00e9 que si la loi de juillet 2014 a effectivement \u00e9t\u00e9 d\u00e9clar\u00e9e inconstitutionnelle par le Tribunal constitutionnel bolivien, le Code de l\u2019enfance et de l\u2019adolescence s\u2019y r\u00e9f\u00e8re toujours. (OIT, 2022)<\/p>\n\n\n\n<p class=\"wp-block-paragraph\">La Commission a ainsi demand\u00e9 au gouvernement bolivien de \u00ab prendre toutes les mesures n\u00e9cessaires pour adapter le Code de l\u2019enfance et de l\u2019adolescence de mani\u00e8re \u00e0 ce que l\u2019\u00e2ge minimum d\u2019acc\u00e8s \u00e0 l\u2019emploi et au travail soit fix\u00e9 \u00e0 14 ans \u00bb. (OIT, 2022) Toutefois, l\u2019implication du Gouvernement bolivien sur cette probl\u00e9matique peut encore \u00eatre am\u00e9lior\u00e9e demeure perfectible. La Bolivie a d\u2019ailleurs \u00e9t\u00e9 consid\u00e9r\u00e9e comme \u00e9tant en \u00ab d\u00e9faut grave de soumission \u00bb pour avoir manqu\u00e9 \u00e0 son obligation de soumission de rapport. (OIT, 2022)<\/p>\n\n\n\n<h3 class=\"wp-block-heading\"><a href=\"https:\/\/www.humanium.org\/fr\/mariage-enfants\/?gclid=CjwKCAiAl4WABhAJEiwATUnEF65munC3TZPvE50yfKeRDFuygRVbQXMTkT6QHpt5d4tqpmIUp9lpUxoCim4QAvD_BwE\"><strong>Mariages d\u2019enfants<\/strong><\/a><\/h3>\n\n\n\n<p class=\"wp-block-paragraph\">Les<a href=\"https:\/\/www.humanium.org\/fr\/mariage-enfants\/?gclid=CjwKCAiAl4WABhAJEiwATUnEF65munC3TZPvE50yfKeRDFuygRVbQXMTkT6QHpt5d4tqpmIUp9lpUxoCim4QAvD_BwE\"> mariages <\/a>de mineurs constituent un v\u00e9ritable probl\u00e8me en Am\u00e9rique latine, et&nbsp; la Bolivie ne fait malheureusement pas exception. En effet, pr\u00e8s de 20 % des jeunes filles boliviennes sont mari\u00e9es avant d\u2019atteindre leur majorit\u00e9 et 3 % d\u2019entre elles le sont avant l\u2019\u00e2ge de 15 ans. Ce probl\u00e8me touche \u00e9galement les jeunes gar\u00e7ons. Parmi eux, 5 % sont mari\u00e9s avant d\u2019atteindre leur majorit\u00e9, une situation qui place la Bolivie parmi les 15 pays ayant le plus grand nombre de gar\u00e7ons mineurs mari\u00e9s. (Filles, Pas \u00e9pouses)<\/p>\n\n\n\n<p class=\"wp-block-paragraph\">Contrairement \u00e0 d\u2019autres pays du monde, en Bolivie, les relations entreprises avec des jeunes enfants prennent g\u00e9n\u00e9ralement la forme d\u2019union informelle concr\u00e9tis\u00e9e par une vie commune, et n\u2019ont pas syst\u00e9matiquement l\u2019allure d\u2019un mariage officiel ou religieux. Ces \u00ab mariages \u00bb sont souvent une \u00e9chappatoire \u00e0 extr\u00eame<a href=\"https:\/\/www.humanium.org\/fr\/pauvrete\/\"> pauvret\u00e9<\/a> et permettent aux familles de r\u00e9duire leurs d\u00e9penses alimentaires. Outre la pauvret\u00e9, les mariages d\u2019enfants sont \u00e9galement le r\u00e9sultat des traditions des communaut\u00e9s indig\u00e8nes dont certaines fixent l\u2019\u00e2ge id\u00e9al pour se marier \u00e0 13 ans pour les jeunes<a href=\"https:\/\/www.humanium.org\/fr\/droits-des-filles\/\"> filles<\/a> et 18 ans pour les jeunes hommes. (Filles, Pas \u00e9pouses)<\/p>\n\n\n\n<p class=\"wp-block-paragraph\">Ces situations<a href=\"https:\/\/www.humanium.org\/fr\/mariage-enfants\/?gclid=CjwKCAiAl4WABhAJEiwATUnEF65munC3TZPvE50yfKeRDFuygRVbQXMTkT6QHpt5d4tqpmIUp9lpUxoCim4QAvD_BwE\"> d\u2019unions pr\u00e9coces, voire forc\u00e9es<\/a>, sont pourtant interdites tant par le droit national bolivien que par le droit international. En effet, le Code de la Famille et des Proc\u00e9dures familiales (2014) fixe en son article 139 l\u2019\u00e2ge minimum pour consentir au mariage \u00e0 18 ans. (C\u00f3digo de las familias y del proceso familiar, 2014) La Bolivie est par ailleurs li\u00e9e \u00e0 la Convention interam\u00e9ricaine des droits de l\u2019Homme laquelle pr\u00e9voit que le mariage ne peut \u00eatre conclu sans le libre et plein consentement des parties. (Convention am\u00e9ricaine relative aux droits de l\u2019homme, 1969)<\/p>\n\n\n\n<p class=\"wp-block-paragraph\">L\u2019une des cons\u00e9quences directes des<a href=\"https:\/\/www.humanium.org\/fr\/mariage-enfants\/?gclid=CjwKCAiAl4WABhAJEiwATUnEF65munC3TZPvE50yfKeRDFuygRVbQXMTkT6QHpt5d4tqpmIUp9lpUxoCim4QAvD_BwE\"> mariages<\/a> d\u2019enfants est le constat d\u2019un taux de grossesse \u00e9lev\u00e9 chez les adolescentes et les jeunes boliviennes. Ce constat inqui\u00e9tant a d\u2019ailleurs conduit le gouvernement \u00e0 mettre en place un plan d\u2019action, appel\u00e9 Plan Plurinational de Pr\u00e9vention de la Grossesse chez les adolescents et les jeunes. Mis en \u0153uvre en 2015, ce plan d\u2019action a r\u00e9alis\u00e9 le constat suivant : les adolescentes les plus expos\u00e9es au risque de grossesse sont celles qui vivent dans les zones rurales, ont un faible niveau d\u2019\u00e9ducation et sont en situation de pauvret\u00e9.&nbsp;<\/p>\n\n\n\n<p class=\"wp-block-paragraph\">\u00c9tabli pour une dur\u00e9e de 5 ans, ce plan visait \u00e0 cr\u00e9er une plateforme nationale pour promouvoir la pr\u00e9vention des grossesses chez les jeunes et adolescentes ainsi qu\u2019\u00e0 renforcer leur prise en charge et leur \u00e9ducation. (Plan plurinacional de prevenci\u00f3n de embarazos en adolescentes y j\u00f3venes, 2015-2020) Cependant, les in\u00e9galit\u00e9s sociales et \u00e9conomiques persistent en Bolivie, et les<a href=\"https:\/\/www.humanium.org\/fr\/mariage-enfants\/?gclid=CjwKCAiAl4WABhAJEiwATUnEF65munC3TZPvE50yfKeRDFuygRVbQXMTkT6QHpt5d4tqpmIUp9lpUxoCim4QAvD_BwE\"> mariages forc\u00e9s ou pr\u00e9coces<\/a> d\u2019enfants demeurent un v\u00e9ritable d\u00e9fi.<\/p>\n\n\n\n<h3 class=\"wp-block-heading\"><a href=\"https:\/\/www.humanium.org\/fr\/focus\/environnement\/#:~:text=Les%20enfants%20d%C3%A9fenseurs%20des%20droits%20environnementaux%20oeuvrent%20sur%20tous%20les,des%20g%C3%A9n%C3%A9rations%20actuelles%20et%20futures.\"><strong>D\u00e9fis environnementaux<\/strong><\/a><strong>&nbsp;&nbsp;<\/strong><\/h3>\n\n\n\n<p class=\"wp-block-paragraph\">La Bolivie a \u00e9t\u00e9 l\u2019un des premiers \u00c9tats au monde \u00e0 reconna\u00eetre des droits \u00e0 la Terre-m\u00e8re. En 2011, le Gouvernement bolivien a instaur\u00e9 la loi dite \u00ab de la Terre M\u00e8re \u00bb. Inspir\u00e9e des croyances de la Pachamama, cette derni\u00e8re octroie des droits fondamentaux \u00e0 la nature (droit \u00e0 la vie, droit \u00e0 l\u2019eau et \u00e0 l\u2019air pur, etc.) et consacre son \u00e9galit\u00e9 avec l\u2019homme. (Ecolopop)<\/p>\n\n\n\n<p class=\"wp-block-paragraph\">Toutefois, face \u00e0 l\u2019importante<a href=\"https:\/\/www.humanium.org\/fr\/pauvrete\/\"> pauvret\u00e9<\/a> de cet \u00c9tat, l\u2019exploitation des ressources naturelles demeure une source de richesses non n\u00e9gligeable, impliquant des catastrophes d\u00e9sastreuses pour la nature. En ce sens, les autorit\u00e9s boliviennes ont adopt\u00e9 des r\u00e9glementations autorisant l\u2019exploitation foresti\u00e8re et la destruction par le feu des for\u00eats.<\/p>\n\n\n<div class=\"wp-block-image\">\n<figure class=\"alignright size-large is-resized\"><img loading=\"lazy\" decoding=\"async\" width=\"1024\" height=\"705\" src=\"https:\/\/www.humanium.org\/fr\/wp-content\/uploads\/2023\/10\/shutterstock_1613495728-1024x705.jpg\" alt=\"\" class=\"wp-image-55802\" style=\"width:292px;height:200px\" srcset=\"https:\/\/www.humanium.org\/fr\/wp-content\/uploads\/2023\/10\/shutterstock_1613495728-1024x705.jpg 1024w, https:\/\/www.humanium.org\/fr\/wp-content\/uploads\/2023\/10\/shutterstock_1613495728-300x207.jpg 300w, https:\/\/www.humanium.org\/fr\/wp-content\/uploads\/2023\/10\/shutterstock_1613495728-768x529.jpg 768w, https:\/\/www.humanium.org\/fr\/wp-content\/uploads\/2023\/10\/shutterstock_1613495728-1536x1058.jpg 1536w, https:\/\/www.humanium.org\/fr\/wp-content\/uploads\/2023\/10\/shutterstock_1613495728-2048x1411.jpg 2048w, https:\/\/www.humanium.org\/fr\/wp-content\/uploads\/2023\/10\/shutterstock_1613495728-830x572.jpg 830w, https:\/\/www.humanium.org\/fr\/wp-content\/uploads\/2023\/10\/shutterstock_1613495728-230x158.jpg 230w, https:\/\/www.humanium.org\/fr\/wp-content\/uploads\/2023\/10\/shutterstock_1613495728-350x241.jpg 350w, https:\/\/www.humanium.org\/fr\/wp-content\/uploads\/2023\/10\/shutterstock_1613495728-480x331.jpg 480w\" sizes=\"auto, (max-width: 1024px) 100vw, 1024px\" \/><\/figure>\n<\/div>\n\n\n<p class=\"wp-block-paragraph\">En ao\u00fbt 2021, pr\u00e8s de 600 000 hectares ont \u00e9t\u00e9 ravag\u00e9s par des incendies dans le d\u00e9partement de Santa Cruz, \u00e0 l\u2019est de la Bolivie. Ces incendies \u00e9taient d\u00e9lib\u00e9r\u00e9ment provoqu\u00e9s, la volont\u00e9 des auteurs \u00e9tant de transformer les for\u00eats en zones agricoles. (Le Monde, 2021) Cette pratique, \u00e9galement appel\u00e9e le br\u00fblis, avait provoqu\u00e9 la col\u00e8re et l\u2019indignation des organisations autochtones. Ces derni\u00e8res avaient manifest\u00e9 leur d\u00e9saccord pendant pr\u00e8s de 37 jours de marche \u00e0 Santa Cruz, en vain. (Le Monde, 2021)<\/p>\n\n\n\n<p class=\"wp-block-paragraph\">Dans le cadre de l\u2019examen du rapport p\u00e9riodique de la Bolivie sur la mise en \u0153uvre des dispositions du Pacte international relatif aux droits \u00e9conomiques, sociaux et culturels, les membres du Comit\u00e9 ont interrog\u00e9 la d\u00e9l\u00e9gation bolivienne sur les mesures prises par le Gouvernement face au changement climatique.&nbsp;<\/p>\n\n\n\n<p class=\"wp-block-paragraph\">En r\u00e9ponse, la d\u00e9l\u00e9gation a indiqu\u00e9 que s\u2019agissant des ressources en eau, un programme de formation pour partager les techniques locales de gestion durable de<a href=\"https:\/\/www.humanium.org\/fr\/situation-monde\/droit-a-l-eau\/\"> l\u2019eau<\/a> avait \u00e9t\u00e9 mis en \u0153uvre. Elle a affirm\u00e9 que des engagements clairs avaient \u00e9t\u00e9 pris pour s\u2019assurer de la bonne utilisation des ressources nationales et du respect des normes environnementales. (ONU, 2021) Cependant, il reste encore un long chemin \u00e0 parcourir s\u2019agissant des<a href=\"https:\/\/www.humanium.org\/fr\/focus\/environnement\/#:~:text=Les%20enfants%20d%C3%A9fenseurs%20des%20droits%20environnementaux%20oeuvrent%20sur%20tous%20les,des%20g%C3%A9n%C3%A9rations%20actuelles%20et%20futures.\"> droits environnementaux.<\/a><\/p>\n\n\n\n<p class=\"wp-block-paragraph\"><em><strong>\u00c9crit par Manon Lanselle<\/strong><\/em><\/p>\n\n\n\n<p class=\"wp-block-paragraph\"><em><strong>Relecture interne par Aditi Partha&nbsp;<\/strong><\/em><\/p>\n\n\n\n<p class=\"wp-block-paragraph\"><em><strong>Derni\u00e8re mise \u00e0 jour le 25 juin 2022<\/strong><\/em><\/p>\n\n\n\n<h4 class=\"wp-block-heading\">R\u00e9f\u00e9rence :<\/h4>\n\n\n\n<p class=\"has-small-font-size wp-block-paragraph\">Banque mondiale (2019), <em>Enfants n\u2019allant pas \u00e0 l\u2019\u00e9cole primaire \u2013 Bolivia<\/em>, 2019, consult\u00e9 le 25 juin 2022.&nbsp;<\/p>\n\n\n\n<p class=\"has-small-font-size wp-block-paragraph\"><a href=\"https:\/\/donnees.banquemondiale.org\/indicator\/SP.DYN.IMRT.IN?locations=BO\" target=\"_blank\" rel=\"noreferrer noopener\">Banque mondiale (2020), Taux de mortalit\u00e9 infantile (pour 1000 naissances vivantes) \u2013 Bolivia, 2020, consult\u00e9 le 25 juin 2022.<\/a>&nbsp;<\/p>\n\n\n\n<p class=\"has-small-font-size wp-block-paragraph\"><a href=\"https:\/\/www.francetvinfo.fr\/replay-radio\/le-club-des-correspondants\/covid-19-les-consequences-de-la-pandemie-sur-le-systeme-educatif-en-afrique-du-sud-et-en-bolivie_4949193.html\" target=\"_blank\" rel=\"noreferrer noopener\">Campaignolle Alice et Chanson Romain, (22 f\u00e9vrier 2022), <em>Covid-19 : les cons\u00e9quences de la pand\u00e9mie sur le syst\u00e8me \u00e9ducatif en Afrique du Sud et en Bolivie<\/em>, Franceinfo, consult\u00e9 le 28 ao\u00fbt 2022.<\/a><\/p>\n\n\n\n<p class=\"has-small-font-size wp-block-paragraph\"><a href=\"https:\/\/www.lefigaro.fr\/international\/en-bolivie-la-police-depassee-par-le-trafic-d-adolescentes-20211018\" target=\"_blank\" rel=\"noreferrer noopener\">Campaignolle Alice, (18 octobre 2021), <em>En Bolivie, la police d\u00e9pass\u00e9e par le trafic d\u2019adolescentes<\/em>, Le Figaro, consult\u00e9 le 28 ao\u00fbt 2022.&nbsp;<\/a><\/p>\n\n\n\n<p class=\"has-small-font-size wp-block-paragraph\"><a href=\"https:\/\/www.caritas.ch\/fr\/ce-que-nous-faisons\/dans-le-monde\/migration\/bolivie-protection-et-perspectives-pour-des-enfants-sexuellement-exploites.html\" target=\"_blank\" rel=\"noreferrer noopener\">Caritas, <em>Protection et des perspectives pour les enfants qui ont \u00e9t\u00e9 victimes de traite, de violence et d\u2019exploitation sexuelle<\/em>, consult\u00e9 le 28 ao\u00fbt 2022.<\/a>&nbsp;<\/p>\n\n\n\n<p class=\"has-small-font-size wp-block-paragraph\"><a href=\"https:\/\/www.lemonde.fr\/international\/article\/2021\/12\/03\/en-bolivie-la-grande-marche-indigene-se-termine-dans-l-indifference_6104615_3210.html\" target=\"_blank\" rel=\"noreferrer noopener\">Chaparro Amanda, (3 d\u00e9cembre 2021),<em>Bolivie, la grande marche indig\u00e8ne se termine dans l\u2019indiff\u00e9rence<\/em>, Le Monde, consult\u00e9 le 28 ao\u00fbt 2022.&nbsp;<\/a><\/p>\n\n\n\n<p class=\"has-small-font-size wp-block-paragraph\"><a href=\"https:\/\/www.constituteproject.org\/constitution\/Bolivia_2009.pdf\" target=\"_blank\" rel=\"noreferrer noopener\">Constitution de l\u2019\u00c9tat Plurinational de Bolivie (2009), Oxford University Press, consult\u00e9 le 25 juin 2022.<\/a>&nbsp;<\/p>\n\n\n\n<p class=\"has-small-font-size wp-block-paragraph\"><a href=\"https:\/\/www.cidh.oas.org\/basicos\/french\/c.convention.htm\" target=\"_blank\" rel=\"noreferrer noopener\">Convention Am\u00e9ricaine des Droits de l\u2019Homme, (22 novembre 1969), Conf\u00e9rence sp\u00e9cialis\u00e9e interam\u00e9ricaine sur les droits de l\u2019homme, Costa Rica, consult\u00e9 le 28 ao\u00fbt 2022. <\/a>&nbsp;<\/p>\n\n\n\n<p class=\"has-small-font-size wp-block-paragraph\"><a href=\"https:\/\/www.lepoint.fr\/monde\/en-bolivie-les-enfants-pourront-travailler-legalement-des-l-age-de-10-ans-18-07-2014-1847321_24.php\" target=\"_blank\" rel=\"noreferrer noopener\">Desrayaud L\u00e9a, (18 juillet 2014), <em>En Bolivie, les enfants pourront travailler l\u00e9galement d\u00e8s l\u2019\u00e2ge de 10 ans<\/em>, Le Point, consult\u00e9 le 28 ao\u00fbt 2022.&nbsp;<\/a><\/p>\n\n\n\n<p class=\"has-small-font-size wp-block-paragraph\"><a href=\"https:\/\/www.ecolopop.info\/2011\/05\/la-bolivie-adopte-une-loi-de-la-terre-mere\/13358\" target=\"_blank\" rel=\"noreferrer noopener\">Ecolopop, (6 mai 2011), <em>La Bolivie adopte une loi de la terre m\u00e8re<\/em>, consult\u00e9 le 28 ao\u00fbt 2022.&nbsp;<\/a><\/p>\n\n\n\n<p class=\"has-small-font-size wp-block-paragraph\"><a href=\"https:\/\/www.fillespasepouses.org\/apprentissage-ressources\/atlas-du-mariage-des-enfants\/atlas\/bolivie\" target=\"_blank\" rel=\"noreferrer noopener\">Filles, pas \u00e9pouses, Atlas interactif du mariage des enfants, Bolivie, consult\u00e9 le 28 ao\u00fbt 2022.&nbsp;<\/a><\/p>\n\n\n\n<p class=\"has-small-font-size wp-block-paragraph\"><a href=\"https:\/\/www.francetvinfo.fr\/societe\/education\/bolivie-des-enfants-au-travail-une-realite-quotidienne_3038165.html\" target=\"_blank\" rel=\"noreferrer noopener\">Franceinfo, (16 novembre 2018), <em>Bolivie: des enfants au travail, une r\u00e9alit\u00e9 quotidienne<\/em>, 16 novembre 2018, consult\u00e9 le 28 ao\u00fbt 2022.&nbsp;<\/a><\/p>\n\n\n\n<p class=\"has-small-font-size wp-block-paragraph\"><a href=\"https:\/\/www.lemonde.fr\/planete\/article\/2021\/08\/24\/en-bolivie-des-zones-protegees-parties-en-fumee_6092180_3244.html\" target=\"_blank\" rel=\"noreferrer noopener\">Le Monde,(24 ao\u00fbt 2021), <em>En Bolivie, des zones prot\u00e9g\u00e9es parties en fum\u00e9e<\/em>, consult\u00e9 le 28 ao\u00fbt 2022.&nbsp;<\/a><\/p>\n\n\n\n<p class=\"has-small-font-size wp-block-paragraph\"><a href=\"https:\/\/landwise-production.s3.amazonaws.com\/2022\/03\/Bolivia_codigo-familias-del-proceso-familiar_SPANISH-1.pdf\" target=\"_blank\" rel=\"noreferrer noopener\">Ministerio de Justicia, Estado Plurinacional de Bolivia, C\u00f3digo de las familias y del proceso familiar, Loi n\u00b0603 du 19 novembre 2014, consult\u00e9 le 28 ao\u00fbt 2022.<\/a>&nbsp;&nbsp;<\/p>\n\n\n\n<p class=\"has-small-font-size wp-block-paragraph\">Ministerio de Justicia, Estado Plurinacional de Bolivia (janvier 2015), Plan plurinacional de prevenci\u00f3n de embarazos en adolescentes y j\u00f3venes, 2015-2020, La Paz, consult\u00e9 le 28 ao\u00fbt 2022.&nbsp;<\/p>\n\n\n\n<p class=\"has-small-font-size wp-block-paragraph\">OIT, (28 juillet 2014), <em>Pr\u00e9occupation de l\u2019OIT concernant la nouvelle loi en Bolivie sur le travail des enfants<\/em>, 28 juillet 2014, d\u00e9claration, consult\u00e9 le 28 ao\u00fbt 2022.&nbsp;<\/p>\n\n\n\n<p class=\"has-small-font-size wp-block-paragraph\"><a href=\"https:\/\/www.ilo.org\/wcmsp5\/groups\/public\/---ed_norm\/---relconf\/documents\/meetingdocument\/wcms_836650.pdf#page=56\" target=\"_blank\" rel=\"noreferrer noopener\">OIT, (2022) Application des normes internationales du travail, Rapport de la Commission d\u2019experts pour l\u2019application des conventions et recommandations, Conf\u00e9rence internationale du Travail, 110\u00e8me session, consult\u00e9 le 28 ao\u00fbt 2022.&nbsp;<\/a><\/p>\n\n\n\n<p class=\"has-small-font-size wp-block-paragraph\"><a href=\"https:\/\/tbinternet.ohchr.org\/_layouts\/15\/treatybodyexternal\/Download.aspx?symbolno=CCPR\/C\/BOL\/4&amp;Lang=fr\" target=\"_blank\" rel=\"noreferrer noopener\">ONU, (1<sup>er<\/sup> mars 2019), Quatri\u00e8me rapport p\u00e9riodique soumis par l\u2019\u00c9tat plurinational de Bolivie en application de l\u2019article 40 du Pacte, attendu en 2018, consult\u00e9 le 28 ao\u00fbt 2022.&nbsp;<\/a><\/p>\n\n\n\n<p class=\"has-small-font-size wp-block-paragraph\"><a href=\"https:\/\/www.ohchr.org\/fr\/press-releases\/2022\/03\/dialogue-bolivia-experts-human-rights-committee-welcome-training-courses\" target=\"_blank\" rel=\"noreferrer noopener\">ONU, (10 mars 2022), <em>Bolivie : pr\u00e9occup\u00e9 par les violences sexuelles et les cas de torture, le Comit\u00e9 des droits de l\u2019homme encourage les efforts de r\u00e9forme de la justice<\/em>, communiqu\u00e9 de presse,consult\u00e9 le 28 ao\u00fbt 2022.<\/a>&nbsp;<\/p>\n\n\n\n<p class=\"has-small-font-size wp-block-paragraph\"><a href=\"https:\/\/www.ohchr.org\/fr\/press-releases\/2021\/10\/dialogue-bolivia-committee-economic-social-and-cultural-rights-asks-about\" target=\"_blank\" rel=\"noreferrer noopener\">ONU,(6 octobre 2021), <em>Bolivie : Le Comit\u00e9 des droits \u00e9conomiques, sociaux et culturels se penche notamment sur des progr\u00e8s sociaux et \u00e9conomiques mais aussi des probl\u00e8mes tels que l\u2019importance du secteur informel de l\u2019\u00e9conomie<\/em>, communiqu\u00e9 de presse, consult\u00e9 le 28 ao\u00fbt 2022.<\/a>&nbsp;<\/p>\n\n\n\n<p class=\"has-small-font-size wp-block-paragraph\"><a href=\"https:\/\/www.rfi.fr\/fr\/podcasts\/grand-reportage\/20220811-traite-de-jeunes-filles-en-bolivie-des-adolescences-vol%25C3%25A9es\" target=\"_blank\" rel=\"noreferrer noopener\">RFI, (13 ao\u00fbt 2022), <em>Traite des jeunes filles en Bolivie, des adolescences vol\u00e9es<\/em>, consult\u00e9 le 28 ao\u00fbt 2022.&nbsp;<\/a><\/p>\n\n\n\n<p class=\"has-small-font-size wp-block-paragraph\"><a href=\"https:\/\/www.rfi.fr\/fr\/am%25C3%25A9riques\/20220201-bolivie-encore-une-rentr%25C3%25A9e-scolaire-perturb%25C3%25A9e-par-le-covid-19\" target=\"_blank\" rel=\"noreferrer noopener\">RFI, (1er f\u00e9vrier 2022), <em>Bolivie : encore une rentr\u00e9e scolaire perturb\u00e9e par le covid-19<\/em>, consult\u00e9 le 28 ao\u00fbt 2022.&nbsp;<\/a><\/p>\n\n\n\n<p class=\"has-small-font-size wp-block-paragraph\"><a href=\"https:\/\/www.rfi.fr\/fr\/am%25C3%25A9riques\/20220129-bolivie-la-pauvret%25C3%25A9-a-recul%25C3%25A9-en-2021-mais-la-baisse-demeure-relative\" target=\"_blank\" rel=\"noreferrer noopener\">RFI, (29 janvier 2022) <em>Bolivie : la pauvret\u00e9 a recul\u00e9 en 2021 mais la baisse demeure relative<\/em>, consult\u00e9 le 28 ao\u00fbt 2022. <\/a>&nbsp;<\/p>\n\n\n\n<p class=\"has-small-font-size wp-block-paragraph\"><a href=\"https:\/\/www.rfi.fr\/fr\/am%25C3%25A9riques\/20200720-%25C3%25A0-la-une-en-bolivie-syst%25C3%25A8me-sant%25C3%25A9-bord-leffondrement\" target=\"_blank\" rel=\"noreferrer noopener\">RFI, (20 juillet 2020), <em>A la une : en Bolivie, un syst\u00e8me de sant\u00e9 au bord de l\u2019effondrement<\/em>, consult\u00e9 le 28 ao\u00fbt 2022.&nbsp;<\/a><\/p>\n\n\n\n<p class=\"has-small-font-size wp-block-paragraph\"><a href=\"https:\/\/fr.unesco.org\/covid19\/educationresponse\" target=\"_blank\" rel=\"noreferrer noopener\">Unesco, <em>\u00c9ducation : De la fermeture des \u00e9tablissements scolaires \u00e0 la reprise<\/em>, site internet unesco, consult\u00e9 le 28 ao\u00fbt 2022.&nbsp;<\/a><\/p>\n\n\n\n<p class=\"has-small-font-size wp-block-paragraph\"><a href=\"https:\/\/www.unicef.org\/bolivia\/comunicados-prensa\/unicef-llama-proteger-la-ni%25C3%25B1ez-contra-toda-forma-de-violencia\" target=\"_blank\" rel=\"noreferrer noopener\">Unicef, (10 juin 2022), <em>L\u2019Unicef appelle \u00e0 prot\u00e9ger les enfants contre toutes les formes de violences<\/em>, La Paz, consult\u00e9 le 28 ao\u00fbt 2022.<\/a> <a href=\"https:\/\/www.unicef.org\/bolivia\/comunicados-prensa\/unicef-llama-proteger-la-ni%252596ez-contra-toda-forma-de-violencia\">&nbsp;<\/a><\/p>\n\n\n\n<p class=\"has-small-font-size wp-block-paragraph\"><a href=\"https:\/\/www.unicef.org\/bolivia\/comunicados-prensa\/ocho-de-cada-10-adolescentes-pasan-angustia-depresi%25C3%25B3n-y-ansiedad-pero-no-buscan\" target=\"_blank\" rel=\"noreferrer noopener\">Unicef, (20 janvier 2022), <em>Ocho de cada 10 adolescentes pasan agustia depresion y ansiedad pero no bu<\/em>scan, La Paz, Bolivia, consult\u00e9 le 28 ao\u00fbt 2022.&nbsp;<\/a><\/p>\n\n\n\n<p class=\"has-small-font-size wp-block-paragraph\"><a href=\"https:\/\/www.unicef.fr\/article\/avec-le-soutien-de-l-occitane-et-sa-fondation-unicef-continue-de-prevenir-la-cecite\" target=\"_blank\" rel=\"noreferrer noopener\">Unicef, (7 juillet 2020), <em>Avec le soutien de l\u2019occitane et sa fondation, Unicef continue de pr\u00e9venir la c\u00e9cit\u00e9 infantile en 2020<\/em>, consult\u00e9 le 28 ao\u00fbt 2022.<\/a><\/p>\n\n\n\n<p class=\"has-small-font-size wp-block-paragraph\"><a href=\"https:\/\/www.unicef.ch\/en\/media\/1021\/download\" target=\"_blank\" rel=\"noreferrer noopener\">Unicef, (2019)Rapport interm\u00e9diaire parrainage de projet, <em>En Bolivie, la malnutrition est un double fardeau pour les enfants<\/em>, Comit\u00e9 pour l\u2019Unicef Suisse et Liechtenstein, consult\u00e9 le 28 ao\u00fbt 2022.<\/a><\/p>\n\n\n\n<hr class=\"wp-block-separator has-alpha-channel-opacity\"\/>\n\n\n\n<p class=\"has-small-font-size wp-block-paragraph\"><a href=\"#_ftnref1\">[1]<\/a> Cet article ne pr\u00e9tend en aucun cas donner un compte rendu complet ou repr\u00e9sentatif des droits de l\u2019enfant en Bolivie. En effet, l\u2019une des principales difficult\u00e9s est due au peu d\u2019informations mises \u00e0 jour sur les enfants en Bolivie, dont la plupart n\u2019est ni fiable, ni repr\u00e9sentative, obsol\u00e8te ou simplement inexistante.<\/p>\n","protected":false},"excerpt":{"rendered":"<p>Concr\u00e9tiser les droits de l&rsquo;enfant en Bolivie L\u2019\u00c9tat plurinational de Bolivie a ratifi\u00e9 la Convention des Nations Unies relative aux droits de l\u2019enfant de 1989 (CNUDE, 1989). Le pays a \u00e9galement ratifi\u00e9 les Protocoles facultatifs de la CNUDE concernant l\u2019implication d\u2019enfants dans les conflits arm\u00e9s, la vente d\u2019enfants, la prostitution des enfants et la pornographie [&hellip;]<\/p>\n","protected":false},"author":65,"featured_media":0,"parent":0,"menu_order":0,"comment_status":"closed","ping_status":"closed","template":"","meta":{"footnotes":""},"class_list":["post-10201","page","type-page","status-publish","hentry"],"yoast_head":"<!-- This site is optimized with the Yoast SEO plugin v28.3 - https:\/\/yoast.com\/product\/yoast-seo-wordpress\/ -->\n<title>Enfants de Bolivie - Humanium<\/title>\n<meta name=\"description\" content=\"Le statut des droits de l\u2019enfant reste insuffisamment prot\u00e9g\u00e9 en Bolivie o\u00f9 le travail des enfants, la violence et la pauvret\u00e9 sont des d\u00e9fis majeurs.\" \/>\n<meta name=\"robots\" content=\"index, follow, max-snippet:-1, max-image-preview:large, max-video-preview:-1\" \/>\n<link rel=\"canonical\" href=\"https:\/\/www.humanium.org\/fr\/bolivie\/\" \/>\n<meta property=\"og:locale\" content=\"fr_FR\" \/>\n<meta property=\"og:type\" content=\"article\" \/>\n<meta property=\"og:title\" content=\"Enfants de Bolivie - Humanium\" \/>\n<meta property=\"og:description\" content=\"Le statut des droits de l\u2019enfant reste insuffisamment prot\u00e9g\u00e9 en Bolivie o\u00f9 le travail des enfants, la violence et la pauvret\u00e9 sont des d\u00e9fis majeurs.\" \/>\n<meta property=\"og:url\" content=\"https:\/\/www.humanium.org\/fr\/bolivie\/\" \/>\n<meta property=\"og:site_name\" content=\"Humanium\" \/>\n<meta property=\"article:modified_time\" content=\"2025-12-10T02:43:17+00:00\" \/>\n<meta property=\"og:image\" content=\"https:\/\/www.humanium.org\/fr\/wp-content\/uploads\/2023\/10\/Shutterstock_2344964283.jpg\" \/>\n\t<meta property=\"og:image:width\" content=\"400\" \/>\n\t<meta property=\"og:image:height\" content=\"400\" \/>\n\t<meta property=\"og:image:type\" content=\"image\/jpeg\" \/>\n<meta name=\"twitter:card\" content=\"summary_large_image\" \/>\n<meta name=\"twitter:label1\" content=\"Dur\u00e9e de lecture estim\u00e9e\" \/>\n\t<meta name=\"twitter:data1\" content=\"24 minutes\" \/>\n<script type=\"application\/ld+json\" class=\"yoast-schema-graph\">{\"@context\":\"https:\\\/\\\/schema.org\",\"@graph\":[{\"@type\":\"WebPage\",\"@id\":\"https:\\\/\\\/www.humanium.org\\\/fr\\\/bolivie\\\/\",\"url\":\"https:\\\/\\\/www.humanium.org\\\/fr\\\/bolivie\\\/\",\"name\":\"Enfants de Bolivie - Humanium\",\"isPartOf\":{\"@id\":\"https:\\\/\\\/www.humanium.org\\\/fr\\\/#website\"},\"primaryImageOfPage\":{\"@id\":\"https:\\\/\\\/www.humanium.org\\\/fr\\\/bolivie\\\/#primaryimage\"},\"image\":{\"@id\":\"https:\\\/\\\/www.humanium.org\\\/fr\\\/bolivie\\\/#primaryimage\"},\"thumbnailUrl\":\"https:\\\/\\\/www.humanium.org\\\/fr\\\/wp-content\\\/uploads\\\/2023\\\/10\\\/Shutterstock_2344964283.jpg\",\"datePublished\":\"2011-11-06T18:00:58+00:00\",\"dateModified\":\"2025-12-10T02:43:17+00:00\",\"description\":\"Le statut des droits de l\u2019enfant reste insuffisamment prot\u00e9g\u00e9 en Bolivie o\u00f9 le travail des enfants, la violence et la pauvret\u00e9 sont des d\u00e9fis majeurs.\",\"breadcrumb\":{\"@id\":\"https:\\\/\\\/www.humanium.org\\\/fr\\\/bolivie\\\/#breadcrumb\"},\"inLanguage\":\"fr-FR\",\"potentialAction\":[{\"@type\":\"ReadAction\",\"target\":[\"https:\\\/\\\/www.humanium.org\\\/fr\\\/bolivie\\\/\"]}]},{\"@type\":\"ImageObject\",\"inLanguage\":\"fr-FR\",\"@id\":\"https:\\\/\\\/www.humanium.org\\\/fr\\\/bolivie\\\/#primaryimage\",\"url\":\"https:\\\/\\\/www.humanium.org\\\/fr\\\/wp-content\\\/uploads\\\/2023\\\/10\\\/Shutterstock_2344964283.jpg\",\"contentUrl\":\"https:\\\/\\\/www.humanium.org\\\/fr\\\/wp-content\\\/uploads\\\/2023\\\/10\\\/Shutterstock_2344964283.jpg\",\"width\":400,\"height\":400},{\"@type\":\"BreadcrumbList\",\"@id\":\"https:\\\/\\\/www.humanium.org\\\/fr\\\/bolivie\\\/#breadcrumb\",\"itemListElement\":[{\"@type\":\"ListItem\",\"position\":1,\"name\":\"Home\",\"item\":\"https:\\\/\\\/www.humanium.org\\\/fr\\\/\"},{\"@type\":\"ListItem\",\"position\":2,\"name\":\"Enfants de Bolivie\"}]},{\"@type\":\"WebSite\",\"@id\":\"https:\\\/\\\/www.humanium.org\\\/fr\\\/#website\",\"url\":\"https:\\\/\\\/www.humanium.org\\\/fr\\\/\",\"name\":\"Humanium\",\"description\":\"Les enfants d\u2019abord !\",\"potentialAction\":[{\"@type\":\"SearchAction\",\"target\":{\"@type\":\"EntryPoint\",\"urlTemplate\":\"https:\\\/\\\/www.humanium.org\\\/fr\\\/?s={search_term_string}\"},\"query-input\":{\"@type\":\"PropertyValueSpecification\",\"valueRequired\":true,\"valueName\":\"search_term_string\"}}],\"inLanguage\":\"fr-FR\"}]}<\/script>\n<!-- \/ Yoast SEO plugin. -->","yoast_head_json":{"title":"Enfants de Bolivie - Humanium","description":"Le statut des droits de l\u2019enfant reste insuffisamment prot\u00e9g\u00e9 en Bolivie o\u00f9 le travail des enfants, la violence et la pauvret\u00e9 sont des d\u00e9fis majeurs.","robots":{"index":"index","follow":"follow","max-snippet":"max-snippet:-1","max-image-preview":"max-image-preview:large","max-video-preview":"max-video-preview:-1"},"canonical":"https:\/\/www.humanium.org\/fr\/bolivie\/","og_locale":"fr_FR","og_type":"article","og_title":"Enfants de Bolivie - Humanium","og_description":"Le statut des droits de l\u2019enfant reste insuffisamment prot\u00e9g\u00e9 en Bolivie o\u00f9 le travail des enfants, la violence et la pauvret\u00e9 sont des d\u00e9fis majeurs.","og_url":"https:\/\/www.humanium.org\/fr\/bolivie\/","og_site_name":"Humanium","article_modified_time":"2025-12-10T02:43:17+00:00","og_image":[{"width":400,"height":400,"url":"https:\/\/www.humanium.org\/fr\/wp-content\/uploads\/2023\/10\/Shutterstock_2344964283.jpg","type":"image\/jpeg"}],"twitter_card":"summary_large_image","twitter_misc":{"Dur\u00e9e de lecture estim\u00e9e":"24 minutes"},"schema":{"@context":"https:\/\/schema.org","@graph":[{"@type":"WebPage","@id":"https:\/\/www.humanium.org\/fr\/bolivie\/","url":"https:\/\/www.humanium.org\/fr\/bolivie\/","name":"Enfants de Bolivie - Humanium","isPartOf":{"@id":"https:\/\/www.humanium.org\/fr\/#website"},"primaryImageOfPage":{"@id":"https:\/\/www.humanium.org\/fr\/bolivie\/#primaryimage"},"image":{"@id":"https:\/\/www.humanium.org\/fr\/bolivie\/#primaryimage"},"thumbnailUrl":"https:\/\/www.humanium.org\/fr\/wp-content\/uploads\/2023\/10\/Shutterstock_2344964283.jpg","datePublished":"2011-11-06T18:00:58+00:00","dateModified":"2025-12-10T02:43:17+00:00","description":"Le statut des droits de l\u2019enfant reste insuffisamment prot\u00e9g\u00e9 en Bolivie o\u00f9 le travail des enfants, la violence et la pauvret\u00e9 sont des d\u00e9fis majeurs.","breadcrumb":{"@id":"https:\/\/www.humanium.org\/fr\/bolivie\/#breadcrumb"},"inLanguage":"fr-FR","potentialAction":[{"@type":"ReadAction","target":["https:\/\/www.humanium.org\/fr\/bolivie\/"]}]},{"@type":"ImageObject","inLanguage":"fr-FR","@id":"https:\/\/www.humanium.org\/fr\/bolivie\/#primaryimage","url":"https:\/\/www.humanium.org\/fr\/wp-content\/uploads\/2023\/10\/Shutterstock_2344964283.jpg","contentUrl":"https:\/\/www.humanium.org\/fr\/wp-content\/uploads\/2023\/10\/Shutterstock_2344964283.jpg","width":400,"height":400},{"@type":"BreadcrumbList","@id":"https:\/\/www.humanium.org\/fr\/bolivie\/#breadcrumb","itemListElement":[{"@type":"ListItem","position":1,"name":"Home","item":"https:\/\/www.humanium.org\/fr\/"},{"@type":"ListItem","position":2,"name":"Enfants de Bolivie"}]},{"@type":"WebSite","@id":"https:\/\/www.humanium.org\/fr\/#website","url":"https:\/\/www.humanium.org\/fr\/","name":"Humanium","description":"Les enfants d\u2019abord !","potentialAction":[{"@type":"SearchAction","target":{"@type":"EntryPoint","urlTemplate":"https:\/\/www.humanium.org\/fr\/?s={search_term_string}"},"query-input":{"@type":"PropertyValueSpecification","valueRequired":true,"valueName":"search_term_string"}}],"inLanguage":"fr-FR"}]}},"_links":{"self":[{"href":"https:\/\/www.humanium.org\/fr\/wp-json\/wp\/v2\/pages\/10201","targetHints":{"allow":["GET"]}}],"collection":[{"href":"https:\/\/www.humanium.org\/fr\/wp-json\/wp\/v2\/pages"}],"about":[{"href":"https:\/\/www.humanium.org\/fr\/wp-json\/wp\/v2\/types\/page"}],"author":[{"embeddable":true,"href":"https:\/\/www.humanium.org\/fr\/wp-json\/wp\/v2\/users\/65"}],"replies":[{"embeddable":true,"href":"https:\/\/www.humanium.org\/fr\/wp-json\/wp\/v2\/comments?post=10201"}],"version-history":[{"count":22,"href":"https:\/\/www.humanium.org\/fr\/wp-json\/wp\/v2\/pages\/10201\/revisions"}],"predecessor-version":[{"id":61004,"href":"https:\/\/www.humanium.org\/fr\/wp-json\/wp\/v2\/pages\/10201\/revisions\/61004"}],"wp:attachment":[{"href":"https:\/\/www.humanium.org\/fr\/wp-json\/wp\/v2\/media?parent=10201"}],"curies":[{"name":"wp","href":"https:\/\/api.w.org\/{rel}","templated":true}]}}