{"id":10308,"date":"2011-11-06T18:00:03","date_gmt":"2011-11-06T18:00:03","guid":{"rendered":"http:\/\/www.humanium.org\/fr\/?page_id=10308"},"modified":"2025-12-05T13:06:49","modified_gmt":"2025-12-05T13:06:49","slug":"cameroun","status":"publish","type":"page","link":"https:\/\/www.humanium.org\/fr\/cameroun\/","title":{"rendered":"Enfants du Cameroun"},"content":{"rendered":"\n<h2 class=\"wp-block-heading\"><strong>Concr\u00e9tiser les droits de l\u2019enfant au Cameroun&nbsp;<\/strong><\/h2>\n\n\n\n<div class=\"wp-block-columns is-layout-flex wp-container-core-columns-is-layout-8f761849 wp-block-columns-is-layout-flex\">\n<div class=\"wp-block-column is-layout-flow wp-block-column-is-layout-flow\"><div class=\"wp-block-image is-style-rounded\">\n<figure class=\"aligncenter size-full\"><img loading=\"lazy\" decoding=\"async\" width=\"200\" height=\"200\" src=\"https:\/\/www.humanium.org\/fr\/wp-content\/uploads\/2022\/02\/shutterstock_1131599711.jpg\" alt=\"\" class=\"wp-image-51625\" srcset=\"https:\/\/www.humanium.org\/fr\/wp-content\/uploads\/2022\/02\/shutterstock_1131599711.jpg 200w, https:\/\/www.humanium.org\/fr\/wp-content\/uploads\/2022\/02\/shutterstock_1131599711-150x150.jpg 150w\" sizes=\"auto, (max-width: 200px) 100vw, 200px\" \/><\/figure>\n<\/div><\/div>\n\n\n\n<div class=\"wp-block-column is-layout-flow wp-block-column-is-layout-flow\"><div class=\"wp-block-image is-style-rounded\">\n<figure class=\"aligncenter size-full\"><img loading=\"lazy\" decoding=\"async\" width=\"200\" height=\"200\" src=\"https:\/\/www.humanium.org\/fr\/wp-content\/uploads\/2022\/02\/shutterstock_388346398.jpg\" alt=\"\" class=\"wp-image-51626\" srcset=\"https:\/\/www.humanium.org\/fr\/wp-content\/uploads\/2022\/02\/shutterstock_388346398.jpg 200w, https:\/\/www.humanium.org\/fr\/wp-content\/uploads\/2022\/02\/shutterstock_388346398-150x150.jpg 150w\" sizes=\"auto, (max-width: 200px) 100vw, 200px\" \/><\/figure>\n<\/div><\/div>\n<\/div>\n\n\n\n<p class=\"wp-block-paragraph\"><strong>Le Cameroun a sign\u00e9 le 27 octobre 1990 et ratifi\u00e9 le 11 janvier 1993 la <\/strong><a href=\"https:\/\/www.humanium.org\/fr\/convention\/\"><strong>Convention des Droits de l\u2019Enfant<\/strong><\/a><strong>. Cette ratification marque la volont\u00e9 et l\u2019engament des autorit\u00e9s afin de cr\u00e9er un environnement propice et favorable au plein d\u00e9veloppement de chaque enfant. Le Cameroun, malgr\u00e9 cette volont\u00e9 affirm\u00e9e, fait face \u00e0 des d\u00e9fis d\u2019ordre s\u00e9curitaire, \u00e9conomique et culturel qui entravent la mise en \u0153uvre des droits de l\u2019enfant.<\/strong><\/p>\n\n\n\n<iframe src=\"https:\/\/www.google.com\/maps\/embed?pb=!1m18!1m12!1m3!1d8104058.742277834!2d7.795927590312089!3d7.347167225820029!2m3!1f0!2f0!3f0!3m2!1i1024!2i768!4f13.1!3m3!1m2!1s0x10613753703e0f21%3A0x2b03c44599829b53!2sCameroon!5e0!3m2!1sen!2sin!4v1644039436869!5m2!1sen!2sin\" width=\"600\" height=\"450\" style=\"border:0;\" allowfullscreen=\"\" loading=\"lazy\"><\/iframe>\n\n\n\n<div class=\"wp-block-columns is-layout-flex wp-container-core-columns-is-layout-8f761849 wp-block-columns-is-layout-flex\">\n<div class=\"wp-block-column is-layout-flow wp-block-column-is-layout-flow\">\n<p class=\"wp-block-paragraph\"><strong>Population :<\/strong> 25.9 millions<br><strong>Pop. de 0 \u00e0 14 ans :<\/strong> 42.1 %<\/p>\n<\/div>\n\n\n\n<div class=\"wp-block-column is-layout-flow wp-block-column-is-layout-flow\">\n<p class=\"wp-block-paragraph\"><strong>Esp\u00e9rance de vie :<\/strong> 59.29 ans<br><strong>Mortalit\u00e9 des moins de 5 ans :<\/strong>&nbsp;82.57 \u2030<\/p>\n<\/div>\n<\/div>\n\n\n\n<h2 class=\"wp-block-heading\"><strong>Le Cameroun \u00e0 premi\u00e8re vue&nbsp;<\/strong><\/h2>\n\n\n\n<p class=\"wp-block-paragraph\">La R\u00e9publique du Cameroun est un pays situ\u00e9 en Afrique Centrale au fond du golfe de Guin\u00e9e. Le&nbsp;Cameroun est constitu\u00e9 de plusieurs villes dont Yaound\u00e9 la capitale politique, Douala la capitale \u00e9conomique, Bafoussam, Garoua, Maroua. D\u2019une superficie de 475 442 km\u00b2, le Cameroun est limit\u00e9 au Nord par le Tchad, \u00e0 l\u2019Est par la R\u00e9publique Centrafricaine, au Sud par le Congo, le Gabon et la Guin\u00e9e \u00c9quatoriale, et \u00e0 l\u2019Ouest par le Nigeria (Pr\u00e9sidence de la R\u00e9publique du Cameroun, s.d.).&nbsp;<\/p>\n\n\n\n<p class=\"wp-block-paragraph\">Avec une population de 25.9 millions d\u2019habitants (Minist\u00e8re de l&rsquo;Europe et des Affaires \u00c9trang\u00e8res, 2021), le Cameroun est un pays fortement marqu\u00e9 par sa diversit\u00e9.&nbsp; Il abrite 240 ethnies&nbsp; r\u00e9parties en trois grands groupes (Bantous, Semi-Bantous, Soudanais) et correspond \u00e0 240 langues nationales (Pr\u00e9sidence de la R\u00e9publique du Cameroun, s.d.).&nbsp;<\/p>\n\n\n\n<p class=\"wp-block-paragraph\">Sur le&nbsp; plan politique, notamment la politique int\u00e9rieur, le Rassemblement d\u00e9mocratique du peuple camerounais (RDPC), le parti du Pr\u00e9sident Paul Biya, est au pouvoir depuis 1982 et a largement remport\u00e9 les derniers scrutins \u00e9lectoraux. Le Pr\u00e9sident Biya a \u00e9t\u00e9 reconduit dans ses fonctions lors de l&rsquo;\u00e9lection pr\u00e9sidentielle du 7 octobre 2018, o\u00f9 il a remport\u00e9 71,28 % des suffrages exprim\u00e9s (Minist\u00e8re de l&rsquo;Europe et des Affaires \u00c9trang\u00e8res, 2021).&nbsp;<\/p>\n\n\n\n<p class=\"wp-block-paragraph\">En ce qui concerne la politique \u00e9trang\u00e8re, le Cameroun est confront\u00e9 ces&nbsp; derni\u00e8res ann\u00e9es aux attaques du groupe Boko Haram dans l\u2019Extr\u00eame Nord et \u00e0 un mouvement s\u00e9paratiste dans les r\u00e9gions anglophones. Ces attaques ont conduit les autorit\u00e9s camerounaises \u00e0 renforcer la pr\u00e9sence militaire dans le Nord du pays. Membre de la Commission du bassin du lac Tchad, le Cameroun a particip\u00e9 au sommet de Paris pour la s\u00e9curit\u00e9 au Nig\u00e9ria en mai 2014. L\u2019action des forces arm\u00e9es camerounaises, ainsi que la mise en place en 2016 d\u2019une Force multinationale mixte par les pays de la r\u00e9gion (Nig\u00e9ria, Tchad, Cameroun, Niger, B\u00e9nin), ont contribu\u00e9 \u00e0 r\u00e9duire la pression exerc\u00e9e par Boko Haram, mais la menace reste active (Minist\u00e8re de l&rsquo;Europe et des Affaires \u00c9trang\u00e8res , 2021).<\/p>\n\n\n\n<p class=\"wp-block-paragraph\">Malgr\u00e9 la stabilit\u00e9 et le progr\u00e8s au niveau national, le Cameroun est \u00e9galement confront\u00e9 \u00e0 des \u00e9carts sociaux, et des difficult\u00e9s en mati\u00e8re d\u2019inclusion sociale (Groupe Banque mondiale, 2021). En outre, le taux de mortalit\u00e9 infantile relativement \u00e9lev\u00e9, le <a href=\"https:\/\/www.humanium.org\/fr\/mariage-enfants\/\">mariage des mineurs<\/a>, et <a href=\"https:\/\/www.humanium.org\/fr\/situation-monde\/droit-a-l-identite\/\">l\u2019enregistrement des naissances<\/a> (OHCHR, 2017) sont quelques-uns des d\u00e9fis auxquels le Cameroun doit faire en vue de r\u00e9aliser et garantir les droits des enfants conform\u00e9ment \u00e0 ses engagements internationaux.&nbsp; &nbsp;<\/p>\n\n\n\n<h2 class=\"wp-block-heading\"><strong><strong>Status des droits des enfants<u><a href=\"#_ftn1\"><sup><strong><u><sup>[1]<\/sup><\/u><\/strong><\/sup><\/a><\/u><\/strong><\/strong><\/h2>\n\n\n\n<p class=\"wp-block-paragraph\">Selon l\u2019UNICEF, 4.4 millions de personnes, dont 2.2 millions sont des enfants, ont besoin d&rsquo;une aide humanitaire en raison de crises permanentes et prolong\u00e9es li\u00e9es \u00e0 des conflits, des d\u00e9placements et des \u00e9pid\u00e9mies p\u00e9riodiques (UNICEF, 2021). <\/p>\n\n\n<div class=\"wp-block-image\">\n<figure class=\"alignleft size-large is-resized\"><img loading=\"lazy\" decoding=\"async\" width=\"1024\" height=\"683\" src=\"https:\/\/www.humanium.org\/fr\/wp-content\/uploads\/2022\/02\/shutterstock_387282325-1024x683.jpg\" alt=\"\" class=\"wp-image-51627\" style=\"width:384px;height:256px\" srcset=\"https:\/\/www.humanium.org\/fr\/wp-content\/uploads\/2022\/02\/shutterstock_387282325-1024x683.jpg 1024w, https:\/\/www.humanium.org\/fr\/wp-content\/uploads\/2022\/02\/shutterstock_387282325-300x200.jpg 300w, https:\/\/www.humanium.org\/fr\/wp-content\/uploads\/2022\/02\/shutterstock_387282325-768x512.jpg 768w, https:\/\/www.humanium.org\/fr\/wp-content\/uploads\/2022\/02\/shutterstock_387282325-1536x1024.jpg 1536w, https:\/\/www.humanium.org\/fr\/wp-content\/uploads\/2022\/02\/shutterstock_387282325-2048x1365.jpg 2048w, https:\/\/www.humanium.org\/fr\/wp-content\/uploads\/2022\/02\/shutterstock_387282325-830x553.jpg 830w, https:\/\/www.humanium.org\/fr\/wp-content\/uploads\/2022\/02\/shutterstock_387282325-230x153.jpg 230w, https:\/\/www.humanium.org\/fr\/wp-content\/uploads\/2022\/02\/shutterstock_387282325-350x233.jpg 350w, https:\/\/www.humanium.org\/fr\/wp-content\/uploads\/2022\/02\/shutterstock_387282325-480x320.jpg 480w, https:\/\/www.humanium.org\/fr\/wp-content\/uploads\/2022\/02\/shutterstock_387282325-272x182.jpg 272w\" sizes=\"auto, (max-width: 1024px) 100vw, 1024px\" \/><\/figure>\n<\/div>\n\n\n<p class=\"wp-block-paragraph\">La situation humanitaire au Cameroun reste donc pr\u00e9occupante. Le Cameroun est affect\u00e9 par trois situations humanitaires complexes et simultan\u00e9es : la violence de Boko Haram dans la r\u00e9gion de l&rsquo;Extr\u00eame-Nord ; l&rsquo;afflux de r\u00e9fugi\u00e9s de la R\u00e9publique centrafricaine dans les r\u00e9gions de l&rsquo;Est (Adamawa, Nord et Est) ; la violence dans les r\u00e9gions du Nord-Ouest et du Sud-Ouest avec des retomb\u00e9es dans les r\u00e9gions de l&rsquo;Ouest et du Littoral (Child protection Global protection cluster, s.d.).&nbsp;<\/p>\n\n\n\n<p class=\"wp-block-paragraph\">Par ailleurs, le Cameroun fait face \u00e0 certains d\u00e9fis cl\u00e9s,&nbsp; notamment l\u2019enregistrement des naissances, les violences contre les enfants, le mariage des enfants, <a href=\"https:\/\/www.humanium.org\/fr\/exploitation\/\">l\u2019exploitation \u00e9conomique des enfants<\/a> (OHCHR, 2017) et <a href=\"https:\/\/www.humanium.org\/en\/right-to-education\/\">l\u2019acc\u00e8s \u00e0 l\u2019\u00e9ducation<\/a> (Cameroon Education Cluster, 2020). Ces d\u00e9fis repr\u00e9sentent un enjeu majeur dans la garantie des droits des enfants et la cr\u00e9ation d\u2019un environnement&nbsp; favorable \u00e0 leur d\u00e9veloppement et \u00e0 leur plein \u00e9panouissement.<\/p>\n\n\n\n<h2 class=\"wp-block-heading\"><strong>R\u00e9pondre aux besoins des enfants<\/strong><\/h2>\n\n\n\n<h3 class=\"wp-block-heading\"><strong>Droit \u00e0 la sant\u00e9&nbsp;<\/strong><\/h3>\n\n\n\n<p class=\"wp-block-paragraph\">Au Cameroun, les enfants ont <a href=\"https:\/\/www.humanium.org\/fr\/comprendre-droits-enfant\/droit-a-la-sante\/\">droit \u00e0 la sant\u00e9<\/a> et aux services de sant\u00e9. L&rsquo;article 24 de la CDE stipule que l&rsquo;enfant a le droit de jouir du meilleur \u00e9tat de sant\u00e9 possible et de b\u00e9n\u00e9ficier des services n\u00e9cessaires au&nbsp; traitement des maladies. L&rsquo;article 14 (1) et (2) de la Charte africaine des droits et du bien-\u00eatre de l\u2019enfant affirme le m\u00eame r\u00f4le, \u00e0 savoir prot\u00e9ger le droit de l&rsquo;enfant \u00e0 la sant\u00e9. L&rsquo;\u00c9tat a fait des efforts pour prot\u00e9ger le droit de l&rsquo;enfant \u00e0 la sant\u00e9 en ratifiant d&rsquo;autres instruments. Le Cameroun est partie prenante de la D\u00e9claration d&rsquo;Alma Ata de 1978 et adh\u00e8re ainsi \u00e0 l&rsquo;id\u00e9al des soins m\u00e9dicaux primaires (Ekwen, 2015).<\/p>\n\n\n\n<p class=\"wp-block-paragraph\">Malgr\u00e9 ces efforts, le secteur de la sant\u00e9 est toujours confront\u00e9 \u00e0 de nombreux probl\u00e8mes. La <a href=\"https:\/\/www.humanium.org\/fr\/mortalite-infantile\/\">mortalit\u00e9 infantile<\/a> reste relativement \u00e9lev\u00e9e, affichant un taux de 75\u2030 pour les enfants \u00e2g\u00e9s de moins de 5 ans et de 50\u2030 en g\u00e9n\u00e9ral (UNICEF, 2019).&nbsp;<\/p>\n\n\n\n<p class=\"wp-block-paragraph\">Par ailleurs, les enfants du Cameroun n\u2019\u00e9chappent pas \u00e0 certaines maladies qui affectent grandement les enfants issus des pays d\u00e9favoris\u00e9s,&nbsp; comme le paludisme et la diarrh\u00e9e. Le paludisme continue d\u2019avoir un impact d\u00e9vastateur sur la sant\u00e9 des enfants et les moyens de subsistance des populations (Institut National de la Statistique, Minist\u00e8re de la Sant\u00e9 Publique, 2018). \u00c0 cet effet, 32% des consultations&nbsp; chez les enfants de moins de 5 ans et 21% des consultations chez les femmes enceintes sont dues au paludisme (Institut National de la Statistique, Minist\u00e8re de la Sant\u00e9 Publique, 2018). <\/p>\n\n\n\n<p class=\"wp-block-paragraph\">En outre, 45% des hospitalisations et 12 % des d\u00e9c\u00e8s dans les \u00e9tablissements de sant\u00e9 au Cameroun sont dus au paludisme (Institut National de la Statistique, Minist\u00e8re de la Sant\u00e9 Publique, 2018). L&rsquo;impact n\u00e9gatif de la diarrh\u00e9e dans le pays n&rsquo;est pas n\u00e9gligeable. Cette maladie affecte 5% des enfants de moins de 6 ans, 20% des enfants de 6 \u00e0 11 ans et&nbsp; 21% des enfants de 12 \u00e0 23 ans.&nbsp; Garantir le droit \u00e0 la sant\u00e9 des enfants surtout ceux qui constituent un segment particuli\u00e8rement vuln\u00e9rable de la population, est un d\u00e9fi majeur pour les autorit\u00e9s camerounaises. &nbsp;<\/p>\n\n\n\n<h3 class=\"wp-block-heading\"><strong>Droit \u00e0 l\u2019\u00e9ducation&nbsp;<\/strong><\/h3>\n\n\n\n<p class=\"wp-block-paragraph\">\u00c0 l\u2019instar du reste du continent, le syst\u00e8me \u00e9ducatif du Cameroun a obtenu des r\u00e9sultats impressionnants depuis la fin de l&rsquo;\u00e8re coloniale, en augmentant les taux d&rsquo;alphab\u00e9tisation et en offrant un enseignement \u00e9l\u00e9mentaire gratuit \u00e0 la quasi-totalit\u00e9 de sa population jeune en pleine croissance. Mais malgr\u00e9 cela, des probl\u00e8mes subsistent. Le manque d&rsquo;\u00e9ducation de qualit\u00e9 et la corruption continuent d&rsquo;affecter la plupart des niveaux du syst\u00e8me, tandis que l&rsquo;acc\u00e8s \u00e0 l&rsquo;enseignement secondaire et sup\u00e9rieur reste hors de port\u00e9e pour de nombreuses communaut\u00e9s parmi les plus pauvres du pays (Fallwickl, McNally, &amp; Mackie, 2021).&nbsp;<\/p>\n\n\n\n<p class=\"wp-block-paragraph\">Au Cameroun, l&rsquo;assistance sociale dans le secteur de <a href=\"https:\/\/www.humanium.org\/fr\/comprendre-droits-enfant\/droit-a-l-education\/\">l&rsquo;\u00e9ducation<\/a> est limit\u00e9e aux param\u00e8tres de certains b\u00e9n\u00e9ficiaires (par exemple, les fonctionnaires, les \u00e9tudiants qui se distinguent sur le plan acad\u00e9mique, les enfants de parents handicap\u00e9s, etc.), et\/ou aux travailleurs de l&rsquo;\u00e9conomie formelle, et sans couverture particuli\u00e8re pour les pauvres, les orphelins et les individus en dehors de la structure \u00e9conomique formelle.&nbsp;<\/p>\n\n\n<div class=\"wp-block-image\">\n<figure class=\"alignright size-large is-resized\"><img loading=\"lazy\" decoding=\"async\" width=\"1024\" height=\"683\" src=\"https:\/\/www.humanium.org\/fr\/wp-content\/uploads\/2022\/02\/shutterstock_385411096-1024x683.jpg\" alt=\"\" class=\"wp-image-51628\" style=\"width:375px;height:250px\" srcset=\"https:\/\/www.humanium.org\/fr\/wp-content\/uploads\/2022\/02\/shutterstock_385411096-1024x683.jpg 1024w, https:\/\/www.humanium.org\/fr\/wp-content\/uploads\/2022\/02\/shutterstock_385411096-300x200.jpg 300w, https:\/\/www.humanium.org\/fr\/wp-content\/uploads\/2022\/02\/shutterstock_385411096-768x512.jpg 768w, https:\/\/www.humanium.org\/fr\/wp-content\/uploads\/2022\/02\/shutterstock_385411096-1536x1024.jpg 1536w, https:\/\/www.humanium.org\/fr\/wp-content\/uploads\/2022\/02\/shutterstock_385411096-2048x1365.jpg 2048w, https:\/\/www.humanium.org\/fr\/wp-content\/uploads\/2022\/02\/shutterstock_385411096-830x553.jpg 830w, https:\/\/www.humanium.org\/fr\/wp-content\/uploads\/2022\/02\/shutterstock_385411096-230x153.jpg 230w, https:\/\/www.humanium.org\/fr\/wp-content\/uploads\/2022\/02\/shutterstock_385411096-350x233.jpg 350w, https:\/\/www.humanium.org\/fr\/wp-content\/uploads\/2022\/02\/shutterstock_385411096-480x320.jpg 480w, https:\/\/www.humanium.org\/fr\/wp-content\/uploads\/2022\/02\/shutterstock_385411096-272x182.jpg 272w\" sizes=\"auto, (max-width: 1024px) 100vw, 1024px\" \/><\/figure>\n<\/div>\n\n\n<p class=\"wp-block-paragraph\">Par ailleurs, deux principaux facteurs compromettent s\u00e9rieusement <a href=\"https:\/\/www.humanium.org\/fr\/comprendre-droits-enfant\/droit-a-l-education\/\">le droit \u00e0 l\u2019\u00e9ducation<\/a> des enfants \u00e0 travers les violences qu\u2019ils engendrent. Tout d&rsquo;abord, le groupe arm\u00e9 Jama&rsquo;atu Ahlis Sunna Lidda&rsquo;awati wal-Jihad, commun\u00e9ment appel\u00e9 Boko Haram, dont le nom se traduit par \u00ab\u00a0l&rsquo;\u00e9ducation occidentale est interdite\u00a0\u00bb en langue haoussa, a acc\u00e9l\u00e9r\u00e9 les attaques dans le pays en 2014. Le groupe, qui a \u00e9t\u00e9 fond\u00e9 dans le nord-est du Nigeria voisin, s&rsquo;est \u00e9tabli&nbsp; dans la r\u00e9gion de l&rsquo;Extr\u00eame-Nord du Cameroun en 2009 (Global Coalition to Protect Education from Attack, 2018).&nbsp; <\/p>\n\n\n\n<p class=\"wp-block-paragraph\">Fonds des Nations unies pour l&rsquo;Enfance (UNICEF) a ainsi attir\u00e9 l&rsquo;attention sur l&rsquo;augmentation des attaques contre les \u00e9tablissements scolaires dans les r\u00e9gions du Nord-Ouest et du Sud-Ouest du Cameroun (Forku, 2020). Ces attaques impliquent des faits d&rsquo;enl\u00e8vements, de harc\u00e8lement et de meurtres touchant des \u00e9tudiants et des enseignants (Forku, 2020).<\/p>\n\n\n\n<p class=\"wp-block-paragraph\">La deuxi\u00e8me cause de la violence qui a affect\u00e9 l&rsquo;\u00e9ducation au Cameroun est le r\u00e9sultat des tensions internes entre la majorit\u00e9 francophone du Cameroun et sa minorit\u00e9 anglophone. En octobre 2016, les avocats des r\u00e9gions anglophones du nord-ouest et du sud-ouest se sont mis en gr\u00e8ve en r\u00e9ponse \u00e0 la marginalisation per\u00e7ue de la minorit\u00e9 anglophone, notamment &nbsp; le manque de ressources juridiques en anglais (Global Coalition to Protect Education from Attack, 2018). <\/p>\n\n\n\n<p class=\"wp-block-paragraph\">Des journalistes, des \u00e9tudiants, des enseignants et d&rsquo;autres personnes dans les r\u00e9gions&nbsp; anglophones ont augment\u00e9&nbsp; la port\u00e9e des protestations pour inclure l&rsquo;imposition de l&rsquo;\u00e9ducation en langue fran\u00e7aise. Les forces de s\u00e9curit\u00e9 nationales ont r\u00e9pondu violemment, tuant au moins quatre personnes lors d&rsquo;une r\u00e9pression en d\u00e9cembre 2016. Cette <a href=\"https:\/\/www.humanium.org\/fr\/violences\/\">violence<\/a> a entra\u00een\u00e9 plus d&rsquo;un an de gr\u00e8ves g\u00e9n\u00e9rales et de fermetures d&rsquo;\u00e9coles par les autorit\u00e9s scolaires anglophones, ainsi que des boycotts d&rsquo;\u00e9coles encore en activit\u00e9 dans d&rsquo;autres r\u00e9gions (Global Coalition to Protect Education from Attack, 2018).<\/p>\n\n\n\n<p class=\"wp-block-paragraph\">L\u2019article 29 de la <a href=\"https:\/\/www.humanium.org\/fr\/texte-integral-convention-internationale-relative-droits-enfant-1989\/\">Convention des droits de l\u2019enfant<\/a> vise \u00e0 garantir le droit \u00e0 l\u2019\u00e9ducation de l\u2019enfant. Il est essentiel&nbsp; de pr\u00e9server ce droit et d\u2019assurer un acc\u00e8s sans risque aux \u00e9coles pour les enfants et les enseignants.<\/p>\n\n\n\n<h3 class=\"wp-block-heading\"><strong>Droit \u00e0 l\u2019identit\u00e9<\/strong><\/h3>\n\n\n\n<p class=\"wp-block-paragraph\">Tout enfant n\u00e9 au Cameroun a droit \u00e0 un acte de naissance gratuit dans les 90 jours suivant sa naissance. Cependant, ce n&rsquo;est souvent pas le cas. Dans la plupart des cas, les parents, quelle qu&rsquo;en soit la raison, ne respectent pas ce d\u00e9lai et doivent souvent recourir \u00e0 un processus co\u00fbteux appel\u00e9 \u00ab\u00a0jugement suppl\u00e9tif\u00a0\u00bb, dans lequel le gouvernement demande 4 500 francs CFA (environ 7,70 dollars am\u00e9ricains) par acte de naissance.&nbsp; Cette somme est tout simplement trop ch\u00e8re pour de nombreux parents issus des zones rurales du Cameroun (Ofori-Amanfo, 2020).&nbsp;<\/p>\n\n\n\n<p class=\"wp-block-paragraph\">Plus de 2 millions d&rsquo;enfants dans ce pays de 25 millions d&rsquo;habitants n&rsquo;ont pas les certificats de naissance requis (Kindzeka, 2020).&nbsp; Le Cameroun attribue le d\u00e9clin de <a href=\"https:\/\/www.humanium.org\/en\/identity\/#:~:text=The%2520right%2520for%2520each%2520child,and%2520nationality%2520of%2520the%2520individual.\">l&rsquo;enregistrement des naissances<\/a> aux conflits qui affectent&nbsp; certaines parties du pays et \u00e0 la pand\u00e9mie de COVID-19 (Kindzeka, 2020).<\/p>\n\n\n\n<p class=\"wp-block-paragraph\">Selon les Nations Unies un certificat de naissance est un document officiel vital qui \u00e9tablit le nom, l&rsquo;\u00e2ge et la nationalit\u00e9 d&rsquo;un enfant. Sans ce document, un enfant peut avoir des difficult\u00e9s \u00e0 obtenir une \u00e9ducation, des soins de sant\u00e9 et d&rsquo;autres services publics (Kindzeka, 2020). L&rsquo;acte de naissance est donc un document important pour cr\u00e9er un environnement permettant \u00e0 chaque enfant d&rsquo;acc\u00e9der \u00e0 ses droits fondamentaux.&nbsp;<\/p>\n\n\n\n<h2 class=\"wp-block-heading\"><strong>Les facteurs de risque \u2013 Les d\u00e9fis sp\u00e9cifiques du pays&nbsp;<\/strong><\/h2>\n\n\n\n<h3 class=\"wp-block-heading\"><strong>Exploitation et travail des enfants&nbsp;<\/strong><\/h3>\n\n\n\n<p class=\"wp-block-paragraph\">Pr\u00e8s de 60 millions d\u2019enfants sont engag\u00e9s&nbsp; dans le <a href=\"https:\/\/www.humanium.org\/en\/child-labour_1\/\">travail des enfants<\/a> en Afrique sub-saharienne (Plan International, 2017). Le Cameroun est un pays d&rsquo;origine, de transit et de destination pour le trafic d&rsquo;enfants provenant des pays voisins d&rsquo;Afrique centrale et occidentale (US Departement of Labor, 2020). Les enfants sont&nbsp; ainsi soumis aux pires formes de <a href=\"https:\/\/www.humanium.org\/fr\/travail-des-enfants\/\">travail des enfants<\/a>, notamment \u00e0 l&rsquo;exploitation sexuelle commerciale, parfois \u00e0 la suite de la traite des humains. Ils sont \u00e9galement&nbsp; recrut\u00e9s par Boko Haram, en vue de leur utilisation dans des conflits arm\u00e9s, comme kamikazes et concubins (US Departement of Labor, 2020). <\/p>\n\n\n\n<p class=\"wp-block-paragraph\">Enfin les enfants sont contraints \u00e0 travailler dans l&rsquo;agriculture pour la production de cacao, de coton, d&rsquo;oignons et de th\u00e9, la p\u00eache, l&rsquo;\u00e9levage, le travail domestique, les magasins de pi\u00e8ces d\u00e9tach\u00e9es, les mines d&rsquo;or artisanales et les carri\u00e8res de gravier, la vente ambulante et la construction, qui sont parfois le r\u00e9sultat de la traite des \u00eatres humains (US Departement of Labor, 2020).<\/p>\n\n\n\n<p class=\"wp-block-paragraph\">Cette forte pr\u00e9valence du travail des enfants est due \u00e0&nbsp; un certain nombre de facteurs.&nbsp; Premi\u00e8rement, la <a href=\"https:\/\/www.humanium.org\/fr\/enfants-pauvres\/\">pauvret\u00e9<\/a> des m\u00e9nages est l&rsquo;une des causes les plus fr\u00e9quemment cit\u00e9es du <a href=\"https:\/\/www.humanium.org\/fr\/travail-des-enfants\/\">travail<\/a> des enfants (Mbebi, 2018). Au Cameroun, 37,5% de la population vit sous le seuil de pauvret\u00e9 (Silveira, 2021). Ainsi, lorsque les ressources parentales sont faibles, il devient n\u00e9cessaire de mettre les enfants au travail pour assurer un niveau minimum de subsistance. <\/p>\n\n\n\n<p class=\"wp-block-paragraph\">Le travail des enfants est donc consid\u00e9r\u00e9 par les parents comme un bien de consommation que le m\u00e9nage utilise pour accro\u00eetre son revenu, lorsque celui-ci est faible (Mbebi, 2018). Ensuite, la volatilit\u00e9 des revenus due aux \u00e9v\u00e9nements n\u00e9gatifs inattendus r\u00e9duit le niveau <a href=\"https:\/\/www.humanium.org\/fr\/comprendre-droits-enfant\/droit-a-l-education\/\">d\u2019\u00e9ducation<\/a> des enfants et augmente leur offre de travail, dans le but d\u2019apporter des revenus suppl\u00e9mentaires permettant d\u2019am\u00e9liorer le bien-\u00eatre familial (Mbebi, 2018).&nbsp;<\/p>\n\n\n\n<p class=\"wp-block-paragraph\">En 2020, le Cameroun a fait des progr\u00e8s mod\u00e9r\u00e9s dans ses efforts pour \u00e9liminer les pires formes de travail des enfants. <\/p>\n\n\n<div class=\"wp-block-image\">\n<figure class=\"alignleft size-large is-resized\"><img loading=\"lazy\" decoding=\"async\" width=\"1024\" height=\"750\" src=\"https:\/\/www.humanium.org\/fr\/wp-content\/uploads\/2022\/02\/shutterstock_1974412367-1024x750.jpg\" alt=\"\" class=\"wp-image-51629\" style=\"width:360px;height:264px\" srcset=\"https:\/\/www.humanium.org\/fr\/wp-content\/uploads\/2022\/02\/shutterstock_1974412367-1024x750.jpg 1024w, https:\/\/www.humanium.org\/fr\/wp-content\/uploads\/2022\/02\/shutterstock_1974412367-300x220.jpg 300w, https:\/\/www.humanium.org\/fr\/wp-content\/uploads\/2022\/02\/shutterstock_1974412367-768x562.jpg 768w, https:\/\/www.humanium.org\/fr\/wp-content\/uploads\/2022\/02\/shutterstock_1974412367-1536x1125.jpg 1536w, https:\/\/www.humanium.org\/fr\/wp-content\/uploads\/2022\/02\/shutterstock_1974412367-2048x1500.jpg 2048w, https:\/\/www.humanium.org\/fr\/wp-content\/uploads\/2022\/02\/shutterstock_1974412367-830x608.jpg 830w, https:\/\/www.humanium.org\/fr\/wp-content\/uploads\/2022\/02\/shutterstock_1974412367-230x168.jpg 230w, https:\/\/www.humanium.org\/fr\/wp-content\/uploads\/2022\/02\/shutterstock_1974412367-350x256.jpg 350w, https:\/\/www.humanium.org\/fr\/wp-content\/uploads\/2022\/02\/shutterstock_1974412367-480x352.jpg 480w\" sizes=\"auto, (max-width: 1024px) 100vw, 1024px\" \/><\/figure>\n<\/div>\n\n\n<p class=\"wp-block-paragraph\">Le gouvernement a ratifi\u00e9 le protocole facultatif du Comit\u00e9 des droits de l&rsquo;enfant des Nations unies concernant la vente d&rsquo;enfants, la prostitution des enfants et la pornographie mettant en sc\u00e8ne des enfants. La police camerounaise a \u00e9galement arr\u00eat\u00e9 les membres d&rsquo;un r\u00e9seau international de trafic qui op\u00e9rait au Cameroun, au Gabon, en Guin\u00e9e \u00e9quatoriale et au Tchad. En outre, le programme Forever Chocolate, qui fournit des kits scolaires et un soutien aux moyens de subsistance des familles afin de lutter contre le travail des enfants dans la production de cacao, a \u00e9t\u00e9 \u00e9tendu \u00e0 Nkondjock, Sangmelima, Mbalmayo et Ayos.<\/p>\n\n\n\n<p class=\"wp-block-paragraph\">Malgr\u00e9 ces efforts louables, 43.7% des enfants \u00e2g\u00e9s de 5 \u00e0 14 ans&nbsp; travaillent et 42.4% des enfants \u00e2g\u00e9s de 7 \u00e0 14 ans travaillent tout en \u00e9tant scolaris\u00e9s. La dignit\u00e9 et les droits des enfants doivent \u00eatre pr\u00e9serv\u00e9s notamment en conformit\u00e9 aux diff\u00e9rents engagements internationaux du Cameroun. \u00c0 cet effet une attention particuli\u00e8re doit \u00eatre accord\u00e9e aux enfants victimes des pires formes de travail.&nbsp;<\/p>\n\n\n\n<h3 class=\"wp-block-heading\"><strong>Le mariage des enfants<\/strong><\/h3>\n\n\n\n<p class=\"wp-block-paragraph\"><a href=\"https:\/\/www.humanium.org\/en\/child-marriage\/?gclid=CjwKCAjwh5qLBhALEiwAioodsygubIaLYKWwzX3H1pQycP38p2rg7N-S8iTfUTSDiB51pdQrgdkRzRoCTWQQAvD_BwE\">Le mariage des enfants<\/a> est d\u00e9fini comme le mariage d&rsquo;une fille ou d&rsquo;un gar\u00e7on avant l&rsquo;\u00e2ge de 18 ans et fait r\u00e9f\u00e9rence \u00e0 la fois aux mariages formels et aux unions informelles dans lesquelles des enfants de moins de 18 ans vivent avec un partenaire comme s&rsquo;ils \u00e9taient mari\u00e9s (UNICEF, 2017). Le mariage des enfants touche \u00e0 la fois les filles et les gar\u00e7ons, mais les filles sont affect\u00e9es de mani\u00e8re disproportionn\u00e9e.<\/p>\n\n\n\n<p class=\"wp-block-paragraph\">En ce qui concerne l&rsquo;\u00e2ge du mariage, l&rsquo;article 52.1 ou l&rsquo;Ordonnance N\u00ba 81\/02 du 29 juin 1981 portant organisation de l&rsquo;\u00e9tat civil et diverses dispositions relatives \u00e0 l&rsquo;\u00e9tat des personnes, interdit le mariage des filles de moins de 15 ans et des gar\u00e7ons de moins de 18 ans sans une dispense sp\u00e9ciale pour motifs graves, accord\u00e9e par l&rsquo;autorit\u00e9 comp\u00e9tente (The World Organisation Against Torture). La l\u00e9gislation camerounaise discrimine <a href=\"https:\/\/www.humanium.org\/fr\/droits-des-filles\/\">les filles<\/a> en les encourageant \u00e0 quitter leur famille \u00e0 un \u00e2ge pr\u00e9coce et en leur permettant de se marier \u00e0 l&rsquo;\u00e2ge de 15 ans (The World Organisation Against Torture, s.d.).<\/p>\n\n\n\n<p class=\"wp-block-paragraph\">Dans son rapport de 2016, l\u2019UNICEF a estim\u00e9 que 13% des filles camerounaises sont mari\u00e9s avant 15 ans et 38%&nbsp; avant 18 ans. La majorit\u00e9 des filles mari\u00e9es avant leur 18 ans sont victimes de mariages forc\u00e9s et pr\u00e9coces. Parmi les adolescents, 22%&nbsp; \u00e9taient mari\u00e9s ou en union et les naissances \u00e0 l\u2019\u00e2ge de 18 ans repr\u00e9sentaient 28% de tous les nouveau-n\u00e9s (International Catholic Child Bureau, 2018).<\/p>\n\n\n\n<p class=\"wp-block-paragraph\">Le mariage d&rsquo;enfants viole <a href=\"https:\/\/www.humanium.org\/fr\/droits-enfant\/\">les droits des enfants<\/a> et les expose \u00e0 un risque \u00e9lev\u00e9 de violence, d&rsquo;exploitation et d&rsquo;abus. Il est donc primordial de veiller \u00e0 l&rsquo;\u00e9limination des discriminations qui subsistent \u00e0 l\u2019\u00e9gard des filles, notamment en ce qui concerne l\u2019\u00e2ge l\u00e9gal du mariage.<\/p>\n\n\n\n<h3 class=\"wp-block-heading\"><strong>Les mutilations g\u00e9nitales f\u00e9minines (MGF)<\/strong><\/h3>\n\n\n\n<p class=\"wp-block-paragraph\">La pratique des <a href=\"https:\/\/www.humanium.org\/fr\/mutilations-genitales\/\">mutilations g\u00e9nitales f\u00e9minines<\/a> constitue une atteinte grave \u00e0 l&rsquo;int\u00e9grit\u00e9 physique et psychologique de l&rsquo;enfant qui les subit. Dans certains cas, les mutilations provoquent des infections graves qui peuvent \u00eatre fatales pour l&rsquo;enfant (The World Organisation Against Torture, s.d.). Cette pratique, qui touche principalement les jeunes filles, existe encore dans certaines r\u00e9gions du Cameroun, particuli\u00e8rement dans l&rsquo;extr\u00eame nord du pays (The World Organisation Against Torture). <\/p>\n\n\n\n<p class=\"wp-block-paragraph\">Elle est g\u00e9n\u00e9ralement pratiqu\u00e9e sur des <a href=\"https:\/\/www.humanium.org\/fr\/droits-des-filles\/\">filles<\/a> \u00e2g\u00e9es de 6 \u00e0 8 ans. Les \u00e9tudes men\u00e9es par l&rsquo;Organisation Mondiale de la Sant\u00e9 (OMS) et le Fonds des Nations Unies pour la Population (UNPFA) r\u00e9v\u00e8lent que la pratique de l&rsquo;excision est tr\u00e8s r\u00e9pandue au Cameroun. Ainsi 20 % des femmes vivant au Cameroun ont \u00e9t\u00e9 victimes de <a href=\"https:\/\/www.humanium.org\/fr\/mutilations-genitales\/\">mutilations g\u00e9nitales<\/a> en 2000 (The World Organisation Against Torture, s.d.).<\/p>\n\n\n\n<p class=\"wp-block-paragraph\">Un fait alarmant concerne l\u2019intensification des MGF dans certaines communaut\u00e9s, notamment celles avoisinant&nbsp; Kousseri (Kindzeka, 2021). Selon le gouvernement, la COVID-19, la crise s\u00e9paratiste du pays et le terrorisme de Boko Haram ont mis fin aux campagnes sur les dangers de la pratique et ont provoqu\u00e9 le retour des prestataires aux MGF, qui avaient \u00e9t\u00e9 abandonn\u00e9es (Kindzeka, 2021).<\/p>\n\n\n\n<p class=\"wp-block-paragraph\"><em><strong>Ecrit par Habib Kouam\u00e9 &nbsp;<\/strong><\/em><\/p>\n\n\n\n<p class=\"wp-block-paragraph\"><em><strong>Derni\u00e8re mise \u00e0 jour le 14 octobre 2021<\/strong><\/em><\/p>\n\n\n\n<h4 class=\"wp-block-heading\">R\u00e9f\u00e9rence&nbsp;:<\/h4>\n\n\n\n<p class=\"has-small-font-size wp-block-paragraph\"><a href=\"https:\/\/www.banquemondiale.org\/fr\/country\/cameroon\/overview\" target=\"_blank\" rel=\"noreferrer noopener\">Groupe Banque mondiale. (2021, Juin 22). <em>Cameroun &#8211; Vue d&rsquo;ensemble<\/em>. R\u00e9cup\u00e9r\u00e9 sur Banque Mondiale : https:\/\/www.banquemondiale.org\/fr\/country\/cameroon\/overview, acc\u00e9d\u00e9 le 22 septembre 2021.<\/a><\/p>\n\n\n\n<p class=\"has-small-font-size wp-block-paragraph\">Brun, D. (2019). <em>Data on gender equality.<\/em> Inter-agency GenCap.<\/p>\n\n\n\n<p class=\"has-small-font-size wp-block-paragraph\">Cameroon Education Cluster. (2020). <em>Cameroon Education Cluster Strategy North West and South West Regions 2020.<\/em>&nbsp;<\/p>\n\n\n\n<p class=\"has-small-font-size wp-block-paragraph\"><a href=\"https:\/\/www.cpaor.net\/Cameroon\" target=\"_blank\" rel=\"noreferrer noopener\">Child protection Global protection cluster . (s.d.). <em>Cameroon<\/em>. R\u00e9cup\u00e9r\u00e9 sur cpaor.net: https:\/\/www.cpaor.net\/Cameroon , acc\u00e9d\u00e9 le 29 septembre 2021.<\/a><\/p>\n\n\n\n<p class=\"has-small-font-size wp-block-paragraph\">Ekwen, L. (2015). <em>Protection of Children&rsquo;s Rights in Cameroon.<\/em> Munich: GRIN.<\/p>\n\n\n\n<p class=\"has-small-font-size wp-block-paragraph\"><a href=\"https:\/\/wenr.wes.org\/2021\/04\/education-in-cameroon\" target=\"_blank\" rel=\"noreferrer noopener\">Fallwickl, E., McNally, R., &amp; Mackie, C. (2021, April 30). <em>Education in Cameroon<\/em>. R\u00e9cup\u00e9r\u00e9 sur World Education Services: https:\/\/wenr.wes.org\/2021\/04\/education-in-cameroon, acc\u00e9d\u00e9 le 11 octobre 2021.<\/a><\/p>\n\n\n\n<p class=\"has-small-font-size wp-block-paragraph\"><a href=\"https:\/\/www.aa.com.tr\/en\/africa\/unicef-alarmed-by-spike-in-school-attacks-in-cameroon\/2034601#\" target=\"_blank\" rel=\"noreferrer noopener\">Forku, R. (2020, November 06). <em>UNICEF alarmed by spike in school attacks in Cameroon<\/em>. R\u00e9cup\u00e9r\u00e9 sur Anadolu Agency: https:\/\/www.aa.com.tr\/en\/africa\/unicef-alarmed-by-spike-in-school-attacks-in-cameroon\/2034601#, acc\u00e9d\u00e9 le 11 octobre 2021.<\/a><\/p>\n\n\n\n<p class=\"has-small-font-size wp-block-paragraph\">Global Coalition to Protect Education from Attack. (2018). <em>Education Under Attack 2018 &#8211; Cameroon.<\/em>&nbsp;<\/p>\n\n\n\n<p class=\"has-small-font-size wp-block-paragraph\">Institut National de la Statistique, Minist\u00e8re de la Sant\u00e9 Publique. (2018). <em>Enqu\u00eate D\u00e9mographique et de Sant\u00e9 du Cameroun (EDSC-V).<\/em>&nbsp;<\/p>\n\n\n\n<p class=\"has-small-font-size wp-block-paragraph\">International Catholic Child Bureau. (2018). <em>Expos\u00e9 \u00e9crit pr\u00e9sent\u00e9 par International Catholic Child Bureau, organisation non gouvernementale dot\u00e9e du statut consultatif sp\u00e9cial.<\/em>&nbsp;<\/p>\n\n\n\n<p class=\"has-small-font-size wp-block-paragraph\"><a href=\"https:\/\/www.voanews.com\/a\/africa_cameroon-says-millions-children-deprived-birth-registration\/6198333.html\" target=\"_blank\" rel=\"noreferrer noopener\">Kindzeka, M. E. (2020, November 13). <em>Cameroon Says Millions of Children Deprived of Birth Registration<\/em>. R\u00e9cup\u00e9r\u00e9 sur VOA: https:\/\/www.voanews.com\/a\/africa_cameroon-says-millions-children-deprived-birth-registration\/6198333.html, acc\u00e9d\u00e9 le 12 octobre 2021.<\/a><\/p>\n\n\n\n<p class=\"has-small-font-size wp-block-paragraph\"><a href=\"https:\/\/www.voanews.com\/a\/africa_cameroon-says-female-circumcision-resurfacing-because-covid-19-other-crises\/6201737.html\" target=\"_blank\" rel=\"noreferrer noopener\">Kindzeka, M. E. (2021, February 07). <em>Cameroon Says Female Circumcision Resurfacing Because of COVID-19, Other Crises<\/em>. R\u00e9cup\u00e9r\u00e9 sur VOA: https:\/\/www.voanews.com\/a\/africa_cameroon-says-female-circumcision-resurfacing-because-covid-19-other-crises\/6201737.html, acc\u00e9d\u00e9 le 13 octobre 2021.<\/a><\/p>\n\n\n\n<p class=\"has-small-font-size wp-block-paragraph\">Mbebi, E. (2018). Les d\u00e9terminants du travail des enfants au Cameroun : le r\u00f4le du milieu de r\u00e9sidence et du genre. <em>Revue d&rsquo;\u00e9conomie du d\u00e9veloppement<\/em>, pp. 5-52.<\/p>\n\n\n\n<p class=\"has-small-font-size wp-block-paragraph\"><a href=\"https:\/\/www.diplomatie.gouv.fr\/fr\/dossiers-pays\/cameroun\/presentation-du-cameroun\/\" target=\"_blank\" rel=\"noreferrer noopener\">Minist\u00e8re de l&rsquo;Europe et des Affaires \u00c9trang\u00e8res . (2021, Avirl 23). <em>Pr\u00e9sentation du Cameroun<\/em>. R\u00e9cup\u00e9r\u00e9 sur France Diplomatie: https:\/\/www.diplomatie.gouv.fr\/fr\/dossiers-pays\/cameroun\/presentation-du-cameroun\/, acc\u00e9d\u00e9 le 23 septembre 2021<\/a><\/p>\n\n\n\n<p class=\"has-small-font-size wp-block-paragraph\"><a href=\"https:\/\/unfoundation.org\/blog\/post\/ending-inequality-women-cameroon\/\" target=\"_blank\" rel=\"noreferrer noopener\">Njikem, J. T. (2017, December 7). <em>Ending inequality against women in Cameroon<\/em>. R\u00e9cup\u00e9r\u00e9 sur United Nations Foundation: https:\/\/unfoundation.org\/blog\/post\/ending-inequality-women-cameroon\/, acc\u00e9d\u00e9 le 13 octobre 2021.<\/a><\/p>\n\n\n\n<p class=\"has-small-font-size wp-block-paragraph\">Ofori-Amanfo, P. (2020, April 16). <em>Birth registration in Cameroon: A mother\u2019s wish to protect her child\u2019s rights<\/em>. R\u00e9cup\u00e9r\u00e9 sur Unicef: https:\/\/www.unicef.org\/esa\/stories\/birth-registration-cameroon, acc\u00e9d\u00e9 le 12 octobre 2021.<\/p>\n\n\n\n<p class=\"has-small-font-size wp-block-paragraph\"><a href=\"https:\/\/www.ohchr.org\/EN\/NewsEvents\/Pages\/DisplayNews.aspx?NewsID=21675&amp;LangID=E\" target=\"_blank\" rel=\"noreferrer noopener\">OHCHR. (2017, May 30). <em>Committee on the Rights of the Child examines the report of Cameroon<\/em>. R\u00e9cup\u00e9r\u00e9 sur United Nations Human Rights Office of the High Commissioner : https:\/\/www.ohchr.org\/EN\/NewsEvents\/Pages\/DisplayNews.aspx?NewsID=21675&amp;LangID=E, acc\u00e9d\u00e9 le 8 octobre 2021.<\/a><\/p>\n\n\n\n<p class=\"has-small-font-size wp-block-paragraph\"><a href=\"https:\/\/www.ohchr.org\/EN\/NewsEvents\/Pages\/DisplayNews.aspx?NewsID=21675&amp;LangID=E\" target=\"_blank\" rel=\"noreferrer noopener\">OHCHR. (2017, May 30). <em>Committee on the Rights of the Child examines the report of Cameroon<\/em>. R\u00e9cup\u00e9r\u00e9 sur ohchr.org: https:\/\/www.ohchr.org\/EN\/NewsEvents\/Pages\/DisplayNews.aspx?NewsID=21675&amp;LangID=E, acc\u00e9d\u00e9 le 8 octobre 2021.<\/a><\/p>\n\n\n\n<p class=\"has-small-font-size wp-block-paragraph\">Olivier, E. M. (2018). Les d\u00e9terminants du travail des enfants au Cameroun : le r\u00f4le du milieu de r\u00e9sidence et du genre . <em>Revue d&rsquo;\u00e9conomie du d\u00e9veloppement<\/em>, pp. p. 5-52.<\/p>\n\n\n\n<p class=\"has-small-font-size wp-block-paragraph\"><a href=\"https:\/\/www.plan-international.fr\/info\/actualites\/news\/2017-06-09-lutter-contre-le-travail-infantile-au-cameroun\" target=\"_blank\" rel=\"noreferrer noopener\">Plan International . (2017, Juin 17). <em>Lutter contre le travail infantile au Cameroun <\/em>. R\u00e9cup\u00e9r\u00e9 sur Plan International : https:\/\/www.plan-international.fr\/info\/actualites\/news\/2017-06-09-lutter-contre-le-travail-infantile-au-cameroun, acc\u00e9d\u00e9 le 14 octobre 2021.<\/a><\/p>\n\n\n\n<p class=\"has-small-font-size wp-block-paragraph\"><a href=\"https:\/\/www.prc.cm\/fr\/le-cameroun\/presentation\" target=\"_blank\" rel=\"noreferrer noopener\">Pr\u00e9sidence de la R\u00e9publique du Cameroun. (s.d.). <em>Pr\u00e9sentation du Cameroun<\/em>. R\u00e9cup\u00e9r\u00e9 sur pcr: https:\/\/www.prc.cm\/fr\/le-cameroun\/presentation, acc\u00e9d\u00e9 le 23 septembre 2021.<\/a><\/p>\n\n\n\n<p class=\"has-small-font-size wp-block-paragraph\"><a href=\"https:\/\/borgenproject.org\/child-homelessness-in-cameroon\/\" target=\"_blank\" rel=\"noreferrer noopener\">Silveira, S. (2021, March 28). <em>CHILD HOMELESSNESS IN CAMEROON<\/em>. R\u00e9cup\u00e9r\u00e9 sur The Borgen Project: https:\/\/borgenproject.org\/child-homelessness-in-cameroon\/, acc\u00e9d\u00e9 le 13 octobre 2021.<\/a><\/p>\n\n\n\n<p class=\"has-small-font-size wp-block-paragraph\">The World Organisation Against tOMCT. (s.d.). <em>Rights of the Child in the Republic of Cameroon.<\/em>&nbsp;<\/p>\n\n\n\n<p class=\"has-small-font-size wp-block-paragraph\">The World Organisation Against Torture. (s.d.). <em>Rights of the Child in the Republic of Cameroon.<\/em> Gen\u00e8ve.<\/p>\n\n\n\n<p class=\"has-small-font-size wp-block-paragraph\"><a href=\"https:\/\/www.unicef.org\/rosa\/what-we-do\/child-protection\/child-marriage\" target=\"_blank\" rel=\"noreferrer noopener\">UNICEF. (2017). <em>Child marriage<\/em>. R\u00e9cup\u00e9r\u00e9 sur unicef.org: https:\/\/www.unicef.org\/rosa\/what-we-do\/child-protection\/child-marriage, acc\u00e9d\u00e9 le 13 octobre 2021.<\/a><\/p>\n\n\n\n<p class=\"has-small-font-size wp-block-paragraph\"><a href=\"https:\/\/data.unicef.org\/country\/cmr\/\" target=\"_blank\" rel=\"noreferrer noopener\">UNICEF. (2019). <em>Cameroon, Key demographic indicators<\/em>. R\u00e9cup\u00e9r\u00e9 sur UNICEF Data: Monitoring the situation of children and women: https:\/\/data.unicef.org\/country\/cmr\/, acc\u00e9d\u00e9 le 12 octobre 2021.<\/a><\/p>\n\n\n\n<p class=\"has-small-font-size wp-block-paragraph\">UNICEF. (2021). <em>Cameroon Humanitarian Situation Report n\u00b07.<\/em>&nbsp;<\/p>\n\n\n\n<p class=\"has-small-font-size wp-block-paragraph\"><a href=\"https:\/\/www.dol.gov\/agencies\/ilab\/resources\/reports\/child-labor\/cameroon\" target=\"_blank\" rel=\"noreferrer noopener\">US Departement of Labor. (2020). <em>Cameroon<\/em>. R\u00e9cup\u00e9r\u00e9 sur Bureau of International Labor Affairs: https:\/\/www.dol.gov\/agencies\/ilab\/resources\/reports\/child-labor\/cameroon, acc\u00e9d\u00e9 le 14 octobre 2021.<\/a><\/p>\n\n\n\n<hr class=\"wp-block-separator has-css-opacity\"\/>\n\n\n\n<p class=\"has-small-font-size wp-block-paragraph\"><a href=\"#_ftnref1\"><sup>[1]<\/sup><\/a>Cet article ne pr\u00e9tend en aucun cas donner un compte rendu complet ou repr\u00e9sentatif des droits de l\u2019enfant au Cameroun. En effet, l\u2019une des principales difficult\u00e9s est due au peu d\u2019informations mises \u00e0 jour sur les enfants au Cameroun, dont la plupart n\u2019est ni fiable, ni repr\u00e9sentative, obsol\u00e8te ou simplement inexistante.<\/p>\n","protected":false},"excerpt":{"rendered":"<p>Concr\u00e9tiser les droits de l\u2019enfant au Cameroun&nbsp; Le Cameroun a sign\u00e9 le 27 octobre 1990 et ratifi\u00e9 le 11 janvier 1993 la Convention des Droits de l\u2019Enfant. Cette ratification marque la volont\u00e9 et l\u2019engament des autorit\u00e9s afin de cr\u00e9er un environnement propice et favorable au plein d\u00e9veloppement de chaque enfant. Le Cameroun, malgr\u00e9 cette volont\u00e9 [&hellip;]<\/p>\n","protected":false},"author":65,"featured_media":0,"parent":0,"menu_order":0,"comment_status":"closed","ping_status":"closed","template":"","meta":{"footnotes":""},"class_list":["post-10308","page","type-page","status-publish","hentry"],"yoast_head":"<!-- This site is optimized with the Yoast SEO plugin v28.3 - https:\/\/yoast.com\/product\/yoast-seo-wordpress\/ -->\n<title>Enfants du Cameroun - Humanium<\/title>\n<meta name=\"description\" content=\"Le Cameroun est confront\u00e9 \u00e0 plusieurs d\u00e9fis s\u00e9curitaires, \u00e9conomiques et culturels qui entravent la mise en \u0153uvre des droits de l&#039;enfant.\" \/>\n<meta name=\"robots\" content=\"index, follow, max-snippet:-1, max-image-preview:large, max-video-preview:-1\" \/>\n<link rel=\"canonical\" href=\"https:\/\/www.humanium.org\/fr\/cameroun\/\" \/>\n<meta property=\"og:locale\" content=\"fr_FR\" \/>\n<meta property=\"og:type\" content=\"article\" \/>\n<meta property=\"og:title\" content=\"Enfants du Cameroun - Humanium\" \/>\n<meta property=\"og:description\" content=\"Le Cameroun est confront\u00e9 \u00e0 plusieurs d\u00e9fis s\u00e9curitaires, \u00e9conomiques et culturels qui entravent la mise en \u0153uvre des droits de l&#039;enfant.\" \/>\n<meta property=\"og:url\" content=\"https:\/\/www.humanium.org\/fr\/cameroun\/\" \/>\n<meta property=\"og:site_name\" content=\"Humanium\" \/>\n<meta property=\"article:modified_time\" content=\"2025-12-05T13:06:49+00:00\" \/>\n<meta property=\"og:image\" content=\"https:\/\/www.humanium.org\/fr\/wp-content\/uploads\/2022\/02\/shutterstock_1131599711.jpg\" \/>\n\t<meta property=\"og:image:width\" content=\"200\" \/>\n\t<meta property=\"og:image:height\" content=\"200\" \/>\n\t<meta property=\"og:image:type\" content=\"image\/jpeg\" \/>\n<meta name=\"twitter:card\" content=\"summary_large_image\" \/>\n<meta name=\"twitter:label1\" content=\"Dur\u00e9e de lecture estim\u00e9e\" \/>\n\t<meta name=\"twitter:data1\" content=\"19 minutes\" \/>\n<script type=\"application\/ld+json\" class=\"yoast-schema-graph\">{\"@context\":\"https:\\\/\\\/schema.org\",\"@graph\":[{\"@type\":\"WebPage\",\"@id\":\"https:\\\/\\\/www.humanium.org\\\/fr\\\/cameroun\\\/\",\"url\":\"https:\\\/\\\/www.humanium.org\\\/fr\\\/cameroun\\\/\",\"name\":\"Enfants du Cameroun - Humanium\",\"isPartOf\":{\"@id\":\"https:\\\/\\\/www.humanium.org\\\/fr\\\/#website\"},\"primaryImageOfPage\":{\"@id\":\"https:\\\/\\\/www.humanium.org\\\/fr\\\/cameroun\\\/#primaryimage\"},\"image\":{\"@id\":\"https:\\\/\\\/www.humanium.org\\\/fr\\\/cameroun\\\/#primaryimage\"},\"thumbnailUrl\":\"https:\\\/\\\/www.humanium.org\\\/fr\\\/wp-content\\\/uploads\\\/2022\\\/02\\\/shutterstock_1131599711.jpg\",\"datePublished\":\"2011-11-06T18:00:03+00:00\",\"dateModified\":\"2025-12-05T13:06:49+00:00\",\"description\":\"Le Cameroun est confront\u00e9 \u00e0 plusieurs d\u00e9fis s\u00e9curitaires, \u00e9conomiques et culturels qui entravent la mise en \u0153uvre des droits de l'enfant.\",\"breadcrumb\":{\"@id\":\"https:\\\/\\\/www.humanium.org\\\/fr\\\/cameroun\\\/#breadcrumb\"},\"inLanguage\":\"fr-FR\",\"potentialAction\":[{\"@type\":\"ReadAction\",\"target\":[\"https:\\\/\\\/www.humanium.org\\\/fr\\\/cameroun\\\/\"]}]},{\"@type\":\"ImageObject\",\"inLanguage\":\"fr-FR\",\"@id\":\"https:\\\/\\\/www.humanium.org\\\/fr\\\/cameroun\\\/#primaryimage\",\"url\":\"https:\\\/\\\/www.humanium.org\\\/fr\\\/wp-content\\\/uploads\\\/2022\\\/02\\\/shutterstock_1131599711.jpg\",\"contentUrl\":\"https:\\\/\\\/www.humanium.org\\\/fr\\\/wp-content\\\/uploads\\\/2022\\\/02\\\/shutterstock_1131599711.jpg\",\"width\":200,\"height\":200},{\"@type\":\"BreadcrumbList\",\"@id\":\"https:\\\/\\\/www.humanium.org\\\/fr\\\/cameroun\\\/#breadcrumb\",\"itemListElement\":[{\"@type\":\"ListItem\",\"position\":1,\"name\":\"Home\",\"item\":\"https:\\\/\\\/www.humanium.org\\\/fr\\\/\"},{\"@type\":\"ListItem\",\"position\":2,\"name\":\"Enfants du Cameroun\"}]},{\"@type\":\"WebSite\",\"@id\":\"https:\\\/\\\/www.humanium.org\\\/fr\\\/#website\",\"url\":\"https:\\\/\\\/www.humanium.org\\\/fr\\\/\",\"name\":\"Humanium\",\"description\":\"Les enfants d\u2019abord !\",\"potentialAction\":[{\"@type\":\"SearchAction\",\"target\":{\"@type\":\"EntryPoint\",\"urlTemplate\":\"https:\\\/\\\/www.humanium.org\\\/fr\\\/?s={search_term_string}\"},\"query-input\":{\"@type\":\"PropertyValueSpecification\",\"valueRequired\":true,\"valueName\":\"search_term_string\"}}],\"inLanguage\":\"fr-FR\"}]}<\/script>\n<!-- \/ Yoast SEO plugin. -->","yoast_head_json":{"title":"Enfants du Cameroun - Humanium","description":"Le Cameroun est confront\u00e9 \u00e0 plusieurs d\u00e9fis s\u00e9curitaires, \u00e9conomiques et culturels qui entravent la mise en \u0153uvre des droits de l'enfant.","robots":{"index":"index","follow":"follow","max-snippet":"max-snippet:-1","max-image-preview":"max-image-preview:large","max-video-preview":"max-video-preview:-1"},"canonical":"https:\/\/www.humanium.org\/fr\/cameroun\/","og_locale":"fr_FR","og_type":"article","og_title":"Enfants du Cameroun - Humanium","og_description":"Le Cameroun est confront\u00e9 \u00e0 plusieurs d\u00e9fis s\u00e9curitaires, \u00e9conomiques et culturels qui entravent la mise en \u0153uvre des droits de l'enfant.","og_url":"https:\/\/www.humanium.org\/fr\/cameroun\/","og_site_name":"Humanium","article_modified_time":"2025-12-05T13:06:49+00:00","og_image":[{"width":200,"height":200,"url":"https:\/\/www.humanium.org\/fr\/wp-content\/uploads\/2022\/02\/shutterstock_1131599711.jpg","type":"image\/jpeg"}],"twitter_card":"summary_large_image","twitter_misc":{"Dur\u00e9e de lecture estim\u00e9e":"19 minutes"},"schema":{"@context":"https:\/\/schema.org","@graph":[{"@type":"WebPage","@id":"https:\/\/www.humanium.org\/fr\/cameroun\/","url":"https:\/\/www.humanium.org\/fr\/cameroun\/","name":"Enfants du Cameroun - Humanium","isPartOf":{"@id":"https:\/\/www.humanium.org\/fr\/#website"},"primaryImageOfPage":{"@id":"https:\/\/www.humanium.org\/fr\/cameroun\/#primaryimage"},"image":{"@id":"https:\/\/www.humanium.org\/fr\/cameroun\/#primaryimage"},"thumbnailUrl":"https:\/\/www.humanium.org\/fr\/wp-content\/uploads\/2022\/02\/shutterstock_1131599711.jpg","datePublished":"2011-11-06T18:00:03+00:00","dateModified":"2025-12-05T13:06:49+00:00","description":"Le Cameroun est confront\u00e9 \u00e0 plusieurs d\u00e9fis s\u00e9curitaires, \u00e9conomiques et culturels qui entravent la mise en \u0153uvre des droits de l'enfant.","breadcrumb":{"@id":"https:\/\/www.humanium.org\/fr\/cameroun\/#breadcrumb"},"inLanguage":"fr-FR","potentialAction":[{"@type":"ReadAction","target":["https:\/\/www.humanium.org\/fr\/cameroun\/"]}]},{"@type":"ImageObject","inLanguage":"fr-FR","@id":"https:\/\/www.humanium.org\/fr\/cameroun\/#primaryimage","url":"https:\/\/www.humanium.org\/fr\/wp-content\/uploads\/2022\/02\/shutterstock_1131599711.jpg","contentUrl":"https:\/\/www.humanium.org\/fr\/wp-content\/uploads\/2022\/02\/shutterstock_1131599711.jpg","width":200,"height":200},{"@type":"BreadcrumbList","@id":"https:\/\/www.humanium.org\/fr\/cameroun\/#breadcrumb","itemListElement":[{"@type":"ListItem","position":1,"name":"Home","item":"https:\/\/www.humanium.org\/fr\/"},{"@type":"ListItem","position":2,"name":"Enfants du Cameroun"}]},{"@type":"WebSite","@id":"https:\/\/www.humanium.org\/fr\/#website","url":"https:\/\/www.humanium.org\/fr\/","name":"Humanium","description":"Les enfants d\u2019abord !","potentialAction":[{"@type":"SearchAction","target":{"@type":"EntryPoint","urlTemplate":"https:\/\/www.humanium.org\/fr\/?s={search_term_string}"},"query-input":{"@type":"PropertyValueSpecification","valueRequired":true,"valueName":"search_term_string"}}],"inLanguage":"fr-FR"}]}},"_links":{"self":[{"href":"https:\/\/www.humanium.org\/fr\/wp-json\/wp\/v2\/pages\/10308","targetHints":{"allow":["GET"]}}],"collection":[{"href":"https:\/\/www.humanium.org\/fr\/wp-json\/wp\/v2\/pages"}],"about":[{"href":"https:\/\/www.humanium.org\/fr\/wp-json\/wp\/v2\/types\/page"}],"author":[{"embeddable":true,"href":"https:\/\/www.humanium.org\/fr\/wp-json\/wp\/v2\/users\/65"}],"replies":[{"embeddable":true,"href":"https:\/\/www.humanium.org\/fr\/wp-json\/wp\/v2\/comments?post=10308"}],"version-history":[{"count":19,"href":"https:\/\/www.humanium.org\/fr\/wp-json\/wp\/v2\/pages\/10308\/revisions"}],"predecessor-version":[{"id":59921,"href":"https:\/\/www.humanium.org\/fr\/wp-json\/wp\/v2\/pages\/10308\/revisions\/59921"}],"wp:attachment":[{"href":"https:\/\/www.humanium.org\/fr\/wp-json\/wp\/v2\/media?parent=10308"}],"curies":[{"name":"wp","href":"https:\/\/api.w.org\/{rel}","templated":true}]}}