{"id":10397,"date":"2011-11-06T18:00:00","date_gmt":"2011-11-06T18:00:00","guid":{"rendered":"http:\/\/www.humanium.org\/fr\/?page_id=10397"},"modified":"2025-12-13T19:54:58","modified_gmt":"2025-12-13T19:54:58","slug":"gabon","status":"publish","type":"page","link":"https:\/\/www.humanium.org\/fr\/gabon\/","title":{"rendered":"Enfants du Gabon"},"content":{"rendered":"\n<h2 class=\"wp-block-heading\">Concr\u00e9tiser les droits de l&rsquo;enfant au Gabon<\/h2>\n\n\n\n<div class=\"wp-block-columns is-layout-flex wp-container-core-columns-is-layout-8f761849 wp-block-columns-is-layout-flex\">\n<div class=\"wp-block-column is-layout-flow wp-block-column-is-layout-flow\"><div class=\"wp-block-image is-style-rounded\">\n<figure class=\"aligncenter size-full is-resized\"><img loading=\"lazy\" decoding=\"async\" width=\"400\" height=\"400\" src=\"https:\/\/www.humanium.org\/fr\/wp-content\/uploads\/2022\/06\/Shutterstock_429701752.jpg\" alt=\"\" class=\"wp-image-52609\" style=\"width:239px;height:239px\" srcset=\"https:\/\/www.humanium.org\/fr\/wp-content\/uploads\/2022\/06\/Shutterstock_429701752.jpg 400w, https:\/\/www.humanium.org\/fr\/wp-content\/uploads\/2022\/06\/Shutterstock_429701752-300x300.jpg 300w, https:\/\/www.humanium.org\/fr\/wp-content\/uploads\/2022\/06\/Shutterstock_429701752-150x150.jpg 150w, https:\/\/www.humanium.org\/fr\/wp-content\/uploads\/2022\/06\/Shutterstock_429701752-230x230.jpg 230w, https:\/\/www.humanium.org\/fr\/wp-content\/uploads\/2022\/06\/Shutterstock_429701752-350x350.jpg 350w\" sizes=\"auto, (max-width: 400px) 100vw, 400px\" \/><\/figure>\n<\/div><\/div>\n\n\n\n<div class=\"wp-block-column is-layout-flow wp-block-column-is-layout-flow\"><div class=\"wp-block-image is-style-rounded\">\n<figure class=\"aligncenter size-full is-resized\"><img loading=\"lazy\" decoding=\"async\" width=\"400\" height=\"400\" src=\"https:\/\/www.humanium.org\/fr\/wp-content\/uploads\/2022\/06\/Shutterstock_429720586.jpg\" alt=\"\" class=\"wp-image-52610\" style=\"width:235px;height:235px\" srcset=\"https:\/\/www.humanium.org\/fr\/wp-content\/uploads\/2022\/06\/Shutterstock_429720586.jpg 400w, https:\/\/www.humanium.org\/fr\/wp-content\/uploads\/2022\/06\/Shutterstock_429720586-300x300.jpg 300w, https:\/\/www.humanium.org\/fr\/wp-content\/uploads\/2022\/06\/Shutterstock_429720586-150x150.jpg 150w, https:\/\/www.humanium.org\/fr\/wp-content\/uploads\/2022\/06\/Shutterstock_429720586-230x230.jpg 230w, https:\/\/www.humanium.org\/fr\/wp-content\/uploads\/2022\/06\/Shutterstock_429720586-350x350.jpg 350w\" sizes=\"auto, (max-width: 400px) 100vw, 400px\" \/><\/figure>\n<\/div><\/div>\n<\/div>\n\n\n\n<p class=\"wp-block-paragraph\"><strong>Au Gabon, <a href=\"https:\/\/www.humanium.org\/fr\/les-droits-de-l-enfant\/\">les enfants<\/a> sont confront\u00e9s \u00e0 de nombreux obstacles qui entravent leurs droits et les emp\u00eachent de vivre pleinement leur vie. Malgr\u00e9 le d\u00e9veloppement de certains secteurs, le <a href=\"https:\/\/www.humanium.org\/fr\/travail-des-enfants\/\">travail des enfants<\/a>, le <a href=\"https:\/\/www.humanium.org\/fr\/trafic-enfants\/\">trafic d\u2019enfants<\/a>, les <a href=\"https:\/\/www.humanium.org\/fr\/sexualite-des-adolescents\/\">grossesses adolescentes<\/a> et un manque d\u2019acc\u00e8s \u00e0 des services de bases restent omnipr\u00e9sents.<\/strong><\/p>\n\n\n\n<iframe src=\"https:\/\/www.google.com\/maps\/embed?pb=!1m18!1m12!1m3!1d8170092.5037391195!2d6.975567331610357!3d-0.9209004223896909!2m3!1f0!2f0!3f0!3m2!1i1024!2i768!4f13.1!3m3!1m2!1s0x107f3b8a5438f3ed%3A0x7b0cc30e36786b15!2sGabon!5e0!3m2!1sen!2sin!4v1655986076768!5m2!1sen!2sin\" width=\"600\" height=\"450\" style=\"border:0;\" allowfullscreen=\"\" loading=\"lazy\" referrerpolicy=\"no-referrer-when-downgrade\"><\/iframe>\n\n\n\n<div class=\"wp-block-columns is-layout-flex wp-container-core-columns-is-layout-8f761849 wp-block-columns-is-layout-flex\">\n<div class=\"wp-block-column is-layout-flow wp-block-column-is-layout-flow\">\n<p class=\"wp-block-paragraph\"><strong>Population :<\/strong> 2,2 millions<br><strong>Pop. de 0 \u00e0 14 ans :<\/strong> 37 %<\/p>\n<\/div>\n\n\n\n<div class=\"wp-block-column is-layout-flow wp-block-column-is-layout-flow\">\n<p class=\"wp-block-paragraph\"><strong>Esp\u00e9rance de vie :<\/strong> 66,47 ans<br><strong>Mortalit\u00e9 des moins de 5 ans :<\/strong>&nbsp;42.5 \u2030<\/p>\n<\/div>\n<\/div>\n\n\n\n<h2 class=\"wp-block-heading\"><strong>Un coup d\u2019\u0153il sur le Gabon<\/strong><\/h2>\n\n\n\n<p class=\"wp-block-paragraph\">Situ\u00e9 sur la c\u00f4te atlantique de l\u2019<a href=\"https:\/\/www.humanium.org\/fr\/afrique\/\">Afrique<\/a> centrale, le Gabon est bord\u00e9 par le <a href=\"https:\/\/www.humanium.org\/fr\/cameroun\/\">Cameroun<\/a> et la <a href=\"https:\/\/www.humanium.org\/fr\/guinee-equatoriale\/\">Guin\u00e9e \u00e9quatoriale<\/a> au nordet par la <a href=\"https:\/\/www.humanium.org\/fr\/republique-democratique-du-congo\/\">R\u00e9publique du Congo<\/a> \u00e0 l\u2019est et au sud. G\u00e9ographiquement, il est principalement compos\u00e9 de plateaux, de collines, et au nord, de hauts bassins compos\u00e9s de petites rivi\u00e8res c\u00f4ti\u00e8res. Son r\u00e9seau hydrologique extr\u00eamement dense alimente deux fleuves, l\u2019Ogoou\u00e9 et le Nyanga. Le pays poss\u00e8de un <a href=\"https:\/\/www.humanium.org\/fr\/focus\/environnement\/urgence-climatique\/\">climat<\/a> typique des r\u00e9gions tropicales&nbsp;: \u00e0 la fois humide et chaud (Portail des connaissances sur le changement climatique de la Banque Mondiale, n.d.)<\/p>\n\n\n\n<p class=\"wp-block-paragraph\">Bien que 85 %du pays soit recouvert de for\u00eats, le Gabon a l\u2019un des taux d\u2019urbanisation les plus \u00e9lev\u00e9s d\u2019<a href=\"https:\/\/www.humanium.org\/en\/africa\/\">Afrique<\/a> avec plus de quatre citoyens sur cinq vivant dans des villes. Libreville, la capitale, et Port-Gentil, souvent d\u00e9sign\u00e9e comme la capitale \u00e9conomique du pays, abritent \u00e0 elles deux 59% de la population du pays (Banque mondiale, 2005).<\/p>\n\n\n\n<p class=\"wp-block-paragraph\">L&rsquo;histoire, essentielle \u00e0 la compr\u00e9hension d&rsquo;un pays et le fondement sur lequel repose le pr\u00e9sent, est d\u2019une importance absolue et irr\u00e9vocable. L\u2019histoire du Gabon est marqu\u00e9e par les effets et les cons\u00e9quences de la colonisation. Les premiers colonisateurs connus sont les navigateurs <a href=\"https:\/\/www.humanium.org\/fr\/portugal\/\">portugais<\/a> qui arrivent au Gabon en 1472 et y restent jusqu\u2019\u00e0 la prise du contr\u00f4le du pays par les <a href=\"https:\/\/www.humanium.org\/fr\/france\/\">Fran\u00e7ais<\/a>. (Gardinier, 2021)<\/p>\n\n\n\n<p class=\"wp-block-paragraph\">Le Gabon devient l&rsquo;une des quatre colonies de la f\u00e9d\u00e9ration de l&rsquo;Afrique \u00e9quatoriale fran\u00e7aise en 1910.&nbsp; Bien que l&rsquo;occupation fran\u00e7aise suscite peu de r\u00e9sistance, les taxes sur le travail pour financer les projets publics, l&rsquo;interf\u00e9rence avec le commerce et une politique fran\u00e7aise de d\u00e9veloppement de l&rsquo;<a href=\"https:\/\/www.humanium.org\/fr\/normes\/pactes-internationaux-1966\/#:~:text=L'article%2010%20du%20Pacte,un%20%C3%A2ge%20minium%20au%20travail.\">\u00e9conomie<\/a> par le biais de soci\u00e9t\u00e9s concessionnaires monopolistiques entre 1898 et 1914, engendrent une opposition consid\u00e9rable car ces changements ont de graves cons\u00e9quences sur la production agricole, le commerce et la colonisation.<\/p>\n\n\n\n<p class=\"wp-block-paragraph\">Dans l&rsquo;entre-deux-guerres, une \u00e9lite anticolonialiste mais pro-fran\u00e7aise apparait dans le pays. Ses membres deviennent des politiciens qui vont exercer diverses fonctions lors que le Gabon obtient sa propre repr\u00e9sentation au Parlement fran\u00e7ais sous la Quatri\u00e8me R\u00e9publique. Durant cette p\u00e9riode, la <a href=\"https:\/\/www.humanium.org\/fr\/france\/\">France<\/a> investit consid\u00e9rablement dans les secteurs de l&rsquo;\u00e9conomie, de la sant\u00e9 et de l&rsquo;<a href=\"https:\/\/www.humanium.org\/fr\/comprendre-droits-enfant\/droit-a-l-education\/\">\u00e9ducation<\/a>. En 1958, le pays devient une r\u00e9publique autonome au sein de la Communaut\u00e9 fran\u00e7aise, cr\u00e9\u00e9e sous la Cinqui\u00e8me R\u00e9publique. Le 17 ao\u00fbt 1960, apr\u00e8s avoir conclu des accords de coop\u00e9ration avec la France, le Gabon acquiert son ind\u00e9pendance (Gardinier, 2021).<\/p>\n\n\n\n<p class=\"wp-block-paragraph\">Le premier pr\u00e9sident de la R\u00e9publique, L\u00e9on M&rsquo;ba, instaure un r\u00e9gime \u00e0 parti unique, qui se heurte \u00e0 une r\u00e9bellion des jeunes officiers militaires. Cependant, le soutien du pr\u00e9sident Charles de Gaulle (la France a de forts int\u00e9r\u00eats \u00e9conomiques dans la r\u00e9gion), lui permet de revenir au pouvoir. Apr\u00e8s la mort de M&rsquo;ba, Albert-Bernard Bongo prend le pouvoir et fonde le Parti d\u00e9mocratique gabonais, socle du monopartisme, sous lequel il est \u00e9lu \u00e0 la pr\u00e9sidence en 1973. <\/p>\n\n\n\n<p class=\"wp-block-paragraph\">En 1990, les manifestations anti-gouvernementales li\u00e9es aux mesures d&rsquo;aust\u00e9rit\u00e9 impos\u00e9es par le gouvernement entrainent des amendements constitutionnels et le r\u00e9tablissement du syst\u00e8me multipartite. Malgr\u00e9 cela, Bongo est r\u00e9\u00e9lu en 1993 et encore 1998, lors d&rsquo;\u00e9lections notoires pour des all\u00e9gations de fraude (Gardinier, 2021).<\/p>\n\n\n\n<p class=\"wp-block-paragraph\">Un syst\u00e8me ancr\u00e9 dans la corruption est la cause de nombreux probl\u00e8mes financiers pour le Gabon. Les fonctionnaires et les chefs d\u2019entreprises repr\u00e9sentaient 2% de la population, mais contr\u00f4laient 80% de tous les revenus personnels. Des revendications pour des salaires \u00e9lev\u00e9s, des d\u00e9tournements de fonds, des transferts d\u2019importantes sommes d\u2019argent plongent le pays dans un gouffre financier. Ainsi, \u00e0 la fin des ann\u00e9es 1990, le Fonds mon\u00e9taire international (FMI) fait pression sur le pays pour qu\u2019il privatise les entreprises publiques et cesse de d\u00e9tourner les fonds de l\u2019Etat.<\/p>\n\n\n\n<p class=\"wp-block-paragraph\">Un amendement constitutionnel supprimant la limitation du mandat pr\u00e9sidentiel, adopt\u00e9 en 2003, permet \u00e0 Bongo de participer aux \u00e9lections de 2005et de les remporter. Apr\u00e8s son d\u00e9c\u00e8s en 2009, la pr\u00e9sidente du S\u00e9nat, Rose Francine Rogomb\u00e9, pr\u00eate serment en tant que pr\u00e9sidente par int\u00e9rim. Par la suite, Ali Ben Bongo prend les r\u00eanes du pouvoir malgr\u00e9 des \u00e9lections entach\u00e9es de violences et qui suscitent l&rsquo;indignation car beaucoup sont convaincus que sa victoire est le r\u00e9sultat de fraudes et d&rsquo;irr\u00e9gularit\u00e9s de vote. Il remporte \u00e0 nouveau les \u00e9lections pr\u00e9sidentielles de 2016, et depuis, continue d\u2019exercer son autorit\u00e9 sur le pays. (Gardinier, 2021)<\/p>\n\n\n\n<h2 class=\"wp-block-heading\"><strong>Status des droits des enfants<u><a href=\"#_ftn1\"><sup><strong><u><sup>[1]<\/sup><\/u><\/strong><\/sup><\/a><\/u><\/strong><\/h2>\n\n\n\n<p class=\"wp-block-paragraph\">Sur la plateforme internationale, le Gabon a ratifi\u00e9 la <a href=\"https:\/\/www.humanium.org\/fr\/convention\/\">Convention relative aux droits des enfants<\/a>,et, en 2007,&nbsp; le P<a href=\"https:\/\/www.humanium.org\/fr\/normes\/protocole-facultatif-cide-vente-prostitution-pornographie-enfants\/\">rotocole facultatif sur la vente d\u2019enfants, la prostitution des enfants et la pornographie mettant en sc\u00e8ne des enfants<\/a> et en 2010, le <a href=\"https:\/\/www.humanium.org\/fr\/normes\/protocole-facultatif-cide-enfants-dans-conflits-armes\/\">Protocole facultatif concernant l\u2019implication d\u2019enfants dans les conflits arm\u00e9s<\/a>.<\/p>\n\n\n<div class=\"wp-block-image\">\n<figure class=\"alignleft size-large is-resized\"><img loading=\"lazy\" decoding=\"async\" width=\"1024\" height=\"683\" src=\"https:\/\/www.humanium.org\/fr\/wp-content\/uploads\/2022\/06\/shutterstock_1662116413-1024x683.jpg\" alt=\"\" class=\"wp-image-52612\" style=\"width:351px;height:234px\" srcset=\"https:\/\/www.humanium.org\/fr\/wp-content\/uploads\/2022\/06\/shutterstock_1662116413-1024x683.jpg 1024w, https:\/\/www.humanium.org\/fr\/wp-content\/uploads\/2022\/06\/shutterstock_1662116413-300x200.jpg 300w, https:\/\/www.humanium.org\/fr\/wp-content\/uploads\/2022\/06\/shutterstock_1662116413-768x512.jpg 768w, https:\/\/www.humanium.org\/fr\/wp-content\/uploads\/2022\/06\/shutterstock_1662116413-1536x1024.jpg 1536w, https:\/\/www.humanium.org\/fr\/wp-content\/uploads\/2022\/06\/shutterstock_1662116413-2048x1365.jpg 2048w, https:\/\/www.humanium.org\/fr\/wp-content\/uploads\/2022\/06\/shutterstock_1662116413-830x553.jpg 830w, https:\/\/www.humanium.org\/fr\/wp-content\/uploads\/2022\/06\/shutterstock_1662116413-230x153.jpg 230w, https:\/\/www.humanium.org\/fr\/wp-content\/uploads\/2022\/06\/shutterstock_1662116413-350x233.jpg 350w, https:\/\/www.humanium.org\/fr\/wp-content\/uploads\/2022\/06\/shutterstock_1662116413-480x320.jpg 480w, https:\/\/www.humanium.org\/fr\/wp-content\/uploads\/2022\/06\/shutterstock_1662116413-272x182.jpg 272w\" sizes=\"auto, (max-width: 1024px) 100vw, 1024px\" \/><\/figure>\n<\/div>\n\n\n<p class=\"wp-block-paragraph\">Le Gabon a \u00e9galement ratifi\u00e9 d\u2019autres trait\u00e9s internationaux&nbsp;; notamment, la Convention contre la torture et autres peines ou traitements cruels, inhumains ou d\u00e9gradants en 2000, et la Convention relative aux droits des personnes handicap\u00e9es en 2007. Le pays a aussi sign\u00e9, mais non ratifi\u00e9, la Convention internationale sur la protection des droits de tous les travailleurs migrants et des membres de leur famille en 2004.<\/p>\n\n\n\n<p class=\"wp-block-paragraph\">En termes de trait\u00e9s et de conventions au sein de l\u2019Afrique, le Gabon a ratifi\u00e9 la <a href=\"https:\/\/www.humanium.org\/fr\/autres\/charte-africaine-droits-bien-etre-enfant\/\">Charte africaine des droits et du bien-\u00eatre de l&rsquo;enfant<\/a> en 2007. Il s\u2019agit d\u2019un document essentiel concernant la lutte pour les <a href=\"https:\/\/www.humanium.org\/fr\/droits-enfant\/\">droits del\u2019enfant<\/a> et, bien qu\u2019un grand nombre de principes soit identique \u00e0 ceux de la Convention des Nations unies sur les droits de l\u2019enfant, il est ax\u00e9 sp\u00e9cifiquement sur les r\u00e9alit\u00e9s du contexte africain. En juin 2021, seuls cinq \u00e9tats membres de l\u2019Union africaine ne l\u2019avaient pas ratifi\u00e9e&nbsp;:le <a href=\"https:\/\/www.humanium.org\/fr\/maroc-et-sahara-occidental\/carte_maroc\/\">Maroc<\/a>, la <a href=\"https:\/\/www.humanium.org\/fr\/tunisie\/\">Tunisie<\/a>, la <a href=\"https:\/\/www.humanium.org\/fr\/somalie\/\">Somalie<\/a>, le <a href=\"https:\/\/www.humanium.org\/fr\/soudan-du-sud\/\">Soudan du Sud<\/a> et la R\u00e9publique arabe sahraouie d\u00e9mocratique(ACERWC, 2021).<\/p>\n\n\n\n<h2 class=\"wp-block-heading\"><strong>R\u00e9pondre aux besoins des enfants<\/strong><\/h2>\n\n\n\n<h3 class=\"wp-block-heading\"><strong>Droit \u00e0 l\u2019\u00e9ducation<\/strong><\/h3>\n\n\n\n<p class=\"wp-block-paragraph\">En ce qui concerne <a href=\"https:\/\/www.humanium.org\/fr\/comprendre-droits-enfant\/droit-a-l-education\/\">l\u2019\u00e9ducation<\/a>, de nombreuses mesures significatives ont \u00e9t\u00e9 prises&nbsp;; l\u2019une d\u2019entre elle, datant de 1966, la rend gratuite et obligatoire pour tous les enfants. Par ailleurs, la loi 021 de 2012 vise l\u2019accessibilit\u00e9 et la provision de l\u2019<a href=\"https:\/\/www.humanium.org\/fr\/humanium-participe-a-la-session-du-conseil-de-leurope-sur-le-covid-19-et-les-defis-de-leducation\/\">\u00e9ducation<\/a>, et la rend obligatoire d\u00e8s l\u2019\u00e2ge de trois ans (OHCHR,2016).Bien que l\u2019<a href=\"https:\/\/www.humanium.org\/fr\/comprendre-droits-enfant\/droit-a-l-education\/\">\u00e9ducation<\/a> au Gabon soit, en effet, obligatoire, la plupart des \u00e9tudiants ont entre 6 et 15 ans, ce qui donne un \u00e2ge moyen de 10 ans pour ces dix derni\u00e8res ann\u00e9es. (UNESCO, n.d.)<\/p>\n\n\n\n<p class=\"wp-block-paragraph\">Malgr\u00e9 la mise en place d&rsquo;un syst\u00e8me visant \u00e0 assurer et \u00e0 faire respecter les <a href=\"https:\/\/www.humanium.org\/fr\/droits-enfant\/\">droits des enfants<\/a> en mati\u00e8re d&rsquo;\u00e9ducation, la r\u00e9alit\u00e9 est bien plus sombre. M\u00eame si 90% des <a href=\"https:\/\/www.humanium.org\/fr\/droits-enfant\/\">enfants<\/a> sont inscrits \u00e0 l\u2019\u00e9cole primaire, lorsque ceux-ci atteignent l&rsquo;\u00e9cole secondaire, on assiste \u00e0 une escalade des taux de d\u00e9crochage&nbsp;: seulement 57% des filles et 48% des gar\u00e7ons atteignent ce niveau d&rsquo;<a href=\"https:\/\/www.humanium.org\/fr\/humanium-participe-a-la-session-du-conseil-de-leurope-sur-le-covid-19-et-les-defis-de-leducation\/\">\u00e9ducation<\/a>.<\/p>\n\n\n\n<p class=\"wp-block-paragraph\">Pour des raisons historiques, le fran\u00e7ais est la langue principale au Gabon, et le pays a l&rsquo;un des taux d&rsquo;alphab\u00e9tisation les plus \u00e9lev\u00e9s d&rsquo;<a href=\"https:\/\/www.humanium.org\/fr\/afrique\/\">Afrique<\/a> sub-saharienne. Ce taux a tr\u00e8s fortement augment\u00e9, 83,2% des adultes \u00e9taient alphab\u00e9tis\u00e9s en 2015 par rapport aux 36,8% non alphab\u00e9tis\u00e9s en 1995 (Paez, 2017).<\/p>\n\n\n\n<p class=\"wp-block-paragraph\">Bien que la loi sur l\u2019\u00e9ducation g\u00e9n\u00e9rale garantisse le droit \u00e0 un <a href=\"https:\/\/www.humanium.org\/fr\/comprendre-droits-enfant\/droit-a-l-education\/#:~:text=L'%C3%A9ducation%20doit%20%C3%AAtre%20accessible,de%20se%20construire%20un%20avenir.\">enseignement<\/a> gratuit et obligatoire, les \u00e9l\u00e8ves doivent \u00eatre en mesure de subvenir \u00e0 leurs propres fournitures et frais de scolarit\u00e9, ce qui peut s&rsquo;av\u00e9rer prohibitif. Dans les zones rurales du Gabon, non seulement les \u00e9coles et les enseignants manquent, mais l&rsquo;<a href=\"https:\/\/www.humanium.org\/fr\/comprendre-droits-enfant\/droit-a-l-education\/#:~:text=L'%C3%A9ducation%20doit%20%C3%AAtre%20accessible,de%20se%20construire%20un%20avenir.\">enseignement<\/a> primaire n&rsquo;est souvent pas disponible. <\/p>\n\n\n\n<p class=\"wp-block-paragraph\">De plus, certains enfants, le plus souvent des <a href=\"https:\/\/www.humanium.org\/fr\/droits-des-filles\/\">filles<\/a>, sont victimes d&rsquo;<a href=\"https:\/\/www.humanium.org\/fr\/exploitation-sexuelle-enfants\/#:~:text=L'abus%20sexuel%20est%20r%C3%A9alis%C3%A9,pouvoir%20r%C3%A9alis%C3%A9%20par%20les%20adultes.\">abus sexuels<\/a> \u00e0 l&rsquo;\u00e9cole et pour les enfants vivant dans les zones rurales, l&rsquo;acc\u00e8s \u00e0 un <a href=\"https:\/\/www.humanium.org\/fr\/comprendre-droits-enfant\/droit-a-l-identite\/?gclid=CjwKCAiA9aKQBhBREiwAyGP5ldjDXxvcUJR6tEl_7t5tv-lGa4SPPCHT630HVAmMh28RxgikEvZZ0xoCTnIQAvD_BwE\">certificat de naissance<\/a>, document n\u00e9cessaire pour l&rsquo;inscription \u00e0 l&rsquo;\u00e9cole, est rare. Par cons\u00e9quent, certains enfants ne vont pas \u00e0 l\u2019\u00e9cole, une situation qui les rend plus \u00e0 m\u00eame d\u2019\u00eatre <a href=\"https:\/\/www.humanium.org\/fr\/exploitation\/\">exploit\u00e9s<\/a> (Bureau of International Labor Affairs, 2020).<\/p>\n\n\n\n<h3 class=\"wp-block-heading\"><strong>Droit \u00e0 la sant\u00e9<\/strong><\/h3>\n\n\n<div class=\"wp-block-image\">\n<figure class=\"alignright size-large is-resized\"><img loading=\"lazy\" decoding=\"async\" width=\"1024\" height=\"683\" src=\"https:\/\/www.humanium.org\/fr\/wp-content\/uploads\/2022\/06\/shutterstock_1396673531-1024x683.jpg\" alt=\"\" class=\"wp-image-52613\" style=\"width:362px;height:242px\" srcset=\"https:\/\/www.humanium.org\/fr\/wp-content\/uploads\/2022\/06\/shutterstock_1396673531-1024x683.jpg 1024w, https:\/\/www.humanium.org\/fr\/wp-content\/uploads\/2022\/06\/shutterstock_1396673531-300x200.jpg 300w, https:\/\/www.humanium.org\/fr\/wp-content\/uploads\/2022\/06\/shutterstock_1396673531-768x512.jpg 768w, https:\/\/www.humanium.org\/fr\/wp-content\/uploads\/2022\/06\/shutterstock_1396673531-1536x1024.jpg 1536w, https:\/\/www.humanium.org\/fr\/wp-content\/uploads\/2022\/06\/shutterstock_1396673531-2048x1365.jpg 2048w, https:\/\/www.humanium.org\/fr\/wp-content\/uploads\/2022\/06\/shutterstock_1396673531-830x553.jpg 830w, https:\/\/www.humanium.org\/fr\/wp-content\/uploads\/2022\/06\/shutterstock_1396673531-230x153.jpg 230w, https:\/\/www.humanium.org\/fr\/wp-content\/uploads\/2022\/06\/shutterstock_1396673531-350x233.jpg 350w, https:\/\/www.humanium.org\/fr\/wp-content\/uploads\/2022\/06\/shutterstock_1396673531-480x320.jpg 480w, https:\/\/www.humanium.org\/fr\/wp-content\/uploads\/2022\/06\/shutterstock_1396673531-272x182.jpg 272w\" sizes=\"auto, (max-width: 1024px) 100vw, 1024px\" \/><\/figure>\n<\/div>\n\n\n<p class=\"wp-block-paragraph\">Bien que le Gabon soit consid\u00e9r\u00e9 comme un pays \u00e0 revenus interm\u00e9diaire sup\u00e9rieur, en r\u00e9alit\u00e9, la <a href=\"https:\/\/www.humanium.org\/fr\/pauvrete\/\">pauvret\u00e9<\/a> reste un probl\u00e8me pressant qui, \u00e0 son tour, contribue \u00e0 la d\u00e9gradation de la sant\u00e9 de sa population (Obounou, 2017). Le gouvernement a investi dans des infrastructures de sant\u00e9, mais les maladies telles que le paludisme, le <a href=\"https:\/\/www.humanium.org\/fr\/enfant-et-sida\/\">VIH\/SIDA<\/a>, ainsi que la <a href=\"https:\/\/www.humanium.org\/fr\/mortalite-infantile\/\">mortalit\u00e9 infantile<\/a> restent les principales causes de mortalit\u00e9. La situation est d&rsquo;autant plus grave qu&rsquo;il y a une constante p\u00e9nurie de lits d&rsquo;h\u00f4pitaux. Ce nombre n&rsquo;est que de 6,3pour 1 000 habitants, et il n\u2019y a que six m\u00e9decins et quatre sage-femmes pour 10 000 habitants (Obounou, 2017)<\/p>\n\n\n\n<p class=\"wp-block-paragraph\">L&rsquo;augmentation du financement public dans le domaine de la sant\u00e9 a \u00e9norm\u00e9ment contribu\u00e9 \u00e0 r\u00e9duire les paiements \u00e0 la charge des patients. En 2007, le lancement des r\u00e9formes du financement de la sant\u00e9 a r\u00e9v\u00e9l\u00e9 que ces paiements constituaient 50 % des d\u00e9penses totales de sant\u00e9.Mais en 2016, ce chiffre est tomb\u00e9 \u00e0 23 %, faisant du Gabon le pays ayant le pourcentage le plus bas parmi les pays membres de la CEMAC (OMS).&nbsp;<\/p>\n\n\n\n<p class=\"wp-block-paragraph\">Le syst\u00e8me national de sant\u00e9 au Gabon, la Caisse Nationale d\u2019Assurance Maladie et de Garantie Sociale (CNAMGS) a \u00e9t\u00e9 cr\u00e9\u00e9 en 2008. Bien qu\u2019elle ait commenc\u00e9 par \u00e9tendre la couverture de soins aux \u00e9tudiants, aux <a href=\"https:\/\/www.humanium.org\/fr\/pauvrete\/\">pauvres<\/a> et aux personnes \u00e2g\u00e9es, les travailleurs du secteur public et les travailleurs du secteur priv\u00e9 n\u2019ont pu en b\u00e9n\u00e9ficier qu\u2019en 2011 et2013 respectivement (Kuo, 2020).<\/p>\n\n\n\n<p class=\"wp-block-paragraph\">En ce qui concerne les soins de sant\u00e9 maternelle, la strat\u00e9gie nationale de sant\u00e9 pr\u00e9voit une prise en charge \u00e0 100%. Malgr\u00e9 cela, les taux de mortalit\u00e9 maternelle ne peuvent \u00eatre sous-estim\u00e9s&nbsp;:en 2015, on comptait 261 d\u00e9c\u00e8s pour 100 000 naissances. (Kuo, 2020)<\/p>\n\n\n\n<p class=\"wp-block-paragraph\">Le syst\u00e8me de sant\u00e9 gabonais s\u2019est \u00e9norm\u00e9ment d\u00e9velopp\u00e9 par rapport aux autres pays de la r\u00e9gion, mais les d\u00e9penses de <a href=\"https:\/\/www.humanium.org\/fr\/comprendre-droits-enfant\/droit-a-la-sante\/#:~:text=Tous%20les%20enfants%20ont%20le,l'acc%C3%A8s%20aux%20m%C3%A9dicaments%20essentiels.&amp;text=Par%20contre%2C%20cela%20ne%20signifie,sant%C3%A9%20%C3%A0%20toutes%20les%20personnes.\">sant\u00e9<\/a> ne repr\u00e9sentent que 3,44% du PIB total du pays. Ainsi, bien qu&rsquo;il s&rsquo;agisse d&rsquo;un pays \u00e0 revenu interm\u00e9diaire sup\u00e9rieur, le Gabon d\u00e9pense moins en soins de sant\u00e9 que certains autres de ses voisins, comme le <a href=\"https:\/\/www.humanium.org\/fr\/cameroun\/\">Cameroun<\/a>, le <a href=\"https:\/\/www.humanium.org\/fr\/tchad\/\">Tchad<\/a>, la <a href=\"https:\/\/www.humanium.org\/fr\/guinee-equatoriale\/\">Guin\u00e9e \u00e9quatoriale<\/a> ou la <a href=\"https:\/\/www.humanium.org\/fr\/republique-democratique-du-congo\/\">R\u00e9publique d\u00e9mocratique du Congo<\/a>(Kuo, 2020).<\/p>\n\n\n\n<h3 class=\"wp-block-heading\"><strong>Droit \u00e0 l&rsquo;eau potable et \u00e0 l&rsquo;assainissement<\/strong><\/h3>\n\n\n\n<p class=\"wp-block-paragraph\">&nbsp;Bien que le Gabon dispose d\u2019<a href=\"https:\/\/www.humanium.org\/fr\/comprendre-droits-enfant\/droit-a-l-eau\/#:~:text=L'acc%C3%A8s%20%C3%A0%20l'eau,vital%20pour%20tous%20les%20enfants&amp;text=Le%20droit%20%C3%A0%20l'eau%20implique%20le%20droit%20%C3%A0%20une,qualit%C3%A9%20des%20ressources%20en%20eau.\">eau<\/a> de qualit\u00e9 en abondance, son haut taux d&rsquo;urbanisation &#8211; 87 % de la population vit en zone urbaine &#8211; engendre des tensions pour l\u2019acc\u00e8s \u00e0 l&rsquo;<a href=\"https:\/\/www.humanium.org\/fr\/comprendre-droits-enfant\/droit-a-l-eau\/#:~:text=L'acc%C3%A8s%20%C3%A0%20l'eau,vital%20pour%20tous%20les%20enfants&amp;text=Le%20droit%20%C3%A0%20l'eau%20implique%20le%20droit%20%C3%A0%20une,qualit%C3%A9%20des%20ressources%20en%20eau.\">eau potable<\/a>. La demande d&rsquo;un approvisionnement permanent en eau est directement li\u00e9e \u00e0 l&rsquo;augmentation de la population dans les zones urbaines (Doran, 2017).&nbsp;<\/p>\n\n\n<div class=\"wp-block-image\">\n<figure class=\"alignleft size-large is-resized\"><img loading=\"lazy\" decoding=\"async\" width=\"1024\" height=\"683\" src=\"https:\/\/www.humanium.org\/fr\/wp-content\/uploads\/2022\/06\/shutterstock_429710146-1024x683.jpg\" alt=\"\" class=\"wp-image-52615\" style=\"width:364px;height:242px\" srcset=\"https:\/\/www.humanium.org\/fr\/wp-content\/uploads\/2022\/06\/shutterstock_429710146-1024x683.jpg 1024w, https:\/\/www.humanium.org\/fr\/wp-content\/uploads\/2022\/06\/shutterstock_429710146-300x200.jpg 300w, https:\/\/www.humanium.org\/fr\/wp-content\/uploads\/2022\/06\/shutterstock_429710146-768x513.jpg 768w, https:\/\/www.humanium.org\/fr\/wp-content\/uploads\/2022\/06\/shutterstock_429710146-1536x1025.jpg 1536w, https:\/\/www.humanium.org\/fr\/wp-content\/uploads\/2022\/06\/shutterstock_429710146-2048x1367.jpg 2048w, https:\/\/www.humanium.org\/fr\/wp-content\/uploads\/2022\/06\/shutterstock_429710146-830x554.jpg 830w, https:\/\/www.humanium.org\/fr\/wp-content\/uploads\/2022\/06\/shutterstock_429710146-230x154.jpg 230w, https:\/\/www.humanium.org\/fr\/wp-content\/uploads\/2022\/06\/shutterstock_429710146-350x234.jpg 350w, https:\/\/www.humanium.org\/fr\/wp-content\/uploads\/2022\/06\/shutterstock_429710146-480x320.jpg 480w, https:\/\/www.humanium.org\/fr\/wp-content\/uploads\/2022\/06\/shutterstock_429710146-272x182.jpg 272w\" sizes=\"auto, (max-width: 1024px) 100vw, 1024px\" \/><\/figure>\n<\/div>\n\n\n<p class=\"wp-block-paragraph\">\u00c0 Libreville, par exemple, les p\u00e9nuries d&rsquo;<a href=\"https:\/\/www.humanium.org\/fr\/comprendre-droits-enfant\/droit-a-l-eau\/#:~:text=L'acc%C3%A8s%20%C3%A0%20l'eau,vital%20pour%20tous%20les%20enfants&amp;text=Le%20droit%20%C3%A0%20l'eau%20implique%20le%20droit%20%C3%A0%20une,qualit%C3%A9%20des%20ressources%20en%20eau.\">eau<\/a> sont fr\u00e9quentes \u00e0 cause du manque d&rsquo;installations de stockage et de maintenance, et de la faible capacit\u00e9 de production d&rsquo;eau potable du pays. En outre, des r\u00e9seaux d&rsquo;eaux us\u00e9es et d&rsquo;eaux pluviales inadapt\u00e9s, et une mauvaise gestion des eaux us\u00e9es, des d\u00e9chets et des sources d&rsquo;<a href=\"https:\/\/www.humanium.org\/fr\/comprendre-droits-enfant\/droit-a-l-eau\/\">eau<\/a> am\u00e9lior\u00e9es sont embl\u00e9matiques du probl\u00e8me au quel le Gabon est confront\u00e9 en termes d&rsquo;assainissement et d&rsquo;acc\u00e8s \u00e0 de bonnes installations d\u2019eau. <\/p>\n\n\n\n<p class=\"wp-block-paragraph\">Lorsqu&rsquo;il n&rsquo;y a pas d&rsquo;approvisionnement en <a href=\"https:\/\/www.humanium.org\/fr\/comprendre-droits-enfant\/droit-a-l-eau\/\">eau potable<\/a> ni d&rsquo;installations sanitaires ad\u00e9quates, le risque de contracter des maladies tropicales n\u00e9glig\u00e9es (MTN) et d&rsquo;\u00eatre victime d&rsquo;une \u00e9pid\u00e9mie augmente. Ainsi, une grande partie de la population encourt le risque de contacter des helminthiases transmis par le sol (STH), la filariose lymphatique ou la schistosomiase. (Doran, 2017).<\/p>\n\n\n\n<p class=\"wp-block-paragraph\">Cependant, d&rsquo;importants efforts sont en cours pour distribuer de l\u2019<a href=\"https:\/\/www.humanium.org\/fr\/comprendre-droits-enfant\/droit-a-l-eau\/#:~:text=L'acc%C3%A8s%20%C3%A0%20l'eau,vital%20pour%20tous%20les%20enfants&amp;text=Le%20droit%20%C3%A0%20l'eau%20implique%20le%20droit%20%C3%A0%20une,qualit%C3%A9%20des%20ressources%20en%20eau.\">eau potable<\/a> \u00e0 tous. Le premier Programme int\u00e9gr\u00e9 d&rsquo;alimentation en eau potable et d&rsquo;assainissement de Libreville, la capitale du Gabon, vise \u00e0 garantir un acc\u00e8s universel et durable \u00e0 l\u2019eau potable et \u00e0 des services d&rsquo;assainissement d&rsquo;ici 2025. Le programme est pr\u00e9vu pour \u00eatre mis en \u0153uvre sur une p\u00e9riode de quatre ans (AFDB, 2019) .<\/p>\n\n\n\n<p class=\"wp-block-paragraph\">Il pr\u00e9voit une extension du r\u00e9seau d&rsquo;eau potable en dehors de la capitale, ce qui permettra d&rsquo;atteindre 300 000 personnes suppl\u00e9mentaires dans les zones environnantes. Ainsi, les villes d&rsquo;Akanda, Owendo et Ntoum b\u00e9n\u00e9ficier ont grandement de cette am\u00e9lioration des infrastructures (Shrestha, 2020).<\/p>\n\n\n\n<p class=\"wp-block-paragraph\">Au Gabon, deux m\u00e9nages, et m\u00eame des fois plus, se partageaient souvent les installations sanitaires . Mais cette situation s&rsquo;est consid\u00e9rablement am\u00e9lior\u00e9e, les niveaux passant de 36 % de la population en 2003 \u00e0 27 % en 2017, et bient\u00f4t, chaque m\u00e9nage pourra disposer de son propre \u00e9quipement sanitaire. Ces am\u00e9liorations peuvent \u00eatre en grande partie attribu\u00e9es \u00e0 la priorit\u00e9 accord\u00e9e \u00e0 l&rsquo;augmentation des infrastructures et aux programmes de sensibilisation du gouvernement et des organisations internationales (Shrestha, 2020).&nbsp;<\/p>\n\n\n\n<p class=\"wp-block-paragraph\">Cependant, la d\u00e9f\u00e9cation \u00e0 l&rsquo;air libre pose de nombreux probl\u00e8mes de sant\u00e9. Bien que seulement 3 % de la population gabonaise la pratiquait en 2017,&nbsp; il y a raison de s&rsquo;inqui\u00e9ter car seulement 1 % de la population s&rsquo;y livrait en 2000 (Shrestha, 2020).<\/p>\n\n\n\n<h2 class=\"wp-block-heading\"><strong>Facteurs de risque \u2192 D\u00e9fis propres \u00e0 chaque pays<\/strong><\/h2>\n\n\n\n<h3 class=\"wp-block-heading\"><strong>Trafic d&rsquo;enfants<\/strong><\/h3>\n\n\n\n<p class=\"wp-block-paragraph\">Les enfants gabonais sont toujours expos\u00e9s aux dures r\u00e9alit\u00e9s de la traite, car malgr\u00e9 les efforts d\u00e9ploy\u00e9s par le gouvernement, le pays ne satisfait pas enti\u00e8rement aux normes minimales pour l&rsquo;\u00e9limination de la <a href=\"https:\/\/www.humanium.org\/fr\/trafic-enfants\/\">traite<\/a>.&nbsp; Situ\u00e9 sur la c\u00f4te ouest de l&rsquo;Afrique, le pays est un point chaud potentiel. Des enfants immigrants, dont des filles qui sont ensuite <a href=\"https:\/\/www.humanium.org\/fr\/trafic-enfants\/\">exploit\u00e9es<\/a> pour le <a href=\"https:\/\/www.humanium.org\/fr\/travail-des-enfants\/\">travail<\/a>, viennent de pays comme le <a href=\"https:\/\/www.humanium.org\/fr\/nigeria\/\">Nigeria<\/a>, le <a href=\"https:\/\/www.humanium.org\/fr\/mali\/\">Mali<\/a>, le <a href=\"https:\/\/www.humanium.org\/fr\/togo\/\">Togo<\/a> ou le <a href=\"https:\/\/www.humanium.org\/fr\/benin\/\">B\u00e9nin<\/a>. En outre, ces enfants sont in\u00e9luctablement expos\u00e9s \u00e0 la criminalit\u00e9, au harc\u00e8lement sexuel et \u00e0 la <a href=\"https:\/\/www.humanium.org\/fr\/violences\/\">violence<\/a>(UNICEF, n.d.).&nbsp;<\/p>\n\n\n\n<p class=\"wp-block-paragraph\">Le Manuel de proc\u00e9dure sur la traite des personnes a d\u00e9velopp\u00e9 un cadre pour lutter contre la <a href=\"https:\/\/www.humanium.org\/fr\/trafic-enfants\/\">traite des enfants<\/a>, en commen\u00e7ant par l&rsquo;identification et allant jusqu&rsquo;au rapatriement des enfants qui en sont victimes. Ceci a permis aux fonctionnaires de documenter 30 <a href=\"https:\/\/www.humanium.org\/fr\/trafic-enfants\/\">enfants victimes de traite<\/a> en 2019 (D\u00e9partement d&rsquo;\u00c9tat am\u00e9ricain, 2021).&nbsp;<\/p>\n\n\n\n<p class=\"wp-block-paragraph\">En ce qui concerne les refuges, le principal probl\u00e8me est que la plupart abritent un nombre d&rsquo;habitants qu&rsquo;ils ne sont pas \u00e9quip\u00e9s pour g\u00e9rer. Cette surpopulation a conduit les agents charg\u00e9s de l&rsquo;application de la loi \u00e0 r\u00e9duire consid\u00e9rablement leur suivi des cas de <a href=\"https:\/\/www.humanium.org\/fr\/trafic-enfants\/\">traite d&rsquo;enfants<\/a>, car ils estiment qu&rsquo;il est impossible de placer les victimes dans des \u00e9tablissements dont l&rsquo;infrastructure n&rsquo;est pas \u00e9quip\u00e9e pour les prendre en charge. En 2020, les autorit\u00e9s ont suspendu les rapatriements en raison de la pand\u00e9mie. Ainsi, les <a href=\"https:\/\/www.humanium.org\/fr\/droits-enfant\/\">enfants<\/a> ont fini par rester plus longtemps dans les refuges, ce qui a aggrav\u00e9 les probl\u00e8mes de surpopulation (D\u00e9partement d&rsquo;\u00c9tat am\u00e9ricain, 2021).&nbsp;<\/p>\n\n\n\n<p class=\"wp-block-paragraph\">Bien qu&rsquo;auparavant, le gouvernement ait cherch\u00e9 \u00e0 d\u00e9 dommager les victimes, il n&rsquo;a pas d\u00e9clar\u00e9 l&rsquo;avoir fait au cours de la p\u00e9riode couverte par le pr\u00e9sent rapport. Les victimes peuvent toujours intenter des poursuites civiles contre leurs trafiquants, mais cela ne s&rsquo;est jamais produit, \u00e0 cause d\u2019un manque de sensibilisation \u00e0 cette option. Pour une deuxi\u00e8me ann\u00e9e cons\u00e9cutive, le pr\u00e9sident n&rsquo;a pas sign\u00e9 le plan d&rsquo;action national de lutte contre la traite des \u00eatres humains, confirmant ainsi que le gouvernement diminue ses efforts en ce domaine (D\u00e9partement d&rsquo;\u00c9tat am\u00e9ricain, 2021).&nbsp;<\/p>\n\n\n\n<h3 class=\"wp-block-heading\"><strong>Le travail des enfants<\/strong><\/h3>\n\n\n\n<p class=\"wp-block-paragraph\">Le <a href=\"https:\/\/www.humanium.org\/fr\/travail-des-enfants\/\">travail des enfants<\/a> constitue une violation directe de leurs <a href=\"https:\/\/www.humanium.org\/fr\/droits-enfant\/\">droits<\/a>. Il les emp\u00eache enti\u00e8rement de vivre librement, d\u2019exercer tout choix personnel et les prive de confort de base. Malheureusement, le <a href=\"about:blank\">travail des enfants<\/a> est une r\u00e9alit\u00e9 d\u00e9vastatrice pour les <a href=\"https:\/\/www.humanium.org\/fr\/droits-enfant\/\">enfants<\/a> du Gabon.<\/p>\n\n\n\n<p class=\"wp-block-paragraph\">Dans le pays, les dispositions l\u00e9gales relatives \u00e0 l&rsquo;\u00e2ge minimum de travail ne concernent que les <a href=\"https:\/\/www.humanium.org\/fr\/droits-enfant\/\">enfants<\/a> qui travaillent l\u00e9galement. Ceci n&rsquo;est pas conforme aux normes internationales qui exigent que tous les <a href=\"https:\/\/www.humanium.org\/fr\/droits-enfant\/\">enfants<\/a> soient prot\u00e9g\u00e9s par l&rsquo;\u00e2ge minimum de travail. Par cons\u00e9quent, le Code du travail interdit aux <a href=\"https:\/\/www.humanium.org\/fr\/droits-enfant\/\">enfants<\/a> de moins de seize ans de travailler, mais la protection de l&rsquo;\u00e2ge minimum ne s&rsquo;applique pas aux enfants qui travaillent ill\u00e9galement. Ceci va \u00e0 l\u2019encontre des normes internationales qui stipulent et soutiennent le fait que tous les enfants doivent \u00eatre prot\u00e9g\u00e9s par la <a href=\"https:\/\/www.humanium.org\/fr\/droit-a-la-protection\/\">loi<\/a> (Bureau of International Labor Affairs, 2020).<\/p>\n\n\n\n<p class=\"wp-block-paragraph\">En outre, en mati\u00e8re d&rsquo;\u00e9valuation et de sensibilisation, les inspecteurs du travail n&rsquo;ont pas le pouvoir d&rsquo;imposer des sanctions et ne disposent pas des ressources de base n\u00e9cessaires pour mener des enqu\u00eates.&nbsp; En novembre 2020, en partenariat avec l\u2019UNICEF, le minist\u00e8re de la Justice a mis en place une ligne d\u2019assistance t\u00e9l\u00e9phonique (ligne Supermwana) pour signaler aux autorit\u00e9s les cas potentiels d\u2019<a href=\"https:\/\/www.humanium.org\/fr\/exploitation\/\">exploitation<\/a> dont le travail des enfants fait partie. Ainsi, quatre-vingts <a href=\"https:\/\/www.humanium.org\/fr\/droits-enfant\/\">enfants<\/a> ont \u00e9t\u00e9 sous traits \u00e0 des situations favorisant l&rsquo;<a href=\"https:\/\/www.humanium.org\/fr\/exploitation\/\">exploitation<\/a> et le gouvernement leur a fourni une aide sociale (Bureau of International Labor Affairs, 2020).<\/p>\n\n\n\n<p class=\"wp-block-paragraph\">Comme mentionn\u00e9 pr\u00e9c\u00e9demment, le Gabon est un important point de passage pour le <a href=\"https:\/\/www.humanium.org\/fr\/trafic-enfants\/\">trafic d&rsquo;enfants<\/a> en provenance d&rsquo;autres pays d&rsquo;Afrique centrale et de l&rsquo;Ouest. Les parents confient la vie de leurs <a href=\"https:\/\/www.humanium.org\/fr\/droits-enfant\/\">enfants<\/a> \u00e0 des interm\u00e9diaires qui leur assurent une <a href=\"https:\/\/www.humanium.org\/fr\/comprendre-droits-enfant\/droit-a-l-education\/\">\u00e9ducation<\/a> de qualit\u00e9 et des opportunit\u00e9s de travail s\u00fbres, mais la r\u00e9alit\u00e9 est bien plus sinistre et les enfants sont souvent soumis \u00e0 l&rsquo;exploitation du travail (Bureau of International Labor Affairs, 2020).<\/p>\n\n\n\n<p class=\"wp-block-paragraph\">Les rapports indiquent que les <a href=\"https:\/\/www.humanium.org\/fr\/trafic-enfants\/\">enfants<\/a> sont principalement affect\u00e9s \u00e0 des travaux dans le secteur informel et finissent par occuper des postes de vendeurs ambulants, vendant le plus souvent des fruits et des produits de beaut\u00e9 sur les march\u00e9s de Libreville et autres centres urbains, dont Port-Gentil. Parall\u00e8lement, les gar\u00e7ons sont amen\u00e9s \u00e0 travailler dans la p\u00eache, les ateliers de m\u00e9canique, les transports en microbus, ou sont charg\u00e9s de nettoyer les espaces de march\u00e9 \u00e0 leur fermeture (Bureau of International Labor Affairs, 2020).<\/p>\n\n\n\n<h3 class=\"wp-block-heading\"><strong>Le droit des filles<\/strong><\/h3>\n\n\n\n<p class=\"wp-block-paragraph\"><a href=\"https:\/\/www.humanium.org\/fr\/sexualite-des-adolescents\/\">Les grossesses pr\u00e9coces<\/a> ne sont pas seulement synonymes d&rsquo;une vie difficile pour l&rsquo;enfant, mais aussi d&rsquo;un compromis massif pour la m\u00e8re en termes de qualit\u00e9 de vie&nbsp;: elle perd sa libert\u00e9 et doit assumer des responsabilit\u00e9s \u00e0 un jeune \u00e2ge.<\/p>\n\n\n<div class=\"wp-block-image\">\n<figure class=\"alignright size-large is-resized\"><img loading=\"lazy\" decoding=\"async\" width=\"1024\" height=\"682\" src=\"https:\/\/www.humanium.org\/fr\/wp-content\/uploads\/2022\/06\/shutterstock_429710065-1024x682.jpg\" alt=\"\" class=\"wp-image-52614\" style=\"width:326px;height:217px\" srcset=\"https:\/\/www.humanium.org\/fr\/wp-content\/uploads\/2022\/06\/shutterstock_429710065-1024x682.jpg 1024w, https:\/\/www.humanium.org\/fr\/wp-content\/uploads\/2022\/06\/shutterstock_429710065-300x200.jpg 300w, https:\/\/www.humanium.org\/fr\/wp-content\/uploads\/2022\/06\/shutterstock_429710065-768x511.jpg 768w, https:\/\/www.humanium.org\/fr\/wp-content\/uploads\/2022\/06\/shutterstock_429710065-1536x1022.jpg 1536w, https:\/\/www.humanium.org\/fr\/wp-content\/uploads\/2022\/06\/shutterstock_429710065-2048x1363.jpg 2048w, https:\/\/www.humanium.org\/fr\/wp-content\/uploads\/2022\/06\/shutterstock_429710065-830x552.jpg 830w, https:\/\/www.humanium.org\/fr\/wp-content\/uploads\/2022\/06\/shutterstock_429710065-230x153.jpg 230w, https:\/\/www.humanium.org\/fr\/wp-content\/uploads\/2022\/06\/shutterstock_429710065-350x233.jpg 350w, https:\/\/www.humanium.org\/fr\/wp-content\/uploads\/2022\/06\/shutterstock_429710065-480x319.jpg 480w, https:\/\/www.humanium.org\/fr\/wp-content\/uploads\/2022\/06\/shutterstock_429710065-272x182.jpg 272w\" sizes=\"auto, (max-width: 1024px) 100vw, 1024px\" \/><\/figure>\n<\/div>\n\n\n<p class=\"wp-block-paragraph\">Au Gabon, les <a href=\"https:\/\/www.humanium.org\/fr\/sexualite-des-adolescents\/\">grossesses pr\u00e9coces<\/a>, la cons\u00e9quence d&rsquo;un manque de sensibilisation et d&rsquo;information en mati\u00e8re d&rsquo;\u00e9ducation sexuelle, contribuent \u00e0 la mortalit\u00e9 maternelle qui, en 2012, \u00e9tait estim\u00e9e \u00e0 316 d\u00e9c\u00e8s pour 1000 000 naissances vivantes. En outre, 11 % des <a href=\"https:\/\/www.humanium.org\/fr\/droits-des-filles\/\">adolescentes<\/a> sont <a href=\"https:\/\/www.humanium.org\/fr\/mariage-enfants\/\">mari\u00e9es<\/a> ou vivent en union et l&rsquo;acc\u00e8s \u00e0 la contraception est extr\u00eamement faible, 58 % n&rsquo;y ayant pas acc\u00e8s du tout (UNFPA, 2019).<\/p>\n\n\n\n<p class=\"wp-block-paragraph\">En 2015, une enqu\u00eate sur les grossesses pr\u00e9coces en milieu scolaire a r\u00e9v\u00e9l\u00e9 que 51% des victimes de ces grossesses sont des filles du premier cycle de l&rsquo;<a href=\"https:\/\/www.humanium.org\/fr\/comprendre-droits-enfant\/droit-a-l-education\/\">enseignement<\/a> secondaire. Ceci compromet leur \u00e9ducation&nbsp;; 45% des m\u00e8res adolescentes rencontrent des difficult\u00e9s scolaires, 44% redoublent au moins une fois et 8% abandonnent compl\u00e8tement l&rsquo;<a href=\"https:\/\/www.humanium.org\/fr\/comprendre-droits-enfant\/droit-a-l-education\/\">\u00e9cole<\/a> (UNFPA, 2019).<\/p>\n\n\n\n<h3 class=\"wp-block-heading\"><strong>Enfants atteints du <\/strong><a href=\"https:\/\/www.humanium.org\/fr\/enfant-et-sida\/\"><strong>VIH\/SIDA<\/strong><\/a><\/h3>\n\n\n\n<p class=\"wp-block-paragraph\"><a href=\"https:\/\/www.humanium.org\/fr\/enfant-et-sida\/\">Le VIH\/SIDA<\/a> est un probl\u00e8me urgent au Gabon, o\u00f9 l&rsquo;on estime que 3,8 % des adultes souffrent de la maladie, ce qui en fait le 14e pays le plus touch\u00e9 au <a href=\"https:\/\/www.humanium.org\/fr\/enfants-monde\/\">monde<\/a>. Les donn\u00e9es les plus r\u00e9centes, recueillies en 2020, font \u00e9tat de 2900 enfants, de la naissance \u00e0 quatorze ans, vivant avec le VIH au Gabon (ONUSIDA, 2020).<\/p>\n\n\n\n<p class=\"wp-block-paragraph\">Face \u00e0 l&rsquo;augmentation et \u00e0 la propagation de cette maladie, des mesures ont \u00e9t\u00e9 prises pour tenter de l&rsquo;enrayer et de sensibiliser les populations (Kuo, 2020), comme, par exemple, des \u00e9v\u00e9nements de sensibilisation au VIH dans les lyc\u00e9es de Ndende et de Fougamou, auxquels ont particip\u00e9 plus de 3 000 \u00e9l\u00e8ves (ONUSIDA, 2017).&nbsp;&nbsp;<\/p>\n\n\n\n<h3 class=\"wp-block-heading\"><a href=\"https:\/\/www.humanium.org\/fr\/mutilations-genitales\/\">Les mutilations g\u00e9nitales f\u00e9minines<\/a><\/h3>\n\n\n\n<p class=\"wp-block-paragraph\"><a href=\"https:\/\/www.humanium.org\/fr\/mutilations-genitales\/\">Les mutilations g\u00e9nitales f\u00e9minines<\/a>, une affreuse pratique, qui ne profite en rien \u00e0 la sant\u00e9 de la femme, sont malheureusement encore une r\u00e9alit\u00e9 en <a href=\"https:\/\/www.humanium.org\/fr\/afrique\/\">Afrique<\/a>&nbsp;; de nombreuses communaut\u00e9s s&rsquo;adonnent \u00e0 cette pratique dans vingt-neuf pays du continent(UNFPA, 2020). Cependant, fait largement positif&nbsp;: cette pratique odieuse n&rsquo;a jamais fait partie de la culture gabonaise et&nbsp; est interdite depuis 2010 (HCDH, 2016).<\/p>\n\n\n\n<h3 class=\"wp-block-heading\"><strong>Questions environnementales<\/strong><\/h3>\n\n\n\n<p class=\"wp-block-paragraph\"><a href=\"https:\/\/www.humanium.org\/fr\/changement-climatique\/\">Les changements climatiques<\/a> sont \u00e0 l&rsquo;origine de l&rsquo;\u00e9volution de la plan\u00e8te et le Gabon ne fait pas exception. En outre, le pays est expos\u00e9 \u00e0 des risques hydrom\u00e9t\u00e9orologiques et \u00e0 des catastrophes naturelles, tels des inondations saisonni\u00e8res, des glissements de terrain, des vents extr\u00eames et des changements de pr\u00e9cipitations. Ces <a href=\"https:\/\/www.humanium.org\/fr\/changement-climatique\/\">calamit\u00e9s<\/a> naturelles touchent durement les secteurs de l&rsquo;agriculture, du p\u00e9trole, de l&rsquo;eau et des mines (World Bank Climate Change Knowledge Portal, n.d.).<\/p>\n\n\n\n<p class=\"wp-block-paragraph\">Les temp\u00e9ratures augmentent aussi au Gabon, et l&rsquo;on pr\u00e9voit des <a href=\"https:\/\/www.humanium.org\/fr\/focus\/environnement\/urgence-climatique\/\">\u00e9v\u00e9nements m\u00e9t\u00e9orologiques extr\u00eames<\/a> qui auront un grave impact sur les diff\u00e9rents secteurs de l&rsquo;\u00e9conomie ainsi que sur la population. Les personnes appartenant aux couches socio-\u00e9conomiques les plus basses sont particuli\u00e8rement expos\u00e9es et plus vuln\u00e9rables face aux effets n\u00e9gatifs du changement climatique (World Bank Climate Change Knowledge Portal, n.d.).<\/p>\n\n\n\n<p class=\"wp-block-paragraph\">L\u2019agriculture est l\u2019un des principaux secteurs susceptibles de subir des dommages face au <a href=\"https:\/\/www.humanium.org\/fr\/changement-climatique\/\">changement climatique<\/a>. Les changements de temp\u00e9rature et les pr\u00e9cipitations ont le pouvoir d&rsquo;affecter la composition physique, biologique et chimique du sol. Au Gabon, le secteur agricole emploie plus de 50 % de la population et le <a href=\"https:\/\/www.humanium.org\/fr\/changement-climatique\/\">changement climatique<\/a> qui affecte ce secteur est donc extr\u00eamement pr\u00e9occupant. En outre, 5% du pays est arable et peut \u00eatre utilis\u00e9 pour des plantations et l&rsquo;agriculture de subsistance, bien que le pays soit fortement bois\u00e9 (World Bank Climate Change Knowledge Portal, n.d.).<\/p>\n\n\n\n<p class=\"wp-block-paragraph\">Les risques d\u2019inondations sont particuli\u00e8rement \u00e9lev\u00e9s pour le Gabon. Les crues des rivi\u00e8res, mettant en danger la vie des populations et occasionnant de forts d\u00e9g\u00e2ts, devraient survenir au moins une fois au cours des dix prochaines ann\u00e9es. Par ailleurs, le Gabon est \u00e9galement expos\u00e9 au risque d&rsquo;\u00e9l\u00e9vation du niveau de la mer, ce qui peut entra\u00eener des inondations dans les zones c\u00f4ti\u00e8res (World Bank Climate Change Knowledge Portal, n.d.).<\/p>\n\n\n\n<p class=\"wp-block-paragraph\"><em><strong>\u00c9crit par Aditi Partha<\/strong><\/em><\/p>\n\n\n\n<p class=\"wp-block-paragraph\"><em><strong>Traduit par Manon Issifou<\/strong><\/em><\/p>\n\n\n\n<p class=\"wp-block-paragraph\"><strong><em>Relu par<\/em> <em>Jean-Christophe Brunet<\/em><\/strong><\/p>\n\n\n\n<p class=\"wp-block-paragraph\"><em><strong>Derni\u00e8re mise \u00e0 jour le 5 octobre 2021<\/strong><\/em><\/p>\n\n\n\n<h4 class=\"wp-block-heading\"><strong>Bibliographie:<\/strong><\/h4>\n\n\n\n<p class=\"has-small-font-size wp-block-paragraph\">World Bank Climate Change Knowledge Portal. (n.d.). <em>country\/gabon\/impacts-agriculture<\/em>. Retrieved from (World Bank Climate Change Knowledge Portal: https:\/\/climateknowledgeportal.worldbank.org\/country\/gabon\/impacts-agriculture, accessed on 28 September 2021.<\/p>\n\n\n\n<p class=\"has-small-font-size wp-block-paragraph\">ACERWC. (2021, October 3). <em>about-the-charter\/<\/em>. Retrieved from ACERWC: https:\/\/www.acerwc.africa\/about-the-charter\/, accessed on 28 September 2021.<\/p>\n\n\n\n<p class=\"has-small-font-size wp-block-paragraph\">AFDB. (2019, February 19). <em>\/en\/documents\/document\/gabon-water-and-sanitation-sector-development-programme-first-libreville-integrated-drinking-water-supply-and-sanitation-programme-piaepal-drinking-water-component-appraisal-report-107894<\/em>. Retrieved from AFDB: <a href=\"https:\/\/www.afdb.org\/en\/documents\/document\/gabon-water-and-sanitation-sector-development-programme-first-libreville-integrated-drinking-water-supply-and-sanitation-programme-piaepal-drinking-water-component-appraisal-report-107894\" target=\"_blank\" rel=\"noreferrer noopener\">https:\/\/www.afdb.org\/en\/documents\/document\/gabon-water-and-sanitation-sector-development-programme-first-libreville-integrated-drinking-water-supply-and-sanitation-programme-piaepal-drinking-water-component-appraisal-report-107894<\/a>, accessed on 2 October 2021.<\/p>\n\n\n\n<p class=\"has-small-font-size wp-block-paragraph\">Bureau of International Labor Affairs. (2020). <em>agencies\/ilab\/resources\/reports\/child-labor\/gabon#<\/em>. Retrieved from DOL: <a href=\"https:\/\/www.dol.gov\/agencies\/ilab\/resources\/reports\/child-labor\/gabon#:~:text=Children%20in%20Gabon%20engage%20in,child%20labor%20in%20domestic%20work.&amp;text=Children%20also%20engage%20in%20child%20labor%20in%20domestic%20work.,-(1%2D7)\" target=\"_blank\" rel=\"noreferrer noopener\">https:\/\/www.dol.gov\/agencies\/ilab\/resources\/reports\/child-labor\/gabon#:~:text=Children%20in%20Gabon%20engage%20in,child%20labor%20in%20domestic%20work.&amp;text=Children%20also%20engage%20in%20child%20labor%20in%20domestic%20work.,-(1%2D7)<\/a>, accessed on 25 September 2021.<\/p>\n\n\n\n<p class=\"has-small-font-size wp-block-paragraph\">Doran, G. (2017, August 14). <em>disparity-water-quality-in-gabon\/<\/em>. Retrieved from Borgen Project: <a href=\"https:\/\/borgenproject.org\/disparity-water-quality-in-gabon\/\" target=\"_blank\" rel=\"noreferrer noopener\">https:\/\/borgenproject.org\/disparity-water-quality-in-gabon\/<\/a>, accessed on 28 September 2021.<\/p>\n\n\n\n<p class=\"has-small-font-size wp-block-paragraph\">Gardinier, D. E. (2021, March 10). <em>\/place\/Gabon\/History#ref40749<\/em>. Retrieved from Britannica: <a href=\"https:\/\/www.britannica.com\/place\/Gabon\" target=\"_blank\" rel=\"noreferrer noopener\">https:\/\/www.britannica.com\/place\/Gabon<\/a>, accessed on 28 September 2021.<\/p>\n\n\n\n<p class=\"has-small-font-size wp-block-paragraph\">Kuo, E. (2020, August 4). <em>healthcare-in-gabon\/<\/em>. Retrieved from Borgen Project: <a href=\"https:\/\/borgenproject.org\/healthcare-in-gabon\/\" target=\"_blank\" rel=\"noreferrer noopener\">https:\/\/borgenproject.org\/healthcare-in-gabon\/<\/a>, accessed on 17 September 2021.<\/p>\n\n\n\n<p class=\"has-small-font-size wp-block-paragraph\">Obounou, D. B. (2017). <em>Gabon health care system: a 20 year analysis.<\/em> Korea: International Journal of Community Medicine and Public Health, accessed on 17 September 2021.<\/p>\n\n\n\n<p class=\"has-small-font-size wp-block-paragraph\">OHCHR. (2016, May 27). <em>en\/NewsEvents\/Pages\/DisplayNews.aspx?NewsID=20029&amp;LangID=E<\/em>. Retrieved from OHCHR: <a href=\"https:\/\/ohchr.org\/en\/NewsEvents\/Pages\/DisplayNews.aspx?NewsID=20029&amp;LangID=E\" target=\"_blank\" rel=\"noreferrer noopener\">https:\/\/ohchr.org\/en\/NewsEvents\/Pages\/DisplayNews.aspx?NewsID=20029&amp;LangID=E<\/a>, accessed on 28 September 2021.<\/p>\n\n\n\n<p class=\"has-small-font-size wp-block-paragraph\">Paez, G. (2017, November 12). <em>\/education-in-gabon\/<\/em>. Retrieved from borgenmagazine: <a href=\"https:\/\/www.borgenmagazine.com\/education-in-gabon\/\" target=\"_blank\" rel=\"noreferrer noopener\">https:\/\/www.borgenmagazine.com\/education-in-gabon\/<\/a>, accessed on 20 September 2021.<\/p>\n\n\n\n<p class=\"has-small-font-size wp-block-paragraph\">Shrestha, M. (2020, August 4). <em>\/sanitation-in-gabon\/<\/em>. Retrieved from Borgen Project: <a href=\"https:\/\/borgenproject.org\/sanitation-in\" target=\"_blank\" rel=\"noreferrer noopener\">https:\/\/borgenproject.org\/sanitation-in<\/a>-gabon\/, accessed on 23 September 2021.<\/p>\n\n\n\n<p class=\"has-small-font-size wp-block-paragraph\">U.S. Department of State. (2021). <em>2021 Trafficking in Persons Report: Gabon.<\/em> U.S. Department of State, accessed on 28 September 2021.<\/p>\n\n\n\n<p class=\"has-small-font-size wp-block-paragraph\">UNAIDS. (2020). <em>en\/regionscountries\/countries\/gabon<\/em>. Retrieved from UNAIDS: <a href=\"https:\/\/www.unaids.org\/en\/regionscountries\/countries\/gabon\" target=\"_blank\" rel=\"noreferrer noopener\">https:\/\/www.unaids.org\/en\/regionscountries\/countries\/gabon<\/a>, accessed on 22 December 2021.<\/p>\n\n\n\n<p class=\"has-small-font-size wp-block-paragraph\">UNESCO. (n.d.). <em>country\/GA<\/em>. Retrieved from Unesco: <a href=\"http:\/\/uis.unesco.org\/country\/GA\" target=\"_blank\" rel=\"noreferrer noopener\">http:\/\/uis.unesco.org\/country\/GA<\/a>, accessed on 18 September 2021.<\/p>\n\n\n\n<p class=\"has-small-font-size wp-block-paragraph\">UNFPA. (2019, September 26). <em>fr\/news\/preventing-early-pregnancy-adolescent-girls-provinces-\u201chaut-ogooue\u201d-and-moyen-ogooue-gabon<\/em>. Retrieved from UNFPA: <a href=\"https:\/\/gabon.unfpa.org\/fr\/news\/preventing-early-pregnancy-adolescent-girls-provinces-%E2%80%9Chaut-ogooue%E2%80%9D-and-moyen-ogooue-gabon\" target=\"_blank\" rel=\"noreferrer noopener\">https:\/\/gabon.unfpa.org\/fr\/news\/preventing-early-pregnancy-adolescent-girls-provinces-%E2%80%9Chaut-ogooue%E2%80%9D-and-moyen-ogooue-gabon<\/a>, accessed on 28 September 2021.<\/p>\n\n\n\n<p class=\"has-small-font-size wp-block-paragraph\">UNFPA. (2020, July). <em>resources\/female-genital-mutilation-fgm-frequently-asked-questions<\/em>. Retrieved from UNFPA: <a href=\"https:\/\/www.unfpa.org\/resources\/female-genital-mutilation-fgm-frequently-asked-questions\" target=\"_blank\" rel=\"noreferrer noopener\">https:\/\/www.unfpa.org\/resources\/female-genital-mutilation-fgm-frequently-asked-questions<\/a>, accessed on 22 September 2021.<\/p>\n\n\n\n<p class=\"has-small-font-size wp-block-paragraph\">UNICEF. (n.d.). <em>\/gabon\/en\/child-protection<\/em>. Retrieved from UNICEF: <a href=\"https:\/\/www.unicef.org\/gabon\/en\/child-protection\" target=\"_blank\" rel=\"noreferrer noopener\">https:\/\/www.unicef.org\/gabon\/en\/child-protection<\/a>, accessed on 28 September 2021.<\/p>\n\n\n\n<p class=\"has-small-font-size wp-block-paragraph\">UNICEF. (n.d.). <em>gabon\/en\/adolescents-development-and-participation-adap<\/em>. Retrieved from UNICEF: <a href=\"https:\/\/www.unicef.org\/gabon\/en\/adolescents-development-and-participation-adap\" target=\"_blank\" rel=\"noreferrer noopener\">https:\/\/www.unicef.org\/gabon\/en\/adolescents-development-and-participation-adap<\/a>, accessed on 24 September 2021.<\/p>\n\n\n\n<p class=\"has-small-font-size wp-block-paragraph\">WHO. (2020, October 23). <em>news\/testing-core-gabons-covid-19-battle<\/em>. Retrieved from World Health Organization: <a href=\"https:\/\/www.afro.who.int\/news\/testing-core-gabons-covid-19-battle\" target=\"_blank\" rel=\"noreferrer noopener\">https:\/\/www.afro.who.int\/news\/testing-core-gabons-covid-19-battle<\/a>, accessed on 28 September 2021.<\/p>\n\n\n\n<p class=\"has-small-font-size wp-block-paragraph\">WHO. (n.d.). <em>HEALTH FINANCING AND BUDGETING REFORMS IN GABON.<\/em> Geneva: WHO, accessed on 22 September 2021.<\/p>\n\n\n\n<p class=\"has-small-font-size wp-block-paragraph\">World Bank . (2021, May 10). <em>en\/country\/gabon\/overview#1<\/em>. Retrieved from World Bank : <a href=\"https:\/\/www.worldbank.org\/en\/country\/gabon\/overview#1\" target=\"_blank\" rel=\"noreferrer noopener\">https:\/\/www.worldbank.org\/en\/country\/gabon\/overview#1<\/a>, accessed on 22 September 2021.<\/p>\n\n\n\n<p class=\"has-small-font-size wp-block-paragraph\">World Bank Climate Change Knowledge Portal . (n.d.). <em>country\/gabon\/climate-data-historical<\/em>. Retrieved from climateknowledgeportal.worldbank: <a href=\"https:\/\/climateknowledgeportal.worldbank.org\/country\/gabon\/climate-data-historical\" target=\"_blank\" rel=\"noreferrer noopener\">https:\/\/climateknowledgeportal.worldbank.org\/country\/gabon\/climate-data-historical<\/a>, accessed on 2 October 2021.<\/p>\n\n\n\n<p class=\"has-small-font-size wp-block-paragraph\">World Bank Climate Change Knowledge Portal. (n.d.). <em>\/country\/gabon\/vulnerability<\/em>. Retrieved from World Bank Climate Change Knowledge Portal: https:\/\/climateknowledgeportal.worldbank.org\/country\/gabon\/vulnerability, accessed on 2 October 2021.<\/p>\n\n\n\n<hr class=\"wp-block-separator has-css-opacity\"\/>\n\n\n\n<p class=\"has-small-font-size wp-block-paragraph\"><a href=\"#_ftnref1\"><sup>[1]<\/sup><\/a> Cet article ne pr\u00e9tend nullement donner un compte rendu complet ou repr\u00e9sentatif des droits de l\u2019enfant \u00e0 Gabon; en effet, l&rsquo;un des nombreux d\u00e9fis est le peu d&rsquo;informations \u00e0 jour sur les enfants de Gabon, dont la plupart sont peu fiables, non repr\u00e9sentatives, d\u00e9pass\u00e9es, ou simplement inexistantes.<\/p>\n\n\n\n<p class=\"has-text-align-center wp-block-paragraph\">&nbsp; &nbsp;<\/p>\n","protected":false},"excerpt":{"rendered":"<p>Concr\u00e9tiser les droits de l&rsquo;enfant au Gabon Au Gabon, les enfants sont confront\u00e9s \u00e0 de nombreux obstacles qui entravent leurs droits et les emp\u00eachent de vivre pleinement leur vie. Malgr\u00e9 le d\u00e9veloppement de certains secteurs, le travail des enfants, le trafic d\u2019enfants, les grossesses adolescentes et un manque d\u2019acc\u00e8s \u00e0 des services de bases restent [&hellip;]<\/p>\n","protected":false},"author":65,"featured_media":0,"parent":0,"menu_order":0,"comment_status":"closed","ping_status":"closed","template":"","meta":{"footnotes":""},"class_list":["post-10397","page","type-page","status-publish","hentry"],"yoast_head":"<!-- This site is optimized with the Yoast SEO plugin v28.3 - https:\/\/yoast.com\/product\/yoast-seo-wordpress\/ -->\n<title>Enfants du Gabon - Humanium<\/title>\n<meta name=\"description\" content=\"Au Gabon, les enfants sont confront\u00e9s \u00e0 de nombreux obstacles qui entravent leurs droits et les emp\u00eachent de vivre pleinement leur vie.\" \/>\n<meta name=\"robots\" content=\"index, follow, max-snippet:-1, max-image-preview:large, max-video-preview:-1\" \/>\n<link rel=\"canonical\" href=\"https:\/\/www.humanium.org\/fr\/gabon\/\" \/>\n<meta property=\"og:locale\" content=\"fr_FR\" \/>\n<meta property=\"og:type\" content=\"article\" \/>\n<meta property=\"og:title\" content=\"Enfants du Gabon - Humanium\" \/>\n<meta property=\"og:description\" content=\"Au Gabon, les enfants sont confront\u00e9s \u00e0 de nombreux obstacles qui entravent leurs droits et les emp\u00eachent de vivre pleinement leur vie.\" \/>\n<meta property=\"og:url\" content=\"https:\/\/www.humanium.org\/fr\/gabon\/\" \/>\n<meta property=\"og:site_name\" content=\"Humanium\" \/>\n<meta property=\"article:modified_time\" content=\"2025-12-13T19:54:58+00:00\" \/>\n<meta property=\"og:image\" content=\"https:\/\/www.humanium.org\/fr\/wp-content\/uploads\/2022\/06\/Shutterstock_429701752.jpg\" \/>\n\t<meta property=\"og:image:width\" content=\"400\" \/>\n\t<meta property=\"og:image:height\" content=\"400\" \/>\n\t<meta property=\"og:image:type\" content=\"image\/jpeg\" \/>\n<meta name=\"twitter:card\" content=\"summary_large_image\" \/>\n<meta name=\"twitter:label1\" content=\"Dur\u00e9e de lecture estim\u00e9e\" \/>\n\t<meta name=\"twitter:data1\" content=\"22 minutes\" \/>\n<script type=\"application\/ld+json\" class=\"yoast-schema-graph\">{\"@context\":\"https:\\\/\\\/schema.org\",\"@graph\":[{\"@type\":\"WebPage\",\"@id\":\"https:\\\/\\\/www.humanium.org\\\/fr\\\/gabon\\\/\",\"url\":\"https:\\\/\\\/www.humanium.org\\\/fr\\\/gabon\\\/\",\"name\":\"Enfants du Gabon - Humanium\",\"isPartOf\":{\"@id\":\"https:\\\/\\\/www.humanium.org\\\/fr\\\/#website\"},\"primaryImageOfPage\":{\"@id\":\"https:\\\/\\\/www.humanium.org\\\/fr\\\/gabon\\\/#primaryimage\"},\"image\":{\"@id\":\"https:\\\/\\\/www.humanium.org\\\/fr\\\/gabon\\\/#primaryimage\"},\"thumbnailUrl\":\"https:\\\/\\\/www.humanium.org\\\/fr\\\/wp-content\\\/uploads\\\/2022\\\/06\\\/Shutterstock_429701752.jpg\",\"datePublished\":\"2011-11-06T18:00:00+00:00\",\"dateModified\":\"2025-12-13T19:54:58+00:00\",\"description\":\"Au Gabon, les enfants sont confront\u00e9s \u00e0 de nombreux obstacles qui entravent leurs droits et les emp\u00eachent de vivre pleinement leur vie.\",\"breadcrumb\":{\"@id\":\"https:\\\/\\\/www.humanium.org\\\/fr\\\/gabon\\\/#breadcrumb\"},\"inLanguage\":\"fr-FR\",\"potentialAction\":[{\"@type\":\"ReadAction\",\"target\":[\"https:\\\/\\\/www.humanium.org\\\/fr\\\/gabon\\\/\"]}]},{\"@type\":\"ImageObject\",\"inLanguage\":\"fr-FR\",\"@id\":\"https:\\\/\\\/www.humanium.org\\\/fr\\\/gabon\\\/#primaryimage\",\"url\":\"https:\\\/\\\/www.humanium.org\\\/fr\\\/wp-content\\\/uploads\\\/2022\\\/06\\\/Shutterstock_429701752.jpg\",\"contentUrl\":\"https:\\\/\\\/www.humanium.org\\\/fr\\\/wp-content\\\/uploads\\\/2022\\\/06\\\/Shutterstock_429701752.jpg\",\"width\":400,\"height\":400},{\"@type\":\"BreadcrumbList\",\"@id\":\"https:\\\/\\\/www.humanium.org\\\/fr\\\/gabon\\\/#breadcrumb\",\"itemListElement\":[{\"@type\":\"ListItem\",\"position\":1,\"name\":\"Home\",\"item\":\"https:\\\/\\\/www.humanium.org\\\/fr\\\/\"},{\"@type\":\"ListItem\",\"position\":2,\"name\":\"Enfants du Gabon\"}]},{\"@type\":\"WebSite\",\"@id\":\"https:\\\/\\\/www.humanium.org\\\/fr\\\/#website\",\"url\":\"https:\\\/\\\/www.humanium.org\\\/fr\\\/\",\"name\":\"Humanium\",\"description\":\"Les enfants d\u2019abord !\",\"potentialAction\":[{\"@type\":\"SearchAction\",\"target\":{\"@type\":\"EntryPoint\",\"urlTemplate\":\"https:\\\/\\\/www.humanium.org\\\/fr\\\/?s={search_term_string}\"},\"query-input\":{\"@type\":\"PropertyValueSpecification\",\"valueRequired\":true,\"valueName\":\"search_term_string\"}}],\"inLanguage\":\"fr-FR\"}]}<\/script>\n<!-- \/ Yoast SEO plugin. -->","yoast_head_json":{"title":"Enfants du Gabon - Humanium","description":"Au Gabon, les enfants sont confront\u00e9s \u00e0 de nombreux obstacles qui entravent leurs droits et les emp\u00eachent de vivre pleinement leur vie.","robots":{"index":"index","follow":"follow","max-snippet":"max-snippet:-1","max-image-preview":"max-image-preview:large","max-video-preview":"max-video-preview:-1"},"canonical":"https:\/\/www.humanium.org\/fr\/gabon\/","og_locale":"fr_FR","og_type":"article","og_title":"Enfants du Gabon - Humanium","og_description":"Au Gabon, les enfants sont confront\u00e9s \u00e0 de nombreux obstacles qui entravent leurs droits et les emp\u00eachent de vivre pleinement leur vie.","og_url":"https:\/\/www.humanium.org\/fr\/gabon\/","og_site_name":"Humanium","article_modified_time":"2025-12-13T19:54:58+00:00","og_image":[{"width":400,"height":400,"url":"https:\/\/www.humanium.org\/fr\/wp-content\/uploads\/2022\/06\/Shutterstock_429701752.jpg","type":"image\/jpeg"}],"twitter_card":"summary_large_image","twitter_misc":{"Dur\u00e9e de lecture estim\u00e9e":"22 minutes"},"schema":{"@context":"https:\/\/schema.org","@graph":[{"@type":"WebPage","@id":"https:\/\/www.humanium.org\/fr\/gabon\/","url":"https:\/\/www.humanium.org\/fr\/gabon\/","name":"Enfants du Gabon - Humanium","isPartOf":{"@id":"https:\/\/www.humanium.org\/fr\/#website"},"primaryImageOfPage":{"@id":"https:\/\/www.humanium.org\/fr\/gabon\/#primaryimage"},"image":{"@id":"https:\/\/www.humanium.org\/fr\/gabon\/#primaryimage"},"thumbnailUrl":"https:\/\/www.humanium.org\/fr\/wp-content\/uploads\/2022\/06\/Shutterstock_429701752.jpg","datePublished":"2011-11-06T18:00:00+00:00","dateModified":"2025-12-13T19:54:58+00:00","description":"Au Gabon, les enfants sont confront\u00e9s \u00e0 de nombreux obstacles qui entravent leurs droits et les emp\u00eachent de vivre pleinement leur vie.","breadcrumb":{"@id":"https:\/\/www.humanium.org\/fr\/gabon\/#breadcrumb"},"inLanguage":"fr-FR","potentialAction":[{"@type":"ReadAction","target":["https:\/\/www.humanium.org\/fr\/gabon\/"]}]},{"@type":"ImageObject","inLanguage":"fr-FR","@id":"https:\/\/www.humanium.org\/fr\/gabon\/#primaryimage","url":"https:\/\/www.humanium.org\/fr\/wp-content\/uploads\/2022\/06\/Shutterstock_429701752.jpg","contentUrl":"https:\/\/www.humanium.org\/fr\/wp-content\/uploads\/2022\/06\/Shutterstock_429701752.jpg","width":400,"height":400},{"@type":"BreadcrumbList","@id":"https:\/\/www.humanium.org\/fr\/gabon\/#breadcrumb","itemListElement":[{"@type":"ListItem","position":1,"name":"Home","item":"https:\/\/www.humanium.org\/fr\/"},{"@type":"ListItem","position":2,"name":"Enfants du Gabon"}]},{"@type":"WebSite","@id":"https:\/\/www.humanium.org\/fr\/#website","url":"https:\/\/www.humanium.org\/fr\/","name":"Humanium","description":"Les enfants d\u2019abord !","potentialAction":[{"@type":"SearchAction","target":{"@type":"EntryPoint","urlTemplate":"https:\/\/www.humanium.org\/fr\/?s={search_term_string}"},"query-input":{"@type":"PropertyValueSpecification","valueRequired":true,"valueName":"search_term_string"}}],"inLanguage":"fr-FR"}]}},"_links":{"self":[{"href":"https:\/\/www.humanium.org\/fr\/wp-json\/wp\/v2\/pages\/10397","targetHints":{"allow":["GET"]}}],"collection":[{"href":"https:\/\/www.humanium.org\/fr\/wp-json\/wp\/v2\/pages"}],"about":[{"href":"https:\/\/www.humanium.org\/fr\/wp-json\/wp\/v2\/types\/page"}],"author":[{"embeddable":true,"href":"https:\/\/www.humanium.org\/fr\/wp-json\/wp\/v2\/users\/65"}],"replies":[{"embeddable":true,"href":"https:\/\/www.humanium.org\/fr\/wp-json\/wp\/v2\/comments?post=10397"}],"version-history":[{"count":17,"href":"https:\/\/www.humanium.org\/fr\/wp-json\/wp\/v2\/pages\/10397\/revisions"}],"predecessor-version":[{"id":61460,"href":"https:\/\/www.humanium.org\/fr\/wp-json\/wp\/v2\/pages\/10397\/revisions\/61460"}],"wp:attachment":[{"href":"https:\/\/www.humanium.org\/fr\/wp-json\/wp\/v2\/media?parent=10397"}],"curies":[{"name":"wp","href":"https:\/\/api.w.org\/{rel}","templated":true}]}}