{"id":11031,"date":"2011-09-07T14:17:39","date_gmt":"2011-09-07T14:17:39","guid":{"rendered":"http:\/\/www.humanium.org\/fr\/?page_id=11031"},"modified":"2025-12-10T02:41:51","modified_gmt":"2025-12-10T02:41:51","slug":"enfants-des-minorites","status":"publish","type":"page","link":"https:\/\/www.humanium.org\/fr\/enfants-des-minorites\/","title":{"rendered":"Enfants des minorit\u00e9s"},"content":{"rendered":"\n<p class=\"wp-block-paragraph\"><strong>\u00c0 travers le monde, les enfants souffrent de <\/strong><a href=\"https:\/\/www.humanium.org\/fr\/droit-non-discrimination\/\"><strong>discrimination<\/strong><\/a><strong> lorsqu\u2019ils font partie d&rsquo;un groupe ou d&rsquo;une communaut\u00e9 minoritaire. Celle-ci est d\u2019autant plus forte lorsqu&rsquo;ils appartiennent \u00e0 plusieurs groupes minoritaires. La discrimination envers les enfants issus de minorit\u00e9s est motiv\u00e9e par des diff\u00e9rences ancestrales ethniques, raciales, religieuses et physiques entre les communaut\u00e9s. De ce fait, les enfants des minorit\u00e9s ont besoin d&rsquo;une protection suppl\u00e9mentaire pour emp\u00eacher qu\u2019ils ne soient pers\u00e9cut\u00e9s \u00e0 cause de caract\u00e9ristiques inn\u00e9es.<\/strong><\/p>\n\n\n\n<figure class=\"wp-block-image size-large\"><img loading=\"lazy\" decoding=\"async\" width=\"1024\" height=\"683\" src=\"https:\/\/www.humanium.org\/fr\/wp-content\/uploads\/2024\/06\/shutterstock_1403939687-1024x683.jpg\" alt=\"\" class=\"wp-image-57073\" srcset=\"https:\/\/www.humanium.org\/fr\/wp-content\/uploads\/2024\/06\/shutterstock_1403939687-1024x683.jpg 1024w, https:\/\/www.humanium.org\/fr\/wp-content\/uploads\/2024\/06\/shutterstock_1403939687-300x200.jpg 300w, https:\/\/www.humanium.org\/fr\/wp-content\/uploads\/2024\/06\/shutterstock_1403939687-768x512.jpg 768w, https:\/\/www.humanium.org\/fr\/wp-content\/uploads\/2024\/06\/shutterstock_1403939687-1536x1025.jpg 1536w, https:\/\/www.humanium.org\/fr\/wp-content\/uploads\/2024\/06\/shutterstock_1403939687-2048x1366.jpg 2048w, https:\/\/www.humanium.org\/fr\/wp-content\/uploads\/2024\/06\/shutterstock_1403939687-830x554.jpg 830w, https:\/\/www.humanium.org\/fr\/wp-content\/uploads\/2024\/06\/shutterstock_1403939687-230x153.jpg 230w, https:\/\/www.humanium.org\/fr\/wp-content\/uploads\/2024\/06\/shutterstock_1403939687-350x233.jpg 350w, https:\/\/www.humanium.org\/fr\/wp-content\/uploads\/2024\/06\/shutterstock_1403939687-480x320.jpg 480w, https:\/\/www.humanium.org\/fr\/wp-content\/uploads\/2024\/06\/shutterstock_1403939687-272x182.jpg 272w\" sizes=\"auto, (max-width: 1024px) 100vw, 1024px\" \/><\/figure>\n\n\n\n<h2 class=\"wp-block-heading\"><strong>D\u00e9finition des enfants de minorit\u00e9s&nbsp;<\/strong><\/h2>\n\n\n\n<p class=\"wp-block-paragraph\">Les enfants de minorit\u00e9s sont des enfants issus d\u2019une population en inf\u00e9riorit\u00e9 num\u00e9rique et qui poss\u00e8dent leur propre identit\u00e9. Cette large d\u00e9finition inclut entres autres des crit\u00e8res tels que la race, l\u2019origine ethnique, l&rsquo;orientation sexuelle, la religion, le handicap physique ou mental. <\/p>\n\n\n\n<p class=\"wp-block-paragraph\">L\u2019article 27 du <a href=\"https:\/\/www.humanium.org\/fr\/normes\/pactes-internationaux-1966\/texte-integral-pacte-international-droits-civils-politiques\/\">Pacte International sur les Droits Civils et Politiques<\/a> (PIDCP) souligne que\u00a0\u00ab\u00a0 dans les \u00c9tats o\u00f9 il existe des minorit\u00e9s ethniques, religieuses o\u00f9 linguistiques, les personnes appartenant \u00e0 ces minorit\u00e9s ne peuvent \u00eatre priv\u00e9es du droit d&rsquo;avoir, en commun avec les autres membres de leur groupe, leur propre vie culturelle, de professer et de pratiquer leur propre religion ou d&rsquo;utiliser leur propre langue.\u00a0\u00bb (Bureau du Haut-Commissaire des Nations Unis aux Droits de l\u2019Homme, 1966).<\/p>\n\n\n\n<p class=\"wp-block-paragraph\">La Chartre des Nations Unies et la <a href=\"https:\/\/www.humanium.org\/fr\/normes\/declaration-universelle-droits-homme-1948\/\">D\u00e9claration Universelle des Droits de l\u2019Homme<\/a> interdisent la <a href=\"https:\/\/www.humanium.org\/en\/discrimination\/\">discrimination<\/a> et pr\u00f4nent l\u2019\u00e9galit\u00e9 sans distinction \u2018de sexe, d\u2019orientation sexuelle et identit\u00e9 de genre et autres statuts\u2019 (Assembl\u00e9e G\u00e9n\u00e9rale des Nations Unies, 1948). La Convention Relative aux Droits des Personnes Handicap\u00e9es interdit toute discrimination fond\u00e9e sur le handicap et s\u2019applique \u00e0 tous (Assembl\u00e9e des Nations Unies, 2007).<\/p>\n\n\n\n<p class=\"wp-block-paragraph\">L&rsquo;article 1 de la D\u00e9claration des Nations Unies des Droits des Minorit\u00e9s mentionne que celles-ci doivent pr\u00e9senter \u00e0 la fois des facteurs objectifs -crit\u00e8res qui peuvent \u00eatre identifi\u00e9s et attribu\u00e9s \u00e0 un individu faisant partie d\u2019un large groupe &#8211; et un facteur subjectif d\u2019 adh\u00e9sion de l\u2019individu \u00e0 ce groupe. La D\u00e9claration fait \u00e9galement r\u00e9f\u00e9rence \u00e0 l&rsquo;importance de l\u2019intersectionnalit\u00e9 dans les caract\u00e9ristiques des minorit\u00e9s notant que les personnes appartenant \u00e0 plusieurs minorit\u00e9s peuvent \u00eatre simultan\u00e9ment <a href=\"https:\/\/www.humanium.org\/en\/discrimination\/\">discrimin\u00e9es<\/a> pour de nombreux motifs diff\u00e9rents (UNHCR &amp; UNICEF, 2017).<\/p>\n\n\n\n<h2 class=\"wp-block-heading\"><strong>Discrimination des enfants des minorit\u00e9s<\/strong><\/h2>\n\n\n\n<p class=\"wp-block-paragraph\">Les enfants des minorit\u00e9s subissent simultan\u00e9ment plusieurs formes de <a href=\"https:\/\/www.humanium.org\/en\/discrimination\/\">discrimination.<\/a> Malgr\u00e9 cette multitude de caract\u00e9ristiques minoritaires chacun pr\u00e9sente sa propre vuln\u00e9rabilit\u00e9.<\/p>\n\n\n\n<h3 class=\"wp-block-heading\"><strong>Enfants des minorit\u00e9s ethniques<\/strong><\/h3>\n\n\n\n<p class=\"wp-block-paragraph\">Les enfants issus de minorit\u00e9s ethniques sont ceux dont l&rsquo;appartenance ethnique diff\u00e8re de l&rsquo;ethnie num\u00e9riquement sup\u00e9rieure dans une zone g\u00e9ographique identifi\u00e9e. L&rsquo;origine ethnique est commun\u00e9ment d\u00e9finie comme l&rsquo;origine ethnique et culturelle des anc\u00eatres de la personne. <\/p>\n\n\n\n<p class=\"wp-block-paragraph\">Les enfants de ces minorit\u00e9s sont particuli\u00e8rement vuln\u00e9rables en raison de la perception qu\u2019ont les majorit\u00e9s de leur communaut\u00e9, et celles-cisont souvent rejet\u00e9es ou exclues des pratiques sociales lorsque les communaut\u00e9s dominantes ne sont pas d&rsquo;accord avec leur mode de vie. Les minorit\u00e9s ethniques risquent d\u2019\u00eatre encore plus pers\u00e9cut\u00e9es lorsqu\u2019elles sont per\u00e7ues comme poss\u00e9dant une intersectionnalit\u00e9 avec d&rsquo;autres caract\u00e9ristiques des minorit\u00e9s telles que la race ou la religion&nbsp;: par exemple certains individus peuvent \u00eatre victimes de maltraitances bas\u00e9es sur plus d&rsquo;une caract\u00e9ristique personnelle.<\/p>\n\n\n\n<h4 class=\"wp-block-heading\"><strong>Les enfants Roms\/Tziganes en Europe<\/strong><\/h4>\n\n\n\n<p class=\"wp-block-paragraph\">L&rsquo;exploitation et la discrimination des <a href=\"https:\/\/www.humanium.org\/fr\/la-discrimination-des-enfants-roms-dans-leducation\/\">enfants Roms\/ Tsiganes<\/a> en Europe est un exemple frappant de <a href=\"https:\/\/www.humanium.org\/en\/discrimination\/\">discrimination<\/a> contre les enfants de minorit\u00e9s. Les Tziganes sont une communaut\u00e9 qui a \u00e9migr\u00e9 des Balkans au 13e si\u00e8cle et a depuis fait face \u00e0 de nombreux probl\u00e8mes de discrimination de la part d&rsquo;une majorit\u00e9 d&rsquo;Europ\u00e9ens qui les per\u00e7oivent comme une communaut\u00e9 de \u00ab&nbsp;seconde classe&nbsp;\u00bb et \u00e9trang\u00e8re. (Groupe de D\u00e9fense des Droits des Minorit\u00e9s, 2020). En raison de cette continuelle <a href=\"https:\/\/www.humanium.org\/fr\/droit-non-discrimination\/\">discrimination<\/a> et s\u00e9gr\u00e9gation, la majorit\u00e9 des <a href=\"https:\/\/www.humanium.org\/fr\/la-discrimination-des-enfants-roms-dans-leducation\/\">Roms<\/a> vivent dans la pauvret\u00e9 et se heurtent \u00e0 d&rsquo;importants obstacles pour acc\u00e9der \u00e0 l&rsquo;\u00e9ducation et \u00e0 l\u2019emploi (Groupe de D\u00e9fense des Droits des Minorit\u00e9s, 2020).&nbsp;<\/p>\n\n\n\n<p class=\"wp-block-paragraph\"><a href=\"https:\/\/www.humanium.org\/fr\/la-discrimination-des-enfants-roms-dans-leducation\/\">Ces enfants<\/a> sont particuli\u00e8rement maltrait\u00e9s. Ils manquent de ressources en raison de la pauvret\u00e9 de leur communaut\u00e9, n\u2019ont souvent pas acc\u00e8s \u00e0 l<a href=\"https:\/\/www.humanium.org\/fr\/comprendre-droits-enfant\/droit-a-l-education\/\">&lsquo;\u00e9ducation<\/a> et dans des cas extr\u00eames n\u2019ont m\u00eame pas les droits humains \u00e9l\u00e9mentaires tel que <a href=\"https:\/\/www.humanium.org\/fr\/comprendre-droits-enfant\/droit-a-l-eau\/\">l&rsquo;eau potable<\/a> et un logement correct. (Groupe de D\u00e9fense des Droits des Minorit\u00e9s, 2020).<\/p>\n\n\n\n<p class=\"wp-block-paragraph\">Les enfants <a href=\"https:\/\/www.humanium.org\/fr\/la-discrimination-des-enfants-roms-dans-leducation\/\">Roms<\/a> sont \u00e9galement tous confront\u00e9s \u00e0 la difficult\u00e9 d&rsquo;acc\u00e8s \u00e0 l&rsquo;\u00e9ducation car ils m\u00e8nent souvent une vie itin\u00e9rante et nomade due \u00e0 la recherche de travail saisonnier des parents qui leur laissent les responsabilit\u00e9s de la maison comme le m\u00e9nage et la garde des fr\u00e8res et s\u0153urs (Groupe de d\u00e9fense des Droits des Minorit\u00e9s, 2020).&nbsp;<\/p>\n\n\n\n<h4 class=\"wp-block-heading\"><strong>Les enfants Ou\u00efghours en Chine&nbsp;<\/strong><\/h4>\n\n\n<div class=\"wp-block-image\">\n<figure class=\"alignleft size-large is-resized\"><img loading=\"lazy\" decoding=\"async\" width=\"1024\" height=\"683\" src=\"https:\/\/www.humanium.org\/fr\/wp-content\/uploads\/2024\/06\/shutterstock_1200714304-1024x683.jpg\" alt=\"\" class=\"wp-image-57074\" style=\"width:340px;height:auto\" srcset=\"https:\/\/www.humanium.org\/fr\/wp-content\/uploads\/2024\/06\/shutterstock_1200714304-1024x683.jpg 1024w, https:\/\/www.humanium.org\/fr\/wp-content\/uploads\/2024\/06\/shutterstock_1200714304-300x200.jpg 300w, https:\/\/www.humanium.org\/fr\/wp-content\/uploads\/2024\/06\/shutterstock_1200714304-768x512.jpg 768w, https:\/\/www.humanium.org\/fr\/wp-content\/uploads\/2024\/06\/shutterstock_1200714304-1536x1024.jpg 1536w, https:\/\/www.humanium.org\/fr\/wp-content\/uploads\/2024\/06\/shutterstock_1200714304-2048x1365.jpg 2048w, https:\/\/www.humanium.org\/fr\/wp-content\/uploads\/2024\/06\/shutterstock_1200714304-830x553.jpg 830w, https:\/\/www.humanium.org\/fr\/wp-content\/uploads\/2024\/06\/shutterstock_1200714304-230x153.jpg 230w, https:\/\/www.humanium.org\/fr\/wp-content\/uploads\/2024\/06\/shutterstock_1200714304-350x233.jpg 350w, https:\/\/www.humanium.org\/fr\/wp-content\/uploads\/2024\/06\/shutterstock_1200714304-480x320.jpg 480w, https:\/\/www.humanium.org\/fr\/wp-content\/uploads\/2024\/06\/shutterstock_1200714304-272x182.jpg 272w\" sizes=\"auto, (max-width: 1024px) 100vw, 1024px\" \/><\/figure>\n<\/div>\n\n\n<p class=\"wp-block-paragraph\">Une autre pr\u00e9occupation pressante des droits de l&rsquo;homme impliquant une <a href=\"https:\/\/www.humanium.org\/en\/discrimination\/\">discrimination<\/a>&nbsp; d\u2019enfants en raison de leur appartenance ethnique, concerne le traitement r\u00e9serv\u00e9 \u00e0 la communaut\u00e9 <a href=\"https:\/\/www.humanium.org\/fr\/nettoyage-ethnique-en-chine-lhorrible-sort-des-enfants-ouighours\/\">Ou\u00efghours<\/a> au Xinjian, en <a href=\"https:\/\/www.humanium.org\/fr\/chine\/\">Chine<\/a>. Les Ou\u00efghours habitent une r\u00e9gion autonome de la Chine et parlent une langue plus proche du <a href=\"https:\/\/www.humanium.org\/fr\/turquie\/\">Turc<\/a> que du Chinois&nbsp;: la communaut\u00e9 se per\u00e7oit plus comme une ethnie d&rsquo;Asie Centrale du point de vue ethnique et culturel que de l&rsquo;Asie Orientale ou de Chine. (BBC News, 2022). Malgr\u00e9 leur nombre&nbsp;important s\u2019\u00e9levant \u00e0&nbsp;12 millions, les Ou\u00efgours du Xinjiang sont toujours une minorit\u00e9 dans cette province domin\u00e9e par les Chinois (BBC News,2022).<\/p>\n\n\n\n<p class=\"wp-block-paragraph\">En raison de leur statut minoritaire, les <a href=\"https:\/\/www.humanium.org\/fr\/nettoyage-ethnique-en-chine-lhorrible-sort-des-enfants-ouighours\/\">Ou\u00efgours<\/a> ont \u00e9t\u00e9 la cible du peuple chinois et de l&rsquo;\u00e9tat car ils sont per\u00e7us comme pr\u00f4nant et pratiquant des id\u00e9es en contradiction avec la population majoritaire du pays. En 2002, la Chine a exig\u00e9 que les noms Ou\u00efghours soient remplac\u00e9s par des noms <a href=\"https:\/\/www.humanium.org\/fr\/chine\/\">Chinois<\/a> en pinyin, et en 2015 Hotan (une ville oasis au Xinjiang) a r\u00e9affirm\u00e9 cette d\u00e9cision en interdisant les noms islamiques qui sont courant parmi les populations <a href=\"https:\/\/www.humanium.org\/fr\/nettoyage-ethnique-en-chine-lhorrible-sort-des-enfants-ouighours\/\">Ou\u00efghours<\/a> (BBC News, 2022). <\/p>\n\n\n\n<p class=\"wp-block-paragraph\">De par la loi, les enfants n\u00e9s sous un nom en violation avec ces dispositions peuvent se voir exclus de l&rsquo;enregistrement social et donc avoir un acc\u00e8s limit\u00e9 aux services sociaux (BBC News, 2022). Une telle discrimination est en contradiction avec l&rsquo;Article 9 de la <a href=\"https:\/\/www.humanium.org\/fr\/convention\/\">Convention des Droits de l\u2019Enfants<\/a> (CIDE) qui prot\u00e8ge le droit \u00e0 la vie priv\u00e9e et familiale (Assembl\u00e9e G\u00e9n\u00e9rale des Nations Unies, 1989).<\/p>\n\n\n\n<p class=\"wp-block-paragraph\">En plus de cette <a href=\"https:\/\/www.humanium.org\/fr\/droit-non-discrimination\/\">discrimination<\/a>, et \u00e0 cause de l\u2019intersectionnalit\u00e9 des droits des minorit\u00e9s, les enfants sont \u00e9galement pers\u00e9cut\u00e9s en raison de leur pratique religieuse. Les Ou\u00efghours sont majoritairement musulmans, c\u2019est pourquoi <a href=\"https:\/\/www.humanium.org\/fr\/chine\/\">la Chine<\/a> a r\u00e8glement\u00e9 les activit\u00e9s islamistes au Xinjiang, en interdisant l\u2019enseignement de l\u2019islam aux enfants et la pratique de la religion (Groupe de D\u00e9fense des Droits des Minorit\u00e9s, 2017).&nbsp;<\/p>\n\n\n\n<h3 class=\"wp-block-heading\"><strong>Les enfants de minorit\u00e9s raciales<\/strong><\/h3>\n\n\n\n<p class=\"wp-block-paragraph\">L\u00e0 o\u00f9 l&rsquo;ethnicit\u00e9 est centr\u00e9e sur les principes culturels, la race implique de cat\u00e9goriser les personnes en fonction de groupes de caract\u00e9ristiques physiques, principalement la couleur de la peau. Les enfants de minorit\u00e9s raciales sont souvent discrimin\u00e9s \u00e0 travers le monde en raison de sch\u00e9mas de pers\u00e9cutions historiques, d&rsquo;oppression syst\u00e9mique due aux infrastructures nationales racistes et aux amalgames de la race avec d&rsquo;autres caract\u00e9ristiques minoritaires telles que la religion et l&rsquo;origine ethnique.<\/p>\n\n\n\n<h4 class=\"wp-block-heading\">Racisme aux \u00c9tats Unis&nbsp;<\/h4>\n\n\n\n<p class=\"wp-block-paragraph\"><a href=\"https:\/\/www.humanium.org\/fr\/etats-unis\/\">Les \u00c9tats-Unis<\/a> pr\u00e9sentent une situation minoritaire d\u2019une diversit\u00e9 inhabituelle et complexe. Il y a 7 groupes minoritaires cl\u00e9s&nbsp;: les Latinos (les Portoricains inclus), les Afro Am\u00e9ricains, les Am\u00e9ricains d&rsquo;origines asiatiques et du Pacifique, les Am\u00e9ricains Arabes et d\u2019autres pays du Moyen-Orient, les Am\u00e9rindiens, les Indig\u00e8nes Hawa\u00efens, et les Inuits et Autochtones d\u2019Alaska. Au niveau national et \u00e9tatique, ces enfants de minorit\u00e9s sont <a href=\"https:\/\/www.humanium.org\/fr\/droit-non-discrimination\/\">discrimin\u00e9s<\/a> sur la base de leur couleur de peau et autres caract\u00e9ristiques physiques.<\/p>\n\n\n\n<p class=\"wp-block-paragraph\">D\u2019apr\u00e8s une \u00e9tude de 2020, les enfants d\u2019indig\u00e8nes et noirs sont presque 10 fois plus susceptibles d&rsquo;\u00eatre victime de racisme que les enfants blancs (Moges-Gerbi, 2022). Les enfants des minorit\u00e9s ont \u00e9galement un acc\u00e8s r\u00e9duit \u00e0 du mat\u00e9riel p\u00e9dagogique et un soutien de haute qualit\u00e9 (Darling-Hammond&nbsp;; 1998). Ils sont aussi plus susceptibles de vivre dans la pauvret\u00e9 et ceci malgr\u00e9 le fait qu&rsquo;ils puissent habiter des villes ais\u00e9es et avoir un certain niveau d&rsquo;\u00e9ducation ce qui pourraient les pr\u00e9disposer \u00e0 des revenus financiers plus \u00e9lev\u00e9s. Ces enfants indig\u00e8nes et noirs ont moins acc\u00e8s aux soins de sant\u00e9 et autres avantages sociaux.<\/p>\n\n\n\n<h4 class=\"wp-block-heading\">Racisme en Afrique du Sud<\/h4>\n\n\n\n<p class=\"wp-block-paragraph\">Les \u00e9v\u00e9nements sociopolitiques <a href=\"https:\/\/www.humanium.org\/fr\/afrique-du-sud\/\">en Afrique du Sud<\/a> ces 3 derni\u00e8res d\u00e9cennies repr\u00e9sentent l&rsquo;un des exemples les plus flagrants au monde de racisme syst\u00e9mique \u00e0 travers le r\u00e9gime r\u00e9pressif de l&rsquo;apartheid. Sous l\u2019apartheid, les enfants noirs d&rsquo;Afrique du Sud ont vu leurs droits bafou\u00e9s. En pratique, les enfants \u00e9taient dirig\u00e9s vers des \u00e9coles r\u00e9serv\u00e9es aux minorit\u00e9s recevant tr\u00e8s peu de soutien financier (Minist\u00e8re de la Justice Am\u00e9ricaine, 1990). Ils n\u2019avaient pas le droit d\u2019aller dans certains quartiers et \u00e9taient cantonn\u00e9s dans les zones pauvres et souvent dangereuses r\u00e9serv\u00e9es aux Noirs <a href=\"https:\/\/www.humanium.org\/fr\/afrique-du-sud\/\">Sud-Africains<\/a>. <\/p>\n\n\n\n<p class=\"wp-block-paragraph\">Politiquement, les lois ont \u00e9galement \u00e9t\u00e9 modifi\u00e9es pour permettre de sanctionner plus s\u00e9v\u00e8rement les enfants noirs. Ceux-ci pouvaient \u00eatre d\u00e9tenus jusqu\u2019\u00e0 48 heures et en l&rsquo;absence d&rsquo;une aide juridique accessible, ils \u00e9taient souvent incarc\u00e9r\u00e9s de fa\u00e7on arbitraire (Minist\u00e8re de la Justine Am\u00e9ricain, 1990). Le r\u00e9gime de l\u2019Apartheid est l&rsquo;un des exemples les plus significatif pour comprendre les effets g\u00e9n\u00e9ralis\u00e9s du racisme syst\u00e9mique.<\/p>\n\n\n\n<h3 class=\"wp-block-heading\"><strong>Les enfants des minorit\u00e9s religieuses<\/strong><\/h3>\n\n\n\n<p class=\"wp-block-paragraph\">Les enfants appartenant \u00e0 un groupe religieux minoritaire sont cibl\u00e9s et maltrait\u00e9s \u00e0 cause de leurs diff\u00e9rences de croyances et de valeurs, des pr\u00e9judices religieux et de l\u2019intersectionnalit\u00e9 avec d\u2019autres caract\u00e9ristiques des groupes minoritaires telles que la race et l\u2019origine ethnique.<\/p>\n\n\n\n<p class=\"wp-block-paragraph\">Les minorit\u00e9s religieuses sont particuli\u00e8rement expos\u00e9es \u00e0 la <a href=\"https:\/\/www.humanium.org\/fr\/droit-non-discrimination\/\">discrimination<\/a> dans les pays non la\u00efcs et les lieux qui n&rsquo;accueillent pas la diversit\u00e9 religieuse.<\/p>\n\n\n\n<h4 class=\"wp-block-heading\">Les enfants Rohingyas \u00e0 Myanmar<\/h4>\n\n\n\n<p class=\"wp-block-paragraph\">Les abus et la discrimination subies par <a href=\"https:\/\/www.humanium.org\/fr\/les-souffrances-des-rohingyas-des-milliers-denfants-en-danger-au-myanmar-et-au-bangladesh\/\">les Rohingyas<\/a>, ethnie minoritaire au <a href=\"https:\/\/www.humanium.org\/fr\/myanmar\/\">Myanmar,<\/a> dus \u00e0 leur adh\u00e9sion \u00e0 l&rsquo;islam, ont conduit \u00e0 une crise humanitaire. Les Musulmans Rohingya ont \u00e9t\u00e9 opprim\u00e9s et ont endur\u00e9 violences, tortures, pers\u00e9cutions,&nbsp; meurtres et&nbsp; extr\u00eame pauvret\u00e9, ainsi que d\u2019autresabus graves en violation avec les droits de l&rsquo;homme (Shohel, 2023). Ces abus proviennent des diff\u00e9rences religieuses entre les Rohingyas Musulmans et Bouddhistes au sein de l&rsquo;\u00e9tat du Rakhine (Groupe des Droits des Minorit\u00e9s, 2019).<\/p>\n\n\n\n<p class=\"wp-block-paragraph\">En raison de ces pers\u00e9cutions les Musulmans <a href=\"https:\/\/www.humanium.org\/fr\/les-souffrances-des-rohingyas-des-milliers-denfants-en-danger-au-myanmar-et-au-bangladesh\/\">Rohingyas<\/a> ont \u00e9t\u00e9 forc\u00e9s de fuir et de chercher refuge au <a href=\"https:\/\/www.humanium.org\/fr\/bangladesh\/\">Bangladesh<\/a> et autres r\u00e9gions accessibles (Shohel, 2023). Selon l&rsquo;Organisation Mondiale de la Sant\u00e9, le probl\u00e8me Rohingyas est une urgence complexe d\u00fb \u00e0 la gravit\u00e9 de la situation humanitaire et du nombre de r\u00e9fugi\u00e9s (Shohel, 2023). En raison de la crise migratoire, des milliers d&rsquo;enfants Rohingyas se retrouvent dans des camps de r\u00e9fugi\u00e9s avec un acc\u00e8s limit\u00e9 aux produits de premi\u00e8re n\u00e9cessit\u00e9 et des probl\u00e8mes urgents de s\u00e9curit\u00e9.&nbsp;<\/p>\n\n\n\n<p class=\"wp-block-paragraph\">Certains camps ont m\u00eame connu de graves \u00e9pid\u00e9mies de maladies contagieuses dont, notamment, la rougeole, le chol\u00e9ra et \u00e9galement les effets \u00e0 long terme de la pand\u00e9mie du COVID-19 (Shohel, 2023). Les enfants de la communaut\u00e9 Rohingya sont \u00e9galement priv\u00e9s de leur nationalit\u00e9 en raison des lois racistes sur la citoyennet\u00e9 au <a href=\"https:\/\/www.humanium.org\/fr\/myanmar\/\">Myanmar<\/a> laissant nombre d\u2019entre eux apatrides et vuln\u00e9rables \u00e0 la pers\u00e9cution car sans identit\u00e9 (UNHCR&amp;UNICEF, 2017).<\/p>\n\n\n\n<h3 class=\"wp-block-heading\"><strong>Enfants de minorit\u00e9s sexuelles<\/strong><\/h3>\n\n\n\n<p class=\"wp-block-paragraph\">Les enfants non h\u00e9t\u00e9rosexuels constituent une minorit\u00e9 plus petite que la plupart des autres groupes. En cons\u00e9quence, les enfants de <a href=\"https:\/\/www.humanium.org\/fr\/le-droit-des-enfants-a-lorientation-sexuelle-lidentite-et-lexpression-du-genre-osigeg\/\">minorit\u00e9s sexuelles<\/a> sont victimes de <a href=\"https:\/\/www.humanium.org\/fr\/discriminations\/\">discrimination<\/a>&nbsp; car ils ne sont pas conformes aux st\u00e9r\u00e9otypes de genre de la soci\u00e9t\u00e9, d\u2019une stigmatisation sans soutien communautaire et de malveillance li\u00e9e aux croyances religieuses et ethniques.<\/p>\n\n\n\n<h4 class=\"wp-block-heading\">Les risques pour la sant\u00e9 mentale et physique<\/h4>\n\n\n\n<p class=\"wp-block-paragraph\">Partout dans le monde, les normes h\u00e9t\u00e9rosexuelles ont abouti \u00e0 la construction de soci\u00e9t\u00e9s au service des enfants et des adultes h\u00e9t\u00e9rosexuels. En cons\u00e9quence, les enfants des minorit\u00e9s sexuelles ont moins acc\u00e8s aux infrastructures de base que les h\u00e9t\u00e9rosexuels.&nbsp; <\/p>\n\n\n\n<p class=\"wp-block-paragraph\">Les enfants de <a href=\"https:\/\/www.humanium.org\/fr\/le-droit-des-enfants-a-lorientation-sexuelle-lidentite-et-lexpression-du-genre-osigeg\/\">ces minorit\u00e9s sexuelles<\/a> sont principalement p\u00e9nalis\u00e9s dans le domaine de la sant\u00e9 physique. Ils ont moins acc\u00e8s aux services de soins de sant\u00e9 ce qui rend plus dangereux certaines op\u00e9rations telles que la chirurgie transformatrice de genre et les exposent, \u00e0 mesure qu&rsquo;ils grandissent sans soutien soci\u00e9tal, \u00e0 de plus grands risques comme <a href=\"https:\/\/www.humanium.org\/fr\/sexualite-des-adolescents\/\">les Maladies Sexuellement Transmissibles<\/a> (Bada Math &amp; Seshadri, 2013).<\/p>\n\n\n\n<p class=\"wp-block-paragraph\">De nouvelles recherches soulignent \u00e9galement des niveaux plus \u00e9lev\u00e9s de troubles \u00e9motionnels, de d\u00e9pressions, d&rsquo;id\u00e9es suicidaires et de d\u00e9tresse psychologique parmi ces minorit\u00e9s. On pense que les <a href=\"https:\/\/www.humanium.org\/fr\/sexualite-des-adolescents\/\">adolescents<\/a> en particulier sont plus sujets \u00e0 l\u2019addiction, au sexe forc\u00e9 et \u00e0 l&rsquo;exclusion sociale en raison des niveaux \u00e9lev\u00e9s et constants de discrimination auxquels ils sont confront\u00e9s en grandissant (Bada Math &amp; Seshadri, 2013).<\/p>\n\n\n\n<h3 class=\"wp-block-heading\"><strong>&nbsp;Les enfants handicap\u00e9s<\/strong><\/h3>\n\n\n<div class=\"wp-block-image\">\n<figure class=\"alignright size-large is-resized\"><img loading=\"lazy\" decoding=\"async\" width=\"1024\" height=\"681\" src=\"https:\/\/www.humanium.org\/fr\/wp-content\/uploads\/2024\/06\/shutterstock_222766585-1024x681.jpg\" alt=\"\" class=\"wp-image-57075\" style=\"width:336px;height:auto\" srcset=\"https:\/\/www.humanium.org\/fr\/wp-content\/uploads\/2024\/06\/shutterstock_222766585-1024x681.jpg 1024w, https:\/\/www.humanium.org\/fr\/wp-content\/uploads\/2024\/06\/shutterstock_222766585-300x199.jpg 300w, https:\/\/www.humanium.org\/fr\/wp-content\/uploads\/2024\/06\/shutterstock_222766585-768x510.jpg 768w, https:\/\/www.humanium.org\/fr\/wp-content\/uploads\/2024\/06\/shutterstock_222766585-1536x1021.jpg 1536w, https:\/\/www.humanium.org\/fr\/wp-content\/uploads\/2024\/06\/shutterstock_222766585-2048x1361.jpg 2048w, https:\/\/www.humanium.org\/fr\/wp-content\/uploads\/2024\/06\/shutterstock_222766585-830x552.jpg 830w, https:\/\/www.humanium.org\/fr\/wp-content\/uploads\/2024\/06\/shutterstock_222766585-230x153.jpg 230w, https:\/\/www.humanium.org\/fr\/wp-content\/uploads\/2024\/06\/shutterstock_222766585-350x233.jpg 350w, https:\/\/www.humanium.org\/fr\/wp-content\/uploads\/2024\/06\/shutterstock_222766585-480x319.jpg 480w, https:\/\/www.humanium.org\/fr\/wp-content\/uploads\/2024\/06\/shutterstock_222766585-272x182.jpg 272w\" sizes=\"auto, (max-width: 1024px) 100vw, 1024px\" \/><\/figure>\n<\/div>\n\n\n<p class=\"wp-block-paragraph\">Les enfants <a href=\"https:\/\/www.humanium.org\/fr\/enfants-touches-par-le-handicap\/\">handicap\u00e9s<\/a> physiquement ou mentalement peuvent \u00eatre divis\u00e9s en 2 groupes&nbsp;: ceux dont le handicap est visible et ceux dont le handicap est cach\u00e9. Ces deux cat\u00e9gories d\u2019enfants sont essentiellement <a href=\"https:\/\/www.humanium.org\/fr\/discriminations\/\">discrimin\u00e9s<\/a> en raison de leur exclusion syst\u00e9mique et du manque de reconnaissance. Les enfants ayant un handicap visible sont souvent confront\u00e9s \u00e0 des difficult\u00e9s dues \u00e0 des discriminations perp\u00e9tr\u00e9es par leurs proches. Cette discrimination&nbsp; est particuli\u00e8rement r\u00e9pandue dans les environnements \u00e9ducatifs o\u00f9 ils sont souvent moqu\u00e9s et harcel\u00e9s en raison de leur handicap.<\/p>\n\n\n\n<p class=\"wp-block-paragraph\">Ceux atteints d&rsquo;une maladie mentale&nbsp;dites \u00ab&nbsp;invisible&nbsp;\u00bb, ou d\u2019un handicap physique cach\u00e9, sont souvent aux prises avec des probl\u00e8mes de <a href=\"https:\/\/www.humanium.org\/en\/discrimination\/\">discrimination<\/a> directe et indirecte. Ils sont indirectement discrimin\u00e9s parce que les soci\u00e9t\u00e9s sont con\u00e7ues pour soutenir la majorit\u00e9 et le sont directement lorsque leur comportement diff\u00e8re de celui de la majorit\u00e9, m\u00eame si dans certains cas leur infirmit\u00e9 est difficile \u00e0 voir.<\/p>\n\n\n\n<h2 class=\"wp-block-heading\"><strong>Autres probl\u00e8mes rencontr\u00e9s par les enfants des minorit\u00e9s<\/strong><\/h2>\n\n\n\n<p class=\"wp-block-paragraph\">Malgr\u00e9 les subtilit\u00e9s de chaque forme de <a href=\"https:\/\/www.humanium.org\/fr\/discriminations\/\">discrimination<\/a> minoritaire, plusieurs probl\u00e8mes importants se rejoignent dans les diff\u00e9rents groupes.<\/p>\n\n\n\n<h3 class=\"wp-block-heading\"><strong>Apatride et \u00e9migration forc\u00e9e<\/strong><\/h3>\n\n\n\n<p class=\"wp-block-paragraph\">Les enfants des minorit\u00e9s sont touch\u00e9s de fa\u00e7on disproportionn\u00e9e par <a href=\"https:\/\/www.humanium.org\/fr\/enfants-sans-identite\/\">l\u2019apatridie<\/a> en raison des lois et politiques discriminatoires en mati\u00e8re de nationalit\u00e9 couramment utilis\u00e9es comme outil par les \u00c9tats oppressifs pour porter atteinte aux droits des minorit\u00e9s.<\/p>\n\n\n\n<p class=\"wp-block-paragraph\">Le <a href=\"https:\/\/www.humanium.org\/fr\/comprendre-droits-enfant\/droit-a-l-identite\/\">droit \u00e0 l&rsquo;identit\u00e9<\/a> et \u00e0 l&rsquo;enregistrement des naissances est l\u2019un des premiers de la liste des droits de l\u2019homme. Les enfants qui ne peuvent pas \u00eatre enregistr\u00e9s \u00e0 la naissance ou ceux qui sont contraints de fuir leur pays en tant que r\u00e9fugi\u00e9 peuvent devenir apatrides et donc aucun \u00e9tat ne peut les prot\u00e9ger (UNHCR &amp; UNICEF, 2017).<\/p>\n\n\n\n<p class=\"wp-block-paragraph\">Les politiques nationales d&rsquo;exclusion peuvent se maintenir pendant des d\u00e9cennies et marginaliser ainsi plusieurs g\u00e9n\u00e9rations d&rsquo;enfants issus de minorit\u00e9s. La communaut\u00e9 Makonde en est un exemple, ceux-ci ont \u00e9t\u00e9 d\u00e9plac\u00e9s du <a href=\"https:\/\/www.humanium.org\/fr\/mozambique\/\">Mozambique<\/a> au <a href=\"https:\/\/www.humanium.org\/fr\/kenya\/\">Kenya<\/a> dans les ann\u00e9es 1930 pour y travailler comme ouvrier mais n\u2019ont \u00e9t\u00e9 reconnu l\u00e9galement et obtenu la citoyennet\u00e9 en tant que tribu nationale qu\u2019en 2017 (UNHCR &amp;UNICEF, 2017).&nbsp;<\/p>\n\n\n\n<h3 class=\"wp-block-heading\"><strong>Discrimination indirecte&nbsp;<\/strong><\/h3>\n\n\n\n<p class=\"wp-block-paragraph\">&nbsp;Les enfants des minorit\u00e9s subissent tous souvent une <a href=\"https:\/\/www.humanium.org\/fr\/discriminations\/\">discrimination<\/a> directe -de mauvais traitements dus \u00e0 leurs conditions- mais ils sont \u00e9galement particuli\u00e8rement vuln\u00e9rables \u00e0 la discrimination indirecte. Celle-ci fait r\u00e9f\u00e9rence aux dispositions, aux crit\u00e8res et aux pratiques d\u00e9savantageant certains groupes et personnes et qui ne peuvent \u00eatre objectivement justifi\u00e9s (UNHCR &amp; UNICEF, 2017). Les minorit\u00e9s sont particuli\u00e8rement expos\u00e9s \u00e0 la discrimination indirecte car les politiques nationales et les lois ordinaires sont con\u00e7ues pour servir la majorit\u00e9.<\/p>\n\n\n\n<h3 class=\"wp-block-heading\"><strong>Les d\u00e9fis de la sant\u00e9 mentale<\/strong><\/h3>\n\n\n\n<p class=\"wp-block-paragraph\">Les enfants des minorit\u00e9s ont \u00e9galement de nombreux probl\u00e8mes de <a href=\"https:\/\/www.humanium.org\/fr\/le-bien-etre-mental-des-enfants\/\">sant\u00e9 mentale<\/a> en raison de sch\u00e9mas de rejets constants et d\u2019exclusion sociale au sein de leur communaut\u00e9 et par leur entourage. Alors que cette <a href=\"https:\/\/www.humanium.org\/fr\/discriminations\/\">discrimination<\/a> fait l\u2019objet de recherches, des \u00e9tudes \u00e9mergentes sur des probl\u00e8mes particuliers de sant\u00e9 mentale au Royaume Unis li\u00e9s aux minorit\u00e9s ethniques ont fait appara\u00eetre des probl\u00e9matiques nouvelles et sp\u00e9cifiques concernant les abus sur le long terme (Bains, Gutman, 2021).<\/p>\n\n\n\n<h2 class=\"wp-block-heading\"><strong>Documents cl\u00e9s et instruments juridique internationaux&nbsp;<\/strong><\/h2>\n\n\n\n<figure class=\"wp-block-image size-large\"><img loading=\"lazy\" decoding=\"async\" width=\"1024\" height=\"683\" src=\"https:\/\/www.humanium.org\/fr\/wp-content\/uploads\/2024\/06\/shutterstock_335850218-1024x683.jpg\" alt=\"\" class=\"wp-image-57076\" srcset=\"https:\/\/www.humanium.org\/fr\/wp-content\/uploads\/2024\/06\/shutterstock_335850218-1024x683.jpg 1024w, https:\/\/www.humanium.org\/fr\/wp-content\/uploads\/2024\/06\/shutterstock_335850218-300x200.jpg 300w, https:\/\/www.humanium.org\/fr\/wp-content\/uploads\/2024\/06\/shutterstock_335850218-768x512.jpg 768w, https:\/\/www.humanium.org\/fr\/wp-content\/uploads\/2024\/06\/shutterstock_335850218-1536x1024.jpg 1536w, https:\/\/www.humanium.org\/fr\/wp-content\/uploads\/2024\/06\/shutterstock_335850218-2048x1365.jpg 2048w, https:\/\/www.humanium.org\/fr\/wp-content\/uploads\/2024\/06\/shutterstock_335850218-830x553.jpg 830w, https:\/\/www.humanium.org\/fr\/wp-content\/uploads\/2024\/06\/shutterstock_335850218-230x153.jpg 230w, https:\/\/www.humanium.org\/fr\/wp-content\/uploads\/2024\/06\/shutterstock_335850218-350x233.jpg 350w, https:\/\/www.humanium.org\/fr\/wp-content\/uploads\/2024\/06\/shutterstock_335850218-480x320.jpg 480w, https:\/\/www.humanium.org\/fr\/wp-content\/uploads\/2024\/06\/shutterstock_335850218-272x182.jpg 272w\" sizes=\"auto, (max-width: 1024px) 100vw, 1024px\" \/><\/figure>\n\n\n\n<p class=\"wp-block-paragraph\">1. <a href=\"https:\/\/www.humanium.org\/fr\/convention\/\">Convention Internationale des Droits de l\u2019Enfant<\/a><\/p>\n\n\n\n<p class=\"wp-block-paragraph\">2. <a href=\"https:\/\/www.humanium.org\/fr\/autres\/charte-africaine-droits-bien-etre-enfant\/\">Charte africaine des droits et du bien-\u00eatre de l\u2019enfant<\/a><\/p>\n\n\n\n<p class=\"wp-block-paragraph\">3. <a href=\"https:\/\/www.humanium.org\/fr\/normes\/pactes-internationaux-1966\/texte-integral-pacte-international-droits-civils-politiques\/\">Pacte International relatif aux Droits Civils et Politiques<\/a><\/p>\n\n\n\n<p class=\"wp-block-paragraph\">4. D\u00e9claration des Nations Unies sur les Droits des Personnes appartenant \u00e0 des Minorit\u00e9s Nationales ou Ethniques, Religieuses et Linguistiques<\/p>\n\n\n\n<p class=\"wp-block-paragraph\">5. <a href=\"https:\/\/www.humanium.org\/fr\/normes\/declaration-universelle-droits-homme-1948\/\">D\u00e9claration Universelle des Droits de L\u2019Homme<\/a><\/p>\n\n\n\n<p class=\"wp-block-paragraph\">6. <a href=\"https:\/\/www.humanium.org\/fr\/autres\/convention-elimination-discrimination-raciale\/\">Convention sur l\u2019\u00c9limination de toutes les Formes de Discrimination raciale<\/a><\/p>\n\n\n\n<p class=\"wp-block-paragraph\">7. D\u00e9claration sur l\u2019\u00c9limination de Toutes Formes d\u2019Intol\u00e9rance et de Discrimination fond\u00e9es sur la Religion ou la Conviction.<\/p>\n\n\n\n<p class=\"wp-block-paragraph\"><em><strong>\u00c9crit par Vanessa Cezarita Cordeiro<\/strong><\/em><\/p>\n\n\n\n<p class=\"wp-block-paragraph\"><em><strong>Relu en interne par Aditi Partha<\/strong><\/em><\/p>\n\n\n\n<p class=\"wp-block-paragraph\"><em><strong>Traduit par Fran\u00e7oise Carpentier<\/strong><\/em><\/p>\n\n\n\n<p class=\"wp-block-paragraph\"><em><strong>Relu par Line Goddi<\/strong><\/em><\/p>\n\n\n\n<p class=\"wp-block-paragraph\"><em><strong>Derni\u00e8re mise \u00e0 jour le 18 juin 2023<\/strong><\/em><\/p>\n\n\n\n<h4 class=\"wp-block-heading\">Bibliographie&nbsp;:<\/h4>\n\n\n\n<p class=\"has-small-font-size wp-block-paragraph\">Bains, S., &amp; Gutman, L.M. (2021, August 26). <a href=\"https:\/\/www.ncbi.nlm.nih.gov\/pmc\/articles\/PMC8505297\/\" target=\"_blank\" rel=\"noreferrer noopener\">\u201cMental health in ethnic minority populations in the UK: developmental trajectories from early childhood to mid adolescence.\u201d<\/a> Retrieved from Journal of Youth and Adolescence, accessed on15 June 2023.&nbsp;<\/p>\n\n\n\n<p class=\"has-small-font-size wp-block-paragraph\">Bada Math, S., Seshadri, S. (2013, January). <a href=\"https:\/\/www.ncbi.nlm.nih.gov\/pmc\/articles\/PMC3657897\/\" target=\"_blank\" rel=\"noreferrer noopener\">\u201cThe invisible ones: sexual minorities.\u201d<\/a> Retrieved from Indian Journal of Medical Research, accessed on 15 June 2023.&nbsp;<\/p>\n\n\n\n<p class=\"has-small-font-size wp-block-paragraph\">BBC News. (2022, May 24). <a href=\"https:\/\/www.bbc.co.uk\/news\/world-asia-china-22278037\">\u201cWho are the <\/a><a href=\"https:\/\/www.bbc.co.uk\/news\/world-asia-china-22278037\" target=\"_blank\" rel=\"noreferrer noopener\">Uyghurs<\/a><a href=\"https:\/\/www.bbc.co.uk\/news\/world-asia-china-22278037\"> and why is China being accused of genocide?\u201d<\/a> Retrieved from BBC News, accessed on 15 June 2023.&nbsp;<\/p>\n\n\n\n<p class=\"has-small-font-size wp-block-paragraph\">Darling-Hammond, L. (1998, March 1). <a href=\"https:\/\/www.brookings.edu\/articles\/unequal-opportunity-race-and-education\/\" target=\"_blank\" rel=\"noreferrer noopener\">\u201cUnequal opportunity: race and education.\u201d<\/a> Retrieved from Brookings, accessed on 16 June 2023.&nbsp;<\/p>\n\n\n\n<p class=\"has-small-font-size wp-block-paragraph\">Minority Rights Group. (2017, November). <a href=\"https:\/\/minorityrights.org\/minorities\/uyghurs\/\" target=\"_blank\" rel=\"noreferrer noopener\">\u201cUyghurs.\u201d<\/a> Retrieved from Minority Rights Group World Directory of Minorities and Indigenous Peoples, accessed on 15 June 2023.&nbsp;<\/p>\n\n\n\n<p class=\"has-small-font-size wp-block-paragraph\">Minority Rights Group. (2019, June). <a href=\"https:\/\/minorityrights.org\/minorities\/muslims-and-rohingya\/\" target=\"_blank\" rel=\"noreferrer noopener\">\u201cMuslims and Rohingya.\u201d<\/a> Retrieved from Minority Rights Group World Directory of Minorities and Indigenous Peoples, accessed on 15 June 2023.<\/p>\n\n\n\n<p class=\"has-small-font-size wp-block-paragraph\">Minority Rights Group. (2020, October). <a href=\"https:\/\/minorityrights.org\/minorities\/roma-11\/\" target=\"_blank\" rel=\"noreferrer noopener\">\u201cRoma.\u201d<\/a> Retrieved from Minority Rights Group World Directory of Minorities and Indigenous Peoples, accessed on 15 June 2023.<\/p>\n\n\n\n<p class=\"has-small-font-size wp-block-paragraph\">Moges-Gerbi, M. (2022, November 17). <a href=\"https:\/\/edition.cnn.com\/2022\/11\/16\/health\/indigenous-black-children-increasingly-experience-racism-reaj\/index.html\" target=\"_blank\" rel=\"noreferrer noopener\">\u201cIndigenous and black children increasingly experiencing racism, new study shows.\u201d<\/a> Retrieved from CNN Health, accessed 16 June 2023.&nbsp;<\/p>\n\n\n\n<p class=\"has-small-font-size wp-block-paragraph\">Shohel, M. (2023, May 3). <a href=\"https:\/\/link.springer.com\/article\/10.1007\/s11125-022-09631-8\" target=\"_blank\" rel=\"noreferrer noopener\">\u201cLives of the Rohingya children in limbo: childhood, education, and children\u2019s rights in refugee camps in Bangladesh.\u201d<\/a> Retrieved from Prospects, accessed 15 June 2023.&nbsp;<\/p>\n\n\n\n<p class=\"has-small-font-size wp-block-paragraph\">U.S Department of Justice. (1990, February). <a href=\"https:\/\/www.ojp.gov\/ncjrs\/virtual-library\/abstracts\/convention-rights-child-and-crisis-children-south-africa-apartheid\" target=\"_blank\" rel=\"noreferrer noopener\">\u201cConvention on the Rights of the Child and the crisis for children in South Africa: apartheid and detention.\u201d<\/a> Retrieved from U.S Department of Justice Office of Justice Programs, accessed on 16 June 2023.&nbsp;<\/p>\n\n\n\n<p class=\"has-small-font-size wp-block-paragraph\">UNHCR., UNICEF. (2017). <a href=\"https:\/\/www.unhcr.org\/ibelong\/wp-content\/uploads\/IBELONG_Minority-Children-and-Statelessness.pdf\" target=\"_blank\" rel=\"noreferrer noopener\">\u201cMinority children and statelessness; Coalition on every child\u2019s right to a nationality.\u201d<\/a> Retrieved from UNHCR and UNICEF, accessed on 14 June 2023.&nbsp;&nbsp;<\/p>\n\n\n\n<p class=\"has-small-font-size wp-block-paragraph\">United Nations General Assembly. (1948, December 10). <a href=\"https:\/\/www.refworld.org\/docid\/3ae6b3712c.html\" target=\"_blank\" rel=\"noreferrer noopener\">\u201cUniversal Declaration of Human Rights.\u201d<\/a> Retrieved from RefWorld, accessed on 16 June 2023.&nbsp;<\/p>\n\n\n\n<p class=\"has-small-font-size wp-block-paragraph\">United Nations General Assembly. (1989, November 20). <a href=\"https:\/\/www.refworld.org\/docid\/3ae6b38f0.html\" target=\"_blank\" rel=\"noreferrer noopener\">\u201cConvention on the Rights of the Child.\u201d<\/a> United Nations Treaty Series, vol, 1577. Retrieved from RefWorld, accessed on 16 June 2023.&nbsp;<\/p>\n\n\n\n<p class=\"has-small-font-size wp-block-paragraph\">United Nations General Assembly. (2007, January 24). <a href=\"https:\/\/www.refworld.org\/docid\/45f973632.html\" target=\"_blank\" rel=\"noreferrer noopener\">\u201cConvention on the Rights of Persons with Disabilities.\u201d<\/a> A\/RES\/61\/106. Retrieved from RefWorld, accessed on 16 June 2023.&nbsp;<\/p>\n\n\n\n<p class=\"has-small-font-size wp-block-paragraph\">United Nations Human Rights Office of the High Commissioner. (1966, December 16). <a href=\"https:\/\/www.ohchr.org\/en\/instruments-mechanisms\/instruments\/international-covenant-civil-and-political-rights#:~:text=or%20other%20status.-,Article%2027,to%20use%20their%20own%20language.\" target=\"_blank\" rel=\"noreferrer noopener\">\u201cInternational Covenant on Civil and Political Rights.\u201d<\/a> <em>General Assembly Resolution 2200A. <\/em>Retrieved from United Nations Human Rights Office of the High Commissioner, accessed on 14 June 2023.&nbsp;<\/p>\n","protected":false},"excerpt":{"rendered":"<p>\u00c0 travers le monde, les enfants souffrent de discrimination lorsqu\u2019ils font partie d&rsquo;un groupe ou d&rsquo;une communaut\u00e9 minoritaire. Celle-ci est d\u2019autant plus forte lorsqu&rsquo;ils appartiennent \u00e0 plusieurs groupes minoritaires. La discrimination envers les enfants issus de minorit\u00e9s est motiv\u00e9e par des diff\u00e9rences ancestrales ethniques, raciales, religieuses et physiques entre les communaut\u00e9s. De ce fait, les [&hellip;]<\/p>\n","protected":false},"author":65,"featured_media":57073,"parent":0,"menu_order":0,"comment_status":"closed","ping_status":"closed","template":"","meta":{"footnotes":""},"class_list":["post-11031","page","type-page","status-publish","has-post-thumbnail","hentry"],"yoast_head":"<!-- This site is optimized with the Yoast SEO plugin v28.3 - https:\/\/yoast.com\/product\/yoast-seo-wordpress\/ -->\n<title>Enfants des minorit\u00e9s - Humanium<\/title>\n<meta name=\"description\" content=\"\u00c0 travers le monde, les enfants souffrent de discrimination lorsqu\u2019ils font partie d&#039;un groupe ou d&#039;une communaut\u00e9 minoritaire.\" \/>\n<meta name=\"robots\" content=\"index, follow, max-snippet:-1, max-image-preview:large, max-video-preview:-1\" \/>\n<link rel=\"canonical\" href=\"https:\/\/www.humanium.org\/fr\/enfants-des-minorites\/\" \/>\n<meta property=\"og:locale\" content=\"fr_FR\" \/>\n<meta property=\"og:type\" content=\"article\" \/>\n<meta property=\"og:title\" content=\"Enfants des minorit\u00e9s - Humanium\" \/>\n<meta property=\"og:description\" content=\"\u00c0 travers le monde, les enfants souffrent de discrimination lorsqu\u2019ils font partie d&#039;un groupe ou d&#039;une communaut\u00e9 minoritaire.\" \/>\n<meta property=\"og:url\" content=\"https:\/\/www.humanium.org\/fr\/enfants-des-minorites\/\" \/>\n<meta property=\"og:site_name\" content=\"Humanium\" \/>\n<meta property=\"article:modified_time\" content=\"2025-12-10T02:41:51+00:00\" \/>\n<meta property=\"og:image\" content=\"https:\/\/www.humanium.org\/fr\/wp-content\/uploads\/2024\/06\/shutterstock_1403939687-scaled.jpg\" \/>\n\t<meta property=\"og:image:width\" content=\"2560\" \/>\n\t<meta property=\"og:image:height\" content=\"1708\" \/>\n\t<meta property=\"og:image:type\" content=\"image\/jpeg\" \/>\n<meta name=\"twitter:card\" content=\"summary_large_image\" \/>\n<meta name=\"twitter:label1\" content=\"Dur\u00e9e de lecture estim\u00e9e\" \/>\n\t<meta name=\"twitter:data1\" content=\"17 minutes\" \/>\n<script type=\"application\/ld+json\" class=\"yoast-schema-graph\">{\"@context\":\"https:\\\/\\\/schema.org\",\"@graph\":[{\"@type\":\"WebPage\",\"@id\":\"https:\\\/\\\/www.humanium.org\\\/fr\\\/enfants-des-minorites\\\/\",\"url\":\"https:\\\/\\\/www.humanium.org\\\/fr\\\/enfants-des-minorites\\\/\",\"name\":\"Enfants des minorit\u00e9s - Humanium\",\"isPartOf\":{\"@id\":\"https:\\\/\\\/www.humanium.org\\\/fr\\\/#website\"},\"primaryImageOfPage\":{\"@id\":\"https:\\\/\\\/www.humanium.org\\\/fr\\\/enfants-des-minorites\\\/#primaryimage\"},\"image\":{\"@id\":\"https:\\\/\\\/www.humanium.org\\\/fr\\\/enfants-des-minorites\\\/#primaryimage\"},\"thumbnailUrl\":\"https:\\\/\\\/www.humanium.org\\\/fr\\\/wp-content\\\/uploads\\\/2024\\\/06\\\/shutterstock_1403939687-scaled.jpg\",\"datePublished\":\"2011-09-07T14:17:39+00:00\",\"dateModified\":\"2025-12-10T02:41:51+00:00\",\"description\":\"\u00c0 travers le monde, les enfants souffrent de discrimination lorsqu\u2019ils font partie d'un groupe ou d'une communaut\u00e9 minoritaire.\",\"breadcrumb\":{\"@id\":\"https:\\\/\\\/www.humanium.org\\\/fr\\\/enfants-des-minorites\\\/#breadcrumb\"},\"inLanguage\":\"fr-FR\",\"potentialAction\":[{\"@type\":\"ReadAction\",\"target\":[\"https:\\\/\\\/www.humanium.org\\\/fr\\\/enfants-des-minorites\\\/\"]}]},{\"@type\":\"ImageObject\",\"inLanguage\":\"fr-FR\",\"@id\":\"https:\\\/\\\/www.humanium.org\\\/fr\\\/enfants-des-minorites\\\/#primaryimage\",\"url\":\"https:\\\/\\\/www.humanium.org\\\/fr\\\/wp-content\\\/uploads\\\/2024\\\/06\\\/shutterstock_1403939687-scaled.jpg\",\"contentUrl\":\"https:\\\/\\\/www.humanium.org\\\/fr\\\/wp-content\\\/uploads\\\/2024\\\/06\\\/shutterstock_1403939687-scaled.jpg\",\"width\":2560,\"height\":1708},{\"@type\":\"BreadcrumbList\",\"@id\":\"https:\\\/\\\/www.humanium.org\\\/fr\\\/enfants-des-minorites\\\/#breadcrumb\",\"itemListElement\":[{\"@type\":\"ListItem\",\"position\":1,\"name\":\"Home\",\"item\":\"https:\\\/\\\/www.humanium.org\\\/fr\\\/\"},{\"@type\":\"ListItem\",\"position\":2,\"name\":\"Enfants des minorit\u00e9s\"}]},{\"@type\":\"WebSite\",\"@id\":\"https:\\\/\\\/www.humanium.org\\\/fr\\\/#website\",\"url\":\"https:\\\/\\\/www.humanium.org\\\/fr\\\/\",\"name\":\"Humanium\",\"description\":\"Les enfants d\u2019abord !\",\"potentialAction\":[{\"@type\":\"SearchAction\",\"target\":{\"@type\":\"EntryPoint\",\"urlTemplate\":\"https:\\\/\\\/www.humanium.org\\\/fr\\\/?s={search_term_string}\"},\"query-input\":{\"@type\":\"PropertyValueSpecification\",\"valueRequired\":true,\"valueName\":\"search_term_string\"}}],\"inLanguage\":\"fr-FR\"}]}<\/script>\n<!-- \/ Yoast SEO plugin. -->","yoast_head_json":{"title":"Enfants des minorit\u00e9s - Humanium","description":"\u00c0 travers le monde, les enfants souffrent de discrimination lorsqu\u2019ils font partie d'un groupe ou d'une communaut\u00e9 minoritaire.","robots":{"index":"index","follow":"follow","max-snippet":"max-snippet:-1","max-image-preview":"max-image-preview:large","max-video-preview":"max-video-preview:-1"},"canonical":"https:\/\/www.humanium.org\/fr\/enfants-des-minorites\/","og_locale":"fr_FR","og_type":"article","og_title":"Enfants des minorit\u00e9s - Humanium","og_description":"\u00c0 travers le monde, les enfants souffrent de discrimination lorsqu\u2019ils font partie d'un groupe ou d'une communaut\u00e9 minoritaire.","og_url":"https:\/\/www.humanium.org\/fr\/enfants-des-minorites\/","og_site_name":"Humanium","article_modified_time":"2025-12-10T02:41:51+00:00","og_image":[{"width":2560,"height":1708,"url":"https:\/\/www.humanium.org\/fr\/wp-content\/uploads\/2024\/06\/shutterstock_1403939687-scaled.jpg","type":"image\/jpeg"}],"twitter_card":"summary_large_image","twitter_misc":{"Dur\u00e9e de lecture estim\u00e9e":"17 minutes"},"schema":{"@context":"https:\/\/schema.org","@graph":[{"@type":"WebPage","@id":"https:\/\/www.humanium.org\/fr\/enfants-des-minorites\/","url":"https:\/\/www.humanium.org\/fr\/enfants-des-minorites\/","name":"Enfants des minorit\u00e9s - Humanium","isPartOf":{"@id":"https:\/\/www.humanium.org\/fr\/#website"},"primaryImageOfPage":{"@id":"https:\/\/www.humanium.org\/fr\/enfants-des-minorites\/#primaryimage"},"image":{"@id":"https:\/\/www.humanium.org\/fr\/enfants-des-minorites\/#primaryimage"},"thumbnailUrl":"https:\/\/www.humanium.org\/fr\/wp-content\/uploads\/2024\/06\/shutterstock_1403939687-scaled.jpg","datePublished":"2011-09-07T14:17:39+00:00","dateModified":"2025-12-10T02:41:51+00:00","description":"\u00c0 travers le monde, les enfants souffrent de discrimination lorsqu\u2019ils font partie d'un groupe ou d'une communaut\u00e9 minoritaire.","breadcrumb":{"@id":"https:\/\/www.humanium.org\/fr\/enfants-des-minorites\/#breadcrumb"},"inLanguage":"fr-FR","potentialAction":[{"@type":"ReadAction","target":["https:\/\/www.humanium.org\/fr\/enfants-des-minorites\/"]}]},{"@type":"ImageObject","inLanguage":"fr-FR","@id":"https:\/\/www.humanium.org\/fr\/enfants-des-minorites\/#primaryimage","url":"https:\/\/www.humanium.org\/fr\/wp-content\/uploads\/2024\/06\/shutterstock_1403939687-scaled.jpg","contentUrl":"https:\/\/www.humanium.org\/fr\/wp-content\/uploads\/2024\/06\/shutterstock_1403939687-scaled.jpg","width":2560,"height":1708},{"@type":"BreadcrumbList","@id":"https:\/\/www.humanium.org\/fr\/enfants-des-minorites\/#breadcrumb","itemListElement":[{"@type":"ListItem","position":1,"name":"Home","item":"https:\/\/www.humanium.org\/fr\/"},{"@type":"ListItem","position":2,"name":"Enfants des minorit\u00e9s"}]},{"@type":"WebSite","@id":"https:\/\/www.humanium.org\/fr\/#website","url":"https:\/\/www.humanium.org\/fr\/","name":"Humanium","description":"Les enfants d\u2019abord !","potentialAction":[{"@type":"SearchAction","target":{"@type":"EntryPoint","urlTemplate":"https:\/\/www.humanium.org\/fr\/?s={search_term_string}"},"query-input":{"@type":"PropertyValueSpecification","valueRequired":true,"valueName":"search_term_string"}}],"inLanguage":"fr-FR"}]}},"_links":{"self":[{"href":"https:\/\/www.humanium.org\/fr\/wp-json\/wp\/v2\/pages\/11031","targetHints":{"allow":["GET"]}}],"collection":[{"href":"https:\/\/www.humanium.org\/fr\/wp-json\/wp\/v2\/pages"}],"about":[{"href":"https:\/\/www.humanium.org\/fr\/wp-json\/wp\/v2\/types\/page"}],"author":[{"embeddable":true,"href":"https:\/\/www.humanium.org\/fr\/wp-json\/wp\/v2\/users\/65"}],"replies":[{"embeddable":true,"href":"https:\/\/www.humanium.org\/fr\/wp-json\/wp\/v2\/comments?post=11031"}],"version-history":[{"count":13,"href":"https:\/\/www.humanium.org\/fr\/wp-json\/wp\/v2\/pages\/11031\/revisions"}],"predecessor-version":[{"id":60779,"href":"https:\/\/www.humanium.org\/fr\/wp-json\/wp\/v2\/pages\/11031\/revisions\/60779"}],"wp:featuredmedia":[{"embeddable":true,"href":"https:\/\/www.humanium.org\/fr\/wp-json\/wp\/v2\/media\/57073"}],"wp:attachment":[{"href":"https:\/\/www.humanium.org\/fr\/wp-json\/wp\/v2\/media?parent=11031"}],"curies":[{"name":"wp","href":"https:\/\/api.w.org\/{rel}","templated":true}]}}