{"id":11038,"date":"2011-11-06T18:00:09","date_gmt":"2011-11-06T18:00:09","guid":{"rendered":"http:\/\/www.humanium.org\/fr\/?page_id=11038"},"modified":"2025-12-10T02:43:14","modified_gmt":"2025-12-10T02:43:14","slug":"angola","status":"publish","type":"page","link":"https:\/\/www.humanium.org\/fr\/angola\/","title":{"rendered":"Enfants d&rsquo;Angola"},"content":{"rendered":"\n<h2 class=\"wp-block-heading\">Concr\u00e9tiser les droits de l&rsquo;enfant en Angola<\/h2>\n\n\n\n<div class=\"wp-block-columns is-layout-flex wp-container-core-columns-is-layout-8f761849 wp-block-columns-is-layout-flex\">\n<div class=\"wp-block-column is-layout-flow wp-block-column-is-layout-flow\"><div class=\"wp-block-image is-style-rounded\">\n<figure class=\"aligncenter size-full\"><img loading=\"lazy\" decoding=\"async\" width=\"200\" height=\"200\" src=\"https:\/\/www.humanium.org\/fr\/wp-content\/uploads\/2022\/04\/shutterstock_1659655060-1.jpg\" alt=\"\" class=\"wp-image-52100\" srcset=\"https:\/\/www.humanium.org\/fr\/wp-content\/uploads\/2022\/04\/shutterstock_1659655060-1.jpg 200w, https:\/\/www.humanium.org\/fr\/wp-content\/uploads\/2022\/04\/shutterstock_1659655060-1-150x150.jpg 150w\" sizes=\"auto, (max-width: 200px) 100vw, 200px\" \/><\/figure>\n<\/div><\/div>\n\n\n\n<div class=\"wp-block-column is-layout-flow wp-block-column-is-layout-flow\"><div class=\"wp-block-image is-style-rounded\">\n<figure class=\"aligncenter size-full\"><img loading=\"lazy\" decoding=\"async\" width=\"200\" height=\"200\" src=\"https:\/\/www.humanium.org\/fr\/wp-content\/uploads\/2022\/04\/shutterstock_1068052040-1.jpg\" alt=\"\" class=\"wp-image-52101\" srcset=\"https:\/\/www.humanium.org\/fr\/wp-content\/uploads\/2022\/04\/shutterstock_1068052040-1.jpg 200w, https:\/\/www.humanium.org\/fr\/wp-content\/uploads\/2022\/04\/shutterstock_1068052040-1-150x150.jpg 150w\" sizes=\"auto, (max-width: 200px) 100vw, 200px\" \/><\/figure>\n<\/div><\/div>\n<\/div>\n\n\n\n<p class=\"wp-block-paragraph\"><strong>L\u2019Angola est un pays qui se remet d\u2019une histoire r\u00e9cente <a href=\"https:\/\/www.humanium.org\/fr\/enfants-dans-la-guerre\/\">belliqueuse<\/a> qui a affect\u00e9 fortement son territoire, ses habitants (Kon\u00e9, 2018), son syst\u00e8me politique et, ainsi, le respect des droits des enfants. La guerre civile, qui a suivi la guerre d\u2019ind\u00e9pendance a pris fin en 2002, apr\u00e8s 27 ans de conflits (Perspective Monde, s.d.). Aujourd&rsquo;hui, le pays souffre des cons\u00e9quences de ces ann\u00e9es de conflits et d\u2019une gouvernance disparate&nbsp; (U.S Department of State, 2018) ce qui rend difficile le respect des <a href=\"https:\/\/www.humanium.org\/fr\/comprendre-droits-enfant\/\">droits des enfants<\/a>.&nbsp;<\/strong><\/p>\n\n\n\n<iframe src=\"https:\/\/www.google.com\/maps\/embed?pb=!1m18!1m12!1m3!1d16037799.943539703!2d8.735675685374!3d-11.077670984738434!2m3!1f0!2f0!3f0!3m2!1i1024!2i768!4f13.1!3m3!1m2!1s0x1a51f24ecaad8b27%3A0x590a289d0d4a4e3d!2sAngola!5e0!3m2!1sen!2sin!4v1651223752793!5m2!1sen!2sin\" width=\"600\" height=\"450\" style=\"border:0;\" allowfullscreen=\"\" loading=\"lazy\" referrerpolicy=\"no-referrer-when-downgrade\"><\/iframe>\n\n\n\n<div class=\"wp-block-columns is-layout-flex wp-container-core-columns-is-layout-8f761849 wp-block-columns-is-layout-flex\">\n<div class=\"wp-block-column is-layout-flow wp-block-column-is-layout-flow\">\n<p class=\"wp-block-paragraph\"><strong>Population :<\/strong> 32,86 millions&nbsp;<br><strong>Pop. de 0 \u00e0 14 ans :<\/strong> 46 %<\/p>\n<\/div>\n\n\n\n<div class=\"wp-block-column is-layout-flow wp-block-column-is-layout-flow\">\n<p class=\"wp-block-paragraph\"><strong>Esp\u00e9rance de vie :<\/strong> 61, 14 ans&nbsp;<br><strong>Mortalit\u00e9 des moins de 5 ans :<\/strong>&nbsp;74.7 \u2030<\/p>\n<\/div>\n<\/div>\n\n\n\n<h2 class=\"wp-block-heading\"><strong>L\u2019Angola en un coup d\u2019\u0153il<\/strong><\/h2>\n\n\n\n<p class=\"wp-block-paragraph\">L\u2019Angola est un pays \u00e0 fort potentiel, notamment en raison de son abondante richesse en ressources naturelles telles que le p\u00e9trole, l\u2019eau, les diamants et autres min\u00e9raux. Ce pays est le deuxi\u00e8me plus gros producteur de p\u00e9trole en <a href=\"https:\/\/www.humanium.org\/fr\/afrique\/\">Afrique sub-saharienne<\/a>. De plus, ses sols sont fertiles et il poss\u00e8de un capital humain \u00e9lev\u00e9, avec une population jeune (AFD, s.d.).&nbsp;<\/p>\n\n\n\n<p class=\"wp-block-paragraph\">Au niveau politique, l\u2019Angola a entam\u00e9 une transition de gouvernement en 2017, apr\u00e8s 38 ans sous le m\u00eame pr\u00e9sident. Depuis la fin de la guerre civile dans les ann\u00e9es 1990, le pays est rest\u00e9 relativement stable (U.S Department of State, 2018, p. 2) et s\u2019implique m\u00eame au niveau r\u00e9gional, notamment dans l\u2019Union africaine. Il aide \u00e0 maintenir la paix dans la r\u00e9gion gr\u00e2ce \u00e0 des op\u00e9rations de maintien de la paix (U.S Department of State, 2018, p. 2). <\/p>\n\n\n\n<p class=\"wp-block-paragraph\">Cependant, l\u2019Angola souffre encore aujourd\u2019hui de l\u2019h\u00e9ritage de la colonisation et de la <a href=\"https:\/\/www.humanium.org\/fr\/droit-a-la-protection\/\">guerre civile<\/a>. De plus, les politiques publiques n\u2019ont pas prioris\u00e9 l\u2019investissement de l\u2019argent des ressources p\u00e9troli\u00e8res dans les secteurs de la sant\u00e9, l\u2019<a href=\"https:\/\/www.humanium.org\/fr\/comprendre-droits-enfant\/droit-a-l-education\/\">\u00e9ducation<\/a> ou des services pour la population, secteurs qui auraient d\u00fb \u00eatre prioritaires. (U.S Department of State, 2018, p. 2).&nbsp;<\/p>\n\n\n\n<p class=\"wp-block-paragraph\">La corruption \u00e9tant un v\u00e9ritable fl\u00e9au et les champs de mines mena\u00e7ant les vies de 29 millions de personnes dans de nombreuses provinces, le d\u00e9veloppement \u00e9conomique est limit\u00e9 (U.S Department of State, 2018). Par exemple, les mines, en 2016, ont fait 44 victimes dont 30 enfants. Elles cr\u00e9ent un <a href=\"https:\/\/www.humanium.org\/fr\/comprendre-droits-enfant\/droit-a-la-vie\/\">environnement dangereux<\/a> pour les enfants, et plus particuli\u00e8rement dans les zones rurales (Comit\u00e9 des droits de l\u2019enfant, 2018, p. 6). Du point de vue de l\u2019indice de d\u00e9veloppement humain (IDH), qui tente de mesurer le niveau de d\u00e9veloppement des <a href=\"https:\/\/www.humanium.org\/fr\/enfants-monde\/\">pays<\/a>, l\u2019Angola se situe \u00e0 la 187\u00e8me place en 2018, sur 228 (Palmar\u00e8s \u2013 Indicateur de d\u00e9veloppement humain (IDH)).&nbsp;<\/p>\n\n\n\n<h2 class=\"wp-block-heading\"><strong>Status des droits des enfants<u><a href=\"#_ftn1\"><sup><strong><u><sup>[1]<\/sup><\/u><\/strong><\/sup><\/a><\/u><\/strong><\/h2>\n\n\n<div class=\"wp-block-image\">\n<figure class=\"alignleft size-large is-resized\"><img loading=\"lazy\" decoding=\"async\" width=\"1024\" height=\"678\" src=\"https:\/\/www.humanium.org\/fr\/wp-content\/uploads\/2022\/04\/shutterstock_757961353-1024x678.jpg\" alt=\"\" class=\"wp-image-52102\" style=\"width:402px;height:266px\" srcset=\"https:\/\/www.humanium.org\/fr\/wp-content\/uploads\/2022\/04\/shutterstock_757961353-1024x678.jpg 1024w, https:\/\/www.humanium.org\/fr\/wp-content\/uploads\/2022\/04\/shutterstock_757961353-300x199.jpg 300w, https:\/\/www.humanium.org\/fr\/wp-content\/uploads\/2022\/04\/shutterstock_757961353-768x509.jpg 768w, https:\/\/www.humanium.org\/fr\/wp-content\/uploads\/2022\/04\/shutterstock_757961353-1536x1018.jpg 1536w, https:\/\/www.humanium.org\/fr\/wp-content\/uploads\/2022\/04\/shutterstock_757961353-2048x1357.jpg 2048w, https:\/\/www.humanium.org\/fr\/wp-content\/uploads\/2022\/04\/shutterstock_757961353-830x550.jpg 830w, https:\/\/www.humanium.org\/fr\/wp-content\/uploads\/2022\/04\/shutterstock_757961353-230x152.jpg 230w, https:\/\/www.humanium.org\/fr\/wp-content\/uploads\/2022\/04\/shutterstock_757961353-350x232.jpg 350w, https:\/\/www.humanium.org\/fr\/wp-content\/uploads\/2022\/04\/shutterstock_757961353-480x318.jpg 480w\" sizes=\"auto, (max-width: 1024px) 100vw, 1024px\" \/><\/figure>\n<\/div>\n\n\n<p class=\"wp-block-paragraph\">Au niveau international et r\u00e9gional, l\u2019Angola est partie de la <a href=\"https:\/\/www.humanium.org\/fr\/texte-integral-convention-internationale-relative-droits-enfant-1989\/\">Convention relative aux droits de l\u2019enfant<\/a> depuis 1990. En 2005, cet \u00c9tat a ratifi\u00e9 <a href=\"https:\/\/www.humanium.org\/fr\/normes\/protocole-facultatif-cide-vente-prostitution-pornographie-enfants\/\">le Protocole facultatif \u00e0 la Convention relative aux droits de l\u2019enfant, concernant la vente d\u2019enfants, la prostitution des enfants et la pornographie mettant en sc\u00e8ne des enfants<\/a> et deux ans plus tard, en 2007, le <a href=\"https:\/\/www.humanium.org\/fr\/normes\/protocole-facultatif-cide-enfants-dans-conflits-armes\/\">Protocole facultatif \u00e0 la Convention relative aux droits de l\u2019enfant concernant l\u2019implication d\u2019enfants dans les conflits arm\u00e9s<\/a>. Cependant, il n\u2019a pas encore ratifi\u00e9 le <a href=\"https:\/\/www.humanium.org\/fr\/convention\/protocole-3\/\">Protocole facultatif \u00e0 la Convention des Droits de l\u2019enfant \u00e9tablissant une proc\u00e9dure de pr\u00e9sentation de communications<\/a>. <\/p>\n\n\n\n<p class=\"wp-block-paragraph\">Il a ratifi\u00e9 en 2001 la Convention (n\u00b0182) de l\u2019Organisation internationale du Travail (OIT) concernant l\u2019interdiction des pires formes de travail des enfants et de l\u2019action imm\u00e9diate en vue de leur \u00e9limination de 1999. En 2014, il a ratifi\u00e9 le Protocole additionnel \u00e0 la Convention des Nations Unies contre la criminalit\u00e9 transnationale organis\u00e9e visant \u00e0 pr\u00e9venir, r\u00e9primer et punir la <a href=\"https:\/\/www.humanium.org\/fr\/trafic-enfants\/\">traite<\/a> des personnes, en particulier des femmes et des enfants, de m\u00eame que la Convention relative aux droits des personnes handicap\u00e9es et au Protocole facultatif s\u2019y rapportant. \u00c0 noter que l\u2019Angola est partie \u00e0 la Charte africaine des droits et du bien-\u00eatre de l&rsquo;enfant depuis 1992.&nbsp;<\/p>\n\n\n\n<p class=\"wp-block-paragraph\">Au niveau du droit national, des efforts sont faits, reconnus par le Comit\u00e9 des droits de l\u2019enfant, qui encourage l\u2019\u00c9tat \u00e0 les continuer et \u00e0 les renforcer pour harmoniser le plus rapidement possible, <a href=\"https:\/\/www.humanium.org\/fr\/convention\/\">les lois nationales avec la Convention<\/a> (Comit\u00e9 des droits de l\u2019enfant, 2018, p. 2). Par exemple, il y a la Loi no 25\/12 sur la protection et le d\u00e9veloppement complet de l\u2019enfant ou la loi sur l\u2019enfance, ou encore le Plan d\u2019action national 2013-2020 intitul\u00e9 \u00ab L\u2019\u00e9ducation pour tous \u00bb. De plus, l\u2019\u00c9tat a mis en place un programme de protection sociale, appel\u00e9 <em>Cart\u00e3o Kikuia<\/em> afin d\u2019aider les familles vuln\u00e9rables vivant dans l\u2019extr\u00eame <a href=\"https:\/\/www.humanium.org\/fr\/pauvrete\/\">pauvret\u00e9<\/a> (Comit\u00e9 des droits de l\u2019enfant, 29, p. 5).&nbsp;<\/p>\n\n\n\n<p class=\"wp-block-paragraph\">Cependant, la crise \u00e9conomique, due \u00e0 la baisse du prix du baril de p\u00e9trole et aux impacts de la crise sanitaire de la pand\u00e9mie mondiale de Covid-19 (Dubost &amp; Lavaud, 2021&nbsp;; Maussion, 2021) fait que l\u2019\u00c9tat angolais a moins d\u2019argent \u00e0 investir dans les programmes sociaux pour am\u00e9liorer la situation des enfants et faire respecter <a href=\"https:\/\/www.humanium.org\/fr\/droits-enfant\/\">leurs droits<\/a>, ce qu\u2019il a peu fait dans le pass\u00e9. Les d\u00e9penses publiques ont fortement \u00e9t\u00e9 r\u00e9duites du fait de cette conjoncture \u00e9conomique (Comit\u00e9 des droits de l\u2019enfant, 2018, p. 3).&nbsp;<\/p>\n\n\n\n<p class=\"wp-block-paragraph\">Ainsi, il serait n\u00e9cessaire que \u00ab&nbsp;les profits tir\u00e9s de la croissance \u00e9conomique, en particulier les recettes provenant des secteurs du p\u00e9trole, du gaz et du diamant, soient employ\u00e9s [notamment] \u00e0 r\u00e9duire la pauvret\u00e9, en particulier chez les enfants&nbsp;\u00bb comme le soutient le Comit\u00e9 des droits de l\u2019enfant (Comit\u00e9 des droits de l\u2019enfant, 2018, p. 3). \u00c0 noter que la corruption est tr\u00e8s \u00e9lev\u00e9e dans ce pays, avec notamment beaucoup de blanchiment d\u2019argent dans le secteur public (Comit\u00e9 des droits de l\u2019homme, 2019, p. 3). Le manque de ressources est mentionn\u00e9 dans la plupart des rapports des comit\u00e9s de l\u2019ONU cit\u00e9s ci-apr\u00e8s.&nbsp;<\/p>\n\n\n\n<h2 class=\"wp-block-heading\"><strong>R\u00e9pondre aux besoins des enfants&nbsp;<\/strong><\/h2>\n\n\n\n<h3 class=\"wp-block-heading\"><strong>Droit \u00e0 l\u2019\u00e9ducation&nbsp;<\/strong><\/h3>\n\n\n\n<p class=\"wp-block-paragraph\">En ce qui concerne l&rsquo;<a href=\"https:\/\/www.humanium.org\/fr\/comprendre-droits-enfant\/droit-a-l-education\/\">\u00e9ducation<\/a>, des efforts sont faits par l\u2019Angola. Par exemple, les \u00e9l\u00e8ves fr\u00e9quentent davantage l\u2019\u00e9cole maternelle, primaire et secondaire. Le taux brut de scolarisation dans les \u00e9coles primaires et secondaires est pass\u00e9 de 13,19 % en 2014 \u00e0 97,5 % en 2016 (Comit\u00e9 des droits de l\u2019enfant, 2018, p. 13).<\/p>\n\n\n\n<p class=\"wp-block-paragraph\">Cependant, le secteur \u00e9ducatif angolais manque de ressources et a connu une baisse des allocations budg\u00e9taires (Comit\u00e9 pour l\u2019\u00e9limination de la discrimination \u00e0 l\u2019\u00e9gard des femmes, 2019, p. 11). Le Comit\u00e9 pour l\u2019\u00e9limination de la discrimination \u00e0 l\u2019\u00e9gard des femmes a tir\u00e9 la sonnette d\u2019alarme&nbsp;en \u00e9voquant \u00ab&nbsp;les p\u00e9nuries d\u2019enseignants qualifi\u00e9s, la m\u00e9diocrit\u00e9 des environnements d\u2019apprentissage, et l\u2019interruption de la construction de nouvelles \u00e9coles, qui oblige les filles \u00e0 parcourir de longues distances \u00e0 pied pour aller \u00e0 l\u2019\u00e9cole et les prive d\u2019installations sanitaires appropri\u00e9es&nbsp;\u00bb (Comit\u00e9 pour l\u2019\u00e9limination de la discrimination \u00e0 l\u2019\u00e9gard des femmes, 2019, p. 11).&nbsp;<\/p>\n\n\n\n<p class=\"wp-block-paragraph\">Par ailleurs, les programmes \u00e9ducatifs sont jug\u00e9s patriarcaux, et regorgent de <a href=\"https:\/\/www.humanium.org\/fr\/droits-des-filles\/\">st\u00e9r\u00e9otypes sexistes<\/a> \u00e0 l&rsquo;\u00e9gard des filles et des femmes&nbsp; (Comit\u00e9 pour l\u2019\u00e9limination de la discrimination \u00e0 l\u2019\u00e9gard des femmes, 2019, p. 11). Les filles sont sous-repr\u00e9sent\u00e9es dans les domaines traditionnellement masculins tels que l\u2019enseignement technique et professionnel (Comit\u00e9 pour l\u2019\u00e9limination de la discrimination \u00e0 l\u2019\u00e9gard des femmes, 2019, p. 11).&nbsp;<\/p>\n\n\n\n<p class=\"wp-block-paragraph\">Il faut toutefois noter l\u2019adoption de la loi organique n\u00b017\/16 concernant l\u2019\u00e9ducation et le syst\u00e8me d\u2019enseignement qui met en place l\u2019extension progressive de l\u2019\u00e9ducation obligatoire et gratuite jusqu\u2019au premier cycle de l\u2019enseignement secondaire, g\u00e9n\u00e9ralement pour les enfants \u00e2g\u00e9s de 12 \u00e0 14 ans (Comit\u00e9 des droits de l\u2019enfant, 29, p. 5) et la mise en place du Plan d\u2019action national 2013-2020 pour \u00ab&nbsp;L\u2019\u00e9ducation pour tous&nbsp;\u00bb (Comit\u00e9 des droits de l\u2019enfant, 29, p. 5). Cependant, des obstacles subsistent, comme la pratique de verser des pots-de-vin aux fonctionnaires par les parents pour garantir une place dans les \u00e9coles pour leurs enfants (Comit\u00e9 des droits de l\u2019enfant, 2018, p. 13).<\/p>\n\n\n\n<h3 class=\"wp-block-heading\"><strong>Droit \u00e0 la protection<\/strong><\/h3>\n\n\n\n<p class=\"wp-block-paragraph\">La <a href=\"https:\/\/www.humanium.org\/fr\/droit-a-la-protection\/\">violence<\/a> reste un recours bien ancr\u00e9 : les ch\u00e2timents corporels sont tol\u00e9r\u00e9s dans certains contextes (Comit\u00e9 des droits de l\u2019homme, 2019, p. 12). Par ailleurs, les enfants accus\u00e9s de sorcellerie, particuli\u00e8rement les filles, sont victimes de mauvais traitements (Comit\u00e9 des droits de l\u2019homme, 2019, p. 12). La violence des enseignants est \u00e9galement fr\u00e9quente (Comit\u00e9 des droits de l\u2019enfant, 2018, p. 7).<\/p>\n\n\n\n<p class=\"wp-block-paragraph\">En 2013, le Plan ex\u00e9cutif de lutte contre la <a href=\"https:\/\/www.humanium.org\/fr\/la-maltraitance-des-enfants\/\">violence domestique<\/a> a \u00e9t\u00e9 mis en \u0153uvre, soutenu par un Conseil multisectoriel cr\u00e9\u00e9 pour l\u2019appliquer (Comit\u00e9 des droits de l\u2019homme, 2019, p. 2). Cependant, beaucoup de violences existent envers les femmes et les filles, et il est tr\u00e8s difficile pour l\u2019\u00c9tat de les interdire totalement (Comit\u00e9 pour l\u2019\u00e9limination de la discrimination \u00e0 l\u2019\u00e9gard des femmes, 2019, p. 8). Des efforts sont \u00e0 noter comme l\u2019adoption de la r\u00e9solution 28\/16 condamnant toutes les formes de violence \u00e0 l\u2019\u00e9gard des enfants&nbsp;; en particulier les violences sexuelles, les abus, la traite et l\u2019exploitation (Comit\u00e9 des droits de l\u2019enfant, 29, p. 5).&nbsp;<\/p>\n\n\n\n<p class=\"wp-block-paragraph\">De plus, du fait de la stigmatisation, beaucoup de ces actes ne sont pas d\u00e9clar\u00e9s, par crainte de repr\u00e9sailles et par manque de confiance dans les forces de l\u2019ordre (Comit\u00e9 des droits de l\u2019homme, 2019, p. 4). Les victimes sont \u00e9galement stigmatis\u00e9es par le corps m\u00e9dical (Comit\u00e9 pour l\u2019\u00e9limination de la discrimination \u00e0 l\u2019\u00e9gard des femmes, 2019, p. 8). Par ailleurs, les femmes et les filles connaissent peu les recours possibles pour fuir la <a href=\"https:\/\/www.humanium.org\/fr\/la-maltraitance-des-enfants\/\">violence familiale<\/a> qui sont peu nombreux (Comit\u00e9 des droits de l\u2019homme, 2019, p. 4).<\/p>\n\n\n\n<h3 class=\"wp-block-heading\"><strong>Droit \u00e0 la sant\u00e9&nbsp;<\/strong><\/h3>\n\n\n\n<p class=\"wp-block-paragraph\">Le Comit\u00e9 des droits de l\u2019enfant a mis en priorit\u00e9 le respect du droit de l\u2019enfant de jouir du meilleur \u00e9tat de sant\u00e9 possible, et la lutte contre la morbidit\u00e9 et la mortalit\u00e9 infantiles dans ses recommandations pour l\u2019Angola (Comit\u00e9 des droits de l\u2019enfant, 2018, p. 2). L\u2019Angola est dot\u00e9 d\u2019un plan national de d\u00e9veloppement sanitaire entre 2012 et 2025 dont l\u2019un des objectifs est de r\u00e9duire la morbidit\u00e9 et la <a href=\"https:\/\/www.humanium.org\/fr\/mortalite-infantile\/\">mortalit\u00e9 chez les m\u00e8res, les enfants et les jeunes enfant<\/a>s (Comit\u00e9 des droits de l\u2019enfant, 2018, p. 1). En parall\u00e8le, une nutrition ad\u00e9quate est un v\u00e9ritable d\u00e9fi pour la population angolaise, notamment celle vivant dans les zones rurales, o\u00f9 de la proportion d\u2019enfants de moins de 5 ans souffrant d\u2019un retard de croissance est actuellement \u00e9lev\u00e9e (Comit\u00e9 des droits de l\u2019enfant, 2018, p. 2).&nbsp;<\/p>\n\n\n<div class=\"wp-block-image\">\n<figure class=\"alignright size-large is-resized\"><img loading=\"lazy\" decoding=\"async\" width=\"1024\" height=\"576\" src=\"https:\/\/www.humanium.org\/fr\/wp-content\/uploads\/2022\/04\/shutterstock_757962115-1024x576.jpg\" alt=\"\" class=\"wp-image-52103\" style=\"width:421px;height:237px\" srcset=\"https:\/\/www.humanium.org\/fr\/wp-content\/uploads\/2022\/04\/shutterstock_757962115-1024x576.jpg 1024w, https:\/\/www.humanium.org\/fr\/wp-content\/uploads\/2022\/04\/shutterstock_757962115-300x169.jpg 300w, https:\/\/www.humanium.org\/fr\/wp-content\/uploads\/2022\/04\/shutterstock_757962115-768x432.jpg 768w, https:\/\/www.humanium.org\/fr\/wp-content\/uploads\/2022\/04\/shutterstock_757962115-1536x864.jpg 1536w, https:\/\/www.humanium.org\/fr\/wp-content\/uploads\/2022\/04\/shutterstock_757962115-2048x1152.jpg 2048w, https:\/\/www.humanium.org\/fr\/wp-content\/uploads\/2022\/04\/shutterstock_757962115-830x467.jpg 830w, https:\/\/www.humanium.org\/fr\/wp-content\/uploads\/2022\/04\/shutterstock_757962115-230x129.jpg 230w, https:\/\/www.humanium.org\/fr\/wp-content\/uploads\/2022\/04\/shutterstock_757962115-350x197.jpg 350w, https:\/\/www.humanium.org\/fr\/wp-content\/uploads\/2022\/04\/shutterstock_757962115-480x270.jpg 480w\" sizes=\"auto, (max-width: 1024px) 100vw, 1024px\" \/><\/figure>\n<\/div>\n\n\n<p class=\"wp-block-paragraph\">La <a href=\"https:\/\/www.humanium.org\/fr\/comprendre-droits-enfant\/droit-a-l-alimentation\/\">d\u00e9nutrition<\/a> est d\u2019ailleurs \u00ab&nbsp;end\u00e9mique&nbsp;\u00bb dans ce pays (Comit\u00e9 des droits de l\u2019enfant, 2018, p. 12), avec la d\u00e9nutrition chronique (retard de croissance) passant de 29 % en 2007 \u00e0 38 % en 2015-2016 chez les enfants de moins de 5 ans. La d\u00e9nutrition est d\u2019ailleurs responsable de 45% des d\u00e9c\u00e8s d\u2019enfants (Comit\u00e9 des droits de l\u2019enfant, 2018, p. 12). <a href=\"https:\/\/www.humanium.org\/fr\/comprendre-droits-enfant\/droit-a-l-eau\/\">L\u2019acc\u00e8s \u00e0 l\u2019eau et \u00e0 l\u2019assainissement<\/a> est \u00e9galement tr\u00e8s faible (Comit\u00e9 des droits de l\u2019enfant, 2018, p. 12). Le sud de l\u2019Angola souffre de famine, du fait d&rsquo;une grave s\u00e9cheresse, intensifi\u00e9e par le <a href=\"https:\/\/www.humanium.org\/fr\/focus\/environnement\/urgence-climatique\/\">changement climatique<\/a> (Nyembo SJ, 2021).<\/p>\n\n\n\n<p class=\"wp-block-paragraph\">La <a href=\"https:\/\/www.humanium.org\/fr\/sexualite-des-adolescents\/\">sant\u00e9 sexuelle<\/a> est un v\u00e9ritable d\u00e9fi pour l\u2019Angola, avec un taux \u00e9lev\u00e9 de grossesse chez les adolescentes angolaises. Cela vient notamment du fait que les services de sant\u00e9 sexuelle et procr\u00e9ative sont peu accessibles notamment \u00e0 la contraception (Comit\u00e9 des droits de l\u2019homme, 2019, p. 5&nbsp;; Comit\u00e9 pour l\u2019\u00e9limination de la discrimination \u00e0 l\u2019\u00e9gard des femmes, 2019, p. 13).<\/p>\n\n\n\n<h3 class=\"wp-block-heading\"><strong>Droit \u00e0 l\u2019identit\u00e9&nbsp;<\/strong><\/h3>\n\n\n\n<p class=\"wp-block-paragraph\">L\u2019<a href=\"https:\/\/www.humanium.org\/fr\/comprendre-droits-enfant\/droit-a-l-identite\/\">identit\u00e9<\/a> est tr\u00e8s importante pour faciliter l\u2019enregistrement des naissances (Comit\u00e9 des droits de l\u2019homme, 2019, p. 12) avec par exemple, la suppression des frais d\u2019enregistrement pour la premi\u00e8re demande d\u2019enregistrement les enfants, afin qu\u2019ils ne deviennent pas <a href=\"https:\/\/www.humanium.org\/fr\/enfants-sans-identite\/\">apatrides<\/a>. Un enfant sans acte de naissance et sans enregistrement n\u2019a aucune justification le rattachant \u00e0 son pays et \u00e0 sa protection. <\/p>\n\n\n\n<p class=\"wp-block-paragraph\">Des efforts sont faits par l\u2019Angola, avec notamment la gratuit\u00e9 des d\u00e9marches (Comit\u00e9 des droits de l\u2019enfant, 2018, p. 7). Au-del\u00e0 des enfants angolais, l\u2019Angola est un pays qui accueille des migrants et des demandeurs d\u2019asile. Des efforts sont faits pour <a href=\"https:\/\/www.humanium.org\/fr\/enfants-sans-identite\/\">enregistrer les enfants<\/a> n\u00e9s de parents r\u00e9fugi\u00e9s congolais. (Comit\u00e9 des droits de l\u2019homme, 2019, p. 10).<\/p>\n\n\n\n<p class=\"wp-block-paragraph\">Cependant, le taux d\u2019enregistrement est toujours tr\u00e8s faible, et particuli\u00e8rement dans les zones rurales. (Comit\u00e9 des droits de l\u2019homme, 2019, p. 12). Le fait que les deux parents doivent \u00eatre pr\u00e9sents pour enregistrer une naissance constitue un v\u00e9ritable obstacle \u00e0 ce processus. (Comit\u00e9 pour l\u2019\u00e9limination de la discrimination \u00e0 l\u2019\u00e9gard des femmes, 2019, p. 11). <\/p>\n\n\n\n<p class=\"wp-block-paragraph\">Cela peut poser des probl\u00e8mes pour d\u00e9terminer l\u2019\u00e2ges des enfants (Comit\u00e9 des droits de l\u2019enfant, 29, p. 5). Comme l\u2019obligation l\u00e9gale que chaque enfant ait une carte d\u2019identit\u00e9 avant leur dix ans n\u2019est pas toujours respect\u00e9e, cela facilite <a href=\"https:\/\/www.humanium.org\/fr\/enfant-soldat\/\">l\u2019enr\u00f4lement des jeunes dans les forces arm\u00e9es<\/a> (Comit\u00e9 des droits de l\u2019enfant, 2018, p. 4), surtout qu&rsquo;en cas de doute sur l\u2019\u00e2ge d\u2019un enfant, deux t\u00e9moins suffisent pour <a href=\"https:\/\/www.humanium.org\/fr\/evaluation-de-lage-des-enfants-migrants\/\">d\u00e9terminer l\u2019\u00e2ge<\/a> (Comit\u00e9 des droits de l\u2019enfant, 2018, p. 4) p4), sauf dans la province de Luanda o\u00f9 des tests psychologiques sont effectu\u00e9s.&nbsp;<\/p>\n\n\n\n<h2 class=\"wp-block-heading\"><strong>Facteurs de risques \u2192 D\u00e9fis sp\u00e9cifiques au pays&nbsp;<\/strong><\/h2>\n\n\n\n<h3 class=\"wp-block-heading\"><strong>La traite des enfants&nbsp;<\/strong><\/h3>\n\n\n\n<p class=\"wp-block-paragraph\">L\u2019Angola essaye de s\u2019armer contre le fl\u00e9au de la <a href=\"https:\/\/www.humanium.org\/fr\/trafic-enfants\/\">traite humaine<\/a> avec notamment la Loi no 3\/14 sur les infractions li\u00e9e au blanchiment d\u2019argent et la traite des \u00eatres humains gr\u00e2ce \u00e0 laquelle toutes les formes de traite, incluant celles li\u00e9es aux <a href=\"https:\/\/www.humanium.org\/fr\/exploitation-sexuelle-enfants\/\">exploitations<\/a> des enfants \u00e0 des fins sexuelle et de prostitution deviennent des infractions (Comit\u00e9 des droits de l\u2019enfant, 29, p. 7). En 2014, le gouvernement a mis en place la Commission intersectorielle contre la traite des \u00eatres humains (Comit\u00e9 des droits de l\u2019homme, 2019, p. 1&nbsp;; Comit\u00e9 pour l\u2019\u00e9limination de la discrimination \u00e0 l\u2019\u00e9gard des femmes, 2019, p. 9).<\/p>\n\n\n\n<p class=\"wp-block-paragraph\">Cependant, malgr\u00e9 des efforts, on ne peut nier les rapports d\u00e9montrant une complicit\u00e9 des forces de l\u2019ordre dans la traite et l\u2019exploitation de la prostitution (Comit\u00e9 pour l\u2019\u00e9limination de la discrimination \u00e0 l\u2019\u00e9gard des femmes, 2019, p. 9). Des filles originaires du <a href=\"https:\/\/www.humanium.org\/fr\/bresil\/\">Br\u00e9sil<\/a>, de la <a href=\"https:\/\/www.humanium.org\/fr\/chine\/\">Chine<\/a>, de la <a href=\"https:\/\/www.humanium.org\/fr\/republique-democratique-du-congo\/\">R\u00e9publique d\u00e9mocratique Congo<\/a> et du <a href=\"https:\/\/www.humanium.org\/fr\/vietnam\/\">Viet Nam<\/a> \u00e2g\u00e9es d&rsquo;\u00e0 peine 12 ans sont envoy\u00e9es en Angola, ou transitent par ce pays \u00e0 des fins d&rsquo;exploitation sexuelle et des activit\u00e9s criminelles (Comit\u00e9 pour l\u2019\u00e9limination de la discrimination \u00e0 l\u2019\u00e9gard des femmes, 2019, p. 9). Des enfants en situation d\u2019irr\u00e9gularit\u00e9 venant de la <a href=\"https:\/\/www.humanium.org\/fr\/republique-democratique-du-congo\/\">R\u00e9publique d\u00e9mocratique du Congo<\/a> sont <a href=\"https:\/\/www.humanium.org\/fr\/prostitution-infantile\/\">exploit\u00e9s sexuellement<\/a> ou doivent effectu\u00e9es des <a href=\"https:\/\/www.humanium.org\/fr\/travail-des-enfants\/\">travaux forc\u00e9s<\/a> comme l\u2019extraction de diamants ou travailler dans des \u00e9levages de b\u00e9tail (Comit\u00e9 des droits de l\u2019enfant, 29, p. 5).&nbsp;<\/p>\n\n\n\n<p class=\"wp-block-paragraph\">Il n&rsquo;existe \u00e0 ce jour aucun programme de pr\u00e9vention&nbsp; efficace pour faire face \u00e0 ce fl\u00e9au (Comit\u00e9 des droits de l\u2019enfant, 29, p. 5) et aucun syst\u00e8me r\u00e9el d\u2019aide aux victimes de la traite des personnes (Comit\u00e9 pour l\u2019\u00e9limination de la discrimination \u00e0 l\u2019\u00e9gard des femmes, 2019, p. 9). Les centres d\u2019accueil et de services juridiques, m\u00e9dicaux et psychologies manquent cruellement de ressources humaines, techniques et financi\u00e8res pour prot\u00e9ger les enfants victimes de la traite (Comit\u00e9 pour l\u2019\u00e9limination de la discrimination \u00e0 l\u2019\u00e9gard des femmes, 2019, p. 9). Par ailleurs, des cas de violences sexuelles \u00e0 l\u2019encontre de filles demandeuses d\u2019asile en situation irr\u00e9guli\u00e8re par les forces de police ont \u00e9t\u00e9 mentionn\u00e9s au Comit\u00e9 pour l\u2019\u00e9limination de la discrimination \u00e0 l\u2019\u00e9gard des femmes (Comit\u00e9 pour l\u2019\u00e9limination de la discrimination \u00e0 l\u2019\u00e9gard des femmes, 2019, p. 15).<\/p>\n\n\n\n<p class=\"wp-block-paragraph\">De mani\u00e8re plus globale, il n\u2019existe pas de donn\u00e9es sur les cas de ventes, de <a href=\"https:\/\/www.humanium.org\/fr\/prostitution-infantile\/\">prostitution<\/a>, de pornographie mettant en sc\u00e8ne des enfants et de trait\u00e9s d\u2019enfants, alors qu\u2019en mars 2018, par exemple, 5 enqu\u00eates ont \u00e9t\u00e9 ouvertes pour vente d\u2019enfants (Comit\u00e9 des droits de l\u2019enfant, 29, p. 2). Il n\u2019existe pas de base de donn\u00e9es r\u00e9pertoriant les auteurs d\u2019infractions li\u00e9es \u00e0 des enfants, du fait notamment de la complicit\u00e9 de la police nationale qui refuse de communiquer des donn\u00e9es \u00e0 la Commission interminist\u00e9rielle de lutte contre la traite des \u00eatres humains (Comit\u00e9 des droits de l\u2019enfant, 29, p. 2). Ainsi, il existe toujours un manque de clart\u00e9 concernant ces violations li\u00e9es aux droits des enfants et \u00e0 leur protection.&nbsp;<\/p>\n\n\n\n<h3 class=\"wp-block-heading\"><strong>Le travail des mineurs et l\u2019exploitation sexuelle&nbsp;<\/strong><\/h3>\n\n\n<div class=\"wp-block-image\">\n<figure class=\"alignleft size-large is-resized\"><img loading=\"lazy\" decoding=\"async\" width=\"1024\" height=\"681\" src=\"https:\/\/www.humanium.org\/fr\/wp-content\/uploads\/2022\/04\/shutterstock_1036443874-1024x681.jpg\" alt=\"\" class=\"wp-image-52104\" style=\"width:372px;height:246px\" srcset=\"https:\/\/www.humanium.org\/fr\/wp-content\/uploads\/2022\/04\/shutterstock_1036443874-1024x681.jpg 1024w, https:\/\/www.humanium.org\/fr\/wp-content\/uploads\/2022\/04\/shutterstock_1036443874-300x199.jpg 300w, https:\/\/www.humanium.org\/fr\/wp-content\/uploads\/2022\/04\/shutterstock_1036443874-768x511.jpg 768w, https:\/\/www.humanium.org\/fr\/wp-content\/uploads\/2022\/04\/shutterstock_1036443874-1536x1021.jpg 1536w, https:\/\/www.humanium.org\/fr\/wp-content\/uploads\/2022\/04\/shutterstock_1036443874-2048x1362.jpg 2048w, https:\/\/www.humanium.org\/fr\/wp-content\/uploads\/2022\/04\/shutterstock_1036443874-830x552.jpg 830w, https:\/\/www.humanium.org\/fr\/wp-content\/uploads\/2022\/04\/shutterstock_1036443874-230x153.jpg 230w, https:\/\/www.humanium.org\/fr\/wp-content\/uploads\/2022\/04\/shutterstock_1036443874-350x233.jpg 350w, https:\/\/www.humanium.org\/fr\/wp-content\/uploads\/2022\/04\/shutterstock_1036443874-480x319.jpg 480w, https:\/\/www.humanium.org\/fr\/wp-content\/uploads\/2022\/04\/shutterstock_1036443874-272x182.jpg 272w\" sizes=\"auto, (max-width: 1024px) 100vw, 1024px\" \/><\/figure>\n<\/div>\n\n\n<p class=\"wp-block-paragraph\">Au-del\u00e0 de la traite des enfants que peut mener l\u2019extr\u00eame <a href=\"https:\/\/www.humanium.org\/fr\/enfants-pauvres\/\">pauvret\u00e9<\/a>, particuli\u00e8rement pr\u00e9sente en Angola, c\u2019est \u00e9galement un facteur menant au <a href=\"https:\/\/www.humanium.org\/fr\/travail-des-enfants\/\">travail<\/a> des enfants (Comit\u00e9 des droits de l\u2019enfant, 29, p. 5).&nbsp; Le travail forc\u00e9 est un v\u00e9ritable fl\u00e9au en Angola (Comit\u00e9 des droits de l\u2019enfant, 2018, p. 14), surtout dans l\u2019\u00e9conomie informelle (E\/C.12\/AGO\/CO\/4-5 p7).&nbsp; Peu d\u2019efforts sont entrepris pour lutter contre le travail des enfants, notamment dans les mines (Comit\u00e9 des droits de l\u2019homme, 2019, p. 8). Les enfants sont ainsi victimes de travail forc\u00e9 et\/ou dangereux, notamment dans les secteurs du travail domestique, des mines, de la construction et de l\u2019agriculture (Comit\u00e9 des droits de l\u2019enfant, 29, p. 5). &nbsp;<\/p>\n\n\n\n<p class=\"wp-block-paragraph\">L\u2019<a href=\"https:\/\/www.humanium.org\/fr\/exploitation-sexuelle-enfants\/\">exploitation sexuelle<\/a> est un v\u00e9ritable d\u00e9fi en Angola. Le tourisme sexuel est tr\u00e8s r\u00e9pandu malgr\u00e9 l\u2019adoption en 2010 du Code de conduite pour la protection des enfants contre l\u2019exploitation sexuelle dans le tourisme et l\u2019industrie des voyages (Comit\u00e9 des droits de l\u2019enfant, 29, p. 6). En outre, il n\u2019existe aucun <a href=\"https:\/\/www.humanium.org\/fr\/droit-a-la-protection\/\">cadre juridique<\/a> ou m\u00eame des campagnes d\u2019information pour prot\u00e9ger les enfants d\u2019exploitation sexuelle et de violences sexuelles en ligne (Comit\u00e9 des droits de l\u2019enfant, 29, p. 6).&nbsp;<\/p>\n\n\n\n<h3 class=\"wp-block-heading\"><strong>Les discriminations&nbsp;<\/strong><\/h3>\n\n\n\n<p class=\"wp-block-paragraph\">En ce qui concerne la discrimination, des efforts sont effectu\u00e9s par l\u2019Angola. Par exemple, le nouveau Code p\u00e9nal, datant de 2019, incrimine les actes de <a href=\"https:\/\/www.humanium.org\/fr\/la-maltraitance-des-enfants\/\">discriminations<\/a> li\u00e9s \u00e0 l\u2019orientation sexuelle (Comit\u00e9 des droits de l\u2019homme, 2019, p. 1). La discrimination de genre est \u00e9galement prise en compte avec l\u2019adoption de diff\u00e9rentes politiques et notamment la Politique nationale en faveur de l\u2019\u00e9galit\u00e9 des sexes en d\u00e9cembre 2013 (Comit\u00e9 des droits de l\u2019homme, 2019, p. 1) et la mise en place de forums de discussion sur l\u2019\u00e9galit\u00e9 des sexes au sein des communaut\u00e9s dont les autorit\u00e9s traditionnelles, les <em>sobas<\/em>,sont parties prenantes (Comit\u00e9 pour l\u2019\u00e9limination de la discrimination \u00e0 l\u2019\u00e9gard des femmes, 2019, p. 7).&nbsp;<\/p>\n\n\n<div class=\"wp-block-image\">\n<figure class=\"alignright size-large is-resized\"><img loading=\"lazy\" decoding=\"async\" width=\"1024\" height=\"683\" src=\"https:\/\/www.humanium.org\/fr\/wp-content\/uploads\/2022\/04\/shutterstock_1303894585-1024x683.jpg\" alt=\"\" class=\"wp-image-52105\" style=\"width:410px;height:274px\" srcset=\"https:\/\/www.humanium.org\/fr\/wp-content\/uploads\/2022\/04\/shutterstock_1303894585-1024x683.jpg 1024w, https:\/\/www.humanium.org\/fr\/wp-content\/uploads\/2022\/04\/shutterstock_1303894585-300x200.jpg 300w, https:\/\/www.humanium.org\/fr\/wp-content\/uploads\/2022\/04\/shutterstock_1303894585-768x512.jpg 768w, https:\/\/www.humanium.org\/fr\/wp-content\/uploads\/2022\/04\/shutterstock_1303894585-1536x1024.jpg 1536w, https:\/\/www.humanium.org\/fr\/wp-content\/uploads\/2022\/04\/shutterstock_1303894585-2048x1365.jpg 2048w, https:\/\/www.humanium.org\/fr\/wp-content\/uploads\/2022\/04\/shutterstock_1303894585-830x553.jpg 830w, https:\/\/www.humanium.org\/fr\/wp-content\/uploads\/2022\/04\/shutterstock_1303894585-230x153.jpg 230w, https:\/\/www.humanium.org\/fr\/wp-content\/uploads\/2022\/04\/shutterstock_1303894585-350x233.jpg 350w, https:\/\/www.humanium.org\/fr\/wp-content\/uploads\/2022\/04\/shutterstock_1303894585-480x320.jpg 480w, https:\/\/www.humanium.org\/fr\/wp-content\/uploads\/2022\/04\/shutterstock_1303894585-272x182.jpg 272w\" sizes=\"auto, (max-width: 1024px) 100vw, 1024px\" \/><\/figure>\n<\/div>\n\n\n<p class=\"wp-block-paragraph\">Cependant les <a href=\"https:\/\/www.humanium.org\/fr\/droits-des-filles\/\">normes patriarcales<\/a> qui r\u00e9gissent la soci\u00e9t\u00e9 sont encore profond\u00e9ment ancr\u00e9es, avec des <a href=\"https:\/\/www.humanium.org\/fr\/mariage-enfants\/\">mariages<\/a> pr\u00e9coces et\/ou forc\u00e9s, la dot, la polygamie, le l\u00e9virat, les mutilations g\u00e9nitales f\u00e9minines et l\u2019exclusion sociale des femmes et des filles accus\u00e9es de pratiquer la sorcellerie (Comit\u00e9 des droits de l\u2019homme, 2019, p. 5&nbsp;; Comit\u00e9 pour l\u2019\u00e9limination de la discrimination \u00e0 l\u2019\u00e9gard des femmes, 2019, p. 7). \u00c0 noter que gr\u00e2ce \u00e0 la r\u00e9forme du Code p\u00e9nal en 2019, les <a href=\"https:\/\/www.humanium.org\/fr\/mutilations-genitales\/\">mutilations g\u00e9nitales<\/a> sont d\u00e9sormais consid\u00e9r\u00e9es comme des infractions (Comit\u00e9 des droits de l\u2019homme, 2019, p. 5).<\/p>\n\n\n\n<p class=\"wp-block-paragraph\">Par ailleurs, les discriminations crois\u00e9es sont rarement prises en compte. Par exemple, les filles, habitant en campagne, les personnes <a href=\"https:\/\/www.humanium.org\/fr\/enfants-handicapes\/\">handicap\u00e9es<\/a>, les personnes atteintes d\u2019albinisme, les personnes s\u00e9ropositives&nbsp;ou encore les personnes issues de la communaut\u00e9 <a href=\"https:\/\/www.humanium.org\/fr\/discriminations\/enfants-lgbtq\/\">LGBTQQIP2SAA<\/a> sont victimes de graves discriminations, qui ont des r\u00e9percussions n\u00e9gatives&nbsp; sur leurs droits et sur leur acc\u00e8s aux services tels que ceux de sant\u00e9, de l\u2019<a href=\"https:\/\/www.humanium.org\/fr\/comprendre-droits-enfant\/droit-a-l-education\/\">\u00e9ducation<\/a> et de la justice (Comit\u00e9 pour l\u2019\u00e9limination de la discrimination \u00e0 l\u2019\u00e9gard des femmes, 2019, p. 14).<\/p>\n\n\n\n<h3 class=\"wp-block-heading\"><strong>Les mariages d\u2019enfants&nbsp;<\/strong><\/h3>\n\n\n\n<p class=\"wp-block-paragraph\">L\u2019article 24 du Code de la famille permet des unions pour des jeunes \u00e0 partir de 16 ans pour les gar\u00e7ons et de 15 ans pour les filles (Comit\u00e9 des droits de l\u2019homme, 2019, p. 5&nbsp;; Comit\u00e9 pour l\u2019\u00e9limination de la discrimination \u00e0 l\u2019\u00e9gard des femmes, 2019, p. 7). Il y a une r\u00e9elle impunit\u00e9 pour des <a href=\"https:\/\/www.humanium.org\/fr\/mariage-enfants\/\">mariages forc\u00e9s&nbsp;<\/a>: aucune enqu\u00eate, poursuite ou sanction sont connues \u00e0 ce jour (Comit\u00e9 des droits de l\u2019homme, 2019, p. 5). Cela vient notamment du fait qu\u2019il existe tr\u00e8s peu d\u2019information sur ce type de pratique, de m\u00eame que sur les mariages polygames et les unions de l\u00e9virat qui, eux, sont r\u00e9gis par le droit coutumier (Comit\u00e9 des droits de l\u2019homme, 2019, p. 5&nbsp;; Comit\u00e9 pour l\u2019\u00e9limination de la discrimination \u00e0 l\u2019\u00e9gard des femmes, 2019, p. 7).<\/p>\n\n\n\n<p class=\"wp-block-paragraph\"><em><strong>\u00c9crit par Juliette Bail<\/strong><\/em><\/p>\n\n\n\n<p class=\"wp-block-paragraph\"><em><strong>Derni\u00e8re mise \u00e0 jour le 29 novembre 2021<\/strong><\/em><\/p>\n\n\n\n<h4 class=\"wp-block-heading\">Travaux cit\u00e9s<\/h4>\n\n\n\n<p class=\"has-small-font-size wp-block-paragraph\">AFD. (s.d.). <em>Angola<\/em>. R\u00e9cup\u00e9r\u00e9 sur Agence fran\u00e7aise du d\u00e9veloppement: <a href=\"https:\/\/www.afd.fr\/fr\/page-region-pays\/angola\" target=\"_blank\" rel=\"noreferrer noopener\">https:\/\/www.afd.fr\/fr\/page-region-pays\/angola<\/a>, acc\u00e9d\u00e9 le 28 novembre 2021.&nbsp;<\/p>\n\n\n\n<p class=\"has-small-font-size wp-block-paragraph\">Comit\u00e9 des droits de l\u2019enfant. (2018, juin 27). <em>Observations finales concernant le rapport de l\u2019Angolavalantcinqui\u00e8me \u00e0 septi\u00e8me rapports p\u00e9riodiques. <\/em>R\u00e9cup\u00e9r\u00e9 sur Nations Unies &#8211; Convention relative aux droits de l\u2019enfant: <a href=\"https:\/\/tbinternet.ohchr.org\/_layouts\/15\/treatybodyexternal\/Download.aspx?symbolno=CRC\/C\/AGO\/CO\/5-7&amp;Lang=En\" target=\"_blank\" rel=\"noreferrer noopener\">https:\/\/tbinternet.ohchr.org\/_layouts\/15\/treatybodyexternal\/Download.aspx?symbolno=CRC\/C\/AGO\/CO\/5-7&amp;Lang=En<\/a>, acc\u00e9d\u00e9 le 28 novembre 2021.&nbsp;<\/p>\n\n\n\n<p class=\"has-small-font-size wp-block-paragraph\">Comit\u00e9 des droits de l\u2019enfant. (2018, juin 29). <em>Observations finales concernant le rapport soumis par l\u2019Angolaen application du paragraphe 1 de l\u2019article 8 du Protocole facultatif \u00e0 la Convention relative aux droits de l\u2019enfant, concernantl\u2019implicationd\u2019enfants dans les conflitsarm\u00e9s.<\/em>R\u00e9cup\u00e9r\u00e9 sur Nations Unies &#8211; Convention relative aux droits de l\u2019enfant: <a href=\"https:\/\/documents-dds-ny.un.org\/doc\/UNDOC\/GEN\/G18\/194\/96\/PDF\/G1819496.pdf?OpenElement\" target=\"_blank\" rel=\"noreferrer noopener\">https:\/\/documents-dds-ny.un.org\/doc\/UNDOC\/GEN\/G18\/194\/96\/PDF\/G1819496.pdf?OpenElement<\/a>, acc\u00e9d\u00e9 le 28 novembre 2021.&nbsp;<\/p>\n\n\n\n<p class=\"has-small-font-size wp-block-paragraph\">Comit\u00e9 des droits de l\u2019enfant. (29, juin 2018). <em>Observations finales concernant le rapport soumis par l\u2019Angolaen application du paragraphe 1 de l\u2019article 12 du Protocole facultatif \u00e0 la Convention relative aux droits de l\u2019enfant, concernant la vente d\u2019enfants, la prostitution des enfants et la pornogr.<\/em>R\u00e9cup\u00e9r\u00e9 sur Nations Unies &#8211; Convention relative aux droits de l\u2019enfant: <a href=\"https:\/\/tbinternet.ohchr.org\/_layouts\/15\/treatybodyexternal\/Download.aspx?symbolno=CRC\/C\/OPSC\/AGO\/CO\/1&amp;Lang=En\" target=\"_blank\" rel=\"noreferrer noopener\">https:\/\/tbinternet.ohchr.org\/_layouts\/15\/treatybodyexternal\/Download.aspx?symbolno=CRC\/C\/OPSC\/AGO\/CO\/1&amp;Lang=En<\/a>, acc\u00e9d\u00e9 le 28 novembre 2021.&nbsp;<\/p>\n\n\n\n<p class=\"has-small-font-size wp-block-paragraph\">Comit\u00e9 des droits de l\u2019homme. (2019, mai 8). <em>Observations finales concernant le deuxi\u00e8me rapport p\u00e9riodique de l\u2019Angola.<\/em>R\u00e9cup\u00e9r\u00e9 sur Nations Unies &#8211; Pacte international relatif aux droits civils et politiques:<a href=\"https:\/\/documents-dds-ny.un.org\/doc\/UNDOC\/GEN\/G19\/134\/37\/PDF\/G1913437.pdf?OpenElement\" target=\"_blank\" rel=\"noreferrer noopener\"> https:\/\/documents-dds-ny.un.org\/doc\/UNDOC\/GEN\/G19\/134\/37\/PDF\/G1913437.pdf?OpenElement<\/a>, acc\u00e9d\u00e9 le 28 novembre 2021.&nbsp;<\/p>\n\n\n\n<p class=\"has-small-font-size wp-block-paragraph\">Comit\u00e9 pour l\u2019\u00e9limination de la discrimination \u00e0 l\u2019\u00e9gard des femmes. (2019, mars 14). <em>Observations finales concernant le septi\u00e8me rapport p\u00e9riodique de l\u2019Angola. <\/em>R\u00e9cup\u00e9r\u00e9 sur Nations Unies &#8211; Convention sur l\u2019\u00e9limination de toutes les formes de discrimination \u00e0 l\u2019\u00e9gard des femmes: <a href=\"https:\/\/documents-dds-ny.un.org\/doc\/UNDOC\/GEN\/N19\/071\/68\/PDF\/N1907168.pdf?OpenElement\" target=\"_blank\" rel=\"noreferrer noopener\">https:\/\/documents-dds-ny.un.org\/doc\/UNDOC\/GEN\/N19\/071\/68\/PDF\/N1907168.pdf?OpenElement<\/a>, acc\u00e9d\u00e9 le 28 novembre 2021.&nbsp;<\/p>\n\n\n\n<p class=\"has-small-font-size wp-block-paragraph\">Dubost, S., &amp; Lavaud, K. (2021, mars 19). <em>Situation \u00e9conomique et financi\u00e8re de l&rsquo;Angola au 19 mars 2021.<\/em>R\u00e9cup\u00e9r\u00e9 sur Direction g\u00e9n\u00e9rale du Tr\u00e9sor &#8211; France: <a href=\"https:\/\/www.tresor.economie.gouv.fr\/Articles\/2021\/03\/19\/situation-economique-et-financiere-de-l-angola-au-19-mars-2021\" target=\"_blank\" rel=\"noreferrer noopener\">https:\/\/www.tresor.economie.gouv.fr\/Articles\/2021\/03\/19\/situation-economique-et-financiere-de-l-angola-au-19-mars-2021<\/a>, acc\u00e9d\u00e9 le 28 novembre 2021.&nbsp;<\/p>\n\n\n\n<p class=\"has-small-font-size wp-block-paragraph\">Kon\u00e9, A. (2018). La persistance du conflitangolais entre 1991 et 2002. <em>Monde(s<\/em>).&nbsp;<\/p>\n\n\n\n<p class=\"has-small-font-size wp-block-paragraph\">Maussion, E. (2021, mai 6). <em>[S\u00e9rie] Redresser l\u2019\u00e9conomieangolaise, la mission impossible de Jo\u00e3o Louren\u00e7o ? (4\/5)<\/em>. R\u00e9cup\u00e9r\u00e9 sur Jeuneafrique: <a href=\"https:\/\/www.jeuneafrique.com\/1140430\/economie\/angola-politique-economique-la-mission-impossible-de-jlo\/\" target=\"_blank\" rel=\"noreferrer noopener\">https:\/\/www.jeuneafrique.com\/1140430\/economie\/angola-politique-economique-la-mission-impossible-de-jlo\/<\/a>, acc\u00e9d\u00e9 le 28 novembre 2021.&nbsp;<\/p>\n\n\n\n<p class=\"has-small-font-size wp-block-paragraph\">Nyembo SJ, D. (2021, octobre 25). <em>Angola :luttercontre la famine due \u00e0 la s\u00e9cheresse.<\/em>R\u00e9cup\u00e9r\u00e9 sur Vatican News:<a href=\"https:\/\/www.vaticannews.va\/fr\/afrique\/news\/2021-10\/angola-il-faut-agir-urgemment-pour-lutter-contre-la-secheresse.html\" target=\"_blank\" rel=\"noreferrer noopener\"> https:\/\/www.vaticannews.va\/fr\/afrique\/news\/2021-10\/angola-il-faut-agir-urgemment-pour-lutter-contre-la-secheresse.html<\/a>, acc\u00e9d\u00e9 le 28 novembre 2021.&nbsp;<\/p>\n\n\n\n<p class=\"has-small-font-size wp-block-paragraph\"><em>Palmar\u00e8s \u2013 Indicateur de d\u00e9veloppementhumain (IDH)<\/em>. (s.d.). R\u00e9cup\u00e9r\u00e9 sur PopulationData: https:\/\/www.populationdata.net\/palmares\/idh\/#Angola, acc\u00e9d\u00e9 le 28 novembre 2021.&nbsp;<\/p>\n\n\n\n<p class=\"has-small-font-size wp-block-paragraph\">Perspective Monde. (s.d.). <em>Angola<\/em>. R\u00e9cup\u00e9r\u00e9 sur Perspective Monde: <a href=\"https:\/\/perspective.usherbrooke.ca\/bilan\/servlet\/BMHistoriquePays?codePays=AGO\" target=\"_blank\" rel=\"noreferrer noopener\">https:\/\/perspective.usherbrooke.ca\/bilan\/servlet\/BMHistoriquePays?codePays=AGO<\/a>, acc\u00e9d\u00e9 le 28 novembre 2021.&nbsp;<\/p>\n\n\n\n<p class=\"has-small-font-size wp-block-paragraph\">U.S Department of State. (2018, September 6). <em>Angola<\/em>. R\u00e9cup\u00e9r\u00e9 sur Integrated Country Strategies: <a href=\"https:\/\/www.state.gov\/wp-content\/uploads\/2019\/01\/ICS-Angola.pdf\" target=\"_blank\" rel=\"noreferrer noopener\">https:\/\/www.state.gov\/wp-content\/uploads\/2019\/01\/ICS-Angola.pdf<\/a>, acc\u00e9d\u00e9 le 28 novembre 2021.<\/p>\n\n\n\n<hr class=\"wp-block-separator has-css-opacity\"\/>\n\n\n\n<p class=\"has-small-font-size wp-block-paragraph\"><a href=\"#_ftnref1\"><sup>[1]<\/sup><\/a> Cet article ne pr\u00e9tend nullement donner un compte rendu complet ou repr\u00e9sentatif des droits de l\u2019enfant en Angola&nbsp;; en effet, l&rsquo;un des nombreux d\u00e9fis est le peu d&rsquo;informations actualis\u00e9es sur les enfants et notamment traduits en fran\u00e7ais ou anglais. Cet article se base majoritairement sur des sources issues des Nations Unies qui m\u00e9riteraient d\u2019\u00eatre corrobor\u00e9es avec des ressources venant d\u2019autres organismes.<\/p>\n","protected":false},"excerpt":{"rendered":"<p>Concr\u00e9tiser les droits de l&rsquo;enfant en Angola L\u2019Angola est un pays qui se remet d\u2019une histoire r\u00e9cente belliqueuse qui a affect\u00e9 fortement son territoire, ses habitants (Kon\u00e9, 2018), son syst\u00e8me politique et, ainsi, le respect des droits des enfants. La guerre civile, qui a suivi la guerre d\u2019ind\u00e9pendance a pris fin en 2002, apr\u00e8s 27 [&hellip;]<\/p>\n","protected":false},"author":65,"featured_media":0,"parent":0,"menu_order":0,"comment_status":"closed","ping_status":"closed","template":"","meta":{"footnotes":""},"class_list":["post-11038","page","type-page","status-publish","hentry"],"yoast_head":"<!-- This site is optimized with the Yoast SEO plugin v28.3 - https:\/\/yoast.com\/product\/yoast-seo-wordpress\/ -->\n<title>Enfants d&#039;Angola - Humanium<\/title>\n<meta name=\"description\" content=\"La situation des enfants angolais est pr\u00e9occupante. Ce pays, doit trouver les moyens de pallier \u00e0 ces graves atteintes aux droits des enfants.\" \/>\n<meta name=\"robots\" content=\"index, follow, max-snippet:-1, max-image-preview:large, max-video-preview:-1\" \/>\n<link rel=\"canonical\" href=\"https:\/\/www.humanium.org\/fr\/angola\/\" \/>\n<meta property=\"og:locale\" content=\"fr_FR\" \/>\n<meta property=\"og:type\" content=\"article\" \/>\n<meta property=\"og:title\" content=\"Enfants d&#039;Angola - Humanium\" \/>\n<meta property=\"og:description\" content=\"La situation des enfants angolais est pr\u00e9occupante. Ce pays, doit trouver les moyens de pallier \u00e0 ces graves atteintes aux droits des enfants.\" \/>\n<meta property=\"og:url\" content=\"https:\/\/www.humanium.org\/fr\/angola\/\" \/>\n<meta property=\"og:site_name\" content=\"Humanium\" \/>\n<meta property=\"article:modified_time\" content=\"2025-12-10T02:43:14+00:00\" \/>\n<meta property=\"og:image\" content=\"https:\/\/www.humanium.org\/fr\/wp-content\/uploads\/2022\/04\/shutterstock_1659655060-1.jpg\" \/>\n\t<meta property=\"og:image:width\" content=\"200\" \/>\n\t<meta property=\"og:image:height\" content=\"200\" \/>\n\t<meta property=\"og:image:type\" content=\"image\/jpeg\" \/>\n<meta name=\"twitter:card\" content=\"summary_large_image\" \/>\n<meta name=\"twitter:label1\" content=\"Dur\u00e9e de lecture estim\u00e9e\" \/>\n\t<meta name=\"twitter:data1\" content=\"20 minutes\" \/>\n<script type=\"application\/ld+json\" class=\"yoast-schema-graph\">{\"@context\":\"https:\\\/\\\/schema.org\",\"@graph\":[{\"@type\":\"WebPage\",\"@id\":\"https:\\\/\\\/www.humanium.org\\\/fr\\\/angola\\\/\",\"url\":\"https:\\\/\\\/www.humanium.org\\\/fr\\\/angola\\\/\",\"name\":\"Enfants d'Angola - Humanium\",\"isPartOf\":{\"@id\":\"https:\\\/\\\/www.humanium.org\\\/fr\\\/#website\"},\"primaryImageOfPage\":{\"@id\":\"https:\\\/\\\/www.humanium.org\\\/fr\\\/angola\\\/#primaryimage\"},\"image\":{\"@id\":\"https:\\\/\\\/www.humanium.org\\\/fr\\\/angola\\\/#primaryimage\"},\"thumbnailUrl\":\"https:\\\/\\\/www.humanium.org\\\/fr\\\/wp-content\\\/uploads\\\/2022\\\/04\\\/shutterstock_1659655060-1.jpg\",\"datePublished\":\"2011-11-06T18:00:09+00:00\",\"dateModified\":\"2025-12-10T02:43:14+00:00\",\"description\":\"La situation des enfants angolais est pr\u00e9occupante. Ce pays, doit trouver les moyens de pallier \u00e0 ces graves atteintes aux droits des enfants.\",\"breadcrumb\":{\"@id\":\"https:\\\/\\\/www.humanium.org\\\/fr\\\/angola\\\/#breadcrumb\"},\"inLanguage\":\"fr-FR\",\"potentialAction\":[{\"@type\":\"ReadAction\",\"target\":[\"https:\\\/\\\/www.humanium.org\\\/fr\\\/angola\\\/\"]}]},{\"@type\":\"ImageObject\",\"inLanguage\":\"fr-FR\",\"@id\":\"https:\\\/\\\/www.humanium.org\\\/fr\\\/angola\\\/#primaryimage\",\"url\":\"https:\\\/\\\/www.humanium.org\\\/fr\\\/wp-content\\\/uploads\\\/2022\\\/04\\\/shutterstock_1659655060-1.jpg\",\"contentUrl\":\"https:\\\/\\\/www.humanium.org\\\/fr\\\/wp-content\\\/uploads\\\/2022\\\/04\\\/shutterstock_1659655060-1.jpg\",\"width\":200,\"height\":200},{\"@type\":\"BreadcrumbList\",\"@id\":\"https:\\\/\\\/www.humanium.org\\\/fr\\\/angola\\\/#breadcrumb\",\"itemListElement\":[{\"@type\":\"ListItem\",\"position\":1,\"name\":\"Home\",\"item\":\"https:\\\/\\\/www.humanium.org\\\/fr\\\/\"},{\"@type\":\"ListItem\",\"position\":2,\"name\":\"Enfants d&rsquo;Angola\"}]},{\"@type\":\"WebSite\",\"@id\":\"https:\\\/\\\/www.humanium.org\\\/fr\\\/#website\",\"url\":\"https:\\\/\\\/www.humanium.org\\\/fr\\\/\",\"name\":\"Humanium\",\"description\":\"Les enfants d\u2019abord !\",\"potentialAction\":[{\"@type\":\"SearchAction\",\"target\":{\"@type\":\"EntryPoint\",\"urlTemplate\":\"https:\\\/\\\/www.humanium.org\\\/fr\\\/?s={search_term_string}\"},\"query-input\":{\"@type\":\"PropertyValueSpecification\",\"valueRequired\":true,\"valueName\":\"search_term_string\"}}],\"inLanguage\":\"fr-FR\"}]}<\/script>\n<!-- \/ Yoast SEO plugin. -->","yoast_head_json":{"title":"Enfants d'Angola - Humanium","description":"La situation des enfants angolais est pr\u00e9occupante. Ce pays, doit trouver les moyens de pallier \u00e0 ces graves atteintes aux droits des enfants.","robots":{"index":"index","follow":"follow","max-snippet":"max-snippet:-1","max-image-preview":"max-image-preview:large","max-video-preview":"max-video-preview:-1"},"canonical":"https:\/\/www.humanium.org\/fr\/angola\/","og_locale":"fr_FR","og_type":"article","og_title":"Enfants d'Angola - Humanium","og_description":"La situation des enfants angolais est pr\u00e9occupante. Ce pays, doit trouver les moyens de pallier \u00e0 ces graves atteintes aux droits des enfants.","og_url":"https:\/\/www.humanium.org\/fr\/angola\/","og_site_name":"Humanium","article_modified_time":"2025-12-10T02:43:14+00:00","og_image":[{"width":200,"height":200,"url":"https:\/\/www.humanium.org\/fr\/wp-content\/uploads\/2022\/04\/shutterstock_1659655060-1.jpg","type":"image\/jpeg"}],"twitter_card":"summary_large_image","twitter_misc":{"Dur\u00e9e de lecture estim\u00e9e":"20 minutes"},"schema":{"@context":"https:\/\/schema.org","@graph":[{"@type":"WebPage","@id":"https:\/\/www.humanium.org\/fr\/angola\/","url":"https:\/\/www.humanium.org\/fr\/angola\/","name":"Enfants d'Angola - Humanium","isPartOf":{"@id":"https:\/\/www.humanium.org\/fr\/#website"},"primaryImageOfPage":{"@id":"https:\/\/www.humanium.org\/fr\/angola\/#primaryimage"},"image":{"@id":"https:\/\/www.humanium.org\/fr\/angola\/#primaryimage"},"thumbnailUrl":"https:\/\/www.humanium.org\/fr\/wp-content\/uploads\/2022\/04\/shutterstock_1659655060-1.jpg","datePublished":"2011-11-06T18:00:09+00:00","dateModified":"2025-12-10T02:43:14+00:00","description":"La situation des enfants angolais est pr\u00e9occupante. Ce pays, doit trouver les moyens de pallier \u00e0 ces graves atteintes aux droits des enfants.","breadcrumb":{"@id":"https:\/\/www.humanium.org\/fr\/angola\/#breadcrumb"},"inLanguage":"fr-FR","potentialAction":[{"@type":"ReadAction","target":["https:\/\/www.humanium.org\/fr\/angola\/"]}]},{"@type":"ImageObject","inLanguage":"fr-FR","@id":"https:\/\/www.humanium.org\/fr\/angola\/#primaryimage","url":"https:\/\/www.humanium.org\/fr\/wp-content\/uploads\/2022\/04\/shutterstock_1659655060-1.jpg","contentUrl":"https:\/\/www.humanium.org\/fr\/wp-content\/uploads\/2022\/04\/shutterstock_1659655060-1.jpg","width":200,"height":200},{"@type":"BreadcrumbList","@id":"https:\/\/www.humanium.org\/fr\/angola\/#breadcrumb","itemListElement":[{"@type":"ListItem","position":1,"name":"Home","item":"https:\/\/www.humanium.org\/fr\/"},{"@type":"ListItem","position":2,"name":"Enfants d&rsquo;Angola"}]},{"@type":"WebSite","@id":"https:\/\/www.humanium.org\/fr\/#website","url":"https:\/\/www.humanium.org\/fr\/","name":"Humanium","description":"Les enfants d\u2019abord !","potentialAction":[{"@type":"SearchAction","target":{"@type":"EntryPoint","urlTemplate":"https:\/\/www.humanium.org\/fr\/?s={search_term_string}"},"query-input":{"@type":"PropertyValueSpecification","valueRequired":true,"valueName":"search_term_string"}}],"inLanguage":"fr-FR"}]}},"_links":{"self":[{"href":"https:\/\/www.humanium.org\/fr\/wp-json\/wp\/v2\/pages\/11038","targetHints":{"allow":["GET"]}}],"collection":[{"href":"https:\/\/www.humanium.org\/fr\/wp-json\/wp\/v2\/pages"}],"about":[{"href":"https:\/\/www.humanium.org\/fr\/wp-json\/wp\/v2\/types\/page"}],"author":[{"embeddable":true,"href":"https:\/\/www.humanium.org\/fr\/wp-json\/wp\/v2\/users\/65"}],"replies":[{"embeddable":true,"href":"https:\/\/www.humanium.org\/fr\/wp-json\/wp\/v2\/comments?post=11038"}],"version-history":[{"count":20,"href":"https:\/\/www.humanium.org\/fr\/wp-json\/wp\/v2\/pages\/11038\/revisions"}],"predecessor-version":[{"id":60998,"href":"https:\/\/www.humanium.org\/fr\/wp-json\/wp\/v2\/pages\/11038\/revisions\/60998"}],"wp:attachment":[{"href":"https:\/\/www.humanium.org\/fr\/wp-json\/wp\/v2\/media?parent=11038"}],"curies":[{"name":"wp","href":"https:\/\/api.w.org\/{rel}","templated":true}]}}