{"id":11255,"date":"2011-11-06T18:00:26","date_gmt":"2011-11-06T18:00:26","guid":{"rendered":"http:\/\/www.humanium.org\/fr\/?page_id=11255"},"modified":"2025-12-05T14:21:46","modified_gmt":"2025-12-05T14:21:46","slug":"laos","status":"publish","type":"page","link":"https:\/\/www.humanium.org\/fr\/laos\/","title":{"rendered":"Enfants du Laos"},"content":{"rendered":"<h1>Enfants du Laos<\/h1>\n<h2>Concr\u00e9tiser les droits de l&rsquo;enfant au Laos<\/h2>\n<p style=\"text-align: center;\"><img loading=\"lazy\" decoding=\"async\" class=\"alignnone size-full wp-image-11263\" title=\"Fillette laotienne \u00a9 Elrentaplats (flickr)\" src=\"https:\/\/www.humanium.org\/fr\/wp-content\/uploads\/2011\/07\/fillette-elrentaplats-flickr1.jpg\" alt=\"\" width=\"260\" height=\"200\" \/>\u00a0 <img loading=\"lazy\" decoding=\"async\" class=\"alignnone size-full wp-image-11265\" title=\"Gar\u00e7on laotien \u00a9 Jolidbetter (flickr)\" src=\"https:\/\/www.humanium.org\/fr\/wp-content\/uploads\/2011\/07\/garcon-jolidbetter-flickr1.jpg\" alt=\"\" width=\"257\" height=\"200\" \/><\/p>\n<p>Le Laos, situ\u00e9 au c\u0153ur de l&rsquo;Asie, a ces derni\u00e8res ann\u00e9es fait face \u00e0 une importante augmentation de sa population. Cette \u00e9volution n&rsquo;a toutefois pas diminu\u00e9 le nombre d&rsquo;enfants vivant dans la pauvret\u00e9.<\/p>\n<table style=\"height: 38px;\" width=\"298\">\n<tbody style=\"background: #f2f2f2;\">\n<tr>\n<td>\n<div style=\"float: left; width: 100%;\">\n<p style=\"margin-top: 20px;\">\n<\/div>\n<div style=\"float: left;\">\n<p style=\"margin-bottom: 20px;\"><span style=\"color: #333333;\"><strong>Population:<\/strong>\u00a07,1 millions<br \/>\n<strong>Pop. de 0-14 ans : <\/strong>36,7 % <\/span><\/p>\n<\/div>\n<div style=\"float: right; width: 59%;\">\n<p style=\"margin-bottom: 20px;\"><strong>Esp\u00e9rance de vie :<\/strong> 68,3 ans<br \/>\n<strong>Mortalit\u00e9 des &#8211; de 5 ans :<\/strong>\u00a051 \u2030<\/p>\n<\/div>\n<\/td>\n<\/tr>\n<\/tbody>\n<\/table>\n<h3>Principaux probl\u00e8mes rencontr\u00e9s par les enfants au Laos :<\/h3>\n<p><strong><a href=\"https:\/\/www.humanium.org\/fr\/enfants-pauvres\/\">Pauvret\u00e9<\/a><\/strong><\/p>\n<p><img loading=\"lazy\" decoding=\"async\" class=\"size-full wp-image-11473 alignright\" title=\"La pauvret\u00e9 oblige certains enfants \u00e0 errer dans les rues toute la journ\u00e9e \u00a9S Fornino (flickr)\" src=\"https:\/\/www.humanium.org\/fr\/wp-content\/uploads\/2011\/07\/pauvrete-s-fornino-flickr3.jpg\" alt=\"\" width=\"148\" height=\"223\" \/>Plus de la moiti\u00e9 de la population laotienne vit en dessous du <a href=\"https:\/\/www.humanium.org\/fr\/enfants-pauvres\/\">seuil de pauvret\u00e9.<\/a> La pauvret\u00e9 entra\u00eene de graves cons\u00e9quences sur la situation des droits de l&rsquo;enfant.<\/p>\n<p>Les jeunes laotiens vivant dans la pauvret\u00e9 doivent faire face \u00e0 la violation d&rsquo;une grande partie de leurs droits. Cette <a href=\"https:\/\/www.humanium.org\/fr\/droit-non-discrimination\/\">discrimination<\/a> \u00e0 leur \u00e9gard, les emp\u00eache d&rsquo;acc\u00e9der \u00e0 certains droits primordiaux, tels que le droit \u00e0 la sant\u00e9 ou encore le droit \u00e0 l&rsquo;\u00e9ducation.<\/p>\n<p><strong><a href=\"https:\/\/www.humanium.org\/fr\/comprendre-droits-enfant\/droit-a-la-sante\/\">Sant\u00e9<\/a><\/strong><\/p>\n<p>Le <a href=\"https:\/\/www.humanium.org\/fr\/mortalite-infantile\/\">taux de mortalit\u00e9 infantile<\/a> est assez \u00e9lev\u00e9 puisque 6 \u2030 enfants laotiens d\u00e9c\u00e8dent avant l&rsquo;\u00e2ge de 5 ans. Ce constat catastrophique est le r\u00e9sultat d&rsquo;un manque d&rsquo;hygi\u00e8ne, de personnel et de <a href=\"https:\/\/www.humanium.org\/fr\/comprendre-droits-enfant\/droit-a-la-sante\/\">mat\u00e9riels sanitaires et m\u00e9dicaux.<\/a><\/p>\n<p>Ces lacunes accentuent le risque de propagation des \u00e9pid\u00e9mies. Le Laos doit encore aujourd&rsquo;hui faire face \u00e0 des maladies, telles que la polio ou encore le t\u00e9tanos. Des campagnes de vaccinations ont \u00e9t\u00e9 mises en place dans les endroits les plus isol\u00e9s afin d&rsquo;\u00e9radiquer ces \u00e9pid\u00e9mies.<\/p>\n<p>Le Laos n&rsquo;est pas confront\u00e9 \u00e0 une forte pr\u00e9valence du virus du <a href=\"https:\/\/www.humanium.org\/fr\/enfant-et-sida\/\">Sida<\/a>. Toutefois, sa situation g\u00e9ographique peut l&rsquo;exposer rapidement \u00e0 des probl\u00e8mes de contaminations. Il ne faut en effet pas oublier que le tourisme sexuel est tr\u00e8s pr\u00e9sent dans cette r\u00e9gion et, de ce fait le virus du Sida peut se propager tr\u00e8s rapidement.<\/p>\n<p><strong><a href=\"https:\/\/www.humanium.org\/fr\/comprendre-droits-enfant\/droit-a-l-education\/\">Education<\/a><\/strong><\/p>\n<p>Dans ce domaine, quelques efforts sont encore n\u00e9cessaires afin que chaque enfant laotien puisse \u00eatre scolaris\u00e9 ; ce qui n&rsquo;est pas le cas aujourd&rsquo;hui. En effet, 20 % des enfants ne peuvent jouir de leur <a href=\"https:\/\/www.humanium.org\/fr\/comprendre-droits-enfant\/droit-a-l-education\/\">droit \u00e0 l&rsquo;\u00e9ducation<\/a>, ceci en violation de la <a href=\"https:\/\/www.humanium.org\/fr\/convention\/\">Convention internationale relative aux Droits de l&rsquo;enfant.<\/a><\/p>\n<p>La plupart des enfants qui ne sont pas scolaris\u00e9s vivent dans les villages recul\u00e9s au sein desquels on parle diff\u00e9rentes langues ethniques telles que le akha ; tandis que la langue officielle utilis\u00e9e dans les programmes scolaires est le lao.<\/p>\n<p>Cette barri\u00e8re linguistique constitue une <a href=\"https:\/\/www.humanium.org\/fr\/droit-non-discrimination\/\">discrimination<\/a> envers ces enfants qui ne peuvent donc pas aller \u00e0 l&rsquo;\u00e9cole. Afin de rem\u00e9dier \u00e0 cette situation, le gouvernement a, dans certaines \u00e9coles, r\u00e9ussi \u00e0 am\u00e9liorer la qualit\u00e9 de l&rsquo;enseignement en engageant des professeurs bilingues.<\/p>\n<p>La <a href=\"https:\/\/www.humanium.org\/fr\/enfants-pauvres\/\">pauvret\u00e9<\/a> est une autre raison pour laquelle certains enfants ne peuvent jouir de ce droit. En effet, les frais de scolarit\u00e9 peuvent \u00eatre trop \u00e9lev\u00e9s pour certaines familles, ceci emp\u00eachant les enfants d&rsquo;\u00eatre scolaris\u00e9s.<\/p>\n<p><strong><a href=\"https:\/\/www.humanium.org\/fr\/la-maltraitance-des-enfants\/\">Violences envers les enfants<\/a><\/strong><\/p>\n<p><img loading=\"lazy\" decoding=\"async\" class=\"alignright size-full wp-image-11494\" title=\"Les enfants victimes de violence se retrouvent dans la rue, livr\u00e9s \u00e0 eux-m\u00eames \u00a9Miguel Navaza (flickr)\" src=\"https:\/\/www.humanium.org\/fr\/wp-content\/uploads\/2011\/07\/violence-niguel-navaza-flickr.jpg\" alt=\"\" width=\"208\" height=\"173\" \/>De nombreux enfants au Laos sont victimes de violences physiques, sexuelles ou de maltraitance.<\/p>\n<p><a href=\"https:\/\/www.humanium.org\/fr\/la-maltraitance-des-enfants\/\">Ces maltraitances<\/a> qui peuvent avoir lieu dans le cadre familial engendre de graves cons\u00e9quences pour les enfants. Une \u00e9tude r\u00e9cente a d\u00e9montr\u00e9 que pr\u00e8s de la moiti\u00e9 des <a href=\"https:\/\/www.humanium.org\/fr\/enfants-des-rues\/\">enfants des rues<\/a> au Laos avaient fuit leur maison pour cause de violence.<\/p>\n<p>La violence peut \u00e9galement se pr\u00e9senter sous une autre forme : <a href=\"https:\/\/www.humanium.org\/fr\/exploitation-sexuelle-enfants\/\">le tourisme sexuel.<\/a> De nombreux enfants sont achet\u00e9s par des prox\u00e9n\u00e8tes tha\u00eflandais ou chinois afin de \u00ab\u00a0fournir\u00a0\u00bb les <a href=\"https:\/\/www.humanium.org\/fr\/exploitation-sexuelle-enfants\/\">r\u00e9seaux sexuels<\/a>.<\/p>\n<p>Ces enfants sont souvent s\u00e9questr\u00e9s dans des maisons closes ou utilis\u00e9s \u00e0 des fins pornographiques. Ils vivent alors dans l&rsquo;insalubrit\u00e9 avec peu d&rsquo;eau et peu de nourriture et sont souvent victimes de maltraitances de la part des <a href=\"https:\/\/www.humanium.org\/fr\/prostitution-infantile\/\">prox\u00e9n\u00e8tes<\/a>.<\/p>\n<p>Il est tr\u00e8s difficile pour ces jeunes filles de sortir de cet univers, de peur des repr\u00e9sailles. C&rsquo;est pourquoi beaucoup d&rsquo;entre elles utilisent la drogue comme \u00e9chappatoire.<\/p>\n<p>Le gouvernement laotien doit faire des efforts afin de prot\u00e9ger celles qui subissent de fortes violences physiques et psychologiques.<\/p>\n<p><strong><a href=\"https:\/\/www.humanium.org\/fr\/travail-des-enfants\/\">Travail des enfants<\/a><\/strong><\/p>\n<p><img loading=\"lazy\" decoding=\"async\" class=\"size-full wp-image-11464 alignright\" title=\"Jeune gar\u00e7on laotien oblig\u00e9 de p\u00eacher pour pouvoir se nourrir \u00a9 Flydime (flickr)\" src=\"https:\/\/www.humanium.org\/fr\/wp-content\/uploads\/2011\/07\/travail-enfant-flydime-flickr.jpg\" alt=\"\" width=\"194\" height=\"189\" \/>La probl\u00e9matique du <a href=\"https:\/\/www.humanium.org\/fr\/travail-des-enfants\/\">travail des enfants<\/a> est toujours pr\u00e9sente au Laos ; 10% des enfants travaillent.<\/p>\n<p>Ces enfants non scolaris\u00e9s sont <a href=\"https:\/\/www.humanium.org\/fr\/travail-des-enfants\/\">forc\u00e9s de travailler<\/a> afin de subvenir aux besoins de leur famille. Les principaux domaines dans lesquels ils travaillent sont l&rsquo;agriculture, la p\u00eache ou encore la manufacture.<\/p>\n<p>Devant travailler dans de mauvaises conditions, les enfants sont susceptibles de d\u00e9velopper des maladies. Certains d&rsquo;entre eux afin d&rsquo;\u00e9chapper \u00e0 ce genre de travail, s&rsquo;orientent vers les bars, et progressivement vers la prostitution.<\/p>\n<p><strong><a href=\"https:\/\/www.humanium.org\/fr\/orphelins\/\">Enfants Orphelins<\/a><\/strong><\/p>\n<p><img loading=\"lazy\" decoding=\"async\" class=\"alignright size-full wp-image-11462\" title=\"De nombreux enfants laotiens sont orphelins du Sida \u00a9 lorna87 (flickr)\" src=\"https:\/\/www.humanium.org\/fr\/wp-content\/uploads\/2011\/07\/orphelin-lorna87-flickr.jpg\" alt=\"\" width=\"139\" height=\"221\" \/><a href=\"https:\/\/www.humanium.org\/fr\/enfant-et-sida\/\">Le VIH<\/a> et la <a href=\"https:\/\/www.humanium.org\/fr\/enfants-pauvres\/\">pauvret\u00e9<\/a> qui sont pr\u00e9sents au Laos ont aggrav\u00e9 la situation des enfants ; ceci entra\u00eenant une augmentation du nombre d&rsquo;enfants orphelins.<\/p>\n<p>Peu de structures sont disponibles pour accueillir ces <a href=\"https:\/\/www.humanium.org\/fr\/orphelins\/\">enfants orphelins<\/a>. D\u00e9laiss\u00e9s, oblig\u00e9s de s&rsquo;occuper d&rsquo;eux m\u00eames, ils vivent dans la plus grande pauvret\u00e9 et insalubrit\u00e9.<\/p>\n<p>Les conditions de vie dans la rue sont difficiles ; chaque jour ils doivent trouver de quoi se nourrir et s&rsquo;hydrater afin de survivre.<\/p>\n<p><strong><a href=\"https:\/\/www.humanium.org\/fr\/comprendre-droits-enfant\/droit-a-l-identite\/\">Droit \u00e0 l&rsquo;identit\u00e9<\/a><\/strong><\/p>\n<p>Pr\u00e8s de 30 % des naissances ne sont pas <a href=\"https:\/\/www.humanium.org\/fr\/comprendre-droits-enfant\/droit-a-l-identite\/\">officiellement d\u00e9clar\u00e9es aux autorit\u00e9s<\/a> laotiennes. Cette situation entra\u00eene de grandes difficult\u00e9s pour les enfants puisqu&rsquo;ils ne pourront pas jouir de leurs droits.\u00a0 Ils seront d\u00e8s lors consid\u00e9r\u00e9s comme <a href=\"https:\/\/www.humanium.org\/fr\/enfants-sans-identite\/\">invisibles<\/a> aux yeux de la soci\u00e9t\u00e9.<\/p>\n","protected":false},"excerpt":{"rendered":"<p>Enfants du Laos Concr\u00e9tiser les droits de l&rsquo;enfant au Laos \u00a0 Le Laos, situ\u00e9 au c\u0153ur de l&rsquo;Asie, a ces derni\u00e8res ann\u00e9es fait face \u00e0 une importante augmentation de sa population. Cette \u00e9volution n&rsquo;a toutefois pas diminu\u00e9 le nombre d&rsquo;enfants vivant dans la pauvret\u00e9. Population:\u00a07,1 millions Pop. de 0-14 ans : 36,7 % Esp\u00e9rance de [&hellip;]<\/p>\n","protected":false},"author":65,"featured_media":0,"parent":0,"menu_order":0,"comment_status":"closed","ping_status":"closed","template":"","meta":{"footnotes":""},"class_list":["post-11255","page","type-page","status-publish","hentry"],"yoast_head":"<!-- This site is optimized with the Yoast SEO plugin v28.3 - https:\/\/yoast.com\/product\/yoast-seo-wordpress\/ -->\n<title>Enfants du Laos - Humanium<\/title>\n<meta name=\"description\" content=\"Malgr\u00e9 l&#039;augmentation de la population \u00e0 Laos ces derni\u00e8res ann\u00e9es, le nombre d&#039;enfants vivant dans la pauvret\u00e9 n&#039;a pas diminu\u00e9.\" \/>\n<meta name=\"robots\" content=\"index, follow, max-snippet:-1, max-image-preview:large, max-video-preview:-1\" \/>\n<link rel=\"canonical\" href=\"https:\/\/www.humanium.org\/fr\/laos\/\" \/>\n<meta property=\"og:locale\" content=\"fr_FR\" \/>\n<meta property=\"og:type\" content=\"article\" \/>\n<meta property=\"og:title\" content=\"Enfants du Laos - Humanium\" \/>\n<meta property=\"og:description\" content=\"Malgr\u00e9 l&#039;augmentation de la population \u00e0 Laos ces derni\u00e8res ann\u00e9es, le nombre d&#039;enfants vivant dans la pauvret\u00e9 n&#039;a pas diminu\u00e9.\" \/>\n<meta property=\"og:url\" content=\"https:\/\/www.humanium.org\/fr\/laos\/\" \/>\n<meta property=\"og:site_name\" content=\"Humanium\" \/>\n<meta property=\"article:modified_time\" content=\"2025-12-05T14:21:46+00:00\" \/>\n<meta name=\"twitter:card\" content=\"summary_large_image\" \/>\n<meta name=\"twitter:label1\" content=\"Dur\u00e9e de lecture estim\u00e9e\" \/>\n\t<meta name=\"twitter:data1\" content=\"6 minutes\" \/>\n<script type=\"application\/ld+json\" class=\"yoast-schema-graph\">{\"@context\":\"https:\\\/\\\/schema.org\",\"@graph\":[{\"@type\":\"WebPage\",\"@id\":\"https:\\\/\\\/www.humanium.org\\\/fr\\\/laos\\\/\",\"url\":\"https:\\\/\\\/www.humanium.org\\\/fr\\\/laos\\\/\",\"name\":\"Enfants du Laos - Humanium\",\"isPartOf\":{\"@id\":\"https:\\\/\\\/www.humanium.org\\\/fr\\\/#website\"},\"primaryImageOfPage\":{\"@id\":\"https:\\\/\\\/www.humanium.org\\\/fr\\\/laos\\\/#primaryimage\"},\"image\":{\"@id\":\"https:\\\/\\\/www.humanium.org\\\/fr\\\/laos\\\/#primaryimage\"},\"thumbnailUrl\":\"https:\\\/\\\/www.humanium.org\\\/fr\\\/wp-content\\\/uploads\\\/2011\\\/07\\\/fillette-elrentaplats-flickr1.jpg\",\"datePublished\":\"2011-11-06T18:00:26+00:00\",\"dateModified\":\"2025-12-05T14:21:46+00:00\",\"description\":\"Malgr\u00e9 l'augmentation de la population \u00e0 Laos ces derni\u00e8res ann\u00e9es, le nombre d'enfants vivant dans la pauvret\u00e9 n'a pas diminu\u00e9.\",\"breadcrumb\":{\"@id\":\"https:\\\/\\\/www.humanium.org\\\/fr\\\/laos\\\/#breadcrumb\"},\"inLanguage\":\"fr-FR\",\"potentialAction\":[{\"@type\":\"ReadAction\",\"target\":[\"https:\\\/\\\/www.humanium.org\\\/fr\\\/laos\\\/\"]}]},{\"@type\":\"ImageObject\",\"inLanguage\":\"fr-FR\",\"@id\":\"https:\\\/\\\/www.humanium.org\\\/fr\\\/laos\\\/#primaryimage\",\"url\":\"https:\\\/\\\/www.humanium.org\\\/fr\\\/wp-content\\\/uploads\\\/2011\\\/07\\\/fillette-elrentaplats-flickr1.jpg\",\"contentUrl\":\"https:\\\/\\\/www.humanium.org\\\/fr\\\/wp-content\\\/uploads\\\/2011\\\/07\\\/fillette-elrentaplats-flickr1.jpg\"},{\"@type\":\"BreadcrumbList\",\"@id\":\"https:\\\/\\\/www.humanium.org\\\/fr\\\/laos\\\/#breadcrumb\",\"itemListElement\":[{\"@type\":\"ListItem\",\"position\":1,\"name\":\"Home\",\"item\":\"https:\\\/\\\/www.humanium.org\\\/fr\\\/\"},{\"@type\":\"ListItem\",\"position\":2,\"name\":\"Enfants du Laos\"}]},{\"@type\":\"WebSite\",\"@id\":\"https:\\\/\\\/www.humanium.org\\\/fr\\\/#website\",\"url\":\"https:\\\/\\\/www.humanium.org\\\/fr\\\/\",\"name\":\"Humanium\",\"description\":\"Les enfants d\u2019abord !\",\"potentialAction\":[{\"@type\":\"SearchAction\",\"target\":{\"@type\":\"EntryPoint\",\"urlTemplate\":\"https:\\\/\\\/www.humanium.org\\\/fr\\\/?s={search_term_string}\"},\"query-input\":{\"@type\":\"PropertyValueSpecification\",\"valueRequired\":true,\"valueName\":\"search_term_string\"}}],\"inLanguage\":\"fr-FR\"}]}<\/script>\n<!-- \/ Yoast SEO plugin. -->","yoast_head_json":{"title":"Enfants du Laos - Humanium","description":"Malgr\u00e9 l'augmentation de la population \u00e0 Laos ces derni\u00e8res ann\u00e9es, le nombre d'enfants vivant dans la pauvret\u00e9 n'a pas diminu\u00e9.","robots":{"index":"index","follow":"follow","max-snippet":"max-snippet:-1","max-image-preview":"max-image-preview:large","max-video-preview":"max-video-preview:-1"},"canonical":"https:\/\/www.humanium.org\/fr\/laos\/","og_locale":"fr_FR","og_type":"article","og_title":"Enfants du Laos - Humanium","og_description":"Malgr\u00e9 l'augmentation de la population \u00e0 Laos ces derni\u00e8res ann\u00e9es, le nombre d'enfants vivant dans la pauvret\u00e9 n'a pas diminu\u00e9.","og_url":"https:\/\/www.humanium.org\/fr\/laos\/","og_site_name":"Humanium","article_modified_time":"2025-12-05T14:21:46+00:00","twitter_card":"summary_large_image","twitter_misc":{"Dur\u00e9e de lecture estim\u00e9e":"6 minutes"},"schema":{"@context":"https:\/\/schema.org","@graph":[{"@type":"WebPage","@id":"https:\/\/www.humanium.org\/fr\/laos\/","url":"https:\/\/www.humanium.org\/fr\/laos\/","name":"Enfants du Laos - Humanium","isPartOf":{"@id":"https:\/\/www.humanium.org\/fr\/#website"},"primaryImageOfPage":{"@id":"https:\/\/www.humanium.org\/fr\/laos\/#primaryimage"},"image":{"@id":"https:\/\/www.humanium.org\/fr\/laos\/#primaryimage"},"thumbnailUrl":"https:\/\/www.humanium.org\/fr\/wp-content\/uploads\/2011\/07\/fillette-elrentaplats-flickr1.jpg","datePublished":"2011-11-06T18:00:26+00:00","dateModified":"2025-12-05T14:21:46+00:00","description":"Malgr\u00e9 l'augmentation de la population \u00e0 Laos ces derni\u00e8res ann\u00e9es, le nombre d'enfants vivant dans la pauvret\u00e9 n'a pas diminu\u00e9.","breadcrumb":{"@id":"https:\/\/www.humanium.org\/fr\/laos\/#breadcrumb"},"inLanguage":"fr-FR","potentialAction":[{"@type":"ReadAction","target":["https:\/\/www.humanium.org\/fr\/laos\/"]}]},{"@type":"ImageObject","inLanguage":"fr-FR","@id":"https:\/\/www.humanium.org\/fr\/laos\/#primaryimage","url":"https:\/\/www.humanium.org\/fr\/wp-content\/uploads\/2011\/07\/fillette-elrentaplats-flickr1.jpg","contentUrl":"https:\/\/www.humanium.org\/fr\/wp-content\/uploads\/2011\/07\/fillette-elrentaplats-flickr1.jpg"},{"@type":"BreadcrumbList","@id":"https:\/\/www.humanium.org\/fr\/laos\/#breadcrumb","itemListElement":[{"@type":"ListItem","position":1,"name":"Home","item":"https:\/\/www.humanium.org\/fr\/"},{"@type":"ListItem","position":2,"name":"Enfants du Laos"}]},{"@type":"WebSite","@id":"https:\/\/www.humanium.org\/fr\/#website","url":"https:\/\/www.humanium.org\/fr\/","name":"Humanium","description":"Les enfants d\u2019abord !","potentialAction":[{"@type":"SearchAction","target":{"@type":"EntryPoint","urlTemplate":"https:\/\/www.humanium.org\/fr\/?s={search_term_string}"},"query-input":{"@type":"PropertyValueSpecification","valueRequired":true,"valueName":"search_term_string"}}],"inLanguage":"fr-FR"}]}},"_links":{"self":[{"href":"https:\/\/www.humanium.org\/fr\/wp-json\/wp\/v2\/pages\/11255","targetHints":{"allow":["GET"]}}],"collection":[{"href":"https:\/\/www.humanium.org\/fr\/wp-json\/wp\/v2\/pages"}],"about":[{"href":"https:\/\/www.humanium.org\/fr\/wp-json\/wp\/v2\/types\/page"}],"author":[{"embeddable":true,"href":"https:\/\/www.humanium.org\/fr\/wp-json\/wp\/v2\/users\/65"}],"replies":[{"embeddable":true,"href":"https:\/\/www.humanium.org\/fr\/wp-json\/wp\/v2\/comments?post=11255"}],"version-history":[{"count":7,"href":"https:\/\/www.humanium.org\/fr\/wp-json\/wp\/v2\/pages\/11255\/revisions"}],"predecessor-version":[{"id":59998,"href":"https:\/\/www.humanium.org\/fr\/wp-json\/wp\/v2\/pages\/11255\/revisions\/59998"}],"wp:attachment":[{"href":"https:\/\/www.humanium.org\/fr\/wp-json\/wp\/v2\/media?parent=11255"}],"curies":[{"name":"wp","href":"https:\/\/api.w.org\/{rel}","templated":true}]}}