{"id":11803,"date":"2012-01-06T11:47:14","date_gmt":"2012-01-06T11:47:14","guid":{"rendered":"http:\/\/www.humanium.org\/fr\/?page_id=11803"},"modified":"2025-12-05T14:43:00","modified_gmt":"2025-12-05T14:43:00","slug":"pays-bas","status":"publish","type":"page","link":"https:\/\/www.humanium.org\/fr\/pays-bas\/","title":{"rendered":"Enfants des Pays-Bas"},"content":{"rendered":"<h1>Enfants des Pays-Bas<\/h1>\n<h2>Concr\u00e9tiser les droits de l&rsquo;enfant au Pays-Bas<\/h2>\n<p style=\"text-align: center;\"><img loading=\"lazy\" decoding=\"async\" class=\"alignnone size-full wp-image-11858\" title=\"Fillette n\u00e9erlandaise \u00a9 Nabok (Flickr)\" src=\"https:\/\/www.humanium.org\/fr\/wp-content\/uploads\/2011\/07\/fillette-pbas-nabok-flickr.jpg\" alt=\"\" width=\"170\" height=\"200\" \/> <img loading=\"lazy\" decoding=\"async\" class=\"alignnone size-full wp-image-11859\" title=\"Petit gar\u00e7on n\u00e9erlandais \u00a9 Bogers (Flickr)\" src=\"https:\/\/www.humanium.org\/fr\/wp-content\/uploads\/2011\/07\/garcon-pbas-bogers-flickr.jpg\" alt=\"\" width=\"216\" height=\"200\" \/><\/p>\n<p>Les Pays-Bas font partie des pays du monde les plus protecteurs de leurs enfants. Ils offrent une garantie quasi optimale des droits des enfants et respectent honorablement la plupart des principes de la <a href=\"https:\/\/www.humanium.org\/fr\/convention\/\">Convention des Droits de l&rsquo;Enfant<\/a>. Malgr\u00e9 tout, quelques points n\u00e9gatifs viennent contrarier cette situation.<\/p>\n<table style=\"height: 38px;\" width=\"298\">\n<tbody style=\"background: #f2f2f2;\">\n<tr>\n<td>\n<div style=\"float: left; width: 39%;\">\n<p><strong>Population:<\/strong> 17 millions<strong><br \/>\nPop.de 0 \u00e0 14 ans:<\/strong> 17 %<\/p>\n<\/div>\n<div style=\"float: right; width: 59%;\">\n<p><strong>Esp\u00e9rance de vie:<\/strong> 81 ans<strong><br \/>\nMortalit\u00e9 des moins de 5 ans:<\/strong>\u00a03 \u2030<\/p>\n<\/div>\n<\/td>\n<\/tr>\n<\/tbody>\n<\/table>\n<h3>Principaux probl\u00e8mes rencontr\u00e9s par les enfants au Pays-Bas :<\/h3>\n<p><strong><a href=\"https:\/\/www.humanium.org\/fr\/enfants-pauvres\/\">Pauvret\u00e9<\/a><\/strong><\/p>\n<p>10 % de la population n\u00e9erlandaise vit en dessous du <a href=\"https:\/\/www.humanium.org\/fr\/enfants-pauvres\/\">seuil de pauvret\u00e9<\/a>. Pourtant les Pays-Bas font partie des pays les plus riches pays au monde. Toutefois, cette richesse n&rsquo;est pas r\u00e9partie entre la totalit\u00e9 de la population, et certains enfants souffrent des cons\u00e9quences de la pauvret\u00e9 de leur famille.\u00a0Elle restreint notamment l&rsquo;acc\u00e8s \u00e0 l\u2019\u00e9ducation et \u00e0 la sant\u00e9 pour lesquels la situation \u00e9conomique des parents intervient n\u00e9cessairement.<\/p>\n<p><strong><a href=\"https:\/\/www.humanium.org\/fr\/la-maltraitance-des-enfants\/\">Enfants maltrait\u00e9s<\/a><\/strong><\/p>\n<p><img loading=\"lazy\" decoding=\"async\" class=\"size-full wp-image-11885 alignright\" title=\"Certains enfants sont encore maltrait\u00e9s au Pays-Bas, et particuli\u00e8rement dans les Antilles. \u00a9 Charles Fred (Flickr)\" src=\"https:\/\/www.humanium.org\/fr\/wp-content\/uploads\/2011\/07\/violence-pbas-charles-fred-flickr.jpg\" alt=\"\" width=\"95\" height=\"143\" \/>Dans les Antilles n\u00e9erlandaises, les ch\u00e2timents corporels \u00e0 l&rsquo;encontre des enfants sont encore fr\u00e9quemment pratiqu\u00e9s. Que ce soit dans les \u00e9coles ou dans les familles, ces violences envers les enfants restent inscrites dans les m\u0153urs.<\/p>\n<p>La loi n&rsquo;interdit pas toujours ces punitions. En outre, lorsqu&rsquo;elles sont interdites, trop peu de moyens sont mis en \u0153uvre pour garantir le respect de ces prohibitions. Ainsi, certains enfants souffrent de maltraitance, particuli\u00e8rement dans les Antilles n\u00e9erlandaises, et ne parviennent que trop rarement \u00e0 faire condamner ces pratiques.<\/p>\n<p><strong><a href=\"https:\/\/www.humanium.org\/fr\/enfants-deplaces\/\">Enfants r\u00e9fugi\u00e9s<\/a><\/strong><\/p>\n<p>La situation des demandeurs d&rsquo;asile, r\u00e9fugi\u00e9s et migrants souhaitant entrer sur le territoire n\u00e9erlandais est pr\u00e9occupante. En effet, les proc\u00e9dures auxquelles ces personnes doivent faire face ne leur garantissent pas un examen complet de leur situation.<\/p>\n<p>Ainsi, plusieurs milliers de personnes, y compris des mineurs se retrouvent en situation irr\u00e9guli\u00e8re aux Pays-Bas. Lorsque les autorit\u00e9s les interpellent, ils sont plac\u00e9s dans des <a href=\"https:\/\/www.humanium.org\/fr\/enfants-detenus\/\">centres de d\u00e9tention<\/a> sans aucune prise en compte des particularit\u00e9s de leurs histoires. En outre, les personnes les plus vuln\u00e9rables, comme les enfants ou les victimes d&rsquo;injustices dans leur pays d&rsquo;origine, sont \u00e9galement plac\u00e9es en d\u00e9tention pour des dur\u00e9es pouvant s&rsquo;av\u00e9rer tr\u00e8s longues.<\/p>\n<p>Les mineurs non accompagn\u00e9s (MNA) font partie des personnes dont les droits ne sont pas int\u00e9gralement garantis.<\/p>\n<p><strong><a href=\"https:\/\/www.humanium.org\/fr\/droit-non-discrimination\/\">Discrimination<\/a><\/strong><\/p>\n<p>Le commissaire aux droits de l&rsquo;homme du Conseil de l&rsquo;Europe s&rsquo;est d\u00e9clar\u00e9 pr\u00e9occup\u00e9 par \u00ab\u00a0les tendances au racisme, \u00e0 l&rsquo;antis\u00e9mitisme et aux autres formes d&rsquo;intol\u00e9rance\u00a0\u00bb visibles au Pays-Bas.<\/p>\n<p><img loading=\"lazy\" decoding=\"async\" class=\"alignright size-full wp-image-11886\" title=\"Beaucoup d'actes de discrimination sont encore pratiqu\u00e9s aux Pays-Bas. \u00a9 350.org (Flickr)\" src=\"https:\/\/www.humanium.org\/fr\/wp-content\/uploads\/2011\/07\/pbas-discrimination-troiscentcinquantepointorg-flickr.jpg\" alt=\"\" width=\"203\" height=\"135\" \/>Certaines formes de discrimination fond\u00e9es sur la race, le sexe, l&rsquo;origine et surtout la religion sont encore pratiqu\u00e9es dans ce pays. Les enfants musulmans, demandeurs d&rsquo;asiles et r\u00e9fugi\u00e9s souffrent consid\u00e9rablement d&rsquo;actes de racisme de la part du reste de la soci\u00e9t\u00e9 civile.<\/p>\n<p>Malgr\u00e9 de grands progr\u00e8s en la mati\u00e8re, le pays doit encore renforcer sa politique de pr\u00e9vention et de sensibilisation afin d&rsquo;\u00e9radiquer enti\u00e8rement la discrimination.<\/p>\n<p><strong><a href=\"https:\/\/www.humanium.org\/fr\/enfants-handicapes\/\">Enfants handicap\u00e9s<\/a><\/strong><\/p>\n<p>Les Pays-Bas ne garantissent pas aux enfants handicap\u00e9s le respect int\u00e9gral de leurs droits proclam\u00e9s dans la <a href=\"https:\/\/www.humanium.org\/fr\/convention\/\">Convention Internationale des Droits de l&rsquo;Enfant.<\/a> En effet, ceux-ci doivent r\u00e9guli\u00e8rement faire face \u00e0 des obstacles les emp\u00eachant d&rsquo;user de leurs droits en toute libert\u00e9. Ils rencontrent notamment des barri\u00e8res en mati\u00e8re d&rsquo;acc\u00e8s \u00e0 l&rsquo;\u00e9ducation ou m\u00eame plus g\u00e9n\u00e9ralement, d&rsquo;acc\u00e8s aux services publics.<\/p>\n<p>L&rsquo;int\u00e9gration des enfants handicap\u00e9s au reste de la soci\u00e9t\u00e9 n\u00e9erlandaise s&rsquo;av\u00e8re donc difficile et p\u00e9nible.<\/p>\n<p><strong>Droit \u00e0 l&rsquo;environnement<\/strong><\/p>\n<p><img loading=\"lazy\" decoding=\"async\" class=\"size-full wp-image-11889 alignright\" title=\"Les enfants ont droit de grandir dans un environnement sain. \u00a9 Pingu 1963\" src=\"https:\/\/www.humanium.org\/fr\/wp-content\/uploads\/2011\/07\/environment-p-bas-pingu-milneufcentsoixantetrois-flickr-notouch2.jpg\" alt=\"\" width=\"194\" height=\"145\" \/>Avec 10,3 tonnes d\u2019\u00e9mission de CO2 par habitant et par an, les Pays-Bas doivent encore progresser en mati\u00e8re de protection de l\u2019environnement et r\u00e9duire leur empreinte \u00e9cologique. Cela a \u00e9galement un impact n\u00e9faste sur la vie des enfants et sur leurs perspectives d\u2019avenir. Leur droit de vivre et de grandir dans un environnement sain n\u2019est pas correctement respect\u00e9.<\/p>\n","protected":false},"excerpt":{"rendered":"<p>Enfants des Pays-Bas Concr\u00e9tiser les droits de l&rsquo;enfant au Pays-Bas Les Pays-Bas font partie des pays du monde les plus protecteurs de leurs enfants. Ils offrent une garantie quasi optimale des droits des enfants et respectent honorablement la plupart des principes de la Convention des Droits de l&rsquo;Enfant. Malgr\u00e9 tout, quelques points n\u00e9gatifs viennent contrarier [&hellip;]<\/p>\n","protected":false},"author":65,"featured_media":0,"parent":0,"menu_order":0,"comment_status":"closed","ping_status":"closed","template":"","meta":{"footnotes":""},"class_list":["post-11803","page","type-page","status-publish","hentry"],"yoast_head":"<!-- This site is optimized with the Yoast SEO plugin v28.3 - https:\/\/yoast.com\/product\/yoast-seo-wordpress\/ -->\n<title>Enfants des Pays-Bas - Humanium<\/title>\n<meta name=\"description\" content=\"Les Pays-Bas font partie des pays du monde les plus protecteurs de leurs enfants. Malgr\u00e9 tout, quelques points n\u00e9gatifs viennent contrarier cette situation.\" \/>\n<meta name=\"robots\" content=\"index, follow, max-snippet:-1, max-image-preview:large, max-video-preview:-1\" \/>\n<link rel=\"canonical\" href=\"https:\/\/www.humanium.org\/fr\/pays-bas\/\" \/>\n<meta property=\"og:locale\" content=\"fr_FR\" \/>\n<meta property=\"og:type\" content=\"article\" \/>\n<meta property=\"og:title\" content=\"Enfants des Pays-Bas - Humanium\" \/>\n<meta property=\"og:description\" content=\"Les Pays-Bas font partie des pays du monde les plus protecteurs de leurs enfants. Malgr\u00e9 tout, quelques points n\u00e9gatifs viennent contrarier cette situation.\" \/>\n<meta property=\"og:url\" content=\"https:\/\/www.humanium.org\/fr\/pays-bas\/\" \/>\n<meta property=\"og:site_name\" content=\"Humanium\" \/>\n<meta property=\"article:modified_time\" content=\"2025-12-05T14:43:00+00:00\" \/>\n<meta name=\"twitter:card\" content=\"summary_large_image\" \/>\n<meta name=\"twitter:label1\" content=\"Dur\u00e9e de lecture estim\u00e9e\" \/>\n\t<meta name=\"twitter:data1\" content=\"5 minutes\" \/>\n<script type=\"application\/ld+json\" class=\"yoast-schema-graph\">{\"@context\":\"https:\\\/\\\/schema.org\",\"@graph\":[{\"@type\":\"WebPage\",\"@id\":\"https:\\\/\\\/www.humanium.org\\\/fr\\\/pays-bas\\\/\",\"url\":\"https:\\\/\\\/www.humanium.org\\\/fr\\\/pays-bas\\\/\",\"name\":\"Enfants des Pays-Bas - Humanium\",\"isPartOf\":{\"@id\":\"https:\\\/\\\/www.humanium.org\\\/fr\\\/#website\"},\"primaryImageOfPage\":{\"@id\":\"https:\\\/\\\/www.humanium.org\\\/fr\\\/pays-bas\\\/#primaryimage\"},\"image\":{\"@id\":\"https:\\\/\\\/www.humanium.org\\\/fr\\\/pays-bas\\\/#primaryimage\"},\"thumbnailUrl\":\"https:\\\/\\\/www.humanium.org\\\/fr\\\/wp-content\\\/uploads\\\/2011\\\/07\\\/fillette-pbas-nabok-flickr.jpg\",\"datePublished\":\"2012-01-06T11:47:14+00:00\",\"dateModified\":\"2025-12-05T14:43:00+00:00\",\"description\":\"Les Pays-Bas font partie des pays du monde les plus protecteurs de leurs enfants. Malgr\u00e9 tout, quelques points n\u00e9gatifs viennent contrarier cette situation.\",\"breadcrumb\":{\"@id\":\"https:\\\/\\\/www.humanium.org\\\/fr\\\/pays-bas\\\/#breadcrumb\"},\"inLanguage\":\"fr-FR\",\"potentialAction\":[{\"@type\":\"ReadAction\",\"target\":[\"https:\\\/\\\/www.humanium.org\\\/fr\\\/pays-bas\\\/\"]}]},{\"@type\":\"ImageObject\",\"inLanguage\":\"fr-FR\",\"@id\":\"https:\\\/\\\/www.humanium.org\\\/fr\\\/pays-bas\\\/#primaryimage\",\"url\":\"https:\\\/\\\/www.humanium.org\\\/fr\\\/wp-content\\\/uploads\\\/2011\\\/07\\\/fillette-pbas-nabok-flickr.jpg\",\"contentUrl\":\"https:\\\/\\\/www.humanium.org\\\/fr\\\/wp-content\\\/uploads\\\/2011\\\/07\\\/fillette-pbas-nabok-flickr.jpg\"},{\"@type\":\"BreadcrumbList\",\"@id\":\"https:\\\/\\\/www.humanium.org\\\/fr\\\/pays-bas\\\/#breadcrumb\",\"itemListElement\":[{\"@type\":\"ListItem\",\"position\":1,\"name\":\"Home\",\"item\":\"https:\\\/\\\/www.humanium.org\\\/fr\\\/\"},{\"@type\":\"ListItem\",\"position\":2,\"name\":\"Enfants des Pays-Bas\"}]},{\"@type\":\"WebSite\",\"@id\":\"https:\\\/\\\/www.humanium.org\\\/fr\\\/#website\",\"url\":\"https:\\\/\\\/www.humanium.org\\\/fr\\\/\",\"name\":\"Humanium\",\"description\":\"Les enfants d\u2019abord !\",\"potentialAction\":[{\"@type\":\"SearchAction\",\"target\":{\"@type\":\"EntryPoint\",\"urlTemplate\":\"https:\\\/\\\/www.humanium.org\\\/fr\\\/?s={search_term_string}\"},\"query-input\":{\"@type\":\"PropertyValueSpecification\",\"valueRequired\":true,\"valueName\":\"search_term_string\"}}],\"inLanguage\":\"fr-FR\"}]}<\/script>\n<!-- \/ Yoast SEO plugin. -->","yoast_head_json":{"title":"Enfants des Pays-Bas - Humanium","description":"Les Pays-Bas font partie des pays du monde les plus protecteurs de leurs enfants. Malgr\u00e9 tout, quelques points n\u00e9gatifs viennent contrarier cette situation.","robots":{"index":"index","follow":"follow","max-snippet":"max-snippet:-1","max-image-preview":"max-image-preview:large","max-video-preview":"max-video-preview:-1"},"canonical":"https:\/\/www.humanium.org\/fr\/pays-bas\/","og_locale":"fr_FR","og_type":"article","og_title":"Enfants des Pays-Bas - Humanium","og_description":"Les Pays-Bas font partie des pays du monde les plus protecteurs de leurs enfants. Malgr\u00e9 tout, quelques points n\u00e9gatifs viennent contrarier cette situation.","og_url":"https:\/\/www.humanium.org\/fr\/pays-bas\/","og_site_name":"Humanium","article_modified_time":"2025-12-05T14:43:00+00:00","twitter_card":"summary_large_image","twitter_misc":{"Dur\u00e9e de lecture estim\u00e9e":"5 minutes"},"schema":{"@context":"https:\/\/schema.org","@graph":[{"@type":"WebPage","@id":"https:\/\/www.humanium.org\/fr\/pays-bas\/","url":"https:\/\/www.humanium.org\/fr\/pays-bas\/","name":"Enfants des Pays-Bas - Humanium","isPartOf":{"@id":"https:\/\/www.humanium.org\/fr\/#website"},"primaryImageOfPage":{"@id":"https:\/\/www.humanium.org\/fr\/pays-bas\/#primaryimage"},"image":{"@id":"https:\/\/www.humanium.org\/fr\/pays-bas\/#primaryimage"},"thumbnailUrl":"https:\/\/www.humanium.org\/fr\/wp-content\/uploads\/2011\/07\/fillette-pbas-nabok-flickr.jpg","datePublished":"2012-01-06T11:47:14+00:00","dateModified":"2025-12-05T14:43:00+00:00","description":"Les Pays-Bas font partie des pays du monde les plus protecteurs de leurs enfants. Malgr\u00e9 tout, quelques points n\u00e9gatifs viennent contrarier cette situation.","breadcrumb":{"@id":"https:\/\/www.humanium.org\/fr\/pays-bas\/#breadcrumb"},"inLanguage":"fr-FR","potentialAction":[{"@type":"ReadAction","target":["https:\/\/www.humanium.org\/fr\/pays-bas\/"]}]},{"@type":"ImageObject","inLanguage":"fr-FR","@id":"https:\/\/www.humanium.org\/fr\/pays-bas\/#primaryimage","url":"https:\/\/www.humanium.org\/fr\/wp-content\/uploads\/2011\/07\/fillette-pbas-nabok-flickr.jpg","contentUrl":"https:\/\/www.humanium.org\/fr\/wp-content\/uploads\/2011\/07\/fillette-pbas-nabok-flickr.jpg"},{"@type":"BreadcrumbList","@id":"https:\/\/www.humanium.org\/fr\/pays-bas\/#breadcrumb","itemListElement":[{"@type":"ListItem","position":1,"name":"Home","item":"https:\/\/www.humanium.org\/fr\/"},{"@type":"ListItem","position":2,"name":"Enfants des Pays-Bas"}]},{"@type":"WebSite","@id":"https:\/\/www.humanium.org\/fr\/#website","url":"https:\/\/www.humanium.org\/fr\/","name":"Humanium","description":"Les enfants d\u2019abord !","potentialAction":[{"@type":"SearchAction","target":{"@type":"EntryPoint","urlTemplate":"https:\/\/www.humanium.org\/fr\/?s={search_term_string}"},"query-input":{"@type":"PropertyValueSpecification","valueRequired":true,"valueName":"search_term_string"}}],"inLanguage":"fr-FR"}]}},"_links":{"self":[{"href":"https:\/\/www.humanium.org\/fr\/wp-json\/wp\/v2\/pages\/11803","targetHints":{"allow":["GET"]}}],"collection":[{"href":"https:\/\/www.humanium.org\/fr\/wp-json\/wp\/v2\/pages"}],"about":[{"href":"https:\/\/www.humanium.org\/fr\/wp-json\/wp\/v2\/types\/page"}],"author":[{"embeddable":true,"href":"https:\/\/www.humanium.org\/fr\/wp-json\/wp\/v2\/users\/65"}],"replies":[{"embeddable":true,"href":"https:\/\/www.humanium.org\/fr\/wp-json\/wp\/v2\/comments?post=11803"}],"version-history":[{"count":4,"href":"https:\/\/www.humanium.org\/fr\/wp-json\/wp\/v2\/pages\/11803\/revisions"}],"predecessor-version":[{"id":60040,"href":"https:\/\/www.humanium.org\/fr\/wp-json\/wp\/v2\/pages\/11803\/revisions\/60040"}],"wp:attachment":[{"href":"https:\/\/www.humanium.org\/fr\/wp-json\/wp\/v2\/media?parent=11803"}],"curies":[{"name":"wp","href":"https:\/\/api.w.org\/{rel}","templated":true}]}}