{"id":12012,"date":"2011-11-06T18:00:39","date_gmt":"2011-11-06T18:00:39","guid":{"rendered":"http:\/\/www.humanium.org\/fr\/?page_id=12012"},"modified":"2025-12-05T14:40:19","modified_gmt":"2025-12-05T14:40:19","slug":"serbie","status":"publish","type":"page","link":"https:\/\/www.humanium.org\/fr\/serbie\/","title":{"rendered":"Enfants de Serbie"},"content":{"rendered":"<h1>Enfants de Serbie<\/h1>\n<h2>Concr\u00e9tiser les droits de l&rsquo;enfant en Serbie<\/h2>\n<p style=\"text-align: center;\"><img loading=\"lazy\" decoding=\"async\" class=\"alignnone size-full wp-image-12016\" title=\"Petite fille serbe. \u00a9 Photo de Tibo (Flickr)\" src=\"https:\/\/www.humanium.org\/fr\/wp-content\/uploads\/2011\/07\/serbie-fille-photo-de-tibo-flickr.jpg\" alt=\"\" width=\"120\" height=\"200\" \/> <img loading=\"lazy\" decoding=\"async\" class=\"alignnone size-full wp-image-12018\" title=\"Petit gar\u00e7on de Serbie. \u00a9 Metaleks (Flickr).\" src=\"https:\/\/www.humanium.org\/fr\/wp-content\/uploads\/2011\/07\/serbie-garcon-metaleks-flickr.jpg\" alt=\"\" width=\"124\" height=\"200\" \/><\/p>\n<p>Malgr\u00e9 des troubles politiques constants, la Serbie fait figure de bon \u00e9l\u00e8ve : les progr\u00e8s en faveur des enfants en mati\u00e8re de sant\u00e9 et d&rsquo;\u00e9ducation sont stables. En revanche, la pauvret\u00e9, l&rsquo;exclusion sociale et la discrimination restent des probl\u00e8mes s\u00e9rieux. Pour y r\u00e9pondre, le Gouvernement serbe a mis en place un syst\u00e8me national de protection de l&rsquo;enfance.<\/p>\n<table style=\"height: 38px;\" width=\"298\">\n<tbody style=\"background: #f2f2f2;\">\n<tr>\n<td>\n<div style=\"float: left; width: 100%;\">\n<p style=\"margin-top: 20px;\">\n<\/div>\n<div style=\"float: left; width: 39%;\">\n<p><strong>Population :<\/strong> 7,1 millions<br \/>\n<strong>Pop.de 0 \u00e0 14 ans :<\/strong> 15,1 %<\/p>\n<\/div>\n<div style=\"float: right; width: 59%;\">\n<p><strong>Esp\u00e9rance de vie :<\/strong> 74,1 ans<br \/>\n<strong>Mortalit\u00e9 des moins de 5 ans :<\/strong>\u00a06 \u2030<\/p>\n<\/div>\n<\/td>\n<\/tr>\n<\/tbody>\n<\/table>\n<h3>Principaux probl\u00e8mes rencontr\u00e9s par les enfants en Serbie:<\/h3>\n<p><strong><a href=\"https:\/\/www.humanium.org\/fr\/enfants-pauvres\/\">Pauvret\u00e9<\/a><\/strong><\/p>\n<p>E<img loading=\"lazy\" decoding=\"async\" class=\"size-full wp-image-12236 alignright\" title=\"De nombreux enfants vivent en-dessous du seuil de pauvret\u00e9.\u00a9 Fotoda (Flickr)\" src=\"https:\/\/www.humanium.org\/fr\/wp-content\/uploads\/2011\/08\/serbie-pauvrete-fotoda-flickr1.jpg\" alt=\"\" width=\"93\" height=\"147\" \/>En raison de la crise \u00e9conomique mondiale, mais aussi de la transition de la soci\u00e9t\u00e9 serbe, le niveau de pauvret\u00e9 s&rsquo;est accru dans le pays. Plus de 150 000 enfants vivent en-dessous <a href=\"https:\/\/www.humanium.org\/fr\/enfants-pauvres\/\">du seuil de pauvret\u00e9<\/a>; les enfants des zones rurales, notamment les Roms, sont les plus touch\u00e9s par cette situation.<\/p>\n<p><strong><a href=\"https:\/\/www.humanium.org\/fr\/la-maltraitance-des-enfants\/\">Maltraitance infantile<\/a><\/strong><\/p>\n<p>Beaucoup d&rsquo;enfants serbes sont <a href=\"https:\/\/www.humanium.org\/fr\/la-maltraitance-des-enfants\/\">abus\u00e9s, n\u00e9glig\u00e9s<\/a>, voire exploit\u00e9s. Cependant, aucune donn\u00e9e statistique n&rsquo;est disponible sur le sujet. En outre, aucun m\u00e9canisme de plainte officielle n&rsquo;a \u00e9t\u00e9 mis en place par le Gouvernement.<\/p>\n<p><strong><a href=\"https:\/\/www.humanium.org\/fr\/comprendre-droits-enfant\/droit-a-la-sante\/\">Droit \u00e0 la sant\u00e9<\/a><\/strong><\/p>\n<p>En Serbie, le<a href=\"https:\/\/www.humanium.org\/fr\/mortalite-infantile\/\"> taux de mortalit\u00e9 des enfants<\/a> de moins de cinq ans est relativement bas: 7 \u2030. Or, chez les enfants roms, la mortalit\u00e9 infantile s&rsquo;\u00e9l\u00e8ve \u00e0 plus de 20\u2030. Des disparit\u00e9s en termes de soins de sant\u00e9 existent donc dans ce pays.<\/p>\n<p>Par ailleurs, malgr\u00e9 l\u2019am\u00e9lioration du syst\u00e8me de <a href=\"https:\/\/www.humanium.org\/fr\/comprendre-droits-enfant\/droit-a-la-sante\/\">sant\u00e9<\/a>, la Serbie est confront\u00e9e \u00e0 un manque de ressources financi\u00e8res. Ceci engendre d\u2019une part, des difficult\u00e9s dans le maintien des services hospitaliers et d\u2019autre part, une d\u00e9motivation chez les employ\u00e9s. Les soins prodigu\u00e9s sont ainsi compromis.<\/p>\n<p>En outre, un grand pourcentage de jeunes est atteint du virus du <a href=\"https:\/\/www.humanium.org\/fr\/enfant-et-sida\/\">SIDA<\/a>; ils ne sont bien souvent d\u00e9pist\u00e9s que dans les derni\u00e8res phases de la maladie. Les autorit\u00e9s comp\u00e9tentes ne fournissent quasiment aucune information quant au processus de contamination et aux moyens de contraception.<\/p>\n<p><strong><a href=\"https:\/\/www.humanium.org\/fr\/droit-non-discrimination\/\">Droit \u00e0 la non-discrimination<\/a><\/strong><\/p>\n<p><img loading=\"lazy\" decoding=\"async\" class=\"alignright size-full wp-image-15739\" title=\"Les Roms subissent des formes de discrimination, en particulier dans les domaines de la sant\u00e9, de l'\u00e9ducation, du logement, etc \u00a9 Zarko Drincic (flickr)\" src=\"https:\/\/www.humanium.org\/fr\/wp-content\/uploads\/2011\/10\/serbie-discrimination-zarko-drincic.flickr.jpg\" alt=\"\" width=\"200\" height=\"150\" \/>Bien que la l\u00e9gislation serbe garantisse aux enfants le droit <a href=\"https:\/\/www.humanium.org\/fr\/droit-non-discrimination\/\">\u00e0 la non-discrimination<\/a>, certains jeunes des zones rurales et des r\u00e9gions les moins d\u00e9velopp\u00e9es, tout comme ceux de certaines minorit\u00e9s, subissent encore des traitements in\u00e9gaux.<\/p>\n<p>Aujourd\u2019hui encore, les <a href=\"https:\/\/www.humanium.org\/fr\/enfants-handicapes\/\">enfants handicap\u00e9s<\/a> ne sont pas consid\u00e9r\u00e9s comme les autres jeunes. Ils sont souvent \u00e9loign\u00e9s de leur famille et plac\u00e9s dans des institutions. Dans bien des cas, ils ne disposent pas de personnel de soins sp\u00e9cialis\u00e9s et ne sont pas int\u00e9gr\u00e9s au syst\u00e8me \u00e9ducatif. En outre, ils sont plus fr\u00e9quemment sujets aux abandons, aux maltraitances et aux violences.<\/p>\n<p>Par ailleurs, les Roms subissent \u00e9galement des <a href=\"https:\/\/www.humanium.org\/fr\/droit-non-discrimination\/\">formes de discrimination<\/a>, en particulier dans les domaines de <a href=\"https:\/\/www.humanium.org\/fr\/comprendre-droits-enfant\/droit-a-la-sante\/\">la sant\u00e9<\/a>, de l\u2019<a href=\"https:\/\/www.humanium.org\/fr\/comprendre-droits-enfant\/droit-a-l-education\/\">\u00e9ducation<\/a>, du logement, etc.\u00a0Ils sont souvent maltrait\u00e9s, brutalis\u00e9s et insult\u00e9s par les policiers et les citoyens.<\/p>\n<p>De plus, lors de leurs visites m\u00e9dicales, ils se voient fr\u00e9quemment refuser des soins m\u00e9dicaux de la part de m\u00e9decins. Leurs <a href=\"https:\/\/www.humanium.org\/fr\/comprendre-droits-enfant\/droit-a-la-sante\/\">probl\u00e8mes de sant\u00e9<\/a>, notamment en raison d\u2019un logement insalubre, demeurent donc inchang\u00e9s.<\/p>\n<p>Toutefois, le Gouvernement a mis sur pied un programme de protection sociale des enfants Roms, afin d&rsquo;am\u00e9liorer leur situation.<\/p>\n<p><strong><a href=\"https:\/\/www.humanium.org\/fr\/mariage-enfants\/\">Mariage des enfants<\/a><\/strong><\/p>\n<p>Dans certaines communaut\u00e9s, notamment chez les Roms des r\u00e9gions Sud et Est de la Serbie, le mariage des enfants existe encore. En effet, il arrive que des jeunes gens se marient entre 14 et 18 ans. Cependant, le nombre de <a href=\"https:\/\/www.humanium.org\/fr\/mariage-enfants\/\">mariages d&rsquo;enfants<\/a> roms a diminu\u00e9 ces derni\u00e8res ann\u00e9es, alors que les mariages d&rsquo;enfants serbes ont augment\u00e9.<\/p>\n<p><strong><a href=\"https:\/\/www.humanium.org\/fr\/comprendre-droits-enfant\/droit-a-l-identite\/\">Droit \u00e0 l&rsquo;identit\u00e9<\/a><\/strong><\/p>\n<p><img loading=\"lazy\" decoding=\"async\" class=\"size-full wp-image-12232 alignright\" title=\"Les naissances des enfants roms ne sont pas toutes d\u00e9clar\u00e9es aux autorit\u00e9s serbes. \u00a9 Perecca (Flickr)\" src=\"https:\/\/www.humanium.org\/fr\/wp-content\/uploads\/2011\/08\/serbie-identite-perecca-flickr.jpg\" alt=\"\" width=\"133\" height=\"164\" \/>Les naissances des enfants roms ne sont pas toutes d\u00e9clar\u00e9es aux autorit\u00e9s serbes. Ainsi, pour ces enfants sans certificat de naissance, le <a href=\"https:\/\/www.humanium.org\/fr\/comprendre-droits-enfant\/droit-a-l-identite\/\">droit \u00e0 l\u2019identit\u00e9<\/a> n\u2019est pas accessible. En effet, ils ne sont pas reconnus en tant que membre \u00e0 part enti\u00e8re de la soci\u00e9t\u00e9 et ne peuvent donc pas faire valoir leurs droits. Ils restent d\u00e8s lors comme <a href=\"https:\/\/www.humanium.org\/fr\/enfants-sans-identite\/\">invisibles<\/a> aux yeux de la collectivit\u00e9.<\/p>\n<p>Par ailleurs, les enfants qui n\u2019ont pas \u00e9t\u00e9 enregistr\u00e9s ne sont pas prot\u00e9g\u00e9s contre les abus tels que le travail forc\u00e9, la prostitution, les mariages pr\u00e9coces, le trafic, la traite, etc.<\/p>\n<p><strong><a href=\"https:\/\/www.humanium.org\/fr\/enfants-deplaces\/\">Les enfants r\u00e9fugi\u00e9s<\/a><\/strong><\/p>\n<p><img loading=\"lazy\" decoding=\"async\" class=\"size-full wp-image-12234 alignright\" title=\"La Serbie accueille l'une des plus importantes populations r\u00e9fugi\u00e9es et d\u00e9plac\u00e9es en Europe. \u00a9 Magne G (Flickr)\" src=\"https:\/\/www.humanium.org\/fr\/wp-content\/uploads\/2011\/08\/serbie-refugie-magne-g-flickr.jpg\" alt=\"\" width=\"206\" height=\"252\" \/><\/p>\n<p>Suite aux conflits des ann\u00e9es 90, la Serbie accueille l\u2019une des plus importantes populations <a href=\"https:\/\/www.humanium.org\/fr\/enfants-deplaces\/\">r\u00e9fugi\u00e9es et d\u00e9plac\u00e9es<\/a> en Europe (Kosovo, Croatie, Bosnie-Herz\u00e9govine, etc.).<\/p>\n<p>G\u00e9n\u00e9ralement, les familles et leurs enfants vivent dans des centres d\u2019accueil mis \u00e0 leur disposition. Toutefois, il arrive qu\u2019ils soient log\u00e9s temporairement dans des habitations v\u00e9tustes, sans eau ni \u00e9lectricit\u00e9. Ainsi, leurs droits \u00e0 la sant\u00e9 et \u00e0 un logement ad\u00e9quat restent encore bafou\u00e9s dans certaines r\u00e9gions serbes.<\/p>\n<p><a href=\"https:\/\/www.humanium.org\/fr\/enfants-detenus\/\"><strong>D\u00e9tention des mineurs<\/strong><\/a><\/p>\n<p>Les<a href=\"https:\/\/www.humanium.org\/fr\/enfants-face-justice\/\"> enfants serbes qui entrent en conflit avec la loi<\/a> sont souvent des victimes. En effet, ils deviennent d\u00e9linquants en raison de certaines difficult\u00e9s financi\u00e8res ou familiales (abus, n\u00e9gligences, etc.). Au lieu d&rsquo;obtenir de l&rsquo;aide, ces jeunes sont souvent exclus et se tournent vers la d\u00e9linquance.<\/p>\n<p>En Serbie, le syst\u00e8me de <a href=\"https:\/\/www.humanium.org\/fr\/justice-juvenile\/\">justice juv\u00e9nile<\/a> ne tient pas compte des directives et recommandations de l\u2019ONU. Il fait donc face \u00e0 d\u2019importants probl\u00e8mes. N\u00e9anmoins, l\u2019\u00c9tat, en partenariat avec des organisations internationales, a mis sur pied un programme de r\u00e9forme de ce syst\u00e8me afin d\u2019assurer les <a href=\"https:\/\/www.humanium.org\/fr\/\">droits des enfants<\/a> en conflit avec la loi.<\/p>\n","protected":false},"excerpt":{"rendered":"<p>Enfants de Serbie Concr\u00e9tiser les droits de l&rsquo;enfant en Serbie Malgr\u00e9 des troubles politiques constants, la Serbie fait figure de bon \u00e9l\u00e8ve : les progr\u00e8s en faveur des enfants en mati\u00e8re de sant\u00e9 et d&rsquo;\u00e9ducation sont stables. En revanche, la pauvret\u00e9, l&rsquo;exclusion sociale et la discrimination restent des probl\u00e8mes s\u00e9rieux. Pour y r\u00e9pondre, le Gouvernement [&hellip;]<\/p>\n","protected":false},"author":65,"featured_media":0,"parent":0,"menu_order":0,"comment_status":"closed","ping_status":"closed","template":"","meta":{"footnotes":""},"class_list":["post-12012","page","type-page","status-publish","hentry"],"yoast_head":"<!-- This site is optimized with the Yoast SEO plugin v28.3 - https:\/\/yoast.com\/product\/yoast-seo-wordpress\/ -->\n<title>Enfants de Serbie - Humanium<\/title>\n<meta name=\"description\" content=\"En Serbie, les progr\u00e8s en faveur des enfants sont stables. Pourtant, la pauvret\u00e9, l&#039;exclusion sociale et la discrimination restent des probl\u00e8mes s\u00e9rieux.\" \/>\n<meta name=\"robots\" content=\"index, follow, max-snippet:-1, max-image-preview:large, max-video-preview:-1\" \/>\n<link rel=\"canonical\" href=\"https:\/\/www.humanium.org\/fr\/serbie\/\" \/>\n<meta property=\"og:locale\" content=\"fr_FR\" \/>\n<meta property=\"og:type\" content=\"article\" \/>\n<meta property=\"og:title\" content=\"Enfants de Serbie - Humanium\" \/>\n<meta property=\"og:description\" content=\"En Serbie, les progr\u00e8s en faveur des enfants sont stables. Pourtant, la pauvret\u00e9, l&#039;exclusion sociale et la discrimination restent des probl\u00e8mes s\u00e9rieux.\" \/>\n<meta property=\"og:url\" content=\"https:\/\/www.humanium.org\/fr\/serbie\/\" \/>\n<meta property=\"og:site_name\" content=\"Humanium\" \/>\n<meta property=\"article:modified_time\" content=\"2025-12-05T14:40:19+00:00\" \/>\n<meta name=\"twitter:card\" content=\"summary_large_image\" \/>\n<meta name=\"twitter:label1\" content=\"Dur\u00e9e de lecture estim\u00e9e\" \/>\n\t<meta name=\"twitter:data1\" content=\"6 minutes\" \/>\n<script type=\"application\/ld+json\" class=\"yoast-schema-graph\">{\"@context\":\"https:\\\/\\\/schema.org\",\"@graph\":[{\"@type\":\"WebPage\",\"@id\":\"https:\\\/\\\/www.humanium.org\\\/fr\\\/serbie\\\/\",\"url\":\"https:\\\/\\\/www.humanium.org\\\/fr\\\/serbie\\\/\",\"name\":\"Enfants de Serbie - Humanium\",\"isPartOf\":{\"@id\":\"https:\\\/\\\/www.humanium.org\\\/fr\\\/#website\"},\"primaryImageOfPage\":{\"@id\":\"https:\\\/\\\/www.humanium.org\\\/fr\\\/serbie\\\/#primaryimage\"},\"image\":{\"@id\":\"https:\\\/\\\/www.humanium.org\\\/fr\\\/serbie\\\/#primaryimage\"},\"thumbnailUrl\":\"https:\\\/\\\/www.humanium.org\\\/fr\\\/wp-content\\\/uploads\\\/2011\\\/07\\\/serbie-fille-photo-de-tibo-flickr.jpg\",\"datePublished\":\"2011-11-06T18:00:39+00:00\",\"dateModified\":\"2025-12-05T14:40:19+00:00\",\"description\":\"En Serbie, les progr\u00e8s en faveur des enfants sont stables. Pourtant, la pauvret\u00e9, l'exclusion sociale et la discrimination restent des probl\u00e8mes s\u00e9rieux.\",\"breadcrumb\":{\"@id\":\"https:\\\/\\\/www.humanium.org\\\/fr\\\/serbie\\\/#breadcrumb\"},\"inLanguage\":\"fr-FR\",\"potentialAction\":[{\"@type\":\"ReadAction\",\"target\":[\"https:\\\/\\\/www.humanium.org\\\/fr\\\/serbie\\\/\"]}]},{\"@type\":\"ImageObject\",\"inLanguage\":\"fr-FR\",\"@id\":\"https:\\\/\\\/www.humanium.org\\\/fr\\\/serbie\\\/#primaryimage\",\"url\":\"https:\\\/\\\/www.humanium.org\\\/fr\\\/wp-content\\\/uploads\\\/2011\\\/07\\\/serbie-fille-photo-de-tibo-flickr.jpg\",\"contentUrl\":\"https:\\\/\\\/www.humanium.org\\\/fr\\\/wp-content\\\/uploads\\\/2011\\\/07\\\/serbie-fille-photo-de-tibo-flickr.jpg\"},{\"@type\":\"BreadcrumbList\",\"@id\":\"https:\\\/\\\/www.humanium.org\\\/fr\\\/serbie\\\/#breadcrumb\",\"itemListElement\":[{\"@type\":\"ListItem\",\"position\":1,\"name\":\"Home\",\"item\":\"https:\\\/\\\/www.humanium.org\\\/fr\\\/\"},{\"@type\":\"ListItem\",\"position\":2,\"name\":\"Enfants de Serbie\"}]},{\"@type\":\"WebSite\",\"@id\":\"https:\\\/\\\/www.humanium.org\\\/fr\\\/#website\",\"url\":\"https:\\\/\\\/www.humanium.org\\\/fr\\\/\",\"name\":\"Humanium\",\"description\":\"Les enfants d\u2019abord !\",\"potentialAction\":[{\"@type\":\"SearchAction\",\"target\":{\"@type\":\"EntryPoint\",\"urlTemplate\":\"https:\\\/\\\/www.humanium.org\\\/fr\\\/?s={search_term_string}\"},\"query-input\":{\"@type\":\"PropertyValueSpecification\",\"valueRequired\":true,\"valueName\":\"search_term_string\"}}],\"inLanguage\":\"fr-FR\"}]}<\/script>\n<!-- \/ Yoast SEO plugin. -->","yoast_head_json":{"title":"Enfants de Serbie - Humanium","description":"En Serbie, les progr\u00e8s en faveur des enfants sont stables. Pourtant, la pauvret\u00e9, l'exclusion sociale et la discrimination restent des probl\u00e8mes s\u00e9rieux.","robots":{"index":"index","follow":"follow","max-snippet":"max-snippet:-1","max-image-preview":"max-image-preview:large","max-video-preview":"max-video-preview:-1"},"canonical":"https:\/\/www.humanium.org\/fr\/serbie\/","og_locale":"fr_FR","og_type":"article","og_title":"Enfants de Serbie - Humanium","og_description":"En Serbie, les progr\u00e8s en faveur des enfants sont stables. Pourtant, la pauvret\u00e9, l'exclusion sociale et la discrimination restent des probl\u00e8mes s\u00e9rieux.","og_url":"https:\/\/www.humanium.org\/fr\/serbie\/","og_site_name":"Humanium","article_modified_time":"2025-12-05T14:40:19+00:00","twitter_card":"summary_large_image","twitter_misc":{"Dur\u00e9e de lecture estim\u00e9e":"6 minutes"},"schema":{"@context":"https:\/\/schema.org","@graph":[{"@type":"WebPage","@id":"https:\/\/www.humanium.org\/fr\/serbie\/","url":"https:\/\/www.humanium.org\/fr\/serbie\/","name":"Enfants de Serbie - Humanium","isPartOf":{"@id":"https:\/\/www.humanium.org\/fr\/#website"},"primaryImageOfPage":{"@id":"https:\/\/www.humanium.org\/fr\/serbie\/#primaryimage"},"image":{"@id":"https:\/\/www.humanium.org\/fr\/serbie\/#primaryimage"},"thumbnailUrl":"https:\/\/www.humanium.org\/fr\/wp-content\/uploads\/2011\/07\/serbie-fille-photo-de-tibo-flickr.jpg","datePublished":"2011-11-06T18:00:39+00:00","dateModified":"2025-12-05T14:40:19+00:00","description":"En Serbie, les progr\u00e8s en faveur des enfants sont stables. Pourtant, la pauvret\u00e9, l'exclusion sociale et la discrimination restent des probl\u00e8mes s\u00e9rieux.","breadcrumb":{"@id":"https:\/\/www.humanium.org\/fr\/serbie\/#breadcrumb"},"inLanguage":"fr-FR","potentialAction":[{"@type":"ReadAction","target":["https:\/\/www.humanium.org\/fr\/serbie\/"]}]},{"@type":"ImageObject","inLanguage":"fr-FR","@id":"https:\/\/www.humanium.org\/fr\/serbie\/#primaryimage","url":"https:\/\/www.humanium.org\/fr\/wp-content\/uploads\/2011\/07\/serbie-fille-photo-de-tibo-flickr.jpg","contentUrl":"https:\/\/www.humanium.org\/fr\/wp-content\/uploads\/2011\/07\/serbie-fille-photo-de-tibo-flickr.jpg"},{"@type":"BreadcrumbList","@id":"https:\/\/www.humanium.org\/fr\/serbie\/#breadcrumb","itemListElement":[{"@type":"ListItem","position":1,"name":"Home","item":"https:\/\/www.humanium.org\/fr\/"},{"@type":"ListItem","position":2,"name":"Enfants de Serbie"}]},{"@type":"WebSite","@id":"https:\/\/www.humanium.org\/fr\/#website","url":"https:\/\/www.humanium.org\/fr\/","name":"Humanium","description":"Les enfants d\u2019abord !","potentialAction":[{"@type":"SearchAction","target":{"@type":"EntryPoint","urlTemplate":"https:\/\/www.humanium.org\/fr\/?s={search_term_string}"},"query-input":{"@type":"PropertyValueSpecification","valueRequired":true,"valueName":"search_term_string"}}],"inLanguage":"fr-FR"}]}},"_links":{"self":[{"href":"https:\/\/www.humanium.org\/fr\/wp-json\/wp\/v2\/pages\/12012","targetHints":{"allow":["GET"]}}],"collection":[{"href":"https:\/\/www.humanium.org\/fr\/wp-json\/wp\/v2\/pages"}],"about":[{"href":"https:\/\/www.humanium.org\/fr\/wp-json\/wp\/v2\/types\/page"}],"author":[{"embeddable":true,"href":"https:\/\/www.humanium.org\/fr\/wp-json\/wp\/v2\/users\/65"}],"replies":[{"embeddable":true,"href":"https:\/\/www.humanium.org\/fr\/wp-json\/wp\/v2\/comments?post=12012"}],"version-history":[{"count":7,"href":"https:\/\/www.humanium.org\/fr\/wp-json\/wp\/v2\/pages\/12012\/revisions"}],"predecessor-version":[{"id":60033,"href":"https:\/\/www.humanium.org\/fr\/wp-json\/wp\/v2\/pages\/12012\/revisions\/60033"}],"wp:attachment":[{"href":"https:\/\/www.humanium.org\/fr\/wp-json\/wp\/v2\/media?parent=12012"}],"curies":[{"name":"wp","href":"https:\/\/api.w.org\/{rel}","templated":true}]}}