{"id":12075,"date":"2011-11-06T18:00:05","date_gmt":"2011-11-06T18:00:05","guid":{"rendered":"http:\/\/www.humanium.org\/fr\/?page_id=12075"},"modified":"2025-12-05T13:17:02","modified_gmt":"2025-12-05T13:17:02","slug":"cuba","status":"publish","type":"page","link":"https:\/\/www.humanium.org\/fr\/cuba\/","title":{"rendered":"Enfants de Cuba"},"content":{"rendered":"\n<h2 class=\"wp-block-heading\"><strong>R\u00e9aliser les droits de l&rsquo;enfant \u00e0 Cuba&nbsp;<\/strong><\/h2>\n\n\n\n<div class=\"wp-block-columns is-layout-flex wp-container-core-columns-is-layout-8f761849 wp-block-columns-is-layout-flex\">\n<div class=\"wp-block-column is-layout-flow wp-block-column-is-layout-flow\"><div class=\"wp-block-image is-style-rounded\">\n<figure class=\"aligncenter size-full\"><img loading=\"lazy\" decoding=\"async\" width=\"250\" height=\"250\" src=\"https:\/\/www.humanium.org\/fr\/wp-content\/uploads\/2022\/09\/Shutterstock_1560055994.jpg\" alt=\"\" class=\"wp-image-53101\" srcset=\"https:\/\/www.humanium.org\/fr\/wp-content\/uploads\/2022\/09\/Shutterstock_1560055994.jpg 250w, https:\/\/www.humanium.org\/fr\/wp-content\/uploads\/2022\/09\/Shutterstock_1560055994-150x150.jpg 150w, https:\/\/www.humanium.org\/fr\/wp-content\/uploads\/2022\/09\/Shutterstock_1560055994-230x230.jpg 230w\" sizes=\"auto, (max-width: 250px) 100vw, 250px\" \/><\/figure>\n<\/div><\/div>\n\n\n\n<div class=\"wp-block-column is-layout-flow wp-block-column-is-layout-flow\"><div class=\"wp-block-image is-style-rounded\">\n<figure class=\"aligncenter size-full\"><img loading=\"lazy\" decoding=\"async\" width=\"250\" height=\"250\" src=\"https:\/\/www.humanium.org\/fr\/wp-content\/uploads\/2022\/09\/Shutterstock_1046966.png\" alt=\"\" class=\"wp-image-53102\" srcset=\"https:\/\/www.humanium.org\/fr\/wp-content\/uploads\/2022\/09\/Shutterstock_1046966.png 250w, https:\/\/www.humanium.org\/fr\/wp-content\/uploads\/2022\/09\/Shutterstock_1046966-150x150.png 150w, https:\/\/www.humanium.org\/fr\/wp-content\/uploads\/2022\/09\/Shutterstock_1046966-230x230.png 230w\" sizes=\"auto, (max-width: 250px) 100vw, 250px\" \/><\/figure>\n<\/div><\/div>\n<\/div>\n\n\n\n<p class=\"wp-block-paragraph\"><strong>Le gouvernement cubain fait preuve d&rsquo;une forte volont\u00e9 politique de garantir le bon d\u00e9veloppement et le <a href=\"https:\/\/www.humanium.org\/fr\/la-sante-de-lenfant-avec-lenfant\/\">bien-\u00eatre des enfants<\/a>. Le pays est un leader r\u00e9gional et mondial en mati\u00e8re d&rsquo;<a href=\"https:\/\/www.humanium.org\/fr\/comprendre-droits-enfant\/droit-a-l-education\/\">\u00e9ducation<\/a> de la petite enfance et de soins de <a href=\"https:\/\/www.humanium.org\/fr\/comprendre-droits-enfant\/droit-a-la-sante\/\">sant\u00e9 infantile<\/a> et continue d&rsquo;int\u00e9grer des textes de loi internationaux pertinents. Malgr\u00e9 les r\u00e9sultats obtenus, des am\u00e9liorations sont encore possibles, en particulier en ce qui concerne l&rsquo;\u00e2ge moyen de la <a href=\"https:\/\/www.humanium.org\/fr\/enfants-detenus\/\">responsabilit\u00e9 p\u00e9nale<\/a> dans le pays.<\/strong><\/p>\n\n\n\n<iframe src=\"https:\/\/www.google.com\/maps\/embed?pb=!1m18!1m12!1m3!1d7604925.307447726!2d-84.05873703727269!3d21.455076352433206!2m3!1f0!2f0!3f0!3m2!1i1024!2i768!4f13.1!3m3!1m2!1s0x88cd49070f7a4cb5%3A0x798cf7529110a41a!2sCuba!5e0!3m2!1sen!2sfr!4v1662314046627!5m2!1sen!2sfr\" style=\"border:0;\" allowfullscreen=\"\" loading=\"lazy\" referrerpolicy=\"no-referrer-when-downgrade\" width=\"600\" height=\"450\"><\/iframe>\n\n\n\n<div class=\"wp-block-columns is-layout-flex wp-container-core-columns-is-layout-8f761849 wp-block-columns-is-layout-flex\">\n<div class=\"wp-block-column is-layout-flow wp-block-column-is-layout-flow\">\n<p class=\"wp-block-paragraph\"><strong>Population :<\/strong>&nbsp;11,3 millions<br><strong>Pop. de 0 \u00e0 14 ans :<\/strong>&nbsp;16&nbsp;%<\/p>\n<\/div>\n\n\n\n<div class=\"wp-block-column is-layout-flow wp-block-column-is-layout-flow\">\n<p class=\"wp-block-paragraph\"><strong>Esp\u00e9rance de vie :<\/strong>&nbsp;78,8 ans<br><strong>Mortalit\u00e9 des moins de 5 ans :<\/strong>&nbsp;5.1&nbsp;\u2030<\/p>\n<\/div>\n<\/div>\n\n\n\n<h2 class=\"wp-block-heading\"><strong>Cuba en un coup d&rsquo;\u0153il<\/strong><\/h2>\n\n\n\n<p class=\"wp-block-paragraph\">La R\u00e9publique de Cuba (<em>Rep\u00fablica de Cuba<\/em>), un \u00c9tat socialiste, est le plus grand groupe d&rsquo;\u00eeles de la mer des Cara\u00efbes, comprenant l&rsquo;\u00eele de Cuba, l&rsquo;\u00eele de la Jeunesse (Isla de la Juventud) et plusieurs \u00eeles plus petites. L&rsquo;archipel est situ\u00e9 \u00e0 l&rsquo;ouest de la partie nord de la mer des Cara\u00efbes, \u00e0 l&rsquo;ouest de l&rsquo;oc\u00e9an Atlantique et \u00e0 l&rsquo;est du golfe du <a href=\"https:\/\/www.humanium.org\/fr\/mexique\/\">Mexique<\/a>. Sa situation g\u00e9ographique unique place Cuba au sud de l&rsquo;est des <a href=\"https:\/\/www.humanium.org\/fr\/etats-unis\/\">\u00c9tats-Unis<\/a> et des <a href=\"https:\/\/www.humanium.org\/fr\/bahamas\/\">Bahamas<\/a>, \u00e0 l&rsquo;est du Mexique, \u00e0 l&rsquo;ouest d&rsquo;<a href=\"https:\/\/www.humanium.org\/fr\/haiti\/\">Ha\u00efti<\/a> et des \u00eeles Turks et Caicos, et au nord des \u00eeles Ca\u00efmans et de la Jama\u00efque. L&rsquo;\u00eele est situ\u00e9e \u00e0 environ 93,3 miles (150 kilom\u00e8tres) de Key West, en Floride (CubanResearch Institute, 2021).<\/p>\n\n\n\n<p class=\"wp-block-paragraph\">Avant la colonisation, les premiers habitants de Cuba \u00e9taient les Ta\u00edno, les Guanahatabey et les Ciboney. Au 15e si\u00e8cle, l&rsquo;arriv\u00e9e de Christophe Colomb a fait de Cuba une colonie espagnole et l&rsquo;archipel l&rsquo;est rest\u00e9 jusqu&rsquo;en 1898. \u00c0 cette \u00e9poque, l&rsquo;\u00e9conomie cubaine d\u00e9pendait fortement de l&rsquo;exportation de caf\u00e9, de tabac et de sucre vers l&rsquo;Am\u00e9rique du Nord et l&rsquo;Europe (CubanResearch Institute, 2021).<\/p>\n\n\n\n<p class=\"wp-block-paragraph\">Historiquement, Cuba a \u00e9t\u00e9 marqu\u00e9e par des coups d\u2019\u00e9tat politiques et une instabilit\u00e9 institutionnelle qui remonte \u00e0 1868 et \u00e0 la lutte du pays pour obtenir son ind\u00e9pendance de la domination coloniale <a href=\"https:\/\/www.humanium.org\/fr\/espagne\/\">espagnole<\/a>. Le 20 mai 1902, Cuba a officiellement acquis son ind\u00e9pendance et les \u00c9tats-Unis ont mis fin \u00e0 l\u2019occupation militaire du pays (CubanResearch Institute, 2021).<\/p>\n\n\n\n<p class=\"wp-block-paragraph\">Cette date n&rsquo;a cependant pas marqu\u00e9 la fin des troubles civils et de l&rsquo;agitation politique. Entre 1929 et 1940, Cuba a connu de multiples coups d&rsquo;\u00c9tat, catalys\u00e9s par le renversement du dictateur Gerardo Machado en 1933. La p\u00e9riode qui a suivi, appel\u00e9e \u00ab&nbsp;l&rsquo;\u00e8re de la d\u00e9mocratie&nbsp;\u00bb, a \u00e9t\u00e9 marqu\u00e9e par l\u2019\u00e9tablissement d\u2019une nouvelle Constitution, qui a ouvert une nouvelle \u00e8re de droits socio-\u00e9conomiques (CubanResearch Institute, 2021).&nbsp;<\/p>\n\n\n\n<p class=\"wp-block-paragraph\">Le conflit et l\u2019agitation ont ensuite \u00e9clat\u00e9 lorsque le g\u00e9n\u00e9ral Batista a destitu\u00e9 le pr\u00e9sident Socarr\u00e1s, annulant la Constitution et suspendant les processus \u00e9lectoraux. Ce fut pr\u00e9cis\u00e9ment l&rsquo;occasion pour Fidel Castro et sa gu\u00e9rilla de prendre le pouvoir, en 1959, et de se tourner imm\u00e9diatement vers l&rsquo;URSS afin d\u2019obtenir son soutien dans le sillage de l&#8217;embargo am\u00e9ricain en cours.&nbsp;<\/p>\n\n\n\n<p class=\"wp-block-paragraph\">Malgr\u00e9 l&rsquo;invasion de la Baie des Cochons, soutenue par les Etats-Unis, et la tristement c\u00e9l\u00e8bre crise des missiles, Castro a pu se maintenir au pouvoir jusqu&rsquo;en 2006 gr\u00e2ce au soutien sovi\u00e9tique. Cette p\u00e9riode s\u2019est d\u00e9finie par un fort contr\u00f4le autoritaire du gouvernement et une contestation limit\u00e9e du pouvoir de l&rsquo;\u00c9tat. Suite \u00e0 la maladie de Fidel, Raul, son fr\u00e8re, a pris le pouvoir et \u00e9t\u00e9 officiellement \u00e9lu pr\u00e9sident en 2008 (CubanResearch Institute, 2021).<\/p>\n\n\n\n<h2 class=\"wp-block-heading\"><strong>Statut des Droits de l\u2019Enfant<a href=\"#_ftn1\"><sup><strong><sup>[1]<\/sup><\/strong><\/sup><\/a><\/strong><\/h2>\n\n\n\n<p class=\"wp-block-paragraph\">Cuba s&rsquo;est engag\u00e9e \u00e0 respecter plusieurs instruments internationaux de protection des droits de l&rsquo;enfant. En 1991, le gouvernement a ratifi\u00e9 la <a href=\"https:\/\/www.humanium.org\/fr\/convention\/\">Convention relative aux droits de l&rsquo;enfant<\/a>(CDE). En 2001, Cuba a ratifi\u00e9 le <a href=\"https:\/\/www.humanium.org\/fr\/normes\/protocole-facultatif-cide-vente-prostitution-pornographie-enfants\/\">Protocole facultatif concernant la vente d&rsquo;enfants, la prostitution des enfants et la pornographie mettant en sc\u00e8ne des enfants<\/a> et, en 2007, le <a href=\"https:\/\/www.humanium.org\/fr\/normes\/protocole-facultatif-cide-enfants-dans-conflits-armes\/\">Protocole facultatif concernant l&rsquo;implication d&rsquo;enfants dans les conflits arm\u00e9s<\/a>.&nbsp;<\/p>\n\n\n<div class=\"wp-block-image\">\n<figure class=\"alignleft size-large is-resized\"><img loading=\"lazy\" decoding=\"async\" width=\"1024\" height=\"681\" src=\"https:\/\/www.humanium.org\/fr\/wp-content\/uploads\/2022\/09\/shutterstock_1015583866-1024x681.jpg\" alt=\"\" class=\"wp-image-53104\" style=\"width:356px;height:236px\" srcset=\"https:\/\/www.humanium.org\/fr\/wp-content\/uploads\/2022\/09\/shutterstock_1015583866-1024x681.jpg 1024w, https:\/\/www.humanium.org\/fr\/wp-content\/uploads\/2022\/09\/shutterstock_1015583866-300x200.jpg 300w, https:\/\/www.humanium.org\/fr\/wp-content\/uploads\/2022\/09\/shutterstock_1015583866-768x511.jpg 768w, https:\/\/www.humanium.org\/fr\/wp-content\/uploads\/2022\/09\/shutterstock_1015583866-1536x1022.jpg 1536w, https:\/\/www.humanium.org\/fr\/wp-content\/uploads\/2022\/09\/shutterstock_1015583866-2048x1363.jpg 2048w, https:\/\/www.humanium.org\/fr\/wp-content\/uploads\/2022\/09\/shutterstock_1015583866-830x552.jpg 830w, https:\/\/www.humanium.org\/fr\/wp-content\/uploads\/2022\/09\/shutterstock_1015583866-230x153.jpg 230w, https:\/\/www.humanium.org\/fr\/wp-content\/uploads\/2022\/09\/shutterstock_1015583866-350x233.jpg 350w, https:\/\/www.humanium.org\/fr\/wp-content\/uploads\/2022\/09\/shutterstock_1015583866-480x319.jpg 480w, https:\/\/www.humanium.org\/fr\/wp-content\/uploads\/2022\/09\/shutterstock_1015583866-272x182.jpg 272w\" sizes=\"auto, (max-width: 1024px) 100vw, 1024px\" \/><\/figure>\n<\/div>\n\n\n<p class=\"wp-block-paragraph\">Bien que Cuba ne dispose pas d&rsquo;une loi consolid\u00e9e sur les enfants, il existe plusieurs textes de loi nationaux qui ont int\u00e9gr\u00e9 la Convention des Nations unies relative aux droits de l&rsquo;enfant (CDE) et qui concernent les enfants. Par exemple, des lois telles que : le Code de l\u2019enfance et de la jeunesse, le Code civil, le Code de la famille, le Code du travail, le Code p\u00e9nal, la loi sur la maternit\u00e9 des travailleuses et la loi sur le registre civil (CRIN, 2011).<\/p>\n\n\n\n<p class=\"wp-block-paragraph\">En 2011, le <a href=\"https:\/\/www.humanium.org\/fr\/genese-comite-droits-enfant\/\">Comit\u00e9 des droits de l&rsquo;enfant<\/a> s&rsquo;est dit pr\u00e9occup\u00e9, \u00e0 la fois par la l\u00e9gislation nationale en vigueur \u00e0 Cuba et par sa capacit\u00e9 \u00e0 prot\u00e9ger de fa\u00e7on appropri\u00e9e les droits de l&rsquo;enfant, ainsi que par la capacit\u00e9 du pays \u00e0 adopter et int\u00e9grer une nouvelle l\u00e9gislation (CRIN, 2011). La d\u00e9finition de l&rsquo;enfant dans le pays est particuli\u00e8rement pr\u00e9occupante, l&rsquo;\u00e2ge de la majorit\u00e9 \u00e9tant de seize ans.&nbsp;<\/p>\n\n\n\n<p class=\"wp-block-paragraph\">Ainsi les enfants \u00e2g\u00e9s de seize ans peuvent se marier et travailler sans b\u00e9n\u00e9ficier de la protection des dispositions relatives aux enfants (CRIN, 2011). La loi autorise en outre les <a href=\"https:\/\/www.humanium.org\/fr\/la-maltraitance-des-enfants\/\">ch\u00e2timents corporels<\/a> et ne pr\u00e9voit pas de <a href=\"https:\/\/www.humanium.org\/fr\/justice-juvenile\/\">syst\u00e8me de justice<\/a> pour les enfants \u00e2g\u00e9s de 16 \u00e0 18 ans, ce qui permet \u00e0 l&rsquo;\u00c9tat de condamner des mineurs au m\u00eame titre que les adultes,sansl\u2019assurance d\u2019un syst\u00e8me judiciaire sp\u00e9cialis\u00e9 pour les enfants (CRIN, 2011).<\/p>\n\n\n\n<p class=\"wp-block-paragraph\">Malgr\u00e9 ses manquements, Cuba est devenue en 2015 le 180\u00e8me membre de l&rsquo;Organisation internationale du travail lorsque le gouvernement a ratifi\u00e9 la <a href=\"https:\/\/www.humanium.org\/fr\/normes\/convention-c182-pires-formes-travail-enfants-1999\/\">Convention (n\u00b0 182) sur les pires formes de travail des enfants<\/a>. La ratification de cette Convention d\u00e9montre l&rsquo;engagement du gouvernement \u00e0 prot\u00e9ger les enfants contre le travail des enfants sous toutes ses formes (OIT, 2015).<\/p>\n\n\n\n<h2 class=\"wp-block-heading\"><strong>R\u00e9pondre aux besoins des enfants \u00e0 Cuba<\/strong><\/h2>\n\n\n\n<h3 class=\"wp-block-heading\"><strong>Droit \u00e0 l&rsquo;\u00e9ducation&nbsp;<\/strong><\/h3>\n\n\n\n<p class=\"wp-block-paragraph\">\u00c0 Cuba, l&rsquo;<a href=\"https:\/\/www.humanium.org\/fr\/comprendre-droits-enfant\/droit-a-l-education\/\">\u00e9ducation<\/a> et les <a href=\"https:\/\/www.humanium.org\/fr\/comprendre-droits-enfant\/droit-a-la-sante\/\">soins de sant\u00e9<\/a> sont une priorit\u00e9 pour le gouvernement. Le droit \u00e0 l&rsquo;\u00e9ducation est inscrit dans les articles 39 et 51 de la Constitution de la R\u00e9publique de Cuba, le Code de l&rsquo;enfance et de la jeunesse de 1978 et le Code de la famille. L&rsquo;\u00e9ducation de la petite enfance, jusqu&rsquo;\u00e0 l&rsquo;\u00e2ge de six ans, est financ\u00e9e par l&rsquo;\u00c9tat, bien qu&rsquo;elle ne soit pas obligatoire. L&rsquo;\u00e9ducation de la petite enfance est organis\u00e9e en deux institutions : les cr\u00e8ches et l&rsquo;\u00e9cole maternelle (UNICEF Cuba, 2016).<\/p>\n\n\n\n<p class=\"wp-block-paragraph\">Selon le minist\u00e8re de l&rsquo;\u00e9ducation (MINED), il y a \u00e0 Cuba plus de 855 000 enfants \u00e2g\u00e9s de moins de 6 ans, parmi lesquels 99,5% fr\u00e9quentent l&rsquo;\u00e9ducation de la petite enfance. Le gouvernement cubain a adopt\u00e9 une approche holistique de l&rsquo;<a href=\"https:\/\/www.humanium.org\/fr\/comprendre-droits-enfant\/droit-a-l-education\/\">\u00e9ducation<\/a> de la petite enfance et est devenu un leader r\u00e9gional dans ce domaine, se targuant d&rsquo;avoir le plus grand nombre d&rsquo;interventions sociales entre le moment de la grossesse et le d\u00e9but de la scolarit\u00e9 (UNICEF Cuba, 2016).<\/p>\n\n\n\n<p class=\"wp-block-paragraph\">Depuis 1961, des centres d&rsquo;\u00e9ducation pr\u00e9scolaire ainsi que des garderies ont \u00e9t\u00e9 cr\u00e9\u00e9s pour fournir aux enfants cubains des services d&rsquo;\u00e9ducation, de nutrition et de soins de sant\u00e9 ad\u00e9quats. L&rsquo;Institut de l&rsquo;enfance (<em>Instituto de la Infancia<\/em>) a \u00e9t\u00e9 cr\u00e9\u00e9 en 1971 pour coordonner toutes les institutions \u0153uvrant au d\u00e9veloppement de la petite enfance dans des secteurs tels que la <a href=\"https:\/\/www.humanium.org\/fr\/comprendre-droits-enfant\/droit-a-la-sante\/\">sant\u00e9<\/a>, la culture et les <a href=\"https:\/\/www.humanium.org\/fr\/article-31-la-necessite-de-jouer-dans-la-vie-des-enfants\/\">sports<\/a> (UNICEF Cuba, 2016).<\/p>\n\n\n\n<p class=\"wp-block-paragraph\">L&rsquo;engagement du gouvernement cubain en mati\u00e8re d&rsquo;<a href=\"https:\/\/www.humanium.org\/fr\/comprendre-droits-enfant\/droit-a-l-education\/\">\u00e9ducation<\/a> est illustr\u00e9 par le programme \u00ab&nbsp;\u00c9duquez votre enfant&nbsp;\u00bb, qui offre \u00e0 tous les enfants la possibilit\u00e9 d&rsquo;acc\u00e9der \u00e0 l&rsquo;\u00e9ducation pr\u00e9scolaire afin d&rsquo;\u00eatre pr\u00e9par\u00e9s \u00e0 la premi\u00e8re ann\u00e9e d\u2019\u00e9cole. Ce programme est fond\u00e9 sur trois principes, \u00e0 savoir : la famille, la communaut\u00e9 et une approche intersectorielle de l&rsquo;\u00e9ducation.<\/p>\n\n\n<div class=\"wp-block-image\">\n<figure class=\"alignright size-large is-resized\"><img loading=\"lazy\" decoding=\"async\" width=\"1024\" height=\"683\" src=\"https:\/\/www.humanium.org\/fr\/wp-content\/uploads\/2022\/09\/shutterstock_445730281-1024x683.jpg\" alt=\"\" class=\"wp-image-53103\" style=\"width:362px;height:242px\" srcset=\"https:\/\/www.humanium.org\/fr\/wp-content\/uploads\/2022\/09\/shutterstock_445730281-1024x683.jpg 1024w, https:\/\/www.humanium.org\/fr\/wp-content\/uploads\/2022\/09\/shutterstock_445730281-300x200.jpg 300w, https:\/\/www.humanium.org\/fr\/wp-content\/uploads\/2022\/09\/shutterstock_445730281-768x512.jpg 768w, https:\/\/www.humanium.org\/fr\/wp-content\/uploads\/2022\/09\/shutterstock_445730281-1536x1024.jpg 1536w, https:\/\/www.humanium.org\/fr\/wp-content\/uploads\/2022\/09\/shutterstock_445730281-2048x1366.jpg 2048w, https:\/\/www.humanium.org\/fr\/wp-content\/uploads\/2022\/09\/shutterstock_445730281-830x553.jpg 830w, https:\/\/www.humanium.org\/fr\/wp-content\/uploads\/2022\/09\/shutterstock_445730281-230x153.jpg 230w, https:\/\/www.humanium.org\/fr\/wp-content\/uploads\/2022\/09\/shutterstock_445730281-350x233.jpg 350w, https:\/\/www.humanium.org\/fr\/wp-content\/uploads\/2022\/09\/shutterstock_445730281-480x320.jpg 480w, https:\/\/www.humanium.org\/fr\/wp-content\/uploads\/2022\/09\/shutterstock_445730281-272x182.jpg 272w\" sizes=\"auto, (max-width: 1024px) 100vw, 1024px\" \/><\/figure>\n<\/div>\n\n\n<p class=\"wp-block-paragraph\">On consid\u00e8re que les <a href=\"https:\/\/www.humanium.org\/fr\/famille-droits-enfant\/\">familles<\/a> jouent un r\u00f4le central dans le programme, car il les forme et les pr\u00e9pare \u00e0 am\u00e9liorer leurs comp\u00e9tences parentales et \u00e0 faire participer leurs enfants \u00e0 des activit\u00e9s stimulantes \u00e0 la maison. Au-del\u00e0 des familles, les communaut\u00e9s <a href=\"https:\/\/www.humanium.org\/fr\/article-31-la-necessite-de-jouer-dans-la-vie-des-enfants\/\">jouent<\/a> \u00e9galement un r\u00f4le essentiel en enseignant aux enfants la culture, les traditions, les valeurs et l&rsquo;importance des interactions positives. Enfin, le programme utilise une approche intersectorielle, qui s&rsquo;appuie sur les services existants de d\u00e9veloppement des enfants, qui leurs sont offerts au niveau communautaire (UNICEF Cuba, 2016).<\/p>\n\n\n\n<p class=\"wp-block-paragraph\">\u00c0 l&rsquo;\u00e9chelle r\u00e9gionale, le programme \u00ab&nbsp;\u00c9duquez votre enfant&nbsp;\u00bb a incit\u00e9 les gouvernements de <a href=\"https:\/\/www.humanium.org\/fr\/colombie\/\">Colombie<\/a>, d&rsquo;<a href=\"https:\/\/www.humanium.org\/fr\/equateur\/\">\u00c9quateur<\/a>, du <a href=\"https:\/\/www.humanium.org\/fr\/bresil\/\">Br\u00e9sil<\/a>, du <a href=\"https:\/\/www.humanium.org\/fr\/guatemala\/\">Guatemala<\/a>, du <a href=\"https:\/\/www.humanium.org\/fr\/mexique\/\">Mexique<\/a> et du <a href=\"https:\/\/www.humanium.org\/fr\/venezuela\/\">Venezuela<\/a> \u00e0 adopter des programmes similaires pour les enfants (UNICEF Cuba, 2016).&nbsp;&nbsp;<\/p>\n\n\n\n<h3 class=\"wp-block-heading\"><strong>Le droit \u00e0 la sant\u00e9&nbsp;<\/strong><\/h3>\n\n\n\n<p class=\"wp-block-paragraph\">Le droit \u00e0 la <a href=\"https:\/\/www.humanium.org\/fr\/comprendre-droits-enfant\/droit-a-la-sante\/\">sant\u00e9<\/a> est illustr\u00e9 par l&rsquo;article 50 de la Constitution de la R\u00e9publique de Cuba et par les articles 13 et 113 du Code de l&rsquo;enfance et de la jeunesse (UNICEF Cuba, 2016). \u00c0 Cuba, l&rsquo;acc\u00e8s aux soins de sant\u00e9 infantile et la qualit\u00e9 de ces soins sont louables, comme en t\u00e9moigne le faible taux de <a href=\"https:\/\/www.humanium.org\/fr\/mortalite-infantile\/\">mortalit\u00e9 infantile<\/a>. Cuba, qui a r\u00e9ussi \u00e0 r\u00e9duire progressivement son taux de mortalit\u00e9 infantile, poss\u00e8de le deuxi\u00e8me taux de mortalit\u00e9 des moins de 5 ans le plus bas d\u2019Am\u00e9rique, derri\u00e8re le <a href=\"https:\/\/www.humanium.org\/fr\/canada\/\">Canada<\/a>. L&rsquo;excellence du pays en mati\u00e8re de soins de sant\u00e9 infantile peut \u00eatre attribu\u00e9e \u00e0 son syst\u00e8me int\u00e9gr\u00e9 et coh\u00e9rent des soins de sant\u00e9 et d\u2019\u00e9ducation (Gonzalez &amp; Choonara, 2019).<\/p>\n\n\n\n<p class=\"wp-block-paragraph\">En juin 2015, sous la direction de l&rsquo;OMS, de l&rsquo;UNICEF et de l&rsquo;ONUSIDA, Cuba est devenue le premier pays au monde \u00e0 achever le processus de validation officielle de l&rsquo;\u00e9limination de la transmission m\u00e8re-enfant du VIH et de la syphilis cong\u00e9nitale. Le Programme national de vaccination veille \u00e0 ce que tous les enfants soient vaccin\u00e9s contre les maladies (UNICEF Cuba, 2016).<\/p>\n\n\n\n<p class=\"wp-block-paragraph\">\u00c0 Cuba, le syst\u00e8me national de sant\u00e9 a \u00e9t\u00e9 d\u00e9velopp\u00e9 dans les ann\u00e9es 1960 et a mis l&rsquo;accent sur les soins de sant\u00e9 primaires et les services de soins de sant\u00e9 destin\u00e9s aux enfants. Les soins de sant\u00e9 maternelle et infantile ont \u00e9t\u00e9 consid\u00e9r\u00e9s comme prioritaires par le gouvernement, depuis la cr\u00e9ation de maternit\u00e9s dans les ann\u00e9es 1960 jusqu&rsquo;\u00e0 la cr\u00e9ation de banques de lait maternel dans les ann\u00e9es 2000 (UNICEF Cuba, 2016).<\/p>\n\n\n\n<h3 class=\"wp-block-heading\"><strong>Droit \u00e0 l&rsquo;eau potable et \u00e0 l&rsquo;assainissement&nbsp;<\/strong><\/h3>\n\n\n\n<p class=\"wp-block-paragraph\">Environ 94% des Cubains b\u00e9n\u00e9ficient de \u00ab&nbsp;sources d&rsquo;eau potable am\u00e9lior\u00e9es&nbsp;\u00bb, c&rsquo;est-\u00e0-dire prot\u00e9g\u00e9es de toute contamination ext\u00e9rieure (UNICEF, 2022). Les statistiques officielles indiquent que pr\u00e8s de 80% du pays re\u00e7oit de l&rsquo;<a href=\"https:\/\/www.humanium.org\/fr\/comprendre-droits-enfant\/droit-a-l-eau\/\">eau<\/a> propre gr\u00e2ce aux syst\u00e8mes d&rsquo;aqueducs fournis par le gouvernement (Latina, 2022). En termes d&rsquo;assainissement, 60 % du pays a acc\u00e8s \u00e0 des syst\u00e8mes de vidange, de traitement et d&rsquo;\u00e9limination des d\u00e9chets appropri\u00e9s (Latina, 2022).<\/p>\n\n\n\n<p class=\"wp-block-paragraph\">Malgr\u00e9 des statistiques apparemment positives et la garantie constitutionnelle de Cuba selon laquelle tous les citoyens ont acc\u00e8s \u00e0 l&rsquo;eau potable, la r\u00e9alit\u00e9 sur le terrain est pr\u00e9occupante. De nombreuses r\u00e9gions du pays ont un acc\u00e8s sporadique \u00e0 l&rsquo;eau potable, qui n&rsquo;est disponible que quelques heures chaque jour (Liubchenkova, 2020). En outre, le pays souffre de pr\u00e9cipitations irr\u00e9guli\u00e8res et d&rsquo;un manque de financement r\u00e9cent de la part du gouvernement, pour garantir l\u2019entretien et la r\u00e9paration n\u00e9cessaires des installations sanitaires (Liubchenkova, 2020).&nbsp;<\/p>\n\n\n\n<h3 class=\"wp-block-heading\"><strong>Droit \u00e0 l\u2019identit\u00e9<\/strong><\/h3>\n\n\n\n<p class=\"wp-block-paragraph\">Selon l&rsquo;article 33 de la Constitution de la R\u00e9publique de Cuba, la citoyennet\u00e9 s&rsquo;acquiert \u00e0 la naissance ou par naturalisation (Consortium pour les enfants des rues). A Cuba, les mesures de protection de l&rsquo;enfance sont mises en \u0153uvre par le biais des syst\u00e8mes de soins de sant\u00e9 et d&rsquo;\u00e9ducation. Par exemple, l&rsquo;<a href=\"https:\/\/www.humanium.org\/fr\/comprendre-droits-enfant\/droit-a-l-identite\/\">enregistrement des naissances<\/a> est consid\u00e9r\u00e9 comme une mesure de protection de l&rsquo;enfance, coordonn\u00e9e entre le Minist\u00e8re de la Justice et le Minist\u00e8re de la Sant\u00e9 Publique. Presque toutes les naissances dans le pays ont lieu dans des \u00e9tablissements de soins de sant\u00e9 qui proposent l&rsquo;enregistrement des naissances. L&rsquo;enregistrement des naissances est une n\u00e9cessit\u00e9, car il existe des m\u00e9canismes institutionnels, tels que la scolarisation et la vaccination, qui exigent une \u00ab&nbsp;carte d&rsquo;identit\u00e9 de mineur&nbsp;\u00bb, ce qui rend essentiel l\u2019enregistrement correct des enfants (UNICEF Cuba, 2016).&nbsp;&nbsp;<\/p>\n\n\n\n<h2 class=\"wp-block-heading\"><strong>Facteurs de risques \u2192 D\u00e9fis sp\u00e9cifiques au pays<\/strong><\/h2>\n\n\n\n<h3 class=\"wp-block-heading\"><strong>Trafic d\u2019enfants<\/strong><\/h3>\n\n\n<div class=\"wp-block-image\">\n<figure class=\"alignright size-large is-resized\"><img loading=\"lazy\" decoding=\"async\" width=\"1024\" height=\"711\" src=\"https:\/\/www.humanium.org\/fr\/wp-content\/uploads\/2022\/09\/shutterstock_400794637-1024x711.jpg\" alt=\"\" class=\"wp-image-53105\" style=\"width:371px;height:258px\" srcset=\"https:\/\/www.humanium.org\/fr\/wp-content\/uploads\/2022\/09\/shutterstock_400794637-1024x711.jpg 1024w, https:\/\/www.humanium.org\/fr\/wp-content\/uploads\/2022\/09\/shutterstock_400794637-300x208.jpg 300w, https:\/\/www.humanium.org\/fr\/wp-content\/uploads\/2022\/09\/shutterstock_400794637-768x533.jpg 768w, https:\/\/www.humanium.org\/fr\/wp-content\/uploads\/2022\/09\/shutterstock_400794637-1536x1066.jpg 1536w, https:\/\/www.humanium.org\/fr\/wp-content\/uploads\/2022\/09\/shutterstock_400794637-2048x1421.jpg 2048w, https:\/\/www.humanium.org\/fr\/wp-content\/uploads\/2022\/09\/shutterstock_400794637-830x576.jpg 830w, https:\/\/www.humanium.org\/fr\/wp-content\/uploads\/2022\/09\/shutterstock_400794637-230x160.jpg 230w, https:\/\/www.humanium.org\/fr\/wp-content\/uploads\/2022\/09\/shutterstock_400794637-350x243.jpg 350w, https:\/\/www.humanium.org\/fr\/wp-content\/uploads\/2022\/09\/shutterstock_400794637-480x333.jpg 480w\" sizes=\"auto, (max-width: 1024px) 100vw, 1024px\" \/><\/figure>\n<\/div>\n\n\n<p class=\"wp-block-paragraph\">Cuba est consid\u00e9r\u00e9e comme un pays d\u2019origine et de transit pour la <a href=\"https:\/\/www.humanium.org\/fr\/trafic-enfants\/\">traite<\/a> des personnes. Les trafiquants sont souvent des membres de la famille et des parents proches, qui soumettent les femmes et les enfants \u00e0 la traite \u00e0 des fins d&rsquo;exploitation sexuelle ou de travail. G\u00e9n\u00e9ralement, les Cubains qui tentent de se rendre aux <a href=\"https:\/\/www.humanium.org\/fr\/etats-unis\/\">\u00c9tats-Unis<\/a> en passant par des pays d&rsquo;Am\u00e9rique du Sud ou d&rsquo;Am\u00e9rique centrale sont susceptibles d&rsquo;\u00eatre victimes de la traite \u00e0 des fins d&rsquo;exploitation sexuelle ou de travail des enfants (Assembl\u00e9e g\u00e9n\u00e9rale des Nations Unies, 2018).<\/p>\n\n\n\n<p class=\"wp-block-paragraph\">\u00c0 l&rsquo;int\u00e9rieur du pays, des cas ont \u00e9t\u00e9 constat\u00e9s de gar\u00e7ons et de filles soumis \u00e0 la traite \u00e0 des fins d&rsquo;<a href=\"https:\/\/www.humanium.org\/fr\/prostitution-infantile\/\">exploitation sexuelle<\/a> par des membres de leur famille. Ces enfants, dont certains n&rsquo;ont pas plus de dix ans, sont contraints par des membres de leur famille \u00e0 avoir des relations sexuelles avec des Cubains et des \u00e9trangers pour de l&rsquo;argent, afin de soutenir financi\u00e8rement leur famille (Assembl\u00e9e g\u00e9n\u00e9rale des Nations unies, 2018).&nbsp;&nbsp;<\/p>\n\n\n\n<p class=\"wp-block-paragraph\">Cuba se situe au niveau 3 du rapport annuel du D\u00e9partement d&rsquo;\u00c9tat am\u00e9ricain sur la traite des personnes, selon lequel le pays ne respecte pas les normes minimales attendues pour l&rsquo;\u00e9limination de la traite des personnes et ne d\u00e9ploie pas d&rsquo;efforts significatifs pour y parvenir (D\u00e9partement d&rsquo;\u00c9tat am\u00e9ricain, 2021). La l\u00e9gislation ne criminalise pas le recrutement, le transport et l&rsquo;accueil d&rsquo;enfants \u00e0 des fins de traite (D\u00e9partement d&rsquo;\u00c9tat am\u00e9ricain, 2021). Par cons\u00e9quent, le pays est un march\u00e9 pour le <a href=\"https:\/\/www.humanium.org\/fr\/prostitution-infantile\/\">trafic sexuel<\/a> et le travail forc\u00e9 (D\u00e9partement d&rsquo;\u00c9tat am\u00e9ricain, 2021).<\/p>\n\n\n\n<p class=\"wp-block-paragraph\">Le gouvernement a cr\u00e9\u00e9 des Centres de protection et d&rsquo;orientation de l\u2019enfance et une Direction de la protection de la famille et des questions juridictionnelles afin d\u2019aider les enfants victimes de trafic. Cependant, peu d&rsquo;\u00e9l\u00e9ments indiquent que ces institutions re\u00e7oivent un financement ad\u00e9quat et obtiennent des r\u00e9sultats prometteurs (D\u00e9partement d&rsquo;\u00c9tat am\u00e9ricain, 2021).<\/p>\n\n\n\n<h3 class=\"wp-block-heading\"><strong>Le mariage des enfants<\/strong><\/h3>\n\n\n<div class=\"wp-block-image\">\n<figure class=\"alignleft size-large is-resized\"><img loading=\"lazy\" decoding=\"async\" width=\"1024\" height=\"684\" src=\"https:\/\/www.humanium.org\/fr\/wp-content\/uploads\/2022\/09\/shutterstock_597489686-1024x684.jpg\" alt=\"\" class=\"wp-image-53106\" style=\"width:438px;height:293px\" srcset=\"https:\/\/www.humanium.org\/fr\/wp-content\/uploads\/2022\/09\/shutterstock_597489686-1024x684.jpg 1024w, https:\/\/www.humanium.org\/fr\/wp-content\/uploads\/2022\/09\/shutterstock_597489686-300x200.jpg 300w, https:\/\/www.humanium.org\/fr\/wp-content\/uploads\/2022\/09\/shutterstock_597489686-768x513.jpg 768w, https:\/\/www.humanium.org\/fr\/wp-content\/uploads\/2022\/09\/shutterstock_597489686-1536x1025.jpg 1536w, https:\/\/www.humanium.org\/fr\/wp-content\/uploads\/2022\/09\/shutterstock_597489686-2048x1367.jpg 2048w, https:\/\/www.humanium.org\/fr\/wp-content\/uploads\/2022\/09\/shutterstock_597489686-830x554.jpg 830w, https:\/\/www.humanium.org\/fr\/wp-content\/uploads\/2022\/09\/shutterstock_597489686-230x154.jpg 230w, https:\/\/www.humanium.org\/fr\/wp-content\/uploads\/2022\/09\/shutterstock_597489686-350x234.jpg 350w, https:\/\/www.humanium.org\/fr\/wp-content\/uploads\/2022\/09\/shutterstock_597489686-480x320.jpg 480w, https:\/\/www.humanium.org\/fr\/wp-content\/uploads\/2022\/09\/shutterstock_597489686-272x182.jpg 272w\" sizes=\"auto, (max-width: 1024px) 100vw, 1024px\" \/><\/figure>\n<\/div>\n\n\n<p class=\"wp-block-paragraph\">Dans une enqu\u00eate en grappes \u00e0 indicateurs multiples r\u00e9alis\u00e9e par l\u2019UNICEF en 2019 \u00e0 Cuba, il a \u00e9t\u00e9 constat\u00e9 que 29,4% des femmes \u00e2g\u00e9es de 20 \u00e0 24 ans avaient \u00e9t\u00e9 mari\u00e9es avant l&rsquo;\u00e2ge de dix-huit ans et 4,8% avant l&rsquo;\u00e2ge de quinze ans. Pour les hommes \u00e2g\u00e9s de 20 \u00e0 24 ans, 5,9% avaient \u00e9t\u00e9 mari\u00e9s avant l&rsquo;\u00e2ge de dix-huit ans et 1,5% avant l&rsquo;\u00e2ge de quinze ans (UNICEF Cuba, 2020). La province de Jiguan\u00ed\u00e0 l\u2019est de Cuba, \u00e0 Granma, pr\u00e9sente le deuxi\u00e8me taux le plus \u00e9lev\u00e9 de <a href=\"https:\/\/www.humanium.org\/fr\/sexualite-des-adolescents\/\">f\u00e9condit\u00e9 chez les adolescentes<\/a> avec 68,8% en 2018. Le manque d&rsquo;\u00e9ducation sexuelle et les pressions soci\u00e9tales obligent les familles \u00e0 pousser leurs filles \u00e0 un <a href=\"https:\/\/www.humanium.org\/fr\/mariage-enfants\/\">mariage pr\u00e9coce<\/a> si elles tombent enceintes (Reina, 2022).<\/p>\n\n\n\n<p class=\"wp-block-paragraph\">Le gouvernement a entrepris une \u00e9tude sur l&rsquo;interdiction compl\u00e8te du <a href=\"https:\/\/www.humanium.org\/fr\/mariage-enfants\/\">mariage d\u2019enfants<\/a> \u00e0 Cuba par le biais d&rsquo;une r\u00e9forme juridique. Cette r\u00e9forme vise \u00e0 supprimer l&rsquo;exception qui permet aux filles de se marier \u00e0 partir de quatorze ans et aux gar\u00e7ons \u00e0 partir de seize ans (Cuba News, 2021).<\/p>\n\n\n\n<h3 class=\"wp-block-heading\"><strong>Justice juv\u00e9nile et enfants en conflit avec la loi&nbsp;<\/strong><\/h3>\n\n\n\n<p class=\"wp-block-paragraph\">En vertu de l&rsquo;article 16 du Code p\u00e9nal cubain, l&rsquo;\u00e2ge minimum de la responsabilit\u00e9 p\u00e9nale est de 16 ans et les enfants sont passibles de peines applicables aux adultes. Toutefois, il n&rsquo;y a pas d&rsquo;\u00e2ge minimum auquel un enfant peut \u00eatre passible de peines dont la <a href=\"https:\/\/www.humanium.org\/fr\/enfants-detenus\/\">privation de libert\u00e9<\/a> dans les centres de r\u00e9\u00e9ducation de Cuba (CRIN). Actuellement, 662 enfants \u00e2g\u00e9s de seize \u00e0 dix-huit ans sont d\u00e9tenus dans les prisons cubaines. Sur ces 662 enfants, 274 ont entre seize et dix-sept ans et les autres ont dix-huit ans (Comit\u00e9 des droits de l&rsquo;enfant, 2021).<\/p>\n\n\n\n<p class=\"wp-block-paragraph\">En juillet 2021, apr\u00e8s une s\u00e9rie de manifestations contre le r\u00e9gime du Parti communiste de Cuba (\u00e9galement connues sous le nom de manifestations du 11J), plus de 1 000 Cubains ont \u00e9t\u00e9 arr\u00eat\u00e9s, dont une fraction d&rsquo;enfants. Des enfants \u00e2g\u00e9s d&rsquo;\u00e0 peine douze ans ont \u00e9t\u00e9 <a href=\"https:\/\/www.humanium.org\/fr\/enfants-detenus\/\">d\u00e9tenus<\/a> et accus\u00e9s d&rsquo;actes de vandalisme, de subversion \u00e0 l&rsquo;ordre constitutionnel et de s\u00e9dition. Selon des organisations locales de d\u00e9fense des droits de l&rsquo;homme, ces enfants sont actuellement d\u00e9tenus \u00e0 l&rsquo;\u00c9tablissement p\u00e9nitentiaire pour jeunes de l&rsquo;ouest (Herrera, 2022).&nbsp;&nbsp;<\/p>\n\n\n\n<p class=\"wp-block-paragraph\"><em><strong>\u00c9crit par Vanessa Cezarita Cordeiro<\/strong><\/em><\/p>\n\n\n\n<p class=\"wp-block-paragraph\"><em><strong>Traduit par St\u00e9phanie Roffat<\/strong><\/em><\/p>\n\n\n\n<p class=\"wp-block-paragraph\"><em><strong>Derni\u00e8re mise \u00e0 jour le 27 mars 2022<\/strong><\/em><\/p>\n\n\n\n<h4 class=\"wp-block-heading\"><strong>R\u00e9f\u00e9rences :<\/strong><\/h4>\n\n\n\n<p class=\"has-small-font-size wp-block-paragraph\"><a href=\"https:\/\/www.bbc.co.uk\/news\/world-latin-america-19583447\" target=\"_blank\" rel=\"noreferrer noopener\">BBC News. (2018, May 1). \u201cCuba country profile.\u201d Retrieved from BBC News, accessed on 24 March 2022.<\/a><\/p>\n\n\n\n<p class=\"has-small-font-size wp-block-paragraph\"><a href=\"https:\/\/www.refworld.org\/docid\/49880665b.html#:~:text=Cuba%2520confirmed%2520that%2520the%2520minimum,of%2520the%2520Child%2520in%25201996.&amp;text=During%2520negotiations%2520on%2520the%2520Optional,%2522straight%252D18%2522%2520position.\" target=\"_blank\" rel=\"noreferrer noopener\">Child Soldiers International. (2004). \u201cChild Soldiers Global Report 2004 \u2013 Cuba.\u201d Retrieved from RefWorld, accessed on 24 March 2022.<\/a><\/p>\n\n\n\n<p class=\"has-small-font-size wp-block-paragraph\"><a href=\"https:\/\/docstore.ohchr.org\/SelfServices\/FilesHandler.ashx?enc=6QkG1d\/PPRiCAqhKb7yhsogu+rcYtuo0ebg3v3LZyh\/Q76oD4UCOyvN3eHWbqoAT5AN6B6YQaI3mMkuTq6uBzHtV8LjsMM6N9xUlpruzKggpgpUcOXlBkJkbnMMFWb5+\" target=\"_blank\" rel=\"noreferrer noopener\">Committee on the Rights of the Child. (2020, January 27). \u201cCombined third and sixth periodic reports submitted by Cuba under article 44 of the Convention, CRC\/C\/CUB\/3-6.\u201d Retrieved from Committee on the Rights of the Child, accessed on 24 March 2022.<\/a><\/p>\n\n\n\n<p class=\"has-small-font-size wp-block-paragraph\"><a href=\"https:\/\/docstore.ohchr.org\/SelfServices\/FilesHandler.ashx?enc=6QkG1d\/PPRiCAqhKb7yhsogu+rcYtuo0ebg3v3LZyh9qck6MFEqck9\/jxjcCVjonL7EFWVbN3WKSVBEuwagnW7Q2HUOyHjat6dPm0s25eBfNARHZGUGCbsCV0DJFeXDj\" target=\"_blank\" rel=\"noreferrer noopener\">Committee on the Rights of the Child. (2021, November 15). \u201cReplies of Cuba to the list of issues in relation to its combined third to sixth periodic reports* CRC\/C\/CUB\/Q\/3-6.\u201d Retrieved from Committee on the Rights of the Child, accessed on 24 March 2022.<\/a><\/p>\n\n\n\n<p class=\"has-small-font-size wp-block-paragraph\"><a href=\"https:\/\/www.streetchildren.org\/legal-atlas\/map\/cuba\/legal-identity\/can-a-child-apply-for-citizenship\/\" target=\"_blank\" rel=\"noreferrer noopener\">Consortium for Street Children. (n.d). \u201cCan a child apply for citizenship?\u201d Retrieved from Consortium for Street Children, accessed on 24 March 2022.<\/a><\/p>\n\n\n\n<p class=\"has-small-font-size wp-block-paragraph\"><a href=\"https:\/\/archive.crin.org\/en\/library\/publications\/cuba-national-laws.html\" target=\"_blank\" rel=\"noreferrer noopener\">CRIN. (2011, November 25). \u201cCuba: National Laws.\u201d Retrieved from Child Rights International Network, accessed on 21 March 2022.<\/a><\/p>\n\n\n\n<p class=\"has-small-font-size wp-block-paragraph\"><a href=\"https:\/\/archive.crin.org\/en\/home\/ages\/Americas.html\" target=\"_blank\" rel=\"noreferrer noopener\">CRIN. (n.d). \u201cMinimum ages of criminal responsibility in The Americas.\u201d Retrieved from Child Rights International Network, accessed on 24 March 2022.<\/a><\/p>\n\n\n\n<p class=\"has-small-font-size wp-block-paragraph\"><a href=\"https:\/\/oncubanews.com\/en\/cuba\/society-cuba\/cuba-studying-complete-ban-of-child-marriages\/\" target=\"_blank\" rel=\"noreferrer noopener\">Cuba News. (2021, November 21). \u201cCuba studying complete ban of child marriage.\u201d Retrieved from Cuba News, accessed on 21 March 2022.<\/a><\/p>\n\n\n\n<p class=\"has-small-font-size wp-block-paragraph\">Cuban Research Institute. (2021, August). \u201cCuba country profile.\u201d Retrieved from Cuban research Institute, accessed on 22 March 2022.<\/p>\n\n\n\n<p class=\"has-small-font-size wp-block-paragraph\"><a href=\"https:\/\/bmjpaedsopen.bmj.com\/content\/bmjpo\/3\/1\/e000573.full.pdf\" target=\"_blank\" rel=\"noreferrer noopener\">Gonzalez, M.C., Choonara, I. (2019, 8 October). \u201cCuba\u2019s success in child health: what can one learn?\u201d Retrieved from BMJ Paediatrics Open, accessed on 24 March 2022.<\/a><\/p>\n\n\n\n<p class=\"has-small-font-size wp-block-paragraph\"><a href=\"https:\/\/www.aldianews.com\/politics\/policy\/cubas-children-prisoners?device=mobile\" target=\"_blank\" rel=\"noreferrer noopener\">Herrera, M. (2022, February 10). \u201cCuba\u2019s children political prisoners: Five keys to understand what\u2019s happening.\u201d Retrieved from Al D\u00eda News Media, accessed on 24 March 2022.<\/a><\/p>\n\n\n\n<p class=\"has-small-font-size wp-block-paragraph\"><a href=\"https:\/\/www.refworld.org\/docid\/537343dc4.html\" target=\"_blank\" rel=\"noreferrer noopener\">Immigration and Refugee Board Canada. (2014, March 28). \u201cCuba: military service, including legislation, obligations, and alternatives; consequences for refusal.\u201d Retrieved from Ref World, accessed on 24 March 2022.<\/a><\/p>\n\n\n\n<p class=\"has-small-font-size wp-block-paragraph\"><a href=\"https:\/\/www.ilo.org\/global\/standards\/subjects-covered-by-international-labour-standards\/child-labour\/WCMS_409423\/lang--en\/index.htm\" target=\"_blank\" rel=\"noreferrer noopener\">International Labour Organization. (2015, September 29). \u201cCuba ratifies the Worst Forms of Child Labour Convention.\u201d Retrieved from International Labour Organization, accessed on 24 March 2022.<\/a><\/p>\n\n\n\n<p class=\"has-small-font-size wp-block-paragraph\">Latina, P. (2022, March 1). \u201cCuba increases access to drinking water and sanitation.\u201d Retrieved from Cuba\u2019s Representative Office Abroad, accessed on 24 March 2022.<\/p>\n\n\n\n<p class=\"has-small-font-size wp-block-paragraph\"><a href=\"https:\/\/www.euronews.com\/2020\/09\/23\/ten-inventive-ways-cubans-tackle-their-drinking-water-problems\" target=\"_blank\" rel=\"noreferrer noopener\">Liubchenkova, N. (2020, September 23). \u201cTen inventive ways Cubans tackle their drinking water problems.\u201d Retrieved from EuroNews, accessed on 22 March 2022.<\/a><\/p>\n\n\n\n<p class=\"has-small-font-size wp-block-paragraph\"><a href=\"https:\/\/www.unicef.org\/cuba\/en\/stories\/another-year-grow-without-violence\" target=\"_blank\" rel=\"noreferrer noopener\">Reina, R.T. (2022, 17 January). \u201cAnother year to grow without violence.\u201d Retrieved from UNICEF Cuba, accessed on 21 March 2022.<\/a><\/p>\n\n\n\n<p class=\"has-small-font-size wp-block-paragraph\"><a href=\"https:\/\/documents-dds-ny.un.org\/doc\/UNDOC\/GEN\/G18\/121\/55\/PDF\/G1812155.pdf?OpenElement\" target=\"_blank\" rel=\"noreferrer noopener\">UN General Assembly. (2018, April 30). \u201cReport of the Special Rapporteur on trafficking in persons, especially women and children on her mission to Cuba A\/HRC\/38\/45\/Add.1.\u201d Retrieved from United Nations Human Rights Council, accessed on 24 March 2022.<\/a><\/p>\n\n\n\n<p class=\"has-small-font-size wp-block-paragraph\"><a href=\"https:\/\/www.unicef.org\/cuba\/media\/3551\/file\/MICS6_Cuba-2019_compressed.pdf%2520.pdf\" target=\"_blank\" rel=\"noreferrer noopener\">UNICEF Cuba &amp; Directorate of Medical Records and Health Statistics. (2020, December). \u201cMultipleIndicatorClusterSurvey Cuba 2019, Encuesta de Indicadores M\u00faltiples por Conglomerados.\u201d Retrieved from UNICEF Cuba, accessed on 21 March 2022.<\/a><\/p>\n\n\n\n<p class=\"has-small-font-size wp-block-paragraph\"><a href=\"https:\/\/ghdx.healthdata.org\/record\/cuba-multiple-indicator-cluster-survey-2014\" target=\"_blank\" rel=\"noreferrer noopener\">UNICEF. (2022, January 12). \u201cCuba Multiple Cluster Indicator Survey 2014.\u201d Retrieved from Institute for Health Metrics and Evaluation, accessed on 22 March 2022.<\/a><\/p>\n\n\n\n<p class=\"has-small-font-size wp-block-paragraph\"><a href=\"https:\/\/www.state.gov\/reports\/2021-trafficking-in-persons-report\/cuba\/\" target=\"_blank\" rel=\"noreferrer noopener\">US Department of State. (2021). \u201c2021 Trafficking in persons report: Cuba.\u201d Retrieved from US Department of State, accessed on 24 March 2022.<\/a><\/p>\n\n\n\n<hr class=\"wp-block-separator has-css-opacity\"\/>\n\n\n\n<p class=\"has-small-font-size wp-block-paragraph\"><a href=\"#_ftnref1\">[1]<\/a> Cet article ne pr\u00e9tend en aucun cas donner un aper\u00e7u complet ou repr\u00e9sentatif des droits de l&rsquo;enfant \u00e0 Cuba; en effet, l&rsquo;une des nombreuses difficult\u00e9s r\u00e9side dans le peu d&rsquo;informations actualis\u00e9es sur les enfants cubains, dont la plupart sont peu fiables, non repr\u00e9sentatives, d\u00e9pass\u00e9es ou tout simplement inexistantes.<\/p>\n","protected":false},"excerpt":{"rendered":"<p>R\u00e9aliser les droits de l&rsquo;enfant \u00e0 Cuba&nbsp; Le gouvernement cubain fait preuve d&rsquo;une forte volont\u00e9 politique de garantir le bon d\u00e9veloppement et le bien-\u00eatre des enfants. Le pays est un leader r\u00e9gional et mondial en mati\u00e8re d&rsquo;\u00e9ducation de la petite enfance et de soins de sant\u00e9 infantile et continue d&rsquo;int\u00e9grer des textes de loi internationaux [&hellip;]<\/p>\n","protected":false},"author":65,"featured_media":0,"parent":0,"menu_order":0,"comment_status":"closed","ping_status":"closed","template":"","meta":{"footnotes":""},"class_list":["post-12075","page","type-page","status-publish","hentry"],"yoast_head":"<!-- This site is optimized with the Yoast SEO plugin v28.3 - https:\/\/yoast.com\/product\/yoast-seo-wordpress\/ -->\n<title>Enfants de Cuba - Humanium<\/title>\n<meta name=\"description\" content=\"Malgr\u00e9 les r\u00e9sultats obtenus, des am\u00e9liorations sont possibles, en particulier en ce qui concerne l&#039;\u00e2ge moyen de la responsabilit\u00e9 p\u00e9nale dans le pays.\" \/>\n<meta name=\"robots\" content=\"index, follow, max-snippet:-1, max-image-preview:large, max-video-preview:-1\" \/>\n<link rel=\"canonical\" href=\"https:\/\/www.humanium.org\/fr\/cuba\/\" \/>\n<meta property=\"og:locale\" content=\"fr_FR\" \/>\n<meta property=\"og:type\" content=\"article\" \/>\n<meta property=\"og:title\" content=\"Enfants de Cuba - Humanium\" \/>\n<meta property=\"og:description\" content=\"Malgr\u00e9 les r\u00e9sultats obtenus, des am\u00e9liorations sont possibles, en particulier en ce qui concerne l&#039;\u00e2ge moyen de la responsabilit\u00e9 p\u00e9nale dans le pays.\" \/>\n<meta property=\"og:url\" content=\"https:\/\/www.humanium.org\/fr\/cuba\/\" \/>\n<meta property=\"og:site_name\" content=\"Humanium\" \/>\n<meta property=\"article:modified_time\" content=\"2025-12-05T13:17:02+00:00\" \/>\n<meta property=\"og:image\" content=\"https:\/\/www.humanium.org\/fr\/wp-content\/uploads\/2022\/09\/Shutterstock_1560055994.jpg\" \/>\n\t<meta property=\"og:image:width\" content=\"250\" \/>\n\t<meta property=\"og:image:height\" content=\"250\" \/>\n\t<meta property=\"og:image:type\" content=\"image\/jpeg\" \/>\n<meta name=\"twitter:card\" content=\"summary_large_image\" \/>\n<meta name=\"twitter:label1\" content=\"Dur\u00e9e de lecture estim\u00e9e\" \/>\n\t<meta name=\"twitter:data1\" content=\"18 minutes\" \/>\n<script type=\"application\/ld+json\" class=\"yoast-schema-graph\">{\"@context\":\"https:\\\/\\\/schema.org\",\"@graph\":[{\"@type\":\"WebPage\",\"@id\":\"https:\\\/\\\/www.humanium.org\\\/fr\\\/cuba\\\/\",\"url\":\"https:\\\/\\\/www.humanium.org\\\/fr\\\/cuba\\\/\",\"name\":\"Enfants de Cuba - Humanium\",\"isPartOf\":{\"@id\":\"https:\\\/\\\/www.humanium.org\\\/fr\\\/#website\"},\"primaryImageOfPage\":{\"@id\":\"https:\\\/\\\/www.humanium.org\\\/fr\\\/cuba\\\/#primaryimage\"},\"image\":{\"@id\":\"https:\\\/\\\/www.humanium.org\\\/fr\\\/cuba\\\/#primaryimage\"},\"thumbnailUrl\":\"https:\\\/\\\/www.humanium.org\\\/fr\\\/wp-content\\\/uploads\\\/2022\\\/09\\\/Shutterstock_1560055994.jpg\",\"datePublished\":\"2011-11-06T18:00:05+00:00\",\"dateModified\":\"2025-12-05T13:17:02+00:00\",\"description\":\"Malgr\u00e9 les r\u00e9sultats obtenus, des am\u00e9liorations sont possibles, en particulier en ce qui concerne l'\u00e2ge moyen de la responsabilit\u00e9 p\u00e9nale dans le pays.\",\"breadcrumb\":{\"@id\":\"https:\\\/\\\/www.humanium.org\\\/fr\\\/cuba\\\/#breadcrumb\"},\"inLanguage\":\"fr-FR\",\"potentialAction\":[{\"@type\":\"ReadAction\",\"target\":[\"https:\\\/\\\/www.humanium.org\\\/fr\\\/cuba\\\/\"]}]},{\"@type\":\"ImageObject\",\"inLanguage\":\"fr-FR\",\"@id\":\"https:\\\/\\\/www.humanium.org\\\/fr\\\/cuba\\\/#primaryimage\",\"url\":\"https:\\\/\\\/www.humanium.org\\\/fr\\\/wp-content\\\/uploads\\\/2022\\\/09\\\/Shutterstock_1560055994.jpg\",\"contentUrl\":\"https:\\\/\\\/www.humanium.org\\\/fr\\\/wp-content\\\/uploads\\\/2022\\\/09\\\/Shutterstock_1560055994.jpg\",\"width\":250,\"height\":250},{\"@type\":\"BreadcrumbList\",\"@id\":\"https:\\\/\\\/www.humanium.org\\\/fr\\\/cuba\\\/#breadcrumb\",\"itemListElement\":[{\"@type\":\"ListItem\",\"position\":1,\"name\":\"Home\",\"item\":\"https:\\\/\\\/www.humanium.org\\\/fr\\\/\"},{\"@type\":\"ListItem\",\"position\":2,\"name\":\"Enfants de Cuba\"}]},{\"@type\":\"WebSite\",\"@id\":\"https:\\\/\\\/www.humanium.org\\\/fr\\\/#website\",\"url\":\"https:\\\/\\\/www.humanium.org\\\/fr\\\/\",\"name\":\"Humanium\",\"description\":\"Les enfants d\u2019abord !\",\"potentialAction\":[{\"@type\":\"SearchAction\",\"target\":{\"@type\":\"EntryPoint\",\"urlTemplate\":\"https:\\\/\\\/www.humanium.org\\\/fr\\\/?s={search_term_string}\"},\"query-input\":{\"@type\":\"PropertyValueSpecification\",\"valueRequired\":true,\"valueName\":\"search_term_string\"}}],\"inLanguage\":\"fr-FR\"}]}<\/script>\n<!-- \/ Yoast SEO plugin. -->","yoast_head_json":{"title":"Enfants de Cuba - Humanium","description":"Malgr\u00e9 les r\u00e9sultats obtenus, des am\u00e9liorations sont possibles, en particulier en ce qui concerne l'\u00e2ge moyen de la responsabilit\u00e9 p\u00e9nale dans le pays.","robots":{"index":"index","follow":"follow","max-snippet":"max-snippet:-1","max-image-preview":"max-image-preview:large","max-video-preview":"max-video-preview:-1"},"canonical":"https:\/\/www.humanium.org\/fr\/cuba\/","og_locale":"fr_FR","og_type":"article","og_title":"Enfants de Cuba - Humanium","og_description":"Malgr\u00e9 les r\u00e9sultats obtenus, des am\u00e9liorations sont possibles, en particulier en ce qui concerne l'\u00e2ge moyen de la responsabilit\u00e9 p\u00e9nale dans le pays.","og_url":"https:\/\/www.humanium.org\/fr\/cuba\/","og_site_name":"Humanium","article_modified_time":"2025-12-05T13:17:02+00:00","og_image":[{"width":250,"height":250,"url":"https:\/\/www.humanium.org\/fr\/wp-content\/uploads\/2022\/09\/Shutterstock_1560055994.jpg","type":"image\/jpeg"}],"twitter_card":"summary_large_image","twitter_misc":{"Dur\u00e9e de lecture estim\u00e9e":"18 minutes"},"schema":{"@context":"https:\/\/schema.org","@graph":[{"@type":"WebPage","@id":"https:\/\/www.humanium.org\/fr\/cuba\/","url":"https:\/\/www.humanium.org\/fr\/cuba\/","name":"Enfants de Cuba - Humanium","isPartOf":{"@id":"https:\/\/www.humanium.org\/fr\/#website"},"primaryImageOfPage":{"@id":"https:\/\/www.humanium.org\/fr\/cuba\/#primaryimage"},"image":{"@id":"https:\/\/www.humanium.org\/fr\/cuba\/#primaryimage"},"thumbnailUrl":"https:\/\/www.humanium.org\/fr\/wp-content\/uploads\/2022\/09\/Shutterstock_1560055994.jpg","datePublished":"2011-11-06T18:00:05+00:00","dateModified":"2025-12-05T13:17:02+00:00","description":"Malgr\u00e9 les r\u00e9sultats obtenus, des am\u00e9liorations sont possibles, en particulier en ce qui concerne l'\u00e2ge moyen de la responsabilit\u00e9 p\u00e9nale dans le pays.","breadcrumb":{"@id":"https:\/\/www.humanium.org\/fr\/cuba\/#breadcrumb"},"inLanguage":"fr-FR","potentialAction":[{"@type":"ReadAction","target":["https:\/\/www.humanium.org\/fr\/cuba\/"]}]},{"@type":"ImageObject","inLanguage":"fr-FR","@id":"https:\/\/www.humanium.org\/fr\/cuba\/#primaryimage","url":"https:\/\/www.humanium.org\/fr\/wp-content\/uploads\/2022\/09\/Shutterstock_1560055994.jpg","contentUrl":"https:\/\/www.humanium.org\/fr\/wp-content\/uploads\/2022\/09\/Shutterstock_1560055994.jpg","width":250,"height":250},{"@type":"BreadcrumbList","@id":"https:\/\/www.humanium.org\/fr\/cuba\/#breadcrumb","itemListElement":[{"@type":"ListItem","position":1,"name":"Home","item":"https:\/\/www.humanium.org\/fr\/"},{"@type":"ListItem","position":2,"name":"Enfants de Cuba"}]},{"@type":"WebSite","@id":"https:\/\/www.humanium.org\/fr\/#website","url":"https:\/\/www.humanium.org\/fr\/","name":"Humanium","description":"Les enfants d\u2019abord !","potentialAction":[{"@type":"SearchAction","target":{"@type":"EntryPoint","urlTemplate":"https:\/\/www.humanium.org\/fr\/?s={search_term_string}"},"query-input":{"@type":"PropertyValueSpecification","valueRequired":true,"valueName":"search_term_string"}}],"inLanguage":"fr-FR"}]}},"_links":{"self":[{"href":"https:\/\/www.humanium.org\/fr\/wp-json\/wp\/v2\/pages\/12075","targetHints":{"allow":["GET"]}}],"collection":[{"href":"https:\/\/www.humanium.org\/fr\/wp-json\/wp\/v2\/pages"}],"about":[{"href":"https:\/\/www.humanium.org\/fr\/wp-json\/wp\/v2\/types\/page"}],"author":[{"embeddable":true,"href":"https:\/\/www.humanium.org\/fr\/wp-json\/wp\/v2\/users\/65"}],"replies":[{"embeddable":true,"href":"https:\/\/www.humanium.org\/fr\/wp-json\/wp\/v2\/comments?post=12075"}],"version-history":[{"count":17,"href":"https:\/\/www.humanium.org\/fr\/wp-json\/wp\/v2\/pages\/12075\/revisions"}],"predecessor-version":[{"id":59956,"href":"https:\/\/www.humanium.org\/fr\/wp-json\/wp\/v2\/pages\/12075\/revisions\/59956"}],"wp:attachment":[{"href":"https:\/\/www.humanium.org\/fr\/wp-json\/wp\/v2\/media?parent=12075"}],"curies":[{"name":"wp","href":"https:\/\/api.w.org\/{rel}","templated":true}]}}