{"id":12083,"date":"2011-08-02T10:41:53","date_gmt":"2011-08-02T10:41:53","guid":{"rendered":"http:\/\/www.humanium.org\/fr\/?page_id=12083"},"modified":"2025-12-10T02:58:59","modified_gmt":"2025-12-10T02:58:59","slug":"perou","status":"publish","type":"page","link":"https:\/\/www.humanium.org\/fr\/perou\/","title":{"rendered":"Enfants du P\u00e9rou"},"content":{"rendered":"\n<h2 class=\"wp-block-heading\">Concr\u00e9tiser les droits de l&rsquo;enfant au P\u00e9rou<\/h2>\n\n\n\n<div class=\"wp-block-columns is-layout-flex wp-container-core-columns-is-layout-8f761849 wp-block-columns-is-layout-flex\">\n<div class=\"wp-block-column is-layout-flow wp-block-column-is-layout-flow\"><div class=\"wp-block-image is-style-rounded\">\n<figure class=\"aligncenter size-full is-resized\"><img loading=\"lazy\" decoding=\"async\" width=\"400\" height=\"400\" src=\"https:\/\/www.humanium.org\/fr\/wp-content\/uploads\/2023\/08\/Shutterstock_2034083135.jpg\" alt=\"\" class=\"wp-image-55525\" style=\"width:200px;height:200px\" srcset=\"https:\/\/www.humanium.org\/fr\/wp-content\/uploads\/2023\/08\/Shutterstock_2034083135.jpg 400w, https:\/\/www.humanium.org\/fr\/wp-content\/uploads\/2023\/08\/Shutterstock_2034083135-300x300.jpg 300w, https:\/\/www.humanium.org\/fr\/wp-content\/uploads\/2023\/08\/Shutterstock_2034083135-150x150.jpg 150w, https:\/\/www.humanium.org\/fr\/wp-content\/uploads\/2023\/08\/Shutterstock_2034083135-230x230.jpg 230w, https:\/\/www.humanium.org\/fr\/wp-content\/uploads\/2023\/08\/Shutterstock_2034083135-350x350.jpg 350w\" sizes=\"auto, (max-width: 400px) 100vw, 400px\" \/><\/figure>\n<\/div><\/div>\n\n\n\n<div class=\"wp-block-column is-layout-flow wp-block-column-is-layout-flow\"><div class=\"wp-block-image is-style-rounded\">\n<figure class=\"aligncenter size-full is-resized\"><img loading=\"lazy\" decoding=\"async\" width=\"400\" height=\"400\" src=\"https:\/\/www.humanium.org\/fr\/wp-content\/uploads\/2023\/08\/Shutterstock_376886917.jpg\" alt=\"\" class=\"wp-image-55526\" style=\"width:200px;height:200px\" srcset=\"https:\/\/www.humanium.org\/fr\/wp-content\/uploads\/2023\/08\/Shutterstock_376886917.jpg 400w, https:\/\/www.humanium.org\/fr\/wp-content\/uploads\/2023\/08\/Shutterstock_376886917-300x300.jpg 300w, https:\/\/www.humanium.org\/fr\/wp-content\/uploads\/2023\/08\/Shutterstock_376886917-150x150.jpg 150w, https:\/\/www.humanium.org\/fr\/wp-content\/uploads\/2023\/08\/Shutterstock_376886917-230x230.jpg 230w, https:\/\/www.humanium.org\/fr\/wp-content\/uploads\/2023\/08\/Shutterstock_376886917-350x350.jpg 350w\" sizes=\"auto, (max-width: 400px) 100vw, 400px\" \/><\/figure>\n<\/div><\/div>\n<\/div>\n\n\n\n<p class=\"wp-block-paragraph\"><strong>Des <a href=\"https:\/\/www.humanium.org\/fr\/pauvrete\/\">in\u00e9galit\u00e9s socio-\u00e9conomiques<\/a> perturbent encore la vie des enfants au P\u00e9rou, ce qui les expose \u00e0 <a href=\"https:\/\/www.humanium.org\/fr\/exploitation-sexuelle-enfants\/\">l\u2019exploitation sexuelle<\/a>, au <a href=\"https:\/\/www.humanium.org\/fr\/travail-des-enfants\/\">travail infantile<\/a> et \u00e0 <a href=\"https:\/\/www.humanium.org\/fr\/en-finir-avec-la-violence-a-legard-des-femmes-et-des-filles\/\">la violence sexiste<\/a>. Avec le COVID-19 <a href=\"https:\/\/www.humanium.org\/fr\/coronavirus-un-guide-pour-enfants-en-5-questions\/\">les enfants s&rsquo;exposent aussi au risque de devenir orphelin.<\/a> M\u00eame si&nbsp; le pays a ratifi\u00e9 de nombreuses l\u00e9gislations importantes &nbsp; pour la protection des droits des enfants mais des d\u00e9saccords persistants au sein du gouvernement emp\u00eachent les autorit\u00e9s du pays \u00e0 d\u00e9fendre les enfants dans les campagnes ou dans les communaut\u00e9s autochtones.<\/strong><\/p>\n\n\n\n<iframe src=\"https:\/\/www.google.com\/maps\/embed?pb=!1m18!1m12!1m3!1d16137232.01958972!2d-85.6975646989743!3d-9.086168690802348!2m3!1f0!2f0!3f0!3m2!1i1024!2i768!4f13.1!3m3!1m2!1s0x9105c850c05914f5%3A0xf29e011279210648!2sPeru!5e0!3m2!1sen!2sin!4v1692455587469!5m2!1sen!2sin\" width=\"600\" height=\"450\" style=\"border:0;\" allowfullscreen=\"\" loading=\"lazy\" referrerpolicy=\"no-referrer-when-downgrade\"><\/iframe>\n\n\n\n<div class=\"wp-block-columns is-layout-flex wp-container-core-columns-is-layout-8f761849 wp-block-columns-is-layout-flex\">\n<div class=\"wp-block-column is-layout-flow wp-block-column-is-layout-flow\">\n<p class=\"wp-block-paragraph\"><strong>Population :<\/strong> 33,92 millions<br><strong>Pop. de 0 \u00e0 14 ans :<\/strong> 25%<\/p>\n<\/div>\n\n\n\n<div class=\"wp-block-column is-layout-flow wp-block-column-is-layout-flow\">\n<p class=\"wp-block-paragraph\"><strong>Esp\u00e9rance de vie :<\/strong> 76,74 ans<br><strong>Mortalit\u00e9 des moins de 5 ans :<\/strong>&nbsp;13\u2030<\/p>\n<\/div>\n<\/div>\n\n\n\n<h2 class=\"wp-block-heading\"><strong>Le P\u00e9rou en un coup d\u2019\u0153il<\/strong><\/h2>\n\n\n\n<p class=\"wp-block-paragraph\">La R\u00e9publique du P\u00e9rou (<em>Rep\u00fablica del Per\u00fa<\/em>) est un pays qui se situe \u00e0 l&rsquo;ouest de l\u2019Am\u00e9rique du Sud. Au nord, le P\u00e9rou partage une fronti\u00e8re avec l\u2019<a href=\"https:\/\/www.humanium.org\/fr\/equateur\/\">\u00c9quateur<\/a> et la <a href=\"https:\/\/www.humanium.org\/fr\/colombie\/\">Colombie<\/a>, \u00e0 l\u2019est avec le <a href=\"https:\/\/www.humanium.org\/fr\/bresil\/\">Br\u00e9sil<\/a>, au sud-est avec la <a href=\"https:\/\/www.humanium.org\/fr\/bolivie\/\">Bolivie<\/a> et au sud avec le <a href=\"https:\/\/www.humanium.org\/fr\/chili\/\">Chili<\/a>. Le long des littoraux au sud et \u00e0 l\u2019ouest se trouve l\u2019oc\u00e9an Pacifique. Lima est la capitale du P\u00e9rou et la plus grande ville du pays (Davies et al, 2022).<\/p>\n\n\n\n<p class=\"wp-block-paragraph\">Des diff\u00e9rends s\u00e9v\u00e8res entre diff\u00e9rentes branches du gouvernement p\u00e9ruviens&nbsp; ont men\u00e9 \u00e0 l\u2019instabilit\u00e9 politique et institutionnelle. Cette crise institutionnelle a conduit \u00e0 cinq changements pr\u00e9sidentiels depuis 2016 et a men\u00e9 a&nbsp; de nombreux&nbsp; conflits politiques. La d\u00e9mission r\u00e9p\u00e9t\u00e9e des pr\u00e9sidents et la destitution des instances politiques ont caus\u00e9 des fermetures \u00e0 r\u00e9p\u00e9tition du parlement.<\/p>\n\n\n\n<p class=\"wp-block-paragraph\">Toutefois, malgr\u00e9 cela, au cours des deux derni\u00e8res d\u00e9cennies, le P\u00e9rou a l\u2019une des \u00e9conomies \u00e0 la croissance la plus rapide d&rsquo;Am\u00e9rique latine. En 2019, une \u00e9tude de la Banque mondiale a r\u00e9v\u00e9l\u00e9 que 20&nbsp;% de la population p\u00e9ruvienne vivaient en-de\u00e7\u00e0 du seuil national de la <a href=\"https:\/\/www.humanium.org\/fr\/pauvrete\/\">pauvret\u00e9<\/a>. La pauvret\u00e9 est li\u00e9e \u00e0 l\u2019augmentation du <a href=\"https:\/\/www.humanium.org\/fr\/travail-des-enfants\/\">travail des enfants<\/a>, l\u2019abandon scolaire pr\u00e9coce, et <a href=\"https:\/\/www.humanium.org\/fr\/exploitation-sexuelle-enfants\/\">l\u2019exploitation sexuelle<\/a> des enfants (Josenhans et al, 2021).<\/p>\n\n\n\n<p class=\"wp-block-paragraph\">Le P\u00e9rou abrite 55 groupes autochtones&nbsp; diff\u00e9rents qui vivent entre la r\u00e9gion amazonienne et les Andes. Les enfants de ces communaut\u00e9s sont expos\u00e9s \u00e0 un risque accru de l\u2019exploitation en raison de la pauvret\u00e9, et \u00e0 cause des l&rsquo;isolation g\u00e9ographique. Il est plus difficile d\u2019acc\u00e9der \u00e0 l\u2019\u00e9ducation et aux services de soins de sant\u00e9 dans ces localit\u00e9s (Josenhans et al, 2021).<\/p>\n\n\n\n<h2 class=\"wp-block-heading\"><strong>La situation du droit des enfants<\/strong> <strong><u><a href=\"#_ftn1\"><sup><strong><u><sup>[1]<\/sup><\/u><\/strong><\/sup><\/a><\/u><\/strong><\/h2>\n\n\n\n<p class=\"wp-block-paragraph\">Le P\u00e9rou s\u2019est engag\u00e9 \u00e0 respecter plusieurs accords internationaux pour la protection des droits des enfants. <\/p>\n\n\n<div class=\"wp-block-image\">\n<figure class=\"alignleft size-large is-resized\"><img loading=\"lazy\" decoding=\"async\" width=\"1024\" height=\"680\" src=\"https:\/\/www.humanium.org\/fr\/wp-content\/uploads\/2023\/08\/shutterstock_734395027-1024x680.jpg\" alt=\"\" class=\"wp-image-55531\" style=\"width:287px;height:189px\" srcset=\"https:\/\/www.humanium.org\/fr\/wp-content\/uploads\/2023\/08\/shutterstock_734395027-1024x680.jpg 1024w, https:\/\/www.humanium.org\/fr\/wp-content\/uploads\/2023\/08\/shutterstock_734395027-300x199.jpg 300w, https:\/\/www.humanium.org\/fr\/wp-content\/uploads\/2023\/08\/shutterstock_734395027-768x510.jpg 768w, https:\/\/www.humanium.org\/fr\/wp-content\/uploads\/2023\/08\/shutterstock_734395027-1536x1020.jpg 1536w, https:\/\/www.humanium.org\/fr\/wp-content\/uploads\/2023\/08\/shutterstock_734395027-2048x1360.jpg 2048w, https:\/\/www.humanium.org\/fr\/wp-content\/uploads\/2023\/08\/shutterstock_734395027-830x551.jpg 830w, https:\/\/www.humanium.org\/fr\/wp-content\/uploads\/2023\/08\/shutterstock_734395027-230x153.jpg 230w, https:\/\/www.humanium.org\/fr\/wp-content\/uploads\/2023\/08\/shutterstock_734395027-350x232.jpg 350w, https:\/\/www.humanium.org\/fr\/wp-content\/uploads\/2023\/08\/shutterstock_734395027-480x319.jpg 480w, https:\/\/www.humanium.org\/fr\/wp-content\/uploads\/2023\/08\/shutterstock_734395027-272x182.jpg 272w\" sizes=\"auto, (max-width: 1024px) 100vw, 1024px\" \/><\/figure>\n<\/div>\n\n\n<p class=\"wp-block-paragraph\">En 1990, le gouvernement a ratifi\u00e9 <a href=\"https:\/\/www.humanium.org\/fr\/texte-integral-convention-internationale-relative-droits-enfant-1989\/\">la Convention Internationale&nbsp; des droits de l\u2019enfant<\/a>. Le P\u00e9rou est \u00e9galement signataire d&rsquo;autre accords relatifs aux droits de l\u2019homme tels que l<a href=\"https:\/\/www.humanium.org\/fr\/autres\/convention-elimination-formes-discrimination-femmes\/\">a Convention sur l\u2019\u00e9limination de toutes les formes de discrimination \u00e0 l\u2019\u00e9gard des femmes<\/a> (CEDAW), qu\u2019il a ratifi\u00e9e en 1982, <a href=\"https:\/\/www.humanium.org\/fr\/normes\/pactes-internationaux-1966\/texte-integral-pacte-international-droits-economiques-sociaux-culturels\/\">Le Pacte international relatif aux droits \u00e9conomiques, sociaux et culturels<\/a> en 1978 et <a href=\"https:\/\/www.humanium.org\/fr\/autres\/convention-elimination-discrimination-raciale\/\">la Convention internationale sur l\u2019\u00e9limination de toutes les formes de discrimination raciale<\/a> en 1971.<\/p>\n\n\n\n<p class=\"wp-block-paragraph\">En 2002, le gouvernement a ratifi\u00e9 le <a href=\"https:\/\/www.humanium.org\/fr\/normes\/protocole-facultatif-cide-enfants-dans-conflits-armes\/\">protocole facultatif \u00e0 la Convention relative aux droits de l\u2019enfant concernant l\u2019implication d\u2019enfants dans les conflits arm\u00e9s<\/a> et <a href=\"https:\/\/docs.google.com\/document\/d\/1bnbMYLvxHUz5PeAd54cPq9kMDk9nwaCIb9-odKpLkMg\/edit#bookmark=id.gjdgxs\">concernant la vente d\u2019enfants, la prostitution des enfants et la pornographie mettant en sc\u00e8ne des enfants<\/a>.<\/p>\n\n\n\n<p class=\"wp-block-paragraph\"><a href=\"https:\/\/docs.google.com\/document\/d\/1bnbMYLvxHUz5PeAd54cPq9kMDk9nwaCIb9-odKpLkMg\/edit#bookmark=id.gjdgxs\">D<\/a>e plus, le P\u00e9rou a ratifi\u00e9 toutes les principales conventions internationales sur le travail des enfants, notamment la convention (n\u00b0 138) sur l&rsquo;\u00e2ge minimum de 1973 de l&rsquo;Organisation internationale du travail (OIT), la convention (n\u00b0 182) sur les pires formes de travail des enfants de 1999, le Protocole de Palerme sur la traite des personnes, le Protocole facultatif sur la vente d&rsquo;enfants, la prostitution des enfants et la pornographie mettant en sc\u00e8ne des enfants et le Protocole facultatif sur les conflits arm\u00e9s. <\/p>\n\n\n\n<p class=\"wp-block-paragraph\">Au niveau national, le gouvernement a accompli des progr\u00e8s importants en 2020 en ce qui concerne l\u2019\u00e9limination des pires formes de <a href=\"https:\/\/www.humanium.org\/fr\/travail-des-enfants\/\">travail des enfants<\/a>. Le gouvernement a adopt\u00e9 la Loi 31047 qui a fix\u00e9 l\u2019\u00e2ge minimum l\u00e9gal pour le travail domestique \u00e0 18 ans (US Department of Labour, 2020 ).<\/p>\n\n\n\n<p class=\"wp-block-paragraph\">Le P\u00e9rou est membre de l\u2019Organisation des \u00c9tats Am\u00e9ricains (OEA) et est li\u00e9 par le syst\u00e8me inter-am\u00e9ricain des droits de la personne. En 1996, le gouvernement a ratifi\u00e9 la Convention inter-am\u00e9ricaine sur la pr\u00e9vention, la r\u00e9pression et l\u2019\u00e9limination de la violence contre les&nbsp; femmes (aussi connue sous le nom de <em>Bel\u00e9m do Par\u00e1 Convention<\/em>).<\/p>\n\n\n\n<p class=\"wp-block-paragraph\">Au niveau national, apr\u00e8s avoir ratifi\u00e9 la CDE en 1992, le gouvernement a renforc\u00e9 l\u2019autorit\u00e9 juridique de la CDE avec l\u2019approbation du Code des enfants et des adolescents (el C\u00f3digo de los Ni\u00f1os y Adolescentes) qui int\u00e8gre&nbsp; la CDE.<\/p>\n\n\n\n<p class=\"wp-block-paragraph\">Depuis 1992, le syst\u00e8me de protection de l\u2019enfant au P\u00e9rou est compos\u00e9 du Syst\u00e8me National d\u2019Attention Int\u00e9grale \u00e0 l\u2019Enfant et \u00e0 l\u2019Adolescent dirig\u00e9 par le minist\u00e8re des Affaires f\u00e9minines et du d\u00e9veloppement social, le Programme national exhaustif pour le bien-\u00eatre des familles, le Programme national de lutte contre la violence familiale et sexuelle et le Bureau charg\u00e9 des enfants (Davis, 2015).<\/p>\n\n\n\n<p class=\"wp-block-paragraph\">Toutes les proc\u00e9dures judiciaires concernant les enfants ont lieu au sein des tribunaux familiaux nationaux&nbsp;:&nbsp;le Bureau de la d\u00e9mocratie, des droits de l\u2019homme et du travail des \u00c9tats-Unis, et le Bureau pour la d\u00e9fense de l\u2019enfant et de l\u2019adolescent (Davis, 2015).<\/p>\n\n\n\n<h2 class=\"wp-block-heading\"><strong>R\u00e9pondre aux besoins des enfants<\/strong><\/h2>\n\n\n\n<h3 class=\"wp-block-heading\"><strong>Le droit \u00e0 l\u2019\u00e9ducation<\/strong><\/h3>\n\n\n<div class=\"wp-block-image\">\n<figure class=\"alignright size-large is-resized\"><img loading=\"lazy\" decoding=\"async\" width=\"1024\" height=\"683\" src=\"https:\/\/www.humanium.org\/fr\/wp-content\/uploads\/2023\/08\/shutterstock_1885523617-1024x683.jpg\" alt=\"\" class=\"wp-image-55528\" style=\"width:293px;height:195px\" srcset=\"https:\/\/www.humanium.org\/fr\/wp-content\/uploads\/2023\/08\/shutterstock_1885523617-1024x683.jpg 1024w, https:\/\/www.humanium.org\/fr\/wp-content\/uploads\/2023\/08\/shutterstock_1885523617-300x200.jpg 300w, https:\/\/www.humanium.org\/fr\/wp-content\/uploads\/2023\/08\/shutterstock_1885523617-768x512.jpg 768w, https:\/\/www.humanium.org\/fr\/wp-content\/uploads\/2023\/08\/shutterstock_1885523617-1536x1024.jpg 1536w, https:\/\/www.humanium.org\/fr\/wp-content\/uploads\/2023\/08\/shutterstock_1885523617-2048x1365.jpg 2048w, https:\/\/www.humanium.org\/fr\/wp-content\/uploads\/2023\/08\/shutterstock_1885523617-830x553.jpg 830w, https:\/\/www.humanium.org\/fr\/wp-content\/uploads\/2023\/08\/shutterstock_1885523617-230x153.jpg 230w, https:\/\/www.humanium.org\/fr\/wp-content\/uploads\/2023\/08\/shutterstock_1885523617-350x233.jpg 350w, https:\/\/www.humanium.org\/fr\/wp-content\/uploads\/2023\/08\/shutterstock_1885523617-480x320.jpg 480w, https:\/\/www.humanium.org\/fr\/wp-content\/uploads\/2023\/08\/shutterstock_1885523617-272x182.jpg 272w\" sizes=\"auto, (max-width: 1024px) 100vw, 1024px\" \/><\/figure>\n<\/div>\n\n\n<p class=\"wp-block-paragraph\">Le taux de r\u00e9ussite scolaire&nbsp; au P\u00e9rou est sup\u00e9rieur \u00e0 la plupart des pays d\u2019Am\u00e9rique latine. D\u2019avril \u00e0 juin 2021, 86,9% des filles et des gar\u00e7ons fr\u00e9quentaient un \u00e9tablissement d\u2019enseignement secondaire et 97,7% fr\u00e9quentaient un \u00e9tablissement d\u2019enseignement primaire. Toutefois, l\u2019abandon scolaire pose encore un probl\u00e8me. Les donn\u00e9es recueillies en 2021 indiquent que 66,7 % des enfants \u00e2g\u00e9s de 6 \u00e0 16 ans ont d\u00e9clar\u00e9 que les difficult\u00e9s \u00e9conomiques \u00e9taient la principale raison de leur non scolarisation. (Josenhans et al, 2021).<\/p>\n\n\n\n<p class=\"wp-block-paragraph\">Parmi les populations qui vivent au P\u00e9rou, les enfants autochtones sont confront\u00e9s&nbsp; \u00e0 plusieurs obstacles pour acc\u00e9der \u00e0 <a href=\"https:\/\/www.humanium.org\/fr\/comprendre-droits-enfant\/droit-a-l-education\/\">l\u2019\u00e9ducation<\/a>. En 2017, l\u2019Institut national de la statistique a soulign\u00e9 que parmi les enfants \u00e2g\u00e9s de plus de 12 ans, 9,4% des enfants autochtones vivant dans la r\u00e9gion des Andes, 14,4% des enfants autochtones de la r\u00e9gion amazonienne et 4,9% des enfants afro-p\u00e9ruviens n\u2019avaient aucune \u00e9ducation formelle (Josenhans et al, 2021).<\/p>\n\n\n\n<p class=\"wp-block-paragraph\">Le taux de scolarisation parmi les enfants <a href=\"https:\/\/www.humanium.org\/fr\/venezuela\/\">v\u00e9n\u00e9zu\u00e9liens<\/a> issus de la <a href=\"https:\/\/www.humanium.org\/fr\/migration-infantile\/\">migration infantile<\/a> reste faible faute d\u2019un manque de documents d\u2019identit\u00e9 officiels et de moyens financiers. En 2018, les donn\u00e9es officielles indiquaient que 25,3 % des enfants v\u00e9n\u00e9zu\u00e9liens au P\u00e9rou \u00e2g\u00e9s de 3 \u00e0 5 ans, 46 % de ceux \u00e2g\u00e9s de 6 \u00e0 11 ans et 42 % de ceux \u00e2g\u00e9s de 12 \u00e0 16 ans suivaient une \u00e9ducation \u00e0 temps plein(Josenhans et al, 2021).<\/p>\n\n\n\n<p class=\"wp-block-paragraph\">Un rapport publi\u00e9 par Save the Children en 2022 a r\u00e9v\u00e9l\u00e9 que pour les enfants <a href=\"https:\/\/www.humanium.org\/fr\/venezuela\/\">v\u00e9n\u00e9zu\u00e9liens<\/a> issus de l\u2019immigration qui vivaient \u00e0 Lima et Libertad, les deux r\u00e9gions les plus peupl\u00e9es au P\u00e9rou, un enfant sur quatre n\u2019\u00e9tait pas scolaris\u00e9. Les principaux obstacles qui emp\u00eachentl\u2019acc\u00e8s \u00e0 l\u2019\u00e9ducation au P\u00e9rou sont un manque d\u2019acc\u00e8s \u00e0 Internet pour pouvoir s\u2019inscrire (29%), le manque de place&nbsp; dans les \u00e9coles (45%), et l\u2019arriv\u00e9e des enfants apr\u00e8s la fermeture des inscriptions scolaires (23%). De plus, un enfant v\u00e9n\u00e9zu\u00e9lien sur dix est victime de <a href=\"https:\/\/www.humanium.org\/fr\/discriminations\/\">discrimination<\/a> de la part de l\u2019administration <a href=\"https:\/\/www.humanium.org\/fr\/comprendre-droits-enfant\/droit-a-l-education\/\">scolaire<\/a>, ce qui entrave leur scolarisation (Valdivieso, 2022).<\/p>\n\n\n\n<h3 class=\"wp-block-heading\"><strong>Le droit \u00e0 la sant\u00e9<\/strong><\/h3>\n\n\n\n<p class=\"wp-block-paragraph\">Ces dix derni\u00e8res ann\u00e9es, le gouvernement a fait des progr\u00e8s en ce qui concerne la lutte&nbsp; contre&nbsp; la faim et&nbsp; la pauvret\u00e9 gr\u00e2ce \u00e0 des investissements dans des programmes sociaux, de sant\u00e9, d\u2019\u00e9ducation et dans les infrastructures. L\u2019incidence de la <a href=\"https:\/\/www.humanium.org\/fr\/comprendre-droits-enfant\/droit-a-l-alimentation\/malnutrition\/\">d\u00e9nutrition chronique chez les enfants<\/a> est de 13,1%. Toutefois, dans les zones rurales de la Sierra et de l&rsquo;Amazonie, les taux de malnutrition chronique des enfants atteignent les 33,4%. L&rsquo;acc\u00e8s limit\u00e9 \u00e0 des aliments nutritifs a entra\u00een\u00e9 des probl\u00e8mes de sant\u00e9 consid\u00e9rables, notamment l&rsquo;an\u00e9mie et l&rsquo;<a href=\"https:\/\/www.humanium.org\/fr\/comprendre-limpact-de-la-publicite-alimentaire-sur-lobesite-infantile\/\">ob\u00e9sit\u00e9.<\/a>&nbsp; (Programme alimentaire mondial, 2022).<\/p>\n\n\n\n<p class=\"wp-block-paragraph\">En r\u00e9ponse au probl\u00e8me de la <a href=\"https:\/\/www.humanium.org\/fr\/comprendre-droits-enfant\/droit-a-l-alimentation\/malnutrition\/\">malnutrition chronique chez les enfants<\/a>, un projet concernant la nutrition, appel\u00e9 \u00ab&nbsp;Juntos SWAp&nbsp;\u00bb, a \u00e9t\u00e9 \u00e9tabli dans la r\u00e9gion amazonienne et les r\u00e9gions de Cajamarca et de Hu\u00e1naco au P\u00e9rou. Ce projet a \u00e9t\u00e9 mis en place&nbsp; pour aider le gouvernement avec la demande, l\u2019offre et la gestion des services nutritionnels. <\/p>\n\n\n\n<p class=\"wp-block-paragraph\">Les trois \u00e9l\u00e9ments principaux \u00e9taient : 1) renforcer et consolider les transferts conditionnels en esp\u00e8ces (TCE) pour les familles qui ont des enfants de moins de 36 mois&nbsp;; 2) am\u00e9liorer la qualit\u00e9 et la couverture des services de bases de sant\u00e9 et de nutrition&nbsp;; 3) renforcer la capacit\u00e9 du gouvernement \u00e0 influencer les r\u00e9sultats nutritionnels (The World Bank, n.d.).<\/p>\n\n\n\n<p class=\"wp-block-paragraph\">Le P\u00e9rou a de forts taux de grossesse chez les adolescentes , surtout dans la r\u00e9gion andine. En 2021, il y avait environ 1 463 adolescentes de moins de 15 ans enceintes au P\u00e9rou. Ce chiffre est en augmentation par rapport \u00e0 2020 ou il \u00e9tait de 1 177.Cette hausse&nbsp; du taux de grossesse chez les adolescentes est d\u00fb \u00e0 la <a href=\"https:\/\/www.humanium.org\/fr\/pauvrete\/\">pauvret\u00e9<\/a>, au manque d\u2019acc\u00e8s \u00e0 la contraception et au manque d&rsquo;\u2019\u00e9ducation&nbsp; sur la <a href=\"https:\/\/www.humanium.org\/fr\/sexualite-des-adolescents\/\">sant\u00e9 sexuelle et reproductive<\/a>. Un rapport du FNUAP au P\u00e9rou indique que sept adolescentes enceintes sur dix quittent l\u2019\u00e9cole (Bayart, 2022).<\/p>\n\n\n\n<h2 class=\"wp-block-heading\"><strong>Le droit \u00e0 l\u2019eau potable et \u00e0 l\u2019assainissement<\/strong><\/h2>\n\n\n<div class=\"wp-block-image\">\n<figure class=\"alignleft size-large is-resized\"><img loading=\"lazy\" decoding=\"async\" width=\"1024\" height=\"683\" src=\"https:\/\/www.humanium.org\/fr\/wp-content\/uploads\/2023\/08\/shutterstock_2296409055-1024x683.jpg\" alt=\"\" class=\"wp-image-55530\" style=\"width:311px;height:207px\" srcset=\"https:\/\/www.humanium.org\/fr\/wp-content\/uploads\/2023\/08\/shutterstock_2296409055-1024x683.jpg 1024w, https:\/\/www.humanium.org\/fr\/wp-content\/uploads\/2023\/08\/shutterstock_2296409055-300x200.jpg 300w, https:\/\/www.humanium.org\/fr\/wp-content\/uploads\/2023\/08\/shutterstock_2296409055-768x512.jpg 768w, https:\/\/www.humanium.org\/fr\/wp-content\/uploads\/2023\/08\/shutterstock_2296409055-1536x1024.jpg 1536w, https:\/\/www.humanium.org\/fr\/wp-content\/uploads\/2023\/08\/shutterstock_2296409055-2048x1365.jpg 2048w, https:\/\/www.humanium.org\/fr\/wp-content\/uploads\/2023\/08\/shutterstock_2296409055-830x553.jpg 830w, https:\/\/www.humanium.org\/fr\/wp-content\/uploads\/2023\/08\/shutterstock_2296409055-230x153.jpg 230w, https:\/\/www.humanium.org\/fr\/wp-content\/uploads\/2023\/08\/shutterstock_2296409055-350x233.jpg 350w, https:\/\/www.humanium.org\/fr\/wp-content\/uploads\/2023\/08\/shutterstock_2296409055-480x320.jpg 480w, https:\/\/www.humanium.org\/fr\/wp-content\/uploads\/2023\/08\/shutterstock_2296409055-272x182.jpg 272w\" sizes=\"auto, (max-width: 1024px) 100vw, 1024px\" \/><\/figure>\n<\/div>\n\n\n<p class=\"wp-block-paragraph\">En 2016, le minist\u00e8re du Logement, de la Construction et de l\u2019Assainissement a estim\u00e9 que 3,4 millions de P\u00e9ruviens n\u2019avaient pas acc\u00e8s \u00e0 <a href=\"https:\/\/www.humanium.org\/fr\/comprendre-droits-enfant\/droit-a-l-eau\/\">l\u2019eau potable<\/a> et 8 millions n\u2019avaient pas acc\u00e8s \u00e0 l<a href=\"https:\/\/www.humanium.org\/fr\/comprendre-droits-enfant\/droit-a-l-eau\/\">\u2019assainissement<\/a> ad\u00e9quat.Les \u00e9carts sont plus forts pour les communaut\u00e9s autochtones qui vivent dans la r\u00e9gion amazonienne. L\u2019enqu\u00eate nationale sur des programmes strat\u00e9giques a r\u00e9v\u00e9l\u00e9 qu\u2019en 2017 seulement 72,2% des P\u00e9ruviens qui vivaient dans les zones rurales avaient acc\u00e8s \u00e0 l\u2019eau et moins de 25% avaient acc\u00e8s \u00e0 l\u2019assainissement ad\u00e9quat (UNICEF P\u00e9rou, 2019).<\/p>\n\n\n\n<p class=\"wp-block-paragraph\">Pour pallier le manque d\u2019<a href=\"https:\/\/www.humanium.org\/fr\/comprendre-droits-enfant\/droit-a-l-eau\/\">eau<\/a> et d\u2019<a href=\"https:\/\/www.humanium.org\/fr\/comprendre-droits-enfant\/droit-a-l-eau\/\">assainissement<\/a>, le gouvernement a mis en \u0153uvre un cadre juridique, DL no 1280, \u2018<em>Ley Marco de la Gesti\u00f3n y Prestaci\u00f3n de los Servicios de Saneamiento\u2019. <\/em>Ce cadre a \u00e9t\u00e9 r\u00e9dig\u00e9 afin de poursuivre l\u2019objectif de fournir l\u2019assainissement \u00e0 toutes les zones urbaines avant 2021 et \u00e0 toutes les zones rurales avant 2030 (UNICEF P\u00e9rou, 2019).<\/p>\n\n\n\n<h2 class=\"wp-block-heading\"><strong>Le droit \u00e0 l\u2019identit\u00e9<\/strong><\/h2>\n\n\n\n<p class=\"wp-block-paragraph\">L&rsquo;article 6 du nouveau Code de l\u2019enfance et de l\u2019adolescence (Loi 27337) conf\u00e8re aux enfants <a href=\"https:\/\/www.humanium.org\/fr\/comprendre-droits-enfant\/droit-a-l-identite\/\">le droit \u00e0 l\u2019identit\u00e9<\/a>, qui comprend le <a href=\"https:\/\/www.humanium.org\/fr\/comprendre-droits-enfant\/droit-a-l-identite\/\">droit \u00e0&nbsp; un nom et \u00e0 une nationalit\u00e9<\/a>. L\u2019\u00e9tablissement et la cr\u00e9ation du droit \u00e0 l\u2019identit\u00e9 demeure un enjeu important pour le gouvernement p\u00e9ruvien et cela est prouv\u00e9 par le Programme national en faveur des enfants et des adolescents 2021-2026 qui souligne l&rsquo;intention&nbsp; du gouvernement d\u2019enregistrer les naissances dans un d\u00e9lai d\u2019un mois. Dans le cadre de cette initiative, le gouvernement a indiqu\u00e9 que les disparit\u00e9s \u00e9conomiques ne devraient pas limiter l\u2019acc\u00e8s des familles \u00e0 <a href=\"https:\/\/www.humanium.org\/fr\/comprendre-droits-enfant\/droit-a-l-identite\/\">l\u2019enregistrement des naissances<\/a> (UNICEF, 2021).<\/p>\n\n\n\n<p class=\"wp-block-paragraph\">Avant 2006,&nbsp; des obstacles&nbsp; existaient pour des enfants n\u00e9s hors mariage. Malgr\u00e9 l\u2019article 6 qui prot\u00e8ge le <a href=\"https:\/\/www.humanium.org\/fr\/comprendre-droits-enfant\/droit-a-l-identite\/\">droit \u00e0 l\u2019identit\u00e9<\/a>, pour les enfants n\u00e9s hors mariage, si le p\u00e8re r\u00e9futait une paternit\u00e9, l\u2019enfant aurait \u00e9t\u00e9 incapable d\u2019utiliser le nom de son p\u00e8re. Depuis 2006, la modification de la loi 28270 et l\u2019article 20 et l\u2019article 21 du code civil a entra\u00een\u00e9 des changements en ce qui concerne l\u2019in\u00e9galit\u00e9 de traitement \u00e0 propos de droit \u00e0 un nom sp\u00e9cifiquement pour les enfants n\u00e9s hors mariage (Vel\u00e1squez Rodr\u00edguez, 2005).<\/p>\n\n\n\n<p class=\"wp-block-paragraph\">En 2016, 99,2% des P\u00e9ruviens avaient des cartes&nbsp; d\u2019identit\u00e9 (Conseil des droits de l\u2019homme, 2017). La majorit\u00e9 des enfants du P\u00e9rou ont des cartes d\u2019identit\u00e9 . Toutefois, certains obstacles emp\u00eachent l\u2019acc\u00e8s \u00e0 <a href=\"https:\/\/www.humanium.org\/fr\/comprendre-droits-enfant\/droit-a-l-identite\/\">l\u2019enregistrement des naissances<\/a> pour les enfants autochtones, les enfants qui vivent dans des zones rurales et les enfants qui vivent dans la <a href=\"https:\/\/www.humanium.org\/fr\/pauvrete\/\">pauvret\u00e9<\/a> (Comit\u00e9 des droits de l\u2019enfant, 2016).<\/p>\n\n\n\n<h2 class=\"wp-block-heading\"><strong>Les facteurs de risqu\u00e9 -&gt; Les probl\u00e8mes sp\u00e9cifiques \u00e0 chaque pays<\/strong><\/h2>\n\n\n\n<h3 class=\"wp-block-heading\"><strong>Le travail des enfants<\/strong><\/h3>\n\n\n\n<p class=\"wp-block-paragraph\">Malgr\u00e9 la mise en place de lois et d&rsquo;accords internationaux, certaines lacunes subsistent et soumettent les enfants du P\u00e9rou d aux pires formes de travail des enfants,&nbsp; notamment l&rsquo;absence d&rsquo;interdiction du recrutement d&rsquo;enfants par des groupes arm\u00e9s non \u00e9tatiques. (le D\u00e9partement du travail des \u00c9tats-Unis, 2020).<\/p>\n\n\n<div class=\"wp-block-image\">\n<figure class=\"alignright size-large is-resized\"><img loading=\"lazy\" decoding=\"async\" width=\"1024\" height=\"683\" src=\"https:\/\/www.humanium.org\/fr\/wp-content\/uploads\/2023\/08\/shutterstock_1774341314-1024x683.jpg\" alt=\"\" class=\"wp-image-55529\" style=\"width:297px;height:198px\" srcset=\"https:\/\/www.humanium.org\/fr\/wp-content\/uploads\/2023\/08\/shutterstock_1774341314-1024x683.jpg 1024w, https:\/\/www.humanium.org\/fr\/wp-content\/uploads\/2023\/08\/shutterstock_1774341314-300x200.jpg 300w, https:\/\/www.humanium.org\/fr\/wp-content\/uploads\/2023\/08\/shutterstock_1774341314-768x512.jpg 768w, https:\/\/www.humanium.org\/fr\/wp-content\/uploads\/2023\/08\/shutterstock_1774341314-1536x1024.jpg 1536w, https:\/\/www.humanium.org\/fr\/wp-content\/uploads\/2023\/08\/shutterstock_1774341314-2048x1365.jpg 2048w, https:\/\/www.humanium.org\/fr\/wp-content\/uploads\/2023\/08\/shutterstock_1774341314-830x553.jpg 830w, https:\/\/www.humanium.org\/fr\/wp-content\/uploads\/2023\/08\/shutterstock_1774341314-230x153.jpg 230w, https:\/\/www.humanium.org\/fr\/wp-content\/uploads\/2023\/08\/shutterstock_1774341314-350x233.jpg 350w, https:\/\/www.humanium.org\/fr\/wp-content\/uploads\/2023\/08\/shutterstock_1774341314-480x320.jpg 480w, https:\/\/www.humanium.org\/fr\/wp-content\/uploads\/2023\/08\/shutterstock_1774341314-272x182.jpg 272w\" sizes=\"auto, (max-width: 1024px) 100vw, 1024px\" \/><\/figure>\n<\/div>\n\n\n<p class=\"wp-block-paragraph\">Beaucoup d&rsquo;enfants au P\u00e9rou sont soumis au <a href=\"https:\/\/www.humanium.org\/fr\/travail-des-enfants\/?gclid=CjwKCAiAwc-dBhA7EiwAxPRylKleucMhHO7K3OgCROXb8RmJHzbuMJl6VJWpx1SqXMBege7haxaacxoCv3MQAvD_BwE\">travail forc\u00e9<\/a>, surtout dans le secteur agricole, pour la r\u00e9colte du riz, des noix, des ch\u00e2taignes, des crabes, des \u0153ufs de poisson, des crevettes ainsi que de&nbsp; la p\u00eache. Les enfants sont \u00e9galement soumis au travail forc\u00e9 dans d&rsquo;autres secteurs tels que l&rsquo;exploitation mini\u00e8re de l&rsquo;argent et de l&rsquo;or, la production de briques pour la construction, le ramassage des ordures, l&rsquo;exploitation foresti\u00e8re et le travail domestique forc\u00e9, qui aboutit souvent \u00e0 la <a href=\"https:\/\/www.humanium.org\/fr\/trafic-enfants\/\">traite des enfants<\/a>&nbsp; (US Department of Labour, 2020).<\/p>\n\n\n\n<p class=\"wp-block-paragraph\">Les faiblesses \u00e9conomiques exposent les enfants p\u00e9ruviens \u00e0 des facteurs de risque tels que l&rsquo;augmentation des taux d&rsquo;abandon scolaire et le travail des enfants. Les enfants qui vivent dans la <a href=\"https:\/\/www.humanium.org\/fr\/pauvrete\/\">pauvret\u00e9<\/a> risquent plus de devenir des cibles pour des organisations criminelles qui s\u00e9duisent des jeunes gens vuln\u00e9rables au moyen des faux contrats d\u2019emploi (Josenhans et al, 2021).<\/p>\n\n\n\n<h3 class=\"wp-block-heading\"><strong>L\u2019exploitation sexuelle et la traite des enfants<\/strong><\/h3>\n\n\n\n<p class=\"wp-block-paragraph\">Le P\u00e9rou est un pays d&rsquo;origine, de transit et de destination pour le <a href=\"https:\/\/www.humanium.org\/fr\/trafic-enfants\/\">trafic d&rsquo;enfants<\/a> \u00e0 des fins sexuelles. Les in\u00e9galit\u00e9s socio-\u00e9conomiques augmentent la vuln\u00e9rabilit\u00e9 des enfants au P\u00e9rou en les exposant \u00e0 <a href=\"https:\/\/www.humanium.org\/fr\/exploitation-sexuelle-enfants\/\">l&rsquo;exploitation sexuelle<\/a> par des gangs criminels. Les enfants autochtones&nbsp; qui vivent dans les r\u00e9gions amazoniennes et andines du P\u00e9rou font face \u00e0 des risques plus \u00e9lev\u00e9s d&rsquo;exploitation sexuelle. Des rapports montrent que les jeunes filles&nbsp; de ces r\u00e9gions, et en particulier celles qui vivent pr\u00e8s de zones mini\u00e8res ill\u00e9gales, sont vuln\u00e9rables \u00e0 <a href=\"https:\/\/www.humanium.org\/fr\/trafic-enfants\/\">la traite des enfants<\/a>, \u00e0 <a href=\"https:\/\/www.humanium.org\/fr\/exploitation-sexuelle-enfants\/\">l&rsquo;exploitation sexuelle<\/a> et \u00e0 la prostitution (Josenhans et al, 2021).<\/p>\n\n\n\n<p class=\"wp-block-paragraph\">Les chiffres de 2020 d\u00e9voilent l&rsquo;ampleur de l&rsquo;exploitation et de la traite au P\u00e9rou. Ce rapport a r\u00e9v\u00e9l\u00e9 que 40,5% des cas signal\u00e9s de la traite des personnes \u00e9taient commis contre des enfants et que la plupart de ces cas \u00e9taient li\u00e9s \u00e0 <a href=\"https:\/\/www.humanium.org\/fr\/exploitation-sexuelle-enfants\/\">l&rsquo;exploitation sexuelle<\/a>. <\/p>\n\n\n\n<p class=\"wp-block-paragraph\">Deux principaux lieux ont \u00e9t\u00e9 identifi\u00e9s comme des foyers de trafic : 31,6% des cas signal\u00e9s ont eu lieu dans des bordels et 52,1% des cas signal\u00e9s dans des bo\u00eetes de nuit (Josenhans et al, 2021). Plus r\u00e9cemment, en raison de&nbsp; l&rsquo;augmentation du nombre d&rsquo;utilisateurs d&rsquo;Internet, on a \u00e9galement constat\u00e9 une augmentation des offres d&#8217;emploi frauduleuses en ligne, du grooming en ligne et des escroqueries utilis\u00e9es afin d\u2019attirer et d\u2019exploiter sexuellement les enfants de commencer \u00e0 se prostituer.<\/p>\n\n\n\n<p class=\"wp-block-paragraph\">Malgr\u00e9 la ratification des principales conventions et cadres internationaux visant \u00e0 pr\u00e9venir l&rsquo;exploitation sexuelle des enfants, des limites subsistent dans la vie de tous les jours. Par exemple, au P\u00e9rou, la diffusion en direct d&rsquo;<a href=\"https:\/\/www.humanium.org\/fr\/la-maltraitance-des-enfants\/\">abus<\/a> sexuels sur des enfants n\u2019est pas encore punie par la loi. <\/p>\n\n\n\n<p class=\"wp-block-paragraph\">Cependant, le gouvernement a d\u00e9montr\u00e9 sa d\u00e9termination \u00e0 combattre l&rsquo;exploitation sexuelle des enfants par la politique nationale contre la traite des personnes et la politique multisectorielle pour les filles, les gar\u00e7ons et les adolescents 2030 (Josenhans et al, 2021). Depuis 2022, le P\u00e9rou est membre de l&rsquo;Institut inter-am\u00e9ricain des enfants, un organisme r\u00e9gional qui a pour but de s&rsquo;attaquer aux probl\u00e8mes touchant les enfants, y compris <a href=\"https:\/\/www.humanium.org\/fr\/exploitation-sexuelle-enfants\/\">l&rsquo;exploitation sexuelle<\/a> (Josenhans et al, 2021).<\/p>\n\n\n\n<h3 class=\"wp-block-heading\"><strong>La violence sexiste<\/strong><\/h3>\n\n\n\n<p class=\"wp-block-paragraph\">En 2019, une \u00e9tude nationale sur les relations sociales a montr\u00e9 que 58,5 % des P\u00e9ruviens consid\u00e9raient la <a href=\"https:\/\/www.humanium.org\/fr\/violences\/\">violence<\/a> sur les enfants comme socialement acceptable et que 21,5 % consid\u00e9raient qu&rsquo;il vaut mieux ne pas prendre position dans les cas <a href=\"https:\/\/www.humanium.org\/fr\/exploitation-sexuelle-enfants\/\">d&rsquo;abus sexuels<\/a> contre les enfants. Les attitudes st\u00e9r\u00e9otyp\u00e9es et patriarcales exposent les femmes et les filles \u00e0 un risque accru de <a href=\"https:\/\/www.humanium.org\/fr\/violences\/\">violence<\/a>, d&rsquo;<a href=\"https:\/\/www.humanium.org\/fr\/exploitation\/\">exploitation<\/a>, de <a href=\"https:\/\/www.humanium.org\/fr\/trafic-enfants\/\">trafic<\/a> et de <a href=\"https:\/\/www.humanium.org\/fr\/mariage-enfants\/\">mariage des enfants<\/a> (Josenhans et al, 2021).<\/p>\n\n\n\n<p class=\"wp-block-paragraph\">Depuis le d\u00e9but de la pand\u00e9mie de <a href=\"https:\/\/www.humanium.org\/fr\/coronavirus-un-guide-pour-enfants-en-5-questions\/\">COVID-19<\/a>, il y a une augmentation consid\u00e9rable de la <a href=\"https:\/\/www.humanium.org\/fr\/en-finir-avec-la-violence-a-legard-des-femmes-et-des-filles\/\">violence sexiste<\/a> au P\u00e9rou. Entre janvier et septembre 2020, plus de&nbsp; 500 filles avaient disparu au P\u00e9rou, et 75 cas de <a href=\"https:\/\/www.humanium.org\/fr\/feminicide-dans-une-perspective-globale\/\">f\u00e9minicides<\/a> et 35 morts violentes ont \u00e9t\u00e9 signal\u00e9s. Les donn\u00e9es r\u00e9colt\u00e9es aupr\u00e8s du minist\u00e8re des Femmes et des Populations vuln\u00e9rables r\u00e9v\u00e8lent qu&rsquo;entre mars et juillet 2020, 104 000 appels ont \u00e9t\u00e9 pass\u00e9s \u00e0 une ligne d&rsquo;assistance nationale traitant de la violence domestique et sexuelle (Godoy, 2020).<\/p>\n\n\n\n<p class=\"wp-block-paragraph\">Le Centre des cultures indig\u00e8nes du P\u00e9rou a publi\u00e9 un rapport en 2021 qui indique qu&rsquo;entre 2019 et 2020, 754 cas de <a href=\"https:\/\/www.humanium.org\/fr\/exploitation-sexuelle-enfants\/\">violences sexuelles<\/a> contre des filles indig\u00e8nes \u00e2g\u00e9es de 10 \u00e0 14 ans ont \u00e9t\u00e9 signal\u00e9s. Le signalement des cas demeure faible \u00e0 cause de l&rsquo;\u00e9loignement g\u00e9ographique des incidents, et de l&rsquo;incapacit\u00e9 d&rsquo;acc\u00e9der aux services sociaux ou aux organismes de police (Chirapaq, 2021).<\/p>\n\n\n\n<h3 class=\"wp-block-heading\"><strong>Les enfants d\u00e9plac\u00e9s<\/strong><\/h3>\n\n\n\n<p class=\"wp-block-paragraph\">Le P\u00e9rou abrite le deuxi\u00e8me plus grand nombre de <a href=\"https:\/\/www.humanium.org\/fr\/migration-infantile\/\">migrants<\/a> <a href=\"https:\/\/www.humanium.org\/fr\/venezuela\/\">v\u00e9n\u00e9zu\u00e9liens<\/a> apr\u00e8s la <a href=\"https:\/\/www.humanium.org\/fr\/colombie\/\">Colombie.<\/a> La crise humanitaire de 2015 a conduit \u00e0 la migration de plus de six millions de V\u00e9n\u00e9zu\u00e9liens. La plupart de ces enfants arrivent <a href=\"https:\/\/www.humanium.org\/en\/child-migration\/\">non accompagn\u00e9s<\/a> et sans papiers au P\u00e9rou, ce qui augmente leur risque de trafic ou d&rsquo;exploitation (Josenhans et al, 2021).<\/p>\n\n\n\n<h3 class=\"wp-block-heading\"><strong>Les enfants orphelins<\/strong><\/h3>\n\n\n\n<p class=\"wp-block-paragraph\">Le P\u00e9rou avait l&rsquo;un des taux de mortalit\u00e9 pand\u00e9mique les plus \u00e9lev\u00e9s au monde&nbsp; au plus haut&nbsp; point de la crise&nbsp; du <a href=\"https:\/\/www.humanium.org\/fr\/coronavirus-un-guide-pour-enfants-en-5-questions\/\">COVID-19<\/a>, ce qui a rendu environ 100 000 enfants <a href=\"https:\/\/www.humanium.org\/fr\/orphelins\/\">orphelins<\/a>. En mars 2021, le gouvernement a adopt\u00e9 un programme d&rsquo;aide financi\u00e8re d&rsquo;urgence fournissant 200 sols (environ 50 USD) par mois aux enfants <a href=\"https:\/\/www.humanium.org\/fr\/orphelins\/\">orphelins<\/a> qui ont perdu leurs parents ou leurs aidants principaux pendant la pand\u00e9mie (Josenhans et al, 2021).<\/p>\n\n\n\n<p class=\"wp-block-paragraph\"><em><strong>\u00c9crit par Vanessa Cezarita Cordeira<\/strong><\/em><\/p>\n\n\n\n<p class=\"wp-block-paragraph\"><em><strong>Relu en interne par Aditi Partha<\/strong><\/em><\/p>\n\n\n\n<p class=\"wp-block-paragraph\"><em><strong>Traduit par Katie McCullagh<\/strong><\/em><\/p>\n\n\n\n<p class=\"wp-block-paragraph\"><em><strong>Relu par Elisa Lorcy<\/strong><\/em><\/p>\n\n\n\n<p class=\"wp-block-paragraph\"><em><strong>Derni\u00e8re mise \u00e0 jour 31 juillet 2022<\/strong><\/em><\/p>\n\n\n\n<h4 class=\"wp-block-heading\"><strong>R\u00e9f\u00e9rences:<\/strong><\/h4>\n\n\n\n<p class=\"has-small-font-size wp-block-paragraph\">Bayarte, P. (2022, March 8). \u201cTeenage pregnancy leaves low-income Peruvian girls stuck in cycle of poverty.\u201d Retrieved from La Prensa Latina, accessed on 31 July 2022.<\/p>\n\n\n\n<p class=\"has-small-font-size wp-block-paragraph\"><a href=\"https:\/\/docstore.ohchr.org\/SelfServices\/FilesHandler.ashx?enc=6QkG1d%2fPPRiCAqhKb7yhsndLtGe5EHJJCjWfHgz50mg27fxyB5751ePvoMAVXcI3bgiigLA81ctfilF2D5aG3usCQeXM24V1DEhJ69ORdPECjtm%2fcsmRIZE84OAjp3D9\" target=\"_blank\" rel=\"noreferrer noopener\">Committee on the Rights of the Child. (2016, March 2). \u201cConcluding observations on the combined fourth and fifth periodic reports of Peru. CRC\/C\/PER\/CP\/4-5\u201d Retrieved from United Nations Committee on the Rights of the Child, accessed on 25 July 2022.<\/a><\/p>\n\n\n\n<p class=\"has-small-font-size wp-block-paragraph\"><a href=\"http:\/\/chirapaq.org.pe\/en\/more-than-700-indigenous-girls-were-victims-of-sexual-violence-in-peru-in-the-last-two-years\" target=\"_blank\" rel=\"noreferrer noopener\">CHIRAPAQ. (2021, February 19). \u201cMore than 700 indigenous girls were victims of sexual violence in Peru in the last two years.\u201d Retrieved from CHIRAPAQ, accessed on 25 July 2022.<\/a><\/p>\n\n\n\n<p class=\"has-small-font-size wp-block-paragraph\"><a href=\"https:\/\/www.britannica.com\/place\/Peru\" target=\"_blank\" rel=\"noreferrer noopener\">Davies, T.M, Pulgar-Vidal, Javier, M, Burr, J.P, Robert, N, Kus, J. (2022, March 28). \u201cPeru.\u201d Retrieved from Encyclopaedia Britannica, accessed on 12 July 2022.<\/a><\/p>\n\n\n\n<p class=\"has-small-font-size wp-block-paragraph\"><a href=\"https:\/\/rcw.law.yale.edu\/jurisdiction-research\/peru\" target=\"_blank\" rel=\"noreferrer noopener\">Davis, E. (2015, December 21). \u201cPeru.\u201d Retrieved from Yale University Representing Children Worldwide, accessed on 12 July 2022.<\/a><\/p>\n\n\n\n<p class=\"has-small-font-size wp-block-paragraph\"><a href=\"https:\/\/text.npr.org\/910737751\" target=\"_blank\" rel=\"noreferrer noopener\">Godoy, M. (2020, September 10). \u201cThe woman of Peru are suffering from a \u2018shadow pandemic.\u2019\u201d Retrieved from National Public Radio, accessed on 25 July 2022.<\/a><\/p>\n\n\n\n<p class=\"has-small-font-size wp-block-paragraph\">Human Rights Council. (2017, August 23). \u201cNational report submitted in accordance with paragraph 5 of the annex to Human Rights Council resolution 16\/21*Peru. A\/HRC\/WG.6\/28\/PER\/1.\u201d Retrieved from United Nations General Assembly, accessed on 25 July 2022. &nbsp;<\/p>\n\n\n\n<p class=\"has-small-font-size wp-block-paragraph\"><a href=\"https:\/\/projects.worldbank.org\/en\/projects-operations\/project-detail\/P117310\" target=\"_blank\" rel=\"noreferrer noopener\">The World Bank. (n.d). \u201cResults in nutrition for Juntos SWAp. Retrieved from The World Bank, accessed on 31 July 2022.<\/a><\/p>\n\n\n\n<p class=\"has-small-font-size wp-block-paragraph\"><a href=\"https:\/\/www.unicef.org\/peru\/media\/9736\/file\/Agenda%20por%20la%20ninez%20y%20adolescencia%202021-2026.pdf\" target=\"_blank\" rel=\"noreferrer noopener\">UNICEF. (2021). \u201cAgenda Nacional de la Ni\u00f1ez y Adolescencia 2021-2026. Propuestas para la atenci\u00f3n y protecci\u00f3n de ni\u00f1as, ni\u00f1os y adolescentes en el Peru.\u201d Retrieved from UNICEF, accessed on 12 July 2022.<\/a><\/p>\n\n\n\n<p class=\"has-small-font-size wp-block-paragraph\"><a href=\"https:\/\/nurturing-care.org\/nurturing-health-services-in-peru\/\" target=\"_blank\" rel=\"noreferrer noopener\">UNICEF. (2021). \u201cPeru: A multi-pronged approach to making health services more nurturing.\u201d Retrieved from Nurturing care for early childhood development, accessed on 25 July 2022.<\/a><\/p>\n\n\n\n<p class=\"has-small-font-size wp-block-paragraph\"><a href=\"https:\/\/open.unicef.org\/sites\/transparency\/files\/2020-06\/Peru-TP6-2018.pdf\" target=\"_blank\" rel=\"noreferrer noopener\">UNICEF Peru. (2019, March). \u201cPeru water, sanitation and hygiene thematic report.\u201d Retrieved from UNICEF Peru, accessed on 31 July 2022.<\/a><\/p>\n\n\n\n<p class=\"has-small-font-size wp-block-paragraph\"><a href=\"https:\/\/www.dol.gov\/sites\/dolgov\/files\/ILAB\/child_labor_reports\/tda2020\/Peru.pdf\" target=\"_blank\" rel=\"noreferrer noopener\">US Department of Labour. (2020). \u201c2020 Finding on the worst forms of child labour; Peru.\u201d Retrieved from Bureau of International Affairs, accessed on 25 July 2022.<\/a><\/p>\n\n\n\n<p class=\"has-small-font-size wp-block-paragraph\"><a href=\"https:\/\/revistas.pucp.edu.pe\/index.php\/derechoysociedad\/article\/view\/17068\/17364\" target=\"_blank\" rel=\"noreferrer noopener\">Vel\u00e1squez Rodr\u00edguez, T. (2005). \u201c\u00bfSe protege el Derecho a la Identidad del hijo extramatrimonial?. Derecho &amp; Sociedad.\u201d(25), 378-386. Retrieved from Pontifical Catholic University of Peru, accessed on 12 July 2022.<\/a> &nbsp;<\/p>\n\n\n\n<p class=\"has-small-font-size wp-block-paragraph\"><a href=\"https:\/\/www.savethechildren.net\/news\/one-four-venezuelan-migrant-children-peru-not-school\" target=\"_blank\" rel=\"noreferrer noopener\">Valdivieso, V. (2022, April 11). \u201cOne in four Venezuelan migrant children in Peru not in school.\u201d Retrieved from Save the Children, accessed on 27 July 2022.<\/a><\/p>\n\n\n\n<p class=\"has-small-font-size wp-block-paragraph\"><a href=\"https:\/\/docs.wfp.org\/api\/documents\/WFP-0000140941\/download\/?_ga=2.50301475.482852717.1659098565-928316059.1659098565\" target=\"_blank\" rel=\"noreferrer noopener\">World Food Programme. (2022, May). \u201cWFP Peru country brief.\u201d Retrieved from World Food Programme, accessed on 25 July 2022.<\/a><\/p>\n\n\n\n<p class=\"has-small-font-size wp-block-paragraph\"><a href=\"https:\/\/ecpat.org\/wp-content\/uploads\/2021\/11\/ECO_PERU_24Nov2021_FINAL.pdf\" target=\"_blank\" rel=\"noreferrer noopener\">Josenhans, V, McKillop, M, Regis, A. (2021). \u201cECPAT country overview: Peru.\u201d Retrieved from ECPAT International, accessed on 12 July 2022.<\/a><\/p>\n\n\n\n<hr class=\"wp-block-separator has-alpha-channel-opacity\"\/>\n\n\n\n<p class=\"has-small-font-size wp-block-paragraph\"><a href=\"#_ftnref1\"><sup>[1]<\/sup><\/a> Cet article ne pr\u00e9tend nullement donner un compte rendu complet ou repr\u00e9sentatif des droits de l\u2019enfant au P\u00e9rou; en effet, l&rsquo;un des nombreux d\u00e9fis est le peu d&rsquo;informations \u00e0 jour sur les enfants au P\u00e9rou, dont la plupart sont peu fiables, non repr\u00e9sentatives, d\u00e9pass\u00e9es, ou simplement inexistantes.<\/p>\n","protected":false},"excerpt":{"rendered":"<p>Concr\u00e9tiser les droits de l&rsquo;enfant au P\u00e9rou Des in\u00e9galit\u00e9s socio-\u00e9conomiques perturbent encore la vie des enfants au P\u00e9rou, ce qui les expose \u00e0 l\u2019exploitation sexuelle, au travail infantile et \u00e0 la violence sexiste. Avec le COVID-19 les enfants s&rsquo;exposent aussi au risque de devenir orphelin. M\u00eame si&nbsp; le pays a ratifi\u00e9 de nombreuses l\u00e9gislations importantes [&hellip;]<\/p>\n","protected":false},"author":65,"featured_media":0,"parent":0,"menu_order":0,"comment_status":"closed","ping_status":"closed","template":"","meta":{"footnotes":""},"class_list":["post-12083","page","type-page","status-publish","hentry"],"yoast_head":"<!-- This site is optimized with the Yoast SEO plugin v28.3 - https:\/\/yoast.com\/product\/yoast-seo-wordpress\/ -->\n<title>Enfants du P\u00e9rou - Humanium<\/title>\n<meta name=\"description\" content=\"Les conflits persistants au sein du gouvernement compromettent la capacit\u00e9 du pays \u00e0 prot\u00e9ger les enfants ruraux et autochtones.\" \/>\n<meta name=\"robots\" content=\"index, follow, max-snippet:-1, max-image-preview:large, max-video-preview:-1\" \/>\n<link rel=\"canonical\" href=\"https:\/\/www.humanium.org\/fr\/perou\/\" \/>\n<meta property=\"og:locale\" content=\"fr_FR\" \/>\n<meta property=\"og:type\" content=\"article\" \/>\n<meta property=\"og:title\" content=\"Enfants du P\u00e9rou - Humanium\" \/>\n<meta property=\"og:description\" content=\"Les conflits persistants au sein du gouvernement compromettent la capacit\u00e9 du pays \u00e0 prot\u00e9ger les enfants ruraux et autochtones.\" \/>\n<meta property=\"og:url\" content=\"https:\/\/www.humanium.org\/fr\/perou\/\" \/>\n<meta property=\"og:site_name\" content=\"Humanium\" \/>\n<meta property=\"article:modified_time\" content=\"2025-12-10T02:58:59+00:00\" \/>\n<meta property=\"og:image\" content=\"https:\/\/www.humanium.org\/fr\/wp-content\/uploads\/2023\/08\/Shutterstock_2034083135.jpg\" \/>\n\t<meta property=\"og:image:width\" content=\"400\" \/>\n\t<meta property=\"og:image:height\" content=\"400\" \/>\n\t<meta property=\"og:image:type\" content=\"image\/jpeg\" \/>\n<meta name=\"twitter:card\" content=\"summary_large_image\" \/>\n<meta name=\"twitter:label1\" content=\"Dur\u00e9e de lecture estim\u00e9e\" \/>\n\t<meta name=\"twitter:data1\" content=\"19 minutes\" \/>\n<script type=\"application\/ld+json\" class=\"yoast-schema-graph\">{\"@context\":\"https:\\\/\\\/schema.org\",\"@graph\":[{\"@type\":\"WebPage\",\"@id\":\"https:\\\/\\\/www.humanium.org\\\/fr\\\/perou\\\/\",\"url\":\"https:\\\/\\\/www.humanium.org\\\/fr\\\/perou\\\/\",\"name\":\"Enfants du P\u00e9rou - Humanium\",\"isPartOf\":{\"@id\":\"https:\\\/\\\/www.humanium.org\\\/fr\\\/#website\"},\"primaryImageOfPage\":{\"@id\":\"https:\\\/\\\/www.humanium.org\\\/fr\\\/perou\\\/#primaryimage\"},\"image\":{\"@id\":\"https:\\\/\\\/www.humanium.org\\\/fr\\\/perou\\\/#primaryimage\"},\"thumbnailUrl\":\"https:\\\/\\\/www.humanium.org\\\/fr\\\/wp-content\\\/uploads\\\/2023\\\/08\\\/Shutterstock_2034083135.jpg\",\"datePublished\":\"2011-08-02T10:41:53+00:00\",\"dateModified\":\"2025-12-10T02:58:59+00:00\",\"description\":\"Les conflits persistants au sein du gouvernement compromettent la capacit\u00e9 du pays \u00e0 prot\u00e9ger les enfants ruraux et autochtones.\",\"breadcrumb\":{\"@id\":\"https:\\\/\\\/www.humanium.org\\\/fr\\\/perou\\\/#breadcrumb\"},\"inLanguage\":\"fr-FR\",\"potentialAction\":[{\"@type\":\"ReadAction\",\"target\":[\"https:\\\/\\\/www.humanium.org\\\/fr\\\/perou\\\/\"]}]},{\"@type\":\"ImageObject\",\"inLanguage\":\"fr-FR\",\"@id\":\"https:\\\/\\\/www.humanium.org\\\/fr\\\/perou\\\/#primaryimage\",\"url\":\"https:\\\/\\\/www.humanium.org\\\/fr\\\/wp-content\\\/uploads\\\/2023\\\/08\\\/Shutterstock_2034083135.jpg\",\"contentUrl\":\"https:\\\/\\\/www.humanium.org\\\/fr\\\/wp-content\\\/uploads\\\/2023\\\/08\\\/Shutterstock_2034083135.jpg\",\"width\":400,\"height\":400},{\"@type\":\"BreadcrumbList\",\"@id\":\"https:\\\/\\\/www.humanium.org\\\/fr\\\/perou\\\/#breadcrumb\",\"itemListElement\":[{\"@type\":\"ListItem\",\"position\":1,\"name\":\"Home\",\"item\":\"https:\\\/\\\/www.humanium.org\\\/fr\\\/\"},{\"@type\":\"ListItem\",\"position\":2,\"name\":\"Enfants du P\u00e9rou\"}]},{\"@type\":\"WebSite\",\"@id\":\"https:\\\/\\\/www.humanium.org\\\/fr\\\/#website\",\"url\":\"https:\\\/\\\/www.humanium.org\\\/fr\\\/\",\"name\":\"Humanium\",\"description\":\"Les enfants d\u2019abord !\",\"potentialAction\":[{\"@type\":\"SearchAction\",\"target\":{\"@type\":\"EntryPoint\",\"urlTemplate\":\"https:\\\/\\\/www.humanium.org\\\/fr\\\/?s={search_term_string}\"},\"query-input\":{\"@type\":\"PropertyValueSpecification\",\"valueRequired\":true,\"valueName\":\"search_term_string\"}}],\"inLanguage\":\"fr-FR\"}]}<\/script>\n<!-- \/ Yoast SEO plugin. -->","yoast_head_json":{"title":"Enfants du P\u00e9rou - Humanium","description":"Les conflits persistants au sein du gouvernement compromettent la capacit\u00e9 du pays \u00e0 prot\u00e9ger les enfants ruraux et autochtones.","robots":{"index":"index","follow":"follow","max-snippet":"max-snippet:-1","max-image-preview":"max-image-preview:large","max-video-preview":"max-video-preview:-1"},"canonical":"https:\/\/www.humanium.org\/fr\/perou\/","og_locale":"fr_FR","og_type":"article","og_title":"Enfants du P\u00e9rou - Humanium","og_description":"Les conflits persistants au sein du gouvernement compromettent la capacit\u00e9 du pays \u00e0 prot\u00e9ger les enfants ruraux et autochtones.","og_url":"https:\/\/www.humanium.org\/fr\/perou\/","og_site_name":"Humanium","article_modified_time":"2025-12-10T02:58:59+00:00","og_image":[{"width":400,"height":400,"url":"https:\/\/www.humanium.org\/fr\/wp-content\/uploads\/2023\/08\/Shutterstock_2034083135.jpg","type":"image\/jpeg"}],"twitter_card":"summary_large_image","twitter_misc":{"Dur\u00e9e de lecture estim\u00e9e":"19 minutes"},"schema":{"@context":"https:\/\/schema.org","@graph":[{"@type":"WebPage","@id":"https:\/\/www.humanium.org\/fr\/perou\/","url":"https:\/\/www.humanium.org\/fr\/perou\/","name":"Enfants du P\u00e9rou - Humanium","isPartOf":{"@id":"https:\/\/www.humanium.org\/fr\/#website"},"primaryImageOfPage":{"@id":"https:\/\/www.humanium.org\/fr\/perou\/#primaryimage"},"image":{"@id":"https:\/\/www.humanium.org\/fr\/perou\/#primaryimage"},"thumbnailUrl":"https:\/\/www.humanium.org\/fr\/wp-content\/uploads\/2023\/08\/Shutterstock_2034083135.jpg","datePublished":"2011-08-02T10:41:53+00:00","dateModified":"2025-12-10T02:58:59+00:00","description":"Les conflits persistants au sein du gouvernement compromettent la capacit\u00e9 du pays \u00e0 prot\u00e9ger les enfants ruraux et autochtones.","breadcrumb":{"@id":"https:\/\/www.humanium.org\/fr\/perou\/#breadcrumb"},"inLanguage":"fr-FR","potentialAction":[{"@type":"ReadAction","target":["https:\/\/www.humanium.org\/fr\/perou\/"]}]},{"@type":"ImageObject","inLanguage":"fr-FR","@id":"https:\/\/www.humanium.org\/fr\/perou\/#primaryimage","url":"https:\/\/www.humanium.org\/fr\/wp-content\/uploads\/2023\/08\/Shutterstock_2034083135.jpg","contentUrl":"https:\/\/www.humanium.org\/fr\/wp-content\/uploads\/2023\/08\/Shutterstock_2034083135.jpg","width":400,"height":400},{"@type":"BreadcrumbList","@id":"https:\/\/www.humanium.org\/fr\/perou\/#breadcrumb","itemListElement":[{"@type":"ListItem","position":1,"name":"Home","item":"https:\/\/www.humanium.org\/fr\/"},{"@type":"ListItem","position":2,"name":"Enfants du P\u00e9rou"}]},{"@type":"WebSite","@id":"https:\/\/www.humanium.org\/fr\/#website","url":"https:\/\/www.humanium.org\/fr\/","name":"Humanium","description":"Les enfants d\u2019abord !","potentialAction":[{"@type":"SearchAction","target":{"@type":"EntryPoint","urlTemplate":"https:\/\/www.humanium.org\/fr\/?s={search_term_string}"},"query-input":{"@type":"PropertyValueSpecification","valueRequired":true,"valueName":"search_term_string"}}],"inLanguage":"fr-FR"}]}},"_links":{"self":[{"href":"https:\/\/www.humanium.org\/fr\/wp-json\/wp\/v2\/pages\/12083","targetHints":{"allow":["GET"]}}],"collection":[{"href":"https:\/\/www.humanium.org\/fr\/wp-json\/wp\/v2\/pages"}],"about":[{"href":"https:\/\/www.humanium.org\/fr\/wp-json\/wp\/v2\/types\/page"}],"author":[{"embeddable":true,"href":"https:\/\/www.humanium.org\/fr\/wp-json\/wp\/v2\/users\/65"}],"replies":[{"embeddable":true,"href":"https:\/\/www.humanium.org\/fr\/wp-json\/wp\/v2\/comments?post=12083"}],"version-history":[{"count":14,"href":"https:\/\/www.humanium.org\/fr\/wp-json\/wp\/v2\/pages\/12083\/revisions"}],"predecessor-version":[{"id":61413,"href":"https:\/\/www.humanium.org\/fr\/wp-json\/wp\/v2\/pages\/12083\/revisions\/61413"}],"wp:attachment":[{"href":"https:\/\/www.humanium.org\/fr\/wp-json\/wp\/v2\/media?parent=12083"}],"curies":[{"name":"wp","href":"https:\/\/api.w.org\/{rel}","templated":true}]}}