{"id":12566,"date":"2011-11-29T09:57:48","date_gmt":"2011-11-29T09:57:48","guid":{"rendered":"http:\/\/www.humanium.org\/fr\/?page_id=12566"},"modified":"2025-12-10T02:42:47","modified_gmt":"2025-12-10T02:42:47","slug":"republique-centrafricaine","status":"publish","type":"page","link":"https:\/\/www.humanium.org\/fr\/republique-centrafricaine\/","title":{"rendered":"Enfants de la R\u00e9publique centrafricaine"},"content":{"rendered":"\n<h2 class=\"wp-block-heading\">Concr\u00e9tiser les droits de l&rsquo;enfant en R\u00e9publique centrafricaine<\/h2>\n\n\n\n<div class=\"wp-block-columns is-layout-flex wp-container-core-columns-is-layout-8f761849 wp-block-columns-is-layout-flex\">\n<div class=\"wp-block-column is-layout-flow wp-block-column-is-layout-flow\"><div class=\"wp-block-image is-style-rounded\">\n<figure class=\"aligncenter size-large\"><img loading=\"lazy\" decoding=\"async\" width=\"200\" height=\"200\" src=\"https:\/\/www.humanium.org\/fr\/wp-content\/uploads\/2021\/03\/shutterstock_1297014763.jpg\" alt=\"\" class=\"wp-image-49855\" srcset=\"https:\/\/www.humanium.org\/fr\/wp-content\/uploads\/2021\/03\/shutterstock_1297014763.jpg 200w, https:\/\/www.humanium.org\/fr\/wp-content\/uploads\/2021\/03\/shutterstock_1297014763-150x150.jpg 150w\" sizes=\"auto, (max-width: 200px) 100vw, 200px\" \/><\/figure>\n<\/div><\/div>\n\n\n\n<div class=\"wp-block-column is-layout-flow wp-block-column-is-layout-flow\"><div class=\"wp-block-image is-style-rounded\">\n<figure class=\"aligncenter size-large\"><img loading=\"lazy\" decoding=\"async\" width=\"200\" height=\"200\" src=\"https:\/\/www.humanium.org\/fr\/wp-content\/uploads\/2021\/03\/shutterstock_1299273592.jpg\" alt=\"\" class=\"wp-image-49856\" srcset=\"https:\/\/www.humanium.org\/fr\/wp-content\/uploads\/2021\/03\/shutterstock_1299273592.jpg 200w, https:\/\/www.humanium.org\/fr\/wp-content\/uploads\/2021\/03\/shutterstock_1299273592-150x150.jpg 150w\" sizes=\"auto, (max-width: 200px) 100vw, 200px\" \/><\/figure>\n<\/div><\/div>\n<\/div>\n\n\n\n<p class=\"wp-block-paragraph\"><strong>Les enfants en R\u00e9publique centrafricaine sont souvent incapables d\u2019exercer leurs droits en raison du contexte difficile dans lequel ils vivent.&nbsp;Les enfants sont expos\u00e9s \u00e0 de graves risques qui nuisent \u00e0 leurs droits, notamment le recrutement dans les conflits, l&rsquo;utilisation&nbsp;d&rsquo;enfants soldats, le travail des enfants, les obstacles \u00e0 l&rsquo;acc\u00e8s \u00e0 l&rsquo;\u00e9ducation et les d\u00e9placements forc\u00e9s.<\/strong><\/p>\n\n\n\n<iframe src=\"https:\/\/www.google.com\/maps\/embed?pb=!1m18!1m12!1m3!1d16235986.377981717!2d11.890230990402648!3d6.538870975269697!2m3!1f0!2f0!3f0!3m2!1i1024!2i768!4f13.1!3m3!1m2!1s0x10b8e9538d86a2b7%3A0xb89bc6025a5c8024!2sCentral%20African%20Republic!5e0!3m2!1sen!2shr!4v1615895456301!5m2!1sen!2shr\" width=\"600\" height=\"450\" style=\"border:0;\" allowfullscreen=\"\" loading=\"lazy\"><\/iframe>\n\n\n\n<div class=\"wp-block-columns is-layout-flex wp-container-core-columns-is-layout-8f761849 wp-block-columns-is-layout-flex\">\n<div class=\"wp-block-column is-layout-flow wp-block-column-is-layout-flow\">\n<p class=\"wp-block-paragraph\"><strong>Population :<\/strong>&nbsp;4,7 millions<br><strong>Pop. de 0 \u00e0 14 ans :<\/strong> 44 %<\/p>\n<\/div>\n\n\n\n<div class=\"wp-block-column is-layout-flow wp-block-column-is-layout-flow\">\n<p class=\"wp-block-paragraph\"><strong>Esp\u00e9rance de vie :<\/strong> 53 ans<br><strong>Mortalit\u00e9 des moins de 5 ans :<\/strong>&nbsp;116 \u2030<\/p>\n<\/div>\n<\/div>\n\n\n\n<h2 class=\"wp-block-heading\"><strong>La R\u00e9publique centrafricaine en un coup d&rsquo;\u0153il<\/strong><\/h2>\n\n\n\n<p class=\"wp-block-paragraph\">La R\u00e9publique centrafricaine est un pays sango et francophone enclav\u00e9 au centre du continent africain.&nbsp;Il fait partie des pays les&nbsp;plus <a href=\"https:\/\/www.humanium.org\/fr\/pauvrete\/\">pauvres<\/a>&nbsp;et les plus&nbsp;expos\u00e9s&nbsp;\u00e0 l&rsquo;&nbsp;<a href=\"https:\/\/www.humanium.org\/fr\/comprendre-droits-enfant\/droit-a-l-alimentation\/\">ins\u00e9curit\u00e9 alimentaire<\/a>&nbsp;au monde, malgr\u00e9 ses riches r\u00e9serves et ressources min\u00e9rales.&nbsp;La R\u00e9publique centrafricaine est impliqu\u00e9 dans une violente&nbsp;<a href=\"https:\/\/www.humanium.org\/fr\/enfants-dans-la-guerre\/\">guerre civile<\/a>&nbsp;depuis 2012 en raison duquel au moins 2,6 millions de&nbsp;personnes d&rsquo;&nbsp;Afrique centrale, dont 1,2 millions d&rsquo;&nbsp;enfants, ont besoin d\u2019une aide d\u2019urgence et 1 million de personnes sont&nbsp;<a href=\"https:\/\/www.humanium.org\/fr\/isolement-deracinement\/\">d\u00e9plac\u00e9es<\/a>&nbsp;(Haynes, 2019; UNICEF, 2020). <\/p>\n\n\n\n<p class=\"wp-block-paragraph\">Comme pr\u00e8s de la moiti\u00e9 de les Centrafricaines a moins de 14 ans, les enfants repr\u00e9sentent une grande partie de la population du pays (SOS Children\u2019s Villages, 2020, Ant\u00f3nio Guterres, 2020).&nbsp;En 2018, 71% de la population vivaient en&nbsp;dessous du seuil international de <a href=\"https:\/\/www.humanium.org\/fr\/pauvrete\/\">pauvret\u00e9<\/a> (World Bank, 2020) Malgr\u00e9 plus de la&nbsp;moiti\u00e9 de la population nationale ait besoin d&rsquo;aide humanitaire, le plan d&rsquo;intervention humanitaire reste s\u00e9rieusement sous &#8211;&nbsp;financ\u00e9 (Human Rights Watch, 2019).<\/p>\n\n\n\n<p class=\"wp-block-paragraph\">Les soixante-quinze ans de brutale colonialisme&nbsp;<a href=\"https:\/\/www.humanium.org\/fr\/europe-caucase\/\">europ\u00e9enne<\/a>, de 1885 a l\u2019Independence en 1960, continuent d&rsquo;avoir un impact d\u00e9vastateur sur la R\u00e9publique centrafricaine, et ont ouvert la voie \u00e0 de nombreuses des difficult\u00e9s que persistent dans le pays aujourd&rsquo;hui.&nbsp;Au cours de la ru\u00e9e vers l&rsquo;&nbsp;<a href=\"https:\/\/www.humanium.org\/fr\/afrique\/\">Afrique,<\/a>&nbsp;le pays a \u00e9t\u00e9 envahi par la&nbsp;<a href=\"https:\/\/www.humanium.org\/fr\/france\/\">France<\/a>&nbsp;qui a d\u00e9pouill\u00e9e les ressources de la terre et a permis aux entreprises priv\u00e9es de terroriser une grande partie de la population et de la contraindre au travail forc\u00e9 pour la r\u00e9colt\u00e9 du caf\u00e9, du coton, du caoutchouc et d&rsquo;autres ressources locales pour enrichir leurs&nbsp;esclavagistes&nbsp;<a href=\"https:\/\/www.humanium.org\/fr\/europe-caucase\/\">europ\u00e9ens<\/a>.&nbsp;La violence du travail forc\u00e9 des esclaves qui a conduit \u00e0 la construction du chemin de fer Congo-Oc\u00e9an a tu\u00e9 plus de 17.000 personnes (BBC, sd ; Hochschild, 2017).<\/p>\n\n\n\n<p class=\"wp-block-paragraph\">Malgr\u00e9 plus de&nbsp;trois ans de r\u00e9bellion contre les&nbsp;colonisateurs connue comme la \u00ab&nbsp;R\u00e9volte Baya&nbsp;\u00bb au d\u00e9but du&nbsp;20\u00e8me si\u00e8cle, la R\u00e9publique centrafricaine n\u2019a obtenue son ind\u00e9pendance qu\u2019en 1960, apr\u00e8s quoi la&nbsp;<a href=\"https:\/\/www.humanium.org\/fr\/france\/\">France&nbsp;<\/a>a continu\u00e9 \u00e0&nbsp;jouer un r\u00f4le central dans sa vie socio-\u00e9conomique (Hochschild, 2017).&nbsp;<a href=\"https:\/\/www.humanium.org\/fr\/droits-enfant\/\">Les droits&nbsp;de l&rsquo;&nbsp;enfant<\/a>&nbsp;en R\u00e9publique centrafricaine se d\u00e9veloppent dans un contexte de guerre extr\u00eamement complexe et difficile, d&rsquo;urgence climatique, de post-&nbsp;colonialisme et d&rsquo;ordre international n\u00e9olib\u00e9ral.&nbsp;Malgr\u00e9 au cours des&nbsp;derni\u00e8res ann\u00e9es, des mesures ont \u00e9t\u00e9 prises par le gouvernement pour am\u00e9liorer le niveau g\u00e9n\u00e9ral de protection des enfants, des&nbsp;d\u00e9fis structurels persistantes continuent d\u2019avoir un grave effet sur la vie e <a href=\"https:\/\/www.humanium.org\/fr\/droits-enfant\/\">les droits des&nbsp;enfants<\/a>.<\/p>\n\n\n\n<h2 class=\"wp-block-heading\"><strong>Statut des droits de l&rsquo;enfant <\/strong><a href=\"#_ftn1\"><sup>[1]<\/sup><\/a><strong>&nbsp;<\/strong><\/h2>\n\n\n<div class=\"wp-block-image\">\n<figure class=\"alignright size-large is-resized\"><img loading=\"lazy\" decoding=\"async\" width=\"1024\" height=\"683\" src=\"https:\/\/www.humanium.org\/fr\/wp-content\/uploads\/2021\/03\/shutterstock_213356764-1024x683.jpg\" alt=\"\" class=\"wp-image-49859\" style=\"width:419px;height:280px\" srcset=\"https:\/\/www.humanium.org\/fr\/wp-content\/uploads\/2021\/03\/shutterstock_213356764-1024x683.jpg 1024w, https:\/\/www.humanium.org\/fr\/wp-content\/uploads\/2021\/03\/shutterstock_213356764-300x200.jpg 300w, https:\/\/www.humanium.org\/fr\/wp-content\/uploads\/2021\/03\/shutterstock_213356764-768x512.jpg 768w, https:\/\/www.humanium.org\/fr\/wp-content\/uploads\/2021\/03\/shutterstock_213356764-1536x1024.jpg 1536w, https:\/\/www.humanium.org\/fr\/wp-content\/uploads\/2021\/03\/shutterstock_213356764-2048x1365.jpg 2048w, https:\/\/www.humanium.org\/fr\/wp-content\/uploads\/2021\/03\/shutterstock_213356764-830x553.jpg 830w, https:\/\/www.humanium.org\/fr\/wp-content\/uploads\/2021\/03\/shutterstock_213356764-230x153.jpg 230w, https:\/\/www.humanium.org\/fr\/wp-content\/uploads\/2021\/03\/shutterstock_213356764-350x233.jpg 350w, https:\/\/www.humanium.org\/fr\/wp-content\/uploads\/2021\/03\/shutterstock_213356764-480x320.jpg 480w, https:\/\/www.humanium.org\/fr\/wp-content\/uploads\/2021\/03\/shutterstock_213356764-272x182.jpg 272w\" sizes=\"auto, (max-width: 1024px) 100vw, 1024px\" \/><\/figure>\n<\/div>\n\n\n<p class=\"wp-block-paragraph\">En R\u00e9publique centrafricaine, il y a un&nbsp;<a href=\"https:\/\/www.humanium.org\/fr\/focus\/justice\/\">cadre juridique<\/a>&nbsp;national pr\u00e9\u00e9tabli&nbsp;pour la&nbsp;<a href=\"https:\/\/www.humanium.org\/fr\/comprendre-droits-enfant\/droit-a-la-protection\/\">protection<\/a>&nbsp;des droits de l&rsquo;enfant, et le pays a ratifi\u00e9 les principaux trait\u00e9s internationaux relatifs aux droits de l&rsquo;enfant, comme&nbsp;<a href=\"https:\/\/www.humanium.org\/fr\/convention-droits-enfant-adaptee-aux-enfants-des-10-ans\/\">la Convention des droits de l&rsquo;enfant<\/a>&nbsp;(CDE) et ses deux&nbsp;<a href=\"https:\/\/www.humanium.org\/fr\/convention\/\">protocoles facultatifs<\/a>.&nbsp;En 2005, le gouvernement de la R\u00e9publique centrafricaine a ratifi\u00e9 la&nbsp;Charte africaine des droits et du bien-\u00eatre de l&rsquo;enfant.&nbsp;En 2017, il a \u00e9galement ratifi\u00e9 le Protocole facultatif \u00e0 la Convention des droits l&rsquo;enfant concernant l&rsquo;implication d&rsquo;enfants dans les conflits arm\u00e9s.&nbsp;Le pays n&rsquo;est cependant pas&nbsp;partie de la Convention de La Haye de 1980 sur les aspects civils de l&rsquo;enl\u00e8vement international d&rsquo;enfants.<\/p>\n\n\n\n<p class=\"wp-block-paragraph\">La Constitution de la R\u00e9publique centrafricaine interdit explicitement la&nbsp;<a href=\"https:\/\/www.humanium.org\/fr\/focus\/violences\/\">violence<\/a>&nbsp;contre les&nbsp;femmes et les&nbsp;<a href=\"https:\/\/www.humanium.org\/fr\/droits-des-filles\/\">filles<\/a>, alors que la&nbsp;l\u00e9gislation nationale criminalise l&rsquo;achat, la&nbsp;performance, l&rsquo;arrangement ou l&rsquo;&nbsp;assistance d&rsquo;actes de&nbsp;<a href=\"https:\/\/www.humanium.org\/fr\/mutilations-genitales\/\">mutilation g\u00e9nitale f\u00e9minine<\/a>.&nbsp;Cependant, il manque une application de ces lois. Aucun crime grave n&rsquo;a \u00e9t\u00e9 poursuivi depuis 2013, et bien que plusieurs crimes de <a href=\"https:\/\/www.humanium.org\/fr\/focus\/violences\/\">violence<\/a>&nbsp;sexuelle de groupe aient \u00e9t\u00e9 commis, ils restent impunis.&nbsp;En 2016, le Human Rights Council des Nations Unies a&nbsp;not\u00e9 que \u00ab&nbsp;la justice p\u00e9nale en R\u00e9publique centrafricaine est pratiquement inexistante&nbsp;\u00bb&nbsp;et que, entre 2015 et 2017, la Cour p\u00e9nale de Bangui a&nbsp;tenu une&nbsp;seule s\u00e9ance apr\u00e8s&nbsp;cinq ans d\u2019inactivit\u00e9 (Human Rights Council, 2016).&nbsp;<\/p>\n\n\n\n<p class=\"wp-block-paragraph\">Le manque de ressources et de personnel reste un obstacle majeur et, en dehors de Bangui, l&rsquo;acc\u00e8s aux ressources judiciaires est encore plus limit\u00e9 (28 Too Many, 2018).&nbsp;Bien que d&rsquo;importantes dispositions soient en place pour le respect des droits de l&rsquo;enfant, les lacunes du cadre juridique national et son faible application &nbsp;laissent les enfants vuln\u00e9rables en termes de&nbsp;<a href=\"https:\/\/www.humanium.org\/fr\/focus\/justice\/\">protection judiciaire<\/a>, de respect de leurs droits et de <a href=\"https:\/\/www.humanium.org\/fr\/focus\/justice\/\">responsabilit\u00e9<\/a>&nbsp;pour les violations de ceux-ci.<\/p>\n\n\n\n<h2 class=\"wp-block-heading\">R\u00e9pondre aux besoins des enfants<\/h2>\n\n\n\n<h3 class=\"wp-block-heading\">Droit \u00e0 la vie<\/h3>\n\n\n\n<p class=\"wp-block-paragraph\">Le taux de mortalit\u00e9 des enfants de moins de cinq ans en R\u00e9publique centrafricaine est le sixi\u00e8me le plus \u00e9lev\u00e9 au monde, 116 enfants sur 1000&nbsp;<a href=\"https:\/\/www.humanium.org\/fr\/comprendre-droits-enfant\/droit-a-la-vie\/\">perdant la vie<\/a>&nbsp;avant leur cinqui\u00e8me anniversaire (UNICEF, 2020).&nbsp;Bien que ce taux continue de diminuer, ayant r\u00e9duit au cours des&nbsp;derni\u00e8res d\u00e9cennies, il pose une menace s\u00e9rieuse pour le <a href=\"https:\/\/www.humanium.org\/fr\/comprendre-droits-enfant\/droit-a-la-vie\/\">droit \u00e0 la&nbsp;vie<\/a> des&nbsp;nouveau &#8211;&nbsp;n\u00e9s et enfants d&rsquo;&nbsp;Afrique centrale, comme est le taux \u00e9lev\u00e9 de mortalit\u00e9 maternelle (World Bank, 2020).&nbsp;Le&nbsp;droit des&nbsp;enfants&nbsp;\u00e0 la vie est consacr\u00e9 par l&rsquo;article 6 de la CDE qui stipule que tous les enfants ont&nbsp;<a href=\"https:\/\/www.humanium.org\/fr\/comprendre-droits-enfant\/droit-a-la-vie\/\">droit \u00e0 la survie et au d\u00e9veloppement<\/a>.&nbsp;Dans son&nbsp;rapport en&nbsp;2019, le Secr\u00e9taire g\u00e9n\u00e9ral des Nations Unies a signal\u00e9 qu&rsquo;au moins 96 enfants avaient \u00e9t\u00e9&nbsp;<a href=\"https:\/\/www.humanium.org\/fr\/focus\/violences\/\">tu\u00e9s<\/a>&nbsp;ou mutil\u00e9s par un groupe arm\u00e9 au cours de l&rsquo;ann\u00e9e, certains \u00e0 peine \u00e2g\u00e9s de 6 mois, et que d&rsquo;autres&nbsp;<a href=\"https:\/\/www.humanium.org\/fr\/focus\/violences\/\">enfants avaient \u00e9t\u00e9 victimes<\/a>&nbsp;principalement de fusillades (Guterres, 2019).<\/p>\n\n\n\n<p class=\"wp-block-paragraph\">La l\u00e9gislation nationale criminalise la&nbsp;<a href=\"https:\/\/www.humanium.org\/fr\/la-maltraitance-des-enfants\/\">maltraitance&nbsp;d\u2019enfants<\/a> de moins de 15 ans par&nbsp;les parents. L&rsquo;Unit\u00e9 Mixte pour&nbsp;la R\u00e9pression de la Violence \u00e0 l&rsquo;\u00e9gard des Femmes et la Protection des Enfants a enqu\u00eat\u00e9 sur 2093 cas de&nbsp;<a href=\"https:\/\/www.humanium.org\/fr\/la-maltraitance-des-enfants\/\">maltraitance d&rsquo;enfants<\/a>&nbsp;entre juin 2017 et le 31 ao\u00fbt 2019 (US Department of State, 2019).&nbsp;Le courant <a href=\"https:\/\/www.humanium.org\/fr\/enfants-dans-la-guerre\/\">conflit<\/a>&nbsp;en R\u00e9publique centrafricaine constitue la plus grave menace pour le&nbsp;<a href=\"https:\/\/www.humanium.org\/fr\/comprendre-droits-enfant\/droit-a-la-vie\/\">droit \u00e0 la&nbsp;vie<\/a>&nbsp;des enfants, en&nbsp;particulier dans les r\u00e9gions les plus affect\u00e9es par les plus&nbsp;<a href=\"https:\/\/www.humanium.org\/fr\/enfants-dans-la-guerre\/\">conflits<\/a>&nbsp;et en raison de l\u2019utilisation des&nbsp;<a href=\"https:\/\/www.humanium.org\/fr\/enfant-soldat\/\">enfants soldats<\/a>, avec d&rsquo;&nbsp;autres d\u00e9fis contextuels renforcent&nbsp;cette grave menace.<\/p>\n\n\n\n<h3 class=\"wp-block-heading\"><a href=\"https:\/\/translate.google.com\/translate?hl=en&amp;prev=_t&amp;sl=en&amp;tl=fr&amp;u=https:\/\/www.humanium.org\/en\/right-to-education\/\">Droit \u00e0 l&rsquo;\u00e9ducation<\/a><\/h3>\n\n\n<div class=\"wp-block-image\">\n<figure class=\"alignleft size-large is-resized\"><img loading=\"lazy\" decoding=\"async\" width=\"1024\" height=\"683\" src=\"https:\/\/www.humanium.org\/fr\/wp-content\/uploads\/2021\/03\/shutterstock_1307440675-1024x683.jpg\" alt=\"\" class=\"wp-image-49860\" style=\"width:424px;height:283px\" srcset=\"https:\/\/www.humanium.org\/fr\/wp-content\/uploads\/2021\/03\/shutterstock_1307440675-1024x683.jpg 1024w, https:\/\/www.humanium.org\/fr\/wp-content\/uploads\/2021\/03\/shutterstock_1307440675-300x200.jpg 300w, https:\/\/www.humanium.org\/fr\/wp-content\/uploads\/2021\/03\/shutterstock_1307440675-768x512.jpg 768w, https:\/\/www.humanium.org\/fr\/wp-content\/uploads\/2021\/03\/shutterstock_1307440675-1536x1024.jpg 1536w, https:\/\/www.humanium.org\/fr\/wp-content\/uploads\/2021\/03\/shutterstock_1307440675-2048x1365.jpg 2048w, https:\/\/www.humanium.org\/fr\/wp-content\/uploads\/2021\/03\/shutterstock_1307440675-830x553.jpg 830w, https:\/\/www.humanium.org\/fr\/wp-content\/uploads\/2021\/03\/shutterstock_1307440675-230x153.jpg 230w, https:\/\/www.humanium.org\/fr\/wp-content\/uploads\/2021\/03\/shutterstock_1307440675-350x233.jpg 350w, https:\/\/www.humanium.org\/fr\/wp-content\/uploads\/2021\/03\/shutterstock_1307440675-480x320.jpg 480w, https:\/\/www.humanium.org\/fr\/wp-content\/uploads\/2021\/03\/shutterstock_1307440675-272x182.jpg 272w\" sizes=\"auto, (max-width: 1024px) 100vw, 1024px\" \/><\/figure>\n<\/div>\n\n\n<p class=\"wp-block-paragraph\"><a href=\"https:\/\/www.humanium.org\/fr\/comprendre-droits-enfant\/droit-a-l-education\/\">L&rsquo;\u00e9ducation<\/a>&nbsp;en R\u00e9publique centrafricaine est obligatoire de 6 \u00e0 15 ans et est gratuite, mais les \u00e9tudiants doivent payer des articles tels que les livres, les fournitures et le transport.&nbsp;La World Bank a estim\u00e9 que 30% des enfants ne fr\u00e9quentaient pas l&rsquo;\u00e9cole primaire et 22%&nbsp;ne fr\u00e9quentaient pas l&rsquo;\u00e9cole secondaire, les&nbsp;<a href=\"https:\/\/www.humanium.org\/fr\/droits-des-filles\/\">filles<\/a>&nbsp;ayant un&nbsp;acc\u00e8s&nbsp;r\u00e9duit et in\u00e9gal&nbsp;<a href=\"https:\/\/www.humanium.org\/fr\/comprendre-droits-enfant\/droit-a-l-education\/\">\u00e0 l&rsquo;\u00e9ducation<\/a>&nbsp;par rapport aux gar\u00e7ons.&nbsp;Tr\u00e8s peu d&rsquo;&nbsp;enfants&nbsp;autochtones&nbsp;Ba &lsquo; aka fr\u00e9quentent l&rsquo;\u00e9cole primaire et, selon le D\u00e9partement d&rsquo;\u00c9tat am\u00e9ricain, il n&rsquo;y a pas eu d&rsquo;aide gouvernementale significative pour les efforts visant \u00e0 augmenter la scolarisation des&nbsp;enfants&nbsp;Ba&nbsp;&lsquo;&nbsp;aka.&nbsp;Cet&nbsp;<a href=\"https:\/\/www.humanium.org\/fr\/discriminations\/\">\u00e9cart<\/a>&nbsp;notable&nbsp;montre que les enfants et les&nbsp;<a href=\"https:\/\/www.humanium.org\/fr\/droits-des-filles\/\">filles<\/a>&nbsp;autochtones d&rsquo;Afrique centrale&nbsp;ont souvent un acc\u00e8s r\u00e9duit \u00e0 leur&nbsp;<a href=\"https:\/\/www.humanium.org\/fr\/comprendre-droits-enfant\/droit-a-l-education\/\">droit \u00e0 l&rsquo;\u00e9ducation<\/a>&nbsp;(US Department of State, 2019).<\/p>\n\n\n\n<p class=\"wp-block-paragraph\">Aussi avant le d\u00e9clenchement de la pand\u00e9mie de Covid-19, une proportion importante d&rsquo;\u00e9coles en R\u00e9publique centrafricaine ont \u00e9t\u00e9 ferm\u00e9es en raison d&rsquo;un&nbsp;<a href=\"https:\/\/www.humanium.org\/fr\/enfants-dans-la-guerre\/\">conflit<\/a>&nbsp;; l&rsquo;UNICEF signale que 15% des \u00e9coles avaient \u00e9t\u00e9 ferm\u00e9es au d\u00e9but de 2020. Toutes les \u00e9coles ont \u00e9t\u00e9 ferm\u00e9es d&rsquo;avril \u00e0 septembre 2020 en raison de la pand\u00e9mie, touchant pr\u00e8s d&rsquo;un million d&rsquo;enfants.&nbsp;SOS Children\u2019s Villages a&nbsp;signal\u00e9 que m\u00eame lorsque les&nbsp;\u00e9coles sont ouvertes, les&nbsp;taux de fr\u00e9quentation sont extr\u00eamement faibles, avec environ seulement 41% des&nbsp;<a href=\"https:\/\/www.humanium.org\/fr\/droits-des-filles\/\">filles<\/a>&nbsp;et 62% des gar\u00e7ons fr\u00e9quentant l&rsquo;&nbsp;\u00e9cole primaire, alors que seule une fraction de ces enfants vont \u00e0 terminer leurs \u00e9tudes primaires.&nbsp;<a href=\"https:\/\/www.humanium.org\/fr\/comprendre-droits-enfant\/droit-a-l-education\/\">L&rsquo; acc\u00e8s \u00e0 l&rsquo;&nbsp;\u00e9ducation<\/a>&nbsp;pour les&nbsp;enfants qui vivent dans des&nbsp;zones de <a href=\"https:\/\/www.humanium.org\/fr\/enfants-dans-la-guerre\/\">conflit<\/a>&nbsp;est consid\u00e9rablement r\u00e9duit, et peu de ces enfants peuvent aller \u00e0 l&rsquo;&nbsp;\u00e9cole (SOS Children&rsquo;&nbsp;s Villages, 2020).&nbsp;En effet, les&nbsp;<a href=\"https:\/\/www.humanium.org\/fr\/enfants-dans-la-guerre\/\">attaques&nbsp;contre les&nbsp;\u00e9coles<\/a> et la militarisation des \u00e9coles&nbsp;continuent d&rsquo;\u00eatre signal\u00e9s (Guterres, 2020).<\/p>\n\n\n\n<h3 class=\"wp-block-heading\">Droit \u00e0 la non-discrimination<\/h3>\n\n\n\n<p class=\"wp-block-paragraph\">La l\u00e9gislation nationale de la R\u00e9publique centrafricaine interdit la&nbsp;<a href=\"https:\/\/www.humanium.org\/fr\/enfants-handicapes\/\">discrimination \u00e0 l&rsquo;&nbsp;\u00e9gard&nbsp;des&nbsp;personnes&nbsp;handicap\u00e9es&nbsp;<\/a>mais ne sp\u00e9cifie pas d&rsquo;autres formes de handicap.&nbsp;Le minist\u00e8re du Travail, de l&rsquo;&nbsp;Emploi et de l\u2019Inspection du Travail&nbsp;pour la Protection Sociale a la&nbsp;responsabilit\u00e9 de prot\u00e9ger les&nbsp;enfants&nbsp;<a href=\"https:\/\/www.humanium.org\/fr\/enfants-handicapes\/\">handicap\u00e9es<\/a>, mais il n\u2019existe pas des&nbsp;programmes pour assurer l&rsquo;&nbsp;acc\u00e8s aux b\u00e2timents, l&rsquo;&nbsp;information et les&nbsp;communications.&nbsp;Le code p\u00e9nal criminalise l&rsquo;activit\u00e9 sexuelle consensuelle entre personnes du&nbsp;<a href=\"https:\/\/www.humanium.org\/fr\/enfants-lgbtq\/\">m\u00eame sexe<\/a>&nbsp;.&nbsp;La peine pour&nbsp;\u00ab&nbsp;expression publique d&rsquo;amour&nbsp;\u00bb&nbsp;entre deux personnes du m\u00eame sexe est l&#8217;emprisonnement de six mois \u00e0 deux ans ou une amende.&nbsp;La discrimination sociale et judiciaire contre&nbsp;les personnes <a href=\"https:\/\/www.humanium.org\/fr\/enfants-lgbtq\/\">LGBTQI +<\/a>&nbsp; est donc commun en&nbsp;raison de la&nbsp;stigmatisation structurelle et culturelle (US Department of State, 2019).<\/p>\n\n\n\n<p class=\"wp-block-paragraph\">La <a href=\"https:\/\/www.humanium.org\/fr\/discriminations\/\">discrimination<\/a> existe aussi contre la minorit\u00e9 Mbororo, ainsi que les&nbsp;personnes indig\u00e8ne&nbsp;de la for\u00eat Ba&nbsp;&lsquo;&nbsp;aka.&nbsp;En effet, la&nbsp;<a href=\"https:\/\/www.humanium.org\/fr\/focus\/violences\/\">violence<\/a>&nbsp;contre le peuple Mbororo (principalement des pasteurs nomades) \u00e9tait un probl\u00e8me s\u00e9rieux.&nbsp;Ils souffrent de&nbsp;mani\u00e8re disproportionn\u00e9e du d\u00e9sordre civique dans le nord, et, comme ils sont souvent consid\u00e9r\u00e9s comme des&nbsp;\u00ab&nbsp;\u00e9trangers&nbsp;\u00bb&nbsp;du&nbsp;e \u00e0 leurs sch\u00e9mas migratoires transnationaux, Mbororo peuvent faire face \u00e0 la&nbsp;<a href=\"https:\/\/translate.google.com\/translate?hl=en&amp;prev=_t&amp;sl=en&amp;tl=fr&amp;u=https:\/\/www.humanium.org\/en\/discrimination\/\">discrimination<\/a>&nbsp;dans l&rsquo;&nbsp;acc\u00e8s aux&nbsp;services gouvernementaux.<\/p>\n\n\n\n<p class=\"wp-block-paragraph\">La <a href=\"https:\/\/www.humanium.org\/fr\/discriminations\/\">discrimination<\/a>&nbsp;encore une fois chez&nbsp;les Ba&nbsp;&lsquo;&nbsp;aka, qui constituent environ 1 \u00e0 2% de la population, est \u00e9galement r\u00e9pandue.&nbsp;Le&nbsp;peuple&nbsp;Ba&nbsp;&lsquo;&nbsp;aka est habituellement exclu des d\u00e9cisions affectant ses terres, sa&nbsp;culture, ses traditions&nbsp;et ses ressources naturelles.&nbsp;Les habitants de la for\u00eat, les Ba&nbsp;&lsquo;&nbsp;aka, en particulier, sont victimes de&nbsp;discrimination&nbsp;et d&rsquo;&nbsp;<a href=\"https:\/\/www.humanium.org\/fr\/exploitation\/\">exploitation<\/a>&nbsp;sociales et \u00e9conomiques&nbsp;, que le&nbsp;gouvernement ne fait pas grand-chose pour emp\u00eacher.&nbsp;Les Ba&nbsp;&lsquo;&nbsp;aka, y compris les&nbsp;enfants&nbsp;, peuvent \u00eatre contraints \u00e0 des travaux agricoles et domestiques, et sont m\u00eame parfois consid\u00e9r\u00e9s comme des esclaves par des&nbsp;membres d&rsquo;autres groupes ethniques locaux.&nbsp;Il semble que les personnes Ba&nbsp;&lsquo;&nbsp;aka sont effectivement trait\u00e9es comme des citoyens de seconde zone qui sont souvent d\u00e9shumanis\u00e9s et&nbsp;exclus&nbsp;de la soci\u00e9t\u00e9 traditionnelle&nbsp;(US Department of State, 2019).<\/p>\n\n\n\n<h3 class=\"wp-block-heading\"><a href=\"https:\/\/translate.google.com\/translate?hl=en&amp;prev=_t&amp;sl=en&amp;tl=fr&amp;u=https:\/\/www.humanium.org\/en\/world\/right-to-identity\/\">Droit \u00e0 l&rsquo;identit\u00e9<\/a><\/h3>\n\n\n\n<p class=\"wp-block-paragraph\">Environ 61% des enfants de&nbsp;moins de&nbsp;5 ans en R\u00e9publique centrafricaine ont leurs naissances enregistr\u00e9es, aidant \u00e0 maintenir&nbsp; le&nbsp;<a href=\"https:\/\/www.humanium.org\/fr\/comprendre-droits-enfant\/droit-a-l-identite\/\">droit \u00e0 l&rsquo;&nbsp;identit\u00e9<\/a>&nbsp;des enfants (UNICEF, 2020).&nbsp;Les enfants acqui\u00e8rent la citoyennet\u00e9 par la naissance sur le territoire national de la R\u00e9publique centrafricaine, ou de l&rsquo;un ou des deux parents.&nbsp;L&rsquo;enregistrement des naissances pourrait \u00eatre difficile et moins susceptible de se produire dans les r\u00e9gions o\u00f9 le gouvernement est peu pr\u00e9sent.&nbsp;Les parents n&rsquo;ont pas&nbsp;toujours enregistr\u00e9 les naissances imm\u00e9diatement.&nbsp;Bien que la plupart&nbsp;des&nbsp;naissances d\u2019enfants&nbsp;soient enregistr\u00e9es, les enfants non enregistr\u00e9s souffrent des restrictions d&rsquo;acc\u00e8s \u00e0 l&rsquo;\u00e9ducation et \u00e0 d&rsquo;autres services sociaux.&nbsp;(US Department of State, 2019).<\/p>\n\n\n\n<h2 class=\"wp-block-heading\"><strong>Facteurs de risque&nbsp;\u2192&nbsp;D\u00e9fis sp\u00e9cifiques au pays<\/strong><\/h2>\n\n\n\n<h3 class=\"wp-block-heading\">D\u00e9placement d&rsquo;enfants<\/h3>\n\n\n\n<p class=\"wp-block-paragraph\">Les&nbsp;combats et les attaques de groupes arm\u00e9s en R\u00e9publique centrafricaine, au milieu du&nbsp;<a href=\"https:\/\/www.humanium.org\/fr\/enfants-dans-la-guerre\/\">conflit<\/a> en&nbsp;cours, ont contraint des dizaines de milliers de personnes \u00e0 fuir leurs maisons en 2019. Combats entre le Front populaire pour la renaissance de la R\u00e9publique centrafricaine et le Mouvement des lib\u00e9rateurs centrafricains for Justice ont&nbsp;<a href=\"https:\/\/www.humanium.org\/fr\/isolement-deracinement\/\">d\u00e9plac\u00e9<\/a>&nbsp;environ 14.000 personnes.&nbsp;Le nombre total de personnes d\u00e9plac\u00e9es \u00e0 l&rsquo;int\u00e9rieur dans le pays est de plus de 600.000, et un nombre similaire de Centrafricains&nbsp;<a href=\"https:\/\/www.humanium.org\/fr\/isolement-deracinement\/\">d\u00e9plac\u00e9s<\/a>&nbsp;vive dehors en tant que r\u00e9fugi\u00e9s.&nbsp;Les conditions de vie sont tr\u00e8s dures pour les&nbsp;personnes&nbsp;<a href=\"https:\/\/www.humanium.org\/fr\/isolement-deracinement\/\">d\u00e9plac\u00e9es<\/a>&nbsp;et les r\u00e9fugi\u00e9s, dont la plupart r\u00e9sident dans des camps avec un acc\u00e8s n\u00e9gligeable \u00e0 l&rsquo;assistance&nbsp;humanitaire&nbsp;(HRW, 2019).&nbsp;Alors que 350.000&nbsp;<a href=\"https:\/\/www.humanium.org\/fr\/isolement-deracinement\/\">personnes d\u00e9plac\u00e9es sont<\/a>&nbsp;rentr\u00e9es dans le pays en 2019 &#8211; souvent dans des villages d\u00e9truits &#8211; un Centrafricain sur cinq a fui le&nbsp;<a href=\"https:\/\/www.humanium.org\/fr\/enfants-dans-la-guerre\/\">conflit<\/a>&nbsp;(UNICEF 2020).<\/p>\n\n\n\n<h3 class=\"wp-block-heading\">Travail des enfants<\/h3>\n\n\n<div class=\"wp-block-image\">\n<figure class=\"alignright size-large is-resized\"><img loading=\"lazy\" decoding=\"async\" width=\"1024\" height=\"634\" src=\"https:\/\/www.humanium.org\/fr\/wp-content\/uploads\/2021\/03\/shutterstock_1297038034-1024x634.jpg\" alt=\"\" class=\"wp-image-49861\" style=\"width:418px;height:259px\" srcset=\"https:\/\/www.humanium.org\/fr\/wp-content\/uploads\/2021\/03\/shutterstock_1297038034-1024x634.jpg 1024w, https:\/\/www.humanium.org\/fr\/wp-content\/uploads\/2021\/03\/shutterstock_1297038034-300x186.jpg 300w, https:\/\/www.humanium.org\/fr\/wp-content\/uploads\/2021\/03\/shutterstock_1297038034-768x475.jpg 768w, https:\/\/www.humanium.org\/fr\/wp-content\/uploads\/2021\/03\/shutterstock_1297038034-1536x951.jpg 1536w, https:\/\/www.humanium.org\/fr\/wp-content\/uploads\/2021\/03\/shutterstock_1297038034-2048x1268.jpg 2048w, https:\/\/www.humanium.org\/fr\/wp-content\/uploads\/2021\/03\/shutterstock_1297038034-830x514.jpg 830w, https:\/\/www.humanium.org\/fr\/wp-content\/uploads\/2021\/03\/shutterstock_1297038034-230x142.jpg 230w, https:\/\/www.humanium.org\/fr\/wp-content\/uploads\/2021\/03\/shutterstock_1297038034-350x217.jpg 350w, https:\/\/www.humanium.org\/fr\/wp-content\/uploads\/2021\/03\/shutterstock_1297038034-480x297.jpg 480w\" sizes=\"auto, (max-width: 1024px) 100vw, 1024px\" \/><\/figure>\n<\/div>\n\n\n<p class=\"wp-block-paragraph\">Selon l&rsquo;UNICEF, 31% des enfants centrafricains \u00e2g\u00e9s de 5 \u00e0 17 ans travaillent (UNICEF, 2020).&nbsp;Le Code national du travail interdit certaines des pires formes de&nbsp;<a href=\"https:\/\/www.humanium.org\/fr\/travail-des-enfants\/\">travail des enfants<\/a>.&nbsp;Par exemple, il est interdit aux enfants de moins de 18 ans d&rsquo;effectuer des&nbsp;\u00ab&nbsp;travaux dangereux&nbsp;\u00bb,&nbsp;mais le terme n&rsquo;est pas clairement d\u00e9fini par la loi.&nbsp;De&nbsp;plus, l&rsquo;&nbsp;<a href=\"https:\/\/www.humanium.org\/fr\/travail-des-enfants\/\">emploi d&rsquo;enfants de<\/a>&nbsp;moins de 14 ans est ill\u00e9gal sans l&rsquo;autorisation&nbsp;du minist\u00e8re du Travail, de l&rsquo;Emploi et de la Protection sociale.&nbsp;<\/p>\n\n\n\n<p class=\"wp-block-paragraph\">Cependant, la loi stipule \u00e9galement que l&rsquo;\u00e2ge minimum d&#8217;emploi peut \u00eatre de 12 ans pour certains types de travaux&nbsp;\u00ab&nbsp;l\u00e9gers&nbsp;\u00bb, tels que certaines activit\u00e9s agricoles ou domestiques (US Department of State, 2019).&nbsp;Cela expose les&nbsp;jeunes enfants non seulement \u00e0 des&nbsp;risques de&nbsp;<a href=\"https:\/\/www.humanium.org\/fr\/travail-des-enfants\/\">travail<\/a>, mais il attente au droit \u00e0 une&nbsp;<a href=\"https:\/\/www.humanium.org\/fr\/comprendre-droits-enfant\/droit-a-l-education\/\">\u00e9ducation<\/a>&nbsp;des enfants, parce que l&rsquo;\u00e2ge minimum pour le&nbsp;travail est inf\u00e9rieur \u00e0 l\u2019\u00e2ge scolaire, ce qui&nbsp;signifie que les&nbsp;enfants peuvent \u00eatre encourag\u00e9s \u00e0 entrer dans le&nbsp;travail avant de l&rsquo;&nbsp;\u00e9ducation , ou sans avoir termin\u00e9 l&rsquo;\u00e9cole.<\/p>\n\n\n\n<p class=\"wp-block-paragraph\">Il existe de nombreuses politiques gouvernementales relatives au&nbsp;<a href=\"https:\/\/www.humanium.org\/fr\/travail-des-enfants\/\">travail des enfants<\/a>&nbsp;, y compris pour \u00e9radiquer l&rsquo;&nbsp;<a href=\"https:\/\/www.humanium.org\/fr\/exploitation\/\">exploitation<\/a>&nbsp;et l\u2019abus sexuel ou l&rsquo;utilisation d&rsquo;enfants dans les conflits arm\u00e9s, mais il n\u2019y a pas de programmes pour \u00e9liminer et pr\u00e9venir&nbsp;<a href=\"https:\/\/www.humanium.org\/fr\/travail-des-enfants\/\">le travail des enfants<\/a>&nbsp;.&nbsp;Le travail des enfants est courant dans de nombreux secteurs de l&rsquo;\u00e9conomie, en particulier dans les zones rurales.&nbsp;Les enfants locaux et d\u00e9plac\u00e9s d\u00e8s l&rsquo;\u00e2ge de 7 ans effectuent fr\u00e9quemment des travaux agricoles, notamment la r\u00e9colte et la collecte d&rsquo;articles \u00e0 vendre dans les&nbsp;paniers.&nbsp;Les enfants&nbsp;<a href=\"https:\/\/www.humanium.org\/fr\/travail-des-enfants\/\">travaillaient<\/a>&nbsp;souvent&nbsp;comme domestiques, p\u00eacheurs et dans les mines, souvent dans des conditions dangereuses.&nbsp;Bien que le Code minier interdit \u00e9galement le&nbsp;<a href=\"https:\/\/www.humanium.org\/fr\/travail-des-enfants\/\">travail des enfants<\/a>&nbsp;, le D\u00e9partement des \u00c9tats-Unis a&nbsp;indiqu\u00e9 que les&nbsp;enfants en R\u00e9publique centrafricaine sont employ\u00e9s dans les pires formes de&nbsp;<a href=\"https:\/\/www.humanium.org\/fr\/travail-des-enfants\/\">travail des enfants<\/a>&nbsp;dans les&nbsp;champs de diamants, le&nbsp;transport et le&nbsp;lavage de gravier ainsi que les mines d&rsquo;or, creuser des&nbsp;trous, et le &nbsp;transport de poids lourds, en violation de leurs droits (US Department of State, 2019).<\/p>\n\n\n\n<h3 class=\"wp-block-heading\"><a href=\"https:\/\/translate.google.com\/translate?hl=en&amp;prev=_t&amp;sl=en&amp;tl=fr&amp;u=https:\/\/www.humanium.org\/en\/child-soldier\/\"><strong>Enfants soldats<\/strong><\/a><\/h3>\n\n\n\n<p class=\"wp-block-paragraph\">En raison du&nbsp;<a href=\"https:\/\/www.humanium.org\/fr\/enfants-dans-la-guerre\/\">conflit<\/a>&nbsp;en&nbsp;cours&nbsp;en R\u00e9publique centrafricaine, l&rsquo;utilisation d&rsquo;&nbsp;<a href=\"https:\/\/www.humanium.org\/fr\/enfant-soldat\/\">enfants soldats<\/a>&nbsp;constitue une menace particuli\u00e8rement grave pour les enfants centrafricains et leurs droits.&nbsp;Le conflit en R\u00e9publique centrafricaine&nbsp;a commenc\u00e9 en 2012, et l&rsquo;ONU a&nbsp;indiqu\u00e9 que plus de 14.000 enfants ont \u00e9t\u00e9 recrut\u00e9s par les groupes arm\u00e9s S\u00e9l\u00e9ka et Anti-Balaka, et d\u2019autres groupes. La coalition musulmane S\u00e9l\u00e9ka&nbsp;(aujourd\u2019hui dissoute) et les&nbsp;milices chr\u00e9tiennes anti-Balaka, ont utilis\u00e9 des&nbsp;enfants aussi jeunes que 8 ans en&nbsp;tant que combattants, gardes, boucliers humains, porteurs, messagers, espions, cuisiniers, et \u00e0&nbsp;<a href=\"https:\/\/www.humanium.org\/fr\/exploitation-sexuelle-enfants\/\">des fins sexuelles<\/a>&nbsp;.&nbsp;Certains enfants sont&nbsp;<a href=\"https:\/\/www.humanium.org\/fr\/la-maltraitance-des-enfants\/\">enlev\u00e9s<\/a>&nbsp;, mais beaucoup d&rsquo;autres&nbsp;rejoignent les&nbsp;milices&nbsp;\u00ab&nbsp;volontairement&nbsp;\u00bb&nbsp;pour se prot\u00e9ger ou prot\u00e9ger leurs communaut\u00e9s.&nbsp;La situation est exacerb\u00e9e par le fait que les enfants lib\u00e9r\u00e9s retournent souvent dans des communaut\u00e9s o\u00f9 les m\u00eames groupes arm\u00e9s op\u00e8rent toujours, ce qui signifie que le risque d&rsquo;\u00eatre recrut\u00e9 \u00e0 nouveau est \u00e9lev\u00e9 (Child Soldiers&nbsp;International, 2019).<\/p>\n\n\n\n<p class=\"wp-block-paragraph\">Les milices ont utilis\u00e9 des&nbsp;<a href=\"https:\/\/www.humanium.org\/fr\/enfant-soldat\/\">enfants soldats<\/a>&nbsp;de Basse-Kotto, Haute-Kotto, Mbomou, Nana-Grebizi, Nana-Mambere et Ouaka.&nbsp;En d\u00e9pit de certains efforts nationaux et internationaux pour lutter contre l&rsquo;utilisation d&rsquo;&nbsp;<a href=\"https:\/\/www.humanium.org\/fr\/enfant-soldat\/\">enfants soldats<\/a>&nbsp;en R\u00e9publique centrafricaine,&nbsp;comme une campagne contre l&rsquo;enr\u00f4lement d&rsquo;enfants dans&nbsp;<a href=\"https:\/\/www.humanium.org\/fr\/enfants-dans-la-guerre\/\">les conflits arm\u00e9s<\/a>&nbsp;qui pr\u00f4nait leur protection et leur r\u00e9insertion sociale, les groupes arm\u00e9s utilisent encore plusieurs milliers d&rsquo;enfants dans les&nbsp;r\u00f4les de&nbsp;combat et de&nbsp;soutien dans tout le pays, tandis que les enfants d\u00e9mobilis\u00e9s sont expos\u00e9s \u00e0 des risques de re-recrutement.&nbsp;Les programmes de r\u00e9int\u00e9gration insuffisamment financ\u00e9s, l&rsquo;instabilit\u00e9 persistante et le manque d&rsquo;opportunit\u00e9s \u00e9conomiques dans tout le pays exacerbent les risques de&nbsp;recrutement parmi les anciens&nbsp;<a href=\"https:\/\/www.humanium.org\/fr\/enfant-soldat\/\">enfants soldats<\/a>&nbsp;(US Department of State, 2020).<\/p>\n\n\n\n<p class=\"wp-block-paragraph\"><strong><em>\u00c9crit par Josephine Thum<\/em><\/strong><\/p>\n\n\n\n<p class=\"wp-block-paragraph\"><strong><em>Traduit par Maria Antonietta Giglio<\/em><\/strong><\/p>\n\n\n\n<p class=\"wp-block-paragraph\"><em><strong>Derni\u00e8re mise \u00e0 jour le 26 janvier 2021<\/strong><\/em><\/p>\n\n\n\n<h4 class=\"wp-block-heading\"><strong>R\u00e9f\u00e9rences<\/strong>:<\/h4>\n\n\n\n<p class=\"has-small-font-size wp-block-paragraph\" id=\"block-e1c63763-5a61-4392-8cfe-8f3e9a1ee145\"><a href=\"http:\/\/news.bbc.co.uk\/1\/shared\/spl\/hi\/picture_gallery\/07\/africa_malaria_train\/html\/3.stm\" target=\"_blank\" rel=\"noreferrer noopener\">BBC (n.d.) <em>In Pictures: Malaria Train<\/em>.<\/a><\/p>\n\n\n\n<p class=\"has-small-font-size wp-block-paragraph\" id=\"block-5a86d133-0188-401c-85b2-7566217eeec4\">CHILD SOLDIERS INTERNATIONAL (2019) <em>Annual Report 2017 &#8211; 2018<\/em>.<\/p>\n\n\n\n<p class=\"has-small-font-size wp-block-paragraph\" id=\"block-c1c3a50e-e05e-4685-a412-8838465c90c9\">GUTERRES Antonio (2020) <em>Children and Armed Conflict, Report of the United Nations Secretary General<\/em>.<\/p>\n\n\n\n<p class=\"has-small-font-size wp-block-paragraph\" id=\"block-f2671a06-b32d-46c0-8d3a-df98d73dce45\"><a href=\"https:\/\/time.com\/5753900\/flooding-central-african-republic\/\" target=\"_blank\" rel=\"noreferrer noopener\">HAYNES Suyin (2019)&nbsp; \u2018&rsquo;No Safety Net.&rsquo; How Climate Change and Unprecedented Flooding Is Destroying Communities in the Central African Republic\u201d <em>Time<\/em>.<\/a><\/p>\n\n\n\n<p class=\"has-small-font-size wp-block-paragraph\" id=\"block-1ee21c72-b218-425d-9226-0095348e9486\">HOCHSCHILD Adam (2017) <em>El Fantasma del Rey Leopoldo: Una historia de codicia, terror y heroismo en el Africa colonial<\/em>, Malpaso.<\/p>\n\n\n\n<p class=\"has-small-font-size wp-block-paragraph\" id=\"block-9b8bfc27-54cf-41fe-b60c-5e24634a0f4f\"><a href=\"http:\/\/www.un.org\/en\/ga\/search\/view_doc.asp?symbol=A\/HRC\/33\/63.\" target=\"_blank\" rel=\"noreferrer noopener\">HUMAN RIGHTS COUNCIL (2016) <em>Report of the Independent Expert on the situation of human rights in the Central African Republic<\/em>. UN General Assembly A\/HRC\/33\/63.<\/a><\/p>\n\n\n\n<p class=\"has-small-font-size wp-block-paragraph\" id=\"block-c006f4c9-1ce6-4410-8d80-79996c78a0cb\"><a href=\"https:\/\/www.hrw.org\/world-report\/2020\/country-chapters\/central-african-republic\" target=\"_blank\" rel=\"noreferrer noopener\">HUMAN RIGHTS WATCH (2020) \u2018Central African Republic, Events of 2019\u2019 in <em>World Report 2020<\/em>.<\/a><\/p>\n\n\n\n<p class=\"has-small-font-size wp-block-paragraph\" id=\"block-5a68d627-28d4-403f-bf91-d07a31b517ce\"><a href=\"https:\/\/www.unicef.org\/appeals\/car.html\" target=\"_blank\" rel=\"noreferrer noopener\">UNICEF (2020) <em>Central African Republic, <\/em>UNICEF Online.<\/a><\/p>\n\n\n\n<p class=\"has-small-font-size wp-block-paragraph\" id=\"block-cb66ed8c-0578-4ef0-9181-e499d789d891\"><a href=\"https:\/\/data.unicef.org\/country\/caf\/\" target=\"_blank\" rel=\"noreferrer noopener\">UNICEF (2020) <em>Central African Republic, <\/em>UNICEF DATA.<\/a><\/p>\n\n\n\n<p class=\"has-small-font-size wp-block-paragraph\" id=\"block-b7e9a2e5-0e3a-4f1b-9be3-46e503fc4d98\"><a href=\"https:\/\/www.sos-childrensvillages.org\/where-we-help\/africa\/central-african-republic\" target=\"_blank\" rel=\"noreferrer noopener\">SOS Children\u2019s Villages (2020) \u2018SOS Children&rsquo;s Villages in the Central African Republic\u2019.<\/a><\/p>\n\n\n\n<p class=\"has-small-font-size wp-block-paragraph\" id=\"block-b197c614-2ca5-434d-ba60-8ebdc894943f\"><a href=\"https:\/\/www.worldbank.org\/en\/country\/centralafricanrepublic\/overview#1\" target=\"_blank\" rel=\"noreferrer noopener\">WORLD BANK (2020) \u2018Overview\u2019 <em>The World Bank in Central African Republic<\/em>.<\/a><\/p>\n\n\n\n<p class=\"has-small-font-size wp-block-paragraph\" id=\"block-3bd3a12f-f54f-4c7b-9866-a8e39696e723\"><a href=\"https:\/\/www.state.gov\/reports\/2019-country-reports-on-human-rights-practices\/central-african-republic\/\" target=\"_blank\" rel=\"noreferrer noopener\">U.S. DEPARTMENT OF STATE (2019) \u2018Central African Republic\u2019, <em>2019 Reports on Human Rights Practice<\/em>.<\/a><\/p>\n\n\n\n<p class=\"has-small-font-size wp-block-paragraph\" id=\"block-722a3b78-3cbb-49b4-8b77-4f93aa38a92e\"><a href=\"https:\/\/www.state.gov\/wp-content\/uploads\/2020\/06\/2020-TIP-Report-Complete-062420-FINAL.pdf\" target=\"_blank\" rel=\"noreferrer noopener\">U.S. DEPARTMENT OF STATE (2020) <em>Trafficking in Persons Report<\/em>.<\/a><\/p>\n\n\n\n<p class=\"has-small-font-size wp-block-paragraph\" id=\"block-b5956989-1680-416d-89d3-21313744756b\"><a href=\"https:\/\/www.orchidproject.org\/wp-content\/uploads\/2019\/04\/central_african_republic_law_report_v1_july_2018.pdf\" target=\"_blank\" rel=\"noreferrer noopener\">28 TOO MANY (2018) <em>Central African Republic: The Law and FGM<\/em>.<\/a><\/p>\n\n\n\n<hr class=\"wp-block-separator has-css-opacity\"\/>\n\n\n\n<p class=\"has-small-font-size wp-block-paragraph\"><a href=\"#_ftnref1\"><sup>[1]<\/sup><\/a> Cet article en aucun cas vise \u00e0 donner un compte rendu complet ou repr\u00e9sentant des droits des enfants en R\u00e9publique centrafricaine, qui est vaste, complexe et en constante \u00e9volution. L &lsquo;article vise \u00e0 mettre en \u00e9vidence les principaux d\u00e9fis pos\u00e9s aux droits des enfants en R\u00e9publique centrafricaine et n&rsquo;est pas repr\u00e9sentatif de l &lsquo; histoire des droits de l &lsquo; enfant, des innovations ou des r\u00e9alisations du pays.<\/p>\n","protected":false},"excerpt":{"rendered":"<p>Concr\u00e9tiser les droits de l&rsquo;enfant en R\u00e9publique centrafricaine Les enfants en R\u00e9publique centrafricaine sont souvent incapables d\u2019exercer leurs droits en raison du contexte difficile dans lequel ils vivent.&nbsp;Les enfants sont expos\u00e9s \u00e0 de graves risques qui nuisent \u00e0 leurs droits, notamment le recrutement dans les conflits, l&rsquo;utilisation&nbsp;d&rsquo;enfants soldats, le travail des enfants, les obstacles \u00e0 [&hellip;]<\/p>\n","protected":false},"author":65,"featured_media":0,"parent":0,"menu_order":0,"comment_status":"closed","ping_status":"closed","template":"","meta":{"footnotes":""},"class_list":["post-12566","page","type-page","status-publish","hentry"],"yoast_head":"<!-- This site is optimized with the Yoast SEO plugin v28.3 - https:\/\/yoast.com\/product\/yoast-seo-wordpress\/ -->\n<title>Enfants de la R\u00e9publique centrafricaine - Humanium<\/title>\n<meta name=\"description\" content=\"Les enfants en R\u00e9publique centrafricaine sont incapables d\u2019exercer leurs droits en raison du contexte difficile dans lequel ils vivent.\" \/>\n<meta name=\"robots\" content=\"index, follow, max-snippet:-1, max-image-preview:large, max-video-preview:-1\" \/>\n<link rel=\"canonical\" href=\"https:\/\/www.humanium.org\/fr\/republique-centrafricaine\/\" \/>\n<meta property=\"og:locale\" content=\"fr_FR\" \/>\n<meta property=\"og:type\" content=\"article\" \/>\n<meta property=\"og:title\" content=\"Enfants de la R\u00e9publique centrafricaine - Humanium\" \/>\n<meta property=\"og:description\" content=\"Les enfants en R\u00e9publique centrafricaine sont incapables d\u2019exercer leurs droits en raison du contexte difficile dans lequel ils vivent.\" \/>\n<meta property=\"og:url\" content=\"https:\/\/www.humanium.org\/fr\/republique-centrafricaine\/\" \/>\n<meta property=\"og:site_name\" content=\"Humanium\" \/>\n<meta property=\"article:modified_time\" content=\"2025-12-10T02:42:47+00:00\" \/>\n<meta property=\"og:image\" content=\"https:\/\/www.humanium.org\/fr\/wp-content\/uploads\/2021\/03\/shutterstock_1297014763.jpg\" \/>\n\t<meta property=\"og:image:width\" content=\"200\" \/>\n\t<meta property=\"og:image:height\" content=\"200\" \/>\n\t<meta property=\"og:image:type\" content=\"image\/jpeg\" \/>\n<meta name=\"twitter:card\" content=\"summary_large_image\" \/>\n<meta name=\"twitter:label1\" content=\"Dur\u00e9e de lecture estim\u00e9e\" \/>\n\t<meta name=\"twitter:data1\" content=\"16 minutes\" \/>\n<script type=\"application\/ld+json\" class=\"yoast-schema-graph\">{\"@context\":\"https:\\\/\\\/schema.org\",\"@graph\":[{\"@type\":\"WebPage\",\"@id\":\"https:\\\/\\\/www.humanium.org\\\/fr\\\/republique-centrafricaine\\\/\",\"url\":\"https:\\\/\\\/www.humanium.org\\\/fr\\\/republique-centrafricaine\\\/\",\"name\":\"Enfants de la R\u00e9publique centrafricaine - Humanium\",\"isPartOf\":{\"@id\":\"https:\\\/\\\/www.humanium.org\\\/fr\\\/#website\"},\"primaryImageOfPage\":{\"@id\":\"https:\\\/\\\/www.humanium.org\\\/fr\\\/republique-centrafricaine\\\/#primaryimage\"},\"image\":{\"@id\":\"https:\\\/\\\/www.humanium.org\\\/fr\\\/republique-centrafricaine\\\/#primaryimage\"},\"thumbnailUrl\":\"https:\\\/\\\/www.humanium.org\\\/fr\\\/wp-content\\\/uploads\\\/2021\\\/03\\\/shutterstock_1297014763.jpg\",\"datePublished\":\"2011-11-29T09:57:48+00:00\",\"dateModified\":\"2025-12-10T02:42:47+00:00\",\"description\":\"Les enfants en R\u00e9publique centrafricaine sont incapables d\u2019exercer leurs droits en raison du contexte difficile dans lequel ils vivent.\",\"breadcrumb\":{\"@id\":\"https:\\\/\\\/www.humanium.org\\\/fr\\\/republique-centrafricaine\\\/#breadcrumb\"},\"inLanguage\":\"fr-FR\",\"potentialAction\":[{\"@type\":\"ReadAction\",\"target\":[\"https:\\\/\\\/www.humanium.org\\\/fr\\\/republique-centrafricaine\\\/\"]}]},{\"@type\":\"ImageObject\",\"inLanguage\":\"fr-FR\",\"@id\":\"https:\\\/\\\/www.humanium.org\\\/fr\\\/republique-centrafricaine\\\/#primaryimage\",\"url\":\"https:\\\/\\\/www.humanium.org\\\/fr\\\/wp-content\\\/uploads\\\/2021\\\/03\\\/shutterstock_1297014763.jpg\",\"contentUrl\":\"https:\\\/\\\/www.humanium.org\\\/fr\\\/wp-content\\\/uploads\\\/2021\\\/03\\\/shutterstock_1297014763.jpg\",\"width\":200,\"height\":200},{\"@type\":\"BreadcrumbList\",\"@id\":\"https:\\\/\\\/www.humanium.org\\\/fr\\\/republique-centrafricaine\\\/#breadcrumb\",\"itemListElement\":[{\"@type\":\"ListItem\",\"position\":1,\"name\":\"Home\",\"item\":\"https:\\\/\\\/www.humanium.org\\\/fr\\\/\"},{\"@type\":\"ListItem\",\"position\":2,\"name\":\"Enfants de la R\u00e9publique centrafricaine\"}]},{\"@type\":\"WebSite\",\"@id\":\"https:\\\/\\\/www.humanium.org\\\/fr\\\/#website\",\"url\":\"https:\\\/\\\/www.humanium.org\\\/fr\\\/\",\"name\":\"Humanium\",\"description\":\"Les enfants d\u2019abord !\",\"potentialAction\":[{\"@type\":\"SearchAction\",\"target\":{\"@type\":\"EntryPoint\",\"urlTemplate\":\"https:\\\/\\\/www.humanium.org\\\/fr\\\/?s={search_term_string}\"},\"query-input\":{\"@type\":\"PropertyValueSpecification\",\"valueRequired\":true,\"valueName\":\"search_term_string\"}}],\"inLanguage\":\"fr-FR\"}]}<\/script>\n<!-- \/ Yoast SEO plugin. -->","yoast_head_json":{"title":"Enfants de la R\u00e9publique centrafricaine - Humanium","description":"Les enfants en R\u00e9publique centrafricaine sont incapables d\u2019exercer leurs droits en raison du contexte difficile dans lequel ils vivent.","robots":{"index":"index","follow":"follow","max-snippet":"max-snippet:-1","max-image-preview":"max-image-preview:large","max-video-preview":"max-video-preview:-1"},"canonical":"https:\/\/www.humanium.org\/fr\/republique-centrafricaine\/","og_locale":"fr_FR","og_type":"article","og_title":"Enfants de la R\u00e9publique centrafricaine - Humanium","og_description":"Les enfants en R\u00e9publique centrafricaine sont incapables d\u2019exercer leurs droits en raison du contexte difficile dans lequel ils vivent.","og_url":"https:\/\/www.humanium.org\/fr\/republique-centrafricaine\/","og_site_name":"Humanium","article_modified_time":"2025-12-10T02:42:47+00:00","og_image":[{"width":200,"height":200,"url":"https:\/\/www.humanium.org\/fr\/wp-content\/uploads\/2021\/03\/shutterstock_1297014763.jpg","type":"image\/jpeg"}],"twitter_card":"summary_large_image","twitter_misc":{"Dur\u00e9e de lecture estim\u00e9e":"16 minutes"},"schema":{"@context":"https:\/\/schema.org","@graph":[{"@type":"WebPage","@id":"https:\/\/www.humanium.org\/fr\/republique-centrafricaine\/","url":"https:\/\/www.humanium.org\/fr\/republique-centrafricaine\/","name":"Enfants de la R\u00e9publique centrafricaine - Humanium","isPartOf":{"@id":"https:\/\/www.humanium.org\/fr\/#website"},"primaryImageOfPage":{"@id":"https:\/\/www.humanium.org\/fr\/republique-centrafricaine\/#primaryimage"},"image":{"@id":"https:\/\/www.humanium.org\/fr\/republique-centrafricaine\/#primaryimage"},"thumbnailUrl":"https:\/\/www.humanium.org\/fr\/wp-content\/uploads\/2021\/03\/shutterstock_1297014763.jpg","datePublished":"2011-11-29T09:57:48+00:00","dateModified":"2025-12-10T02:42:47+00:00","description":"Les enfants en R\u00e9publique centrafricaine sont incapables d\u2019exercer leurs droits en raison du contexte difficile dans lequel ils vivent.","breadcrumb":{"@id":"https:\/\/www.humanium.org\/fr\/republique-centrafricaine\/#breadcrumb"},"inLanguage":"fr-FR","potentialAction":[{"@type":"ReadAction","target":["https:\/\/www.humanium.org\/fr\/republique-centrafricaine\/"]}]},{"@type":"ImageObject","inLanguage":"fr-FR","@id":"https:\/\/www.humanium.org\/fr\/republique-centrafricaine\/#primaryimage","url":"https:\/\/www.humanium.org\/fr\/wp-content\/uploads\/2021\/03\/shutterstock_1297014763.jpg","contentUrl":"https:\/\/www.humanium.org\/fr\/wp-content\/uploads\/2021\/03\/shutterstock_1297014763.jpg","width":200,"height":200},{"@type":"BreadcrumbList","@id":"https:\/\/www.humanium.org\/fr\/republique-centrafricaine\/#breadcrumb","itemListElement":[{"@type":"ListItem","position":1,"name":"Home","item":"https:\/\/www.humanium.org\/fr\/"},{"@type":"ListItem","position":2,"name":"Enfants de la R\u00e9publique centrafricaine"}]},{"@type":"WebSite","@id":"https:\/\/www.humanium.org\/fr\/#website","url":"https:\/\/www.humanium.org\/fr\/","name":"Humanium","description":"Les enfants d\u2019abord !","potentialAction":[{"@type":"SearchAction","target":{"@type":"EntryPoint","urlTemplate":"https:\/\/www.humanium.org\/fr\/?s={search_term_string}"},"query-input":{"@type":"PropertyValueSpecification","valueRequired":true,"valueName":"search_term_string"}}],"inLanguage":"fr-FR"}]}},"_links":{"self":[{"href":"https:\/\/www.humanium.org\/fr\/wp-json\/wp\/v2\/pages\/12566","targetHints":{"allow":["GET"]}}],"collection":[{"href":"https:\/\/www.humanium.org\/fr\/wp-json\/wp\/v2\/pages"}],"about":[{"href":"https:\/\/www.humanium.org\/fr\/wp-json\/wp\/v2\/types\/page"}],"author":[{"embeddable":true,"href":"https:\/\/www.humanium.org\/fr\/wp-json\/wp\/v2\/users\/65"}],"replies":[{"embeddable":true,"href":"https:\/\/www.humanium.org\/fr\/wp-json\/wp\/v2\/comments?post=12566"}],"version-history":[{"count":17,"href":"https:\/\/www.humanium.org\/fr\/wp-json\/wp\/v2\/pages\/12566\/revisions"}],"predecessor-version":[{"id":60936,"href":"https:\/\/www.humanium.org\/fr\/wp-json\/wp\/v2\/pages\/12566\/revisions\/60936"}],"wp:attachment":[{"href":"https:\/\/www.humanium.org\/fr\/wp-json\/wp\/v2\/media?parent=12566"}],"curies":[{"name":"wp","href":"https:\/\/api.w.org\/{rel}","templated":true}]}}