{"id":12776,"date":"2011-12-14T16:21:37","date_gmt":"2011-12-14T16:21:37","guid":{"rendered":"http:\/\/www.humanium.org\/fr\/?page_id=12776"},"modified":"2025-12-10T02:43:14","modified_gmt":"2025-12-10T02:43:14","slug":"tchad","status":"publish","type":"page","link":"https:\/\/www.humanium.org\/fr\/tchad\/","title":{"rendered":"Enfants du Tchad"},"content":{"rendered":"\n<h2 class=\"wp-block-heading\">Concr\u00e9tiser les droits de l&rsquo;enfant au Tchad<\/h2>\n\n\n\n<div class=\"wp-block-columns is-layout-flex wp-container-core-columns-is-layout-8f761849 wp-block-columns-is-layout-flex\">\n<div class=\"wp-block-column is-layout-flow wp-block-column-is-layout-flow\"><div class=\"wp-block-image is-style-rounded\">\n<figure class=\"aligncenter size-thumbnail is-resized\"><img loading=\"lazy\" decoding=\"async\" width=\"150\" height=\"150\" src=\"https:\/\/www.humanium.org\/fr\/wp-content\/uploads\/2020\/05\/tchad-fille-10b-travelling-flickr-150x150.jpg\" alt=\"\" class=\"wp-image-47255\" style=\"width:200px\"\/><\/figure>\n<\/div><\/div>\n\n\n\n<div class=\"wp-block-column is-layout-flow wp-block-column-is-layout-flow\"><div class=\"wp-block-image is-style-rounded\">\n<figure class=\"alignleft size-thumbnail is-resized\"><img loading=\"lazy\" decoding=\"async\" width=\"150\" height=\"150\" src=\"https:\/\/www.humanium.org\/fr\/wp-content\/uploads\/2020\/05\/shutterstock_1281232936-150x150.jpg\" alt=\"\" class=\"wp-image-47256\" style=\"width:200px\"\/><\/figure>\n<\/div><\/div>\n<\/div>\n\n\n\n<p class=\"wp-block-paragraph\"><strong>Bien que le Tchad ait ratifi\u00e9 <a href=\"https:\/\/www.humanium.org\/fr\/convention\/\">la Convention relative aux droits de l\u2019Enfant<\/a> et la Charte Africaine sur les droits et le bien-\u00eatre de l\u2019Enfant, leur application s\u2019est av\u00e9r\u00e9e \u00eatre tr\u00e8s difficile. Il y a beaucoup de probl\u00e8mes auxquels les enfants doivent faire face tels qu\u2019un manque d\u2019\u00e9ducation, un manque d\u2019acc\u00e8s aux soins de sant\u00e9, la pauvret\u00e9, le travail des enfants, etc.<\/strong><br><\/p>\n\n\n\n<iframe loading=\"lazy\" src=\"https:\/\/www.google.com\/maps\/embed?pb=!1m18!1m12!1m3!1d15765841.481868904!2d9.696417200291808!3d15.263301980155399!2m3!1f0!2f0!3f0!3m2!1i1024!2i768!4f13.1!3m3!1m2!1s0x10e73978bd677361%3A0x3b60835bcec0809c!2sChad!5e0!3m2!1sen!2shr!4v1588346112237!5m2!1sen!2shr\" style=\"border:0;\" allowfullscreen=\"\" aria-hidden=\"false\" tabindex=\"0\" width=\"600\" height=\"450\" frameborder=\"0\"><\/iframe>\n\n\n\n<div class=\"wp-block-columns is-layout-flex wp-container-core-columns-is-layout-8f761849 wp-block-columns-is-layout-flex\">\n<div class=\"wp-block-column is-layout-flow wp-block-column-is-layout-flow\">\n<p class=\"wp-block-paragraph\"><strong>Population :<\/strong>&nbsp;12,1 millions<br><strong>Pop. de 0 \u00e0 14 ans :<\/strong> 47,13 %<\/p>\n<\/div>\n\n\n\n<div class=\"wp-block-column is-layout-flow wp-block-column-is-layout-flow\">\n<p class=\"wp-block-paragraph\"><strong>Esp\u00e9rance de vie :<\/strong>&nbsp;54,35 ans<br><strong>Mortalit\u00e9 des moins de 5 ans :<\/strong>&nbsp;209 \u2030<\/p>\n<\/div>\n<\/div>\n\n\n\n<h2 class=\"wp-block-heading\">Le Tchad en un clin d\u2019\u0153il<\/h2>\n\n\n\n<p class=\"wp-block-paragraph\">Le Tchad a obtenu l\u2019ind\u00e9pendance de la France en 1960 et a subi une guerre civile pendant presque 24 ans impliquant la <a href=\"https:\/\/www.humanium.org\/fr\/france\/\">France<\/a>, la <a href=\"https:\/\/www.humanium.org\/fr\/libye\/\">Libye<\/a> et certaines r\u00e9gions septentrionales du monde arabe. M\u00eame si beaucoup d\u2019efforts de changement interne comme l\u2019aide internationale ont am\u00e9lior\u00e9 les vies des enfants au Tchad, beaucoup de facteurs font du Tchad un pays o\u00f9 vivre en paix pour les enfants, les femmes et les hommes est un d\u00e9fi incroyable. Le pays a connu et continue \u00e0 faire face tr\u00e8s courageusement \u00e0 une s\u00e9rie de d\u00e9fis qui, pour beaucoup d\u2019entre eux, impliquent des <a href=\"https:\/\/www.humanium.org\/fr\/droits-enfant\/\">enfants<\/a>.<\/p>\n\n\n\n<h2 class=\"wp-block-heading\">Dresser la liste des Besoins des Enfants <a href=\"#_ftn1\">[1]<\/a><\/h2>\n\n\n\n<h3 class=\"wp-block-heading\"><strong><a href=\"https:\/\/www.humanium.org\/fr\/comprendre-droits-enfant\/droit-a-l-education\/\">Droit \u00e0 l\u2019\u00e9ducation<\/a><\/strong><\/h3>\n\n\n\n<p class=\"wp-block-paragraph\">Le plan tchadien d\u2019\u00e9ducation provisoire de 2018-2020, a pour but d\u2019am\u00e9liorer la qualit\u00e9 et les r\u00e9sultats de l\u2019apprentissage ainsi que mettre \u00e0 jour l\u2019offre de l\u2019enseignement du pays, par exemple au niveau professionnel et technique, en ad\u00e9quation avec le march\u00e9. En raison de la crise \u00e9conomique nationale, le pays \u00e9tendra probablement son plan jusqu\u2019en 2021. <\/p>\n\n\n\n<p class=\"wp-block-paragraph\">Beaucoup de difficult\u00e9s seront abord\u00e9es puisque le pays traite de nombreux probl\u00e8mes tels que le manque de fonds ou d\u2019acc\u00e8s aux donn\u00e9es acad\u00e9miques et aux informations. Il y a aussi des disparit\u00e9s entre les r\u00e9gions rurales et urbaines. Pour cette raison, le gouvernement a \u00e9tabli des mesures telles qu\u2019une politique d\u2019enseignement bilingue (avec l\u2019enseignement en Fran\u00e7ais et en Arabe), l\u2019int\u00e9gration des \u00e9coles des camps de r\u00e9fugi\u00e9s dans le syst\u00e8me d\u2019\u00e9ducation nationale et plus encore.<\/p>\n\n\n\n<p class=\"wp-block-paragraph\">Bien que <a href=\"https:\/\/www.humanium.org\/fr\/comprendre-droits-enfant\/droit-a-l-education\/\">l\u2019\u00e9ducation<\/a> au Tchad soit obligatoire, seuls quelques enfants, en particulier, les gar\u00e7ons, poursuivent des \u00e9tudes apr\u00e8s l\u2019\u00e9cole primaire. L\u2019\u00e9galit\u00e9 des genres et l\u2019\u00e9galit\u00e9 entre les r\u00e9gions urbaines et rurales restent cependant un probl\u00e8me dans le pays.<\/p>\n\n\n<div class=\"wp-block-image\">\n<figure class=\"alignright size-large is-resized\"><img loading=\"lazy\" decoding=\"async\" width=\"1024\" height=\"683\" src=\"https:\/\/www.humanium.org\/fr\/wp-content\/uploads\/2020\/05\/shutterstock_1410367316-1-1024x683.jpg\" alt=\"\" class=\"wp-image-47261\" style=\"width:352px;height:234px\" srcset=\"https:\/\/www.humanium.org\/fr\/wp-content\/uploads\/2020\/05\/shutterstock_1410367316-1-1024x683.jpg 1024w, https:\/\/www.humanium.org\/fr\/wp-content\/uploads\/2020\/05\/shutterstock_1410367316-1-300x200.jpg 300w, https:\/\/www.humanium.org\/fr\/wp-content\/uploads\/2020\/05\/shutterstock_1410367316-1-768x512.jpg 768w, https:\/\/www.humanium.org\/fr\/wp-content\/uploads\/2020\/05\/shutterstock_1410367316-1-1536x1024.jpg 1536w, https:\/\/www.humanium.org\/fr\/wp-content\/uploads\/2020\/05\/shutterstock_1410367316-1-2048x1365.jpg 2048w, https:\/\/www.humanium.org\/fr\/wp-content\/uploads\/2020\/05\/shutterstock_1410367316-1-830x553.jpg 830w, https:\/\/www.humanium.org\/fr\/wp-content\/uploads\/2020\/05\/shutterstock_1410367316-1-230x153.jpg 230w, https:\/\/www.humanium.org\/fr\/wp-content\/uploads\/2020\/05\/shutterstock_1410367316-1-350x233.jpg 350w, https:\/\/www.humanium.org\/fr\/wp-content\/uploads\/2020\/05\/shutterstock_1410367316-1-480x320.jpg 480w, https:\/\/www.humanium.org\/fr\/wp-content\/uploads\/2020\/05\/shutterstock_1410367316-1-272x182.jpg 272w\" sizes=\"auto, (max-width: 1024px) 100vw, 1024px\" \/><\/figure>\n<\/div>\n\n\n<p class=\"wp-block-paragraph\">La population en \u00e2ge d\u2019\u00eatre \u00e0 l\u2019\u00e9cole primaire repr\u00e9sente 1.914.000 pour une population de 12.142.000 habitants. Parmi les obstacles li\u00e9s \u00e0 l\u2019\u00e9ducation, plusieurs facteurs peuvent \u00eatre soulign\u00e9s&nbsp;: la pauvret\u00e9, les r\u00e9gions rurales, le manque de ressources, la qualit\u00e9 des services, le faible niveau de comp\u00e9tences des enseignants, l\u2019absent\u00e9isme des enseignants, l\u2019infrastructure et la surpopulation des classes avec une moyenne de 64 enfants par classe dans les r\u00e9gions urbaines et une moyenne de 100 enfants par classe dans les r\u00e9gions rurales. <\/p>\n\n\n\n<p class=\"wp-block-paragraph\">Au Tchad, 34,4 % des enfants entre 6 et 11 ans sont d\u00e9scolaris\u00e9s, tandis que plus de 800.000 enfants entre 9 et 14 ans ne vont pas \u00e0 l\u2019\u00e9cole. Le taux de scolarisation varie en tout entre 95 % dans le sud et de 20 \u00e0 40 % dans le nord.<\/p>\n\n\n\n<h3 class=\"wp-block-heading\"><strong><a href=\"https:\/\/www.humanium.org\/fr\/comprendre-droits-enfant\/droit-a-la-sante\/\">Droit \u00e0 la sant\u00e9<\/a><\/strong><\/h3>\n\n\n\n<p class=\"wp-block-paragraph\">Le manque <a href=\"https:\/\/www.humanium.org\/fr\/comprendre-droits-enfant\/droit-a-la-sante\/\">d\u2019acc\u00e8s aux soins de sant\u00e9 <\/a>est un des probl\u00e8mes li\u00e9s \u00e0 la sant\u00e9 le plus pr\u00e9occupant auquel la population du Tchad est confront\u00e9e. Beaucoup d\u2019enfants ne demandent pas de soin m\u00e9dical ou de traitement en raison des longues distances qu\u2019ils ont \u00e0 parcourir pour obtenir de l\u2019assistance m\u00e9dicale. Malheureusement, le manque d\u2019acc\u00e8s au syst\u00e8me sanitaire et aux soins de sant\u00e9 signifie \u00e9galement que sur 100.000 femmes, 1.100 meurent en donnant la vie.<\/p>\n\n\n<div class=\"wp-block-image\">\n<figure class=\"alignleft size-large is-resized\"><img loading=\"lazy\" decoding=\"async\" width=\"1024\" height=\"684\" src=\"https:\/\/www.humanium.org\/fr\/wp-content\/uploads\/2020\/05\/shutterstock_1179914260-1-1024x684.jpg\" alt=\"\" class=\"wp-image-47263\" style=\"width:358px;height:239px\" srcset=\"https:\/\/www.humanium.org\/fr\/wp-content\/uploads\/2020\/05\/shutterstock_1179914260-1-1024x684.jpg 1024w, https:\/\/www.humanium.org\/fr\/wp-content\/uploads\/2020\/05\/shutterstock_1179914260-1-300x200.jpg 300w, https:\/\/www.humanium.org\/fr\/wp-content\/uploads\/2020\/05\/shutterstock_1179914260-1-768x513.jpg 768w, https:\/\/www.humanium.org\/fr\/wp-content\/uploads\/2020\/05\/shutterstock_1179914260-1-1536x1026.jpg 1536w, https:\/\/www.humanium.org\/fr\/wp-content\/uploads\/2020\/05\/shutterstock_1179914260-1-2048x1368.jpg 2048w, https:\/\/www.humanium.org\/fr\/wp-content\/uploads\/2020\/05\/shutterstock_1179914260-1-830x554.jpg 830w, https:\/\/www.humanium.org\/fr\/wp-content\/uploads\/2020\/05\/shutterstock_1179914260-1-230x154.jpg 230w, https:\/\/www.humanium.org\/fr\/wp-content\/uploads\/2020\/05\/shutterstock_1179914260-1-350x234.jpg 350w, https:\/\/www.humanium.org\/fr\/wp-content\/uploads\/2020\/05\/shutterstock_1179914260-1-480x321.jpg 480w, https:\/\/www.humanium.org\/fr\/wp-content\/uploads\/2020\/05\/shutterstock_1179914260-1-272x182.jpg 272w\" sizes=\"auto, (max-width: 1024px) 100vw, 1024px\" \/><\/figure>\n<\/div>\n\n\n<p class=\"wp-block-paragraph\">Une des raisons qui conduit au manque de nourriture est aussi la relocalisation de la population d\u00e9plac\u00e9e conduisant \u00e0 des taux plus \u00e9lev\u00e9s de malnutrition. A l\u2019int\u00e9rieur du pays, les populations d\u00e9plac\u00e9es et r\u00e9fugi\u00e9es impactent les communaut\u00e9s tchadiennes et affectent l\u2019agriculture locale, l\u2019\u00e9levage de b\u00e9tail et les activit\u00e9s de subsistance. Tous ces facteurs sont la source du probl\u00e8me de p\u00e9nurie alimentaire au Tchad. A part cela, les conditions environnementales d\u00e9sastreuses ont appauvri les r\u00e9coltes.<\/p>\n\n\n\n<p class=\"wp-block-paragraph\">De plus, le taux de <a href=\"https:\/\/www.humanium.org\/fr\/mortalite-infantile\/\">mortalit\u00e9 des enfants <\/a>en dessous de l\u2019\u00e2ge de 5 ans est tr\u00e8s pr\u00e9occupant. A cause du manque d\u2019installations sanitaires, d\u2019eau potable et de soins de <a href=\"https:\/\/www.humanium.org\/fr\/comprendre-droits-enfant\/droit-a-la-sante\/\">sant\u00e9<\/a> dans les r\u00e9gions rurales, 209 enfants sur 1000 meurent chaque ann\u00e9e. Les infections respiratoires, en particulier la pneumonie, \u00e9tait une des premi\u00e8res causes de la mortalit\u00e9 infantile en 2004. De plus, les maladies diur\u00e9tiques ont de terribles cons\u00e9quences sur les enfants telle que la d\u00e9shydratation, qui, m\u00eame si elle survient seulement pendant quelques heures, peut entra\u00eener de graves cons\u00e9quences sur le d\u00e9veloppement de l\u2019enfant, ou m\u00eame la mort.<\/p>\n\n\n\n<h2 class=\"wp-block-heading\"><strong>Facteurs de risque \u2013 D\u00e9fis sp\u00e9cifiques \u00e0 chaque pays<\/strong><\/h2>\n\n\n\n<h3 class=\"wp-block-heading\"><strong><a href=\"https:\/\/www.humanium.org\/fr\/enfants-pauvres\/\">Pauvret\u00e9<\/a><\/strong><\/h3>\n\n\n\n<p class=\"wp-block-paragraph\">Au Tchad, 80% de la population d\u00e9pend du secteur de la ferme et de l\u2019\u00e9levage de b\u00e9tail en ce qui concerne sa subsistance, ce qui est un des facteurs qui explique la fragilit\u00e9 tchadienne. Dans les r\u00e9gions rurales, le taux \u00e9lev\u00e9 de mortalit\u00e9 et de migration des hommes conduit 23 % des m\u00e9nages \u00e0 \u00eatre g\u00e9r\u00e9s par les femmes.<\/p>\n\n\n\n<p class=\"wp-block-paragraph\">Bien que la <a href=\"https:\/\/www.humanium.org\/fr\/pauvrete\/\">pauvret\u00e9<\/a> ait \u00e9t\u00e9 r\u00e9duite de 55% \u00e0 47 % entre 2003 et 2011, le pays fait encore face \u00e0 une autre crise financi\u00e8re qui impacte son \u00e9volution future. En 2016, le Tchad figurait \u00e0 la 186<sup>\u00e8me<\/sup> &nbsp;&nbsp;position sur 188 pays, bas\u00e9 sur l\u2019Index du d\u00e9veloppement humain des Nations-Unies qui mesure l\u2019esp\u00e9rance de vie, les ann\u00e9es de scolarit\u00e9 escompt\u00e9es, le Revenu National Brut (RNB), l\u2019indice de d\u00e9veloppement humain ajust\u00e9 aux in\u00e9galit\u00e9s, l\u2019\u00e9volution de la femme, la population, la pauvret\u00e9, l\u2019emploi, la s\u00e9curit\u00e9 humaine et plus.<\/p>\n\n\n<div class=\"wp-block-image\">\n<figure class=\"alignright size-large is-resized\"><img loading=\"lazy\" decoding=\"async\" width=\"1024\" height=\"779\" src=\"https:\/\/www.humanium.org\/fr\/wp-content\/uploads\/2020\/05\/shutterstock_1380674213-1-1024x779.jpg\" alt=\"\" class=\"wp-image-47265\" style=\"width:351px;height:267px\" srcset=\"https:\/\/www.humanium.org\/fr\/wp-content\/uploads\/2020\/05\/shutterstock_1380674213-1-1024x779.jpg 1024w, https:\/\/www.humanium.org\/fr\/wp-content\/uploads\/2020\/05\/shutterstock_1380674213-1-300x228.jpg 300w, https:\/\/www.humanium.org\/fr\/wp-content\/uploads\/2020\/05\/shutterstock_1380674213-1-768x584.jpg 768w, https:\/\/www.humanium.org\/fr\/wp-content\/uploads\/2020\/05\/shutterstock_1380674213-1-1536x1168.jpg 1536w, https:\/\/www.humanium.org\/fr\/wp-content\/uploads\/2020\/05\/shutterstock_1380674213-1-2048x1558.jpg 2048w, https:\/\/www.humanium.org\/fr\/wp-content\/uploads\/2020\/05\/shutterstock_1380674213-1-830x631.jpg 830w, https:\/\/www.humanium.org\/fr\/wp-content\/uploads\/2020\/05\/shutterstock_1380674213-1-230x175.jpg 230w, https:\/\/www.humanium.org\/fr\/wp-content\/uploads\/2020\/05\/shutterstock_1380674213-1-350x266.jpg 350w, https:\/\/www.humanium.org\/fr\/wp-content\/uploads\/2020\/05\/shutterstock_1380674213-1-480x365.jpg 480w\" sizes=\"auto, (max-width: 1024px) 100vw, 1024px\" \/><\/figure>\n<\/div>\n\n\n<p class=\"wp-block-paragraph\">L\u2019indice des in\u00e9galit\u00e9s en mati\u00e8re de pauvret\u00e9, utilis\u00e9 pour mesurer combien le revenu moyen des personnes pauvres chute en dessous du seuil de pauvret\u00e9, montre de tr\u00e8s grosses diff\u00e9rences entre les r\u00e9gions rurales et urbaines au Tchad. Par exemple, si les zones rurales ont un index de pauvret\u00e9 qui atteint 22,6%, les zones urbaines ont un index de pauvret\u00e9 de 6 %. De plus, alors que les bas niveaux d\u2019\u00e9ducation ont un impact concret sur la pauvret\u00e9 rurale, le nombre d\u2019enfants par m\u00e9nage et l\u2019effet du changement climatique ont aussi des cons\u00e9quences sur le niveau de revenu et d\u2019emploi, tout comme les vies tchadiennes sont profond\u00e9ment affect\u00e9es par des s\u00e9cheresses fr\u00e9quentes et la p\u00e9nurie d\u2019eau.<\/p>\n\n\n\n<p class=\"wp-block-paragraph\">Les enfants du Tchad vivent des situations de pauvret\u00e9 extr\u00eame aussi parce que la plupart des gens manquent de commodit\u00e9s telles que <a href=\"https:\/\/www.humanium.org\/fr\/comprendre-droits-enfant\/droit-a-l-eau\/\">l\u2019eau<\/a> potable, le syst\u00e8me sanitaire, les infrastructures m\u00e9dicales et le logement. Hormis cela, il y a seulement un docteur en m\u00e9decine pour 38.000 habitants.<\/p>\n\n\n\n<h3 class=\"wp-block-heading\"><strong><a href=\"https:\/\/www.humanium.org\/fr\/travail-des-enfants\/\">Le travail des enfants<\/a><\/strong><\/h3>\n\n\n\n<p class=\"wp-block-paragraph\">Les enfants du Tchad vivent souvent les pires situations de travail infantile, dans l\u2019\u00e9levage de b\u00e9tail et dans le travail domestique qui peuvent parfois mener au trafic d\u2019\u00eatres humains.<\/p>\n\n\n\n<p class=\"wp-block-paragraph\">En 2018, on a consid\u00e9r\u00e9 que le pays avait plus ou moins avanc\u00e9 dans ses efforts pour \u00e9liminer les pires formes de <a href=\"https:\/\/www.humanium.org\/fr\/travail-des-enfants\/\">travail infantile.<\/a> Le pays avait envoy\u00e9 3 inspecteurs du travail sur une p\u00e9riode de 45 jours au Centre R\u00e9gional Africain de l\u2019OIT pour l\u2019Administration du travail. Il a \u00e9galement pr\u00e9sent\u00e9 le Projet de Soutien aux R\u00e9fugi\u00e9s et aux Communaut\u00e9s Migrantes pour am\u00e9liorer l\u2019acc\u00e8s aux soins de sant\u00e9 pour les r\u00e9fugi\u00e9s, incluant les enfants, qui ont v\u00e9cu des formes de travail inacceptables.<\/p>\n\n\n\n<p class=\"wp-block-paragraph\">Un des probl\u00e8mes principaux en ce qui concerne le travail des enfants est que le cadre juridique l\u00e9gal au Tchad ne pr\u00e9voit pas de sanctions criminelles pour l\u2019utilisation d\u2019enfants dans des activit\u00e9s illicites. Aussi, le gouvernement ne collecte par encore de donn\u00e9es sur les efforts de renforcement de la loi et n\u2019a pas \u00e9t\u00e9 proactif dans le d\u00e9veloppement de politiques afin de g\u00e9rer en cons\u00e9quence la probl\u00e9matique du travail infantile.<\/p>\n\n\n\n<p class=\"wp-block-paragraph\">Au Tchad, l\u2019\u00e2ge minimum d\u2019embauche est de 14 ans. Cependant, en raison des difficult\u00e9s \u00e9conomiques, beaucoup de familles sont souvent contraintes de laisser leurs <a href=\"https:\/\/www.humanium.org\/fr\/travail-des-enfants\/\">enfants travailler.<\/a> Vu que les enfants ne re\u00e7oivent pas l\u2019\u00e9ducation appropri\u00e9e, ils travaillent dans de tr\u00e8s rudes conditions, longues heures, bas salaire, pas de nourriture, etc. De plus, ils encourent les risques li\u00e9s \u00e0 la <a href=\"https:\/\/www.humanium.org\/fr\/prostitution-infantile\/\">prostitution<\/a>, \u00e0 la <a href=\"https:\/\/www.humanium.org\/fr\/discriminations\/\">discrimination<\/a>, aux <a href=\"https:\/\/www.humanium.org\/fr\/la-maltraitance-des-enfants\/\">abus<\/a>, etc.<\/p>\n\n\n\n<h3 class=\"wp-block-heading\"><strong><a href=\"https:\/\/www.humanium.org\/fr\/exploitation\/\">Exploitation<\/a> et <a href=\"https:\/\/www.humanium.org\/fr\/la-maltraitance-des-enfants\/\">abus d\u2019enfants<\/a><\/strong><\/h3>\n\n\n\n<p class=\"wp-block-paragraph\">Certains enfants sont souvent sujets \u00e0 la violence au sein de leur propre famille. Cependant, cette pratique est permise selon la coutume tchadienne. En outre, les enfants sont souvent <a href=\"https:\/\/www.humanium.org\/fr\/la-maltraitance-des-enfants\/\">abus\u00e9s<\/a> \u00e0 l\u2019\u00e9cole, dans les lieux de d\u00e9tention ou dans la rue. Malheureusement, la violence est tr\u00e8s courante au Tchad et les enfants en sont souvent les victimes. Les filles sont les principales victimes de viol et d\u2019autres genres de <a href=\"https:\/\/www.humanium.org\/fr\/exploitation-sexuelle-enfants\/\">violences sexuelles<\/a>. Pendant les conflits, les groupes arm\u00e9s et les membres de la communaut\u00e9 sont les principaux auteurs de telles violences. <\/p>\n\n\n<div class=\"wp-block-image\">\n<figure class=\"alignleft size-large is-resized\"><img loading=\"lazy\" decoding=\"async\" width=\"1024\" height=\"683\" src=\"https:\/\/www.humanium.org\/fr\/wp-content\/uploads\/2020\/05\/shutterstock_1269915478-1024x683.jpg\" alt=\"\" class=\"wp-image-47266\" style=\"width:393px;height:261px\" srcset=\"https:\/\/www.humanium.org\/fr\/wp-content\/uploads\/2020\/05\/shutterstock_1269915478-1024x683.jpg 1024w, https:\/\/www.humanium.org\/fr\/wp-content\/uploads\/2020\/05\/shutterstock_1269915478-300x200.jpg 300w, https:\/\/www.humanium.org\/fr\/wp-content\/uploads\/2020\/05\/shutterstock_1269915478-768x512.jpg 768w, https:\/\/www.humanium.org\/fr\/wp-content\/uploads\/2020\/05\/shutterstock_1269915478-1536x1024.jpg 1536w, https:\/\/www.humanium.org\/fr\/wp-content\/uploads\/2020\/05\/shutterstock_1269915478-2048x1365.jpg 2048w, https:\/\/www.humanium.org\/fr\/wp-content\/uploads\/2020\/05\/shutterstock_1269915478-830x553.jpg 830w, https:\/\/www.humanium.org\/fr\/wp-content\/uploads\/2020\/05\/shutterstock_1269915478-230x153.jpg 230w, https:\/\/www.humanium.org\/fr\/wp-content\/uploads\/2020\/05\/shutterstock_1269915478-350x233.jpg 350w, https:\/\/www.humanium.org\/fr\/wp-content\/uploads\/2020\/05\/shutterstock_1269915478-480x320.jpg 480w, https:\/\/www.humanium.org\/fr\/wp-content\/uploads\/2020\/05\/shutterstock_1269915478-272x182.jpg 272w\" sizes=\"auto, (max-width: 1024px) 100vw, 1024px\" \/><\/figure>\n<\/div>\n\n\n<p class=\"wp-block-paragraph\">Le gouvernement est incapable de les prot\u00e9ger ou, selon certaines sources, ne veulent pas prot\u00e9ger <a href=\"https:\/\/www.humanium.org\/fr\/enfants-disparus\/\">les enfants de tels abus<\/a>. Le rapport de 2008 de Ban Ki-moon, traitant de ce sujet, mettait en \u00e9vidence les attaques dans les \u00e9coles et les enl\u00e8vements d\u2019enfants par les groupes arm\u00e9s. En Mars 2018, le gouvernement tchadien a ratifi\u00e9 une ordonnance qui interdit le trafic d\u2019\u00eatres humains. Le recrutement des enfants et des adolescents est courant, principalement par les groupes arm\u00e9s et la milice est de mani\u00e8re courante, aussi due au d\u00e9placement interne des familles. <\/p>\n\n\n\n<p class=\"wp-block-paragraph\">En 2009, il y eut un conflit entre les forces gouvernementales et les groupes rebelles dans lequel les 2 groupes d\u2019opposition ont utilis\u00e9 des enfants soldats, ce qui a conduit \u00e0 de graves violences contre les enfants- viol, maltraitance et meurtre.<\/p>\n\n\n\n<p class=\"wp-block-paragraph\">Les articles 335 et 336 de la loi p\u00e9nale sanctionnent <a href=\"https:\/\/www.humanium.org\/fr\/exploitation\/\">l\u2019exploitation des enfants<\/a> \u00e0 travers la <a href=\"https:\/\/www.humanium.org\/fr\/prostitution-infantile\/\">prostitution<\/a> et pr\u00e9voit des peines de 2 \u00e0 5 ans d\u2019emprisonnement et une amende allant de 100.000 \u00e0 2 millions de CFA (180 \u00e0 3.520 dollars). L\u2019Assembl\u00e9e Nationale a r\u00e9examin\u00e9 les r\u00e9visions du Code de la Protection de l\u2019Enfant, le Code du Travail, le Code de la Famille qui contiennent maintenant des provisions additionnelles qui sanctionnent le trafic d\u2019enfants et augmentent la protection des enfants qui travaillent dans un secteur informel.<\/p>\n\n\n\n<p class=\"wp-block-paragraph\"><a href=\"https:\/\/www.humanium.org\/fr\/trafic-enfants\/\">Le trafic et l\u2019exploitation des enfants<\/a> est tr\u00e8s courant au Tchad. C\u2019est essentiellement interne, c\u2019est-\u00e0-dire que cela commence souvent avec des enfants qui&nbsp; sont confi\u00e9s par des membres de la famille ou des interm\u00e9diaires en \u00e9change de promesses consistant \u00e0 contribuer \u00e0 leur donner l\u2019acc\u00e8s \u00e0 l\u2019\u00e9ducation, la nourriture, l\u2019argent et plus. Certains de ces enfants sont forc\u00e9s de travailler dans les zones urbaines, dans l\u2019agriculture ou dans les mines d\u2019or du nord du pays. D\u2019autre formes de travail forc\u00e9 qui sont pratiqu\u00e9es sont&nbsp;: la mendicit\u00e9 et le commerce de rue.<\/p>\n\n\n\n<h3 class=\"wp-block-heading\"><strong><a href=\"https:\/\/www.humanium.org\/fr\/mariage-enfants\/\">Mariage des enfants<\/a><\/strong><\/h3>\n\n\n\n<p class=\"wp-block-paragraph\">Le Tchad s\u2019est engag\u00e9 \u00e0 \u00e9liminer le mariage d\u2019enfant, le mariage pr\u00e9matur\u00e9 et le mariage forc\u00e9 d\u2019ici 2030 selon l\u2019objectif &nbsp;5,3 figurant aux Objectifs de D\u00e9veloppement Durable. Le pays a aussi adopt\u00e9, de mani\u00e8re proactive, la co-sponsorisation de la R\u00e9solution du Conseil des Droits de l\u2019Homme de 2015 ainsi que la R\u00e9solution de l\u2019Assembl\u00e9e G\u00e9n\u00e9rale des Nations-Unies de 2013 sur le mariage d\u2019enfants. En outre, beaucoup d\u2019autres actions sont en cours.<\/p>\n\n\n\n<p class=\"wp-block-paragraph\">Malgr\u00e9 ces efforts, <a href=\"https:\/\/www.humanium.org\/fr\/mariage-enfants\/\">le mariage des jeunes filles <\/a>est encore une pratique courante au Tchad, \u00e9tant donn\u00e9 que l\u2019\u00e2ge de la majorit\u00e9 est fix\u00e9 de mani\u00e8re diff\u00e9rente selon les textes. D\u2019un point de vue l\u00e9gislatif, la majorit\u00e9 civile est atteinte \u00e0 l\u2019\u00e2ge de 21 ans et l\u2019\u00e2ge l\u00e9gal du mariage est fix\u00e9 \u00e0 15 ans pour les filles et 18 ans pour les gar\u00e7ons. Cependant, dans la loi coutumi\u00e8re, l\u2019\u00e2ge du mariage est implicitement fix\u00e9 \u00e0 13 ans, ce qui va \u00e0 l\u2019encontre de <a href=\"https:\/\/www.humanium.org\/fr\/convention\/\">la Convention Internationale des Droits de l\u2019Enfant<\/a>.<\/p>\n\n\n\n<p class=\"wp-block-paragraph\"><a href=\"https:\/\/www.humanium.org\/fr\/mariage-enfants\/\">Les mariages infantiles<\/a> ont un impact n\u00e9gatif sur la sant\u00e9, le d\u00e9veloppement et les droits d\u2019un enfant. Les filles qui sont mari\u00e9es pr\u00e9matur\u00e9ment sont limit\u00e9es dans leurs interactions sociales \u00e9tant donn\u00e9 qu\u2019elles abandonnent l\u2019\u00e9cole. Elles risquent une grossesse pr\u00e9matur\u00e9e ce qui peut \u00eatre dangereux pour elles comme pour leur enfant.<\/p>\n\n\n\n<p class=\"wp-block-paragraph\">En 2017, l\u2019UNICEF, a \u00e9valu\u00e9 \u00e0 30% le nombre d\u2019enfants mari\u00e9s \u00e0 l\u2019\u00e2ge de 15 ans et \u00e0 67% ceux mari\u00e9s \u00e0 l\u2019\u00e2ge de 18 ans. Selon l\u2019UNICEF, le Tchad a actuellement le troisi\u00e8me taux de pr\u00e9valence le plus \u00e9lev\u00e9 de mariage d\u2019enfants au monde. Il est plus courant dans les r\u00e9gions de Gu\u00e9ra, Lac, Chari Baguirmi, Sila et Mayo Kebbi Est.<\/p>\n\n\n\n<p class=\"wp-block-paragraph\">La raison principale donn\u00e9e au taux \u00e9lev\u00e9 de mariage est le d\u00e9placement consid\u00e9rant que le viol est tr\u00e8s courant dans les camps de r\u00e9fugi\u00e9s \u00e0 la fronti\u00e8re avec le Soudan. Les traditions peuvent obliger les filles \u00e0 marier leurs violeurs pour pr\u00e9server leur honneur. En r\u00e8gle g\u00e9n\u00e9rale, plus le niveau d\u2019\u00e9ducation est \u00e9lev\u00e9, plus le mariage a lieu tard.<\/p>\n\n\n\n<p class=\"wp-block-paragraph\">Les religions, qu\u2019elles soient Catholiques, Protestantes, Animistes et Musulmanes sont aussi au coeur du mariage infantile. Des pratiques religieuses conduisent parfois \u00e0 <a href=\"https:\/\/www.humanium.org\/fr\/mutilations-genitales\/\">des mutilations g\u00e9nitales f\u00e9minines et \u00e0 l\u2019excision (FGM\/C)<\/a> qui sont subies par 44% des femmes \u00e2g\u00e9es entre 15 et 49 ans et \u00e0 la polygamie o\u00f9 les filles sont mari\u00e9es comme 3<sup>\u00e8me<\/sup> ou 4<sup>\u00e8me<\/sup> \u00e9pouse.<\/p>\n\n\n\n<h3 class=\"wp-block-heading\"><strong><a href=\"https:\/\/www.humanium.org\/fr\/enfants-des-rues\/\">Enfants des rues<\/a><\/strong><\/h3>\n\n\n\n<p class=\"wp-block-paragraph\">Le nombre d\u2019enfants tchadiens qui errent et vivent dans les rues est en constante augmentation et cela est principalement d\u00fb \u00e0 la situation financi\u00e8re tr\u00e8s instable au Tchad. Leurs droits au logement, \u00e0 <a href=\"https:\/\/www.humanium.org\/fr\/comprendre-droits-enfant\/droit-a-la-sante\/\">la sant\u00e9<\/a>, \u00e0 <a href=\"https:\/\/www.humanium.org\/fr\/comprendre-droits-enfant\/droit-a-l-education\/\">l\u2019\u00e9ducation<\/a> et \u00e0 <a href=\"https:\/\/www.humanium.org\/fr\/comprendre-droits-enfant\/droit-a-l-alimentation\/\">la nutrition<\/a> ne sont pas respect\u00e9s.<\/p>\n\n\n<div class=\"wp-block-image\">\n<figure class=\"alignright size-large is-resized\"><img loading=\"lazy\" decoding=\"async\" width=\"1024\" height=\"683\" src=\"https:\/\/www.humanium.org\/fr\/wp-content\/uploads\/2020\/05\/shutterstock_1281232948-1-1024x683.jpg\" alt=\"\" class=\"wp-image-47268\" style=\"width:386px;height:257px\" srcset=\"https:\/\/www.humanium.org\/fr\/wp-content\/uploads\/2020\/05\/shutterstock_1281232948-1-1024x683.jpg 1024w, https:\/\/www.humanium.org\/fr\/wp-content\/uploads\/2020\/05\/shutterstock_1281232948-1-300x200.jpg 300w, https:\/\/www.humanium.org\/fr\/wp-content\/uploads\/2020\/05\/shutterstock_1281232948-1-768x512.jpg 768w, https:\/\/www.humanium.org\/fr\/wp-content\/uploads\/2020\/05\/shutterstock_1281232948-1-1536x1024.jpg 1536w, https:\/\/www.humanium.org\/fr\/wp-content\/uploads\/2020\/05\/shutterstock_1281232948-1-2048x1365.jpg 2048w, https:\/\/www.humanium.org\/fr\/wp-content\/uploads\/2020\/05\/shutterstock_1281232948-1-830x553.jpg 830w, https:\/\/www.humanium.org\/fr\/wp-content\/uploads\/2020\/05\/shutterstock_1281232948-1-230x153.jpg 230w, https:\/\/www.humanium.org\/fr\/wp-content\/uploads\/2020\/05\/shutterstock_1281232948-1-350x233.jpg 350w, https:\/\/www.humanium.org\/fr\/wp-content\/uploads\/2020\/05\/shutterstock_1281232948-1-480x320.jpg 480w, https:\/\/www.humanium.org\/fr\/wp-content\/uploads\/2020\/05\/shutterstock_1281232948-1-272x182.jpg 272w\" sizes=\"auto, (max-width: 1024px) 100vw, 1024px\" \/><\/figure>\n<\/div>\n\n\n<p class=\"wp-block-paragraph\"><a href=\"https:\/\/www.humanium.org\/fr\/enfants-des-rues\/\">Les enfants des rues <\/a>au Tchad vivent souvent en groupe de 10 \u00e0 25 enfants. En raison de la dramatique exp\u00e9rience \u00e9motionnelle ressentie et qui &nbsp;provient du fait de dormir et de vivre dans la rue, ces enfants se tournent souvent vers l\u2019usage des drogues. De plus, \u00e0 cause de l\u2019environnement malsain des lieux, les enfants ne peuvent pas occuper les espaces publics en toute s\u00e9curit\u00e9 et ils peuvent faire face \u00e0 beaucoup de risques tels que <a href=\"https:\/\/www.humanium.org\/fr\/exploitation-sexuelle-enfants\/\">l\u2019exploitation \u00e9conomique et sexuelle<\/a>, des probl\u00e8mes de sant\u00e9 etc.. En outre, les enfants des rues n\u2019ont aucune chance de trouver la garantie d\u2019acc\u00e9der \u00e0 l\u2019\u00e9ducation qui peut leur permettre de quitter la rue de mani\u00e8re d\u00e9finitive.<\/p>\n\n\n\n<p class=\"wp-block-paragraph\"><strong><em>Ecrit par Adrian Lakrichi <\/em><\/strong><\/p>\n\n\n\n<p class=\"wp-block-paragraph\"><strong><em>Traduit par Laurence Mortier<\/em><\/strong><\/p>\n\n\n\n<p class=\"wp-block-paragraph\"><strong><em>Relu par Nathalie Nurbel<\/em><\/strong><\/p>\n\n\n\n<p class=\"wp-block-paragraph\"><strong><em>Derni\u00e8re mise \u00e0 jour le 1 mai 2020<\/em><\/strong><\/p>\n\n\n\n<h3 class=\"wp-block-heading\"><strong>R\u00e9f\u00e9rences:<\/strong><\/h3>\n\n\n\n<p class=\"has-small-font-size wp-block-paragraph\"><a href=\"https:\/\/www.borgenmagazine.com\/causes-of-poverty-in-chad\/\" target=\"_blank\" rel=\"noreferrer noopener\">Borgen Magazine, <em>Social and Political Causes of Poverty in Chad<\/em>\u00b8 (2017), accessed on 14\/03\/2020.<\/a><\/p>\n\n\n\n<p class=\"has-small-font-size wp-block-paragraph\"><a href=\"https:\/\/borgenproject.org\/facts-about-poverty-in-chad\/\" target=\"_blank\" rel=\"noreferrer noopener\">Borgen Project, <em>New Opportunities : 10 key facts about poverty in Chad<\/em>, (2018), accessed on 14\/03\/2020.<\/a><\/p>\n\n\n\n<p class=\"has-small-font-size wp-block-paragraph\"><a href=\"https:\/\/www.sos-childrensvillages.org\/where-we-help\/africa\/chad\" target=\"_blank\" rel=\"noreferrer noopener\">SOS Children\u2019s Villages International, <em>General information on Chad<\/em>, (2019), accessed on 14\/03\/2020.<\/a><\/p>\n\n\n\n<p class=\"has-small-font-size wp-block-paragraph\"><a href=\"https:\/\/www.unicef.org\/appeals\/files\/UNICEF_Chad_Humanitarian_SitRep_Dec_2019.pdf\" target=\"_blank\" rel=\"noreferrer noopener\">UNICEF, <em>Chad Humanitarian Situation Report No. 11<\/em>, (2019), accessed on 14\/03\/2020.<\/a><\/p>\n\n\n\n<p class=\"has-small-font-size wp-block-paragraph\"><a href=\"https:\/\/www.refworld.org\/docid\/5b3e0b7aa.html\" target=\"_blank\" rel=\"noreferrer noopener\">RefWorld, <em>2018 Trafficking in Persons Report \u2013 Chad <\/em>(2019), accessed on 14\/03\/2020.<\/a><\/p>\n\n\n\n<p class=\"has-small-font-size wp-block-paragraph\"><a href=\"https:\/\/unesdoc.unesco.org\/ark:\/48223\/pf0000190712\" target=\"_blank\" rel=\"noreferrer noopener\">UNESCO, <em>Impact of conflict on children&rsquo;s health and disability<\/em>, (2010), accessed on 14\/03\/2020<\/a>.<\/p>\n\n\n\n<p class=\"has-small-font-size wp-block-paragraph\"><a href=\"https:\/\/www.globalpartnership.org\/fr\/where-we-work\/chad\" target=\"_blank\" rel=\"noreferrer noopener\">Partenariat Mondial pour l\u2019\u00e9ducation, <em>L\u2019Education au Chad, <\/em>(2012), accessed on 14\/03\/2020.<\/a><\/p>\n\n\n\n<p class=\"has-small-font-size wp-block-paragraph\"><a href=\"https:\/\/www.wathi.org\/laboratoire\/initiatives\/election_tchad\/situation-de-leducation-tchad\/\" target=\"_blank\" rel=\"noreferrer noopener\">Wathi, <em>La situation de l\u2019\u00e9ducation au Tchadhttps, (2016),<\/em> accessed on 14\/03\/2020.<\/a><\/p>\n\n\n\n<p class=\"has-small-font-size wp-block-paragraph\"><a href=\"https:\/\/news.un.org\/en\/story\/2008\/08\/269302-children-are-main-victims-violence-chad-ban-says-new-report\" target=\"_blank\" rel=\"noreferrer noopener\">UN News, <em>Children are main victims of violence in Chad, Ban says in new reporthttps<\/em>, (2008), accessed on 14\/03\/2020.<\/a><\/p>\n\n\n\n<p class=\"has-small-font-size wp-block-paragraph\"><a href=\"https:\/\/www.girlsnotbrides.org\/child-marriage\/chad\/\" target=\"_blank\" rel=\"noreferrer noopener\">Girls Not Brides, Chad, (2018), accessed on 14\/03\/2020.<\/a><\/p>\n\n\n\n<p class=\"has-small-font-size wp-block-paragraph\"><a href=\"https:\/\/www.streetchildren.org\/resources\/access-to-health-care-by-street-children-in-the-urban-context-of-ndjamena-chad\/?lang=fr\" target=\"_blank\" rel=\"noreferrer noopener\">Consortium for Street children, <em>Acc\u00e8s aux soins de sant\u00e9 par les enfants des rues dans le contexte urbain de N&rsquo;djamena, au Tchad<\/em>, (2000), accessed on 14\/03\/2020.<\/a><\/p>\n\n\n\n<hr class=\"wp-block-separator has-css-opacity\"\/>\n\n\n\n<p class=\"has-small-font-size wp-block-paragraph\"><a href=\"#_ftnref1\">[1]<\/a> Cet article ne pr\u00e9tend en aucun cas donner une description compl\u00e8te ou repr\u00e9sentative des droits des enfants au Tchad&nbsp;: En effet, un des nombreux probl\u00e8mes est la faible actualisation des informations sur les enfants du Tchad, beaucoup d\u2019entre elles sont peu fiables, non repr\u00e9sentatives, obsol\u00e8tes ou simplement non-existantes.<\/p>\n","protected":false},"excerpt":{"rendered":"<p>Concr\u00e9tiser les droits de l&rsquo;enfant au Tchad Bien que le Tchad ait ratifi\u00e9 la Convention relative aux droits de l\u2019Enfant et la Charte Africaine sur les droits et le bien-\u00eatre de l\u2019Enfant, leur application s\u2019est av\u00e9r\u00e9e \u00eatre tr\u00e8s difficile. Il y a beaucoup de probl\u00e8mes auxquels les enfants doivent faire face tels qu\u2019un manque d\u2019\u00e9ducation, [&hellip;]<\/p>\n","protected":false},"author":65,"featured_media":0,"parent":0,"menu_order":0,"comment_status":"closed","ping_status":"closed","template":"","meta":{"footnotes":""},"class_list":["post-12776","page","type-page","status-publish","hentry"],"yoast_head":"<!-- This site is optimized with the Yoast SEO plugin v28.3 - https:\/\/yoast.com\/product\/yoast-seo-wordpress\/ -->\n<title>Enfants du Tchad - Humanium<\/title>\n<meta name=\"description\" content=\"Bien que le Tchad ait ratifi\u00e9 la Convention relative aux droits de l\u2019Enfant et la Charte Africaine sur les droits et le bien-\u00eatre de l\u2019Enfant, leur application s\u2019est av\u00e9r\u00e9e \u00eatre tr\u00e8s difficile.\" \/>\n<meta name=\"robots\" content=\"index, follow, max-snippet:-1, max-image-preview:large, max-video-preview:-1\" \/>\n<link rel=\"canonical\" href=\"https:\/\/www.humanium.org\/fr\/tchad\/\" \/>\n<meta property=\"og:locale\" content=\"fr_FR\" \/>\n<meta property=\"og:type\" content=\"article\" \/>\n<meta property=\"og:title\" content=\"Enfants du Tchad - Humanium\" \/>\n<meta property=\"og:description\" content=\"Bien que le Tchad ait ratifi\u00e9 la Convention relative aux droits de l\u2019Enfant et la Charte Africaine sur les droits et le bien-\u00eatre de l\u2019Enfant, leur application s\u2019est av\u00e9r\u00e9e \u00eatre tr\u00e8s difficile.\" \/>\n<meta property=\"og:url\" content=\"https:\/\/www.humanium.org\/fr\/tchad\/\" \/>\n<meta property=\"og:site_name\" content=\"Humanium\" \/>\n<meta property=\"article:modified_time\" content=\"2025-12-10T02:43:14+00:00\" \/>\n<meta property=\"og:image\" content=\"https:\/\/www.humanium.org\/fr\/wp-content\/uploads\/2020\/05\/tchad-fille-10b-travelling-flickr.jpg\" \/>\n\t<meta property=\"og:image:width\" content=\"150\" \/>\n\t<meta property=\"og:image:height\" content=\"200\" \/>\n\t<meta property=\"og:image:type\" content=\"image\/jpeg\" \/>\n<meta name=\"twitter:card\" content=\"summary_large_image\" \/>\n<meta name=\"twitter:label1\" content=\"Dur\u00e9e de lecture estim\u00e9e\" \/>\n\t<meta name=\"twitter:data1\" content=\"15 minutes\" \/>\n<script type=\"application\/ld+json\" class=\"yoast-schema-graph\">{\"@context\":\"https:\\\/\\\/schema.org\",\"@graph\":[{\"@type\":\"WebPage\",\"@id\":\"https:\\\/\\\/www.humanium.org\\\/fr\\\/tchad\\\/\",\"url\":\"https:\\\/\\\/www.humanium.org\\\/fr\\\/tchad\\\/\",\"name\":\"Enfants du Tchad - Humanium\",\"isPartOf\":{\"@id\":\"https:\\\/\\\/www.humanium.org\\\/fr\\\/#website\"},\"primaryImageOfPage\":{\"@id\":\"https:\\\/\\\/www.humanium.org\\\/fr\\\/tchad\\\/#primaryimage\"},\"image\":{\"@id\":\"https:\\\/\\\/www.humanium.org\\\/fr\\\/tchad\\\/#primaryimage\"},\"thumbnailUrl\":\"https:\\\/\\\/www.humanium.org\\\/fr\\\/wp-content\\\/uploads\\\/2020\\\/05\\\/tchad-fille-10b-travelling-flickr-150x150.jpg\",\"datePublished\":\"2011-12-14T16:21:37+00:00\",\"dateModified\":\"2025-12-10T02:43:14+00:00\",\"description\":\"Bien que le Tchad ait ratifi\u00e9 la Convention relative aux droits de l\u2019Enfant et la Charte Africaine sur les droits et le bien-\u00eatre de l\u2019Enfant, leur application s\u2019est av\u00e9r\u00e9e \u00eatre tr\u00e8s difficile.\",\"breadcrumb\":{\"@id\":\"https:\\\/\\\/www.humanium.org\\\/fr\\\/tchad\\\/#breadcrumb\"},\"inLanguage\":\"fr-FR\",\"potentialAction\":[{\"@type\":\"ReadAction\",\"target\":[\"https:\\\/\\\/www.humanium.org\\\/fr\\\/tchad\\\/\"]}]},{\"@type\":\"ImageObject\",\"inLanguage\":\"fr-FR\",\"@id\":\"https:\\\/\\\/www.humanium.org\\\/fr\\\/tchad\\\/#primaryimage\",\"url\":\"https:\\\/\\\/www.humanium.org\\\/fr\\\/wp-content\\\/uploads\\\/2020\\\/05\\\/tchad-fille-10b-travelling-flickr.jpg\",\"contentUrl\":\"https:\\\/\\\/www.humanium.org\\\/fr\\\/wp-content\\\/uploads\\\/2020\\\/05\\\/tchad-fille-10b-travelling-flickr.jpg\",\"width\":150,\"height\":200},{\"@type\":\"BreadcrumbList\",\"@id\":\"https:\\\/\\\/www.humanium.org\\\/fr\\\/tchad\\\/#breadcrumb\",\"itemListElement\":[{\"@type\":\"ListItem\",\"position\":1,\"name\":\"Home\",\"item\":\"https:\\\/\\\/www.humanium.org\\\/fr\\\/\"},{\"@type\":\"ListItem\",\"position\":2,\"name\":\"Enfants du Tchad\"}]},{\"@type\":\"WebSite\",\"@id\":\"https:\\\/\\\/www.humanium.org\\\/fr\\\/#website\",\"url\":\"https:\\\/\\\/www.humanium.org\\\/fr\\\/\",\"name\":\"Humanium\",\"description\":\"Les enfants d\u2019abord !\",\"potentialAction\":[{\"@type\":\"SearchAction\",\"target\":{\"@type\":\"EntryPoint\",\"urlTemplate\":\"https:\\\/\\\/www.humanium.org\\\/fr\\\/?s={search_term_string}\"},\"query-input\":{\"@type\":\"PropertyValueSpecification\",\"valueRequired\":true,\"valueName\":\"search_term_string\"}}],\"inLanguage\":\"fr-FR\"}]}<\/script>\n<!-- \/ Yoast SEO plugin. -->","yoast_head_json":{"title":"Enfants du Tchad - Humanium","description":"Bien que le Tchad ait ratifi\u00e9 la Convention relative aux droits de l\u2019Enfant et la Charte Africaine sur les droits et le bien-\u00eatre de l\u2019Enfant, leur application s\u2019est av\u00e9r\u00e9e \u00eatre tr\u00e8s difficile.","robots":{"index":"index","follow":"follow","max-snippet":"max-snippet:-1","max-image-preview":"max-image-preview:large","max-video-preview":"max-video-preview:-1"},"canonical":"https:\/\/www.humanium.org\/fr\/tchad\/","og_locale":"fr_FR","og_type":"article","og_title":"Enfants du Tchad - Humanium","og_description":"Bien que le Tchad ait ratifi\u00e9 la Convention relative aux droits de l\u2019Enfant et la Charte Africaine sur les droits et le bien-\u00eatre de l\u2019Enfant, leur application s\u2019est av\u00e9r\u00e9e \u00eatre tr\u00e8s difficile.","og_url":"https:\/\/www.humanium.org\/fr\/tchad\/","og_site_name":"Humanium","article_modified_time":"2025-12-10T02:43:14+00:00","og_image":[{"width":150,"height":200,"url":"https:\/\/www.humanium.org\/fr\/wp-content\/uploads\/2020\/05\/tchad-fille-10b-travelling-flickr.jpg","type":"image\/jpeg"}],"twitter_card":"summary_large_image","twitter_misc":{"Dur\u00e9e de lecture estim\u00e9e":"15 minutes"},"schema":{"@context":"https:\/\/schema.org","@graph":[{"@type":"WebPage","@id":"https:\/\/www.humanium.org\/fr\/tchad\/","url":"https:\/\/www.humanium.org\/fr\/tchad\/","name":"Enfants du Tchad - Humanium","isPartOf":{"@id":"https:\/\/www.humanium.org\/fr\/#website"},"primaryImageOfPage":{"@id":"https:\/\/www.humanium.org\/fr\/tchad\/#primaryimage"},"image":{"@id":"https:\/\/www.humanium.org\/fr\/tchad\/#primaryimage"},"thumbnailUrl":"https:\/\/www.humanium.org\/fr\/wp-content\/uploads\/2020\/05\/tchad-fille-10b-travelling-flickr-150x150.jpg","datePublished":"2011-12-14T16:21:37+00:00","dateModified":"2025-12-10T02:43:14+00:00","description":"Bien que le Tchad ait ratifi\u00e9 la Convention relative aux droits de l\u2019Enfant et la Charte Africaine sur les droits et le bien-\u00eatre de l\u2019Enfant, leur application s\u2019est av\u00e9r\u00e9e \u00eatre tr\u00e8s difficile.","breadcrumb":{"@id":"https:\/\/www.humanium.org\/fr\/tchad\/#breadcrumb"},"inLanguage":"fr-FR","potentialAction":[{"@type":"ReadAction","target":["https:\/\/www.humanium.org\/fr\/tchad\/"]}]},{"@type":"ImageObject","inLanguage":"fr-FR","@id":"https:\/\/www.humanium.org\/fr\/tchad\/#primaryimage","url":"https:\/\/www.humanium.org\/fr\/wp-content\/uploads\/2020\/05\/tchad-fille-10b-travelling-flickr.jpg","contentUrl":"https:\/\/www.humanium.org\/fr\/wp-content\/uploads\/2020\/05\/tchad-fille-10b-travelling-flickr.jpg","width":150,"height":200},{"@type":"BreadcrumbList","@id":"https:\/\/www.humanium.org\/fr\/tchad\/#breadcrumb","itemListElement":[{"@type":"ListItem","position":1,"name":"Home","item":"https:\/\/www.humanium.org\/fr\/"},{"@type":"ListItem","position":2,"name":"Enfants du Tchad"}]},{"@type":"WebSite","@id":"https:\/\/www.humanium.org\/fr\/#website","url":"https:\/\/www.humanium.org\/fr\/","name":"Humanium","description":"Les enfants d\u2019abord !","potentialAction":[{"@type":"SearchAction","target":{"@type":"EntryPoint","urlTemplate":"https:\/\/www.humanium.org\/fr\/?s={search_term_string}"},"query-input":{"@type":"PropertyValueSpecification","valueRequired":true,"valueName":"search_term_string"}}],"inLanguage":"fr-FR"}]}},"_links":{"self":[{"href":"https:\/\/www.humanium.org\/fr\/wp-json\/wp\/v2\/pages\/12776","targetHints":{"allow":["GET"]}}],"collection":[{"href":"https:\/\/www.humanium.org\/fr\/wp-json\/wp\/v2\/pages"}],"about":[{"href":"https:\/\/www.humanium.org\/fr\/wp-json\/wp\/v2\/types\/page"}],"author":[{"embeddable":true,"href":"https:\/\/www.humanium.org\/fr\/wp-json\/wp\/v2\/users\/65"}],"replies":[{"embeddable":true,"href":"https:\/\/www.humanium.org\/fr\/wp-json\/wp\/v2\/comments?post=12776"}],"version-history":[{"count":30,"href":"https:\/\/www.humanium.org\/fr\/wp-json\/wp\/v2\/pages\/12776\/revisions"}],"predecessor-version":[{"id":60999,"href":"https:\/\/www.humanium.org\/fr\/wp-json\/wp\/v2\/pages\/12776\/revisions\/60999"}],"wp:attachment":[{"href":"https:\/\/www.humanium.org\/fr\/wp-json\/wp\/v2\/media?parent=12776"}],"curies":[{"name":"wp","href":"https:\/\/api.w.org\/{rel}","templated":true}]}}