{"id":13548,"date":"2011-11-06T18:00:52","date_gmt":"2011-11-06T18:00:52","guid":{"rendered":"http:\/\/www.humanium.org\/fr\/?page_id=13548"},"modified":"2025-12-06T06:17:06","modified_gmt":"2025-12-06T06:17:06","slug":"turquie","status":"publish","type":"page","link":"https:\/\/www.humanium.org\/fr\/turquie\/","title":{"rendered":"Enfants de Turquie"},"content":{"rendered":"\n<h2 class=\"wp-block-heading\">Concr\u00e9tiser les droits de l&rsquo;enfant en Turquie<\/h2>\n\n\n\n<div class=\"wp-block-columns is-layout-flex wp-container-core-columns-is-layout-8f761849 wp-block-columns-is-layout-flex\">\n<div class=\"wp-block-column is-layout-flow wp-block-column-is-layout-flow\"><div class=\"wp-block-image is-style-circle-mask\">\n<figure class=\"aligncenter size-large\"><img loading=\"lazy\" decoding=\"async\" width=\"184\" height=\"200\" src=\"https:\/\/www.humanium.org\/fr\/wp-content\/uploads\/2020\/02\/fillette-fikirbaz-turquie.jpg\" alt=\"\" class=\"wp-image-46313\"\/><\/figure>\n<\/div><\/div>\n\n\n\n<div class=\"wp-block-column is-layout-flow wp-block-column-is-layout-flow\"><div class=\"wp-block-image is-style-circle-mask\">\n<figure class=\"aligncenter size-large is-resized\"><img loading=\"lazy\" decoding=\"async\" width=\"164\" height=\"200\" src=\"https:\/\/www.humanium.org\/fr\/wp-content\/uploads\/2020\/02\/garcon-zaprittsky-flickr.jpg\" alt=\"\" class=\"wp-image-46314\" style=\"width:184px\"\/><\/figure>\n<\/div><\/div>\n<\/div>\n\n\n\n<p class=\"wp-block-paragraph\"><strong>Riche en ressources naturelles et humaines, l\u2019\u00e9conomie turque est assez dynamique. Toutefois, celle-ci ne b\u00e9n\u00e9ficie pas \u00e0 toute la population, dont une partie doit affronter la pauvret\u00e9. Certains enfants ne peuvent donc jouir de tous leurs droits, tels qu\u2019ils sont proclam\u00e9s dans la <a href=\"https:\/\/www.humanium.org\/fr\/convention\/\">Convention Internationale des Droits de l&rsquo;Enfant<\/a>. <\/strong><\/p>\n\n\n\n<iframe loading=\"lazy\" src=\"https:\/\/www.google.com\/maps\/embed?pb=!1m18!1m12!1m3!1d12743740.885372557!2d26.1735292767098!3d38.75762865635259!2m3!1f0!2f0!3f0!3m2!1i1024!2i768!4f13.1!3m3!1m2!1s0x14b0155c964f2671%3A0x40d9dbd42a625f2a!2sTurkey!5e0!3m2!1sen!2shr!4v1580635792889!5m2!1sen!2shr\" style=\"border:0;\" allowfullscreen=\"\" width=\"700\" height=\"550\" frameborder=\"0\"><\/iframe>\n\n\n\n<div class=\"wp-block-columns is-layout-flex wp-container-core-columns-is-layout-8f761849 wp-block-columns-is-layout-flex\">\n<div class=\"wp-block-column is-layout-flow wp-block-column-is-layout-flow\">\n<p class=\"wp-block-paragraph\"><strong>Population :<\/strong>&nbsp;83,5 millions<br><strong>Pop. de 0 \u00e0 14 ans:<\/strong> 23,4 <\/p>\n<\/div>\n\n\n\n<div class=\"wp-block-column is-layout-flow wp-block-column-is-layout-flow\">\n<p class=\"wp-block-paragraph\"><strong>Esp\u00e9rance de vie :<\/strong> 74 ans<br><strong>Mortalit\u00e9 des moins de 5 ans :<\/strong>&nbsp;14,2\u2030 <\/p>\n<\/div>\n<\/div>\n\n\n\n<h2 class=\"wp-block-heading\"><strong>La Turquie en un coup\nd\u2019\u0153il<\/strong><strong> <\/strong><\/h2>\n\n\n\n<p class=\"wp-block-paragraph\">A\ncheval sur l\u2019Europe de l\u2019Est et l\u2019Asie occidentale, la Turquie est un pays\ntranscontinental, entour\u00e9 au nord par la mer Noire, \u00e0 l\u2019est par l\u2019Azerba\u00efdjan\net l\u2019Iran, au sud-est par l\u2019Irak et la Syrie et \u00e0 l\u2019ouest par la mer M\u00e9diterran\u00e9e\net la mer Eg\u00e9e. Sa population actuelle est estim\u00e9e \u00e0 83,5 millions d\u2019habitants\navec une croissance d\u00e9mographique rapide. La population turque est jeune, avec\nun taux de 39,45 % de la population compos\u00e9 de jeunes de 0-24 ans. <\/p>\n\n\n<div class=\"wp-block-image\">\n<figure class=\"alignleft size-large is-resized\"><img loading=\"lazy\" decoding=\"async\" width=\"1024\" height=\"702\" src=\"https:\/\/www.humanium.org\/fr\/wp-content\/uploads\/2020\/02\/shutterstock_353855057-1024x702.jpg\" alt=\"\" class=\"wp-image-46322\" style=\"width:343px;height:235px\" srcset=\"https:\/\/www.humanium.org\/fr\/wp-content\/uploads\/2020\/02\/shutterstock_353855057-1024x702.jpg 1024w, https:\/\/www.humanium.org\/fr\/wp-content\/uploads\/2020\/02\/shutterstock_353855057-300x206.jpg 300w, https:\/\/www.humanium.org\/fr\/wp-content\/uploads\/2020\/02\/shutterstock_353855057-768x526.jpg 768w, https:\/\/www.humanium.org\/fr\/wp-content\/uploads\/2020\/02\/shutterstock_353855057-1536x1053.jpg 1536w, https:\/\/www.humanium.org\/fr\/wp-content\/uploads\/2020\/02\/shutterstock_353855057-2048x1404.jpg 2048w, https:\/\/www.humanium.org\/fr\/wp-content\/uploads\/2020\/02\/shutterstock_353855057-830x569.jpg 830w, https:\/\/www.humanium.org\/fr\/wp-content\/uploads\/2020\/02\/shutterstock_353855057-230x158.jpg 230w, https:\/\/www.humanium.org\/fr\/wp-content\/uploads\/2020\/02\/shutterstock_353855057-350x240.jpg 350w, https:\/\/www.humanium.org\/fr\/wp-content\/uploads\/2020\/02\/shutterstock_353855057-480x329.jpg 480w\" sizes=\"auto, (max-width: 1024px) 100vw, 1024px\" \/><\/figure>\n<\/div>\n\n\n<p class=\"wp-block-paragraph\">A la suite de la guerre d\u2019ind\u00e9pendance (1918-1922), la Turquie a adopt\u00e9 le syst\u00e8me de d\u00e9mocratie parlementaire, avec une \u00e9conomie de march\u00e9 libre.Le pays occupe une position g\u00e9ographique strat\u00e9gique pour les \u00e9changes commerciaux en raison de ses terres reli\u00e9es \u00e0 trois continents et aux mers qui l\u2019entourent. Toute la population ne b\u00e9n\u00e9ficie pas de cette \u00e9conomie dynamique. Aujourd\u2019hui encore, la pauvret\u00e9 et les probl\u00e8mes qu\u2019elle engendre, constituent une menace pour une partie de la population. La Turquie est confront\u00e9e \u00e0 des difficult\u00e9s, telles que la migration rapide et l\u2019urbanisation, le ch\u00f4mage, les violences domestiques et un manque de mise en \u0153uvre de certains cadres juridiques. <\/p>\n\n\n\n<p class=\"wp-block-paragraph\">Tout\ncela a des cons\u00e9quences sur la condition des enfants en Turquie. En\ncons\u00e9quence, dans certaines r\u00e9gions du pays, des enfants ne jouissent pas de\ntous les droits d\u00e9finis par la Convention internationale relative aux droits de\nl\u2019enfant. Des am\u00e9liorations significatives de ces droits &nbsp;ont \u00e9t\u00e9 observ\u00e9es, mais, malgr\u00e9 tout, la\npleine r\u00e9alisation des droits de l\u2019enfant va encore exiger du temps et des efforts.\n<\/p>\n\n\n\n<h2 class=\"wp-block-heading\"><strong>Statut des droits de\nl\u2019enfant<\/strong><\/h2>\n\n\n\n<p class=\"wp-block-paragraph\">En 2018, les enfants \u00e2g\u00e9es de 0 \u00e0 14 ans repr\u00e9sentaient 23,4 % de la population totale du pays. Le pourcentage d\u2019enfants dans la population turque a consid\u00e9rablement diminu\u00e9, principalement en raison de la baisse du taux de natalit\u00e9 ces derni\u00e8res ann\u00e9es. <\/p>\n\n\n\n<p class=\"wp-block-paragraph\">En 1970, les enfants \u00e2g\u00e9s de moins de 17 ans repr\u00e9sentaient 48,5 % de la population et une diminution de 25,5 % a \u00e9t\u00e9 observ\u00e9e depuis 50 ans. \u00c0 cela s\u2019ajoute une disparit\u00e9 g\u00e9ographique, avec un nombre plus important d\u2019enfants dans les r\u00e9gions rurales de la Turquie, alors que les enfants des zones rurales ont g\u00e9n\u00e9ralement un acc\u00e8s plus limit\u00e9 aux ressources telles que la nutrition, l\u2019acc\u00e8s aux soins sanitaires, \u00e0 l\u2019\u00e9ducation et \u00e0 la protection. <\/p>\n\n\n<div class=\"wp-block-image\">\n<figure class=\"alignright size-large is-resized\"><img loading=\"lazy\" decoding=\"async\" width=\"1024\" height=\"683\" src=\"https:\/\/www.humanium.org\/fr\/wp-content\/uploads\/2020\/02\/shutterstock_560544997-1024x683.jpg\" alt=\"\" class=\"wp-image-46323\" style=\"width:335px;height:223px\" srcset=\"https:\/\/www.humanium.org\/fr\/wp-content\/uploads\/2020\/02\/shutterstock_560544997-1024x683.jpg 1024w, https:\/\/www.humanium.org\/fr\/wp-content\/uploads\/2020\/02\/shutterstock_560544997-300x200.jpg 300w, https:\/\/www.humanium.org\/fr\/wp-content\/uploads\/2020\/02\/shutterstock_560544997-768x512.jpg 768w, https:\/\/www.humanium.org\/fr\/wp-content\/uploads\/2020\/02\/shutterstock_560544997-1536x1024.jpg 1536w, https:\/\/www.humanium.org\/fr\/wp-content\/uploads\/2020\/02\/shutterstock_560544997-2048x1366.jpg 2048w, https:\/\/www.humanium.org\/fr\/wp-content\/uploads\/2020\/02\/shutterstock_560544997-830x553.jpg 830w, https:\/\/www.humanium.org\/fr\/wp-content\/uploads\/2020\/02\/shutterstock_560544997-230x153.jpg 230w, https:\/\/www.humanium.org\/fr\/wp-content\/uploads\/2020\/02\/shutterstock_560544997-350x233.jpg 350w, https:\/\/www.humanium.org\/fr\/wp-content\/uploads\/2020\/02\/shutterstock_560544997-480x320.jpg 480w, https:\/\/www.humanium.org\/fr\/wp-content\/uploads\/2020\/02\/shutterstock_560544997-272x182.jpg 272w\" sizes=\"auto, (max-width: 1024px) 100vw, 1024px\" \/><\/figure>\n<\/div>\n\n\n<p class=\"wp-block-paragraph\">La Turquie a adopt\u00e9 la <a href=\"https:\/\/www.humanium.org\/fr\/enjeux\/\">Convention relative aux droits de l\u2019enfant<\/a> en 1994. Depuis, diff\u00e9rentes am\u00e9liorations des droits de l\u2019enfant ont \u00e9t\u00e9 r\u00e9alis\u00e9es, par le biais de modifications juridiques et administratives, en conformit\u00e9 avec les conditions d\u2019adh\u00e9sion \u00e0 l\u2019Union europ\u00e9enne.  Au d\u00e9but du 21<sup>\u00e8me<\/sup> si\u00e8cle, le parlement turc a adopt\u00e9 de vastes r\u00e9formes juridiques, qui ont marqu\u00e9 une am\u00e9lioration du syst\u00e8me de protection des droits humains et ont fortement b\u00e9n\u00e9fici\u00e9 aux droits de l\u2019enfant, remplissant ainsi les crit\u00e8res politiques de Copenhague pour l\u2019adh\u00e9sion \u00e0 l\u2019UE. Par la suite, une attention particuli\u00e8re a \u00e9t\u00e9 port\u00e9e aux droits des enfants, en mettant plus l\u2019accent sur des questions telles que les enfants des rues, les mariages pr\u00e9coces et le travail infantile.  <\/p>\n\n\n\n<p class=\"wp-block-paragraph\">Avec\nune bonne gestion, le gouvernement, la soci\u00e9t\u00e9 civile, les milieux\nuniversitaires et le secteur priv\u00e9 pourraient potentiellement assurer aux\nenfants le respect de leurs droits et favoriser leur \u00e9mancipation. La\nsensibilisation du public turc aux droits de l\u2019enfant s\u2019est d\u00e9velopp\u00e9e \u00e0 la\nsuite d\u2019initiatives prises par de nombreuses organisations\nnon-gouvernementales, internationales ainsi que dans certains cas par le\ngouvernement et surtout par les enfants eux-m\u00eames. <\/p>\n\n\n\n<p class=\"wp-block-paragraph\">A l\u2019heure actuelle, l\u2019\u00e9tude des <a href=\"https:\/\/www.humanium.org\/fr\/droits-enfant\/\">droits de l\u2019enfant <\/a>a \u00e9t\u00e9 introduite dans les programmes scolaires et beaucoup re\u00e7oivent une formation sur les droits de l\u2019enfant, afin d\u2019am\u00e9liorer les conditions de vie des enfants en Turquie. Il est clair que la promotion des droits de l\u2019enfant devient une priorit\u00e9, mais tous les enfants n\u2019en profitent pas pleinement. Compte tenu des effets positifs de l\u2019am\u00e9lioration du respect des droits de l\u2019enfant, il est imp\u00e9ratif de continuer \u00e0 mieux prot\u00e9ger les droits des nouveau-n\u00e9s et des enfants. <\/p>\n\n\n\n<p class=\"wp-block-paragraph\">C\u2019est ce que cherche \u00e0 accomplir l\u2019organisation non gouvernementale <a href=\"https:\/\/koruncuk.org\/\">Koruncuk<\/a>, fondation turque pour les enfants vuln\u00e9rables, qui m\u00e8ne des actions afin de r\u00e9duire l\u2019impact social n\u00e9gatif aupr\u00e8s des enfants \u00e0 risque. A cette fin, l\u2019association conduit des activit\u00e9s pr\u00e9ventives, protectrices et r\u00e9paratrices pour pr\u00e9server et renforcer les droits de l\u2019enfant en Turquie.&nbsp; <\/p>\n\n\n\n<h2 class=\"wp-block-heading\"><strong>Une protection sociale tenant compte des\nenfants <\/strong><\/h2>\n\n\n\n<p class=\"wp-block-paragraph\">La protection sociale est essentielle\npour pr\u00e9venir et r\u00e9duire la pauvret\u00e9 des enfants et des familles, pour lutter\ncontre les in\u00e9galit\u00e9s et pour la r\u00e9alisation des droits de l\u2019enfant. Il est\nessentiel que les programmes de protection sociale r\u00e9pondent aux vuln\u00e9rabilit\u00e9s\ndes enfants, en optimisant les effets positifs sur eux et en minimisant les potentielles\ncons\u00e9quences n\u00e9gatives. Une protection sociale mise en \u0153uvre correctement, en\nparticulier si elle s\u2019applique aux enfants, peut r\u00e9duire la pauvret\u00e9,\nl\u2019exclusion sociale et les chocs ext\u00e9rieurs qui peuvent affecter de mani\u00e8re irr\u00e9versible\nles enfants. <\/p>\n\n\n\n<p class=\"wp-block-paragraph\">La sensibilisation et l\u2019attention particuli\u00e8re sur la protection sociale en Turquie s\u2019intensifie&nbsp;: les d\u00e9penses de protection sociale ont augment\u00e9 de 13,7 % en 2017, selon les chiffres de TurkStat, pour atteindre un total de 104,8 milliards de dollars. Bien que les d\u00e9penses consacr\u00e9es \u00e0<a href=\"https:\/\/koruncuk.org\/\"> la protection<\/a> sociale des enfants et des familles aient augment\u00e9, le pourcentage du PIB de la Turquie investi dans protection sociale est encore faible, en comparaison avec celui des autres pays de l\u2019OCDE. <\/p>\n\n\n\n<p class=\"wp-block-paragraph\">La Turquie accueille la plus grande population de r\u00e9fugi\u00e9s dans le monde&nbsp;: plus de 3,1 millions de Syriens y vivent sous protection temporaire, dont pr\u00e8s de la moiti\u00e9 sont des enfants qui doivent imp\u00e9rativement \u00eatre pris en charge. A l\u2019heure actuelle, le Minist\u00e8re de la famille, du travail et des services sociaux a mis en place, \u00e0 l\u2019intention des familles r\u00e9fugi\u00e9es, des programmes de CCTE (distributions r\u00e9guli\u00e8res d\u2019argent cash aux familles pour les aider \u00e0 financer les \u00e9tudes des enfants) afin d\u2019att\u00e9nuer les difficult\u00e9s financi\u00e8res qui constituent l\u2019un des principaux obstacles \u00e0 l\u2019acc\u00e8s \u00e0 l\u2019\u00e9ducation. <\/p>\n\n\n\n<p class=\"wp-block-paragraph\">Des aides sont \u00e9galement propos\u00e9es aux familles pour r\u00e9pondre \u00e0 leurs besoins et prendre en charge leurs d\u00e9penses de sant\u00e9. En compl\u00e9ment, de plus en plus d\u2019organisations non-gouvernementales contribuent \u00e0 l\u2019am\u00e9lioration de la protection sociale en faveur des enfants. Les b\u00e9n\u00e9ficiaires sont, dans une large mesure, d\u00e9termin\u00e9s au bon vouloir des fondations d\u2019aide sociale et de coop\u00e9ration. <\/p>\n\n\n\n<p class=\"wp-block-paragraph\">Malgr\u00e9 ces efforts, de nombreux enfants\net leurs familles continuent de rencontrer des obstacles pour acc\u00e9der aux\nservices sociaux de base. Bien que les politiques de protection sociale en\nTurquie tiennent compte des enfants, elles ne sont pas enti\u00e8rement adapt\u00e9es \u00e0\nleurs besoins. \u00c0 ce titre, il semble important que les politiques, la\nl\u00e9gislation et la r\u00e8glementation prennent en compte le point de vue des\nenfants, des jeunes et de leurs aidants afin que leurs droits soient respect\u00e9s.\n<\/p>\n\n\n\n<h2 class=\"wp-block-heading\"><strong>R\u00e9pondre aux besoins de l\u2019enfant <\/strong><\/h2>\n\n\n\n<h3 class=\"wp-block-heading\"><strong><a href=\"https:\/\/www.humanium.org\/fr\/comprendre-droits-enfant\/droit-a-la-sante\/\">Droit \u00e0 la sant\u00e9<\/a><\/strong><\/h3>\n\n\n\n<p class=\"wp-block-paragraph\">Selon les donn\u00e9es recueillies, <a href=\"https:\/\/www.humanium.org\/fr\/mortalite-infantile\/\">la mortalit\u00e9 infantile <\/a>est de pr\u00e8s de 9 enfants pour 1000 naissances, avec une disparit\u00e9 r\u00e9gionale. Le pourcentage de soins pr\u00e9nataux et d\u2019accouchement r\u00e9alis\u00e9s dans les \u00e9tablissements de sant\u00e9 a atteint 99.7 % et 98.0 %, respectivement, ce qui est une grande am\u00e9lioration, car les naissances sans assistance professionnelle qui \u00e9taient plus courantes autrefois, entra\u00eenaient un risque de mortalit\u00e9 infantile plus \u00e9lev\u00e9.&nbsp; De plus, les vaccinations pour les enfants sont administr\u00e9es gratuitement par le gouvernement, en pr\u00e9vention de futures maladies. <\/p>\n\n\n\n<p class=\"wp-block-paragraph\">Cependant, de nombreux enfants souffrant\nde maladies qui peuvent \u00eatre soign\u00e9es lorsqu\u2019elles sont d\u00e9tect\u00e9es \u00e0 temps gr\u00e2ce\n\u00e0 des contr\u00f4les r\u00e9guliers, comme les probl\u00e8mes respiratoires ou circulatoires,\nne sont pas pris en charge assez rapidement en raison de facteurs tels que la\nstigmatisation autour des soins, des raisons culturelles ou le manque\nd\u2019\u00e9ducation. En outre, un meilleur \u00e9quipement m\u00e9dical et un renforcement de la comp\u00e9tence\nglobale du personnel de sant\u00e9 pourraient contribuer \u00e0 ce que les patients soient\nsoign\u00e9s de mani\u00e8re plus efficace. Des mesures efficaces doivent \u00eatre prises\npour que les enfants turcs jouissent pleinement de leur droit \u00e0 la sant\u00e9.<\/p>\n\n\n\n<h3 class=\"wp-block-heading\"><a href=\"https:\/\/www.humanium.org\/fr\/comprendre-droits-enfant\/droit-a-l-education\/\"><strong>Droit \u00e0 l\u2019\u00e9ducation<\/strong> <\/a><\/h3>\n\n\n\n<p class=\"wp-block-paragraph\">L\u2019\u00e9ducation en Turquie s\u2019am\u00e9liore mais n\u2019est pas encore excellente. En 2012, il a \u00e9t\u00e9 envisag\u00e9 de rendre l\u2019\u00e9cole maternelle obligatoire, mais cette proposition n\u2019a pas \u00e9t\u00e9 retenue. Une autre r\u00e9forme, adopt\u00e9e par le Minist\u00e8re de l\u2019\u00e9ducation nationale, vise \u00e0 augmenter la dur\u00e9e de l\u2019enseignement obligatoire \u00e0 12 ans au lieu de 8, avec une entr\u00e9e \u00e0 l\u2019\u00e9cole primaire d\u00e8s l\u2019\u00e2ge de 5 ans et demi. Ce nouveau syst\u00e8me d\u2019\u00e9ducation a \u00e9t\u00e9 lanc\u00e9 au cours de l\u2019ann\u00e9e scolaire 2012-2013 et se poursuit depuis. <\/p>\n\n\n<div class=\"wp-block-image\">\n<figure class=\"alignleft size-large is-resized\"><img loading=\"lazy\" decoding=\"async\" width=\"1024\" height=\"681\" src=\"https:\/\/www.humanium.org\/fr\/wp-content\/uploads\/2020\/02\/shutterstock_240614026-1024x681.jpg\" alt=\"\" class=\"wp-image-46328\" style=\"width:386px;height:256px\" srcset=\"https:\/\/www.humanium.org\/fr\/wp-content\/uploads\/2020\/02\/shutterstock_240614026-1024x681.jpg 1024w, https:\/\/www.humanium.org\/fr\/wp-content\/uploads\/2020\/02\/shutterstock_240614026-300x200.jpg 300w, https:\/\/www.humanium.org\/fr\/wp-content\/uploads\/2020\/02\/shutterstock_240614026-768x511.jpg 768w, https:\/\/www.humanium.org\/fr\/wp-content\/uploads\/2020\/02\/shutterstock_240614026-1536x1022.jpg 1536w, https:\/\/www.humanium.org\/fr\/wp-content\/uploads\/2020\/02\/shutterstock_240614026-2048x1363.jpg 2048w, https:\/\/www.humanium.org\/fr\/wp-content\/uploads\/2020\/02\/shutterstock_240614026-830x552.jpg 830w, https:\/\/www.humanium.org\/fr\/wp-content\/uploads\/2020\/02\/shutterstock_240614026-230x153.jpg 230w, https:\/\/www.humanium.org\/fr\/wp-content\/uploads\/2020\/02\/shutterstock_240614026-350x233.jpg 350w, https:\/\/www.humanium.org\/fr\/wp-content\/uploads\/2020\/02\/shutterstock_240614026-480x319.jpg 480w, https:\/\/www.humanium.org\/fr\/wp-content\/uploads\/2020\/02\/shutterstock_240614026-272x182.jpg 272w\" sizes=\"auto, (max-width: 1024px) 100vw, 1024px\" \/><\/figure>\n<\/div>\n\n\n<p class=\"wp-block-paragraph\">Le taux d\u2019inscription \u00e0 l\u2019enseignement primaire et secondaire est sup\u00e9rieur \u00e0 98 %. Tandis que, dans certaines provinces (en particulier dans l\u2019est du pays), les filles sont moins susceptibles d\u2019aller \u00e0 l\u2019\u00e9cole que les gar\u00e7ons, la tendance s\u2019inverse dans d\u2019autres provinces. Le gouvernement alloue 16,2 % de son budget \u00e0 l\u2019\u00e9ducation, ce qui n\u2019est pas insuffisant, mais qui devrait \u00eatre augment\u00e9, compte tenu du besoin urgent. La majeure partie de ce budget est allou\u00e9e \u00e0 des d\u00e9penses de personnel, malgr\u00e9 un manque de professionnels suffisamment comp\u00e9tents ou suffisamment form\u00e9s ce qui n\u2019est pas satisfaisant en raison du manque de professionnels dans ce domaine. D\u2019autres difficult\u00e9s peuvent \u00eatre observ\u00e9es dans certains \u00e9tablissements publics, tels que des contraintes \u00e9conomiques, le d\u00e9labrement des b\u00e2timents ou le manque d\u2019\u00e9quipements.<\/p>\n\n\n\n<p class=\"wp-block-paragraph\">Un grand nombre de r\u00e9fugi\u00e9s syriens\nr\u00e9sident en Turquie, dont la plupart sont des enfants. Il est essentiel qu\u2019ils\npuissent acc\u00e9der \u00e0 l\u2019\u00e9ducation, m\u00eame s\u2019ils vivent dans des conditions difficiles.\nLe nombre des enfants r\u00e9fugi\u00e9s syriens int\u00e9gr\u00e9s dans le syst\u00e8me d\u2019\u00e9ducation\n\u00e9tait de 645&nbsp;140 en d\u00e9cembre 2018, soit une augmentation de 5,7 % par\nrapport \u00e0 l\u2019ann\u00e9e scolaire 2017-2018 et de 31 % par rapport \u00e0 l\u2019ann\u00e9e scolaire\n2016-2017. Malgr\u00e9 ces progr\u00e8s, ce n\u2019est pas encore suffisant pour garantir \u00e0\ntous les enfants les soins et l\u2019\u00e9ducation dont ils ont besoin. <\/p>\n\n\n\n<p class=\"wp-block-paragraph\">Il existe plusieurs organisations non-gouvernementales qui contribuent \u00e0 l\u2019am\u00e9lioration de l\u2019\u00e9ducation des enfants en Turquie, telles que <a href=\"https:\/\/tegv.org\/\">TEGV<\/a>, fondation turque des b\u00e9n\u00e9voles de l\u2019\u00e9ducation &nbsp;et TO\u00c7EV fondation t\u00fcvana pour les enfants souhaitant \u00e9tudier. <\/p>\n\n\n\n<h3 class=\"wp-block-heading\"><strong><a href=\"https:\/\/www.humanium.org\/fr\/comprendre-droits-enfant\/droit-a-l-identite\/\">Droit \u00e0 l\u2019identit\u00e9<\/a> et \u00e0 la nationalit\u00e9 <\/strong><\/h3>\n\n\n\n<p class=\"wp-block-paragraph\">98 % des enfants turcs naissent dans des\n\u00e9tablissements de sant\u00e9. La majorit\u00e9 d\u2019entre eux sont inscrits \u00e0 l\u2019\u00e9tat civil\ndu secteur, mais certains ne le sont pas. Il en r\u00e9sulte que des enfants n\u2019ont\npas de certificat de naissance et risque ainsi de perdre la protection de l\u2019\u00c9tat.\nCes enfants \u2018invisibles\u2019 ne sont pas reconnus par la loi et les autorit\u00e9s. <\/p>\n\n\n\n<p class=\"wp-block-paragraph\">Bien que cela ne soit pas la probl\u00e9matique la plus importante en Turquie, l\u2019insuffisance de la r\u00e9glementation sur les naissances et le manque d\u2019information sur la n\u00e9cessit\u00e9 d\u2019enregistrer les enfants, sont les plus grands obstacles \u00e0 la r\u00e9alisation d\u2019un recensement complet des naissances. Cela peut engendrer des probl\u00e8mes graves, tels que l\u2019absence d\u2019identit\u00e9 officielle, de nationalit\u00e9, ou m\u00eame le non-respect des droits et des besoins des enfants. <\/p>\n\n\n\n<p class=\"wp-block-paragraph\">En effet, <a href=\"https:\/\/www.humanium.org\/fr\/comprendre-droits-enfant\/droit-a-l-identite\/\">l\u2019enregistrement \u00e0 la naissanc<\/a>e est un droit fondamental car il fournit \u00e0 l\u2019enfant un nom, une filiation, une nationalit\u00e9 et un \u00e2ge. Il repr\u00e9sente \u00e9galement une preuve d\u2019identit\u00e9, un signe d\u2019existence aux yeux de la soci\u00e9t\u00e9 et leur accorde une protection automatique du gouvernement par exemple contre les trafics et le travail forc\u00e9. <\/p>\n\n\n\n<h2 class=\"wp-block-heading\"><strong>Facteurs de risque \u2192 d\u00e9fis propres au pays <\/strong><\/h2>\n\n\n\n<h3 class=\"wp-block-heading\"><strong><a href=\"https:\/\/www.humanium.org\/fr\/pauvrete\/\">Pauvret\u00e9 <\/a><\/strong><\/h3>\n\n\n<div class=\"wp-block-image\">\n<figure class=\"alignright size-large is-resized\"><img loading=\"lazy\" decoding=\"async\" width=\"1000\" height=\"667\" src=\"https:\/\/www.humanium.org\/fr\/wp-content\/uploads\/2020\/02\/shutterstock_412889875.jpg\" alt=\"\" class=\"wp-image-46329\" style=\"width:335px;height:223px\" srcset=\"https:\/\/www.humanium.org\/fr\/wp-content\/uploads\/2020\/02\/shutterstock_412889875.jpg 1000w, https:\/\/www.humanium.org\/fr\/wp-content\/uploads\/2020\/02\/shutterstock_412889875-300x200.jpg 300w, https:\/\/www.humanium.org\/fr\/wp-content\/uploads\/2020\/02\/shutterstock_412889875-768x512.jpg 768w, https:\/\/www.humanium.org\/fr\/wp-content\/uploads\/2020\/02\/shutterstock_412889875-830x554.jpg 830w, https:\/\/www.humanium.org\/fr\/wp-content\/uploads\/2020\/02\/shutterstock_412889875-230x153.jpg 230w, https:\/\/www.humanium.org\/fr\/wp-content\/uploads\/2020\/02\/shutterstock_412889875-350x233.jpg 350w, https:\/\/www.humanium.org\/fr\/wp-content\/uploads\/2020\/02\/shutterstock_412889875-480x320.jpg 480w, https:\/\/www.humanium.org\/fr\/wp-content\/uploads\/2020\/02\/shutterstock_412889875-272x182.jpg 272w\" sizes=\"auto, (max-width: 1000px) 100vw, 1000px\" \/><\/figure>\n<\/div>\n\n\n<p class=\"wp-block-paragraph\">Selon les statistiques nationales, la pauvret\u00e9 extr\u00eame est pratiquement inexistante en Turquie. Cependant, de nombreux enfants vivent dans une relative pauvret\u00e9. Les personnes dont le revenu est inf\u00e9rieur \u00e0 une somme d\u00e9termin\u00e9e par rapport au revenu de la population g\u00e9n\u00e9rale, sont consid\u00e9r\u00e9s comme \u00e9tant pauvres dans un sens relatif. Le taux de risque de pauvret\u00e9 est de 13, 9 % (il s\u2019agit des m\u00e9nages dont le revenu est inf\u00e9rieur de plus de 50% par rapport au revenu moyen des m\u00e9nages dans le pays) et doit \u00eatre r\u00e9duit pour \u00e9viter des cons\u00e9quences pr\u00e9judiciables \u00e0 la qualit\u00e9 de vie des enfants. <\/p>\n\n\n\n<h3 class=\"wp-block-heading\"><strong>In\u00e9galit\u00e9 entre les sexes et <a href=\"https:\/\/www.humanium.org\/fr\/mariage-enfants\/\">mariages d\u2019enfants <\/a><\/strong><\/h3>\n\n\n\n<p class=\"wp-block-paragraph\">L&rsquo;in\u00e9galit\u00e9 entre les sexes est une\nprobl\u00e9matique importante dans la population turque. Cette in\u00e9galit\u00e9 est surtout\nmarqu\u00e9e dans l\u2019acc\u00e8s \u00e0 l&#8217;emploi, mais concerne \u00e9galement les enfants. Les\ndonn\u00e9es les plus r\u00e9centes de TurkStat montrent que 34 % des jeunes femmes n&rsquo;ont\npas d&#8217;emploi, d&rsquo;\u00e9ducation ou de formation, contre 14,6 % des jeunes hommes.\nBien que les taux nets d&rsquo;inscription dans l\u2019enseignement sup\u00e9rieur soient plus\n\u00e9lev\u00e9s chez les filles que chez les gar\u00e7ons dans de nombreuses provinces,\nl&rsquo;\u00e9cart entre les sexes en faveur des gar\u00e7ons s&rsquo;est maintenu dans les r\u00e9gions\nde l&rsquo;Est et du Centre. Dans certains cas, les filles se voient attribuer d\u00e8s\nleur plus jeune \u00e2ge des r\u00f4les de genre, dont la responsabilit\u00e9 des t\u00e2ches\nm\u00e9nag\u00e8res et les soins aux jeunes enfants. Elles font \u00e9galement face \u00e0 plus de restrictions\nque les gar\u00e7ons concernant leurs choix ou leur participation \u00e0 certaines\nactivit\u00e9s.<\/p>\n\n\n\n<p class=\"wp-block-paragraph\">En raison de ces expectatives et de ces\nlimitations, certaines filles sont contraintes de se marier \u00e0 un \u00e2ge tr\u00e8s\npr\u00e9coce et de devenir mamans alors qu\u2019elles sont encore tr\u00e8s jeunes. Cette\nprobl\u00e9matique advient principalement dans les zones rurales du pays, ce qui\nconstitue un risque suppl\u00e9mentaire puisque la voix des filles y est moins\n\u00e9cout\u00e9e que dans le reste du pays. <\/p>\n\n\n\n<h3 class=\"wp-block-heading\"><strong><a href=\"https:\/\/www.humanium.org\/fr\/exploitation-sexuelle-enfants\/\">Maltraitance des enfants <\/a><\/strong><\/h3>\n\n\n\n<p class=\"wp-block-paragraph\"><a href=\"https:\/\/www.humanium.org\/fr\/la-maltraitance-des-enfants\/\">Les mauvais traitements<\/a> inflig\u00e9s aux enfants en Turquie demeurent un probl\u00e8me. La violence peut prendre diverses formes : physique, psychologique ou sexuelle. Les abus sexuels continuent de repr\u00e9senter un danger pour les enfants. Au cours des ann\u00e9es 2007 \u00e0 2017, le nombre d\u2019affaires li\u00e9es \u00e0 des cas d\u2019abus sexuels commis sur des enfants, que les tribunaux turcs ont trait\u00e9, a quadrupl\u00e9, selon les chiffres fournis par le Minist\u00e8re de la justice. <\/p>\n\n\n\n<p class=\"wp-block-paragraph\">Des crimes d\u2019honneur sont \u00e9galement\ncommis, qui visent \u00e0 pr\u00e9server l\u2019honneur de la famille en punissant ou m\u00eame en\ntuant des filles. Comme le New York Times l\u2019a mentionn\u00e9 en mai 2017, il est\ndifficile de trouver des donn\u00e9es exactes et r\u00e9centes sur les crimes d\u2019honneur\nen Turquie, mais on sait que des crimes de cette sorte ont eu lieu au cours des\nann\u00e9es pr\u00e9c\u00e9dentes. <\/p>\n\n\n\n<p class=\"wp-block-paragraph\">Pour les aider \u00e0 faire face aux cons\u00e9quences\nde la violence, les enfants, accompagn\u00e9s de leurs m\u00e8res, peuvent b\u00e9n\u00e9ficier\nd\u2019un soutien financier et juridique, de soins de sant\u00e9 et de conseils psychologiques\ndans des services sp\u00e9cialis\u00e9s. Il existe une ligne d\u2019assistance t\u00e9l\u00e9phonique\njoignable \u00e0 tout moment pour les enfants \u00e0 risque de violence. Il existe\n\u00e9galement pr\u00e8s de 60 centres de conseils pour femmes, offrant des conseils et\ndu soutien aux victimes d\u2019abus.&nbsp; <\/p>\n\n\n\n<h2 class=\"wp-block-heading\"><strong>Travail des enfants <\/strong><\/h2>\n\n\n\n<p class=\"wp-block-paragraph\">Avec l&rsquo;aide d&rsquo;un programme de l&rsquo;Organisation internationale du travail pour l\u2019abolition du travail des enfants, la Turquie a fait beaucoup de progr\u00e8s \u00e0 cet \u00e9gard.&nbsp; On estime qu\u2019actuellement 2,6 % des enfants turcs travaillent. <\/p>\n\n\n<div class=\"wp-block-image\">\n<figure class=\"alignleft size-large is-resized\"><img loading=\"lazy\" decoding=\"async\" width=\"1024\" height=\"683\" src=\"https:\/\/www.humanium.org\/fr\/wp-content\/uploads\/2020\/02\/shutterstock_1081734284-1024x683.jpg\" alt=\"\" class=\"wp-image-46330\" style=\"width:392px;height:261px\" srcset=\"https:\/\/www.humanium.org\/fr\/wp-content\/uploads\/2020\/02\/shutterstock_1081734284-1024x683.jpg 1024w, https:\/\/www.humanium.org\/fr\/wp-content\/uploads\/2020\/02\/shutterstock_1081734284-300x200.jpg 300w, https:\/\/www.humanium.org\/fr\/wp-content\/uploads\/2020\/02\/shutterstock_1081734284-768x512.jpg 768w, https:\/\/www.humanium.org\/fr\/wp-content\/uploads\/2020\/02\/shutterstock_1081734284-1536x1024.jpg 1536w, https:\/\/www.humanium.org\/fr\/wp-content\/uploads\/2020\/02\/shutterstock_1081734284-2048x1365.jpg 2048w, https:\/\/www.humanium.org\/fr\/wp-content\/uploads\/2020\/02\/shutterstock_1081734284-830x553.jpg 830w, https:\/\/www.humanium.org\/fr\/wp-content\/uploads\/2020\/02\/shutterstock_1081734284-230x153.jpg 230w, https:\/\/www.humanium.org\/fr\/wp-content\/uploads\/2020\/02\/shutterstock_1081734284-350x233.jpg 350w, https:\/\/www.humanium.org\/fr\/wp-content\/uploads\/2020\/02\/shutterstock_1081734284-480x320.jpg 480w, https:\/\/www.humanium.org\/fr\/wp-content\/uploads\/2020\/02\/shutterstock_1081734284-272x182.jpg 272w\" sizes=\"auto, (max-width: 1024px) 100vw, 1024px\" \/><\/figure>\n<\/div>\n\n\n<p class=\"wp-block-paragraph\"><a href=\"https:\/\/www.humanium.org\/fr\/travail-des-enfants\/\">Le travail des enfants<\/a> est interdit par la loi en Turquie. Bien que le travail infantile existe dans le pays, l\u2019\u00e2ge l\u00e9gal pour travailler est r\u00e9glement\u00e9 \u00e0 15 ans. Afin de prot\u00e9ger la vie et la sant\u00e9 de ces enfants, le travail des enfants doit \u00eatre compl\u00e8tement interdit. En outre, les enfants qui travaillent dans les ateliers de r\u00e9paration, les ateliers de menuiserie, ou sur les chantiers de construction, respirent la poussi\u00e8re, la salet\u00e9, la fum\u00e9e et un certain nombre de produits chimiques nocifs. Les cons\u00e9quences pour leur sant\u00e9 sont d\u00e9plorables et les rendent vuln\u00e9rables \u00e0 de nombreuses maladies.<\/p>\n\n\n\n<h3 class=\"wp-block-heading\"><strong>Trafic d&rsquo;enfants<\/strong><\/h3>\n\n\n\n<p class=\"wp-block-paragraph\">L&rsquo;exploitation sexuelle des enfants \u00e0 des fins commerciales reste r\u00e9pandue en Turquie.&nbsp; L&rsquo;\u00e2ge minimum du consentement est de 15 ans, ce qui signifie que toute personne ayant des relations avec une fille plus jeune doit \u00eatre puni d\u2019emprisonnement. Cependant, certaines jeunes filles sont forc\u00e9es par des trafiquants ou par la pauvret\u00e9 \u00e0 se soumettre \u00e0 cette <a href=\"https:\/\/www.humanium.org\/fr\/exploitation-sexuelle-enfants\/\">exploitation<\/a>.<\/p>\n\n\n\n<p class=\"wp-block-paragraph\">Une autre forme d&rsquo;exploitation en Turquie est l&rsquo;achat et la vente d&rsquo;organes humains. En raison de leur valeur mon\u00e9taire \u00e9lev\u00e9e, certains <a href=\"https:\/\/www.humanium.org\/fr\/trafic-enfants\/\">trafiquants <\/a>n&rsquo;h\u00e9sitent pas \u00e0 enlever des enfants afin de leur pr\u00e9lever un organe pour le vendre \u00e0 des acheteurs int\u00e9ress\u00e9s. Le danger pour les enfants est tr\u00e8s grand et des mesures urgentes doivent \u00eatre prises pour r\u00e9pondre \u00e0 ce risque et maintenir la sant\u00e9 et de la qualit\u00e9 de vie des enfants en Turquie.<\/p>\n\n\n\n<p class=\"wp-block-paragraph\"> <strong><em>R\u00e9dig\u00e9 par : Yagmur Ozturk<\/em><\/strong> <\/p>\n\n\n\n<p class=\"wp-block-paragraph\"><em><strong> Relu par&nbsp;:  Gulbahar Ibis  <\/strong><\/em><\/p>\n\n\n\n<p class=\"wp-block-paragraph\"><strong><em>Derni\u00e8re mise \u00e0 jour le 2 f\u00e9vrier 2020<\/em><\/strong><\/p>\n\n\n\n<h3 class=\"wp-block-heading\">R\u00e9f\u00e9rences:<\/h3>\n\n\n\n<p class=\"has-small-font-size wp-block-paragraph\"><a href=\"http:\/\/www.columbia.edu\/~sss31\/Turkiye\/gov-system.html\" target=\"_blank\" rel=\"noreferrer noopener\" aria-label=\" (opens in a new tab)\">Turkey at a Glance. (n.d.)<\/a>.<\/p>\n\n\n\n<p class=\"has-small-font-size wp-block-paragraph\"><a href=\"https:\/\/www.worldbank.org\/en\/country\/turkey\/publication\/supply-and-demand-child-care-services-turkey-a-mixed-methods-study\" target=\"_blank\" rel=\"noreferrer noopener\" aria-label=\" (opens in a new tab)\">Supply and Demand for Child Care Services in Turkey: A Mixed Methods Study. (n.d.)<\/a>.<\/p>\n\n\n\n<p class=\"has-small-font-size wp-block-paragraph\">Country Information and Guidance &#8211; Turkey: Women fearing gender-based violence. (2018, May). <\/p>\n\n\n\n<p class=\"has-small-font-size wp-block-paragraph\">OECD Reviews of Health Care Quality:\nTurkey 2014. (2014). <em>OECD Reviews of\nHealth Care Quality<\/em>. doi: 10.1787\/9789264202054-en <\/p>\n\n\n\n<p class=\"has-small-font-size wp-block-paragraph\">Cullu, F., &amp; Vural, M. (2016). An\nOverview on Child Health Care in Turkey. <em>The\nJournal of Pediatrics<\/em>, <em>177<\/em>. doi:\n10.1016\/j.jpeds.2016.04.057<\/p>\n\n\n\n<p class=\"has-small-font-size wp-block-paragraph\"><a href=\"https:\/\/www.dol.gov\/agencies\/ilab\/resources\/reports\/child-labor\/turkey\" target=\"_blank\" rel=\"noreferrer noopener\" aria-label=\" (opens in a new tab)\">Bureau of International Labor Affairs. (2018). 2018 Findings on the Worst Forms of Child Labor: Turkey.<\/a><\/p>\n\n\n\n<p class=\"has-small-font-size wp-block-paragraph\"><a href=\"https:\/\/dhsprogram.com\/pubs\/pdf\/FR352\/FR352.pdf\" target=\"_blank\" rel=\"noreferrer noopener\" aria-label=\" (opens in a new tab)\">Hacettepe University Institute of Population Studies, T.R. Ministry of Development, T.R. Ministry of Health, and ICF. (2014). Turkey Demographic and Health Survey 2013. Ankara, Turkey: Hacettepe University Institute of Population Studies, Ministry of Health, Ministry of Development.<\/a><\/p>\n\n\n\n<p class=\"has-small-font-size wp-block-paragraph\"><a href=\"https:\/\/www.unicef.org\/about\/annualreport\/files\/Turkey_2018_COAR.pdf\" target=\"_blank\" rel=\"noreferrer noopener\" aria-label=\" (opens in a new tab)\">UNICEF. (n.d.). Country Office Annual Report 2018 Turkey.<\/a><\/p>\n\n\n\n<p class=\"has-small-font-size wp-block-paragraph\">Republic of Turkey Ministry of Family and Social Policy, &amp; The World Bank. (2017). Turkey\u2019s Integrated Social Assistance System.<\/p>\n\n\n\n<p class=\"has-small-font-size wp-block-paragraph\"><a href=\"http:\/\/www.turkstat.gov.tr\/UstMenu.do?metod=temelist\">TurkStat. (<\/a><a href=\"http:\/\/www.turkstat.gov.tr\/UstMenu.do?metod=temelist\" target=\"_blank\" rel=\"noreferrer noopener\" aria-label=\"n (opens in a new tab)\">n<\/a><a href=\"http:\/\/www.turkstat.gov.tr\/UstMenu.do?metod=temelist\">.d.)<\/a>. <\/p>\n","protected":false},"excerpt":{"rendered":"<p>Concr\u00e9tiser les droits de l&rsquo;enfant en Turquie Riche en ressources naturelles et humaines, l\u2019\u00e9conomie turque est assez dynamique. Toutefois, celle-ci ne b\u00e9n\u00e9ficie pas \u00e0 toute la population, dont une partie doit affronter la pauvret\u00e9. Certains enfants ne peuvent donc jouir de tous leurs droits, tels qu\u2019ils sont proclam\u00e9s dans la Convention Internationale des Droits de [&hellip;]<\/p>\n","protected":false},"author":65,"featured_media":0,"parent":0,"menu_order":0,"comment_status":"closed","ping_status":"closed","template":"","meta":{"footnotes":""},"class_list":["post-13548","page","type-page","status-publish","hentry"],"yoast_head":"<!-- This site is optimized with the Yoast SEO plugin v28.3 - https:\/\/yoast.com\/product\/yoast-seo-wordpress\/ -->\n<title>Enfants de Turquie - Humanium<\/title>\n<meta name=\"description\" content=\"\u00c0 cause de la pauvret\u00e9 en Turquie, certains enfants ne peuvent pas jouir de tous leurs droits, tels qu\u2019ils sont proclam\u00e9s dans la CIDE.\" \/>\n<meta name=\"robots\" content=\"index, follow, max-snippet:-1, max-image-preview:large, max-video-preview:-1\" \/>\n<link rel=\"canonical\" href=\"https:\/\/www.humanium.org\/fr\/turquie\/\" \/>\n<meta property=\"og:locale\" content=\"fr_FR\" \/>\n<meta property=\"og:type\" content=\"article\" \/>\n<meta property=\"og:title\" content=\"Enfants de Turquie - Humanium\" \/>\n<meta property=\"og:description\" content=\"\u00c0 cause de la pauvret\u00e9 en Turquie, certains enfants ne peuvent pas jouir de tous leurs droits, tels qu\u2019ils sont proclam\u00e9s dans la CIDE.\" \/>\n<meta property=\"og:url\" content=\"https:\/\/www.humanium.org\/fr\/turquie\/\" \/>\n<meta property=\"og:site_name\" content=\"Humanium\" \/>\n<meta property=\"article:modified_time\" content=\"2025-12-06T06:17:06+00:00\" \/>\n<meta property=\"og:image\" content=\"https:\/\/www.humanium.org\/fr\/wp-content\/uploads\/2020\/02\/fillette-fikirbaz-turquie.jpg\" \/>\n\t<meta property=\"og:image:width\" content=\"184\" \/>\n\t<meta property=\"og:image:height\" content=\"200\" \/>\n\t<meta property=\"og:image:type\" content=\"image\/jpeg\" \/>\n<meta name=\"twitter:card\" content=\"summary_large_image\" \/>\n<meta name=\"twitter:label1\" content=\"Dur\u00e9e de lecture estim\u00e9e\" \/>\n\t<meta name=\"twitter:data1\" content=\"17 minutes\" \/>\n<script type=\"application\/ld+json\" class=\"yoast-schema-graph\">{\"@context\":\"https:\\\/\\\/schema.org\",\"@graph\":[{\"@type\":\"WebPage\",\"@id\":\"https:\\\/\\\/www.humanium.org\\\/fr\\\/turquie\\\/\",\"url\":\"https:\\\/\\\/www.humanium.org\\\/fr\\\/turquie\\\/\",\"name\":\"Enfants de Turquie - Humanium\",\"isPartOf\":{\"@id\":\"https:\\\/\\\/www.humanium.org\\\/fr\\\/#website\"},\"primaryImageOfPage\":{\"@id\":\"https:\\\/\\\/www.humanium.org\\\/fr\\\/turquie\\\/#primaryimage\"},\"image\":{\"@id\":\"https:\\\/\\\/www.humanium.org\\\/fr\\\/turquie\\\/#primaryimage\"},\"thumbnailUrl\":\"https:\\\/\\\/www.humanium.org\\\/fr\\\/wp-content\\\/uploads\\\/2020\\\/02\\\/fillette-fikirbaz-turquie.jpg\",\"datePublished\":\"2011-11-06T18:00:52+00:00\",\"dateModified\":\"2025-12-06T06:17:06+00:00\",\"description\":\"\u00c0 cause de la pauvret\u00e9 en Turquie, certains enfants ne peuvent pas jouir de tous leurs droits, tels qu\u2019ils sont proclam\u00e9s dans la CIDE.\",\"breadcrumb\":{\"@id\":\"https:\\\/\\\/www.humanium.org\\\/fr\\\/turquie\\\/#breadcrumb\"},\"inLanguage\":\"fr-FR\",\"potentialAction\":[{\"@type\":\"ReadAction\",\"target\":[\"https:\\\/\\\/www.humanium.org\\\/fr\\\/turquie\\\/\"]}]},{\"@type\":\"ImageObject\",\"inLanguage\":\"fr-FR\",\"@id\":\"https:\\\/\\\/www.humanium.org\\\/fr\\\/turquie\\\/#primaryimage\",\"url\":\"https:\\\/\\\/www.humanium.org\\\/fr\\\/wp-content\\\/uploads\\\/2020\\\/02\\\/fillette-fikirbaz-turquie.jpg\",\"contentUrl\":\"https:\\\/\\\/www.humanium.org\\\/fr\\\/wp-content\\\/uploads\\\/2020\\\/02\\\/fillette-fikirbaz-turquie.jpg\",\"width\":184,\"height\":200},{\"@type\":\"BreadcrumbList\",\"@id\":\"https:\\\/\\\/www.humanium.org\\\/fr\\\/turquie\\\/#breadcrumb\",\"itemListElement\":[{\"@type\":\"ListItem\",\"position\":1,\"name\":\"Home\",\"item\":\"https:\\\/\\\/www.humanium.org\\\/fr\\\/\"},{\"@type\":\"ListItem\",\"position\":2,\"name\":\"Enfants de Turquie\"}]},{\"@type\":\"WebSite\",\"@id\":\"https:\\\/\\\/www.humanium.org\\\/fr\\\/#website\",\"url\":\"https:\\\/\\\/www.humanium.org\\\/fr\\\/\",\"name\":\"Humanium\",\"description\":\"Les enfants d\u2019abord !\",\"potentialAction\":[{\"@type\":\"SearchAction\",\"target\":{\"@type\":\"EntryPoint\",\"urlTemplate\":\"https:\\\/\\\/www.humanium.org\\\/fr\\\/?s={search_term_string}\"},\"query-input\":{\"@type\":\"PropertyValueSpecification\",\"valueRequired\":true,\"valueName\":\"search_term_string\"}}],\"inLanguage\":\"fr-FR\"}]}<\/script>\n<!-- \/ Yoast SEO plugin. -->","yoast_head_json":{"title":"Enfants de Turquie - Humanium","description":"\u00c0 cause de la pauvret\u00e9 en Turquie, certains enfants ne peuvent pas jouir de tous leurs droits, tels qu\u2019ils sont proclam\u00e9s dans la CIDE.","robots":{"index":"index","follow":"follow","max-snippet":"max-snippet:-1","max-image-preview":"max-image-preview:large","max-video-preview":"max-video-preview:-1"},"canonical":"https:\/\/www.humanium.org\/fr\/turquie\/","og_locale":"fr_FR","og_type":"article","og_title":"Enfants de Turquie - Humanium","og_description":"\u00c0 cause de la pauvret\u00e9 en Turquie, certains enfants ne peuvent pas jouir de tous leurs droits, tels qu\u2019ils sont proclam\u00e9s dans la CIDE.","og_url":"https:\/\/www.humanium.org\/fr\/turquie\/","og_site_name":"Humanium","article_modified_time":"2025-12-06T06:17:06+00:00","og_image":[{"width":184,"height":200,"url":"https:\/\/www.humanium.org\/fr\/wp-content\/uploads\/2020\/02\/fillette-fikirbaz-turquie.jpg","type":"image\/jpeg"}],"twitter_card":"summary_large_image","twitter_misc":{"Dur\u00e9e de lecture estim\u00e9e":"17 minutes"},"schema":{"@context":"https:\/\/schema.org","@graph":[{"@type":"WebPage","@id":"https:\/\/www.humanium.org\/fr\/turquie\/","url":"https:\/\/www.humanium.org\/fr\/turquie\/","name":"Enfants de Turquie - Humanium","isPartOf":{"@id":"https:\/\/www.humanium.org\/fr\/#website"},"primaryImageOfPage":{"@id":"https:\/\/www.humanium.org\/fr\/turquie\/#primaryimage"},"image":{"@id":"https:\/\/www.humanium.org\/fr\/turquie\/#primaryimage"},"thumbnailUrl":"https:\/\/www.humanium.org\/fr\/wp-content\/uploads\/2020\/02\/fillette-fikirbaz-turquie.jpg","datePublished":"2011-11-06T18:00:52+00:00","dateModified":"2025-12-06T06:17:06+00:00","description":"\u00c0 cause de la pauvret\u00e9 en Turquie, certains enfants ne peuvent pas jouir de tous leurs droits, tels qu\u2019ils sont proclam\u00e9s dans la CIDE.","breadcrumb":{"@id":"https:\/\/www.humanium.org\/fr\/turquie\/#breadcrumb"},"inLanguage":"fr-FR","potentialAction":[{"@type":"ReadAction","target":["https:\/\/www.humanium.org\/fr\/turquie\/"]}]},{"@type":"ImageObject","inLanguage":"fr-FR","@id":"https:\/\/www.humanium.org\/fr\/turquie\/#primaryimage","url":"https:\/\/www.humanium.org\/fr\/wp-content\/uploads\/2020\/02\/fillette-fikirbaz-turquie.jpg","contentUrl":"https:\/\/www.humanium.org\/fr\/wp-content\/uploads\/2020\/02\/fillette-fikirbaz-turquie.jpg","width":184,"height":200},{"@type":"BreadcrumbList","@id":"https:\/\/www.humanium.org\/fr\/turquie\/#breadcrumb","itemListElement":[{"@type":"ListItem","position":1,"name":"Home","item":"https:\/\/www.humanium.org\/fr\/"},{"@type":"ListItem","position":2,"name":"Enfants de Turquie"}]},{"@type":"WebSite","@id":"https:\/\/www.humanium.org\/fr\/#website","url":"https:\/\/www.humanium.org\/fr\/","name":"Humanium","description":"Les enfants d\u2019abord !","potentialAction":[{"@type":"SearchAction","target":{"@type":"EntryPoint","urlTemplate":"https:\/\/www.humanium.org\/fr\/?s={search_term_string}"},"query-input":{"@type":"PropertyValueSpecification","valueRequired":true,"valueName":"search_term_string"}}],"inLanguage":"fr-FR"}]}},"_links":{"self":[{"href":"https:\/\/www.humanium.org\/fr\/wp-json\/wp\/v2\/pages\/13548","targetHints":{"allow":["GET"]}}],"collection":[{"href":"https:\/\/www.humanium.org\/fr\/wp-json\/wp\/v2\/pages"}],"about":[{"href":"https:\/\/www.humanium.org\/fr\/wp-json\/wp\/v2\/types\/page"}],"author":[{"embeddable":true,"href":"https:\/\/www.humanium.org\/fr\/wp-json\/wp\/v2\/users\/65"}],"replies":[{"embeddable":true,"href":"https:\/\/www.humanium.org\/fr\/wp-json\/wp\/v2\/comments?post=13548"}],"version-history":[{"count":30,"href":"https:\/\/www.humanium.org\/fr\/wp-json\/wp\/v2\/pages\/13548\/revisions"}],"predecessor-version":[{"id":60224,"href":"https:\/\/www.humanium.org\/fr\/wp-json\/wp\/v2\/pages\/13548\/revisions\/60224"}],"wp:attachment":[{"href":"https:\/\/www.humanium.org\/fr\/wp-json\/wp\/v2\/media?parent=13548"}],"curies":[{"name":"wp","href":"https:\/\/api.w.org\/{rel}","templated":true}]}}