{"id":1363,"date":"2010-07-07T16:06:57","date_gmt":"2010-07-07T16:06:57","guid":{"rendered":"http:\/\/www.humanium.org\/fr\/"},"modified":"2017-07-06T09:21:58","modified_gmt":"2017-07-06T09:21:58","slug":"texte-integral-declaration-droits-enfant-1959","status":"publish","type":"page","link":"https:\/\/www.humanium.org\/fr\/normes\/declaration-1959\/texte-integral-declaration-droits-enfant-1959\/","title":{"rendered":"D\u00e9claration des Droits de l&rsquo;Enfant du 20 Novembre 1959 &#8211; Texte int\u00e9gral"},"content":{"rendered":"<h2 style=\"text-align: left;\"><span style=\"color: #800000;\"><a href=\"https:\/\/www.humanium.org\/fr\/wp-content\/uploads\/declaration-droits-enfant-1959.odt\" target=\"_blank\"><img loading=\"lazy\" decoding=\"async\" class=\"alignright size-full wp-image-972\" title=\"ODT\" src=\"https:\/\/www.humanium.org\/fr\/wp-content\/uploads\/logo-odt.gif\" alt=\"\" width=\"28\" height=\"24\" \/><\/a><a href=\"https:\/\/www.humanium.org\/fr\/wp-content\/uploads\/declaration-droits-enfant-1959.docx\" target=\"_blank\"><img loading=\"lazy\" decoding=\"async\" class=\"alignright size-full wp-image-974\" title=\"WORD\" src=\"https:\/\/www.humanium.org\/fr\/wp-content\/uploads\/logo-word.gif\" alt=\"\" width=\"24\" height=\"24\" \/><\/a><a href=\"https:\/\/www.humanium.org\/fr\/wp-content\/uploads\/declaration-droits-enfant-1959.pdf\" target=\"_blank\"><img loading=\"lazy\" decoding=\"async\" class=\"alignright size-full wp-image-973\" title=\"PDF\" src=\"https:\/\/www.humanium.org\/fr\/wp-content\/uploads\/logo-pdf.gif\" alt=\"\" width=\"24\" height=\"24\" \/><\/a><\/span><span style=\"color: #800000;\">D\u00e9claration des Droits de l&rsquo;Enfant<\/span><\/h2>\n<h3 style=\"text-align: left;\"><span style=\"color: #800000;\">20 Novembre 1959 (texte int\u00e9gral)<br \/>\n<\/span><\/h3>\n<h2 style=\"text-align: left;\"><span style=\"color: #003366;\">Pr\u00e9ambule<\/span><\/h2>\n<p style=\"text-align: left;\">Consid\u00e9rant que, dans la Charte, les peuples des Nations unies ont proclam\u00e9 \u00e0 nouveau leur foi dans les droits fondamentaux de l&rsquo;homme et dans la dignit\u00e9 et la valeur de la personne humaine, et qu&rsquo;ils se sont d\u00e9clar\u00e9s r\u00e9solus \u00e0 favoriser le progr\u00e8s social et \u00e0 instaurer de meilleures conditions de vie dans une libert\u00e9 plus grande,<\/p>\n<p style=\"text-align: left;\">Consid\u00e9rant que, dans la D\u00e9claration universelle des droits de l&rsquo;homme, les Nations unies ont proclam\u00e9 que chacun peut se pr\u00e9valoir de tous les droits et de toutes les libert\u00e9s qui y sont \u00e9nonc\u00e9s, sans distinction aucune, notamment de race, de couleur, de sexe, de langue, de religion, d&rsquo;opinion politique ou de toute autre opinion, d&rsquo;origine nationale ou sociale, de fortune, de naissance ou de toute autre situation,<\/p>\n<p style=\"text-align: left;\">Consid\u00e9rant que l&rsquo;enfant, en raison de son manque de maturit\u00e9 physique et intellectuelle, a besoin d&rsquo;une protection sp\u00e9ciale et de soins sp\u00e9ciaux, notamment d&rsquo;une protection juridique appropri\u00e9e, avant comme apr\u00e8s la naissance,<\/p>\n<p style=\"text-align: left;\">Consid\u00e9rant que la n\u00e9cessit\u00e9 de cette protection sp\u00e9ciale a \u00e9t\u00e9 \u00e9nonc\u00e9e dans la D\u00e9claration de Gen\u00e8ve de 1924 sur les droits de l&rsquo;enfant et reconnue dans la D\u00e9claration universelle des droits de l&rsquo;homme ainsi que dans les statuts des institutions sp\u00e9cialis\u00e9es et des organisations internationales qui se consacrent au bien-\u00eatre de l&rsquo;enfance,<\/p>\n<p style=\"text-align: left;\">Consid\u00e9rant que l&rsquo;humanit\u00e9 se doit de donner \u00e0 l&rsquo;enfant le meilleur d&rsquo;elle-m\u00eame,<\/p>\n<p style=\"text-align: left;\">L&rsquo;Assembl\u00e9e g\u00e9n\u00e9rale<\/p>\n<p style=\"text-align: left;\">Proclame la pr\u00e9sente D\u00e9claration des droits de l&rsquo;enfant afin qu&rsquo;il ait une enfance heureuse et b\u00e9n\u00e9ficie, dans son int\u00e9r\u00eat comme dans l&rsquo;int\u00e9r\u00eat de la soci\u00e9t\u00e9, des droits et libert\u00e9s qui y sont \u00e9nonc\u00e9s; elle invite les parents, les hommes et les femmes \u00e0 titre individuel, ainsi que les organisations b\u00e9n\u00e9voles, les autorit\u00e9s locales et les gouvernements nationaux a reconna\u00eetre ces droits et \u00e0 s&rsquo;efforcer d&rsquo;en assurer le respect au moyen de mesures l\u00e9gislatives et autres adopt\u00e9es progressivement en application des principes suivants :<\/p>\n<h3 style=\"text-align: left;\"><span style=\"color: #003366;\"><strong>Principe premier :<\/strong><\/span><\/h3>\n<p style=\"text-align: left;\">L&rsquo;enfant doit jouir de tous les droits \u00e9nonc\u00e9s dans la pr\u00e9sente D\u00e9claration. Ces droits doivent \u00eatre reconnus \u00e0 tous les enfants sans exception aucune, et sans distinction ou discrimination fond\u00e9es sur la race, la couleur, le sexe, la langue, la religion, l es opinions politiques ou autres, l&rsquo;origine nationale ou sociale, la fortune, la naissance, ou sur toute autre situation, que celle-ci s&rsquo;applique \u00e0 l&rsquo;enfant lui-m\u00eame ou \u00e0 sa famille.<\/p>\n<h3 style=\"text-align: left;\"><span style=\"color: #003366;\"><strong>Principe 2 :<\/strong><\/span><\/h3>\n<p style=\"text-align: left;\">L&rsquo;enfant doit b\u00e9n\u00e9ficier d&rsquo;une protection sp\u00e9ciale et se voir accorder des possibilit\u00e9s et des facilit\u00e9s par l&rsquo;effet de la loi et par d&rsquo;autres moyens, afin d&rsquo;\u00eatre en mesure de se d\u00e9velopper d&rsquo;une fa\u00e7on saine et normale sur le plan physique, intellectuel, moral, spirituel et social, dans des conditions de libert\u00e9 et de dignit\u00e9. Dans l&rsquo;adoption de lois \u00e0 cette fin, l&rsquo;int\u00e9r\u00eat sup\u00e9rieur de l&rsquo;enfant doit \u00eatre la consid\u00e9ration d\u00e9terminante.<\/p>\n<h3 style=\"text-align: left;\"><span style=\"color: #003366;\"><strong>Principe 3 :<\/strong><\/span><\/h3>\n<p style=\"text-align: left;\">L&rsquo;enfant a droit, d\u00e8s sa naissance, \u00e0 un nom et \u00e0 une nationalit\u00e9.<\/p>\n<h3 style=\"text-align: left;\"><span style=\"color: #003366;\"><strong>Principe 4 :<\/strong><\/span><\/h3>\n<p style=\"text-align: left;\">L&rsquo;enfant doit b\u00e9n\u00e9ficier de la s\u00e9curit\u00e9 sociale, il doit pouvoir grandir et se d\u00e9velopper d&rsquo;une fa\u00e7on saine; \u00e0 cette fin, une aide et une protection sp\u00e9ciales doivent lui \u00eatre assur\u00e9es ainsi qu&rsquo;\u00e0 sa m\u00e8re, notamment des soins pr\u00e9natals et postnatals ad\u00e9quats. L&rsquo;enfant a droit \u00e0 une alimentation, \u00e0 un logement, \u00e0 des loisirs et \u00e0 des soins m\u00e9dicaux ad\u00e9quats.<\/p>\n<h3 style=\"text-align: left;\"><span style=\"color: #003366;\"><strong>Principe 5 :<\/strong><\/span><\/h3>\n<p style=\"text-align: left;\">L&rsquo;enfant physiquement, mentalement ou socialement d\u00e9savantag\u00e9 doit recevoir le traitement, l&rsquo;\u00e9ducation et les soins sp\u00e9ciaux que n\u00e9cessite son \u00e9tat ou sa situation.<\/p>\n<h3 style=\"text-align: left;\"><span style=\"color: #003366;\"><strong>Principe 6 :<\/strong><\/span><\/h3>\n<p style=\"text-align: left;\">L&rsquo;enfant, pour l&rsquo;\u00e9panouissement harmonieux de sa personnalit\u00e9, a besoin d&rsquo;amour et de compr\u00e9hension. Il doit, autant que possible, grandir sous la sauvegarde et sous la responsabilit\u00e9 de ses parents et, en tout \u00e9tat de cause, dans une atmosph\u00e8re d&rsquo;affection et de s\u00e9curit\u00e9 morale et mat\u00e9rielle; l&rsquo;enfant en bas \u00e2ge ne doit pas, sauf circonstances exceptionnelles, \u00eatre s\u00e9par\u00e9 de sa m\u00e8re. La soci\u00e9t\u00e9 et les pouvoirs publics ont le devoir de prendre un soin particulier des enfants sans famille ou de ceux qui n&rsquo;ont pas de moyens d&rsquo;existence suffisants. Il est souhaitable que soient accord\u00e9es aux familles nombreuses des allocations de l&rsquo;\u00c9tat ou autres pour l&rsquo;entretien des enfants.<\/p>\n<h3 style=\"text-align: left;\"><span style=\"color: #003366;\"><strong>Principe 7 :<\/strong><\/span><\/h3>\n<p style=\"text-align: left;\">L&rsquo;enfant a droit \u00e0 une \u00e9ducation qui doit \u00eatre gratuite et obligatoire au moins aux niveaux \u00e9l\u00e9mentaires. Il doit b\u00e9n\u00e9ficier d&rsquo;une \u00e9ducation qui contribue \u00e0 sa culture g\u00e9n\u00e9rale et lui permette, dans des conditions d&rsquo;\u00e9galit\u00e9 de chances, de d\u00e9velopper ses facult\u00e9s, son jugement personnel et son sens des responsabilit\u00e9s morales et sociales, et de devenir un membre utile de la soci\u00e9t\u00e9.<\/p>\n<p style=\"text-align: left;\">L&rsquo;int\u00e9r\u00eat sup\u00e9rieur de l&rsquo;enfant doit \u00eatre le guide de ceux qui ont la responsabilit\u00e9 de son \u00e9ducation et de son orientation; cette responsabilit\u00e9 incombe en priorit\u00e9 \u00e0 ses parents.<\/p>\n<p style=\"text-align: left;\">L&rsquo;enfant doit avoir toutes possibilit\u00e9s de se livrer \u00e0 des jeux et \u00e0 des activit\u00e9s r\u00e9cr\u00e9atives, qui doivent \u00eatre orient\u00e9s vers les fins vis\u00e9es par l&rsquo;\u00e9ducation; la soci\u00e9t\u00e9 et les pouvoirs publics doivent s&rsquo;efforcer de favoriser la jouissance de ce droit.<\/p>\n<h3 style=\"text-align: left;\"><span style=\"color: #003366;\"><strong>Principe 8 :<\/strong><\/span><\/h3>\n<p style=\"text-align: left;\">L&rsquo;enfant doit, en toutes circonstances, \u00eatre parmi les premiers \u00e0 recevoir protection et secours.<\/p>\n<h3 style=\"text-align: left;\"><span style=\"color: #003366;\"><strong>Principe 9 :<\/strong><\/span><\/h3>\n<p style=\"text-align: left;\">L&rsquo;enfant doit \u00eatre prot\u00e9g\u00e9 contre toute forme de n\u00e9gligence, de cruaut\u00e9 et d&rsquo;exploitation, il ne doit pas \u00eatre soumis \u00e0 la traite, sous quelque forme que ce soit.<\/p>\n<p style=\"text-align: left;\">L&rsquo;enfant ne doit pas \u00eatre admis \u00e0 l&#8217;emploi avant d&rsquo;avoir atteint un \u00e2ge minimum appropri\u00e9; il ne doit en aucun cas \u00eatre astreint ou autoris\u00e9 \u00e0 prendre une occupation ou un emploi qui nuise \u00e0 sa sant\u00e9 ou \u00e0 son \u00e9ducation, ou qui entrave son d\u00e9veloppement physique, mental ou moral.<\/p>\n<h3 style=\"text-align: left;\"><span style=\"color: #003366;\"><strong>Principe 10 :<\/strong><\/span><\/h3>\n<p style=\"text-align: left;\">L&rsquo;enfant doit \u00eatre prot\u00e9g\u00e9 contre les pratiques qui peuvent pousser \u00e0 la discrimination raciale, \u00e0 la discrimination religieuse ou \u00e0 toute autre forme de discrimination. Il doit \u00eatre \u00e9lev\u00e9 dans un esprit de compr\u00e9hension, de tol\u00e9rance, d&rsquo;amiti\u00e9 entre les peuples, de paix et de fraternit\u00e9 universelle, et dans le sentiment qu&rsquo;il lui appartient de consacrer son \u00e9nergie et ses talents au service de ses semblables.<\/p>\n<div id=\"toggle\"><\/div>\n<div id=\"voir_aussi_box\" style=\"display: none;\">\n<ul>\n<li><a href=\"https:\/\/www.humanium.org\/fr\/normes\/declaration-1959\/\" target=\"_self\">Pr\u00e9sentation de la D\u00e9claration des Droits de l&rsquo;Enfant, 1959<\/a><\/li>\n<li><a href=\"https:\/\/www.humanium.org\/fr\/normes\/\" target=\"_self\">Normes de r\u00e9f\u00e9rence relatives aux Droits de l&rsquo;Enfant<\/a><\/li>\n<\/ul>\n<\/div>\n","protected":false},"excerpt":{"rendered":"<p>D\u00e9claration des Droits de l&rsquo;Enfant 20 Novembre 1959 (texte int\u00e9gral) Pr\u00e9ambule Consid\u00e9rant que, dans la Charte, les peuples des Nations unies ont proclam\u00e9 \u00e0 nouveau leur foi dans les droits fondamentaux de l&rsquo;homme et dans la dignit\u00e9 et la valeur de la personne humaine, et qu&rsquo;ils se sont d\u00e9clar\u00e9s r\u00e9solus \u00e0 favoriser le progr\u00e8s social [&hellip;]<\/p>\n","protected":false},"author":65,"featured_media":0,"parent":19469,"menu_order":0,"comment_status":"closed","ping_status":"closed","template":"","meta":{"footnotes":""},"class_list":["post-1363","page","type-page","status-publish","hentry"],"yoast_head":"<!-- This site is optimized with the Yoast SEO plugin v28.3 - https:\/\/yoast.com\/product\/yoast-seo-wordpress\/ -->\n<title>D\u00e9claration des Droits de l&#039;Enfant du 20 Novembre 1959 - Texte int\u00e9gral - Humanium<\/title>\n<meta name=\"robots\" content=\"index, follow, max-snippet:-1, max-image-preview:large, max-video-preview:-1\" \/>\n<link rel=\"canonical\" href=\"https:\/\/www.humanium.org\/fr\/normes\/declaration-1959\/texte-integral-declaration-droits-enfant-1959\/\" \/>\n<meta property=\"og:locale\" content=\"fr_FR\" \/>\n<meta property=\"og:type\" content=\"article\" \/>\n<meta property=\"og:title\" content=\"D\u00e9claration des Droits de l&#039;Enfant du 20 Novembre 1959 - Texte int\u00e9gral - Humanium\" \/>\n<meta property=\"og:description\" content=\"D\u00e9claration des Droits de l&rsquo;Enfant 20 Novembre 1959 (texte int\u00e9gral) Pr\u00e9ambule Consid\u00e9rant que, dans la Charte, les peuples des Nations unies ont proclam\u00e9 \u00e0 nouveau leur foi dans les droits fondamentaux de l&rsquo;homme et dans la dignit\u00e9 et la valeur de la personne humaine, et qu&rsquo;ils se sont d\u00e9clar\u00e9s r\u00e9solus \u00e0 favoriser le progr\u00e8s social [&hellip;]\" \/>\n<meta property=\"og:url\" content=\"https:\/\/www.humanium.org\/fr\/normes\/declaration-1959\/texte-integral-declaration-droits-enfant-1959\/\" \/>\n<meta property=\"og:site_name\" content=\"Humanium\" \/>\n<meta property=\"article:modified_time\" content=\"2017-07-06T09:21:58+00:00\" \/>\n<meta property=\"og:image\" content=\"https:\/\/www.humanium.org\/fr\/wp-content\/uploads\/logo-odt.gif\" \/>\n<meta name=\"twitter:card\" content=\"summary_large_image\" \/>\n<meta name=\"twitter:label1\" content=\"Dur\u00e9e de lecture estim\u00e9e\" \/>\n\t<meta name=\"twitter:data1\" content=\"5 minutes\" \/>\n<script type=\"application\/ld+json\" class=\"yoast-schema-graph\">{\"@context\":\"https:\\\/\\\/schema.org\",\"@graph\":[{\"@type\":\"WebPage\",\"@id\":\"https:\\\/\\\/www.humanium.org\\\/fr\\\/normes\\\/declaration-1959\\\/texte-integral-declaration-droits-enfant-1959\\\/\",\"url\":\"https:\\\/\\\/www.humanium.org\\\/fr\\\/normes\\\/declaration-1959\\\/texte-integral-declaration-droits-enfant-1959\\\/\",\"name\":\"D\u00e9claration des Droits de l'Enfant du 20 Novembre 1959 - Texte int\u00e9gral - Humanium\",\"isPartOf\":{\"@id\":\"https:\\\/\\\/www.humanium.org\\\/fr\\\/#website\"},\"primaryImageOfPage\":{\"@id\":\"https:\\\/\\\/www.humanium.org\\\/fr\\\/normes\\\/declaration-1959\\\/texte-integral-declaration-droits-enfant-1959\\\/#primaryimage\"},\"image\":{\"@id\":\"https:\\\/\\\/www.humanium.org\\\/fr\\\/normes\\\/declaration-1959\\\/texte-integral-declaration-droits-enfant-1959\\\/#primaryimage\"},\"thumbnailUrl\":\"https:\\\/\\\/www.humanium.org\\\/fr\\\/wp-content\\\/uploads\\\/logo-odt.gif\",\"datePublished\":\"2010-07-07T16:06:57+00:00\",\"dateModified\":\"2017-07-06T09:21:58+00:00\",\"breadcrumb\":{\"@id\":\"https:\\\/\\\/www.humanium.org\\\/fr\\\/normes\\\/declaration-1959\\\/texte-integral-declaration-droits-enfant-1959\\\/#breadcrumb\"},\"inLanguage\":\"fr-FR\",\"potentialAction\":[{\"@type\":\"ReadAction\",\"target\":[\"https:\\\/\\\/www.humanium.org\\\/fr\\\/normes\\\/declaration-1959\\\/texte-integral-declaration-droits-enfant-1959\\\/\"]}]},{\"@type\":\"ImageObject\",\"inLanguage\":\"fr-FR\",\"@id\":\"https:\\\/\\\/www.humanium.org\\\/fr\\\/normes\\\/declaration-1959\\\/texte-integral-declaration-droits-enfant-1959\\\/#primaryimage\",\"url\":\"https:\\\/\\\/www.humanium.org\\\/fr\\\/wp-content\\\/uploads\\\/logo-odt.gif\",\"contentUrl\":\"https:\\\/\\\/www.humanium.org\\\/fr\\\/wp-content\\\/uploads\\\/logo-odt.gif\"},{\"@type\":\"BreadcrumbList\",\"@id\":\"https:\\\/\\\/www.humanium.org\\\/fr\\\/normes\\\/declaration-1959\\\/texte-integral-declaration-droits-enfant-1959\\\/#breadcrumb\",\"itemListElement\":[{\"@type\":\"ListItem\",\"position\":1,\"name\":\"Home\",\"item\":\"https:\\\/\\\/www.humanium.org\\\/fr\\\/\"},{\"@type\":\"ListItem\",\"position\":2,\"name\":\"Normes de r\u00e9f\u00e9rence relatives aux Droits de l&rsquo;Enfant\",\"item\":\"https:\\\/\\\/www.humanium.org\\\/fr\\\/normes\\\/\"},{\"@type\":\"ListItem\",\"position\":3,\"name\":\"D\u00e9claration des droits de l&rsquo;enfant, 1959 : pr\u00e9sentation\",\"item\":\"https:\\\/\\\/www.humanium.org\\\/fr\\\/normes\\\/declaration-1959\\\/\"},{\"@type\":\"ListItem\",\"position\":4,\"name\":\"D\u00e9claration des Droits de l&rsquo;Enfant du 20 Novembre 1959 &#8211; Texte int\u00e9gral\"}]},{\"@type\":\"WebSite\",\"@id\":\"https:\\\/\\\/www.humanium.org\\\/fr\\\/#website\",\"url\":\"https:\\\/\\\/www.humanium.org\\\/fr\\\/\",\"name\":\"Humanium\",\"description\":\"Les enfants d\u2019abord !\",\"potentialAction\":[{\"@type\":\"SearchAction\",\"target\":{\"@type\":\"EntryPoint\",\"urlTemplate\":\"https:\\\/\\\/www.humanium.org\\\/fr\\\/?s={search_term_string}\"},\"query-input\":{\"@type\":\"PropertyValueSpecification\",\"valueRequired\":true,\"valueName\":\"search_term_string\"}}],\"inLanguage\":\"fr-FR\"}]}<\/script>\n<!-- \/ Yoast SEO plugin. -->","yoast_head_json":{"title":"D\u00e9claration des Droits de l'Enfant du 20 Novembre 1959 - Texte int\u00e9gral - Humanium","robots":{"index":"index","follow":"follow","max-snippet":"max-snippet:-1","max-image-preview":"max-image-preview:large","max-video-preview":"max-video-preview:-1"},"canonical":"https:\/\/www.humanium.org\/fr\/normes\/declaration-1959\/texte-integral-declaration-droits-enfant-1959\/","og_locale":"fr_FR","og_type":"article","og_title":"D\u00e9claration des Droits de l'Enfant du 20 Novembre 1959 - Texte int\u00e9gral - Humanium","og_description":"D\u00e9claration des Droits de l&rsquo;Enfant 20 Novembre 1959 (texte int\u00e9gral) Pr\u00e9ambule Consid\u00e9rant que, dans la Charte, les peuples des Nations unies ont proclam\u00e9 \u00e0 nouveau leur foi dans les droits fondamentaux de l&rsquo;homme et dans la dignit\u00e9 et la valeur de la personne humaine, et qu&rsquo;ils se sont d\u00e9clar\u00e9s r\u00e9solus \u00e0 favoriser le progr\u00e8s social [&hellip;]","og_url":"https:\/\/www.humanium.org\/fr\/normes\/declaration-1959\/texte-integral-declaration-droits-enfant-1959\/","og_site_name":"Humanium","article_modified_time":"2017-07-06T09:21:58+00:00","og_image":[{"url":"https:\/\/www.humanium.org\/fr\/wp-content\/uploads\/logo-odt.gif","type":"","width":"","height":""}],"twitter_card":"summary_large_image","twitter_misc":{"Dur\u00e9e de lecture estim\u00e9e":"5 minutes"},"schema":{"@context":"https:\/\/schema.org","@graph":[{"@type":"WebPage","@id":"https:\/\/www.humanium.org\/fr\/normes\/declaration-1959\/texte-integral-declaration-droits-enfant-1959\/","url":"https:\/\/www.humanium.org\/fr\/normes\/declaration-1959\/texte-integral-declaration-droits-enfant-1959\/","name":"D\u00e9claration des Droits de l'Enfant du 20 Novembre 1959 - Texte int\u00e9gral - Humanium","isPartOf":{"@id":"https:\/\/www.humanium.org\/fr\/#website"},"primaryImageOfPage":{"@id":"https:\/\/www.humanium.org\/fr\/normes\/declaration-1959\/texte-integral-declaration-droits-enfant-1959\/#primaryimage"},"image":{"@id":"https:\/\/www.humanium.org\/fr\/normes\/declaration-1959\/texte-integral-declaration-droits-enfant-1959\/#primaryimage"},"thumbnailUrl":"https:\/\/www.humanium.org\/fr\/wp-content\/uploads\/logo-odt.gif","datePublished":"2010-07-07T16:06:57+00:00","dateModified":"2017-07-06T09:21:58+00:00","breadcrumb":{"@id":"https:\/\/www.humanium.org\/fr\/normes\/declaration-1959\/texte-integral-declaration-droits-enfant-1959\/#breadcrumb"},"inLanguage":"fr-FR","potentialAction":[{"@type":"ReadAction","target":["https:\/\/www.humanium.org\/fr\/normes\/declaration-1959\/texte-integral-declaration-droits-enfant-1959\/"]}]},{"@type":"ImageObject","inLanguage":"fr-FR","@id":"https:\/\/www.humanium.org\/fr\/normes\/declaration-1959\/texte-integral-declaration-droits-enfant-1959\/#primaryimage","url":"https:\/\/www.humanium.org\/fr\/wp-content\/uploads\/logo-odt.gif","contentUrl":"https:\/\/www.humanium.org\/fr\/wp-content\/uploads\/logo-odt.gif"},{"@type":"BreadcrumbList","@id":"https:\/\/www.humanium.org\/fr\/normes\/declaration-1959\/texte-integral-declaration-droits-enfant-1959\/#breadcrumb","itemListElement":[{"@type":"ListItem","position":1,"name":"Home","item":"https:\/\/www.humanium.org\/fr\/"},{"@type":"ListItem","position":2,"name":"Normes de r\u00e9f\u00e9rence relatives aux Droits de l&rsquo;Enfant","item":"https:\/\/www.humanium.org\/fr\/normes\/"},{"@type":"ListItem","position":3,"name":"D\u00e9claration des droits de l&rsquo;enfant, 1959 : pr\u00e9sentation","item":"https:\/\/www.humanium.org\/fr\/normes\/declaration-1959\/"},{"@type":"ListItem","position":4,"name":"D\u00e9claration des Droits de l&rsquo;Enfant du 20 Novembre 1959 &#8211; Texte int\u00e9gral"}]},{"@type":"WebSite","@id":"https:\/\/www.humanium.org\/fr\/#website","url":"https:\/\/www.humanium.org\/fr\/","name":"Humanium","description":"Les enfants d\u2019abord !","potentialAction":[{"@type":"SearchAction","target":{"@type":"EntryPoint","urlTemplate":"https:\/\/www.humanium.org\/fr\/?s={search_term_string}"},"query-input":{"@type":"PropertyValueSpecification","valueRequired":true,"valueName":"search_term_string"}}],"inLanguage":"fr-FR"}]}},"_links":{"self":[{"href":"https:\/\/www.humanium.org\/fr\/wp-json\/wp\/v2\/pages\/1363","targetHints":{"allow":["GET"]}}],"collection":[{"href":"https:\/\/www.humanium.org\/fr\/wp-json\/wp\/v2\/pages"}],"about":[{"href":"https:\/\/www.humanium.org\/fr\/wp-json\/wp\/v2\/types\/page"}],"author":[{"embeddable":true,"href":"https:\/\/www.humanium.org\/fr\/wp-json\/wp\/v2\/users\/65"}],"replies":[{"embeddable":true,"href":"https:\/\/www.humanium.org\/fr\/wp-json\/wp\/v2\/comments?post=1363"}],"version-history":[{"count":1,"href":"https:\/\/www.humanium.org\/fr\/wp-json\/wp\/v2\/pages\/1363\/revisions"}],"predecessor-version":[{"id":39212,"href":"https:\/\/www.humanium.org\/fr\/wp-json\/wp\/v2\/pages\/1363\/revisions\/39212"}],"up":[{"embeddable":true,"href":"https:\/\/www.humanium.org\/fr\/wp-json\/wp\/v2\/pages\/19469"}],"wp:attachment":[{"href":"https:\/\/www.humanium.org\/fr\/wp-json\/wp\/v2\/media?parent=1363"}],"curies":[{"name":"wp","href":"https:\/\/api.w.org\/{rel}","templated":true}]}}