{"id":13689,"date":"2011-11-06T18:00:14","date_gmt":"2011-11-06T18:00:14","guid":{"rendered":"http:\/\/www.humanium.org\/fr\/?page_id=13689"},"modified":"2025-12-05T14:23:52","modified_gmt":"2025-12-05T14:23:52","slug":"coree-du-sud","status":"publish","type":"page","link":"https:\/\/www.humanium.org\/fr\/coree-du-sud\/","title":{"rendered":"Enfants de Cor\u00e9e du Sud"},"content":{"rendered":"<h1>Enfants de Cor\u00e9e du Sud<\/h1>\n<h2>Concr\u00e9tiser les droits de l&rsquo;enfant en Cor\u00e9e du Sud<\/h2>\n<p style=\"text-align: center;\"><img loading=\"lazy\" decoding=\"async\" class=\"alignnone size-full wp-image-13694\" title=\"Petite fille de Cor\u00e9e du Sud. \u00a9 Tomcensani (flickr)\" src=\"https:\/\/www.humanium.org\/fr\/wp-content\/uploads\/2011\/08\/coree-sud-fille-tomcensani-flickr.jpg\" alt=\"\" width=\"208\" height=\"200\" \/> <img loading=\"lazy\" decoding=\"async\" class=\"alignnone size-full wp-image-13695\" title=\"Petit gar\u00e7on de Cor\u00e9e du Sud. \u00a9 Hyello8 (flickr)\" src=\"https:\/\/www.humanium.org\/fr\/wp-content\/uploads\/2011\/08\/coree-sud-garcon-nyello8-flickr.jpg\" alt=\"\" width=\"153\" height=\"200\" \/><\/p>\n<p>La Cor\u00e9e du Sud, une des plus puissantes \u00e9conomies de l&rsquo;Asie de l&rsquo;Est, appel\u00e9e officiellement la R\u00e9publique de Cor\u00e9e, est devenue, non plus un pays b\u00e9n\u00e9ficiaire de l&rsquo;aide humanitaire mais un pays donateur. Toutefois, malgr\u00e9 ses avanc\u00e9es incroyables, la Cor\u00e9e du Sud doit encore faire face \u00e0 quelques probl\u00e8mes, notamment en mati\u00e8re de droits de l&rsquo;enfant.<\/p>\n<table style=\"height: 38px;\" width=\"298\">\n<tbody style=\"background: #f2f2f2;\">\n<tr>\n<td>\n<div style=\"float: left; width: 39%;\">\n<p><strong>Population:<\/strong>\u00a050,4 millions<br \/>\n<strong>Pop. de 0-14 ans :<\/strong> 15,7 %<\/p>\n<\/div>\n<div style=\"float: right; width: 59%;\">\n<p><strong>Esp\u00e9rance de vie :<\/strong> 81,5 ans<br \/>\n<strong>Mortalit\u00e9 des &#8211; de 5 ans :<\/strong> 3 \u2030<\/p>\n<\/div>\n<\/td>\n<\/tr>\n<\/tbody>\n<\/table>\n<h3>Principaux probl\u00e8mes rencontr\u00e9s par les enfants en Cor\u00e9e du Sud:<\/h3>\n<p><strong><a href=\"https:\/\/www.humanium.org\/fr\/la-maltraitance-des-enfants\/\">Maltraitance infantile<\/a><\/strong><\/p>\n<p>En principe, les <a href=\"https:\/\/www.humanium.org\/fr\/la-maltraitance-des-enfants\/\" target=\"_blank\" rel=\"noopener noreferrer\">ch\u00e2timents corporels<\/a> sont interdits. Ils sont toutefois autoris\u00e9s dans certains cas de figure, notamment pour des raisons \u00e9ducatives. Ainsi, ils sont courants dans les \u00e9tablissements scolaires sud-cor\u00e9ens.<\/p>\n<p>Il arrive fr\u00e9quemment que des enfants se fassent battre ou gifler par leurs enseignants. Les \u00a0parents ont \u00e9galement souvent recours aux ch\u00e2timents corporels car ils les consid\u00e8rent comme une marque d&rsquo;affection, suppos\u00e9e renforcer le caract\u00e8re de l&rsquo;enfant.<\/p>\n<p><strong><a href=\"https:\/\/www.humanium.org\/fr\/comprendre-droits-enfant\/droit-a-l-education\/\">Droit \u00e0 l\u2019\u00e9ducation<\/a><\/strong><\/p>\n<p><img loading=\"lazy\" decoding=\"async\" class=\"alignright size-full wp-image-13819\" title=\"Le syst\u00e8me \u00e9ducatif, en Cor\u00e9e du Sud, est tr\u00e8s comp\u00e9titif. \u00a9 Nyello8 (flickr)\" src=\"https:\/\/www.humanium.org\/fr\/wp-content\/uploads\/2011\/08\/coree-sud-education-nyello8-flickr.jpg\" alt=\"\" width=\"300\" height=\"200\" \/><a href=\"https:\/\/www.humanium.org\/fr\/comprendre-droits-enfant\/droit-a-l-education\/\" target=\"_blank\" rel=\"noopener noreferrer\">Le syst\u00e8me \u00e9ducatif,<\/a> en Cor\u00e9e du Sud, est tr\u00e8s comp\u00e9titif. Les enfants et les jeunes subissent d&rsquo;importantes pressions. Il arrive ainsi fr\u00e9quemment que, ne supportant plus la comp\u00e9tition et les mauvais traitements que les professeurs leur infligent, certains \u00e9l\u00e8ves mettent fin \u00e0 leur vie.<\/p>\n<p>Des campagnes de pr\u00e9vention ont \u00e9t\u00e9 mises sur pied, mais elles n&rsquo;ont toutefois pas constitu\u00e9 une r\u00e9ponse suffisante au grave probl\u00e8me du suicide chez les mineurs.<\/p>\n<p><strong><a href=\"https:\/\/www.humanium.org\/fr\/droit-non-discrimination\/\">Droit \u00e0 la non-discrimination<\/a><\/strong><\/p>\n<p><img loading=\"lazy\" decoding=\"async\" class=\"size-full wp-image-13820 alignright\" title=\"Les enfants issus des mariages internationaux ont certaines difficult\u00e9s \u00e0 parler la langue cor\u00e9enne. \u00a9 Onbangladesh (flickr)\" src=\"https:\/\/www.humanium.org\/fr\/wp-content\/uploads\/2011\/08\/coree-sud-discrimination-onbangladesh-flickr.jpg\" alt=\"\" width=\"200\" height=\"150\" \/>Les enfants issus des mariages internationaux ont certaines difficult\u00e9s \u00e0 parler la langue cor\u00e9enne. Ils ont de ce fait des probl\u00e8mes de compr\u00e9hension et d&rsquo;apprentissage lorsqu&rsquo;ils sont scolaris\u00e9s. Par cons\u00e9quent, il arrive fr\u00e9quemment qu&rsquo;ils soient brim\u00e9s par leurs camarades de classe et leurs enseignants.<\/p>\n<p>Par ailleurs, les enfants de parents migrants ont \u00e9galement quelques difficult\u00e9s d&rsquo;apprentissage car ils n&rsquo;ont pas acc\u00e8s, en raison du faible revenu de leurs parents, \u00e0 un cadre de vie et d&rsquo;apprentissage favorable.<\/p>\n<p><strong><a href=\"https:\/\/www.humanium.org\/fr\/enfants-handicapes\/\">Enfants handicap\u00e9s<\/a><\/strong><\/p>\n<p><a href=\"https:\/\/www.humanium.org\/fr\/enfants-handicapes\/\" target=\"_blank\" rel=\"noopener noreferrer\">Les enfants souffrant de d\u00e9ficiences mentales et physiques<\/a> sont souvent marginalis\u00e9s par le syst\u00e8me de protection sociale. Ils ne sont pas scolaris\u00e9s et n&rsquo;ont donc pas de place dans la soci\u00e9t\u00e9 civile.<\/p>\n<p>En outre, la r\u00e9adaptation des enfants handicap\u00e9s est compromise, car ils n&rsquo;ont pas acc\u00e8s \u00e0 des <a href=\"https:\/\/www.humanium.org\/fr\/comprendre-droits-enfant\/droit-a-la-sante\/\" target=\"_blank\" rel=\"noopener noreferrer\">soins de sant\u00e9<\/a> adapt\u00e9s \u00e0 leurs besoins.<\/p>\n<p><strong><a href=\"https:\/\/www.humanium.org\/fr\/comprendre-droits-enfant\/droit-a-la-protection\/\">Libert\u00e9s d&rsquo;expression et d&rsquo;opinion<\/a><\/strong><\/p>\n<p><img loading=\"lazy\" decoding=\"async\" class=\"alignright size-full wp-image-13821\" title=\"Dans certains \u00e9tablissements scolaires, l'opinion des enfants n'est pas prise en consid\u00e9ration. \u00a9 Marcella Bona (Flickr)\" src=\"https:\/\/www.humanium.org\/fr\/wp-content\/uploads\/2011\/08\/coree-sud-expression-flickr.jpg\" alt=\"\" width=\"225\" height=\"150\" \/>Dans certains \u00e9tablissements scolaires, <a href=\"https:\/\/www.humanium.org\/fr\/comprendre-droits-enfant\/droit-a-la-protection\/\" target=\"_blank\" rel=\"noopener noreferrer\">l&rsquo;opinion des enfants n&rsquo;est pas prise en consid\u00e9ration.<\/a> Le Comit\u00e9 des Droits de l&rsquo;Enfant, inquiet, a donc recommand\u00e9 au Gouvernement sud-cor\u00e9en de respecter la participation et les id\u00e9es des enfants dans les \u00e9coles mais \u00e9galement dans les familles et dans la soci\u00e9t\u00e9.<\/p>\n<p><strong><a href=\"https:\/\/www.humanium.org\/fr\/exploitation-sexuelle-enfants\/\" target=\"_blank\" rel=\"noopener noreferrer\">Exploitation sexuelle d&rsquo;enfants<\/a><\/strong><\/p>\n<p>La Cor\u00e9e du Sud est un pays de source, de transit et de destination pour le trafic de femmes et de filles qui sont envoy\u00e9es partout dans le monde dans le cadre du <a href=\"https:\/\/www.humanium.org\/fr\/exploitation-sexuelle-enfants\/\" target=\"_blank\" rel=\"noopener noreferrer\">commerce sexuel.<\/a><\/p>\n<p>De m\u00eame, les jeunes filles de Chine transitent par la Cor\u00e9e du Sud avant d&rsquo;\u00eatre envoy\u00e9es aux \u00c9tats-Unis, o\u00f9 elles seront victimes du trafic sexuel.<\/p>\n<p>Les femmes de Russie, d&rsquo;Ouzb\u00e9kistan, de Chine, des Philippines, de Tha\u00eflande et d&rsquo;autres pays d&rsquo;Asie du Sud sont par ailleurs exploit\u00e9es \u00e9conomiquement (de fausses promesses de travail leur sont faites) et sexuellement (elles sont promises \u00e0 des hommes sud-cor\u00e9ens ou sont forc\u00e9es de travailler pour les r\u00e9seaux du tourisme sexuel).<\/p>\n<p><strong>Environnement<\/strong><\/p>\n<p>Avec 3,7 tonnes d\u2019\u00e9mission de CO2 par habitant et par an, la situation de la Cor\u00e9e du Sud pourrait \u00eatre meilleure, en terme de pollution. Cette derni\u00e8re a un impact n\u00e9faste sur la vie des enfants et sur leurs perspectives d\u2019avenir, compromettant leur droit de vivre et de grandir dans un environnement sain. La R\u00e9publique de Cor\u00e9e a donc certains progr\u00e8s \u00e0 faire pour r\u00e9duire son empreinte \u00e9cologique.<\/p>\n","protected":false},"excerpt":{"rendered":"<p>Enfants de Cor\u00e9e du Sud Concr\u00e9tiser les droits de l&rsquo;enfant en Cor\u00e9e du Sud La Cor\u00e9e du Sud, une des plus puissantes \u00e9conomies de l&rsquo;Asie de l&rsquo;Est, appel\u00e9e officiellement la R\u00e9publique de Cor\u00e9e, est devenue, non plus un pays b\u00e9n\u00e9ficiaire de l&rsquo;aide humanitaire mais un pays donateur. Toutefois, malgr\u00e9 ses avanc\u00e9es incroyables, la Cor\u00e9e du [&hellip;]<\/p>\n","protected":false},"author":65,"featured_media":0,"parent":0,"menu_order":0,"comment_status":"closed","ping_status":"closed","template":"","meta":{"footnotes":""},"class_list":["post-13689","page","type-page","status-publish","hentry"],"yoast_head":"<!-- This site is optimized with the Yoast SEO plugin v28.3 - https:\/\/yoast.com\/product\/yoast-seo-wordpress\/ -->\n<title>Enfants de Cor\u00e9e du Sud - Humanium<\/title>\n<meta name=\"description\" content=\"Malgr\u00e9 ses avanc\u00e9es incroyables, la Cor\u00e9e du Sud doit encore faire face \u00e0 quelques probl\u00e8mes, notamment en mati\u00e8re de droits de l&#039;enfant.\" \/>\n<meta name=\"robots\" content=\"index, follow, max-snippet:-1, max-image-preview:large, max-video-preview:-1\" \/>\n<link rel=\"canonical\" href=\"https:\/\/www.humanium.org\/fr\/coree-du-sud\/\" \/>\n<meta property=\"og:locale\" content=\"fr_FR\" \/>\n<meta property=\"og:type\" content=\"article\" \/>\n<meta property=\"og:title\" content=\"Enfants de Cor\u00e9e du Sud - Humanium\" \/>\n<meta property=\"og:description\" content=\"Malgr\u00e9 ses avanc\u00e9es incroyables, la Cor\u00e9e du Sud doit encore faire face \u00e0 quelques probl\u00e8mes, notamment en mati\u00e8re de droits de l&#039;enfant.\" \/>\n<meta property=\"og:url\" content=\"https:\/\/www.humanium.org\/fr\/coree-du-sud\/\" \/>\n<meta property=\"og:site_name\" content=\"Humanium\" \/>\n<meta property=\"article:modified_time\" content=\"2025-12-05T14:23:52+00:00\" \/>\n<meta name=\"twitter:card\" content=\"summary_large_image\" \/>\n<meta name=\"twitter:label1\" content=\"Dur\u00e9e de lecture estim\u00e9e\" \/>\n\t<meta name=\"twitter:data1\" content=\"5 minutes\" \/>\n<script type=\"application\/ld+json\" class=\"yoast-schema-graph\">{\"@context\":\"https:\\\/\\\/schema.org\",\"@graph\":[{\"@type\":\"WebPage\",\"@id\":\"https:\\\/\\\/www.humanium.org\\\/fr\\\/coree-du-sud\\\/\",\"url\":\"https:\\\/\\\/www.humanium.org\\\/fr\\\/coree-du-sud\\\/\",\"name\":\"Enfants de Cor\u00e9e du Sud - Humanium\",\"isPartOf\":{\"@id\":\"https:\\\/\\\/www.humanium.org\\\/fr\\\/#website\"},\"primaryImageOfPage\":{\"@id\":\"https:\\\/\\\/www.humanium.org\\\/fr\\\/coree-du-sud\\\/#primaryimage\"},\"image\":{\"@id\":\"https:\\\/\\\/www.humanium.org\\\/fr\\\/coree-du-sud\\\/#primaryimage\"},\"thumbnailUrl\":\"https:\\\/\\\/www.humanium.org\\\/fr\\\/wp-content\\\/uploads\\\/2011\\\/08\\\/coree-sud-fille-tomcensani-flickr.jpg\",\"datePublished\":\"2011-11-06T18:00:14+00:00\",\"dateModified\":\"2025-12-05T14:23:52+00:00\",\"description\":\"Malgr\u00e9 ses avanc\u00e9es incroyables, la Cor\u00e9e du Sud doit encore faire face \u00e0 quelques probl\u00e8mes, notamment en mati\u00e8re de droits de l'enfant.\",\"breadcrumb\":{\"@id\":\"https:\\\/\\\/www.humanium.org\\\/fr\\\/coree-du-sud\\\/#breadcrumb\"},\"inLanguage\":\"fr-FR\",\"potentialAction\":[{\"@type\":\"ReadAction\",\"target\":[\"https:\\\/\\\/www.humanium.org\\\/fr\\\/coree-du-sud\\\/\"]}]},{\"@type\":\"ImageObject\",\"inLanguage\":\"fr-FR\",\"@id\":\"https:\\\/\\\/www.humanium.org\\\/fr\\\/coree-du-sud\\\/#primaryimage\",\"url\":\"https:\\\/\\\/www.humanium.org\\\/fr\\\/wp-content\\\/uploads\\\/2011\\\/08\\\/coree-sud-fille-tomcensani-flickr.jpg\",\"contentUrl\":\"https:\\\/\\\/www.humanium.org\\\/fr\\\/wp-content\\\/uploads\\\/2011\\\/08\\\/coree-sud-fille-tomcensani-flickr.jpg\"},{\"@type\":\"BreadcrumbList\",\"@id\":\"https:\\\/\\\/www.humanium.org\\\/fr\\\/coree-du-sud\\\/#breadcrumb\",\"itemListElement\":[{\"@type\":\"ListItem\",\"position\":1,\"name\":\"Home\",\"item\":\"https:\\\/\\\/www.humanium.org\\\/fr\\\/\"},{\"@type\":\"ListItem\",\"position\":2,\"name\":\"Enfants de Cor\u00e9e du Sud\"}]},{\"@type\":\"WebSite\",\"@id\":\"https:\\\/\\\/www.humanium.org\\\/fr\\\/#website\",\"url\":\"https:\\\/\\\/www.humanium.org\\\/fr\\\/\",\"name\":\"Humanium\",\"description\":\"Les enfants d\u2019abord !\",\"potentialAction\":[{\"@type\":\"SearchAction\",\"target\":{\"@type\":\"EntryPoint\",\"urlTemplate\":\"https:\\\/\\\/www.humanium.org\\\/fr\\\/?s={search_term_string}\"},\"query-input\":{\"@type\":\"PropertyValueSpecification\",\"valueRequired\":true,\"valueName\":\"search_term_string\"}}],\"inLanguage\":\"fr-FR\"}]}<\/script>\n<!-- \/ Yoast SEO plugin. -->","yoast_head_json":{"title":"Enfants de Cor\u00e9e du Sud - Humanium","description":"Malgr\u00e9 ses avanc\u00e9es incroyables, la Cor\u00e9e du Sud doit encore faire face \u00e0 quelques probl\u00e8mes, notamment en mati\u00e8re de droits de l'enfant.","robots":{"index":"index","follow":"follow","max-snippet":"max-snippet:-1","max-image-preview":"max-image-preview:large","max-video-preview":"max-video-preview:-1"},"canonical":"https:\/\/www.humanium.org\/fr\/coree-du-sud\/","og_locale":"fr_FR","og_type":"article","og_title":"Enfants de Cor\u00e9e du Sud - Humanium","og_description":"Malgr\u00e9 ses avanc\u00e9es incroyables, la Cor\u00e9e du Sud doit encore faire face \u00e0 quelques probl\u00e8mes, notamment en mati\u00e8re de droits de l'enfant.","og_url":"https:\/\/www.humanium.org\/fr\/coree-du-sud\/","og_site_name":"Humanium","article_modified_time":"2025-12-05T14:23:52+00:00","twitter_card":"summary_large_image","twitter_misc":{"Dur\u00e9e de lecture estim\u00e9e":"5 minutes"},"schema":{"@context":"https:\/\/schema.org","@graph":[{"@type":"WebPage","@id":"https:\/\/www.humanium.org\/fr\/coree-du-sud\/","url":"https:\/\/www.humanium.org\/fr\/coree-du-sud\/","name":"Enfants de Cor\u00e9e du Sud - Humanium","isPartOf":{"@id":"https:\/\/www.humanium.org\/fr\/#website"},"primaryImageOfPage":{"@id":"https:\/\/www.humanium.org\/fr\/coree-du-sud\/#primaryimage"},"image":{"@id":"https:\/\/www.humanium.org\/fr\/coree-du-sud\/#primaryimage"},"thumbnailUrl":"https:\/\/www.humanium.org\/fr\/wp-content\/uploads\/2011\/08\/coree-sud-fille-tomcensani-flickr.jpg","datePublished":"2011-11-06T18:00:14+00:00","dateModified":"2025-12-05T14:23:52+00:00","description":"Malgr\u00e9 ses avanc\u00e9es incroyables, la Cor\u00e9e du Sud doit encore faire face \u00e0 quelques probl\u00e8mes, notamment en mati\u00e8re de droits de l'enfant.","breadcrumb":{"@id":"https:\/\/www.humanium.org\/fr\/coree-du-sud\/#breadcrumb"},"inLanguage":"fr-FR","potentialAction":[{"@type":"ReadAction","target":["https:\/\/www.humanium.org\/fr\/coree-du-sud\/"]}]},{"@type":"ImageObject","inLanguage":"fr-FR","@id":"https:\/\/www.humanium.org\/fr\/coree-du-sud\/#primaryimage","url":"https:\/\/www.humanium.org\/fr\/wp-content\/uploads\/2011\/08\/coree-sud-fille-tomcensani-flickr.jpg","contentUrl":"https:\/\/www.humanium.org\/fr\/wp-content\/uploads\/2011\/08\/coree-sud-fille-tomcensani-flickr.jpg"},{"@type":"BreadcrumbList","@id":"https:\/\/www.humanium.org\/fr\/coree-du-sud\/#breadcrumb","itemListElement":[{"@type":"ListItem","position":1,"name":"Home","item":"https:\/\/www.humanium.org\/fr\/"},{"@type":"ListItem","position":2,"name":"Enfants de Cor\u00e9e du Sud"}]},{"@type":"WebSite","@id":"https:\/\/www.humanium.org\/fr\/#website","url":"https:\/\/www.humanium.org\/fr\/","name":"Humanium","description":"Les enfants d\u2019abord !","potentialAction":[{"@type":"SearchAction","target":{"@type":"EntryPoint","urlTemplate":"https:\/\/www.humanium.org\/fr\/?s={search_term_string}"},"query-input":{"@type":"PropertyValueSpecification","valueRequired":true,"valueName":"search_term_string"}}],"inLanguage":"fr-FR"}]}},"_links":{"self":[{"href":"https:\/\/www.humanium.org\/fr\/wp-json\/wp\/v2\/pages\/13689","targetHints":{"allow":["GET"]}}],"collection":[{"href":"https:\/\/www.humanium.org\/fr\/wp-json\/wp\/v2\/pages"}],"about":[{"href":"https:\/\/www.humanium.org\/fr\/wp-json\/wp\/v2\/types\/page"}],"author":[{"embeddable":true,"href":"https:\/\/www.humanium.org\/fr\/wp-json\/wp\/v2\/users\/65"}],"replies":[{"embeddable":true,"href":"https:\/\/www.humanium.org\/fr\/wp-json\/wp\/v2\/comments?post=13689"}],"version-history":[{"count":9,"href":"https:\/\/www.humanium.org\/fr\/wp-json\/wp\/v2\/pages\/13689\/revisions"}],"predecessor-version":[{"id":60008,"href":"https:\/\/www.humanium.org\/fr\/wp-json\/wp\/v2\/pages\/13689\/revisions\/60008"}],"wp:attachment":[{"href":"https:\/\/www.humanium.org\/fr\/wp-json\/wp\/v2\/media?parent=13689"}],"curies":[{"name":"wp","href":"https:\/\/api.w.org\/{rel}","templated":true}]}}