{"id":13870,"date":"2011-11-06T18:00:20","date_gmt":"2011-11-06T18:00:20","guid":{"rendered":"http:\/\/www.humanium.org\/fr\/?page_id=13870"},"modified":"2025-12-05T14:22:35","modified_gmt":"2025-12-05T14:22:35","slug":"japon","status":"publish","type":"page","link":"https:\/\/www.humanium.org\/fr\/japon\/","title":{"rendered":"Enfants du Japon"},"content":{"rendered":"<h1>Enfants du Japon<\/h1>\n<h2>Concr\u00e9tiser les droits de l&rsquo;enfant au Japon<\/h2>\n<p style=\"text-align: center;\"><img loading=\"lazy\" decoding=\"async\" class=\"alignnone size-full wp-image-13875\" title=\"Petite fille du Japon. \u00a9 Tolga Musato (flickr)\" src=\"https:\/\/www.humanium.org\/fr\/wp-content\/uploads\/2011\/08\/japon-fille-tolga-musato-flickr.jpg\" alt=\"\" width=\"144\" height=\"192\" \/>\u00a0<img loading=\"lazy\" decoding=\"async\" class=\"alignnone size-full wp-image-13876\" title=\"Petit gar\u00e7on japonais. \u00a9 Usr.c (flick)\" src=\"https:\/\/www.humanium.org\/fr\/wp-content\/uploads\/2011\/08\/japon-garcon-usr.c-flick.jpg\" alt=\"\" width=\"287\" height=\"191\" \/><\/p>\n<p>Troisi\u00e8me puissance \u00e9conomique du monde, le Japon, pays insulaire de l&rsquo;Asie de l&rsquo;Est, est tr\u00e8s d\u00e9velopp\u00e9, avec un niveau de vie \u00e9lev\u00e9 et une esp\u00e9rance de vie longue. En outre, il fait figure de bon \u00e9l\u00e8ve, en mati\u00e8re de <a href=\"https:\/\/www.humanium.org\/fr\/\">Droits de l&rsquo;enfance<\/a>. Cependant, malgr\u00e9 cette image idyllique, l&rsquo;archipel est encore confront\u00e9 \u00e0 quelques probl\u00e8mes.<\/p>\n<table style=\"height: 38px;\" width=\"298\">\n<tbody style=\"background: #f2f2f2;\">\n<tr>\n<td>\n<div style=\"float: left; width: 39%;\">\n<p style=\"margin-bottom: 20px;\"><strong>Population :<\/strong>\u00a0126,2 millions<br \/>\n<strong>Pop. de 0 \u00e0 14 ans :<\/strong>\u00a013,1 %<\/p>\n<\/div>\n<div style=\"float: right; width: 59%;\">\n<p style=\"margin-bottom: 20px;\"><strong>Esp\u00e9rance de vie :<\/strong>\u00a083,6 ans<br \/>\n<strong>Mortalit\u00e9 des moins de 5 ans :<\/strong>\u00a02 \u2030<\/p>\n<\/div>\n<\/td>\n<\/tr>\n<\/tbody>\n<\/table>\n<h3>Principaux probl\u00e8mes rencontr\u00e9s par les enfants au Japon:<\/h3>\n<p><strong><a href=\"https:\/\/www.humanium.org\/fr\/enfants-pauvres\/\">Pauvret\u00e9<\/a><\/strong><\/p>\n<p>Plus de 15 % des japonais vivent aujourd&rsquo;hui dans le d\u00e9nuement. Un chiffre qui choque puisque le Japon a longtemps \u00e9t\u00e9 consid\u00e9r\u00e9 comme un pays \u00e9galitaire. La situation est encore plus pr\u00e9occupante dans les familles mono-parentales, notamment pour les m\u00e8res c\u00e9libataires qui se voient souvent contraintes de cumuler plusieurs emplois.<\/p>\n<p>Par ailleurs, l\u2019augmentation du nombre d\u2019<a href=\"https:\/\/www.humanium.org\/fr\/enfants-pauvres\/\">enfants pauvres<\/a> b\u00e9n\u00e9ficiant d\u2019une aide \u00e0 la scolarisation est l&rsquo;indicateur de l&rsquo;extension d\u2019une profonde pauvret\u00e9.\u00a0 D\u00e8s lors, ces enfants vivent dans une grande pr\u00e9carit\u00e9 et l&rsquo;acc\u00e8s \u00e0 leurs droits primaires devient\u00a0 vite compromis.<\/p>\n<p><strong><a href=\"https:\/\/www.humanium.org\/fr\/la-maltraitance-des-enfants\/\">Maltraitance infantile<\/a><\/strong><\/p>\n<p><img loading=\"lazy\" decoding=\"async\" class=\"alignright size-full wp-image-14159\" title=\"Certains enfants vivent un enfer \u00e0 la maison \u00a9Benjamin Krause (flickr)\" src=\"https:\/\/www.humanium.org\/fr\/wp-content\/uploads\/2011\/09\/violences-benjaminkrause-flickr.jpg\" alt=\"\" width=\"136\" height=\"200\" \/>Les cas de <a href=\"https:\/\/www.humanium.org\/fr\/la-maltraitance-des-enfants\/\">maltraitance sur les enfants<\/a> atteignent des niveaux record au Japon. En dix ans, les chiffres ont augment\u00e9 de fa\u00e7on exponentielle. En 1990, on d\u00e9nombrait 1 000 cas de maltraitance (physique et sexuelle) contre 55 000 cas en 2010.<\/p>\n<p>Souvent n\u00e9glig\u00e9s, enferm\u00e9s, mal nourris, ou encore battus, ces enfants sont le signe d&rsquo;un syst\u00e8me de protection de l&rsquo;enfance japonais au bord de la rupture. Pour rem\u00e9dier \u00e0 cela, il existe un r\u00e9el besoin de former et sensibiliser les familles nippones.<\/p>\n<p><strong><a href=\"https:\/\/www.humanium.org\/fr\/droit-non-discrimination\/\">Droit \u00e0 la non-discrimination<\/a><\/strong><\/p>\n<p>Il existe une forte <a href=\"https:\/\/www.humanium.org\/fr\/droit-non-discrimination\/\">discrimination<\/a> au Japon concernant les <a href=\"https:\/\/www.humanium.org\/fr\/\">droits des enfants<\/a>. Elle peut prendre plusieurs formes : raciale ou de genre.<\/p>\n<p><em>La discrimination de genre<\/em> : on attend des filles qu&rsquo;elles fassent de beaux mariages et des gar\u00e7ons qu&rsquo;ils aient des m\u00e9tiers prestigieux.<\/p>\n<p><em>La discrimination raciale<\/em> : les enfants n\u00e9s de parents non-japonais souffrent r\u00e9guli\u00e8rement de discrimination. En effet, les autres enfants les acceptent difficilement et ils sont l&rsquo;objet de moqueries. Face \u00e0 cela, les enseignants et les parents ne cherchent pas assez \u00e0 sensibiliser les \u00e9l\u00e8ves au probl\u00e8me du racisme. Il faudrait pourtant enseigner aux enfants le respect de l&rsquo;autre et de la diff\u00e9rence.<\/p>\n<p><strong><a href=\"https:\/\/www.humanium.org\/fr\/comprendre-droits-enfant\/droit-a-l-education\/\">Droit \u00e0 l\u2019\u00e9ducation<\/a><\/strong><\/p>\n<p><img loading=\"lazy\" decoding=\"async\" class=\"alignright size-full wp-image-14160\" title=\"La course \u00e0 l'excellence d\u00e9marre tr\u00e8s jeune au Japon \u00a9 Dana Spencer (flickr)\" src=\"https:\/\/www.humanium.org\/fr\/wp-content\/uploads\/2011\/09\/education-danaspencer-noretouch-flickr.jpg\" alt=\"\" width=\"236\" height=\"178\" \/>Au Japon, le syst\u00e8me universitaire est tr\u00e8s \u00e9litiste. D\u00e8s l&rsquo;<a href=\"https:\/\/www.humanium.org\/fr\/comprendre-droits-enfant\/droit-a-l-education\/\">\u00e9cole<\/a> maternelle, les enfants travaillent tr\u00e8s dur jusqu&rsquo;\u00e0 leur entr\u00e9e \u00e0 l&rsquo;universit\u00e9. D&rsquo;ailleurs, de nombreuses \u00e9coles maternelles recrutent m\u00eame sur concours.<\/p>\n<p>Bien \u00e9videmment, les cons\u00e9quences sur les enfants sont terribles. En effet, sous le stress constant du \u00ab\u00a0devoir d&rsquo;excellence\u00a0\u00bb, certains voient, dans le suicide, leur seule \u00e9chappatoire. Le Japon recense malheureusement de nombreux cas de suicides d&rsquo;\u00e9coliers qui ne supportent plus la pression scolaire.<\/p>\n<p><strong><a href=\"https:\/\/www.humanium.org\/fr\/exploitation-sexuelle-enfants\/\">Exploitation sexuelle d&rsquo;enfants<\/a><\/strong><\/p>\n<p><img loading=\"lazy\" decoding=\"async\" class=\"alignright size-full wp-image-14162\" title=\"L'enfance est un droit inali\u00e9nable \u00a9 Aranmanoth (flickr)\" src=\"https:\/\/www.humanium.org\/fr\/wp-content\/uploads\/2011\/09\/exploitation-aranmanoth-flickr.jpg\" alt=\"\" width=\"124\" height=\"200\" \/>Le Japon est une destination importante dans le <a href=\"https:\/\/www.humanium.org\/fr\/trafic-enfants\/\">trafic de jeunes adolescentes<\/a> en provenance d&rsquo;Asie, d&rsquo;Am\u00e9rique latine ainsi que d&rsquo;Europe de l&rsquo;est. On leur fait souvent croire qu&rsquo;une fois au Japon, elles pourront avoir un bon travail mais la r\u00e9alit\u00e9 est toute autre. En effet, on les oblige tr\u00e8s vite \u00e0 <a href=\"https:\/\/www.humanium.org\/fr\/prostitution-infantile\/\">se prostituer<\/a>.<\/p>\n<p>Ces victimes ne sont pas prot\u00e9g\u00e9es et sont m\u00eames souvent consid\u00e9r\u00e9es comme des \u00ab\u00a0criminelles\u00a0\u00bb ayant viol\u00e9 les lois sur l&rsquo;immigration. Elles finissent donc par \u00eatre d\u00e9port\u00e9es vers leur pays d&rsquo;origine sans aucune aide psychologique et mat\u00e9rielle. Depuis quelques ann\u00e9es, le Japon travaille sur cette probl\u00e9matique de la <a href=\"https:\/\/www.humanium.org\/fr\/trafic-enfants\/\">traite des jeunes filles <\/a>mais il reste beaucoup d&rsquo;efforts \u00e0 fournir.<\/p>\n<p><strong>Environnement<\/strong><\/p>\n<p><img loading=\"lazy\" decoding=\"async\" class=\"alignright size-full wp-image-14163\" title=\"L'empreinte \u00e9cologique du Japon, trop \u00e9lev\u00e9e, est n\u00e9faste pour la sant\u00e9 des enfants \u00a9 Paul Rossman (flickr)\" src=\"https:\/\/www.humanium.org\/fr\/wp-content\/uploads\/2011\/09\/environment-paulrossman-noretouch-flickr.jpg\" alt=\"\" width=\"259\" height=\"194\" \/>Avec 4,9 tonnes d\u2019\u00e9mission de CO2 par habitant et par an, la situation du Japon pourrait \u00eatre meilleure, en termes de pollution. Cette derni\u00e8re a un impact n\u00e9faste sur la vie des enfants et sur leurs perspectives d\u2019avenir. Leur droit de vivre et de grandir dans un environnement sain n\u2019est pas respect\u00e9.<\/p>\n<p>Le Japon a donc certains progr\u00e8s \u00e0 effectuer pour r\u00e9duire son empreinte \u00e9cologique (surface n\u00e9cessaire \u00e0 une personne ou \u00e0 un groupe pour produire ce qu\u2019elle consomme et absorber ce qu\u2019elle rejette).<\/p>\n<h3 style=\"margin-top: 18px;\">L&rsquo;enfant dans la culture du pays<\/h3>\n<p style=\"text-align: center;\"><em><strong>\u00ab\u00a0Les enfants grandissent, m\u00eame sans parent.\u00a0\u00bb<\/strong><\/em><br \/>\n(Proverbe japonais)<\/p>\n<p><strong>Journ\u00e9e de l&rsquo;enfant :<\/strong> Au Japon, les enfants sont c\u00e9l\u00e9br\u00e9s le 5 mai de chaque ann\u00e9e. A l&rsquo;origine, seulement les gar\u00e7ons \u00e9taient \u00e0 l&rsquo;honneur. Les filles, quant \u00e0 elles, avaient leur f\u00eate le 3 mars. Cependant, le gouvernement nippon d\u00e9cida d&rsquo;\u00e9tablir le 5 mai comme journ\u00e9e officielle de tous les enfants.<\/p>\n<p><strong><img loading=\"lazy\" decoding=\"async\" class=\"alignright size-full wp-image-14219\" title=\"Rite de Shichi-Go-San \u00a9 Incanus Japan (flickr)\" src=\"https:\/\/www.humanium.org\/fr\/wp-content\/uploads\/2011\/09\/tradition-incanusjapan-flickr.jpg\" alt=\"\" width=\"87\" height=\"193\" \/>Shichi-Go-San :<\/strong> C\u00e9l\u00e9br\u00e9 le 15 novembre, Shichi-Go-San (litt\u00e9ralement \u00ab\u00a0sept cinq trois\u00a0\u00bb) est un rite de passage, pour les filles de 3 \u00e0 7 ans et les gar\u00e7ons de 3 \u00e0 5 ans, o\u00f9 l&rsquo;on prie pour leur avenir et leur bonne sant\u00e9. Lors de ce festival, les enfants portent le kimono et visitent un temple shinto. Ils portent aussi des sacs d\u00e9cor\u00e9s de tortues ainsi que de longues confiseries qui symbolisent la long\u00e9vit\u00e9.<\/p>\n","protected":false},"excerpt":{"rendered":"<p>Enfants du Japon Concr\u00e9tiser les droits de l&rsquo;enfant au Japon \u00a0 Troisi\u00e8me puissance \u00e9conomique du monde, le Japon, pays insulaire de l&rsquo;Asie de l&rsquo;Est, est tr\u00e8s d\u00e9velopp\u00e9, avec un niveau de vie \u00e9lev\u00e9 et une esp\u00e9rance de vie longue. En outre, il fait figure de bon \u00e9l\u00e8ve, en mati\u00e8re de Droits de l&rsquo;enfance. Cependant, malgr\u00e9 [&hellip;]<\/p>\n","protected":false},"author":65,"featured_media":0,"parent":0,"menu_order":0,"comment_status":"closed","ping_status":"closed","template":"","meta":{"footnotes":""},"class_list":["post-13870","page","type-page","status-publish","hentry"],"yoast_head":"<!-- This site is optimized with the Yoast SEO plugin v28.3 - https:\/\/yoast.com\/product\/yoast-seo-wordpress\/ -->\n<title>Enfants du Japon - Humanium<\/title>\n<meta name=\"description\" content=\"Le Japon fait figure de bon \u00e9l\u00e8ve, en mati\u00e8re de Droits de l&#039;enfance. Cependant, ilsl est encore confront\u00e9 \u00e0 quelques probl\u00e8mes.\" \/>\n<meta name=\"robots\" content=\"index, follow, max-snippet:-1, max-image-preview:large, max-video-preview:-1\" \/>\n<link rel=\"canonical\" href=\"https:\/\/www.humanium.org\/fr\/japon\/\" \/>\n<meta property=\"og:locale\" content=\"fr_FR\" \/>\n<meta property=\"og:type\" content=\"article\" \/>\n<meta property=\"og:title\" content=\"Enfants du Japon - Humanium\" \/>\n<meta property=\"og:description\" content=\"Le Japon fait figure de bon \u00e9l\u00e8ve, en mati\u00e8re de Droits de l&#039;enfance. Cependant, ilsl est encore confront\u00e9 \u00e0 quelques probl\u00e8mes.\" \/>\n<meta property=\"og:url\" content=\"https:\/\/www.humanium.org\/fr\/japon\/\" \/>\n<meta property=\"og:site_name\" content=\"Humanium\" \/>\n<meta property=\"article:modified_time\" content=\"2025-12-05T14:22:35+00:00\" \/>\n<meta name=\"twitter:card\" content=\"summary_large_image\" \/>\n<meta name=\"twitter:label1\" content=\"Dur\u00e9e de lecture estim\u00e9e\" \/>\n\t<meta name=\"twitter:data1\" content=\"6 minutes\" \/>\n<script type=\"application\/ld+json\" class=\"yoast-schema-graph\">{\"@context\":\"https:\\\/\\\/schema.org\",\"@graph\":[{\"@type\":\"WebPage\",\"@id\":\"https:\\\/\\\/www.humanium.org\\\/fr\\\/japon\\\/\",\"url\":\"https:\\\/\\\/www.humanium.org\\\/fr\\\/japon\\\/\",\"name\":\"Enfants du Japon - Humanium\",\"isPartOf\":{\"@id\":\"https:\\\/\\\/www.humanium.org\\\/fr\\\/#website\"},\"primaryImageOfPage\":{\"@id\":\"https:\\\/\\\/www.humanium.org\\\/fr\\\/japon\\\/#primaryimage\"},\"image\":{\"@id\":\"https:\\\/\\\/www.humanium.org\\\/fr\\\/japon\\\/#primaryimage\"},\"thumbnailUrl\":\"https:\\\/\\\/www.humanium.org\\\/fr\\\/wp-content\\\/uploads\\\/2011\\\/08\\\/japon-fille-tolga-musato-flickr.jpg\",\"datePublished\":\"2011-11-06T18:00:20+00:00\",\"dateModified\":\"2025-12-05T14:22:35+00:00\",\"description\":\"Le Japon fait figure de bon \u00e9l\u00e8ve, en mati\u00e8re de Droits de l'enfance. Cependant, ilsl est encore confront\u00e9 \u00e0 quelques probl\u00e8mes.\",\"breadcrumb\":{\"@id\":\"https:\\\/\\\/www.humanium.org\\\/fr\\\/japon\\\/#breadcrumb\"},\"inLanguage\":\"fr-FR\",\"potentialAction\":[{\"@type\":\"ReadAction\",\"target\":[\"https:\\\/\\\/www.humanium.org\\\/fr\\\/japon\\\/\"]}]},{\"@type\":\"ImageObject\",\"inLanguage\":\"fr-FR\",\"@id\":\"https:\\\/\\\/www.humanium.org\\\/fr\\\/japon\\\/#primaryimage\",\"url\":\"https:\\\/\\\/www.humanium.org\\\/fr\\\/wp-content\\\/uploads\\\/2011\\\/08\\\/japon-fille-tolga-musato-flickr.jpg\",\"contentUrl\":\"https:\\\/\\\/www.humanium.org\\\/fr\\\/wp-content\\\/uploads\\\/2011\\\/08\\\/japon-fille-tolga-musato-flickr.jpg\"},{\"@type\":\"BreadcrumbList\",\"@id\":\"https:\\\/\\\/www.humanium.org\\\/fr\\\/japon\\\/#breadcrumb\",\"itemListElement\":[{\"@type\":\"ListItem\",\"position\":1,\"name\":\"Home\",\"item\":\"https:\\\/\\\/www.humanium.org\\\/fr\\\/\"},{\"@type\":\"ListItem\",\"position\":2,\"name\":\"Enfants du Japon\"}]},{\"@type\":\"WebSite\",\"@id\":\"https:\\\/\\\/www.humanium.org\\\/fr\\\/#website\",\"url\":\"https:\\\/\\\/www.humanium.org\\\/fr\\\/\",\"name\":\"Humanium\",\"description\":\"Les enfants d\u2019abord !\",\"potentialAction\":[{\"@type\":\"SearchAction\",\"target\":{\"@type\":\"EntryPoint\",\"urlTemplate\":\"https:\\\/\\\/www.humanium.org\\\/fr\\\/?s={search_term_string}\"},\"query-input\":{\"@type\":\"PropertyValueSpecification\",\"valueRequired\":true,\"valueName\":\"search_term_string\"}}],\"inLanguage\":\"fr-FR\"}]}<\/script>\n<!-- \/ Yoast SEO plugin. -->","yoast_head_json":{"title":"Enfants du Japon - Humanium","description":"Le Japon fait figure de bon \u00e9l\u00e8ve, en mati\u00e8re de Droits de l'enfance. Cependant, ilsl est encore confront\u00e9 \u00e0 quelques probl\u00e8mes.","robots":{"index":"index","follow":"follow","max-snippet":"max-snippet:-1","max-image-preview":"max-image-preview:large","max-video-preview":"max-video-preview:-1"},"canonical":"https:\/\/www.humanium.org\/fr\/japon\/","og_locale":"fr_FR","og_type":"article","og_title":"Enfants du Japon - Humanium","og_description":"Le Japon fait figure de bon \u00e9l\u00e8ve, en mati\u00e8re de Droits de l'enfance. Cependant, ilsl est encore confront\u00e9 \u00e0 quelques probl\u00e8mes.","og_url":"https:\/\/www.humanium.org\/fr\/japon\/","og_site_name":"Humanium","article_modified_time":"2025-12-05T14:22:35+00:00","twitter_card":"summary_large_image","twitter_misc":{"Dur\u00e9e de lecture estim\u00e9e":"6 minutes"},"schema":{"@context":"https:\/\/schema.org","@graph":[{"@type":"WebPage","@id":"https:\/\/www.humanium.org\/fr\/japon\/","url":"https:\/\/www.humanium.org\/fr\/japon\/","name":"Enfants du Japon - Humanium","isPartOf":{"@id":"https:\/\/www.humanium.org\/fr\/#website"},"primaryImageOfPage":{"@id":"https:\/\/www.humanium.org\/fr\/japon\/#primaryimage"},"image":{"@id":"https:\/\/www.humanium.org\/fr\/japon\/#primaryimage"},"thumbnailUrl":"https:\/\/www.humanium.org\/fr\/wp-content\/uploads\/2011\/08\/japon-fille-tolga-musato-flickr.jpg","datePublished":"2011-11-06T18:00:20+00:00","dateModified":"2025-12-05T14:22:35+00:00","description":"Le Japon fait figure de bon \u00e9l\u00e8ve, en mati\u00e8re de Droits de l'enfance. Cependant, ilsl est encore confront\u00e9 \u00e0 quelques probl\u00e8mes.","breadcrumb":{"@id":"https:\/\/www.humanium.org\/fr\/japon\/#breadcrumb"},"inLanguage":"fr-FR","potentialAction":[{"@type":"ReadAction","target":["https:\/\/www.humanium.org\/fr\/japon\/"]}]},{"@type":"ImageObject","inLanguage":"fr-FR","@id":"https:\/\/www.humanium.org\/fr\/japon\/#primaryimage","url":"https:\/\/www.humanium.org\/fr\/wp-content\/uploads\/2011\/08\/japon-fille-tolga-musato-flickr.jpg","contentUrl":"https:\/\/www.humanium.org\/fr\/wp-content\/uploads\/2011\/08\/japon-fille-tolga-musato-flickr.jpg"},{"@type":"BreadcrumbList","@id":"https:\/\/www.humanium.org\/fr\/japon\/#breadcrumb","itemListElement":[{"@type":"ListItem","position":1,"name":"Home","item":"https:\/\/www.humanium.org\/fr\/"},{"@type":"ListItem","position":2,"name":"Enfants du Japon"}]},{"@type":"WebSite","@id":"https:\/\/www.humanium.org\/fr\/#website","url":"https:\/\/www.humanium.org\/fr\/","name":"Humanium","description":"Les enfants d\u2019abord !","potentialAction":[{"@type":"SearchAction","target":{"@type":"EntryPoint","urlTemplate":"https:\/\/www.humanium.org\/fr\/?s={search_term_string}"},"query-input":{"@type":"PropertyValueSpecification","valueRequired":true,"valueName":"search_term_string"}}],"inLanguage":"fr-FR"}]}},"_links":{"self":[{"href":"https:\/\/www.humanium.org\/fr\/wp-json\/wp\/v2\/pages\/13870","targetHints":{"allow":["GET"]}}],"collection":[{"href":"https:\/\/www.humanium.org\/fr\/wp-json\/wp\/v2\/pages"}],"about":[{"href":"https:\/\/www.humanium.org\/fr\/wp-json\/wp\/v2\/types\/page"}],"author":[{"embeddable":true,"href":"https:\/\/www.humanium.org\/fr\/wp-json\/wp\/v2\/users\/65"}],"replies":[{"embeddable":true,"href":"https:\/\/www.humanium.org\/fr\/wp-json\/wp\/v2\/comments?post=13870"}],"version-history":[{"count":6,"href":"https:\/\/www.humanium.org\/fr\/wp-json\/wp\/v2\/pages\/13870\/revisions"}],"predecessor-version":[{"id":60003,"href":"https:\/\/www.humanium.org\/fr\/wp-json\/wp\/v2\/pages\/13870\/revisions\/60003"}],"wp:attachment":[{"href":"https:\/\/www.humanium.org\/fr\/wp-json\/wp\/v2\/media?parent=13870"}],"curies":[{"name":"wp","href":"https:\/\/api.w.org\/{rel}","templated":true}]}}