{"id":1390,"date":"2010-07-08T08:32:33","date_gmt":"2010-07-08T08:32:33","guid":{"rendered":"http:\/\/www.humanium.org\/fr\/"},"modified":"2017-10-04T07:30:27","modified_gmt":"2017-10-04T07:30:27","slug":"convention-enlevement-international-enfants","status":"publish","type":"page","link":"https:\/\/www.humanium.org\/fr\/convention-enlevement-international-enfants\/","title":{"rendered":"Convention sur les aspects civils de l&rsquo;enl\u00e8vement international d&rsquo;enfants &#8211; 1980 &#8211; Texte int\u00e9gral"},"content":{"rendered":"<h2 style=\"text-align: left;\"><span style=\"color: #800000;\"><a href=\"https:\/\/www.humanium.org\/fr\/wp-content\/uploads\/convention-enlevement-international-enfants.odt\" target=\"_blank\" rel=\"noopener noreferrer\"><img loading=\"lazy\" decoding=\"async\" class=\"alignright size-full wp-image-972\" title=\"ODT\" src=\"https:\/\/www.humanium.org\/fr\/wp-content\/uploads\/logo-odt.gif\" alt=\"\" width=\"28\" height=\"24\" \/><\/a><a href=\"https:\/\/www.humanium.org\/fr\/wp-content\/uploads\/convention-enlevement-international-enfants.docx\" target=\"_blank\" rel=\"noopener noreferrer\"><img loading=\"lazy\" decoding=\"async\" class=\"alignright size-full wp-image-974\" title=\"WORD\" src=\"https:\/\/www.humanium.org\/fr\/wp-content\/uploads\/logo-word.gif\" alt=\"\" width=\"24\" height=\"24\" \/><\/a><a href=\"https:\/\/www.humanium.org\/fr\/wp-content\/uploads\/convention-enlevement-international-enfants.pdf\" target=\"_blank\" rel=\"noopener noreferrer\"><img loading=\"lazy\" decoding=\"async\" class=\"alignright size-full wp-image-973\" title=\"PDF\" src=\"https:\/\/www.humanium.org\/fr\/wp-content\/uploads\/logo-pdf.gif\" alt=\"\" width=\"24\" height=\"24\" \/><\/a>Convention sur les aspects civils de l&rsquo;enl\u00e8vement international d&rsquo;enfants<\/span><\/h2>\n<h3 style=\"text-align: left;\"><span style=\"color: #800000;\">25 octobre 1980 (texte int\u00e9gral)<br \/>\n<\/span><\/h3>\n<h3><span style=\"color: #800000;\"><span style=\"color: #003366;\"><strong>Pr\u00e9ambule<\/strong><\/span><br \/>\n<\/span><\/h3>\n<p style=\"text-align: left;\">Les Etats signataires de la pr\u00e9sente Convention,<\/p>\n<p style=\"text-align: left;\">Profond\u00e9ment convaincus que l&rsquo;int\u00e9r\u00eat de l&rsquo;enfant est d&rsquo;une importance primordiale pour toute question relative \u00e0 sa garde,<\/p>\n<p style=\"text-align: left;\">D\u00e9sirant prot\u00e9ger l&rsquo;enfant, sur le plan international, contre les effets nuisibles d&rsquo;un d\u00e9placement ou d&rsquo;un non-retour illicites et \u00e9tablir des proc\u00e9dures en vue de garantir le retour imm\u00e9diat de l&rsquo;enfant dans l&rsquo;Etat de sa r\u00e9sidence habituelle, ainsi que d&rsquo;assurer la protection du droit de visite,<\/p>\n<p style=\"text-align: left;\">Ont r\u00e9solu de conclure une Convention \u00e0 cet effet, et sont convenus des dispositions suivantes :<\/p>\n<h2 style=\"text-align: left;\"><span style=\"color: #003366;\"><strong>Chapitre i &#8211; champ d&rsquo;application de la convention <\/strong><\/span><\/h2>\n<h3 style=\"text-align: left;\"><span style=\"color: #003366;\"><strong>Article premier<\/strong><\/span><\/h3>\n<p style=\"text-align: left;\">La pr\u00e9sente Convention a pour objet :<\/p>\n<p style=\"text-align: left;\">a) d&rsquo;assurer le retour imm\u00e9diat des enfants d\u00e9plac\u00e9s ou retenus illicitement dans tout Etat contractant ;<\/p>\n<p style=\"text-align: left;\">b) de faire respecter effectivement dans les autres Etats contractants les droits de garde et de visite existant dans un Etat contractant.<\/p>\n<h3 style=\"text-align: left;\"><span style=\"color: #003366;\"><strong>Article 2<\/strong><\/span><\/h3>\n<p style=\"text-align: left;\">Les Etats contractants prennent toutes mesures appropri\u00e9es pour assurer, dans les limites de leur territoire, la r\u00e9alisation des objectifs de la Convention. A cet effet, ils doivent recourir \u00e0 leurs proc\u00e9dures d&rsquo;urgence.<\/p>\n<h3 style=\"text-align: left;\"><span style=\"color: #003366;\"><strong>Article 3 <\/strong><\/span><\/h3>\n<p style=\"text-align: left;\">Le d\u00e9placement ou le non-retour d&rsquo;un enfant est consid\u00e9r\u00e9 comme illicite :<\/p>\n<p style=\"text-align: left;\">a) lorsqu&rsquo;il a lieu en violation d&rsquo;un droit de garde, attribu\u00e9 \u00e0 une personne, une institution ou tout autre organisme, seul ou conjointement, par le droit de l&rsquo;Etat dans lequel l&rsquo;enfant avait sa r\u00e9sidence habituelle imm\u00e9diatement avant son d\u00e9placement ou son non-retour ; et<\/p>\n<p style=\"text-align: left;\">b) que ce droit \u00e9tait exerc\u00e9 de fa\u00e7on effective seul ou conjointement, au moment du d\u00e9placement ou du non-retour, ou l&rsquo;e\u00fbt \u00e9t\u00e9 si de tels \u00e9v\u00e9nements n&rsquo;\u00e9taient survenus.<\/p>\n<p style=\"text-align: left;\">Le droit de garde vis\u00e9 en a) peut notamment r\u00e9sulter d&rsquo;une attribution de plein droit, d&rsquo;une d\u00e9cision judiciaire ou administrative, ou d&rsquo;un accord en vigueur selon le droit de cet Etat.<\/p>\n<h3 style=\"text-align: left;\"><span style=\"color: #003366;\"><strong>Article 4<\/strong><\/span><\/h3>\n<p style=\"text-align: left;\">La Convention s&rsquo;applique \u00e0 tout enfant qui avait sa r\u00e9sidence habituelle dans un Etat contractant imm\u00e9diatement avant l&rsquo;atteinte aux droits de garde ou de visite. L&rsquo;application de la Convention cesse lorsque l&rsquo;enfant parvient \u00e0 l&rsquo;\u00e2ge de 16 ans.<\/p>\n<h3 style=\"text-align: left;\"><span style=\"color: #003366;\"><strong>Article 5<\/strong><\/span><\/h3>\n<p style=\"text-align: left;\">Au sens de la pr\u00e9sente Convention :<\/p>\n<p style=\"text-align: left;\">a) le \u00ab droit de garde \u00bb comprend le droit portant sur les soins de la personne de l&rsquo;enfant, et en particulier celui de d\u00e9cider de son lieu de r\u00e9sidence ;<\/p>\n<p style=\"text-align: left;\">b) le \u00ab droit de visite \u00bb comprend le droit d&#8217;emmener l&rsquo;enfant pour une p\u00e9riode limit\u00e9e dans un lieu autre que celui de sa r\u00e9sidence habituelle.<\/p>\n<h2 style=\"text-align: left;\"><span style=\"color: #003366;\"><strong>Chapitre ii &#8211; autorit\u00e9s centrales<\/strong><\/span><\/h2>\n<h3 style=\"text-align: left;\"><span style=\"color: #003366;\"><strong>Article 6<\/strong><\/span><\/h3>\n<p style=\"text-align: left;\">Chaque Etat contractant d\u00e9signe une Autorit\u00e9 centrale charg\u00e9e de satisfaire aux obligations qui lui sont impos\u00e9es par la Convention.<\/p>\n<p style=\"text-align: left;\">Un Etat f\u00e9d\u00e9ral, un Etat dans lequel plusieurs syst\u00e8mes de droit sont en vigueur ou un Etat ayant des organisations territoriales autonomes, est libre de d\u00e9signer plus d&rsquo;une Autorit\u00e9 centrale et de sp\u00e9cifier l&rsquo;\u00e9tendue territoriale des pouvoirs de chacune de ces Autorit\u00e9s. L&rsquo;Etat qui fait usage de cette facult\u00e9 d\u00e9signe l&rsquo;Autorit\u00e9 centrale \u00e0 laquelle les demandes peuvent \u00eatre adress\u00e9es en vue de leur transmission \u00e0 l&rsquo;Autorit\u00e9 centrale comp\u00e9tente au sein de cet Etat.<\/p>\n<h3 style=\"text-align: left;\"><span style=\"color: #003366;\"><strong>Article 7<\/strong><\/span><\/h3>\n<p style=\"text-align: left;\">Les Autorit\u00e9s centrales doivent coop\u00e9rer entre elles et promouvoir une collaboration entre les autorit\u00e9s comp\u00e9tentes dans leurs Etats respectifs, pour assurer le retour imm\u00e9diat des enfants et r\u00e9aliser les autres objectifs de la pr\u00e9sente Convention.<\/p>\n<p style=\"text-align: left;\">En particulier, soit directement, soit avec le concours de tout interm\u00e9diaire, elles doivent prendre toutes les mesures appropri\u00e9es :<\/p>\n<p style=\"text-align: left;\">a) pour localiser un enfant d\u00e9plac\u00e9 ou retenu illicitement ;<\/p>\n<p style=\"text-align: left;\">b) pour pr\u00e9venir de nouveaux dangers pour l&rsquo;enfant ou des pr\u00e9judices pour les parties concern\u00e9es, en prenant ou faisant prendre des mesures provisoires ;<\/p>\n<p style=\"text-align: left;\">c) pour assurer la remise volontaire de l&rsquo;enfant ou faciliter une solution amiable ;<\/p>\n<p style=\"text-align: left;\">d) pour \u00e9changer, si cela s&rsquo;av\u00e8re utile, des informations relatives \u00e0 la situation sociale de l&rsquo;enfant ;<\/p>\n<p style=\"text-align: left;\">e) pour fournir des informations g\u00e9n\u00e9rales concernant le droit de leur Etat relatives \u00e0 l&rsquo;application de la Convention ;<\/p>\n<p style=\"text-align: left;\">f) pour introduire ou favoriser l&rsquo;ouverture d&rsquo;une proc\u00e9dure judiciaire ou administrative, afin d&rsquo;obtenir le retour de l&rsquo;enfant et, le cas \u00e9ch\u00e9ant, de permettre l&rsquo;organisation ou l&rsquo;exercice effectif du droit de visite ;<\/p>\n<p style=\"text-align: left;\">g) pour accorder ou faciliter, le cas \u00e9ch\u00e9ant, l&rsquo;obtention de l&rsquo;assistance judiciaire et juridique, y compris la participation d&rsquo;un avocat ;<\/p>\n<p style=\"text-align: left;\">h) pour assurer, sur le plan administratif, si n\u00e9cessaire et opportun, le retour sans danger de l&rsquo;enfant ;<\/p>\n<p style=\"text-align: left;\">i) pour se tenir mutuellement inform\u00e9es sur le fonctionnement de la Convention et, autant que possible, lever les obstacles \u00e9ventuellement rencontr\u00e9s lors de son application.<\/p>\n<h2 style=\"text-align: left;\"><span style=\"color: #003366;\"><strong>Chapitre iii &#8211; retour de l&rsquo;enfant<\/strong><\/span><\/h2>\n<h3 style=\"text-align: left;\"><span style=\"color: #003366;\"><strong>Article 8<\/strong><\/span><\/h3>\n<p style=\"text-align: left;\">La personne, l&rsquo;institution ou l&rsquo;organisme qui pr\u00e9tend qu&rsquo;un enfant a \u00e9t\u00e9 d\u00e9plac\u00e9 ou retenu en violation d&rsquo;un droit de garde peut saisir soit l&rsquo;Autorit\u00e9 centrale de la r\u00e9sidence habituelle de l&rsquo;enfant, soit celle de tout autre Etat contractant, pour que celles-ci pr\u00eatent leur assistance en vue d&rsquo;assurer le retour de l&rsquo;enfant.<\/p>\n<p style=\"text-align: left;\">La demande doit contenir :<\/p>\n<p style=\"text-align: left;\">a) des informations portant sur l&rsquo;identit\u00e9 du demandeur, de l&rsquo;enfant et de la personne dont il est all\u00e9gu\u00e9 qu&rsquo;elle a emmen\u00e9 ou retenu l&rsquo;enfant ;<\/p>\n<p style=\"text-align: left;\">b) la date de naissance de l&rsquo;enfant, s&rsquo;il est possible de se la procurer ;<\/p>\n<p style=\"text-align: left;\">c) les motifs sur lesquels se base le demandeur pour r\u00e9clamer le retour de l&rsquo;enfant ;<\/p>\n<p style=\"text-align: left;\">d) toutes informations disponibles concernant la localisation de l&rsquo;enfant et l&rsquo;identit\u00e9 de la personne avec laquelle l&rsquo;enfant est pr\u00e9sum\u00e9 se trouver.<\/p>\n<p style=\"text-align: left;\">La demande peut \u00eatre accompagn\u00e9e ou compl\u00e9t\u00e9e par :<\/p>\n<p style=\"text-align: left;\">e) une copie authentifi\u00e9e de toute d\u00e9cision ou de tout accord utiles ;<\/p>\n<p style=\"text-align: left;\">f) une attestation ou une d\u00e9claration avec affirmation \u00e9manant de l&rsquo;Autorit\u00e9 centrale, ou d&rsquo;une autre autorit\u00e9 comp\u00e9tente de l&rsquo;Etat de la r\u00e9sidence habituelle, ou d&rsquo;une personne qualifi\u00e9e, concernant le droit de l&rsquo;Etat en la mati\u00e8re ;<\/p>\n<p style=\"text-align: left;\">g) tout autre document utile.<\/p>\n<h3 style=\"text-align: left;\"><span style=\"color: #003366;\"><strong>Article 9<\/strong><\/span><\/h3>\n<p style=\"text-align: left;\">Quand l&rsquo;Autorit\u00e9 centrale qui est saisie d&rsquo;une demande en vertu de l&rsquo;article 8 a des raisons de penser que l&rsquo;enfant se trouve dans un autre Etat contractant, elle transmet la demande directement et sans d\u00e9lai \u00e0 l&rsquo;Autorit\u00e9 centrale de cet Etat contractant et en informe l&rsquo;Autorit\u00e9 centrale requ\u00e9rante ou, le cas \u00e9ch\u00e9ant, le demandeur.<\/p>\n<h3 style=\"text-align: left;\"><span style=\"color: #003366;\"><strong>Article 10<\/strong><\/span><\/h3>\n<p style=\"text-align: left;\">L&rsquo;Autorit\u00e9 centrale de l&rsquo;Etat o\u00f9 se trouve l&rsquo;enfant prendra ou fera prendre toute mesure propre \u00e0 assurer sa remise volontaire.<\/p>\n<h3 style=\"text-align: left;\"><span style=\"color: #003366;\"><strong>Article 11<\/strong><\/span><\/h3>\n<p style=\"text-align: left;\">Les autorit\u00e9s judiciaires ou administratives de tout Etat contractant doivent proc\u00e9der d&rsquo;urgence en vue du retour de l&rsquo;enfant.<\/p>\n<p style=\"text-align: left;\">Lorsque l&rsquo;autorit\u00e9 judiciaire ou administrative saisie n&rsquo;a pas statu\u00e9 dans un d\u00e9lai de six semaines \u00e0 partir de sa saisine, le demandeur ou l&rsquo;Autorit\u00e9 centrale de l&rsquo;Etat requis, de sa propre initiative ou sur requ\u00eate de l&rsquo;Autorit\u00e9 centrale de l&rsquo;Etat requ\u00e9rant, peut demander une d\u00e9claration sur les raisons de ce retard. Si la r\u00e9ponse est re\u00e7ue par l&rsquo;Autorit\u00e9 centrale de l&rsquo;Etat requis, cette Autorit\u00e9 doit la transmettre \u00e0 l&rsquo;Autorit\u00e9 centrale de l&rsquo;Etat requ\u00e9rant ou, le cas \u00e9ch\u00e9ant, au demandeur.<\/p>\n<h3 style=\"text-align: left;\"><span style=\"color: #003366;\"><strong>Article 12<\/strong><\/span><\/h3>\n<p style=\"text-align: left;\">Lorsqu&rsquo;un enfant a \u00e9t\u00e9 d\u00e9plac\u00e9 ou retenu illicitement au sens de l&rsquo;article 3 et qu&rsquo;une p\u00e9riode de moins d&rsquo;un an s&rsquo;est \u00e9coul\u00e9e \u00e0 partir du d\u00e9placement ou du non-retour au moment de l&rsquo;introduction de la demande devant l&rsquo;autorit\u00e9 judiciaire ou administrative de l&rsquo;Etat contractant o\u00f9 se trouve l&rsquo;enfant, l&rsquo;autorit\u00e9 saisie ordonne son retour imm\u00e9diat.<\/p>\n<p style=\"text-align: left;\">L&rsquo;autorit\u00e9 judiciaire ou administrative, m\u00eame saisie apr\u00e8s l&rsquo;expiration de la p\u00e9riode d&rsquo;un an pr\u00e9vue \u00e0 l&rsquo;alin\u00e9a pr\u00e9c\u00e9dent, doit aussi ordonner le retour de l&rsquo;enfant, \u00e0 moins qu&rsquo;il ne soit \u00e9tabli que l&rsquo;enfant s&rsquo;est int\u00e9gr\u00e9 dans son nouveau milieu.<\/p>\n<p style=\"text-align: left;\">Lorsque l&rsquo;autorit\u00e9 judiciaire ou administrative de l&rsquo;Etat requis a des raisons de croire que l&rsquo;enfant a \u00e9t\u00e9 emmen\u00e9 dans un autre Etat, elle peut suspendre la proc\u00e9dure ou rejeter la demande de retour de l&rsquo;enfant.<\/p>\n<h3 style=\"text-align: left;\"><span style=\"color: #003366;\"><strong>Article 13<\/strong><\/span><\/h3>\n<p style=\"text-align: left;\">Nonobstant les dispositions de l&rsquo;article pr\u00e9c\u00e9dent, l&rsquo;autorit\u00e9 judiciaire ou administrative de l&rsquo;Etat requis n&rsquo;est pas tenue d&rsquo;ordonner le retour de l&rsquo;enfant, lorsque la personne, l&rsquo;institution ou l&rsquo;organisme qui s&rsquo;oppose \u00e0 son retour \u00e9tablit :<\/p>\n<p style=\"text-align: left;\">a) que la personne, l&rsquo;institution ou l&rsquo;organisme qui avait le soin de la personne de l&rsquo;enfant n&rsquo;exer\u00e7ait pas effectivement le droit de garde \u00e0 l&rsquo;\u00e9poque du d\u00e9placement ou du non-retour, ou avait consenti ou a acquiesc\u00e9 post\u00e9rieurement \u00e0 ce d\u00e9placement ou \u00e0 ce non-retour ; ou<\/p>\n<p style=\"text-align: left;\">b) qu&rsquo;il existe un risque grave que le retour de l&rsquo;enfant ne l&rsquo;expose \u00e0 un danger physique ou psychique, ou de toute autre mani\u00e8re ne le place dans une situation intol\u00e9rable.<\/p>\n<p style=\"text-align: left;\">L&rsquo;autorit\u00e9 judiciaire ou administrative peut aussi refuser d&rsquo;ordonner le retour de l&rsquo;enfant si elle constate que celui-ci s&rsquo;oppose \u00e0 son retour et qu&rsquo;il a atteint un \u00e2ge et une maturit\u00e9 o\u00f9 il se r\u00e9v\u00e8le appropri\u00e9 de tenir compte de cette opinion.<\/p>\n<p style=\"text-align: left;\">Dans l&rsquo;appr\u00e9ciation des circonstances vis\u00e9es dans cet article, les autorit\u00e9s judiciaires ou administratives doivent tenir compte des informations fournies par l&rsquo;Autorit\u00e9 centrale ou toute autre autorit\u00e9 comp\u00e9tente de l&rsquo;Etat de la r\u00e9sidence habituelle de l&rsquo;enfant sur sa situation sociale.<\/p>\n<h3 style=\"text-align: left;\"><span style=\"color: #003366;\"><strong>Article 14<\/strong><\/span><\/h3>\n<p style=\"text-align: left;\">Pour d\u00e9terminer l&rsquo;existence d&rsquo;un d\u00e9placement ou d&rsquo;un non-retour illicite au sens de l&rsquo;article 3, l&rsquo;autorit\u00e9 judiciaire ou administrative de l&rsquo;Etat requis peut tenir compte directement du droit et des d\u00e9cisions judiciaires ou administratives reconnues formellement ou non dans l&rsquo;Etat de la r\u00e9sidence habituelle de l&rsquo;enfant, sans avoir recours aux proc\u00e9dures sp\u00e9cifiques sur la preuve de ce droit ou pour la reconnaissance des d\u00e9cisions \u00e9trang\u00e8res qui seraient autrement applicables.<\/p>\n<h3 style=\"text-align: left;\"><span style=\"color: #003366;\"><strong>Article 15<\/strong><\/span><\/h3>\n<p style=\"text-align: left;\">Les autorit\u00e9s judiciaires ou administratives d&rsquo;un Etat contractant peuvent, avant d&rsquo;ordonner le retour de l&rsquo;enfant, demander la production par le demandeur d&rsquo;une d\u00e9cision ou d&rsquo;une attestation \u00e9manant des autorit\u00e9s de l&rsquo;Etat de la r\u00e9sidence habituelle de l&rsquo;enfant constatant que le d\u00e9placement ou le non-retour \u00e9tait illicite au sens de l&rsquo;article 3 de la Convention, dans la mesure o\u00f9 cette d\u00e9cision ou cette attestation peut \u00eatre obtenue dans cet Etat. Les Autorit\u00e9s centrales des Etats contractants assistent dans la mesure du possible le demandeur pour obtenir une telle d\u00e9cision ou attestation.<\/p>\n<h3 style=\"text-align: left;\"><span style=\"color: #003366;\"><strong>Article 16<\/strong><\/span><\/h3>\n<p style=\"text-align: left;\">Apr\u00e8s avoir \u00e9t\u00e9 inform\u00e9es du d\u00e9placement illicite d&rsquo;un enfant ou de son non-retour dans le cadre de l&rsquo;article 3, les autorit\u00e9s judiciaires ou administratives de l&rsquo;Etat contractant o\u00f9 l&rsquo;enfant a \u00e9t\u00e9 d\u00e9plac\u00e9 ou retenu ne pourront statuer sur le fond du droit de garde jusqu&rsquo;\u00e0 ce qu&rsquo;il soit \u00e9tabli que les conditions de la pr\u00e9sente Convention pour un retour de l&rsquo;enfant ne sont pas r\u00e9unies, ou jusqu&rsquo;\u00e0 ce qu&rsquo;une p\u00e9riode raisonnable ne se soit \u00e9coul\u00e9e sans qu&rsquo;une demande en application de la Convention n&rsquo;ait \u00e9t\u00e9 faite.<\/p>\n<h3 style=\"text-align: left;\"><span style=\"color: #003366;\"><strong>Article 17<\/strong><\/span><\/h3>\n<p style=\"text-align: left;\">Le seul fait qu&rsquo;une d\u00e9cision relative \u00e0 la garde ait \u00e9t\u00e9 rendue ou soit susceptible d&rsquo;\u00eatre reconnue dans l&rsquo;Etat requis ne peut justifier le refus de renvoyer l&rsquo;enfant dans le cadre de cette Convention, mais les autorit\u00e9s judiciaires ou administratives de l&rsquo;Etat requis peuvent prendre en consid\u00e9ration les motifs de cette d\u00e9cision qui rentreraient dans le cadre de l&rsquo;application de la Convention.<\/p>\n<h3 style=\"text-align: left;\"><span style=\"color: #003366;\"><strong>Article 18<\/strong><\/span><\/h3>\n<p style=\"text-align: left;\">Les dispositions de ce chapitre ne limitent pas le pouvoir de l&rsquo;autorit\u00e9 judiciaire ou administrative d&rsquo;ordonner le retour de l&rsquo;enfant \u00e0 tout moment.<\/p>\n<h3 style=\"text-align: left;\"><span style=\"color: #003366;\"><strong>Article 19<\/strong><\/span><\/h3>\n<p style=\"text-align: left;\">Une d\u00e9cision sur le retour de l&rsquo;enfant rendue dans le cadre de la Convention n&rsquo;affecte pas le fond du droit de garde.<\/p>\n<h3 style=\"text-align: left;\"><span style=\"color: #003366;\"><strong>Article 20<\/strong><\/span><\/h3>\n<p style=\"text-align: left;\">Le retour de l&rsquo;enfant conform\u00e9ment aux dispositions de l&rsquo;article 12 peut \u00eatre refus\u00e9 quand il ne serait pas permis par les principes fondamentaux de l&rsquo;Etat requis sur la sauvegarde des droits de l&rsquo;homme et des libert\u00e9s fondamentales.<\/p>\n<h2 style=\"text-align: left;\"><span style=\"color: #003366;\"><strong>Chapitre iv &#8211; droit de visite<\/strong><\/span><\/h2>\n<h3 style=\"text-align: left;\"><span style=\"color: #003366;\"><strong>Article 21<\/strong><\/span><\/h3>\n<p style=\"text-align: left;\">Une demande visant l&rsquo;organisation ou la protection de l&rsquo;exercice effectif d&rsquo;un droit de visite peut \u00eatre adress\u00e9e \u00e0 l&rsquo;Autorit\u00e9 centrale d&rsquo;un Etat contractant selon les m\u00eames modalit\u00e9s qu&rsquo;une demande visant au retour de l&rsquo;enfant.<\/p>\n<p style=\"text-align: left;\">Les Autorit\u00e9s centrales sont li\u00e9es par les obligations de coop\u00e9ration vis\u00e9es \u00e0 l&rsquo;article 7 pour assurer l&rsquo;exercice paisible du droit de visite et l&rsquo;accomplissement de toute condition \u00e0 laquelle l&rsquo;exercice de ce droit serait soumis, et pour que soient lev\u00e9s, dans toute la mesure du possible, les obstacles de nature \u00e0 s&rsquo;y opposer.<\/p>\n<p style=\"text-align: left;\">Les Autorit\u00e9s centrales, soit directement, soit par des interm\u00e9diaires, peuvent entamer ou favoriser une proc\u00e9dure l\u00e9gale en vue d&rsquo;organiser ou de prot\u00e9ger le droit de visite et les conditions auxquelles l&rsquo;exercice de ce droit pourrait \u00eatre soumis.<\/p>\n<h2 style=\"text-align: left;\"><span style=\"color: #003366;\"><strong>Chapitre v &#8211; dispositions g\u00e9n\u00e9rales<\/strong><\/span><\/h2>\n<h3 style=\"text-align: left;\"><span style=\"color: #003366;\"><strong>Article 22<\/strong><\/span><\/h3>\n<p style=\"text-align: left;\">Aucune caution ni aucun d\u00e9p\u00f4t, sous quelque d\u00e9nomination que ce soit, ne peut \u00eatre impos\u00e9 pour garantir le paiement des frais et d\u00e9pens dans le contexte des proc\u00e9dures judiciaires ou administratives vis\u00e9es par la Convention.<\/p>\n<h3 style=\"text-align: left;\"><span style=\"color: #003366;\"><strong>Article 23<\/strong><\/span><\/h3>\n<p style=\"text-align: left;\">Aucune l\u00e9galisation ni formalit\u00e9 similaire ne sera requise dans le contexte de la Convention.<\/p>\n<h3 style=\"text-align: left;\"><span style=\"color: #003366;\"><strong>Article 24<\/strong><\/span><\/h3>\n<p style=\"text-align: left;\">Toute demande, communication ou autre document sont envoy\u00e9s dans leur langue originale \u00e0 l&rsquo;Autorit\u00e9 centrale de l&rsquo;Etat requis et accompagn\u00e9s d&rsquo;une traduction dans la langue officielle ou l&rsquo;une des langues officielles de cet Etat ou, lorsque cette traduction est difficilement r\u00e9alisable, d&rsquo;une traduction en fran\u00e7ais ou en anglais.<\/p>\n<p style=\"text-align: left;\">Toutefois, un Etat contractant pourra, en faisant la r\u00e9serve pr\u00e9vue \u00e0 l&rsquo;article 42, s&rsquo;opposer \u00e0 l&rsquo;utilisation soit du fran\u00e7ais, soit de l&rsquo;anglais, dans toute demande, communication ou autre document adress\u00e9s \u00e0 son Autorit\u00e9 centrale.<\/p>\n<h3 style=\"text-align: left;\"><span style=\"color: #003366;\"><strong>Article 25<\/strong><\/span><\/h3>\n<p style=\"text-align: left;\">Les ressortissants d&rsquo;un Etat contractant et les personnes qui r\u00e9sident habituellement dans cet Etat auront droit, pour tout ce qui concerne l&rsquo;application de la Convention, \u00e0 l&rsquo;assistance judiciaire et juridique dans tout autre Etat contractant, dans les m\u00eames conditions que s&rsquo;ils \u00e9taient eux-m\u00eames ressortissants de cet autre Etat et y r\u00e9sidaient habituellement.<\/p>\n<h3 style=\"text-align: left;\"><span style=\"color: #003366;\"><strong>Article 26<\/strong><\/span><\/h3>\n<p style=\"text-align: left;\">Chaque Autorit\u00e9 centrale supportera ses propres frais en appliquant la Convention.<\/p>\n<p style=\"text-align: left;\">L&rsquo;Autorit\u00e9 centrale et les autres services publics des Etats contractants n&rsquo;imposeront aucun frais en relation avec les demandes introduites en application de la Convention. Notamment, ils ne peuvent r\u00e9clamer du demandeur le paiement des frais et d\u00e9pens du proc\u00e8s ou, \u00e9ventuellement, des frais entra\u00een\u00e9s par la participation d&rsquo;un avocat. Cependant, ils peuvent demander le paiement des d\u00e9penses caus\u00e9es ou qui seraient caus\u00e9es par les op\u00e9rations li\u00e9es au retour de l&rsquo;enfant.<\/p>\n<p style=\"text-align: left;\">Toutefois, un Etat contractant pourra, en faisant la r\u00e9serve pr\u00e9vue \u00e0 l&rsquo;article 42, d\u00e9clarer qu&rsquo;il n&rsquo;est tenu au paiement des frais vis\u00e9s \u00e0 l&rsquo;alin\u00e9a pr\u00e9c\u00e9dent, li\u00e9s \u00e0 la participation d&rsquo;un avocat ou d&rsquo;un conseiller juridique, ou aux frais de justice, que dans la mesure o\u00f9 ces co\u00fbts peuvent \u00eatre couverts par son syst\u00e8me d&rsquo;assistance judiciaire et juridique.<\/p>\n<p style=\"text-align: left;\">En ordonnant le retour de l&rsquo;enfant ou en statuant sur le droit de visite dans le cadre de la Convention, l&rsquo;autorit\u00e9 judiciaire ou administrative peut, le cas \u00e9ch\u00e9ant, mettre \u00e0 la charge de la personne qui a d\u00e9plac\u00e9 ou qui a retenu l&rsquo;enfant, ou qui a emp\u00each\u00e9 l&rsquo;exercice du droit de visite, le paiement de tous frais n\u00e9cessaires engag\u00e9s par le demandeur ou en son nom, notamment des frais de voyage, des frais de repr\u00e9sentation judiciaire du demandeur et de retour de l&rsquo;enfant, ainsi que de tous les co\u00fbts et d\u00e9penses faits pour localiser l&rsquo;enfant.<\/p>\n<h3 style=\"text-align: left;\"><span style=\"color: #003366;\"><strong>Article 27<\/strong><\/span><\/h3>\n<p style=\"text-align: left;\">Lorsqu&rsquo;il est manifeste que les conditions requises par la Convention ne sont pas remplies ou que la demande n&rsquo;est pas fond\u00e9e, une Autorit\u00e9 centrale n&rsquo;est pas tenue d&rsquo;accepter une telle demande. En ce cas, elle informe imm\u00e9diatement de ses motifs le demandeur ou, le cas \u00e9ch\u00e9ant, l&rsquo;Autorit\u00e9 centrale qui lui a transmis la demande.<\/p>\n<h3 style=\"text-align: left;\"><span style=\"color: #003366;\"><strong>Article 28<\/strong><\/span><\/h3>\n<p style=\"text-align: left;\">Une Autorit\u00e9 centrale peut exiger que la demande soit accompagn\u00e9e d&rsquo;une autorisation par \u00e9crit lui donnant le pouvoir d&rsquo;agir pour le compte du demandeur, ou de d\u00e9signer un <span style=\"color: #003366;\">repr\u00e9sentant habilit\u00e9 \u00e0 agir en son nom.<\/span><\/p>\n<h3 style=\"text-align: left;\"><span style=\"color: #003366;\"><strong>Article 29<\/strong><\/span><\/h3>\n<p style=\"text-align: left;\">La Convention ne fait pas obstacle \u00e0 la facult\u00e9 pour la personne, l&rsquo;institution ou l&rsquo;organisme qui pr\u00e9tend qu&rsquo;il y a eu une violation du droit de garde ou de visite au sens des articles 3 ou 21 de s&rsquo;adresser directement aux autorit\u00e9s judiciaires ou administratives des Etats contractants, par application ou non des dispositions de la Convention.<\/p>\n<h3 style=\"text-align: left;\"><span style=\"color: #003366;\"><strong>Article 30<\/strong><\/span><\/h3>\n<p style=\"text-align: left;\">Toute demande, soumise \u00e0 l&rsquo;Autorit\u00e9 centrale ou directement aux autorit\u00e9s judiciaires ou administratives d&rsquo;un Etat contractant par application de la Convention, ainsi que tout document ou information qui y serait annex\u00e9 ou fourni par une Autorit\u00e9 centrale, seront recevables devant les tribunaux ou les autorit\u00e9s administratives des Etats contractants.<\/p>\n<h3 style=\"text-align: left;\"><span style=\"color: #003366;\"><strong>Article 31<\/strong><\/span><\/h3>\n<p style=\"text-align: left;\">Au regard d&rsquo;un Etat qui conna\u00eet en mati\u00e8re de garde des enfants deux ou plusieurs syst\u00e8mes de droit applicables dans des unit\u00e9s territoriales diff\u00e9rentes :<\/p>\n<p style=\"text-align: left;\">a) toute r\u00e9f\u00e9rence \u00e0 la r\u00e9sidence habituelle dans cet Etat vise la r\u00e9sidence habituelle dans une unit\u00e9 territoriale de cet Etat ;<\/p>\n<p style=\"text-align: left;\">b) toute r\u00e9f\u00e9rence \u00e0 la loi de l&rsquo;Etat de la r\u00e9sidence habituelle vise la loi de l&rsquo;unit\u00e9 territoriale dans laquelle l&rsquo;enfant a sa r\u00e9sidence habituelle.<\/p>\n<h3 style=\"text-align: left;\"><span style=\"color: #003366;\"><strong>Article 32<\/strong><\/span><\/h3>\n<p style=\"text-align: left;\">Au regard d&rsquo;un Etat connaissant en mati\u00e8re de garde des enfants deux ou plusieurs syst\u00e8mes de droit applicables \u00e0 des cat\u00e9gories diff\u00e9rentes de personnes, toute r\u00e9f\u00e9rence \u00e0 la loi de cet Etat vise le syst\u00e8me de droit d\u00e9sign\u00e9 par le droit de celui-ci.<\/p>\n<h3 style=\"text-align: left;\"><span style=\"color: #003366;\"><strong>Article 33<\/strong><\/span><\/h3>\n<p style=\"text-align: left;\">Un Etat dans lequel diff\u00e9rentes unit\u00e9s territoriales ont leurs propres r\u00e8gles de droit en mati\u00e8re de garde des enfants ne sera pas tenu d&rsquo;appliquer la Convention lorsqu&rsquo;un Etat dont le syst\u00e8me de droit est unifi\u00e9 ne serait pas tenu de l&rsquo;appliquer.<\/p>\n<h3 style=\"text-align: left;\"><span style=\"color: #003366;\"><strong>Article 34<\/strong><\/span><\/h3>\n<p style=\"text-align: left;\">Dans les mati\u00e8res auxquelles elle s&rsquo;applique, la Convention pr\u00e9vaut sur la Convention du 5 octobre 1961 concernant la comp\u00e9tence des autorit\u00e9s et la loi applicable en mati\u00e8re de protection des mineurs, entre les Etats Parties aux deux Conventions. Par ailleurs, la pr\u00e9sente Convention n&#8217;emp\u00eache pas qu&rsquo;un autre instrument international liant l&rsquo;Etat d&rsquo;origine et l&rsquo;Etat requis, ni que le droit non conventionnel de l&rsquo;Etat requis, ne soient invoqu\u00e9s pour obtenir le retour d&rsquo;un enfant qui a \u00e9t\u00e9 d\u00e9plac\u00e9 ou retenu illicitement ou pour organiser le droit de visite.<\/p>\n<h3 style=\"text-align: left;\"><span style=\"color: #003366;\"><strong>Article 35<\/strong><\/span><\/h3>\n<p style=\"text-align: left;\">La Convention ne s&rsquo;applique entre les Etats contractants qu&rsquo;aux enl\u00e8vements ou aux non-retours illicites qui se sont produits apr\u00e8s son entr\u00e9e en vigueur dans ces Etats.<\/p>\n<p style=\"text-align: left;\">Si une d\u00e9claration a \u00e9t\u00e9 faite conform\u00e9ment aux articles 39 ou 40, la r\u00e9f\u00e9rence \u00e0 un Etat contractant faite \u00e0 l&rsquo;alin\u00e9a pr\u00e9c\u00e9dent signifie l&rsquo;unit\u00e9 ou les unit\u00e9s territoriales auxquelles la Convention s&rsquo;applique.<\/p>\n<h3 style=\"text-align: left;\"><span style=\"color: #003366;\"><strong>Article 36<\/strong><\/span><\/h3>\n<p style=\"text-align: left;\">Rien dans la Convention n&#8217;emp\u00eache deux ou plusieurs Etats contractants, afin de limiter les restrictions auxquelles le retour de l&rsquo;enfant peut \u00eatre soumis, de convenir entre eux de d\u00e9roger \u00e0 celles de ses dispositions qui peuvent impliquer de telles restrictions.<\/p>\n<h2 style=\"text-align: left;\"><span style=\"color: #003366;\"><strong>Chapitre vi &#8211; clauses finales<\/strong><\/span><\/h2>\n<h3 style=\"text-align: left;\"><span style=\"color: #003366;\"><strong>Article 37<\/strong><\/span><\/h3>\n<p style=\"text-align: left;\">La Convention est ouverte \u00e0 la signature des Etats qui \u00e9taient Membres de la Conf\u00e9rence de La Haye de droit international priv\u00e9 lors de sa Quatorzi\u00e8me session.<\/p>\n<p style=\"text-align: left;\">Elle sera ratifi\u00e9e, accept\u00e9e ou approuv\u00e9e et les instruments de ratification, d&rsquo;acceptation ou d&rsquo;approbation seront d\u00e9pos\u00e9s aupr\u00e8s du Minist\u00e8re des Affaires Etrang\u00e8res du Royaume des Pays-Bas.<\/p>\n<h3 style=\"text-align: left;\"><span style=\"color: #003366;\"><strong>Article 38<\/strong><\/span><\/h3>\n<p style=\"text-align: left;\">Tout autre Etat pourra adh\u00e9rer \u00e0 la Convention.<\/p>\n<p style=\"text-align: left;\">L&rsquo;instrument d&rsquo;adh\u00e9sion sera d\u00e9pos\u00e9 aupr\u00e8s du Minist\u00e8re des Affaires Etrang\u00e8res du Royaume des Pays-Bas.<\/p>\n<p style=\"text-align: left;\">La Convention entrera en vigueur, pour l&rsquo;Etat adh\u00e9rant, le premier jour du troisi\u00e8me mois du calendrier apr\u00e8s le d\u00e9p\u00f4t de son instrument d&rsquo;adh\u00e9sion.<\/p>\n<p style=\"text-align: left;\">L&rsquo;adh\u00e9sion n&rsquo;aura d&rsquo;effet que dans les rapports entre l&rsquo;Etat adh\u00e9rant et les Etats contractants qui auront d\u00e9clar\u00e9 accepter cette adh\u00e9sion. Une telle d\u00e9claration devra \u00e9galement \u00eatre faite par tout Etat membre ratifiant, acceptant ou approuvant la Convention ult\u00e9rieurement \u00e0 l&rsquo;adh\u00e9sion. Cette d\u00e9claration sera d\u00e9pos\u00e9e aupr\u00e8s du Minist\u00e8re des Affaires Etrang\u00e8res du Royaume des Pays-Bas ; celui-ci en enverra, par la voie diplomatique, une copie certifi\u00e9e conforme, \u00e0 chacun des Etats contractants.<\/p>\n<p style=\"text-align: left;\">La Convention entrera en vigueur entre l&rsquo;Etat adh\u00e9rant et l&rsquo;Etat ayant d\u00e9clar\u00e9 accepter cette adh\u00e9sion le premier jour du troisi\u00e8me mois du calendrier apr\u00e8s le d\u00e9p\u00f4t de la d\u00e9claration d&rsquo;acceptation.<\/p>\n<h3 style=\"text-align: left;\"><span style=\"color: #003366;\"><strong>Article 39<\/strong><\/span><\/h3>\n<p style=\"text-align: left;\">Tout Etat, au moment de la signature, de la ratification, de l&rsquo;acceptation, de l&rsquo;approbation ou de l&rsquo;adh\u00e9sion, pourra d\u00e9clarer que la Convention s&rsquo;\u00e9tendra \u00e0 l&rsquo;ensemble des territoires qu&rsquo;il repr\u00e9sente sur le plan international ou \u00e0 l&rsquo;un ou plusieurs d&rsquo;entre eux. Cette d\u00e9claration aura effet au moment o\u00f9 elle entre en vigueur pour cet Etat.<\/p>\n<p style=\"text-align: left;\">Cette d\u00e9claration, ainsi que toute extension ult\u00e9rieure, seront notifi\u00e9es au Minist\u00e8re des Affaires Etrang\u00e8res du Royaume des Pays-Bas.<\/p>\n<h3 style=\"text-align: left;\"><span style=\"color: #003366;\"><strong>Article 40<\/strong><\/span><\/h3>\n<p style=\"text-align: left;\">Un Etat contractant qui comprend deux ou plusieurs unit\u00e9s territoriales dans lesquelles des syst\u00e8mes de droit diff\u00e9rents s&rsquo;appliquent aux mati\u00e8res r\u00e9gies par cette Convention pourra, au moment de la signature, de la ratification, de l&rsquo;acceptation, de l&rsquo;approbation ou de l&rsquo;adh\u00e9sion, d\u00e9clarer que la pr\u00e9sente Convention s&rsquo;appliquera \u00e0 toutes ses unit\u00e9s territoriales ou seulement \u00e0 l&rsquo;une ou \u00e0 plusieurs d&rsquo;entre elles, et pourra \u00e0 tout moment modifier cette d\u00e9claration en faisant une nouvelle d\u00e9claration.<\/p>\n<p style=\"text-align: left;\">Ces d\u00e9clarations seront notifi\u00e9es au Minist\u00e8re des Affaires Etrang\u00e8res du Royaume des Pays-Bas et indiqueront express\u00e9ment les unit\u00e9s territoriales auxquelles la Convention s&rsquo;applique.<\/p>\n<h3 style=\"text-align: left;\"><span style=\"color: #003366;\"><strong>Article 41<\/strong><\/span><\/h3>\n<p style=\"text-align: left;\">Lorsqu&rsquo;un Etat contractant a un syst\u00e8me de gouvernement en vertu duquel les pouvoirs ex\u00e9cutif, judiciaire et l\u00e9gislatif sont partag\u00e9s entre des Autorit\u00e9s centrales et d&rsquo;autres autorit\u00e9s de cet Etat, la signature, la ratification, l&rsquo;acceptation ou l&rsquo;approbation de la Convention, ou l&rsquo;adh\u00e9sion \u00e0 celle-ci, ou une d\u00e9claration faite en vertu de l&rsquo;article 40, n&#8217;emportera aucune cons\u00e9quence quant au partage interne des pouvoirs dans cet Etat.<\/p>\n<h3 style=\"text-align: left;\"><span style=\"color: #003366;\"><strong>Article 42<\/strong><\/span><\/h3>\n<p style=\"text-align: left;\">Tout Etat contractant pourra, au plus tard au moment de la ratification, de l&rsquo;acceptation, de l&rsquo;approbation ou de l&rsquo;adh\u00e9sion, ou au moment d&rsquo;une d\u00e9claration faite en vertu des articles 39 ou 40, faire soit l&rsquo;une, soit les deux r\u00e9serves pr\u00e9vues aux articles 24 et 26, alin\u00e9a 3. Aucune autre r\u00e9serve ne sera admise.<\/p>\n<p style=\"text-align: left;\">Tout Etat pourra, \u00e0 tout moment, retirer une r\u00e9serve qu&rsquo;il aura faite. Ce retrait sera notifi\u00e9 au Minist\u00e8re des Affaires Etrang\u00e8res du Royaume des Pays-Bas.<\/p>\n<p style=\"text-align: left;\">L&rsquo;effet de la r\u00e9serve cessera le premier jour du troisi\u00e8me mois du calendrier apr\u00e8s la notification mentionn\u00e9e \u00e0 l&rsquo;alin\u00e9a pr\u00e9c\u00e9dent.<\/p>\n<h3 style=\"text-align: left;\"><span style=\"color: #003366;\"><strong>Article 43<\/strong><\/span><\/h3>\n<p style=\"text-align: left;\">La Convention entrera en vigueur le premier jour du troisi\u00e8me mois du calendrier apr\u00e8s le d\u00e9p\u00f4t du troisi\u00e8me instrument de ratification, d&rsquo;acceptation, d&rsquo;approbation ou d&rsquo;adh\u00e9sion pr\u00e9vu par les articles 37 et 38.<\/p>\n<p style=\"text-align: left;\">Ensuite, la Convention entrera en vigueur :<\/p>\n<p style=\"text-align: left;\">1. pour chaque Etat ratifiant, acceptant, approuvant ou adh\u00e9rant post\u00e9rieurement le premier jour du troisi\u00e8me mois du calendrier apr\u00e8s le d\u00e9p\u00f4t de son instrument de ratification, d&rsquo;acceptation, d&rsquo;approbation ou d&rsquo;adh\u00e9sion ;<\/p>\n<p style=\"text-align: left;\">2. pour les territoires ou les unit\u00e9s territoriales auxquels la Convention a \u00e9t\u00e9 \u00e9tendue conform\u00e9ment \u00e0 l&rsquo;article 39 ou 40, le premier jour du troisi\u00e8me mois du calendrier apr\u00e8s la notification vis\u00e9e dans ces articles.<\/p>\n<h3 style=\"text-align: left;\"><span style=\"color: #003366;\"><strong>Article 44<\/strong><\/span><\/h3>\n<p style=\"text-align: left;\">La Convention aura une dur\u00e9e de cinq ans \u00e0 partir de la date de son entr\u00e9e en vigueur conform\u00e9ment \u00e0 l&rsquo;article 43, alin\u00e9a premier, m\u00eame pour les Etats qui l&rsquo;auront post\u00e9rieurement ratifi\u00e9e, accept\u00e9e ou approuv\u00e9e ou qui y auront adh\u00e9r\u00e9.<\/p>\n<p style=\"text-align: left;\">La Convention sera renouvel\u00e9e tacitement de cinq ans en cinq ans, sauf d\u00e9nonciation.<\/p>\n<p style=\"text-align: left;\">La d\u00e9nonciation sera notifi\u00e9e, au moins six mois avant l&rsquo;expiration du d\u00e9lai de cinq ans, au Minist\u00e8re des Affaires Etrang\u00e8res du Royaume des Pays-Bas. Elle pourra se limiter \u00e0 certains territoires ou unit\u00e9s territoriales auxquels s&rsquo;applique la Convention.<\/p>\n<p style=\"text-align: left;\">La d\u00e9nonciation n&rsquo;aura d&rsquo;effet qu&rsquo;\u00e0 l&rsquo;\u00e9gard de l&rsquo;Etat qui l&rsquo;aura notifi\u00e9e. La Convention restera en vigueur pour les autres Etats contractants.<\/p>\n<h3 style=\"text-align: left;\"><span style=\"color: #003366;\"><strong>Article 45<\/strong><\/span><\/h3>\n<p style=\"text-align: left;\">Le Minist\u00e8re des Affaires Etrang\u00e8res du Royaume des Pays-Bas notifiera aux Etats Membres de la Conf\u00e9rence, ainsi qu&rsquo;aux Etats qui auront adh\u00e9r\u00e9 conform\u00e9ment aux dispositions de l&rsquo;article 38 :<\/p>\n<p style=\"text-align: left;\">1. les signatures, ratifications, acceptations et approbations vis\u00e9es \u00e0 l&rsquo;article 37 ;<\/p>\n<p style=\"text-align: left;\">2. les adh\u00e9sions vis\u00e9es \u00e0 l&rsquo;article 38 ;<\/p>\n<p style=\"text-align: left;\">3. la date \u00e0 laquelle la Convention entrera en vigueur conform\u00e9ment aux dispositions de l&rsquo;article 43 ;<\/p>\n<p style=\"text-align: left;\">4. les extensions vis\u00e9es \u00e0 l&rsquo;article 39 ;<\/p>\n<p style=\"text-align: left;\">5. les d\u00e9clarations mentionn\u00e9es aux articles 38 et 40 ;<\/p>\n<p style=\"text-align: left;\">6. les r\u00e9serves pr\u00e9vues aux articles 24 et 26, alin\u00e9a 3, et le retrait des r\u00e9serves pr\u00e9vu \u00e0 l&rsquo;article 42 ;<\/p>\n<p style=\"text-align: left;\">7. les d\u00e9nonciations vis\u00e9es \u00e0 l&rsquo;article 44.<\/p>\n<p style=\"text-align: left;\">En foi de quoi, les soussign\u00e9s, d\u00fbment autoris\u00e9s, ont sign\u00e9 la pr\u00e9sente Convention.<\/p>\n<p style=\"text-align: left;\">Fait \u00e0 La Haye, le 25 octobre 1980, en fran\u00e7ais et en anglais, les deux textes faisant \u00e9galement foi, en un seul exemplaire, qui sera d\u00e9pos\u00e9 dans les archives du Gouvernement du Royaume des Pays-Bas et dont une copie certifi\u00e9e conforme sera remise, par la voie diplomatique, \u00e0 chacun des Etats Membres de la Conf\u00e9rence de La Haye de droit international priv\u00e9 lors de sa Quatorzi\u00e8me session.<\/p>\n<p>&nbsp;<\/p>\n<div id=\"toggle\"><a><\/a><\/div>\n<div id=\"voir_aussi_box\" style=\"display: none;\">\n<ul>\n<li><a href=\"https:\/\/www.humanium.org\/fr\/autres-textes\/\">Autres textes relatifs aux Droits de l\u2019Enfant<\/a><\/li>\n<li><a href=\"https:\/\/www.humanium.org\/fr\/normes\/\">Normes de r\u00e9f\u00e9rence des Droits de l\u2019Enfant<\/a><\/li>\n<\/ul>\n<\/div>\n","protected":false},"excerpt":{"rendered":"<p>Convention sur les aspects civils de l&rsquo;enl\u00e8vement international d&rsquo;enfants 25 octobre 1980 (texte int\u00e9gral) Pr\u00e9ambule Les Etats signataires de la pr\u00e9sente Convention, Profond\u00e9ment convaincus que l&rsquo;int\u00e9r\u00eat de l&rsquo;enfant est d&rsquo;une importance primordiale pour toute question relative \u00e0 sa garde, D\u00e9sirant prot\u00e9ger l&rsquo;enfant, sur le plan international, contre les effets nuisibles d&rsquo;un d\u00e9placement ou d&rsquo;un non-retour [&hellip;]<\/p>\n","protected":false},"author":65,"featured_media":0,"parent":0,"menu_order":0,"comment_status":"closed","ping_status":"closed","template":"","meta":{"footnotes":""},"class_list":["post-1390","page","type-page","status-publish","hentry"],"yoast_head":"<!-- This site is optimized with the Yoast SEO plugin v28.3 - https:\/\/yoast.com\/product\/yoast-seo-wordpress\/ -->\n<title>Convention sur les aspects civils de l&#039;enl\u00e8vement international d&#039;enfants - 1980 - Texte int\u00e9gral - Humanium<\/title>\n<meta name=\"robots\" content=\"index, follow, max-snippet:-1, max-image-preview:large, max-video-preview:-1\" \/>\n<link rel=\"canonical\" href=\"https:\/\/www.humanium.org\/fr\/convention-enlevement-international-enfants\/\" \/>\n<meta property=\"og:locale\" content=\"fr_FR\" \/>\n<meta property=\"og:type\" content=\"article\" \/>\n<meta property=\"og:title\" content=\"Convention sur les aspects civils de l&#039;enl\u00e8vement international d&#039;enfants - 1980 - Texte int\u00e9gral - Humanium\" \/>\n<meta property=\"og:description\" content=\"Convention sur les aspects civils de l&rsquo;enl\u00e8vement international d&rsquo;enfants 25 octobre 1980 (texte int\u00e9gral) Pr\u00e9ambule Les Etats signataires de la pr\u00e9sente Convention, Profond\u00e9ment convaincus que l&rsquo;int\u00e9r\u00eat de l&rsquo;enfant est d&rsquo;une importance primordiale pour toute question relative \u00e0 sa garde, D\u00e9sirant prot\u00e9ger l&rsquo;enfant, sur le plan international, contre les effets nuisibles d&rsquo;un d\u00e9placement ou d&rsquo;un non-retour [&hellip;]\" \/>\n<meta property=\"og:url\" content=\"https:\/\/www.humanium.org\/fr\/convention-enlevement-international-enfants\/\" \/>\n<meta property=\"og:site_name\" content=\"Humanium\" \/>\n<meta property=\"article:modified_time\" content=\"2017-10-04T07:30:27+00:00\" \/>\n<meta property=\"og:image\" content=\"https:\/\/www.humanium.org\/fr\/wp-content\/uploads\/logo-odt.gif\" \/>\n<meta name=\"twitter:card\" content=\"summary_large_image\" \/>\n<meta name=\"twitter:label1\" content=\"Dur\u00e9e de lecture estim\u00e9e\" \/>\n\t<meta name=\"twitter:data1\" content=\"21 minutes\" \/>\n<script type=\"application\/ld+json\" class=\"yoast-schema-graph\">{\"@context\":\"https:\\\/\\\/schema.org\",\"@graph\":[{\"@type\":\"WebPage\",\"@id\":\"https:\\\/\\\/www.humanium.org\\\/fr\\\/convention-enlevement-international-enfants\\\/\",\"url\":\"https:\\\/\\\/www.humanium.org\\\/fr\\\/convention-enlevement-international-enfants\\\/\",\"name\":\"Convention sur les aspects civils de l'enl\u00e8vement international d'enfants - 1980 - Texte int\u00e9gral - Humanium\",\"isPartOf\":{\"@id\":\"https:\\\/\\\/www.humanium.org\\\/fr\\\/#website\"},\"primaryImageOfPage\":{\"@id\":\"https:\\\/\\\/www.humanium.org\\\/fr\\\/convention-enlevement-international-enfants\\\/#primaryimage\"},\"image\":{\"@id\":\"https:\\\/\\\/www.humanium.org\\\/fr\\\/convention-enlevement-international-enfants\\\/#primaryimage\"},\"thumbnailUrl\":\"https:\\\/\\\/www.humanium.org\\\/fr\\\/wp-content\\\/uploads\\\/logo-odt.gif\",\"datePublished\":\"2010-07-08T08:32:33+00:00\",\"dateModified\":\"2017-10-04T07:30:27+00:00\",\"breadcrumb\":{\"@id\":\"https:\\\/\\\/www.humanium.org\\\/fr\\\/convention-enlevement-international-enfants\\\/#breadcrumb\"},\"inLanguage\":\"fr-FR\",\"potentialAction\":[{\"@type\":\"ReadAction\",\"target\":[\"https:\\\/\\\/www.humanium.org\\\/fr\\\/convention-enlevement-international-enfants\\\/\"]}]},{\"@type\":\"ImageObject\",\"inLanguage\":\"fr-FR\",\"@id\":\"https:\\\/\\\/www.humanium.org\\\/fr\\\/convention-enlevement-international-enfants\\\/#primaryimage\",\"url\":\"https:\\\/\\\/www.humanium.org\\\/fr\\\/wp-content\\\/uploads\\\/logo-odt.gif\",\"contentUrl\":\"https:\\\/\\\/www.humanium.org\\\/fr\\\/wp-content\\\/uploads\\\/logo-odt.gif\"},{\"@type\":\"BreadcrumbList\",\"@id\":\"https:\\\/\\\/www.humanium.org\\\/fr\\\/convention-enlevement-international-enfants\\\/#breadcrumb\",\"itemListElement\":[{\"@type\":\"ListItem\",\"position\":1,\"name\":\"Home\",\"item\":\"https:\\\/\\\/www.humanium.org\\\/fr\\\/\"},{\"@type\":\"ListItem\",\"position\":2,\"name\":\"Convention sur les aspects civils de l&rsquo;enl\u00e8vement international d&rsquo;enfants &#8211; 1980 &#8211; Texte int\u00e9gral\"}]},{\"@type\":\"WebSite\",\"@id\":\"https:\\\/\\\/www.humanium.org\\\/fr\\\/#website\",\"url\":\"https:\\\/\\\/www.humanium.org\\\/fr\\\/\",\"name\":\"Humanium\",\"description\":\"Les enfants d\u2019abord !\",\"potentialAction\":[{\"@type\":\"SearchAction\",\"target\":{\"@type\":\"EntryPoint\",\"urlTemplate\":\"https:\\\/\\\/www.humanium.org\\\/fr\\\/?s={search_term_string}\"},\"query-input\":{\"@type\":\"PropertyValueSpecification\",\"valueRequired\":true,\"valueName\":\"search_term_string\"}}],\"inLanguage\":\"fr-FR\"}]}<\/script>\n<!-- \/ Yoast SEO plugin. -->","yoast_head_json":{"title":"Convention sur les aspects civils de l'enl\u00e8vement international d'enfants - 1980 - Texte int\u00e9gral - Humanium","robots":{"index":"index","follow":"follow","max-snippet":"max-snippet:-1","max-image-preview":"max-image-preview:large","max-video-preview":"max-video-preview:-1"},"canonical":"https:\/\/www.humanium.org\/fr\/convention-enlevement-international-enfants\/","og_locale":"fr_FR","og_type":"article","og_title":"Convention sur les aspects civils de l'enl\u00e8vement international d'enfants - 1980 - Texte int\u00e9gral - Humanium","og_description":"Convention sur les aspects civils de l&rsquo;enl\u00e8vement international d&rsquo;enfants 25 octobre 1980 (texte int\u00e9gral) Pr\u00e9ambule Les Etats signataires de la pr\u00e9sente Convention, Profond\u00e9ment convaincus que l&rsquo;int\u00e9r\u00eat de l&rsquo;enfant est d&rsquo;une importance primordiale pour toute question relative \u00e0 sa garde, D\u00e9sirant prot\u00e9ger l&rsquo;enfant, sur le plan international, contre les effets nuisibles d&rsquo;un d\u00e9placement ou d&rsquo;un non-retour [&hellip;]","og_url":"https:\/\/www.humanium.org\/fr\/convention-enlevement-international-enfants\/","og_site_name":"Humanium","article_modified_time":"2017-10-04T07:30:27+00:00","og_image":[{"url":"https:\/\/www.humanium.org\/fr\/wp-content\/uploads\/logo-odt.gif","type":"","width":"","height":""}],"twitter_card":"summary_large_image","twitter_misc":{"Dur\u00e9e de lecture estim\u00e9e":"21 minutes"},"schema":{"@context":"https:\/\/schema.org","@graph":[{"@type":"WebPage","@id":"https:\/\/www.humanium.org\/fr\/convention-enlevement-international-enfants\/","url":"https:\/\/www.humanium.org\/fr\/convention-enlevement-international-enfants\/","name":"Convention sur les aspects civils de l'enl\u00e8vement international d'enfants - 1980 - Texte int\u00e9gral - Humanium","isPartOf":{"@id":"https:\/\/www.humanium.org\/fr\/#website"},"primaryImageOfPage":{"@id":"https:\/\/www.humanium.org\/fr\/convention-enlevement-international-enfants\/#primaryimage"},"image":{"@id":"https:\/\/www.humanium.org\/fr\/convention-enlevement-international-enfants\/#primaryimage"},"thumbnailUrl":"https:\/\/www.humanium.org\/fr\/wp-content\/uploads\/logo-odt.gif","datePublished":"2010-07-08T08:32:33+00:00","dateModified":"2017-10-04T07:30:27+00:00","breadcrumb":{"@id":"https:\/\/www.humanium.org\/fr\/convention-enlevement-international-enfants\/#breadcrumb"},"inLanguage":"fr-FR","potentialAction":[{"@type":"ReadAction","target":["https:\/\/www.humanium.org\/fr\/convention-enlevement-international-enfants\/"]}]},{"@type":"ImageObject","inLanguage":"fr-FR","@id":"https:\/\/www.humanium.org\/fr\/convention-enlevement-international-enfants\/#primaryimage","url":"https:\/\/www.humanium.org\/fr\/wp-content\/uploads\/logo-odt.gif","contentUrl":"https:\/\/www.humanium.org\/fr\/wp-content\/uploads\/logo-odt.gif"},{"@type":"BreadcrumbList","@id":"https:\/\/www.humanium.org\/fr\/convention-enlevement-international-enfants\/#breadcrumb","itemListElement":[{"@type":"ListItem","position":1,"name":"Home","item":"https:\/\/www.humanium.org\/fr\/"},{"@type":"ListItem","position":2,"name":"Convention sur les aspects civils de l&rsquo;enl\u00e8vement international d&rsquo;enfants &#8211; 1980 &#8211; Texte int\u00e9gral"}]},{"@type":"WebSite","@id":"https:\/\/www.humanium.org\/fr\/#website","url":"https:\/\/www.humanium.org\/fr\/","name":"Humanium","description":"Les enfants d\u2019abord !","potentialAction":[{"@type":"SearchAction","target":{"@type":"EntryPoint","urlTemplate":"https:\/\/www.humanium.org\/fr\/?s={search_term_string}"},"query-input":{"@type":"PropertyValueSpecification","valueRequired":true,"valueName":"search_term_string"}}],"inLanguage":"fr-FR"}]}},"_links":{"self":[{"href":"https:\/\/www.humanium.org\/fr\/wp-json\/wp\/v2\/pages\/1390","targetHints":{"allow":["GET"]}}],"collection":[{"href":"https:\/\/www.humanium.org\/fr\/wp-json\/wp\/v2\/pages"}],"about":[{"href":"https:\/\/www.humanium.org\/fr\/wp-json\/wp\/v2\/types\/page"}],"author":[{"embeddable":true,"href":"https:\/\/www.humanium.org\/fr\/wp-json\/wp\/v2\/users\/65"}],"replies":[{"embeddable":true,"href":"https:\/\/www.humanium.org\/fr\/wp-json\/wp\/v2\/comments?post=1390"}],"version-history":[{"count":4,"href":"https:\/\/www.humanium.org\/fr\/wp-json\/wp\/v2\/pages\/1390\/revisions"}],"predecessor-version":[{"id":41460,"href":"https:\/\/www.humanium.org\/fr\/wp-json\/wp\/v2\/pages\/1390\/revisions\/41460"}],"wp:attachment":[{"href":"https:\/\/www.humanium.org\/fr\/wp-json\/wp\/v2\/media?parent=1390"}],"curies":[{"name":"wp","href":"https:\/\/api.w.org\/{rel}","templated":true}]}}