{"id":13923,"date":"2011-12-05T10:17:26","date_gmt":"2011-12-05T10:17:26","guid":{"rendered":"http:\/\/www.humanium.org\/fr\/?page_id=13923"},"modified":"2025-12-05T14:40:47","modified_gmt":"2025-12-05T14:40:47","slug":"roumanie","status":"publish","type":"page","link":"https:\/\/www.humanium.org\/fr\/roumanie\/","title":{"rendered":"Enfants de Roumanie"},"content":{"rendered":"<h1>Enfants de Roumanie<\/h1>\n<h2>Concr\u00e9tiser les droits de l&rsquo;enfant en Roumanie<\/h2>\n<p style=\"text-align: center;\"><img loading=\"lazy\" decoding=\"async\" class=\"alignnone size-full wp-image-13940\" title=\"Fillette roumaine \u00a9 Pk nd 90 (flickr)\" src=\"https:\/\/www.humanium.org\/fr\/wp-content\/uploads\/2011\/08\/fillette-pk-nd-neuf-zero-flickr.jpg\" alt=\"\" width=\"202\" height=\"200\" \/>\u00a0 <img loading=\"lazy\" decoding=\"async\" class=\"alignnone size-full wp-image-13943\" title=\"Gar\u00e7on roumain \u00a9 Pknd 09 (flickr)\" src=\"https:\/\/www.humanium.org\/fr\/wp-content\/uploads\/2011\/08\/garcon-pk-nd-neuf-zero3.jpg\" alt=\"\" width=\"198\" height=\"200\" \/><\/p>\n<p>La Roumanie, r\u00e9cemment entr\u00e9e dans l&rsquo;Union Europ\u00e9enne doit encore r\u00e9aliser de nombreux efforts afin de respecter la <a href=\"https:\/\/www.humanium.org\/fr\/convention\/\">Convention Internationale des Droits de l&rsquo;Enfant<\/a>. De nombreux roumains sont contraints de vivre dans la pauvret\u00e9 sans pouvoir jouir de tous leurs droits.<\/p>\n<table style=\"height: 38px;\" width=\"298\">\n<tbody style=\"background: #f2f2f2;\">\n<tr>\n<td>\n<div style=\"float: left; width: 39%;\">\n<p style=\"margin-bottom: 20px;\"><strong>Population:<\/strong>\u00a019,9 millions<br \/>\n<strong>Pop.de 0 \u00e0 14 ans: <\/strong>14,8 %<\/p>\n<\/div>\n<div style=\"float: right; width: 59%;\">\n<p style=\"margin-bottom: 20px;\"><strong>Esp\u00e9rance de vie:<\/strong> 73,8 ans<br \/>\n<strong>Mortalit\u00e9 des moins de 5 ans:<\/strong>\u00a010\u2030<\/p>\n<\/div>\n<\/td>\n<\/tr>\n<\/tbody>\n<\/table>\n<h3>Principaux probl\u00e8mes rencontr\u00e9s par les enfants en Roumanie:<\/h3>\n<p><strong><a href=\"https:\/\/www.humanium.org\/fr\/enfants-pauvres\/\">Pauvret\u00e9<\/a><\/strong><\/p>\n<p><img loading=\"lazy\" decoding=\"async\" class=\"alignright size-full wp-image-14125\" title=\"Un quart de la population roumaine vit en-dessous du seuil de pauvret\u00e9 \u00a9 Laughing tree (flickr)\" src=\"https:\/\/www.humanium.org\/fr\/wp-content\/uploads\/2011\/09\/pauvrete-laughing-tree-flickr-noretouch.jpg\" alt=\"\" width=\"166\" height=\"180\" \/>La conjoncture \u00e9conomique roumaine est assez mauvaise. Ceci explique pourquoi un quart de la population vit encore en-dessous du <a href=\"https:\/\/www.humanium.org\/fr\/enfants-pauvres\/\">seuil de pauvret\u00e9<\/a>.<\/p>\n<p>Ces familles pauvres, loin de jouir de tous les droits fondamentaux de la personne humaine, ont peu d&rsquo;espoir d&rsquo;\u00e9volution. D\u00e8s lors, les enfants issus de ces familles, vivent dans des conditions difficiles o\u00f9 l&rsquo;acc\u00e8s \u00e0 la sant\u00e9, \u00e0 l&rsquo;\u00e9ducation, etc, sont compromis.<\/p>\n<p><strong><a href=\"https:\/\/www.humanium.org\/fr\/travail-des-enfants\/\">Travail des enfants<\/a><\/strong><\/p>\n<p>La pauvret\u00e9 pr\u00e9dominante dans les villages ruraux oblige de nombreux enfants \u00e0 exercer une activit\u00e9 \u00e9conomique. Bien qu&rsquo;on estime aujourd&rsquo;hui \u00e0 1% le nombre d&rsquo;enfants roumains <a href=\"https:\/\/www.humanium.org\/fr\/travail-des-enfants\/\">travaillant<\/a>, ce chiffre reste pr\u00e9occupant.<\/p>\n<p>En effet, ces enfants qui deviennent des acteurs \u00e9conomiques pour leur familles, sont souvent contraints de mendier, laver des pares brises ou encore faire des briques. Ces emplois nuisent alors \u00e0 leur d\u00e9veloppement psychique et physique.<\/p>\n<p>En outre, ces enfants qui vivent bien souvent dans les <a href=\"https:\/\/www.humanium.org\/fr\/enfants-des-rues\/\">rues<\/a>, sont \u00e9galement victimes de discrimination. D\u00e8s lors, ils ont peu d&rsquo;espoir de trouver un meilleur emploi et ainsi de s&rsquo;en sortir.<\/p>\n<p><strong><a href=\"https:\/\/www.humanium.org\/fr\/comprendre-droits-enfant\/droit-a-la-sante\/\">Droit \u00e0 la sant\u00e9<\/a><\/strong><\/p>\n<p><img loading=\"lazy\" decoding=\"async\" class=\"alignright size-full wp-image-14127\" title=\"Le manque de personnel de sant\u00e9 engendre des cons\u00e9quences n\u00e9gatives sur les enfants \u00a9 Kate b dixon (flickr)\" src=\"https:\/\/www.humanium.org\/fr\/wp-content\/uploads\/2011\/09\/sante-kate-b-dixon-no-retouch-flickr.jpg\" alt=\"\" width=\"151\" height=\"166\" \/><\/p>\n<p>La Roumanie fait face \u00e0 une importante p\u00e9nurie de m\u00e9decins. Bas salaires et mauvaises conditions de travail sont des facteurs qui encouragent les m\u00e9decins roumains \u00e0 partir travailler dans les villes ou \u00e0 l&rsquo;\u00e9tranger. Les zones rurales, tr\u00e8s pr\u00e9sentes dans ce pays , sont donc d\u00e9favoris\u00e9es.<\/p>\n<p>Cette situation entra\u00eene de graves cons\u00e9quences sur la <a href=\"https:\/\/www.humanium.org\/fr\/comprendre-droits-enfant\/droit-a-la-sante\/\">sant\u00e9 des enfants<\/a>. D&rsquo;une part, les femmes enceintes sont tr\u00e8s peu suivies, plus de 10 000\u00a0 grossesses par an ne sont pas assist\u00e9es, ceci explique le nombre important d&rsquo;enfants pr\u00e9sentant une insuffisance pond\u00e9rale.<\/p>\n<p>D&rsquo;autre part, ce manque de m\u00e9decins et de soins rend les enfants roumains vuln\u00e9rables \u00e0 de nombreuses maladies. Malheureusement, cela augmente les risques pour ces enfants de <a href=\"https:\/\/www.humanium.org\/fr\/mortalite-infantile\/\">mourir avant l&rsquo;\u00e2ge de 5 ans<\/a>. On estime que 12 \u2030 des enfants roumains d\u00e9c\u00e8dent avant cet \u00e2ge.<\/p>\n<p><strong><a href=\"https:\/\/www.humanium.org\/fr\/la-maltraitance-des-enfants\/\">Violences envers les enfants<\/a><\/strong><\/p>\n<p>De nombreuses <a href=\"https:\/\/www.humanium.org\/fr\/la-maltraitance-des-enfants\/\">maltraitances<\/a> envers les enfants sont recens\u00e9es en Roumanie. Ces derni\u00e8res peuvent prendre diff\u00e9rentes formes : psychologiques, physiques ou encore sexuelles. Ces violences qui peuvent \u00eatre pratiqu\u00e9es au sein de la famille ou par les autorit\u00e9s, sont \u00ab\u00a0normales\u00a0\u00bb dans ce pays. En effet, il est consid\u00e9r\u00e9 que frapper son enfant permet de l&rsquo;\u00e9duquer.<\/p>\n<p><strong><a href=\"https:\/\/www.humanium.org\/fr\/trafic-enfants\/\">Trafic d&rsquo;Enfants<\/a><\/strong><\/p>\n<p><img loading=\"lazy\" decoding=\"async\" class=\"alignright size-full wp-image-14061\" title=\"La pr\u00e9sence de gangs en Roumanie est dangereuse pour la libert\u00e9 des enfants \u00a9 Photos de biono (flickr)\" src=\"https:\/\/www.humanium.org\/fr\/wp-content\/uploads\/2011\/09\/trafic-photos-de-bio-no-retouch-flickr.jpg\" alt=\"\" width=\"225\" height=\"150\" \/> La situation des enfants roumains enlev\u00e9s est catastrophique. Les gangs mafieux sont tr\u00e8s pr\u00e9sents en Roumanie. Ces derniers n&rsquo;h\u00e9sitent pas \u00e0 recruter des enfants, qui leur sont parfois donn\u00e9s par les parents en \u00e9change d&rsquo;argent, et \u00e0 les envoyer en France. Une fois arriv\u00e9s \u00e0 Paris, ils sont utilis\u00e9s antre autres choses, pour piller les horodateurs.<\/p>\n<p>Les enfants ainsi que leurs familles ont peur de ces gangs qui peuvent utiliser la force pour faire respecter leurs ordres. Les enfants subissent un traumatisme et rencontrent de nombreuses difficult\u00e9s pour \u00e9chapper \u00e0 ses gangs et rentrer chez eux.<\/p>\n<p>De plus, les filles sont elles aussi victimes de <a href=\"https:\/\/www.humanium.org\/fr\/trafic-enfants\/\">trafic<\/a> qui les conduit souvent \u00e0 la <a href=\"https:\/\/www.humanium.org\/fr\/trafic-enfants\/\">prostitution<\/a>. Violent\u00e9es par ces gangs, elles ont tr\u00e8s peu d&rsquo;espoir de s&rsquo;en \u00e9chapper. Elles subissent des traumatismes psychologiques et physiques dont il est difficile de se remettre.<\/p>\n<p><strong><a href=\"https:\/\/www.humanium.org\/fr\/droit-non-discrimination\/\">Droit \u00e0 la non-discrimination<\/a><\/strong><\/p>\n<p>Le peuple Rom d\u00e9signe les Tsiganes \u00e9tablis en Europe de l&rsquo;Est; plus de 3 millions d&rsquo;entre eux vivent en Roumanie. Bien qu&rsquo;ils soient issus de ce pays, les actes <a href=\"https:\/\/www.humanium.org\/fr\/droit-non-discrimination\/\">discriminatoires<\/a> \u00e0 leurs \u00e9gards sont nombreux.<\/p>\n<p>Ce peuple et ses enfants vivent dans une extr\u00eame <a href=\"https:\/\/www.humanium.org\/fr\/enfants-pauvres\/\">pauvret\u00e9<\/a>. On estime que 40% d&rsquo;entre eux vivent en-dessous du seuil de pauvret\u00e9. D\u00e8s lors, cela entra\u00eene des cons\u00e9quences sur leur sant\u00e9 physique; par exemple, ils ont une esp\u00e9rance de vie inf\u00e9rieure de 15 ans \u00e0 celle des roumains.<\/p>\n<p>De plus, ce peuple est victime d&rsquo;une forte <a href=\"https:\/\/www.humanium.org\/fr\/droit-non-discrimination\/\">discrimination<\/a> que ce soit envers les enfants ou envers les adultes. L&rsquo;acc\u00e8s \u00e0 l&rsquo;\u00e9ducation, \u00e0 certains postes de travail, aux services sanitaires et sociaux\u00a0 leur est souvent interdit.<\/p>\n<p><strong><a href=\"https:\/\/www.humanium.org\/fr\/comprendre-droits-enfant\/droit-a-l-education\/\">Droit \u00e0 l&rsquo;\u00e9ducation<\/a><\/strong><\/p>\n<p><img loading=\"lazy\" decoding=\"async\" class=\"alignright size-full wp-image-14129\" title=\"10 % des enfants roumains ne sont pas scolaris\u00e9s \u00a9350org (flickr)\" src=\"https:\/\/www.humanium.org\/fr\/wp-content\/uploads\/2011\/09\/education-troiscentcinquante-org-flickr.jpg\" alt=\"\" width=\"202\" height=\"186\" \/><\/p>\n<p>L&rsquo;enseignement en Roumanie est obligatoire de 6 \u00e0 15 ans. Les enfants peuvent \u00e9tudier dans des \u00e9coles publiques ou priv\u00e9es selon le choix des parents. \u00c9tant donn\u00e9 la conjoncture \u00e9conomique difficile du pays, le gouvernement alloue peu de fonds \u00e0 <a href=\"https:\/\/www.humanium.org\/fr\/comprendre-droits-enfant\/droit-a-l-education\/\">l&rsquo;\u00e9ducation<\/a>. On constate d\u00e8s lors, une diminution du nombre d&rsquo;enseignants. En effet, les bas salaires ainsi que le statut de l&rsquo;enseignant qui est aujourd&rsquo;hui globalement d\u00e9pr\u00e9ci\u00e9, d\u00e9courage les jeunes \u00e0 exercer ce m\u00e9tier.<\/p>\n<p>Ainsi, la diminution du nombre de structures scolaires ainsi que d&rsquo;enseignants, diminue la qualit\u00e9 de l&rsquo;enseignement propos\u00e9.<\/p>\n<p>De plus, seuls 90% des enfants sont scolaris\u00e9s. Les enfants pauvres sont ceux touch\u00e9s par ce fl\u00e9au, puisque leurs parents pr\u00e9f\u00e8rent bien souvent qu&rsquo;ils <a href=\"https:\/\/www.humanium.org\/fr\/travail-des-enfants\/\">travaillent <\/a>plut\u00f4t que d&rsquo;\u00e9tudier.<\/p>\n<p><strong><a href=\"https:\/\/www.humanium.org\/fr\/comprendre-droits-enfant\/droit-a-l-identite\/\">Droit \u00e0 l&rsquo;identit\u00e9<\/a><\/strong><\/p>\n<p>La nationalit\u00e9 roumaine peut \u00eatre transmise d\u00e8s que l&rsquo;un des parents est roumain. Toutefois, certains enfants ne sont pas toujours d\u00e9clar\u00e9s \u00e0 leur naissance en Roumanie, et ne poss\u00e8dent donc pas d&rsquo;<a href=\"https:\/\/www.humanium.org\/fr\/enfants-sans-identite\/\">identit\u00e9 officielle<\/a>.<\/p>\n<p>Les enfants les plus vuln\u00e9rables \u00e0 cette probl\u00e9matique sont ceux dont les parents n&rsquo;ont pas de papiers d&rsquo;identit\u00e9 ou de r\u00e9sidence en Roumanie. L&rsquo;ill\u00e9galit\u00e9 de leur pr\u00e9sence les emp\u00eache de faire reconna\u00eetre leurs enfants aux autorit\u00e9s, de peur d&rsquo;\u00eatre renvoy\u00e9s dans leur pays.<\/p>\n<p>La situation et l&rsquo;\u00e9volution de ces enfants peuvent \u00eatre tr\u00e8s limit\u00e9es, puisque, sans identit\u00e9, l&rsquo;acc\u00e8s aux services publics tels que l&rsquo;\u00e9ducation, la sant\u00e9, etc peut s&rsquo;av\u00e9rer tr\u00e8s difficile.<\/p>\n","protected":false},"excerpt":{"rendered":"<p>Enfants de Roumanie Concr\u00e9tiser les droits de l&rsquo;enfant en Roumanie \u00a0 La Roumanie, r\u00e9cemment entr\u00e9e dans l&rsquo;Union Europ\u00e9enne doit encore r\u00e9aliser de nombreux efforts afin de respecter la Convention Internationale des Droits de l&rsquo;Enfant. De nombreux roumains sont contraints de vivre dans la pauvret\u00e9 sans pouvoir jouir de tous leurs droits. Population:\u00a019,9 millions Pop.de 0 [&hellip;]<\/p>\n","protected":false},"author":65,"featured_media":0,"parent":0,"menu_order":0,"comment_status":"closed","ping_status":"closed","template":"","meta":{"footnotes":""},"class_list":["post-13923","page","type-page","status-publish","hentry"],"yoast_head":"<!-- This site is optimized with the Yoast SEO plugin v28.3 - https:\/\/yoast.com\/product\/yoast-seo-wordpress\/ -->\n<title>Enfants de Roumanie - Humanium<\/title>\n<meta name=\"description\" content=\"La Roumanie, doit encore r\u00e9aliser de nombreux efforts afin de respecter la Convention Internationale des Droits de l&#039;Enfant.\" \/>\n<meta name=\"robots\" content=\"index, follow, max-snippet:-1, max-image-preview:large, max-video-preview:-1\" \/>\n<link rel=\"canonical\" href=\"https:\/\/www.humanium.org\/fr\/roumanie\/\" \/>\n<meta property=\"og:locale\" content=\"fr_FR\" \/>\n<meta property=\"og:type\" content=\"article\" \/>\n<meta property=\"og:title\" content=\"Enfants de Roumanie - Humanium\" \/>\n<meta property=\"og:description\" content=\"La Roumanie, doit encore r\u00e9aliser de nombreux efforts afin de respecter la Convention Internationale des Droits de l&#039;Enfant.\" \/>\n<meta property=\"og:url\" content=\"https:\/\/www.humanium.org\/fr\/roumanie\/\" \/>\n<meta property=\"og:site_name\" content=\"Humanium\" \/>\n<meta property=\"article:modified_time\" content=\"2025-12-05T14:40:47+00:00\" \/>\n<meta name=\"twitter:card\" content=\"summary_large_image\" \/>\n<meta name=\"twitter:label1\" content=\"Dur\u00e9e de lecture estim\u00e9e\" \/>\n\t<meta name=\"twitter:data1\" content=\"6 minutes\" \/>\n<script type=\"application\/ld+json\" class=\"yoast-schema-graph\">{\"@context\":\"https:\\\/\\\/schema.org\",\"@graph\":[{\"@type\":\"WebPage\",\"@id\":\"https:\\\/\\\/www.humanium.org\\\/fr\\\/roumanie\\\/\",\"url\":\"https:\\\/\\\/www.humanium.org\\\/fr\\\/roumanie\\\/\",\"name\":\"Enfants de Roumanie - Humanium\",\"isPartOf\":{\"@id\":\"https:\\\/\\\/www.humanium.org\\\/fr\\\/#website\"},\"primaryImageOfPage\":{\"@id\":\"https:\\\/\\\/www.humanium.org\\\/fr\\\/roumanie\\\/#primaryimage\"},\"image\":{\"@id\":\"https:\\\/\\\/www.humanium.org\\\/fr\\\/roumanie\\\/#primaryimage\"},\"thumbnailUrl\":\"https:\\\/\\\/www.humanium.org\\\/fr\\\/wp-content\\\/uploads\\\/2011\\\/08\\\/fillette-pk-nd-neuf-zero-flickr.jpg\",\"datePublished\":\"2011-12-05T10:17:26+00:00\",\"dateModified\":\"2025-12-05T14:40:47+00:00\",\"description\":\"La Roumanie, doit encore r\u00e9aliser de nombreux efforts afin de respecter la Convention Internationale des Droits de l'Enfant.\",\"breadcrumb\":{\"@id\":\"https:\\\/\\\/www.humanium.org\\\/fr\\\/roumanie\\\/#breadcrumb\"},\"inLanguage\":\"fr-FR\",\"potentialAction\":[{\"@type\":\"ReadAction\",\"target\":[\"https:\\\/\\\/www.humanium.org\\\/fr\\\/roumanie\\\/\"]}]},{\"@type\":\"ImageObject\",\"inLanguage\":\"fr-FR\",\"@id\":\"https:\\\/\\\/www.humanium.org\\\/fr\\\/roumanie\\\/#primaryimage\",\"url\":\"https:\\\/\\\/www.humanium.org\\\/fr\\\/wp-content\\\/uploads\\\/2011\\\/08\\\/fillette-pk-nd-neuf-zero-flickr.jpg\",\"contentUrl\":\"https:\\\/\\\/www.humanium.org\\\/fr\\\/wp-content\\\/uploads\\\/2011\\\/08\\\/fillette-pk-nd-neuf-zero-flickr.jpg\"},{\"@type\":\"BreadcrumbList\",\"@id\":\"https:\\\/\\\/www.humanium.org\\\/fr\\\/roumanie\\\/#breadcrumb\",\"itemListElement\":[{\"@type\":\"ListItem\",\"position\":1,\"name\":\"Home\",\"item\":\"https:\\\/\\\/www.humanium.org\\\/fr\\\/\"},{\"@type\":\"ListItem\",\"position\":2,\"name\":\"Enfants de Roumanie\"}]},{\"@type\":\"WebSite\",\"@id\":\"https:\\\/\\\/www.humanium.org\\\/fr\\\/#website\",\"url\":\"https:\\\/\\\/www.humanium.org\\\/fr\\\/\",\"name\":\"Humanium\",\"description\":\"Les enfants d\u2019abord !\",\"potentialAction\":[{\"@type\":\"SearchAction\",\"target\":{\"@type\":\"EntryPoint\",\"urlTemplate\":\"https:\\\/\\\/www.humanium.org\\\/fr\\\/?s={search_term_string}\"},\"query-input\":{\"@type\":\"PropertyValueSpecification\",\"valueRequired\":true,\"valueName\":\"search_term_string\"}}],\"inLanguage\":\"fr-FR\"}]}<\/script>\n<!-- \/ Yoast SEO plugin. -->","yoast_head_json":{"title":"Enfants de Roumanie - Humanium","description":"La Roumanie, doit encore r\u00e9aliser de nombreux efforts afin de respecter la Convention Internationale des Droits de l'Enfant.","robots":{"index":"index","follow":"follow","max-snippet":"max-snippet:-1","max-image-preview":"max-image-preview:large","max-video-preview":"max-video-preview:-1"},"canonical":"https:\/\/www.humanium.org\/fr\/roumanie\/","og_locale":"fr_FR","og_type":"article","og_title":"Enfants de Roumanie - Humanium","og_description":"La Roumanie, doit encore r\u00e9aliser de nombreux efforts afin de respecter la Convention Internationale des Droits de l'Enfant.","og_url":"https:\/\/www.humanium.org\/fr\/roumanie\/","og_site_name":"Humanium","article_modified_time":"2025-12-05T14:40:47+00:00","twitter_card":"summary_large_image","twitter_misc":{"Dur\u00e9e de lecture estim\u00e9e":"6 minutes"},"schema":{"@context":"https:\/\/schema.org","@graph":[{"@type":"WebPage","@id":"https:\/\/www.humanium.org\/fr\/roumanie\/","url":"https:\/\/www.humanium.org\/fr\/roumanie\/","name":"Enfants de Roumanie - Humanium","isPartOf":{"@id":"https:\/\/www.humanium.org\/fr\/#website"},"primaryImageOfPage":{"@id":"https:\/\/www.humanium.org\/fr\/roumanie\/#primaryimage"},"image":{"@id":"https:\/\/www.humanium.org\/fr\/roumanie\/#primaryimage"},"thumbnailUrl":"https:\/\/www.humanium.org\/fr\/wp-content\/uploads\/2011\/08\/fillette-pk-nd-neuf-zero-flickr.jpg","datePublished":"2011-12-05T10:17:26+00:00","dateModified":"2025-12-05T14:40:47+00:00","description":"La Roumanie, doit encore r\u00e9aliser de nombreux efforts afin de respecter la Convention Internationale des Droits de l'Enfant.","breadcrumb":{"@id":"https:\/\/www.humanium.org\/fr\/roumanie\/#breadcrumb"},"inLanguage":"fr-FR","potentialAction":[{"@type":"ReadAction","target":["https:\/\/www.humanium.org\/fr\/roumanie\/"]}]},{"@type":"ImageObject","inLanguage":"fr-FR","@id":"https:\/\/www.humanium.org\/fr\/roumanie\/#primaryimage","url":"https:\/\/www.humanium.org\/fr\/wp-content\/uploads\/2011\/08\/fillette-pk-nd-neuf-zero-flickr.jpg","contentUrl":"https:\/\/www.humanium.org\/fr\/wp-content\/uploads\/2011\/08\/fillette-pk-nd-neuf-zero-flickr.jpg"},{"@type":"BreadcrumbList","@id":"https:\/\/www.humanium.org\/fr\/roumanie\/#breadcrumb","itemListElement":[{"@type":"ListItem","position":1,"name":"Home","item":"https:\/\/www.humanium.org\/fr\/"},{"@type":"ListItem","position":2,"name":"Enfants de Roumanie"}]},{"@type":"WebSite","@id":"https:\/\/www.humanium.org\/fr\/#website","url":"https:\/\/www.humanium.org\/fr\/","name":"Humanium","description":"Les enfants d\u2019abord !","potentialAction":[{"@type":"SearchAction","target":{"@type":"EntryPoint","urlTemplate":"https:\/\/www.humanium.org\/fr\/?s={search_term_string}"},"query-input":{"@type":"PropertyValueSpecification","valueRequired":true,"valueName":"search_term_string"}}],"inLanguage":"fr-FR"}]}},"_links":{"self":[{"href":"https:\/\/www.humanium.org\/fr\/wp-json\/wp\/v2\/pages\/13923","targetHints":{"allow":["GET"]}}],"collection":[{"href":"https:\/\/www.humanium.org\/fr\/wp-json\/wp\/v2\/pages"}],"about":[{"href":"https:\/\/www.humanium.org\/fr\/wp-json\/wp\/v2\/types\/page"}],"author":[{"embeddable":true,"href":"https:\/\/www.humanium.org\/fr\/wp-json\/wp\/v2\/users\/65"}],"replies":[{"embeddable":true,"href":"https:\/\/www.humanium.org\/fr\/wp-json\/wp\/v2\/comments?post=13923"}],"version-history":[{"count":7,"href":"https:\/\/www.humanium.org\/fr\/wp-json\/wp\/v2\/pages\/13923\/revisions"}],"predecessor-version":[{"id":60036,"href":"https:\/\/www.humanium.org\/fr\/wp-json\/wp\/v2\/pages\/13923\/revisions\/60036"}],"wp:attachment":[{"href":"https:\/\/www.humanium.org\/fr\/wp-json\/wp\/v2\/media?parent=13923"}],"curies":[{"name":"wp","href":"https:\/\/api.w.org\/{rel}","templated":true}]}}