{"id":14135,"date":"2011-12-06T16:18:27","date_gmt":"2011-12-06T16:18:27","guid":{"rendered":"http:\/\/www.humanium.org\/fr\/?page_id=14135"},"modified":"2025-12-10T02:43:20","modified_gmt":"2025-12-10T02:43:20","slug":"mexique","status":"publish","type":"page","link":"https:\/\/www.humanium.org\/fr\/mexique\/","title":{"rendered":"Enfants du Mexique"},"content":{"rendered":"\n<h2 class=\"wp-block-heading\"><strong>Concr\u00e9tiser les droits de l\u2019enfant au Mexique<\/strong><\/h2>\n\n\n\n<div class=\"wp-block-columns is-layout-flex wp-container-core-columns-is-layout-8f761849 wp-block-columns-is-layout-flex\">\n<div class=\"wp-block-column is-layout-flow wp-block-column-is-layout-flow\"><div class=\"wp-block-image is-style-rounded\">\n<figure class=\"aligncenter size-full is-resized\"><img loading=\"lazy\" decoding=\"async\" width=\"400\" height=\"400\" src=\"https:\/\/www.humanium.org\/fr\/wp-content\/uploads\/2023\/04\/Shutterstock_654015190.jpg\" alt=\"\" class=\"wp-image-54817\" style=\"width:200px;height:200px\" srcset=\"https:\/\/www.humanium.org\/fr\/wp-content\/uploads\/2023\/04\/Shutterstock_654015190.jpg 400w, https:\/\/www.humanium.org\/fr\/wp-content\/uploads\/2023\/04\/Shutterstock_654015190-300x300.jpg 300w, https:\/\/www.humanium.org\/fr\/wp-content\/uploads\/2023\/04\/Shutterstock_654015190-150x150.jpg 150w, https:\/\/www.humanium.org\/fr\/wp-content\/uploads\/2023\/04\/Shutterstock_654015190-230x230.jpg 230w, https:\/\/www.humanium.org\/fr\/wp-content\/uploads\/2023\/04\/Shutterstock_654015190-350x350.jpg 350w\" sizes=\"auto, (max-width: 400px) 100vw, 400px\" \/><\/figure>\n<\/div><\/div>\n\n\n\n<div class=\"wp-block-column is-layout-flow wp-block-column-is-layout-flow\"><div class=\"wp-block-image is-style-rounded\">\n<figure class=\"aligncenter size-full is-resized\"><img loading=\"lazy\" decoding=\"async\" width=\"400\" height=\"400\" src=\"https:\/\/www.humanium.org\/fr\/wp-content\/uploads\/2023\/04\/Shutterstock_756265240.jpg\" alt=\"\" class=\"wp-image-54818\" style=\"width:200px;height:200px\" srcset=\"https:\/\/www.humanium.org\/fr\/wp-content\/uploads\/2023\/04\/Shutterstock_756265240.jpg 400w, https:\/\/www.humanium.org\/fr\/wp-content\/uploads\/2023\/04\/Shutterstock_756265240-300x300.jpg 300w, https:\/\/www.humanium.org\/fr\/wp-content\/uploads\/2023\/04\/Shutterstock_756265240-150x150.jpg 150w, https:\/\/www.humanium.org\/fr\/wp-content\/uploads\/2023\/04\/Shutterstock_756265240-230x230.jpg 230w, https:\/\/www.humanium.org\/fr\/wp-content\/uploads\/2023\/04\/Shutterstock_756265240-350x350.jpg 350w\" sizes=\"auto, (max-width: 400px) 100vw, 400px\" \/><\/figure>\n<\/div><\/div>\n<\/div>\n\n\n\n<p class=\"wp-block-paragraph\"><strong>L\u2019\u00e9conomie du Mexique est une des 15 plus importantes \u00e9conomies au monde, et la deuxi\u00e8me plus grande d<a href=\"https:\/\/www.humanium.org\/fr\/ameriques\/\">\u2019Am\u00e9rique latine<\/a> (Banque mondiale, 2022). Avec presque 129 millions d\u2019habitants, c\u2019est l\u2019un des pays <a href=\"https:\/\/www.humanium.org\/fr\/ameriques\/\">latino-am\u00e9ricains<\/a> les plus peupl\u00e9s. Il se distingue par une riche histoire culturelle, une grande diversit\u00e9, et une abondance de <a href=\"https:\/\/www.humanium.org\/fr\/focus\/environnement\/\">ressources naturelles.<\/a> En ce qui concerne les enfants, les jeunes \u00e2g\u00e9s de moins de quinze ans repr\u00e9sentent 26 % de la population totale (Banque mondiale, 2020). N\u00e9anmoins, ni l\u2019attention port\u00e9e aux <a href=\"https:\/\/www.humanium.org\/fr\/droits-enfant\/\">droits<\/a> des enfants ni les politiques qui les ont pour cible ne refl\u00e8tent la composition de la population. Les enfants ont aussi \u00e0 faire face \u00e0 la <a href=\"https:\/\/www.humanium.org\/fr\/violences\/\">violence<\/a>, \u00e0 la <a href=\"https:\/\/www.humanium.org\/fr\/alimentation-sous-nutrition-et-malnutrition\/\">malnutrition<\/a> et \u00e0 un manque d\u2019acc\u00e8s \u00e0 <a href=\"https:\/\/www.humanium.org\/fr\/comprendre-droits-enfant\/droit-a-l-education\/\">l\u2019\u00e9ducation<\/a> et aux services de sant\u00e9.&nbsp;<\/strong><\/p>\n\n\n\n<iframe src=\"https:\/\/www.google.com\/maps\/embed?pb=!1m18!1m12!1m3!1d30199260.533700686!2d-120.8879013106157!3d22.48792540625639!2m3!1f0!2f0!3f0!3m2!1i1024!2i768!4f13.1!3m3!1m2!1s0x84043a3b88685353%3A0xed64b4be6b099811!2sMexico!5e0!3m2!1sen!2sfr!4v1681586714870!5m2!1sen!2sfr\" width=\"600\" height=\"450\" style=\"border:0;\" allowfullscreen=\"\" loading=\"lazy\" referrerpolicy=\"no-referrer-when-downgrade\"><\/iframe>\n\n\n\n<div class=\"wp-block-columns is-layout-flex wp-container-core-columns-is-layout-8f761849 wp-block-columns-is-layout-flex\">\n<div class=\"wp-block-column is-layout-flow wp-block-column-is-layout-flow\">\n<p class=\"wp-block-paragraph\"><strong>Population:<\/strong>&nbsp;129 millions<br><strong>Pop. de 0 \u00e0 14 ans:<\/strong>&nbsp;26%<\/p>\n<\/div>\n\n\n\n<div class=\"wp-block-column is-layout-flow wp-block-column-is-layout-flow\">\n<p class=\"wp-block-paragraph\"><strong>Esp\u00e9rance de vie :<\/strong>&nbsp;75 ans<br><strong>Mortalit\u00e9 des moins de 5 ans :<\/strong>&nbsp;14\u2030<\/p>\n<\/div>\n<\/div>\n\n\n\n<h2 class=\"wp-block-heading\"><strong>Le Mexique \u2014 un aper\u00e7u<\/strong><\/h2>\n\n\n\n<p class=\"wp-block-paragraph\">Le Mexique se situe dans la partie m\u00e9ridionale de <a href=\"https:\/\/www.humanium.org\/fr\/ameriques\/\">l\u2019Am\u00e9rique<\/a> du Nord, et partage ses fronti\u00e8res avec les <a href=\"https:\/\/www.humanium.org\/fr\/etats-unis\/\">\u00c9tats-Unis<\/a>, le <a href=\"https:\/\/www.humanium.org\/fr\/guatemala\">Guatemala<\/a> et le <a href=\"https:\/\/www.humanium.org\/fr\/belize\/\">B\u00e9lize<\/a>. Sa population se compose de nombreux groupes ethniques, dont les autochtones d\u2019Am\u00e9rique (les Am\u00e9rindiens), qui constituent moins d\u2019un dixi\u00e8me du total, les <em>mestizos <\/em>(62 %) et d\u2019autres groupes (31 %) (Britannica, 2012). Cette grande vari\u00e9t\u00e9 de groupes ethniques pr\u00e9sente une mosa\u00efque de <a href=\"https:\/\/www.humanium.org\/fr\/category\/indigenes\/\">traditions <\/a>complexes, et ils entretiennent des liens forts avec la terre et entre eux.&nbsp;<\/p>\n\n\n\n<p class=\"wp-block-paragraph\">En forte croissance depuis les ann\u00e9es 1970, l\u2019\u00e9conomie mexicaine est l\u2019une des plus remarquables d\u2019<a href=\"https:\/\/www.humanium.org\/fr\/ameriques\/\">Am\u00e9rique latine<\/a>. La croissance de l\u2019\u00e9conomie de march\u00e9 du pays est fortement li\u00e9e aux <a href=\"https:\/\/www.humanium.org\/fr\/etats-unis\/\">Etats-Unis<\/a>, qui repr\u00e9sentent des march\u00e9s et des sources de capital importants, bien que le PIB par habitant du Mexique demeure bien en de\u00e7\u00e0 de celui des Etats-Unis (site web de Britannica). L\u2019\u00e9conomie mexicaine repose en grande partie sur le secteur des services, qui constitue environ deux tiers de son PIB, tandis que le secteur de l\u2019industrie en repr\u00e9sente environ un cinqui\u00e8me.<\/p>\n\n\n\n<p class=\"wp-block-paragraph\">Par contre, le secteur agricole ne repr\u00e9sente qu\u2019une petite part du PIB, bien que ce secteur emploie presque un cinqui\u00e8me des ouvriers mexicains. Les envois d\u2019argent des ouvriers mexicains qui travaillent \u00e0 l\u2019\u00e9tranger, notamment aux Etats-Unis, fournissent des milliards de dollars \u00e0 l\u2019\u00e9conomie chaque ann\u00e9e et restent un \u00e9l\u00e9ment majeur de l\u2019\u00e9conomie du pays (Britannica, 2022).&nbsp;<\/p>\n\n\n\n<p class=\"wp-block-paragraph\">Aujourd\u2019hui, les principaux d\u00e9fis et menaces qu\u2019affrontent les enfants sont li\u00e9s \u00e0 l\u2019extr\u00eame <a href=\"https:\/\/www.humanium.org\/fr\/pauvrete\/\">pauvret\u00e9<\/a>, qui touche 44 % de la population totale (Banque mondiale, 2020). Cette pauvret\u00e9 est la principale cause de la malnutrition, du d\u00e9crochage <a href=\"https:\/\/www.humanium.org\/fr\/comprendre-droits-enfant\/droit-a-l-education\/\">scolaire<\/a>, du contact avec la <a href=\"https:\/\/www.humanium.org\/fr\/violences\/\">violence<\/a> et des probl\u00e8mes d\u2019assainissement, d\u2019acc\u00e8s \u00e0 <a href=\"https:\/\/www.humanium.org\/fr\/comprendre-droits-enfant\/droit-a-l-eau\/\">l\u2019eau<\/a> et d\u2019acc\u00e8s aux services de sant\u00e9. En fait, le taux d\u2019enfants impliqu\u00e9s dans des zones de conflit de haute intensit\u00e9 au Mexique est le deuxi\u00e8me plus \u00e9lev\u00e9 au monde (Rapport <em>Stop the war on children<\/em>, 2020), car le pays est fortement touch\u00e9 par le <a href=\"https:\/\/www.humanium.org\/fr\/travail-des-enfants\/\">trafic de stup\u00e9fiants<\/a>, auquel s\u2019ajoutent des enjeux politiques, \u00e9conomiques et sociaux.<\/p>\n\n\n\n<p class=\"wp-block-paragraph\">Bien que le Mexique soit une d\u00e9mocratie \u00e9lectorale depuis l\u2019an 2000, les lois sont fort loin d\u2019\u00eatre respect\u00e9es dans le pays, entravant ainsi les libert\u00e9s individuelles des citoyens et les emp\u00eachant de jouir pleinement de leurs droits politiques (page du Mexique dans l\u2019index Freedom House, 2022). Les <a href=\"https:\/\/www.humanium.org\/fr\/violences\/\">violences<\/a> des gangs de criminels organis\u00e9s, la corruption parmi les officiels du gouvernement, les violations des droits de l\u2019homme (de la part d\u2019acteurs \u00e9tatiques et non \u00e9tatiques), et l\u2019impunit\u00e9 end\u00e9mique se trouvent parmi les d\u00e9fis les plus importants pour le gouvernement mexicain.<\/p>\n\n\n\n<p class=\"wp-block-paragraph\">Ces \u00e9l\u00e9ments consid\u00e9r\u00e9s, tous les enfants au Mexique ne peuvent pas jouir de chaque droit inscrit dans la <a href=\"https:\/\/www.humanium.org\/fr\/convention\/\">Convention internationale des droits de l\u2019enfant<\/a>. Il est donc important de saisir la situation actuelle en ce qui concerne les domaines principaux de la protection et des <a href=\"https:\/\/www.humanium.org\/fr\/droits-enfant\/\">droits des enfants<\/a>, pour am\u00e9liorer leurs conditions de vie et leur bien-\u00eatre.<\/p>\n\n\n\n<h2 class=\"wp-block-heading\"><strong>Statut des droits de l\u2019enfant<\/strong> <strong><a href=\"#_ftn1\"><strong>[1]<\/strong><\/a><\/strong><\/h2>\n\n\n<div class=\"wp-block-image\">\n<figure class=\"alignleft size-large is-resized\"><img loading=\"lazy\" decoding=\"async\" width=\"1024\" height=\"683\" src=\"https:\/\/www.humanium.org\/fr\/wp-content\/uploads\/2023\/04\/shutterstock_1129707401-1024x683.jpg\" alt=\"\" class=\"wp-image-54821\" style=\"width:340px;height:225px\" srcset=\"https:\/\/www.humanium.org\/fr\/wp-content\/uploads\/2023\/04\/shutterstock_1129707401-1024x683.jpg 1024w, https:\/\/www.humanium.org\/fr\/wp-content\/uploads\/2023\/04\/shutterstock_1129707401-300x200.jpg 300w, https:\/\/www.humanium.org\/fr\/wp-content\/uploads\/2023\/04\/shutterstock_1129707401-768x512.jpg 768w, https:\/\/www.humanium.org\/fr\/wp-content\/uploads\/2023\/04\/shutterstock_1129707401-1536x1025.jpg 1536w, https:\/\/www.humanium.org\/fr\/wp-content\/uploads\/2023\/04\/shutterstock_1129707401-2048x1367.jpg 2048w, https:\/\/www.humanium.org\/fr\/wp-content\/uploads\/2023\/04\/shutterstock_1129707401-830x554.jpg 830w, https:\/\/www.humanium.org\/fr\/wp-content\/uploads\/2023\/04\/shutterstock_1129707401-230x153.jpg 230w, https:\/\/www.humanium.org\/fr\/wp-content\/uploads\/2023\/04\/shutterstock_1129707401-350x234.jpg 350w, https:\/\/www.humanium.org\/fr\/wp-content\/uploads\/2023\/04\/shutterstock_1129707401-480x320.jpg 480w, https:\/\/www.humanium.org\/fr\/wp-content\/uploads\/2023\/04\/shutterstock_1129707401-272x182.jpg 272w\" sizes=\"auto, (max-width: 1024px) 100vw, 1024px\" \/><\/figure>\n<\/div>\n\n\n<p class=\"wp-block-paragraph\">Environ un quart (26%) de la population mexicaine se compose d\u2019enfants, soit \u00e0 peu pr\u00e8s 33 310 119 citoyens (Banque mondiale, 2020). Comme il a d\u00e9j\u00e0 \u00e9t\u00e9 mentionn\u00e9, 44 % de la population vit dans la mis\u00e8re, dont la plupart, 81 %,&nbsp; en zones urbaines (contre 19 % en zones rurales) (Banque mondiale, 2020). Quant \u00e0 la population des enfants, 62 % vivent en zones urbaines et 38 % en zones rurales (INEGI, Encuesta Intercensal, 2015).&nbsp;<\/p>\n\n\n\n<p class=\"wp-block-paragraph\">La <a href=\"https:\/\/www.humanium.org\/fr\/pauvrete\/\">pauvret\u00e9<\/a> est la cause principale du manque d\u2019acc\u00e8s aux services de sant\u00e9, \u00e0 <a href=\"https:\/\/www.humanium.org\/fr\/comprendre-droits-enfant\/droit-a-l-education\/\">l\u2019\u00e9ducation<\/a>, \u00e0 une <a href=\"https:\/\/www.humanium.org\/fr\/alimentation-sous-nutrition-et-malnutrition\/\">alimentation<\/a> et un logement acceptables et est \u00e9galement responsable de <a href=\"https:\/\/www.humanium.org\/fr\/violences\/\">pratiques nuisibles<\/a> telles que le <a href=\"https:\/\/www.humanium.org\/fr\/travail-des-enfants\/\">travail des enfants<\/a>, le <a href=\"https:\/\/www.humanium.org\/fr\/mariage-enfants\/\">mariage pr\u00e9coce des enfants<\/a>, les grossesses pr\u00e9coces et les <a href=\"https:\/\/www.humanium.org\/fr\/violences\/\">violences<\/a>.&nbsp;<\/p>\n\n\n\n<p class=\"wp-block-paragraph\">La SITAN, une enqu\u00eate men\u00e9e en 2018, a r\u00e9v\u00e9l\u00e9 que les conditions des enfants pendant cette derni\u00e8re d\u00e9cennie se sont g\u00e9n\u00e9ralement am\u00e9lior\u00e9es, mais certains buts sont toujours loin d\u2019\u00eatre atteints. <a href=\"https:\/\/www.humanium.org\/fr\/comprendre-droits-enfant\/droit-a-l-education\/\">L\u2019\u00e9ducation<\/a>, le droit \u00e0 une <a href=\"https:\/\/www.humanium.org\/fr\/alimentation-sous-nutrition-et-malnutrition\/\">alimentation<\/a> ad\u00e9quate et \u00e0 <a href=\"https:\/\/www.humanium.org\/fr\/comprendre-droits-enfant\/droit-a-l-eau\">une eau<\/a> propre, et les droits \u00e0 la sant\u00e9 repr\u00e9sentent quelques-uns des besoins les plus urgents pour les enfants du Mexique.<\/p>\n\n\n\n<p class=\"wp-block-paragraph\">Outre la <a href=\"https:\/\/www.humanium.org\/fr\/convention\/\">Convention internationale des droits de l\u2019enfant<\/a> (adopt\u00e9 par le Mexique en 1990), l\u2019agenda 2030 et les ODD proposent des indicateurs et des objectifs suppl\u00e9mentaires pour identifier les d\u00e9fis et les r\u00e9sultats dans le domaine des <a href=\"https:\/\/www.humanium.org\/fr\/droits-enfant\/\">droits<\/a> et de la protection de l\u2019enfant. Par exemple, l\u2019ODD1 se concentre sur l\u2019\u00e9radication de la pauvret\u00e9, l\u2019ODD2 vise le droit \u00e0 une alimentation ad\u00e9quate et l\u2019ODD3 concerne le droit \u00e0 la sant\u00e9 et au bien-\u00eatre, alors que l\u2019ODD4 est li\u00e9 au droit \u00e0 l\u2019\u00e9ducation. L\u2019ODD5 (l\u2019\u00e9galit\u00e9 des sexes) est crucial dans le contexte mexicain, ainsi que le droit \u00e0 l\u2019eau propre et \u00e0 l\u2019assainissement (ODD6) et le but commun de paix, de justice et le besoin d\u2019avoir des institutions fortes (ODD16).<\/p>\n\n\n\n<h2 class=\"wp-block-heading\"><strong>R\u00e9pondre aux besoins des enfants<\/strong><\/h2>\n\n\n\n<h3 class=\"wp-block-heading\"><strong>Droit \u00e0 l\u2019\u00e9ducation<\/strong><\/h3>\n\n\n<div class=\"wp-block-image\">\n<figure class=\"alignright size-large is-resized\"><img loading=\"lazy\" decoding=\"async\" width=\"1024\" height=\"695\" src=\"https:\/\/www.humanium.org\/fr\/wp-content\/uploads\/2023\/04\/shutterstock_604222139-1024x695.jpg\" alt=\"\" class=\"wp-image-54822\" style=\"width:330px;height:223px\" srcset=\"https:\/\/www.humanium.org\/fr\/wp-content\/uploads\/2023\/04\/shutterstock_604222139-1024x695.jpg 1024w, https:\/\/www.humanium.org\/fr\/wp-content\/uploads\/2023\/04\/shutterstock_604222139-300x203.jpg 300w, https:\/\/www.humanium.org\/fr\/wp-content\/uploads\/2023\/04\/shutterstock_604222139-768x521.jpg 768w, https:\/\/www.humanium.org\/fr\/wp-content\/uploads\/2023\/04\/shutterstock_604222139-1536x1042.jpg 1536w, https:\/\/www.humanium.org\/fr\/wp-content\/uploads\/2023\/04\/shutterstock_604222139-2048x1389.jpg 2048w, https:\/\/www.humanium.org\/fr\/wp-content\/uploads\/2023\/04\/shutterstock_604222139-830x563.jpg 830w, https:\/\/www.humanium.org\/fr\/wp-content\/uploads\/2023\/04\/shutterstock_604222139-230x156.jpg 230w, https:\/\/www.humanium.org\/fr\/wp-content\/uploads\/2023\/04\/shutterstock_604222139-350x237.jpg 350w, https:\/\/www.humanium.org\/fr\/wp-content\/uploads\/2023\/04\/shutterstock_604222139-480x326.jpg 480w\" sizes=\"auto, (max-width: 1024px) 100vw, 1024px\" \/><\/figure>\n<\/div>\n\n\n<p class=\"wp-block-paragraph\">Le syst\u00e8me <a href=\"https:\/\/www.humanium.org\/fr\/comprendre-droits-enfant\/droit-a-l-education\/\">\u00e9ducatif<\/a> mexicain commence avec la maternelle, puis l\u2019\u00e9cole primaire et le coll\u00e8ge. La maternelle, qui est facultative et financ\u00e9e \u00e0 titre individuel, est disponible aux enfants d\u00e8s l\u2019\u00e2ge de trois ans. L\u2019\u00e9cole primaire est obligatoire pour les enfants \u00e2g\u00e9s de six \u00e0 douze ans, et est suivie du coll\u00e8ge, aussi obligatoire, pour les adolescents de douze \u00e0 quinze ans. Les \u00e9tudes obligatoires se terminent par le lyc\u00e9e, ensuite il est possible de s\u2019inscrire \u00e0 l\u2019universit\u00e9 (<em>The Mexican education system: An overview<\/em>, 2017).<\/p>\n\n\n\n<p class=\"wp-block-paragraph\">Les in\u00e9galit\u00e9s sociales et l\u2019\u00e9cart entre les sexes sont deux probl\u00e8mes saillants dans les salles de classe mexicaines. Ces \u00e9carts, qui ne cessent de se creuser, ont un impact direct sur la participation des enfants. Ainsi, ils sont un \u00e9cueil \u00e0 la capacit\u00e9 des enfants \u00e0 d\u00e9velopper de nouvelles comp\u00e9tences, \u00e0 nouer des relations sociales plus fortes, et \u00e0 travailler pour r\u00e9aliser leurs r\u00eaves et leurs passions. <\/p>\n\n\n\n<p class=\"wp-block-paragraph\">Le faible taux de participation <a href=\"https:\/\/www.humanium.org\/fr\/comprendre-droits-enfant\/droit-a-l-education\/\">scolaire<\/a> a \u00e9t\u00e9 en partie r\u00e9solu gr\u00e2ce \u00e0 une intervention gouvernementale en 2012, dont l\u2019intention \u00e9tait de rendre obligatoire l\u2019\u00e9ducation secondaire sup\u00e9rieure pour tous les enfants avant l\u2019ann\u00e9e 2020. Cependant, une insuffisance de fonds, et quelques obstacles administratifs, sans compter la pand\u00e9mie du <a href=\"https:\/\/www.humanium.org\/fr\/limpact-de-la-pandemie-de-covid-19-sur-la-mortalite-infantile-et-ses-dommages-collateraux\/\">Covid-19<\/a>, ont jusqu\u2019ici emp\u00each\u00e9 la r\u00e9alisation de ce but pour tous, surtout dans les zones rurales marginalis\u00e9es.&nbsp;<\/p>\n\n\n\n<p class=\"wp-block-paragraph\">En fait, le Mexique est parmi les quelques pays o\u00f9 les \u00e9coles sont rest\u00e9es compl\u00e8tement ferm\u00e9es pendant plus de 250 jours. Selon une enqu\u00eate men\u00e9e par l\u2019Institut national de statistiques et de g\u00e9ographie fin 2020, plus de 1,5&nbsp;million d\u2019\u00e9tudiants \u00e2g\u00e9s de 3 \u00e0 18 ans n\u2019\u00e9taient pas rentr\u00e9s \u00e0 l\u2019\u00e9cole pour l\u2019ann\u00e9e 2020\/2021 (Rapport du pays par l\u2019UNICEF, 2021).&nbsp;<\/p>\n\n\n\n<p class=\"wp-block-paragraph\">Bien qu\u2019entre 2021 et 2022, les d\u00e9penses sociales ont massivement augment\u00e9 (de 11,5 % en 2019 \u00e0 10,2 % en 2022), les allocations budg\u00e9taires au secteur de l\u2019\u00e9ducation n\u2019ont connu qu\u2019une augmentation minime :&nbsp; 1,9 % en termes r\u00e9els entre 2021 et 2022. Ce budget ne refl\u00e8te pas les d\u00e9fis pr\u00e9sent\u00e9s par la <a href=\"https:\/\/www.humanium.org\/fr\/limpact-de-la-pandemie-de-covid-19-sur-la-mortalite-infantile-et-ses-dommages-collateraux\/\">pand\u00e9mie<\/a>, les le\u00e7ons qu\u2019on en a tir\u00e9es, ou les investissements promis dans ce secteur.&nbsp;<\/p>\n\n\n\n<p class=\"wp-block-paragraph\">Malgr\u00e9 la croissance significative des d\u00e9penses sociales au Mexique, les d\u00e9penses sociales pour les enfants et les adolescents en proportion de celles-ci sont pass\u00e9es de 11,5 % en 2019 \u00e0 10,2 % en 2022. Les allocations budg\u00e9taires pour le secteur de l&rsquo;\u00e9ducation n&rsquo;ont augment\u00e9 que de 1,9 % en termes r\u00e9els de 2021 \u00e0 2022, et n&rsquo;ont pas refl\u00e9t\u00e9 les d\u00e9fis et les le\u00e7ons apprises pendant la <a href=\"https:\/\/www.humanium.org\/fr\/limpact-de-la-pandemie-de-covid-19-sur-la-mortalite-infantile-et-ses-dommages-collateraux\/\">pand\u00e9mie<\/a> ni les investissements promis dans ce secteur.<\/p>\n\n\n\n<h3 class=\"wp-block-heading\"><strong>Droit \u00e0 la sant\u00e9<\/strong><\/h3>\n\n\n\n<p class=\"wp-block-paragraph\">La <a href=\"https:\/\/www.humanium.org\/fr\/pauvrete\/\">pauvret\u00e9<\/a> end\u00e9mique est la principale cause du manque d\u2019acc\u00e8s \u00e0 <a href=\"https:\/\/www.humanium.org\/fr\/comprendre-droits-enfant\/droit-a-l-alimentation-2\/\">une alimentation<\/a> ad\u00e9quate, \u00e0 <a href=\"https:\/\/www.humanium.org\/fr\/comprendre-droits-enfant\/droit-a-l-education\/\">l\u2019\u00e9ducation<\/a>, aux <a href=\"https:\/\/www.humanium.org\/fr\/comprendre-droits-enfant\/droit-a-la-sante\/\">services de sant\u00e9<\/a> et au <a href=\"https:\/\/www.humanium.org\/fr\/comprendre-droits-enfant\/protection\">logement<\/a>. En fait, 10 % des enfants souffrent d\u2019un retard de croissance d\u00fb \u00e0 la malnutrition (site web de <em>Save the Children<\/em>), 14 enfants sur 1000 meurent avant l\u2019\u00e2ge de 5 ans (deux fois plus qu\u2019aux Etats-Unis), et environ 8 % des enfants sont d\u00e9scolaris\u00e9s (rapport <em>La situation des enfants dans le monde<\/em>, 2020).<\/p>\n\n\n<div class=\"wp-block-image\">\n<figure class=\"alignleft size-large is-resized\"><img loading=\"lazy\" decoding=\"async\" width=\"1024\" height=\"678\" src=\"https:\/\/www.humanium.org\/fr\/wp-content\/uploads\/2023\/04\/shutterstock_505522822-1024x678.jpg\" alt=\"\" class=\"wp-image-54823\" style=\"width:342px;height:226px\" srcset=\"https:\/\/www.humanium.org\/fr\/wp-content\/uploads\/2023\/04\/shutterstock_505522822-1024x678.jpg 1024w, https:\/\/www.humanium.org\/fr\/wp-content\/uploads\/2023\/04\/shutterstock_505522822-300x199.jpg 300w, https:\/\/www.humanium.org\/fr\/wp-content\/uploads\/2023\/04\/shutterstock_505522822-768x509.jpg 768w, https:\/\/www.humanium.org\/fr\/wp-content\/uploads\/2023\/04\/shutterstock_505522822-1536x1017.jpg 1536w, https:\/\/www.humanium.org\/fr\/wp-content\/uploads\/2023\/04\/shutterstock_505522822-2048x1356.jpg 2048w, https:\/\/www.humanium.org\/fr\/wp-content\/uploads\/2023\/04\/shutterstock_505522822-830x550.jpg 830w, https:\/\/www.humanium.org\/fr\/wp-content\/uploads\/2023\/04\/shutterstock_505522822-230x152.jpg 230w, https:\/\/www.humanium.org\/fr\/wp-content\/uploads\/2023\/04\/shutterstock_505522822-350x232.jpg 350w, https:\/\/www.humanium.org\/fr\/wp-content\/uploads\/2023\/04\/shutterstock_505522822-480x318.jpg 480w\" sizes=\"auto, (max-width: 1024px) 100vw, 1024px\" \/><\/figure>\n<\/div>\n\n\n<p class=\"wp-block-paragraph\">La <a href=\"https:\/\/www.humanium.org\/fr\/violences\/\">violence envers les enfants<\/a> et la <a href=\"https:\/\/www.humanium.org\/fr\/trafic-enfants\">traite des enfants<\/a> sont deux autres menaces majeures auxquelles sont confront\u00e9s les droits de l\u2019enfant&nbsp;: 16 % des filles \u00e2g\u00e9es de 15 \u00e0 19 ans sont <a href=\"https:\/\/www.humanium.org\/fr\/mariage-enfants\/\">mari\u00e9es<\/a>, et une fille sur 17 dans cette tranche d\u2019\u00e2ge a un enfant (Los derechos de la infancia y de la adolescencia en M\u00e9xico, 2018). En ce qui concerne le travail des enfants, celui-ci touche 6 % des enfants, et plus de 50 % des enfants \u00e2g\u00e9s de 1 \u00e0 14 ans ont subi des <a href=\"https:\/\/www.humanium.org\/fr\/la-maltraitance-des-enfants\/\">punitions<\/a> physiques et\/ou des agressions psychologiques de la part de leur parent ou de leur tuteur.<\/p>\n\n\n\n<p class=\"wp-block-paragraph\">En plus, selon l\u2019UNICEF, 2,5 millions d\u2019enfants travaillent, dont 90 % de fa\u00e7on ill\u00e9gale, parce qu\u2019ils n\u2019ont pas l\u2019\u00e2ge l\u00e9gal pour travailler, ou prennent part \u00e0 des activit\u00e9s dangereuses. Un quart travaille pour fournir un soutien \u00e9conomique \u00e0 leur famille, et 351 113 enfants sont oblig\u00e9s de faire des t\u00e2ches m\u00e9nag\u00e8res au lieu d\u2019aller \u00e0 l\u2019\u00e9cole (<em>Children and the hotel industry in Mexico<\/em>, 2017).&nbsp;<\/p>\n\n\n\n<p class=\"wp-block-paragraph\">Les effets directs du <a href=\"https:\/\/www.humanium.org\/fr\/limpact-de-la-pandemie-de-covid-19-sur-la-mortalite-infantile-et-ses-dommages-collateraux\/\">Covid-19<\/a> sur les enfants se sont av\u00e9r\u00e9s des d\u00e9fis et des menaces suppl\u00e9mentaires. Le <a href=\"https:\/\/www.humanium.org\/fr\/mortalite-infantile\/\">taux de mortalit\u00e9<\/a> due au Covid-19 parmi les enfants est de 0,4 %. Mais les impacts de la pand\u00e9mie \u2014 diminution des revenus des m\u00e9nages, ins\u00e9curit\u00e9 alimentaire et hausse des probl\u00e8mes de sant\u00e9 mentale, etc. \u2014 ont rendu les enfants encore plus vuln\u00e9rables. En fait, le taux de <a href=\"https:\/\/www.humanium.org\/fr\/pauvrete\/\">pauvret\u00e9<\/a> parmi les enfants est pass\u00e9 de 50 % en 2018 \u00e0 presque 53 % en 2020, et l\u2019extr\u00eame pauvret\u00e9 a augment\u00e9 de 1,9 % pendant la m\u00eame p\u00e9riode. Les <a href=\"https:\/\/www.humanium.org\/fr\/violences\/\">violences<\/a>, surtout envers les femmes et les enfants, restent \u00e0 un taux \u00e9lev\u00e9 (Rapport du pays par l\u2019UNICEF, 2021).<\/p>\n\n\n\n<h3 class=\"wp-block-heading\"><strong>Droit \u00e0 l\u2019identit\u00e9<\/strong><\/h3>\n\n\n\n<p class=\"wp-block-paragraph\">Le <a href=\"https:\/\/www.humanium.org\/fr\/comprendre-droits-enfant\/droit-a-l-identite\/\">droit \u00e0 l\u2019identit\u00e9<\/a> est essentiel pour chaque \u00eatre humain : il garantit leur statut l\u00e9gal, reconna\u00eet les liens familiaux et socioculturels qui caract\u00e9risent l\u2019individu, et promeut la jouissance de ses droits. De surcro\u00eet, l\u2019acte de naissance est crucial pour encourager et mettre en place le <a href=\"https:\/\/www.humanium.org\/fr\/separation-des-familles\/\">droit \u00e0 la r\u00e9unification familiale<\/a> pendant les processus d\u2019\u00e9migration. Les documents d\u2019identit\u00e9 et les registres officiels pourraient aider les autorit\u00e9s publiques \u00e0 trouver les membres dispers\u00e9s d\u2019une famille, et leur permettre de se retrouver.<\/p>\n\n\n\n<p class=\"wp-block-paragraph\">Au Mexique, les enfants \u00ab invisibles \u00bb, c\u2019est-\u00e0-dire ceux dont les naissances ne sont pas enregistr\u00e9es, et qui ne sont donc pas reconnus par la loi mexicaine, restent nombreux, surtout parmi les peuples autochtones. Pour lutter contre ce ph\u00e9nom\u00e8ne, le gouvernement mexicain a pendant cette derni\u00e8re d\u00e9cennie pris plusieurs mesures pour promouvoir l\u2019enregistrement des naissances et faciliter l\u2019acc\u00e8s aux services publics d\u2019enregistrement d\u2019identit\u00e9 (Los derechos de la infancia y la adolescencia en Mexico, 2018).&nbsp;<\/p>\n\n\n\n<p class=\"wp-block-paragraph\">Quant aux flux migratoires, le nombre d\u2019individus qui ont travers\u00e9 la fronti\u00e8re avec les Etats-Unis dans les deux sens a augment\u00e9 en 2021. En f\u00e9vrier de cette m\u00eame ann\u00e9e, l\u2019administration des Etats-Unis a commenc\u00e9 \u00e0 supprimer les \u00ab Protocoles de protection des migrants \u00bb (PPM). On s\u2019attendait donc \u00e0 ce que 23 000 demandes soient trait\u00e9es et que 13 000 personnes puissent enfin traverser la fronti\u00e8re et que leurs demandes soient trait\u00e9es avant ao\u00fbt 2021. Au m\u00eame moment, a \u00e9t\u00e9 mis en place le \u00ab Titre 42 \u00bb, qui s\u2019est servi du Covid-19 pour justifier la d\u00e9portation imm\u00e9diate des Etats-Unis de plus d\u2019un million d\u2019adultes et de 37 enfants.&nbsp;<\/p>\n\n\n\n<h2 class=\"wp-block-heading\"><strong>Facteurs de risque -&gt; d\u00e9fis sp\u00e9cifiques au pays<\/strong><\/h2>\n\n\n\n<h3 class=\"wp-block-heading\"><strong>Pauvret\u00e9<\/strong><\/h3>\n\n\n\n<p class=\"wp-block-paragraph\">La <a href=\"https:\/\/www.humanium.org\/fr\/pauvrete\/\">pauvret\u00e9<\/a> est donc \u00e0 la base de beaucoup d\u2019autres menaces aux <a href=\"https:\/\/www.humanium.org\/fr\/droits-enfant\/\">droits<\/a> et \u00e0 la protection des enfants. Elle est li\u00e9e directement \u00e0 la malnutrition et au manque d\u2019acc\u00e8s aux \u00e9tablissements de sant\u00e9, mais elle est \u00e9galement la raison pour laquelle le <a href=\"https:\/\/www.humanium.org\/fr\/travail-des-enfants\">travail des enfants<\/a> et la <a href=\"https:\/\/www.humanium.org\/fr\/trafic-enfants\/\">traite d\u2019enfants<\/a> demeurent des probl\u00e8mes importants dans ce pays. Au Mexique, 44 % de la population est en situation de <a href=\"https:\/\/www.humanium.org\/fr\/pauvrete\/\">pauvret\u00e9<\/a>, dont la plupart en zones urbaines (81 %, contre 19 % en zones rurales) (Banque mondiale, 2020). Parmi ces 44 %, 62 % des enfants habitent des zones urbaines, tandis que 38 % habitent des zones rurales (INEGI, EncuestaIntercensal, 2015).<\/p>\n\n\n\n<h3 class=\"wp-block-heading\"><strong>Les enfants des minorit\u00e9s<\/strong><\/h3>\n\n\n<div class=\"wp-block-image\">\n<figure class=\"alignright size-large is-resized\"><img loading=\"lazy\" decoding=\"async\" width=\"1024\" height=\"683\" src=\"https:\/\/www.humanium.org\/fr\/wp-content\/uploads\/2023\/04\/shutterstock_1055118620-1-1024x683.jpg\" alt=\"\" class=\"wp-image-54825\" style=\"width:344px;height:228px\" srcset=\"https:\/\/www.humanium.org\/fr\/wp-content\/uploads\/2023\/04\/shutterstock_1055118620-1-1024x683.jpg 1024w, https:\/\/www.humanium.org\/fr\/wp-content\/uploads\/2023\/04\/shutterstock_1055118620-1-300x200.jpg 300w, https:\/\/www.humanium.org\/fr\/wp-content\/uploads\/2023\/04\/shutterstock_1055118620-1-768x512.jpg 768w, https:\/\/www.humanium.org\/fr\/wp-content\/uploads\/2023\/04\/shutterstock_1055118620-1-1536x1024.jpg 1536w, https:\/\/www.humanium.org\/fr\/wp-content\/uploads\/2023\/04\/shutterstock_1055118620-1-2048x1365.jpg 2048w, https:\/\/www.humanium.org\/fr\/wp-content\/uploads\/2023\/04\/shutterstock_1055118620-1-830x553.jpg 830w, https:\/\/www.humanium.org\/fr\/wp-content\/uploads\/2023\/04\/shutterstock_1055118620-1-230x153.jpg 230w, https:\/\/www.humanium.org\/fr\/wp-content\/uploads\/2023\/04\/shutterstock_1055118620-1-350x233.jpg 350w, https:\/\/www.humanium.org\/fr\/wp-content\/uploads\/2023\/04\/shutterstock_1055118620-1-480x320.jpg 480w, https:\/\/www.humanium.org\/fr\/wp-content\/uploads\/2023\/04\/shutterstock_1055118620-1-272x182.jpg 272w\" sizes=\"auto, (max-width: 1024px) 100vw, 1024px\" \/><\/figure>\n<\/div>\n\n\n<p class=\"wp-block-paragraph\">Les communaut\u00e9s autochtones sont celles qui souffrent le plus de la <a href=\"https:\/\/www.humanium.org\/fr\/pauvrete\/\">pauvret\u00e9<\/a> multidimensionnelle, \u00e0 cause de leurs conditions de vie fragiles, de la <a href=\"https:\/\/www.humanium.org\/fr\/droit-non-discrimination\/\">discrimination<\/a> dont ils sont victimes, et de leur profonde s\u00e9paration du reste de la population. Les droits les plus fondamentaux des enfants autochtones (le <a href=\"https:\/\/www.humanium.org\/fr\/comprendre-droits-enfant\/droit-a-l-education\/\">droit \u00e0 l\u2019\u00e9ducation<\/a>, \u00e0 la sant\u00e9, \u00e0 <a href=\"https:\/\/www.humanium.org\/fr\/alimentation-sous-nutrition-et-malnutrition\/\">l\u2019alimentation<\/a>, etc.) sont souvent bafou\u00e9s, ce qui nuit fortement \u00e0 leur d\u00e9veloppement physique et psychologique. Le taux de <a href=\"https:\/\/www.humanium.org\/fr\/mortalite-infantile\/\">mortalit\u00e9 infantile<\/a>, par exemple, est soixante fois plus \u00e9lev\u00e9 dans les communaut\u00e9s autochtones que dans les communaut\u00e9s non autochtones.<\/p>\n\n\n\n<h3 class=\"wp-block-heading\"><strong>Les violences envers les enfants<\/strong><\/h3>\n\n\n\n<p class=\"wp-block-paragraph\">Les enfants mexicains, qui vivent souvent en situation de pauvret\u00e9, sont vuln\u00e9rables aux <a href=\"https:\/\/www.humanium.org\/fr\/la-maltraitance-des-enfants\/\">violences<\/a> \u00e0 domicile tout comme \u00e0 l\u2019\u00e9cole. Selon l\u2019UNICEF, plus de 50 % des enfants \u00e2g\u00e9s de 1 \u00e0 14 ans ont subi des <a href=\"https:\/\/www.humanium.org\/fr\/la-maltraitance-des-enfants\/\">punitions<\/a> physiques et\/ou des agressions psychologiques de la part de leurs parents ou de leurs tuteurs (Los derechos de la infancia y de la adolescencia en M\u00e9xico, 2018).&nbsp;<\/p>\n\n\n\n<p class=\"wp-block-paragraph\">Ces violences envers les enfants peuvent prendre diverses formes : la <a href=\"https:\/\/www.humanium.org\/fr\/la-maltraitance-des-enfants\/\">maltraitance<\/a> et le manque de soins au sein de la famille, l\u2019inceste, la violence sexuelle, l\u2019infanticide, le harc\u00e8lement et autres formes de violence \u00e0 l\u2019\u00e9cole, le ch\u00e2timent corporel, les agressions psychologiques, la <a href=\"https:\/\/www.humanium.org\/fr\/trafic-enfants\/\">traite d\u2019enfants<\/a>, la vente des enfants, l\u2019<a href=\"https:\/\/www.humanium.org\/fr\/exploitation\/\">exploitation<\/a> sexuelle ou commerciale des enfants, le <a href=\"https:\/\/www.humanium.org\/fr\/travail-des-enfants\">travail des enfants<\/a>, plusieurs formes de cyberharc\u00e8lement et de violences en ligne, le recrutement des <a href=\"https:\/\/www.humanium.org\/fr\/enfant-soldat\/\">enfants-soldats<\/a>, le recrutement et l\u2019exploitation des enfants par des groupes de terroristes et d\u2019extr\u00e9mistes violents, et beaucoup d\u2019autres choses encore (l\u2019UNODC, 2019). Les <a href=\"https:\/\/www.humanium.org\/fr\/enfants-des-rues\/\">enfants des rues<\/a> peuvent aussi subir des violences aux mains de leurs employeurs, ou des trafiquants qui les exploitent.&nbsp;<\/p>\n\n\n\n<h3 class=\"wp-block-heading\"><strong>Le mariage pr\u00e9coce<\/strong><\/h3>\n\n\n\n<p class=\"wp-block-paragraph\"><a href=\"https:\/\/www.humanium.org\/fr\/mariage-enfants\/\">Les mariages pr\u00e9coces<\/a> des enfants sont tr\u00e8s courants au Mexique. On estime que plus de 16 % des filles \u00e2g\u00e9es de 15 \u00e0 19 ans sont mari\u00e9es, et une fille sur 17 dans cette tranche d\u2019\u00e2ge a un enfant (Los derechos de la infancia y de la adolescencia en M\u00e9xico, 2018). Bien que l\u2019\u00e2ge l\u00e9gal du <a href=\"https:\/\/www.humanium.org\/fr\/mariage-enfants\/\">mariage<\/a> soit fix\u00e9 \u00e0 18 ans, comme dans beaucoup d\u2019autres pays, les jeunes adultes peuvent se marier avant cet \u00e2ge avec l\u2019autorisation parentale. Il n\u2019est pas rare que des parents organisent un mariage sans le consentement du jeune couple \u2014 les traditions culturelles et les consid\u00e9rations \u00e9conomiques jouant un r\u00f4le important dans ces d\u00e9cisions.<\/p>\n\n\n\n<p class=\"wp-block-paragraph\">Les cons\u00e9quences des <a href=\"https:\/\/www.humanium.org\/fr\/mariage-enfants\">mariages pr\u00e9coces des enfants<\/a> sont graves pour la sant\u00e9, le bien-\u00eatre, le d\u00e9veloppement psychosocial et l\u2019avenir des jeunes mari\u00e9es, car celles-ci n\u2019ont pas leur mot \u00e0 dire dans l\u2019affaire, et de fait ne peuvent nullement travailler pour atteindre les r\u00eaves qu\u2019elles pourraient bercer. Cette forme de violence envers les enfants est l\u2019une des plus difficiles \u00e0 aborder, car elle est en partie fond\u00e9e sur des bases culturelles, qui sont difficiles \u00e0 identifier et \u00e0 modifier.<\/p>\n\n\n\n<p class=\"wp-block-paragraph\"><em><strong>\u00c9crit par Arianna Braga<\/strong><\/em><\/p>\n\n\n\n<p class=\"wp-block-paragraph\"><em><strong>Relu en interne par Aditi Partha<\/strong><\/em><\/p>\n\n\n\n<p class=\"wp-block-paragraph\"><em><strong>Traduit par Alex Macpherson<\/strong><\/em><\/p>\n\n\n\n<p class=\"wp-block-paragraph\"><strong><em>Relu par<\/em> <em>Jean-Christophe Brunet<\/em><\/strong><\/p>\n\n\n\n<p class=\"wp-block-paragraph\"><em><strong>Derni\u00e8re mise \u00e0 jour le 12 juin 2022<\/strong><\/em><\/p>\n\n\n\n<h4 class=\"wp-block-heading\"><strong>Travaux cit\u00e9s :<\/strong><\/h4>\n\n\n\n<p class=\"has-small-font-size wp-block-paragraph\">Children and the hotel industry in Mexico (2017). Retrieved from Ecpat at:<a href=\"https:\/\/ecpat.org\/wp-content\/uploads\/2021\/08\/UNICEF_Report.Children_and_the_hotel_industry_in_Mexico.pdf\" target=\"_blank\" rel=\"noreferrer noopener\"> https:\/\/ecpat.org\/wp-content\/uploads\/2021\/08\/UNICEF_Report.Children_and_the_hotel_industry_in_Mexico.pdf<\/a>, accessed on 11 June 2022.&nbsp;<\/p>\n\n\n\n<p class=\"has-small-font-size wp-block-paragraph\">Country office annual report 2021 \u2013 Mexico (2021). Retrieved from UNICEF at :<a href=\"https:\/\/www.unicef.org\/reports\/country-regional-divisional-annual-reports-2021\/Mexico\" target=\"_blank\" rel=\"noreferrer noopener\"> https:\/\/www.UNICEF.org\/reports\/country-regional-divisional-annual-reports-2021\/Mexico<\/a>, accessed on 11 June 2022.&nbsp;<\/p>\n\n\n\n<p class=\"has-small-font-size wp-block-paragraph\">Education in Mexico (2019). Retrieved from Wenr at<a href=\"https:\/\/wenr.wes.org\/2019\/05\/education-in-mexico-2\" target=\"_blank\" rel=\"noreferrer noopener\"> https:\/\/wenr.wes.org\/2019\/05\/education-in-mexico-2<\/a>, accessed on 11 June 2022.<\/p>\n\n\n\n<p class=\"has-small-font-size wp-block-paragraph\">Global childhood report (2020). Retrieved from Save the Children at <a href=\"https:\/\/www.savethechildren.org\/content\/dam\/usa\/reports\/advocacy\/global-childhood-report-2020.pdf\" target=\"_blank\" rel=\"noreferrer noopener\">https:\/\/www.savethechildren.org\/content\/dam\/usa\/reports\/advocacy\/global-childhood-report-2020.pdf<\/a>, accessed on 12 July 2022.&nbsp;<\/p>\n\n\n\n<p class=\"has-small-font-size wp-block-paragraph\">Los derechos de la infancia y la adolescencia en Mexico (2018). Retrieved from UNICEF at<a href=\"https:\/\/www.unicef.org\/mexico\/media\/1791\/file\/SITAN-UNICEF.pdf\" target=\"_blank\" rel=\"noreferrer noopener\"> https:\/\/www.UNICEF.org\/mexico\/media\/1791\/file\/SITAN-UNICEF.pdf<\/a>, accessed on 11 June 2022.&nbsp;<\/p>\n\n\n\n<p class=\"has-small-font-size wp-block-paragraph\">Mexico &#8211; Ethnic groups (2022). Retrieved from Britannica at<a href=\"https:\/\/www.britannica.com\/place\/Mexico\/Ethnic-groups\" target=\"_blank\" rel=\"noreferrer noopener\"> https:\/\/www.britannica.com\/place\/Mexico\/Ethnic-groups<\/a>, accessed on 11 June 2022.&nbsp;<\/p>\n\n\n\n<p class=\"has-small-font-size wp-block-paragraph\">Mexico country page of Freedom House Index (2022). Retrieved from&nbsp; Freedom House at:<a href=\"https:\/\/freedomhouse.org\/country\/mexico\"> <\/a><a href=\"https:\/\/freedomhouse.org\/country\/mexico\/freedom-world\/2022\" target=\"_blank\" rel=\"noreferrer noopener\">https:\/\/freedomhouse.org\/country\/mexico\/freedom-world\/2022<\/a>, accessed on 11 June 2022.&nbsp;<\/p>\n\n\n\n<p class=\"has-small-font-size wp-block-paragraph\">Mexico country page of Save the Children. Retrieved from Save the Children at <a href=\"https:\/\/www.savethechildren.org\/us\/where-we-work\/mexico\" target=\"_blank\" rel=\"noreferrer noopener\">https:\/\/www.savethechildren.org\/us\/where-we-work\/mexico<\/a>, accessed on 11 June 2022.&nbsp;<\/p>\n\n\n\n<p class=\"has-small-font-size wp-block-paragraph\">Los derechos de la infancia y de la adolescencia en M\u00e9xico (2018). Retrieved from UNICEF at <a href=\"https:\/\/www.unicef.org\/mexico\/informes\/la-situaci%C3%B3n-de-los-derechos-de-la-ni%C3%B1ez-y-la-adolescencia-en-m%C3%A9xico\" target=\"_blank\" rel=\"noreferrer noopener\">https:\/\/www.unicef.org\/mexico\/informes\/la-situaci%C3%B3n-de-los-derechos-de-la-ni%C3%B1ez-y-la-adolescencia-en-m%C3%A9xico<\/a>, accessed on 12 July 2022.&nbsp;<\/p>\n\n\n\n<p class=\"has-small-font-size wp-block-paragraph\">Mexico Overview (2022). Retrieved from the World Bank at<a href=\"https:\/\/www.worldbank.org\/en\/country\/mexico\/overview#1\" target=\"_blank\" rel=\"noreferrer noopener\"> https:\/\/www.worldbank.org\/en\/country\/mexico\/overview#1<\/a>, accessed on 11 June 2022.&nbsp;<\/p>\n\n\n\n<p class=\"has-small-font-size wp-block-paragraph\">Stop the War on Children 2020 report (2020). Retrieved from Save the Children at <a href=\"https:\/\/www.savethechildren.org\/content\/dam\/usa\/reports\/emergency-response\/gender-matters-swoc-report.pdf\" target=\"_blank\" rel=\"noreferrer noopener\">https:\/\/www.savethechildren.org\/content\/dam\/usa\/reports\/emergency-response\/gender-matters-swoc-report.pdf<\/a>., accessed on 12 July 2022.&nbsp;<\/p>\n\n\n\n<p class=\"has-small-font-size wp-block-paragraph\">The Mexican education system: An overview (2017). Retrieved from Wise at<a href=\"https:\/\/wise.com\/gb\/blog\/mexican-education-overview\" target=\"_blank\" rel=\"noreferrer noopener\"> https:\/\/wise.com\/gb\/blog\/mexican-education-overview<\/a>, accessed on 11 June 2022.&nbsp;<\/p>\n\n\n\n<p class=\"has-small-font-size wp-block-paragraph\">UNODC &#8211; Topic one &#8211; The many forms of violence against children (2019). Retrieved from United Nations Office on Drugs and Crime at<a href=\"https:\/\/www.unodc.org\/e4j\/zh\/crime-prevention-criminal-justice\/module-12\/key-issues\/1--the-many-forms-of-violence-against-children.html#:~:text=Examples%2520include%253A%2520abuse%2520and%2520neglect,exploitation%2520of%2520children%253B%2520child%2520labour%253B\" target=\"_blank\" rel=\"noreferrer noopener\"> https:\/\/www.unodc.org\/e4j\/zh\/crime-prevention-criminal-justice\/module-12\/key-issues\/1&#8211;the-many-forms-of-violence-against-children.html#:~:text=Examples percent20include percent3A percent20abuse percent20and percent20neglect,exploitation percent20of percent20children percent3B percent20child percent20labour percent3B<\/a>, accessed on 11 June 2022.<\/p>\n\n\n\n<hr class=\"wp-block-separator has-alpha-channel-opacity\"\/>\n\n\n\n<p class=\"has-small-font-size wp-block-paragraph\"><a href=\"#_ftnref1\">[1]<\/a> Cet article ne se veut pas un compte rendu exhaustif ou repr\u00e9sentatif des droits de l\u2019enfant au Mexique ; en effet, l\u2019un des nombreux d\u00e9fis \u00e0 relever est la raret\u00e9 des informations actuelles sur les enfants mexicains. Ces informations sont rarement fiables, repr\u00e9sentatives ou actualis\u00e9es de fa\u00e7on r\u00e9guli\u00e8re. Dans quelques cas, elles n\u2019existent m\u00eame pas.<\/p>\n","protected":false},"excerpt":{"rendered":"<p>Concr\u00e9tiser les droits de l\u2019enfant au Mexique L\u2019\u00e9conomie du Mexique est une des 15 plus importantes \u00e9conomies au monde, et la deuxi\u00e8me plus grande d\u2019Am\u00e9rique latine (Banque mondiale, 2022). Avec presque 129 millions d\u2019habitants, c\u2019est l\u2019un des pays latino-am\u00e9ricains les plus peupl\u00e9s. Il se distingue par une riche histoire culturelle, une grande diversit\u00e9, et une [&hellip;]<\/p>\n","protected":false},"author":65,"featured_media":0,"parent":0,"menu_order":0,"comment_status":"closed","ping_status":"closed","template":"","meta":{"footnotes":""},"class_list":["post-14135","page","type-page","status-publish","hentry"],"yoast_head":"<!-- This site is optimized with the Yoast SEO plugin v28.3 - https:\/\/yoast.com\/product\/yoast-seo-wordpress\/ -->\n<title>Enfants du Mexique - Humanium<\/title>\n<meta name=\"description\" content=\"Au Mexique, des probl\u00e8mes tels que la violence et le manque d&#039;acc\u00e8s \u00e0 l&#039;\u00e9ducation et aux services de sant\u00e9 repr\u00e9sentent une grande menace pour les enfants.\" \/>\n<meta name=\"robots\" content=\"index, follow, max-snippet:-1, max-image-preview:large, max-video-preview:-1\" \/>\n<link rel=\"canonical\" href=\"https:\/\/www.humanium.org\/fr\/mexique\/\" \/>\n<meta property=\"og:locale\" content=\"fr_FR\" \/>\n<meta property=\"og:type\" content=\"article\" \/>\n<meta property=\"og:title\" content=\"Enfants du Mexique - Humanium\" \/>\n<meta property=\"og:description\" content=\"Au Mexique, des probl\u00e8mes tels que la violence et le manque d&#039;acc\u00e8s \u00e0 l&#039;\u00e9ducation et aux services de sant\u00e9 repr\u00e9sentent une grande menace pour les enfants.\" \/>\n<meta property=\"og:url\" content=\"https:\/\/www.humanium.org\/fr\/mexique\/\" \/>\n<meta property=\"og:site_name\" content=\"Humanium\" \/>\n<meta property=\"article:modified_time\" content=\"2025-12-10T02:43:20+00:00\" \/>\n<meta property=\"og:image\" content=\"https:\/\/www.humanium.org\/fr\/wp-content\/uploads\/2023\/04\/Shutterstock_654015190.jpg\" \/>\n\t<meta property=\"og:image:width\" content=\"400\" \/>\n\t<meta property=\"og:image:height\" content=\"400\" \/>\n\t<meta property=\"og:image:type\" content=\"image\/jpeg\" \/>\n<meta name=\"twitter:card\" content=\"summary_large_image\" \/>\n<meta name=\"twitter:label1\" content=\"Dur\u00e9e de lecture estim\u00e9e\" \/>\n\t<meta name=\"twitter:data1\" content=\"17 minutes\" \/>\n<script type=\"application\/ld+json\" class=\"yoast-schema-graph\">{\"@context\":\"https:\\\/\\\/schema.org\",\"@graph\":[{\"@type\":\"WebPage\",\"@id\":\"https:\\\/\\\/www.humanium.org\\\/fr\\\/mexique\\\/\",\"url\":\"https:\\\/\\\/www.humanium.org\\\/fr\\\/mexique\\\/\",\"name\":\"Enfants du Mexique - Humanium\",\"isPartOf\":{\"@id\":\"https:\\\/\\\/www.humanium.org\\\/fr\\\/#website\"},\"primaryImageOfPage\":{\"@id\":\"https:\\\/\\\/www.humanium.org\\\/fr\\\/mexique\\\/#primaryimage\"},\"image\":{\"@id\":\"https:\\\/\\\/www.humanium.org\\\/fr\\\/mexique\\\/#primaryimage\"},\"thumbnailUrl\":\"https:\\\/\\\/www.humanium.org\\\/fr\\\/wp-content\\\/uploads\\\/2023\\\/04\\\/Shutterstock_654015190.jpg\",\"datePublished\":\"2011-12-06T16:18:27+00:00\",\"dateModified\":\"2025-12-10T02:43:20+00:00\",\"description\":\"Au Mexique, des probl\u00e8mes tels que la violence et le manque d'acc\u00e8s \u00e0 l'\u00e9ducation et aux services de sant\u00e9 repr\u00e9sentent une grande menace pour les enfants.\",\"breadcrumb\":{\"@id\":\"https:\\\/\\\/www.humanium.org\\\/fr\\\/mexique\\\/#breadcrumb\"},\"inLanguage\":\"fr-FR\",\"potentialAction\":[{\"@type\":\"ReadAction\",\"target\":[\"https:\\\/\\\/www.humanium.org\\\/fr\\\/mexique\\\/\"]}]},{\"@type\":\"ImageObject\",\"inLanguage\":\"fr-FR\",\"@id\":\"https:\\\/\\\/www.humanium.org\\\/fr\\\/mexique\\\/#primaryimage\",\"url\":\"https:\\\/\\\/www.humanium.org\\\/fr\\\/wp-content\\\/uploads\\\/2023\\\/04\\\/Shutterstock_654015190.jpg\",\"contentUrl\":\"https:\\\/\\\/www.humanium.org\\\/fr\\\/wp-content\\\/uploads\\\/2023\\\/04\\\/Shutterstock_654015190.jpg\",\"width\":400,\"height\":400},{\"@type\":\"BreadcrumbList\",\"@id\":\"https:\\\/\\\/www.humanium.org\\\/fr\\\/mexique\\\/#breadcrumb\",\"itemListElement\":[{\"@type\":\"ListItem\",\"position\":1,\"name\":\"Home\",\"item\":\"https:\\\/\\\/www.humanium.org\\\/fr\\\/\"},{\"@type\":\"ListItem\",\"position\":2,\"name\":\"Enfants du Mexique\"}]},{\"@type\":\"WebSite\",\"@id\":\"https:\\\/\\\/www.humanium.org\\\/fr\\\/#website\",\"url\":\"https:\\\/\\\/www.humanium.org\\\/fr\\\/\",\"name\":\"Humanium\",\"description\":\"Les enfants d\u2019abord !\",\"potentialAction\":[{\"@type\":\"SearchAction\",\"target\":{\"@type\":\"EntryPoint\",\"urlTemplate\":\"https:\\\/\\\/www.humanium.org\\\/fr\\\/?s={search_term_string}\"},\"query-input\":{\"@type\":\"PropertyValueSpecification\",\"valueRequired\":true,\"valueName\":\"search_term_string\"}}],\"inLanguage\":\"fr-FR\"}]}<\/script>\n<!-- \/ Yoast SEO plugin. -->","yoast_head_json":{"title":"Enfants du Mexique - Humanium","description":"Au Mexique, des probl\u00e8mes tels que la violence et le manque d'acc\u00e8s \u00e0 l'\u00e9ducation et aux services de sant\u00e9 repr\u00e9sentent une grande menace pour les enfants.","robots":{"index":"index","follow":"follow","max-snippet":"max-snippet:-1","max-image-preview":"max-image-preview:large","max-video-preview":"max-video-preview:-1"},"canonical":"https:\/\/www.humanium.org\/fr\/mexique\/","og_locale":"fr_FR","og_type":"article","og_title":"Enfants du Mexique - Humanium","og_description":"Au Mexique, des probl\u00e8mes tels que la violence et le manque d'acc\u00e8s \u00e0 l'\u00e9ducation et aux services de sant\u00e9 repr\u00e9sentent une grande menace pour les enfants.","og_url":"https:\/\/www.humanium.org\/fr\/mexique\/","og_site_name":"Humanium","article_modified_time":"2025-12-10T02:43:20+00:00","og_image":[{"width":400,"height":400,"url":"https:\/\/www.humanium.org\/fr\/wp-content\/uploads\/2023\/04\/Shutterstock_654015190.jpg","type":"image\/jpeg"}],"twitter_card":"summary_large_image","twitter_misc":{"Dur\u00e9e de lecture estim\u00e9e":"17 minutes"},"schema":{"@context":"https:\/\/schema.org","@graph":[{"@type":"WebPage","@id":"https:\/\/www.humanium.org\/fr\/mexique\/","url":"https:\/\/www.humanium.org\/fr\/mexique\/","name":"Enfants du Mexique - Humanium","isPartOf":{"@id":"https:\/\/www.humanium.org\/fr\/#website"},"primaryImageOfPage":{"@id":"https:\/\/www.humanium.org\/fr\/mexique\/#primaryimage"},"image":{"@id":"https:\/\/www.humanium.org\/fr\/mexique\/#primaryimage"},"thumbnailUrl":"https:\/\/www.humanium.org\/fr\/wp-content\/uploads\/2023\/04\/Shutterstock_654015190.jpg","datePublished":"2011-12-06T16:18:27+00:00","dateModified":"2025-12-10T02:43:20+00:00","description":"Au Mexique, des probl\u00e8mes tels que la violence et le manque d'acc\u00e8s \u00e0 l'\u00e9ducation et aux services de sant\u00e9 repr\u00e9sentent une grande menace pour les enfants.","breadcrumb":{"@id":"https:\/\/www.humanium.org\/fr\/mexique\/#breadcrumb"},"inLanguage":"fr-FR","potentialAction":[{"@type":"ReadAction","target":["https:\/\/www.humanium.org\/fr\/mexique\/"]}]},{"@type":"ImageObject","inLanguage":"fr-FR","@id":"https:\/\/www.humanium.org\/fr\/mexique\/#primaryimage","url":"https:\/\/www.humanium.org\/fr\/wp-content\/uploads\/2023\/04\/Shutterstock_654015190.jpg","contentUrl":"https:\/\/www.humanium.org\/fr\/wp-content\/uploads\/2023\/04\/Shutterstock_654015190.jpg","width":400,"height":400},{"@type":"BreadcrumbList","@id":"https:\/\/www.humanium.org\/fr\/mexique\/#breadcrumb","itemListElement":[{"@type":"ListItem","position":1,"name":"Home","item":"https:\/\/www.humanium.org\/fr\/"},{"@type":"ListItem","position":2,"name":"Enfants du Mexique"}]},{"@type":"WebSite","@id":"https:\/\/www.humanium.org\/fr\/#website","url":"https:\/\/www.humanium.org\/fr\/","name":"Humanium","description":"Les enfants d\u2019abord !","potentialAction":[{"@type":"SearchAction","target":{"@type":"EntryPoint","urlTemplate":"https:\/\/www.humanium.org\/fr\/?s={search_term_string}"},"query-input":{"@type":"PropertyValueSpecification","valueRequired":true,"valueName":"search_term_string"}}],"inLanguage":"fr-FR"}]}},"_links":{"self":[{"href":"https:\/\/www.humanium.org\/fr\/wp-json\/wp\/v2\/pages\/14135","targetHints":{"allow":["GET"]}}],"collection":[{"href":"https:\/\/www.humanium.org\/fr\/wp-json\/wp\/v2\/pages"}],"about":[{"href":"https:\/\/www.humanium.org\/fr\/wp-json\/wp\/v2\/types\/page"}],"author":[{"embeddable":true,"href":"https:\/\/www.humanium.org\/fr\/wp-json\/wp\/v2\/users\/65"}],"replies":[{"embeddable":true,"href":"https:\/\/www.humanium.org\/fr\/wp-json\/wp\/v2\/comments?post=14135"}],"version-history":[{"count":16,"href":"https:\/\/www.humanium.org\/fr\/wp-json\/wp\/v2\/pages\/14135\/revisions"}],"predecessor-version":[{"id":61013,"href":"https:\/\/www.humanium.org\/fr\/wp-json\/wp\/v2\/pages\/14135\/revisions\/61013"}],"wp:attachment":[{"href":"https:\/\/www.humanium.org\/fr\/wp-json\/wp\/v2\/media?parent=14135"}],"curies":[{"name":"wp","href":"https:\/\/api.w.org\/{rel}","templated":true}]}}